{"id":3313,"date":"2019-03-12T16:34:20","date_gmt":"2019-03-12T15:34:20","guid":{"rendered":"https:\/\/www.cgfmanet.org\/?page_id=3313"},"modified":"2021-10-14T21:15:30","modified_gmt":"2021-10-14T19:15:30","slug":"conselheira-para-as-missoes","status":"publish","type":"page","link":"https:\/\/www.cgfmanet.org\/pt-pt\/conselheira-para-as-missoes\/","title":{"rendered":"Conselheira para as Miss\u00f5es"},"content":{"rendered":"<div class=\"wpb-content-wrapper\"><div id=\"tdi_1\" class=\"tdc-row\"><div class=\"vc_row tdi_2  wpb_row td-pb-row\" >\n<style scoped>\n\/* custom css - generated by TagDiv Composer *\/\n\n\/* custom css - generated by TagDiv Composer *\/\n.tdi_2,\r\n                .tdi_2 .tdc-columns{\r\n                    min-height: 0;\r\n                }.tdi_2,\r\n\t\t\t\t.tdi_2 .tdc-columns{\r\n\t\t\t\t    display: block;\r\n\t\t\t\t}.tdi_2 .tdc-columns{\r\n\t\t\t\t    width: 100%;\r\n\t\t\t\t}.tdi_2:before,\r\n\t\t\t\t.tdi_2:after{\r\n\t\t\t\t    display: table;\r\n\t\t\t\t}\n<\/style><div class=\"vc_column tdi_4  wpb_column vc_column_container tdc-column td-pb-span12\">\n<style scoped>\n\/* custom css - generated by TagDiv Composer *\/\n\n\/* custom css - generated by TagDiv Composer *\/\n.tdi_4{\r\n                    vertical-align: baseline;\r\n                }.tdi_4 > .wpb_wrapper,\r\n\t\t\t\t.tdi_4 > .wpb_wrapper > .tdc-elements{\r\n\t\t\t\t    display: block;\r\n\t\t\t\t}.tdi_4 > .wpb_wrapper > .tdc-elements{\r\n\t\t\t\t    width: 100%;\r\n\t\t\t\t}.tdi_4 > .wpb_wrapper > .vc_row_inner{\r\n\t\t\t\t    width: auto;\r\n\t\t\t\t}.tdi_4 > .wpb_wrapper{\r\n\t\t\t\t    width: auto;\r\n\t\t\t\t    height: auto;\r\n\t\t\t\t}\n<\/style><div class=\"wpb_wrapper\" >[vc_column_text]\r\n<p class=\"td-post-sub-title\">&#8220;A Conselheira para as miss\u00f5es tem a responsabilidade de impulsionar a a\u00e7\u00e3o mission\u00e1ria do Instituto entre os povos em via de evangeliza\u00e7\u00e3o&#8221; (C 130)<\/p>\r\n[\/vc_column_text]<div class=\"wpb_wrapper td_block_empty_space td_block_wrap vc_empty_space tdi_6 \"  style=\"height: 40px\"><\/div><\/div><\/div><\/div><\/div><div id=\"tdi_7\" class=\"tdc-row\"><div class=\"vc_row tdi_8  wpb_row td-pb-row\" >\n<style scoped>\n\/* custom css - generated by TagDiv Composer *\/\n\n\/* custom css - generated by TagDiv Composer *\/\n.tdi_8,\r\n                .tdi_8 .tdc-columns{\r\n                    min-height: 0;\r\n                }.tdi_8,\r\n\t\t\t\t.tdi_8 .tdc-columns{\r\n\t\t\t\t    display: block;\r\n\t\t\t\t}.tdi_8 .tdc-columns{\r\n\t\t\t\t    width: 100%;\r\n\t\t\t\t}.tdi_8:before,\r\n\t\t\t\t.tdi_8:after{\r\n\t\t\t\t    display: table;\r\n\t\t\t\t}\n<\/style><div class=\"vc_column tdi_10  wpb_column vc_column_container tdc-column td-pb-span8\">\n<style scoped>\n\/* custom css - generated by TagDiv Composer *\/\n\n\/* custom css - generated by TagDiv Composer *\/\n.tdi_10{\r\n                    vertical-align: baseline;\r\n                }.tdi_10 > .wpb_wrapper,\r\n\t\t\t\t.tdi_10 > .wpb_wrapper > .tdc-elements{\r\n\t\t\t\t    display: block;\r\n\t\t\t\t}.tdi_10 > .wpb_wrapper > .tdc-elements{\r\n\t\t\t\t    width: 100%;\r\n\t\t\t\t}.tdi_10 > .wpb_wrapper > .vc_row_inner{\r\n\t\t\t\t    width: auto;\r\n\t\t\t\t}.tdi_10 > .wpb_wrapper{\r\n\t\t\t\t    width: auto;\r\n\t\t\t\t    height: auto;\r\n\t\t\t\t}\n<\/style><div class=\"wpb_wrapper\" >[vc_column_text]\r\n<h2>Irm\u00e3 Ruth del Pilar Mora<\/h2>\r\n<a href=\"https:\/\/www.cgfmanet.org\/wp-content\/uploads\/2021\/10\/Consigliera-Missioni.jpg\"><img decoding=\"async\" class=\"alignleft wp-image-54588 lazyload\" data-src=\"https:\/\/www.cgfmanet.org\/wp-content\/uploads\/2021\/10\/Consigliera-Missioni.jpg\" alt=\"\" width=\"344\" height=\"440\" data-srcset=\"https:\/\/www.cgfmanet.org\/wp-content\/uploads\/2021\/10\/Consigliera-Missioni.jpg 886w, https:\/\/www.cgfmanet.org\/wp-content\/uploads\/2021\/10\/Consigliera-Missioni-768x983.jpg 768w, https:\/\/www.cgfmanet.org\/wp-content\/uploads\/2021\/10\/Consigliera-Missioni-696x891.jpg 696w, https:\/\/www.cgfmanet.org\/wp-content\/uploads\/2021\/10\/Consigliera-Missioni-328x420.jpg 328w\" data-sizes=\"auto\" src=\"data:image\/svg+xml;base64,PHN2ZyB3aWR0aD0iMSIgaGVpZ2h0PSIxIiB4bWxucz0iaHR0cDovL3d3dy53My5vcmcvMjAwMC9zdmciPjwvc3ZnPg==\" style=\"--smush-placeholder-width: 344px; --smush-placeholder-aspect-ratio: 344\/440;\" data-original-sizes=\"(max-width: 344px) 100vw, 344px\" \/><\/a>Nasce em Labateca, Norte de Santander na Col\u00f4mbia, a 6 de setembro de 1966. Uma pequena aldeia, de gente simples, trabalhadora e de grande amor a Nossa Senhora.\u00a0 Seus pais comerciantes ensinaram-lhe logo a arrega\u00e7ar as mangas e trabalhar com grande aten\u00e7\u00e3o aos pobres.\r\n\r\n\u00c9 aceita no Col\u00e9gio <em>\u00c1gueda Gallardo de Villamizar<\/em>, Pamplona, \u200b\u200bNorte de Santander, Col\u00f4mbia, Institui\u00e7\u00e3o p\u00fablica dirigida pelas Filhas de Maria Auxiliadora, onde frequentou os tr\u00eas \u00faltimos anos da Escola Superior. Imediatamente fascinada pela alegria das Irm\u00e3s, por seu amor \u00e0s crian\u00e7as pobres do orat\u00f3rio, come\u00e7ou, aos 14 anos, a fazer parte do grupo mariano e do Orat\u00f3rio Festivo.\r\n\r\nEm <strong>1983<\/strong> iniciou o caminho de forma\u00e7\u00e3o no Instituto das FMA, no Centro de Orienta\u00e7\u00e3o Vocacional de Medell\u00edn, Col\u00f4mbia, na Inspetoria <em>Maria Auxiliadora<\/em>. Tinha 16 anos.\u00a0 No percurso formativo conheceu Irm\u00e3s enamoradas de Jesus, pelo carisma, pelos pobres.\r\n\r\nFez a Profiss\u00e3o Religiosa no dia <strong>6 de janeiro de 1988<\/strong> e logo depois come\u00e7ou a primeira experi\u00eancia como FMA na Casa <em>Mam\u00e3e Margarida<\/em>, Medell\u00edn, Col\u00f4mbia, onde permanece por um ano e meio, vivendo uma intensa forma\u00e7\u00e3o, especialmente na aprendizagem pr\u00e1tica do Sistema Preventivo em contato com meninas e adolescentes pobres e em situa\u00e7\u00e3o de risco.\r\n\r\nEm <strong>1989<\/strong> iniciou a experi\u00eancia formativa na Pontif\u00edcia Faculdade de Ci\u00eancias da Educa\u00e7\u00e3o com especializa\u00e7\u00e3o em Sociologia.\u00a0 Dos professores aprendeu o empenho no estudo em vista da miss\u00e3o educativa, a abertura e o respeito pelas culturas, a paix\u00e3o pelo orat\u00f3rio, o senso de perten\u00e7a \u00e0 Igreja e ao Instituto, ao territ\u00f3rio. Fez a Profiss\u00e3o Perp\u00e9tua em Mornese em <strong>1994<\/strong>.\r\n\r\nEm <strong>1995<\/strong> integrou a comunidade do Centro de Espiritualidade Villa Mazzarello, no Retiro Antioquia, primeiro centro de acolhimento para a forma\u00e7\u00e3o e evangeliza\u00e7\u00e3o das\/dos jovens.\r\n\r\nEm <strong>1996<\/strong> \u00e9 encarregada da Coordena\u00e7\u00e3o da Pastoral na Normal Superior Maria Auxiliadora de C\u00facuta, Col\u00f4mbia.\r\n\r\nEm <strong>1997<\/strong> chega a Roma para colaborar no \u00c2mbito de Pastoral Juvenil com Irm\u00e3 Georgina McPake, Conselheira da Pastoral Juvenil. Uma escola permanente de interculturalidade com Irm\u00e3 Georgina, pessoa de escuta e paix\u00e3o pelas\/os jovens, pelos pobres.\r\n\r\nEm <strong>2003<\/strong>, voltando \u00e0 Inspetoria de origem, depois do Cap\u00edtulo Geral XXI, \u00e9 enviada \u00e0 casa de miss\u00e3o <em>Santa Maria la Nuov<\/em>a de Darien, onde permaneceu apenas um ano com o objetivo de discernir a <em>Miss\u00e3o ad Gentes.<\/em>\r\n\r\nEm <strong>2004<\/strong> veio a Roma \u00e0 Casa Geral das FMA, frequentou alguns cursos na Urbaniana e \u00e9 destinada mission\u00e1ria na Inspetoria <em>Nossa Senhora da Esperan\u00e7<\/em>a AFE (Qu\u00eania, Ruanda, Tanz\u00e2nia, Eti\u00f3pia, Sud\u00e3o).\r\n\r\nFoi animadora da Comunidade Embu, um internato para adolescentes que frequentavam a Escola Superior e a Escola T\u00e9cnica.\u00a0 Permanece ali por dois anos.\r\n\r\nEm <strong>2007<\/strong>, \u00e9 transferida para a casa Inspetorial da Inspetoria AFE como Animadora e Vig\u00e1ria Inspetorial.\r\n\r\nEm <strong>2009 &#8211; 2010<\/strong> acompanhou <em>in loco<\/em> o caminho de constitui\u00e7\u00e3o da Nova Visitadoria <em>Maria Auxiliadora<\/em> AES (Eti\u00f3pia Sud\u00e3o-Sud\u00e3o do Sul). Sua primeira destina\u00e7\u00e3o foi <em>Wau<\/em>, no Sud\u00e3o do Sul, em seguida <strong>Adwa<\/strong> como Animadora da Comunidade, <em>Kidane Mehret<\/em>, Eti\u00f3pia, um contexto de irm\u00e3os e irm\u00e3s crist\u00e3os de Rito Gezz e de mu\u00e7ulmanos.\u00a0 A experi\u00eancia de uma pequena comunidade de f\u00e9 onde aprofundou o valor de uma presen\u00e7a simples, de abertura \u00e0 conviv\u00eancia cotidiana com leigas\/os em comunidade, uma missionariedade feita de gestos, de abertura \u00e0 intercongregacionalidade, de grande amor aos pobres. Neste tempo foi Vig\u00e1ria da Visitadoria AES.\r\n\r\nDe <strong>2016 a setembro de 2020<\/strong> \u00e9 respons\u00e1vel pela Visitadoria AES, Eti\u00f3pia, Sud\u00e3o do Sul e Sud\u00e3o, 10 comunidades interculturais, intergeracionais em tr\u00eas pa\u00edses marcados por muitos desafios em n\u00edvel socioecon\u00f4mico, pol\u00edtico, educativo.\u00a0 Comunidades muito abertas aos volunt\u00e1rios\/as, \u00e0s necessidades dos pobres, mulheres que trabalham nos campos, milhares de meninas\/os com sede de aprender, refugiados, deslocados, leigas\/os\u00a0 que compartilham conosco a miss\u00e3o, volunt\u00e1rios\/as de muitas partes do mundo, professores, enfermeiros, m\u00e9dicos&#8230; com todos sempre aprendeu a import\u00e2ncia de um encontro simples e gratuito.\r\n\r\nEm <strong>setembro de 2020<\/strong>, a Madre nomeou-a Inspetora da Inspetoria <em>Nossa Senhora da Esperan\u00e7a<\/em> \u2013 AFE.\r\n\r\nEm 8 de outubro de 2021, na mem\u00f3ria da Beata Virgem Maria do Ros\u00e1rio, durante o <strong>Cap\u00edtulo Geral XXIV<\/strong>, \u00e9 eleita <strong>Conselheira das Miss\u00f5es<\/strong>.\r\n\r\nConfiou-se ao Senhor e a Nossa Senhora para continuar a caminhar rumo \u00e0s novas fronteiras do Evangelho, aberta sempre \u00e0s novidades do Esp\u00edrito que sopra onde quer! &#8220;<em>Sou mission\u00e1ria, por isso digo sim&#8221;<\/em>, respondeu \u00e0 Madre, ap\u00f3s a elei\u00e7\u00e3o.\r\n\r\n<a href=\"https:\/\/drive.google.com\/drive\/u\/1\/folders\/1cHsOcfMMdivBDYGx5us5ZD62ESliFgqG\"><strong>Documenta\u00e7\u00e3o<\/strong><\/a>[\/vc_column_text]<\/div><\/div><div class=\"vc_column tdi_12  wpb_column vc_column_container tdc-column td-pb-span4\">\n<style scoped>\n\/* custom css - generated by TagDiv Composer *\/\n\n\/* custom css - generated by TagDiv Composer *\/\n.tdi_12{\r\n                    vertical-align: baseline;\r\n                }.tdi_12 > .wpb_wrapper,\r\n\t\t\t\t.tdi_12 > .wpb_wrapper > .tdc-elements{\r\n\t\t\t\t    display: block;\r\n\t\t\t\t}.tdi_12 > .wpb_wrapper > .tdc-elements{\r\n\t\t\t\t    width: 100%;\r\n\t\t\t\t}.tdi_12 > .wpb_wrapper > .vc_row_inner{\r\n\t\t\t\t    width: auto;\r\n\t\t\t\t}.tdi_12 > .wpb_wrapper{\r\n\t\t\t\t    width: auto;\r\n\t\t\t\t    height: auto;\r\n\t\t\t\t}\n<\/style><div class=\"wpb_wrapper\" ><div class=\"wpb_wrapper td_block_wrap vc_widget_sidebar tdi_14 \" ><aside class=\"td_block_template_1 widget widget_text\">\t\t\t<div class=\"textwidget\"><h4 class=\"block-title custom-agenda\" style=\"margin-bottom:0;\"><a href=\"https:\/\/www.cgfmanet.org\/pt-pt\/events\/\"><span>Agenda<\/span><\/a><\/h4><\/div>\n\t\t<\/aside>\n<aside class=\"td_block_template_1 widget widget_tribe-widget-events-month\"><div  class=\"tribe-compatibility-container tribe-common tribe-events tribe-events-widget-shortcode tribe-events-widget-shortcode-events-month\" >\n\n\t\n<div class=\"tribe-events-widget-shortcode__header-title\">\n\t<h4 class=\"block-title\"><span><\/span><\/h4><\/div>\n\n\t<div\n\t class=\"tribe-common tribe-events tribe-events-view tribe-events-view--month tribe-events-view--shortcode tribe-events-view--shortcode-tribe-widget-events-month-17 tribe-events-widget tribe-events-widget-events-month\" \tdata-js=\"tribe-events-view\"\n\tdata-view-rest-url=\"https:\/\/www.cgfmanet.org\/pt-pt\/wp-json\/tribe\/views\/v2\/html\"\n\tdata-view-rest-method=\"GET\"\n\tdata-view-manage-url=\"\"\n\t\t\tdata-view-shortcode=\"tribe-widget-events-month-17\"\n\t\t\t\tdata-view-breakpoint-pointer=\"b480580f-a11c-4786-bdd5-20e5cbeabd71\"\n\t>\n\t<section class=\"tribe-common-l-container tribe-events-l-container\">\n\t\t<div\n\tclass=\"tribe-events-view-loader tribe-common-a11y-hidden\"\n\trole=\"alert\"\n\taria-live=\"polite\"\n>\n\t<span class=\"tribe-events-view-loader__text tribe-common-a11y-visual-hide\">\n\t\t35 eventos encontrados.\t<\/span>\n\t<div class=\"tribe-events-view-loader__dots tribe-common-c-loader\">\n\t\t<svg\n\t class=\"tribe-common-c-svgicon tribe-common-c-svgicon--dot tribe-common-c-loader__dot tribe-common-c-loader__dot--first\" \taria-hidden=\"true\"\n\tviewBox=\"0 0 15 15\"\n\txmlns=\"http:\/\/www.w3.org\/2000\/svg\"\n>\n\t<circle cx=\"7.5\" cy=\"7.5\" r=\"7.5\"\/>\n<\/svg>\n\t\t<svg\n\t class=\"tribe-common-c-svgicon tribe-common-c-svgicon--dot tribe-common-c-loader__dot tribe-common-c-loader__dot--second\" \taria-hidden=\"true\"\n\tviewBox=\"0 0 15 15\"\n\txmlns=\"http:\/\/www.w3.org\/2000\/svg\"\n>\n\t<circle cx=\"7.5\" cy=\"7.5\" r=\"7.5\"\/>\n<\/svg>\n\t\t<svg\n\t class=\"tribe-common-c-svgicon tribe-common-c-svgicon--dot tribe-common-c-loader__dot tribe-common-c-loader__dot--third\" \taria-hidden=\"true\"\n\tviewBox=\"0 0 15 15\"\n\txmlns=\"http:\/\/www.w3.org\/2000\/svg\"\n>\n\t<circle cx=\"7.5\" cy=\"7.5\" r=\"7.5\"\/>\n<\/svg>\n\t<\/div>\n<\/div>\n\n\t\t<script type=\"application\/ld+json\">\r\n[{\"@context\":\"http:\/\/schema.org\",\"@type\":\"Event\",\"name\":\"Suor Nilza F\\u00e1tima de Moraes accompagna le partecipanti del Progetto Mornese in lingua inglese insieme alla coordinatrice, suor Jeanette Palasota.\",\"description\":\"\",\"url\":\"https:\/\/www.cgfmanet.org\/pt-pt\/event\/suor-nilza-fatima-de-moraes-accompagna-le-partecipanti-del-progetto-mornese-in-lingua-inglese-insieme-alla-coordinatrice-suor-jeanette-palasota\/\",\"eventAttendanceMode\":\"https:\/\/schema.org\/OfflineEventAttendanceMode\",\"eventStatus\":\"https:\/\/schema.org\/EventScheduled\",\"startDate\":\"2026-04-17T00:00:00+02:00\",\"endDate\":\"2026-05-03T23:59:59+02:00\",\"performer\":\"Organization\"},{\"@context\":\"http:\/\/schema.org\",\"@type\":\"Event\",\"name\":\"Suor Paola Battagliola accompagna il processo di discernimento per la nomina della futura Ispettrice BRM. A Manaus, Brasile.\",\"description\":\"\",\"url\":\"https:\/\/www.cgfmanet.org\/pt-pt\/event\/suor-paola-battagliola-accompagna-il-processo-di-discernimento-per-la-nomina-della-futura-ispettrice-brm-a-manaus-brasile\/\",\"eventAttendanceMode\":\"https:\/\/schema.org\/OfflineEventAttendanceMode\",\"eventStatus\":\"https:\/\/schema.org\/EventScheduled\",\"startDate\":\"2026-04-25T00:00:00+02:00\",\"endDate\":\"2026-04-28T23:59:59+02:00\",\"performer\":\"Organization\"},{\"@context\":\"http:\/\/schema.org\",\"@type\":\"Event\",\"name\":\"Suor Ena Bola\\u00f1os e le collaboratrici dell\\u2019Ambito incontrano le Econome ispettoriali del mondo per la formazione online.\",\"description\":\"\",\"url\":\"https:\/\/www.cgfmanet.org\/pt-pt\/event\/suor-ena-bolanos-e-le-collaboratrici-dellambito-incontrano-le-econome-ispettoriali-del-mondo-per-la-formazione-online-11\/\",\"eventAttendanceMode\":\"https:\/\/schema.org\/OfflineEventAttendanceMode\",\"eventStatus\":\"https:\/\/schema.org\/EventScheduled\",\"startDate\":\"2026-04-27T00:00:00+02:00\",\"endDate\":\"2026-04-28T23:59:59+02:00\",\"performer\":\"Organization\"},{\"@context\":\"http:\/\/schema.org\",\"@type\":\"Event\",\"name\":\"Suor Paola Battagliola riprende la 2a parte della Visita canonica all&#8217;Ispettoria Lombarda &#8220;Sacra Famiglia&#8221; (ILO).\",\"description\":\"\",\"url\":\"https:\/\/www.cgfmanet.org\/pt-pt\/event\/suor-paola-battagliola-riprende-la-2a-parte-della-visita-canonica-allispettoria-lombarda-sacra-famiglia-ilo\/\",\"eventAttendanceMode\":\"https:\/\/schema.org\/OfflineEventAttendanceMode\",\"eventStatus\":\"https:\/\/schema.org\/EventScheduled\",\"startDate\":\"2026-05-01T00:00:00+02:00\",\"endDate\":\"2026-05-01T23:59:59+02:00\",\"performer\":\"Organization\"},{\"@context\":\"http:\/\/schema.org\",\"@type\":\"Event\",\"name\":\"Suor Maria Luisa Nicastro, con le collaboratrici della Segreteria generale, guida la visita all&#8217;Archivio Generale dell&#8217;Istituto e alla Mostra del Carisma delle Studentesse del Corso di Spiritualit\\u00e0 di Casa Canta.\",\"description\":\"\",\"url\":\"https:\/\/www.cgfmanet.org\/pt-pt\/event\/suor-maria-luisa-nicastro-con-le-collaboratrici-della-segreteria-generale-guida-la-visita-allarchivio-generale-dellistituto-e-alla-mostra-del-carisma-delle-studentesse-del-corso-di-spiritualita\/\",\"eventAttendanceMode\":\"https:\/\/schema.org\/OfflineEventAttendanceMode\",\"eventStatus\":\"https:\/\/schema.org\/EventScheduled\",\"startDate\":\"2026-05-02T00:00:00+02:00\",\"endDate\":\"2026-05-02T23:59:59+02:00\",\"performer\":\"Organization\"},{\"@context\":\"http:\/\/schema.org\",\"@type\":\"Event\",\"name\":\"Suor Leslie S\\u00e1ndigo e le collaboratrici dell\\u2019Ambito incontrano online le Delegate e animatrici delle Associazioni: Exallieve\/i delle FMA, Salesiani Cooperatori e ADMA.\",\"description\":\"\",\"url\":\"https:\/\/www.cgfmanet.org\/pt-pt\/event\/suor-leslie-sandigo-e-le-collaboratrici-dellambito-incontrano-online-le-delegate-e-animatrici-delle-associazioni-exallieve-i-delle-fma-salesiani-cooperatori-e-adma\/\",\"eventAttendanceMode\":\"https:\/\/schema.org\/OfflineEventAttendanceMode\",\"eventStatus\":\"https:\/\/schema.org\/EventScheduled\",\"startDate\":\"2026-05-03T00:00:00+02:00\",\"endDate\":\"2026-05-03T23:59:59+02:00\",\"performer\":\"Organization\"},{\"@context\":\"http:\/\/schema.org\",\"@type\":\"Event\",\"name\":\"Suor Mar\\u00eda del Rosario Garc\\u00eda Ribas termina la Visita canonica all\\u2019Ispettoria \\u201cSan Giuseppe&#8221; (ANT) delle Antille.\",\"description\":\"\",\"url\":\"https:\/\/www.cgfmanet.org\/pt-pt\/event\/suor-maria-del-rosario-garcia-ribas-termina-la-visita-canonica-allispettoria-san-giuseppe-ant-delle-antille\/\",\"eventAttendanceMode\":\"https:\/\/schema.org\/OfflineEventAttendanceMode\",\"eventStatus\":\"https:\/\/schema.org\/EventScheduled\",\"startDate\":\"2026-05-04T00:00:00+02:00\",\"endDate\":\"2026-05-04T23:59:59+02:00\",\"performer\":\"Organization\"},{\"@context\":\"http:\/\/schema.org\",\"@type\":\"Event\",\"name\":\"Inizio del Corso di Formazione Permanente Missionaria a Roma, Casa Generalizia.\",\"description\":\"\",\"url\":\"https:\/\/www.cgfmanet.org\/pt-pt\/event\/inizio-del-corso-di-formazione-permanente-missionaria-a-roma-casa-generalizia-2\/\",\"eventAttendanceMode\":\"https:\/\/schema.org\/OfflineEventAttendanceMode\",\"eventStatus\":\"https:\/\/schema.org\/EventScheduled\",\"startDate\":\"2026-05-04T00:00:00+02:00\",\"endDate\":\"2026-05-04T23:59:59+02:00\",\"performer\":\"Organization\"},{\"@context\":\"http:\/\/schema.org\",\"@type\":\"Event\",\"name\":\"La Madre d\\u00e0 la Buonanotte al gruppo del \\u201cProgetto Mornese\\u201d di lingua inglese. A Roma presso la Casa FMA \\u201cSacro Cuore\\u201d (IRO).\",\"description\":\"\",\"url\":\"https:\/\/www.cgfmanet.org\/pt-pt\/event\/la-madre-da-la-buonanotte-al-gruppo-del-progetto-mornese-di-lingua-inglese-a-roma-presso-la-casa-fma-sacro-cuore-iro\/\",\"eventAttendanceMode\":\"https:\/\/schema.org\/OfflineEventAttendanceMode\",\"eventStatus\":\"https:\/\/schema.org\/EventScheduled\",\"startDate\":\"2026-05-04T00:00:00+02:00\",\"endDate\":\"2026-05-04T23:59:59+02:00\",\"performer\":\"Organization\"},{\"@context\":\"http:\/\/schema.org\",\"@type\":\"Event\",\"name\":\"Suor Leslie S\\u00e1ndigo termina la 2a parte della visita canonica all\\u2019Ispettoria \\u201cLaura Vicu\\u00f1a\\u201d (ARG) dell\\u2019Argentina.\",\"description\":\"\",\"url\":\"https:\/\/www.cgfmanet.org\/pt-pt\/event\/suor-leslie-sandigo-termina-la-2a-parte-della-visita-canonica-allispettoria-laura-vicuna-arg-dellargentina\/\",\"eventAttendanceMode\":\"https:\/\/schema.org\/OfflineEventAttendanceMode\",\"eventStatus\":\"https:\/\/schema.org\/EventScheduled\",\"startDate\":\"2026-05-04T00:00:00+02:00\",\"endDate\":\"2026-05-04T23:59:59+02:00\",\"performer\":\"Organization\"},{\"@context\":\"http:\/\/schema.org\",\"@type\":\"Event\",\"name\":\"La Madre incontra il Consiglio Accademico della Pontificia Facolt\\u00e0 di Scienze dell\\u2019Educazione \\u201cAuxilium\\u201d anche con la presenza della Superiora di Visitatoria (RMC), suor Jessica Salva\\u00f1a Togonon. A Roma in Casa generalizia.\",\"description\":\"\",\"url\":\"https:\/\/www.cgfmanet.org\/pt-pt\/event\/la-madre-incontra-il-consiglio-accademico-della-pontificia-facolta-di-scienze-delleducazione-auxilium-anche-con-la-presenza-della-superiora-di-visitatoria-rmc-suor-jessic\/\",\"eventAttendanceMode\":\"https:\/\/schema.org\/OfflineEventAttendanceMode\",\"eventStatus\":\"https:\/\/schema.org\/EventScheduled\",\"startDate\":\"2026-05-05T00:00:00+02:00\",\"endDate\":\"2026-05-05T23:59:59+02:00\",\"performer\":\"Organization\"},{\"@context\":\"http:\/\/schema.org\",\"@type\":\"Event\",\"name\":\"La Madre incontra le FMA partecipanti al Corso di Formazione Permanente Missionaria. A Roma, Casa generalizia.\",\"description\":\"\",\"url\":\"https:\/\/www.cgfmanet.org\/pt-pt\/event\/la-madre-incontra-le-fma-partecipanti-al-corso-di-formazione-permanente-missionaria-a-roma-casa-generalizia\/\",\"eventAttendanceMode\":\"https:\/\/schema.org\/OfflineEventAttendanceMode\",\"eventStatus\":\"https:\/\/schema.org\/EventScheduled\",\"startDate\":\"2026-05-06T00:00:00+02:00\",\"endDate\":\"2026-05-06T23:59:59+02:00\",\"performer\":\"Organization\"},{\"@context\":\"http:\/\/schema.org\",\"@type\":\"Event\",\"name\":\"La Madre partecipa e interviene al VI Congresso Mondiale dei Salesiani Cooperatori a Roma, presso la Fraterna Domus. Tema: \\u201cEssere lievito per essere fecondi\\u201d.\",\"description\":\"\",\"url\":\"https:\/\/www.cgfmanet.org\/pt-pt\/event\/la-madre-partecipa-e-interviene-al-vi-congresso-mondiale-dei-salesiani-cooperatori-a-roma-presso-la-fraterna-domus-tema-essere-lievito-per-essere-fecondi\/\",\"eventAttendanceMode\":\"https:\/\/schema.org\/OfflineEventAttendanceMode\",\"eventStatus\":\"https:\/\/schema.org\/EventScheduled\",\"startDate\":\"2026-05-07T00:00:00+02:00\",\"endDate\":\"2026-05-10T23:59:59+02:00\",\"performer\":\"Organization\"},{\"@context\":\"http:\/\/schema.org\",\"@type\":\"Event\",\"name\":\"Suor Leslie S\\u00e1ndigo partecipa al Congresso Mondiale dei Salesiani Cooperatori a Roma, Fraterna Domus.\",\"description\":\"\",\"url\":\"https:\/\/www.cgfmanet.org\/pt-pt\/event\/suor-leslie-sandigo-partecipa-al-congresso-mondiale-dei-salesiani-cooperatori-a-roma-fraterna-domus\/\",\"eventAttendanceMode\":\"https:\/\/schema.org\/OfflineEventAttendanceMode\",\"eventStatus\":\"https:\/\/schema.org\/EventScheduled\",\"startDate\":\"2026-05-07T00:00:00+02:00\",\"endDate\":\"2026-05-10T23:59:59+02:00\",\"performer\":\"Organization\"},{\"@context\":\"http:\/\/schema.org\",\"@type\":\"Event\",\"name\":\"La Madre partecipa alle Celebrazione del Centenario della presenza delle FMA dell\\u2019Ispettoria \\u201cNostra Signora d\\u2019Africa\\u201d (AFC). A Lubumbashi, Repubblica Democratica del Congo.\",\"description\":\"\",\"url\":\"https:\/\/www.cgfmanet.org\/pt-pt\/event\/la-madre-partecipa-alle-celebrazione-del-centenario-della-presenza-delle-fma-dellispettoria-nostra-signora-dafrica-afc-a-lubumbashi-repubblica-democratica-del-c\/\",\"eventAttendanceMode\":\"https:\/\/schema.org\/OfflineEventAttendanceMode\",\"eventStatus\":\"https:\/\/schema.org\/EventScheduled\",\"startDate\":\"2026-05-08T00:00:00+02:00\",\"endDate\":\"2026-05-19T23:59:59+02:00\",\"performer\":\"Organization\"},{\"@context\":\"http:\/\/schema.org\",\"@type\":\"Event\",\"name\":\"Suor Runita Borja, con le collaboratrici dell\\u2019Ambito PG, incontra le FMA partecipanti del Corso di Formazione Permanente Missionaria. A Roma, Casa generalizia.\",\"description\":\"\",\"url\":\"https:\/\/www.cgfmanet.org\/pt-pt\/event\/suor-runita-borja-con-le-collaboratrici-dellambito-pg-incontra-le-fma-partecipanti-del-corso-di-formazione-permanente-missionaria-a-roma-casa-generalizia\/\",\"eventAttendanceMode\":\"https:\/\/schema.org\/OfflineEventAttendanceMode\",\"eventStatus\":\"https:\/\/schema.org\/EventScheduled\",\"startDate\":\"2026-05-08T00:00:00+02:00\",\"endDate\":\"2026-05-08T23:59:59+02:00\",\"performer\":\"Organization\"},{\"@context\":\"http:\/\/schema.org\",\"@type\":\"Event\",\"name\":\"Suor Nilza F\\u00e1tima de Moraes coordina il raduno online con le sorelle del gruppo di stesura del Progetto formativo.\",\"description\":\"\",\"url\":\"https:\/\/www.cgfmanet.org\/pt-pt\/event\/suor-nilza-fatima-de-moraes-coordina-il-raduno-online-con-le-sorelle-del-gruppo-di-stesura-del-progetto-formativo\/\",\"eventAttendanceMode\":\"https:\/\/schema.org\/OfflineEventAttendanceMode\",\"eventStatus\":\"https:\/\/schema.org\/EventScheduled\",\"startDate\":\"2026-05-09T00:00:00+02:00\",\"endDate\":\"2026-05-09T23:59:59+02:00\",\"performer\":\"Organization\"},{\"@context\":\"http:\/\/schema.org\",\"@type\":\"Event\",\"name\":\"Esercizi Spirituali per le partecipanti al Corso di Formazione Permanente Missionaria e le neo missionarie, a Mornese.\",\"description\":\"\",\"url\":\"https:\/\/www.cgfmanet.org\/pt-pt\/event\/esercizi-spirituali-per-le-partecipanti-al-corso-di-formazione-permanente-missionaria-e-le-neo-missionarie-a-mornese-2\/\",\"eventAttendanceMode\":\"https:\/\/schema.org\/OfflineEventAttendanceMode\",\"eventStatus\":\"https:\/\/schema.org\/EventScheduled\",\"startDate\":\"2026-05-11T00:00:00+02:00\",\"endDate\":\"2026-05-18T23:59:59+02:00\",\"performer\":\"Organization\"},{\"@context\":\"http:\/\/schema.org\",\"@type\":\"Event\",\"name\":\"Suor Maria Assunta Sumiko Inoue termina la Visita canonica all&#8217;Ispettoria \\u201cSanta Maria Domenica Mazzarello\\u201d (TIN) di Timor-Indonesia.\",\"description\":\"\",\"url\":\"https:\/\/www.cgfmanet.org\/pt-pt\/event\/suor-maria-assunta-sumiko-inoue-termina-la-visita-canonica-allispettoria-santa-maria-domenica-mazzarello-tin-di-timor-indonesia\/\",\"eventAttendanceMode\":\"https:\/\/schema.org\/OfflineEventAttendanceMode\",\"eventStatus\":\"https:\/\/schema.org\/EventScheduled\",\"startDate\":\"2026-05-14T00:00:00+02:00\",\"endDate\":\"2026-05-14T23:59:59+02:00\",\"performer\":\"Organization\"},{\"@context\":\"http:\/\/schema.org\",\"@type\":\"Event\",\"name\":\"Suor Maria Assunta Sumiko Inoue fa una Visita breve all&#8217;Ispettoria \\u201cSanta Maria Mazzarello\\u201d (THA).\",\"description\":\"\",\"url\":\"https:\/\/www.cgfmanet.org\/pt-pt\/event\/suor-maria-assunta-sumiko-inoue-fa-una-visita-breve-allispettoria-santa-maria-mazzarello-tha\/\",\"eventAttendanceMode\":\"https:\/\/schema.org\/OfflineEventAttendanceMode\",\"eventStatus\":\"https:\/\/schema.org\/EventScheduled\",\"startDate\":\"2026-05-14T00:00:00+02:00\",\"endDate\":\"2026-05-26T23:59:59+02:00\",\"performer\":\"Organization\"},{\"@context\":\"http:\/\/schema.org\",\"@type\":\"Event\",\"name\":\"Suor Runita Borja partecipa al Congresso degli Educatori della Conferenza interispettoriale CIAO sul tema \\u201cIl Patto Educativo Globale nello stile salesiano\\u201d. A Tokyo, in Giappone.\",\"description\":\"\",\"url\":\"https:\/\/www.cgfmanet.org\/pt-pt\/event\/suor-runita-borja-partecipa-al-congresso-degli-educatori-della-conferenza-interispettoriale-ciao-sul-tema-il-patto-educativo-globale-nello-stile-salesiano-a-tokyo-in-giappone\/\",\"eventAttendanceMode\":\"https:\/\/schema.org\/OfflineEventAttendanceMode\",\"eventStatus\":\"https:\/\/schema.org\/EventScheduled\",\"startDate\":\"2026-05-14T00:00:00+02:00\",\"endDate\":\"2026-05-19T23:59:59+02:00\",\"performer\":\"Organization\"},{\"@context\":\"http:\/\/schema.org\",\"@type\":\"Event\",\"name\":\"Suor Leslie S\\u00e1ndigo insieme alle collaboratrici dell\\u2019Ambito presenta la Famiglia Salesiana alle studentesse del Corso di Spiritualit\\u00e0 di Casa Madre Canta.\",\"description\":\"\",\"url\":\"https:\/\/www.cgfmanet.org\/pt-pt\/event\/suor-leslie-sandigo-insieme-alle-collaboratrici-dellambito-presenta-la-famiglia-salesiana-alle-studentesse-del-corso-di-spiritualita-di-casa-madre-canta\/\",\"eventAttendanceMode\":\"https:\/\/schema.org\/OfflineEventAttendanceMode\",\"eventStatus\":\"https:\/\/schema.org\/EventScheduled\",\"startDate\":\"2026-05-15T00:00:00+02:00\",\"endDate\":\"2026-05-15T23:59:59+02:00\",\"performer\":\"Organization\"},{\"@context\":\"http:\/\/schema.org\",\"@type\":\"Event\",\"name\":\"Suor Celine Jacob termina la Visita Canonica all&#8217;Ispettoria &#8220;Maria Immacolata&#8221; (SUO) degli Stati Uniti.\",\"description\":\"\",\"url\":\"https:\/\/www.cgfmanet.org\/pt-pt\/event\/suor-celine-jacob-termina-la-visita-canonica-allispettoria-maria-immacolata-suo-degli-stati-uniti\/\",\"eventAttendanceMode\":\"https:\/\/schema.org\/OfflineEventAttendanceMode\",\"eventStatus\":\"https:\/\/schema.org\/EventScheduled\",\"startDate\":\"2026-05-18T00:00:00+02:00\",\"endDate\":\"2026-05-18T23:59:59+02:00\",\"performer\":\"Organization\"},{\"@context\":\"http:\/\/schema.org\",\"@type\":\"Event\",\"name\":\"Suor Lidia Strzelczyk termina la 2a parte della Visita canonica all&#8217;Ispettoria Meridionale &#8220;Madonna del Buon Consiglio&#8221; (IMR).\",\"description\":\"\",\"url\":\"https:\/\/www.cgfmanet.org\/pt-pt\/event\/suor-lidia-strzelczyk-termina-la-2a-parte-della-visita-canonica-allispettoria-meridionale-madonna-del-buon-consiglio-imr\/\",\"eventAttendanceMode\":\"https:\/\/schema.org\/OfflineEventAttendanceMode\",\"eventStatus\":\"https:\/\/schema.org\/EventScheduled\",\"startDate\":\"2026-05-19T00:00:00+02:00\",\"endDate\":\"2026-05-19T23:59:59+02:00\",\"performer\":\"Organization\"},{\"@context\":\"http:\/\/schema.org\",\"@type\":\"Event\",\"name\":\"Suor Leslie S\\u00e1ndigo e le Collaboratrici dell\\u2019Ambito partecipano alla Consulta della Famiglia Salesiana a Valdocco, Torino.\",\"description\":\"\",\"url\":\"https:\/\/www.cgfmanet.org\/pt-pt\/event\/suor-leslie-sandigo-e-le-collaboratrici-dellambito-partecipano-alla-consulta-della-famiglia-salesiana-a-valdocco-torino-2\/\",\"eventAttendanceMode\":\"https:\/\/schema.org\/OfflineEventAttendanceMode\",\"eventStatus\":\"https:\/\/schema.org\/EventScheduled\",\"startDate\":\"2026-05-21T00:00:00+02:00\",\"endDate\":\"2026-05-23T23:59:59+02:00\",\"performer\":\"Organization\"},{\"@context\":\"http:\/\/schema.org\",\"@type\":\"Event\",\"name\":\"La Madre partecipa alla Consulta della Famiglia Salesiana sul tema della Strenna 2026. A Torino, Valdocco.\",\"description\":\"\",\"url\":\"https:\/\/www.cgfmanet.org\/pt-pt\/event\/la-madre-partecipa-alla-consulta-della-famiglia-salesiana-sul-tema-della-strenna-2026-a-torino-valdocco\/\",\"eventAttendanceMode\":\"https:\/\/schema.org\/OfflineEventAttendanceMode\",\"eventStatus\":\"https:\/\/schema.org\/EventScheduled\",\"startDate\":\"2026-05-22T00:00:00+02:00\",\"endDate\":\"2026-05-23T23:59:59+02:00\",\"performer\":\"Organization\"},{\"@context\":\"http:\/\/schema.org\",\"@type\":\"Event\",\"name\":\"Suor Marta Riccioli termina la Visita canonica all\\u2019Ispettoria &#8220;Nostra Signora di Chiquinquir\\u00e1&#8221; (CBC).\",\"description\":\"\",\"url\":\"https:\/\/www.cgfmanet.org\/pt-pt\/event\/suor-marta-riccioli-termina-la-visita-canonica-allispettoria-nostra-signora-di-chiquinquira-cbc\/\",\"eventAttendanceMode\":\"https:\/\/schema.org\/OfflineEventAttendanceMode\",\"eventStatus\":\"https:\/\/schema.org\/EventScheduled\",\"startDate\":\"2026-05-22T00:00:00+02:00\",\"endDate\":\"2026-05-22T23:59:59+02:00\",\"performer\":\"Organization\"},{\"@context\":\"http:\/\/schema.org\",\"@type\":\"Event\",\"name\":\"La Madre partecipa alla Celebrazione della solennit\\u00e0 di Maria Ausiliatrice a Torino, Valdocco.\",\"description\":\"\",\"url\":\"https:\/\/www.cgfmanet.org\/pt-pt\/event\/la-madre-partecipa-alla-celebrazione-della-solennita-di-maria-ausiliatrice-a-torino-valdocco\/\",\"eventAttendanceMode\":\"https:\/\/schema.org\/OfflineEventAttendanceMode\",\"eventStatus\":\"https:\/\/schema.org\/EventScheduled\",\"startDate\":\"2026-05-24T00:00:00+02:00\",\"endDate\":\"2026-05-24T23:59:59+02:00\",\"performer\":\"Organization\"},{\"@context\":\"http:\/\/schema.org\",\"@type\":\"Event\",\"name\":\"Suor Ruth del Pilar Mora termina la Visita Canonica all\\u2019Ispettoria San Giuseppe (SEC) di Stati Uniti e Canada.\",\"description\":\"\",\"url\":\"https:\/\/www.cgfmanet.org\/pt-pt\/event\/suor-ruth-del-pilar-mora-termina-la-visita-canonica-allispettoria-san-giuseppe-sec-di-stati-uniti-e-canada\/\",\"eventAttendanceMode\":\"https:\/\/schema.org\/OfflineEventAttendanceMode\",\"eventStatus\":\"https:\/\/schema.org\/EventScheduled\",\"startDate\":\"2026-05-26T00:00:00+02:00\",\"endDate\":\"2026-05-26T23:59:59+02:00\",\"performer\":\"Organization\"},{\"@context\":\"http:\/\/schema.org\",\"@type\":\"Event\",\"name\":\"Suor Runita Borja d\\u00e0 il saluto iniziale e partecipa all\\u2019incontro online delle Coordinatrici ispettoriali di PG della Conferenza NAC.\",\"description\":\"\",\"url\":\"https:\/\/www.cgfmanet.org\/pt-pt\/event\/suor-runita-borja-da-il-saluto-iniziale-e-partecipa-allincontro-online-delle-coordinatrici-ispettoriali-di-pg-della-conferenza-nac\/\",\"eventAttendanceMode\":\"https:\/\/schema.org\/OfflineEventAttendanceMode\",\"eventStatus\":\"https:\/\/schema.org\/EventScheduled\",\"startDate\":\"2026-05-26T00:00:00+02:00\",\"endDate\":\"2026-05-26T23:59:59+02:00\",\"performer\":\"Organization\"},{\"@context\":\"http:\/\/schema.org\",\"@type\":\"Event\",\"name\":\"Suor Ruth del Pilar Mora incontra le missionarie ad gentes che terminano il Corso di Formazione Permanente Missionaria a Roma, in Casa Generalizia.\",\"description\":\"\",\"url\":\"https:\/\/www.cgfmanet.org\/pt-pt\/event\/suor-ruth-del-pilar-mora-incontra-le-missionarie-ad-gentes-che-terminano-il-corso-di-formazione-permanente-missionaria-a-roma-in-casa-generalizia\/\",\"eventAttendanceMode\":\"https:\/\/schema.org\/OfflineEventAttendanceMode\",\"eventStatus\":\"https:\/\/schema.org\/EventScheduled\",\"startDate\":\"2026-05-27T00:00:00+02:00\",\"endDate\":\"2026-05-28T23:59:59+02:00\",\"performer\":\"Organization\"},{\"@context\":\"http:\/\/schema.org\",\"@type\":\"Event\",\"name\":\"A Roma in Casa generalizia la Madre incontra le FMA partecipanti a conclusione del Corso di Formazione Permanente Missionaria.\",\"description\":\"\",\"url\":\"https:\/\/www.cgfmanet.org\/pt-pt\/event\/a-roma-in-casa-generalizia-la-madre-incontra-le-fma-partecipanti-a-conclusione-del-corso-di-formazione-permanente-missionaria\/\",\"eventAttendanceMode\":\"https:\/\/schema.org\/OfflineEventAttendanceMode\",\"eventStatus\":\"https:\/\/schema.org\/EventScheduled\",\"startDate\":\"2026-05-28T00:00:00+02:00\",\"endDate\":\"2026-05-28T23:59:59+02:00\",\"performer\":\"Organization\"},{\"@context\":\"http:\/\/schema.org\",\"@type\":\"Event\",\"name\":\"Conclusione del Corso di Formazione Permanente Missionaria a Roma, Casa Generalizia.\",\"description\":\"\",\"url\":\"https:\/\/www.cgfmanet.org\/pt-pt\/event\/conclusione-del-corso-di-formazione-permanente-missionaria-a-roma-casa-generalizia\/\",\"eventAttendanceMode\":\"https:\/\/schema.org\/OfflineEventAttendanceMode\",\"eventStatus\":\"https:\/\/schema.org\/EventScheduled\",\"startDate\":\"2026-05-29T00:00:00+02:00\",\"endDate\":\"2026-05-29T23:59:59+02:00\",\"performer\":\"Organization\"},{\"@context\":\"http:\/\/schema.org\",\"@type\":\"Event\",\"name\":\"Suor Chantal Mukase termina la Visita Canonica all\\u2019Ispettoria \\u201cNostra Signora d\\u2019Africa\\u201d (AFC) dell\\u2019Africa Centrale.\",\"description\":\"\",\"url\":\"https:\/\/www.cgfmanet.org\/pt-pt\/event\/suor-chantal-mukase-termina-la-visita-canonica-allispettoria-nostra-signora-dafrica-afc-dellafrica-centrale\/\",\"eventAttendanceMode\":\"https:\/\/schema.org\/OfflineEventAttendanceMode\",\"eventStatus\":\"https:\/\/schema.org\/EventScheduled\",\"startDate\":\"2026-05-30T00:00:00+02:00\",\"endDate\":\"2026-05-30T23:59:59+02:00\",\"performer\":\"Organization\"},{\"@context\":\"http:\/\/schema.org\",\"@type\":\"Event\",\"name\":\"Suor Paola Battagliola termina la 2a parte della Visita canonica all&#8217;Ispettoria Lombarda &#8220;Sacra Famiglia&#8221; (ILO).\",\"description\":\"\",\"url\":\"https:\/\/www.cgfmanet.org\/pt-pt\/event\/suor-paola-battagliola-termina-la-2a-parte-della-visita-canonica-allispettoria-lombarda-sacra-famiglia-ilo\/\",\"eventAttendanceMode\":\"https:\/\/schema.org\/OfflineEventAttendanceMode\",\"eventStatus\":\"https:\/\/schema.org\/EventScheduled\",\"startDate\":\"2026-05-31T00:00:00+02:00\",\"endDate\":\"2026-05-31T23:59:59+02:00\",\"performer\":\"Organization\"}]\r\n<\/script>\n\t\t<script data-js=\"tribe-events-view-data\" type=\"application\/json\">\n\t{\"slug\":\"month\",\"prev_url\":\"https:\\\/\\\/www.cgfmanet.org\\\/pt-pt\\\/eventos\\\/m\\u00eas\\\/2026-04\\\/?shortcode=tribe-widget-events-month-17\",\"next_url\":\"\",\"view_class\":\"Tribe\\\\Events\\\\Views\\\\V2\\\\Views\\\\Month_View\",\"view_slug\":\"month\",\"view_label\":\"M\\u00eas\",\"title\":\"Eventos em Maio 2026 \\u2022 Istituto Figlie di Maria Ausiliatrice\",\"events\":{\"2026-04-27\":[155332,156196,154149],\"2026-04-28\":[155332,156196,154149],\"2026-04-29\":[155332],\"2026-04-30\":[155332],\"2026-05-01\":[155332,156202],\"2026-05-02\":[155332,150826],\"2026-05-03\":[155332,151099],\"2026-05-04\":[150694,150890,155255,151105],\"2026-05-05\":[156539],\"2026-05-06\":[155271],\"2026-05-07\":[155261,151111],\"2026-05-08\":[155261,151111,155281,156545],\"2026-05-09\":[155261,151111,155281,155342],\"2026-05-10\":[155261,151111,155281],\"2026-05-11\":[155281,150896],\"2026-05-12\":[155281,150896],\"2026-05-13\":[155281,150896],\"2026-05-14\":[155281,150896,154048,150931,156709],\"2026-05-15\":[155281,150896,150931,156709,151117],\"2026-05-16\":[155281,150896,150931,156709],\"2026-05-17\":[155281,150896,150931,156709],\"2026-05-18\":[155281,150896,150931,156709,153491],\"2026-05-19\":[155281,150931,156709,150816],\"2026-05-20\":[150931],\"2026-05-21\":[150931,151123],\"2026-05-22\":[150931,151123,155291,151248],\"2026-05-23\":[150931,151123,155291],\"2026-05-24\":[150931,155301],\"2026-05-25\":[150931],\"2026-05-26\":[150931,150874,156719],\"2026-05-27\":[150884],\"2026-05-28\":[150884,155311],\"2026-05-29\":[150902],\"2026-05-30\":[153470],\"2026-05-31\":[154083]},\"url\":\"https:\\\/\\\/www.cgfmanet.org\\\/pt-pt\\\/eventos\\\/m\\u00eas\\\/?shortcode=tribe-widget-events-month-17\",\"url_event_date\":false,\"bar\":{\"keyword\":\"\",\"date\":\"\"},\"today\":\"2026-05-02 00:00:00\",\"now\":\"2026-05-02 13:53:45\",\"home_url\":\"https:\\\/\\\/www.cgfmanet.org\\\/pt-pt\\\/\",\"rest_url\":\"https:\\\/\\\/www.cgfmanet.org\\\/pt-pt\\\/wp-json\\\/tribe\\\/views\\\/v2\\\/html\",\"rest_method\":\"GET\",\"rest_nonce\":\"\",\"should_manage_url\":false,\"today_url\":\"https:\\\/\\\/www.cgfmanet.org\\\/pt-pt\\\/eventos\\\/m\\u00eas\\\/?rest_route=%2Fwp%2Fv2%2Fpages%2F3313&shortcode=tribe-widget-events-month-17\",\"today_title\":\"Clique para seleccionar o corrente m\\u00eas\",\"today_label\":\"Este m\\u00eas\",\"prev_label\":\"Abr\",\"next_label\":\"Jun\",\"date_formats\":{\"compact\":\"d\\\/m\\\/Y\",\"month_and_year_compact\":\"m\\\/Y\",\"month_and_year\":\"F Y\",\"time_range_separator\":\" - \",\"date_time_separator\":\" @ \"},\"messages\":[],\"start_of_week\":\"1\",\"header_title\":\"\",\"header_title_element\":\"h1\",\"content_title\":\"\",\"show_content_title\":false,\"breadcrumbs\":[],\"backlink\":false,\"before_events\":\"\",\"after_events\":\"\",\"display_events_bar\":true,\"disable_event_search\":false,\"live_refresh\":true,\"ical\":{\"display_link\":true,\"link\":{\"url\":\"https:\\\/\\\/www.cgfmanet.org\\\/pt-pt\\\/eventos\\\/m\\u00eas\\\/?shortcode=tribe-widget-events-month-17&#038;ical=1\",\"text\":\"Exportar Eventos\",\"title\":\"Utilize esta op\\u00e7\\u00e3o para partilhar com os calend\\u00e1rios Google, calend\\u00e1rios Apple e outras aplica\\u00e7\\u00f5es compat\\u00edveis\"}},\"container_classes\":[\"tribe-common\",\"tribe-events\",\"tribe-events-view\",\"tribe-events-view--month\",\"tribe-events-view--shortcode\",\"tribe-events-view--shortcode-tribe-widget-events-month-17\",\"tribe-events-widget\",\"tribe-events-widget-events-month\"],\"container_data\":{\"shortcode\":\"tribe-widget-events-month-17\"},\"is_past\":false,\"breakpoints\":{\"xsmall\":500,\"medium\":768,\"full\":960},\"breakpoint_pointer\":\"b480580f-a11c-4786-bdd5-20e5cbeabd71\",\"is_initial_load\":false,\"public_views\":{\"month\":{\"view_class\":\"Tribe\\\\Events\\\\Views\\\\V2\\\\Views\\\\Month_View\",\"view_url\":\"https:\\\/\\\/www.cgfmanet.org\\\/pt-pt\\\/eventos\\\/m\\u00eas\\\/?shortcode=tribe-widget-events-month-17\",\"view_label\":\"M\\u00eas\",\"aria_label\":\"Mostrar Eventos na vista M\\u00eas\"}},\"show_latest_past\":false,\"past\":false,\"today_date\":\"2026-05-02\",\"grid_date\":\"2026-05-02\",\"formatted_grid_date\":\"Maio 2026\",\"formatted_grid_date_mobile\":\"02\\\/05\\\/2026\",\"days\":{\"2026-04-27\":{\"date\":\"2026-04-27\",\"is_start_of_week\":true,\"year_number\":\"2026\",\"month_number\":\"04\",\"day_number\":\"27\",\"events\":[],\"featured_events\":[],\"multiday_events\":[155332,156196,154149],\"found_events\":3,\"more_events\":0,\"day_url\":\"https:\\\/\\\/www.cgfmanet.org\\\/pt-pt\\\/eventos\\\/2026-04-27\\\/?shortcode=tribe-widget-events-month-17\"},\"2026-04-28\":{\"date\":\"2026-04-28\",\"is_start_of_week\":false,\"year_number\":\"2026\",\"month_number\":\"04\",\"day_number\":\"28\",\"events\":[],\"featured_events\":[],\"multiday_events\":[155332,156196,154149],\"found_events\":3,\"more_events\":0,\"day_url\":\"https:\\\/\\\/www.cgfmanet.org\\\/pt-pt\\\/eventos\\\/2026-04-28\\\/?shortcode=tribe-widget-events-month-17\"},\"2026-04-29\":{\"date\":\"2026-04-29\",\"is_start_of_week\":false,\"year_number\":\"2026\",\"month_number\":\"04\",\"day_number\":\"29\",\"events\":[],\"featured_events\":[],\"multiday_events\":[155332],\"found_events\":1,\"more_events\":0,\"day_url\":\"https:\\\/\\\/www.cgfmanet.org\\\/pt-pt\\\/eventos\\\/2026-04-29\\\/?shortcode=tribe-widget-events-month-17\"},\"2026-04-30\":{\"date\":\"2026-04-30\",\"is_start_of_week\":false,\"year_number\":\"2026\",\"month_number\":\"04\",\"day_number\":\"30\",\"events\":[],\"featured_events\":[],\"multiday_events\":[155332],\"found_events\":1,\"more_events\":0,\"day_url\":\"https:\\\/\\\/www.cgfmanet.org\\\/pt-pt\\\/eventos\\\/2026-04-30\\\/?shortcode=tribe-widget-events-month-17\"},\"2026-05-01\":{\"date\":\"2026-05-01\",\"is_start_of_week\":false,\"year_number\":\"2026\",\"month_number\":\"05\",\"day_number\":\"1\",\"events\":[],\"featured_events\":[],\"multiday_events\":[155332,156202],\"found_events\":2,\"more_events\":0,\"day_url\":\"https:\\\/\\\/www.cgfmanet.org\\\/pt-pt\\\/eventos\\\/2026-05-01\\\/?shortcode=tribe-widget-events-month-17\"},\"2026-05-02\":{\"date\":\"2026-05-02\",\"is_start_of_week\":false,\"year_number\":\"2026\",\"month_number\":\"05\",\"day_number\":\"2\",\"events\":[],\"featured_events\":[],\"multiday_events\":[155332,150826],\"found_events\":2,\"more_events\":0,\"day_url\":\"https:\\\/\\\/www.cgfmanet.org\\\/pt-pt\\\/eventos\\\/2026-05-02\\\/?shortcode=tribe-widget-events-month-17\"},\"2026-05-03\":{\"date\":\"2026-05-03\",\"is_start_of_week\":false,\"year_number\":\"2026\",\"month_number\":\"05\",\"day_number\":\"3\",\"events\":[],\"featured_events\":[],\"multiday_events\":[155332,151099],\"found_events\":2,\"more_events\":0,\"day_url\":\"https:\\\/\\\/www.cgfmanet.org\\\/pt-pt\\\/eventos\\\/2026-05-03\\\/?shortcode=tribe-widget-events-month-17\"},\"2026-05-04\":{\"date\":\"2026-05-04\",\"is_start_of_week\":true,\"year_number\":\"2026\",\"month_number\":\"05\",\"day_number\":\"4\",\"events\":[],\"featured_events\":[],\"multiday_events\":[150694,150890,155255,151105],\"found_events\":4,\"more_events\":0,\"day_url\":\"https:\\\/\\\/www.cgfmanet.org\\\/pt-pt\\\/eventos\\\/2026-05-04\\\/?shortcode=tribe-widget-events-month-17\"},\"2026-05-05\":{\"date\":\"2026-05-05\",\"is_start_of_week\":false,\"year_number\":\"2026\",\"month_number\":\"05\",\"day_number\":\"5\",\"events\":[],\"featured_events\":[],\"multiday_events\":[156539],\"found_events\":1,\"more_events\":0,\"day_url\":\"https:\\\/\\\/www.cgfmanet.org\\\/pt-pt\\\/eventos\\\/2026-05-05\\\/?shortcode=tribe-widget-events-month-17\"},\"2026-05-06\":{\"date\":\"2026-05-06\",\"is_start_of_week\":false,\"year_number\":\"2026\",\"month_number\":\"05\",\"day_number\":\"6\",\"events\":[],\"featured_events\":[],\"multiday_events\":[155271],\"found_events\":1,\"more_events\":0,\"day_url\":\"https:\\\/\\\/www.cgfmanet.org\\\/pt-pt\\\/eventos\\\/2026-05-06\\\/?shortcode=tribe-widget-events-month-17\"},\"2026-05-07\":{\"date\":\"2026-05-07\",\"is_start_of_week\":false,\"year_number\":\"2026\",\"month_number\":\"05\",\"day_number\":\"7\",\"events\":[],\"featured_events\":[],\"multiday_events\":[155261,151111],\"found_events\":2,\"more_events\":0,\"day_url\":\"https:\\\/\\\/www.cgfmanet.org\\\/pt-pt\\\/eventos\\\/2026-05-07\\\/?shortcode=tribe-widget-events-month-17\"},\"2026-05-08\":{\"date\":\"2026-05-08\",\"is_start_of_week\":false,\"year_number\":\"2026\",\"month_number\":\"05\",\"day_number\":\"8\",\"events\":[],\"featured_events\":[],\"multiday_events\":[155261,151111,155281,156545],\"found_events\":4,\"more_events\":0,\"day_url\":\"https:\\\/\\\/www.cgfmanet.org\\\/pt-pt\\\/eventos\\\/2026-05-08\\\/?shortcode=tribe-widget-events-month-17\"},\"2026-05-09\":{\"date\":\"2026-05-09\",\"is_start_of_week\":false,\"year_number\":\"2026\",\"month_number\":\"05\",\"day_number\":\"9\",\"events\":[],\"featured_events\":[],\"multiday_events\":[155261,151111,155281,155342],\"found_events\":4,\"more_events\":0,\"day_url\":\"https:\\\/\\\/www.cgfmanet.org\\\/pt-pt\\\/eventos\\\/2026-05-09\\\/?shortcode=tribe-widget-events-month-17\"},\"2026-05-10\":{\"date\":\"2026-05-10\",\"is_start_of_week\":false,\"year_number\":\"2026\",\"month_number\":\"05\",\"day_number\":\"10\",\"events\":[],\"featured_events\":[],\"multiday_events\":[155261,151111,155281],\"found_events\":3,\"more_events\":0,\"day_url\":\"https:\\\/\\\/www.cgfmanet.org\\\/pt-pt\\\/eventos\\\/2026-05-10\\\/?shortcode=tribe-widget-events-month-17\"},\"2026-05-11\":{\"date\":\"2026-05-11\",\"is_start_of_week\":true,\"year_number\":\"2026\",\"month_number\":\"05\",\"day_number\":\"11\",\"events\":[],\"featured_events\":[],\"multiday_events\":[155281,150896],\"found_events\":2,\"more_events\":0,\"day_url\":\"https:\\\/\\\/www.cgfmanet.org\\\/pt-pt\\\/eventos\\\/2026-05-11\\\/?shortcode=tribe-widget-events-month-17\"},\"2026-05-12\":{\"date\":\"2026-05-12\",\"is_start_of_week\":false,\"year_number\":\"2026\",\"month_number\":\"05\",\"day_number\":\"12\",\"events\":[],\"featured_events\":[],\"multiday_events\":[155281,150896],\"found_events\":2,\"more_events\":0,\"day_url\":\"https:\\\/\\\/www.cgfmanet.org\\\/pt-pt\\\/eventos\\\/2026-05-12\\\/?shortcode=tribe-widget-events-month-17\"},\"2026-05-13\":{\"date\":\"2026-05-13\",\"is_start_of_week\":false,\"year_number\":\"2026\",\"month_number\":\"05\",\"day_number\":\"13\",\"events\":[],\"featured_events\":[],\"multiday_events\":[155281,150896],\"found_events\":2,\"more_events\":0,\"day_url\":\"https:\\\/\\\/www.cgfmanet.org\\\/pt-pt\\\/eventos\\\/2026-05-13\\\/?shortcode=tribe-widget-events-month-17\"},\"2026-05-14\":{\"date\":\"2026-05-14\",\"is_start_of_week\":false,\"year_number\":\"2026\",\"month_number\":\"05\",\"day_number\":\"14\",\"events\":[],\"featured_events\":[],\"multiday_events\":[155281,150896,154048,150931,156709],\"found_events\":5,\"more_events\":0,\"day_url\":\"https:\\\/\\\/www.cgfmanet.org\\\/pt-pt\\\/eventos\\\/2026-05-14\\\/?shortcode=tribe-widget-events-month-17\"},\"2026-05-15\":{\"date\":\"2026-05-15\",\"is_start_of_week\":false,\"year_number\":\"2026\",\"month_number\":\"05\",\"day_number\":\"15\",\"events\":[],\"featured_events\":[],\"multiday_events\":[155281,150896,151117,150931,156709],\"found_events\":5,\"more_events\":0,\"day_url\":\"https:\\\/\\\/www.cgfmanet.org\\\/pt-pt\\\/eventos\\\/2026-05-15\\\/?shortcode=tribe-widget-events-month-17\"},\"2026-05-16\":{\"date\":\"2026-05-16\",\"is_start_of_week\":false,\"year_number\":\"2026\",\"month_number\":\"05\",\"day_number\":\"16\",\"events\":[],\"featured_events\":[],\"multiday_events\":[155281,150896,false,150931,156709],\"found_events\":4,\"more_events\":0,\"day_url\":\"https:\\\/\\\/www.cgfmanet.org\\\/pt-pt\\\/eventos\\\/2026-05-16\\\/?shortcode=tribe-widget-events-month-17\"},\"2026-05-17\":{\"date\":\"2026-05-17\",\"is_start_of_week\":false,\"year_number\":\"2026\",\"month_number\":\"05\",\"day_number\":\"17\",\"events\":[],\"featured_events\":[],\"multiday_events\":[155281,150896,false,150931,156709],\"found_events\":4,\"more_events\":0,\"day_url\":\"https:\\\/\\\/www.cgfmanet.org\\\/pt-pt\\\/eventos\\\/2026-05-17\\\/?shortcode=tribe-widget-events-month-17\"},\"2026-05-18\":{\"date\":\"2026-05-18\",\"is_start_of_week\":true,\"year_number\":\"2026\",\"month_number\":\"05\",\"day_number\":\"18\",\"events\":[],\"featured_events\":[],\"multiday_events\":[155281,150896,150931,156709,153491],\"found_events\":5,\"more_events\":0,\"day_url\":\"https:\\\/\\\/www.cgfmanet.org\\\/pt-pt\\\/eventos\\\/2026-05-18\\\/?shortcode=tribe-widget-events-month-17\"},\"2026-05-19\":{\"date\":\"2026-05-19\",\"is_start_of_week\":false,\"year_number\":\"2026\",\"month_number\":\"05\",\"day_number\":\"19\",\"events\":[],\"featured_events\":[],\"multiday_events\":[155281,150816,150931,156709],\"found_events\":4,\"more_events\":0,\"day_url\":\"https:\\\/\\\/www.cgfmanet.org\\\/pt-pt\\\/eventos\\\/2026-05-19\\\/?shortcode=tribe-widget-events-month-17\"},\"2026-05-20\":{\"date\":\"2026-05-20\",\"is_start_of_week\":false,\"year_number\":\"2026\",\"month_number\":\"05\",\"day_number\":\"20\",\"events\":[],\"featured_events\":[],\"multiday_events\":[false,false,150931],\"found_events\":1,\"more_events\":0,\"day_url\":\"https:\\\/\\\/www.cgfmanet.org\\\/pt-pt\\\/eventos\\\/2026-05-20\\\/?shortcode=tribe-widget-events-month-17\"},\"2026-05-21\":{\"date\":\"2026-05-21\",\"is_start_of_week\":false,\"year_number\":\"2026\",\"month_number\":\"05\",\"day_number\":\"21\",\"events\":[],\"featured_events\":[],\"multiday_events\":[151123,false,150931],\"found_events\":2,\"more_events\":0,\"day_url\":\"https:\\\/\\\/www.cgfmanet.org\\\/pt-pt\\\/eventos\\\/2026-05-21\\\/?shortcode=tribe-widget-events-month-17\"},\"2026-05-22\":{\"date\":\"2026-05-22\",\"is_start_of_week\":false,\"year_number\":\"2026\",\"month_number\":\"05\",\"day_number\":\"22\",\"events\":[],\"featured_events\":[],\"multiday_events\":[151123,155291,150931,151248],\"found_events\":4,\"more_events\":0,\"day_url\":\"https:\\\/\\\/www.cgfmanet.org\\\/pt-pt\\\/eventos\\\/2026-05-22\\\/?shortcode=tribe-widget-events-month-17\"},\"2026-05-23\":{\"date\":\"2026-05-23\",\"is_start_of_week\":false,\"year_number\":\"2026\",\"month_number\":\"05\",\"day_number\":\"23\",\"events\":[],\"featured_events\":[],\"multiday_events\":[151123,155291,150931],\"found_events\":3,\"more_events\":0,\"day_url\":\"https:\\\/\\\/www.cgfmanet.org\\\/pt-pt\\\/eventos\\\/2026-05-23\\\/?shortcode=tribe-widget-events-month-17\"},\"2026-05-24\":{\"date\":\"2026-05-24\",\"is_start_of_week\":false,\"year_number\":\"2026\",\"month_number\":\"05\",\"day_number\":\"24\",\"events\":[],\"featured_events\":[],\"multiday_events\":[155301,false,150931],\"found_events\":2,\"more_events\":0,\"day_url\":\"https:\\\/\\\/www.cgfmanet.org\\\/pt-pt\\\/eventos\\\/2026-05-24\\\/?shortcode=tribe-widget-events-month-17\"},\"2026-05-25\":{\"date\":\"2026-05-25\",\"is_start_of_week\":true,\"year_number\":\"2026\",\"month_number\":\"05\",\"day_number\":\"25\",\"events\":[],\"featured_events\":[],\"multiday_events\":[150931],\"found_events\":1,\"more_events\":0,\"day_url\":\"https:\\\/\\\/www.cgfmanet.org\\\/pt-pt\\\/eventos\\\/2026-05-25\\\/?shortcode=tribe-widget-events-month-17\"},\"2026-05-26\":{\"date\":\"2026-05-26\",\"is_start_of_week\":false,\"year_number\":\"2026\",\"month_number\":\"05\",\"day_number\":\"26\",\"events\":[],\"featured_events\":[],\"multiday_events\":[150931,150874,156719],\"found_events\":3,\"more_events\":0,\"day_url\":\"https:\\\/\\\/www.cgfmanet.org\\\/pt-pt\\\/eventos\\\/2026-05-26\\\/?shortcode=tribe-widget-events-month-17\"},\"2026-05-27\":{\"date\":\"2026-05-27\",\"is_start_of_week\":false,\"year_number\":\"2026\",\"month_number\":\"05\",\"day_number\":\"27\",\"events\":[],\"featured_events\":[],\"multiday_events\":[150884],\"found_events\":1,\"more_events\":0,\"day_url\":\"https:\\\/\\\/www.cgfmanet.org\\\/pt-pt\\\/eventos\\\/2026-05-27\\\/?shortcode=tribe-widget-events-month-17\"},\"2026-05-28\":{\"date\":\"2026-05-28\",\"is_start_of_week\":false,\"year_number\":\"2026\",\"month_number\":\"05\",\"day_number\":\"28\",\"events\":[],\"featured_events\":[],\"multiday_events\":[150884,155311],\"found_events\":2,\"more_events\":0,\"day_url\":\"https:\\\/\\\/www.cgfmanet.org\\\/pt-pt\\\/eventos\\\/2026-05-28\\\/?shortcode=tribe-widget-events-month-17\"},\"2026-05-29\":{\"date\":\"2026-05-29\",\"is_start_of_week\":false,\"year_number\":\"2026\",\"month_number\":\"05\",\"day_number\":\"29\",\"events\":[],\"featured_events\":[],\"multiday_events\":[150902],\"found_events\":1,\"more_events\":0,\"day_url\":\"https:\\\/\\\/www.cgfmanet.org\\\/pt-pt\\\/eventos\\\/2026-05-29\\\/?shortcode=tribe-widget-events-month-17\"},\"2026-05-30\":{\"date\":\"2026-05-30\",\"is_start_of_week\":false,\"year_number\":\"2026\",\"month_number\":\"05\",\"day_number\":\"30\",\"events\":[],\"featured_events\":[],\"multiday_events\":[153470],\"found_events\":1,\"more_events\":0,\"day_url\":\"https:\\\/\\\/www.cgfmanet.org\\\/pt-pt\\\/eventos\\\/2026-05-30\\\/?shortcode=tribe-widget-events-month-17\"},\"2026-05-31\":{\"date\":\"2026-05-31\",\"is_start_of_week\":false,\"year_number\":\"2026\",\"month_number\":\"05\",\"day_number\":\"31\",\"events\":[],\"featured_events\":[],\"multiday_events\":[154083],\"found_events\":1,\"more_events\":0,\"day_url\":\"https:\\\/\\\/www.cgfmanet.org\\\/pt-pt\\\/eventos\\\/2026-05-31\\\/?shortcode=tribe-widget-events-month-17\"}},\"next_month\":\"6\",\"prev_month\":\"4\",\"next_rel\":\"noindex\",\"prev_rel\":\"prev\",\"mobile_messages\":{\"notice\":{\"no-events-in-day\":\"N\\u00e3o h\\u00e1 eventos neste dia.\"}},\"grid_start_date\":\"2026-04-27\",\"subscribe_links\":{\"gcal\":{\"label\":\"Calend\\u00e1rio Google\",\"single_label\":\"Adicionar ao Calend\\u00e1rio Google\",\"visible\":true,\"block_slug\":\"hasGoogleCalendar\"},\"ical\":{\"label\":\"iCalendar\",\"single_label\":\"Adicionar ao iCalendar\",\"visible\":true,\"block_slug\":\"hasiCal\"},\"outlook-365\":{\"label\":\"Outlook 365\",\"single_label\":\"Outlook 365\",\"visible\":true,\"block_slug\":\"hasOutlook365\"},\"outlook-live\":{\"label\":\"Outlook Live\",\"single_label\":\"Outlook Live\",\"visible\":true,\"block_slug\":\"hasOutlookLive\"},\"ics\":{\"label\":\"Exportar ficheiro .ics\",\"single_label\":\"Exportar ficheiro .ics\",\"visible\":true,\"block_slug\":null},\"outlook-ics\":{\"label\":\"Exportar para ficheiro Outlook .ics\",\"single_label\":\"Exportar para ficheiro Outlook .ics\",\"visible\":true,\"block_slug\":null}},\"layout\":\"vertical\",\"filterbar_state\":\"open\",\"filters\":[{\"filter_object\":{\"type\":\"select\",\"name\":\"Categoria do Evento\",\"slug\":\"filterbar_category\",\"priority\":1,\"values\":[{\"name\":\"Agenda\",\"depth\":0,\"value\":1718,\"data\":{\"slug\":\"agenda-pt-pt\"},\"class\":\"tribe-parent-cat tribe-events-category-agenda-pt-pt parent-1718 has-child closed\"},{\"name\":\"Madre e Conselho\",\"depth\":1,\"value\":1998,\"data\":{\"slug\":\"madre-e-conselho\"},\"class\":\"tribe-child-cat tribe-events-category-madre-e-conselho child-1718\"},{\"name\":\"Conselheira para a Comunica\\u00e7\\u00e3o Social\",\"depth\":1,\"value\":768,\"data\":{\"slug\":\"conselheira-para-a-comunicacao-social\"},\"class\":\"tribe-child-cat tribe-events-category-conselheira-para-a-comunicacao-social child-1718\"},{\"name\":\"Conselheira para a Administra\\u00e7\\u00e3o\",\"depth\":1,\"value\":506,\"data\":{\"slug\":\"conselheira-para-a-administracao\"},\"class\":\"tribe-child-cat tribe-events-category-conselheira-para-a-administracao child-1718\"},{\"name\":\"Visitadora\",\"depth\":1,\"value\":537,\"data\":{\"slug\":\"visitadora-pt-pt\"},\"class\":\"tribe-child-cat tribe-events-category-visitadora-pt-pt parent-537 child-1718 has-child closed\"},{\"name\":\"Ir Paola Battagliola\",\"depth\":2,\"value\":559,\"data\":{\"slug\":\"ir-paola-battagliola\"},\"class\":\"tribe-grandchild-cat tribe-depth-2 tribe-events-category-ir-paola-battagliola child-537\"},{\"name\":\"Sr Jacob Celine\",\"depth\":2,\"value\":2418,\"data\":{\"slug\":\"sr-jacob-celine-pt-pt\"},\"class\":\"tribe-grandchild-cat tribe-depth-2 tribe-events-category-sr-jacob-celine-pt-pt child-537\"},{\"name\":\"Sr Riccioli Marta Liliana\",\"depth\":2,\"value\":2414,\"data\":{\"slug\":\"sr-riccioli-marta-liliana-pt-pt\"},\"class\":\"tribe-grandchild-cat tribe-depth-2 tribe-events-category-sr-riccioli-marta-liliana-pt-pt child-537\"},{\"name\":\"Sr Lidia Strzelczyk\",\"depth\":2,\"value\":2410,\"data\":{\"slug\":\"sr-lidia-strzelczyk-pt-pt\"},\"class\":\"tribe-grandchild-cat tribe-depth-2 tribe-events-category-sr-lidia-strzelczyk-pt-pt child-537\"},{\"name\":\"Ir Silvia Boullosa\",\"depth\":2,\"value\":566,\"data\":{\"slug\":\"ir-silvia-boullosa\"},\"class\":\"tribe-grandchild-cat tribe-depth-2 tribe-events-category-ir-silvia-boullosa child-537\"},{\"name\":\"Ir Phyllis Neves\",\"depth\":2,\"value\":562,\"data\":{\"slug\":\"ir-phyllis-neves\"},\"class\":\"tribe-grandchild-cat tribe-depth-2 tribe-events-category-ir-phyllis-neves child-537\"},{\"name\":\"Ir Marija Pe\\u010de\",\"depth\":2,\"value\":552,\"data\":{\"slug\":\"ir-marija-pece\"},\"class\":\"tribe-grandchild-cat tribe-depth-2 tribe-events-category-ir-marija-pece child-537\"},{\"name\":\"Ir Maria Assunta Sumiko Inoue\",\"depth\":2,\"value\":551,\"data\":{\"slug\":\"ir-maria-assunta-sumiko-inoue\"},\"class\":\"tribe-grandchild-cat tribe-depth-2 tribe-events-category-ir-maria-assunta-sumiko-inoue child-537\"},{\"name\":\"Ir Lucy Rose Ozhukayil\",\"depth\":2,\"value\":545,\"data\":{\"slug\":\"ir-lucy-rose-ozhukayil\"},\"class\":\"tribe-grandchild-cat tribe-depth-2 tribe-events-category-ir-lucy-rose-ozhukayil child-537\"},{\"name\":\"Ir Chantal Mukase\",\"depth\":2,\"value\":542,\"data\":{\"slug\":\"ir-chantal-mukase\"},\"class\":\"tribe-grandchild-cat tribe-depth-2 tribe-events-category-ir-chantal-mukase child-537\"},{\"name\":\"Vig\\u00e1ria Geral\",\"depth\":1,\"value\":534,\"data\":{\"slug\":\"vigaria-geral\"},\"class\":\"tribe-child-cat tribe-events-category-vigaria-geral child-1718\"},{\"name\":\"Secret\\u00e1ria Geral\",\"depth\":1,\"value\":530,\"data\":{\"slug\":\"secretaria-geral\"},\"class\":\"tribe-child-cat tribe-events-category-secretaria-geral child-1718\"},{\"name\":\"Madre Geral\",\"depth\":1,\"value\":526,\"data\":{\"slug\":\"madre-geral\"},\"class\":\"tribe-child-cat tribe-events-category-madre-geral child-1718\"},{\"name\":\"Conselheira para as Miss\\u00f5es\",\"depth\":1,\"value\":523,\"data\":{\"slug\":\"conselheira-para-as-missoes\"},\"class\":\"tribe-child-cat tribe-events-category-conselheira-para-as-missoes child-1718\"},{\"name\":\"Conselheira para a Pastoral Juvenil\",\"depth\":1,\"value\":518,\"data\":{\"slug\":\"conselheira-para-a-pastoral-juvenil\"},\"class\":\"tribe-child-cat tribe-events-category-conselheira-para-a-pastoral-juvenil child-1718\"},{\"name\":\"Conselheira para a Forma\\u00e7\\u00e3o\",\"depth\":1,\"value\":514,\"data\":{\"slug\":\"conselheira-para-a-formacao\"},\"class\":\"tribe-child-cat tribe-events-category-conselheira-para-a-formacao child-1718\"},{\"name\":\"Conselheira para a Familia Salesiana\",\"depth\":1,\"value\":510,\"data\":{\"slug\":\"conselheira-para-a-familia-salesiana\"},\"class\":\"tribe-child-cat tribe-events-category-conselheira-para-a-familia-salesiana child-1718\"},{\"name\":\"Eventos\",\"depth\":0,\"value\":1575,\"data\":{\"slug\":\"eventos\"},\"class\":\"tribe-parent-cat tribe-events-category-eventos parent-1575 has-child closed\"},{\"name\":\"Dias salesianos de comunica\\u00e7\\u00e3o\",\"depth\":1,\"value\":1714,\"data\":{\"slug\":\"dias-salesianos-de-comunicacao\"},\"class\":\"tribe-child-cat tribe-events-category-dias-salesianos-de-comunicacao child-1575\"},{\"name\":\"Festa da Gratid\\u00e3o\",\"depth\":1,\"value\":1708,\"data\":{\"slug\":\"festa-da-gratidao\"},\"class\":\"tribe-child-cat tribe-events-category-festa-da-gratidao child-1575\"},{\"name\":\"Semin\\u00e1rios\",\"depth\":1,\"value\":1706,\"data\":{\"slug\":\"seminarios\"},\"class\":\"tribe-child-cat tribe-events-category-seminarios child-1575\"}],\"free\":null,\"currentValue\":[],\"isActiveFilter\":true,\"queryArgs\":[],\"joinClause\":\"\",\"whereClause\":\"\",\"stack_managed\":false},\"label\":\"Categoria do Evento\",\"selections_count\":\"\",\"selections\":\"\",\"toggle_id\":\"filterbar_category-toggle-b480580f-a11c-4786-bdd5-20e5cbeabd71\",\"container_id\":\"filterbar_category-container-b480580f-a11c-4786-bdd5-20e5cbeabd71\",\"pill_toggle_id\":\"filterbar_category-pill-toggle-b480580f-a11c-4786-bdd5-20e5cbeabd71\",\"is_open\":false,\"name\":\"tribe_eventcategory[]\",\"fields\":[{\"type\":\"dropdown\",\"value\":\"\",\"id\":\"tribe-events-filterbar-318a896d-filterbar_category\",\"name\":\"tribe_eventcategory[]\",\"options\":[{\"text\":\"Agenda\",\"id\":\"1718\",\"value\":1718},{\"text\":\"Madre e Conselho\",\"id\":\"1998\",\"value\":1998},{\"text\":\"Conselheira para a Comunica\\u00e7\\u00e3o Social\",\"id\":\"768\",\"value\":768},{\"text\":\"Conselheira para a Administra\\u00e7\\u00e3o\",\"id\":\"506\",\"value\":506},{\"text\":\"Visitadora\",\"id\":\"537\",\"value\":537},{\"text\":\"Ir Paola Battagliola\",\"id\":\"559\",\"value\":559},{\"text\":\"Sr Jacob Celine\",\"id\":\"2418\",\"value\":2418},{\"text\":\"Sr Riccioli Marta Liliana\",\"id\":\"2414\",\"value\":2414},{\"text\":\"Sr Lidia Strzelczyk\",\"id\":\"2410\",\"value\":2410},{\"text\":\"Ir Silvia Boullosa\",\"id\":\"566\",\"value\":566},{\"text\":\"Ir Phyllis Neves\",\"id\":\"562\",\"value\":562},{\"text\":\"Ir Marija Pe\\u010de\",\"id\":\"552\",\"value\":552},{\"text\":\"Ir Maria Assunta Sumiko Inoue\",\"id\":\"551\",\"value\":551},{\"text\":\"Ir Lucy Rose Ozhukayil\",\"id\":\"545\",\"value\":545},{\"text\":\"Ir Chantal Mukase\",\"id\":\"542\",\"value\":542},{\"text\":\"Vig\\u00e1ria Geral\",\"id\":\"534\",\"value\":534},{\"text\":\"Secret\\u00e1ria Geral\",\"id\":\"530\",\"value\":530},{\"text\":\"Madre Geral\",\"id\":\"526\",\"value\":526},{\"text\":\"Conselheira para as Miss\\u00f5es\",\"id\":\"523\",\"value\":523},{\"text\":\"Conselheira para a Pastoral Juvenil\",\"id\":\"518\",\"value\":518},{\"text\":\"Conselheira para a Forma\\u00e7\\u00e3o\",\"id\":\"514\",\"value\":514},{\"text\":\"Conselheira para a Familia Salesiana\",\"id\":\"510\",\"value\":510},{\"text\":\"Eventos\",\"id\":\"1575\",\"value\":1575},{\"text\":\"Dias salesianos de comunica\\u00e7\\u00e3o\",\"id\":\"1714\",\"value\":1714},{\"text\":\"Festa da Gratid\\u00e3o\",\"id\":\"1708\",\"value\":1708},{\"text\":\"Semin\\u00e1rios\",\"id\":\"1706\",\"value\":1706}]}],\"type\":\"dropdown\"}],\"selected_filters\":[],\"mobile_initial_state_control\":true,\"display_recurring_toggle\":false,\"_context\":{\"slug\":\"month\",\"should_manage_url\":false},\"text\":\"Carregando...\",\"classes\":[\"tribe-common-c-loader__dot\",\"tribe-common-c-loader__dot--third\"]}<\/script>\n\n\t\t\n\t\t\n<header  class=\"tribe-events-header tribe-events-header--has-event-search\" >\n\t<div class=\"tribe-events-header__content-title\">\n\t<h1 class=\"screen-reader-text tec-a11y-title-hidden\">Eventos<\/h1><\/div>\n\n\t\n\t\n\t\n\t<div class=\"tribe-events-c-top-bar tribe-events-widget-header__top-bar\">\n\n\t<nav class=\"tribe-events-c-top-bar__nav\" aria-label=\"Month selection\">\n\t<ul class=\"tribe-events-c-top-bar__nav-list\">\n\t\t<li class=\"tribe-events-c-top-bar__nav-list-item\">\n\t<button\n\t\ttype=\"button\"\n\t\tclass=\"tribe-common-c-btn-icon tribe-common-c-btn-icon--caret-left tribe-events-c-top-bar__nav-link tribe-events-c-top-bar__nav-link--prev\"\n\t\taria-label=\"Previous month\"\n\t\tdata-url=\"https:\/\/www.cgfmanet.org\/pt-pt\/eventos\/m\u00eas\/2026-04\/?shortcode=tribe-widget-events-month-17\"\n\t\tdata-js=\"tribe-events-view-link\"\n\t>\n\t\t<svg  class=\"tribe-common-c-svgicon tribe-common-c-svgicon--caret-left tribe-common-c-btn-icon__icon-svg tribe-events-c-top-bar__nav-link-icon-svg\"  xmlns=\"http:\/\/www.w3.org\/2000\/svg\" viewBox=\"0 0 10 16\"><path d=\"M9.7 14.4l-1.5 1.5L.3 8 8.2.1l1.5 1.5L3.3 8l6.4 6.4z\"\/><\/svg>\n\t<\/button>\n<\/li>\n\n\t\t<li class=\"tribe-events-c-top-bar__nav-list-date\" role=\"presentation\" aria-hidden=\"true\">Maio 2026<\/li>\n\n\t\t<li class=\"tribe-events-c-top-bar__nav-list-item\">\n\t<button\n\t\tclass=\"tribe-common-c-btn-icon tribe-common-c-btn-icon--caret-right tribe-events-c-top-bar__nav-link tribe-events-c-top-bar__nav-link--next\"\n\t\taria-label=\"Next month\"\n\t\ttitle=\"Next month\"\n\t\tdisabled\n\t>\n\t\t<svg  class=\"tribe-common-c-svgicon tribe-common-c-svgicon--caret-right tribe-common-c-btn-icon__icon-svg tribe-events-c-top-bar__nav-link-icon-svg\"  xmlns=\"http:\/\/www.w3.org\/2000\/svg\" viewBox=\"0 0 10 16\"><path d=\"M.3 1.6L1.8.1 9.7 8l-7.9 7.9-1.5-1.5L6.7 8 .3 1.6z\"\/><\/svg>\n\t<\/button>\n<\/li>\n\t<\/ul>\n<\/nav>\n\n<\/div>\n<\/header>\n\n\t\t\n\t\t<h2 class=\"tribe-common-a11y-visual-hide\" id=\"tribe-events-calendar-header\">\n\t\t\t\t\t\tCalend\u00e1rio de Eventos\t\t<\/h2>\n\t\t<table\n\t\t\tclass=\"tribe-events-calendar-month\"\n\t\t\tdata-js=\"tribe-events-month-grid\"\n\t\t>\n\n\t\t\t<thead class=\"tribe-events-calendar-month__header\">\n<tr>\n\t\t\t<th\n\t\t\tclass=\"tribe-events-calendar-month__header-column\"\n\t\t\tscope=\"col\"\n\t\t\tabbr=\"Seg\"\n\t\t>\n\t\t\t<div class=\"tribe-events-calendar-month__header-column-title tribe-common-b3\">\n\t\t\t\t\t<span aria-hidden=\"true\">\n\t\t\t\t\t\tS\t\t\t\t\t<\/span>\n\t\t\t\t<span class=\"screen-reader-text\">\n\t\t\t\t\t\tSegunda-feira\t\t\t\t\t<\/span>\n\t\t\t<\/div>\n\t\t<\/th>\n\t\t\t<th\n\t\t\tclass=\"tribe-events-calendar-month__header-column\"\n\t\t\tscope=\"col\"\n\t\t\tabbr=\"Ter\"\n\t\t>\n\t\t\t<div class=\"tribe-events-calendar-month__header-column-title tribe-common-b3\">\n\t\t\t\t\t<span aria-hidden=\"true\">\n\t\t\t\t\t\tT\t\t\t\t\t<\/span>\n\t\t\t\t<span class=\"screen-reader-text\">\n\t\t\t\t\t\tTer\u00e7a-feira\t\t\t\t\t<\/span>\n\t\t\t<\/div>\n\t\t<\/th>\n\t\t\t<th\n\t\t\tclass=\"tribe-events-calendar-month__header-column\"\n\t\t\tscope=\"col\"\n\t\t\tabbr=\"Qua\"\n\t\t>\n\t\t\t<div class=\"tribe-events-calendar-month__header-column-title tribe-common-b3\">\n\t\t\t\t\t<span aria-hidden=\"true\">\n\t\t\t\t\t\tQ\t\t\t\t\t<\/span>\n\t\t\t\t<span class=\"screen-reader-text\">\n\t\t\t\t\t\tQuarta-feira\t\t\t\t\t<\/span>\n\t\t\t<\/div>\n\t\t<\/th>\n\t\t\t<th\n\t\t\tclass=\"tribe-events-calendar-month__header-column\"\n\t\t\tscope=\"col\"\n\t\t\tabbr=\"Qui\"\n\t\t>\n\t\t\t<div class=\"tribe-events-calendar-month__header-column-title tribe-common-b3\">\n\t\t\t\t\t<span aria-hidden=\"true\">\n\t\t\t\t\t\tQ\t\t\t\t\t<\/span>\n\t\t\t\t<span class=\"screen-reader-text\">\n\t\t\t\t\t\tQuinta-feira\t\t\t\t\t<\/span>\n\t\t\t<\/div>\n\t\t<\/th>\n\t\t\t<th\n\t\t\tclass=\"tribe-events-calendar-month__header-column\"\n\t\t\tscope=\"col\"\n\t\t\tabbr=\"Sex\"\n\t\t>\n\t\t\t<div class=\"tribe-events-calendar-month__header-column-title tribe-common-b3\">\n\t\t\t\t\t<span aria-hidden=\"true\">\n\t\t\t\t\t\tS\t\t\t\t\t<\/span>\n\t\t\t\t<span class=\"screen-reader-text\">\n\t\t\t\t\t\tSexta-feira\t\t\t\t\t<\/span>\n\t\t\t<\/div>\n\t\t<\/th>\n\t\t\t<th\n\t\t\tclass=\"tribe-events-calendar-month__header-column\"\n\t\t\tscope=\"col\"\n\t\t\tabbr=\"S\u00e1b\"\n\t\t>\n\t\t\t<div class=\"tribe-events-calendar-month__header-column-title tribe-common-b3\">\n\t\t\t\t\t<span aria-hidden=\"true\">\n\t\t\t\t\t\tS\t\t\t\t\t<\/span>\n\t\t\t\t<span class=\"screen-reader-text\">\n\t\t\t\t\t\tS\u00e1bado\t\t\t\t\t<\/span>\n\t\t\t<\/div>\n\t\t<\/th>\n\t\t\t<th\n\t\t\tclass=\"tribe-events-calendar-month__header-column\"\n\t\t\tscope=\"col\"\n\t\t\tabbr=\"Dom\"\n\t\t>\n\t\t\t<div class=\"tribe-events-calendar-month__header-column-title tribe-common-b3\">\n\t\t\t\t\t<span aria-hidden=\"true\">\n\t\t\t\t\t\tD\t\t\t\t\t<\/span>\n\t\t\t\t<span class=\"screen-reader-text\">\n\t\t\t\t\t\tDomingo\t\t\t\t\t<\/span>\n\t\t\t<\/div>\n\t\t<\/th>\n\t<\/tr>\n<\/thead>\n\n\t\t\t\n<tbody class=\"tribe-events-calendar-month__body\">\n\t\t\t<tr class=\"tribe-events-calendar-month__week\" data-js=\"tribe-events-month-grid-row\">\n\t\t\t\n\t\t\t\t<td\n\t class=\"tribe-events-calendar-month__day tribe-events-calendar-month__day--past tribe-events-calendar-month__day--other-month tribe-events-calendar-month__day--past-month\" \taria-labelledby=\"tribe-events-calendar-day-2026-04-27\"\n\tdata-js=\"tribe-events-month-grid-cell\"\n>\n\t<button\n\taria-expanded=\"false\"\n\taria-controls=\"tribe-events-calendar-mobile-day-2026-04-27\"\n\taria-label=\"Abril 27, 3 eventos, past day\"\n\t class=\"tribe-events-calendar-month__day-cell tribe-events-calendar-month__day-cell--mobile\" \tdata-js=\"tribe-events-calendar-month-day-cell-mobile\"\n>\n\t<h3 class=\"tribe-events-calendar-month__day-date tribe-common-h6 tribe-common-h--alt\">\n\t\t<span class=\"tribe-common-a11y-visual-hide\">\n\t\t\t3 eventos\t\t<\/span>\n\t\t<time\n\t\t\tclass=\"tribe-events-calendar-month__day-date-daynum\"\n\t\t\tdatetime=\"2026-04-27\"\n\t\t>\n\t\t\t27\t\t<\/time>\n\t<\/h3>\n\t\n\t<span class=\"tribe-events-calendar-month__mobile-events-icon tribe-events-calendar-month__mobile-events-icon--event\" >\n\t<\/span>\n<\/button>\n\t\n<div\n\tid=\"tribe-events-calendar-day-2026-04-27\"\n\tclass=\"tribe-events-calendar-month__day-cell tribe-events-calendar-month__day-cell--desktop tribe-common-a11y-hidden\"\n>\n\t\n<h3 class=\"tribe-events-calendar-month__day-date tribe-common-h4\">\n\t<span class=\"tribe-common-a11y-visual-hide\">\n\t\t3 eventos,\n\t<\/span>\n\t<time\n\t\tclass=\"tribe-events-calendar-month__day-date-daynum\"\n\t\tdatetime=\"2026-04-27\"\n\t>\n\t\t\t\t\t<a\n\t\t\t\thref=\"https:\/\/www.cgfmanet.org\/pt-pt\/eventos\/2026-04-27\/?shortcode=tribe-widget-events-month-17\"\n\t\t\t\tclass=\"tribe-events-calendar-month__day-date-link\"\n\t\t\t\tdata-js=\"tribe-events-view-link\"\n\t\t\t\taria-label=\"27 Abril\"\n\t\t\t>\n\t\t\t\t27\t\t\t<\/a>\n\t\t\t<\/time>\n<\/h3>\n\n\t<div class=\"tribe-events-calendar-month__events\">\n\t\t\n\t<div class=\"tribe-events-calendar-month__multiday-event-wrapper\">\n\t<article  class=\"tribe-events-calendar-month__multiday-event post-155332 tribe_events type-tribe_events status-publish tribe_events_cat-agenda-pt-pt tribe_events_cat-conselheira-para-a-formacao cat_agenda-pt-pt cat_conselheira-para-a-formacao tribe-events-calendar-month__multiday-event--width-7 tribe-events-calendar-month__multiday-event--display tribe-events-calendar-month__multiday-event--end\"  data-event-id=\"155332\">\n\t\t<div class=\"tribe-events-calendar-month__multiday-event-hidden\">\n\t<time\n\tdatetime=\"2026-04-17\"\n\tclass=\"tribe-common-a11y-visual-hide\"\n>\n\t2026-04-17<\/time>\n\t<a\n\thref=\"https:\/\/www.cgfmanet.org\/pt-pt\/event\/suor-nilza-fatima-de-moraes-accompagna-le-partecipanti-del-progetto-mornese-in-lingua-inglese-insieme-alla-coordinatrice-suor-jeanette-palasota\/\"\n\tclass=\"tribe-events-calendar-month__multiday-event-hidden-link\"\n\tdata-js=\"tribe-events-tooltip\"\n\tdata-tooltip-content=\"#tribe-events-tooltip-content-155332\"\n\taria-describedby=\"tribe-events-tooltip-content-155332\"\n>\n\t\t<div class=\"tribe-events-calendar-month__multiday-event-hidden-title tribe-common-h8\">\n\tSuor Nilza F\u00e1tima de Moraes accompagna le partecipanti del Progetto Mornese in lingua inglese insieme alla coordinatrice, suor Jeanette Palasota.<\/div>\n<\/a>\n<\/div>\n\t\t<div class=\"tribe-events-calendar-month__multiday-event-bar\">\n\t<div class=\"tribe-events-calendar-month__multiday-event-bar-inner\">\n\t\t\t\t<div class=\"tribe-events-calendar-month__multiday-event-bar-title tribe-common-h8\">\n\tSuor Nilza F\u00e1tima de Moraes accompagna le partecipanti del Progetto Mornese in lingua inglese insieme alla coordinatrice, suor Jeanette Palasota.<\/div>\n\t<\/div>\n<\/div>\n<div class=\"tribe-events-calendar-month__calendar-event-tooltip-template tribe-common-a11y-hidden\">\n\t<div\n\t\tclass=\"tribe-events-calendar-month__calendar-event-tooltip\"\n\t\tid=\"tribe-events-tooltip-content-155332\"\n\t\trole=\"tooltip\"\n\t>\n\t\t\t\t<div class=\"tribe-events-calendar-month__calendar-event-tooltip-datetime\">\n\t\t<time datetime=\"2026-04-17\">\n\t\t<span class=\"tribe-event-date-start\">17 Abril<\/span> - <span class=\"tribe-event-date-end\">3 Maio<\/span>\t<\/time>\n\t<\/div>\n\t\t<div class=\"tribe-events-calendar-month__calendar-event-tooltip-title tribe-common-h7\">\n\t<a\n\t\thref=\"https:\/\/www.cgfmanet.org\/pt-pt\/event\/suor-nilza-fatima-de-moraes-accompagna-le-partecipanti-del-progetto-mornese-in-lingua-inglese-insieme-alla-coordinatrice-suor-jeanette-palasota\/\"\n\t\ttitle=\"Suor Nilza F\u00e1tima de Moraes accompagna le partecipanti del Progetto Mornese in lingua inglese insieme alla coordinatrice, suor Jeanette Palasota.\"\n\t\trel=\"bookmark\"\n\t\tclass=\"tribe-events-calendar-month__calendar-event-tooltip-title-link tribe-common-anchor-thin\"\n\t>\n\t\tSuor Nilza F\u00e1tima de Moraes accompagna le partecipanti del Progetto Mornese in lingua inglese insieme alla coordinatrice, suor Jeanette Palasota.\t<\/a>\n<\/div>\n\t\t\t\t\t<\/div>\n<\/div>\n\t<\/article>\n<\/div>\n\n\t<div class=\"tribe-events-calendar-month__multiday-event-wrapper\">\n\t<article  class=\"tribe-events-calendar-month__multiday-event post-156196 tribe_events type-tribe_events status-publish tribe_events_cat-agenda-pt-pt tribe_events_cat-ir-paola-battagliola tribe_events_cat-visitadora-pt-pt cat_agenda-pt-pt cat_ir-paola-battagliola cat_visitadora-pt-pt tribe-events-calendar-month__multiday-event--width-2 tribe-events-calendar-month__multiday-event--display tribe-events-calendar-month__multiday-event--end tribe-events-calendar-month__multiday-event--past\"  data-event-id=\"156196\">\n\t\t<div class=\"tribe-events-calendar-month__multiday-event-hidden\">\n\t<time\n\tdatetime=\"2026-04-25\"\n\tclass=\"tribe-common-a11y-visual-hide\"\n>\n\t2026-04-25<\/time>\n\t<a\n\thref=\"https:\/\/www.cgfmanet.org\/pt-pt\/event\/suor-paola-battagliola-accompagna-il-processo-di-discernimento-per-la-nomina-della-futura-ispettrice-brm-a-manaus-brasile\/\"\n\tclass=\"tribe-events-calendar-month__multiday-event-hidden-link\"\n\tdata-js=\"tribe-events-tooltip\"\n\tdata-tooltip-content=\"#tribe-events-tooltip-content-156196\"\n\taria-describedby=\"tribe-events-tooltip-content-156196\"\n>\n\t\t<div class=\"tribe-events-calendar-month__multiday-event-hidden-title tribe-common-h8\">\n\tSuor Paola Battagliola accompagna il processo di discernimento per la nomina della futura Ispettrice BRM. A Manaus, Brasile.<\/div>\n<\/a>\n<\/div>\n\t\t<div class=\"tribe-events-calendar-month__multiday-event-bar\">\n\t<div class=\"tribe-events-calendar-month__multiday-event-bar-inner\">\n\t\t\t\t<div class=\"tribe-events-calendar-month__multiday-event-bar-title tribe-common-h8\">\n\tSuor Paola Battagliola accompagna il processo di discernimento per la nomina della futura Ispettrice BRM. A Manaus, Brasile.<\/div>\n\t<\/div>\n<\/div>\n<div class=\"tribe-events-calendar-month__calendar-event-tooltip-template tribe-common-a11y-hidden\">\n\t<div\n\t\tclass=\"tribe-events-calendar-month__calendar-event-tooltip\"\n\t\tid=\"tribe-events-tooltip-content-156196\"\n\t\trole=\"tooltip\"\n\t>\n\t\t\t\t<div class=\"tribe-events-calendar-month__calendar-event-tooltip-datetime\">\n\t\t<time datetime=\"2026-04-25\">\n\t\t<span class=\"tribe-event-date-start\">25 Abril<\/span> - <span class=\"tribe-event-date-end\">28 Abril<\/span>\t<\/time>\n\t<\/div>\n\t\t<div class=\"tribe-events-calendar-month__calendar-event-tooltip-title tribe-common-h7\">\n\t<a\n\t\thref=\"https:\/\/www.cgfmanet.org\/pt-pt\/event\/suor-paola-battagliola-accompagna-il-processo-di-discernimento-per-la-nomina-della-futura-ispettrice-brm-a-manaus-brasile\/\"\n\t\ttitle=\"Suor Paola Battagliola accompagna il processo di discernimento per la nomina della futura Ispettrice BRM. A Manaus, Brasile.\"\n\t\trel=\"bookmark\"\n\t\tclass=\"tribe-events-calendar-month__calendar-event-tooltip-title-link tribe-common-anchor-thin\"\n\t>\n\t\tSuor Paola Battagliola accompagna il processo di discernimento per la nomina della futura Ispettrice BRM. A Manaus, Brasile.\t<\/a>\n<\/div>\n\t\t\t\t\t<\/div>\n<\/div>\n\t<\/article>\n<\/div>\n\n\t<div class=\"tribe-events-calendar-month__multiday-event-wrapper\">\n\t<article  class=\"tribe-events-calendar-month__multiday-event post-154149 tribe_events type-tribe_events status-publish tribe_events_cat-agenda-pt-pt tribe_events_cat-conselheira-para-a-administracao cat_agenda-pt-pt cat_conselheira-para-a-administracao tribe-events-calendar-month__multiday-event--width-2 tribe-events-calendar-month__multiday-event--display tribe-events-calendar-month__multiday-event--start tribe-events-calendar-month__multiday-event--end tribe-events-calendar-month__multiday-event--past\"  data-event-id=\"154149\">\n\t\t<div class=\"tribe-events-calendar-month__multiday-event-hidden\">\n\t<time\n\tdatetime=\"2026-04-27\"\n\tclass=\"tribe-common-a11y-visual-hide\"\n>\n\t2026-04-27<\/time>\n\t<a\n\thref=\"https:\/\/www.cgfmanet.org\/pt-pt\/event\/suor-ena-bolanos-e-le-collaboratrici-dellambito-incontrano-le-econome-ispettoriali-del-mondo-per-la-formazione-online-11\/\"\n\tclass=\"tribe-events-calendar-month__multiday-event-hidden-link\"\n\tdata-js=\"tribe-events-tooltip\"\n\tdata-tooltip-content=\"#tribe-events-tooltip-content-154149\"\n\taria-describedby=\"tribe-events-tooltip-content-154149\"\n>\n\t\t<div class=\"tribe-events-calendar-month__multiday-event-hidden-title tribe-common-h8\">\n\tSuor Ena Bola\u00f1os e le collaboratrici dell\u2019Ambito incontrano le Econome ispettoriali del mondo per la formazione online.<\/div>\n<\/a>\n<\/div>\n\t\t<div class=\"tribe-events-calendar-month__multiday-event-bar\">\n\t<div class=\"tribe-events-calendar-month__multiday-event-bar-inner\">\n\t\t\t\t<div class=\"tribe-events-calendar-month__multiday-event-bar-title tribe-common-h8\">\n\tSuor Ena Bola\u00f1os e le collaboratrici dell\u2019Ambito incontrano le Econome ispettoriali del mondo per la formazione online.<\/div>\n\t<\/div>\n<\/div>\n<div class=\"tribe-events-calendar-month__calendar-event-tooltip-template tribe-common-a11y-hidden\">\n\t<div\n\t\tclass=\"tribe-events-calendar-month__calendar-event-tooltip\"\n\t\tid=\"tribe-events-tooltip-content-154149\"\n\t\trole=\"tooltip\"\n\t>\n\t\t\t\t<div class=\"tribe-events-calendar-month__calendar-event-tooltip-datetime\">\n\t\t<time datetime=\"2026-04-27\">\n\t\t<span class=\"tribe-event-date-start\">27 Abril<\/span> - <span class=\"tribe-event-date-end\">28 Abril<\/span>\t<\/time>\n\t<\/div>\n\t\t<div class=\"tribe-events-calendar-month__calendar-event-tooltip-title tribe-common-h7\">\n\t<a\n\t\thref=\"https:\/\/www.cgfmanet.org\/pt-pt\/event\/suor-ena-bolanos-e-le-collaboratrici-dellambito-incontrano-le-econome-ispettoriali-del-mondo-per-la-formazione-online-11\/\"\n\t\ttitle=\"Suor Ena Bola\u00f1os e le collaboratrici dell\u2019Ambito incontrano le Econome ispettoriali del mondo per la formazione online.\"\n\t\trel=\"bookmark\"\n\t\tclass=\"tribe-events-calendar-month__calendar-event-tooltip-title-link tribe-common-anchor-thin\"\n\t>\n\t\tSuor Ena Bola\u00f1os e le collaboratrici dell\u2019Ambito incontrano le Econome ispettoriali del mondo per la formazione online.\t<\/a>\n<\/div>\n\t\t\t\t\t<\/div>\n<\/div>\n\t<\/article>\n<\/div>\n\n\n\t\t\t<\/div>\n\n\t\n<\/div>\n<\/td>\n\n\t\t\t\n\t\t\t\t<td\n\t class=\"tribe-events-calendar-month__day tribe-events-calendar-month__day--past tribe-events-calendar-month__day--other-month tribe-events-calendar-month__day--past-month\" \taria-labelledby=\"tribe-events-calendar-day-2026-04-28\"\n\tdata-js=\"tribe-events-month-grid-cell\"\n>\n\t<button\n\taria-expanded=\"false\"\n\taria-controls=\"tribe-events-calendar-mobile-day-2026-04-28\"\n\taria-label=\"Abril 28, 3 eventos, past day\"\n\t class=\"tribe-events-calendar-month__day-cell tribe-events-calendar-month__day-cell--mobile\" \tdata-js=\"tribe-events-calendar-month-day-cell-mobile\"\n>\n\t<h3 class=\"tribe-events-calendar-month__day-date tribe-common-h6 tribe-common-h--alt\">\n\t\t<span class=\"tribe-common-a11y-visual-hide\">\n\t\t\t3 eventos\t\t<\/span>\n\t\t<time\n\t\t\tclass=\"tribe-events-calendar-month__day-date-daynum\"\n\t\t\tdatetime=\"2026-04-28\"\n\t\t>\n\t\t\t28\t\t<\/time>\n\t<\/h3>\n\t\n\t<span class=\"tribe-events-calendar-month__mobile-events-icon tribe-events-calendar-month__mobile-events-icon--event\" >\n\t<\/span>\n<\/button>\n\t\n<div\n\tid=\"tribe-events-calendar-day-2026-04-28\"\n\tclass=\"tribe-events-calendar-month__day-cell tribe-events-calendar-month__day-cell--desktop tribe-common-a11y-hidden\"\n>\n\t\n<h3 class=\"tribe-events-calendar-month__day-date tribe-common-h4\">\n\t<span class=\"tribe-common-a11y-visual-hide\">\n\t\t3 eventos,\n\t<\/span>\n\t<time\n\t\tclass=\"tribe-events-calendar-month__day-date-daynum\"\n\t\tdatetime=\"2026-04-28\"\n\t>\n\t\t\t\t\t<a\n\t\t\t\thref=\"https:\/\/www.cgfmanet.org\/pt-pt\/eventos\/2026-04-28\/?shortcode=tribe-widget-events-month-17\"\n\t\t\t\tclass=\"tribe-events-calendar-month__day-date-link\"\n\t\t\t\tdata-js=\"tribe-events-view-link\"\n\t\t\t\taria-label=\"28 Abril\"\n\t\t\t>\n\t\t\t\t28\t\t\t<\/a>\n\t\t\t<\/time>\n<\/h3>\n\n\t<div class=\"tribe-events-calendar-month__events\">\n\t\t\n\t<div class=\"tribe-events-calendar-month__multiday-event-wrapper\">\n\t<article  class=\"tribe-events-calendar-month__multiday-event post-155332 tribe_events type-tribe_events status-publish tribe_events_cat-agenda-pt-pt tribe_events_cat-conselheira-para-a-formacao cat_agenda-pt-pt cat_conselheira-para-a-formacao\"  data-event-id=\"155332\">\n\t\t<div class=\"tribe-events-calendar-month__multiday-event-hidden\">\n\t<time\n\tdatetime=\"2026-04-17\"\n\tclass=\"tribe-common-a11y-visual-hide\"\n>\n\t2026-04-17<\/time>\n\t<a\n\thref=\"https:\/\/www.cgfmanet.org\/pt-pt\/event\/suor-nilza-fatima-de-moraes-accompagna-le-partecipanti-del-progetto-mornese-in-lingua-inglese-insieme-alla-coordinatrice-suor-jeanette-palasota\/\"\n\tclass=\"tribe-events-calendar-month__multiday-event-hidden-link\"\n\tdata-js=\"tribe-events-tooltip\"\n\tdata-tooltip-content=\"#tribe-events-tooltip-content-155332\"\n\taria-describedby=\"tribe-events-tooltip-content-155332\"\n>\n\t\t<div class=\"tribe-events-calendar-month__multiday-event-hidden-title tribe-common-h8\">\n\tSuor Nilza F\u00e1tima de Moraes accompagna le partecipanti del Progetto Mornese in lingua inglese insieme alla coordinatrice, suor Jeanette Palasota.<\/div>\n<\/a>\n<\/div>\n\t\t\t<\/article>\n<\/div>\n\n\t<div class=\"tribe-events-calendar-month__multiday-event-wrapper\">\n\t<article  class=\"tribe-events-calendar-month__multiday-event post-156196 tribe_events type-tribe_events status-publish tribe_events_cat-agenda-pt-pt tribe_events_cat-ir-paola-battagliola tribe_events_cat-visitadora-pt-pt cat_agenda-pt-pt cat_ir-paola-battagliola cat_visitadora-pt-pt\"  data-event-id=\"156196\">\n\t\t<div class=\"tribe-events-calendar-month__multiday-event-hidden\">\n\t<time\n\tdatetime=\"2026-04-25\"\n\tclass=\"tribe-common-a11y-visual-hide\"\n>\n\t2026-04-25<\/time>\n\t<a\n\thref=\"https:\/\/www.cgfmanet.org\/pt-pt\/event\/suor-paola-battagliola-accompagna-il-processo-di-discernimento-per-la-nomina-della-futura-ispettrice-brm-a-manaus-brasile\/\"\n\tclass=\"tribe-events-calendar-month__multiday-event-hidden-link\"\n\tdata-js=\"tribe-events-tooltip\"\n\tdata-tooltip-content=\"#tribe-events-tooltip-content-156196\"\n\taria-describedby=\"tribe-events-tooltip-content-156196\"\n>\n\t\t<div class=\"tribe-events-calendar-month__multiday-event-hidden-title tribe-common-h8\">\n\tSuor Paola Battagliola accompagna il processo di discernimento per la nomina della futura Ispettrice BRM. A Manaus, Brasile.<\/div>\n<\/a>\n<\/div>\n\t\t\t<\/article>\n<\/div>\n\n\t<div class=\"tribe-events-calendar-month__multiday-event-wrapper\">\n\t<article  class=\"tribe-events-calendar-month__multiday-event post-154149 tribe_events type-tribe_events status-publish tribe_events_cat-agenda-pt-pt tribe_events_cat-conselheira-para-a-administracao cat_agenda-pt-pt cat_conselheira-para-a-administracao\"  data-event-id=\"154149\">\n\t\t<div class=\"tribe-events-calendar-month__multiday-event-hidden\">\n\t<time\n\tdatetime=\"2026-04-27\"\n\tclass=\"tribe-common-a11y-visual-hide\"\n>\n\t2026-04-27<\/time>\n\t<a\n\thref=\"https:\/\/www.cgfmanet.org\/pt-pt\/event\/suor-ena-bolanos-e-le-collaboratrici-dellambito-incontrano-le-econome-ispettoriali-del-mondo-per-la-formazione-online-11\/\"\n\tclass=\"tribe-events-calendar-month__multiday-event-hidden-link\"\n\tdata-js=\"tribe-events-tooltip\"\n\tdata-tooltip-content=\"#tribe-events-tooltip-content-154149\"\n\taria-describedby=\"tribe-events-tooltip-content-154149\"\n>\n\t\t<div class=\"tribe-events-calendar-month__multiday-event-hidden-title tribe-common-h8\">\n\tSuor Ena Bola\u00f1os e le collaboratrici dell\u2019Ambito incontrano le Econome ispettoriali del mondo per la formazione online.<\/div>\n<\/a>\n<\/div>\n\t\t\t<\/article>\n<\/div>\n\n\n\t\t\t<\/div>\n\n\t\n<\/div>\n<\/td>\n\n\t\t\t\n\t\t\t\t<td\n\t class=\"tribe-events-calendar-month__day tribe-events-calendar-month__day--past tribe-events-calendar-month__day--other-month tribe-events-calendar-month__day--past-month\" \taria-labelledby=\"tribe-events-calendar-day-2026-04-29\"\n\tdata-js=\"tribe-events-month-grid-cell\"\n>\n\t<button\n\taria-expanded=\"false\"\n\taria-controls=\"tribe-events-calendar-mobile-day-2026-04-29\"\n\taria-label=\"Abril 29, 1 evento, past day\"\n\t class=\"tribe-events-calendar-month__day-cell tribe-events-calendar-month__day-cell--mobile\" \tdata-js=\"tribe-events-calendar-month-day-cell-mobile\"\n>\n\t<h3 class=\"tribe-events-calendar-month__day-date tribe-common-h6 tribe-common-h--alt\">\n\t\t<span class=\"tribe-common-a11y-visual-hide\">\n\t\t\t1 evento\t\t<\/span>\n\t\t<time\n\t\t\tclass=\"tribe-events-calendar-month__day-date-daynum\"\n\t\t\tdatetime=\"2026-04-29\"\n\t\t>\n\t\t\t29\t\t<\/time>\n\t<\/h3>\n\t\n\t<span class=\"tribe-events-calendar-month__mobile-events-icon tribe-events-calendar-month__mobile-events-icon--event\" >\n\t<\/span>\n<\/button>\n\t\n<div\n\tid=\"tribe-events-calendar-day-2026-04-29\"\n\tclass=\"tribe-events-calendar-month__day-cell tribe-events-calendar-month__day-cell--desktop tribe-common-a11y-hidden\"\n>\n\t\n<h3 class=\"tribe-events-calendar-month__day-date tribe-common-h4\">\n\t<span class=\"tribe-common-a11y-visual-hide\">\n\t\t1 evento,\n\t<\/span>\n\t<time\n\t\tclass=\"tribe-events-calendar-month__day-date-daynum\"\n\t\tdatetime=\"2026-04-29\"\n\t>\n\t\t\t\t\t<a\n\t\t\t\thref=\"https:\/\/www.cgfmanet.org\/pt-pt\/eventos\/2026-04-29\/?shortcode=tribe-widget-events-month-17\"\n\t\t\t\tclass=\"tribe-events-calendar-month__day-date-link\"\n\t\t\t\tdata-js=\"tribe-events-view-link\"\n\t\t\t\taria-label=\"29 Abril\"\n\t\t\t>\n\t\t\t\t29\t\t\t<\/a>\n\t\t\t<\/time>\n<\/h3>\n\n\t<div class=\"tribe-events-calendar-month__events\">\n\t\t\n\t<div class=\"tribe-events-calendar-month__multiday-event-wrapper\">\n\t<article  class=\"tribe-events-calendar-month__multiday-event post-155332 tribe_events type-tribe_events status-publish tribe_events_cat-agenda-pt-pt tribe_events_cat-conselheira-para-a-formacao cat_agenda-pt-pt cat_conselheira-para-a-formacao\"  data-event-id=\"155332\">\n\t\t<div class=\"tribe-events-calendar-month__multiday-event-hidden\">\n\t<time\n\tdatetime=\"2026-04-17\"\n\tclass=\"tribe-common-a11y-visual-hide\"\n>\n\t2026-04-17<\/time>\n\t<a\n\thref=\"https:\/\/www.cgfmanet.org\/pt-pt\/event\/suor-nilza-fatima-de-moraes-accompagna-le-partecipanti-del-progetto-mornese-in-lingua-inglese-insieme-alla-coordinatrice-suor-jeanette-palasota\/\"\n\tclass=\"tribe-events-calendar-month__multiday-event-hidden-link\"\n\tdata-js=\"tribe-events-tooltip\"\n\tdata-tooltip-content=\"#tribe-events-tooltip-content-155332\"\n\taria-describedby=\"tribe-events-tooltip-content-155332\"\n>\n\t\t<div class=\"tribe-events-calendar-month__multiday-event-hidden-title tribe-common-h8\">\n\tSuor Nilza F\u00e1tima de Moraes accompagna le partecipanti del Progetto Mornese in lingua inglese insieme alla coordinatrice, suor Jeanette Palasota.<\/div>\n<\/a>\n<\/div>\n\t\t\t<\/article>\n<\/div>\n\n\n\t\t\t<\/div>\n\n\t\n<\/div>\n<\/td>\n\n\t\t\t\n\t\t\t\t<td\n\t class=\"tribe-events-calendar-month__day tribe-events-calendar-month__day--past tribe-events-calendar-month__day--other-month tribe-events-calendar-month__day--past-month\" \taria-labelledby=\"tribe-events-calendar-day-2026-04-30\"\n\tdata-js=\"tribe-events-month-grid-cell\"\n>\n\t<button\n\taria-expanded=\"false\"\n\taria-controls=\"tribe-events-calendar-mobile-day-2026-04-30\"\n\taria-label=\"Abril 30, 1 evento, past day\"\n\t class=\"tribe-events-calendar-month__day-cell tribe-events-calendar-month__day-cell--mobile\" \tdata-js=\"tribe-events-calendar-month-day-cell-mobile\"\n>\n\t<h3 class=\"tribe-events-calendar-month__day-date tribe-common-h6 tribe-common-h--alt\">\n\t\t<span class=\"tribe-common-a11y-visual-hide\">\n\t\t\t1 evento\t\t<\/span>\n\t\t<time\n\t\t\tclass=\"tribe-events-calendar-month__day-date-daynum\"\n\t\t\tdatetime=\"2026-04-30\"\n\t\t>\n\t\t\t30\t\t<\/time>\n\t<\/h3>\n\t\n\t<span class=\"tribe-events-calendar-month__mobile-events-icon tribe-events-calendar-month__mobile-events-icon--event\" >\n\t<\/span>\n<\/button>\n\t\n<div\n\tid=\"tribe-events-calendar-day-2026-04-30\"\n\tclass=\"tribe-events-calendar-month__day-cell tribe-events-calendar-month__day-cell--desktop tribe-common-a11y-hidden\"\n>\n\t\n<h3 class=\"tribe-events-calendar-month__day-date tribe-common-h4\">\n\t<span class=\"tribe-common-a11y-visual-hide\">\n\t\t1 evento,\n\t<\/span>\n\t<time\n\t\tclass=\"tribe-events-calendar-month__day-date-daynum\"\n\t\tdatetime=\"2026-04-30\"\n\t>\n\t\t\t\t\t<a\n\t\t\t\thref=\"https:\/\/www.cgfmanet.org\/pt-pt\/eventos\/2026-04-30\/?shortcode=tribe-widget-events-month-17\"\n\t\t\t\tclass=\"tribe-events-calendar-month__day-date-link\"\n\t\t\t\tdata-js=\"tribe-events-view-link\"\n\t\t\t\taria-label=\"30 Abril\"\n\t\t\t>\n\t\t\t\t30\t\t\t<\/a>\n\t\t\t<\/time>\n<\/h3>\n\n\t<div class=\"tribe-events-calendar-month__events\">\n\t\t\n\t<div class=\"tribe-events-calendar-month__multiday-event-wrapper\">\n\t<article  class=\"tribe-events-calendar-month__multiday-event post-155332 tribe_events type-tribe_events status-publish tribe_events_cat-agenda-pt-pt tribe_events_cat-conselheira-para-a-formacao cat_agenda-pt-pt cat_conselheira-para-a-formacao\"  data-event-id=\"155332\">\n\t\t<div class=\"tribe-events-calendar-month__multiday-event-hidden\">\n\t<time\n\tdatetime=\"2026-04-17\"\n\tclass=\"tribe-common-a11y-visual-hide\"\n>\n\t2026-04-17<\/time>\n\t<a\n\thref=\"https:\/\/www.cgfmanet.org\/pt-pt\/event\/suor-nilza-fatima-de-moraes-accompagna-le-partecipanti-del-progetto-mornese-in-lingua-inglese-insieme-alla-coordinatrice-suor-jeanette-palasota\/\"\n\tclass=\"tribe-events-calendar-month__multiday-event-hidden-link\"\n\tdata-js=\"tribe-events-tooltip\"\n\tdata-tooltip-content=\"#tribe-events-tooltip-content-155332\"\n\taria-describedby=\"tribe-events-tooltip-content-155332\"\n>\n\t\t<div class=\"tribe-events-calendar-month__multiday-event-hidden-title tribe-common-h8\">\n\tSuor Nilza F\u00e1tima de Moraes accompagna le partecipanti del Progetto Mornese in lingua inglese insieme alla coordinatrice, suor Jeanette Palasota.<\/div>\n<\/a>\n<\/div>\n\t\t\t<\/article>\n<\/div>\n\n\n\t\t\t<\/div>\n\n\t\n<\/div>\n<\/td>\n\n\t\t\t\n\t\t\t\t<td\n\t class=\"tribe-events-calendar-month__day tribe-events-calendar-month__day--past\" \taria-labelledby=\"tribe-events-calendar-day-2026-05-01\"\n\tdata-js=\"tribe-events-month-grid-cell\"\n>\n\t<button\n\taria-expanded=\"false\"\n\taria-controls=\"tribe-events-calendar-mobile-day-2026-05-1\"\n\taria-label=\"Maio 1, 2 eventos, past day\"\n\t class=\"tribe-events-calendar-month__day-cell tribe-events-calendar-month__day-cell--mobile\" \tdata-js=\"tribe-events-calendar-month-day-cell-mobile\"\n>\n\t<h3 class=\"tribe-events-calendar-month__day-date tribe-common-h6 tribe-common-h--alt\">\n\t\t<span class=\"tribe-common-a11y-visual-hide\">\n\t\t\t2 eventos\t\t<\/span>\n\t\t<time\n\t\t\tclass=\"tribe-events-calendar-month__day-date-daynum\"\n\t\t\tdatetime=\"2026-05-01\"\n\t\t>\n\t\t\t1\t\t<\/time>\n\t<\/h3>\n\t\n\t<span class=\"tribe-events-calendar-month__mobile-events-icon tribe-events-calendar-month__mobile-events-icon--event\" >\n\t<\/span>\n<\/button>\n\t\n<div\n\tid=\"tribe-events-calendar-day-2026-05-01\"\n\tclass=\"tribe-events-calendar-month__day-cell tribe-events-calendar-month__day-cell--desktop tribe-common-a11y-hidden\"\n>\n\t\n<h3 class=\"tribe-events-calendar-month__day-date tribe-common-h4\">\n\t<span class=\"tribe-common-a11y-visual-hide\">\n\t\t2 eventos,\n\t<\/span>\n\t<time\n\t\tclass=\"tribe-events-calendar-month__day-date-daynum\"\n\t\tdatetime=\"2026-05-01\"\n\t>\n\t\t\t\t\t<a\n\t\t\t\thref=\"https:\/\/www.cgfmanet.org\/pt-pt\/eventos\/2026-05-01\/?shortcode=tribe-widget-events-month-17\"\n\t\t\t\tclass=\"tribe-events-calendar-month__day-date-link\"\n\t\t\t\tdata-js=\"tribe-events-view-link\"\n\t\t\t\taria-label=\"1 Maio\"\n\t\t\t>\n\t\t\t\t1\t\t\t<\/a>\n\t\t\t<\/time>\n<\/h3>\n\n\t<div class=\"tribe-events-calendar-month__events\">\n\t\t\n\t<div class=\"tribe-events-calendar-month__multiday-event-wrapper\">\n\t<article  class=\"tribe-events-calendar-month__multiday-event post-155332 tribe_events type-tribe_events status-publish tribe_events_cat-agenda-pt-pt tribe_events_cat-conselheira-para-a-formacao cat_agenda-pt-pt cat_conselheira-para-a-formacao\"  data-event-id=\"155332\">\n\t\t<div class=\"tribe-events-calendar-month__multiday-event-hidden\">\n\t<time\n\tdatetime=\"2026-04-17\"\n\tclass=\"tribe-common-a11y-visual-hide\"\n>\n\t2026-04-17<\/time>\n\t<a\n\thref=\"https:\/\/www.cgfmanet.org\/pt-pt\/event\/suor-nilza-fatima-de-moraes-accompagna-le-partecipanti-del-progetto-mornese-in-lingua-inglese-insieme-alla-coordinatrice-suor-jeanette-palasota\/\"\n\tclass=\"tribe-events-calendar-month__multiday-event-hidden-link\"\n\tdata-js=\"tribe-events-tooltip\"\n\tdata-tooltip-content=\"#tribe-events-tooltip-content-155332\"\n\taria-describedby=\"tribe-events-tooltip-content-155332\"\n>\n\t\t<div class=\"tribe-events-calendar-month__multiday-event-hidden-title tribe-common-h8\">\n\tSuor Nilza F\u00e1tima de Moraes accompagna le partecipanti del Progetto Mornese in lingua inglese insieme alla coordinatrice, suor Jeanette Palasota.<\/div>\n<\/a>\n<\/div>\n\t\t\t<\/article>\n<\/div>\n\n\t<div class=\"tribe-events-calendar-month__multiday-event-wrapper\">\n\t<article  class=\"tribe-events-calendar-month__multiday-event post-156202 tribe_events type-tribe_events status-publish tribe_events_cat-ir-paola-battagliola tribe_events_cat-agenda-pt-pt tribe_events_cat-visitadora-pt-pt cat_ir-paola-battagliola cat_agenda-pt-pt cat_visitadora-pt-pt tribe-events-calendar-month__multiday-event--width-1 tribe-events-calendar-month__multiday-event--display tribe-events-calendar-month__multiday-event--start tribe-events-calendar-month__multiday-event--end tribe-events-calendar-month__multiday-event--past\"  data-event-id=\"156202\">\n\t\t<div class=\"tribe-events-calendar-month__multiday-event-hidden\">\n\t<time\n\tdatetime=\"2026-05-01\"\n\tclass=\"tribe-common-a11y-visual-hide\"\n>\n\t2026-05-01<\/time>\n\t<a\n\thref=\"https:\/\/www.cgfmanet.org\/pt-pt\/event\/suor-paola-battagliola-riprende-la-2a-parte-della-visita-canonica-allispettoria-lombarda-sacra-famiglia-ilo\/\"\n\tclass=\"tribe-events-calendar-month__multiday-event-hidden-link\"\n\tdata-js=\"tribe-events-tooltip\"\n\tdata-tooltip-content=\"#tribe-events-tooltip-content-156202\"\n\taria-describedby=\"tribe-events-tooltip-content-156202\"\n>\n\t\t<div class=\"tribe-events-calendar-month__multiday-event-hidden-title tribe-common-h8\">\n\tSuor Paola Battagliola riprende la 2a parte della Visita canonica all&#8217;Ispettoria Lombarda &#8220;Sacra Famiglia&#8221; (ILO).<\/div>\n<\/a>\n<\/div>\n\t\t<div class=\"tribe-events-calendar-month__multiday-event-bar\">\n\t<div class=\"tribe-events-calendar-month__multiday-event-bar-inner\">\n\t\t\t\t<div class=\"tribe-events-calendar-month__multiday-event-bar-title tribe-common-h8\">\n\tSuor Paola Battagliola riprende la 2a parte della Visita canonica all&#8217;Ispettoria Lombarda &#8220;Sacra Famiglia&#8221; (ILO).<\/div>\n\t<\/div>\n<\/div>\n<div class=\"tribe-events-calendar-month__calendar-event-tooltip-template tribe-common-a11y-hidden\">\n\t<div\n\t\tclass=\"tribe-events-calendar-month__calendar-event-tooltip\"\n\t\tid=\"tribe-events-tooltip-content-156202\"\n\t\trole=\"tooltip\"\n\t>\n\t\t\t\t<div class=\"tribe-events-calendar-month__calendar-event-tooltip-datetime\">\n\t\t<time datetime=\"2026-05-01\">\n\t\t<span class=\"tribe-event-date-start\">1 Maio<\/span>\t<\/time>\n\t<\/div>\n\t\t<div class=\"tribe-events-calendar-month__calendar-event-tooltip-title tribe-common-h7\">\n\t<a\n\t\thref=\"https:\/\/www.cgfmanet.org\/pt-pt\/event\/suor-paola-battagliola-riprende-la-2a-parte-della-visita-canonica-allispettoria-lombarda-sacra-famiglia-ilo\/\"\n\t\ttitle=\"Suor Paola Battagliola riprende la 2a parte della Visita canonica all&#8217;Ispettoria Lombarda &#8220;Sacra Famiglia&#8221; (ILO).\"\n\t\trel=\"bookmark\"\n\t\tclass=\"tribe-events-calendar-month__calendar-event-tooltip-title-link tribe-common-anchor-thin\"\n\t>\n\t\tSuor Paola Battagliola riprende la 2a parte della Visita canonica all&#8217;Ispettoria Lombarda &#8220;Sacra Famiglia&#8221; (ILO).\t<\/a>\n<\/div>\n\t\t\t\t\t<\/div>\n<\/div>\n\t<\/article>\n<\/div>\n\n\n\t\t\t<\/div>\n\n\t\n<\/div>\n<\/td>\n\n\t\t\t\n\t\t\t\t<td\n\t class=\"tribe-events-calendar-month__day tribe-events-calendar-month__day--current\" \taria-labelledby=\"tribe-events-calendar-day-2026-05-02\"\n\tdata-js=\"tribe-events-month-grid-cell\"\n>\n\t<button\n\taria-expanded=\"true\"\n\taria-controls=\"tribe-events-calendar-mobile-day-2026-05-2\"\n\taria-label=\"Maio 2, 2 eventos, hoje\"\n\t class=\"tribe-events-calendar-month__day-cell tribe-events-calendar-month__day-cell--mobile tribe-events-calendar-month__day-cell--selected\" \tdata-js=\"tribe-events-calendar-month-day-cell-mobile\"\n>\n\t<h3 class=\"tribe-events-calendar-month__day-date tribe-common-h6 tribe-common-h--alt\">\n\t\t<span class=\"tribe-common-a11y-visual-hide\">\n\t\t\t2 eventos\t\t<\/span>\n\t\t<time\n\t\t\tclass=\"tribe-events-calendar-month__day-date-daynum\"\n\t\t\tdatetime=\"2026-05-02\"\n\t\t>\n\t\t\t2\t\t<\/time>\n\t<\/h3>\n\t\n\t<span class=\"tribe-events-calendar-month__mobile-events-icon tribe-events-calendar-month__mobile-events-icon--event\" >\n\t<\/span>\n<\/button>\n\t\n<div\n\tid=\"tribe-events-calendar-day-2026-05-02\"\n\tclass=\"tribe-events-calendar-month__day-cell tribe-events-calendar-month__day-cell--desktop tribe-common-a11y-hidden\"\n>\n\t\n<h3 class=\"tribe-events-calendar-month__day-date tribe-common-h4\">\n\t<span class=\"tribe-common-a11y-visual-hide\">\n\t\t2 eventos,\n\t<\/span>\n\t<time\n\t\tclass=\"tribe-events-calendar-month__day-date-daynum\"\n\t\tdatetime=\"2026-05-02\"\n\t>\n\t\t\t\t\t<a\n\t\t\t\thref=\"https:\/\/www.cgfmanet.org\/pt-pt\/eventos\/2026-05-02\/?shortcode=tribe-widget-events-month-17\"\n\t\t\t\tclass=\"tribe-events-calendar-month__day-date-link\"\n\t\t\t\tdata-js=\"tribe-events-view-link\"\n\t\t\t\taria-label=\"2 Maio\"\n\t\t\t>\n\t\t\t\t2\t\t\t<\/a>\n\t\t\t<\/time>\n<\/h3>\n\n\t<div class=\"tribe-events-calendar-month__events\">\n\t\t\n\t<div class=\"tribe-events-calendar-month__multiday-event-wrapper\">\n\t<article  class=\"tribe-events-calendar-month__multiday-event post-155332 tribe_events type-tribe_events status-publish tribe_events_cat-agenda-pt-pt tribe_events_cat-conselheira-para-a-formacao cat_agenda-pt-pt cat_conselheira-para-a-formacao\"  data-event-id=\"155332\">\n\t\t<div class=\"tribe-events-calendar-month__multiday-event-hidden\">\n\t<time\n\tdatetime=\"2026-04-17\"\n\tclass=\"tribe-common-a11y-visual-hide\"\n>\n\t2026-04-17<\/time>\n\t<a\n\thref=\"https:\/\/www.cgfmanet.org\/pt-pt\/event\/suor-nilza-fatima-de-moraes-accompagna-le-partecipanti-del-progetto-mornese-in-lingua-inglese-insieme-alla-coordinatrice-suor-jeanette-palasota\/\"\n\tclass=\"tribe-events-calendar-month__multiday-event-hidden-link\"\n\tdata-js=\"tribe-events-tooltip\"\n\tdata-tooltip-content=\"#tribe-events-tooltip-content-155332\"\n\taria-describedby=\"tribe-events-tooltip-content-155332\"\n>\n\t\t<div class=\"tribe-events-calendar-month__multiday-event-hidden-title tribe-common-h8\">\n\tSuor Nilza F\u00e1tima de Moraes accompagna le partecipanti del Progetto Mornese in lingua inglese insieme alla coordinatrice, suor Jeanette Palasota.<\/div>\n<\/a>\n<\/div>\n\t\t\t<\/article>\n<\/div>\n\n\t<div class=\"tribe-events-calendar-month__multiday-event-wrapper\">\n\t<article  class=\"tribe-events-calendar-month__multiday-event post-150826 tribe_events type-tribe_events status-publish tribe_events_cat-agenda-pt-pt tribe_events_cat-secretaria-geral cat_agenda-pt-pt cat_secretaria-geral tribe-events-calendar-month__multiday-event--width-1 tribe-events-calendar-month__multiday-event--display tribe-events-calendar-month__multiday-event--start tribe-events-calendar-month__multiday-event--end\"  data-event-id=\"150826\">\n\t\t<div class=\"tribe-events-calendar-month__multiday-event-hidden\">\n\t<time\n\tdatetime=\"2026-05-02\"\n\tclass=\"tribe-common-a11y-visual-hide\"\n>\n\t2026-05-02<\/time>\n\t<a\n\thref=\"https:\/\/www.cgfmanet.org\/pt-pt\/event\/suor-maria-luisa-nicastro-con-le-collaboratrici-della-segreteria-generale-guida-la-visita-allarchivio-generale-dellistituto-e-alla-mostra-del-carisma-delle-studentesse-del-corso-di-spiritualita\/\"\n\tclass=\"tribe-events-calendar-month__multiday-event-hidden-link\"\n\tdata-js=\"tribe-events-tooltip\"\n\tdata-tooltip-content=\"#tribe-events-tooltip-content-150826\"\n\taria-describedby=\"tribe-events-tooltip-content-150826\"\n>\n\t\t<div class=\"tribe-events-calendar-month__multiday-event-hidden-title tribe-common-h8\">\n\tSuor Maria Luisa Nicastro, con le collaboratrici della Segreteria generale, guida la visita all&#8217;Archivio Generale dell&#8217;Istituto e alla Mostra del Carisma delle Studentesse del Corso di Spiritualit\u00e0 di Casa Canta.<\/div>\n<\/a>\n<\/div>\n\t\t<div class=\"tribe-events-calendar-month__multiday-event-bar\">\n\t<div class=\"tribe-events-calendar-month__multiday-event-bar-inner\">\n\t\t\t\t<div class=\"tribe-events-calendar-month__multiday-event-bar-title tribe-common-h8\">\n\tSuor Maria Luisa Nicastro, con le collaboratrici della Segreteria generale, guida la visita all&#8217;Archivio Generale dell&#8217;Istituto e alla Mostra del Carisma delle Studentesse del Corso di Spiritualit\u00e0 di Casa Canta.<\/div>\n\t<\/div>\n<\/div>\n<div class=\"tribe-events-calendar-month__calendar-event-tooltip-template tribe-common-a11y-hidden\">\n\t<div\n\t\tclass=\"tribe-events-calendar-month__calendar-event-tooltip\"\n\t\tid=\"tribe-events-tooltip-content-150826\"\n\t\trole=\"tooltip\"\n\t>\n\t\t\t\t<div class=\"tribe-events-calendar-month__calendar-event-tooltip-datetime\">\n\t\t<time datetime=\"2026-05-02\">\n\t\t<span class=\"tribe-event-date-start\">2 Maio<\/span>\t<\/time>\n\t<\/div>\n\t\t<div class=\"tribe-events-calendar-month__calendar-event-tooltip-title tribe-common-h7\">\n\t<a\n\t\thref=\"https:\/\/www.cgfmanet.org\/pt-pt\/event\/suor-maria-luisa-nicastro-con-le-collaboratrici-della-segreteria-generale-guida-la-visita-allarchivio-generale-dellistituto-e-alla-mostra-del-carisma-delle-studentesse-del-corso-di-spiritualita\/\"\n\t\ttitle=\"Suor Maria Luisa Nicastro, con le collaboratrici della Segreteria generale, guida la visita all&#8217;Archivio Generale dell&#8217;Istituto e alla Mostra del Carisma delle Studentesse del Corso di Spiritualit\u00e0 di Casa Canta.\"\n\t\trel=\"bookmark\"\n\t\tclass=\"tribe-events-calendar-month__calendar-event-tooltip-title-link tribe-common-anchor-thin\"\n\t>\n\t\tSuor Maria Luisa Nicastro, con le collaboratrici della Segreteria generale, guida la visita all&#8217;Archivio Generale dell&#8217;Istituto e alla Mostra del Carisma delle Studentesse del Corso di Spiritualit\u00e0 di Casa Canta.\t<\/a>\n<\/div>\n\t\t\t\t\t<\/div>\n<\/div>\n\t<\/article>\n<\/div>\n\n\n\t\t\t<\/div>\n\n\t\n<\/div>\n<\/td>\n\n\t\t\t\n\t\t\t\t<td\n\t class=\"tribe-events-calendar-month__day\" \taria-labelledby=\"tribe-events-calendar-day-2026-05-03\"\n\tdata-js=\"tribe-events-month-grid-cell\"\n>\n\t<button\n\taria-expanded=\"false\"\n\taria-controls=\"tribe-events-calendar-mobile-day-2026-05-3\"\n\taria-label=\"Maio 3, 2 eventos, upcoming day\"\n\t class=\"tribe-events-calendar-month__day-cell tribe-events-calendar-month__day-cell--mobile\" \tdata-js=\"tribe-events-calendar-month-day-cell-mobile\"\n>\n\t<h3 class=\"tribe-events-calendar-month__day-date tribe-common-h6 tribe-common-h--alt\">\n\t\t<span class=\"tribe-common-a11y-visual-hide\">\n\t\t\t2 eventos\t\t<\/span>\n\t\t<time\n\t\t\tclass=\"tribe-events-calendar-month__day-date-daynum\"\n\t\t\tdatetime=\"2026-05-03\"\n\t\t>\n\t\t\t3\t\t<\/time>\n\t<\/h3>\n\t\n\t<span class=\"tribe-events-calendar-month__mobile-events-icon tribe-events-calendar-month__mobile-events-icon--event\" >\n\t<\/span>\n<\/button>\n\t\n<div\n\tid=\"tribe-events-calendar-day-2026-05-03\"\n\tclass=\"tribe-events-calendar-month__day-cell tribe-events-calendar-month__day-cell--desktop tribe-common-a11y-hidden\"\n>\n\t\n<h3 class=\"tribe-events-calendar-month__day-date tribe-common-h4\">\n\t<span class=\"tribe-common-a11y-visual-hide\">\n\t\t2 eventos,\n\t<\/span>\n\t<time\n\t\tclass=\"tribe-events-calendar-month__day-date-daynum\"\n\t\tdatetime=\"2026-05-03\"\n\t>\n\t\t\t\t\t<a\n\t\t\t\thref=\"https:\/\/www.cgfmanet.org\/pt-pt\/eventos\/2026-05-03\/?shortcode=tribe-widget-events-month-17\"\n\t\t\t\tclass=\"tribe-events-calendar-month__day-date-link\"\n\t\t\t\tdata-js=\"tribe-events-view-link\"\n\t\t\t\taria-label=\"3 Maio\"\n\t\t\t>\n\t\t\t\t3\t\t\t<\/a>\n\t\t\t<\/time>\n<\/h3>\n\n\t<div class=\"tribe-events-calendar-month__events\">\n\t\t\n\t<div class=\"tribe-events-calendar-month__multiday-event-wrapper\">\n\t<article  class=\"tribe-events-calendar-month__multiday-event post-155332 tribe_events type-tribe_events status-publish tribe_events_cat-agenda-pt-pt tribe_events_cat-conselheira-para-a-formacao cat_agenda-pt-pt cat_conselheira-para-a-formacao\"  data-event-id=\"155332\">\n\t\t<div class=\"tribe-events-calendar-month__multiday-event-hidden\">\n\t<time\n\tdatetime=\"2026-04-17\"\n\tclass=\"tribe-common-a11y-visual-hide\"\n>\n\t2026-04-17<\/time>\n\t<a\n\thref=\"https:\/\/www.cgfmanet.org\/pt-pt\/event\/suor-nilza-fatima-de-moraes-accompagna-le-partecipanti-del-progetto-mornese-in-lingua-inglese-insieme-alla-coordinatrice-suor-jeanette-palasota\/\"\n\tclass=\"tribe-events-calendar-month__multiday-event-hidden-link\"\n\tdata-js=\"tribe-events-tooltip\"\n\tdata-tooltip-content=\"#tribe-events-tooltip-content-155332\"\n\taria-describedby=\"tribe-events-tooltip-content-155332\"\n>\n\t\t<div class=\"tribe-events-calendar-month__multiday-event-hidden-title tribe-common-h8\">\n\tSuor Nilza F\u00e1tima de Moraes accompagna le partecipanti del Progetto Mornese in lingua inglese insieme alla coordinatrice, suor Jeanette Palasota.<\/div>\n<\/a>\n<\/div>\n\t\t\t<\/article>\n<\/div>\n\n\t<div class=\"tribe-events-calendar-month__multiday-event-wrapper\">\n\t<article  class=\"tribe-events-calendar-month__multiday-event post-151099 tribe_events type-tribe_events status-publish tribe_events_cat-conselheira-para-a-familia-salesiana tribe_events_cat-agenda-pt-pt cat_conselheira-para-a-familia-salesiana cat_agenda-pt-pt tribe-events-calendar-month__multiday-event--width-1 tribe-events-calendar-month__multiday-event--display tribe-events-calendar-month__multiday-event--start tribe-events-calendar-month__multiday-event--end\"  data-event-id=\"151099\">\n\t\t<div class=\"tribe-events-calendar-month__multiday-event-hidden\">\n\t<time\n\tdatetime=\"2026-05-03\"\n\tclass=\"tribe-common-a11y-visual-hide\"\n>\n\t2026-05-03<\/time>\n\t<a\n\thref=\"https:\/\/www.cgfmanet.org\/pt-pt\/event\/suor-leslie-sandigo-e-le-collaboratrici-dellambito-incontrano-online-le-delegate-e-animatrici-delle-associazioni-exallieve-i-delle-fma-salesiani-cooperatori-e-adma\/\"\n\tclass=\"tribe-events-calendar-month__multiday-event-hidden-link\"\n\tdata-js=\"tribe-events-tooltip\"\n\tdata-tooltip-content=\"#tribe-events-tooltip-content-151099\"\n\taria-describedby=\"tribe-events-tooltip-content-151099\"\n>\n\t\t<div class=\"tribe-events-calendar-month__multiday-event-hidden-title tribe-common-h8\">\n\tSuor Leslie S\u00e1ndigo e le collaboratrici dell\u2019Ambito incontrano online le Delegate e animatrici delle Associazioni: Exallieve\/i delle FMA, Salesiani Cooperatori e ADMA.<\/div>\n<\/a>\n<\/div>\n\t\t<div class=\"tribe-events-calendar-month__multiday-event-bar\">\n\t<div class=\"tribe-events-calendar-month__multiday-event-bar-inner\">\n\t\t\t\t<div class=\"tribe-events-calendar-month__multiday-event-bar-title tribe-common-h8\">\n\tSuor Leslie S\u00e1ndigo e le collaboratrici dell\u2019Ambito incontrano online le Delegate e animatrici delle Associazioni: Exallieve\/i delle FMA, Salesiani Cooperatori e ADMA.<\/div>\n\t<\/div>\n<\/div>\n<div class=\"tribe-events-calendar-month__calendar-event-tooltip-template tribe-common-a11y-hidden\">\n\t<div\n\t\tclass=\"tribe-events-calendar-month__calendar-event-tooltip\"\n\t\tid=\"tribe-events-tooltip-content-151099\"\n\t\trole=\"tooltip\"\n\t>\n\t\t\t\t<div class=\"tribe-events-calendar-month__calendar-event-tooltip-datetime\">\n\t\t<time datetime=\"2026-05-03\">\n\t\t<span class=\"tribe-event-date-start\">3 Maio<\/span>\t<\/time>\n\t<\/div>\n\t\t<div class=\"tribe-events-calendar-month__calendar-event-tooltip-title tribe-common-h7\">\n\t<a\n\t\thref=\"https:\/\/www.cgfmanet.org\/pt-pt\/event\/suor-leslie-sandigo-e-le-collaboratrici-dellambito-incontrano-online-le-delegate-e-animatrici-delle-associazioni-exallieve-i-delle-fma-salesiani-cooperatori-e-adma\/\"\n\t\ttitle=\"Suor Leslie S\u00e1ndigo e le collaboratrici dell\u2019Ambito incontrano online le Delegate e animatrici delle Associazioni: Exallieve\/i delle FMA, Salesiani Cooperatori e ADMA.\"\n\t\trel=\"bookmark\"\n\t\tclass=\"tribe-events-calendar-month__calendar-event-tooltip-title-link tribe-common-anchor-thin\"\n\t>\n\t\tSuor Leslie S\u00e1ndigo e le collaboratrici dell\u2019Ambito incontrano online le Delegate e animatrici delle Associazioni: Exallieve\/i delle FMA, Salesiani Cooperatori e ADMA.\t<\/a>\n<\/div>\n\t\t\t\t\t<\/div>\n<\/div>\n\t<\/article>\n<\/div>\n\n\n\t\t\t<\/div>\n\n\t\n<\/div>\n<\/td>\n\n\t\t\t\t\t<\/tr>\n\t\t\t<tr class=\"tribe-events-calendar-month__week\" data-js=\"tribe-events-month-grid-row\">\n\t\t\t\n\t\t\t\t<td\n\t class=\"tribe-events-calendar-month__day\" \taria-labelledby=\"tribe-events-calendar-day-2026-05-04\"\n\tdata-js=\"tribe-events-month-grid-cell\"\n>\n\t<button\n\taria-expanded=\"false\"\n\taria-controls=\"tribe-events-calendar-mobile-day-2026-05-4\"\n\taria-label=\"Maio 4, 4 eventos, upcoming day\"\n\t class=\"tribe-events-calendar-month__day-cell tribe-events-calendar-month__day-cell--mobile\" \tdata-js=\"tribe-events-calendar-month-day-cell-mobile\"\n>\n\t<h3 class=\"tribe-events-calendar-month__day-date tribe-common-h6 tribe-common-h--alt\">\n\t\t<span class=\"tribe-common-a11y-visual-hide\">\n\t\t\t4 eventos\t\t<\/span>\n\t\t<time\n\t\t\tclass=\"tribe-events-calendar-month__day-date-daynum\"\n\t\t\tdatetime=\"2026-05-04\"\n\t\t>\n\t\t\t4\t\t<\/time>\n\t<\/h3>\n\t\n\t<span class=\"tribe-events-calendar-month__mobile-events-icon tribe-events-calendar-month__mobile-events-icon--event\" >\n\t<\/span>\n<\/button>\n\t\n<div\n\tid=\"tribe-events-calendar-day-2026-05-04\"\n\tclass=\"tribe-events-calendar-month__day-cell tribe-events-calendar-month__day-cell--desktop tribe-common-a11y-hidden\"\n>\n\t\n<h3 class=\"tribe-events-calendar-month__day-date tribe-common-h4\">\n\t<span class=\"tribe-common-a11y-visual-hide\">\n\t\t4 eventos,\n\t<\/span>\n\t<time\n\t\tclass=\"tribe-events-calendar-month__day-date-daynum\"\n\t\tdatetime=\"2026-05-04\"\n\t>\n\t\t\t\t\t<a\n\t\t\t\thref=\"https:\/\/www.cgfmanet.org\/pt-pt\/eventos\/2026-05-04\/?shortcode=tribe-widget-events-month-17\"\n\t\t\t\tclass=\"tribe-events-calendar-month__day-date-link\"\n\t\t\t\tdata-js=\"tribe-events-view-link\"\n\t\t\t\taria-label=\"4 Maio\"\n\t\t\t>\n\t\t\t\t4\t\t\t<\/a>\n\t\t\t<\/time>\n<\/h3>\n\n\t<div class=\"tribe-events-calendar-month__events\">\n\t\t\n\t<div class=\"tribe-events-calendar-month__multiday-event-wrapper\">\n\t<article  class=\"tribe-events-calendar-month__multiday-event post-150694 tribe_events type-tribe_events status-publish tribe_events_cat-agenda-pt-pt tribe_events_cat-vigaria-geral cat_agenda-pt-pt cat_vigaria-geral tribe-events-calendar-month__multiday-event--width-1 tribe-events-calendar-month__multiday-event--display tribe-events-calendar-month__multiday-event--start tribe-events-calendar-month__multiday-event--end\"  data-event-id=\"150694\">\n\t\t<div class=\"tribe-events-calendar-month__multiday-event-hidden\">\n\t<time\n\tdatetime=\"2026-05-04\"\n\tclass=\"tribe-common-a11y-visual-hide\"\n>\n\t2026-05-04<\/time>\n\t<a\n\thref=\"https:\/\/www.cgfmanet.org\/pt-pt\/event\/suor-maria-del-rosario-garcia-ribas-termina-la-visita-canonica-allispettoria-san-giuseppe-ant-delle-antille\/\"\n\tclass=\"tribe-events-calendar-month__multiday-event-hidden-link\"\n\tdata-js=\"tribe-events-tooltip\"\n\tdata-tooltip-content=\"#tribe-events-tooltip-content-150694\"\n\taria-describedby=\"tribe-events-tooltip-content-150694\"\n>\n\t\t<div class=\"tribe-events-calendar-month__multiday-event-hidden-title tribe-common-h8\">\n\tSuor Mar\u00eda del Rosario Garc\u00eda Ribas termina la Visita canonica all\u2019Ispettoria \u201cSan Giuseppe&#8221; (ANT) delle Antille.<\/div>\n<\/a>\n<\/div>\n\t\t<div class=\"tribe-events-calendar-month__multiday-event-bar\">\n\t<div class=\"tribe-events-calendar-month__multiday-event-bar-inner\">\n\t\t\t\t<div class=\"tribe-events-calendar-month__multiday-event-bar-title tribe-common-h8\">\n\tSuor Mar\u00eda del Rosario Garc\u00eda Ribas termina la Visita canonica all\u2019Ispettoria \u201cSan Giuseppe&#8221; (ANT) delle Antille.<\/div>\n\t<\/div>\n<\/div>\n<div class=\"tribe-events-calendar-month__calendar-event-tooltip-template tribe-common-a11y-hidden\">\n\t<div\n\t\tclass=\"tribe-events-calendar-month__calendar-event-tooltip\"\n\t\tid=\"tribe-events-tooltip-content-150694\"\n\t\trole=\"tooltip\"\n\t>\n\t\t\t\t<div class=\"tribe-events-calendar-month__calendar-event-tooltip-datetime\">\n\t\t<time datetime=\"2026-05-04\">\n\t\t<span class=\"tribe-event-date-start\">4 Maio<\/span>\t<\/time>\n\t<\/div>\n\t\t<div class=\"tribe-events-calendar-month__calendar-event-tooltip-title tribe-common-h7\">\n\t<a\n\t\thref=\"https:\/\/www.cgfmanet.org\/pt-pt\/event\/suor-maria-del-rosario-garcia-ribas-termina-la-visita-canonica-allispettoria-san-giuseppe-ant-delle-antille\/\"\n\t\ttitle=\"Suor Mar\u00eda del Rosario Garc\u00eda Ribas termina la Visita canonica all\u2019Ispettoria \u201cSan Giuseppe&#8221; (ANT) delle Antille.\"\n\t\trel=\"bookmark\"\n\t\tclass=\"tribe-events-calendar-month__calendar-event-tooltip-title-link tribe-common-anchor-thin\"\n\t>\n\t\tSuor Mar\u00eda del Rosario Garc\u00eda Ribas termina la Visita canonica all\u2019Ispettoria \u201cSan Giuseppe&#8221; (ANT) delle Antille.\t<\/a>\n<\/div>\n\t\t\t\t\t<\/div>\n<\/div>\n\t<\/article>\n<\/div>\n\n\t<div class=\"tribe-events-calendar-month__multiday-event-wrapper\">\n\t<article  class=\"tribe-events-calendar-month__multiday-event post-150890 tribe_events type-tribe_events status-publish tribe_events_cat-conselheira-para-as-missoes tribe_events_cat-agenda-pt-pt cat_conselheira-para-as-missoes cat_agenda-pt-pt tribe-events-calendar-month__multiday-event--width-1 tribe-events-calendar-month__multiday-event--display tribe-events-calendar-month__multiday-event--start tribe-events-calendar-month__multiday-event--end\"  data-event-id=\"150890\">\n\t\t<div class=\"tribe-events-calendar-month__multiday-event-hidden\">\n\t<time\n\tdatetime=\"2026-05-04\"\n\tclass=\"tribe-common-a11y-visual-hide\"\n>\n\t2026-05-04<\/time>\n\t<a\n\thref=\"https:\/\/www.cgfmanet.org\/pt-pt\/event\/inizio-del-corso-di-formazione-permanente-missionaria-a-roma-casa-generalizia-2\/\"\n\tclass=\"tribe-events-calendar-month__multiday-event-hidden-link\"\n\tdata-js=\"tribe-events-tooltip\"\n\tdata-tooltip-content=\"#tribe-events-tooltip-content-150890\"\n\taria-describedby=\"tribe-events-tooltip-content-150890\"\n>\n\t\t<div class=\"tribe-events-calendar-month__multiday-event-hidden-title tribe-common-h8\">\n\tInizio del Corso di Formazione Permanente Missionaria a Roma, Casa Generalizia.<\/div>\n<\/a>\n<\/div>\n\t\t<div class=\"tribe-events-calendar-month__multiday-event-bar\">\n\t<div class=\"tribe-events-calendar-month__multiday-event-bar-inner\">\n\t\t\t\t<div class=\"tribe-events-calendar-month__multiday-event-bar-title tribe-common-h8\">\n\tInizio del Corso di Formazione Permanente Missionaria a Roma, Casa Generalizia.<\/div>\n\t<\/div>\n<\/div>\n<div class=\"tribe-events-calendar-month__calendar-event-tooltip-template tribe-common-a11y-hidden\">\n\t<div\n\t\tclass=\"tribe-events-calendar-month__calendar-event-tooltip\"\n\t\tid=\"tribe-events-tooltip-content-150890\"\n\t\trole=\"tooltip\"\n\t>\n\t\t\t\t<div class=\"tribe-events-calendar-month__calendar-event-tooltip-datetime\">\n\t\t<time datetime=\"2026-05-04\">\n\t\t<span class=\"tribe-event-date-start\">4 Maio<\/span>\t<\/time>\n\t<\/div>\n\t\t<div class=\"tribe-events-calendar-month__calendar-event-tooltip-title tribe-common-h7\">\n\t<a\n\t\thref=\"https:\/\/www.cgfmanet.org\/pt-pt\/event\/inizio-del-corso-di-formazione-permanente-missionaria-a-roma-casa-generalizia-2\/\"\n\t\ttitle=\"Inizio del Corso di Formazione Permanente Missionaria a Roma, Casa Generalizia.\"\n\t\trel=\"bookmark\"\n\t\tclass=\"tribe-events-calendar-month__calendar-event-tooltip-title-link tribe-common-anchor-thin\"\n\t>\n\t\tInizio del Corso di Formazione Permanente Missionaria a Roma, Casa Generalizia.\t<\/a>\n<\/div>\n\t\t\t\t\t<\/div>\n<\/div>\n\t<\/article>\n<\/div>\n\n\t<div class=\"tribe-events-calendar-month__multiday-event-wrapper\">\n\t<article  class=\"tribe-events-calendar-month__multiday-event post-155255 tribe_events type-tribe_events status-publish tribe_events_cat-agenda-pt-pt tribe_events_cat-madre-geral cat_agenda-pt-pt cat_madre-geral tribe-events-calendar-month__multiday-event--width-1 tribe-events-calendar-month__multiday-event--display tribe-events-calendar-month__multiday-event--start tribe-events-calendar-month__multiday-event--end\"  data-event-id=\"155255\">\n\t\t<div class=\"tribe-events-calendar-month__multiday-event-hidden\">\n\t<time\n\tdatetime=\"2026-05-04\"\n\tclass=\"tribe-common-a11y-visual-hide\"\n>\n\t2026-05-04<\/time>\n\t<a\n\thref=\"https:\/\/www.cgfmanet.org\/pt-pt\/event\/la-madre-da-la-buonanotte-al-gruppo-del-progetto-mornese-di-lingua-inglese-a-roma-presso-la-casa-fma-sacro-cuore-iro\/\"\n\tclass=\"tribe-events-calendar-month__multiday-event-hidden-link\"\n\tdata-js=\"tribe-events-tooltip\"\n\tdata-tooltip-content=\"#tribe-events-tooltip-content-155255\"\n\taria-describedby=\"tribe-events-tooltip-content-155255\"\n>\n\t\t<div class=\"tribe-events-calendar-month__multiday-event-hidden-title tribe-common-h8\">\n\tLa Madre d\u00e0 la Buonanotte al gruppo del \u201cProgetto Mornese\u201d di lingua inglese. A Roma presso la Casa FMA \u201cSacro Cuore\u201d (IRO).<\/div>\n<\/a>\n<\/div>\n\t\t<div class=\"tribe-events-calendar-month__multiday-event-bar\">\n\t<div class=\"tribe-events-calendar-month__multiday-event-bar-inner\">\n\t\t\t\t<div class=\"tribe-events-calendar-month__multiday-event-bar-title tribe-common-h8\">\n\tLa Madre d\u00e0 la Buonanotte al gruppo del \u201cProgetto Mornese\u201d di lingua inglese. A Roma presso la Casa FMA \u201cSacro Cuore\u201d (IRO).<\/div>\n\t<\/div>\n<\/div>\n<div class=\"tribe-events-calendar-month__calendar-event-tooltip-template tribe-common-a11y-hidden\">\n\t<div\n\t\tclass=\"tribe-events-calendar-month__calendar-event-tooltip\"\n\t\tid=\"tribe-events-tooltip-content-155255\"\n\t\trole=\"tooltip\"\n\t>\n\t\t\t\t<div class=\"tribe-events-calendar-month__calendar-event-tooltip-datetime\">\n\t\t<time datetime=\"2026-05-04\">\n\t\t<span class=\"tribe-event-date-start\">4 Maio<\/span>\t<\/time>\n\t<\/div>\n\t\t<div class=\"tribe-events-calendar-month__calendar-event-tooltip-title tribe-common-h7\">\n\t<a\n\t\thref=\"https:\/\/www.cgfmanet.org\/pt-pt\/event\/la-madre-da-la-buonanotte-al-gruppo-del-progetto-mornese-di-lingua-inglese-a-roma-presso-la-casa-fma-sacro-cuore-iro\/\"\n\t\ttitle=\"La Madre d\u00e0 la Buonanotte al gruppo del \u201cProgetto Mornese\u201d di lingua inglese. A Roma presso la Casa FMA \u201cSacro Cuore\u201d (IRO).\"\n\t\trel=\"bookmark\"\n\t\tclass=\"tribe-events-calendar-month__calendar-event-tooltip-title-link tribe-common-anchor-thin\"\n\t>\n\t\tLa Madre d\u00e0 la Buonanotte al gruppo del \u201cProgetto Mornese\u201d di lingua inglese. A Roma presso la Casa FMA \u201cSacro Cuore\u201d (IRO).\t<\/a>\n<\/div>\n\t\t\t\t\t<\/div>\n<\/div>\n\t<\/article>\n<\/div>\n\n\t<div class=\"tribe-events-calendar-month__multiday-event-wrapper\">\n\t<article  class=\"tribe-events-calendar-month__multiday-event post-151105 tribe_events type-tribe_events status-publish tribe_events_cat-agenda-pt-pt tribe_events_cat-conselheira-para-a-familia-salesiana cat_agenda-pt-pt cat_conselheira-para-a-familia-salesiana tribe-events-calendar-month__multiday-event--width-1 tribe-events-calendar-month__multiday-event--display tribe-events-calendar-month__multiday-event--start tribe-events-calendar-month__multiday-event--end\"  data-event-id=\"151105\">\n\t\t<div class=\"tribe-events-calendar-month__multiday-event-hidden\">\n\t<time\n\tdatetime=\"2026-05-04\"\n\tclass=\"tribe-common-a11y-visual-hide\"\n>\n\t2026-05-04<\/time>\n\t<a\n\thref=\"https:\/\/www.cgfmanet.org\/pt-pt\/event\/suor-leslie-sandigo-termina-la-2a-parte-della-visita-canonica-allispettoria-laura-vicuna-arg-dellargentina\/\"\n\tclass=\"tribe-events-calendar-month__multiday-event-hidden-link\"\n\tdata-js=\"tribe-events-tooltip\"\n\tdata-tooltip-content=\"#tribe-events-tooltip-content-151105\"\n\taria-describedby=\"tribe-events-tooltip-content-151105\"\n>\n\t\t<div class=\"tribe-events-calendar-month__multiday-event-hidden-title tribe-common-h8\">\n\tSuor Leslie S\u00e1ndigo termina la 2a parte della visita canonica all\u2019Ispettoria \u201cLaura Vicu\u00f1a\u201d (ARG) dell\u2019Argentina.<\/div>\n<\/a>\n<\/div>\n\t\t<div class=\"tribe-events-calendar-month__multiday-event-bar\">\n\t<div class=\"tribe-events-calendar-month__multiday-event-bar-inner\">\n\t\t\t\t<div class=\"tribe-events-calendar-month__multiday-event-bar-title tribe-common-h8\">\n\tSuor Leslie S\u00e1ndigo termina la 2a parte della visita canonica all\u2019Ispettoria \u201cLaura Vicu\u00f1a\u201d (ARG) dell\u2019Argentina.<\/div>\n\t<\/div>\n<\/div>\n<div class=\"tribe-events-calendar-month__calendar-event-tooltip-template tribe-common-a11y-hidden\">\n\t<div\n\t\tclass=\"tribe-events-calendar-month__calendar-event-tooltip\"\n\t\tid=\"tribe-events-tooltip-content-151105\"\n\t\trole=\"tooltip\"\n\t>\n\t\t\t\t<div class=\"tribe-events-calendar-month__calendar-event-tooltip-datetime\">\n\t\t<time datetime=\"2026-05-04\">\n\t\t<span class=\"tribe-event-date-start\">4 Maio<\/span>\t<\/time>\n\t<\/div>\n\t\t<div class=\"tribe-events-calendar-month__calendar-event-tooltip-title tribe-common-h7\">\n\t<a\n\t\thref=\"https:\/\/www.cgfmanet.org\/pt-pt\/event\/suor-leslie-sandigo-termina-la-2a-parte-della-visita-canonica-allispettoria-laura-vicuna-arg-dellargentina\/\"\n\t\ttitle=\"Suor Leslie S\u00e1ndigo termina la 2a parte della visita canonica all\u2019Ispettoria \u201cLaura Vicu\u00f1a\u201d (ARG) dell\u2019Argentina.\"\n\t\trel=\"bookmark\"\n\t\tclass=\"tribe-events-calendar-month__calendar-event-tooltip-title-link tribe-common-anchor-thin\"\n\t>\n\t\tSuor Leslie S\u00e1ndigo termina la 2a parte della visita canonica all\u2019Ispettoria \u201cLaura Vicu\u00f1a\u201d (ARG) dell\u2019Argentina.\t<\/a>\n<\/div>\n\t\t\t\t\t<\/div>\n<\/div>\n\t<\/article>\n<\/div>\n\n\n\t\t\t<\/div>\n\n\t\n<\/div>\n<\/td>\n\n\t\t\t\n\t\t\t\t<td\n\t class=\"tribe-events-calendar-month__day\" \taria-labelledby=\"tribe-events-calendar-day-2026-05-05\"\n\tdata-js=\"tribe-events-month-grid-cell\"\n>\n\t<button\n\taria-expanded=\"false\"\n\taria-controls=\"tribe-events-calendar-mobile-day-2026-05-5\"\n\taria-label=\"Maio 5, 1 evento, upcoming day\"\n\t class=\"tribe-events-calendar-month__day-cell tribe-events-calendar-month__day-cell--mobile\" \tdata-js=\"tribe-events-calendar-month-day-cell-mobile\"\n>\n\t<h3 class=\"tribe-events-calendar-month__day-date tribe-common-h6 tribe-common-h--alt\">\n\t\t<span class=\"tribe-common-a11y-visual-hide\">\n\t\t\t1 evento\t\t<\/span>\n\t\t<time\n\t\t\tclass=\"tribe-events-calendar-month__day-date-daynum\"\n\t\t\tdatetime=\"2026-05-05\"\n\t\t>\n\t\t\t5\t\t<\/time>\n\t<\/h3>\n\t\n\t<span class=\"tribe-events-calendar-month__mobile-events-icon tribe-events-calendar-month__mobile-events-icon--event\" >\n\t<\/span>\n<\/button>\n\t\n<div\n\tid=\"tribe-events-calendar-day-2026-05-05\"\n\tclass=\"tribe-events-calendar-month__day-cell tribe-events-calendar-month__day-cell--desktop tribe-common-a11y-hidden\"\n>\n\t\n<h3 class=\"tribe-events-calendar-month__day-date tribe-common-h4\">\n\t<span class=\"tribe-common-a11y-visual-hide\">\n\t\t1 evento,\n\t<\/span>\n\t<time\n\t\tclass=\"tribe-events-calendar-month__day-date-daynum\"\n\t\tdatetime=\"2026-05-05\"\n\t>\n\t\t\t\t\t<a\n\t\t\t\thref=\"https:\/\/www.cgfmanet.org\/pt-pt\/eventos\/2026-05-05\/?shortcode=tribe-widget-events-month-17\"\n\t\t\t\tclass=\"tribe-events-calendar-month__day-date-link\"\n\t\t\t\tdata-js=\"tribe-events-view-link\"\n\t\t\t\taria-label=\"5 Maio\"\n\t\t\t>\n\t\t\t\t5\t\t\t<\/a>\n\t\t\t<\/time>\n<\/h3>\n\n\t<div class=\"tribe-events-calendar-month__events\">\n\t\t\n\t<div class=\"tribe-events-calendar-month__multiday-event-wrapper\">\n\t<article  class=\"tribe-events-calendar-month__multiday-event post-156539 tribe_events type-tribe_events status-publish tribe_events_cat-agenda-pt-pt tribe_events_cat-madre-geral cat_agenda-pt-pt cat_madre-geral tribe-events-calendar-month__multiday-event--width-1 tribe-events-calendar-month__multiday-event--display tribe-events-calendar-month__multiday-event--start tribe-events-calendar-month__multiday-event--end\"  data-event-id=\"156539\">\n\t\t<div class=\"tribe-events-calendar-month__multiday-event-hidden\">\n\t<time\n\tdatetime=\"2026-05-05\"\n\tclass=\"tribe-common-a11y-visual-hide\"\n>\n\t2026-05-05<\/time>\n\t<a\n\thref=\"https:\/\/www.cgfmanet.org\/pt-pt\/event\/la-madre-incontra-il-consiglio-accademico-della-pontificia-facolta-di-scienze-delleducazione-auxilium-anche-con-la-presenza-della-superiora-di-visitatoria-rmc-suor-jessic\/\"\n\tclass=\"tribe-events-calendar-month__multiday-event-hidden-link\"\n\tdata-js=\"tribe-events-tooltip\"\n\tdata-tooltip-content=\"#tribe-events-tooltip-content-156539\"\n\taria-describedby=\"tribe-events-tooltip-content-156539\"\n>\n\t\t<div class=\"tribe-events-calendar-month__multiday-event-hidden-title tribe-common-h8\">\n\tLa Madre incontra il Consiglio Accademico della Pontificia Facolt\u00e0 di Scienze dell\u2019Educazione \u201cAuxilium\u201d anche con la presenza della Superiora di Visitatoria (RMC), suor Jessica Salva\u00f1a Togonon. A Roma in Casa generalizia.<\/div>\n<\/a>\n<\/div>\n\t\t<div class=\"tribe-events-calendar-month__multiday-event-bar\">\n\t<div class=\"tribe-events-calendar-month__multiday-event-bar-inner\">\n\t\t\t\t<div class=\"tribe-events-calendar-month__multiday-event-bar-title tribe-common-h8\">\n\tLa Madre incontra il Consiglio Accademico della Pontificia Facolt\u00e0 di Scienze dell\u2019Educazione \u201cAuxilium\u201d anche con la presenza della Superiora di Visitatoria (RMC), suor Jessica Salva\u00f1a Togonon. A Roma in Casa generalizia.<\/div>\n\t<\/div>\n<\/div>\n<div class=\"tribe-events-calendar-month__calendar-event-tooltip-template tribe-common-a11y-hidden\">\n\t<div\n\t\tclass=\"tribe-events-calendar-month__calendar-event-tooltip\"\n\t\tid=\"tribe-events-tooltip-content-156539\"\n\t\trole=\"tooltip\"\n\t>\n\t\t\t\t<div class=\"tribe-events-calendar-month__calendar-event-tooltip-datetime\">\n\t\t<time datetime=\"2026-05-05\">\n\t\t<span class=\"tribe-event-date-start\">5 Maio<\/span>\t<\/time>\n\t<\/div>\n\t\t<div class=\"tribe-events-calendar-month__calendar-event-tooltip-title tribe-common-h7\">\n\t<a\n\t\thref=\"https:\/\/www.cgfmanet.org\/pt-pt\/event\/la-madre-incontra-il-consiglio-accademico-della-pontificia-facolta-di-scienze-delleducazione-auxilium-anche-con-la-presenza-della-superiora-di-visitatoria-rmc-suor-jessic\/\"\n\t\ttitle=\"La Madre incontra il Consiglio Accademico della Pontificia Facolt\u00e0 di Scienze dell\u2019Educazione \u201cAuxilium\u201d anche con la presenza della Superiora di Visitatoria (RMC), suor Jessica Salva\u00f1a Togonon. A Roma in Casa generalizia.\"\n\t\trel=\"bookmark\"\n\t\tclass=\"tribe-events-calendar-month__calendar-event-tooltip-title-link tribe-common-anchor-thin\"\n\t>\n\t\tLa Madre incontra il Consiglio Accademico della Pontificia Facolt\u00e0 di Scienze dell\u2019Educazione \u201cAuxilium\u201d anche con la presenza della Superiora di Visitatoria (RMC), suor Jessica Salva\u00f1a Togonon. A Roma in Casa generalizia.\t<\/a>\n<\/div>\n\t\t\t\t\t<\/div>\n<\/div>\n\t<\/article>\n<\/div>\n\n\n\t\t\t<\/div>\n\n\t\n<\/div>\n<\/td>\n\n\t\t\t\n\t\t\t\t<td\n\t class=\"tribe-events-calendar-month__day\" \taria-labelledby=\"tribe-events-calendar-day-2026-05-06\"\n\tdata-js=\"tribe-events-month-grid-cell\"\n>\n\t<button\n\taria-expanded=\"false\"\n\taria-controls=\"tribe-events-calendar-mobile-day-2026-05-6\"\n\taria-label=\"Maio 6, 1 evento, upcoming day\"\n\t class=\"tribe-events-calendar-month__day-cell tribe-events-calendar-month__day-cell--mobile\" \tdata-js=\"tribe-events-calendar-month-day-cell-mobile\"\n>\n\t<h3 class=\"tribe-events-calendar-month__day-date tribe-common-h6 tribe-common-h--alt\">\n\t\t<span class=\"tribe-common-a11y-visual-hide\">\n\t\t\t1 evento\t\t<\/span>\n\t\t<time\n\t\t\tclass=\"tribe-events-calendar-month__day-date-daynum\"\n\t\t\tdatetime=\"2026-05-06\"\n\t\t>\n\t\t\t6\t\t<\/time>\n\t<\/h3>\n\t\n\t<span class=\"tribe-events-calendar-month__mobile-events-icon tribe-events-calendar-month__mobile-events-icon--event\" >\n\t<\/span>\n<\/button>\n\t\n<div\n\tid=\"tribe-events-calendar-day-2026-05-06\"\n\tclass=\"tribe-events-calendar-month__day-cell tribe-events-calendar-month__day-cell--desktop tribe-common-a11y-hidden\"\n>\n\t\n<h3 class=\"tribe-events-calendar-month__day-date tribe-common-h4\">\n\t<span class=\"tribe-common-a11y-visual-hide\">\n\t\t1 evento,\n\t<\/span>\n\t<time\n\t\tclass=\"tribe-events-calendar-month__day-date-daynum\"\n\t\tdatetime=\"2026-05-06\"\n\t>\n\t\t\t\t\t<a\n\t\t\t\thref=\"https:\/\/www.cgfmanet.org\/pt-pt\/eventos\/2026-05-06\/?shortcode=tribe-widget-events-month-17\"\n\t\t\t\tclass=\"tribe-events-calendar-month__day-date-link\"\n\t\t\t\tdata-js=\"tribe-events-view-link\"\n\t\t\t\taria-label=\"6 Maio\"\n\t\t\t>\n\t\t\t\t6\t\t\t<\/a>\n\t\t\t<\/time>\n<\/h3>\n\n\t<div class=\"tribe-events-calendar-month__events\">\n\t\t\n\t<div class=\"tribe-events-calendar-month__multiday-event-wrapper\">\n\t<article  class=\"tribe-events-calendar-month__multiday-event post-155271 tribe_events type-tribe_events status-publish tribe_events_cat-agenda-pt-pt tribe_events_cat-madre-geral cat_agenda-pt-pt cat_madre-geral tribe-events-calendar-month__multiday-event--width-1 tribe-events-calendar-month__multiday-event--display tribe-events-calendar-month__multiday-event--start tribe-events-calendar-month__multiday-event--end\"  data-event-id=\"155271\">\n\t\t<div class=\"tribe-events-calendar-month__multiday-event-hidden\">\n\t<time\n\tdatetime=\"2026-05-06\"\n\tclass=\"tribe-common-a11y-visual-hide\"\n>\n\t2026-05-06<\/time>\n\t<a\n\thref=\"https:\/\/www.cgfmanet.org\/pt-pt\/event\/la-madre-incontra-le-fma-partecipanti-al-corso-di-formazione-permanente-missionaria-a-roma-casa-generalizia\/\"\n\tclass=\"tribe-events-calendar-month__multiday-event-hidden-link\"\n\tdata-js=\"tribe-events-tooltip\"\n\tdata-tooltip-content=\"#tribe-events-tooltip-content-155271\"\n\taria-describedby=\"tribe-events-tooltip-content-155271\"\n>\n\t\t<div class=\"tribe-events-calendar-month__multiday-event-hidden-title tribe-common-h8\">\n\tLa Madre incontra le FMA partecipanti al Corso di Formazione Permanente Missionaria. A Roma, Casa generalizia.<\/div>\n<\/a>\n<\/div>\n\t\t<div class=\"tribe-events-calendar-month__multiday-event-bar\">\n\t<div class=\"tribe-events-calendar-month__multiday-event-bar-inner\">\n\t\t\t\t<div class=\"tribe-events-calendar-month__multiday-event-bar-title tribe-common-h8\">\n\tLa Madre incontra le FMA partecipanti al Corso di Formazione Permanente Missionaria. A Roma, Casa generalizia.<\/div>\n\t<\/div>\n<\/div>\n<div class=\"tribe-events-calendar-month__calendar-event-tooltip-template tribe-common-a11y-hidden\">\n\t<div\n\t\tclass=\"tribe-events-calendar-month__calendar-event-tooltip\"\n\t\tid=\"tribe-events-tooltip-content-155271\"\n\t\trole=\"tooltip\"\n\t>\n\t\t\t\t<div class=\"tribe-events-calendar-month__calendar-event-tooltip-datetime\">\n\t\t<time datetime=\"2026-05-06\">\n\t\t<span class=\"tribe-event-date-start\">6 Maio<\/span>\t<\/time>\n\t<\/div>\n\t\t<div class=\"tribe-events-calendar-month__calendar-event-tooltip-title tribe-common-h7\">\n\t<a\n\t\thref=\"https:\/\/www.cgfmanet.org\/pt-pt\/event\/la-madre-incontra-le-fma-partecipanti-al-corso-di-formazione-permanente-missionaria-a-roma-casa-generalizia\/\"\n\t\ttitle=\"La Madre incontra le FMA partecipanti al Corso di Formazione Permanente Missionaria. A Roma, Casa generalizia.\"\n\t\trel=\"bookmark\"\n\t\tclass=\"tribe-events-calendar-month__calendar-event-tooltip-title-link tribe-common-anchor-thin\"\n\t>\n\t\tLa Madre incontra le FMA partecipanti al Corso di Formazione Permanente Missionaria. A Roma, Casa generalizia.\t<\/a>\n<\/div>\n\t\t\t\t\t<\/div>\n<\/div>\n\t<\/article>\n<\/div>\n\n\n\t\t\t<\/div>\n\n\t\n<\/div>\n<\/td>\n\n\t\t\t\n\t\t\t\t<td\n\t class=\"tribe-events-calendar-month__day\" \taria-labelledby=\"tribe-events-calendar-day-2026-05-07\"\n\tdata-js=\"tribe-events-month-grid-cell\"\n>\n\t<button\n\taria-expanded=\"false\"\n\taria-controls=\"tribe-events-calendar-mobile-day-2026-05-7\"\n\taria-label=\"Maio 7, 2 eventos, upcoming day\"\n\t class=\"tribe-events-calendar-month__day-cell tribe-events-calendar-month__day-cell--mobile\" \tdata-js=\"tribe-events-calendar-month-day-cell-mobile\"\n>\n\t<h3 class=\"tribe-events-calendar-month__day-date tribe-common-h6 tribe-common-h--alt\">\n\t\t<span class=\"tribe-common-a11y-visual-hide\">\n\t\t\t2 eventos\t\t<\/span>\n\t\t<time\n\t\t\tclass=\"tribe-events-calendar-month__day-date-daynum\"\n\t\t\tdatetime=\"2026-05-07\"\n\t\t>\n\t\t\t7\t\t<\/time>\n\t<\/h3>\n\t\n\t<span class=\"tribe-events-calendar-month__mobile-events-icon tribe-events-calendar-month__mobile-events-icon--event\" >\n\t<\/span>\n<\/button>\n\t\n<div\n\tid=\"tribe-events-calendar-day-2026-05-07\"\n\tclass=\"tribe-events-calendar-month__day-cell tribe-events-calendar-month__day-cell--desktop tribe-common-a11y-hidden\"\n>\n\t\n<h3 class=\"tribe-events-calendar-month__day-date tribe-common-h4\">\n\t<span class=\"tribe-common-a11y-visual-hide\">\n\t\t2 eventos,\n\t<\/span>\n\t<time\n\t\tclass=\"tribe-events-calendar-month__day-date-daynum\"\n\t\tdatetime=\"2026-05-07\"\n\t>\n\t\t\t\t\t<a\n\t\t\t\thref=\"https:\/\/www.cgfmanet.org\/pt-pt\/eventos\/2026-05-07\/?shortcode=tribe-widget-events-month-17\"\n\t\t\t\tclass=\"tribe-events-calendar-month__day-date-link\"\n\t\t\t\tdata-js=\"tribe-events-view-link\"\n\t\t\t\taria-label=\"7 Maio\"\n\t\t\t>\n\t\t\t\t7\t\t\t<\/a>\n\t\t\t<\/time>\n<\/h3>\n\n\t<div class=\"tribe-events-calendar-month__events\">\n\t\t\n\t<div class=\"tribe-events-calendar-month__multiday-event-wrapper\">\n\t<article  class=\"tribe-events-calendar-month__multiday-event post-155261 tribe_events type-tribe_events status-publish tribe_events_cat-agenda-pt-pt tribe_events_cat-madre-geral cat_agenda-pt-pt cat_madre-geral tribe-events-calendar-month__multiday-event--width-4 tribe-events-calendar-month__multiday-event--display tribe-events-calendar-month__multiday-event--start tribe-events-calendar-month__multiday-event--end\"  data-event-id=\"155261\">\n\t\t<div class=\"tribe-events-calendar-month__multiday-event-hidden\">\n\t<time\n\tdatetime=\"2026-05-07\"\n\tclass=\"tribe-common-a11y-visual-hide\"\n>\n\t2026-05-07<\/time>\n\t<a\n\thref=\"https:\/\/www.cgfmanet.org\/pt-pt\/event\/la-madre-partecipa-e-interviene-al-vi-congresso-mondiale-dei-salesiani-cooperatori-a-roma-presso-la-fraterna-domus-tema-essere-lievito-per-essere-fecondi\/\"\n\tclass=\"tribe-events-calendar-month__multiday-event-hidden-link\"\n\tdata-js=\"tribe-events-tooltip\"\n\tdata-tooltip-content=\"#tribe-events-tooltip-content-155261\"\n\taria-describedby=\"tribe-events-tooltip-content-155261\"\n>\n\t\t<div class=\"tribe-events-calendar-month__multiday-event-hidden-title tribe-common-h8\">\n\tLa Madre partecipa e interviene al VI Congresso Mondiale dei Salesiani Cooperatori a Roma, presso la Fraterna Domus. Tema: \u201cEssere lievito per essere fecondi\u201d.<\/div>\n<\/a>\n<\/div>\n\t\t<div class=\"tribe-events-calendar-month__multiday-event-bar\">\n\t<div class=\"tribe-events-calendar-month__multiday-event-bar-inner\">\n\t\t\t\t<div class=\"tribe-events-calendar-month__multiday-event-bar-title tribe-common-h8\">\n\tLa Madre partecipa e interviene al VI Congresso Mondiale dei Salesiani Cooperatori a Roma, presso la Fraterna Domus. Tema: \u201cEssere lievito per essere fecondi\u201d.<\/div>\n\t<\/div>\n<\/div>\n<div class=\"tribe-events-calendar-month__calendar-event-tooltip-template tribe-common-a11y-hidden\">\n\t<div\n\t\tclass=\"tribe-events-calendar-month__calendar-event-tooltip\"\n\t\tid=\"tribe-events-tooltip-content-155261\"\n\t\trole=\"tooltip\"\n\t>\n\t\t\t\t<div class=\"tribe-events-calendar-month__calendar-event-tooltip-datetime\">\n\t\t<time datetime=\"2026-05-07\">\n\t\t<span class=\"tribe-event-date-start\">7 Maio<\/span> - <span class=\"tribe-event-date-end\">10 Maio<\/span>\t<\/time>\n\t<\/div>\n\t\t<div class=\"tribe-events-calendar-month__calendar-event-tooltip-title tribe-common-h7\">\n\t<a\n\t\thref=\"https:\/\/www.cgfmanet.org\/pt-pt\/event\/la-madre-partecipa-e-interviene-al-vi-congresso-mondiale-dei-salesiani-cooperatori-a-roma-presso-la-fraterna-domus-tema-essere-lievito-per-essere-fecondi\/\"\n\t\ttitle=\"La Madre partecipa e interviene al VI Congresso Mondiale dei Salesiani Cooperatori a Roma, presso la Fraterna Domus. Tema: \u201cEssere lievito per essere fecondi\u201d.\"\n\t\trel=\"bookmark\"\n\t\tclass=\"tribe-events-calendar-month__calendar-event-tooltip-title-link tribe-common-anchor-thin\"\n\t>\n\t\tLa Madre partecipa e interviene al VI Congresso Mondiale dei Salesiani Cooperatori a Roma, presso la Fraterna Domus. Tema: \u201cEssere lievito per essere fecondi\u201d.\t<\/a>\n<\/div>\n\t\t\t\t\t<\/div>\n<\/div>\n\t<\/article>\n<\/div>\n\n\t<div class=\"tribe-events-calendar-month__multiday-event-wrapper\">\n\t<article  class=\"tribe-events-calendar-month__multiday-event post-151111 tribe_events type-tribe_events status-publish tribe_events_cat-agenda-pt-pt tribe_events_cat-conselheira-para-a-familia-salesiana cat_agenda-pt-pt cat_conselheira-para-a-familia-salesiana tribe-events-calendar-month__multiday-event--width-4 tribe-events-calendar-month__multiday-event--display tribe-events-calendar-month__multiday-event--start tribe-events-calendar-month__multiday-event--end\"  data-event-id=\"151111\">\n\t\t<div class=\"tribe-events-calendar-month__multiday-event-hidden\">\n\t<time\n\tdatetime=\"2026-05-07\"\n\tclass=\"tribe-common-a11y-visual-hide\"\n>\n\t2026-05-07<\/time>\n\t<a\n\thref=\"https:\/\/www.cgfmanet.org\/pt-pt\/event\/suor-leslie-sandigo-partecipa-al-congresso-mondiale-dei-salesiani-cooperatori-a-roma-fraterna-domus\/\"\n\tclass=\"tribe-events-calendar-month__multiday-event-hidden-link\"\n\tdata-js=\"tribe-events-tooltip\"\n\tdata-tooltip-content=\"#tribe-events-tooltip-content-151111\"\n\taria-describedby=\"tribe-events-tooltip-content-151111\"\n>\n\t\t<div class=\"tribe-events-calendar-month__multiday-event-hidden-title tribe-common-h8\">\n\tSuor Leslie S\u00e1ndigo partecipa al Congresso Mondiale dei Salesiani Cooperatori a Roma, Fraterna Domus.<\/div>\n<\/a>\n<\/div>\n\t\t<div class=\"tribe-events-calendar-month__multiday-event-bar\">\n\t<div class=\"tribe-events-calendar-month__multiday-event-bar-inner\">\n\t\t\t\t<div class=\"tribe-events-calendar-month__multiday-event-bar-title tribe-common-h8\">\n\tSuor Leslie S\u00e1ndigo partecipa al Congresso Mondiale dei Salesiani Cooperatori a Roma, Fraterna Domus.<\/div>\n\t<\/div>\n<\/div>\n<div class=\"tribe-events-calendar-month__calendar-event-tooltip-template tribe-common-a11y-hidden\">\n\t<div\n\t\tclass=\"tribe-events-calendar-month__calendar-event-tooltip\"\n\t\tid=\"tribe-events-tooltip-content-151111\"\n\t\trole=\"tooltip\"\n\t>\n\t\t\t\t<div class=\"tribe-events-calendar-month__calendar-event-tooltip-datetime\">\n\t\t<time datetime=\"2026-05-07\">\n\t\t<span class=\"tribe-event-date-start\">7 Maio<\/span> - <span class=\"tribe-event-date-end\">10 Maio<\/span>\t<\/time>\n\t<\/div>\n\t\t<div class=\"tribe-events-calendar-month__calendar-event-tooltip-title tribe-common-h7\">\n\t<a\n\t\thref=\"https:\/\/www.cgfmanet.org\/pt-pt\/event\/suor-leslie-sandigo-partecipa-al-congresso-mondiale-dei-salesiani-cooperatori-a-roma-fraterna-domus\/\"\n\t\ttitle=\"Suor Leslie S\u00e1ndigo partecipa al Congresso Mondiale dei Salesiani Cooperatori a Roma, Fraterna Domus.\"\n\t\trel=\"bookmark\"\n\t\tclass=\"tribe-events-calendar-month__calendar-event-tooltip-title-link tribe-common-anchor-thin\"\n\t>\n\t\tSuor Leslie S\u00e1ndigo partecipa al Congresso Mondiale dei Salesiani Cooperatori a Roma, Fraterna Domus.\t<\/a>\n<\/div>\n\t\t\t\t\t<\/div>\n<\/div>\n\t<\/article>\n<\/div>\n\n\n\t\t\t<\/div>\n\n\t\n<\/div>\n<\/td>\n\n\t\t\t\n\t\t\t\t<td\n\t class=\"tribe-events-calendar-month__day\" \taria-labelledby=\"tribe-events-calendar-day-2026-05-08\"\n\tdata-js=\"tribe-events-month-grid-cell\"\n>\n\t<button\n\taria-expanded=\"false\"\n\taria-controls=\"tribe-events-calendar-mobile-day-2026-05-8\"\n\taria-label=\"Maio 8, 4 eventos, upcoming day\"\n\t class=\"tribe-events-calendar-month__day-cell tribe-events-calendar-month__day-cell--mobile\" \tdata-js=\"tribe-events-calendar-month-day-cell-mobile\"\n>\n\t<h3 class=\"tribe-events-calendar-month__day-date tribe-common-h6 tribe-common-h--alt\">\n\t\t<span class=\"tribe-common-a11y-visual-hide\">\n\t\t\t4 eventos\t\t<\/span>\n\t\t<time\n\t\t\tclass=\"tribe-events-calendar-month__day-date-daynum\"\n\t\t\tdatetime=\"2026-05-08\"\n\t\t>\n\t\t\t8\t\t<\/time>\n\t<\/h3>\n\t\n\t<span class=\"tribe-events-calendar-month__mobile-events-icon tribe-events-calendar-month__mobile-events-icon--event\" >\n\t<\/span>\n<\/button>\n\t\n<div\n\tid=\"tribe-events-calendar-day-2026-05-08\"\n\tclass=\"tribe-events-calendar-month__day-cell tribe-events-calendar-month__day-cell--desktop tribe-common-a11y-hidden\"\n>\n\t\n<h3 class=\"tribe-events-calendar-month__day-date tribe-common-h4\">\n\t<span class=\"tribe-common-a11y-visual-hide\">\n\t\t4 eventos,\n\t<\/span>\n\t<time\n\t\tclass=\"tribe-events-calendar-month__day-date-daynum\"\n\t\tdatetime=\"2026-05-08\"\n\t>\n\t\t\t\t\t<a\n\t\t\t\thref=\"https:\/\/www.cgfmanet.org\/pt-pt\/eventos\/2026-05-08\/?shortcode=tribe-widget-events-month-17\"\n\t\t\t\tclass=\"tribe-events-calendar-month__day-date-link\"\n\t\t\t\tdata-js=\"tribe-events-view-link\"\n\t\t\t\taria-label=\"8 Maio\"\n\t\t\t>\n\t\t\t\t8\t\t\t<\/a>\n\t\t\t<\/time>\n<\/h3>\n\n\t<div class=\"tribe-events-calendar-month__events\">\n\t\t\n\t<div class=\"tribe-events-calendar-month__multiday-event-wrapper\">\n\t<article  class=\"tribe-events-calendar-month__multiday-event post-155261 tribe_events type-tribe_events status-publish tribe_events_cat-agenda-pt-pt tribe_events_cat-madre-geral cat_agenda-pt-pt cat_madre-geral\"  data-event-id=\"155261\">\n\t\t<div class=\"tribe-events-calendar-month__multiday-event-hidden\">\n\t<time\n\tdatetime=\"2026-05-07\"\n\tclass=\"tribe-common-a11y-visual-hide\"\n>\n\t2026-05-07<\/time>\n\t<a\n\thref=\"https:\/\/www.cgfmanet.org\/pt-pt\/event\/la-madre-partecipa-e-interviene-al-vi-congresso-mondiale-dei-salesiani-cooperatori-a-roma-presso-la-fraterna-domus-tema-essere-lievito-per-essere-fecondi\/\"\n\tclass=\"tribe-events-calendar-month__multiday-event-hidden-link\"\n\tdata-js=\"tribe-events-tooltip\"\n\tdata-tooltip-content=\"#tribe-events-tooltip-content-155261\"\n\taria-describedby=\"tribe-events-tooltip-content-155261\"\n>\n\t\t<div class=\"tribe-events-calendar-month__multiday-event-hidden-title tribe-common-h8\">\n\tLa Madre partecipa e interviene al VI Congresso Mondiale dei Salesiani Cooperatori a Roma, presso la Fraterna Domus. Tema: \u201cEssere lievito per essere fecondi\u201d.<\/div>\n<\/a>\n<\/div>\n\t\t\t<\/article>\n<\/div>\n\n\t<div class=\"tribe-events-calendar-month__multiday-event-wrapper\">\n\t<article  class=\"tribe-events-calendar-month__multiday-event post-151111 tribe_events type-tribe_events status-publish tribe_events_cat-agenda-pt-pt tribe_events_cat-conselheira-para-a-familia-salesiana cat_agenda-pt-pt cat_conselheira-para-a-familia-salesiana\"  data-event-id=\"151111\">\n\t\t<div class=\"tribe-events-calendar-month__multiday-event-hidden\">\n\t<time\n\tdatetime=\"2026-05-07\"\n\tclass=\"tribe-common-a11y-visual-hide\"\n>\n\t2026-05-07<\/time>\n\t<a\n\thref=\"https:\/\/www.cgfmanet.org\/pt-pt\/event\/suor-leslie-sandigo-partecipa-al-congresso-mondiale-dei-salesiani-cooperatori-a-roma-fraterna-domus\/\"\n\tclass=\"tribe-events-calendar-month__multiday-event-hidden-link\"\n\tdata-js=\"tribe-events-tooltip\"\n\tdata-tooltip-content=\"#tribe-events-tooltip-content-151111\"\n\taria-describedby=\"tribe-events-tooltip-content-151111\"\n>\n\t\t<div class=\"tribe-events-calendar-month__multiday-event-hidden-title tribe-common-h8\">\n\tSuor Leslie S\u00e1ndigo partecipa al Congresso Mondiale dei Salesiani Cooperatori a Roma, Fraterna Domus.<\/div>\n<\/a>\n<\/div>\n\t\t\t<\/article>\n<\/div>\n\n\t<div class=\"tribe-events-calendar-month__multiday-event-wrapper\">\n\t<article  class=\"tribe-events-calendar-month__multiday-event post-155281 tribe_events type-tribe_events status-publish tribe_events_cat-agenda-pt-pt tribe_events_cat-madre-geral cat_agenda-pt-pt cat_madre-geral tribe-events-calendar-month__multiday-event--width-3 tribe-events-calendar-month__multiday-event--display tribe-events-calendar-month__multiday-event--start\"  data-event-id=\"155281\">\n\t\t<div class=\"tribe-events-calendar-month__multiday-event-hidden\">\n\t<time\n\tdatetime=\"2026-05-08\"\n\tclass=\"tribe-common-a11y-visual-hide\"\n>\n\t2026-05-08<\/time>\n\t<a\n\thref=\"https:\/\/www.cgfmanet.org\/pt-pt\/event\/la-madre-partecipa-alle-celebrazione-del-centenario-della-presenza-delle-fma-dellispettoria-nostra-signora-dafrica-afc-a-lubumbashi-repubblica-democratica-del-c\/\"\n\tclass=\"tribe-events-calendar-month__multiday-event-hidden-link\"\n\tdata-js=\"tribe-events-tooltip\"\n\tdata-tooltip-content=\"#tribe-events-tooltip-content-155281\"\n\taria-describedby=\"tribe-events-tooltip-content-155281\"\n>\n\t\t<div class=\"tribe-events-calendar-month__multiday-event-hidden-title tribe-common-h8\">\n\tLa Madre partecipa alle Celebrazione del Centenario della presenza delle FMA dell\u2019Ispettoria \u201cNostra Signora d\u2019Africa\u201d (AFC). A Lubumbashi, Repubblica Democratica del Congo.<\/div>\n<\/a>\n<\/div>\n\t\t<div class=\"tribe-events-calendar-month__multiday-event-bar\">\n\t<div class=\"tribe-events-calendar-month__multiday-event-bar-inner\">\n\t\t\t\t<div class=\"tribe-events-calendar-month__multiday-event-bar-title tribe-common-h8\">\n\tLa Madre partecipa alle Celebrazione del Centenario della presenza delle FMA dell\u2019Ispettoria \u201cNostra Signora d\u2019Africa\u201d (AFC). A Lubumbashi, Repubblica Democratica del Congo.<\/div>\n\t<\/div>\n<\/div>\n<div class=\"tribe-events-calendar-month__calendar-event-tooltip-template tribe-common-a11y-hidden\">\n\t<div\n\t\tclass=\"tribe-events-calendar-month__calendar-event-tooltip\"\n\t\tid=\"tribe-events-tooltip-content-155281\"\n\t\trole=\"tooltip\"\n\t>\n\t\t\t\t<div class=\"tribe-events-calendar-month__calendar-event-tooltip-datetime\">\n\t\t<time datetime=\"2026-05-08\">\n\t\t<span class=\"tribe-event-date-start\">8 Maio<\/span> - <span class=\"tribe-event-date-end\">19 Maio<\/span>\t<\/time>\n\t<\/div>\n\t\t<div class=\"tribe-events-calendar-month__calendar-event-tooltip-title tribe-common-h7\">\n\t<a\n\t\thref=\"https:\/\/www.cgfmanet.org\/pt-pt\/event\/la-madre-partecipa-alle-celebrazione-del-centenario-della-presenza-delle-fma-dellispettoria-nostra-signora-dafrica-afc-a-lubumbashi-repubblica-democratica-del-c\/\"\n\t\ttitle=\"La Madre partecipa alle Celebrazione del Centenario della presenza delle FMA dell\u2019Ispettoria \u201cNostra Signora d\u2019Africa\u201d (AFC). A Lubumbashi, Repubblica Democratica del Congo.\"\n\t\trel=\"bookmark\"\n\t\tclass=\"tribe-events-calendar-month__calendar-event-tooltip-title-link tribe-common-anchor-thin\"\n\t>\n\t\tLa Madre partecipa alle Celebrazione del Centenario della presenza delle FMA dell\u2019Ispettoria \u201cNostra Signora d\u2019Africa\u201d (AFC). A Lubumbashi, Repubblica Democratica del Congo.\t<\/a>\n<\/div>\n\t\t\t\t\t<\/div>\n<\/div>\n\t<\/article>\n<\/div>\n\n\t<div class=\"tribe-events-calendar-month__multiday-event-wrapper\">\n\t<article  class=\"tribe-events-calendar-month__multiday-event post-156545 tribe_events type-tribe_events status-publish tribe_events_cat-agenda-pt-pt tribe_events_cat-conselheira-para-a-pastoral-juvenil cat_agenda-pt-pt cat_conselheira-para-a-pastoral-juvenil tribe-events-calendar-month__multiday-event--width-1 tribe-events-calendar-month__multiday-event--display tribe-events-calendar-month__multiday-event--start tribe-events-calendar-month__multiday-event--end\"  data-event-id=\"156545\">\n\t\t<div class=\"tribe-events-calendar-month__multiday-event-hidden\">\n\t<time\n\tdatetime=\"2026-05-08\"\n\tclass=\"tribe-common-a11y-visual-hide\"\n>\n\t2026-05-08<\/time>\n\t<a\n\thref=\"https:\/\/www.cgfmanet.org\/pt-pt\/event\/suor-runita-borja-con-le-collaboratrici-dellambito-pg-incontra-le-fma-partecipanti-del-corso-di-formazione-permanente-missionaria-a-roma-casa-generalizia\/\"\n\tclass=\"tribe-events-calendar-month__multiday-event-hidden-link\"\n\tdata-js=\"tribe-events-tooltip\"\n\tdata-tooltip-content=\"#tribe-events-tooltip-content-156545\"\n\taria-describedby=\"tribe-events-tooltip-content-156545\"\n>\n\t\t<div class=\"tribe-events-calendar-month__multiday-event-hidden-title tribe-common-h8\">\n\tSuor Runita Borja, con le collaboratrici dell\u2019Ambito PG, incontra le FMA partecipanti del Corso di Formazione Permanente Missionaria. A Roma, Casa generalizia.<\/div>\n<\/a>\n<\/div>\n\t\t<div class=\"tribe-events-calendar-month__multiday-event-bar\">\n\t<div class=\"tribe-events-calendar-month__multiday-event-bar-inner\">\n\t\t\t\t<div class=\"tribe-events-calendar-month__multiday-event-bar-title tribe-common-h8\">\n\tSuor Runita Borja, con le collaboratrici dell\u2019Ambito PG, incontra le FMA partecipanti del Corso di Formazione Permanente Missionaria. A Roma, Casa generalizia.<\/div>\n\t<\/div>\n<\/div>\n<div class=\"tribe-events-calendar-month__calendar-event-tooltip-template tribe-common-a11y-hidden\">\n\t<div\n\t\tclass=\"tribe-events-calendar-month__calendar-event-tooltip\"\n\t\tid=\"tribe-events-tooltip-content-156545\"\n\t\trole=\"tooltip\"\n\t>\n\t\t\t\t<div class=\"tribe-events-calendar-month__calendar-event-tooltip-datetime\">\n\t\t<time datetime=\"2026-05-08\">\n\t\t<span class=\"tribe-event-date-start\">8 Maio<\/span>\t<\/time>\n\t<\/div>\n\t\t<div class=\"tribe-events-calendar-month__calendar-event-tooltip-title tribe-common-h7\">\n\t<a\n\t\thref=\"https:\/\/www.cgfmanet.org\/pt-pt\/event\/suor-runita-borja-con-le-collaboratrici-dellambito-pg-incontra-le-fma-partecipanti-del-corso-di-formazione-permanente-missionaria-a-roma-casa-generalizia\/\"\n\t\ttitle=\"Suor Runita Borja, con le collaboratrici dell\u2019Ambito PG, incontra le FMA partecipanti del Corso di Formazione Permanente Missionaria. A Roma, Casa generalizia.\"\n\t\trel=\"bookmark\"\n\t\tclass=\"tribe-events-calendar-month__calendar-event-tooltip-title-link tribe-common-anchor-thin\"\n\t>\n\t\tSuor Runita Borja, con le collaboratrici dell\u2019Ambito PG, incontra le FMA partecipanti del Corso di Formazione Permanente Missionaria. A Roma, Casa generalizia.\t<\/a>\n<\/div>\n\t\t\t\t\t<\/div>\n<\/div>\n\t<\/article>\n<\/div>\n\n\n\t\t\t<\/div>\n\n\t\n<\/div>\n<\/td>\n\n\t\t\t\n\t\t\t\t<td\n\t class=\"tribe-events-calendar-month__day\" \taria-labelledby=\"tribe-events-calendar-day-2026-05-09\"\n\tdata-js=\"tribe-events-month-grid-cell\"\n>\n\t<button\n\taria-expanded=\"false\"\n\taria-controls=\"tribe-events-calendar-mobile-day-2026-05-9\"\n\taria-label=\"Maio 9, 4 eventos, upcoming day\"\n\t class=\"tribe-events-calendar-month__day-cell tribe-events-calendar-month__day-cell--mobile\" \tdata-js=\"tribe-events-calendar-month-day-cell-mobile\"\n>\n\t<h3 class=\"tribe-events-calendar-month__day-date tribe-common-h6 tribe-common-h--alt\">\n\t\t<span class=\"tribe-common-a11y-visual-hide\">\n\t\t\t4 eventos\t\t<\/span>\n\t\t<time\n\t\t\tclass=\"tribe-events-calendar-month__day-date-daynum\"\n\t\t\tdatetime=\"2026-05-09\"\n\t\t>\n\t\t\t9\t\t<\/time>\n\t<\/h3>\n\t\n\t<span class=\"tribe-events-calendar-month__mobile-events-icon tribe-events-calendar-month__mobile-events-icon--event\" >\n\t<\/span>\n<\/button>\n\t\n<div\n\tid=\"tribe-events-calendar-day-2026-05-09\"\n\tclass=\"tribe-events-calendar-month__day-cell tribe-events-calendar-month__day-cell--desktop tribe-common-a11y-hidden\"\n>\n\t\n<h3 class=\"tribe-events-calendar-month__day-date tribe-common-h4\">\n\t<span class=\"tribe-common-a11y-visual-hide\">\n\t\t4 eventos,\n\t<\/span>\n\t<time\n\t\tclass=\"tribe-events-calendar-month__day-date-daynum\"\n\t\tdatetime=\"2026-05-09\"\n\t>\n\t\t\t\t\t<a\n\t\t\t\thref=\"https:\/\/www.cgfmanet.org\/pt-pt\/eventos\/2026-05-09\/?shortcode=tribe-widget-events-month-17\"\n\t\t\t\tclass=\"tribe-events-calendar-month__day-date-link\"\n\t\t\t\tdata-js=\"tribe-events-view-link\"\n\t\t\t\taria-label=\"9 Maio\"\n\t\t\t>\n\t\t\t\t9\t\t\t<\/a>\n\t\t\t<\/time>\n<\/h3>\n\n\t<div class=\"tribe-events-calendar-month__events\">\n\t\t\n\t<div class=\"tribe-events-calendar-month__multiday-event-wrapper\">\n\t<article  class=\"tribe-events-calendar-month__multiday-event post-155261 tribe_events type-tribe_events status-publish tribe_events_cat-agenda-pt-pt tribe_events_cat-madre-geral cat_agenda-pt-pt cat_madre-geral\"  data-event-id=\"155261\">\n\t\t<div class=\"tribe-events-calendar-month__multiday-event-hidden\">\n\t<time\n\tdatetime=\"2026-05-07\"\n\tclass=\"tribe-common-a11y-visual-hide\"\n>\n\t2026-05-07<\/time>\n\t<a\n\thref=\"https:\/\/www.cgfmanet.org\/pt-pt\/event\/la-madre-partecipa-e-interviene-al-vi-congresso-mondiale-dei-salesiani-cooperatori-a-roma-presso-la-fraterna-domus-tema-essere-lievito-per-essere-fecondi\/\"\n\tclass=\"tribe-events-calendar-month__multiday-event-hidden-link\"\n\tdata-js=\"tribe-events-tooltip\"\n\tdata-tooltip-content=\"#tribe-events-tooltip-content-155261\"\n\taria-describedby=\"tribe-events-tooltip-content-155261\"\n>\n\t\t<div class=\"tribe-events-calendar-month__multiday-event-hidden-title tribe-common-h8\">\n\tLa Madre partecipa e interviene al VI Congresso Mondiale dei Salesiani Cooperatori a Roma, presso la Fraterna Domus. Tema: \u201cEssere lievito per essere fecondi\u201d.<\/div>\n<\/a>\n<\/div>\n\t\t\t<\/article>\n<\/div>\n\n\t<div class=\"tribe-events-calendar-month__multiday-event-wrapper\">\n\t<article  class=\"tribe-events-calendar-month__multiday-event post-151111 tribe_events type-tribe_events status-publish tribe_events_cat-agenda-pt-pt tribe_events_cat-conselheira-para-a-familia-salesiana cat_agenda-pt-pt cat_conselheira-para-a-familia-salesiana\"  data-event-id=\"151111\">\n\t\t<div class=\"tribe-events-calendar-month__multiday-event-hidden\">\n\t<time\n\tdatetime=\"2026-05-07\"\n\tclass=\"tribe-common-a11y-visual-hide\"\n>\n\t2026-05-07<\/time>\n\t<a\n\thref=\"https:\/\/www.cgfmanet.org\/pt-pt\/event\/suor-leslie-sandigo-partecipa-al-congresso-mondiale-dei-salesiani-cooperatori-a-roma-fraterna-domus\/\"\n\tclass=\"tribe-events-calendar-month__multiday-event-hidden-link\"\n\tdata-js=\"tribe-events-tooltip\"\n\tdata-tooltip-content=\"#tribe-events-tooltip-content-151111\"\n\taria-describedby=\"tribe-events-tooltip-content-151111\"\n>\n\t\t<div class=\"tribe-events-calendar-month__multiday-event-hidden-title tribe-common-h8\">\n\tSuor Leslie S\u00e1ndigo partecipa al Congresso Mondiale dei Salesiani Cooperatori a Roma, Fraterna Domus.<\/div>\n<\/a>\n<\/div>\n\t\t\t<\/article>\n<\/div>\n\n\t<div class=\"tribe-events-calendar-month__multiday-event-wrapper\">\n\t<article  class=\"tribe-events-calendar-month__multiday-event post-155281 tribe_events type-tribe_events status-publish tribe_events_cat-agenda-pt-pt tribe_events_cat-madre-geral cat_agenda-pt-pt cat_madre-geral\"  data-event-id=\"155281\">\n\t\t<div class=\"tribe-events-calendar-month__multiday-event-hidden\">\n\t<time\n\tdatetime=\"2026-05-08\"\n\tclass=\"tribe-common-a11y-visual-hide\"\n>\n\t2026-05-08<\/time>\n\t<a\n\thref=\"https:\/\/www.cgfmanet.org\/pt-pt\/event\/la-madre-partecipa-alle-celebrazione-del-centenario-della-presenza-delle-fma-dellispettoria-nostra-signora-dafrica-afc-a-lubumbashi-repubblica-democratica-del-c\/\"\n\tclass=\"tribe-events-calendar-month__multiday-event-hidden-link\"\n\tdata-js=\"tribe-events-tooltip\"\n\tdata-tooltip-content=\"#tribe-events-tooltip-content-155281\"\n\taria-describedby=\"tribe-events-tooltip-content-155281\"\n>\n\t\t<div class=\"tribe-events-calendar-month__multiday-event-hidden-title tribe-common-h8\">\n\tLa Madre partecipa alle Celebrazione del Centenario della presenza delle FMA dell\u2019Ispettoria \u201cNostra Signora d\u2019Africa\u201d (AFC). A Lubumbashi, Repubblica Democratica del Congo.<\/div>\n<\/a>\n<\/div>\n\t\t\t<\/article>\n<\/div>\n\n\t<div class=\"tribe-events-calendar-month__multiday-event-wrapper\">\n\t<article  class=\"tribe-events-calendar-month__multiday-event post-155342 tribe_events type-tribe_events status-publish tribe_events_cat-agenda-pt-pt tribe_events_cat-conselheira-para-a-formacao cat_agenda-pt-pt cat_conselheira-para-a-formacao tribe-events-calendar-month__multiday-event--width-1 tribe-events-calendar-month__multiday-event--display tribe-events-calendar-month__multiday-event--start tribe-events-calendar-month__multiday-event--end\"  data-event-id=\"155342\">\n\t\t<div class=\"tribe-events-calendar-month__multiday-event-hidden\">\n\t<time\n\tdatetime=\"2026-05-09\"\n\tclass=\"tribe-common-a11y-visual-hide\"\n>\n\t2026-05-09<\/time>\n\t<a\n\thref=\"https:\/\/www.cgfmanet.org\/pt-pt\/event\/suor-nilza-fatima-de-moraes-coordina-il-raduno-online-con-le-sorelle-del-gruppo-di-stesura-del-progetto-formativo\/\"\n\tclass=\"tribe-events-calendar-month__multiday-event-hidden-link\"\n\tdata-js=\"tribe-events-tooltip\"\n\tdata-tooltip-content=\"#tribe-events-tooltip-content-155342\"\n\taria-describedby=\"tribe-events-tooltip-content-155342\"\n>\n\t\t<div class=\"tribe-events-calendar-month__multiday-event-hidden-title tribe-common-h8\">\n\tSuor Nilza F\u00e1tima de Moraes coordina il raduno online con le sorelle del gruppo di stesura del Progetto formativo.<\/div>\n<\/a>\n<\/div>\n\t\t<div class=\"tribe-events-calendar-month__multiday-event-bar\">\n\t<div class=\"tribe-events-calendar-month__multiday-event-bar-inner\">\n\t\t\t\t<div class=\"tribe-events-calendar-month__multiday-event-bar-title tribe-common-h8\">\n\tSuor Nilza F\u00e1tima de Moraes coordina il raduno online con le sorelle del gruppo di stesura del Progetto formativo.<\/div>\n\t<\/div>\n<\/div>\n<div class=\"tribe-events-calendar-month__calendar-event-tooltip-template tribe-common-a11y-hidden\">\n\t<div\n\t\tclass=\"tribe-events-calendar-month__calendar-event-tooltip\"\n\t\tid=\"tribe-events-tooltip-content-155342\"\n\t\trole=\"tooltip\"\n\t>\n\t\t\t\t<div class=\"tribe-events-calendar-month__calendar-event-tooltip-datetime\">\n\t\t<time datetime=\"2026-05-09\">\n\t\t<span class=\"tribe-event-date-start\">9 Maio<\/span>\t<\/time>\n\t<\/div>\n\t\t<div class=\"tribe-events-calendar-month__calendar-event-tooltip-title tribe-common-h7\">\n\t<a\n\t\thref=\"https:\/\/www.cgfmanet.org\/pt-pt\/event\/suor-nilza-fatima-de-moraes-coordina-il-raduno-online-con-le-sorelle-del-gruppo-di-stesura-del-progetto-formativo\/\"\n\t\ttitle=\"Suor Nilza F\u00e1tima de Moraes coordina il raduno online con le sorelle del gruppo di stesura del Progetto formativo.\"\n\t\trel=\"bookmark\"\n\t\tclass=\"tribe-events-calendar-month__calendar-event-tooltip-title-link tribe-common-anchor-thin\"\n\t>\n\t\tSuor Nilza F\u00e1tima de Moraes coordina il raduno online con le sorelle del gruppo di stesura del Progetto formativo.\t<\/a>\n<\/div>\n\t\t\t\t\t<\/div>\n<\/div>\n\t<\/article>\n<\/div>\n\n\n\t\t\t<\/div>\n\n\t\n<\/div>\n<\/td>\n\n\t\t\t\n\t\t\t\t<td\n\t class=\"tribe-events-calendar-month__day\" \taria-labelledby=\"tribe-events-calendar-day-2026-05-10\"\n\tdata-js=\"tribe-events-month-grid-cell\"\n>\n\t<button\n\taria-expanded=\"false\"\n\taria-controls=\"tribe-events-calendar-mobile-day-2026-05-10\"\n\taria-label=\"Maio 10, 3 eventos, upcoming day\"\n\t class=\"tribe-events-calendar-month__day-cell tribe-events-calendar-month__day-cell--mobile\" \tdata-js=\"tribe-events-calendar-month-day-cell-mobile\"\n>\n\t<h3 class=\"tribe-events-calendar-month__day-date tribe-common-h6 tribe-common-h--alt\">\n\t\t<span class=\"tribe-common-a11y-visual-hide\">\n\t\t\t3 eventos\t\t<\/span>\n\t\t<time\n\t\t\tclass=\"tribe-events-calendar-month__day-date-daynum\"\n\t\t\tdatetime=\"2026-05-10\"\n\t\t>\n\t\t\t10\t\t<\/time>\n\t<\/h3>\n\t\n\t<span class=\"tribe-events-calendar-month__mobile-events-icon tribe-events-calendar-month__mobile-events-icon--event\" >\n\t<\/span>\n<\/button>\n\t\n<div\n\tid=\"tribe-events-calendar-day-2026-05-10\"\n\tclass=\"tribe-events-calendar-month__day-cell tribe-events-calendar-month__day-cell--desktop tribe-common-a11y-hidden\"\n>\n\t\n<h3 class=\"tribe-events-calendar-month__day-date tribe-common-h4\">\n\t<span class=\"tribe-common-a11y-visual-hide\">\n\t\t3 eventos,\n\t<\/span>\n\t<time\n\t\tclass=\"tribe-events-calendar-month__day-date-daynum\"\n\t\tdatetime=\"2026-05-10\"\n\t>\n\t\t\t\t\t<a\n\t\t\t\thref=\"https:\/\/www.cgfmanet.org\/pt-pt\/eventos\/2026-05-10\/?shortcode=tribe-widget-events-month-17\"\n\t\t\t\tclass=\"tribe-events-calendar-month__day-date-link\"\n\t\t\t\tdata-js=\"tribe-events-view-link\"\n\t\t\t\taria-label=\"10 Maio\"\n\t\t\t>\n\t\t\t\t10\t\t\t<\/a>\n\t\t\t<\/time>\n<\/h3>\n\n\t<div class=\"tribe-events-calendar-month__events\">\n\t\t\n\t<div class=\"tribe-events-calendar-month__multiday-event-wrapper\">\n\t<article  class=\"tribe-events-calendar-month__multiday-event post-155261 tribe_events type-tribe_events status-publish tribe_events_cat-agenda-pt-pt tribe_events_cat-madre-geral cat_agenda-pt-pt cat_madre-geral\"  data-event-id=\"155261\">\n\t\t<div class=\"tribe-events-calendar-month__multiday-event-hidden\">\n\t<time\n\tdatetime=\"2026-05-07\"\n\tclass=\"tribe-common-a11y-visual-hide\"\n>\n\t2026-05-07<\/time>\n\t<a\n\thref=\"https:\/\/www.cgfmanet.org\/pt-pt\/event\/la-madre-partecipa-e-interviene-al-vi-congresso-mondiale-dei-salesiani-cooperatori-a-roma-presso-la-fraterna-domus-tema-essere-lievito-per-essere-fecondi\/\"\n\tclass=\"tribe-events-calendar-month__multiday-event-hidden-link\"\n\tdata-js=\"tribe-events-tooltip\"\n\tdata-tooltip-content=\"#tribe-events-tooltip-content-155261\"\n\taria-describedby=\"tribe-events-tooltip-content-155261\"\n>\n\t\t<div class=\"tribe-events-calendar-month__multiday-event-hidden-title tribe-common-h8\">\n\tLa Madre partecipa e interviene al VI Congresso Mondiale dei Salesiani Cooperatori a Roma, presso la Fraterna Domus. Tema: \u201cEssere lievito per essere fecondi\u201d.<\/div>\n<\/a>\n<\/div>\n\t\t\t<\/article>\n<\/div>\n\n\t<div class=\"tribe-events-calendar-month__multiday-event-wrapper\">\n\t<article  class=\"tribe-events-calendar-month__multiday-event post-151111 tribe_events type-tribe_events status-publish tribe_events_cat-agenda-pt-pt tribe_events_cat-conselheira-para-a-familia-salesiana cat_agenda-pt-pt cat_conselheira-para-a-familia-salesiana\"  data-event-id=\"151111\">\n\t\t<div class=\"tribe-events-calendar-month__multiday-event-hidden\">\n\t<time\n\tdatetime=\"2026-05-07\"\n\tclass=\"tribe-common-a11y-visual-hide\"\n>\n\t2026-05-07<\/time>\n\t<a\n\thref=\"https:\/\/www.cgfmanet.org\/pt-pt\/event\/suor-leslie-sandigo-partecipa-al-congresso-mondiale-dei-salesiani-cooperatori-a-roma-fraterna-domus\/\"\n\tclass=\"tribe-events-calendar-month__multiday-event-hidden-link\"\n\tdata-js=\"tribe-events-tooltip\"\n\tdata-tooltip-content=\"#tribe-events-tooltip-content-151111\"\n\taria-describedby=\"tribe-events-tooltip-content-151111\"\n>\n\t\t<div class=\"tribe-events-calendar-month__multiday-event-hidden-title tribe-common-h8\">\n\tSuor Leslie S\u00e1ndigo partecipa al Congresso Mondiale dei Salesiani Cooperatori a Roma, Fraterna Domus.<\/div>\n<\/a>\n<\/div>\n\t\t\t<\/article>\n<\/div>\n\n\t<div class=\"tribe-events-calendar-month__multiday-event-wrapper\">\n\t<article  class=\"tribe-events-calendar-month__multiday-event post-155281 tribe_events type-tribe_events status-publish tribe_events_cat-agenda-pt-pt tribe_events_cat-madre-geral cat_agenda-pt-pt cat_madre-geral\"  data-event-id=\"155281\">\n\t\t<div class=\"tribe-events-calendar-month__multiday-event-hidden\">\n\t<time\n\tdatetime=\"2026-05-08\"\n\tclass=\"tribe-common-a11y-visual-hide\"\n>\n\t2026-05-08<\/time>\n\t<a\n\thref=\"https:\/\/www.cgfmanet.org\/pt-pt\/event\/la-madre-partecipa-alle-celebrazione-del-centenario-della-presenza-delle-fma-dellispettoria-nostra-signora-dafrica-afc-a-lubumbashi-repubblica-democratica-del-c\/\"\n\tclass=\"tribe-events-calendar-month__multiday-event-hidden-link\"\n\tdata-js=\"tribe-events-tooltip\"\n\tdata-tooltip-content=\"#tribe-events-tooltip-content-155281\"\n\taria-describedby=\"tribe-events-tooltip-content-155281\"\n>\n\t\t<div class=\"tribe-events-calendar-month__multiday-event-hidden-title tribe-common-h8\">\n\tLa Madre partecipa alle Celebrazione del Centenario della presenza delle FMA dell\u2019Ispettoria \u201cNostra Signora d\u2019Africa\u201d (AFC). A Lubumbashi, Repubblica Democratica del Congo.<\/div>\n<\/a>\n<\/div>\n\t\t\t<\/article>\n<\/div>\n\n\n\t\t\t<\/div>\n\n\t\n<\/div>\n<\/td>\n\n\t\t\t\t\t<\/tr>\n\t\t\t<tr class=\"tribe-events-calendar-month__week\" data-js=\"tribe-events-month-grid-row\">\n\t\t\t\n\t\t\t\t<td\n\t class=\"tribe-events-calendar-month__day\" \taria-labelledby=\"tribe-events-calendar-day-2026-05-11\"\n\tdata-js=\"tribe-events-month-grid-cell\"\n>\n\t<button\n\taria-expanded=\"false\"\n\taria-controls=\"tribe-events-calendar-mobile-day-2026-05-11\"\n\taria-label=\"Maio 11, 2 eventos, upcoming day\"\n\t class=\"tribe-events-calendar-month__day-cell tribe-events-calendar-month__day-cell--mobile\" \tdata-js=\"tribe-events-calendar-month-day-cell-mobile\"\n>\n\t<h3 class=\"tribe-events-calendar-month__day-date tribe-common-h6 tribe-common-h--alt\">\n\t\t<span class=\"tribe-common-a11y-visual-hide\">\n\t\t\t2 eventos\t\t<\/span>\n\t\t<time\n\t\t\tclass=\"tribe-events-calendar-month__day-date-daynum\"\n\t\t\tdatetime=\"2026-05-11\"\n\t\t>\n\t\t\t11\t\t<\/time>\n\t<\/h3>\n\t\n\t<span class=\"tribe-events-calendar-month__mobile-events-icon tribe-events-calendar-month__mobile-events-icon--event\" >\n\t<\/span>\n<\/button>\n\t\n<div\n\tid=\"tribe-events-calendar-day-2026-05-11\"\n\tclass=\"tribe-events-calendar-month__day-cell tribe-events-calendar-month__day-cell--desktop tribe-common-a11y-hidden\"\n>\n\t\n<h3 class=\"tribe-events-calendar-month__day-date tribe-common-h4\">\n\t<span class=\"tribe-common-a11y-visual-hide\">\n\t\t2 eventos,\n\t<\/span>\n\t<time\n\t\tclass=\"tribe-events-calendar-month__day-date-daynum\"\n\t\tdatetime=\"2026-05-11\"\n\t>\n\t\t\t\t\t<a\n\t\t\t\thref=\"https:\/\/www.cgfmanet.org\/pt-pt\/eventos\/2026-05-11\/?shortcode=tribe-widget-events-month-17\"\n\t\t\t\tclass=\"tribe-events-calendar-month__day-date-link\"\n\t\t\t\tdata-js=\"tribe-events-view-link\"\n\t\t\t\taria-label=\"11 Maio\"\n\t\t\t>\n\t\t\t\t11\t\t\t<\/a>\n\t\t\t<\/time>\n<\/h3>\n\n\t<div class=\"tribe-events-calendar-month__events\">\n\t\t\n\t<div class=\"tribe-events-calendar-month__multiday-event-wrapper\">\n\t<article  class=\"tribe-events-calendar-month__multiday-event post-155281 tribe_events type-tribe_events status-publish tribe_events_cat-agenda-pt-pt tribe_events_cat-madre-geral cat_agenda-pt-pt cat_madre-geral tribe-events-calendar-month__multiday-event--width-7 tribe-events-calendar-month__multiday-event--display\"  data-event-id=\"155281\">\n\t\t<div class=\"tribe-events-calendar-month__multiday-event-hidden\">\n\t<time\n\tdatetime=\"2026-05-08\"\n\tclass=\"tribe-common-a11y-visual-hide\"\n>\n\t2026-05-08<\/time>\n\t<a\n\thref=\"https:\/\/www.cgfmanet.org\/pt-pt\/event\/la-madre-partecipa-alle-celebrazione-del-centenario-della-presenza-delle-fma-dellispettoria-nostra-signora-dafrica-afc-a-lubumbashi-repubblica-democratica-del-c\/\"\n\tclass=\"tribe-events-calendar-month__multiday-event-hidden-link\"\n\tdata-js=\"tribe-events-tooltip\"\n\tdata-tooltip-content=\"#tribe-events-tooltip-content-155281\"\n\taria-describedby=\"tribe-events-tooltip-content-155281\"\n>\n\t\t<div class=\"tribe-events-calendar-month__multiday-event-hidden-title tribe-common-h8\">\n\tLa Madre partecipa alle Celebrazione del Centenario della presenza delle FMA dell\u2019Ispettoria \u201cNostra Signora d\u2019Africa\u201d (AFC). A Lubumbashi, Repubblica Democratica del Congo.<\/div>\n<\/a>\n<\/div>\n\t\t<div class=\"tribe-events-calendar-month__multiday-event-bar\">\n\t<div class=\"tribe-events-calendar-month__multiday-event-bar-inner\">\n\t\t\t\t<div class=\"tribe-events-calendar-month__multiday-event-bar-title tribe-common-h8\">\n\tLa Madre partecipa alle Celebrazione del Centenario della presenza delle FMA dell\u2019Ispettoria \u201cNostra Signora d\u2019Africa\u201d (AFC). A Lubumbashi, Repubblica Democratica del Congo.<\/div>\n\t<\/div>\n<\/div>\n\t<\/article>\n<\/div>\n\n\t<div class=\"tribe-events-calendar-month__multiday-event-wrapper\">\n\t<article  class=\"tribe-events-calendar-month__multiday-event post-150896 tribe_events type-tribe_events status-publish tribe_events_cat-agenda-pt-pt tribe_events_cat-conselheira-para-as-missoes cat_agenda-pt-pt cat_conselheira-para-as-missoes tribe-events-calendar-month__multiday-event--width-7 tribe-events-calendar-month__multiday-event--display tribe-events-calendar-month__multiday-event--start\"  data-event-id=\"150896\">\n\t\t<div class=\"tribe-events-calendar-month__multiday-event-hidden\">\n\t<time\n\tdatetime=\"2026-05-11\"\n\tclass=\"tribe-common-a11y-visual-hide\"\n>\n\t2026-05-11<\/time>\n\t<a\n\thref=\"https:\/\/www.cgfmanet.org\/pt-pt\/event\/esercizi-spirituali-per-le-partecipanti-al-corso-di-formazione-permanente-missionaria-e-le-neo-missionarie-a-mornese-2\/\"\n\tclass=\"tribe-events-calendar-month__multiday-event-hidden-link\"\n\tdata-js=\"tribe-events-tooltip\"\n\tdata-tooltip-content=\"#tribe-events-tooltip-content-150896\"\n\taria-describedby=\"tribe-events-tooltip-content-150896\"\n>\n\t\t<div class=\"tribe-events-calendar-month__multiday-event-hidden-title tribe-common-h8\">\n\tEsercizi Spirituali per le partecipanti al Corso di Formazione Permanente Missionaria e le neo missionarie, a Mornese.<\/div>\n<\/a>\n<\/div>\n\t\t<div class=\"tribe-events-calendar-month__multiday-event-bar\">\n\t<div class=\"tribe-events-calendar-month__multiday-event-bar-inner\">\n\t\t\t\t<div class=\"tribe-events-calendar-month__multiday-event-bar-title tribe-common-h8\">\n\tEsercizi Spirituali per le partecipanti al Corso di Formazione Permanente Missionaria e le neo missionarie, a Mornese.<\/div>\n\t<\/div>\n<\/div>\n<div class=\"tribe-events-calendar-month__calendar-event-tooltip-template tribe-common-a11y-hidden\">\n\t<div\n\t\tclass=\"tribe-events-calendar-month__calendar-event-tooltip\"\n\t\tid=\"tribe-events-tooltip-content-150896\"\n\t\trole=\"tooltip\"\n\t>\n\t\t\t\t<div class=\"tribe-events-calendar-month__calendar-event-tooltip-datetime\">\n\t\t<time datetime=\"2026-05-11\">\n\t\t<span class=\"tribe-event-date-start\">11 Maio<\/span> - <span class=\"tribe-event-date-end\">18 Maio<\/span>\t<\/time>\n\t<\/div>\n\t\t<div class=\"tribe-events-calendar-month__calendar-event-tooltip-title tribe-common-h7\">\n\t<a\n\t\thref=\"https:\/\/www.cgfmanet.org\/pt-pt\/event\/esercizi-spirituali-per-le-partecipanti-al-corso-di-formazione-permanente-missionaria-e-le-neo-missionarie-a-mornese-2\/\"\n\t\ttitle=\"Esercizi Spirituali per le partecipanti al Corso di Formazione Permanente Missionaria e le neo missionarie, a Mornese.\"\n\t\trel=\"bookmark\"\n\t\tclass=\"tribe-events-calendar-month__calendar-event-tooltip-title-link tribe-common-anchor-thin\"\n\t>\n\t\tEsercizi Spirituali per le partecipanti al Corso di Formazione Permanente Missionaria e le neo missionarie, a Mornese.\t<\/a>\n<\/div>\n\t\t\t\t\t<\/div>\n<\/div>\n\t<\/article>\n<\/div>\n\n\n\t\t\t<\/div>\n\n\t\n<\/div>\n<\/td>\n\n\t\t\t\n\t\t\t\t<td\n\t class=\"tribe-events-calendar-month__day\" \taria-labelledby=\"tribe-events-calendar-day-2026-05-12\"\n\tdata-js=\"tribe-events-month-grid-cell\"\n>\n\t<button\n\taria-expanded=\"false\"\n\taria-controls=\"tribe-events-calendar-mobile-day-2026-05-12\"\n\taria-label=\"Maio 12, 2 eventos, upcoming day\"\n\t class=\"tribe-events-calendar-month__day-cell tribe-events-calendar-month__day-cell--mobile\" \tdata-js=\"tribe-events-calendar-month-day-cell-mobile\"\n>\n\t<h3 class=\"tribe-events-calendar-month__day-date tribe-common-h6 tribe-common-h--alt\">\n\t\t<span class=\"tribe-common-a11y-visual-hide\">\n\t\t\t2 eventos\t\t<\/span>\n\t\t<time\n\t\t\tclass=\"tribe-events-calendar-month__day-date-daynum\"\n\t\t\tdatetime=\"2026-05-12\"\n\t\t>\n\t\t\t12\t\t<\/time>\n\t<\/h3>\n\t\n\t<span class=\"tribe-events-calendar-month__mobile-events-icon tribe-events-calendar-month__mobile-events-icon--event\" >\n\t<\/span>\n<\/button>\n\t\n<div\n\tid=\"tribe-events-calendar-day-2026-05-12\"\n\tclass=\"tribe-events-calendar-month__day-cell tribe-events-calendar-month__day-cell--desktop tribe-common-a11y-hidden\"\n>\n\t\n<h3 class=\"tribe-events-calendar-month__day-date tribe-common-h4\">\n\t<span class=\"tribe-common-a11y-visual-hide\">\n\t\t2 eventos,\n\t<\/span>\n\t<time\n\t\tclass=\"tribe-events-calendar-month__day-date-daynum\"\n\t\tdatetime=\"2026-05-12\"\n\t>\n\t\t\t\t\t<a\n\t\t\t\thref=\"https:\/\/www.cgfmanet.org\/pt-pt\/eventos\/2026-05-12\/?shortcode=tribe-widget-events-month-17\"\n\t\t\t\tclass=\"tribe-events-calendar-month__day-date-link\"\n\t\t\t\tdata-js=\"tribe-events-view-link\"\n\t\t\t\taria-label=\"12 Maio\"\n\t\t\t>\n\t\t\t\t12\t\t\t<\/a>\n\t\t\t<\/time>\n<\/h3>\n\n\t<div class=\"tribe-events-calendar-month__events\">\n\t\t\n\t<div class=\"tribe-events-calendar-month__multiday-event-wrapper\">\n\t<article  class=\"tribe-events-calendar-month__multiday-event post-155281 tribe_events type-tribe_events status-publish tribe_events_cat-agenda-pt-pt tribe_events_cat-madre-geral cat_agenda-pt-pt cat_madre-geral\"  data-event-id=\"155281\">\n\t\t<div class=\"tribe-events-calendar-month__multiday-event-hidden\">\n\t<time\n\tdatetime=\"2026-05-08\"\n\tclass=\"tribe-common-a11y-visual-hide\"\n>\n\t2026-05-08<\/time>\n\t<a\n\thref=\"https:\/\/www.cgfmanet.org\/pt-pt\/event\/la-madre-partecipa-alle-celebrazione-del-centenario-della-presenza-delle-fma-dellispettoria-nostra-signora-dafrica-afc-a-lubumbashi-repubblica-democratica-del-c\/\"\n\tclass=\"tribe-events-calendar-month__multiday-event-hidden-link\"\n\tdata-js=\"tribe-events-tooltip\"\n\tdata-tooltip-content=\"#tribe-events-tooltip-content-155281\"\n\taria-describedby=\"tribe-events-tooltip-content-155281\"\n>\n\t\t<div class=\"tribe-events-calendar-month__multiday-event-hidden-title tribe-common-h8\">\n\tLa Madre partecipa alle Celebrazione del Centenario della presenza delle FMA dell\u2019Ispettoria \u201cNostra Signora d\u2019Africa\u201d (AFC). A Lubumbashi, Repubblica Democratica del Congo.<\/div>\n<\/a>\n<\/div>\n\t\t\t<\/article>\n<\/div>\n\n\t<div class=\"tribe-events-calendar-month__multiday-event-wrapper\">\n\t<article  class=\"tribe-events-calendar-month__multiday-event post-150896 tribe_events type-tribe_events status-publish tribe_events_cat-agenda-pt-pt tribe_events_cat-conselheira-para-as-missoes cat_agenda-pt-pt cat_conselheira-para-as-missoes\"  data-event-id=\"150896\">\n\t\t<div class=\"tribe-events-calendar-month__multiday-event-hidden\">\n\t<time\n\tdatetime=\"2026-05-11\"\n\tclass=\"tribe-common-a11y-visual-hide\"\n>\n\t2026-05-11<\/time>\n\t<a\n\thref=\"https:\/\/www.cgfmanet.org\/pt-pt\/event\/esercizi-spirituali-per-le-partecipanti-al-corso-di-formazione-permanente-missionaria-e-le-neo-missionarie-a-mornese-2\/\"\n\tclass=\"tribe-events-calendar-month__multiday-event-hidden-link\"\n\tdata-js=\"tribe-events-tooltip\"\n\tdata-tooltip-content=\"#tribe-events-tooltip-content-150896\"\n\taria-describedby=\"tribe-events-tooltip-content-150896\"\n>\n\t\t<div class=\"tribe-events-calendar-month__multiday-event-hidden-title tribe-common-h8\">\n\tEsercizi Spirituali per le partecipanti al Corso di Formazione Permanente Missionaria e le neo missionarie, a Mornese.<\/div>\n<\/a>\n<\/div>\n\t\t\t<\/article>\n<\/div>\n\n\n\t\t\t<\/div>\n\n\t\n<\/div>\n<\/td>\n\n\t\t\t\n\t\t\t\t<td\n\t class=\"tribe-events-calendar-month__day\" \taria-labelledby=\"tribe-events-calendar-day-2026-05-13\"\n\tdata-js=\"tribe-events-month-grid-cell\"\n>\n\t<button\n\taria-expanded=\"false\"\n\taria-controls=\"tribe-events-calendar-mobile-day-2026-05-13\"\n\taria-label=\"Maio 13, 2 eventos, upcoming day\"\n\t class=\"tribe-events-calendar-month__day-cell tribe-events-calendar-month__day-cell--mobile\" \tdata-js=\"tribe-events-calendar-month-day-cell-mobile\"\n>\n\t<h3 class=\"tribe-events-calendar-month__day-date tribe-common-h6 tribe-common-h--alt\">\n\t\t<span class=\"tribe-common-a11y-visual-hide\">\n\t\t\t2 eventos\t\t<\/span>\n\t\t<time\n\t\t\tclass=\"tribe-events-calendar-month__day-date-daynum\"\n\t\t\tdatetime=\"2026-05-13\"\n\t\t>\n\t\t\t13\t\t<\/time>\n\t<\/h3>\n\t\n\t<span class=\"tribe-events-calendar-month__mobile-events-icon tribe-events-calendar-month__mobile-events-icon--event\" >\n\t<\/span>\n<\/button>\n\t\n<div\n\tid=\"tribe-events-calendar-day-2026-05-13\"\n\tclass=\"tribe-events-calendar-month__day-cell tribe-events-calendar-month__day-cell--desktop tribe-common-a11y-hidden\"\n>\n\t\n<h3 class=\"tribe-events-calendar-month__day-date tribe-common-h4\">\n\t<span class=\"tribe-common-a11y-visual-hide\">\n\t\t2 eventos,\n\t<\/span>\n\t<time\n\t\tclass=\"tribe-events-calendar-month__day-date-daynum\"\n\t\tdatetime=\"2026-05-13\"\n\t>\n\t\t\t\t\t<a\n\t\t\t\thref=\"https:\/\/www.cgfmanet.org\/pt-pt\/eventos\/2026-05-13\/?shortcode=tribe-widget-events-month-17\"\n\t\t\t\tclass=\"tribe-events-calendar-month__day-date-link\"\n\t\t\t\tdata-js=\"tribe-events-view-link\"\n\t\t\t\taria-label=\"13 Maio\"\n\t\t\t>\n\t\t\t\t13\t\t\t<\/a>\n\t\t\t<\/time>\n<\/h3>\n\n\t<div class=\"tribe-events-calendar-month__events\">\n\t\t\n\t<div class=\"tribe-events-calendar-month__multiday-event-wrapper\">\n\t<article  class=\"tribe-events-calendar-month__multiday-event post-155281 tribe_events type-tribe_events status-publish tribe_events_cat-agenda-pt-pt tribe_events_cat-madre-geral cat_agenda-pt-pt cat_madre-geral\"  data-event-id=\"155281\">\n\t\t<div class=\"tribe-events-calendar-month__multiday-event-hidden\">\n\t<time\n\tdatetime=\"2026-05-08\"\n\tclass=\"tribe-common-a11y-visual-hide\"\n>\n\t2026-05-08<\/time>\n\t<a\n\thref=\"https:\/\/www.cgfmanet.org\/pt-pt\/event\/la-madre-partecipa-alle-celebrazione-del-centenario-della-presenza-delle-fma-dellispettoria-nostra-signora-dafrica-afc-a-lubumbashi-repubblica-democratica-del-c\/\"\n\tclass=\"tribe-events-calendar-month__multiday-event-hidden-link\"\n\tdata-js=\"tribe-events-tooltip\"\n\tdata-tooltip-content=\"#tribe-events-tooltip-content-155281\"\n\taria-describedby=\"tribe-events-tooltip-content-155281\"\n>\n\t\t<div class=\"tribe-events-calendar-month__multiday-event-hidden-title tribe-common-h8\">\n\tLa Madre partecipa alle Celebrazione del Centenario della presenza delle FMA dell\u2019Ispettoria \u201cNostra Signora d\u2019Africa\u201d (AFC). A Lubumbashi, Repubblica Democratica del Congo.<\/div>\n<\/a>\n<\/div>\n\t\t\t<\/article>\n<\/div>\n\n\t<div class=\"tribe-events-calendar-month__multiday-event-wrapper\">\n\t<article  class=\"tribe-events-calendar-month__multiday-event post-150896 tribe_events type-tribe_events status-publish tribe_events_cat-agenda-pt-pt tribe_events_cat-conselheira-para-as-missoes cat_agenda-pt-pt cat_conselheira-para-as-missoes\"  data-event-id=\"150896\">\n\t\t<div class=\"tribe-events-calendar-month__multiday-event-hidden\">\n\t<time\n\tdatetime=\"2026-05-11\"\n\tclass=\"tribe-common-a11y-visual-hide\"\n>\n\t2026-05-11<\/time>\n\t<a\n\thref=\"https:\/\/www.cgfmanet.org\/pt-pt\/event\/esercizi-spirituali-per-le-partecipanti-al-corso-di-formazione-permanente-missionaria-e-le-neo-missionarie-a-mornese-2\/\"\n\tclass=\"tribe-events-calendar-month__multiday-event-hidden-link\"\n\tdata-js=\"tribe-events-tooltip\"\n\tdata-tooltip-content=\"#tribe-events-tooltip-content-150896\"\n\taria-describedby=\"tribe-events-tooltip-content-150896\"\n>\n\t\t<div class=\"tribe-events-calendar-month__multiday-event-hidden-title tribe-common-h8\">\n\tEsercizi Spirituali per le partecipanti al Corso di Formazione Permanente Missionaria e le neo missionarie, a Mornese.<\/div>\n<\/a>\n<\/div>\n\t\t\t<\/article>\n<\/div>\n\n\n\t\t\t<\/div>\n\n\t\n<\/div>\n<\/td>\n\n\t\t\t\n\t\t\t\t<td\n\t class=\"tribe-events-calendar-month__day\" \taria-labelledby=\"tribe-events-calendar-day-2026-05-14\"\n\tdata-js=\"tribe-events-month-grid-cell\"\n>\n\t<button\n\taria-expanded=\"false\"\n\taria-controls=\"tribe-events-calendar-mobile-day-2026-05-14\"\n\taria-label=\"Maio 14, 5 eventos, upcoming day\"\n\t class=\"tribe-events-calendar-month__day-cell tribe-events-calendar-month__day-cell--mobile\" \tdata-js=\"tribe-events-calendar-month-day-cell-mobile\"\n>\n\t<h3 class=\"tribe-events-calendar-month__day-date tribe-common-h6 tribe-common-h--alt\">\n\t\t<span class=\"tribe-common-a11y-visual-hide\">\n\t\t\t5 eventos\t\t<\/span>\n\t\t<time\n\t\t\tclass=\"tribe-events-calendar-month__day-date-daynum\"\n\t\t\tdatetime=\"2026-05-14\"\n\t\t>\n\t\t\t14\t\t<\/time>\n\t<\/h3>\n\t\n\t<span class=\"tribe-events-calendar-month__mobile-events-icon tribe-events-calendar-month__mobile-events-icon--event\" >\n\t<\/span>\n<\/button>\n\t\n<div\n\tid=\"tribe-events-calendar-day-2026-05-14\"\n\tclass=\"tribe-events-calendar-month__day-cell tribe-events-calendar-month__day-cell--desktop tribe-common-a11y-hidden\"\n>\n\t\n<h3 class=\"tribe-events-calendar-month__day-date tribe-common-h4\">\n\t<span class=\"tribe-common-a11y-visual-hide\">\n\t\t5 eventos,\n\t<\/span>\n\t<time\n\t\tclass=\"tribe-events-calendar-month__day-date-daynum\"\n\t\tdatetime=\"2026-05-14\"\n\t>\n\t\t\t\t\t<a\n\t\t\t\thref=\"https:\/\/www.cgfmanet.org\/pt-pt\/eventos\/2026-05-14\/?shortcode=tribe-widget-events-month-17\"\n\t\t\t\tclass=\"tribe-events-calendar-month__day-date-link\"\n\t\t\t\tdata-js=\"tribe-events-view-link\"\n\t\t\t\taria-label=\"14 Maio\"\n\t\t\t>\n\t\t\t\t14\t\t\t<\/a>\n\t\t\t<\/time>\n<\/h3>\n\n\t<div class=\"tribe-events-calendar-month__events\">\n\t\t\n\t<div class=\"tribe-events-calendar-month__multiday-event-wrapper\">\n\t<article  class=\"tribe-events-calendar-month__multiday-event post-155281 tribe_events type-tribe_events status-publish tribe_events_cat-agenda-pt-pt tribe_events_cat-madre-geral cat_agenda-pt-pt cat_madre-geral\"  data-event-id=\"155281\">\n\t\t<div class=\"tribe-events-calendar-month__multiday-event-hidden\">\n\t<time\n\tdatetime=\"2026-05-08\"\n\tclass=\"tribe-common-a11y-visual-hide\"\n>\n\t2026-05-08<\/time>\n\t<a\n\thref=\"https:\/\/www.cgfmanet.org\/pt-pt\/event\/la-madre-partecipa-alle-celebrazione-del-centenario-della-presenza-delle-fma-dellispettoria-nostra-signora-dafrica-afc-a-lubumbashi-repubblica-democratica-del-c\/\"\n\tclass=\"tribe-events-calendar-month__multiday-event-hidden-link\"\n\tdata-js=\"tribe-events-tooltip\"\n\tdata-tooltip-content=\"#tribe-events-tooltip-content-155281\"\n\taria-describedby=\"tribe-events-tooltip-content-155281\"\n>\n\t\t<div class=\"tribe-events-calendar-month__multiday-event-hidden-title tribe-common-h8\">\n\tLa Madre partecipa alle Celebrazione del Centenario della presenza delle FMA dell\u2019Ispettoria \u201cNostra Signora d\u2019Africa\u201d (AFC). A Lubumbashi, Repubblica Democratica del Congo.<\/div>\n<\/a>\n<\/div>\n\t\t\t<\/article>\n<\/div>\n\n\t<div class=\"tribe-events-calendar-month__multiday-event-wrapper\">\n\t<article  class=\"tribe-events-calendar-month__multiday-event post-150896 tribe_events type-tribe_events status-publish tribe_events_cat-agenda-pt-pt tribe_events_cat-conselheira-para-as-missoes cat_agenda-pt-pt cat_conselheira-para-as-missoes\"  data-event-id=\"150896\">\n\t\t<div class=\"tribe-events-calendar-month__multiday-event-hidden\">\n\t<time\n\tdatetime=\"2026-05-11\"\n\tclass=\"tribe-common-a11y-visual-hide\"\n>\n\t2026-05-11<\/time>\n\t<a\n\thref=\"https:\/\/www.cgfmanet.org\/pt-pt\/event\/esercizi-spirituali-per-le-partecipanti-al-corso-di-formazione-permanente-missionaria-e-le-neo-missionarie-a-mornese-2\/\"\n\tclass=\"tribe-events-calendar-month__multiday-event-hidden-link\"\n\tdata-js=\"tribe-events-tooltip\"\n\tdata-tooltip-content=\"#tribe-events-tooltip-content-150896\"\n\taria-describedby=\"tribe-events-tooltip-content-150896\"\n>\n\t\t<div class=\"tribe-events-calendar-month__multiday-event-hidden-title tribe-common-h8\">\n\tEsercizi Spirituali per le partecipanti al Corso di Formazione Permanente Missionaria e le neo missionarie, a Mornese.<\/div>\n<\/a>\n<\/div>\n\t\t\t<\/article>\n<\/div>\n\n\t<div class=\"tribe-events-calendar-month__multiday-event-wrapper\">\n\t<article  class=\"tribe-events-calendar-month__multiday-event post-154048 tribe_events type-tribe_events status-publish tribe_events_cat-agenda-pt-pt tribe_events_cat-ir-maria-assunta-sumiko-inoue tribe_events_cat-visitadora-pt-pt cat_agenda-pt-pt cat_ir-maria-assunta-sumiko-inoue cat_visitadora-pt-pt tribe-events-calendar-month__multiday-event--width-1 tribe-events-calendar-month__multiday-event--display tribe-events-calendar-month__multiday-event--start tribe-events-calendar-month__multiday-event--end\"  data-event-id=\"154048\">\n\t\t<div class=\"tribe-events-calendar-month__multiday-event-hidden\">\n\t<time\n\tdatetime=\"2026-05-14\"\n\tclass=\"tribe-common-a11y-visual-hide\"\n>\n\t2026-05-14<\/time>\n\t<a\n\thref=\"https:\/\/www.cgfmanet.org\/pt-pt\/event\/suor-maria-assunta-sumiko-inoue-termina-la-visita-canonica-allispettoria-santa-maria-domenica-mazzarello-tin-di-timor-indonesia\/\"\n\tclass=\"tribe-events-calendar-month__multiday-event-hidden-link\"\n\tdata-js=\"tribe-events-tooltip\"\n\tdata-tooltip-content=\"#tribe-events-tooltip-content-154048\"\n\taria-describedby=\"tribe-events-tooltip-content-154048\"\n>\n\t\t<div class=\"tribe-events-calendar-month__multiday-event-hidden-title tribe-common-h8\">\n\tSuor Maria Assunta Sumiko Inoue termina la Visita canonica all&#8217;Ispettoria \u201cSanta Maria Domenica Mazzarello\u201d (TIN) di Timor-Indonesia.<\/div>\n<\/a>\n<\/div>\n\t\t<div class=\"tribe-events-calendar-month__multiday-event-bar\">\n\t<div class=\"tribe-events-calendar-month__multiday-event-bar-inner\">\n\t\t\t\t<div class=\"tribe-events-calendar-month__multiday-event-bar-title tribe-common-h8\">\n\tSuor Maria Assunta Sumiko Inoue termina la Visita canonica all&#8217;Ispettoria \u201cSanta Maria Domenica Mazzarello\u201d (TIN) di Timor-Indonesia.<\/div>\n\t<\/div>\n<\/div>\n<div class=\"tribe-events-calendar-month__calendar-event-tooltip-template tribe-common-a11y-hidden\">\n\t<div\n\t\tclass=\"tribe-events-calendar-month__calendar-event-tooltip\"\n\t\tid=\"tribe-events-tooltip-content-154048\"\n\t\trole=\"tooltip\"\n\t>\n\t\t\t\t<div class=\"tribe-events-calendar-month__calendar-event-tooltip-datetime\">\n\t\t<time datetime=\"2026-05-14\">\n\t\t<span class=\"tribe-event-date-start\">14 Maio<\/span>\t<\/time>\n\t<\/div>\n\t\t<div class=\"tribe-events-calendar-month__calendar-event-tooltip-title tribe-common-h7\">\n\t<a\n\t\thref=\"https:\/\/www.cgfmanet.org\/pt-pt\/event\/suor-maria-assunta-sumiko-inoue-termina-la-visita-canonica-allispettoria-santa-maria-domenica-mazzarello-tin-di-timor-indonesia\/\"\n\t\ttitle=\"Suor Maria Assunta Sumiko Inoue termina la Visita canonica all&#8217;Ispettoria \u201cSanta Maria Domenica Mazzarello\u201d (TIN) di Timor-Indonesia.\"\n\t\trel=\"bookmark\"\n\t\tclass=\"tribe-events-calendar-month__calendar-event-tooltip-title-link tribe-common-anchor-thin\"\n\t>\n\t\tSuor Maria Assunta Sumiko Inoue termina la Visita canonica all&#8217;Ispettoria \u201cSanta Maria Domenica Mazzarello\u201d (TIN) di Timor-Indonesia.\t<\/a>\n<\/div>\n\t\t\t\t\t<\/div>\n<\/div>\n\t<\/article>\n<\/div>\n\n\t<div class=\"tribe-events-calendar-month__multiday-event-wrapper\">\n\t<article  class=\"tribe-events-calendar-month__multiday-event post-150931 tribe_events type-tribe_events status-publish tribe_events_cat-agenda-pt-pt tribe_events_cat-ir-maria-assunta-sumiko-inoue tribe_events_cat-visitadora-pt-pt cat_agenda-pt-pt cat_ir-maria-assunta-sumiko-inoue cat_visitadora-pt-pt tribe-events-calendar-month__multiday-event--width-4 tribe-events-calendar-month__multiday-event--display tribe-events-calendar-month__multiday-event--start\"  data-event-id=\"150931\">\n\t\t<div class=\"tribe-events-calendar-month__multiday-event-hidden\">\n\t<time\n\tdatetime=\"2026-05-14\"\n\tclass=\"tribe-common-a11y-visual-hide\"\n>\n\t2026-05-14<\/time>\n\t<a\n\thref=\"https:\/\/www.cgfmanet.org\/pt-pt\/event\/suor-maria-assunta-sumiko-inoue-fa-una-visita-breve-allispettoria-santa-maria-mazzarello-tha\/\"\n\tclass=\"tribe-events-calendar-month__multiday-event-hidden-link\"\n\tdata-js=\"tribe-events-tooltip\"\n\tdata-tooltip-content=\"#tribe-events-tooltip-content-150931\"\n\taria-describedby=\"tribe-events-tooltip-content-150931\"\n>\n\t\t<div class=\"tribe-events-calendar-month__multiday-event-hidden-title tribe-common-h8\">\n\tSuor Maria Assunta Sumiko Inoue fa una Visita breve all&#8217;Ispettoria \u201cSanta Maria Mazzarello\u201d (THA).<\/div>\n<\/a>\n<\/div>\n\t\t<div class=\"tribe-events-calendar-month__multiday-event-bar\">\n\t<div class=\"tribe-events-calendar-month__multiday-event-bar-inner\">\n\t\t\t\t<div class=\"tribe-events-calendar-month__multiday-event-bar-title tribe-common-h8\">\n\tSuor Maria Assunta Sumiko Inoue fa una Visita breve all&#8217;Ispettoria \u201cSanta Maria Mazzarello\u201d (THA).<\/div>\n\t<\/div>\n<\/div>\n<div class=\"tribe-events-calendar-month__calendar-event-tooltip-template tribe-common-a11y-hidden\">\n\t<div\n\t\tclass=\"tribe-events-calendar-month__calendar-event-tooltip\"\n\t\tid=\"tribe-events-tooltip-content-150931\"\n\t\trole=\"tooltip\"\n\t>\n\t\t\t\t<div class=\"tribe-events-calendar-month__calendar-event-tooltip-datetime\">\n\t\t<time datetime=\"2026-05-14\">\n\t\t<span class=\"tribe-event-date-start\">14 Maio<\/span> - <span class=\"tribe-event-date-end\">26 Maio<\/span>\t<\/time>\n\t<\/div>\n\t\t<div class=\"tribe-events-calendar-month__calendar-event-tooltip-title tribe-common-h7\">\n\t<a\n\t\thref=\"https:\/\/www.cgfmanet.org\/pt-pt\/event\/suor-maria-assunta-sumiko-inoue-fa-una-visita-breve-allispettoria-santa-maria-mazzarello-tha\/\"\n\t\ttitle=\"Suor Maria Assunta Sumiko Inoue fa una Visita breve all&#8217;Ispettoria \u201cSanta Maria Mazzarello\u201d (THA).\"\n\t\trel=\"bookmark\"\n\t\tclass=\"tribe-events-calendar-month__calendar-event-tooltip-title-link tribe-common-anchor-thin\"\n\t>\n\t\tSuor Maria Assunta Sumiko Inoue fa una Visita breve all&#8217;Ispettoria \u201cSanta Maria Mazzarello\u201d (THA).\t<\/a>\n<\/div>\n\t\t\t\t\t<\/div>\n<\/div>\n\t<\/article>\n<\/div>\n\n\t<div class=\"tribe-events-calendar-month__multiday-event-wrapper\">\n\t<article  class=\"tribe-events-calendar-month__multiday-event post-156709 tribe_events type-tribe_events status-publish tribe_events_cat-agenda-pt-pt tribe_events_cat-conselheira-para-a-pastoral-juvenil cat_agenda-pt-pt cat_conselheira-para-a-pastoral-juvenil tribe-events-calendar-month__multiday-event--width-4 tribe-events-calendar-month__multiday-event--display tribe-events-calendar-month__multiday-event--start\"  data-event-id=\"156709\">\n\t\t<div class=\"tribe-events-calendar-month__multiday-event-hidden\">\n\t<time\n\tdatetime=\"2026-05-14\"\n\tclass=\"tribe-common-a11y-visual-hide\"\n>\n\t2026-05-14<\/time>\n\t<a\n\thref=\"https:\/\/www.cgfmanet.org\/pt-pt\/event\/suor-runita-borja-partecipa-al-congresso-degli-educatori-della-conferenza-interispettoriale-ciao-sul-tema-il-patto-educativo-globale-nello-stile-salesiano-a-tokyo-in-giappone\/\"\n\tclass=\"tribe-events-calendar-month__multiday-event-hidden-link\"\n\tdata-js=\"tribe-events-tooltip\"\n\tdata-tooltip-content=\"#tribe-events-tooltip-content-156709\"\n\taria-describedby=\"tribe-events-tooltip-content-156709\"\n>\n\t\t<div class=\"tribe-events-calendar-month__multiday-event-hidden-title tribe-common-h8\">\n\tSuor Runita Borja partecipa al Congresso degli Educatori della Conferenza interispettoriale CIAO sul tema \u201cIl Patto Educativo Globale nello stile salesiano\u201d. A Tokyo, in Giappone.<\/div>\n<\/a>\n<\/div>\n\t\t<div class=\"tribe-events-calendar-month__multiday-event-bar\">\n\t<div class=\"tribe-events-calendar-month__multiday-event-bar-inner\">\n\t\t\t\t<div class=\"tribe-events-calendar-month__multiday-event-bar-title tribe-common-h8\">\n\tSuor Runita Borja partecipa al Congresso degli Educatori della Conferenza interispettoriale CIAO sul tema \u201cIl Patto Educativo Globale nello stile salesiano\u201d. A Tokyo, in Giappone.<\/div>\n\t<\/div>\n<\/div>\n<div class=\"tribe-events-calendar-month__calendar-event-tooltip-template tribe-common-a11y-hidden\">\n\t<div\n\t\tclass=\"tribe-events-calendar-month__calendar-event-tooltip\"\n\t\tid=\"tribe-events-tooltip-content-156709\"\n\t\trole=\"tooltip\"\n\t>\n\t\t\t\t<div class=\"tribe-events-calendar-month__calendar-event-tooltip-datetime\">\n\t\t<time datetime=\"2026-05-14\">\n\t\t<span class=\"tribe-event-date-start\">14 Maio<\/span> - <span class=\"tribe-event-date-end\">19 Maio<\/span>\t<\/time>\n\t<\/div>\n\t\t<div class=\"tribe-events-calendar-month__calendar-event-tooltip-title tribe-common-h7\">\n\t<a\n\t\thref=\"https:\/\/www.cgfmanet.org\/pt-pt\/event\/suor-runita-borja-partecipa-al-congresso-degli-educatori-della-conferenza-interispettoriale-ciao-sul-tema-il-patto-educativo-globale-nello-stile-salesiano-a-tokyo-in-giappone\/\"\n\t\ttitle=\"Suor Runita Borja partecipa al Congresso degli Educatori della Conferenza interispettoriale CIAO sul tema \u201cIl Patto Educativo Globale nello stile salesiano\u201d. A Tokyo, in Giappone.\"\n\t\trel=\"bookmark\"\n\t\tclass=\"tribe-events-calendar-month__calendar-event-tooltip-title-link tribe-common-anchor-thin\"\n\t>\n\t\tSuor Runita Borja partecipa al Congresso degli Educatori della Conferenza interispettoriale CIAO sul tema \u201cIl Patto Educativo Globale nello stile salesiano\u201d. A Tokyo, in Giappone.\t<\/a>\n<\/div>\n\t\t\t\t\t<\/div>\n<\/div>\n\t<\/article>\n<\/div>\n\n\n\t\t\t<\/div>\n\n\t\n<\/div>\n<\/td>\n\n\t\t\t\n\t\t\t\t<td\n\t class=\"tribe-events-calendar-month__day\" \taria-labelledby=\"tribe-events-calendar-day-2026-05-15\"\n\tdata-js=\"tribe-events-month-grid-cell\"\n>\n\t<button\n\taria-expanded=\"false\"\n\taria-controls=\"tribe-events-calendar-mobile-day-2026-05-15\"\n\taria-label=\"Maio 15, 5 eventos, upcoming day\"\n\t class=\"tribe-events-calendar-month__day-cell tribe-events-calendar-month__day-cell--mobile\" \tdata-js=\"tribe-events-calendar-month-day-cell-mobile\"\n>\n\t<h3 class=\"tribe-events-calendar-month__day-date tribe-common-h6 tribe-common-h--alt\">\n\t\t<span class=\"tribe-common-a11y-visual-hide\">\n\t\t\t5 eventos\t\t<\/span>\n\t\t<time\n\t\t\tclass=\"tribe-events-calendar-month__day-date-daynum\"\n\t\t\tdatetime=\"2026-05-15\"\n\t\t>\n\t\t\t15\t\t<\/time>\n\t<\/h3>\n\t\n\t<span class=\"tribe-events-calendar-month__mobile-events-icon tribe-events-calendar-month__mobile-events-icon--event\" >\n\t<\/span>\n<\/button>\n\t\n<div\n\tid=\"tribe-events-calendar-day-2026-05-15\"\n\tclass=\"tribe-events-calendar-month__day-cell tribe-events-calendar-month__day-cell--desktop tribe-common-a11y-hidden\"\n>\n\t\n<h3 class=\"tribe-events-calendar-month__day-date tribe-common-h4\">\n\t<span class=\"tribe-common-a11y-visual-hide\">\n\t\t5 eventos,\n\t<\/span>\n\t<time\n\t\tclass=\"tribe-events-calendar-month__day-date-daynum\"\n\t\tdatetime=\"2026-05-15\"\n\t>\n\t\t\t\t\t<a\n\t\t\t\thref=\"https:\/\/www.cgfmanet.org\/pt-pt\/eventos\/2026-05-15\/?shortcode=tribe-widget-events-month-17\"\n\t\t\t\tclass=\"tribe-events-calendar-month__day-date-link\"\n\t\t\t\tdata-js=\"tribe-events-view-link\"\n\t\t\t\taria-label=\"15 Maio\"\n\t\t\t>\n\t\t\t\t15\t\t\t<\/a>\n\t\t\t<\/time>\n<\/h3>\n\n\t<div class=\"tribe-events-calendar-month__events\">\n\t\t\n\t<div class=\"tribe-events-calendar-month__multiday-event-wrapper\">\n\t<article  class=\"tribe-events-calendar-month__multiday-event post-155281 tribe_events type-tribe_events status-publish tribe_events_cat-agenda-pt-pt tribe_events_cat-madre-geral cat_agenda-pt-pt cat_madre-geral\"  data-event-id=\"155281\">\n\t\t<div class=\"tribe-events-calendar-month__multiday-event-hidden\">\n\t<time\n\tdatetime=\"2026-05-08\"\n\tclass=\"tribe-common-a11y-visual-hide\"\n>\n\t2026-05-08<\/time>\n\t<a\n\thref=\"https:\/\/www.cgfmanet.org\/pt-pt\/event\/la-madre-partecipa-alle-celebrazione-del-centenario-della-presenza-delle-fma-dellispettoria-nostra-signora-dafrica-afc-a-lubumbashi-repubblica-democratica-del-c\/\"\n\tclass=\"tribe-events-calendar-month__multiday-event-hidden-link\"\n\tdata-js=\"tribe-events-tooltip\"\n\tdata-tooltip-content=\"#tribe-events-tooltip-content-155281\"\n\taria-describedby=\"tribe-events-tooltip-content-155281\"\n>\n\t\t<div class=\"tribe-events-calendar-month__multiday-event-hidden-title tribe-common-h8\">\n\tLa Madre partecipa alle Celebrazione del Centenario della presenza delle FMA dell\u2019Ispettoria \u201cNostra Signora d\u2019Africa\u201d (AFC). A Lubumbashi, Repubblica Democratica del Congo.<\/div>\n<\/a>\n<\/div>\n\t\t\t<\/article>\n<\/div>\n\n\t<div class=\"tribe-events-calendar-month__multiday-event-wrapper\">\n\t<article  class=\"tribe-events-calendar-month__multiday-event post-150896 tribe_events type-tribe_events status-publish tribe_events_cat-agenda-pt-pt tribe_events_cat-conselheira-para-as-missoes cat_agenda-pt-pt cat_conselheira-para-as-missoes\"  data-event-id=\"150896\">\n\t\t<div class=\"tribe-events-calendar-month__multiday-event-hidden\">\n\t<time\n\tdatetime=\"2026-05-11\"\n\tclass=\"tribe-common-a11y-visual-hide\"\n>\n\t2026-05-11<\/time>\n\t<a\n\thref=\"https:\/\/www.cgfmanet.org\/pt-pt\/event\/esercizi-spirituali-per-le-partecipanti-al-corso-di-formazione-permanente-missionaria-e-le-neo-missionarie-a-mornese-2\/\"\n\tclass=\"tribe-events-calendar-month__multiday-event-hidden-link\"\n\tdata-js=\"tribe-events-tooltip\"\n\tdata-tooltip-content=\"#tribe-events-tooltip-content-150896\"\n\taria-describedby=\"tribe-events-tooltip-content-150896\"\n>\n\t\t<div class=\"tribe-events-calendar-month__multiday-event-hidden-title tribe-common-h8\">\n\tEsercizi Spirituali per le partecipanti al Corso di Formazione Permanente Missionaria e le neo missionarie, a Mornese.<\/div>\n<\/a>\n<\/div>\n\t\t\t<\/article>\n<\/div>\n\n\t<div class=\"tribe-events-calendar-month__multiday-event-wrapper\">\n\t<article  class=\"tribe-events-calendar-month__multiday-event post-151117 tribe_events type-tribe_events status-publish tribe_events_cat-agenda-pt-pt tribe_events_cat-conselheira-para-a-familia-salesiana cat_agenda-pt-pt cat_conselheira-para-a-familia-salesiana tribe-events-calendar-month__multiday-event--width-1 tribe-events-calendar-month__multiday-event--display tribe-events-calendar-month__multiday-event--start tribe-events-calendar-month__multiday-event--end\"  data-event-id=\"151117\">\n\t\t<div class=\"tribe-events-calendar-month__multiday-event-hidden\">\n\t<time\n\tdatetime=\"2026-05-15\"\n\tclass=\"tribe-common-a11y-visual-hide\"\n>\n\t2026-05-15<\/time>\n\t<a\n\thref=\"https:\/\/www.cgfmanet.org\/pt-pt\/event\/suor-leslie-sandigo-insieme-alle-collaboratrici-dellambito-presenta-la-famiglia-salesiana-alle-studentesse-del-corso-di-spiritualita-di-casa-madre-canta\/\"\n\tclass=\"tribe-events-calendar-month__multiday-event-hidden-link\"\n\tdata-js=\"tribe-events-tooltip\"\n\tdata-tooltip-content=\"#tribe-events-tooltip-content-151117\"\n\taria-describedby=\"tribe-events-tooltip-content-151117\"\n>\n\t\t<div class=\"tribe-events-calendar-month__multiday-event-hidden-title tribe-common-h8\">\n\tSuor Leslie S\u00e1ndigo insieme alle collaboratrici dell\u2019Ambito presenta la Famiglia Salesiana alle studentesse del Corso di Spiritualit\u00e0 di Casa Madre Canta.<\/div>\n<\/a>\n<\/div>\n\t\t<div class=\"tribe-events-calendar-month__multiday-event-bar\">\n\t<div class=\"tribe-events-calendar-month__multiday-event-bar-inner\">\n\t\t\t\t<div class=\"tribe-events-calendar-month__multiday-event-bar-title tribe-common-h8\">\n\tSuor Leslie S\u00e1ndigo insieme alle collaboratrici dell\u2019Ambito presenta la Famiglia Salesiana alle studentesse del Corso di Spiritualit\u00e0 di Casa Madre Canta.<\/div>\n\t<\/div>\n<\/div>\n<div class=\"tribe-events-calendar-month__calendar-event-tooltip-template tribe-common-a11y-hidden\">\n\t<div\n\t\tclass=\"tribe-events-calendar-month__calendar-event-tooltip\"\n\t\tid=\"tribe-events-tooltip-content-151117\"\n\t\trole=\"tooltip\"\n\t>\n\t\t\t\t<div class=\"tribe-events-calendar-month__calendar-event-tooltip-datetime\">\n\t\t<time datetime=\"2026-05-15\">\n\t\t<span class=\"tribe-event-date-start\">15 Maio<\/span>\t<\/time>\n\t<\/div>\n\t\t<div class=\"tribe-events-calendar-month__calendar-event-tooltip-title tribe-common-h7\">\n\t<a\n\t\thref=\"https:\/\/www.cgfmanet.org\/pt-pt\/event\/suor-leslie-sandigo-insieme-alle-collaboratrici-dellambito-presenta-la-famiglia-salesiana-alle-studentesse-del-corso-di-spiritualita-di-casa-madre-canta\/\"\n\t\ttitle=\"Suor Leslie S\u00e1ndigo insieme alle collaboratrici dell\u2019Ambito presenta la Famiglia Salesiana alle studentesse del Corso di Spiritualit\u00e0 di Casa Madre Canta.\"\n\t\trel=\"bookmark\"\n\t\tclass=\"tribe-events-calendar-month__calendar-event-tooltip-title-link tribe-common-anchor-thin\"\n\t>\n\t\tSuor Leslie S\u00e1ndigo insieme alle collaboratrici dell\u2019Ambito presenta la Famiglia Salesiana alle studentesse del Corso di Spiritualit\u00e0 di Casa Madre Canta.\t<\/a>\n<\/div>\n\t\t\t\t\t<\/div>\n<\/div>\n\t<\/article>\n<\/div>\n\n\t<div class=\"tribe-events-calendar-month__multiday-event-wrapper\">\n\t<article  class=\"tribe-events-calendar-month__multiday-event post-150931 tribe_events type-tribe_events status-publish tribe_events_cat-agenda-pt-pt tribe_events_cat-ir-maria-assunta-sumiko-inoue tribe_events_cat-visitadora-pt-pt cat_agenda-pt-pt cat_ir-maria-assunta-sumiko-inoue cat_visitadora-pt-pt\"  data-event-id=\"150931\">\n\t\t<div class=\"tribe-events-calendar-month__multiday-event-hidden\">\n\t<time\n\tdatetime=\"2026-05-14\"\n\tclass=\"tribe-common-a11y-visual-hide\"\n>\n\t2026-05-14<\/time>\n\t<a\n\thref=\"https:\/\/www.cgfmanet.org\/pt-pt\/event\/suor-maria-assunta-sumiko-inoue-fa-una-visita-breve-allispettoria-santa-maria-mazzarello-tha\/\"\n\tclass=\"tribe-events-calendar-month__multiday-event-hidden-link\"\n\tdata-js=\"tribe-events-tooltip\"\n\tdata-tooltip-content=\"#tribe-events-tooltip-content-150931\"\n\taria-describedby=\"tribe-events-tooltip-content-150931\"\n>\n\t\t<div class=\"tribe-events-calendar-month__multiday-event-hidden-title tribe-common-h8\">\n\tSuor Maria Assunta Sumiko Inoue fa una Visita breve all&#8217;Ispettoria \u201cSanta Maria Mazzarello\u201d (THA).<\/div>\n<\/a>\n<\/div>\n\t\t\t<\/article>\n<\/div>\n\n\t<div class=\"tribe-events-calendar-month__multiday-event-wrapper\">\n\t<article  class=\"tribe-events-calendar-month__multiday-event post-156709 tribe_events type-tribe_events status-publish tribe_events_cat-agenda-pt-pt tribe_events_cat-conselheira-para-a-pastoral-juvenil cat_agenda-pt-pt cat_conselheira-para-a-pastoral-juvenil\"  data-event-id=\"156709\">\n\t\t<div class=\"tribe-events-calendar-month__multiday-event-hidden\">\n\t<time\n\tdatetime=\"2026-05-14\"\n\tclass=\"tribe-common-a11y-visual-hide\"\n>\n\t2026-05-14<\/time>\n\t<a\n\thref=\"https:\/\/www.cgfmanet.org\/pt-pt\/event\/suor-runita-borja-partecipa-al-congresso-degli-educatori-della-conferenza-interispettoriale-ciao-sul-tema-il-patto-educativo-globale-nello-stile-salesiano-a-tokyo-in-giappone\/\"\n\tclass=\"tribe-events-calendar-month__multiday-event-hidden-link\"\n\tdata-js=\"tribe-events-tooltip\"\n\tdata-tooltip-content=\"#tribe-events-tooltip-content-156709\"\n\taria-describedby=\"tribe-events-tooltip-content-156709\"\n>\n\t\t<div class=\"tribe-events-calendar-month__multiday-event-hidden-title tribe-common-h8\">\n\tSuor Runita Borja partecipa al Congresso degli Educatori della Conferenza interispettoriale CIAO sul tema \u201cIl Patto Educativo Globale nello stile salesiano\u201d. A Tokyo, in Giappone.<\/div>\n<\/a>\n<\/div>\n\t\t\t<\/article>\n<\/div>\n\n\n\t\t\t<\/div>\n\n\t\n<\/div>\n<\/td>\n\n\t\t\t\n\t\t\t\t<td\n\t class=\"tribe-events-calendar-month__day\" \taria-labelledby=\"tribe-events-calendar-day-2026-05-16\"\n\tdata-js=\"tribe-events-month-grid-cell\"\n>\n\t<button\n\taria-expanded=\"false\"\n\taria-controls=\"tribe-events-calendar-mobile-day-2026-05-16\"\n\taria-label=\"Maio 16, 4 eventos, upcoming day\"\n\t class=\"tribe-events-calendar-month__day-cell tribe-events-calendar-month__day-cell--mobile\" \tdata-js=\"tribe-events-calendar-month-day-cell-mobile\"\n>\n\t<h3 class=\"tribe-events-calendar-month__day-date tribe-common-h6 tribe-common-h--alt\">\n\t\t<span class=\"tribe-common-a11y-visual-hide\">\n\t\t\t4 eventos\t\t<\/span>\n\t\t<time\n\t\t\tclass=\"tribe-events-calendar-month__day-date-daynum\"\n\t\t\tdatetime=\"2026-05-16\"\n\t\t>\n\t\t\t16\t\t<\/time>\n\t<\/h3>\n\t\n\t<span class=\"tribe-events-calendar-month__mobile-events-icon tribe-events-calendar-month__mobile-events-icon--event\" >\n\t<\/span>\n<\/button>\n\t\n<div\n\tid=\"tribe-events-calendar-day-2026-05-16\"\n\tclass=\"tribe-events-calendar-month__day-cell tribe-events-calendar-month__day-cell--desktop tribe-common-a11y-hidden\"\n>\n\t\n<h3 class=\"tribe-events-calendar-month__day-date tribe-common-h4\">\n\t<span class=\"tribe-common-a11y-visual-hide\">\n\t\t4 eventos,\n\t<\/span>\n\t<time\n\t\tclass=\"tribe-events-calendar-month__day-date-daynum\"\n\t\tdatetime=\"2026-05-16\"\n\t>\n\t\t\t\t\t<a\n\t\t\t\thref=\"https:\/\/www.cgfmanet.org\/pt-pt\/eventos\/2026-05-16\/?shortcode=tribe-widget-events-month-17\"\n\t\t\t\tclass=\"tribe-events-calendar-month__day-date-link\"\n\t\t\t\tdata-js=\"tribe-events-view-link\"\n\t\t\t\taria-label=\"16 Maio\"\n\t\t\t>\n\t\t\t\t16\t\t\t<\/a>\n\t\t\t<\/time>\n<\/h3>\n\n\t<div class=\"tribe-events-calendar-month__events\">\n\t\t\n\t<div class=\"tribe-events-calendar-month__multiday-event-wrapper\">\n\t<article  class=\"tribe-events-calendar-month__multiday-event post-155281 tribe_events type-tribe_events status-publish tribe_events_cat-agenda-pt-pt tribe_events_cat-madre-geral cat_agenda-pt-pt cat_madre-geral\"  data-event-id=\"155281\">\n\t\t<div class=\"tribe-events-calendar-month__multiday-event-hidden\">\n\t<time\n\tdatetime=\"2026-05-08\"\n\tclass=\"tribe-common-a11y-visual-hide\"\n>\n\t2026-05-08<\/time>\n\t<a\n\thref=\"https:\/\/www.cgfmanet.org\/pt-pt\/event\/la-madre-partecipa-alle-celebrazione-del-centenario-della-presenza-delle-fma-dellispettoria-nostra-signora-dafrica-afc-a-lubumbashi-repubblica-democratica-del-c\/\"\n\tclass=\"tribe-events-calendar-month__multiday-event-hidden-link\"\n\tdata-js=\"tribe-events-tooltip\"\n\tdata-tooltip-content=\"#tribe-events-tooltip-content-155281\"\n\taria-describedby=\"tribe-events-tooltip-content-155281\"\n>\n\t\t<div class=\"tribe-events-calendar-month__multiday-event-hidden-title tribe-common-h8\">\n\tLa Madre partecipa alle Celebrazione del Centenario della presenza delle FMA dell\u2019Ispettoria \u201cNostra Signora d\u2019Africa\u201d (AFC). A Lubumbashi, Repubblica Democratica del Congo.<\/div>\n<\/a>\n<\/div>\n\t\t\t<\/article>\n<\/div>\n\n\t<div class=\"tribe-events-calendar-month__multiday-event-wrapper\">\n\t<article  class=\"tribe-events-calendar-month__multiday-event post-150896 tribe_events type-tribe_events status-publish tribe_events_cat-agenda-pt-pt tribe_events_cat-conselheira-para-as-missoes cat_agenda-pt-pt cat_conselheira-para-as-missoes\"  data-event-id=\"150896\">\n\t\t<div class=\"tribe-events-calendar-month__multiday-event-hidden\">\n\t<time\n\tdatetime=\"2026-05-11\"\n\tclass=\"tribe-common-a11y-visual-hide\"\n>\n\t2026-05-11<\/time>\n\t<a\n\thref=\"https:\/\/www.cgfmanet.org\/pt-pt\/event\/esercizi-spirituali-per-le-partecipanti-al-corso-di-formazione-permanente-missionaria-e-le-neo-missionarie-a-mornese-2\/\"\n\tclass=\"tribe-events-calendar-month__multiday-event-hidden-link\"\n\tdata-js=\"tribe-events-tooltip\"\n\tdata-tooltip-content=\"#tribe-events-tooltip-content-150896\"\n\taria-describedby=\"tribe-events-tooltip-content-150896\"\n>\n\t\t<div class=\"tribe-events-calendar-month__multiday-event-hidden-title tribe-common-h8\">\n\tEsercizi Spirituali per le partecipanti al Corso di Formazione Permanente Missionaria e le neo missionarie, a Mornese.<\/div>\n<\/a>\n<\/div>\n\t\t\t<\/article>\n<\/div>\n\n\t<div class=\"tribe-events-calendar-month__multiday-event-wrapper tribe-events-calendar-month__multiday-event--empty\"><\/div>\n\t<div class=\"tribe-events-calendar-month__multiday-event-wrapper\">\n\t<article  class=\"tribe-events-calendar-month__multiday-event post-150931 tribe_events type-tribe_events status-publish tribe_events_cat-agenda-pt-pt tribe_events_cat-ir-maria-assunta-sumiko-inoue tribe_events_cat-visitadora-pt-pt cat_agenda-pt-pt cat_ir-maria-assunta-sumiko-inoue cat_visitadora-pt-pt\"  data-event-id=\"150931\">\n\t\t<div class=\"tribe-events-calendar-month__multiday-event-hidden\">\n\t<time\n\tdatetime=\"2026-05-14\"\n\tclass=\"tribe-common-a11y-visual-hide\"\n>\n\t2026-05-14<\/time>\n\t<a\n\thref=\"https:\/\/www.cgfmanet.org\/pt-pt\/event\/suor-maria-assunta-sumiko-inoue-fa-una-visita-breve-allispettoria-santa-maria-mazzarello-tha\/\"\n\tclass=\"tribe-events-calendar-month__multiday-event-hidden-link\"\n\tdata-js=\"tribe-events-tooltip\"\n\tdata-tooltip-content=\"#tribe-events-tooltip-content-150931\"\n\taria-describedby=\"tribe-events-tooltip-content-150931\"\n>\n\t\t<div class=\"tribe-events-calendar-month__multiday-event-hidden-title tribe-common-h8\">\n\tSuor Maria Assunta Sumiko Inoue fa una Visita breve all&#8217;Ispettoria \u201cSanta Maria Mazzarello\u201d (THA).<\/div>\n<\/a>\n<\/div>\n\t\t\t<\/article>\n<\/div>\n\n\t<div class=\"tribe-events-calendar-month__multiday-event-wrapper\">\n\t<article  class=\"tribe-events-calendar-month__multiday-event post-156709 tribe_events type-tribe_events status-publish tribe_events_cat-agenda-pt-pt tribe_events_cat-conselheira-para-a-pastoral-juvenil cat_agenda-pt-pt cat_conselheira-para-a-pastoral-juvenil\"  data-event-id=\"156709\">\n\t\t<div class=\"tribe-events-calendar-month__multiday-event-hidden\">\n\t<time\n\tdatetime=\"2026-05-14\"\n\tclass=\"tribe-common-a11y-visual-hide\"\n>\n\t2026-05-14<\/time>\n\t<a\n\thref=\"https:\/\/www.cgfmanet.org\/pt-pt\/event\/suor-runita-borja-partecipa-al-congresso-degli-educatori-della-conferenza-interispettoriale-ciao-sul-tema-il-patto-educativo-globale-nello-stile-salesiano-a-tokyo-in-giappone\/\"\n\tclass=\"tribe-events-calendar-month__multiday-event-hidden-link\"\n\tdata-js=\"tribe-events-tooltip\"\n\tdata-tooltip-content=\"#tribe-events-tooltip-content-156709\"\n\taria-describedby=\"tribe-events-tooltip-content-156709\"\n>\n\t\t<div class=\"tribe-events-calendar-month__multiday-event-hidden-title tribe-common-h8\">\n\tSuor Runita Borja partecipa al Congresso degli Educatori della Conferenza interispettoriale CIAO sul tema \u201cIl Patto Educativo Globale nello stile salesiano\u201d. A Tokyo, in Giappone.<\/div>\n<\/a>\n<\/div>\n\t\t\t<\/article>\n<\/div>\n\n\n\t\t\t<\/div>\n\n\t\n<\/div>\n<\/td>\n\n\t\t\t\n\t\t\t\t<td\n\t class=\"tribe-events-calendar-month__day\" \taria-labelledby=\"tribe-events-calendar-day-2026-05-17\"\n\tdata-js=\"tribe-events-month-grid-cell\"\n>\n\t<button\n\taria-expanded=\"false\"\n\taria-controls=\"tribe-events-calendar-mobile-day-2026-05-17\"\n\taria-label=\"Maio 17, 4 eventos, upcoming day\"\n\t class=\"tribe-events-calendar-month__day-cell tribe-events-calendar-month__day-cell--mobile\" \tdata-js=\"tribe-events-calendar-month-day-cell-mobile\"\n>\n\t<h3 class=\"tribe-events-calendar-month__day-date tribe-common-h6 tribe-common-h--alt\">\n\t\t<span class=\"tribe-common-a11y-visual-hide\">\n\t\t\t4 eventos\t\t<\/span>\n\t\t<time\n\t\t\tclass=\"tribe-events-calendar-month__day-date-daynum\"\n\t\t\tdatetime=\"2026-05-17\"\n\t\t>\n\t\t\t17\t\t<\/time>\n\t<\/h3>\n\t\n\t<span class=\"tribe-events-calendar-month__mobile-events-icon tribe-events-calendar-month__mobile-events-icon--event\" >\n\t<\/span>\n<\/button>\n\t\n<div\n\tid=\"tribe-events-calendar-day-2026-05-17\"\n\tclass=\"tribe-events-calendar-month__day-cell tribe-events-calendar-month__day-cell--desktop tribe-common-a11y-hidden\"\n>\n\t\n<h3 class=\"tribe-events-calendar-month__day-date tribe-common-h4\">\n\t<span class=\"tribe-common-a11y-visual-hide\">\n\t\t4 eventos,\n\t<\/span>\n\t<time\n\t\tclass=\"tribe-events-calendar-month__day-date-daynum\"\n\t\tdatetime=\"2026-05-17\"\n\t>\n\t\t\t\t\t<a\n\t\t\t\thref=\"https:\/\/www.cgfmanet.org\/pt-pt\/eventos\/2026-05-17\/?shortcode=tribe-widget-events-month-17\"\n\t\t\t\tclass=\"tribe-events-calendar-month__day-date-link\"\n\t\t\t\tdata-js=\"tribe-events-view-link\"\n\t\t\t\taria-label=\"17 Maio\"\n\t\t\t>\n\t\t\t\t17\t\t\t<\/a>\n\t\t\t<\/time>\n<\/h3>\n\n\t<div class=\"tribe-events-calendar-month__events\">\n\t\t\n\t<div class=\"tribe-events-calendar-month__multiday-event-wrapper\">\n\t<article  class=\"tribe-events-calendar-month__multiday-event post-155281 tribe_events type-tribe_events status-publish tribe_events_cat-agenda-pt-pt tribe_events_cat-madre-geral cat_agenda-pt-pt cat_madre-geral\"  data-event-id=\"155281\">\n\t\t<div class=\"tribe-events-calendar-month__multiday-event-hidden\">\n\t<time\n\tdatetime=\"2026-05-08\"\n\tclass=\"tribe-common-a11y-visual-hide\"\n>\n\t2026-05-08<\/time>\n\t<a\n\thref=\"https:\/\/www.cgfmanet.org\/pt-pt\/event\/la-madre-partecipa-alle-celebrazione-del-centenario-della-presenza-delle-fma-dellispettoria-nostra-signora-dafrica-afc-a-lubumbashi-repubblica-democratica-del-c\/\"\n\tclass=\"tribe-events-calendar-month__multiday-event-hidden-link\"\n\tdata-js=\"tribe-events-tooltip\"\n\tdata-tooltip-content=\"#tribe-events-tooltip-content-155281\"\n\taria-describedby=\"tribe-events-tooltip-content-155281\"\n>\n\t\t<div class=\"tribe-events-calendar-month__multiday-event-hidden-title tribe-common-h8\">\n\tLa Madre partecipa alle Celebrazione del Centenario della presenza delle FMA dell\u2019Ispettoria \u201cNostra Signora d\u2019Africa\u201d (AFC). A Lubumbashi, Repubblica Democratica del Congo.<\/div>\n<\/a>\n<\/div>\n\t\t\t<\/article>\n<\/div>\n\n\t<div class=\"tribe-events-calendar-month__multiday-event-wrapper\">\n\t<article  class=\"tribe-events-calendar-month__multiday-event post-150896 tribe_events type-tribe_events status-publish tribe_events_cat-agenda-pt-pt tribe_events_cat-conselheira-para-as-missoes cat_agenda-pt-pt cat_conselheira-para-as-missoes\"  data-event-id=\"150896\">\n\t\t<div class=\"tribe-events-calendar-month__multiday-event-hidden\">\n\t<time\n\tdatetime=\"2026-05-11\"\n\tclass=\"tribe-common-a11y-visual-hide\"\n>\n\t2026-05-11<\/time>\n\t<a\n\thref=\"https:\/\/www.cgfmanet.org\/pt-pt\/event\/esercizi-spirituali-per-le-partecipanti-al-corso-di-formazione-permanente-missionaria-e-le-neo-missionarie-a-mornese-2\/\"\n\tclass=\"tribe-events-calendar-month__multiday-event-hidden-link\"\n\tdata-js=\"tribe-events-tooltip\"\n\tdata-tooltip-content=\"#tribe-events-tooltip-content-150896\"\n\taria-describedby=\"tribe-events-tooltip-content-150896\"\n>\n\t\t<div class=\"tribe-events-calendar-month__multiday-event-hidden-title tribe-common-h8\">\n\tEsercizi Spirituali per le partecipanti al Corso di Formazione Permanente Missionaria e le neo missionarie, a Mornese.<\/div>\n<\/a>\n<\/div>\n\t\t\t<\/article>\n<\/div>\n\n\t<div class=\"tribe-events-calendar-month__multiday-event-wrapper tribe-events-calendar-month__multiday-event--empty\"><\/div>\n\t<div class=\"tribe-events-calendar-month__multiday-event-wrapper\">\n\t<article  class=\"tribe-events-calendar-month__multiday-event post-150931 tribe_events type-tribe_events status-publish tribe_events_cat-agenda-pt-pt tribe_events_cat-ir-maria-assunta-sumiko-inoue tribe_events_cat-visitadora-pt-pt cat_agenda-pt-pt cat_ir-maria-assunta-sumiko-inoue cat_visitadora-pt-pt\"  data-event-id=\"150931\">\n\t\t<div class=\"tribe-events-calendar-month__multiday-event-hidden\">\n\t<time\n\tdatetime=\"2026-05-14\"\n\tclass=\"tribe-common-a11y-visual-hide\"\n>\n\t2026-05-14<\/time>\n\t<a\n\thref=\"https:\/\/www.cgfmanet.org\/pt-pt\/event\/suor-maria-assunta-sumiko-inoue-fa-una-visita-breve-allispettoria-santa-maria-mazzarello-tha\/\"\n\tclass=\"tribe-events-calendar-month__multiday-event-hidden-link\"\n\tdata-js=\"tribe-events-tooltip\"\n\tdata-tooltip-content=\"#tribe-events-tooltip-content-150931\"\n\taria-describedby=\"tribe-events-tooltip-content-150931\"\n>\n\t\t<div class=\"tribe-events-calendar-month__multiday-event-hidden-title tribe-common-h8\">\n\tSuor Maria Assunta Sumiko Inoue fa una Visita breve all&#8217;Ispettoria \u201cSanta Maria Mazzarello\u201d (THA).<\/div>\n<\/a>\n<\/div>\n\t\t\t<\/article>\n<\/div>\n\n\t<div class=\"tribe-events-calendar-month__multiday-event-wrapper\">\n\t<article  class=\"tribe-events-calendar-month__multiday-event post-156709 tribe_events type-tribe_events status-publish tribe_events_cat-agenda-pt-pt tribe_events_cat-conselheira-para-a-pastoral-juvenil cat_agenda-pt-pt cat_conselheira-para-a-pastoral-juvenil\"  data-event-id=\"156709\">\n\t\t<div class=\"tribe-events-calendar-month__multiday-event-hidden\">\n\t<time\n\tdatetime=\"2026-05-14\"\n\tclass=\"tribe-common-a11y-visual-hide\"\n>\n\t2026-05-14<\/time>\n\t<a\n\thref=\"https:\/\/www.cgfmanet.org\/pt-pt\/event\/suor-runita-borja-partecipa-al-congresso-degli-educatori-della-conferenza-interispettoriale-ciao-sul-tema-il-patto-educativo-globale-nello-stile-salesiano-a-tokyo-in-giappone\/\"\n\tclass=\"tribe-events-calendar-month__multiday-event-hidden-link\"\n\tdata-js=\"tribe-events-tooltip\"\n\tdata-tooltip-content=\"#tribe-events-tooltip-content-156709\"\n\taria-describedby=\"tribe-events-tooltip-content-156709\"\n>\n\t\t<div class=\"tribe-events-calendar-month__multiday-event-hidden-title tribe-common-h8\">\n\tSuor Runita Borja partecipa al Congresso degli Educatori della Conferenza interispettoriale CIAO sul tema \u201cIl Patto Educativo Globale nello stile salesiano\u201d. A Tokyo, in Giappone.<\/div>\n<\/a>\n<\/div>\n\t\t\t<\/article>\n<\/div>\n\n\n\t\t\t<\/div>\n\n\t\n<\/div>\n<\/td>\n\n\t\t\t\t\t<\/tr>\n\t\t\t<tr class=\"tribe-events-calendar-month__week\" data-js=\"tribe-events-month-grid-row\">\n\t\t\t\n\t\t\t\t<td\n\t class=\"tribe-events-calendar-month__day\" \taria-labelledby=\"tribe-events-calendar-day-2026-05-18\"\n\tdata-js=\"tribe-events-month-grid-cell\"\n>\n\t<button\n\taria-expanded=\"false\"\n\taria-controls=\"tribe-events-calendar-mobile-day-2026-05-18\"\n\taria-label=\"Maio 18, 5 eventos, upcoming day\"\n\t class=\"tribe-events-calendar-month__day-cell tribe-events-calendar-month__day-cell--mobile\" \tdata-js=\"tribe-events-calendar-month-day-cell-mobile\"\n>\n\t<h3 class=\"tribe-events-calendar-month__day-date tribe-common-h6 tribe-common-h--alt\">\n\t\t<span class=\"tribe-common-a11y-visual-hide\">\n\t\t\t5 eventos\t\t<\/span>\n\t\t<time\n\t\t\tclass=\"tribe-events-calendar-month__day-date-daynum\"\n\t\t\tdatetime=\"2026-05-18\"\n\t\t>\n\t\t\t18\t\t<\/time>\n\t<\/h3>\n\t\n\t<span class=\"tribe-events-calendar-month__mobile-events-icon tribe-events-calendar-month__mobile-events-icon--event\" >\n\t<\/span>\n<\/button>\n\t\n<div\n\tid=\"tribe-events-calendar-day-2026-05-18\"\n\tclass=\"tribe-events-calendar-month__day-cell tribe-events-calendar-month__day-cell--desktop tribe-common-a11y-hidden\"\n>\n\t\n<h3 class=\"tribe-events-calendar-month__day-date tribe-common-h4\">\n\t<span class=\"tribe-common-a11y-visual-hide\">\n\t\t5 eventos,\n\t<\/span>\n\t<time\n\t\tclass=\"tribe-events-calendar-month__day-date-daynum\"\n\t\tdatetime=\"2026-05-18\"\n\t>\n\t\t\t\t\t<a\n\t\t\t\thref=\"https:\/\/www.cgfmanet.org\/pt-pt\/eventos\/2026-05-18\/?shortcode=tribe-widget-events-month-17\"\n\t\t\t\tclass=\"tribe-events-calendar-month__day-date-link\"\n\t\t\t\tdata-js=\"tribe-events-view-link\"\n\t\t\t\taria-label=\"18 Maio\"\n\t\t\t>\n\t\t\t\t18\t\t\t<\/a>\n\t\t\t<\/time>\n<\/h3>\n\n\t<div class=\"tribe-events-calendar-month__events\">\n\t\t\n\t<div class=\"tribe-events-calendar-month__multiday-event-wrapper\">\n\t<article  class=\"tribe-events-calendar-month__multiday-event post-155281 tribe_events type-tribe_events status-publish tribe_events_cat-agenda-pt-pt tribe_events_cat-madre-geral cat_agenda-pt-pt cat_madre-geral tribe-events-calendar-month__multiday-event--width-2 tribe-events-calendar-month__multiday-event--display tribe-events-calendar-month__multiday-event--end\"  data-event-id=\"155281\">\n\t\t<div class=\"tribe-events-calendar-month__multiday-event-hidden\">\n\t<time\n\tdatetime=\"2026-05-08\"\n\tclass=\"tribe-common-a11y-visual-hide\"\n>\n\t2026-05-08<\/time>\n\t<a\n\thref=\"https:\/\/www.cgfmanet.org\/pt-pt\/event\/la-madre-partecipa-alle-celebrazione-del-centenario-della-presenza-delle-fma-dellispettoria-nostra-signora-dafrica-afc-a-lubumbashi-repubblica-democratica-del-c\/\"\n\tclass=\"tribe-events-calendar-month__multiday-event-hidden-link\"\n\tdata-js=\"tribe-events-tooltip\"\n\tdata-tooltip-content=\"#tribe-events-tooltip-content-155281\"\n\taria-describedby=\"tribe-events-tooltip-content-155281\"\n>\n\t\t<div class=\"tribe-events-calendar-month__multiday-event-hidden-title tribe-common-h8\">\n\tLa Madre partecipa alle Celebrazione del Centenario della presenza delle FMA dell\u2019Ispettoria \u201cNostra Signora d\u2019Africa\u201d (AFC). A Lubumbashi, Repubblica Democratica del Congo.<\/div>\n<\/a>\n<\/div>\n\t\t<div class=\"tribe-events-calendar-month__multiday-event-bar\">\n\t<div class=\"tribe-events-calendar-month__multiday-event-bar-inner\">\n\t\t\t\t<div class=\"tribe-events-calendar-month__multiday-event-bar-title tribe-common-h8\">\n\tLa Madre partecipa alle Celebrazione del Centenario della presenza delle FMA dell\u2019Ispettoria \u201cNostra Signora d\u2019Africa\u201d (AFC). A Lubumbashi, Repubblica Democratica del Congo.<\/div>\n\t<\/div>\n<\/div>\n\t<\/article>\n<\/div>\n\n\t<div class=\"tribe-events-calendar-month__multiday-event-wrapper\">\n\t<article  class=\"tribe-events-calendar-month__multiday-event post-150896 tribe_events type-tribe_events status-publish tribe_events_cat-agenda-pt-pt tribe_events_cat-conselheira-para-as-missoes cat_agenda-pt-pt cat_conselheira-para-as-missoes tribe-events-calendar-month__multiday-event--width-1 tribe-events-calendar-month__multiday-event--display tribe-events-calendar-month__multiday-event--end\"  data-event-id=\"150896\">\n\t\t<div class=\"tribe-events-calendar-month__multiday-event-hidden\">\n\t<time\n\tdatetime=\"2026-05-11\"\n\tclass=\"tribe-common-a11y-visual-hide\"\n>\n\t2026-05-11<\/time>\n\t<a\n\thref=\"https:\/\/www.cgfmanet.org\/pt-pt\/event\/esercizi-spirituali-per-le-partecipanti-al-corso-di-formazione-permanente-missionaria-e-le-neo-missionarie-a-mornese-2\/\"\n\tclass=\"tribe-events-calendar-month__multiday-event-hidden-link\"\n\tdata-js=\"tribe-events-tooltip\"\n\tdata-tooltip-content=\"#tribe-events-tooltip-content-150896\"\n\taria-describedby=\"tribe-events-tooltip-content-150896\"\n>\n\t\t<div class=\"tribe-events-calendar-month__multiday-event-hidden-title tribe-common-h8\">\n\tEsercizi Spirituali per le partecipanti al Corso di Formazione Permanente Missionaria e le neo missionarie, a Mornese.<\/div>\n<\/a>\n<\/div>\n\t\t<div class=\"tribe-events-calendar-month__multiday-event-bar\">\n\t<div class=\"tribe-events-calendar-month__multiday-event-bar-inner\">\n\t\t\t\t<div class=\"tribe-events-calendar-month__multiday-event-bar-title tribe-common-h8\">\n\tEsercizi Spirituali per le partecipanti al Corso di Formazione Permanente Missionaria e le neo missionarie, a Mornese.<\/div>\n\t<\/div>\n<\/div>\n\t<\/article>\n<\/div>\n\n\t<div class=\"tribe-events-calendar-month__multiday-event-wrapper\">\n\t<article  class=\"tribe-events-calendar-month__multiday-event post-150931 tribe_events type-tribe_events status-publish tribe_events_cat-agenda-pt-pt tribe_events_cat-ir-maria-assunta-sumiko-inoue tribe_events_cat-visitadora-pt-pt cat_agenda-pt-pt cat_ir-maria-assunta-sumiko-inoue cat_visitadora-pt-pt tribe-events-calendar-month__multiday-event--width-7 tribe-events-calendar-month__multiday-event--display\"  data-event-id=\"150931\">\n\t\t<div class=\"tribe-events-calendar-month__multiday-event-hidden\">\n\t<time\n\tdatetime=\"2026-05-14\"\n\tclass=\"tribe-common-a11y-visual-hide\"\n>\n\t2026-05-14<\/time>\n\t<a\n\thref=\"https:\/\/www.cgfmanet.org\/pt-pt\/event\/suor-maria-assunta-sumiko-inoue-fa-una-visita-breve-allispettoria-santa-maria-mazzarello-tha\/\"\n\tclass=\"tribe-events-calendar-month__multiday-event-hidden-link\"\n\tdata-js=\"tribe-events-tooltip\"\n\tdata-tooltip-content=\"#tribe-events-tooltip-content-150931\"\n\taria-describedby=\"tribe-events-tooltip-content-150931\"\n>\n\t\t<div class=\"tribe-events-calendar-month__multiday-event-hidden-title tribe-common-h8\">\n\tSuor Maria Assunta Sumiko Inoue fa una Visita breve all&#8217;Ispettoria \u201cSanta Maria Mazzarello\u201d (THA).<\/div>\n<\/a>\n<\/div>\n\t\t<div class=\"tribe-events-calendar-month__multiday-event-bar\">\n\t<div class=\"tribe-events-calendar-month__multiday-event-bar-inner\">\n\t\t\t\t<div class=\"tribe-events-calendar-month__multiday-event-bar-title tribe-common-h8\">\n\tSuor Maria Assunta Sumiko Inoue fa una Visita breve all&#8217;Ispettoria \u201cSanta Maria Mazzarello\u201d (THA).<\/div>\n\t<\/div>\n<\/div>\n\t<\/article>\n<\/div>\n\n\t<div class=\"tribe-events-calendar-month__multiday-event-wrapper\">\n\t<article  class=\"tribe-events-calendar-month__multiday-event post-156709 tribe_events type-tribe_events status-publish tribe_events_cat-agenda-pt-pt tribe_events_cat-conselheira-para-a-pastoral-juvenil cat_agenda-pt-pt cat_conselheira-para-a-pastoral-juvenil tribe-events-calendar-month__multiday-event--width-2 tribe-events-calendar-month__multiday-event--display tribe-events-calendar-month__multiday-event--end\"  data-event-id=\"156709\">\n\t\t<div class=\"tribe-events-calendar-month__multiday-event-hidden\">\n\t<time\n\tdatetime=\"2026-05-14\"\n\tclass=\"tribe-common-a11y-visual-hide\"\n>\n\t2026-05-14<\/time>\n\t<a\n\thref=\"https:\/\/www.cgfmanet.org\/pt-pt\/event\/suor-runita-borja-partecipa-al-congresso-degli-educatori-della-conferenza-interispettoriale-ciao-sul-tema-il-patto-educativo-globale-nello-stile-salesiano-a-tokyo-in-giappone\/\"\n\tclass=\"tribe-events-calendar-month__multiday-event-hidden-link\"\n\tdata-js=\"tribe-events-tooltip\"\n\tdata-tooltip-content=\"#tribe-events-tooltip-content-156709\"\n\taria-describedby=\"tribe-events-tooltip-content-156709\"\n>\n\t\t<div class=\"tribe-events-calendar-month__multiday-event-hidden-title tribe-common-h8\">\n\tSuor Runita Borja partecipa al Congresso degli Educatori della Conferenza interispettoriale CIAO sul tema \u201cIl Patto Educativo Globale nello stile salesiano\u201d. A Tokyo, in Giappone.<\/div>\n<\/a>\n<\/div>\n\t\t<div class=\"tribe-events-calendar-month__multiday-event-bar\">\n\t<div class=\"tribe-events-calendar-month__multiday-event-bar-inner\">\n\t\t\t\t<div class=\"tribe-events-calendar-month__multiday-event-bar-title tribe-common-h8\">\n\tSuor Runita Borja partecipa al Congresso degli Educatori della Conferenza interispettoriale CIAO sul tema \u201cIl Patto Educativo Globale nello stile salesiano\u201d. A Tokyo, in Giappone.<\/div>\n\t<\/div>\n<\/div>\n\t<\/article>\n<\/div>\n\n\t<div class=\"tribe-events-calendar-month__multiday-event-wrapper\">\n\t<article  class=\"tribe-events-calendar-month__multiday-event post-153491 tribe_events type-tribe_events status-publish tribe_events_cat-sr-jacob-celine-pt-pt tribe_events_cat-agenda-pt-pt tribe_events_cat-visitadora-pt-pt cat_sr-jacob-celine-pt-pt cat_agenda-pt-pt cat_visitadora-pt-pt tribe-events-calendar-month__multiday-event--width-1 tribe-events-calendar-month__multiday-event--display tribe-events-calendar-month__multiday-event--start tribe-events-calendar-month__multiday-event--end\"  data-event-id=\"153491\">\n\t\t<div class=\"tribe-events-calendar-month__multiday-event-hidden\">\n\t<time\n\tdatetime=\"2026-05-18\"\n\tclass=\"tribe-common-a11y-visual-hide\"\n>\n\t2026-05-18<\/time>\n\t<a\n\thref=\"https:\/\/www.cgfmanet.org\/pt-pt\/event\/suor-celine-jacob-termina-la-visita-canonica-allispettoria-maria-immacolata-suo-degli-stati-uniti\/\"\n\tclass=\"tribe-events-calendar-month__multiday-event-hidden-link\"\n\tdata-js=\"tribe-events-tooltip\"\n\tdata-tooltip-content=\"#tribe-events-tooltip-content-153491\"\n\taria-describedby=\"tribe-events-tooltip-content-153491\"\n>\n\t\t<div class=\"tribe-events-calendar-month__multiday-event-hidden-title tribe-common-h8\">\n\tSuor Celine Jacob termina la Visita Canonica all&#8217;Ispettoria &#8220;Maria Immacolata&#8221; (SUO) degli Stati Uniti.<\/div>\n<\/a>\n<\/div>\n\t\t<div class=\"tribe-events-calendar-month__multiday-event-bar\">\n\t<div class=\"tribe-events-calendar-month__multiday-event-bar-inner\">\n\t\t\t\t<div class=\"tribe-events-calendar-month__multiday-event-bar-title tribe-common-h8\">\n\tSuor Celine Jacob termina la Visita Canonica all&#8217;Ispettoria &#8220;Maria Immacolata&#8221; (SUO) degli Stati Uniti.<\/div>\n\t<\/div>\n<\/div>\n<div class=\"tribe-events-calendar-month__calendar-event-tooltip-template tribe-common-a11y-hidden\">\n\t<div\n\t\tclass=\"tribe-events-calendar-month__calendar-event-tooltip\"\n\t\tid=\"tribe-events-tooltip-content-153491\"\n\t\trole=\"tooltip\"\n\t>\n\t\t\t\t<div class=\"tribe-events-calendar-month__calendar-event-tooltip-datetime\">\n\t\t<time datetime=\"2026-05-18\">\n\t\t<span class=\"tribe-event-date-start\">18 Maio<\/span>\t<\/time>\n\t<\/div>\n\t\t<div class=\"tribe-events-calendar-month__calendar-event-tooltip-title tribe-common-h7\">\n\t<a\n\t\thref=\"https:\/\/www.cgfmanet.org\/pt-pt\/event\/suor-celine-jacob-termina-la-visita-canonica-allispettoria-maria-immacolata-suo-degli-stati-uniti\/\"\n\t\ttitle=\"Suor Celine Jacob termina la Visita Canonica all&#8217;Ispettoria &#8220;Maria Immacolata&#8221; (SUO) degli Stati Uniti.\"\n\t\trel=\"bookmark\"\n\t\tclass=\"tribe-events-calendar-month__calendar-event-tooltip-title-link tribe-common-anchor-thin\"\n\t>\n\t\tSuor Celine Jacob termina la Visita Canonica all&#8217;Ispettoria &#8220;Maria Immacolata&#8221; (SUO) degli Stati Uniti.\t<\/a>\n<\/div>\n\t\t\t\t\t<\/div>\n<\/div>\n\t<\/article>\n<\/div>\n\n\n\t\t\t<\/div>\n\n\t\n<\/div>\n<\/td>\n\n\t\t\t\n\t\t\t\t<td\n\t class=\"tribe-events-calendar-month__day\" \taria-labelledby=\"tribe-events-calendar-day-2026-05-19\"\n\tdata-js=\"tribe-events-month-grid-cell\"\n>\n\t<button\n\taria-expanded=\"false\"\n\taria-controls=\"tribe-events-calendar-mobile-day-2026-05-19\"\n\taria-label=\"Maio 19, 4 eventos, upcoming day\"\n\t class=\"tribe-events-calendar-month__day-cell tribe-events-calendar-month__day-cell--mobile\" \tdata-js=\"tribe-events-calendar-month-day-cell-mobile\"\n>\n\t<h3 class=\"tribe-events-calendar-month__day-date tribe-common-h6 tribe-common-h--alt\">\n\t\t<span class=\"tribe-common-a11y-visual-hide\">\n\t\t\t4 eventos\t\t<\/span>\n\t\t<time\n\t\t\tclass=\"tribe-events-calendar-month__day-date-daynum\"\n\t\t\tdatetime=\"2026-05-19\"\n\t\t>\n\t\t\t19\t\t<\/time>\n\t<\/h3>\n\t\n\t<span class=\"tribe-events-calendar-month__mobile-events-icon tribe-events-calendar-month__mobile-events-icon--event\" >\n\t<\/span>\n<\/button>\n\t\n<div\n\tid=\"tribe-events-calendar-day-2026-05-19\"\n\tclass=\"tribe-events-calendar-month__day-cell tribe-events-calendar-month__day-cell--desktop tribe-common-a11y-hidden\"\n>\n\t\n<h3 class=\"tribe-events-calendar-month__day-date tribe-common-h4\">\n\t<span class=\"tribe-common-a11y-visual-hide\">\n\t\t4 eventos,\n\t<\/span>\n\t<time\n\t\tclass=\"tribe-events-calendar-month__day-date-daynum\"\n\t\tdatetime=\"2026-05-19\"\n\t>\n\t\t\t\t\t<a\n\t\t\t\thref=\"https:\/\/www.cgfmanet.org\/pt-pt\/eventos\/2026-05-19\/?shortcode=tribe-widget-events-month-17\"\n\t\t\t\tclass=\"tribe-events-calendar-month__day-date-link\"\n\t\t\t\tdata-js=\"tribe-events-view-link\"\n\t\t\t\taria-label=\"19 Maio\"\n\t\t\t>\n\t\t\t\t19\t\t\t<\/a>\n\t\t\t<\/time>\n<\/h3>\n\n\t<div class=\"tribe-events-calendar-month__events\">\n\t\t\n\t<div class=\"tribe-events-calendar-month__multiday-event-wrapper\">\n\t<article  class=\"tribe-events-calendar-month__multiday-event post-155281 tribe_events type-tribe_events status-publish tribe_events_cat-agenda-pt-pt tribe_events_cat-madre-geral cat_agenda-pt-pt cat_madre-geral\"  data-event-id=\"155281\">\n\t\t<div class=\"tribe-events-calendar-month__multiday-event-hidden\">\n\t<time\n\tdatetime=\"2026-05-08\"\n\tclass=\"tribe-common-a11y-visual-hide\"\n>\n\t2026-05-08<\/time>\n\t<a\n\thref=\"https:\/\/www.cgfmanet.org\/pt-pt\/event\/la-madre-partecipa-alle-celebrazione-del-centenario-della-presenza-delle-fma-dellispettoria-nostra-signora-dafrica-afc-a-lubumbashi-repubblica-democratica-del-c\/\"\n\tclass=\"tribe-events-calendar-month__multiday-event-hidden-link\"\n\tdata-js=\"tribe-events-tooltip\"\n\tdata-tooltip-content=\"#tribe-events-tooltip-content-155281\"\n\taria-describedby=\"tribe-events-tooltip-content-155281\"\n>\n\t\t<div class=\"tribe-events-calendar-month__multiday-event-hidden-title tribe-common-h8\">\n\tLa Madre partecipa alle Celebrazione del Centenario della presenza delle FMA dell\u2019Ispettoria \u201cNostra Signora d\u2019Africa\u201d (AFC). A Lubumbashi, Repubblica Democratica del Congo.<\/div>\n<\/a>\n<\/div>\n\t\t\t<\/article>\n<\/div>\n\n\t<div class=\"tribe-events-calendar-month__multiday-event-wrapper\">\n\t<article  class=\"tribe-events-calendar-month__multiday-event post-150816 tribe_events type-tribe_events status-publish tribe_events_cat-sr-lidia-strzelczyk-pt-pt tribe_events_cat-agenda-pt-pt tribe_events_cat-visitadora-pt-pt cat_sr-lidia-strzelczyk-pt-pt cat_agenda-pt-pt cat_visitadora-pt-pt tribe-events-calendar-month__multiday-event--width-1 tribe-events-calendar-month__multiday-event--display tribe-events-calendar-month__multiday-event--start tribe-events-calendar-month__multiday-event--end\"  data-event-id=\"150816\">\n\t\t<div class=\"tribe-events-calendar-month__multiday-event-hidden\">\n\t<time\n\tdatetime=\"2026-05-19\"\n\tclass=\"tribe-common-a11y-visual-hide\"\n>\n\t2026-05-19<\/time>\n\t<a\n\thref=\"https:\/\/www.cgfmanet.org\/pt-pt\/event\/suor-lidia-strzelczyk-termina-la-2a-parte-della-visita-canonica-allispettoria-meridionale-madonna-del-buon-consiglio-imr\/\"\n\tclass=\"tribe-events-calendar-month__multiday-event-hidden-link\"\n\tdata-js=\"tribe-events-tooltip\"\n\tdata-tooltip-content=\"#tribe-events-tooltip-content-150816\"\n\taria-describedby=\"tribe-events-tooltip-content-150816\"\n>\n\t\t<div class=\"tribe-events-calendar-month__multiday-event-hidden-title tribe-common-h8\">\n\tSuor Lidia Strzelczyk termina la 2a parte della Visita canonica all&#8217;Ispettoria Meridionale &#8220;Madonna del Buon Consiglio&#8221; (IMR).<\/div>\n<\/a>\n<\/div>\n\t\t<div class=\"tribe-events-calendar-month__multiday-event-bar\">\n\t<div class=\"tribe-events-calendar-month__multiday-event-bar-inner\">\n\t\t\t\t<div class=\"tribe-events-calendar-month__multiday-event-bar-title tribe-common-h8\">\n\tSuor Lidia Strzelczyk termina la 2a parte della Visita canonica all&#8217;Ispettoria Meridionale &#8220;Madonna del Buon Consiglio&#8221; (IMR).<\/div>\n\t<\/div>\n<\/div>\n<div class=\"tribe-events-calendar-month__calendar-event-tooltip-template tribe-common-a11y-hidden\">\n\t<div\n\t\tclass=\"tribe-events-calendar-month__calendar-event-tooltip\"\n\t\tid=\"tribe-events-tooltip-content-150816\"\n\t\trole=\"tooltip\"\n\t>\n\t\t\t\t<div class=\"tribe-events-calendar-month__calendar-event-tooltip-datetime\">\n\t\t<time datetime=\"2026-05-19\">\n\t\t<span class=\"tribe-event-date-start\">19 Maio<\/span>\t<\/time>\n\t<\/div>\n\t\t<div class=\"tribe-events-calendar-month__calendar-event-tooltip-title tribe-common-h7\">\n\t<a\n\t\thref=\"https:\/\/www.cgfmanet.org\/pt-pt\/event\/suor-lidia-strzelczyk-termina-la-2a-parte-della-visita-canonica-allispettoria-meridionale-madonna-del-buon-consiglio-imr\/\"\n\t\ttitle=\"Suor Lidia Strzelczyk termina la 2a parte della Visita canonica all&#8217;Ispettoria Meridionale &#8220;Madonna del Buon Consiglio&#8221; (IMR).\"\n\t\trel=\"bookmark\"\n\t\tclass=\"tribe-events-calendar-month__calendar-event-tooltip-title-link tribe-common-anchor-thin\"\n\t>\n\t\tSuor Lidia Strzelczyk termina la 2a parte della Visita canonica all&#8217;Ispettoria Meridionale &#8220;Madonna del Buon Consiglio&#8221; (IMR).\t<\/a>\n<\/div>\n\t\t\t\t\t<\/div>\n<\/div>\n\t<\/article>\n<\/div>\n\n\t<div class=\"tribe-events-calendar-month__multiday-event-wrapper\">\n\t<article  class=\"tribe-events-calendar-month__multiday-event post-150931 tribe_events type-tribe_events status-publish tribe_events_cat-agenda-pt-pt tribe_events_cat-ir-maria-assunta-sumiko-inoue tribe_events_cat-visitadora-pt-pt cat_agenda-pt-pt cat_ir-maria-assunta-sumiko-inoue cat_visitadora-pt-pt\"  data-event-id=\"150931\">\n\t\t<div class=\"tribe-events-calendar-month__multiday-event-hidden\">\n\t<time\n\tdatetime=\"2026-05-14\"\n\tclass=\"tribe-common-a11y-visual-hide\"\n>\n\t2026-05-14<\/time>\n\t<a\n\thref=\"https:\/\/www.cgfmanet.org\/pt-pt\/event\/suor-maria-assunta-sumiko-inoue-fa-una-visita-breve-allispettoria-santa-maria-mazzarello-tha\/\"\n\tclass=\"tribe-events-calendar-month__multiday-event-hidden-link\"\n\tdata-js=\"tribe-events-tooltip\"\n\tdata-tooltip-content=\"#tribe-events-tooltip-content-150931\"\n\taria-describedby=\"tribe-events-tooltip-content-150931\"\n>\n\t\t<div class=\"tribe-events-calendar-month__multiday-event-hidden-title tribe-common-h8\">\n\tSuor Maria Assunta Sumiko Inoue fa una Visita breve all&#8217;Ispettoria \u201cSanta Maria Mazzarello\u201d (THA).<\/div>\n<\/a>\n<\/div>\n\t\t\t<\/article>\n<\/div>\n\n\t<div class=\"tribe-events-calendar-month__multiday-event-wrapper\">\n\t<article  class=\"tribe-events-calendar-month__multiday-event post-156709 tribe_events type-tribe_events status-publish tribe_events_cat-agenda-pt-pt tribe_events_cat-conselheira-para-a-pastoral-juvenil cat_agenda-pt-pt cat_conselheira-para-a-pastoral-juvenil\"  data-event-id=\"156709\">\n\t\t<div class=\"tribe-events-calendar-month__multiday-event-hidden\">\n\t<time\n\tdatetime=\"2026-05-14\"\n\tclass=\"tribe-common-a11y-visual-hide\"\n>\n\t2026-05-14<\/time>\n\t<a\n\thref=\"https:\/\/www.cgfmanet.org\/pt-pt\/event\/suor-runita-borja-partecipa-al-congresso-degli-educatori-della-conferenza-interispettoriale-ciao-sul-tema-il-patto-educativo-globale-nello-stile-salesiano-a-tokyo-in-giappone\/\"\n\tclass=\"tribe-events-calendar-month__multiday-event-hidden-link\"\n\tdata-js=\"tribe-events-tooltip\"\n\tdata-tooltip-content=\"#tribe-events-tooltip-content-156709\"\n\taria-describedby=\"tribe-events-tooltip-content-156709\"\n>\n\t\t<div class=\"tribe-events-calendar-month__multiday-event-hidden-title tribe-common-h8\">\n\tSuor Runita Borja partecipa al Congresso degli Educatori della Conferenza interispettoriale CIAO sul tema \u201cIl Patto Educativo Globale nello stile salesiano\u201d. A Tokyo, in Giappone.<\/div>\n<\/a>\n<\/div>\n\t\t\t<\/article>\n<\/div>\n\n\n\t\t\t<\/div>\n\n\t\n<\/div>\n<\/td>\n\n\t\t\t\n\t\t\t\t<td\n\t class=\"tribe-events-calendar-month__day\" \taria-labelledby=\"tribe-events-calendar-day-2026-05-20\"\n\tdata-js=\"tribe-events-month-grid-cell\"\n>\n\t<button\n\taria-expanded=\"false\"\n\taria-controls=\"tribe-events-calendar-mobile-day-2026-05-20\"\n\taria-label=\"Maio 20, 1 evento, upcoming day\"\n\t class=\"tribe-events-calendar-month__day-cell tribe-events-calendar-month__day-cell--mobile\" \tdata-js=\"tribe-events-calendar-month-day-cell-mobile\"\n>\n\t<h3 class=\"tribe-events-calendar-month__day-date tribe-common-h6 tribe-common-h--alt\">\n\t\t<span class=\"tribe-common-a11y-visual-hide\">\n\t\t\t1 evento\t\t<\/span>\n\t\t<time\n\t\t\tclass=\"tribe-events-calendar-month__day-date-daynum\"\n\t\t\tdatetime=\"2026-05-20\"\n\t\t>\n\t\t\t20\t\t<\/time>\n\t<\/h3>\n\t\n\t<span class=\"tribe-events-calendar-month__mobile-events-icon tribe-events-calendar-month__mobile-events-icon--event\" >\n\t<\/span>\n<\/button>\n\t\n<div\n\tid=\"tribe-events-calendar-day-2026-05-20\"\n\tclass=\"tribe-events-calendar-month__day-cell tribe-events-calendar-month__day-cell--desktop tribe-common-a11y-hidden\"\n>\n\t\n<h3 class=\"tribe-events-calendar-month__day-date tribe-common-h4\">\n\t<span class=\"tribe-common-a11y-visual-hide\">\n\t\t1 evento,\n\t<\/span>\n\t<time\n\t\tclass=\"tribe-events-calendar-month__day-date-daynum\"\n\t\tdatetime=\"2026-05-20\"\n\t>\n\t\t\t\t\t<a\n\t\t\t\thref=\"https:\/\/www.cgfmanet.org\/pt-pt\/eventos\/2026-05-20\/?shortcode=tribe-widget-events-month-17\"\n\t\t\t\tclass=\"tribe-events-calendar-month__day-date-link\"\n\t\t\t\tdata-js=\"tribe-events-view-link\"\n\t\t\t\taria-label=\"20 Maio\"\n\t\t\t>\n\t\t\t\t20\t\t\t<\/a>\n\t\t\t<\/time>\n<\/h3>\n\n\t<div class=\"tribe-events-calendar-month__events\">\n\t\t\n\t<div class=\"tribe-events-calendar-month__multiday-event-wrapper tribe-events-calendar-month__multiday-event--empty\"><\/div>\n\t<div class=\"tribe-events-calendar-month__multiday-event-wrapper tribe-events-calendar-month__multiday-event--empty\"><\/div>\n\t<div class=\"tribe-events-calendar-month__multiday-event-wrapper\">\n\t<article  class=\"tribe-events-calendar-month__multiday-event post-150931 tribe_events type-tribe_events status-publish tribe_events_cat-agenda-pt-pt tribe_events_cat-ir-maria-assunta-sumiko-inoue tribe_events_cat-visitadora-pt-pt cat_agenda-pt-pt cat_ir-maria-assunta-sumiko-inoue cat_visitadora-pt-pt\"  data-event-id=\"150931\">\n\t\t<div class=\"tribe-events-calendar-month__multiday-event-hidden\">\n\t<time\n\tdatetime=\"2026-05-14\"\n\tclass=\"tribe-common-a11y-visual-hide\"\n>\n\t2026-05-14<\/time>\n\t<a\n\thref=\"https:\/\/www.cgfmanet.org\/pt-pt\/event\/suor-maria-assunta-sumiko-inoue-fa-una-visita-breve-allispettoria-santa-maria-mazzarello-tha\/\"\n\tclass=\"tribe-events-calendar-month__multiday-event-hidden-link\"\n\tdata-js=\"tribe-events-tooltip\"\n\tdata-tooltip-content=\"#tribe-events-tooltip-content-150931\"\n\taria-describedby=\"tribe-events-tooltip-content-150931\"\n>\n\t\t<div class=\"tribe-events-calendar-month__multiday-event-hidden-title tribe-common-h8\">\n\tSuor Maria Assunta Sumiko Inoue fa una Visita breve all&#8217;Ispettoria \u201cSanta Maria Mazzarello\u201d (THA).<\/div>\n<\/a>\n<\/div>\n\t\t\t<\/article>\n<\/div>\n\n\n\t\t\t<\/div>\n\n\t\n<\/div>\n<\/td>\n\n\t\t\t\n\t\t\t\t<td\n\t class=\"tribe-events-calendar-month__day\" \taria-labelledby=\"tribe-events-calendar-day-2026-05-21\"\n\tdata-js=\"tribe-events-month-grid-cell\"\n>\n\t<button\n\taria-expanded=\"false\"\n\taria-controls=\"tribe-events-calendar-mobile-day-2026-05-21\"\n\taria-label=\"Maio 21, 2 eventos, upcoming day\"\n\t class=\"tribe-events-calendar-month__day-cell tribe-events-calendar-month__day-cell--mobile\" \tdata-js=\"tribe-events-calendar-month-day-cell-mobile\"\n>\n\t<h3 class=\"tribe-events-calendar-month__day-date tribe-common-h6 tribe-common-h--alt\">\n\t\t<span class=\"tribe-common-a11y-visual-hide\">\n\t\t\t2 eventos\t\t<\/span>\n\t\t<time\n\t\t\tclass=\"tribe-events-calendar-month__day-date-daynum\"\n\t\t\tdatetime=\"2026-05-21\"\n\t\t>\n\t\t\t21\t\t<\/time>\n\t<\/h3>\n\t\n\t<span class=\"tribe-events-calendar-month__mobile-events-icon tribe-events-calendar-month__mobile-events-icon--event\" >\n\t<\/span>\n<\/button>\n\t\n<div\n\tid=\"tribe-events-calendar-day-2026-05-21\"\n\tclass=\"tribe-events-calendar-month__day-cell tribe-events-calendar-month__day-cell--desktop tribe-common-a11y-hidden\"\n>\n\t\n<h3 class=\"tribe-events-calendar-month__day-date tribe-common-h4\">\n\t<span class=\"tribe-common-a11y-visual-hide\">\n\t\t2 eventos,\n\t<\/span>\n\t<time\n\t\tclass=\"tribe-events-calendar-month__day-date-daynum\"\n\t\tdatetime=\"2026-05-21\"\n\t>\n\t\t\t\t\t<a\n\t\t\t\thref=\"https:\/\/www.cgfmanet.org\/pt-pt\/eventos\/2026-05-21\/?shortcode=tribe-widget-events-month-17\"\n\t\t\t\tclass=\"tribe-events-calendar-month__day-date-link\"\n\t\t\t\tdata-js=\"tribe-events-view-link\"\n\t\t\t\taria-label=\"21 Maio\"\n\t\t\t>\n\t\t\t\t21\t\t\t<\/a>\n\t\t\t<\/time>\n<\/h3>\n\n\t<div class=\"tribe-events-calendar-month__events\">\n\t\t\n\t<div class=\"tribe-events-calendar-month__multiday-event-wrapper\">\n\t<article  class=\"tribe-events-calendar-month__multiday-event post-151123 tribe_events type-tribe_events status-publish tribe_events_cat-agenda-pt-pt tribe_events_cat-conselheira-para-a-familia-salesiana cat_agenda-pt-pt cat_conselheira-para-a-familia-salesiana tribe-events-calendar-month__multiday-event--width-3 tribe-events-calendar-month__multiday-event--display tribe-events-calendar-month__multiday-event--start tribe-events-calendar-month__multiday-event--end\"  data-event-id=\"151123\">\n\t\t<div class=\"tribe-events-calendar-month__multiday-event-hidden\">\n\t<time\n\tdatetime=\"2026-05-21\"\n\tclass=\"tribe-common-a11y-visual-hide\"\n>\n\t2026-05-21<\/time>\n\t<a\n\thref=\"https:\/\/www.cgfmanet.org\/pt-pt\/event\/suor-leslie-sandigo-e-le-collaboratrici-dellambito-partecipano-alla-consulta-della-famiglia-salesiana-a-valdocco-torino-2\/\"\n\tclass=\"tribe-events-calendar-month__multiday-event-hidden-link\"\n\tdata-js=\"tribe-events-tooltip\"\n\tdata-tooltip-content=\"#tribe-events-tooltip-content-151123\"\n\taria-describedby=\"tribe-events-tooltip-content-151123\"\n>\n\t\t<div class=\"tribe-events-calendar-month__multiday-event-hidden-title tribe-common-h8\">\n\tSuor Leslie S\u00e1ndigo e le Collaboratrici dell\u2019Ambito partecipano alla Consulta della Famiglia Salesiana a Valdocco, Torino.<\/div>\n<\/a>\n<\/div>\n\t\t<div class=\"tribe-events-calendar-month__multiday-event-bar\">\n\t<div class=\"tribe-events-calendar-month__multiday-event-bar-inner\">\n\t\t\t\t<div class=\"tribe-events-calendar-month__multiday-event-bar-title tribe-common-h8\">\n\tSuor Leslie S\u00e1ndigo e le Collaboratrici dell\u2019Ambito partecipano alla Consulta della Famiglia Salesiana a Valdocco, Torino.<\/div>\n\t<\/div>\n<\/div>\n<div class=\"tribe-events-calendar-month__calendar-event-tooltip-template tribe-common-a11y-hidden\">\n\t<div\n\t\tclass=\"tribe-events-calendar-month__calendar-event-tooltip\"\n\t\tid=\"tribe-events-tooltip-content-151123\"\n\t\trole=\"tooltip\"\n\t>\n\t\t\t\t<div class=\"tribe-events-calendar-month__calendar-event-tooltip-datetime\">\n\t\t<time datetime=\"2026-05-21\">\n\t\t<span class=\"tribe-event-date-start\">21 Maio<\/span> - <span class=\"tribe-event-date-end\">23 Maio<\/span>\t<\/time>\n\t<\/div>\n\t\t<div class=\"tribe-events-calendar-month__calendar-event-tooltip-title tribe-common-h7\">\n\t<a\n\t\thref=\"https:\/\/www.cgfmanet.org\/pt-pt\/event\/suor-leslie-sandigo-e-le-collaboratrici-dellambito-partecipano-alla-consulta-della-famiglia-salesiana-a-valdocco-torino-2\/\"\n\t\ttitle=\"Suor Leslie S\u00e1ndigo e le Collaboratrici dell\u2019Ambito partecipano alla Consulta della Famiglia Salesiana a Valdocco, Torino.\"\n\t\trel=\"bookmark\"\n\t\tclass=\"tribe-events-calendar-month__calendar-event-tooltip-title-link tribe-common-anchor-thin\"\n\t>\n\t\tSuor Leslie S\u00e1ndigo e le Collaboratrici dell\u2019Ambito partecipano alla Consulta della Famiglia Salesiana a Valdocco, Torino.\t<\/a>\n<\/div>\n\t\t\t\t\t<\/div>\n<\/div>\n\t<\/article>\n<\/div>\n\n\t<div class=\"tribe-events-calendar-month__multiday-event-wrapper tribe-events-calendar-month__multiday-event--empty\"><\/div>\n\t<div class=\"tribe-events-calendar-month__multiday-event-wrapper\">\n\t<article  class=\"tribe-events-calendar-month__multiday-event post-150931 tribe_events type-tribe_events status-publish tribe_events_cat-agenda-pt-pt tribe_events_cat-ir-maria-assunta-sumiko-inoue tribe_events_cat-visitadora-pt-pt cat_agenda-pt-pt cat_ir-maria-assunta-sumiko-inoue cat_visitadora-pt-pt\"  data-event-id=\"150931\">\n\t\t<div class=\"tribe-events-calendar-month__multiday-event-hidden\">\n\t<time\n\tdatetime=\"2026-05-14\"\n\tclass=\"tribe-common-a11y-visual-hide\"\n>\n\t2026-05-14<\/time>\n\t<a\n\thref=\"https:\/\/www.cgfmanet.org\/pt-pt\/event\/suor-maria-assunta-sumiko-inoue-fa-una-visita-breve-allispettoria-santa-maria-mazzarello-tha\/\"\n\tclass=\"tribe-events-calendar-month__multiday-event-hidden-link\"\n\tdata-js=\"tribe-events-tooltip\"\n\tdata-tooltip-content=\"#tribe-events-tooltip-content-150931\"\n\taria-describedby=\"tribe-events-tooltip-content-150931\"\n>\n\t\t<div class=\"tribe-events-calendar-month__multiday-event-hidden-title tribe-common-h8\">\n\tSuor Maria Assunta Sumiko Inoue fa una Visita breve all&#8217;Ispettoria \u201cSanta Maria Mazzarello\u201d (THA).<\/div>\n<\/a>\n<\/div>\n\t\t\t<\/article>\n<\/div>\n\n\n\t\t\t<\/div>\n\n\t\n<\/div>\n<\/td>\n\n\t\t\t\n\t\t\t\t<td\n\t class=\"tribe-events-calendar-month__day\" \taria-labelledby=\"tribe-events-calendar-day-2026-05-22\"\n\tdata-js=\"tribe-events-month-grid-cell\"\n>\n\t<button\n\taria-expanded=\"false\"\n\taria-controls=\"tribe-events-calendar-mobile-day-2026-05-22\"\n\taria-label=\"Maio 22, 4 eventos, upcoming day\"\n\t class=\"tribe-events-calendar-month__day-cell tribe-events-calendar-month__day-cell--mobile\" \tdata-js=\"tribe-events-calendar-month-day-cell-mobile\"\n>\n\t<h3 class=\"tribe-events-calendar-month__day-date tribe-common-h6 tribe-common-h--alt\">\n\t\t<span class=\"tribe-common-a11y-visual-hide\">\n\t\t\t4 eventos\t\t<\/span>\n\t\t<time\n\t\t\tclass=\"tribe-events-calendar-month__day-date-daynum\"\n\t\t\tdatetime=\"2026-05-22\"\n\t\t>\n\t\t\t22\t\t<\/time>\n\t<\/h3>\n\t\n\t<span class=\"tribe-events-calendar-month__mobile-events-icon tribe-events-calendar-month__mobile-events-icon--event\" >\n\t<\/span>\n<\/button>\n\t\n<div\n\tid=\"tribe-events-calendar-day-2026-05-22\"\n\tclass=\"tribe-events-calendar-month__day-cell tribe-events-calendar-month__day-cell--desktop tribe-common-a11y-hidden\"\n>\n\t\n<h3 class=\"tribe-events-calendar-month__day-date tribe-common-h4\">\n\t<span class=\"tribe-common-a11y-visual-hide\">\n\t\t4 eventos,\n\t<\/span>\n\t<time\n\t\tclass=\"tribe-events-calendar-month__day-date-daynum\"\n\t\tdatetime=\"2026-05-22\"\n\t>\n\t\t\t\t\t<a\n\t\t\t\thref=\"https:\/\/www.cgfmanet.org\/pt-pt\/eventos\/2026-05-22\/?shortcode=tribe-widget-events-month-17\"\n\t\t\t\tclass=\"tribe-events-calendar-month__day-date-link\"\n\t\t\t\tdata-js=\"tribe-events-view-link\"\n\t\t\t\taria-label=\"22 Maio\"\n\t\t\t>\n\t\t\t\t22\t\t\t<\/a>\n\t\t\t<\/time>\n<\/h3>\n\n\t<div class=\"tribe-events-calendar-month__events\">\n\t\t\n\t<div class=\"tribe-events-calendar-month__multiday-event-wrapper\">\n\t<article  class=\"tribe-events-calendar-month__multiday-event post-151123 tribe_events type-tribe_events status-publish tribe_events_cat-agenda-pt-pt tribe_events_cat-conselheira-para-a-familia-salesiana cat_agenda-pt-pt cat_conselheira-para-a-familia-salesiana\"  data-event-id=\"151123\">\n\t\t<div class=\"tribe-events-calendar-month__multiday-event-hidden\">\n\t<time\n\tdatetime=\"2026-05-21\"\n\tclass=\"tribe-common-a11y-visual-hide\"\n>\n\t2026-05-21<\/time>\n\t<a\n\thref=\"https:\/\/www.cgfmanet.org\/pt-pt\/event\/suor-leslie-sandigo-e-le-collaboratrici-dellambito-partecipano-alla-consulta-della-famiglia-salesiana-a-valdocco-torino-2\/\"\n\tclass=\"tribe-events-calendar-month__multiday-event-hidden-link\"\n\tdata-js=\"tribe-events-tooltip\"\n\tdata-tooltip-content=\"#tribe-events-tooltip-content-151123\"\n\taria-describedby=\"tribe-events-tooltip-content-151123\"\n>\n\t\t<div class=\"tribe-events-calendar-month__multiday-event-hidden-title tribe-common-h8\">\n\tSuor Leslie S\u00e1ndigo e le Collaboratrici dell\u2019Ambito partecipano alla Consulta della Famiglia Salesiana a Valdocco, Torino.<\/div>\n<\/a>\n<\/div>\n\t\t\t<\/article>\n<\/div>\n\n\t<div class=\"tribe-events-calendar-month__multiday-event-wrapper\">\n\t<article  class=\"tribe-events-calendar-month__multiday-event post-155291 tribe_events type-tribe_events status-publish tribe_events_cat-agenda-pt-pt tribe_events_cat-madre-geral cat_agenda-pt-pt cat_madre-geral tribe-events-calendar-month__multiday-event--width-2 tribe-events-calendar-month__multiday-event--display tribe-events-calendar-month__multiday-event--start tribe-events-calendar-month__multiday-event--end\"  data-event-id=\"155291\">\n\t\t<div class=\"tribe-events-calendar-month__multiday-event-hidden\">\n\t<time\n\tdatetime=\"2026-05-22\"\n\tclass=\"tribe-common-a11y-visual-hide\"\n>\n\t2026-05-22<\/time>\n\t<a\n\thref=\"https:\/\/www.cgfmanet.org\/pt-pt\/event\/la-madre-partecipa-alla-consulta-della-famiglia-salesiana-sul-tema-della-strenna-2026-a-torino-valdocco\/\"\n\tclass=\"tribe-events-calendar-month__multiday-event-hidden-link\"\n\tdata-js=\"tribe-events-tooltip\"\n\tdata-tooltip-content=\"#tribe-events-tooltip-content-155291\"\n\taria-describedby=\"tribe-events-tooltip-content-155291\"\n>\n\t\t<div class=\"tribe-events-calendar-month__multiday-event-hidden-title tribe-common-h8\">\n\tLa Madre partecipa alla Consulta della Famiglia Salesiana sul tema della Strenna 2026. A Torino, Valdocco.<\/div>\n<\/a>\n<\/div>\n\t\t<div class=\"tribe-events-calendar-month__multiday-event-bar\">\n\t<div class=\"tribe-events-calendar-month__multiday-event-bar-inner\">\n\t\t\t\t<div class=\"tribe-events-calendar-month__multiday-event-bar-title tribe-common-h8\">\n\tLa Madre partecipa alla Consulta della Famiglia Salesiana sul tema della Strenna 2026. A Torino, Valdocco.<\/div>\n\t<\/div>\n<\/div>\n<div class=\"tribe-events-calendar-month__calendar-event-tooltip-template tribe-common-a11y-hidden\">\n\t<div\n\t\tclass=\"tribe-events-calendar-month__calendar-event-tooltip\"\n\t\tid=\"tribe-events-tooltip-content-155291\"\n\t\trole=\"tooltip\"\n\t>\n\t\t\t\t<div class=\"tribe-events-calendar-month__calendar-event-tooltip-datetime\">\n\t\t<time datetime=\"2026-05-22\">\n\t\t<span class=\"tribe-event-date-start\">22 Maio<\/span> - <span class=\"tribe-event-date-end\">23 Maio<\/span>\t<\/time>\n\t<\/div>\n\t\t<div class=\"tribe-events-calendar-month__calendar-event-tooltip-title tribe-common-h7\">\n\t<a\n\t\thref=\"https:\/\/www.cgfmanet.org\/pt-pt\/event\/la-madre-partecipa-alla-consulta-della-famiglia-salesiana-sul-tema-della-strenna-2026-a-torino-valdocco\/\"\n\t\ttitle=\"La Madre partecipa alla Consulta della Famiglia Salesiana sul tema della Strenna 2026. A Torino, Valdocco.\"\n\t\trel=\"bookmark\"\n\t\tclass=\"tribe-events-calendar-month__calendar-event-tooltip-title-link tribe-common-anchor-thin\"\n\t>\n\t\tLa Madre partecipa alla Consulta della Famiglia Salesiana sul tema della Strenna 2026. A Torino, Valdocco.\t<\/a>\n<\/div>\n\t\t\t\t\t<\/div>\n<\/div>\n\t<\/article>\n<\/div>\n\n\t<div class=\"tribe-events-calendar-month__multiday-event-wrapper\">\n\t<article  class=\"tribe-events-calendar-month__multiday-event post-150931 tribe_events type-tribe_events status-publish tribe_events_cat-agenda-pt-pt tribe_events_cat-ir-maria-assunta-sumiko-inoue tribe_events_cat-visitadora-pt-pt cat_agenda-pt-pt cat_ir-maria-assunta-sumiko-inoue cat_visitadora-pt-pt\"  data-event-id=\"150931\">\n\t\t<div class=\"tribe-events-calendar-month__multiday-event-hidden\">\n\t<time\n\tdatetime=\"2026-05-14\"\n\tclass=\"tribe-common-a11y-visual-hide\"\n>\n\t2026-05-14<\/time>\n\t<a\n\thref=\"https:\/\/www.cgfmanet.org\/pt-pt\/event\/suor-maria-assunta-sumiko-inoue-fa-una-visita-breve-allispettoria-santa-maria-mazzarello-tha\/\"\n\tclass=\"tribe-events-calendar-month__multiday-event-hidden-link\"\n\tdata-js=\"tribe-events-tooltip\"\n\tdata-tooltip-content=\"#tribe-events-tooltip-content-150931\"\n\taria-describedby=\"tribe-events-tooltip-content-150931\"\n>\n\t\t<div class=\"tribe-events-calendar-month__multiday-event-hidden-title tribe-common-h8\">\n\tSuor Maria Assunta Sumiko Inoue fa una Visita breve all&#8217;Ispettoria \u201cSanta Maria Mazzarello\u201d (THA).<\/div>\n<\/a>\n<\/div>\n\t\t\t<\/article>\n<\/div>\n\n\t<div class=\"tribe-events-calendar-month__multiday-event-wrapper\">\n\t<article  class=\"tribe-events-calendar-month__multiday-event post-151248 tribe_events type-tribe_events status-publish tribe_events_cat-visitadora-pt-pt tribe_events_cat-sr-riccioli-marta-liliana-pt-pt tribe_events_cat-agenda-pt-pt cat_visitadora-pt-pt cat_sr-riccioli-marta-liliana-pt-pt cat_agenda-pt-pt tribe-events-calendar-month__multiday-event--width-1 tribe-events-calendar-month__multiday-event--display tribe-events-calendar-month__multiday-event--start tribe-events-calendar-month__multiday-event--end\"  data-event-id=\"151248\">\n\t\t<div class=\"tribe-events-calendar-month__multiday-event-hidden\">\n\t<time\n\tdatetime=\"2026-05-22\"\n\tclass=\"tribe-common-a11y-visual-hide\"\n>\n\t2026-05-22<\/time>\n\t<a\n\thref=\"https:\/\/www.cgfmanet.org\/pt-pt\/event\/suor-marta-riccioli-termina-la-visita-canonica-allispettoria-nostra-signora-di-chiquinquira-cbc\/\"\n\tclass=\"tribe-events-calendar-month__multiday-event-hidden-link\"\n\tdata-js=\"tribe-events-tooltip\"\n\tdata-tooltip-content=\"#tribe-events-tooltip-content-151248\"\n\taria-describedby=\"tribe-events-tooltip-content-151248\"\n>\n\t\t<div class=\"tribe-events-calendar-month__multiday-event-hidden-title tribe-common-h8\">\n\tSuor Marta Riccioli termina la Visita canonica all\u2019Ispettoria &#8220;Nostra Signora di Chiquinquir\u00e1&#8221; (CBC).<\/div>\n<\/a>\n<\/div>\n\t\t<div class=\"tribe-events-calendar-month__multiday-event-bar\">\n\t<div class=\"tribe-events-calendar-month__multiday-event-bar-inner\">\n\t\t\t\t<div class=\"tribe-events-calendar-month__multiday-event-bar-title tribe-common-h8\">\n\tSuor Marta Riccioli termina la Visita canonica all\u2019Ispettoria &#8220;Nostra Signora di Chiquinquir\u00e1&#8221; (CBC).<\/div>\n\t<\/div>\n<\/div>\n<div class=\"tribe-events-calendar-month__calendar-event-tooltip-template tribe-common-a11y-hidden\">\n\t<div\n\t\tclass=\"tribe-events-calendar-month__calendar-event-tooltip\"\n\t\tid=\"tribe-events-tooltip-content-151248\"\n\t\trole=\"tooltip\"\n\t>\n\t\t\t\t<div class=\"tribe-events-calendar-month__calendar-event-tooltip-datetime\">\n\t\t<time datetime=\"2026-05-22\">\n\t\t<span class=\"tribe-event-date-start\">22 Maio<\/span>\t<\/time>\n\t<\/div>\n\t\t<div class=\"tribe-events-calendar-month__calendar-event-tooltip-title tribe-common-h7\">\n\t<a\n\t\thref=\"https:\/\/www.cgfmanet.org\/pt-pt\/event\/suor-marta-riccioli-termina-la-visita-canonica-allispettoria-nostra-signora-di-chiquinquira-cbc\/\"\n\t\ttitle=\"Suor Marta Riccioli termina la Visita canonica all\u2019Ispettoria &#8220;Nostra Signora di Chiquinquir\u00e1&#8221; (CBC).\"\n\t\trel=\"bookmark\"\n\t\tclass=\"tribe-events-calendar-month__calendar-event-tooltip-title-link tribe-common-anchor-thin\"\n\t>\n\t\tSuor Marta Riccioli termina la Visita canonica all\u2019Ispettoria &#8220;Nostra Signora di Chiquinquir\u00e1&#8221; (CBC).\t<\/a>\n<\/div>\n\t\t\t\t\t<\/div>\n<\/div>\n\t<\/article>\n<\/div>\n\n\n\t\t\t<\/div>\n\n\t\n<\/div>\n<\/td>\n\n\t\t\t\n\t\t\t\t<td\n\t class=\"tribe-events-calendar-month__day\" \taria-labelledby=\"tribe-events-calendar-day-2026-05-23\"\n\tdata-js=\"tribe-events-month-grid-cell\"\n>\n\t<button\n\taria-expanded=\"false\"\n\taria-controls=\"tribe-events-calendar-mobile-day-2026-05-23\"\n\taria-label=\"Maio 23, 3 eventos, upcoming day\"\n\t class=\"tribe-events-calendar-month__day-cell tribe-events-calendar-month__day-cell--mobile\" \tdata-js=\"tribe-events-calendar-month-day-cell-mobile\"\n>\n\t<h3 class=\"tribe-events-calendar-month__day-date tribe-common-h6 tribe-common-h--alt\">\n\t\t<span class=\"tribe-common-a11y-visual-hide\">\n\t\t\t3 eventos\t\t<\/span>\n\t\t<time\n\t\t\tclass=\"tribe-events-calendar-month__day-date-daynum\"\n\t\t\tdatetime=\"2026-05-23\"\n\t\t>\n\t\t\t23\t\t<\/time>\n\t<\/h3>\n\t\n\t<span class=\"tribe-events-calendar-month__mobile-events-icon tribe-events-calendar-month__mobile-events-icon--event\" >\n\t<\/span>\n<\/button>\n\t\n<div\n\tid=\"tribe-events-calendar-day-2026-05-23\"\n\tclass=\"tribe-events-calendar-month__day-cell tribe-events-calendar-month__day-cell--desktop tribe-common-a11y-hidden\"\n>\n\t\n<h3 class=\"tribe-events-calendar-month__day-date tribe-common-h4\">\n\t<span class=\"tribe-common-a11y-visual-hide\">\n\t\t3 eventos,\n\t<\/span>\n\t<time\n\t\tclass=\"tribe-events-calendar-month__day-date-daynum\"\n\t\tdatetime=\"2026-05-23\"\n\t>\n\t\t\t\t\t<a\n\t\t\t\thref=\"https:\/\/www.cgfmanet.org\/pt-pt\/eventos\/2026-05-23\/?shortcode=tribe-widget-events-month-17\"\n\t\t\t\tclass=\"tribe-events-calendar-month__day-date-link\"\n\t\t\t\tdata-js=\"tribe-events-view-link\"\n\t\t\t\taria-label=\"23 Maio\"\n\t\t\t>\n\t\t\t\t23\t\t\t<\/a>\n\t\t\t<\/time>\n<\/h3>\n\n\t<div class=\"tribe-events-calendar-month__events\">\n\t\t\n\t<div class=\"tribe-events-calendar-month__multiday-event-wrapper\">\n\t<article  class=\"tribe-events-calendar-month__multiday-event post-151123 tribe_events type-tribe_events status-publish tribe_events_cat-agenda-pt-pt tribe_events_cat-conselheira-para-a-familia-salesiana cat_agenda-pt-pt cat_conselheira-para-a-familia-salesiana\"  data-event-id=\"151123\">\n\t\t<div class=\"tribe-events-calendar-month__multiday-event-hidden\">\n\t<time\n\tdatetime=\"2026-05-21\"\n\tclass=\"tribe-common-a11y-visual-hide\"\n>\n\t2026-05-21<\/time>\n\t<a\n\thref=\"https:\/\/www.cgfmanet.org\/pt-pt\/event\/suor-leslie-sandigo-e-le-collaboratrici-dellambito-partecipano-alla-consulta-della-famiglia-salesiana-a-valdocco-torino-2\/\"\n\tclass=\"tribe-events-calendar-month__multiday-event-hidden-link\"\n\tdata-js=\"tribe-events-tooltip\"\n\tdata-tooltip-content=\"#tribe-events-tooltip-content-151123\"\n\taria-describedby=\"tribe-events-tooltip-content-151123\"\n>\n\t\t<div class=\"tribe-events-calendar-month__multiday-event-hidden-title tribe-common-h8\">\n\tSuor Leslie S\u00e1ndigo e le Collaboratrici dell\u2019Ambito partecipano alla Consulta della Famiglia Salesiana a Valdocco, Torino.<\/div>\n<\/a>\n<\/div>\n\t\t\t<\/article>\n<\/div>\n\n\t<div class=\"tribe-events-calendar-month__multiday-event-wrapper\">\n\t<article  class=\"tribe-events-calendar-month__multiday-event post-155291 tribe_events type-tribe_events status-publish tribe_events_cat-agenda-pt-pt tribe_events_cat-madre-geral cat_agenda-pt-pt cat_madre-geral\"  data-event-id=\"155291\">\n\t\t<div class=\"tribe-events-calendar-month__multiday-event-hidden\">\n\t<time\n\tdatetime=\"2026-05-22\"\n\tclass=\"tribe-common-a11y-visual-hide\"\n>\n\t2026-05-22<\/time>\n\t<a\n\thref=\"https:\/\/www.cgfmanet.org\/pt-pt\/event\/la-madre-partecipa-alla-consulta-della-famiglia-salesiana-sul-tema-della-strenna-2026-a-torino-valdocco\/\"\n\tclass=\"tribe-events-calendar-month__multiday-event-hidden-link\"\n\tdata-js=\"tribe-events-tooltip\"\n\tdata-tooltip-content=\"#tribe-events-tooltip-content-155291\"\n\taria-describedby=\"tribe-events-tooltip-content-155291\"\n>\n\t\t<div class=\"tribe-events-calendar-month__multiday-event-hidden-title tribe-common-h8\">\n\tLa Madre partecipa alla Consulta della Famiglia Salesiana sul tema della Strenna 2026. A Torino, Valdocco.<\/div>\n<\/a>\n<\/div>\n\t\t\t<\/article>\n<\/div>\n\n\t<div class=\"tribe-events-calendar-month__multiday-event-wrapper\">\n\t<article  class=\"tribe-events-calendar-month__multiday-event post-150931 tribe_events type-tribe_events status-publish tribe_events_cat-agenda-pt-pt tribe_events_cat-ir-maria-assunta-sumiko-inoue tribe_events_cat-visitadora-pt-pt cat_agenda-pt-pt cat_ir-maria-assunta-sumiko-inoue cat_visitadora-pt-pt\"  data-event-id=\"150931\">\n\t\t<div class=\"tribe-events-calendar-month__multiday-event-hidden\">\n\t<time\n\tdatetime=\"2026-05-14\"\n\tclass=\"tribe-common-a11y-visual-hide\"\n>\n\t2026-05-14<\/time>\n\t<a\n\thref=\"https:\/\/www.cgfmanet.org\/pt-pt\/event\/suor-maria-assunta-sumiko-inoue-fa-una-visita-breve-allispettoria-santa-maria-mazzarello-tha\/\"\n\tclass=\"tribe-events-calendar-month__multiday-event-hidden-link\"\n\tdata-js=\"tribe-events-tooltip\"\n\tdata-tooltip-content=\"#tribe-events-tooltip-content-150931\"\n\taria-describedby=\"tribe-events-tooltip-content-150931\"\n>\n\t\t<div class=\"tribe-events-calendar-month__multiday-event-hidden-title tribe-common-h8\">\n\tSuor Maria Assunta Sumiko Inoue fa una Visita breve all&#8217;Ispettoria \u201cSanta Maria Mazzarello\u201d (THA).<\/div>\n<\/a>\n<\/div>\n\t\t\t<\/article>\n<\/div>\n\n\n\t\t\t<\/div>\n\n\t\n<\/div>\n<\/td>\n\n\t\t\t\n\t\t\t\t<td\n\t class=\"tribe-events-calendar-month__day\" \taria-labelledby=\"tribe-events-calendar-day-2026-05-24\"\n\tdata-js=\"tribe-events-month-grid-cell\"\n>\n\t<button\n\taria-expanded=\"false\"\n\taria-controls=\"tribe-events-calendar-mobile-day-2026-05-24\"\n\taria-label=\"Maio 24, 2 eventos, upcoming day\"\n\t class=\"tribe-events-calendar-month__day-cell tribe-events-calendar-month__day-cell--mobile\" \tdata-js=\"tribe-events-calendar-month-day-cell-mobile\"\n>\n\t<h3 class=\"tribe-events-calendar-month__day-date tribe-common-h6 tribe-common-h--alt\">\n\t\t<span class=\"tribe-common-a11y-visual-hide\">\n\t\t\t2 eventos\t\t<\/span>\n\t\t<time\n\t\t\tclass=\"tribe-events-calendar-month__day-date-daynum\"\n\t\t\tdatetime=\"2026-05-24\"\n\t\t>\n\t\t\t24\t\t<\/time>\n\t<\/h3>\n\t\n\t<span class=\"tribe-events-calendar-month__mobile-events-icon tribe-events-calendar-month__mobile-events-icon--event\" >\n\t<\/span>\n<\/button>\n\t\n<div\n\tid=\"tribe-events-calendar-day-2026-05-24\"\n\tclass=\"tribe-events-calendar-month__day-cell tribe-events-calendar-month__day-cell--desktop tribe-common-a11y-hidden\"\n>\n\t\n<h3 class=\"tribe-events-calendar-month__day-date tribe-common-h4\">\n\t<span class=\"tribe-common-a11y-visual-hide\">\n\t\t2 eventos,\n\t<\/span>\n\t<time\n\t\tclass=\"tribe-events-calendar-month__day-date-daynum\"\n\t\tdatetime=\"2026-05-24\"\n\t>\n\t\t\t\t\t<a\n\t\t\t\thref=\"https:\/\/www.cgfmanet.org\/pt-pt\/eventos\/2026-05-24\/?shortcode=tribe-widget-events-month-17\"\n\t\t\t\tclass=\"tribe-events-calendar-month__day-date-link\"\n\t\t\t\tdata-js=\"tribe-events-view-link\"\n\t\t\t\taria-label=\"24 Maio\"\n\t\t\t>\n\t\t\t\t24\t\t\t<\/a>\n\t\t\t<\/time>\n<\/h3>\n\n\t<div class=\"tribe-events-calendar-month__events\">\n\t\t\n\t<div class=\"tribe-events-calendar-month__multiday-event-wrapper\">\n\t<article  class=\"tribe-events-calendar-month__multiday-event post-155301 tribe_events type-tribe_events status-publish tribe_events_cat-agenda-pt-pt tribe_events_cat-madre-geral cat_agenda-pt-pt cat_madre-geral tribe-events-calendar-month__multiday-event--width-1 tribe-events-calendar-month__multiday-event--display tribe-events-calendar-month__multiday-event--start tribe-events-calendar-month__multiday-event--end\"  data-event-id=\"155301\">\n\t\t<div class=\"tribe-events-calendar-month__multiday-event-hidden\">\n\t<time\n\tdatetime=\"2026-05-24\"\n\tclass=\"tribe-common-a11y-visual-hide\"\n>\n\t2026-05-24<\/time>\n\t<a\n\thref=\"https:\/\/www.cgfmanet.org\/pt-pt\/event\/la-madre-partecipa-alla-celebrazione-della-solennita-di-maria-ausiliatrice-a-torino-valdocco\/\"\n\tclass=\"tribe-events-calendar-month__multiday-event-hidden-link\"\n\tdata-js=\"tribe-events-tooltip\"\n\tdata-tooltip-content=\"#tribe-events-tooltip-content-155301\"\n\taria-describedby=\"tribe-events-tooltip-content-155301\"\n>\n\t\t<div class=\"tribe-events-calendar-month__multiday-event-hidden-title tribe-common-h8\">\n\tLa Madre partecipa alla Celebrazione della solennit\u00e0 di Maria Ausiliatrice a Torino, Valdocco.<\/div>\n<\/a>\n<\/div>\n\t\t<div class=\"tribe-events-calendar-month__multiday-event-bar\">\n\t<div class=\"tribe-events-calendar-month__multiday-event-bar-inner\">\n\t\t\t\t<div class=\"tribe-events-calendar-month__multiday-event-bar-title tribe-common-h8\">\n\tLa Madre partecipa alla Celebrazione della solennit\u00e0 di Maria Ausiliatrice a Torino, Valdocco.<\/div>\n\t<\/div>\n<\/div>\n<div class=\"tribe-events-calendar-month__calendar-event-tooltip-template tribe-common-a11y-hidden\">\n\t<div\n\t\tclass=\"tribe-events-calendar-month__calendar-event-tooltip\"\n\t\tid=\"tribe-events-tooltip-content-155301\"\n\t\trole=\"tooltip\"\n\t>\n\t\t\t\t<div class=\"tribe-events-calendar-month__calendar-event-tooltip-datetime\">\n\t\t<time datetime=\"2026-05-24\">\n\t\t<span class=\"tribe-event-date-start\">24 Maio<\/span>\t<\/time>\n\t<\/div>\n\t\t<div class=\"tribe-events-calendar-month__calendar-event-tooltip-title tribe-common-h7\">\n\t<a\n\t\thref=\"https:\/\/www.cgfmanet.org\/pt-pt\/event\/la-madre-partecipa-alla-celebrazione-della-solennita-di-maria-ausiliatrice-a-torino-valdocco\/\"\n\t\ttitle=\"La Madre partecipa alla Celebrazione della solennit\u00e0 di Maria Ausiliatrice a Torino, Valdocco.\"\n\t\trel=\"bookmark\"\n\t\tclass=\"tribe-events-calendar-month__calendar-event-tooltip-title-link tribe-common-anchor-thin\"\n\t>\n\t\tLa Madre partecipa alla Celebrazione della solennit\u00e0 di Maria Ausiliatrice a Torino, Valdocco.\t<\/a>\n<\/div>\n\t\t\t\t\t<\/div>\n<\/div>\n\t<\/article>\n<\/div>\n\n\t<div class=\"tribe-events-calendar-month__multiday-event-wrapper tribe-events-calendar-month__multiday-event--empty\"><\/div>\n\t<div class=\"tribe-events-calendar-month__multiday-event-wrapper\">\n\t<article  class=\"tribe-events-calendar-month__multiday-event post-150931 tribe_events type-tribe_events status-publish tribe_events_cat-agenda-pt-pt tribe_events_cat-ir-maria-assunta-sumiko-inoue tribe_events_cat-visitadora-pt-pt cat_agenda-pt-pt cat_ir-maria-assunta-sumiko-inoue cat_visitadora-pt-pt\"  data-event-id=\"150931\">\n\t\t<div class=\"tribe-events-calendar-month__multiday-event-hidden\">\n\t<time\n\tdatetime=\"2026-05-14\"\n\tclass=\"tribe-common-a11y-visual-hide\"\n>\n\t2026-05-14<\/time>\n\t<a\n\thref=\"https:\/\/www.cgfmanet.org\/pt-pt\/event\/suor-maria-assunta-sumiko-inoue-fa-una-visita-breve-allispettoria-santa-maria-mazzarello-tha\/\"\n\tclass=\"tribe-events-calendar-month__multiday-event-hidden-link\"\n\tdata-js=\"tribe-events-tooltip\"\n\tdata-tooltip-content=\"#tribe-events-tooltip-content-150931\"\n\taria-describedby=\"tribe-events-tooltip-content-150931\"\n>\n\t\t<div class=\"tribe-events-calendar-month__multiday-event-hidden-title tribe-common-h8\">\n\tSuor Maria Assunta Sumiko Inoue fa una Visita breve all&#8217;Ispettoria \u201cSanta Maria Mazzarello\u201d (THA).<\/div>\n<\/a>\n<\/div>\n\t\t\t<\/article>\n<\/div>\n\n\n\t\t\t<\/div>\n\n\t\n<\/div>\n<\/td>\n\n\t\t\t\t\t<\/tr>\n\t\t\t<tr class=\"tribe-events-calendar-month__week\" data-js=\"tribe-events-month-grid-row\">\n\t\t\t\n\t\t\t\t<td\n\t class=\"tribe-events-calendar-month__day\" \taria-labelledby=\"tribe-events-calendar-day-2026-05-25\"\n\tdata-js=\"tribe-events-month-grid-cell\"\n>\n\t<button\n\taria-expanded=\"false\"\n\taria-controls=\"tribe-events-calendar-mobile-day-2026-05-25\"\n\taria-label=\"Maio 25, 1 evento, upcoming day\"\n\t class=\"tribe-events-calendar-month__day-cell tribe-events-calendar-month__day-cell--mobile\" \tdata-js=\"tribe-events-calendar-month-day-cell-mobile\"\n>\n\t<h3 class=\"tribe-events-calendar-month__day-date tribe-common-h6 tribe-common-h--alt\">\n\t\t<span class=\"tribe-common-a11y-visual-hide\">\n\t\t\t1 evento\t\t<\/span>\n\t\t<time\n\t\t\tclass=\"tribe-events-calendar-month__day-date-daynum\"\n\t\t\tdatetime=\"2026-05-25\"\n\t\t>\n\t\t\t25\t\t<\/time>\n\t<\/h3>\n\t\n\t<span class=\"tribe-events-calendar-month__mobile-events-icon tribe-events-calendar-month__mobile-events-icon--event\" >\n\t<\/span>\n<\/button>\n\t\n<div\n\tid=\"tribe-events-calendar-day-2026-05-25\"\n\tclass=\"tribe-events-calendar-month__day-cell tribe-events-calendar-month__day-cell--desktop tribe-common-a11y-hidden\"\n>\n\t\n<h3 class=\"tribe-events-calendar-month__day-date tribe-common-h4\">\n\t<span class=\"tribe-common-a11y-visual-hide\">\n\t\t1 evento,\n\t<\/span>\n\t<time\n\t\tclass=\"tribe-events-calendar-month__day-date-daynum\"\n\t\tdatetime=\"2026-05-25\"\n\t>\n\t\t\t\t\t<a\n\t\t\t\thref=\"https:\/\/www.cgfmanet.org\/pt-pt\/eventos\/2026-05-25\/?shortcode=tribe-widget-events-month-17\"\n\t\t\t\tclass=\"tribe-events-calendar-month__day-date-link\"\n\t\t\t\tdata-js=\"tribe-events-view-link\"\n\t\t\t\taria-label=\"25 Maio\"\n\t\t\t>\n\t\t\t\t25\t\t\t<\/a>\n\t\t\t<\/time>\n<\/h3>\n\n\t<div class=\"tribe-events-calendar-month__events\">\n\t\t\n\t<div class=\"tribe-events-calendar-month__multiday-event-wrapper\">\n\t<article  class=\"tribe-events-calendar-month__multiday-event post-150931 tribe_events type-tribe_events status-publish tribe_events_cat-agenda-pt-pt tribe_events_cat-ir-maria-assunta-sumiko-inoue tribe_events_cat-visitadora-pt-pt cat_agenda-pt-pt cat_ir-maria-assunta-sumiko-inoue cat_visitadora-pt-pt tribe-events-calendar-month__multiday-event--width-2 tribe-events-calendar-month__multiday-event--display tribe-events-calendar-month__multiday-event--end\"  data-event-id=\"150931\">\n\t\t<div class=\"tribe-events-calendar-month__multiday-event-hidden\">\n\t<time\n\tdatetime=\"2026-05-14\"\n\tclass=\"tribe-common-a11y-visual-hide\"\n>\n\t2026-05-14<\/time>\n\t<a\n\thref=\"https:\/\/www.cgfmanet.org\/pt-pt\/event\/suor-maria-assunta-sumiko-inoue-fa-una-visita-breve-allispettoria-santa-maria-mazzarello-tha\/\"\n\tclass=\"tribe-events-calendar-month__multiday-event-hidden-link\"\n\tdata-js=\"tribe-events-tooltip\"\n\tdata-tooltip-content=\"#tribe-events-tooltip-content-150931\"\n\taria-describedby=\"tribe-events-tooltip-content-150931\"\n>\n\t\t<div class=\"tribe-events-calendar-month__multiday-event-hidden-title tribe-common-h8\">\n\tSuor Maria Assunta Sumiko Inoue fa una Visita breve all&#8217;Ispettoria \u201cSanta Maria Mazzarello\u201d (THA).<\/div>\n<\/a>\n<\/div>\n\t\t<div class=\"tribe-events-calendar-month__multiday-event-bar\">\n\t<div class=\"tribe-events-calendar-month__multiday-event-bar-inner\">\n\t\t\t\t<div class=\"tribe-events-calendar-month__multiday-event-bar-title tribe-common-h8\">\n\tSuor Maria Assunta Sumiko Inoue fa una Visita breve all&#8217;Ispettoria \u201cSanta Maria Mazzarello\u201d (THA).<\/div>\n\t<\/div>\n<\/div>\n\t<\/article>\n<\/div>\n\n\n\t\t\t<\/div>\n\n\t\n<\/div>\n<\/td>\n\n\t\t\t\n\t\t\t\t<td\n\t class=\"tribe-events-calendar-month__day\" \taria-labelledby=\"tribe-events-calendar-day-2026-05-26\"\n\tdata-js=\"tribe-events-month-grid-cell\"\n>\n\t<button\n\taria-expanded=\"false\"\n\taria-controls=\"tribe-events-calendar-mobile-day-2026-05-26\"\n\taria-label=\"Maio 26, 3 eventos, upcoming day\"\n\t class=\"tribe-events-calendar-month__day-cell tribe-events-calendar-month__day-cell--mobile\" \tdata-js=\"tribe-events-calendar-month-day-cell-mobile\"\n>\n\t<h3 class=\"tribe-events-calendar-month__day-date tribe-common-h6 tribe-common-h--alt\">\n\t\t<span class=\"tribe-common-a11y-visual-hide\">\n\t\t\t3 eventos\t\t<\/span>\n\t\t<time\n\t\t\tclass=\"tribe-events-calendar-month__day-date-daynum\"\n\t\t\tdatetime=\"2026-05-26\"\n\t\t>\n\t\t\t26\t\t<\/time>\n\t<\/h3>\n\t\n\t<span class=\"tribe-events-calendar-month__mobile-events-icon tribe-events-calendar-month__mobile-events-icon--event\" >\n\t<\/span>\n<\/button>\n\t\n<div\n\tid=\"tribe-events-calendar-day-2026-05-26\"\n\tclass=\"tribe-events-calendar-month__day-cell tribe-events-calendar-month__day-cell--desktop tribe-common-a11y-hidden\"\n>\n\t\n<h3 class=\"tribe-events-calendar-month__day-date tribe-common-h4\">\n\t<span class=\"tribe-common-a11y-visual-hide\">\n\t\t3 eventos,\n\t<\/span>\n\t<time\n\t\tclass=\"tribe-events-calendar-month__day-date-daynum\"\n\t\tdatetime=\"2026-05-26\"\n\t>\n\t\t\t\t\t<a\n\t\t\t\thref=\"https:\/\/www.cgfmanet.org\/pt-pt\/eventos\/2026-05-26\/?shortcode=tribe-widget-events-month-17\"\n\t\t\t\tclass=\"tribe-events-calendar-month__day-date-link\"\n\t\t\t\tdata-js=\"tribe-events-view-link\"\n\t\t\t\taria-label=\"26 Maio\"\n\t\t\t>\n\t\t\t\t26\t\t\t<\/a>\n\t\t\t<\/time>\n<\/h3>\n\n\t<div class=\"tribe-events-calendar-month__events\">\n\t\t\n\t<div class=\"tribe-events-calendar-month__multiday-event-wrapper\">\n\t<article  class=\"tribe-events-calendar-month__multiday-event post-150931 tribe_events type-tribe_events status-publish tribe_events_cat-agenda-pt-pt tribe_events_cat-ir-maria-assunta-sumiko-inoue tribe_events_cat-visitadora-pt-pt cat_agenda-pt-pt cat_ir-maria-assunta-sumiko-inoue cat_visitadora-pt-pt\"  data-event-id=\"150931\">\n\t\t<div class=\"tribe-events-calendar-month__multiday-event-hidden\">\n\t<time\n\tdatetime=\"2026-05-14\"\n\tclass=\"tribe-common-a11y-visual-hide\"\n>\n\t2026-05-14<\/time>\n\t<a\n\thref=\"https:\/\/www.cgfmanet.org\/pt-pt\/event\/suor-maria-assunta-sumiko-inoue-fa-una-visita-breve-allispettoria-santa-maria-mazzarello-tha\/\"\n\tclass=\"tribe-events-calendar-month__multiday-event-hidden-link\"\n\tdata-js=\"tribe-events-tooltip\"\n\tdata-tooltip-content=\"#tribe-events-tooltip-content-150931\"\n\taria-describedby=\"tribe-events-tooltip-content-150931\"\n>\n\t\t<div class=\"tribe-events-calendar-month__multiday-event-hidden-title tribe-common-h8\">\n\tSuor Maria Assunta Sumiko Inoue fa una Visita breve all&#8217;Ispettoria \u201cSanta Maria Mazzarello\u201d (THA).<\/div>\n<\/a>\n<\/div>\n\t\t\t<\/article>\n<\/div>\n\n\t<div class=\"tribe-events-calendar-month__multiday-event-wrapper\">\n\t<article  class=\"tribe-events-calendar-month__multiday-event post-150874 tribe_events type-tribe_events status-publish tribe_events_cat-agenda-pt-pt tribe_events_cat-conselheira-para-as-missoes cat_agenda-pt-pt cat_conselheira-para-as-missoes tribe-events-calendar-month__multiday-event--width-1 tribe-events-calendar-month__multiday-event--display tribe-events-calendar-month__multiday-event--start tribe-events-calendar-month__multiday-event--end\"  data-event-id=\"150874\">\n\t\t<div class=\"tribe-events-calendar-month__multiday-event-hidden\">\n\t<time\n\tdatetime=\"2026-05-26\"\n\tclass=\"tribe-common-a11y-visual-hide\"\n>\n\t2026-05-26<\/time>\n\t<a\n\thref=\"https:\/\/www.cgfmanet.org\/pt-pt\/event\/suor-ruth-del-pilar-mora-termina-la-visita-canonica-allispettoria-san-giuseppe-sec-di-stati-uniti-e-canada\/\"\n\tclass=\"tribe-events-calendar-month__multiday-event-hidden-link\"\n\tdata-js=\"tribe-events-tooltip\"\n\tdata-tooltip-content=\"#tribe-events-tooltip-content-150874\"\n\taria-describedby=\"tribe-events-tooltip-content-150874\"\n>\n\t\t<div class=\"tribe-events-calendar-month__multiday-event-hidden-title tribe-common-h8\">\n\tSuor Ruth del Pilar Mora termina la Visita Canonica all\u2019Ispettoria San Giuseppe (SEC) di Stati Uniti e Canada.<\/div>\n<\/a>\n<\/div>\n\t\t<div class=\"tribe-events-calendar-month__multiday-event-bar\">\n\t<div class=\"tribe-events-calendar-month__multiday-event-bar-inner\">\n\t\t\t\t<div class=\"tribe-events-calendar-month__multiday-event-bar-title tribe-common-h8\">\n\tSuor Ruth del Pilar Mora termina la Visita Canonica all\u2019Ispettoria San Giuseppe (SEC) di Stati Uniti e Canada.<\/div>\n\t<\/div>\n<\/div>\n<div class=\"tribe-events-calendar-month__calendar-event-tooltip-template tribe-common-a11y-hidden\">\n\t<div\n\t\tclass=\"tribe-events-calendar-month__calendar-event-tooltip\"\n\t\tid=\"tribe-events-tooltip-content-150874\"\n\t\trole=\"tooltip\"\n\t>\n\t\t\t\t<div class=\"tribe-events-calendar-month__calendar-event-tooltip-datetime\">\n\t\t<time datetime=\"2026-05-26\">\n\t\t<span class=\"tribe-event-date-start\">26 Maio<\/span>\t<\/time>\n\t<\/div>\n\t\t<div class=\"tribe-events-calendar-month__calendar-event-tooltip-title tribe-common-h7\">\n\t<a\n\t\thref=\"https:\/\/www.cgfmanet.org\/pt-pt\/event\/suor-ruth-del-pilar-mora-termina-la-visita-canonica-allispettoria-san-giuseppe-sec-di-stati-uniti-e-canada\/\"\n\t\ttitle=\"Suor Ruth del Pilar Mora termina la Visita Canonica all\u2019Ispettoria San Giuseppe (SEC) di Stati Uniti e Canada.\"\n\t\trel=\"bookmark\"\n\t\tclass=\"tribe-events-calendar-month__calendar-event-tooltip-title-link tribe-common-anchor-thin\"\n\t>\n\t\tSuor Ruth del Pilar Mora termina la Visita Canonica all\u2019Ispettoria San Giuseppe (SEC) di Stati Uniti e Canada.\t<\/a>\n<\/div>\n\t\t\t\t\t<\/div>\n<\/div>\n\t<\/article>\n<\/div>\n\n\t<div class=\"tribe-events-calendar-month__multiday-event-wrapper\">\n\t<article  class=\"tribe-events-calendar-month__multiday-event post-156719 tribe_events type-tribe_events status-publish tribe_events_cat-agenda-pt-pt tribe_events_cat-conselheira-para-a-pastoral-juvenil cat_agenda-pt-pt cat_conselheira-para-a-pastoral-juvenil tribe-events-calendar-month__multiday-event--width-1 tribe-events-calendar-month__multiday-event--display tribe-events-calendar-month__multiday-event--start tribe-events-calendar-month__multiday-event--end\"  data-event-id=\"156719\">\n\t\t<div class=\"tribe-events-calendar-month__multiday-event-hidden\">\n\t<time\n\tdatetime=\"2026-05-26\"\n\tclass=\"tribe-common-a11y-visual-hide\"\n>\n\t2026-05-26<\/time>\n\t<a\n\thref=\"https:\/\/www.cgfmanet.org\/pt-pt\/event\/suor-runita-borja-da-il-saluto-iniziale-e-partecipa-allincontro-online-delle-coordinatrici-ispettoriali-di-pg-della-conferenza-nac\/\"\n\tclass=\"tribe-events-calendar-month__multiday-event-hidden-link\"\n\tdata-js=\"tribe-events-tooltip\"\n\tdata-tooltip-content=\"#tribe-events-tooltip-content-156719\"\n\taria-describedby=\"tribe-events-tooltip-content-156719\"\n>\n\t\t<div class=\"tribe-events-calendar-month__multiday-event-hidden-title tribe-common-h8\">\n\tSuor Runita Borja d\u00e0 il saluto iniziale e partecipa all\u2019incontro online delle Coordinatrici ispettoriali di PG della Conferenza NAC.<\/div>\n<\/a>\n<\/div>\n\t\t<div class=\"tribe-events-calendar-month__multiday-event-bar\">\n\t<div class=\"tribe-events-calendar-month__multiday-event-bar-inner\">\n\t\t\t\t<div class=\"tribe-events-calendar-month__multiday-event-bar-title tribe-common-h8\">\n\tSuor Runita Borja d\u00e0 il saluto iniziale e partecipa all\u2019incontro online delle Coordinatrici ispettoriali di PG della Conferenza NAC.<\/div>\n\t<\/div>\n<\/div>\n<div class=\"tribe-events-calendar-month__calendar-event-tooltip-template tribe-common-a11y-hidden\">\n\t<div\n\t\tclass=\"tribe-events-calendar-month__calendar-event-tooltip\"\n\t\tid=\"tribe-events-tooltip-content-156719\"\n\t\trole=\"tooltip\"\n\t>\n\t\t\t\t<div class=\"tribe-events-calendar-month__calendar-event-tooltip-datetime\">\n\t\t<time datetime=\"2026-05-26\">\n\t\t<span class=\"tribe-event-date-start\">26 Maio<\/span>\t<\/time>\n\t<\/div>\n\t\t<div class=\"tribe-events-calendar-month__calendar-event-tooltip-title tribe-common-h7\">\n\t<a\n\t\thref=\"https:\/\/www.cgfmanet.org\/pt-pt\/event\/suor-runita-borja-da-il-saluto-iniziale-e-partecipa-allincontro-online-delle-coordinatrici-ispettoriali-di-pg-della-conferenza-nac\/\"\n\t\ttitle=\"Suor Runita Borja d\u00e0 il saluto iniziale e partecipa all\u2019incontro online delle Coordinatrici ispettoriali di PG della Conferenza NAC.\"\n\t\trel=\"bookmark\"\n\t\tclass=\"tribe-events-calendar-month__calendar-event-tooltip-title-link tribe-common-anchor-thin\"\n\t>\n\t\tSuor Runita Borja d\u00e0 il saluto iniziale e partecipa all\u2019incontro online delle Coordinatrici ispettoriali di PG della Conferenza NAC.\t<\/a>\n<\/div>\n\t\t\t\t\t<\/div>\n<\/div>\n\t<\/article>\n<\/div>\n\n\n\t\t\t<\/div>\n\n\t\n<\/div>\n<\/td>\n\n\t\t\t\n\t\t\t\t<td\n\t class=\"tribe-events-calendar-month__day\" \taria-labelledby=\"tribe-events-calendar-day-2026-05-27\"\n\tdata-js=\"tribe-events-month-grid-cell\"\n>\n\t<button\n\taria-expanded=\"false\"\n\taria-controls=\"tribe-events-calendar-mobile-day-2026-05-27\"\n\taria-label=\"Maio 27, 1 evento, upcoming day\"\n\t class=\"tribe-events-calendar-month__day-cell tribe-events-calendar-month__day-cell--mobile\" \tdata-js=\"tribe-events-calendar-month-day-cell-mobile\"\n>\n\t<h3 class=\"tribe-events-calendar-month__day-date tribe-common-h6 tribe-common-h--alt\">\n\t\t<span class=\"tribe-common-a11y-visual-hide\">\n\t\t\t1 evento\t\t<\/span>\n\t\t<time\n\t\t\tclass=\"tribe-events-calendar-month__day-date-daynum\"\n\t\t\tdatetime=\"2026-05-27\"\n\t\t>\n\t\t\t27\t\t<\/time>\n\t<\/h3>\n\t\n\t<span class=\"tribe-events-calendar-month__mobile-events-icon tribe-events-calendar-month__mobile-events-icon--event\" >\n\t<\/span>\n<\/button>\n\t\n<div\n\tid=\"tribe-events-calendar-day-2026-05-27\"\n\tclass=\"tribe-events-calendar-month__day-cell tribe-events-calendar-month__day-cell--desktop tribe-common-a11y-hidden\"\n>\n\t\n<h3 class=\"tribe-events-calendar-month__day-date tribe-common-h4\">\n\t<span class=\"tribe-common-a11y-visual-hide\">\n\t\t1 evento,\n\t<\/span>\n\t<time\n\t\tclass=\"tribe-events-calendar-month__day-date-daynum\"\n\t\tdatetime=\"2026-05-27\"\n\t>\n\t\t\t\t\t<a\n\t\t\t\thref=\"https:\/\/www.cgfmanet.org\/pt-pt\/eventos\/2026-05-27\/?shortcode=tribe-widget-events-month-17\"\n\t\t\t\tclass=\"tribe-events-calendar-month__day-date-link\"\n\t\t\t\tdata-js=\"tribe-events-view-link\"\n\t\t\t\taria-label=\"27 Maio\"\n\t\t\t>\n\t\t\t\t27\t\t\t<\/a>\n\t\t\t<\/time>\n<\/h3>\n\n\t<div class=\"tribe-events-calendar-month__events\">\n\t\t\n\t<div class=\"tribe-events-calendar-month__multiday-event-wrapper\">\n\t<article  class=\"tribe-events-calendar-month__multiday-event post-150884 tribe_events type-tribe_events status-publish tribe-events-calendar-month__multiday-event--width-2 tribe-events-calendar-month__multiday-event--display tribe-events-calendar-month__multiday-event--start tribe-events-calendar-month__multiday-event--end\"  data-event-id=\"150884\">\n\t\t<div class=\"tribe-events-calendar-month__multiday-event-hidden\">\n\t<time\n\tdatetime=\"2026-05-27\"\n\tclass=\"tribe-common-a11y-visual-hide\"\n>\n\t2026-05-27<\/time>\n\t<a\n\thref=\"https:\/\/www.cgfmanet.org\/pt-pt\/event\/suor-ruth-del-pilar-mora-incontra-le-missionarie-ad-gentes-che-terminano-il-corso-di-formazione-permanente-missionaria-a-roma-in-casa-generalizia\/\"\n\tclass=\"tribe-events-calendar-month__multiday-event-hidden-link\"\n\tdata-js=\"tribe-events-tooltip\"\n\tdata-tooltip-content=\"#tribe-events-tooltip-content-150884\"\n\taria-describedby=\"tribe-events-tooltip-content-150884\"\n>\n\t\t<div class=\"tribe-events-calendar-month__multiday-event-hidden-title tribe-common-h8\">\n\tSuor Ruth del Pilar Mora incontra le missionarie ad gentes che terminano il Corso di Formazione Permanente Missionaria a Roma, in Casa Generalizia.<\/div>\n<\/a>\n<\/div>\n\t\t<div class=\"tribe-events-calendar-month__multiday-event-bar\">\n\t<div class=\"tribe-events-calendar-month__multiday-event-bar-inner\">\n\t\t\t\t<div class=\"tribe-events-calendar-month__multiday-event-bar-title tribe-common-h8\">\n\tSuor Ruth del Pilar Mora incontra le missionarie ad gentes che terminano il Corso di Formazione Permanente Missionaria a Roma, in Casa Generalizia.<\/div>\n\t<\/div>\n<\/div>\n<div class=\"tribe-events-calendar-month__calendar-event-tooltip-template tribe-common-a11y-hidden\">\n\t<div\n\t\tclass=\"tribe-events-calendar-month__calendar-event-tooltip\"\n\t\tid=\"tribe-events-tooltip-content-150884\"\n\t\trole=\"tooltip\"\n\t>\n\t\t\t\t<div class=\"tribe-events-calendar-month__calendar-event-tooltip-datetime\">\n\t\t<time datetime=\"2026-05-27\">\n\t\t<span class=\"tribe-event-date-start\">27 Maio<\/span> - <span class=\"tribe-event-date-end\">28 Maio<\/span>\t<\/time>\n\t<\/div>\n\t\t<div class=\"tribe-events-calendar-month__calendar-event-tooltip-title tribe-common-h7\">\n\t<a\n\t\thref=\"https:\/\/www.cgfmanet.org\/pt-pt\/event\/suor-ruth-del-pilar-mora-incontra-le-missionarie-ad-gentes-che-terminano-il-corso-di-formazione-permanente-missionaria-a-roma-in-casa-generalizia\/\"\n\t\ttitle=\"Suor Ruth del Pilar Mora incontra le missionarie ad gentes che terminano il Corso di Formazione Permanente Missionaria a Roma, in Casa Generalizia.\"\n\t\trel=\"bookmark\"\n\t\tclass=\"tribe-events-calendar-month__calendar-event-tooltip-title-link tribe-common-anchor-thin\"\n\t>\n\t\tSuor Ruth del Pilar Mora incontra le missionarie ad gentes che terminano il Corso di Formazione Permanente Missionaria a Roma, in Casa Generalizia.\t<\/a>\n<\/div>\n\t\t\t\t\t<\/div>\n<\/div>\n\t<\/article>\n<\/div>\n\n\n\t\t\t<\/div>\n\n\t\n<\/div>\n<\/td>\n\n\t\t\t\n\t\t\t\t<td\n\t class=\"tribe-events-calendar-month__day\" \taria-labelledby=\"tribe-events-calendar-day-2026-05-28\"\n\tdata-js=\"tribe-events-month-grid-cell\"\n>\n\t<button\n\taria-expanded=\"false\"\n\taria-controls=\"tribe-events-calendar-mobile-day-2026-05-28\"\n\taria-label=\"Maio 28, 2 eventos, upcoming day\"\n\t class=\"tribe-events-calendar-month__day-cell tribe-events-calendar-month__day-cell--mobile\" \tdata-js=\"tribe-events-calendar-month-day-cell-mobile\"\n>\n\t<h3 class=\"tribe-events-calendar-month__day-date tribe-common-h6 tribe-common-h--alt\">\n\t\t<span class=\"tribe-common-a11y-visual-hide\">\n\t\t\t2 eventos\t\t<\/span>\n\t\t<time\n\t\t\tclass=\"tribe-events-calendar-month__day-date-daynum\"\n\t\t\tdatetime=\"2026-05-28\"\n\t\t>\n\t\t\t28\t\t<\/time>\n\t<\/h3>\n\t\n\t<span class=\"tribe-events-calendar-month__mobile-events-icon tribe-events-calendar-month__mobile-events-icon--event\" >\n\t<\/span>\n<\/button>\n\t\n<div\n\tid=\"tribe-events-calendar-day-2026-05-28\"\n\tclass=\"tribe-events-calendar-month__day-cell tribe-events-calendar-month__day-cell--desktop tribe-common-a11y-hidden\"\n>\n\t\n<h3 class=\"tribe-events-calendar-month__day-date tribe-common-h4\">\n\t<span class=\"tribe-common-a11y-visual-hide\">\n\t\t2 eventos,\n\t<\/span>\n\t<time\n\t\tclass=\"tribe-events-calendar-month__day-date-daynum\"\n\t\tdatetime=\"2026-05-28\"\n\t>\n\t\t\t\t\t<a\n\t\t\t\thref=\"https:\/\/www.cgfmanet.org\/pt-pt\/eventos\/2026-05-28\/?shortcode=tribe-widget-events-month-17\"\n\t\t\t\tclass=\"tribe-events-calendar-month__day-date-link\"\n\t\t\t\tdata-js=\"tribe-events-view-link\"\n\t\t\t\taria-label=\"28 Maio\"\n\t\t\t>\n\t\t\t\t28\t\t\t<\/a>\n\t\t\t<\/time>\n<\/h3>\n\n\t<div class=\"tribe-events-calendar-month__events\">\n\t\t\n\t<div class=\"tribe-events-calendar-month__multiday-event-wrapper\">\n\t<article  class=\"tribe-events-calendar-month__multiday-event post-150884 tribe_events type-tribe_events status-publish\"  data-event-id=\"150884\">\n\t\t<div class=\"tribe-events-calendar-month__multiday-event-hidden\">\n\t<time\n\tdatetime=\"2026-05-27\"\n\tclass=\"tribe-common-a11y-visual-hide\"\n>\n\t2026-05-27<\/time>\n\t<a\n\thref=\"https:\/\/www.cgfmanet.org\/pt-pt\/event\/suor-ruth-del-pilar-mora-incontra-le-missionarie-ad-gentes-che-terminano-il-corso-di-formazione-permanente-missionaria-a-roma-in-casa-generalizia\/\"\n\tclass=\"tribe-events-calendar-month__multiday-event-hidden-link\"\n\tdata-js=\"tribe-events-tooltip\"\n\tdata-tooltip-content=\"#tribe-events-tooltip-content-150884\"\n\taria-describedby=\"tribe-events-tooltip-content-150884\"\n>\n\t\t<div class=\"tribe-events-calendar-month__multiday-event-hidden-title tribe-common-h8\">\n\tSuor Ruth del Pilar Mora incontra le missionarie ad gentes che terminano il Corso di Formazione Permanente Missionaria a Roma, in Casa Generalizia.<\/div>\n<\/a>\n<\/div>\n\t\t\t<\/article>\n<\/div>\n\n\t<div class=\"tribe-events-calendar-month__multiday-event-wrapper\">\n\t<article  class=\"tribe-events-calendar-month__multiday-event post-155311 tribe_events type-tribe_events status-publish tribe_events_cat-madre-geral tribe_events_cat-agenda-pt-pt cat_madre-geral cat_agenda-pt-pt tribe-events-calendar-month__multiday-event--width-1 tribe-events-calendar-month__multiday-event--display tribe-events-calendar-month__multiday-event--start tribe-events-calendar-month__multiday-event--end\"  data-event-id=\"155311\">\n\t\t<div class=\"tribe-events-calendar-month__multiday-event-hidden\">\n\t<time\n\tdatetime=\"2026-05-28\"\n\tclass=\"tribe-common-a11y-visual-hide\"\n>\n\t2026-05-28<\/time>\n\t<a\n\thref=\"https:\/\/www.cgfmanet.org\/pt-pt\/event\/a-roma-in-casa-generalizia-la-madre-incontra-le-fma-partecipanti-a-conclusione-del-corso-di-formazione-permanente-missionaria\/\"\n\tclass=\"tribe-events-calendar-month__multiday-event-hidden-link\"\n\tdata-js=\"tribe-events-tooltip\"\n\tdata-tooltip-content=\"#tribe-events-tooltip-content-155311\"\n\taria-describedby=\"tribe-events-tooltip-content-155311\"\n>\n\t\t<div class=\"tribe-events-calendar-month__multiday-event-hidden-title tribe-common-h8\">\n\tA Roma in Casa generalizia la Madre incontra le FMA partecipanti a conclusione del Corso di Formazione Permanente Missionaria.<\/div>\n<\/a>\n<\/div>\n\t\t<div class=\"tribe-events-calendar-month__multiday-event-bar\">\n\t<div class=\"tribe-events-calendar-month__multiday-event-bar-inner\">\n\t\t\t\t<div class=\"tribe-events-calendar-month__multiday-event-bar-title tribe-common-h8\">\n\tA Roma in Casa generalizia la Madre incontra le FMA partecipanti a conclusione del Corso di Formazione Permanente Missionaria.<\/div>\n\t<\/div>\n<\/div>\n<div class=\"tribe-events-calendar-month__calendar-event-tooltip-template tribe-common-a11y-hidden\">\n\t<div\n\t\tclass=\"tribe-events-calendar-month__calendar-event-tooltip\"\n\t\tid=\"tribe-events-tooltip-content-155311\"\n\t\trole=\"tooltip\"\n\t>\n\t\t\t\t<div class=\"tribe-events-calendar-month__calendar-event-tooltip-datetime\">\n\t\t<time datetime=\"2026-05-28\">\n\t\t<span class=\"tribe-event-date-start\">28 Maio<\/span>\t<\/time>\n\t<\/div>\n\t\t<div class=\"tribe-events-calendar-month__calendar-event-tooltip-title tribe-common-h7\">\n\t<a\n\t\thref=\"https:\/\/www.cgfmanet.org\/pt-pt\/event\/a-roma-in-casa-generalizia-la-madre-incontra-le-fma-partecipanti-a-conclusione-del-corso-di-formazione-permanente-missionaria\/\"\n\t\ttitle=\"A Roma in Casa generalizia la Madre incontra le FMA partecipanti a conclusione del Corso di Formazione Permanente Missionaria.\"\n\t\trel=\"bookmark\"\n\t\tclass=\"tribe-events-calendar-month__calendar-event-tooltip-title-link tribe-common-anchor-thin\"\n\t>\n\t\tA Roma in Casa generalizia la Madre incontra le FMA partecipanti a conclusione del Corso di Formazione Permanente Missionaria.\t<\/a>\n<\/div>\n\t\t\t\t\t<\/div>\n<\/div>\n\t<\/article>\n<\/div>\n\n\n\t\t\t<\/div>\n\n\t\n<\/div>\n<\/td>\n\n\t\t\t\n\t\t\t\t<td\n\t class=\"tribe-events-calendar-month__day\" \taria-labelledby=\"tribe-events-calendar-day-2026-05-29\"\n\tdata-js=\"tribe-events-month-grid-cell\"\n>\n\t<button\n\taria-expanded=\"false\"\n\taria-controls=\"tribe-events-calendar-mobile-day-2026-05-29\"\n\taria-label=\"Maio 29, 1 evento, upcoming day\"\n\t class=\"tribe-events-calendar-month__day-cell tribe-events-calendar-month__day-cell--mobile\" \tdata-js=\"tribe-events-calendar-month-day-cell-mobile\"\n>\n\t<h3 class=\"tribe-events-calendar-month__day-date tribe-common-h6 tribe-common-h--alt\">\n\t\t<span class=\"tribe-common-a11y-visual-hide\">\n\t\t\t1 evento\t\t<\/span>\n\t\t<time\n\t\t\tclass=\"tribe-events-calendar-month__day-date-daynum\"\n\t\t\tdatetime=\"2026-05-29\"\n\t\t>\n\t\t\t29\t\t<\/time>\n\t<\/h3>\n\t\n\t<span class=\"tribe-events-calendar-month__mobile-events-icon tribe-events-calendar-month__mobile-events-icon--event\" >\n\t<\/span>\n<\/button>\n\t\n<div\n\tid=\"tribe-events-calendar-day-2026-05-29\"\n\tclass=\"tribe-events-calendar-month__day-cell tribe-events-calendar-month__day-cell--desktop tribe-common-a11y-hidden\"\n>\n\t\n<h3 class=\"tribe-events-calendar-month__day-date tribe-common-h4\">\n\t<span class=\"tribe-common-a11y-visual-hide\">\n\t\t1 evento,\n\t<\/span>\n\t<time\n\t\tclass=\"tribe-events-calendar-month__day-date-daynum\"\n\t\tdatetime=\"2026-05-29\"\n\t>\n\t\t\t\t\t<a\n\t\t\t\thref=\"https:\/\/www.cgfmanet.org\/pt-pt\/eventos\/2026-05-29\/?shortcode=tribe-widget-events-month-17\"\n\t\t\t\tclass=\"tribe-events-calendar-month__day-date-link\"\n\t\t\t\tdata-js=\"tribe-events-view-link\"\n\t\t\t\taria-label=\"29 Maio\"\n\t\t\t>\n\t\t\t\t29\t\t\t<\/a>\n\t\t\t<\/time>\n<\/h3>\n\n\t<div class=\"tribe-events-calendar-month__events\">\n\t\t\n\t<div class=\"tribe-events-calendar-month__multiday-event-wrapper\">\n\t<article  class=\"tribe-events-calendar-month__multiday-event post-150902 tribe_events type-tribe_events status-publish tribe_events_cat-agenda-pt-pt tribe_events_cat-conselheira-para-as-missoes cat_agenda-pt-pt cat_conselheira-para-as-missoes tribe-events-calendar-month__multiday-event--width-1 tribe-events-calendar-month__multiday-event--display tribe-events-calendar-month__multiday-event--start tribe-events-calendar-month__multiday-event--end\"  data-event-id=\"150902\">\n\t\t<div class=\"tribe-events-calendar-month__multiday-event-hidden\">\n\t<time\n\tdatetime=\"2026-05-29\"\n\tclass=\"tribe-common-a11y-visual-hide\"\n>\n\t2026-05-29<\/time>\n\t<a\n\thref=\"https:\/\/www.cgfmanet.org\/pt-pt\/event\/conclusione-del-corso-di-formazione-permanente-missionaria-a-roma-casa-generalizia\/\"\n\tclass=\"tribe-events-calendar-month__multiday-event-hidden-link\"\n\tdata-js=\"tribe-events-tooltip\"\n\tdata-tooltip-content=\"#tribe-events-tooltip-content-150902\"\n\taria-describedby=\"tribe-events-tooltip-content-150902\"\n>\n\t\t<div class=\"tribe-events-calendar-month__multiday-event-hidden-title tribe-common-h8\">\n\tConclusione del Corso di Formazione Permanente Missionaria a Roma, Casa Generalizia.<\/div>\n<\/a>\n<\/div>\n\t\t<div class=\"tribe-events-calendar-month__multiday-event-bar\">\n\t<div class=\"tribe-events-calendar-month__multiday-event-bar-inner\">\n\t\t\t\t<div class=\"tribe-events-calendar-month__multiday-event-bar-title tribe-common-h8\">\n\tConclusione del Corso di Formazione Permanente Missionaria a Roma, Casa Generalizia.<\/div>\n\t<\/div>\n<\/div>\n<div class=\"tribe-events-calendar-month__calendar-event-tooltip-template tribe-common-a11y-hidden\">\n\t<div\n\t\tclass=\"tribe-events-calendar-month__calendar-event-tooltip\"\n\t\tid=\"tribe-events-tooltip-content-150902\"\n\t\trole=\"tooltip\"\n\t>\n\t\t\t\t<div class=\"tribe-events-calendar-month__calendar-event-tooltip-datetime\">\n\t\t<time datetime=\"2026-05-29\">\n\t\t<span class=\"tribe-event-date-start\">29 Maio<\/span>\t<\/time>\n\t<\/div>\n\t\t<div class=\"tribe-events-calendar-month__calendar-event-tooltip-title tribe-common-h7\">\n\t<a\n\t\thref=\"https:\/\/www.cgfmanet.org\/pt-pt\/event\/conclusione-del-corso-di-formazione-permanente-missionaria-a-roma-casa-generalizia\/\"\n\t\ttitle=\"Conclusione del Corso di Formazione Permanente Missionaria a Roma, Casa Generalizia.\"\n\t\trel=\"bookmark\"\n\t\tclass=\"tribe-events-calendar-month__calendar-event-tooltip-title-link tribe-common-anchor-thin\"\n\t>\n\t\tConclusione del Corso di Formazione Permanente Missionaria a Roma, Casa Generalizia.\t<\/a>\n<\/div>\n\t\t\t\t\t<\/div>\n<\/div>\n\t<\/article>\n<\/div>\n\n\n\t\t\t<\/div>\n\n\t\n<\/div>\n<\/td>\n\n\t\t\t\n\t\t\t\t<td\n\t class=\"tribe-events-calendar-month__day\" \taria-labelledby=\"tribe-events-calendar-day-2026-05-30\"\n\tdata-js=\"tribe-events-month-grid-cell\"\n>\n\t<button\n\taria-expanded=\"false\"\n\taria-controls=\"tribe-events-calendar-mobile-day-2026-05-30\"\n\taria-label=\"Maio 30, 1 evento, upcoming day\"\n\t class=\"tribe-events-calendar-month__day-cell tribe-events-calendar-month__day-cell--mobile\" \tdata-js=\"tribe-events-calendar-month-day-cell-mobile\"\n>\n\t<h3 class=\"tribe-events-calendar-month__day-date tribe-common-h6 tribe-common-h--alt\">\n\t\t<span class=\"tribe-common-a11y-visual-hide\">\n\t\t\t1 evento\t\t<\/span>\n\t\t<time\n\t\t\tclass=\"tribe-events-calendar-month__day-date-daynum\"\n\t\t\tdatetime=\"2026-05-30\"\n\t\t>\n\t\t\t30\t\t<\/time>\n\t<\/h3>\n\t\n\t<span class=\"tribe-events-calendar-month__mobile-events-icon tribe-events-calendar-month__mobile-events-icon--event\" >\n\t<\/span>\n<\/button>\n\t\n<div\n\tid=\"tribe-events-calendar-day-2026-05-30\"\n\tclass=\"tribe-events-calendar-month__day-cell tribe-events-calendar-month__day-cell--desktop tribe-common-a11y-hidden\"\n>\n\t\n<h3 class=\"tribe-events-calendar-month__day-date tribe-common-h4\">\n\t<span class=\"tribe-common-a11y-visual-hide\">\n\t\t1 evento,\n\t<\/span>\n\t<time\n\t\tclass=\"tribe-events-calendar-month__day-date-daynum\"\n\t\tdatetime=\"2026-05-30\"\n\t>\n\t\t\t\t\t<a\n\t\t\t\thref=\"https:\/\/www.cgfmanet.org\/pt-pt\/eventos\/2026-05-30\/?shortcode=tribe-widget-events-month-17\"\n\t\t\t\tclass=\"tribe-events-calendar-month__day-date-link\"\n\t\t\t\tdata-js=\"tribe-events-view-link\"\n\t\t\t\taria-label=\"30 Maio\"\n\t\t\t>\n\t\t\t\t30\t\t\t<\/a>\n\t\t\t<\/time>\n<\/h3>\n\n\t<div class=\"tribe-events-calendar-month__events\">\n\t\t\n\t<div class=\"tribe-events-calendar-month__multiday-event-wrapper\">\n\t<article  class=\"tribe-events-calendar-month__multiday-event post-153470 tribe_events type-tribe_events status-publish tribe_events_cat-agenda-pt-pt tribe_events_cat-ir-chantal-mukase tribe_events_cat-visitadora-pt-pt cat_agenda-pt-pt cat_ir-chantal-mukase cat_visitadora-pt-pt tribe-events-calendar-month__multiday-event--width-1 tribe-events-calendar-month__multiday-event--display tribe-events-calendar-month__multiday-event--start tribe-events-calendar-month__multiday-event--end\"  data-event-id=\"153470\">\n\t\t<div class=\"tribe-events-calendar-month__multiday-event-hidden\">\n\t<time\n\tdatetime=\"2026-05-30\"\n\tclass=\"tribe-common-a11y-visual-hide\"\n>\n\t2026-05-30<\/time>\n\t<a\n\thref=\"https:\/\/www.cgfmanet.org\/pt-pt\/event\/suor-chantal-mukase-termina-la-visita-canonica-allispettoria-nostra-signora-dafrica-afc-dellafrica-centrale\/\"\n\tclass=\"tribe-events-calendar-month__multiday-event-hidden-link\"\n\tdata-js=\"tribe-events-tooltip\"\n\tdata-tooltip-content=\"#tribe-events-tooltip-content-153470\"\n\taria-describedby=\"tribe-events-tooltip-content-153470\"\n>\n\t\t<div class=\"tribe-events-calendar-month__multiday-event-hidden-title tribe-common-h8\">\n\tSuor Chantal Mukase termina la Visita Canonica all\u2019Ispettoria \u201cNostra Signora d\u2019Africa\u201d (AFC) dell\u2019Africa Centrale.<\/div>\n<\/a>\n<\/div>\n\t\t<div class=\"tribe-events-calendar-month__multiday-event-bar\">\n\t<div class=\"tribe-events-calendar-month__multiday-event-bar-inner\">\n\t\t\t\t<div class=\"tribe-events-calendar-month__multiday-event-bar-title tribe-common-h8\">\n\tSuor Chantal Mukase termina la Visita Canonica all\u2019Ispettoria \u201cNostra Signora d\u2019Africa\u201d (AFC) dell\u2019Africa Centrale.<\/div>\n\t<\/div>\n<\/div>\n<div class=\"tribe-events-calendar-month__calendar-event-tooltip-template tribe-common-a11y-hidden\">\n\t<div\n\t\tclass=\"tribe-events-calendar-month__calendar-event-tooltip\"\n\t\tid=\"tribe-events-tooltip-content-153470\"\n\t\trole=\"tooltip\"\n\t>\n\t\t\t\t<div class=\"tribe-events-calendar-month__calendar-event-tooltip-datetime\">\n\t\t<time datetime=\"2026-05-30\">\n\t\t<span class=\"tribe-event-date-start\">30 Maio<\/span>\t<\/time>\n\t<\/div>\n\t\t<div class=\"tribe-events-calendar-month__calendar-event-tooltip-title tribe-common-h7\">\n\t<a\n\t\thref=\"https:\/\/www.cgfmanet.org\/pt-pt\/event\/suor-chantal-mukase-termina-la-visita-canonica-allispettoria-nostra-signora-dafrica-afc-dellafrica-centrale\/\"\n\t\ttitle=\"Suor Chantal Mukase termina la Visita Canonica all\u2019Ispettoria \u201cNostra Signora d\u2019Africa\u201d (AFC) dell\u2019Africa Centrale.\"\n\t\trel=\"bookmark\"\n\t\tclass=\"tribe-events-calendar-month__calendar-event-tooltip-title-link tribe-common-anchor-thin\"\n\t>\n\t\tSuor Chantal Mukase termina la Visita Canonica all\u2019Ispettoria \u201cNostra Signora d\u2019Africa\u201d (AFC) dell\u2019Africa Centrale.\t<\/a>\n<\/div>\n\t\t\t\t\t<\/div>\n<\/div>\n\t<\/article>\n<\/div>\n\n\n\t\t\t<\/div>\n\n\t\n<\/div>\n<\/td>\n\n\t\t\t\n\t\t\t\t<td\n\t class=\"tribe-events-calendar-month__day\" \taria-labelledby=\"tribe-events-calendar-day-2026-05-31\"\n\tdata-js=\"tribe-events-month-grid-cell\"\n>\n\t<button\n\taria-expanded=\"false\"\n\taria-controls=\"tribe-events-calendar-mobile-day-2026-05-31\"\n\taria-label=\"Maio 31, 1 evento, upcoming day\"\n\t class=\"tribe-events-calendar-month__day-cell tribe-events-calendar-month__day-cell--mobile\" \tdata-js=\"tribe-events-calendar-month-day-cell-mobile\"\n>\n\t<h3 class=\"tribe-events-calendar-month__day-date tribe-common-h6 tribe-common-h--alt\">\n\t\t<span class=\"tribe-common-a11y-visual-hide\">\n\t\t\t1 evento\t\t<\/span>\n\t\t<time\n\t\t\tclass=\"tribe-events-calendar-month__day-date-daynum\"\n\t\t\tdatetime=\"2026-05-31\"\n\t\t>\n\t\t\t31\t\t<\/time>\n\t<\/h3>\n\t\n\t<span class=\"tribe-events-calendar-month__mobile-events-icon tribe-events-calendar-month__mobile-events-icon--event\" >\n\t<\/span>\n<\/button>\n\t\n<div\n\tid=\"tribe-events-calendar-day-2026-05-31\"\n\tclass=\"tribe-events-calendar-month__day-cell tribe-events-calendar-month__day-cell--desktop tribe-common-a11y-hidden\"\n>\n\t\n<h3 class=\"tribe-events-calendar-month__day-date tribe-common-h4\">\n\t<span class=\"tribe-common-a11y-visual-hide\">\n\t\t1 evento,\n\t<\/span>\n\t<time\n\t\tclass=\"tribe-events-calendar-month__day-date-daynum\"\n\t\tdatetime=\"2026-05-31\"\n\t>\n\t\t\t\t\t<a\n\t\t\t\thref=\"https:\/\/www.cgfmanet.org\/pt-pt\/eventos\/2026-05-31\/?shortcode=tribe-widget-events-month-17\"\n\t\t\t\tclass=\"tribe-events-calendar-month__day-date-link\"\n\t\t\t\tdata-js=\"tribe-events-view-link\"\n\t\t\t\taria-label=\"31 Maio\"\n\t\t\t>\n\t\t\t\t31\t\t\t<\/a>\n\t\t\t<\/time>\n<\/h3>\n\n\t<div class=\"tribe-events-calendar-month__events\">\n\t\t\n\t<div class=\"tribe-events-calendar-month__multiday-event-wrapper\">\n\t<article  class=\"tribe-events-calendar-month__multiday-event post-154083 tribe_events type-tribe_events status-publish tribe_events_cat-agenda-pt-pt tribe_events_cat-ir-paola-battagliola tribe_events_cat-visitadora-pt-pt cat_agenda-pt-pt cat_ir-paola-battagliola cat_visitadora-pt-pt tribe-events-calendar-month__multiday-event--width-1 tribe-events-calendar-month__multiday-event--display tribe-events-calendar-month__multiday-event--start tribe-events-calendar-month__multiday-event--end\"  data-event-id=\"154083\">\n\t\t<div class=\"tribe-events-calendar-month__multiday-event-hidden\">\n\t<time\n\tdatetime=\"2026-05-31\"\n\tclass=\"tribe-common-a11y-visual-hide\"\n>\n\t2026-05-31<\/time>\n\t<a\n\thref=\"https:\/\/www.cgfmanet.org\/pt-pt\/event\/suor-paola-battagliola-termina-la-2a-parte-della-visita-canonica-allispettoria-lombarda-sacra-famiglia-ilo\/\"\n\tclass=\"tribe-events-calendar-month__multiday-event-hidden-link\"\n\tdata-js=\"tribe-events-tooltip\"\n\tdata-tooltip-content=\"#tribe-events-tooltip-content-154083\"\n\taria-describedby=\"tribe-events-tooltip-content-154083\"\n>\n\t\t<div class=\"tribe-events-calendar-month__multiday-event-hidden-title tribe-common-h8\">\n\tSuor Paola Battagliola termina la 2a parte della Visita canonica all&#8217;Ispettoria Lombarda &#8220;Sacra Famiglia&#8221; (ILO).<\/div>\n<\/a>\n<\/div>\n\t\t<div class=\"tribe-events-calendar-month__multiday-event-bar\">\n\t<div class=\"tribe-events-calendar-month__multiday-event-bar-inner\">\n\t\t\t\t<div class=\"tribe-events-calendar-month__multiday-event-bar-title tribe-common-h8\">\n\tSuor Paola Battagliola termina la 2a parte della Visita canonica all&#8217;Ispettoria Lombarda &#8220;Sacra Famiglia&#8221; (ILO).<\/div>\n\t<\/div>\n<\/div>\n<div class=\"tribe-events-calendar-month__calendar-event-tooltip-template tribe-common-a11y-hidden\">\n\t<div\n\t\tclass=\"tribe-events-calendar-month__calendar-event-tooltip\"\n\t\tid=\"tribe-events-tooltip-content-154083\"\n\t\trole=\"tooltip\"\n\t>\n\t\t\t\t<div class=\"tribe-events-calendar-month__calendar-event-tooltip-datetime\">\n\t\t<time datetime=\"2026-05-31\">\n\t\t<span class=\"tribe-event-date-start\">31 Maio<\/span>\t<\/time>\n\t<\/div>\n\t\t<div class=\"tribe-events-calendar-month__calendar-event-tooltip-title tribe-common-h7\">\n\t<a\n\t\thref=\"https:\/\/www.cgfmanet.org\/pt-pt\/event\/suor-paola-battagliola-termina-la-2a-parte-della-visita-canonica-allispettoria-lombarda-sacra-famiglia-ilo\/\"\n\t\ttitle=\"Suor Paola Battagliola termina la 2a parte della Visita canonica all&#8217;Ispettoria Lombarda &#8220;Sacra Famiglia&#8221; (ILO).\"\n\t\trel=\"bookmark\"\n\t\tclass=\"tribe-events-calendar-month__calendar-event-tooltip-title-link tribe-common-anchor-thin\"\n\t>\n\t\tSuor Paola Battagliola termina la 2a parte della Visita canonica all&#8217;Ispettoria Lombarda &#8220;Sacra Famiglia&#8221; (ILO).\t<\/a>\n<\/div>\n\t\t\t\t\t<\/div>\n<\/div>\n\t<\/article>\n<\/div>\n\n\n\t\t\t<\/div>\n\n\t\n<\/div>\n<\/td>\n\n\t\t\t\t\t<\/tr>\n\t<\/tbody>\n\n\t\t<\/table>\n\n\t\t\n\t\t<section class=\"tribe-events-calendar-month-mobile-events\" data-js=\"tribe-events-calendar-month-mobile-events\">\n\n\t\n\t\t\n<div  class=\"tribe-events-calendar-month-mobile-events__mobile-day\"  id=\"tribe-events-calendar-mobile-day-2026-04-27\">\n\n\t\n\t\t\t\t\t\n\t\t\t<div class=\"tribe-events-c-day-marker tribe-events-calendar-month-mobile-events__day-marker\">\n\t<time\n\t\tclass=\"tribe-events-c-day-marker__date tribe-common-h7 tribe-common-h--alt\"\n\t\tdatetime=\"2026-04-17\"\n\t>\n\t\t17 Abril\t<\/time>\n<\/div>\n\n\t\t\t\n\t\t\t\n<article  class=\"tribe-events-calendar-month-mobile-events__mobile-event post-155332 tribe_events type-tribe_events status-publish tribe_events_cat-agenda-pt-pt tribe_events_cat-conselheira-para-a-formacao cat_agenda-pt-pt cat_conselheira-para-a-formacao\" >\n\n\t\n\t<div class=\"tribe-events-calendar-month-mobile-events__mobile-event-details\">\n\n\t\t<div class=\"tribe-events-calendar-month-mobile-events__mobile-event-datetime tribe-common-b2\">\n\t\t\t\t<time datetime=\"2026-04-17\">\n\t\t\tTodo o dia\t\t<\/time>\n\t\t<\/div>\n\t\t<h3  class=\"tribe-events-calendar-month-mobile-events__mobile-event-title tribe-common-h7\" >\n\t<a\n\t\thref=\"https:\/\/www.cgfmanet.org\/pt-pt\/event\/suor-nilza-fatima-de-moraes-accompagna-le-partecipanti-del-progetto-mornese-in-lingua-inglese-insieme-alla-coordinatrice-suor-jeanette-palasota\/\"\n\t\ttitle=\"Suor Nilza F\u00e1tima de Moraes accompagna le partecipanti del Progetto Mornese in lingua inglese insieme alla coordinatrice, suor Jeanette Palasota.\"\n\t\trel=\"bookmark\"\n\t\tclass=\"tribe-events-calendar-month-mobile-events__mobile-event-title-link tribe-common-anchor\"\n\t>\n\t\tSuor Nilza F\u00e1tima de Moraes accompagna le partecipanti del Progetto Mornese in lingua inglese insieme alla coordinatrice, suor Jeanette Palasota.\t<\/a>\n<\/h3>\n\t\t\n\t<\/div>\n<\/article>\n\n\t\t\t\t\t\n\t\t\t\n\t\t\t\n\t\t\t\n<article  class=\"tribe-events-calendar-month-mobile-events__mobile-event post-156196 tribe_events type-tribe_events status-publish tribe_events_cat-agenda-pt-pt tribe_events_cat-ir-paola-battagliola tribe_events_cat-visitadora-pt-pt cat_agenda-pt-pt cat_ir-paola-battagliola cat_visitadora-pt-pt\" >\n\n\t\n\t<div class=\"tribe-events-calendar-month-mobile-events__mobile-event-details\">\n\n\t\t<div class=\"tribe-events-calendar-month-mobile-events__mobile-event-datetime tribe-common-b2\">\n\t\t\t\t<time datetime=\"2026-04-25\">\n\t\t\tTodo o dia\t\t<\/time>\n\t\t<\/div>\n\t\t<h3  class=\"tribe-events-calendar-month-mobile-events__mobile-event-title tribe-common-h7\" >\n\t<a\n\t\thref=\"https:\/\/www.cgfmanet.org\/pt-pt\/event\/suor-paola-battagliola-accompagna-il-processo-di-discernimento-per-la-nomina-della-futura-ispettrice-brm-a-manaus-brasile\/\"\n\t\ttitle=\"Suor Paola Battagliola accompagna il processo di discernimento per la nomina della futura Ispettrice BRM. A Manaus, Brasile.\"\n\t\trel=\"bookmark\"\n\t\tclass=\"tribe-events-calendar-month-mobile-events__mobile-event-title-link tribe-common-anchor\"\n\t>\n\t\tSuor Paola Battagliola accompagna il processo di discernimento per la nomina della futura Ispettrice BRM. A Manaus, Brasile.\t<\/a>\n<\/h3>\n\t\t\n\t<\/div>\n<\/article>\n\n\t\t\t\t\t\n\t\t\t\n\t\t\t\n\t\t\t\n<article  class=\"tribe-events-calendar-month-mobile-events__mobile-event post-154149 tribe_events type-tribe_events status-publish tribe_events_cat-agenda-pt-pt tribe_events_cat-conselheira-para-a-administracao cat_agenda-pt-pt cat_conselheira-para-a-administracao\" >\n\n\t\n\t<div class=\"tribe-events-calendar-month-mobile-events__mobile-event-details\">\n\n\t\t<div class=\"tribe-events-calendar-month-mobile-events__mobile-event-datetime tribe-common-b2\">\n\t\t\t\t<time datetime=\"2026-04-27\">\n\t\t\tTodo o dia\t\t<\/time>\n\t\t<\/div>\n\t\t<h3  class=\"tribe-events-calendar-month-mobile-events__mobile-event-title tribe-common-h7\" >\n\t<a\n\t\thref=\"https:\/\/www.cgfmanet.org\/pt-pt\/event\/suor-ena-bolanos-e-le-collaboratrici-dellambito-incontrano-le-econome-ispettoriali-del-mondo-per-la-formazione-online-11\/\"\n\t\ttitle=\"Suor Ena Bola\u00f1os e le collaboratrici dell\u2019Ambito incontrano le Econome ispettoriali del mondo per la formazione online.\"\n\t\trel=\"bookmark\"\n\t\tclass=\"tribe-events-calendar-month-mobile-events__mobile-event-title-link tribe-common-anchor\"\n\t>\n\t\tSuor Ena Bola\u00f1os e le collaboratrici dell\u2019Ambito incontrano le Econome ispettoriali del mondo per la formazione online.\t<\/a>\n<\/h3>\n\t\t\n\t<\/div>\n<\/article>\n\n\t\t\n\t\t\n\t<\/div>\n\n\t\n\t\t\n<div  class=\"tribe-events-calendar-month-mobile-events__mobile-day\"  id=\"tribe-events-calendar-mobile-day-2026-04-28\">\n\n\t\n\t\t\t\t\t\n\t\t\t<div class=\"tribe-events-c-day-marker tribe-events-calendar-month-mobile-events__day-marker\">\n\t<time\n\t\tclass=\"tribe-events-c-day-marker__date tribe-common-h7 tribe-common-h--alt\"\n\t\tdatetime=\"2026-04-17\"\n\t>\n\t\t17 Abril\t<\/time>\n<\/div>\n\n\t\t\t\n\t\t\t\n<article  class=\"tribe-events-calendar-month-mobile-events__mobile-event post-155332 tribe_events type-tribe_events status-publish tribe_events_cat-agenda-pt-pt tribe_events_cat-conselheira-para-a-formacao cat_agenda-pt-pt cat_conselheira-para-a-formacao\" >\n\n\t\n\t<div class=\"tribe-events-calendar-month-mobile-events__mobile-event-details\">\n\n\t\t<div class=\"tribe-events-calendar-month-mobile-events__mobile-event-datetime tribe-common-b2\">\n\t\t\t\t<time datetime=\"2026-04-17\">\n\t\t\tTodo o dia\t\t<\/time>\n\t\t<\/div>\n\t\t<h3  class=\"tribe-events-calendar-month-mobile-events__mobile-event-title tribe-common-h7\" >\n\t<a\n\t\thref=\"https:\/\/www.cgfmanet.org\/pt-pt\/event\/suor-nilza-fatima-de-moraes-accompagna-le-partecipanti-del-progetto-mornese-in-lingua-inglese-insieme-alla-coordinatrice-suor-jeanette-palasota\/\"\n\t\ttitle=\"Suor Nilza F\u00e1tima de Moraes accompagna le partecipanti del Progetto Mornese in lingua inglese insieme alla coordinatrice, suor Jeanette Palasota.\"\n\t\trel=\"bookmark\"\n\t\tclass=\"tribe-events-calendar-month-mobile-events__mobile-event-title-link tribe-common-anchor\"\n\t>\n\t\tSuor Nilza F\u00e1tima de Moraes accompagna le partecipanti del Progetto Mornese in lingua inglese insieme alla coordinatrice, suor Jeanette Palasota.\t<\/a>\n<\/h3>\n\t\t\n\t<\/div>\n<\/article>\n\n\t\t\t\t\t\n\t\t\t\n\t\t\t\n\t\t\t\n<article  class=\"tribe-events-calendar-month-mobile-events__mobile-event post-156196 tribe_events type-tribe_events status-publish tribe_events_cat-agenda-pt-pt tribe_events_cat-ir-paola-battagliola tribe_events_cat-visitadora-pt-pt cat_agenda-pt-pt cat_ir-paola-battagliola cat_visitadora-pt-pt\" >\n\n\t\n\t<div class=\"tribe-events-calendar-month-mobile-events__mobile-event-details\">\n\n\t\t<div class=\"tribe-events-calendar-month-mobile-events__mobile-event-datetime tribe-common-b2\">\n\t\t\t\t<time datetime=\"2026-04-25\">\n\t\t\tTodo o dia\t\t<\/time>\n\t\t<\/div>\n\t\t<h3  class=\"tribe-events-calendar-month-mobile-events__mobile-event-title tribe-common-h7\" >\n\t<a\n\t\thref=\"https:\/\/www.cgfmanet.org\/pt-pt\/event\/suor-paola-battagliola-accompagna-il-processo-di-discernimento-per-la-nomina-della-futura-ispettrice-brm-a-manaus-brasile\/\"\n\t\ttitle=\"Suor Paola Battagliola accompagna il processo di discernimento per la nomina della futura Ispettrice BRM. A Manaus, Brasile.\"\n\t\trel=\"bookmark\"\n\t\tclass=\"tribe-events-calendar-month-mobile-events__mobile-event-title-link tribe-common-anchor\"\n\t>\n\t\tSuor Paola Battagliola accompagna il processo di discernimento per la nomina della futura Ispettrice BRM. A Manaus, Brasile.\t<\/a>\n<\/h3>\n\t\t\n\t<\/div>\n<\/article>\n\n\t\t\t\t\t\n\t\t\t\n\t\t\t\n\t\t\t\n<article  class=\"tribe-events-calendar-month-mobile-events__mobile-event post-154149 tribe_events type-tribe_events status-publish tribe_events_cat-agenda-pt-pt tribe_events_cat-conselheira-para-a-administracao cat_agenda-pt-pt cat_conselheira-para-a-administracao\" >\n\n\t\n\t<div class=\"tribe-events-calendar-month-mobile-events__mobile-event-details\">\n\n\t\t<div class=\"tribe-events-calendar-month-mobile-events__mobile-event-datetime tribe-common-b2\">\n\t\t\t\t<time datetime=\"2026-04-27\">\n\t\t\tTodo o dia\t\t<\/time>\n\t\t<\/div>\n\t\t<h3  class=\"tribe-events-calendar-month-mobile-events__mobile-event-title tribe-common-h7\" >\n\t<a\n\t\thref=\"https:\/\/www.cgfmanet.org\/pt-pt\/event\/suor-ena-bolanos-e-le-collaboratrici-dellambito-incontrano-le-econome-ispettoriali-del-mondo-per-la-formazione-online-11\/\"\n\t\ttitle=\"Suor Ena Bola\u00f1os e le collaboratrici dell\u2019Ambito incontrano le Econome ispettoriali del mondo per la formazione online.\"\n\t\trel=\"bookmark\"\n\t\tclass=\"tribe-events-calendar-month-mobile-events__mobile-event-title-link tribe-common-anchor\"\n\t>\n\t\tSuor Ena Bola\u00f1os e le collaboratrici dell\u2019Ambito incontrano le Econome ispettoriali del mondo per la formazione online.\t<\/a>\n<\/h3>\n\t\t\n\t<\/div>\n<\/article>\n\n\t\t\n\t\t\n\t<\/div>\n\n\t\n\t\t\n<div  class=\"tribe-events-calendar-month-mobile-events__mobile-day\"  id=\"tribe-events-calendar-mobile-day-2026-04-29\">\n\n\t\n\t\t\t\t\t\n\t\t\t<div class=\"tribe-events-c-day-marker tribe-events-calendar-month-mobile-events__day-marker\">\n\t<time\n\t\tclass=\"tribe-events-c-day-marker__date tribe-common-h7 tribe-common-h--alt\"\n\t\tdatetime=\"2026-04-17\"\n\t>\n\t\t17 Abril\t<\/time>\n<\/div>\n\n\t\t\t\n\t\t\t\n<article  class=\"tribe-events-calendar-month-mobile-events__mobile-event post-155332 tribe_events type-tribe_events status-publish tribe_events_cat-agenda-pt-pt tribe_events_cat-conselheira-para-a-formacao cat_agenda-pt-pt cat_conselheira-para-a-formacao\" >\n\n\t\n\t<div class=\"tribe-events-calendar-month-mobile-events__mobile-event-details\">\n\n\t\t<div class=\"tribe-events-calendar-month-mobile-events__mobile-event-datetime tribe-common-b2\">\n\t\t\t\t<time datetime=\"2026-04-17\">\n\t\t\tTodo o dia\t\t<\/time>\n\t\t<\/div>\n\t\t<h3  class=\"tribe-events-calendar-month-mobile-events__mobile-event-title tribe-common-h7\" >\n\t<a\n\t\thref=\"https:\/\/www.cgfmanet.org\/pt-pt\/event\/suor-nilza-fatima-de-moraes-accompagna-le-partecipanti-del-progetto-mornese-in-lingua-inglese-insieme-alla-coordinatrice-suor-jeanette-palasota\/\"\n\t\ttitle=\"Suor Nilza F\u00e1tima de Moraes accompagna le partecipanti del Progetto Mornese in lingua inglese insieme alla coordinatrice, suor Jeanette Palasota.\"\n\t\trel=\"bookmark\"\n\t\tclass=\"tribe-events-calendar-month-mobile-events__mobile-event-title-link tribe-common-anchor\"\n\t>\n\t\tSuor Nilza F\u00e1tima de Moraes accompagna le partecipanti del Progetto Mornese in lingua inglese insieme alla coordinatrice, suor Jeanette Palasota.\t<\/a>\n<\/h3>\n\t\t\n\t<\/div>\n<\/article>\n\n\t\t\n\t\t\n\t<\/div>\n\n\t\n\t\t\n<div  class=\"tribe-events-calendar-month-mobile-events__mobile-day\"  id=\"tribe-events-calendar-mobile-day-2026-04-30\">\n\n\t\n\t\t\t\t\t\n\t\t\t<div class=\"tribe-events-c-day-marker tribe-events-calendar-month-mobile-events__day-marker\">\n\t<time\n\t\tclass=\"tribe-events-c-day-marker__date tribe-common-h7 tribe-common-h--alt\"\n\t\tdatetime=\"2026-04-17\"\n\t>\n\t\t17 Abril\t<\/time>\n<\/div>\n\n\t\t\t\n\t\t\t\n<article  class=\"tribe-events-calendar-month-mobile-events__mobile-event post-155332 tribe_events type-tribe_events status-publish tribe_events_cat-agenda-pt-pt tribe_events_cat-conselheira-para-a-formacao cat_agenda-pt-pt cat_conselheira-para-a-formacao\" >\n\n\t\n\t<div class=\"tribe-events-calendar-month-mobile-events__mobile-event-details\">\n\n\t\t<div class=\"tribe-events-calendar-month-mobile-events__mobile-event-datetime tribe-common-b2\">\n\t\t\t\t<time datetime=\"2026-04-17\">\n\t\t\tTodo o dia\t\t<\/time>\n\t\t<\/div>\n\t\t<h3  class=\"tribe-events-calendar-month-mobile-events__mobile-event-title tribe-common-h7\" >\n\t<a\n\t\thref=\"https:\/\/www.cgfmanet.org\/pt-pt\/event\/suor-nilza-fatima-de-moraes-accompagna-le-partecipanti-del-progetto-mornese-in-lingua-inglese-insieme-alla-coordinatrice-suor-jeanette-palasota\/\"\n\t\ttitle=\"Suor Nilza F\u00e1tima de Moraes accompagna le partecipanti del Progetto Mornese in lingua inglese insieme alla coordinatrice, suor Jeanette Palasota.\"\n\t\trel=\"bookmark\"\n\t\tclass=\"tribe-events-calendar-month-mobile-events__mobile-event-title-link tribe-common-anchor\"\n\t>\n\t\tSuor Nilza F\u00e1tima de Moraes accompagna le partecipanti del Progetto Mornese in lingua inglese insieme alla coordinatrice, suor Jeanette Palasota.\t<\/a>\n<\/h3>\n\t\t\n\t<\/div>\n<\/article>\n\n\t\t\n\t\t\n\t<\/div>\n\n\t\n\t\t\n<div  class=\"tribe-events-calendar-month-mobile-events__mobile-day\"  id=\"tribe-events-calendar-mobile-day-2026-05-1\">\n\n\t\n\t\t\t\t\t\n\t\t\t<div class=\"tribe-events-c-day-marker tribe-events-calendar-month-mobile-events__day-marker\">\n\t<time\n\t\tclass=\"tribe-events-c-day-marker__date tribe-common-h7 tribe-common-h--alt\"\n\t\tdatetime=\"2026-04-17\"\n\t>\n\t\t17 Abril\t<\/time>\n<\/div>\n\n\t\t\t\n\t\t\t\n<article  class=\"tribe-events-calendar-month-mobile-events__mobile-event post-155332 tribe_events type-tribe_events status-publish tribe_events_cat-agenda-pt-pt tribe_events_cat-conselheira-para-a-formacao cat_agenda-pt-pt cat_conselheira-para-a-formacao\" >\n\n\t\n\t<div class=\"tribe-events-calendar-month-mobile-events__mobile-event-details\">\n\n\t\t<div class=\"tribe-events-calendar-month-mobile-events__mobile-event-datetime tribe-common-b2\">\n\t\t\t\t<time datetime=\"2026-04-17\">\n\t\t\tTodo o dia\t\t<\/time>\n\t\t<\/div>\n\t\t<h3  class=\"tribe-events-calendar-month-mobile-events__mobile-event-title tribe-common-h7\" >\n\t<a\n\t\thref=\"https:\/\/www.cgfmanet.org\/pt-pt\/event\/suor-nilza-fatima-de-moraes-accompagna-le-partecipanti-del-progetto-mornese-in-lingua-inglese-insieme-alla-coordinatrice-suor-jeanette-palasota\/\"\n\t\ttitle=\"Suor Nilza F\u00e1tima de Moraes accompagna le partecipanti del Progetto Mornese in lingua inglese insieme alla coordinatrice, suor Jeanette Palasota.\"\n\t\trel=\"bookmark\"\n\t\tclass=\"tribe-events-calendar-month-mobile-events__mobile-event-title-link tribe-common-anchor\"\n\t>\n\t\tSuor Nilza F\u00e1tima de Moraes accompagna le partecipanti del Progetto Mornese in lingua inglese insieme alla coordinatrice, suor Jeanette Palasota.\t<\/a>\n<\/h3>\n\t\t\n\t<\/div>\n<\/article>\n\n\t\t\t\t\t\n\t\t\t\n\t\t\t\n\t\t\t\n<article  class=\"tribe-events-calendar-month-mobile-events__mobile-event post-156202 tribe_events type-tribe_events status-publish tribe_events_cat-ir-paola-battagliola tribe_events_cat-agenda-pt-pt tribe_events_cat-visitadora-pt-pt cat_ir-paola-battagliola cat_agenda-pt-pt cat_visitadora-pt-pt\" >\n\n\t\n\t<div class=\"tribe-events-calendar-month-mobile-events__mobile-event-details\">\n\n\t\t<div class=\"tribe-events-calendar-month-mobile-events__mobile-event-datetime tribe-common-b2\">\n\t\t\t\t<time datetime=\"2026-05-01\">\n\t\t\tTodo o dia\t\t<\/time>\n\t\t<\/div>\n\t\t<h3  class=\"tribe-events-calendar-month-mobile-events__mobile-event-title tribe-common-h7\" >\n\t<a\n\t\thref=\"https:\/\/www.cgfmanet.org\/pt-pt\/event\/suor-paola-battagliola-riprende-la-2a-parte-della-visita-canonica-allispettoria-lombarda-sacra-famiglia-ilo\/\"\n\t\ttitle=\"Suor Paola Battagliola riprende la 2a parte della Visita canonica all&#8217;Ispettoria Lombarda &#8220;Sacra Famiglia&#8221; (ILO).\"\n\t\trel=\"bookmark\"\n\t\tclass=\"tribe-events-calendar-month-mobile-events__mobile-event-title-link tribe-common-anchor\"\n\t>\n\t\tSuor Paola Battagliola riprende la 2a parte della Visita canonica all&#8217;Ispettoria Lombarda &#8220;Sacra Famiglia&#8221; (ILO).\t<\/a>\n<\/h3>\n\t\t\n\t<\/div>\n<\/article>\n\n\t\t\n\t\t\n\t<\/div>\n\n\t\n\t\t\n<div  class=\"tribe-events-calendar-month-mobile-events__mobile-day tribe-events-calendar-month-mobile-events__mobile-day--show\"  id=\"tribe-events-calendar-mobile-day-2026-05-2\">\n\n\t\n\t\t\t\t\t\n\t\t\t<div class=\"tribe-events-c-day-marker tribe-events-calendar-month-mobile-events__day-marker\">\n\t<time\n\t\tclass=\"tribe-events-c-day-marker__date tribe-common-h7 tribe-common-h--alt\"\n\t\tdatetime=\"2026-04-17\"\n\t>\n\t\t17 Abril\t<\/time>\n<\/div>\n\n\t\t\t\n\t\t\t\n<article  class=\"tribe-events-calendar-month-mobile-events__mobile-event post-155332 tribe_events type-tribe_events status-publish tribe_events_cat-agenda-pt-pt tribe_events_cat-conselheira-para-a-formacao cat_agenda-pt-pt cat_conselheira-para-a-formacao\" >\n\n\t\n\t<div class=\"tribe-events-calendar-month-mobile-events__mobile-event-details\">\n\n\t\t<div class=\"tribe-events-calendar-month-mobile-events__mobile-event-datetime tribe-common-b2\">\n\t\t\t\t<time datetime=\"2026-04-17\">\n\t\t\tTodo o dia\t\t<\/time>\n\t\t<\/div>\n\t\t<h3  class=\"tribe-events-calendar-month-mobile-events__mobile-event-title tribe-common-h7\" >\n\t<a\n\t\thref=\"https:\/\/www.cgfmanet.org\/pt-pt\/event\/suor-nilza-fatima-de-moraes-accompagna-le-partecipanti-del-progetto-mornese-in-lingua-inglese-insieme-alla-coordinatrice-suor-jeanette-palasota\/\"\n\t\ttitle=\"Suor Nilza F\u00e1tima de Moraes accompagna le partecipanti del Progetto Mornese in lingua inglese insieme alla coordinatrice, suor Jeanette Palasota.\"\n\t\trel=\"bookmark\"\n\t\tclass=\"tribe-events-calendar-month-mobile-events__mobile-event-title-link tribe-common-anchor\"\n\t>\n\t\tSuor Nilza F\u00e1tima de Moraes accompagna le partecipanti del Progetto Mornese in lingua inglese insieme alla coordinatrice, suor Jeanette Palasota.\t<\/a>\n<\/h3>\n\t\t\n\t<\/div>\n<\/article>\n\n\t\t\t\t\t\n\t\t\t\n\t\t\t\n\t\t\t\n<article  class=\"tribe-events-calendar-month-mobile-events__mobile-event post-150826 tribe_events type-tribe_events status-publish tribe_events_cat-agenda-pt-pt tribe_events_cat-secretaria-geral cat_agenda-pt-pt cat_secretaria-geral\" >\n\n\t\n\t<div class=\"tribe-events-calendar-month-mobile-events__mobile-event-details\">\n\n\t\t<div class=\"tribe-events-calendar-month-mobile-events__mobile-event-datetime tribe-common-b2\">\n\t\t\t\t<time datetime=\"2026-05-02\">\n\t\t\tTodo o dia\t\t<\/time>\n\t\t<\/div>\n\t\t<h3  class=\"tribe-events-calendar-month-mobile-events__mobile-event-title tribe-common-h7\" >\n\t<a\n\t\thref=\"https:\/\/www.cgfmanet.org\/pt-pt\/event\/suor-maria-luisa-nicastro-con-le-collaboratrici-della-segreteria-generale-guida-la-visita-allarchivio-generale-dellistituto-e-alla-mostra-del-carisma-delle-studentesse-del-corso-di-spiritualita\/\"\n\t\ttitle=\"Suor Maria Luisa Nicastro, con le collaboratrici della Segreteria generale, guida la visita all&#8217;Archivio Generale dell&#8217;Istituto e alla Mostra del Carisma delle Studentesse del Corso di Spiritualit\u00e0 di Casa Canta.\"\n\t\trel=\"bookmark\"\n\t\tclass=\"tribe-events-calendar-month-mobile-events__mobile-event-title-link tribe-common-anchor\"\n\t>\n\t\tSuor Maria Luisa Nicastro, con le collaboratrici della Segreteria generale, guida la visita all&#8217;Archivio Generale dell&#8217;Istituto e alla Mostra del Carisma delle Studentesse del Corso di Spiritualit\u00e0 di Casa Canta.\t<\/a>\n<\/h3>\n\t\t\n\t<\/div>\n<\/article>\n\n\t\t\n\t\t\n\t<\/div>\n\n\t\n\t\t\n<div  class=\"tribe-events-calendar-month-mobile-events__mobile-day\"  id=\"tribe-events-calendar-mobile-day-2026-05-3\">\n\n\t\n\t\t\t\t\t\n\t\t\t<div class=\"tribe-events-c-day-marker tribe-events-calendar-month-mobile-events__day-marker\">\n\t<time\n\t\tclass=\"tribe-events-c-day-marker__date tribe-common-h7 tribe-common-h--alt\"\n\t\tdatetime=\"2026-04-17\"\n\t>\n\t\t17 Abril\t<\/time>\n<\/div>\n\n\t\t\t\n\t\t\t\n<article  class=\"tribe-events-calendar-month-mobile-events__mobile-event post-155332 tribe_events type-tribe_events status-publish tribe_events_cat-agenda-pt-pt tribe_events_cat-conselheira-para-a-formacao cat_agenda-pt-pt cat_conselheira-para-a-formacao\" >\n\n\t\n\t<div class=\"tribe-events-calendar-month-mobile-events__mobile-event-details\">\n\n\t\t<div class=\"tribe-events-calendar-month-mobile-events__mobile-event-datetime tribe-common-b2\">\n\t\t\t\t<time datetime=\"2026-04-17\">\n\t\t\tTodo o dia\t\t<\/time>\n\t\t<\/div>\n\t\t<h3  class=\"tribe-events-calendar-month-mobile-events__mobile-event-title tribe-common-h7\" >\n\t<a\n\t\thref=\"https:\/\/www.cgfmanet.org\/pt-pt\/event\/suor-nilza-fatima-de-moraes-accompagna-le-partecipanti-del-progetto-mornese-in-lingua-inglese-insieme-alla-coordinatrice-suor-jeanette-palasota\/\"\n\t\ttitle=\"Suor Nilza F\u00e1tima de Moraes accompagna le partecipanti del Progetto Mornese in lingua inglese insieme alla coordinatrice, suor Jeanette Palasota.\"\n\t\trel=\"bookmark\"\n\t\tclass=\"tribe-events-calendar-month-mobile-events__mobile-event-title-link tribe-common-anchor\"\n\t>\n\t\tSuor Nilza F\u00e1tima de Moraes accompagna le partecipanti del Progetto Mornese in lingua inglese insieme alla coordinatrice, suor Jeanette Palasota.\t<\/a>\n<\/h3>\n\t\t\n\t<\/div>\n<\/article>\n\n\t\t\t\t\t\n\t\t\t\n\t\t\t\n\t\t\t\n<article  class=\"tribe-events-calendar-month-mobile-events__mobile-event post-151099 tribe_events type-tribe_events status-publish tribe_events_cat-conselheira-para-a-familia-salesiana tribe_events_cat-agenda-pt-pt cat_conselheira-para-a-familia-salesiana cat_agenda-pt-pt\" >\n\n\t\n\t<div class=\"tribe-events-calendar-month-mobile-events__mobile-event-details\">\n\n\t\t<div class=\"tribe-events-calendar-month-mobile-events__mobile-event-datetime tribe-common-b2\">\n\t\t\t\t<time datetime=\"2026-05-03\">\n\t\t\tTodo o dia\t\t<\/time>\n\t\t<\/div>\n\t\t<h3  class=\"tribe-events-calendar-month-mobile-events__mobile-event-title tribe-common-h7\" >\n\t<a\n\t\thref=\"https:\/\/www.cgfmanet.org\/pt-pt\/event\/suor-leslie-sandigo-e-le-collaboratrici-dellambito-incontrano-online-le-delegate-e-animatrici-delle-associazioni-exallieve-i-delle-fma-salesiani-cooperatori-e-adma\/\"\n\t\ttitle=\"Suor Leslie S\u00e1ndigo e le collaboratrici dell\u2019Ambito incontrano online le Delegate e animatrici delle Associazioni: Exallieve\/i delle FMA, Salesiani Cooperatori e ADMA.\"\n\t\trel=\"bookmark\"\n\t\tclass=\"tribe-events-calendar-month-mobile-events__mobile-event-title-link tribe-common-anchor\"\n\t>\n\t\tSuor Leslie S\u00e1ndigo e le collaboratrici dell\u2019Ambito incontrano online le Delegate e animatrici delle Associazioni: Exallieve\/i delle FMA, Salesiani Cooperatori e ADMA.\t<\/a>\n<\/h3>\n\t\t\n\t<\/div>\n<\/article>\n\n\t\t\n\t\t\n\t<\/div>\n\n\t\n\t\t\n<div  class=\"tribe-events-calendar-month-mobile-events__mobile-day\"  id=\"tribe-events-calendar-mobile-day-2026-05-4\">\n\n\t\n\t\t\t\t\t\n\t\t\t<div class=\"tribe-events-c-day-marker tribe-events-calendar-month-mobile-events__day-marker\">\n\t<time\n\t\tclass=\"tribe-events-c-day-marker__date tribe-common-h7 tribe-common-h--alt\"\n\t\tdatetime=\"2026-05-04\"\n\t>\n\t\t4 Maio\t<\/time>\n<\/div>\n\n\t\t\t\n\t\t\t\n<article  class=\"tribe-events-calendar-month-mobile-events__mobile-event post-150694 tribe_events type-tribe_events status-publish tribe_events_cat-agenda-pt-pt tribe_events_cat-vigaria-geral cat_agenda-pt-pt cat_vigaria-geral\" >\n\n\t\n\t<div class=\"tribe-events-calendar-month-mobile-events__mobile-event-details\">\n\n\t\t<div class=\"tribe-events-calendar-month-mobile-events__mobile-event-datetime tribe-common-b2\">\n\t\t\t\t<time datetime=\"2026-05-04\">\n\t\t\tTodo o dia\t\t<\/time>\n\t\t<\/div>\n\t\t<h3  class=\"tribe-events-calendar-month-mobile-events__mobile-event-title tribe-common-h7\" >\n\t<a\n\t\thref=\"https:\/\/www.cgfmanet.org\/pt-pt\/event\/suor-maria-del-rosario-garcia-ribas-termina-la-visita-canonica-allispettoria-san-giuseppe-ant-delle-antille\/\"\n\t\ttitle=\"Suor Mar\u00eda del Rosario Garc\u00eda Ribas termina la Visita canonica all\u2019Ispettoria \u201cSan Giuseppe&#8221; (ANT) delle Antille.\"\n\t\trel=\"bookmark\"\n\t\tclass=\"tribe-events-calendar-month-mobile-events__mobile-event-title-link tribe-common-anchor\"\n\t>\n\t\tSuor Mar\u00eda del Rosario Garc\u00eda Ribas termina la Visita canonica all\u2019Ispettoria \u201cSan Giuseppe&#8221; (ANT) delle Antille.\t<\/a>\n<\/h3>\n\t\t\n\t<\/div>\n<\/article>\n\n\t\t\t\t\t\n\t\t\t\n\t\t\t\n\t\t\t\n<article  class=\"tribe-events-calendar-month-mobile-events__mobile-event post-150890 tribe_events type-tribe_events status-publish tribe_events_cat-conselheira-para-as-missoes tribe_events_cat-agenda-pt-pt cat_conselheira-para-as-missoes cat_agenda-pt-pt\" >\n\n\t\n\t<div class=\"tribe-events-calendar-month-mobile-events__mobile-event-details\">\n\n\t\t<div class=\"tribe-events-calendar-month-mobile-events__mobile-event-datetime tribe-common-b2\">\n\t\t\t\t<time datetime=\"2026-05-04\">\n\t\t\tTodo o dia\t\t<\/time>\n\t\t<\/div>\n\t\t<h3  class=\"tribe-events-calendar-month-mobile-events__mobile-event-title tribe-common-h7\" >\n\t<a\n\t\thref=\"https:\/\/www.cgfmanet.org\/pt-pt\/event\/inizio-del-corso-di-formazione-permanente-missionaria-a-roma-casa-generalizia-2\/\"\n\t\ttitle=\"Inizio del Corso di Formazione Permanente Missionaria a Roma, Casa Generalizia.\"\n\t\trel=\"bookmark\"\n\t\tclass=\"tribe-events-calendar-month-mobile-events__mobile-event-title-link tribe-common-anchor\"\n\t>\n\t\tInizio del Corso di Formazione Permanente Missionaria a Roma, Casa Generalizia.\t<\/a>\n<\/h3>\n\t\t\n\t<\/div>\n<\/article>\n\n\t\t\t\t\t\n\t\t\t\n\t\t\t\n\t\t\t\n<article  class=\"tribe-events-calendar-month-mobile-events__mobile-event post-155255 tribe_events type-tribe_events status-publish tribe_events_cat-agenda-pt-pt tribe_events_cat-madre-geral cat_agenda-pt-pt cat_madre-geral\" >\n\n\t\n\t<div class=\"tribe-events-calendar-month-mobile-events__mobile-event-details\">\n\n\t\t<div class=\"tribe-events-calendar-month-mobile-events__mobile-event-datetime tribe-common-b2\">\n\t\t\t\t<time datetime=\"2026-05-04\">\n\t\t\tTodo o dia\t\t<\/time>\n\t\t<\/div>\n\t\t<h3  class=\"tribe-events-calendar-month-mobile-events__mobile-event-title tribe-common-h7\" >\n\t<a\n\t\thref=\"https:\/\/www.cgfmanet.org\/pt-pt\/event\/la-madre-da-la-buonanotte-al-gruppo-del-progetto-mornese-di-lingua-inglese-a-roma-presso-la-casa-fma-sacro-cuore-iro\/\"\n\t\ttitle=\"La Madre d\u00e0 la Buonanotte al gruppo del \u201cProgetto Mornese\u201d di lingua inglese. A Roma presso la Casa FMA \u201cSacro Cuore\u201d (IRO).\"\n\t\trel=\"bookmark\"\n\t\tclass=\"tribe-events-calendar-month-mobile-events__mobile-event-title-link tribe-common-anchor\"\n\t>\n\t\tLa Madre d\u00e0 la Buonanotte al gruppo del \u201cProgetto Mornese\u201d di lingua inglese. A Roma presso la Casa FMA \u201cSacro Cuore\u201d (IRO).\t<\/a>\n<\/h3>\n\t\t\n\t<\/div>\n<\/article>\n\n\t\t\t\t\t\n\t\t\t\n\t\t\t\n\t\t\t\n<article  class=\"tribe-events-calendar-month-mobile-events__mobile-event post-151105 tribe_events type-tribe_events status-publish tribe_events_cat-agenda-pt-pt tribe_events_cat-conselheira-para-a-familia-salesiana cat_agenda-pt-pt cat_conselheira-para-a-familia-salesiana\" >\n\n\t\n\t<div class=\"tribe-events-calendar-month-mobile-events__mobile-event-details\">\n\n\t\t<div class=\"tribe-events-calendar-month-mobile-events__mobile-event-datetime tribe-common-b2\">\n\t\t\t\t<time datetime=\"2026-05-04\">\n\t\t\tTodo o dia\t\t<\/time>\n\t\t<\/div>\n\t\t<h3  class=\"tribe-events-calendar-month-mobile-events__mobile-event-title tribe-common-h7\" >\n\t<a\n\t\thref=\"https:\/\/www.cgfmanet.org\/pt-pt\/event\/suor-leslie-sandigo-termina-la-2a-parte-della-visita-canonica-allispettoria-laura-vicuna-arg-dellargentina\/\"\n\t\ttitle=\"Suor Leslie S\u00e1ndigo termina la 2a parte della visita canonica all\u2019Ispettoria \u201cLaura Vicu\u00f1a\u201d (ARG) dell\u2019Argentina.\"\n\t\trel=\"bookmark\"\n\t\tclass=\"tribe-events-calendar-month-mobile-events__mobile-event-title-link tribe-common-anchor\"\n\t>\n\t\tSuor Leslie S\u00e1ndigo termina la 2a parte della visita canonica all\u2019Ispettoria \u201cLaura Vicu\u00f1a\u201d (ARG) dell\u2019Argentina.\t<\/a>\n<\/h3>\n\t\t\n\t<\/div>\n<\/article>\n\n\t\t\n\t\t\n\t<\/div>\n\n\t\n\t\t\n<div  class=\"tribe-events-calendar-month-mobile-events__mobile-day\"  id=\"tribe-events-calendar-mobile-day-2026-05-5\">\n\n\t\n\t\t\t\t\t\n\t\t\t<div class=\"tribe-events-c-day-marker tribe-events-calendar-month-mobile-events__day-marker\">\n\t<time\n\t\tclass=\"tribe-events-c-day-marker__date tribe-common-h7 tribe-common-h--alt\"\n\t\tdatetime=\"2026-05-05\"\n\t>\n\t\t5 Maio\t<\/time>\n<\/div>\n\n\t\t\t\n\t\t\t\n<article  class=\"tribe-events-calendar-month-mobile-events__mobile-event post-156539 tribe_events type-tribe_events status-publish tribe_events_cat-agenda-pt-pt tribe_events_cat-madre-geral cat_agenda-pt-pt cat_madre-geral\" >\n\n\t\n\t<div class=\"tribe-events-calendar-month-mobile-events__mobile-event-details\">\n\n\t\t<div class=\"tribe-events-calendar-month-mobile-events__mobile-event-datetime tribe-common-b2\">\n\t\t\t\t<time datetime=\"2026-05-05\">\n\t\t\tTodo o dia\t\t<\/time>\n\t\t<\/div>\n\t\t<h3  class=\"tribe-events-calendar-month-mobile-events__mobile-event-title tribe-common-h7\" >\n\t<a\n\t\thref=\"https:\/\/www.cgfmanet.org\/pt-pt\/event\/la-madre-incontra-il-consiglio-accademico-della-pontificia-facolta-di-scienze-delleducazione-auxilium-anche-con-la-presenza-della-superiora-di-visitatoria-rmc-suor-jessic\/\"\n\t\ttitle=\"La Madre incontra il Consiglio Accademico della Pontificia Facolt\u00e0 di Scienze dell\u2019Educazione \u201cAuxilium\u201d anche con la presenza della Superiora di Visitatoria (RMC), suor Jessica Salva\u00f1a Togonon. A Roma in Casa generalizia.\"\n\t\trel=\"bookmark\"\n\t\tclass=\"tribe-events-calendar-month-mobile-events__mobile-event-title-link tribe-common-anchor\"\n\t>\n\t\tLa Madre incontra il Consiglio Accademico della Pontificia Facolt\u00e0 di Scienze dell\u2019Educazione \u201cAuxilium\u201d anche con la presenza della Superiora di Visitatoria (RMC), suor Jessica Salva\u00f1a Togonon. A Roma in Casa generalizia.\t<\/a>\n<\/h3>\n\t\t\n\t<\/div>\n<\/article>\n\n\t\t\n\t\t\n\t<\/div>\n\n\t\n\t\t\n<div  class=\"tribe-events-calendar-month-mobile-events__mobile-day\"  id=\"tribe-events-calendar-mobile-day-2026-05-6\">\n\n\t\n\t\t\t\t\t\n\t\t\t<div class=\"tribe-events-c-day-marker tribe-events-calendar-month-mobile-events__day-marker\">\n\t<time\n\t\tclass=\"tribe-events-c-day-marker__date tribe-common-h7 tribe-common-h--alt\"\n\t\tdatetime=\"2026-05-06\"\n\t>\n\t\t6 Maio\t<\/time>\n<\/div>\n\n\t\t\t\n\t\t\t\n<article  class=\"tribe-events-calendar-month-mobile-events__mobile-event post-155271 tribe_events type-tribe_events status-publish tribe_events_cat-agenda-pt-pt tribe_events_cat-madre-geral cat_agenda-pt-pt cat_madre-geral\" >\n\n\t\n\t<div class=\"tribe-events-calendar-month-mobile-events__mobile-event-details\">\n\n\t\t<div class=\"tribe-events-calendar-month-mobile-events__mobile-event-datetime tribe-common-b2\">\n\t\t\t\t<time datetime=\"2026-05-06\">\n\t\t\tTodo o dia\t\t<\/time>\n\t\t<\/div>\n\t\t<h3  class=\"tribe-events-calendar-month-mobile-events__mobile-event-title tribe-common-h7\" >\n\t<a\n\t\thref=\"https:\/\/www.cgfmanet.org\/pt-pt\/event\/la-madre-incontra-le-fma-partecipanti-al-corso-di-formazione-permanente-missionaria-a-roma-casa-generalizia\/\"\n\t\ttitle=\"La Madre incontra le FMA partecipanti al Corso di Formazione Permanente Missionaria. A Roma, Casa generalizia.\"\n\t\trel=\"bookmark\"\n\t\tclass=\"tribe-events-calendar-month-mobile-events__mobile-event-title-link tribe-common-anchor\"\n\t>\n\t\tLa Madre incontra le FMA partecipanti al Corso di Formazione Permanente Missionaria. A Roma, Casa generalizia.\t<\/a>\n<\/h3>\n\t\t\n\t<\/div>\n<\/article>\n\n\t\t\n\t\t\n\t<\/div>\n\n\t\n\t\t\n<div  class=\"tribe-events-calendar-month-mobile-events__mobile-day\"  id=\"tribe-events-calendar-mobile-day-2026-05-7\">\n\n\t\n\t\t\t\t\t\n\t\t\t<div class=\"tribe-events-c-day-marker tribe-events-calendar-month-mobile-events__day-marker\">\n\t<time\n\t\tclass=\"tribe-events-c-day-marker__date tribe-common-h7 tribe-common-h--alt\"\n\t\tdatetime=\"2026-05-07\"\n\t>\n\t\t7 Maio\t<\/time>\n<\/div>\n\n\t\t\t\n\t\t\t\n<article  class=\"tribe-events-calendar-month-mobile-events__mobile-event post-155261 tribe_events type-tribe_events status-publish tribe_events_cat-agenda-pt-pt tribe_events_cat-madre-geral cat_agenda-pt-pt cat_madre-geral\" >\n\n\t\n\t<div class=\"tribe-events-calendar-month-mobile-events__mobile-event-details\">\n\n\t\t<div class=\"tribe-events-calendar-month-mobile-events__mobile-event-datetime tribe-common-b2\">\n\t\t\t\t<time datetime=\"2026-05-07\">\n\t\t\tTodo o dia\t\t<\/time>\n\t\t<\/div>\n\t\t<h3  class=\"tribe-events-calendar-month-mobile-events__mobile-event-title tribe-common-h7\" >\n\t<a\n\t\thref=\"https:\/\/www.cgfmanet.org\/pt-pt\/event\/la-madre-partecipa-e-interviene-al-vi-congresso-mondiale-dei-salesiani-cooperatori-a-roma-presso-la-fraterna-domus-tema-essere-lievito-per-essere-fecondi\/\"\n\t\ttitle=\"La Madre partecipa e interviene al VI Congresso Mondiale dei Salesiani Cooperatori a Roma, presso la Fraterna Domus. Tema: \u201cEssere lievito per essere fecondi\u201d.\"\n\t\trel=\"bookmark\"\n\t\tclass=\"tribe-events-calendar-month-mobile-events__mobile-event-title-link tribe-common-anchor\"\n\t>\n\t\tLa Madre partecipa e interviene al VI Congresso Mondiale dei Salesiani Cooperatori a Roma, presso la Fraterna Domus. Tema: \u201cEssere lievito per essere fecondi\u201d.\t<\/a>\n<\/h3>\n\t\t\n\t<\/div>\n<\/article>\n\n\t\t\t\t\t\n\t\t\t\n\t\t\t\n\t\t\t\n<article  class=\"tribe-events-calendar-month-mobile-events__mobile-event post-151111 tribe_events type-tribe_events status-publish tribe_events_cat-agenda-pt-pt tribe_events_cat-conselheira-para-a-familia-salesiana cat_agenda-pt-pt cat_conselheira-para-a-familia-salesiana\" >\n\n\t\n\t<div class=\"tribe-events-calendar-month-mobile-events__mobile-event-details\">\n\n\t\t<div class=\"tribe-events-calendar-month-mobile-events__mobile-event-datetime tribe-common-b2\">\n\t\t\t\t<time datetime=\"2026-05-07\">\n\t\t\tTodo o dia\t\t<\/time>\n\t\t<\/div>\n\t\t<h3  class=\"tribe-events-calendar-month-mobile-events__mobile-event-title tribe-common-h7\" >\n\t<a\n\t\thref=\"https:\/\/www.cgfmanet.org\/pt-pt\/event\/suor-leslie-sandigo-partecipa-al-congresso-mondiale-dei-salesiani-cooperatori-a-roma-fraterna-domus\/\"\n\t\ttitle=\"Suor Leslie S\u00e1ndigo partecipa al Congresso Mondiale dei Salesiani Cooperatori a Roma, Fraterna Domus.\"\n\t\trel=\"bookmark\"\n\t\tclass=\"tribe-events-calendar-month-mobile-events__mobile-event-title-link tribe-common-anchor\"\n\t>\n\t\tSuor Leslie S\u00e1ndigo partecipa al Congresso Mondiale dei Salesiani Cooperatori a Roma, Fraterna Domus.\t<\/a>\n<\/h3>\n\t\t\n\t<\/div>\n<\/article>\n\n\t\t\n\t\t\n\t<\/div>\n\n\t\n\t\t\n<div  class=\"tribe-events-calendar-month-mobile-events__mobile-day\"  id=\"tribe-events-calendar-mobile-day-2026-05-8\">\n\n\t\n\t\t\t\t\t\n\t\t\t<div class=\"tribe-events-c-day-marker tribe-events-calendar-month-mobile-events__day-marker\">\n\t<time\n\t\tclass=\"tribe-events-c-day-marker__date tribe-common-h7 tribe-common-h--alt\"\n\t\tdatetime=\"2026-05-07\"\n\t>\n\t\t7 Maio\t<\/time>\n<\/div>\n\n\t\t\t\n\t\t\t\n<article  class=\"tribe-events-calendar-month-mobile-events__mobile-event post-155261 tribe_events type-tribe_events status-publish tribe_events_cat-agenda-pt-pt tribe_events_cat-madre-geral cat_agenda-pt-pt cat_madre-geral\" >\n\n\t\n\t<div class=\"tribe-events-calendar-month-mobile-events__mobile-event-details\">\n\n\t\t<div class=\"tribe-events-calendar-month-mobile-events__mobile-event-datetime tribe-common-b2\">\n\t\t\t\t<time datetime=\"2026-05-07\">\n\t\t\tTodo o dia\t\t<\/time>\n\t\t<\/div>\n\t\t<h3  class=\"tribe-events-calendar-month-mobile-events__mobile-event-title tribe-common-h7\" >\n\t<a\n\t\thref=\"https:\/\/www.cgfmanet.org\/pt-pt\/event\/la-madre-partecipa-e-interviene-al-vi-congresso-mondiale-dei-salesiani-cooperatori-a-roma-presso-la-fraterna-domus-tema-essere-lievito-per-essere-fecondi\/\"\n\t\ttitle=\"La Madre partecipa e interviene al VI Congresso Mondiale dei Salesiani Cooperatori a Roma, presso la Fraterna Domus. Tema: \u201cEssere lievito per essere fecondi\u201d.\"\n\t\trel=\"bookmark\"\n\t\tclass=\"tribe-events-calendar-month-mobile-events__mobile-event-title-link tribe-common-anchor\"\n\t>\n\t\tLa Madre partecipa e interviene al VI Congresso Mondiale dei Salesiani Cooperatori a Roma, presso la Fraterna Domus. Tema: \u201cEssere lievito per essere fecondi\u201d.\t<\/a>\n<\/h3>\n\t\t\n\t<\/div>\n<\/article>\n\n\t\t\t\t\t\n\t\t\t\n\t\t\t\n\t\t\t\n<article  class=\"tribe-events-calendar-month-mobile-events__mobile-event post-151111 tribe_events type-tribe_events status-publish tribe_events_cat-agenda-pt-pt tribe_events_cat-conselheira-para-a-familia-salesiana cat_agenda-pt-pt cat_conselheira-para-a-familia-salesiana\" >\n\n\t\n\t<div class=\"tribe-events-calendar-month-mobile-events__mobile-event-details\">\n\n\t\t<div class=\"tribe-events-calendar-month-mobile-events__mobile-event-datetime tribe-common-b2\">\n\t\t\t\t<time datetime=\"2026-05-07\">\n\t\t\tTodo o dia\t\t<\/time>\n\t\t<\/div>\n\t\t<h3  class=\"tribe-events-calendar-month-mobile-events__mobile-event-title tribe-common-h7\" >\n\t<a\n\t\thref=\"https:\/\/www.cgfmanet.org\/pt-pt\/event\/suor-leslie-sandigo-partecipa-al-congresso-mondiale-dei-salesiani-cooperatori-a-roma-fraterna-domus\/\"\n\t\ttitle=\"Suor Leslie S\u00e1ndigo partecipa al Congresso Mondiale dei Salesiani Cooperatori a Roma, Fraterna Domus.\"\n\t\trel=\"bookmark\"\n\t\tclass=\"tribe-events-calendar-month-mobile-events__mobile-event-title-link tribe-common-anchor\"\n\t>\n\t\tSuor Leslie S\u00e1ndigo partecipa al Congresso Mondiale dei Salesiani Cooperatori a Roma, Fraterna Domus.\t<\/a>\n<\/h3>\n\t\t\n\t<\/div>\n<\/article>\n\n\t\t\t\t\t\n\t\t\t\n\t\t\t\n\t\t\t\n<article  class=\"tribe-events-calendar-month-mobile-events__mobile-event post-155281 tribe_events type-tribe_events status-publish tribe_events_cat-agenda-pt-pt tribe_events_cat-madre-geral cat_agenda-pt-pt cat_madre-geral\" >\n\n\t\n\t<div class=\"tribe-events-calendar-month-mobile-events__mobile-event-details\">\n\n\t\t<div class=\"tribe-events-calendar-month-mobile-events__mobile-event-datetime tribe-common-b2\">\n\t\t\t\t<time datetime=\"2026-05-08\">\n\t\t\tTodo o dia\t\t<\/time>\n\t\t<\/div>\n\t\t<h3  class=\"tribe-events-calendar-month-mobile-events__mobile-event-title tribe-common-h7\" >\n\t<a\n\t\thref=\"https:\/\/www.cgfmanet.org\/pt-pt\/event\/la-madre-partecipa-alle-celebrazione-del-centenario-della-presenza-delle-fma-dellispettoria-nostra-signora-dafrica-afc-a-lubumbashi-repubblica-democratica-del-c\/\"\n\t\ttitle=\"La Madre partecipa alle Celebrazione del Centenario della presenza delle FMA dell\u2019Ispettoria \u201cNostra Signora d\u2019Africa\u201d (AFC). A Lubumbashi, Repubblica Democratica del Congo.\"\n\t\trel=\"bookmark\"\n\t\tclass=\"tribe-events-calendar-month-mobile-events__mobile-event-title-link tribe-common-anchor\"\n\t>\n\t\tLa Madre partecipa alle Celebrazione del Centenario della presenza delle FMA dell\u2019Ispettoria \u201cNostra Signora d\u2019Africa\u201d (AFC). A Lubumbashi, Repubblica Democratica del Congo.\t<\/a>\n<\/h3>\n\t\t\n\t<\/div>\n<\/article>\n\n\t\t\t\t\t\n\t\t\t\n\t\t\t\n\t\t\t\n<article  class=\"tribe-events-calendar-month-mobile-events__mobile-event post-156545 tribe_events type-tribe_events status-publish tribe_events_cat-agenda-pt-pt tribe_events_cat-conselheira-para-a-pastoral-juvenil cat_agenda-pt-pt cat_conselheira-para-a-pastoral-juvenil\" >\n\n\t\n\t<div class=\"tribe-events-calendar-month-mobile-events__mobile-event-details\">\n\n\t\t<div class=\"tribe-events-calendar-month-mobile-events__mobile-event-datetime tribe-common-b2\">\n\t\t\t\t<time datetime=\"2026-05-08\">\n\t\t\tTodo o dia\t\t<\/time>\n\t\t<\/div>\n\t\t<h3  class=\"tribe-events-calendar-month-mobile-events__mobile-event-title tribe-common-h7\" >\n\t<a\n\t\thref=\"https:\/\/www.cgfmanet.org\/pt-pt\/event\/suor-runita-borja-con-le-collaboratrici-dellambito-pg-incontra-le-fma-partecipanti-del-corso-di-formazione-permanente-missionaria-a-roma-casa-generalizia\/\"\n\t\ttitle=\"Suor Runita Borja, con le collaboratrici dell\u2019Ambito PG, incontra le FMA partecipanti del Corso di Formazione Permanente Missionaria. A Roma, Casa generalizia.\"\n\t\trel=\"bookmark\"\n\t\tclass=\"tribe-events-calendar-month-mobile-events__mobile-event-title-link tribe-common-anchor\"\n\t>\n\t\tSuor Runita Borja, con le collaboratrici dell\u2019Ambito PG, incontra le FMA partecipanti del Corso di Formazione Permanente Missionaria. A Roma, Casa generalizia.\t<\/a>\n<\/h3>\n\t\t\n\t<\/div>\n<\/article>\n\n\t\t\n\t\t\n\t<\/div>\n\n\t\n\t\t\n<div  class=\"tribe-events-calendar-month-mobile-events__mobile-day\"  id=\"tribe-events-calendar-mobile-day-2026-05-9\">\n\n\t\n\t\t\t\t\t\n\t\t\t<div class=\"tribe-events-c-day-marker tribe-events-calendar-month-mobile-events__day-marker\">\n\t<time\n\t\tclass=\"tribe-events-c-day-marker__date tribe-common-h7 tribe-common-h--alt\"\n\t\tdatetime=\"2026-05-07\"\n\t>\n\t\t7 Maio\t<\/time>\n<\/div>\n\n\t\t\t\n\t\t\t\n<article  class=\"tribe-events-calendar-month-mobile-events__mobile-event post-155261 tribe_events type-tribe_events status-publish tribe_events_cat-agenda-pt-pt tribe_events_cat-madre-geral cat_agenda-pt-pt cat_madre-geral\" >\n\n\t\n\t<div class=\"tribe-events-calendar-month-mobile-events__mobile-event-details\">\n\n\t\t<div class=\"tribe-events-calendar-month-mobile-events__mobile-event-datetime tribe-common-b2\">\n\t\t\t\t<time datetime=\"2026-05-07\">\n\t\t\tTodo o dia\t\t<\/time>\n\t\t<\/div>\n\t\t<h3  class=\"tribe-events-calendar-month-mobile-events__mobile-event-title tribe-common-h7\" >\n\t<a\n\t\thref=\"https:\/\/www.cgfmanet.org\/pt-pt\/event\/la-madre-partecipa-e-interviene-al-vi-congresso-mondiale-dei-salesiani-cooperatori-a-roma-presso-la-fraterna-domus-tema-essere-lievito-per-essere-fecondi\/\"\n\t\ttitle=\"La Madre partecipa e interviene al VI Congresso Mondiale dei Salesiani Cooperatori a Roma, presso la Fraterna Domus. Tema: \u201cEssere lievito per essere fecondi\u201d.\"\n\t\trel=\"bookmark\"\n\t\tclass=\"tribe-events-calendar-month-mobile-events__mobile-event-title-link tribe-common-anchor\"\n\t>\n\t\tLa Madre partecipa e interviene al VI Congresso Mondiale dei Salesiani Cooperatori a Roma, presso la Fraterna Domus. Tema: \u201cEssere lievito per essere fecondi\u201d.\t<\/a>\n<\/h3>\n\t\t\n\t<\/div>\n<\/article>\n\n\t\t\t\t\t\n\t\t\t\n\t\t\t\n\t\t\t\n<article  class=\"tribe-events-calendar-month-mobile-events__mobile-event post-151111 tribe_events type-tribe_events status-publish tribe_events_cat-agenda-pt-pt tribe_events_cat-conselheira-para-a-familia-salesiana cat_agenda-pt-pt cat_conselheira-para-a-familia-salesiana\" >\n\n\t\n\t<div class=\"tribe-events-calendar-month-mobile-events__mobile-event-details\">\n\n\t\t<div class=\"tribe-events-calendar-month-mobile-events__mobile-event-datetime tribe-common-b2\">\n\t\t\t\t<time datetime=\"2026-05-07\">\n\t\t\tTodo o dia\t\t<\/time>\n\t\t<\/div>\n\t\t<h3  class=\"tribe-events-calendar-month-mobile-events__mobile-event-title tribe-common-h7\" >\n\t<a\n\t\thref=\"https:\/\/www.cgfmanet.org\/pt-pt\/event\/suor-leslie-sandigo-partecipa-al-congresso-mondiale-dei-salesiani-cooperatori-a-roma-fraterna-domus\/\"\n\t\ttitle=\"Suor Leslie S\u00e1ndigo partecipa al Congresso Mondiale dei Salesiani Cooperatori a Roma, Fraterna Domus.\"\n\t\trel=\"bookmark\"\n\t\tclass=\"tribe-events-calendar-month-mobile-events__mobile-event-title-link tribe-common-anchor\"\n\t>\n\t\tSuor Leslie S\u00e1ndigo partecipa al Congresso Mondiale dei Salesiani Cooperatori a Roma, Fraterna Domus.\t<\/a>\n<\/h3>\n\t\t\n\t<\/div>\n<\/article>\n\n\t\t\t\t\t\n\t\t\t\n\t\t\t\n\t\t\t\n<article  class=\"tribe-events-calendar-month-mobile-events__mobile-event post-155281 tribe_events type-tribe_events status-publish tribe_events_cat-agenda-pt-pt tribe_events_cat-madre-geral cat_agenda-pt-pt cat_madre-geral\" >\n\n\t\n\t<div class=\"tribe-events-calendar-month-mobile-events__mobile-event-details\">\n\n\t\t<div class=\"tribe-events-calendar-month-mobile-events__mobile-event-datetime tribe-common-b2\">\n\t\t\t\t<time datetime=\"2026-05-08\">\n\t\t\tTodo o dia\t\t<\/time>\n\t\t<\/div>\n\t\t<h3  class=\"tribe-events-calendar-month-mobile-events__mobile-event-title tribe-common-h7\" >\n\t<a\n\t\thref=\"https:\/\/www.cgfmanet.org\/pt-pt\/event\/la-madre-partecipa-alle-celebrazione-del-centenario-della-presenza-delle-fma-dellispettoria-nostra-signora-dafrica-afc-a-lubumbashi-repubblica-democratica-del-c\/\"\n\t\ttitle=\"La Madre partecipa alle Celebrazione del Centenario della presenza delle FMA dell\u2019Ispettoria \u201cNostra Signora d\u2019Africa\u201d (AFC). A Lubumbashi, Repubblica Democratica del Congo.\"\n\t\trel=\"bookmark\"\n\t\tclass=\"tribe-events-calendar-month-mobile-events__mobile-event-title-link tribe-common-anchor\"\n\t>\n\t\tLa Madre partecipa alle Celebrazione del Centenario della presenza delle FMA dell\u2019Ispettoria \u201cNostra Signora d\u2019Africa\u201d (AFC). A Lubumbashi, Repubblica Democratica del Congo.\t<\/a>\n<\/h3>\n\t\t\n\t<\/div>\n<\/article>\n\n\t\t\t\t\t\n\t\t\t\n\t\t\t\n\t\t\t\n<article  class=\"tribe-events-calendar-month-mobile-events__mobile-event post-155342 tribe_events type-tribe_events status-publish tribe_events_cat-agenda-pt-pt tribe_events_cat-conselheira-para-a-formacao cat_agenda-pt-pt cat_conselheira-para-a-formacao\" >\n\n\t\n\t<div class=\"tribe-events-calendar-month-mobile-events__mobile-event-details\">\n\n\t\t<div class=\"tribe-events-calendar-month-mobile-events__mobile-event-datetime tribe-common-b2\">\n\t\t\t\t<time datetime=\"2026-05-09\">\n\t\t\tTodo o dia\t\t<\/time>\n\t\t<\/div>\n\t\t<h3  class=\"tribe-events-calendar-month-mobile-events__mobile-event-title tribe-common-h7\" >\n\t<a\n\t\thref=\"https:\/\/www.cgfmanet.org\/pt-pt\/event\/suor-nilza-fatima-de-moraes-coordina-il-raduno-online-con-le-sorelle-del-gruppo-di-stesura-del-progetto-formativo\/\"\n\t\ttitle=\"Suor Nilza F\u00e1tima de Moraes coordina il raduno online con le sorelle del gruppo di stesura del Progetto formativo.\"\n\t\trel=\"bookmark\"\n\t\tclass=\"tribe-events-calendar-month-mobile-events__mobile-event-title-link tribe-common-anchor\"\n\t>\n\t\tSuor Nilza F\u00e1tima de Moraes coordina il raduno online con le sorelle del gruppo di stesura del Progetto formativo.\t<\/a>\n<\/h3>\n\t\t\n\t<\/div>\n<\/article>\n\n\t\t\n\t\t\n\t<\/div>\n\n\t\n\t\t\n<div  class=\"tribe-events-calendar-month-mobile-events__mobile-day\"  id=\"tribe-events-calendar-mobile-day-2026-05-10\">\n\n\t\n\t\t\t\t\t\n\t\t\t<div class=\"tribe-events-c-day-marker tribe-events-calendar-month-mobile-events__day-marker\">\n\t<time\n\t\tclass=\"tribe-events-c-day-marker__date tribe-common-h7 tribe-common-h--alt\"\n\t\tdatetime=\"2026-05-07\"\n\t>\n\t\t7 Maio\t<\/time>\n<\/div>\n\n\t\t\t\n\t\t\t\n<article  class=\"tribe-events-calendar-month-mobile-events__mobile-event post-155261 tribe_events type-tribe_events status-publish tribe_events_cat-agenda-pt-pt tribe_events_cat-madre-geral cat_agenda-pt-pt cat_madre-geral\" >\n\n\t\n\t<div class=\"tribe-events-calendar-month-mobile-events__mobile-event-details\">\n\n\t\t<div class=\"tribe-events-calendar-month-mobile-events__mobile-event-datetime tribe-common-b2\">\n\t\t\t\t<time datetime=\"2026-05-07\">\n\t\t\tTodo o dia\t\t<\/time>\n\t\t<\/div>\n\t\t<h3  class=\"tribe-events-calendar-month-mobile-events__mobile-event-title tribe-common-h7\" >\n\t<a\n\t\thref=\"https:\/\/www.cgfmanet.org\/pt-pt\/event\/la-madre-partecipa-e-interviene-al-vi-congresso-mondiale-dei-salesiani-cooperatori-a-roma-presso-la-fraterna-domus-tema-essere-lievito-per-essere-fecondi\/\"\n\t\ttitle=\"La Madre partecipa e interviene al VI Congresso Mondiale dei Salesiani Cooperatori a Roma, presso la Fraterna Domus. Tema: \u201cEssere lievito per essere fecondi\u201d.\"\n\t\trel=\"bookmark\"\n\t\tclass=\"tribe-events-calendar-month-mobile-events__mobile-event-title-link tribe-common-anchor\"\n\t>\n\t\tLa Madre partecipa e interviene al VI Congresso Mondiale dei Salesiani Cooperatori a Roma, presso la Fraterna Domus. Tema: \u201cEssere lievito per essere fecondi\u201d.\t<\/a>\n<\/h3>\n\t\t\n\t<\/div>\n<\/article>\n\n\t\t\t\t\t\n\t\t\t\n\t\t\t\n\t\t\t\n<article  class=\"tribe-events-calendar-month-mobile-events__mobile-event post-151111 tribe_events type-tribe_events status-publish tribe_events_cat-agenda-pt-pt tribe_events_cat-conselheira-para-a-familia-salesiana cat_agenda-pt-pt cat_conselheira-para-a-familia-salesiana\" >\n\n\t\n\t<div class=\"tribe-events-calendar-month-mobile-events__mobile-event-details\">\n\n\t\t<div class=\"tribe-events-calendar-month-mobile-events__mobile-event-datetime tribe-common-b2\">\n\t\t\t\t<time datetime=\"2026-05-07\">\n\t\t\tTodo o dia\t\t<\/time>\n\t\t<\/div>\n\t\t<h3  class=\"tribe-events-calendar-month-mobile-events__mobile-event-title tribe-common-h7\" >\n\t<a\n\t\thref=\"https:\/\/www.cgfmanet.org\/pt-pt\/event\/suor-leslie-sandigo-partecipa-al-congresso-mondiale-dei-salesiani-cooperatori-a-roma-fraterna-domus\/\"\n\t\ttitle=\"Suor Leslie S\u00e1ndigo partecipa al Congresso Mondiale dei Salesiani Cooperatori a Roma, Fraterna Domus.\"\n\t\trel=\"bookmark\"\n\t\tclass=\"tribe-events-calendar-month-mobile-events__mobile-event-title-link tribe-common-anchor\"\n\t>\n\t\tSuor Leslie S\u00e1ndigo partecipa al Congresso Mondiale dei Salesiani Cooperatori a Roma, Fraterna Domus.\t<\/a>\n<\/h3>\n\t\t\n\t<\/div>\n<\/article>\n\n\t\t\t\t\t\n\t\t\t\n\t\t\t\n\t\t\t\n<article  class=\"tribe-events-calendar-month-mobile-events__mobile-event post-155281 tribe_events type-tribe_events status-publish tribe_events_cat-agenda-pt-pt tribe_events_cat-madre-geral cat_agenda-pt-pt cat_madre-geral\" >\n\n\t\n\t<div class=\"tribe-events-calendar-month-mobile-events__mobile-event-details\">\n\n\t\t<div class=\"tribe-events-calendar-month-mobile-events__mobile-event-datetime tribe-common-b2\">\n\t\t\t\t<time datetime=\"2026-05-08\">\n\t\t\tTodo o dia\t\t<\/time>\n\t\t<\/div>\n\t\t<h3  class=\"tribe-events-calendar-month-mobile-events__mobile-event-title tribe-common-h7\" >\n\t<a\n\t\thref=\"https:\/\/www.cgfmanet.org\/pt-pt\/event\/la-madre-partecipa-alle-celebrazione-del-centenario-della-presenza-delle-fma-dellispettoria-nostra-signora-dafrica-afc-a-lubumbashi-repubblica-democratica-del-c\/\"\n\t\ttitle=\"La Madre partecipa alle Celebrazione del Centenario della presenza delle FMA dell\u2019Ispettoria \u201cNostra Signora d\u2019Africa\u201d (AFC). A Lubumbashi, Repubblica Democratica del Congo.\"\n\t\trel=\"bookmark\"\n\t\tclass=\"tribe-events-calendar-month-mobile-events__mobile-event-title-link tribe-common-anchor\"\n\t>\n\t\tLa Madre partecipa alle Celebrazione del Centenario della presenza delle FMA dell\u2019Ispettoria \u201cNostra Signora d\u2019Africa\u201d (AFC). A Lubumbashi, Repubblica Democratica del Congo.\t<\/a>\n<\/h3>\n\t\t\n\t<\/div>\n<\/article>\n\n\t\t\n\t\t\n\t<\/div>\n\n\t\n\t\t\n<div  class=\"tribe-events-calendar-month-mobile-events__mobile-day\"  id=\"tribe-events-calendar-mobile-day-2026-05-11\">\n\n\t\n\t\t\t\t\t\n\t\t\t<div class=\"tribe-events-c-day-marker tribe-events-calendar-month-mobile-events__day-marker\">\n\t<time\n\t\tclass=\"tribe-events-c-day-marker__date tribe-common-h7 tribe-common-h--alt\"\n\t\tdatetime=\"2026-05-08\"\n\t>\n\t\t8 Maio\t<\/time>\n<\/div>\n\n\t\t\t\n\t\t\t\n<article  class=\"tribe-events-calendar-month-mobile-events__mobile-event post-155281 tribe_events type-tribe_events status-publish tribe_events_cat-agenda-pt-pt tribe_events_cat-madre-geral cat_agenda-pt-pt cat_madre-geral\" >\n\n\t\n\t<div class=\"tribe-events-calendar-month-mobile-events__mobile-event-details\">\n\n\t\t<div class=\"tribe-events-calendar-month-mobile-events__mobile-event-datetime tribe-common-b2\">\n\t\t\t\t<time datetime=\"2026-05-08\">\n\t\t\tTodo o dia\t\t<\/time>\n\t\t<\/div>\n\t\t<h3  class=\"tribe-events-calendar-month-mobile-events__mobile-event-title tribe-common-h7\" >\n\t<a\n\t\thref=\"https:\/\/www.cgfmanet.org\/pt-pt\/event\/la-madre-partecipa-alle-celebrazione-del-centenario-della-presenza-delle-fma-dellispettoria-nostra-signora-dafrica-afc-a-lubumbashi-repubblica-democratica-del-c\/\"\n\t\ttitle=\"La Madre partecipa alle Celebrazione del Centenario della presenza delle FMA dell\u2019Ispettoria \u201cNostra Signora d\u2019Africa\u201d (AFC). A Lubumbashi, Repubblica Democratica del Congo.\"\n\t\trel=\"bookmark\"\n\t\tclass=\"tribe-events-calendar-month-mobile-events__mobile-event-title-link tribe-common-anchor\"\n\t>\n\t\tLa Madre partecipa alle Celebrazione del Centenario della presenza delle FMA dell\u2019Ispettoria \u201cNostra Signora d\u2019Africa\u201d (AFC). A Lubumbashi, Repubblica Democratica del Congo.\t<\/a>\n<\/h3>\n\t\t\n\t<\/div>\n<\/article>\n\n\t\t\t\t\t\n\t\t\t\n\t\t\t\n\t\t\t\n<article  class=\"tribe-events-calendar-month-mobile-events__mobile-event post-150896 tribe_events type-tribe_events status-publish tribe_events_cat-agenda-pt-pt tribe_events_cat-conselheira-para-as-missoes cat_agenda-pt-pt cat_conselheira-para-as-missoes\" >\n\n\t\n\t<div class=\"tribe-events-calendar-month-mobile-events__mobile-event-details\">\n\n\t\t<div class=\"tribe-events-calendar-month-mobile-events__mobile-event-datetime tribe-common-b2\">\n\t\t\t\t<time datetime=\"2026-05-11\">\n\t\t\tTodo o dia\t\t<\/time>\n\t\t<\/div>\n\t\t<h3  class=\"tribe-events-calendar-month-mobile-events__mobile-event-title tribe-common-h7\" >\n\t<a\n\t\thref=\"https:\/\/www.cgfmanet.org\/pt-pt\/event\/esercizi-spirituali-per-le-partecipanti-al-corso-di-formazione-permanente-missionaria-e-le-neo-missionarie-a-mornese-2\/\"\n\t\ttitle=\"Esercizi Spirituali per le partecipanti al Corso di Formazione Permanente Missionaria e le neo missionarie, a Mornese.\"\n\t\trel=\"bookmark\"\n\t\tclass=\"tribe-events-calendar-month-mobile-events__mobile-event-title-link tribe-common-anchor\"\n\t>\n\t\tEsercizi Spirituali per le partecipanti al Corso di Formazione Permanente Missionaria e le neo missionarie, a Mornese.\t<\/a>\n<\/h3>\n\t\t\n\t<\/div>\n<\/article>\n\n\t\t\n\t\t\n\t<\/div>\n\n\t\n\t\t\n<div  class=\"tribe-events-calendar-month-mobile-events__mobile-day\"  id=\"tribe-events-calendar-mobile-day-2026-05-12\">\n\n\t\n\t\t\t\t\t\n\t\t\t<div class=\"tribe-events-c-day-marker tribe-events-calendar-month-mobile-events__day-marker\">\n\t<time\n\t\tclass=\"tribe-events-c-day-marker__date tribe-common-h7 tribe-common-h--alt\"\n\t\tdatetime=\"2026-05-08\"\n\t>\n\t\t8 Maio\t<\/time>\n<\/div>\n\n\t\t\t\n\t\t\t\n<article  class=\"tribe-events-calendar-month-mobile-events__mobile-event post-155281 tribe_events type-tribe_events status-publish tribe_events_cat-agenda-pt-pt tribe_events_cat-madre-geral cat_agenda-pt-pt cat_madre-geral\" >\n\n\t\n\t<div class=\"tribe-events-calendar-month-mobile-events__mobile-event-details\">\n\n\t\t<div class=\"tribe-events-calendar-month-mobile-events__mobile-event-datetime tribe-common-b2\">\n\t\t\t\t<time datetime=\"2026-05-08\">\n\t\t\tTodo o dia\t\t<\/time>\n\t\t<\/div>\n\t\t<h3  class=\"tribe-events-calendar-month-mobile-events__mobile-event-title tribe-common-h7\" >\n\t<a\n\t\thref=\"https:\/\/www.cgfmanet.org\/pt-pt\/event\/la-madre-partecipa-alle-celebrazione-del-centenario-della-presenza-delle-fma-dellispettoria-nostra-signora-dafrica-afc-a-lubumbashi-repubblica-democratica-del-c\/\"\n\t\ttitle=\"La Madre partecipa alle Celebrazione del Centenario della presenza delle FMA dell\u2019Ispettoria \u201cNostra Signora d\u2019Africa\u201d (AFC). A Lubumbashi, Repubblica Democratica del Congo.\"\n\t\trel=\"bookmark\"\n\t\tclass=\"tribe-events-calendar-month-mobile-events__mobile-event-title-link tribe-common-anchor\"\n\t>\n\t\tLa Madre partecipa alle Celebrazione del Centenario della presenza delle FMA dell\u2019Ispettoria \u201cNostra Signora d\u2019Africa\u201d (AFC). A Lubumbashi, Repubblica Democratica del Congo.\t<\/a>\n<\/h3>\n\t\t\n\t<\/div>\n<\/article>\n\n\t\t\t\t\t\n\t\t\t\n\t\t\t\n\t\t\t\n<article  class=\"tribe-events-calendar-month-mobile-events__mobile-event post-150896 tribe_events type-tribe_events status-publish tribe_events_cat-agenda-pt-pt tribe_events_cat-conselheira-para-as-missoes cat_agenda-pt-pt cat_conselheira-para-as-missoes\" >\n\n\t\n\t<div class=\"tribe-events-calendar-month-mobile-events__mobile-event-details\">\n\n\t\t<div class=\"tribe-events-calendar-month-mobile-events__mobile-event-datetime tribe-common-b2\">\n\t\t\t\t<time datetime=\"2026-05-11\">\n\t\t\tTodo o dia\t\t<\/time>\n\t\t<\/div>\n\t\t<h3  class=\"tribe-events-calendar-month-mobile-events__mobile-event-title tribe-common-h7\" >\n\t<a\n\t\thref=\"https:\/\/www.cgfmanet.org\/pt-pt\/event\/esercizi-spirituali-per-le-partecipanti-al-corso-di-formazione-permanente-missionaria-e-le-neo-missionarie-a-mornese-2\/\"\n\t\ttitle=\"Esercizi Spirituali per le partecipanti al Corso di Formazione Permanente Missionaria e le neo missionarie, a Mornese.\"\n\t\trel=\"bookmark\"\n\t\tclass=\"tribe-events-calendar-month-mobile-events__mobile-event-title-link tribe-common-anchor\"\n\t>\n\t\tEsercizi Spirituali per le partecipanti al Corso di Formazione Permanente Missionaria e le neo missionarie, a Mornese.\t<\/a>\n<\/h3>\n\t\t\n\t<\/div>\n<\/article>\n\n\t\t\n\t\t\n\t<\/div>\n\n\t\n\t\t\n<div  class=\"tribe-events-calendar-month-mobile-events__mobile-day\"  id=\"tribe-events-calendar-mobile-day-2026-05-13\">\n\n\t\n\t\t\t\t\t\n\t\t\t<div class=\"tribe-events-c-day-marker tribe-events-calendar-month-mobile-events__day-marker\">\n\t<time\n\t\tclass=\"tribe-events-c-day-marker__date tribe-common-h7 tribe-common-h--alt\"\n\t\tdatetime=\"2026-05-08\"\n\t>\n\t\t8 Maio\t<\/time>\n<\/div>\n\n\t\t\t\n\t\t\t\n<article  class=\"tribe-events-calendar-month-mobile-events__mobile-event post-155281 tribe_events type-tribe_events status-publish tribe_events_cat-agenda-pt-pt tribe_events_cat-madre-geral cat_agenda-pt-pt cat_madre-geral\" >\n\n\t\n\t<div class=\"tribe-events-calendar-month-mobile-events__mobile-event-details\">\n\n\t\t<div class=\"tribe-events-calendar-month-mobile-events__mobile-event-datetime tribe-common-b2\">\n\t\t\t\t<time datetime=\"2026-05-08\">\n\t\t\tTodo o dia\t\t<\/time>\n\t\t<\/div>\n\t\t<h3  class=\"tribe-events-calendar-month-mobile-events__mobile-event-title tribe-common-h7\" >\n\t<a\n\t\thref=\"https:\/\/www.cgfmanet.org\/pt-pt\/event\/la-madre-partecipa-alle-celebrazione-del-centenario-della-presenza-delle-fma-dellispettoria-nostra-signora-dafrica-afc-a-lubumbashi-repubblica-democratica-del-c\/\"\n\t\ttitle=\"La Madre partecipa alle Celebrazione del Centenario della presenza delle FMA dell\u2019Ispettoria \u201cNostra Signora d\u2019Africa\u201d (AFC). A Lubumbashi, Repubblica Democratica del Congo.\"\n\t\trel=\"bookmark\"\n\t\tclass=\"tribe-events-calendar-month-mobile-events__mobile-event-title-link tribe-common-anchor\"\n\t>\n\t\tLa Madre partecipa alle Celebrazione del Centenario della presenza delle FMA dell\u2019Ispettoria \u201cNostra Signora d\u2019Africa\u201d (AFC). A Lubumbashi, Repubblica Democratica del Congo.\t<\/a>\n<\/h3>\n\t\t\n\t<\/div>\n<\/article>\n\n\t\t\t\t\t\n\t\t\t\n\t\t\t\n\t\t\t\n<article  class=\"tribe-events-calendar-month-mobile-events__mobile-event post-150896 tribe_events type-tribe_events status-publish tribe_events_cat-agenda-pt-pt tribe_events_cat-conselheira-para-as-missoes cat_agenda-pt-pt cat_conselheira-para-as-missoes\" >\n\n\t\n\t<div class=\"tribe-events-calendar-month-mobile-events__mobile-event-details\">\n\n\t\t<div class=\"tribe-events-calendar-month-mobile-events__mobile-event-datetime tribe-common-b2\">\n\t\t\t\t<time datetime=\"2026-05-11\">\n\t\t\tTodo o dia\t\t<\/time>\n\t\t<\/div>\n\t\t<h3  class=\"tribe-events-calendar-month-mobile-events__mobile-event-title tribe-common-h7\" >\n\t<a\n\t\thref=\"https:\/\/www.cgfmanet.org\/pt-pt\/event\/esercizi-spirituali-per-le-partecipanti-al-corso-di-formazione-permanente-missionaria-e-le-neo-missionarie-a-mornese-2\/\"\n\t\ttitle=\"Esercizi Spirituali per le partecipanti al Corso di Formazione Permanente Missionaria e le neo missionarie, a Mornese.\"\n\t\trel=\"bookmark\"\n\t\tclass=\"tribe-events-calendar-month-mobile-events__mobile-event-title-link tribe-common-anchor\"\n\t>\n\t\tEsercizi Spirituali per le partecipanti al Corso di Formazione Permanente Missionaria e le neo missionarie, a Mornese.\t<\/a>\n<\/h3>\n\t\t\n\t<\/div>\n<\/article>\n\n\t\t\n\t\t\n\t<\/div>\n\n\t\n\t\t\n<div  class=\"tribe-events-calendar-month-mobile-events__mobile-day\"  id=\"tribe-events-calendar-mobile-day-2026-05-14\">\n\n\t\n\t\t\t\t\t\n\t\t\t<div class=\"tribe-events-c-day-marker tribe-events-calendar-month-mobile-events__day-marker\">\n\t<time\n\t\tclass=\"tribe-events-c-day-marker__date tribe-common-h7 tribe-common-h--alt\"\n\t\tdatetime=\"2026-05-08\"\n\t>\n\t\t8 Maio\t<\/time>\n<\/div>\n\n\t\t\t\n\t\t\t\n<article  class=\"tribe-events-calendar-month-mobile-events__mobile-event post-155281 tribe_events type-tribe_events status-publish tribe_events_cat-agenda-pt-pt tribe_events_cat-madre-geral cat_agenda-pt-pt cat_madre-geral\" >\n\n\t\n\t<div class=\"tribe-events-calendar-month-mobile-events__mobile-event-details\">\n\n\t\t<div class=\"tribe-events-calendar-month-mobile-events__mobile-event-datetime tribe-common-b2\">\n\t\t\t\t<time datetime=\"2026-05-08\">\n\t\t\tTodo o dia\t\t<\/time>\n\t\t<\/div>\n\t\t<h3  class=\"tribe-events-calendar-month-mobile-events__mobile-event-title tribe-common-h7\" >\n\t<a\n\t\thref=\"https:\/\/www.cgfmanet.org\/pt-pt\/event\/la-madre-partecipa-alle-celebrazione-del-centenario-della-presenza-delle-fma-dellispettoria-nostra-signora-dafrica-afc-a-lubumbashi-repubblica-democratica-del-c\/\"\n\t\ttitle=\"La Madre partecipa alle Celebrazione del Centenario della presenza delle FMA dell\u2019Ispettoria \u201cNostra Signora d\u2019Africa\u201d (AFC). A Lubumbashi, Repubblica Democratica del Congo.\"\n\t\trel=\"bookmark\"\n\t\tclass=\"tribe-events-calendar-month-mobile-events__mobile-event-title-link tribe-common-anchor\"\n\t>\n\t\tLa Madre partecipa alle Celebrazione del Centenario della presenza delle FMA dell\u2019Ispettoria \u201cNostra Signora d\u2019Africa\u201d (AFC). A Lubumbashi, Repubblica Democratica del Congo.\t<\/a>\n<\/h3>\n\t\t\n\t<\/div>\n<\/article>\n\n\t\t\t\t\t\n\t\t\t\n\t\t\t\n\t\t\t\n<article  class=\"tribe-events-calendar-month-mobile-events__mobile-event post-150896 tribe_events type-tribe_events status-publish tribe_events_cat-agenda-pt-pt tribe_events_cat-conselheira-para-as-missoes cat_agenda-pt-pt cat_conselheira-para-as-missoes\" >\n\n\t\n\t<div class=\"tribe-events-calendar-month-mobile-events__mobile-event-details\">\n\n\t\t<div class=\"tribe-events-calendar-month-mobile-events__mobile-event-datetime tribe-common-b2\">\n\t\t\t\t<time datetime=\"2026-05-11\">\n\t\t\tTodo o dia\t\t<\/time>\n\t\t<\/div>\n\t\t<h3  class=\"tribe-events-calendar-month-mobile-events__mobile-event-title tribe-common-h7\" >\n\t<a\n\t\thref=\"https:\/\/www.cgfmanet.org\/pt-pt\/event\/esercizi-spirituali-per-le-partecipanti-al-corso-di-formazione-permanente-missionaria-e-le-neo-missionarie-a-mornese-2\/\"\n\t\ttitle=\"Esercizi Spirituali per le partecipanti al Corso di Formazione Permanente Missionaria e le neo missionarie, a Mornese.\"\n\t\trel=\"bookmark\"\n\t\tclass=\"tribe-events-calendar-month-mobile-events__mobile-event-title-link tribe-common-anchor\"\n\t>\n\t\tEsercizi Spirituali per le partecipanti al Corso di Formazione Permanente Missionaria e le neo missionarie, a Mornese.\t<\/a>\n<\/h3>\n\t\t\n\t<\/div>\n<\/article>\n\n\t\t\t\t\t\n\t\t\t\n\t\t\t\n\t\t\t\n<article  class=\"tribe-events-calendar-month-mobile-events__mobile-event post-154048 tribe_events type-tribe_events status-publish tribe_events_cat-agenda-pt-pt tribe_events_cat-ir-maria-assunta-sumiko-inoue tribe_events_cat-visitadora-pt-pt cat_agenda-pt-pt cat_ir-maria-assunta-sumiko-inoue cat_visitadora-pt-pt\" >\n\n\t\n\t<div class=\"tribe-events-calendar-month-mobile-events__mobile-event-details\">\n\n\t\t<div class=\"tribe-events-calendar-month-mobile-events__mobile-event-datetime tribe-common-b2\">\n\t\t\t\t<time datetime=\"2026-05-14\">\n\t\t\tTodo o dia\t\t<\/time>\n\t\t<\/div>\n\t\t<h3  class=\"tribe-events-calendar-month-mobile-events__mobile-event-title tribe-common-h7\" >\n\t<a\n\t\thref=\"https:\/\/www.cgfmanet.org\/pt-pt\/event\/suor-maria-assunta-sumiko-inoue-termina-la-visita-canonica-allispettoria-santa-maria-domenica-mazzarello-tin-di-timor-indonesia\/\"\n\t\ttitle=\"Suor Maria Assunta Sumiko Inoue termina la Visita canonica all&#8217;Ispettoria \u201cSanta Maria Domenica Mazzarello\u201d (TIN) di Timor-Indonesia.\"\n\t\trel=\"bookmark\"\n\t\tclass=\"tribe-events-calendar-month-mobile-events__mobile-event-title-link tribe-common-anchor\"\n\t>\n\t\tSuor Maria Assunta Sumiko Inoue termina la Visita canonica all&#8217;Ispettoria \u201cSanta Maria Domenica Mazzarello\u201d (TIN) di Timor-Indonesia.\t<\/a>\n<\/h3>\n\t\t\n\t<\/div>\n<\/article>\n\n\t\t\t\t\t\n\t\t\t\n\t\t\t\n\t\t\t\n<article  class=\"tribe-events-calendar-month-mobile-events__mobile-event post-150931 tribe_events type-tribe_events status-publish tribe_events_cat-agenda-pt-pt tribe_events_cat-ir-maria-assunta-sumiko-inoue tribe_events_cat-visitadora-pt-pt cat_agenda-pt-pt cat_ir-maria-assunta-sumiko-inoue cat_visitadora-pt-pt\" >\n\n\t\n\t<div class=\"tribe-events-calendar-month-mobile-events__mobile-event-details\">\n\n\t\t<div class=\"tribe-events-calendar-month-mobile-events__mobile-event-datetime tribe-common-b2\">\n\t\t\t\t<time datetime=\"2026-05-14\">\n\t\t\tTodo o dia\t\t<\/time>\n\t\t<\/div>\n\t\t<h3  class=\"tribe-events-calendar-month-mobile-events__mobile-event-title tribe-common-h7\" >\n\t<a\n\t\thref=\"https:\/\/www.cgfmanet.org\/pt-pt\/event\/suor-maria-assunta-sumiko-inoue-fa-una-visita-breve-allispettoria-santa-maria-mazzarello-tha\/\"\n\t\ttitle=\"Suor Maria Assunta Sumiko Inoue fa una Visita breve all&#8217;Ispettoria \u201cSanta Maria Mazzarello\u201d (THA).\"\n\t\trel=\"bookmark\"\n\t\tclass=\"tribe-events-calendar-month-mobile-events__mobile-event-title-link tribe-common-anchor\"\n\t>\n\t\tSuor Maria Assunta Sumiko Inoue fa una Visita breve all&#8217;Ispettoria \u201cSanta Maria Mazzarello\u201d (THA).\t<\/a>\n<\/h3>\n\t\t\n\t<\/div>\n<\/article>\n\n\t\t\t\t\t\n\t\t\t\n\t\t\t\n\t\t\t\n<article  class=\"tribe-events-calendar-month-mobile-events__mobile-event post-156709 tribe_events type-tribe_events status-publish tribe_events_cat-agenda-pt-pt tribe_events_cat-conselheira-para-a-pastoral-juvenil cat_agenda-pt-pt cat_conselheira-para-a-pastoral-juvenil\" >\n\n\t\n\t<div class=\"tribe-events-calendar-month-mobile-events__mobile-event-details\">\n\n\t\t<div class=\"tribe-events-calendar-month-mobile-events__mobile-event-datetime tribe-common-b2\">\n\t\t\t\t<time datetime=\"2026-05-14\">\n\t\t\tTodo o dia\t\t<\/time>\n\t\t<\/div>\n\t\t<h3  class=\"tribe-events-calendar-month-mobile-events__mobile-event-title tribe-common-h7\" >\n\t<a\n\t\thref=\"https:\/\/www.cgfmanet.org\/pt-pt\/event\/suor-runita-borja-partecipa-al-congresso-degli-educatori-della-conferenza-interispettoriale-ciao-sul-tema-il-patto-educativo-globale-nello-stile-salesiano-a-tokyo-in-giappone\/\"\n\t\ttitle=\"Suor Runita Borja partecipa al Congresso degli Educatori della Conferenza interispettoriale CIAO sul tema \u201cIl Patto Educativo Globale nello stile salesiano\u201d. A Tokyo, in Giappone.\"\n\t\trel=\"bookmark\"\n\t\tclass=\"tribe-events-calendar-month-mobile-events__mobile-event-title-link tribe-common-anchor\"\n\t>\n\t\tSuor Runita Borja partecipa al Congresso degli Educatori della Conferenza interispettoriale CIAO sul tema \u201cIl Patto Educativo Globale nello stile salesiano\u201d. A Tokyo, in Giappone.\t<\/a>\n<\/h3>\n\t\t\n\t<\/div>\n<\/article>\n\n\t\t\n\t\t\n\t<\/div>\n\n\t\n\t\t\n<div  class=\"tribe-events-calendar-month-mobile-events__mobile-day\"  id=\"tribe-events-calendar-mobile-day-2026-05-15\">\n\n\t\n\t\t\t\t\t\n\t\t\t<div class=\"tribe-events-c-day-marker tribe-events-calendar-month-mobile-events__day-marker\">\n\t<time\n\t\tclass=\"tribe-events-c-day-marker__date tribe-common-h7 tribe-common-h--alt\"\n\t\tdatetime=\"2026-05-08\"\n\t>\n\t\t8 Maio\t<\/time>\n<\/div>\n\n\t\t\t\n\t\t\t\n<article  class=\"tribe-events-calendar-month-mobile-events__mobile-event post-155281 tribe_events type-tribe_events status-publish tribe_events_cat-agenda-pt-pt tribe_events_cat-madre-geral cat_agenda-pt-pt cat_madre-geral\" >\n\n\t\n\t<div class=\"tribe-events-calendar-month-mobile-events__mobile-event-details\">\n\n\t\t<div class=\"tribe-events-calendar-month-mobile-events__mobile-event-datetime tribe-common-b2\">\n\t\t\t\t<time datetime=\"2026-05-08\">\n\t\t\tTodo o dia\t\t<\/time>\n\t\t<\/div>\n\t\t<h3  class=\"tribe-events-calendar-month-mobile-events__mobile-event-title tribe-common-h7\" >\n\t<a\n\t\thref=\"https:\/\/www.cgfmanet.org\/pt-pt\/event\/la-madre-partecipa-alle-celebrazione-del-centenario-della-presenza-delle-fma-dellispettoria-nostra-signora-dafrica-afc-a-lubumbashi-repubblica-democratica-del-c\/\"\n\t\ttitle=\"La Madre partecipa alle Celebrazione del Centenario della presenza delle FMA dell\u2019Ispettoria \u201cNostra Signora d\u2019Africa\u201d (AFC). A Lubumbashi, Repubblica Democratica del Congo.\"\n\t\trel=\"bookmark\"\n\t\tclass=\"tribe-events-calendar-month-mobile-events__mobile-event-title-link tribe-common-anchor\"\n\t>\n\t\tLa Madre partecipa alle Celebrazione del Centenario della presenza delle FMA dell\u2019Ispettoria \u201cNostra Signora d\u2019Africa\u201d (AFC). A Lubumbashi, Repubblica Democratica del Congo.\t<\/a>\n<\/h3>\n\t\t\n\t<\/div>\n<\/article>\n\n\t\t\t\t\t\n\t\t\t\n\t\t\t\n\t\t\t\n<article  class=\"tribe-events-calendar-month-mobile-events__mobile-event post-150896 tribe_events type-tribe_events status-publish tribe_events_cat-agenda-pt-pt tribe_events_cat-conselheira-para-as-missoes cat_agenda-pt-pt cat_conselheira-para-as-missoes\" >\n\n\t\n\t<div class=\"tribe-events-calendar-month-mobile-events__mobile-event-details\">\n\n\t\t<div class=\"tribe-events-calendar-month-mobile-events__mobile-event-datetime tribe-common-b2\">\n\t\t\t\t<time datetime=\"2026-05-11\">\n\t\t\tTodo o dia\t\t<\/time>\n\t\t<\/div>\n\t\t<h3  class=\"tribe-events-calendar-month-mobile-events__mobile-event-title tribe-common-h7\" >\n\t<a\n\t\thref=\"https:\/\/www.cgfmanet.org\/pt-pt\/event\/esercizi-spirituali-per-le-partecipanti-al-corso-di-formazione-permanente-missionaria-e-le-neo-missionarie-a-mornese-2\/\"\n\t\ttitle=\"Esercizi Spirituali per le partecipanti al Corso di Formazione Permanente Missionaria e le neo missionarie, a Mornese.\"\n\t\trel=\"bookmark\"\n\t\tclass=\"tribe-events-calendar-month-mobile-events__mobile-event-title-link tribe-common-anchor\"\n\t>\n\t\tEsercizi Spirituali per le partecipanti al Corso di Formazione Permanente Missionaria e le neo missionarie, a Mornese.\t<\/a>\n<\/h3>\n\t\t\n\t<\/div>\n<\/article>\n\n\t\t\t\t\t\n\t\t\t\n\t\t\t\n\t\t\t\n<article  class=\"tribe-events-calendar-month-mobile-events__mobile-event post-151117 tribe_events type-tribe_events status-publish tribe_events_cat-agenda-pt-pt tribe_events_cat-conselheira-para-a-familia-salesiana cat_agenda-pt-pt cat_conselheira-para-a-familia-salesiana\" >\n\n\t\n\t<div class=\"tribe-events-calendar-month-mobile-events__mobile-event-details\">\n\n\t\t<div class=\"tribe-events-calendar-month-mobile-events__mobile-event-datetime tribe-common-b2\">\n\t\t\t\t<time datetime=\"2026-05-15\">\n\t\t\tTodo o dia\t\t<\/time>\n\t\t<\/div>\n\t\t<h3  class=\"tribe-events-calendar-month-mobile-events__mobile-event-title tribe-common-h7\" >\n\t<a\n\t\thref=\"https:\/\/www.cgfmanet.org\/pt-pt\/event\/suor-leslie-sandigo-insieme-alle-collaboratrici-dellambito-presenta-la-famiglia-salesiana-alle-studentesse-del-corso-di-spiritualita-di-casa-madre-canta\/\"\n\t\ttitle=\"Suor Leslie S\u00e1ndigo insieme alle collaboratrici dell\u2019Ambito presenta la Famiglia Salesiana alle studentesse del Corso di Spiritualit\u00e0 di Casa Madre Canta.\"\n\t\trel=\"bookmark\"\n\t\tclass=\"tribe-events-calendar-month-mobile-events__mobile-event-title-link tribe-common-anchor\"\n\t>\n\t\tSuor Leslie S\u00e1ndigo insieme alle collaboratrici dell\u2019Ambito presenta la Famiglia Salesiana alle studentesse del Corso di Spiritualit\u00e0 di Casa Madre Canta.\t<\/a>\n<\/h3>\n\t\t\n\t<\/div>\n<\/article>\n\n\t\t\t\t\t\n\t\t\t\n\t\t\t\n\t\t\t\n<article  class=\"tribe-events-calendar-month-mobile-events__mobile-event post-150931 tribe_events type-tribe_events status-publish tribe_events_cat-agenda-pt-pt tribe_events_cat-ir-maria-assunta-sumiko-inoue tribe_events_cat-visitadora-pt-pt cat_agenda-pt-pt cat_ir-maria-assunta-sumiko-inoue cat_visitadora-pt-pt\" >\n\n\t\n\t<div class=\"tribe-events-calendar-month-mobile-events__mobile-event-details\">\n\n\t\t<div class=\"tribe-events-calendar-month-mobile-events__mobile-event-datetime tribe-common-b2\">\n\t\t\t\t<time datetime=\"2026-05-14\">\n\t\t\tTodo o dia\t\t<\/time>\n\t\t<\/div>\n\t\t<h3  class=\"tribe-events-calendar-month-mobile-events__mobile-event-title tribe-common-h7\" >\n\t<a\n\t\thref=\"https:\/\/www.cgfmanet.org\/pt-pt\/event\/suor-maria-assunta-sumiko-inoue-fa-una-visita-breve-allispettoria-santa-maria-mazzarello-tha\/\"\n\t\ttitle=\"Suor Maria Assunta Sumiko Inoue fa una Visita breve all&#8217;Ispettoria \u201cSanta Maria Mazzarello\u201d (THA).\"\n\t\trel=\"bookmark\"\n\t\tclass=\"tribe-events-calendar-month-mobile-events__mobile-event-title-link tribe-common-anchor\"\n\t>\n\t\tSuor Maria Assunta Sumiko Inoue fa una Visita breve all&#8217;Ispettoria \u201cSanta Maria Mazzarello\u201d (THA).\t<\/a>\n<\/h3>\n\t\t\n\t<\/div>\n<\/article>\n\n\t\t\t\t\t\n\t\t\t\n\t\t\t\n\t\t\t\n<article  class=\"tribe-events-calendar-month-mobile-events__mobile-event post-156709 tribe_events type-tribe_events status-publish tribe_events_cat-agenda-pt-pt tribe_events_cat-conselheira-para-a-pastoral-juvenil cat_agenda-pt-pt cat_conselheira-para-a-pastoral-juvenil\" >\n\n\t\n\t<div class=\"tribe-events-calendar-month-mobile-events__mobile-event-details\">\n\n\t\t<div class=\"tribe-events-calendar-month-mobile-events__mobile-event-datetime tribe-common-b2\">\n\t\t\t\t<time datetime=\"2026-05-14\">\n\t\t\tTodo o dia\t\t<\/time>\n\t\t<\/div>\n\t\t<h3  class=\"tribe-events-calendar-month-mobile-events__mobile-event-title tribe-common-h7\" >\n\t<a\n\t\thref=\"https:\/\/www.cgfmanet.org\/pt-pt\/event\/suor-runita-borja-partecipa-al-congresso-degli-educatori-della-conferenza-interispettoriale-ciao-sul-tema-il-patto-educativo-globale-nello-stile-salesiano-a-tokyo-in-giappone\/\"\n\t\ttitle=\"Suor Runita Borja partecipa al Congresso degli Educatori della Conferenza interispettoriale CIAO sul tema \u201cIl Patto Educativo Globale nello stile salesiano\u201d. A Tokyo, in Giappone.\"\n\t\trel=\"bookmark\"\n\t\tclass=\"tribe-events-calendar-month-mobile-events__mobile-event-title-link tribe-common-anchor\"\n\t>\n\t\tSuor Runita Borja partecipa al Congresso degli Educatori della Conferenza interispettoriale CIAO sul tema \u201cIl Patto Educativo Globale nello stile salesiano\u201d. A Tokyo, in Giappone.\t<\/a>\n<\/h3>\n\t\t\n\t<\/div>\n<\/article>\n\n\t\t\n\t\t\n\t<\/div>\n\n\t\n\t\t\n<div  class=\"tribe-events-calendar-month-mobile-events__mobile-day\"  id=\"tribe-events-calendar-mobile-day-2026-05-16\">\n\n\t\n\t\t\t\t\t\n\t\t\t<div class=\"tribe-events-c-day-marker tribe-events-calendar-month-mobile-events__day-marker\">\n\t<time\n\t\tclass=\"tribe-events-c-day-marker__date tribe-common-h7 tribe-common-h--alt\"\n\t\tdatetime=\"2026-05-08\"\n\t>\n\t\t8 Maio\t<\/time>\n<\/div>\n\n\t\t\t\n\t\t\t\n<article  class=\"tribe-events-calendar-month-mobile-events__mobile-event post-155281 tribe_events type-tribe_events status-publish tribe_events_cat-agenda-pt-pt tribe_events_cat-madre-geral cat_agenda-pt-pt cat_madre-geral\" >\n\n\t\n\t<div class=\"tribe-events-calendar-month-mobile-events__mobile-event-details\">\n\n\t\t<div class=\"tribe-events-calendar-month-mobile-events__mobile-event-datetime tribe-common-b2\">\n\t\t\t\t<time datetime=\"2026-05-08\">\n\t\t\tTodo o dia\t\t<\/time>\n\t\t<\/div>\n\t\t<h3  class=\"tribe-events-calendar-month-mobile-events__mobile-event-title tribe-common-h7\" >\n\t<a\n\t\thref=\"https:\/\/www.cgfmanet.org\/pt-pt\/event\/la-madre-partecipa-alle-celebrazione-del-centenario-della-presenza-delle-fma-dellispettoria-nostra-signora-dafrica-afc-a-lubumbashi-repubblica-democratica-del-c\/\"\n\t\ttitle=\"La Madre partecipa alle Celebrazione del Centenario della presenza delle FMA dell\u2019Ispettoria \u201cNostra Signora d\u2019Africa\u201d (AFC). A Lubumbashi, Repubblica Democratica del Congo.\"\n\t\trel=\"bookmark\"\n\t\tclass=\"tribe-events-calendar-month-mobile-events__mobile-event-title-link tribe-common-anchor\"\n\t>\n\t\tLa Madre partecipa alle Celebrazione del Centenario della presenza delle FMA dell\u2019Ispettoria \u201cNostra Signora d\u2019Africa\u201d (AFC). A Lubumbashi, Repubblica Democratica del Congo.\t<\/a>\n<\/h3>\n\t\t\n\t<\/div>\n<\/article>\n\n\t\t\t\t\t\n\t\t\t\n\t\t\t\n\t\t\t\n<article  class=\"tribe-events-calendar-month-mobile-events__mobile-event post-150896 tribe_events type-tribe_events status-publish tribe_events_cat-agenda-pt-pt tribe_events_cat-conselheira-para-as-missoes cat_agenda-pt-pt cat_conselheira-para-as-missoes\" >\n\n\t\n\t<div class=\"tribe-events-calendar-month-mobile-events__mobile-event-details\">\n\n\t\t<div class=\"tribe-events-calendar-month-mobile-events__mobile-event-datetime tribe-common-b2\">\n\t\t\t\t<time datetime=\"2026-05-11\">\n\t\t\tTodo o dia\t\t<\/time>\n\t\t<\/div>\n\t\t<h3  class=\"tribe-events-calendar-month-mobile-events__mobile-event-title tribe-common-h7\" >\n\t<a\n\t\thref=\"https:\/\/www.cgfmanet.org\/pt-pt\/event\/esercizi-spirituali-per-le-partecipanti-al-corso-di-formazione-permanente-missionaria-e-le-neo-missionarie-a-mornese-2\/\"\n\t\ttitle=\"Esercizi Spirituali per le partecipanti al Corso di Formazione Permanente Missionaria e le neo missionarie, a Mornese.\"\n\t\trel=\"bookmark\"\n\t\tclass=\"tribe-events-calendar-month-mobile-events__mobile-event-title-link tribe-common-anchor\"\n\t>\n\t\tEsercizi Spirituali per le partecipanti al Corso di Formazione Permanente Missionaria e le neo missionarie, a Mornese.\t<\/a>\n<\/h3>\n\t\t\n\t<\/div>\n<\/article>\n\n\t\t\t\t\t\n\t\t\t\n\t\t\t\n\t\t\t\n<article  class=\"tribe-events-calendar-month-mobile-events__mobile-event post-150931 tribe_events type-tribe_events status-publish tribe_events_cat-agenda-pt-pt tribe_events_cat-ir-maria-assunta-sumiko-inoue tribe_events_cat-visitadora-pt-pt cat_agenda-pt-pt cat_ir-maria-assunta-sumiko-inoue cat_visitadora-pt-pt\" >\n\n\t\n\t<div class=\"tribe-events-calendar-month-mobile-events__mobile-event-details\">\n\n\t\t<div class=\"tribe-events-calendar-month-mobile-events__mobile-event-datetime tribe-common-b2\">\n\t\t\t\t<time datetime=\"2026-05-14\">\n\t\t\tTodo o dia\t\t<\/time>\n\t\t<\/div>\n\t\t<h3  class=\"tribe-events-calendar-month-mobile-events__mobile-event-title tribe-common-h7\" >\n\t<a\n\t\thref=\"https:\/\/www.cgfmanet.org\/pt-pt\/event\/suor-maria-assunta-sumiko-inoue-fa-una-visita-breve-allispettoria-santa-maria-mazzarello-tha\/\"\n\t\ttitle=\"Suor Maria Assunta Sumiko Inoue fa una Visita breve all&#8217;Ispettoria \u201cSanta Maria Mazzarello\u201d (THA).\"\n\t\trel=\"bookmark\"\n\t\tclass=\"tribe-events-calendar-month-mobile-events__mobile-event-title-link tribe-common-anchor\"\n\t>\n\t\tSuor Maria Assunta Sumiko Inoue fa una Visita breve all&#8217;Ispettoria \u201cSanta Maria Mazzarello\u201d (THA).\t<\/a>\n<\/h3>\n\t\t\n\t<\/div>\n<\/article>\n\n\t\t\t\t\t\n\t\t\t\n\t\t\t\n\t\t\t\n<article  class=\"tribe-events-calendar-month-mobile-events__mobile-event post-156709 tribe_events type-tribe_events status-publish tribe_events_cat-agenda-pt-pt tribe_events_cat-conselheira-para-a-pastoral-juvenil cat_agenda-pt-pt cat_conselheira-para-a-pastoral-juvenil\" >\n\n\t\n\t<div class=\"tribe-events-calendar-month-mobile-events__mobile-event-details\">\n\n\t\t<div class=\"tribe-events-calendar-month-mobile-events__mobile-event-datetime tribe-common-b2\">\n\t\t\t\t<time datetime=\"2026-05-14\">\n\t\t\tTodo o dia\t\t<\/time>\n\t\t<\/div>\n\t\t<h3  class=\"tribe-events-calendar-month-mobile-events__mobile-event-title tribe-common-h7\" >\n\t<a\n\t\thref=\"https:\/\/www.cgfmanet.org\/pt-pt\/event\/suor-runita-borja-partecipa-al-congresso-degli-educatori-della-conferenza-interispettoriale-ciao-sul-tema-il-patto-educativo-globale-nello-stile-salesiano-a-tokyo-in-giappone\/\"\n\t\ttitle=\"Suor Runita Borja partecipa al Congresso degli Educatori della Conferenza interispettoriale CIAO sul tema \u201cIl Patto Educativo Globale nello stile salesiano\u201d. A Tokyo, in Giappone.\"\n\t\trel=\"bookmark\"\n\t\tclass=\"tribe-events-calendar-month-mobile-events__mobile-event-title-link tribe-common-anchor\"\n\t>\n\t\tSuor Runita Borja partecipa al Congresso degli Educatori della Conferenza interispettoriale CIAO sul tema \u201cIl Patto Educativo Globale nello stile salesiano\u201d. A Tokyo, in Giappone.\t<\/a>\n<\/h3>\n\t\t\n\t<\/div>\n<\/article>\n\n\t\t\n\t\t\n\t<\/div>\n\n\t\n\t\t\n<div  class=\"tribe-events-calendar-month-mobile-events__mobile-day\"  id=\"tribe-events-calendar-mobile-day-2026-05-17\">\n\n\t\n\t\t\t\t\t\n\t\t\t<div class=\"tribe-events-c-day-marker tribe-events-calendar-month-mobile-events__day-marker\">\n\t<time\n\t\tclass=\"tribe-events-c-day-marker__date tribe-common-h7 tribe-common-h--alt\"\n\t\tdatetime=\"2026-05-08\"\n\t>\n\t\t8 Maio\t<\/time>\n<\/div>\n\n\t\t\t\n\t\t\t\n<article  class=\"tribe-events-calendar-month-mobile-events__mobile-event post-155281 tribe_events type-tribe_events status-publish tribe_events_cat-agenda-pt-pt tribe_events_cat-madre-geral cat_agenda-pt-pt cat_madre-geral\" >\n\n\t\n\t<div class=\"tribe-events-calendar-month-mobile-events__mobile-event-details\">\n\n\t\t<div class=\"tribe-events-calendar-month-mobile-events__mobile-event-datetime tribe-common-b2\">\n\t\t\t\t<time datetime=\"2026-05-08\">\n\t\t\tTodo o dia\t\t<\/time>\n\t\t<\/div>\n\t\t<h3  class=\"tribe-events-calendar-month-mobile-events__mobile-event-title tribe-common-h7\" >\n\t<a\n\t\thref=\"https:\/\/www.cgfmanet.org\/pt-pt\/event\/la-madre-partecipa-alle-celebrazione-del-centenario-della-presenza-delle-fma-dellispettoria-nostra-signora-dafrica-afc-a-lubumbashi-repubblica-democratica-del-c\/\"\n\t\ttitle=\"La Madre partecipa alle Celebrazione del Centenario della presenza delle FMA dell\u2019Ispettoria \u201cNostra Signora d\u2019Africa\u201d (AFC). A Lubumbashi, Repubblica Democratica del Congo.\"\n\t\trel=\"bookmark\"\n\t\tclass=\"tribe-events-calendar-month-mobile-events__mobile-event-title-link tribe-common-anchor\"\n\t>\n\t\tLa Madre partecipa alle Celebrazione del Centenario della presenza delle FMA dell\u2019Ispettoria \u201cNostra Signora d\u2019Africa\u201d (AFC). A Lubumbashi, Repubblica Democratica del Congo.\t<\/a>\n<\/h3>\n\t\t\n\t<\/div>\n<\/article>\n\n\t\t\t\t\t\n\t\t\t\n\t\t\t\n\t\t\t\n<article  class=\"tribe-events-calendar-month-mobile-events__mobile-event post-150896 tribe_events type-tribe_events status-publish tribe_events_cat-agenda-pt-pt tribe_events_cat-conselheira-para-as-missoes cat_agenda-pt-pt cat_conselheira-para-as-missoes\" >\n\n\t\n\t<div class=\"tribe-events-calendar-month-mobile-events__mobile-event-details\">\n\n\t\t<div class=\"tribe-events-calendar-month-mobile-events__mobile-event-datetime tribe-common-b2\">\n\t\t\t\t<time datetime=\"2026-05-11\">\n\t\t\tTodo o dia\t\t<\/time>\n\t\t<\/div>\n\t\t<h3  class=\"tribe-events-calendar-month-mobile-events__mobile-event-title tribe-common-h7\" >\n\t<a\n\t\thref=\"https:\/\/www.cgfmanet.org\/pt-pt\/event\/esercizi-spirituali-per-le-partecipanti-al-corso-di-formazione-permanente-missionaria-e-le-neo-missionarie-a-mornese-2\/\"\n\t\ttitle=\"Esercizi Spirituali per le partecipanti al Corso di Formazione Permanente Missionaria e le neo missionarie, a Mornese.\"\n\t\trel=\"bookmark\"\n\t\tclass=\"tribe-events-calendar-month-mobile-events__mobile-event-title-link tribe-common-anchor\"\n\t>\n\t\tEsercizi Spirituali per le partecipanti al Corso di Formazione Permanente Missionaria e le neo missionarie, a Mornese.\t<\/a>\n<\/h3>\n\t\t\n\t<\/div>\n<\/article>\n\n\t\t\t\t\t\n\t\t\t\n\t\t\t\n\t\t\t\n<article  class=\"tribe-events-calendar-month-mobile-events__mobile-event post-150931 tribe_events type-tribe_events status-publish tribe_events_cat-agenda-pt-pt tribe_events_cat-ir-maria-assunta-sumiko-inoue tribe_events_cat-visitadora-pt-pt cat_agenda-pt-pt cat_ir-maria-assunta-sumiko-inoue cat_visitadora-pt-pt\" >\n\n\t\n\t<div class=\"tribe-events-calendar-month-mobile-events__mobile-event-details\">\n\n\t\t<div class=\"tribe-events-calendar-month-mobile-events__mobile-event-datetime tribe-common-b2\">\n\t\t\t\t<time datetime=\"2026-05-14\">\n\t\t\tTodo o dia\t\t<\/time>\n\t\t<\/div>\n\t\t<h3  class=\"tribe-events-calendar-month-mobile-events__mobile-event-title tribe-common-h7\" >\n\t<a\n\t\thref=\"https:\/\/www.cgfmanet.org\/pt-pt\/event\/suor-maria-assunta-sumiko-inoue-fa-una-visita-breve-allispettoria-santa-maria-mazzarello-tha\/\"\n\t\ttitle=\"Suor Maria Assunta Sumiko Inoue fa una Visita breve all&#8217;Ispettoria \u201cSanta Maria Mazzarello\u201d (THA).\"\n\t\trel=\"bookmark\"\n\t\tclass=\"tribe-events-calendar-month-mobile-events__mobile-event-title-link tribe-common-anchor\"\n\t>\n\t\tSuor Maria Assunta Sumiko Inoue fa una Visita breve all&#8217;Ispettoria \u201cSanta Maria Mazzarello\u201d (THA).\t<\/a>\n<\/h3>\n\t\t\n\t<\/div>\n<\/article>\n\n\t\t\t\t\t\n\t\t\t\n\t\t\t\n\t\t\t\n<article  class=\"tribe-events-calendar-month-mobile-events__mobile-event post-156709 tribe_events type-tribe_events status-publish tribe_events_cat-agenda-pt-pt tribe_events_cat-conselheira-para-a-pastoral-juvenil cat_agenda-pt-pt cat_conselheira-para-a-pastoral-juvenil\" >\n\n\t\n\t<div class=\"tribe-events-calendar-month-mobile-events__mobile-event-details\">\n\n\t\t<div class=\"tribe-events-calendar-month-mobile-events__mobile-event-datetime tribe-common-b2\">\n\t\t\t\t<time datetime=\"2026-05-14\">\n\t\t\tTodo o dia\t\t<\/time>\n\t\t<\/div>\n\t\t<h3  class=\"tribe-events-calendar-month-mobile-events__mobile-event-title tribe-common-h7\" >\n\t<a\n\t\thref=\"https:\/\/www.cgfmanet.org\/pt-pt\/event\/suor-runita-borja-partecipa-al-congresso-degli-educatori-della-conferenza-interispettoriale-ciao-sul-tema-il-patto-educativo-globale-nello-stile-salesiano-a-tokyo-in-giappone\/\"\n\t\ttitle=\"Suor Runita Borja partecipa al Congresso degli Educatori della Conferenza interispettoriale CIAO sul tema \u201cIl Patto Educativo Globale nello stile salesiano\u201d. A Tokyo, in Giappone.\"\n\t\trel=\"bookmark\"\n\t\tclass=\"tribe-events-calendar-month-mobile-events__mobile-event-title-link tribe-common-anchor\"\n\t>\n\t\tSuor Runita Borja partecipa al Congresso degli Educatori della Conferenza interispettoriale CIAO sul tema \u201cIl Patto Educativo Globale nello stile salesiano\u201d. A Tokyo, in Giappone.\t<\/a>\n<\/h3>\n\t\t\n\t<\/div>\n<\/article>\n\n\t\t\n\t\t\n\t<\/div>\n\n\t\n\t\t\n<div  class=\"tribe-events-calendar-month-mobile-events__mobile-day\"  id=\"tribe-events-calendar-mobile-day-2026-05-18\">\n\n\t\n\t\t\t\t\t\n\t\t\t<div class=\"tribe-events-c-day-marker tribe-events-calendar-month-mobile-events__day-marker\">\n\t<time\n\t\tclass=\"tribe-events-c-day-marker__date tribe-common-h7 tribe-common-h--alt\"\n\t\tdatetime=\"2026-05-08\"\n\t>\n\t\t8 Maio\t<\/time>\n<\/div>\n\n\t\t\t\n\t\t\t\n<article  class=\"tribe-events-calendar-month-mobile-events__mobile-event post-155281 tribe_events type-tribe_events status-publish tribe_events_cat-agenda-pt-pt tribe_events_cat-madre-geral cat_agenda-pt-pt cat_madre-geral\" >\n\n\t\n\t<div class=\"tribe-events-calendar-month-mobile-events__mobile-event-details\">\n\n\t\t<div class=\"tribe-events-calendar-month-mobile-events__mobile-event-datetime tribe-common-b2\">\n\t\t\t\t<time datetime=\"2026-05-08\">\n\t\t\tTodo o dia\t\t<\/time>\n\t\t<\/div>\n\t\t<h3  class=\"tribe-events-calendar-month-mobile-events__mobile-event-title tribe-common-h7\" >\n\t<a\n\t\thref=\"https:\/\/www.cgfmanet.org\/pt-pt\/event\/la-madre-partecipa-alle-celebrazione-del-centenario-della-presenza-delle-fma-dellispettoria-nostra-signora-dafrica-afc-a-lubumbashi-repubblica-democratica-del-c\/\"\n\t\ttitle=\"La Madre partecipa alle Celebrazione del Centenario della presenza delle FMA dell\u2019Ispettoria \u201cNostra Signora d\u2019Africa\u201d (AFC). A Lubumbashi, Repubblica Democratica del Congo.\"\n\t\trel=\"bookmark\"\n\t\tclass=\"tribe-events-calendar-month-mobile-events__mobile-event-title-link tribe-common-anchor\"\n\t>\n\t\tLa Madre partecipa alle Celebrazione del Centenario della presenza delle FMA dell\u2019Ispettoria \u201cNostra Signora d\u2019Africa\u201d (AFC). A Lubumbashi, Repubblica Democratica del Congo.\t<\/a>\n<\/h3>\n\t\t\n\t<\/div>\n<\/article>\n\n\t\t\t\t\t\n\t\t\t\n\t\t\t\n\t\t\t\n<article  class=\"tribe-events-calendar-month-mobile-events__mobile-event post-150896 tribe_events type-tribe_events status-publish tribe_events_cat-agenda-pt-pt tribe_events_cat-conselheira-para-as-missoes cat_agenda-pt-pt cat_conselheira-para-as-missoes\" >\n\n\t\n\t<div class=\"tribe-events-calendar-month-mobile-events__mobile-event-details\">\n\n\t\t<div class=\"tribe-events-calendar-month-mobile-events__mobile-event-datetime tribe-common-b2\">\n\t\t\t\t<time datetime=\"2026-05-11\">\n\t\t\tTodo o dia\t\t<\/time>\n\t\t<\/div>\n\t\t<h3  class=\"tribe-events-calendar-month-mobile-events__mobile-event-title tribe-common-h7\" >\n\t<a\n\t\thref=\"https:\/\/www.cgfmanet.org\/pt-pt\/event\/esercizi-spirituali-per-le-partecipanti-al-corso-di-formazione-permanente-missionaria-e-le-neo-missionarie-a-mornese-2\/\"\n\t\ttitle=\"Esercizi Spirituali per le partecipanti al Corso di Formazione Permanente Missionaria e le neo missionarie, a Mornese.\"\n\t\trel=\"bookmark\"\n\t\tclass=\"tribe-events-calendar-month-mobile-events__mobile-event-title-link tribe-common-anchor\"\n\t>\n\t\tEsercizi Spirituali per le partecipanti al Corso di Formazione Permanente Missionaria e le neo missionarie, a Mornese.\t<\/a>\n<\/h3>\n\t\t\n\t<\/div>\n<\/article>\n\n\t\t\t\t\t\n\t\t\t\n\t\t\t\n\t\t\t\n<article  class=\"tribe-events-calendar-month-mobile-events__mobile-event post-150931 tribe_events type-tribe_events status-publish tribe_events_cat-agenda-pt-pt tribe_events_cat-ir-maria-assunta-sumiko-inoue tribe_events_cat-visitadora-pt-pt cat_agenda-pt-pt cat_ir-maria-assunta-sumiko-inoue cat_visitadora-pt-pt\" >\n\n\t\n\t<div class=\"tribe-events-calendar-month-mobile-events__mobile-event-details\">\n\n\t\t<div class=\"tribe-events-calendar-month-mobile-events__mobile-event-datetime tribe-common-b2\">\n\t\t\t\t<time datetime=\"2026-05-14\">\n\t\t\tTodo o dia\t\t<\/time>\n\t\t<\/div>\n\t\t<h3  class=\"tribe-events-calendar-month-mobile-events__mobile-event-title tribe-common-h7\" >\n\t<a\n\t\thref=\"https:\/\/www.cgfmanet.org\/pt-pt\/event\/suor-maria-assunta-sumiko-inoue-fa-una-visita-breve-allispettoria-santa-maria-mazzarello-tha\/\"\n\t\ttitle=\"Suor Maria Assunta Sumiko Inoue fa una Visita breve all&#8217;Ispettoria \u201cSanta Maria Mazzarello\u201d (THA).\"\n\t\trel=\"bookmark\"\n\t\tclass=\"tribe-events-calendar-month-mobile-events__mobile-event-title-link tribe-common-anchor\"\n\t>\n\t\tSuor Maria Assunta Sumiko Inoue fa una Visita breve all&#8217;Ispettoria \u201cSanta Maria Mazzarello\u201d (THA).\t<\/a>\n<\/h3>\n\t\t\n\t<\/div>\n<\/article>\n\n\t\t\t\t\t\n\t\t\t\n\t\t\t\n\t\t\t\n<article  class=\"tribe-events-calendar-month-mobile-events__mobile-event post-156709 tribe_events type-tribe_events status-publish tribe_events_cat-agenda-pt-pt tribe_events_cat-conselheira-para-a-pastoral-juvenil cat_agenda-pt-pt cat_conselheira-para-a-pastoral-juvenil\" >\n\n\t\n\t<div class=\"tribe-events-calendar-month-mobile-events__mobile-event-details\">\n\n\t\t<div class=\"tribe-events-calendar-month-mobile-events__mobile-event-datetime tribe-common-b2\">\n\t\t\t\t<time datetime=\"2026-05-14\">\n\t\t\tTodo o dia\t\t<\/time>\n\t\t<\/div>\n\t\t<h3  class=\"tribe-events-calendar-month-mobile-events__mobile-event-title tribe-common-h7\" >\n\t<a\n\t\thref=\"https:\/\/www.cgfmanet.org\/pt-pt\/event\/suor-runita-borja-partecipa-al-congresso-degli-educatori-della-conferenza-interispettoriale-ciao-sul-tema-il-patto-educativo-globale-nello-stile-salesiano-a-tokyo-in-giappone\/\"\n\t\ttitle=\"Suor Runita Borja partecipa al Congresso degli Educatori della Conferenza interispettoriale CIAO sul tema \u201cIl Patto Educativo Globale nello stile salesiano\u201d. A Tokyo, in Giappone.\"\n\t\trel=\"bookmark\"\n\t\tclass=\"tribe-events-calendar-month-mobile-events__mobile-event-title-link tribe-common-anchor\"\n\t>\n\t\tSuor Runita Borja partecipa al Congresso degli Educatori della Conferenza interispettoriale CIAO sul tema \u201cIl Patto Educativo Globale nello stile salesiano\u201d. A Tokyo, in Giappone.\t<\/a>\n<\/h3>\n\t\t\n\t<\/div>\n<\/article>\n\n\t\t\t\t\t\n\t\t\t\n\t\t\t\n\t\t\t\n<article  class=\"tribe-events-calendar-month-mobile-events__mobile-event post-153491 tribe_events type-tribe_events status-publish tribe_events_cat-sr-jacob-celine-pt-pt tribe_events_cat-agenda-pt-pt tribe_events_cat-visitadora-pt-pt cat_sr-jacob-celine-pt-pt cat_agenda-pt-pt cat_visitadora-pt-pt\" >\n\n\t\n\t<div class=\"tribe-events-calendar-month-mobile-events__mobile-event-details\">\n\n\t\t<div class=\"tribe-events-calendar-month-mobile-events__mobile-event-datetime tribe-common-b2\">\n\t\t\t\t<time datetime=\"2026-05-18\">\n\t\t\tTodo o dia\t\t<\/time>\n\t\t<\/div>\n\t\t<h3  class=\"tribe-events-calendar-month-mobile-events__mobile-event-title tribe-common-h7\" >\n\t<a\n\t\thref=\"https:\/\/www.cgfmanet.org\/pt-pt\/event\/suor-celine-jacob-termina-la-visita-canonica-allispettoria-maria-immacolata-suo-degli-stati-uniti\/\"\n\t\ttitle=\"Suor Celine Jacob termina la Visita Canonica all&#8217;Ispettoria &#8220;Maria Immacolata&#8221; (SUO) degli Stati Uniti.\"\n\t\trel=\"bookmark\"\n\t\tclass=\"tribe-events-calendar-month-mobile-events__mobile-event-title-link tribe-common-anchor\"\n\t>\n\t\tSuor Celine Jacob termina la Visita Canonica all&#8217;Ispettoria &#8220;Maria Immacolata&#8221; (SUO) degli Stati Uniti.\t<\/a>\n<\/h3>\n\t\t\n\t<\/div>\n<\/article>\n\n\t\t\n\t\t\n\t<\/div>\n\n\t\n\t\t\n<div  class=\"tribe-events-calendar-month-mobile-events__mobile-day\"  id=\"tribe-events-calendar-mobile-day-2026-05-19\">\n\n\t\n\t\t\t\t\t\n\t\t\t<div class=\"tribe-events-c-day-marker tribe-events-calendar-month-mobile-events__day-marker\">\n\t<time\n\t\tclass=\"tribe-events-c-day-marker__date tribe-common-h7 tribe-common-h--alt\"\n\t\tdatetime=\"2026-05-08\"\n\t>\n\t\t8 Maio\t<\/time>\n<\/div>\n\n\t\t\t\n\t\t\t\n<article  class=\"tribe-events-calendar-month-mobile-events__mobile-event post-155281 tribe_events type-tribe_events status-publish tribe_events_cat-agenda-pt-pt tribe_events_cat-madre-geral cat_agenda-pt-pt cat_madre-geral\" >\n\n\t\n\t<div class=\"tribe-events-calendar-month-mobile-events__mobile-event-details\">\n\n\t\t<div class=\"tribe-events-calendar-month-mobile-events__mobile-event-datetime tribe-common-b2\">\n\t\t\t\t<time datetime=\"2026-05-08\">\n\t\t\tTodo o dia\t\t<\/time>\n\t\t<\/div>\n\t\t<h3  class=\"tribe-events-calendar-month-mobile-events__mobile-event-title tribe-common-h7\" >\n\t<a\n\t\thref=\"https:\/\/www.cgfmanet.org\/pt-pt\/event\/la-madre-partecipa-alle-celebrazione-del-centenario-della-presenza-delle-fma-dellispettoria-nostra-signora-dafrica-afc-a-lubumbashi-repubblica-democratica-del-c\/\"\n\t\ttitle=\"La Madre partecipa alle Celebrazione del Centenario della presenza delle FMA dell\u2019Ispettoria \u201cNostra Signora d\u2019Africa\u201d (AFC). A Lubumbashi, Repubblica Democratica del Congo.\"\n\t\trel=\"bookmark\"\n\t\tclass=\"tribe-events-calendar-month-mobile-events__mobile-event-title-link tribe-common-anchor\"\n\t>\n\t\tLa Madre partecipa alle Celebrazione del Centenario della presenza delle FMA dell\u2019Ispettoria \u201cNostra Signora d\u2019Africa\u201d (AFC). A Lubumbashi, Repubblica Democratica del Congo.\t<\/a>\n<\/h3>\n\t\t\n\t<\/div>\n<\/article>\n\n\t\t\t\t\t\n\t\t\t\n\t\t\t\n\t\t\t\n<article  class=\"tribe-events-calendar-month-mobile-events__mobile-event post-150816 tribe_events type-tribe_events status-publish tribe_events_cat-sr-lidia-strzelczyk-pt-pt tribe_events_cat-agenda-pt-pt tribe_events_cat-visitadora-pt-pt cat_sr-lidia-strzelczyk-pt-pt cat_agenda-pt-pt cat_visitadora-pt-pt\" >\n\n\t\n\t<div class=\"tribe-events-calendar-month-mobile-events__mobile-event-details\">\n\n\t\t<div class=\"tribe-events-calendar-month-mobile-events__mobile-event-datetime tribe-common-b2\">\n\t\t\t\t<time datetime=\"2026-05-19\">\n\t\t\tTodo o dia\t\t<\/time>\n\t\t<\/div>\n\t\t<h3  class=\"tribe-events-calendar-month-mobile-events__mobile-event-title tribe-common-h7\" >\n\t<a\n\t\thref=\"https:\/\/www.cgfmanet.org\/pt-pt\/event\/suor-lidia-strzelczyk-termina-la-2a-parte-della-visita-canonica-allispettoria-meridionale-madonna-del-buon-consiglio-imr\/\"\n\t\ttitle=\"Suor Lidia Strzelczyk termina la 2a parte della Visita canonica all&#8217;Ispettoria Meridionale &#8220;Madonna del Buon Consiglio&#8221; (IMR).\"\n\t\trel=\"bookmark\"\n\t\tclass=\"tribe-events-calendar-month-mobile-events__mobile-event-title-link tribe-common-anchor\"\n\t>\n\t\tSuor Lidia Strzelczyk termina la 2a parte della Visita canonica all&#8217;Ispettoria Meridionale &#8220;Madonna del Buon Consiglio&#8221; (IMR).\t<\/a>\n<\/h3>\n\t\t\n\t<\/div>\n<\/article>\n\n\t\t\t\t\t\n\t\t\t\n\t\t\t\n\t\t\t\n<article  class=\"tribe-events-calendar-month-mobile-events__mobile-event post-150931 tribe_events type-tribe_events status-publish tribe_events_cat-agenda-pt-pt tribe_events_cat-ir-maria-assunta-sumiko-inoue tribe_events_cat-visitadora-pt-pt cat_agenda-pt-pt cat_ir-maria-assunta-sumiko-inoue cat_visitadora-pt-pt\" >\n\n\t\n\t<div class=\"tribe-events-calendar-month-mobile-events__mobile-event-details\">\n\n\t\t<div class=\"tribe-events-calendar-month-mobile-events__mobile-event-datetime tribe-common-b2\">\n\t\t\t\t<time datetime=\"2026-05-14\">\n\t\t\tTodo o dia\t\t<\/time>\n\t\t<\/div>\n\t\t<h3  class=\"tribe-events-calendar-month-mobile-events__mobile-event-title tribe-common-h7\" >\n\t<a\n\t\thref=\"https:\/\/www.cgfmanet.org\/pt-pt\/event\/suor-maria-assunta-sumiko-inoue-fa-una-visita-breve-allispettoria-santa-maria-mazzarello-tha\/\"\n\t\ttitle=\"Suor Maria Assunta Sumiko Inoue fa una Visita breve all&#8217;Ispettoria \u201cSanta Maria Mazzarello\u201d (THA).\"\n\t\trel=\"bookmark\"\n\t\tclass=\"tribe-events-calendar-month-mobile-events__mobile-event-title-link tribe-common-anchor\"\n\t>\n\t\tSuor Maria Assunta Sumiko Inoue fa una Visita breve all&#8217;Ispettoria \u201cSanta Maria Mazzarello\u201d (THA).\t<\/a>\n<\/h3>\n\t\t\n\t<\/div>\n<\/article>\n\n\t\t\t\t\t\n\t\t\t\n\t\t\t\n\t\t\t\n<article  class=\"tribe-events-calendar-month-mobile-events__mobile-event post-156709 tribe_events type-tribe_events status-publish tribe_events_cat-agenda-pt-pt tribe_events_cat-conselheira-para-a-pastoral-juvenil cat_agenda-pt-pt cat_conselheira-para-a-pastoral-juvenil\" >\n\n\t\n\t<div class=\"tribe-events-calendar-month-mobile-events__mobile-event-details\">\n\n\t\t<div class=\"tribe-events-calendar-month-mobile-events__mobile-event-datetime tribe-common-b2\">\n\t\t\t\t<time datetime=\"2026-05-14\">\n\t\t\tTodo o dia\t\t<\/time>\n\t\t<\/div>\n\t\t<h3  class=\"tribe-events-calendar-month-mobile-events__mobile-event-title tribe-common-h7\" >\n\t<a\n\t\thref=\"https:\/\/www.cgfmanet.org\/pt-pt\/event\/suor-runita-borja-partecipa-al-congresso-degli-educatori-della-conferenza-interispettoriale-ciao-sul-tema-il-patto-educativo-globale-nello-stile-salesiano-a-tokyo-in-giappone\/\"\n\t\ttitle=\"Suor Runita Borja partecipa al Congresso degli Educatori della Conferenza interispettoriale CIAO sul tema \u201cIl Patto Educativo Globale nello stile salesiano\u201d. A Tokyo, in Giappone.\"\n\t\trel=\"bookmark\"\n\t\tclass=\"tribe-events-calendar-month-mobile-events__mobile-event-title-link tribe-common-anchor\"\n\t>\n\t\tSuor Runita Borja partecipa al Congresso degli Educatori della Conferenza interispettoriale CIAO sul tema \u201cIl Patto Educativo Globale nello stile salesiano\u201d. A Tokyo, in Giappone.\t<\/a>\n<\/h3>\n\t\t\n\t<\/div>\n<\/article>\n\n\t\t\n\t\t\n\t<\/div>\n\n\t\n\t\t\n<div  class=\"tribe-events-calendar-month-mobile-events__mobile-day\"  id=\"tribe-events-calendar-mobile-day-2026-05-20\">\n\n\t\n\t\t\t\t\t\n\t\t\t<div class=\"tribe-events-c-day-marker tribe-events-calendar-month-mobile-events__day-marker\">\n\t<time\n\t\tclass=\"tribe-events-c-day-marker__date tribe-common-h7 tribe-common-h--alt\"\n\t\tdatetime=\"2026-05-14\"\n\t>\n\t\t14 Maio\t<\/time>\n<\/div>\n\n\t\t\t\n\t\t\t\n<article  class=\"tribe-events-calendar-month-mobile-events__mobile-event post-150931 tribe_events type-tribe_events status-publish tribe_events_cat-agenda-pt-pt tribe_events_cat-ir-maria-assunta-sumiko-inoue tribe_events_cat-visitadora-pt-pt cat_agenda-pt-pt cat_ir-maria-assunta-sumiko-inoue cat_visitadora-pt-pt\" >\n\n\t\n\t<div class=\"tribe-events-calendar-month-mobile-events__mobile-event-details\">\n\n\t\t<div class=\"tribe-events-calendar-month-mobile-events__mobile-event-datetime tribe-common-b2\">\n\t\t\t\t<time datetime=\"2026-05-14\">\n\t\t\tTodo o dia\t\t<\/time>\n\t\t<\/div>\n\t\t<h3  class=\"tribe-events-calendar-month-mobile-events__mobile-event-title tribe-common-h7\" >\n\t<a\n\t\thref=\"https:\/\/www.cgfmanet.org\/pt-pt\/event\/suor-maria-assunta-sumiko-inoue-fa-una-visita-breve-allispettoria-santa-maria-mazzarello-tha\/\"\n\t\ttitle=\"Suor Maria Assunta Sumiko Inoue fa una Visita breve all&#8217;Ispettoria \u201cSanta Maria Mazzarello\u201d (THA).\"\n\t\trel=\"bookmark\"\n\t\tclass=\"tribe-events-calendar-month-mobile-events__mobile-event-title-link tribe-common-anchor\"\n\t>\n\t\tSuor Maria Assunta Sumiko Inoue fa una Visita breve all&#8217;Ispettoria \u201cSanta Maria Mazzarello\u201d (THA).\t<\/a>\n<\/h3>\n\t\t\n\t<\/div>\n<\/article>\n\n\t\t\n\t\t\n\t<\/div>\n\n\t\n\t\t\n<div  class=\"tribe-events-calendar-month-mobile-events__mobile-day\"  id=\"tribe-events-calendar-mobile-day-2026-05-21\">\n\n\t\n\t\t\t\t\t\n\t\t\t<div class=\"tribe-events-c-day-marker tribe-events-calendar-month-mobile-events__day-marker\">\n\t<time\n\t\tclass=\"tribe-events-c-day-marker__date tribe-common-h7 tribe-common-h--alt\"\n\t\tdatetime=\"2026-05-21\"\n\t>\n\t\t21 Maio\t<\/time>\n<\/div>\n\n\t\t\t\n\t\t\t\n<article  class=\"tribe-events-calendar-month-mobile-events__mobile-event post-151123 tribe_events type-tribe_events status-publish tribe_events_cat-agenda-pt-pt tribe_events_cat-conselheira-para-a-familia-salesiana cat_agenda-pt-pt cat_conselheira-para-a-familia-salesiana\" >\n\n\t\n\t<div class=\"tribe-events-calendar-month-mobile-events__mobile-event-details\">\n\n\t\t<div class=\"tribe-events-calendar-month-mobile-events__mobile-event-datetime tribe-common-b2\">\n\t\t\t\t<time datetime=\"2026-05-21\">\n\t\t\tTodo o dia\t\t<\/time>\n\t\t<\/div>\n\t\t<h3  class=\"tribe-events-calendar-month-mobile-events__mobile-event-title tribe-common-h7\" >\n\t<a\n\t\thref=\"https:\/\/www.cgfmanet.org\/pt-pt\/event\/suor-leslie-sandigo-e-le-collaboratrici-dellambito-partecipano-alla-consulta-della-famiglia-salesiana-a-valdocco-torino-2\/\"\n\t\ttitle=\"Suor Leslie S\u00e1ndigo e le Collaboratrici dell\u2019Ambito partecipano alla Consulta della Famiglia Salesiana a Valdocco, Torino.\"\n\t\trel=\"bookmark\"\n\t\tclass=\"tribe-events-calendar-month-mobile-events__mobile-event-title-link tribe-common-anchor\"\n\t>\n\t\tSuor Leslie S\u00e1ndigo e le Collaboratrici dell\u2019Ambito partecipano alla Consulta della Famiglia Salesiana a Valdocco, Torino.\t<\/a>\n<\/h3>\n\t\t\n\t<\/div>\n<\/article>\n\n\t\t\t\t\t\n\t\t\t\n\t\t\t\n\t\t\t\n<article  class=\"tribe-events-calendar-month-mobile-events__mobile-event post-150931 tribe_events type-tribe_events status-publish tribe_events_cat-agenda-pt-pt tribe_events_cat-ir-maria-assunta-sumiko-inoue tribe_events_cat-visitadora-pt-pt cat_agenda-pt-pt cat_ir-maria-assunta-sumiko-inoue cat_visitadora-pt-pt\" >\n\n\t\n\t<div class=\"tribe-events-calendar-month-mobile-events__mobile-event-details\">\n\n\t\t<div class=\"tribe-events-calendar-month-mobile-events__mobile-event-datetime tribe-common-b2\">\n\t\t\t\t<time datetime=\"2026-05-14\">\n\t\t\tTodo o dia\t\t<\/time>\n\t\t<\/div>\n\t\t<h3  class=\"tribe-events-calendar-month-mobile-events__mobile-event-title tribe-common-h7\" >\n\t<a\n\t\thref=\"https:\/\/www.cgfmanet.org\/pt-pt\/event\/suor-maria-assunta-sumiko-inoue-fa-una-visita-breve-allispettoria-santa-maria-mazzarello-tha\/\"\n\t\ttitle=\"Suor Maria Assunta Sumiko Inoue fa una Visita breve all&#8217;Ispettoria \u201cSanta Maria Mazzarello\u201d (THA).\"\n\t\trel=\"bookmark\"\n\t\tclass=\"tribe-events-calendar-month-mobile-events__mobile-event-title-link tribe-common-anchor\"\n\t>\n\t\tSuor Maria Assunta Sumiko Inoue fa una Visita breve all&#8217;Ispettoria \u201cSanta Maria Mazzarello\u201d (THA).\t<\/a>\n<\/h3>\n\t\t\n\t<\/div>\n<\/article>\n\n\t\t\n\t\t\n\t<\/div>\n\n\t\n\t\t\n<div  class=\"tribe-events-calendar-month-mobile-events__mobile-day\"  id=\"tribe-events-calendar-mobile-day-2026-05-22\">\n\n\t\n\t\t\t\t\t\n\t\t\t<div class=\"tribe-events-c-day-marker tribe-events-calendar-month-mobile-events__day-marker\">\n\t<time\n\t\tclass=\"tribe-events-c-day-marker__date tribe-common-h7 tribe-common-h--alt\"\n\t\tdatetime=\"2026-05-21\"\n\t>\n\t\t21 Maio\t<\/time>\n<\/div>\n\n\t\t\t\n\t\t\t\n<article  class=\"tribe-events-calendar-month-mobile-events__mobile-event post-151123 tribe_events type-tribe_events status-publish tribe_events_cat-agenda-pt-pt tribe_events_cat-conselheira-para-a-familia-salesiana cat_agenda-pt-pt cat_conselheira-para-a-familia-salesiana\" >\n\n\t\n\t<div class=\"tribe-events-calendar-month-mobile-events__mobile-event-details\">\n\n\t\t<div class=\"tribe-events-calendar-month-mobile-events__mobile-event-datetime tribe-common-b2\">\n\t\t\t\t<time datetime=\"2026-05-21\">\n\t\t\tTodo o dia\t\t<\/time>\n\t\t<\/div>\n\t\t<h3  class=\"tribe-events-calendar-month-mobile-events__mobile-event-title tribe-common-h7\" >\n\t<a\n\t\thref=\"https:\/\/www.cgfmanet.org\/pt-pt\/event\/suor-leslie-sandigo-e-le-collaboratrici-dellambito-partecipano-alla-consulta-della-famiglia-salesiana-a-valdocco-torino-2\/\"\n\t\ttitle=\"Suor Leslie S\u00e1ndigo e le Collaboratrici dell\u2019Ambito partecipano alla Consulta della Famiglia Salesiana a Valdocco, Torino.\"\n\t\trel=\"bookmark\"\n\t\tclass=\"tribe-events-calendar-month-mobile-events__mobile-event-title-link tribe-common-anchor\"\n\t>\n\t\tSuor Leslie S\u00e1ndigo e le Collaboratrici dell\u2019Ambito partecipano alla Consulta della Famiglia Salesiana a Valdocco, Torino.\t<\/a>\n<\/h3>\n\t\t\n\t<\/div>\n<\/article>\n\n\t\t\t\t\t\n\t\t\t\n\t\t\t\n\t\t\t\n<article  class=\"tribe-events-calendar-month-mobile-events__mobile-event post-155291 tribe_events type-tribe_events status-publish tribe_events_cat-agenda-pt-pt tribe_events_cat-madre-geral cat_agenda-pt-pt cat_madre-geral\" >\n\n\t\n\t<div class=\"tribe-events-calendar-month-mobile-events__mobile-event-details\">\n\n\t\t<div class=\"tribe-events-calendar-month-mobile-events__mobile-event-datetime tribe-common-b2\">\n\t\t\t\t<time datetime=\"2026-05-22\">\n\t\t\tTodo o dia\t\t<\/time>\n\t\t<\/div>\n\t\t<h3  class=\"tribe-events-calendar-month-mobile-events__mobile-event-title tribe-common-h7\" >\n\t<a\n\t\thref=\"https:\/\/www.cgfmanet.org\/pt-pt\/event\/la-madre-partecipa-alla-consulta-della-famiglia-salesiana-sul-tema-della-strenna-2026-a-torino-valdocco\/\"\n\t\ttitle=\"La Madre partecipa alla Consulta della Famiglia Salesiana sul tema della Strenna 2026. A Torino, Valdocco.\"\n\t\trel=\"bookmark\"\n\t\tclass=\"tribe-events-calendar-month-mobile-events__mobile-event-title-link tribe-common-anchor\"\n\t>\n\t\tLa Madre partecipa alla Consulta della Famiglia Salesiana sul tema della Strenna 2026. A Torino, Valdocco.\t<\/a>\n<\/h3>\n\t\t\n\t<\/div>\n<\/article>\n\n\t\t\t\t\t\n\t\t\t\n\t\t\t\n\t\t\t\n<article  class=\"tribe-events-calendar-month-mobile-events__mobile-event post-150931 tribe_events type-tribe_events status-publish tribe_events_cat-agenda-pt-pt tribe_events_cat-ir-maria-assunta-sumiko-inoue tribe_events_cat-visitadora-pt-pt cat_agenda-pt-pt cat_ir-maria-assunta-sumiko-inoue cat_visitadora-pt-pt\" >\n\n\t\n\t<div class=\"tribe-events-calendar-month-mobile-events__mobile-event-details\">\n\n\t\t<div class=\"tribe-events-calendar-month-mobile-events__mobile-event-datetime tribe-common-b2\">\n\t\t\t\t<time datetime=\"2026-05-14\">\n\t\t\tTodo o dia\t\t<\/time>\n\t\t<\/div>\n\t\t<h3  class=\"tribe-events-calendar-month-mobile-events__mobile-event-title tribe-common-h7\" >\n\t<a\n\t\thref=\"https:\/\/www.cgfmanet.org\/pt-pt\/event\/suor-maria-assunta-sumiko-inoue-fa-una-visita-breve-allispettoria-santa-maria-mazzarello-tha\/\"\n\t\ttitle=\"Suor Maria Assunta Sumiko Inoue fa una Visita breve all&#8217;Ispettoria \u201cSanta Maria Mazzarello\u201d (THA).\"\n\t\trel=\"bookmark\"\n\t\tclass=\"tribe-events-calendar-month-mobile-events__mobile-event-title-link tribe-common-anchor\"\n\t>\n\t\tSuor Maria Assunta Sumiko Inoue fa una Visita breve all&#8217;Ispettoria \u201cSanta Maria Mazzarello\u201d (THA).\t<\/a>\n<\/h3>\n\t\t\n\t<\/div>\n<\/article>\n\n\t\t\t\t\t\n\t\t\t\n\t\t\t\n\t\t\t\n<article  class=\"tribe-events-calendar-month-mobile-events__mobile-event post-151248 tribe_events type-tribe_events status-publish tribe_events_cat-visitadora-pt-pt tribe_events_cat-sr-riccioli-marta-liliana-pt-pt tribe_events_cat-agenda-pt-pt cat_visitadora-pt-pt cat_sr-riccioli-marta-liliana-pt-pt cat_agenda-pt-pt\" >\n\n\t\n\t<div class=\"tribe-events-calendar-month-mobile-events__mobile-event-details\">\n\n\t\t<div class=\"tribe-events-calendar-month-mobile-events__mobile-event-datetime tribe-common-b2\">\n\t\t\t\t<time datetime=\"2026-05-22\">\n\t\t\tTodo o dia\t\t<\/time>\n\t\t<\/div>\n\t\t<h3  class=\"tribe-events-calendar-month-mobile-events__mobile-event-title tribe-common-h7\" >\n\t<a\n\t\thref=\"https:\/\/www.cgfmanet.org\/pt-pt\/event\/suor-marta-riccioli-termina-la-visita-canonica-allispettoria-nostra-signora-di-chiquinquira-cbc\/\"\n\t\ttitle=\"Suor Marta Riccioli termina la Visita canonica all\u2019Ispettoria &#8220;Nostra Signora di Chiquinquir\u00e1&#8221; (CBC).\"\n\t\trel=\"bookmark\"\n\t\tclass=\"tribe-events-calendar-month-mobile-events__mobile-event-title-link tribe-common-anchor\"\n\t>\n\t\tSuor Marta Riccioli termina la Visita canonica all\u2019Ispettoria &#8220;Nostra Signora di Chiquinquir\u00e1&#8221; (CBC).\t<\/a>\n<\/h3>\n\t\t\n\t<\/div>\n<\/article>\n\n\t\t\n\t\t\n\t<\/div>\n\n\t\n\t\t\n<div  class=\"tribe-events-calendar-month-mobile-events__mobile-day\"  id=\"tribe-events-calendar-mobile-day-2026-05-23\">\n\n\t\n\t\t\t\t\t\n\t\t\t<div class=\"tribe-events-c-day-marker tribe-events-calendar-month-mobile-events__day-marker\">\n\t<time\n\t\tclass=\"tribe-events-c-day-marker__date tribe-common-h7 tribe-common-h--alt\"\n\t\tdatetime=\"2026-05-21\"\n\t>\n\t\t21 Maio\t<\/time>\n<\/div>\n\n\t\t\t\n\t\t\t\n<article  class=\"tribe-events-calendar-month-mobile-events__mobile-event post-151123 tribe_events type-tribe_events status-publish tribe_events_cat-agenda-pt-pt tribe_events_cat-conselheira-para-a-familia-salesiana cat_agenda-pt-pt cat_conselheira-para-a-familia-salesiana\" >\n\n\t\n\t<div class=\"tribe-events-calendar-month-mobile-events__mobile-event-details\">\n\n\t\t<div class=\"tribe-events-calendar-month-mobile-events__mobile-event-datetime tribe-common-b2\">\n\t\t\t\t<time datetime=\"2026-05-21\">\n\t\t\tTodo o dia\t\t<\/time>\n\t\t<\/div>\n\t\t<h3  class=\"tribe-events-calendar-month-mobile-events__mobile-event-title tribe-common-h7\" >\n\t<a\n\t\thref=\"https:\/\/www.cgfmanet.org\/pt-pt\/event\/suor-leslie-sandigo-e-le-collaboratrici-dellambito-partecipano-alla-consulta-della-famiglia-salesiana-a-valdocco-torino-2\/\"\n\t\ttitle=\"Suor Leslie S\u00e1ndigo e le Collaboratrici dell\u2019Ambito partecipano alla Consulta della Famiglia Salesiana a Valdocco, Torino.\"\n\t\trel=\"bookmark\"\n\t\tclass=\"tribe-events-calendar-month-mobile-events__mobile-event-title-link tribe-common-anchor\"\n\t>\n\t\tSuor Leslie S\u00e1ndigo e le Collaboratrici dell\u2019Ambito partecipano alla Consulta della Famiglia Salesiana a Valdocco, Torino.\t<\/a>\n<\/h3>\n\t\t\n\t<\/div>\n<\/article>\n\n\t\t\t\t\t\n\t\t\t\n\t\t\t\n\t\t\t\n<article  class=\"tribe-events-calendar-month-mobile-events__mobile-event post-155291 tribe_events type-tribe_events status-publish tribe_events_cat-agenda-pt-pt tribe_events_cat-madre-geral cat_agenda-pt-pt cat_madre-geral\" >\n\n\t\n\t<div class=\"tribe-events-calendar-month-mobile-events__mobile-event-details\">\n\n\t\t<div class=\"tribe-events-calendar-month-mobile-events__mobile-event-datetime tribe-common-b2\">\n\t\t\t\t<time datetime=\"2026-05-22\">\n\t\t\tTodo o dia\t\t<\/time>\n\t\t<\/div>\n\t\t<h3  class=\"tribe-events-calendar-month-mobile-events__mobile-event-title tribe-common-h7\" >\n\t<a\n\t\thref=\"https:\/\/www.cgfmanet.org\/pt-pt\/event\/la-madre-partecipa-alla-consulta-della-famiglia-salesiana-sul-tema-della-strenna-2026-a-torino-valdocco\/\"\n\t\ttitle=\"La Madre partecipa alla Consulta della Famiglia Salesiana sul tema della Strenna 2026. A Torino, Valdocco.\"\n\t\trel=\"bookmark\"\n\t\tclass=\"tribe-events-calendar-month-mobile-events__mobile-event-title-link tribe-common-anchor\"\n\t>\n\t\tLa Madre partecipa alla Consulta della Famiglia Salesiana sul tema della Strenna 2026. A Torino, Valdocco.\t<\/a>\n<\/h3>\n\t\t\n\t<\/div>\n<\/article>\n\n\t\t\t\t\t\n\t\t\t\n\t\t\t\n\t\t\t\n<article  class=\"tribe-events-calendar-month-mobile-events__mobile-event post-150931 tribe_events type-tribe_events status-publish tribe_events_cat-agenda-pt-pt tribe_events_cat-ir-maria-assunta-sumiko-inoue tribe_events_cat-visitadora-pt-pt cat_agenda-pt-pt cat_ir-maria-assunta-sumiko-inoue cat_visitadora-pt-pt\" >\n\n\t\n\t<div class=\"tribe-events-calendar-month-mobile-events__mobile-event-details\">\n\n\t\t<div class=\"tribe-events-calendar-month-mobile-events__mobile-event-datetime tribe-common-b2\">\n\t\t\t\t<time datetime=\"2026-05-14\">\n\t\t\tTodo o dia\t\t<\/time>\n\t\t<\/div>\n\t\t<h3  class=\"tribe-events-calendar-month-mobile-events__mobile-event-title tribe-common-h7\" >\n\t<a\n\t\thref=\"https:\/\/www.cgfmanet.org\/pt-pt\/event\/suor-maria-assunta-sumiko-inoue-fa-una-visita-breve-allispettoria-santa-maria-mazzarello-tha\/\"\n\t\ttitle=\"Suor Maria Assunta Sumiko Inoue fa una Visita breve all&#8217;Ispettoria \u201cSanta Maria Mazzarello\u201d (THA).\"\n\t\trel=\"bookmark\"\n\t\tclass=\"tribe-events-calendar-month-mobile-events__mobile-event-title-link tribe-common-anchor\"\n\t>\n\t\tSuor Maria Assunta Sumiko Inoue fa una Visita breve all&#8217;Ispettoria \u201cSanta Maria Mazzarello\u201d (THA).\t<\/a>\n<\/h3>\n\t\t\n\t<\/div>\n<\/article>\n\n\t\t\n\t\t\n\t<\/div>\n\n\t\n\t\t\n<div  class=\"tribe-events-calendar-month-mobile-events__mobile-day\"  id=\"tribe-events-calendar-mobile-day-2026-05-24\">\n\n\t\n\t\t\t\t\t\n\t\t\t<div class=\"tribe-events-c-day-marker tribe-events-calendar-month-mobile-events__day-marker\">\n\t<time\n\t\tclass=\"tribe-events-c-day-marker__date tribe-common-h7 tribe-common-h--alt\"\n\t\tdatetime=\"2026-05-24\"\n\t>\n\t\t24 Maio\t<\/time>\n<\/div>\n\n\t\t\t\n\t\t\t\n<article  class=\"tribe-events-calendar-month-mobile-events__mobile-event post-155301 tribe_events type-tribe_events status-publish tribe_events_cat-agenda-pt-pt tribe_events_cat-madre-geral cat_agenda-pt-pt cat_madre-geral\" >\n\n\t\n\t<div class=\"tribe-events-calendar-month-mobile-events__mobile-event-details\">\n\n\t\t<div class=\"tribe-events-calendar-month-mobile-events__mobile-event-datetime tribe-common-b2\">\n\t\t\t\t<time datetime=\"2026-05-24\">\n\t\t\tTodo o dia\t\t<\/time>\n\t\t<\/div>\n\t\t<h3  class=\"tribe-events-calendar-month-mobile-events__mobile-event-title tribe-common-h7\" >\n\t<a\n\t\thref=\"https:\/\/www.cgfmanet.org\/pt-pt\/event\/la-madre-partecipa-alla-celebrazione-della-solennita-di-maria-ausiliatrice-a-torino-valdocco\/\"\n\t\ttitle=\"La Madre partecipa alla Celebrazione della solennit\u00e0 di Maria Ausiliatrice a Torino, Valdocco.\"\n\t\trel=\"bookmark\"\n\t\tclass=\"tribe-events-calendar-month-mobile-events__mobile-event-title-link tribe-common-anchor\"\n\t>\n\t\tLa Madre partecipa alla Celebrazione della solennit\u00e0 di Maria Ausiliatrice a Torino, Valdocco.\t<\/a>\n<\/h3>\n\t\t\n\t<\/div>\n<\/article>\n\n\t\t\t\t\t\n\t\t\t\n\t\t\t\n\t\t\t\n<article  class=\"tribe-events-calendar-month-mobile-events__mobile-event post-150931 tribe_events type-tribe_events status-publish tribe_events_cat-agenda-pt-pt tribe_events_cat-ir-maria-assunta-sumiko-inoue tribe_events_cat-visitadora-pt-pt cat_agenda-pt-pt cat_ir-maria-assunta-sumiko-inoue cat_visitadora-pt-pt\" >\n\n\t\n\t<div class=\"tribe-events-calendar-month-mobile-events__mobile-event-details\">\n\n\t\t<div class=\"tribe-events-calendar-month-mobile-events__mobile-event-datetime tribe-common-b2\">\n\t\t\t\t<time datetime=\"2026-05-14\">\n\t\t\tTodo o dia\t\t<\/time>\n\t\t<\/div>\n\t\t<h3  class=\"tribe-events-calendar-month-mobile-events__mobile-event-title tribe-common-h7\" >\n\t<a\n\t\thref=\"https:\/\/www.cgfmanet.org\/pt-pt\/event\/suor-maria-assunta-sumiko-inoue-fa-una-visita-breve-allispettoria-santa-maria-mazzarello-tha\/\"\n\t\ttitle=\"Suor Maria Assunta Sumiko Inoue fa una Visita breve all&#8217;Ispettoria \u201cSanta Maria Mazzarello\u201d (THA).\"\n\t\trel=\"bookmark\"\n\t\tclass=\"tribe-events-calendar-month-mobile-events__mobile-event-title-link tribe-common-anchor\"\n\t>\n\t\tSuor Maria Assunta Sumiko Inoue fa una Visita breve all&#8217;Ispettoria \u201cSanta Maria Mazzarello\u201d (THA).\t<\/a>\n<\/h3>\n\t\t\n\t<\/div>\n<\/article>\n\n\t\t\n\t\t\n\t<\/div>\n\n\t\n\t\t\n<div  class=\"tribe-events-calendar-month-mobile-events__mobile-day\"  id=\"tribe-events-calendar-mobile-day-2026-05-25\">\n\n\t\n\t\t\t\t\t\n\t\t\t<div class=\"tribe-events-c-day-marker tribe-events-calendar-month-mobile-events__day-marker\">\n\t<time\n\t\tclass=\"tribe-events-c-day-marker__date tribe-common-h7 tribe-common-h--alt\"\n\t\tdatetime=\"2026-05-14\"\n\t>\n\t\t14 Maio\t<\/time>\n<\/div>\n\n\t\t\t\n\t\t\t\n<article  class=\"tribe-events-calendar-month-mobile-events__mobile-event post-150931 tribe_events type-tribe_events status-publish tribe_events_cat-agenda-pt-pt tribe_events_cat-ir-maria-assunta-sumiko-inoue tribe_events_cat-visitadora-pt-pt cat_agenda-pt-pt cat_ir-maria-assunta-sumiko-inoue cat_visitadora-pt-pt\" >\n\n\t\n\t<div class=\"tribe-events-calendar-month-mobile-events__mobile-event-details\">\n\n\t\t<div class=\"tribe-events-calendar-month-mobile-events__mobile-event-datetime tribe-common-b2\">\n\t\t\t\t<time datetime=\"2026-05-14\">\n\t\t\tTodo o dia\t\t<\/time>\n\t\t<\/div>\n\t\t<h3  class=\"tribe-events-calendar-month-mobile-events__mobile-event-title tribe-common-h7\" >\n\t<a\n\t\thref=\"https:\/\/www.cgfmanet.org\/pt-pt\/event\/suor-maria-assunta-sumiko-inoue-fa-una-visita-breve-allispettoria-santa-maria-mazzarello-tha\/\"\n\t\ttitle=\"Suor Maria Assunta Sumiko Inoue fa una Visita breve all&#8217;Ispettoria \u201cSanta Maria Mazzarello\u201d (THA).\"\n\t\trel=\"bookmark\"\n\t\tclass=\"tribe-events-calendar-month-mobile-events__mobile-event-title-link tribe-common-anchor\"\n\t>\n\t\tSuor Maria Assunta Sumiko Inoue fa una Visita breve all&#8217;Ispettoria \u201cSanta Maria Mazzarello\u201d (THA).\t<\/a>\n<\/h3>\n\t\t\n\t<\/div>\n<\/article>\n\n\t\t\n\t\t\n\t<\/div>\n\n\t\n\t\t\n<div  class=\"tribe-events-calendar-month-mobile-events__mobile-day\"  id=\"tribe-events-calendar-mobile-day-2026-05-26\">\n\n\t\n\t\t\t\t\t\n\t\t\t<div class=\"tribe-events-c-day-marker tribe-events-calendar-month-mobile-events__day-marker\">\n\t<time\n\t\tclass=\"tribe-events-c-day-marker__date tribe-common-h7 tribe-common-h--alt\"\n\t\tdatetime=\"2026-05-14\"\n\t>\n\t\t14 Maio\t<\/time>\n<\/div>\n\n\t\t\t\n\t\t\t\n<article  class=\"tribe-events-calendar-month-mobile-events__mobile-event post-150931 tribe_events type-tribe_events status-publish tribe_events_cat-agenda-pt-pt tribe_events_cat-ir-maria-assunta-sumiko-inoue tribe_events_cat-visitadora-pt-pt cat_agenda-pt-pt cat_ir-maria-assunta-sumiko-inoue cat_visitadora-pt-pt\" >\n\n\t\n\t<div class=\"tribe-events-calendar-month-mobile-events__mobile-event-details\">\n\n\t\t<div class=\"tribe-events-calendar-month-mobile-events__mobile-event-datetime tribe-common-b2\">\n\t\t\t\t<time datetime=\"2026-05-14\">\n\t\t\tTodo o dia\t\t<\/time>\n\t\t<\/div>\n\t\t<h3  class=\"tribe-events-calendar-month-mobile-events__mobile-event-title tribe-common-h7\" >\n\t<a\n\t\thref=\"https:\/\/www.cgfmanet.org\/pt-pt\/event\/suor-maria-assunta-sumiko-inoue-fa-una-visita-breve-allispettoria-santa-maria-mazzarello-tha\/\"\n\t\ttitle=\"Suor Maria Assunta Sumiko Inoue fa una Visita breve all&#8217;Ispettoria \u201cSanta Maria Mazzarello\u201d (THA).\"\n\t\trel=\"bookmark\"\n\t\tclass=\"tribe-events-calendar-month-mobile-events__mobile-event-title-link tribe-common-anchor\"\n\t>\n\t\tSuor Maria Assunta Sumiko Inoue fa una Visita breve all&#8217;Ispettoria \u201cSanta Maria Mazzarello\u201d (THA).\t<\/a>\n<\/h3>\n\t\t\n\t<\/div>\n<\/article>\n\n\t\t\t\t\t\n\t\t\t\n\t\t\t\n\t\t\t\n<article  class=\"tribe-events-calendar-month-mobile-events__mobile-event post-150874 tribe_events type-tribe_events status-publish tribe_events_cat-agenda-pt-pt tribe_events_cat-conselheira-para-as-missoes cat_agenda-pt-pt cat_conselheira-para-as-missoes\" >\n\n\t\n\t<div class=\"tribe-events-calendar-month-mobile-events__mobile-event-details\">\n\n\t\t<div class=\"tribe-events-calendar-month-mobile-events__mobile-event-datetime tribe-common-b2\">\n\t\t\t\t<time datetime=\"2026-05-26\">\n\t\t\tTodo o dia\t\t<\/time>\n\t\t<\/div>\n\t\t<h3  class=\"tribe-events-calendar-month-mobile-events__mobile-event-title tribe-common-h7\" >\n\t<a\n\t\thref=\"https:\/\/www.cgfmanet.org\/pt-pt\/event\/suor-ruth-del-pilar-mora-termina-la-visita-canonica-allispettoria-san-giuseppe-sec-di-stati-uniti-e-canada\/\"\n\t\ttitle=\"Suor Ruth del Pilar Mora termina la Visita Canonica all\u2019Ispettoria San Giuseppe (SEC) di Stati Uniti e Canada.\"\n\t\trel=\"bookmark\"\n\t\tclass=\"tribe-events-calendar-month-mobile-events__mobile-event-title-link tribe-common-anchor\"\n\t>\n\t\tSuor Ruth del Pilar Mora termina la Visita Canonica all\u2019Ispettoria San Giuseppe (SEC) di Stati Uniti e Canada.\t<\/a>\n<\/h3>\n\t\t\n\t<\/div>\n<\/article>\n\n\t\t\t\t\t\n\t\t\t\n\t\t\t\n\t\t\t\n<article  class=\"tribe-events-calendar-month-mobile-events__mobile-event post-156719 tribe_events type-tribe_events status-publish tribe_events_cat-agenda-pt-pt tribe_events_cat-conselheira-para-a-pastoral-juvenil cat_agenda-pt-pt cat_conselheira-para-a-pastoral-juvenil\" >\n\n\t\n\t<div class=\"tribe-events-calendar-month-mobile-events__mobile-event-details\">\n\n\t\t<div class=\"tribe-events-calendar-month-mobile-events__mobile-event-datetime tribe-common-b2\">\n\t\t\t\t<time datetime=\"2026-05-26\">\n\t\t\tTodo o dia\t\t<\/time>\n\t\t<\/div>\n\t\t<h3  class=\"tribe-events-calendar-month-mobile-events__mobile-event-title tribe-common-h7\" >\n\t<a\n\t\thref=\"https:\/\/www.cgfmanet.org\/pt-pt\/event\/suor-runita-borja-da-il-saluto-iniziale-e-partecipa-allincontro-online-delle-coordinatrici-ispettoriali-di-pg-della-conferenza-nac\/\"\n\t\ttitle=\"Suor Runita Borja d\u00e0 il saluto iniziale e partecipa all\u2019incontro online delle Coordinatrici ispettoriali di PG della Conferenza NAC.\"\n\t\trel=\"bookmark\"\n\t\tclass=\"tribe-events-calendar-month-mobile-events__mobile-event-title-link tribe-common-anchor\"\n\t>\n\t\tSuor Runita Borja d\u00e0 il saluto iniziale e partecipa all\u2019incontro online delle Coordinatrici ispettoriali di PG della Conferenza NAC.\t<\/a>\n<\/h3>\n\t\t\n\t<\/div>\n<\/article>\n\n\t\t\n\t\t\n\t<\/div>\n\n\t\n\t\t\n<div  class=\"tribe-events-calendar-month-mobile-events__mobile-day\"  id=\"tribe-events-calendar-mobile-day-2026-05-27\">\n\n\t\n\t\t\t\t\t\n\t\t\t<div class=\"tribe-events-c-day-marker tribe-events-calendar-month-mobile-events__day-marker\">\n\t<time\n\t\tclass=\"tribe-events-c-day-marker__date tribe-common-h7 tribe-common-h--alt\"\n\t\tdatetime=\"2026-05-27\"\n\t>\n\t\t27 Maio\t<\/time>\n<\/div>\n\n\t\t\t\n\t\t\t\n<article  class=\"tribe-events-calendar-month-mobile-events__mobile-event post-150884 tribe_events type-tribe_events status-publish\" >\n\n\t\n\t<div class=\"tribe-events-calendar-month-mobile-events__mobile-event-details\">\n\n\t\t<div class=\"tribe-events-calendar-month-mobile-events__mobile-event-datetime tribe-common-b2\">\n\t\t\t\t<time datetime=\"2026-05-27\">\n\t\t\tTodo o dia\t\t<\/time>\n\t\t<\/div>\n\t\t<h3  class=\"tribe-events-calendar-month-mobile-events__mobile-event-title tribe-common-h7\" >\n\t<a\n\t\thref=\"https:\/\/www.cgfmanet.org\/pt-pt\/event\/suor-ruth-del-pilar-mora-incontra-le-missionarie-ad-gentes-che-terminano-il-corso-di-formazione-permanente-missionaria-a-roma-in-casa-generalizia\/\"\n\t\ttitle=\"Suor Ruth del Pilar Mora incontra le missionarie ad gentes che terminano il Corso di Formazione Permanente Missionaria a Roma, in Casa Generalizia.\"\n\t\trel=\"bookmark\"\n\t\tclass=\"tribe-events-calendar-month-mobile-events__mobile-event-title-link tribe-common-anchor\"\n\t>\n\t\tSuor Ruth del Pilar Mora incontra le missionarie ad gentes che terminano il Corso di Formazione Permanente Missionaria a Roma, in Casa Generalizia.\t<\/a>\n<\/h3>\n\t\t\n\t<\/div>\n<\/article>\n\n\t\t\n\t\t\n\t<\/div>\n\n\t\n\t\t\n<div  class=\"tribe-events-calendar-month-mobile-events__mobile-day\"  id=\"tribe-events-calendar-mobile-day-2026-05-28\">\n\n\t\n\t\t\t\t\t\n\t\t\t<div class=\"tribe-events-c-day-marker tribe-events-calendar-month-mobile-events__day-marker\">\n\t<time\n\t\tclass=\"tribe-events-c-day-marker__date tribe-common-h7 tribe-common-h--alt\"\n\t\tdatetime=\"2026-05-27\"\n\t>\n\t\t27 Maio\t<\/time>\n<\/div>\n\n\t\t\t\n\t\t\t\n<article  class=\"tribe-events-calendar-month-mobile-events__mobile-event post-150884 tribe_events type-tribe_events status-publish\" >\n\n\t\n\t<div class=\"tribe-events-calendar-month-mobile-events__mobile-event-details\">\n\n\t\t<div class=\"tribe-events-calendar-month-mobile-events__mobile-event-datetime tribe-common-b2\">\n\t\t\t\t<time datetime=\"2026-05-27\">\n\t\t\tTodo o dia\t\t<\/time>\n\t\t<\/div>\n\t\t<h3  class=\"tribe-events-calendar-month-mobile-events__mobile-event-title tribe-common-h7\" >\n\t<a\n\t\thref=\"https:\/\/www.cgfmanet.org\/pt-pt\/event\/suor-ruth-del-pilar-mora-incontra-le-missionarie-ad-gentes-che-terminano-il-corso-di-formazione-permanente-missionaria-a-roma-in-casa-generalizia\/\"\n\t\ttitle=\"Suor Ruth del Pilar Mora incontra le missionarie ad gentes che terminano il Corso di Formazione Permanente Missionaria a Roma, in Casa Generalizia.\"\n\t\trel=\"bookmark\"\n\t\tclass=\"tribe-events-calendar-month-mobile-events__mobile-event-title-link tribe-common-anchor\"\n\t>\n\t\tSuor Ruth del Pilar Mora incontra le missionarie ad gentes che terminano il Corso di Formazione Permanente Missionaria a Roma, in Casa Generalizia.\t<\/a>\n<\/h3>\n\t\t\n\t<\/div>\n<\/article>\n\n\t\t\t\t\t\n\t\t\t\n\t\t\t\n\t\t\t\n<article  class=\"tribe-events-calendar-month-mobile-events__mobile-event post-155311 tribe_events type-tribe_events status-publish tribe_events_cat-madre-geral tribe_events_cat-agenda-pt-pt cat_madre-geral cat_agenda-pt-pt\" >\n\n\t\n\t<div class=\"tribe-events-calendar-month-mobile-events__mobile-event-details\">\n\n\t\t<div class=\"tribe-events-calendar-month-mobile-events__mobile-event-datetime tribe-common-b2\">\n\t\t\t\t<time datetime=\"2026-05-28\">\n\t\t\tTodo o dia\t\t<\/time>\n\t\t<\/div>\n\t\t<h3  class=\"tribe-events-calendar-month-mobile-events__mobile-event-title tribe-common-h7\" >\n\t<a\n\t\thref=\"https:\/\/www.cgfmanet.org\/pt-pt\/event\/a-roma-in-casa-generalizia-la-madre-incontra-le-fma-partecipanti-a-conclusione-del-corso-di-formazione-permanente-missionaria\/\"\n\t\ttitle=\"A Roma in Casa generalizia la Madre incontra le FMA partecipanti a conclusione del Corso di Formazione Permanente Missionaria.\"\n\t\trel=\"bookmark\"\n\t\tclass=\"tribe-events-calendar-month-mobile-events__mobile-event-title-link tribe-common-anchor\"\n\t>\n\t\tA Roma in Casa generalizia la Madre incontra le FMA partecipanti a conclusione del Corso di Formazione Permanente Missionaria.\t<\/a>\n<\/h3>\n\t\t\n\t<\/div>\n<\/article>\n\n\t\t\n\t\t\n\t<\/div>\n\n\t\n\t\t\n<div  class=\"tribe-events-calendar-month-mobile-events__mobile-day\"  id=\"tribe-events-calendar-mobile-day-2026-05-29\">\n\n\t\n\t\t\t\t\t\n\t\t\t<div class=\"tribe-events-c-day-marker tribe-events-calendar-month-mobile-events__day-marker\">\n\t<time\n\t\tclass=\"tribe-events-c-day-marker__date tribe-common-h7 tribe-common-h--alt\"\n\t\tdatetime=\"2026-05-29\"\n\t>\n\t\t29 Maio\t<\/time>\n<\/div>\n\n\t\t\t\n\t\t\t\n<article  class=\"tribe-events-calendar-month-mobile-events__mobile-event post-150902 tribe_events type-tribe_events status-publish tribe_events_cat-agenda-pt-pt tribe_events_cat-conselheira-para-as-missoes cat_agenda-pt-pt cat_conselheira-para-as-missoes\" >\n\n\t\n\t<div class=\"tribe-events-calendar-month-mobile-events__mobile-event-details\">\n\n\t\t<div class=\"tribe-events-calendar-month-mobile-events__mobile-event-datetime tribe-common-b2\">\n\t\t\t\t<time datetime=\"2026-05-29\">\n\t\t\tTodo o dia\t\t<\/time>\n\t\t<\/div>\n\t\t<h3  class=\"tribe-events-calendar-month-mobile-events__mobile-event-title tribe-common-h7\" >\n\t<a\n\t\thref=\"https:\/\/www.cgfmanet.org\/pt-pt\/event\/conclusione-del-corso-di-formazione-permanente-missionaria-a-roma-casa-generalizia\/\"\n\t\ttitle=\"Conclusione del Corso di Formazione Permanente Missionaria a Roma, Casa Generalizia.\"\n\t\trel=\"bookmark\"\n\t\tclass=\"tribe-events-calendar-month-mobile-events__mobile-event-title-link tribe-common-anchor\"\n\t>\n\t\tConclusione del Corso di Formazione Permanente Missionaria a Roma, Casa Generalizia.\t<\/a>\n<\/h3>\n\t\t\n\t<\/div>\n<\/article>\n\n\t\t\n\t\t\n\t<\/div>\n\n\t\n\t\t\n<div  class=\"tribe-events-calendar-month-mobile-events__mobile-day\"  id=\"tribe-events-calendar-mobile-day-2026-05-30\">\n\n\t\n\t\t\t\t\t\n\t\t\t<div class=\"tribe-events-c-day-marker tribe-events-calendar-month-mobile-events__day-marker\">\n\t<time\n\t\tclass=\"tribe-events-c-day-marker__date tribe-common-h7 tribe-common-h--alt\"\n\t\tdatetime=\"2026-05-30\"\n\t>\n\t\t30 Maio\t<\/time>\n<\/div>\n\n\t\t\t\n\t\t\t\n<article  class=\"tribe-events-calendar-month-mobile-events__mobile-event post-153470 tribe_events type-tribe_events status-publish tribe_events_cat-agenda-pt-pt tribe_events_cat-ir-chantal-mukase tribe_events_cat-visitadora-pt-pt cat_agenda-pt-pt cat_ir-chantal-mukase cat_visitadora-pt-pt\" >\n\n\t\n\t<div class=\"tribe-events-calendar-month-mobile-events__mobile-event-details\">\n\n\t\t<div class=\"tribe-events-calendar-month-mobile-events__mobile-event-datetime tribe-common-b2\">\n\t\t\t\t<time datetime=\"2026-05-30\">\n\t\t\tTodo o dia\t\t<\/time>\n\t\t<\/div>\n\t\t<h3  class=\"tribe-events-calendar-month-mobile-events__mobile-event-title tribe-common-h7\" >\n\t<a\n\t\thref=\"https:\/\/www.cgfmanet.org\/pt-pt\/event\/suor-chantal-mukase-termina-la-visita-canonica-allispettoria-nostra-signora-dafrica-afc-dellafrica-centrale\/\"\n\t\ttitle=\"Suor Chantal Mukase termina la Visita Canonica all\u2019Ispettoria \u201cNostra Signora d\u2019Africa\u201d (AFC) dell\u2019Africa Centrale.\"\n\t\trel=\"bookmark\"\n\t\tclass=\"tribe-events-calendar-month-mobile-events__mobile-event-title-link tribe-common-anchor\"\n\t>\n\t\tSuor Chantal Mukase termina la Visita Canonica all\u2019Ispettoria \u201cNostra Signora d\u2019Africa\u201d (AFC) dell\u2019Africa Centrale.\t<\/a>\n<\/h3>\n\t\t\n\t<\/div>\n<\/article>\n\n\t\t\n\t\t\n\t<\/div>\n\n\t\n\t\t\n<div  class=\"tribe-events-calendar-month-mobile-events__mobile-day\"  id=\"tribe-events-calendar-mobile-day-2026-05-31\">\n\n\t\n\t\t\t\t\t\n\t\t\t<div class=\"tribe-events-c-day-marker tribe-events-calendar-month-mobile-events__day-marker\">\n\t<time\n\t\tclass=\"tribe-events-c-day-marker__date tribe-common-h7 tribe-common-h--alt\"\n\t\tdatetime=\"2026-05-31\"\n\t>\n\t\t31 Maio\t<\/time>\n<\/div>\n\n\t\t\t\n\t\t\t\n<article  class=\"tribe-events-calendar-month-mobile-events__mobile-event post-154083 tribe_events type-tribe_events status-publish tribe_events_cat-agenda-pt-pt tribe_events_cat-ir-paola-battagliola tribe_events_cat-visitadora-pt-pt cat_agenda-pt-pt cat_ir-paola-battagliola cat_visitadora-pt-pt\" >\n\n\t\n\t<div class=\"tribe-events-calendar-month-mobile-events__mobile-event-details\">\n\n\t\t<div class=\"tribe-events-calendar-month-mobile-events__mobile-event-datetime tribe-common-b2\">\n\t\t\t\t<time datetime=\"2026-05-31\">\n\t\t\tTodo o dia\t\t<\/time>\n\t\t<\/div>\n\t\t<h3  class=\"tribe-events-calendar-month-mobile-events__mobile-event-title tribe-common-h7\" >\n\t<a\n\t\thref=\"https:\/\/www.cgfmanet.org\/pt-pt\/event\/suor-paola-battagliola-termina-la-2a-parte-della-visita-canonica-allispettoria-lombarda-sacra-famiglia-ilo\/\"\n\t\ttitle=\"Suor Paola Battagliola termina la 2a parte della Visita canonica all&#8217;Ispettoria Lombarda &#8220;Sacra Famiglia&#8221; (ILO).\"\n\t\trel=\"bookmark\"\n\t\tclass=\"tribe-events-calendar-month-mobile-events__mobile-event-title-link tribe-common-anchor\"\n\t>\n\t\tSuor Paola Battagliola termina la 2a parte della Visita canonica all&#8217;Ispettoria Lombarda &#8220;Sacra Famiglia&#8221; (ILO).\t<\/a>\n<\/h3>\n\t\t\n\t<\/div>\n<\/article>\n\n\t\t\n\t\t\n\t<\/div>\n\n\t\n\t\n<\/section>\n\n\t\t\n\t\t<div class=\"tribe-common-b1 tribe-common-b2--min-medium tribe-events-widget-events-month__view-more\">\n\t<a\n\t\thref=\"https:\/\/www.cgfmanet.org\/pt-pt\/eventos\/\"\n\t\tclass=\"tribe-common-anchor-thin tribe-events-widget-events-month__view-more-link\"\n\t\ttitle=\"Ver mais eventos.\"\n\t>\n\t\tVer calend\u00e1rio\t<\/a>\n<\/div>\n\n\t<\/section>\n\n<\/div>\n\n<script data-js='tribe-events-view-nonce-data' type='application\/json'>{\"tvn1\":\"eeefd3cffb\",\"tvn2\":\"\"}<\/script>\n<\/div>\n<\/aside><div class=\"td_block_wrap td_block_15 td_block_widget tdi_15 td-pb-border-top td_block_template_1 td-column-1 td_block_padding\"  data-td-block-uid=\"tdi_15\" >\n<style>\n.td-theme-wrap .tdi_15 .td-pulldown-filter-link:hover,\r\n            .td-theme-wrap .tdi_15 .td-subcat-item a:hover,\r\n            .td-theme-wrap .tdi_15 .td-subcat-item .td-cur-simple-item {\r\n                color: #fc9727;\r\n            }\r\n\r\n            .td-theme-wrap .tdi_15 .block-title > *,\r\n            .td-theme-wrap .tdi_15 .td-subcat-dropdown:hover .td-subcat-more {\r\n                background-color: #fc9727;\r\n            }\r\n            .td-theme-wrap .td-footer-wrapper .tdi_15 .block-title > * {\r\n                padding: 6px 7px 5px;\r\n                line-height: 1;\r\n            }\r\n\r\n            .td-theme-wrap .tdi_15 .block-title {\r\n                border-color: #fc9727;\r\n            }\r\n\r\n            \r\n            .td-theme-wrap .tdi_15 .td_module_wrap:hover .entry-title a,\r\n            .td-theme-wrap .tdi_15 .td_quote_on_blocks,\r\n            .td-theme-wrap .tdi_15 .td-opacity-cat .td-post-category:hover,\r\n            .td-theme-wrap .tdi_15 .td-opacity-read .td-read-more a:hover,\r\n            .td-theme-wrap .tdi_15 .td-opacity-author .td-post-author-name a:hover,\r\n            .td-theme-wrap .tdi_15 .td-instagram-user a {\r\n                color: #fc9727;\r\n            }\r\n\r\n            .td-theme-wrap .tdi_15 .td-next-prev-wrap a:hover,\r\n            .td-theme-wrap .tdi_15 .td-load-more-wrap a:hover {\r\n                background-color: #fc9727;\r\n                border-color: #fc9727;\r\n            }\r\n\r\n            .td-theme-wrap .tdi_15 .td-read-more a,\r\n            .td-theme-wrap .tdi_15 .td-weather-information:before,\r\n            .td-theme-wrap .tdi_15 .td-weather-week:before,\r\n            .td-theme-wrap .tdi_15 .td-exchange-header:before,\r\n            .td-theme-wrap .td-footer-wrapper .tdi_15 .td-post-category,\r\n            .td-theme-wrap .tdi_15 .td-post-category:hover {\r\n                background-color: #fc9727;\r\n            }\n<\/style><script>var block_tdi_15 = new tdBlock();\nblock_tdi_15.id = \"tdi_15\";\nblock_tdi_15.atts = '{\"custom_title\":\"Artigos\",\"custom_url\":\"https:\\\/\\\/www.cgfmanet.org\\\/pt-pt\\\/tag\\\/conselheira-para-as-missoes\\\/\",\"block_template_id\":\"\",\"header_color\":\"#fc9727\",\"header_text_color\":\"#\",\"accent_text_color\":\"#\",\"mx4_tl\":\"\",\"limit\":\"6\",\"offset\":\"\",\"el_class\":\"\",\"post_ids\":\"\",\"category_id\":\"\",\"category_ids\":\"\",\"tag_slug\":\"conselheira-para-as-missoes\",\"autors_id\":\"\",\"installed_post_types\":\"\",\"sort\":\"\",\"td_ajax_filter_type\":\"\",\"td_ajax_filter_ids\":\"\",\"td_filter_default_txt\":\"All\",\"td_ajax_preloading\":\"\",\"ajax_pagination\":\"\",\"ajax_pagination_infinite_stop\":\"\",\"wpml_language\":\"pt-pt\",\"title\":false,\"class\":\"td_block_widget tdi_15\",\"block_type\":\"td_block_15\",\"separator\":\"\",\"taxonomies\":\"\",\"in_all_terms\":\"\",\"include_cf_posts\":\"\",\"exclude_cf_posts\":\"\",\"popular_by_date\":\"\",\"linked_posts\":\"\",\"favourite_only\":\"\",\"open_in_new_window\":\"\",\"show_modified_date\":\"\",\"time_ago\":\"\",\"time_ago_add_txt\":\"ago\",\"time_ago_txt_pos\":\"\",\"review_source\":\"\",\"f_header_font_header\":\"\",\"f_header_font_title\":\"Block header\",\"f_header_font_settings\":\"\",\"f_header_font_family\":\"\",\"f_header_font_size\":\"\",\"f_header_font_line_height\":\"\",\"f_header_font_style\":\"\",\"f_header_font_weight\":\"\",\"f_header_font_transform\":\"\",\"f_header_font_spacing\":\"\",\"f_header_\":\"\",\"f_ajax_font_title\":\"Ajax categories\",\"f_ajax_font_settings\":\"\",\"f_ajax_font_family\":\"\",\"f_ajax_font_size\":\"\",\"f_ajax_font_line_height\":\"\",\"f_ajax_font_style\":\"\",\"f_ajax_font_weight\":\"\",\"f_ajax_font_transform\":\"\",\"f_ajax_font_spacing\":\"\",\"f_ajax_\":\"\",\"f_more_font_title\":\"Load more button\",\"f_more_font_settings\":\"\",\"f_more_font_family\":\"\",\"f_more_font_size\":\"\",\"f_more_font_line_height\":\"\",\"f_more_font_style\":\"\",\"f_more_font_weight\":\"\",\"f_more_font_transform\":\"\",\"f_more_font_spacing\":\"\",\"f_more_\":\"\",\"mx4f_title_font_header\":\"\",\"mx4f_title_font_title\":\"Article title\",\"mx4f_title_font_settings\":\"\",\"mx4f_title_font_family\":\"\",\"mx4f_title_font_size\":\"\",\"mx4f_title_font_line_height\":\"\",\"mx4f_title_font_style\":\"\",\"mx4f_title_font_weight\":\"\",\"mx4f_title_font_transform\":\"\",\"mx4f_title_font_spacing\":\"\",\"mx4f_title_\":\"\",\"mx4f_cat_font_title\":\"Article category tag\",\"mx4f_cat_font_settings\":\"\",\"mx4f_cat_font_family\":\"\",\"mx4f_cat_font_size\":\"\",\"mx4f_cat_font_line_height\":\"\",\"mx4f_cat_font_style\":\"\",\"mx4f_cat_font_weight\":\"\",\"mx4f_cat_font_transform\":\"\",\"mx4f_cat_font_spacing\":\"\",\"mx4f_cat_\":\"\",\"ajax_pagination_next_prev_swipe\":\"\",\"css\":\"\",\"tdc_css\":\"\",\"td_column_number\":1,\"color_preset\":\"\",\"border_top\":\"\",\"tdc_css_class\":\"tdi_15\",\"tdc_css_class_style\":\"tdi_15_rand_style\"}';\nblock_tdi_15.td_column_number = \"1\";\nblock_tdi_15.block_type = \"td_block_15\";\nblock_tdi_15.post_count = \"6\";\nblock_tdi_15.found_posts = \"58\";\nblock_tdi_15.header_color = \"#fc9727\";\nblock_tdi_15.ajax_pagination_infinite_stop = \"\";\nblock_tdi_15.max_num_pages = \"10\";\ntdBlocksArray.push(block_tdi_15);\n<\/script><div class=\"td-block-title-wrap\"><h4 class=\"block-title td-block-title\"><a href=\"https:\/\/www.cgfmanet.org\/pt-pt\/tag\/conselheira-para-as-missoes\/\" class=\"td-pulldown-size\">Artigos<\/a><\/h4><\/div><div id=tdi_15 class=\"td_block_inner td-column-1\"><div class=\"td-cust-row\">\n\n\t<div class=\"td-block-span12\">\n\r\n        <div class=\"td_module_mx4 td_module_wrap td-animation-stack\">\r\n            <div class=\"td-module-image\">\r\n                <div class=\"td-module-thumb\"><a href=\"https:\/\/www.cgfmanet.org\/pt-pt\/ifma-pt-pt\/4o-encontro-da-peregrinacao-online-pem-a-forca-contagiante-da-comunidade\/\"  rel=\"bookmark\" class=\"td-image-wrap \" title=\"4\u00ba encontro da Peregrina\u00e7\u00e3o online PEM: A for\u00e7a contagiante da comunidade\" ><img decoding=\"async\" width=\"218\" height=\"150\" class=\"entry-thumb lazyload\" data-src=\"https:\/\/www.cgfmanet.org\/wp-content\/uploads\/2026\/04\/PEM-4\u00b0-incontro-218x150.jpg\"  data-srcset=\"https:\/\/www.cgfmanet.org\/wp-content\/uploads\/2026\/04\/PEM-4\u00b0-incontro-218x150.jpg 218w, https:\/\/www.cgfmanet.org\/wp-content\/uploads\/2026\/04\/PEM-4\u00b0-incontro-100x70.jpg 100w\" data-sizes=\"auto\"  alt=\"\" title=\"4\u00ba encontro da Peregrina\u00e7\u00e3o online PEM: A for\u00e7a contagiante da comunidade\" src=\"data:image\/svg+xml;base64,PHN2ZyB3aWR0aD0iMSIgaGVpZ2h0PSIxIiB4bWxucz0iaHR0cDovL3d3dy53My5vcmcvMjAwMC9zdmciPjwvc3ZnPg==\" style=\"--smush-placeholder-width: 218px; --smush-placeholder-aspect-ratio: 218\/150;\" data-original-sizes=\"(max-width: 218px) 100vw, 218px\" \/><\/a><\/div>                <a href=\"https:\/\/www.cgfmanet.org\/pt-pt\/categoria\/ifma-pt-pt\/150-missao-fma\/\" class=\"td-post-category\" >150 Miss\u00e3o FMA<\/a>            <\/div>\r\n\r\n            <h3 class=\"entry-title td-module-title\"><a href=\"https:\/\/www.cgfmanet.org\/pt-pt\/ifma-pt-pt\/4o-encontro-da-peregrinacao-online-pem-a-forca-contagiante-da-comunidade\/\"  rel=\"bookmark\" title=\"4\u00ba encontro da Peregrina\u00e7\u00e3o online PEM: A for\u00e7a contagiante da comunidade\">4\u00ba encontro da Peregrina\u00e7\u00e3o online PEM: A for\u00e7a contagiante da comunidade<\/a><\/h3>\r\n        <\/div>\r\n\r\n        \n\t<\/div> <!-- .\/td-block-span12 -->\n\n\t<div class=\"td-block-span12\">\n\r\n        <div class=\"td_module_mx4 td_module_wrap td-animation-stack\">\r\n            <div class=\"td-module-image\">\r\n                <div class=\"td-module-thumb\"><a href=\"https:\/\/www.cgfmanet.org\/pt-pt\/ifma-pt-pt\/3o-encontro-da-peregrinacao-online-pem-acesas-de-coragem\/\"  rel=\"bookmark\" class=\"td-image-wrap \" title=\"3\u00ba encontro da Peregrina\u00e7\u00e3o online PEM: Acesas de coragem\" ><img decoding=\"async\" width=\"218\" height=\"150\" class=\"entry-thumb lazyload\" data-src=\"https:\/\/www.cgfmanet.org\/wp-content\/uploads\/2026\/04\/3\u00b0-incontro-PEM-online-218x150.jpg\"  data-srcset=\"https:\/\/www.cgfmanet.org\/wp-content\/uploads\/2026\/04\/3\u00b0-incontro-PEM-online-218x150.jpg 218w, https:\/\/www.cgfmanet.org\/wp-content\/uploads\/2026\/04\/3\u00b0-incontro-PEM-online-100x70.jpg 100w\" data-sizes=\"auto\"  alt=\"\" title=\"3\u00ba encontro da Peregrina\u00e7\u00e3o online PEM: Acesas de coragem\" src=\"data:image\/svg+xml;base64,PHN2ZyB3aWR0aD0iMSIgaGVpZ2h0PSIxIiB4bWxucz0iaHR0cDovL3d3dy53My5vcmcvMjAwMC9zdmciPjwvc3ZnPg==\" style=\"--smush-placeholder-width: 218px; --smush-placeholder-aspect-ratio: 218\/150;\" data-original-sizes=\"(max-width: 218px) 100vw, 218px\" \/><\/a><\/div>                <a href=\"https:\/\/www.cgfmanet.org\/pt-pt\/categoria\/ifma-pt-pt\/150-missao-fma\/\" class=\"td-post-category\" >150 Miss\u00e3o FMA<\/a>            <\/div>\r\n\r\n            <h3 class=\"entry-title td-module-title\"><a href=\"https:\/\/www.cgfmanet.org\/pt-pt\/ifma-pt-pt\/3o-encontro-da-peregrinacao-online-pem-acesas-de-coragem\/\"  rel=\"bookmark\" title=\"3\u00ba encontro da Peregrina\u00e7\u00e3o online PEM: Acesas de coragem\">3\u00ba encontro da Peregrina\u00e7\u00e3o online PEM: Acesas de coragem<\/a><\/h3>\r\n        <\/div>\r\n\r\n        \n\t<\/div> <!-- .\/td-block-span12 --><\/div><div class=\"td-cust-row\">\n\n\t<div class=\"td-block-span12\">\n\r\n        <div class=\"td_module_mx4 td_module_wrap td-animation-stack\">\r\n            <div class=\"td-module-image\">\r\n                <div class=\"td-module-thumb\"><a href=\"https:\/\/www.cgfmanet.org\/pt-pt\/ifma-pt-pt\/encontro-do-ambito-das-fma-e-do-setor-dos-sdb-para-as-missoes\/\"  rel=\"bookmark\" class=\"td-image-wrap \" title=\"Encontro do \u00c2mbito das FMA e do Setor dos SDB para as Miss\u00f5es\" ><img decoding=\"async\" width=\"218\" height=\"150\" class=\"entry-thumb lazyload\" data-src=\"https:\/\/www.cgfmanet.org\/wp-content\/uploads\/2026\/01\/Ambito-e-Settore-Missioni-218x150.jpg\"  data-srcset=\"https:\/\/www.cgfmanet.org\/wp-content\/uploads\/2026\/01\/Ambito-e-Settore-Missioni-218x150.jpg 218w, https:\/\/www.cgfmanet.org\/wp-content\/uploads\/2026\/01\/Ambito-e-Settore-Missioni-100x70.jpg 100w\" data-sizes=\"auto\"  alt=\"\" title=\"Encontro do \u00c2mbito das FMA e do Setor dos SDB para as Miss\u00f5es\" src=\"data:image\/svg+xml;base64,PHN2ZyB3aWR0aD0iMSIgaGVpZ2h0PSIxIiB4bWxucz0iaHR0cDovL3d3dy53My5vcmcvMjAwMC9zdmciPjwvc3ZnPg==\" style=\"--smush-placeholder-width: 218px; --smush-placeholder-aspect-ratio: 218\/150;\" data-original-sizes=\"(max-width: 218px) 100vw, 218px\" \/><\/a><\/div>                <a href=\"https:\/\/www.cgfmanet.org\/pt-pt\/categoria\/ifma-pt-pt\/carisma-salesiano-pt\/\" class=\"td-post-category\" >Carisma Salesiano<\/a>            <\/div>\r\n\r\n            <h3 class=\"entry-title td-module-title\"><a href=\"https:\/\/www.cgfmanet.org\/pt-pt\/ifma-pt-pt\/encontro-do-ambito-das-fma-e-do-setor-dos-sdb-para-as-missoes\/\"  rel=\"bookmark\" title=\"Encontro do \u00c2mbito das FMA e do Setor dos SDB para as Miss\u00f5es\">Encontro do \u00c2mbito das FMA e do Setor dos SDB para...<\/a><\/h3>\r\n        <\/div>\r\n\r\n        \n\t<\/div> <!-- .\/td-block-span12 -->\n\n\t<div class=\"td-block-span12\">\n\r\n        <div class=\"td_module_mx4 td_module_wrap td-animation-stack\">\r\n            <div class=\"td-module-image\">\r\n                <div class=\"td-module-thumb\"><a href=\"https:\/\/www.cgfmanet.org\/pt-pt\/ifma-pt-pt\/peregrinacao-pem-online-2026\/\"  rel=\"bookmark\" class=\"td-image-wrap \" title=\"Peregrina\u00e7\u00e3o PEM Online 2026\" ><img decoding=\"async\" width=\"218\" height=\"150\" class=\"entry-thumb lazyload\" data-src=\"https:\/\/www.cgfmanet.org\/wp-content\/uploads\/2026\/01\/PEM-2026_ok-218x150.jpg\"  data-srcset=\"https:\/\/www.cgfmanet.org\/wp-content\/uploads\/2026\/01\/PEM-2026_ok-218x150.jpg 218w, https:\/\/www.cgfmanet.org\/wp-content\/uploads\/2026\/01\/PEM-2026_ok-100x70.jpg 100w\" data-sizes=\"auto\"  alt=\"\" title=\"Peregrina\u00e7\u00e3o PEM Online 2026\" src=\"data:image\/svg+xml;base64,PHN2ZyB3aWR0aD0iMSIgaGVpZ2h0PSIxIiB4bWxucz0iaHR0cDovL3d3dy53My5vcmcvMjAwMC9zdmciPjwvc3ZnPg==\" style=\"--smush-placeholder-width: 218px; --smush-placeholder-aspect-ratio: 218\/150;\" data-original-sizes=\"(max-width: 218px) 100vw, 218px\" \/><\/a><\/div>                <a href=\"https:\/\/www.cgfmanet.org\/pt-pt\/categoria\/ifma-pt-pt\/150-missao-fma\/\" class=\"td-post-category\" >150 Miss\u00e3o FMA<\/a>            <\/div>\r\n\r\n            <h3 class=\"entry-title td-module-title\"><a href=\"https:\/\/www.cgfmanet.org\/pt-pt\/ifma-pt-pt\/peregrinacao-pem-online-2026\/\"  rel=\"bookmark\" title=\"Peregrina\u00e7\u00e3o PEM Online 2026\">Peregrina\u00e7\u00e3o PEM Online 2026<\/a><\/h3>\r\n        <\/div>\r\n\r\n        \n\t<\/div> <!-- .\/td-block-span12 --><\/div><div class=\"td-cust-row\">\n\n\t<div class=\"td-block-span12\">\n\r\n        <div class=\"td_module_mx4 td_module_wrap td-animation-stack\">\r\n            <div class=\"td-module-image\">\r\n                <div class=\"td-module-thumb\"><a href=\"https:\/\/www.cgfmanet.org\/pt-pt\/ifma-pt-pt\/2o-encontro-das-quintas-feiras-salesianas-no-auxilium-2025-2026\/\"  rel=\"bookmark\" class=\"td-image-wrap \" title=\"2\u00ba encontro das Quintas-feiras Salesianas no Auxilium 2025\/2026\" ><img decoding=\"async\" width=\"218\" height=\"150\" class=\"entry-thumb lazyload\" data-src=\"https:\/\/www.cgfmanet.org\/wp-content\/uploads\/2025\/11\/2\u00b0-giovedi-Auxilium-2025_Ambito-Missioni-218x150.jpg\"  data-srcset=\"https:\/\/www.cgfmanet.org\/wp-content\/uploads\/2025\/11\/2\u00b0-giovedi-Auxilium-2025_Ambito-Missioni-218x150.jpg 218w, https:\/\/www.cgfmanet.org\/wp-content\/uploads\/2025\/11\/2\u00b0-giovedi-Auxilium-2025_Ambito-Missioni-100x70.jpg 100w\" data-sizes=\"auto\"  alt=\"\" title=\"2\u00ba encontro das Quintas-feiras Salesianas no Auxilium 2025\/2026\" src=\"data:image\/svg+xml;base64,PHN2ZyB3aWR0aD0iMSIgaGVpZ2h0PSIxIiB4bWxucz0iaHR0cDovL3d3dy53My5vcmcvMjAwMC9zdmciPjwvc3ZnPg==\" style=\"--smush-placeholder-width: 218px; --smush-placeholder-aspect-ratio: 218\/150;\" data-original-sizes=\"(max-width: 218px) 100vw, 218px\" \/><\/a><\/div>                <a href=\"https:\/\/www.cgfmanet.org\/pt-pt\/categoria\/ifma-pt-pt\/150-missao-fma\/\" class=\"td-post-category\" >150 Miss\u00e3o FMA<\/a>            <\/div>\r\n\r\n            <h3 class=\"entry-title td-module-title\"><a href=\"https:\/\/www.cgfmanet.org\/pt-pt\/ifma-pt-pt\/2o-encontro-das-quintas-feiras-salesianas-no-auxilium-2025-2026\/\"  rel=\"bookmark\" title=\"2\u00ba encontro das Quintas-feiras Salesianas no Auxilium 2025\/2026\">2\u00ba encontro das Quintas-feiras Salesianas no Auxilium 2025\/2026<\/a><\/h3>\r\n        <\/div>\r\n\r\n        \n\t<\/div> <!-- .\/td-block-span12 -->\n\n\t<div class=\"td-block-span12\">\n\r\n        <div class=\"td_module_mx4 td_module_wrap td-animation-stack\">\r\n            <div class=\"td-module-image\">\r\n                <div class=\"td-module-thumb\"><a href=\"https:\/\/www.cgfmanet.org\/pt-pt\/ifma-pt-pt\/a-missao-de-dom-bosco-continua-em-genova\/\"  rel=\"bookmark\" class=\"td-image-wrap \" title=\"A miss\u00e3o de Dom Bosco continua em G\u00eanova\" ><img decoding=\"async\" width=\"218\" height=\"150\" class=\"entry-thumb lazyload\" data-src=\"https:\/\/www.cgfmanet.org\/wp-content\/uploads\/2025\/11\/Inaugurazione-Museo-Missionario-Genova-218x150.jpg\"  data-srcset=\"https:\/\/www.cgfmanet.org\/wp-content\/uploads\/2025\/11\/Inaugurazione-Museo-Missionario-Genova-218x150.jpg 218w, https:\/\/www.cgfmanet.org\/wp-content\/uploads\/2025\/11\/Inaugurazione-Museo-Missionario-Genova-100x70.jpg 100w\" data-sizes=\"auto\"  alt=\"\" title=\"A miss\u00e3o de Dom Bosco continua em G\u00eanova\" src=\"data:image\/svg+xml;base64,PHN2ZyB3aWR0aD0iMSIgaGVpZ2h0PSIxIiB4bWxucz0iaHR0cDovL3d3dy53My5vcmcvMjAwMC9zdmciPjwvc3ZnPg==\" style=\"--smush-placeholder-width: 218px; --smush-placeholder-aspect-ratio: 218\/150;\" data-original-sizes=\"(max-width: 218px) 100vw, 218px\" \/><\/a><\/div>                <a href=\"https:\/\/www.cgfmanet.org\/pt-pt\/categoria\/ifma-pt-pt\/150-missao-fma\/\" class=\"td-post-category\" >150 Miss\u00e3o FMA<\/a>            <\/div>\r\n\r\n            <h3 class=\"entry-title td-module-title\"><a href=\"https:\/\/www.cgfmanet.org\/pt-pt\/ifma-pt-pt\/a-missao-de-dom-bosco-continua-em-genova\/\"  rel=\"bookmark\" title=\"A miss\u00e3o de Dom Bosco continua em G\u00eanova\">A miss\u00e3o de Dom Bosco continua em G\u00eanova<\/a><\/h3>\r\n        <\/div>\r\n\r\n        \n\t<\/div> <!-- .\/td-block-span12 --><\/div><\/div><\/div> <!-- .\/block --><div class=\"clearfix\"><\/div><\/div><\/div><\/div><\/div><\/div><\/div>","protected":false},"excerpt":{"rendered":"","protected":false},"author":45,"featured_media":0,"parent":0,"menu_order":0,"comment_status":"closed","ping_status":"closed","template":"page-pagebuilder-title.php","meta":{"footnotes":""},"class_list":["post-3313","page","type-page","status-publish","cat_agenda-pt-pt","cat_ir-paola-battagliola","cat_visitadora-pt-pt"],"yoast_head":"<!-- This site is optimized with the Yoast SEO plugin v27.4 - https:\/\/yoast.com\/product\/yoast-seo-wordpress\/ -->\n<title>Conselheira para as Miss\u00f5es &#8226; Istituto Figlie di Maria Ausiliatrice<\/title>\n<meta name=\"robots\" content=\"index, follow, max-snippet:-1, max-image-preview:large, max-video-preview:-1\" \/>\n<link rel=\"canonical\" href=\"https:\/\/www.cgfmanet.org\/pt-pt\/conselheira-para-as-missoes\/\" \/>\n<meta property=\"og:locale\" content=\"pt_PT\" \/>\n<meta property=\"og:type\" content=\"article\" \/>\n<meta property=\"og:title\" content=\"Conselheira para as Miss\u00f5es &#8226; Istituto Figlie di Maria Ausiliatrice\" \/>\n<meta property=\"og:url\" content=\"https:\/\/www.cgfmanet.org\/pt-pt\/conselheira-para-as-missoes\/\" \/>\n<meta property=\"og:site_name\" content=\"Istituto Figlie di Maria Ausiliatrice\" \/>\n<meta property=\"article:publisher\" content=\"https:\/\/www.facebook.com\/salesian.sisters.of.don.bosco\/\" \/>\n<meta property=\"article:modified_time\" content=\"2021-10-14T19:15:30+00:00\" \/>\n<meta property=\"og:image\" content=\"https:\/\/www.cgfmanet.org\/wp-content\/uploads\/2021\/10\/Consigliera-Missioni.jpg\" \/>\n<meta name=\"twitter:card\" content=\"summary_large_image\" \/>\n<meta name=\"twitter:site\" content=\"@Cgfmanet_Org\" \/>\n<meta name=\"twitter:label1\" content=\"Tempo estimado de leitura\" \/>\n\t<meta name=\"twitter:data1\" content=\"4 minutos\" \/>\n<script type=\"application\/ld+json\" class=\"yoast-schema-graph\">{\"@context\":\"https:\\\/\\\/schema.org\",\"@graph\":[{\"@type\":\"WebPage\",\"@id\":\"https:\\\/\\\/www.cgfmanet.org\\\/pt-pt\\\/conselheira-para-as-missoes\\\/\",\"url\":\"https:\\\/\\\/www.cgfmanet.org\\\/pt-pt\\\/conselheira-para-as-missoes\\\/\",\"name\":\"Conselheira para as Miss\u00f5es &#8226; Istituto Figlie di Maria Ausiliatrice\",\"isPartOf\":{\"@id\":\"https:\\\/\\\/www.cgfmanet.org\\\/es\\\/#website\"},\"primaryImageOfPage\":{\"@id\":\"https:\\\/\\\/www.cgfmanet.org\\\/pt-pt\\\/conselheira-para-as-missoes\\\/#primaryimage\"},\"image\":{\"@id\":\"https:\\\/\\\/www.cgfmanet.org\\\/pt-pt\\\/conselheira-para-as-missoes\\\/#primaryimage\"},\"thumbnailUrl\":\"https:\\\/\\\/www.cgfmanet.org\\\/wp-content\\\/uploads\\\/2021\\\/10\\\/Consigliera-Missioni.jpg\",\"datePublished\":\"2019-03-12T15:34:20+00:00\",\"dateModified\":\"2021-10-14T19:15:30+00:00\",\"breadcrumb\":{\"@id\":\"https:\\\/\\\/www.cgfmanet.org\\\/pt-pt\\\/conselheira-para-as-missoes\\\/#breadcrumb\"},\"inLanguage\":\"pt-PT\",\"potentialAction\":[{\"@type\":\"ReadAction\",\"target\":[\"https:\\\/\\\/www.cgfmanet.org\\\/pt-pt\\\/conselheira-para-as-missoes\\\/\"]}]},{\"@type\":\"ImageObject\",\"inLanguage\":\"pt-PT\",\"@id\":\"https:\\\/\\\/www.cgfmanet.org\\\/pt-pt\\\/conselheira-para-as-missoes\\\/#primaryimage\",\"url\":\"https:\\\/\\\/www.cgfmanet.org\\\/wp-content\\\/uploads\\\/2021\\\/10\\\/Consigliera-Missioni.jpg\",\"contentUrl\":\"https:\\\/\\\/www.cgfmanet.org\\\/wp-content\\\/uploads\\\/2021\\\/10\\\/Consigliera-Missioni.jpg\"},{\"@type\":\"BreadcrumbList\",\"@id\":\"https:\\\/\\\/www.cgfmanet.org\\\/pt-pt\\\/conselheira-para-as-missoes\\\/#breadcrumb\",\"itemListElement\":[{\"@type\":\"ListItem\",\"position\":1,\"name\":\"Home\",\"item\":\"https:\\\/\\\/www.cgfmanet.org\\\/pt-pt\\\/\"},{\"@type\":\"ListItem\",\"position\":2,\"name\":\"Conselheira para as Miss\u00f5es\"}]},{\"@type\":\"WebSite\",\"@id\":\"https:\\\/\\\/www.cgfmanet.org\\\/es\\\/#website\",\"url\":\"https:\\\/\\\/www.cgfmanet.org\\\/es\\\/\",\"name\":\"Istituto Figlie di Maria Ausiliatrice\",\"description\":\"Salesiane di Don Bosco\",\"publisher\":{\"@id\":\"https:\\\/\\\/www.cgfmanet.org\\\/es\\\/#organization\"},\"potentialAction\":[{\"@type\":\"SearchAction\",\"target\":{\"@type\":\"EntryPoint\",\"urlTemplate\":\"https:\\\/\\\/www.cgfmanet.org\\\/es\\\/?s={search_term_string}\"},\"query-input\":{\"@type\":\"PropertyValueSpecification\",\"valueRequired\":true,\"valueName\":\"search_term_string\"}}],\"inLanguage\":\"pt-PT\"},{\"@type\":\"Organization\",\"@id\":\"https:\\\/\\\/www.cgfmanet.org\\\/es\\\/#organization\",\"name\":\"Istituto Figlie di Maria Ausiliatrice\",\"url\":\"https:\\\/\\\/www.cgfmanet.org\\\/es\\\/\",\"logo\":{\"@type\":\"ImageObject\",\"inLanguage\":\"pt-PT\",\"@id\":\"https:\\\/\\\/www.cgfmanet.org\\\/es\\\/#\\\/schema\\\/logo\\\/image\\\/\",\"url\":\"https:\\\/\\\/www.cgfmanet.org\\\/wp-content\\\/uploads\\\/2018\\\/10\\\/logo-fma.png\",\"contentUrl\":\"https:\\\/\\\/www.cgfmanet.org\\\/wp-content\\\/uploads\\\/2018\\\/10\\\/logo-fma.png\",\"width\":214,\"height\":55,\"caption\":\"Istituto Figlie di Maria Ausiliatrice\"},\"image\":{\"@id\":\"https:\\\/\\\/www.cgfmanet.org\\\/es\\\/#\\\/schema\\\/logo\\\/image\\\/\"},\"sameAs\":[\"https:\\\/\\\/www.facebook.com\\\/salesian.sisters.of.don.bosco\\\/\",\"https:\\\/\\\/x.com\\\/Cgfmanet_Org\",\"https:\\\/\\\/www.youtube.com\\\/channel\\\/UCmcr8yFQBV7JXeXVxyV9y5Q\"]},{\"@type\":\"Event\",\"name\":\"Suor Ena Bola\u00f1os e le collaboratrici dell\u2019Ambito incontrano le Econome ispettoriali del mondo per la formazione online.\",\"description\":\"\",\"url\":\"https:\\\/\\\/www.cgfmanet.org\\\/pt-pt\\\/event\\\/suor-ena-bolanos-e-le-collaboratrici-dellambito-incontrano-le-econome-ispettoriali-del-mondo-per-la-formazione-online-11\\\/\",\"eventAttendanceMode\":\"https:\\\/\\\/schema.org\\\/OfflineEventAttendanceMode\",\"eventStatus\":\"https:\\\/\\\/schema.org\\\/EventScheduled\",\"startDate\":\"2026-04-27T00:00:00+02:00\",\"endDate\":\"2026-04-28T23:59:59+02:00\",\"@id\":\"https:\\\/\\\/www.cgfmanet.org\\\/pt-pt\\\/event\\\/suor-ena-bolanos-e-le-collaboratrici-dellambito-incontrano-le-econome-ispettoriali-del-mondo-per-la-formazione-online-11\\\/#event\"},{\"@type\":\"Event\",\"name\":\"Suor Paola Battagliola riprende la 2a parte della Visita canonica all&#8217;Ispettoria Lombarda &#8220;Sacra Famiglia&#8221; (ILO).\",\"description\":\"\",\"url\":\"https:\\\/\\\/www.cgfmanet.org\\\/pt-pt\\\/event\\\/suor-paola-battagliola-riprende-la-2a-parte-della-visita-canonica-allispettoria-lombarda-sacra-famiglia-ilo\\\/\",\"eventAttendanceMode\":\"https:\\\/\\\/schema.org\\\/OfflineEventAttendanceMode\",\"eventStatus\":\"https:\\\/\\\/schema.org\\\/EventScheduled\",\"startDate\":\"2026-05-01T00:00:00+02:00\",\"endDate\":\"2026-05-01T23:59:59+02:00\",\"@id\":\"https:\\\/\\\/www.cgfmanet.org\\\/pt-pt\\\/event\\\/suor-paola-battagliola-riprende-la-2a-parte-della-visita-canonica-allispettoria-lombarda-sacra-famiglia-ilo\\\/#event\"},{\"@type\":\"Event\",\"name\":\"Suor Maria Luisa Nicastro, con le collaboratrici della Segreteria generale, guida la visita all&#8217;Archivio Generale dell&#8217;Istituto e alla Mostra del Carisma delle Studentesse del Corso di Spiritualit\u00e0 di Casa Canta.\",\"description\":\"\",\"url\":\"https:\\\/\\\/www.cgfmanet.org\\\/pt-pt\\\/event\\\/suor-maria-luisa-nicastro-con-le-collaboratrici-della-segreteria-generale-guida-la-visita-allarchivio-generale-dellistituto-e-alla-mostra-del-carisma-delle-studentesse-del-corso-di-spiritualita\\\/\",\"eventAttendanceMode\":\"https:\\\/\\\/schema.org\\\/OfflineEventAttendanceMode\",\"eventStatus\":\"https:\\\/\\\/schema.org\\\/EventScheduled\",\"startDate\":\"2026-05-02T00:00:00+02:00\",\"endDate\":\"2026-05-02T23:59:59+02:00\",\"@id\":\"https:\\\/\\\/www.cgfmanet.org\\\/pt-pt\\\/event\\\/suor-maria-luisa-nicastro-con-le-collaboratrici-della-segreteria-generale-guida-la-visita-allarchivio-generale-dellistituto-e-alla-mostra-del-carisma-delle-studentesse-del-corso-di-spiritualita\\\/#event\"},{\"@type\":\"Event\",\"name\":\"Suor Leslie S\u00e1ndigo e le collaboratrici dell\u2019Ambito incontrano online le Delegate e animatrici delle Associazioni: Exallieve\\\/i delle FMA, Salesiani Cooperatori e ADMA.\",\"description\":\"\",\"url\":\"https:\\\/\\\/www.cgfmanet.org\\\/pt-pt\\\/event\\\/suor-leslie-sandigo-e-le-collaboratrici-dellambito-incontrano-online-le-delegate-e-animatrici-delle-associazioni-exallieve-i-delle-fma-salesiani-cooperatori-e-adma\\\/\",\"eventAttendanceMode\":\"https:\\\/\\\/schema.org\\\/OfflineEventAttendanceMode\",\"eventStatus\":\"https:\\\/\\\/schema.org\\\/EventScheduled\",\"startDate\":\"2026-05-03T00:00:00+02:00\",\"endDate\":\"2026-05-03T23:59:59+02:00\",\"@id\":\"https:\\\/\\\/www.cgfmanet.org\\\/pt-pt\\\/event\\\/suor-leslie-sandigo-e-le-collaboratrici-dellambito-incontrano-online-le-delegate-e-animatrici-delle-associazioni-exallieve-i-delle-fma-salesiani-cooperatori-e-adma\\\/#event\"},{\"@type\":\"Event\",\"name\":\"Suor Mar\u00eda del Rosario Garc\u00eda Ribas termina la Visita canonica all\u2019Ispettoria \u201cSan Giuseppe&#8221; (ANT) delle Antille.\",\"description\":\"\",\"url\":\"https:\\\/\\\/www.cgfmanet.org\\\/pt-pt\\\/event\\\/suor-maria-del-rosario-garcia-ribas-termina-la-visita-canonica-allispettoria-san-giuseppe-ant-delle-antille\\\/\",\"eventAttendanceMode\":\"https:\\\/\\\/schema.org\\\/OfflineEventAttendanceMode\",\"eventStatus\":\"https:\\\/\\\/schema.org\\\/EventScheduled\",\"startDate\":\"2026-05-04T00:00:00+02:00\",\"endDate\":\"2026-05-04T23:59:59+02:00\",\"@id\":\"https:\\\/\\\/www.cgfmanet.org\\\/pt-pt\\\/event\\\/suor-maria-del-rosario-garcia-ribas-termina-la-visita-canonica-allispettoria-san-giuseppe-ant-delle-antille\\\/#event\"},{\"@type\":\"Event\",\"name\":\"Inizio del Corso di Formazione Permanente Missionaria a Roma, Casa Generalizia.\",\"description\":\"\",\"url\":\"https:\\\/\\\/www.cgfmanet.org\\\/pt-pt\\\/event\\\/inizio-del-corso-di-formazione-permanente-missionaria-a-roma-casa-generalizia-2\\\/\",\"eventAttendanceMode\":\"https:\\\/\\\/schema.org\\\/OfflineEventAttendanceMode\",\"eventStatus\":\"https:\\\/\\\/schema.org\\\/EventScheduled\",\"startDate\":\"2026-05-04T00:00:00+02:00\",\"endDate\":\"2026-05-04T23:59:59+02:00\",\"@id\":\"https:\\\/\\\/www.cgfmanet.org\\\/pt-pt\\\/event\\\/inizio-del-corso-di-formazione-permanente-missionaria-a-roma-casa-generalizia-2\\\/#event\"},{\"@type\":\"Event\",\"name\":\"Suor Leslie S\u00e1ndigo termina la 2a parte della visita canonica all\u2019Ispettoria \u201cLaura Vicu\u00f1a\u201d (ARG) dell\u2019Argentina.\",\"description\":\"\",\"url\":\"https:\\\/\\\/www.cgfmanet.org\\\/pt-pt\\\/event\\\/suor-leslie-sandigo-termina-la-2a-parte-della-visita-canonica-allispettoria-laura-vicuna-arg-dellargentina\\\/\",\"eventAttendanceMode\":\"https:\\\/\\\/schema.org\\\/OfflineEventAttendanceMode\",\"eventStatus\":\"https:\\\/\\\/schema.org\\\/EventScheduled\",\"startDate\":\"2026-05-04T00:00:00+02:00\",\"endDate\":\"2026-05-04T23:59:59+02:00\",\"@id\":\"https:\\\/\\\/www.cgfmanet.org\\\/pt-pt\\\/event\\\/suor-leslie-sandigo-termina-la-2a-parte-della-visita-canonica-allispettoria-laura-vicuna-arg-dellargentina\\\/#event\"},{\"@type\":\"Event\",\"name\":\"La Madre d\u00e0 la Buonanotte al gruppo del \u201cProgetto Mornese\u201d di lingua inglese. A Roma presso la Casa FMA \u201cSacro Cuore\u201d (IRO).\",\"description\":\"\",\"url\":\"https:\\\/\\\/www.cgfmanet.org\\\/pt-pt\\\/event\\\/la-madre-da-la-buonanotte-al-gruppo-del-progetto-mornese-di-lingua-inglese-a-roma-presso-la-casa-fma-sacro-cuore-iro\\\/\",\"eventAttendanceMode\":\"https:\\\/\\\/schema.org\\\/OfflineEventAttendanceMode\",\"eventStatus\":\"https:\\\/\\\/schema.org\\\/EventScheduled\",\"startDate\":\"2026-05-04T00:00:00+02:00\",\"endDate\":\"2026-05-04T23:59:59+02:00\",\"@id\":\"https:\\\/\\\/www.cgfmanet.org\\\/pt-pt\\\/event\\\/la-madre-da-la-buonanotte-al-gruppo-del-progetto-mornese-di-lingua-inglese-a-roma-presso-la-casa-fma-sacro-cuore-iro\\\/#event\"},{\"@type\":\"Event\",\"name\":\"La Madre incontra il Consiglio Accademico della Pontificia Facolt\u00e0 di Scienze dell\u2019Educazione \u201cAuxilium\u201d anche con la presenza della Superiora di Visitatoria (RMC), suor Jessica Salva\u00f1a Togonon. A Roma in Casa generalizia.\",\"description\":\"\",\"url\":\"https:\\\/\\\/www.cgfmanet.org\\\/pt-pt\\\/event\\\/la-madre-incontra-il-consiglio-accademico-della-pontificia-facolta-di-scienze-delleducazione-auxilium-anche-con-la-presenza-della-superiora-di-visitatoria-rmc-suor-jessic\\\/\",\"eventAttendanceMode\":\"https:\\\/\\\/schema.org\\\/OfflineEventAttendanceMode\",\"eventStatus\":\"https:\\\/\\\/schema.org\\\/EventScheduled\",\"startDate\":\"2026-05-05T00:00:00+02:00\",\"endDate\":\"2026-05-05T23:59:59+02:00\",\"@id\":\"https:\\\/\\\/www.cgfmanet.org\\\/pt-pt\\\/event\\\/la-madre-incontra-il-consiglio-accademico-della-pontificia-facolta-di-scienze-delleducazione-auxilium-anche-con-la-presenza-della-superiora-di-visitatoria-rmc-suor-jessic\\\/#event\"},{\"@type\":\"Event\",\"name\":\"La Madre incontra le FMA partecipanti al Corso di Formazione Permanente Missionaria. A Roma, Casa generalizia.\",\"description\":\"\",\"url\":\"https:\\\/\\\/www.cgfmanet.org\\\/pt-pt\\\/event\\\/la-madre-incontra-le-fma-partecipanti-al-corso-di-formazione-permanente-missionaria-a-roma-casa-generalizia\\\/\",\"eventAttendanceMode\":\"https:\\\/\\\/schema.org\\\/OfflineEventAttendanceMode\",\"eventStatus\":\"https:\\\/\\\/schema.org\\\/EventScheduled\",\"startDate\":\"2026-05-06T00:00:00+02:00\",\"endDate\":\"2026-05-06T23:59:59+02:00\",\"@id\":\"https:\\\/\\\/www.cgfmanet.org\\\/pt-pt\\\/event\\\/la-madre-incontra-le-fma-partecipanti-al-corso-di-formazione-permanente-missionaria-a-roma-casa-generalizia\\\/#event\"},{\"@type\":\"Event\",\"name\":\"Suor Leslie S\u00e1ndigo partecipa al Congresso Mondiale dei Salesiani Cooperatori a Roma, Fraterna Domus.\",\"description\":\"\",\"url\":\"https:\\\/\\\/www.cgfmanet.org\\\/pt-pt\\\/event\\\/suor-leslie-sandigo-partecipa-al-congresso-mondiale-dei-salesiani-cooperatori-a-roma-fraterna-domus\\\/\",\"eventAttendanceMode\":\"https:\\\/\\\/schema.org\\\/OfflineEventAttendanceMode\",\"eventStatus\":\"https:\\\/\\\/schema.org\\\/EventScheduled\",\"startDate\":\"2026-05-07T00:00:00+02:00\",\"endDate\":\"2026-05-10T23:59:59+02:00\",\"@id\":\"https:\\\/\\\/www.cgfmanet.org\\\/pt-pt\\\/event\\\/suor-leslie-sandigo-partecipa-al-congresso-mondiale-dei-salesiani-cooperatori-a-roma-fraterna-domus\\\/#event\"},{\"@type\":\"Event\",\"name\":\"La Madre partecipa e interviene al VI Congresso Mondiale dei Salesiani Cooperatori a Roma, presso la Fraterna Domus. Tema: \u201cEssere lievito per essere fecondi\u201d.\",\"description\":\"\",\"url\":\"https:\\\/\\\/www.cgfmanet.org\\\/pt-pt\\\/event\\\/la-madre-partecipa-e-interviene-al-vi-congresso-mondiale-dei-salesiani-cooperatori-a-roma-presso-la-fraterna-domus-tema-essere-lievito-per-essere-fecondi\\\/\",\"eventAttendanceMode\":\"https:\\\/\\\/schema.org\\\/OfflineEventAttendanceMode\",\"eventStatus\":\"https:\\\/\\\/schema.org\\\/EventScheduled\",\"startDate\":\"2026-05-07T00:00:00+02:00\",\"endDate\":\"2026-05-10T23:59:59+02:00\",\"@id\":\"https:\\\/\\\/www.cgfmanet.org\\\/pt-pt\\\/event\\\/la-madre-partecipa-e-interviene-al-vi-congresso-mondiale-dei-salesiani-cooperatori-a-roma-presso-la-fraterna-domus-tema-essere-lievito-per-essere-fecondi\\\/#event\"},{\"@type\":\"Event\",\"name\":\"La Madre partecipa alle Celebrazione del Centenario della presenza delle FMA dell\u2019Ispettoria \u201cNostra Signora d\u2019Africa\u201d (AFC). A Lubumbashi, Repubblica Democratica del Congo.\",\"description\":\"\",\"url\":\"https:\\\/\\\/www.cgfmanet.org\\\/pt-pt\\\/event\\\/la-madre-partecipa-alle-celebrazione-del-centenario-della-presenza-delle-fma-dellispettoria-nostra-signora-dafrica-afc-a-lubumbashi-repubblica-democratica-del-c\\\/\",\"eventAttendanceMode\":\"https:\\\/\\\/schema.org\\\/OfflineEventAttendanceMode\",\"eventStatus\":\"https:\\\/\\\/schema.org\\\/EventScheduled\",\"startDate\":\"2026-05-08T00:00:00+02:00\",\"endDate\":\"2026-05-19T23:59:59+02:00\",\"@id\":\"https:\\\/\\\/www.cgfmanet.org\\\/pt-pt\\\/event\\\/la-madre-partecipa-alle-celebrazione-del-centenario-della-presenza-delle-fma-dellispettoria-nostra-signora-dafrica-afc-a-lubumbashi-repubblica-democratica-del-c\\\/#event\"},{\"@type\":\"Event\",\"name\":\"Suor Runita Borja, con le collaboratrici dell\u2019Ambito PG, incontra le FMA partecipanti del Corso di Formazione Permanente Missionaria. A Roma, Casa generalizia.\",\"description\":\"\",\"url\":\"https:\\\/\\\/www.cgfmanet.org\\\/pt-pt\\\/event\\\/suor-runita-borja-con-le-collaboratrici-dellambito-pg-incontra-le-fma-partecipanti-del-corso-di-formazione-permanente-missionaria-a-roma-casa-generalizia\\\/\",\"eventAttendanceMode\":\"https:\\\/\\\/schema.org\\\/OfflineEventAttendanceMode\",\"eventStatus\":\"https:\\\/\\\/schema.org\\\/EventScheduled\",\"startDate\":\"2026-05-08T00:00:00+02:00\",\"endDate\":\"2026-05-08T23:59:59+02:00\",\"@id\":\"https:\\\/\\\/www.cgfmanet.org\\\/pt-pt\\\/event\\\/suor-runita-borja-con-le-collaboratrici-dellambito-pg-incontra-le-fma-partecipanti-del-corso-di-formazione-permanente-missionaria-a-roma-casa-generalizia\\\/#event\"},{\"@type\":\"Event\",\"name\":\"Suor Nilza F\u00e1tima de Moraes coordina il raduno online con le sorelle del gruppo di stesura del Progetto formativo.\",\"description\":\"\",\"url\":\"https:\\\/\\\/www.cgfmanet.org\\\/pt-pt\\\/event\\\/suor-nilza-fatima-de-moraes-coordina-il-raduno-online-con-le-sorelle-del-gruppo-di-stesura-del-progetto-formativo\\\/\",\"eventAttendanceMode\":\"https:\\\/\\\/schema.org\\\/OfflineEventAttendanceMode\",\"eventStatus\":\"https:\\\/\\\/schema.org\\\/EventScheduled\",\"startDate\":\"2026-05-09T00:00:00+02:00\",\"endDate\":\"2026-05-09T23:59:59+02:00\",\"@id\":\"https:\\\/\\\/www.cgfmanet.org\\\/pt-pt\\\/event\\\/suor-nilza-fatima-de-moraes-coordina-il-raduno-online-con-le-sorelle-del-gruppo-di-stesura-del-progetto-formativo\\\/#event\"},{\"@type\":\"Event\",\"name\":\"Esercizi Spirituali per le partecipanti al Corso di Formazione Permanente Missionaria e le neo missionarie, a Mornese.\",\"description\":\"\",\"url\":\"https:\\\/\\\/www.cgfmanet.org\\\/pt-pt\\\/event\\\/esercizi-spirituali-per-le-partecipanti-al-corso-di-formazione-permanente-missionaria-e-le-neo-missionarie-a-mornese-2\\\/\",\"eventAttendanceMode\":\"https:\\\/\\\/schema.org\\\/OfflineEventAttendanceMode\",\"eventStatus\":\"https:\\\/\\\/schema.org\\\/EventScheduled\",\"startDate\":\"2026-05-11T00:00:00+02:00\",\"endDate\":\"2026-05-18T23:59:59+02:00\",\"@id\":\"https:\\\/\\\/www.cgfmanet.org\\\/pt-pt\\\/event\\\/esercizi-spirituali-per-le-partecipanti-al-corso-di-formazione-permanente-missionaria-e-le-neo-missionarie-a-mornese-2\\\/#event\"},{\"@type\":\"Event\",\"name\":\"Suor Maria Assunta Sumiko Inoue termina la Visita canonica all&#8217;Ispettoria \u201cSanta Maria Domenica Mazzarello\u201d (TIN) di Timor-Indonesia.\",\"description\":\"\",\"url\":\"https:\\\/\\\/www.cgfmanet.org\\\/pt-pt\\\/event\\\/suor-maria-assunta-sumiko-inoue-termina-la-visita-canonica-allispettoria-santa-maria-domenica-mazzarello-tin-di-timor-indonesia\\\/\",\"eventAttendanceMode\":\"https:\\\/\\\/schema.org\\\/OfflineEventAttendanceMode\",\"eventStatus\":\"https:\\\/\\\/schema.org\\\/EventScheduled\",\"startDate\":\"2026-05-14T00:00:00+02:00\",\"endDate\":\"2026-05-14T23:59:59+02:00\",\"@id\":\"https:\\\/\\\/www.cgfmanet.org\\\/pt-pt\\\/event\\\/suor-maria-assunta-sumiko-inoue-termina-la-visita-canonica-allispettoria-santa-maria-domenica-mazzarello-tin-di-timor-indonesia\\\/#event\"},{\"@type\":\"Event\",\"name\":\"Suor Maria Assunta Sumiko Inoue fa una Visita breve all&#8217;Ispettoria \u201cSanta Maria Mazzarello\u201d (THA).\",\"description\":\"\",\"url\":\"https:\\\/\\\/www.cgfmanet.org\\\/pt-pt\\\/event\\\/suor-maria-assunta-sumiko-inoue-fa-una-visita-breve-allispettoria-santa-maria-mazzarello-tha\\\/\",\"eventAttendanceMode\":\"https:\\\/\\\/schema.org\\\/OfflineEventAttendanceMode\",\"eventStatus\":\"https:\\\/\\\/schema.org\\\/EventScheduled\",\"startDate\":\"2026-05-14T00:00:00+02:00\",\"endDate\":\"2026-05-26T23:59:59+02:00\",\"@id\":\"https:\\\/\\\/www.cgfmanet.org\\\/pt-pt\\\/event\\\/suor-maria-assunta-sumiko-inoue-fa-una-visita-breve-allispettoria-santa-maria-mazzarello-tha\\\/#event\"},{\"@type\":\"Event\",\"name\":\"Suor Runita Borja partecipa al Congresso degli Educatori della Conferenza interispettoriale CIAO sul tema \u201cIl Patto Educativo Globale nello stile salesiano\u201d. A Tokyo, in Giappone.\",\"description\":\"\",\"url\":\"https:\\\/\\\/www.cgfmanet.org\\\/pt-pt\\\/event\\\/suor-runita-borja-partecipa-al-congresso-degli-educatori-della-conferenza-interispettoriale-ciao-sul-tema-il-patto-educativo-globale-nello-stile-salesiano-a-tokyo-in-giappone\\\/\",\"eventAttendanceMode\":\"https:\\\/\\\/schema.org\\\/OfflineEventAttendanceMode\",\"eventStatus\":\"https:\\\/\\\/schema.org\\\/EventScheduled\",\"startDate\":\"2026-05-14T00:00:00+02:00\",\"endDate\":\"2026-05-19T23:59:59+02:00\",\"@id\":\"https:\\\/\\\/www.cgfmanet.org\\\/pt-pt\\\/event\\\/suor-runita-borja-partecipa-al-congresso-degli-educatori-della-conferenza-interispettoriale-ciao-sul-tema-il-patto-educativo-globale-nello-stile-salesiano-a-tokyo-in-giappone\\\/#event\"},{\"@type\":\"Event\",\"name\":\"Suor Leslie S\u00e1ndigo insieme alle collaboratrici dell\u2019Ambito presenta la Famiglia Salesiana alle studentesse del Corso di Spiritualit\u00e0 di Casa Madre Canta.\",\"description\":\"\",\"url\":\"https:\\\/\\\/www.cgfmanet.org\\\/pt-pt\\\/event\\\/suor-leslie-sandigo-insieme-alle-collaboratrici-dellambito-presenta-la-famiglia-salesiana-alle-studentesse-del-corso-di-spiritualita-di-casa-madre-canta\\\/\",\"eventAttendanceMode\":\"https:\\\/\\\/schema.org\\\/OfflineEventAttendanceMode\",\"eventStatus\":\"https:\\\/\\\/schema.org\\\/EventScheduled\",\"startDate\":\"2026-05-15T00:00:00+02:00\",\"endDate\":\"2026-05-15T23:59:59+02:00\",\"@id\":\"https:\\\/\\\/www.cgfmanet.org\\\/pt-pt\\\/event\\\/suor-leslie-sandigo-insieme-alle-collaboratrici-dellambito-presenta-la-famiglia-salesiana-alle-studentesse-del-corso-di-spiritualita-di-casa-madre-canta\\\/#event\"},{\"@type\":\"Event\",\"name\":\"Suor Celine Jacob termina la Visita Canonica all&#8217;Ispettoria &#8220;Maria Immacolata&#8221; (SUO) degli Stati Uniti.\",\"description\":\"\",\"url\":\"https:\\\/\\\/www.cgfmanet.org\\\/pt-pt\\\/event\\\/suor-celine-jacob-termina-la-visita-canonica-allispettoria-maria-immacolata-suo-degli-stati-uniti\\\/\",\"eventAttendanceMode\":\"https:\\\/\\\/schema.org\\\/OfflineEventAttendanceMode\",\"eventStatus\":\"https:\\\/\\\/schema.org\\\/EventScheduled\",\"startDate\":\"2026-05-18T00:00:00+02:00\",\"endDate\":\"2026-05-18T23:59:59+02:00\",\"@id\":\"https:\\\/\\\/www.cgfmanet.org\\\/pt-pt\\\/event\\\/suor-celine-jacob-termina-la-visita-canonica-allispettoria-maria-immacolata-suo-degli-stati-uniti\\\/#event\"},{\"@type\":\"Event\",\"name\":\"Suor Lidia Strzelczyk termina la 2a parte della Visita canonica all&#8217;Ispettoria Meridionale &#8220;Madonna del Buon Consiglio&#8221; (IMR).\",\"description\":\"\",\"url\":\"https:\\\/\\\/www.cgfmanet.org\\\/pt-pt\\\/event\\\/suor-lidia-strzelczyk-termina-la-2a-parte-della-visita-canonica-allispettoria-meridionale-madonna-del-buon-consiglio-imr\\\/\",\"eventAttendanceMode\":\"https:\\\/\\\/schema.org\\\/OfflineEventAttendanceMode\",\"eventStatus\":\"https:\\\/\\\/schema.org\\\/EventScheduled\",\"startDate\":\"2026-05-19T00:00:00+02:00\",\"endDate\":\"2026-05-19T23:59:59+02:00\",\"@id\":\"https:\\\/\\\/www.cgfmanet.org\\\/pt-pt\\\/event\\\/suor-lidia-strzelczyk-termina-la-2a-parte-della-visita-canonica-allispettoria-meridionale-madonna-del-buon-consiglio-imr\\\/#event\"},{\"@type\":\"Event\",\"name\":\"Suor Leslie S\u00e1ndigo e le Collaboratrici dell\u2019Ambito partecipano alla Consulta della Famiglia Salesiana a Valdocco, Torino.\",\"description\":\"\",\"url\":\"https:\\\/\\\/www.cgfmanet.org\\\/pt-pt\\\/event\\\/suor-leslie-sandigo-e-le-collaboratrici-dellambito-partecipano-alla-consulta-della-famiglia-salesiana-a-valdocco-torino-2\\\/\",\"eventAttendanceMode\":\"https:\\\/\\\/schema.org\\\/OfflineEventAttendanceMode\",\"eventStatus\":\"https:\\\/\\\/schema.org\\\/EventScheduled\",\"startDate\":\"2026-05-21T00:00:00+02:00\",\"endDate\":\"2026-05-23T23:59:59+02:00\",\"@id\":\"https:\\\/\\\/www.cgfmanet.org\\\/pt-pt\\\/event\\\/suor-leslie-sandigo-e-le-collaboratrici-dellambito-partecipano-alla-consulta-della-famiglia-salesiana-a-valdocco-torino-2\\\/#event\"},{\"@type\":\"Event\",\"name\":\"Suor Marta Riccioli termina la Visita canonica all\u2019Ispettoria &#8220;Nostra Signora di Chiquinquir\u00e1&#8221; (CBC).\",\"description\":\"\",\"url\":\"https:\\\/\\\/www.cgfmanet.org\\\/pt-pt\\\/event\\\/suor-marta-riccioli-termina-la-visita-canonica-allispettoria-nostra-signora-di-chiquinquira-cbc\\\/\",\"eventAttendanceMode\":\"https:\\\/\\\/schema.org\\\/OfflineEventAttendanceMode\",\"eventStatus\":\"https:\\\/\\\/schema.org\\\/EventScheduled\",\"startDate\":\"2026-05-22T00:00:00+02:00\",\"endDate\":\"2026-05-22T23:59:59+02:00\",\"@id\":\"https:\\\/\\\/www.cgfmanet.org\\\/pt-pt\\\/event\\\/suor-marta-riccioli-termina-la-visita-canonica-allispettoria-nostra-signora-di-chiquinquira-cbc\\\/#event\"},{\"@type\":\"Event\",\"name\":\"La Madre partecipa alla Consulta della Famiglia Salesiana sul tema della Strenna 2026. A Torino, Valdocco.\",\"description\":\"\",\"url\":\"https:\\\/\\\/www.cgfmanet.org\\\/pt-pt\\\/event\\\/la-madre-partecipa-alla-consulta-della-famiglia-salesiana-sul-tema-della-strenna-2026-a-torino-valdocco\\\/\",\"eventAttendanceMode\":\"https:\\\/\\\/schema.org\\\/OfflineEventAttendanceMode\",\"eventStatus\":\"https:\\\/\\\/schema.org\\\/EventScheduled\",\"startDate\":\"2026-05-22T00:00:00+02:00\",\"endDate\":\"2026-05-23T23:59:59+02:00\",\"@id\":\"https:\\\/\\\/www.cgfmanet.org\\\/pt-pt\\\/event\\\/la-madre-partecipa-alla-consulta-della-famiglia-salesiana-sul-tema-della-strenna-2026-a-torino-valdocco\\\/#event\"},{\"@type\":\"Event\",\"name\":\"La Madre partecipa alla Celebrazione della solennit\u00e0 di Maria Ausiliatrice a Torino, Valdocco.\",\"description\":\"\",\"url\":\"https:\\\/\\\/www.cgfmanet.org\\\/pt-pt\\\/event\\\/la-madre-partecipa-alla-celebrazione-della-solennita-di-maria-ausiliatrice-a-torino-valdocco\\\/\",\"eventAttendanceMode\":\"https:\\\/\\\/schema.org\\\/OfflineEventAttendanceMode\",\"eventStatus\":\"https:\\\/\\\/schema.org\\\/EventScheduled\",\"startDate\":\"2026-05-24T00:00:00+02:00\",\"endDate\":\"2026-05-24T23:59:59+02:00\",\"@id\":\"https:\\\/\\\/www.cgfmanet.org\\\/pt-pt\\\/event\\\/la-madre-partecipa-alla-celebrazione-della-solennita-di-maria-ausiliatrice-a-torino-valdocco\\\/#event\"},{\"@type\":\"Event\",\"name\":\"Suor Ruth del Pilar Mora termina la Visita Canonica all\u2019Ispettoria San Giuseppe (SEC) di Stati Uniti e Canada.\",\"description\":\"\",\"url\":\"https:\\\/\\\/www.cgfmanet.org\\\/pt-pt\\\/event\\\/suor-ruth-del-pilar-mora-termina-la-visita-canonica-allispettoria-san-giuseppe-sec-di-stati-uniti-e-canada\\\/\",\"eventAttendanceMode\":\"https:\\\/\\\/schema.org\\\/OfflineEventAttendanceMode\",\"eventStatus\":\"https:\\\/\\\/schema.org\\\/EventScheduled\",\"startDate\":\"2026-05-26T00:00:00+02:00\",\"endDate\":\"2026-05-26T23:59:59+02:00\",\"@id\":\"https:\\\/\\\/www.cgfmanet.org\\\/pt-pt\\\/event\\\/suor-ruth-del-pilar-mora-termina-la-visita-canonica-allispettoria-san-giuseppe-sec-di-stati-uniti-e-canada\\\/#event\"},{\"@type\":\"Event\",\"name\":\"Suor Runita Borja d\u00e0 il saluto iniziale e partecipa all\u2019incontro online delle Coordinatrici ispettoriali di PG della Conferenza NAC.\",\"description\":\"\",\"url\":\"https:\\\/\\\/www.cgfmanet.org\\\/pt-pt\\\/event\\\/suor-runita-borja-da-il-saluto-iniziale-e-partecipa-allincontro-online-delle-coordinatrici-ispettoriali-di-pg-della-conferenza-nac\\\/\",\"eventAttendanceMode\":\"https:\\\/\\\/schema.org\\\/OfflineEventAttendanceMode\",\"eventStatus\":\"https:\\\/\\\/schema.org\\\/EventScheduled\",\"startDate\":\"2026-05-26T00:00:00+02:00\",\"endDate\":\"2026-05-26T23:59:59+02:00\",\"@id\":\"https:\\\/\\\/www.cgfmanet.org\\\/pt-pt\\\/event\\\/suor-runita-borja-da-il-saluto-iniziale-e-partecipa-allincontro-online-delle-coordinatrici-ispettoriali-di-pg-della-conferenza-nac\\\/#event\"},{\"@type\":\"Event\",\"name\":\"Suor Ruth del Pilar Mora incontra le missionarie ad gentes che terminano il Corso di Formazione Permanente Missionaria a Roma, in Casa Generalizia.\",\"description\":\"\",\"url\":\"https:\\\/\\\/www.cgfmanet.org\\\/pt-pt\\\/event\\\/suor-ruth-del-pilar-mora-incontra-le-missionarie-ad-gentes-che-terminano-il-corso-di-formazione-permanente-missionaria-a-roma-in-casa-generalizia\\\/\",\"eventAttendanceMode\":\"https:\\\/\\\/schema.org\\\/OfflineEventAttendanceMode\",\"eventStatus\":\"https:\\\/\\\/schema.org\\\/EventScheduled\",\"startDate\":\"2026-05-27T00:00:00+02:00\",\"endDate\":\"2026-05-28T23:59:59+02:00\",\"@id\":\"https:\\\/\\\/www.cgfmanet.org\\\/pt-pt\\\/event\\\/suor-ruth-del-pilar-mora-incontra-le-missionarie-ad-gentes-che-terminano-il-corso-di-formazione-permanente-missionaria-a-roma-in-casa-generalizia\\\/#event\"},{\"@type\":\"Event\",\"name\":\"A Roma in Casa generalizia la Madre incontra le FMA partecipanti a conclusione del Corso di Formazione Permanente Missionaria.\",\"description\":\"\",\"url\":\"https:\\\/\\\/www.cgfmanet.org\\\/pt-pt\\\/event\\\/a-roma-in-casa-generalizia-la-madre-incontra-le-fma-partecipanti-a-conclusione-del-corso-di-formazione-permanente-missionaria\\\/\",\"eventAttendanceMode\":\"https:\\\/\\\/schema.org\\\/OfflineEventAttendanceMode\",\"eventStatus\":\"https:\\\/\\\/schema.org\\\/EventScheduled\",\"startDate\":\"2026-05-28T00:00:00+02:00\",\"endDate\":\"2026-05-28T23:59:59+02:00\",\"@id\":\"https:\\\/\\\/www.cgfmanet.org\\\/pt-pt\\\/event\\\/a-roma-in-casa-generalizia-la-madre-incontra-le-fma-partecipanti-a-conclusione-del-corso-di-formazione-permanente-missionaria\\\/#event\"},{\"@type\":\"Event\",\"name\":\"Conclusione del Corso di Formazione Permanente Missionaria a Roma, Casa Generalizia.\",\"description\":\"\",\"url\":\"https:\\\/\\\/www.cgfmanet.org\\\/pt-pt\\\/event\\\/conclusione-del-corso-di-formazione-permanente-missionaria-a-roma-casa-generalizia\\\/\",\"eventAttendanceMode\":\"https:\\\/\\\/schema.org\\\/OfflineEventAttendanceMode\",\"eventStatus\":\"https:\\\/\\\/schema.org\\\/EventScheduled\",\"startDate\":\"2026-05-29T00:00:00+02:00\",\"endDate\":\"2026-05-29T23:59:59+02:00\",\"@id\":\"https:\\\/\\\/www.cgfmanet.org\\\/pt-pt\\\/event\\\/conclusione-del-corso-di-formazione-permanente-missionaria-a-roma-casa-generalizia\\\/#event\"},{\"@type\":\"Event\",\"name\":\"Suor Chantal Mukase termina la Visita Canonica all\u2019Ispettoria \u201cNostra Signora d\u2019Africa\u201d (AFC) dell\u2019Africa Centrale.\",\"description\":\"\",\"url\":\"https:\\\/\\\/www.cgfmanet.org\\\/pt-pt\\\/event\\\/suor-chantal-mukase-termina-la-visita-canonica-allispettoria-nostra-signora-dafrica-afc-dellafrica-centrale\\\/\",\"eventAttendanceMode\":\"https:\\\/\\\/schema.org\\\/OfflineEventAttendanceMode\",\"eventStatus\":\"https:\\\/\\\/schema.org\\\/EventScheduled\",\"startDate\":\"2026-05-30T00:00:00+02:00\",\"endDate\":\"2026-05-30T23:59:59+02:00\",\"@id\":\"https:\\\/\\\/www.cgfmanet.org\\\/pt-pt\\\/event\\\/suor-chantal-mukase-termina-la-visita-canonica-allispettoria-nostra-signora-dafrica-afc-dellafrica-centrale\\\/#event\"}]}<\/script>\n<!-- \/ Yoast SEO plugin. -->","yoast_head_json":{"title":"Conselheira para as Miss\u00f5es &#8226; Istituto Figlie di Maria Ausiliatrice","robots":{"index":"index","follow":"follow","max-snippet":"max-snippet:-1","max-image-preview":"max-image-preview:large","max-video-preview":"max-video-preview:-1"},"canonical":"https:\/\/www.cgfmanet.org\/pt-pt\/conselheira-para-as-missoes\/","og_locale":"pt_PT","og_type":"article","og_title":"Conselheira para as Miss\u00f5es &#8226; Istituto Figlie di Maria Ausiliatrice","og_url":"https:\/\/www.cgfmanet.org\/pt-pt\/conselheira-para-as-missoes\/","og_site_name":"Istituto Figlie di Maria Ausiliatrice","article_publisher":"https:\/\/www.facebook.com\/salesian.sisters.of.don.bosco\/","article_modified_time":"2021-10-14T19:15:30+00:00","og_image":[{"url":"https:\/\/www.cgfmanet.org\/wp-content\/uploads\/2021\/10\/Consigliera-Missioni.jpg","type":"","width":"","height":""}],"twitter_card":"summary_large_image","twitter_site":"@Cgfmanet_Org","twitter_misc":{"Tempo estimado de leitura":"4 minutos"},"schema":{"@context":"https:\/\/schema.org","@graph":[{"@type":"WebPage","@id":"https:\/\/www.cgfmanet.org\/pt-pt\/conselheira-para-as-missoes\/","url":"https:\/\/www.cgfmanet.org\/pt-pt\/conselheira-para-as-missoes\/","name":"Conselheira para as Miss\u00f5es &#8226; Istituto Figlie di Maria Ausiliatrice","isPartOf":{"@id":"https:\/\/www.cgfmanet.org\/es\/#website"},"primaryImageOfPage":{"@id":"https:\/\/www.cgfmanet.org\/pt-pt\/conselheira-para-as-missoes\/#primaryimage"},"image":{"@id":"https:\/\/www.cgfmanet.org\/pt-pt\/conselheira-para-as-missoes\/#primaryimage"},"thumbnailUrl":"https:\/\/www.cgfmanet.org\/wp-content\/uploads\/2021\/10\/Consigliera-Missioni.jpg","datePublished":"2019-03-12T15:34:20+00:00","dateModified":"2021-10-14T19:15:30+00:00","breadcrumb":{"@id":"https:\/\/www.cgfmanet.org\/pt-pt\/conselheira-para-as-missoes\/#breadcrumb"},"inLanguage":"pt-PT","potentialAction":[{"@type":"ReadAction","target":["https:\/\/www.cgfmanet.org\/pt-pt\/conselheira-para-as-missoes\/"]}]},{"@type":"ImageObject","inLanguage":"pt-PT","@id":"https:\/\/www.cgfmanet.org\/pt-pt\/conselheira-para-as-missoes\/#primaryimage","url":"https:\/\/www.cgfmanet.org\/wp-content\/uploads\/2021\/10\/Consigliera-Missioni.jpg","contentUrl":"https:\/\/www.cgfmanet.org\/wp-content\/uploads\/2021\/10\/Consigliera-Missioni.jpg"},{"@type":"BreadcrumbList","@id":"https:\/\/www.cgfmanet.org\/pt-pt\/conselheira-para-as-missoes\/#breadcrumb","itemListElement":[{"@type":"ListItem","position":1,"name":"Home","item":"https:\/\/www.cgfmanet.org\/pt-pt\/"},{"@type":"ListItem","position":2,"name":"Conselheira para as Miss\u00f5es"}]},{"@type":"WebSite","@id":"https:\/\/www.cgfmanet.org\/es\/#website","url":"https:\/\/www.cgfmanet.org\/es\/","name":"Istituto Figlie di Maria Ausiliatrice","description":"Salesiane di Don Bosco","publisher":{"@id":"https:\/\/www.cgfmanet.org\/es\/#organization"},"potentialAction":[{"@type":"SearchAction","target":{"@type":"EntryPoint","urlTemplate":"https:\/\/www.cgfmanet.org\/es\/?s={search_term_string}"},"query-input":{"@type":"PropertyValueSpecification","valueRequired":true,"valueName":"search_term_string"}}],"inLanguage":"pt-PT"},{"@type":"Organization","@id":"https:\/\/www.cgfmanet.org\/es\/#organization","name":"Istituto Figlie di Maria Ausiliatrice","url":"https:\/\/www.cgfmanet.org\/es\/","logo":{"@type":"ImageObject","inLanguage":"pt-PT","@id":"https:\/\/www.cgfmanet.org\/es\/#\/schema\/logo\/image\/","url":"https:\/\/www.cgfmanet.org\/wp-content\/uploads\/2018\/10\/logo-fma.png","contentUrl":"https:\/\/www.cgfmanet.org\/wp-content\/uploads\/2018\/10\/logo-fma.png","width":214,"height":55,"caption":"Istituto Figlie di Maria Ausiliatrice"},"image":{"@id":"https:\/\/www.cgfmanet.org\/es\/#\/schema\/logo\/image\/"},"sameAs":["https:\/\/www.facebook.com\/salesian.sisters.of.don.bosco\/","https:\/\/x.com\/Cgfmanet_Org","https:\/\/www.youtube.com\/channel\/UCmcr8yFQBV7JXeXVxyV9y5Q"]},{"@type":"Event","name":"Suor Ena Bola\u00f1os e le collaboratrici dell\u2019Ambito incontrano le Econome ispettoriali del mondo per la formazione online.","description":"","url":"https:\/\/www.cgfmanet.org\/pt-pt\/event\/suor-ena-bolanos-e-le-collaboratrici-dellambito-incontrano-le-econome-ispettoriali-del-mondo-per-la-formazione-online-11\/","eventAttendanceMode":"https:\/\/schema.org\/OfflineEventAttendanceMode","eventStatus":"https:\/\/schema.org\/EventScheduled","startDate":"2026-04-27T00:00:00+02:00","endDate":"2026-04-28T23:59:59+02:00","@id":"https:\/\/www.cgfmanet.org\/pt-pt\/event\/suor-ena-bolanos-e-le-collaboratrici-dellambito-incontrano-le-econome-ispettoriali-del-mondo-per-la-formazione-online-11\/#event"},{"@type":"Event","name":"Suor Paola Battagliola riprende la 2a parte della Visita canonica all&#8217;Ispettoria Lombarda &#8220;Sacra Famiglia&#8221; (ILO).","description":"","url":"https:\/\/www.cgfmanet.org\/pt-pt\/event\/suor-paola-battagliola-riprende-la-2a-parte-della-visita-canonica-allispettoria-lombarda-sacra-famiglia-ilo\/","eventAttendanceMode":"https:\/\/schema.org\/OfflineEventAttendanceMode","eventStatus":"https:\/\/schema.org\/EventScheduled","startDate":"2026-05-01T00:00:00+02:00","endDate":"2026-05-01T23:59:59+02:00","@id":"https:\/\/www.cgfmanet.org\/pt-pt\/event\/suor-paola-battagliola-riprende-la-2a-parte-della-visita-canonica-allispettoria-lombarda-sacra-famiglia-ilo\/#event"},{"@type":"Event","name":"Suor Maria Luisa Nicastro, con le collaboratrici della Segreteria generale, guida la visita all&#8217;Archivio Generale dell&#8217;Istituto e alla Mostra del Carisma delle Studentesse del Corso di Spiritualit\u00e0 di Casa Canta.","description":"","url":"https:\/\/www.cgfmanet.org\/pt-pt\/event\/suor-maria-luisa-nicastro-con-le-collaboratrici-della-segreteria-generale-guida-la-visita-allarchivio-generale-dellistituto-e-alla-mostra-del-carisma-delle-studentesse-del-corso-di-spiritualita\/","eventAttendanceMode":"https:\/\/schema.org\/OfflineEventAttendanceMode","eventStatus":"https:\/\/schema.org\/EventScheduled","startDate":"2026-05-02T00:00:00+02:00","endDate":"2026-05-02T23:59:59+02:00","@id":"https:\/\/www.cgfmanet.org\/pt-pt\/event\/suor-maria-luisa-nicastro-con-le-collaboratrici-della-segreteria-generale-guida-la-visita-allarchivio-generale-dellistituto-e-alla-mostra-del-carisma-delle-studentesse-del-corso-di-spiritualita\/#event"},{"@type":"Event","name":"Suor Leslie S\u00e1ndigo e le collaboratrici dell\u2019Ambito incontrano online le Delegate e animatrici delle Associazioni: Exallieve\/i delle FMA, Salesiani Cooperatori e ADMA.","description":"","url":"https:\/\/www.cgfmanet.org\/pt-pt\/event\/suor-leslie-sandigo-e-le-collaboratrici-dellambito-incontrano-online-le-delegate-e-animatrici-delle-associazioni-exallieve-i-delle-fma-salesiani-cooperatori-e-adma\/","eventAttendanceMode":"https:\/\/schema.org\/OfflineEventAttendanceMode","eventStatus":"https:\/\/schema.org\/EventScheduled","startDate":"2026-05-03T00:00:00+02:00","endDate":"2026-05-03T23:59:59+02:00","@id":"https:\/\/www.cgfmanet.org\/pt-pt\/event\/suor-leslie-sandigo-e-le-collaboratrici-dellambito-incontrano-online-le-delegate-e-animatrici-delle-associazioni-exallieve-i-delle-fma-salesiani-cooperatori-e-adma\/#event"},{"@type":"Event","name":"Suor Mar\u00eda del Rosario Garc\u00eda Ribas termina la Visita canonica all\u2019Ispettoria \u201cSan Giuseppe&#8221; (ANT) delle Antille.","description":"","url":"https:\/\/www.cgfmanet.org\/pt-pt\/event\/suor-maria-del-rosario-garcia-ribas-termina-la-visita-canonica-allispettoria-san-giuseppe-ant-delle-antille\/","eventAttendanceMode":"https:\/\/schema.org\/OfflineEventAttendanceMode","eventStatus":"https:\/\/schema.org\/EventScheduled","startDate":"2026-05-04T00:00:00+02:00","endDate":"2026-05-04T23:59:59+02:00","@id":"https:\/\/www.cgfmanet.org\/pt-pt\/event\/suor-maria-del-rosario-garcia-ribas-termina-la-visita-canonica-allispettoria-san-giuseppe-ant-delle-antille\/#event"},{"@type":"Event","name":"Inizio del Corso di Formazione Permanente Missionaria a Roma, Casa Generalizia.","description":"","url":"https:\/\/www.cgfmanet.org\/pt-pt\/event\/inizio-del-corso-di-formazione-permanente-missionaria-a-roma-casa-generalizia-2\/","eventAttendanceMode":"https:\/\/schema.org\/OfflineEventAttendanceMode","eventStatus":"https:\/\/schema.org\/EventScheduled","startDate":"2026-05-04T00:00:00+02:00","endDate":"2026-05-04T23:59:59+02:00","@id":"https:\/\/www.cgfmanet.org\/pt-pt\/event\/inizio-del-corso-di-formazione-permanente-missionaria-a-roma-casa-generalizia-2\/#event"},{"@type":"Event","name":"Suor Leslie S\u00e1ndigo termina la 2a parte della visita canonica all\u2019Ispettoria \u201cLaura Vicu\u00f1a\u201d (ARG) dell\u2019Argentina.","description":"","url":"https:\/\/www.cgfmanet.org\/pt-pt\/event\/suor-leslie-sandigo-termina-la-2a-parte-della-visita-canonica-allispettoria-laura-vicuna-arg-dellargentina\/","eventAttendanceMode":"https:\/\/schema.org\/OfflineEventAttendanceMode","eventStatus":"https:\/\/schema.org\/EventScheduled","startDate":"2026-05-04T00:00:00+02:00","endDate":"2026-05-04T23:59:59+02:00","@id":"https:\/\/www.cgfmanet.org\/pt-pt\/event\/suor-leslie-sandigo-termina-la-2a-parte-della-visita-canonica-allispettoria-laura-vicuna-arg-dellargentina\/#event"},{"@type":"Event","name":"La Madre d\u00e0 la Buonanotte al gruppo del \u201cProgetto Mornese\u201d di lingua inglese. A Roma presso la Casa FMA \u201cSacro Cuore\u201d (IRO).","description":"","url":"https:\/\/www.cgfmanet.org\/pt-pt\/event\/la-madre-da-la-buonanotte-al-gruppo-del-progetto-mornese-di-lingua-inglese-a-roma-presso-la-casa-fma-sacro-cuore-iro\/","eventAttendanceMode":"https:\/\/schema.org\/OfflineEventAttendanceMode","eventStatus":"https:\/\/schema.org\/EventScheduled","startDate":"2026-05-04T00:00:00+02:00","endDate":"2026-05-04T23:59:59+02:00","@id":"https:\/\/www.cgfmanet.org\/pt-pt\/event\/la-madre-da-la-buonanotte-al-gruppo-del-progetto-mornese-di-lingua-inglese-a-roma-presso-la-casa-fma-sacro-cuore-iro\/#event"},{"@type":"Event","name":"La Madre incontra il Consiglio Accademico della Pontificia Facolt\u00e0 di Scienze dell\u2019Educazione \u201cAuxilium\u201d anche con la presenza della Superiora di Visitatoria (RMC), suor Jessica Salva\u00f1a Togonon. A Roma in Casa generalizia.","description":"","url":"https:\/\/www.cgfmanet.org\/pt-pt\/event\/la-madre-incontra-il-consiglio-accademico-della-pontificia-facolta-di-scienze-delleducazione-auxilium-anche-con-la-presenza-della-superiora-di-visitatoria-rmc-suor-jessic\/","eventAttendanceMode":"https:\/\/schema.org\/OfflineEventAttendanceMode","eventStatus":"https:\/\/schema.org\/EventScheduled","startDate":"2026-05-05T00:00:00+02:00","endDate":"2026-05-05T23:59:59+02:00","@id":"https:\/\/www.cgfmanet.org\/pt-pt\/event\/la-madre-incontra-il-consiglio-accademico-della-pontificia-facolta-di-scienze-delleducazione-auxilium-anche-con-la-presenza-della-superiora-di-visitatoria-rmc-suor-jessic\/#event"},{"@type":"Event","name":"La Madre incontra le FMA partecipanti al Corso di Formazione Permanente Missionaria. A Roma, Casa generalizia.","description":"","url":"https:\/\/www.cgfmanet.org\/pt-pt\/event\/la-madre-incontra-le-fma-partecipanti-al-corso-di-formazione-permanente-missionaria-a-roma-casa-generalizia\/","eventAttendanceMode":"https:\/\/schema.org\/OfflineEventAttendanceMode","eventStatus":"https:\/\/schema.org\/EventScheduled","startDate":"2026-05-06T00:00:00+02:00","endDate":"2026-05-06T23:59:59+02:00","@id":"https:\/\/www.cgfmanet.org\/pt-pt\/event\/la-madre-incontra-le-fma-partecipanti-al-corso-di-formazione-permanente-missionaria-a-roma-casa-generalizia\/#event"},{"@type":"Event","name":"Suor Leslie S\u00e1ndigo partecipa al Congresso Mondiale dei Salesiani Cooperatori a Roma, Fraterna Domus.","description":"","url":"https:\/\/www.cgfmanet.org\/pt-pt\/event\/suor-leslie-sandigo-partecipa-al-congresso-mondiale-dei-salesiani-cooperatori-a-roma-fraterna-domus\/","eventAttendanceMode":"https:\/\/schema.org\/OfflineEventAttendanceMode","eventStatus":"https:\/\/schema.org\/EventScheduled","startDate":"2026-05-07T00:00:00+02:00","endDate":"2026-05-10T23:59:59+02:00","@id":"https:\/\/www.cgfmanet.org\/pt-pt\/event\/suor-leslie-sandigo-partecipa-al-congresso-mondiale-dei-salesiani-cooperatori-a-roma-fraterna-domus\/#event"},{"@type":"Event","name":"La Madre partecipa e interviene al VI Congresso Mondiale dei Salesiani Cooperatori a Roma, presso la Fraterna Domus. Tema: \u201cEssere lievito per essere fecondi\u201d.","description":"","url":"https:\/\/www.cgfmanet.org\/pt-pt\/event\/la-madre-partecipa-e-interviene-al-vi-congresso-mondiale-dei-salesiani-cooperatori-a-roma-presso-la-fraterna-domus-tema-essere-lievito-per-essere-fecondi\/","eventAttendanceMode":"https:\/\/schema.org\/OfflineEventAttendanceMode","eventStatus":"https:\/\/schema.org\/EventScheduled","startDate":"2026-05-07T00:00:00+02:00","endDate":"2026-05-10T23:59:59+02:00","@id":"https:\/\/www.cgfmanet.org\/pt-pt\/event\/la-madre-partecipa-e-interviene-al-vi-congresso-mondiale-dei-salesiani-cooperatori-a-roma-presso-la-fraterna-domus-tema-essere-lievito-per-essere-fecondi\/#event"},{"@type":"Event","name":"La Madre partecipa alle Celebrazione del Centenario della presenza delle FMA dell\u2019Ispettoria \u201cNostra Signora d\u2019Africa\u201d (AFC). A Lubumbashi, Repubblica Democratica del Congo.","description":"","url":"https:\/\/www.cgfmanet.org\/pt-pt\/event\/la-madre-partecipa-alle-celebrazione-del-centenario-della-presenza-delle-fma-dellispettoria-nostra-signora-dafrica-afc-a-lubumbashi-repubblica-democratica-del-c\/","eventAttendanceMode":"https:\/\/schema.org\/OfflineEventAttendanceMode","eventStatus":"https:\/\/schema.org\/EventScheduled","startDate":"2026-05-08T00:00:00+02:00","endDate":"2026-05-19T23:59:59+02:00","@id":"https:\/\/www.cgfmanet.org\/pt-pt\/event\/la-madre-partecipa-alle-celebrazione-del-centenario-della-presenza-delle-fma-dellispettoria-nostra-signora-dafrica-afc-a-lubumbashi-repubblica-democratica-del-c\/#event"},{"@type":"Event","name":"Suor Runita Borja, con le collaboratrici dell\u2019Ambito PG, incontra le FMA partecipanti del Corso di Formazione Permanente Missionaria. A Roma, Casa generalizia.","description":"","url":"https:\/\/www.cgfmanet.org\/pt-pt\/event\/suor-runita-borja-con-le-collaboratrici-dellambito-pg-incontra-le-fma-partecipanti-del-corso-di-formazione-permanente-missionaria-a-roma-casa-generalizia\/","eventAttendanceMode":"https:\/\/schema.org\/OfflineEventAttendanceMode","eventStatus":"https:\/\/schema.org\/EventScheduled","startDate":"2026-05-08T00:00:00+02:00","endDate":"2026-05-08T23:59:59+02:00","@id":"https:\/\/www.cgfmanet.org\/pt-pt\/event\/suor-runita-borja-con-le-collaboratrici-dellambito-pg-incontra-le-fma-partecipanti-del-corso-di-formazione-permanente-missionaria-a-roma-casa-generalizia\/#event"},{"@type":"Event","name":"Suor Nilza F\u00e1tima de Moraes coordina il raduno online con le sorelle del gruppo di stesura del Progetto formativo.","description":"","url":"https:\/\/www.cgfmanet.org\/pt-pt\/event\/suor-nilza-fatima-de-moraes-coordina-il-raduno-online-con-le-sorelle-del-gruppo-di-stesura-del-progetto-formativo\/","eventAttendanceMode":"https:\/\/schema.org\/OfflineEventAttendanceMode","eventStatus":"https:\/\/schema.org\/EventScheduled","startDate":"2026-05-09T00:00:00+02:00","endDate":"2026-05-09T23:59:59+02:00","@id":"https:\/\/www.cgfmanet.org\/pt-pt\/event\/suor-nilza-fatima-de-moraes-coordina-il-raduno-online-con-le-sorelle-del-gruppo-di-stesura-del-progetto-formativo\/#event"},{"@type":"Event","name":"Esercizi Spirituali per le partecipanti al Corso di Formazione Permanente Missionaria e le neo missionarie, a Mornese.","description":"","url":"https:\/\/www.cgfmanet.org\/pt-pt\/event\/esercizi-spirituali-per-le-partecipanti-al-corso-di-formazione-permanente-missionaria-e-le-neo-missionarie-a-mornese-2\/","eventAttendanceMode":"https:\/\/schema.org\/OfflineEventAttendanceMode","eventStatus":"https:\/\/schema.org\/EventScheduled","startDate":"2026-05-11T00:00:00+02:00","endDate":"2026-05-18T23:59:59+02:00","@id":"https:\/\/www.cgfmanet.org\/pt-pt\/event\/esercizi-spirituali-per-le-partecipanti-al-corso-di-formazione-permanente-missionaria-e-le-neo-missionarie-a-mornese-2\/#event"},{"@type":"Event","name":"Suor Maria Assunta Sumiko Inoue termina la Visita canonica all&#8217;Ispettoria \u201cSanta Maria Domenica Mazzarello\u201d (TIN) di Timor-Indonesia.","description":"","url":"https:\/\/www.cgfmanet.org\/pt-pt\/event\/suor-maria-assunta-sumiko-inoue-termina-la-visita-canonica-allispettoria-santa-maria-domenica-mazzarello-tin-di-timor-indonesia\/","eventAttendanceMode":"https:\/\/schema.org\/OfflineEventAttendanceMode","eventStatus":"https:\/\/schema.org\/EventScheduled","startDate":"2026-05-14T00:00:00+02:00","endDate":"2026-05-14T23:59:59+02:00","@id":"https:\/\/www.cgfmanet.org\/pt-pt\/event\/suor-maria-assunta-sumiko-inoue-termina-la-visita-canonica-allispettoria-santa-maria-domenica-mazzarello-tin-di-timor-indonesia\/#event"},{"@type":"Event","name":"Suor Maria Assunta Sumiko Inoue fa una Visita breve all&#8217;Ispettoria \u201cSanta Maria Mazzarello\u201d (THA).","description":"","url":"https:\/\/www.cgfmanet.org\/pt-pt\/event\/suor-maria-assunta-sumiko-inoue-fa-una-visita-breve-allispettoria-santa-maria-mazzarello-tha\/","eventAttendanceMode":"https:\/\/schema.org\/OfflineEventAttendanceMode","eventStatus":"https:\/\/schema.org\/EventScheduled","startDate":"2026-05-14T00:00:00+02:00","endDate":"2026-05-26T23:59:59+02:00","@id":"https:\/\/www.cgfmanet.org\/pt-pt\/event\/suor-maria-assunta-sumiko-inoue-fa-una-visita-breve-allispettoria-santa-maria-mazzarello-tha\/#event"},{"@type":"Event","name":"Suor Runita Borja partecipa al Congresso degli Educatori della Conferenza interispettoriale CIAO sul tema \u201cIl Patto Educativo Globale nello stile salesiano\u201d. A Tokyo, in Giappone.","description":"","url":"https:\/\/www.cgfmanet.org\/pt-pt\/event\/suor-runita-borja-partecipa-al-congresso-degli-educatori-della-conferenza-interispettoriale-ciao-sul-tema-il-patto-educativo-globale-nello-stile-salesiano-a-tokyo-in-giappone\/","eventAttendanceMode":"https:\/\/schema.org\/OfflineEventAttendanceMode","eventStatus":"https:\/\/schema.org\/EventScheduled","startDate":"2026-05-14T00:00:00+02:00","endDate":"2026-05-19T23:59:59+02:00","@id":"https:\/\/www.cgfmanet.org\/pt-pt\/event\/suor-runita-borja-partecipa-al-congresso-degli-educatori-della-conferenza-interispettoriale-ciao-sul-tema-il-patto-educativo-globale-nello-stile-salesiano-a-tokyo-in-giappone\/#event"},{"@type":"Event","name":"Suor Leslie S\u00e1ndigo insieme alle collaboratrici dell\u2019Ambito presenta la Famiglia Salesiana alle studentesse del Corso di Spiritualit\u00e0 di Casa Madre Canta.","description":"","url":"https:\/\/www.cgfmanet.org\/pt-pt\/event\/suor-leslie-sandigo-insieme-alle-collaboratrici-dellambito-presenta-la-famiglia-salesiana-alle-studentesse-del-corso-di-spiritualita-di-casa-madre-canta\/","eventAttendanceMode":"https:\/\/schema.org\/OfflineEventAttendanceMode","eventStatus":"https:\/\/schema.org\/EventScheduled","startDate":"2026-05-15T00:00:00+02:00","endDate":"2026-05-15T23:59:59+02:00","@id":"https:\/\/www.cgfmanet.org\/pt-pt\/event\/suor-leslie-sandigo-insieme-alle-collaboratrici-dellambito-presenta-la-famiglia-salesiana-alle-studentesse-del-corso-di-spiritualita-di-casa-madre-canta\/#event"},{"@type":"Event","name":"Suor Celine Jacob termina la Visita Canonica all&#8217;Ispettoria &#8220;Maria Immacolata&#8221; (SUO) degli Stati Uniti.","description":"","url":"https:\/\/www.cgfmanet.org\/pt-pt\/event\/suor-celine-jacob-termina-la-visita-canonica-allispettoria-maria-immacolata-suo-degli-stati-uniti\/","eventAttendanceMode":"https:\/\/schema.org\/OfflineEventAttendanceMode","eventStatus":"https:\/\/schema.org\/EventScheduled","startDate":"2026-05-18T00:00:00+02:00","endDate":"2026-05-18T23:59:59+02:00","@id":"https:\/\/www.cgfmanet.org\/pt-pt\/event\/suor-celine-jacob-termina-la-visita-canonica-allispettoria-maria-immacolata-suo-degli-stati-uniti\/#event"},{"@type":"Event","name":"Suor Lidia Strzelczyk termina la 2a parte della Visita canonica all&#8217;Ispettoria Meridionale &#8220;Madonna del Buon Consiglio&#8221; (IMR).","description":"","url":"https:\/\/www.cgfmanet.org\/pt-pt\/event\/suor-lidia-strzelczyk-termina-la-2a-parte-della-visita-canonica-allispettoria-meridionale-madonna-del-buon-consiglio-imr\/","eventAttendanceMode":"https:\/\/schema.org\/OfflineEventAttendanceMode","eventStatus":"https:\/\/schema.org\/EventScheduled","startDate":"2026-05-19T00:00:00+02:00","endDate":"2026-05-19T23:59:59+02:00","@id":"https:\/\/www.cgfmanet.org\/pt-pt\/event\/suor-lidia-strzelczyk-termina-la-2a-parte-della-visita-canonica-allispettoria-meridionale-madonna-del-buon-consiglio-imr\/#event"},{"@type":"Event","name":"Suor Leslie S\u00e1ndigo e le Collaboratrici dell\u2019Ambito partecipano alla Consulta della Famiglia Salesiana a Valdocco, Torino.","description":"","url":"https:\/\/www.cgfmanet.org\/pt-pt\/event\/suor-leslie-sandigo-e-le-collaboratrici-dellambito-partecipano-alla-consulta-della-famiglia-salesiana-a-valdocco-torino-2\/","eventAttendanceMode":"https:\/\/schema.org\/OfflineEventAttendanceMode","eventStatus":"https:\/\/schema.org\/EventScheduled","startDate":"2026-05-21T00:00:00+02:00","endDate":"2026-05-23T23:59:59+02:00","@id":"https:\/\/www.cgfmanet.org\/pt-pt\/event\/suor-leslie-sandigo-e-le-collaboratrici-dellambito-partecipano-alla-consulta-della-famiglia-salesiana-a-valdocco-torino-2\/#event"},{"@type":"Event","name":"Suor Marta Riccioli termina la Visita canonica all\u2019Ispettoria &#8220;Nostra Signora di Chiquinquir\u00e1&#8221; (CBC).","description":"","url":"https:\/\/www.cgfmanet.org\/pt-pt\/event\/suor-marta-riccioli-termina-la-visita-canonica-allispettoria-nostra-signora-di-chiquinquira-cbc\/","eventAttendanceMode":"https:\/\/schema.org\/OfflineEventAttendanceMode","eventStatus":"https:\/\/schema.org\/EventScheduled","startDate":"2026-05-22T00:00:00+02:00","endDate":"2026-05-22T23:59:59+02:00","@id":"https:\/\/www.cgfmanet.org\/pt-pt\/event\/suor-marta-riccioli-termina-la-visita-canonica-allispettoria-nostra-signora-di-chiquinquira-cbc\/#event"},{"@type":"Event","name":"La Madre partecipa alla Consulta della Famiglia Salesiana sul tema della Strenna 2026. A Torino, Valdocco.","description":"","url":"https:\/\/www.cgfmanet.org\/pt-pt\/event\/la-madre-partecipa-alla-consulta-della-famiglia-salesiana-sul-tema-della-strenna-2026-a-torino-valdocco\/","eventAttendanceMode":"https:\/\/schema.org\/OfflineEventAttendanceMode","eventStatus":"https:\/\/schema.org\/EventScheduled","startDate":"2026-05-22T00:00:00+02:00","endDate":"2026-05-23T23:59:59+02:00","@id":"https:\/\/www.cgfmanet.org\/pt-pt\/event\/la-madre-partecipa-alla-consulta-della-famiglia-salesiana-sul-tema-della-strenna-2026-a-torino-valdocco\/#event"},{"@type":"Event","name":"La Madre partecipa alla Celebrazione della solennit\u00e0 di Maria Ausiliatrice a Torino, Valdocco.","description":"","url":"https:\/\/www.cgfmanet.org\/pt-pt\/event\/la-madre-partecipa-alla-celebrazione-della-solennita-di-maria-ausiliatrice-a-torino-valdocco\/","eventAttendanceMode":"https:\/\/schema.org\/OfflineEventAttendanceMode","eventStatus":"https:\/\/schema.org\/EventScheduled","startDate":"2026-05-24T00:00:00+02:00","endDate":"2026-05-24T23:59:59+02:00","@id":"https:\/\/www.cgfmanet.org\/pt-pt\/event\/la-madre-partecipa-alla-celebrazione-della-solennita-di-maria-ausiliatrice-a-torino-valdocco\/#event"},{"@type":"Event","name":"Suor Ruth del Pilar Mora termina la Visita Canonica all\u2019Ispettoria San Giuseppe (SEC) di Stati Uniti e Canada.","description":"","url":"https:\/\/www.cgfmanet.org\/pt-pt\/event\/suor-ruth-del-pilar-mora-termina-la-visita-canonica-allispettoria-san-giuseppe-sec-di-stati-uniti-e-canada\/","eventAttendanceMode":"https:\/\/schema.org\/OfflineEventAttendanceMode","eventStatus":"https:\/\/schema.org\/EventScheduled","startDate":"2026-05-26T00:00:00+02:00","endDate":"2026-05-26T23:59:59+02:00","@id":"https:\/\/www.cgfmanet.org\/pt-pt\/event\/suor-ruth-del-pilar-mora-termina-la-visita-canonica-allispettoria-san-giuseppe-sec-di-stati-uniti-e-canada\/#event"},{"@type":"Event","name":"Suor Runita Borja d\u00e0 il saluto iniziale e partecipa all\u2019incontro online delle Coordinatrici ispettoriali di PG della Conferenza NAC.","description":"","url":"https:\/\/www.cgfmanet.org\/pt-pt\/event\/suor-runita-borja-da-il-saluto-iniziale-e-partecipa-allincontro-online-delle-coordinatrici-ispettoriali-di-pg-della-conferenza-nac\/","eventAttendanceMode":"https:\/\/schema.org\/OfflineEventAttendanceMode","eventStatus":"https:\/\/schema.org\/EventScheduled","startDate":"2026-05-26T00:00:00+02:00","endDate":"2026-05-26T23:59:59+02:00","@id":"https:\/\/www.cgfmanet.org\/pt-pt\/event\/suor-runita-borja-da-il-saluto-iniziale-e-partecipa-allincontro-online-delle-coordinatrici-ispettoriali-di-pg-della-conferenza-nac\/#event"},{"@type":"Event","name":"Suor Ruth del Pilar Mora incontra le missionarie ad gentes che terminano il Corso di Formazione Permanente Missionaria a Roma, in Casa Generalizia.","description":"","url":"https:\/\/www.cgfmanet.org\/pt-pt\/event\/suor-ruth-del-pilar-mora-incontra-le-missionarie-ad-gentes-che-terminano-il-corso-di-formazione-permanente-missionaria-a-roma-in-casa-generalizia\/","eventAttendanceMode":"https:\/\/schema.org\/OfflineEventAttendanceMode","eventStatus":"https:\/\/schema.org\/EventScheduled","startDate":"2026-05-27T00:00:00+02:00","endDate":"2026-05-28T23:59:59+02:00","@id":"https:\/\/www.cgfmanet.org\/pt-pt\/event\/suor-ruth-del-pilar-mora-incontra-le-missionarie-ad-gentes-che-terminano-il-corso-di-formazione-permanente-missionaria-a-roma-in-casa-generalizia\/#event"},{"@type":"Event","name":"A Roma in Casa generalizia la Madre incontra le FMA partecipanti a conclusione del Corso di Formazione Permanente Missionaria.","description":"","url":"https:\/\/www.cgfmanet.org\/pt-pt\/event\/a-roma-in-casa-generalizia-la-madre-incontra-le-fma-partecipanti-a-conclusione-del-corso-di-formazione-permanente-missionaria\/","eventAttendanceMode":"https:\/\/schema.org\/OfflineEventAttendanceMode","eventStatus":"https:\/\/schema.org\/EventScheduled","startDate":"2026-05-28T00:00:00+02:00","endDate":"2026-05-28T23:59:59+02:00","@id":"https:\/\/www.cgfmanet.org\/pt-pt\/event\/a-roma-in-casa-generalizia-la-madre-incontra-le-fma-partecipanti-a-conclusione-del-corso-di-formazione-permanente-missionaria\/#event"},{"@type":"Event","name":"Conclusione del Corso di Formazione Permanente Missionaria a Roma, Casa Generalizia.","description":"","url":"https:\/\/www.cgfmanet.org\/pt-pt\/event\/conclusione-del-corso-di-formazione-permanente-missionaria-a-roma-casa-generalizia\/","eventAttendanceMode":"https:\/\/schema.org\/OfflineEventAttendanceMode","eventStatus":"https:\/\/schema.org\/EventScheduled","startDate":"2026-05-29T00:00:00+02:00","endDate":"2026-05-29T23:59:59+02:00","@id":"https:\/\/www.cgfmanet.org\/pt-pt\/event\/conclusione-del-corso-di-formazione-permanente-missionaria-a-roma-casa-generalizia\/#event"},{"@type":"Event","name":"Suor Chantal Mukase termina la Visita Canonica all\u2019Ispettoria \u201cNostra Signora d\u2019Africa\u201d (AFC) dell\u2019Africa Centrale.","description":"","url":"https:\/\/www.cgfmanet.org\/pt-pt\/event\/suor-chantal-mukase-termina-la-visita-canonica-allispettoria-nostra-signora-dafrica-afc-dellafrica-centrale\/","eventAttendanceMode":"https:\/\/schema.org\/OfflineEventAttendanceMode","eventStatus":"https:\/\/schema.org\/EventScheduled","startDate":"2026-05-30T00:00:00+02:00","endDate":"2026-05-30T23:59:59+02:00","@id":"https:\/\/www.cgfmanet.org\/pt-pt\/event\/suor-chantal-mukase-termina-la-visita-canonica-allispettoria-nostra-signora-dafrica-afc-dellafrica-centrale\/#event"}]}},"_links":{"self":[{"href":"https:\/\/www.cgfmanet.org\/pt-pt\/wp-json\/wp\/v2\/pages\/3313","targetHints":{"allow":["GET"]}}],"collection":[{"href":"https:\/\/www.cgfmanet.org\/pt-pt\/wp-json\/wp\/v2\/pages"}],"about":[{"href":"https:\/\/www.cgfmanet.org\/pt-pt\/wp-json\/wp\/v2\/types\/page"}],"author":[{"embeddable":true,"href":"https:\/\/www.cgfmanet.org\/pt-pt\/wp-json\/wp\/v2\/users\/45"}],"replies":[{"embeddable":true,"href":"https:\/\/www.cgfmanet.org\/pt-pt\/wp-json\/wp\/v2\/comments?post=3313"}],"version-history":[{"count":0,"href":"https:\/\/www.cgfmanet.org\/pt-pt\/wp-json\/wp\/v2\/pages\/3313\/revisions"}],"wp:attachment":[{"href":"https:\/\/www.cgfmanet.org\/pt-pt\/wp-json\/wp\/v2\/media?parent=3313"}],"curies":[{"name":"wp","href":"https:\/\/api.w.org\/{rel}","templated":true}]}}