{"id":15035,"date":"2019-11-13T12:34:43","date_gmt":"2019-11-13T11:34:43","guid":{"rendered":"https:\/\/www.cgfmanet.org\/una-memoria-che-si-fa-storia\/"},"modified":"2023-12-07T11:05:27","modified_gmt":"2023-12-07T10:05:27","slug":"uma-memoria-que-se-faz-historia","status":"publish","type":"page","link":"https:\/\/www.cgfmanet.org\/pt-pt\/uma-memoria-que-se-faz-historia\/","title":{"rendered":"Uma Mem\u00f3ria que se faz Hist\u00f3ria"},"content":{"rendered":"<p style=\"text-align: left; margin-top: 50px;\"><img decoding=\"async\" class=\"alignleft wp-image-14066 lazyload\" data-src=\"https:\/\/www.cgfmanet.org\/wp-content\/uploads\/2019\/12\/La-consacrazione.jpg\" alt=\"\" width=\"361\" height=\"300\" src=\"data:image\/svg+xml;base64,PHN2ZyB3aWR0aD0iMSIgaGVpZ2h0PSIxIiB4bWxucz0iaHR0cDovL3d3dy53My5vcmcvMjAwMC9zdmciPjwvc3ZnPg==\" style=\"--smush-placeholder-width: 361px; --smush-placeholder-aspect-ratio: 361\/300;\" \/><\/p>\n<p>Dom Bosco chegou \u00e0 decis\u00e3o de fundar uma <strong>Congrega\u00e7\u00e3o religiosa feminina<\/strong> para a educa\u00e7\u00e3o das jovens em aten\u00e7\u00e3o aos pedidos do seu contexto, da constata\u00e7\u00e3o do estado de abandono e pobreza no qual se encontravam muitas meninas; do contato com v\u00e1rios Institutos femininos; da confirma\u00e7\u00e3o do Papa Pio IX que o encorajou nesta escolha; de repetidos \u201csonhos\u201d e fatos extraordin\u00e1rios por ele mesmo contados; da profundidade de sua devo\u00e7\u00e3o mariana: <em>\u201cCuide delas: s\u00e3o minhas filhas\u201d (<\/em><em>Sonho 6 de julho de 1862).<\/em><\/p>\n<p>Enquanto ele amadurecia esse projeto, em Mornese (Alessandria), Maria Domingas Mazzarello, membro da Associa\u00e7\u00e3o das Filhas da Imaculada, animava um grupo de jovens que se dedicavam \u00e0s meninas da aldeia, com o objetivo de torn\u00e1-las habilidosas na costura e, acima de tudo, orient\u00e1-las a serem boas crist\u00e3s e cidad\u00e3s honestas.<br \/>\nDois sonhos se encontravam assim convergindo para um id\u00eantico ideal: fazer nascer, tamb\u00e9m para as meninas e as jovens uma Fam\u00edlia Religiosa semelhante \u00e0quela dos Salesianos: um novo carisma educativo na Igreja. Para a funda\u00e7\u00e3o, Dom Bosco escolhe o grupo das Filhas da Imaculada de Mornese. Maria Domingas Mazzarello foi Cofundadora ao dar forma e desenvolvimento \u00e0 nova Institui\u00e7\u00e3o.<\/p>\n<p><img decoding=\"async\" class=\"alignright wp-image-13749 lazyload\" data-src=\"https:\/\/www.cgfmanet.org\/wp-content\/uploads\/2019\/12\/5-agosto-1872.jpg\" alt=\"\" width=\"338\" height=\"400\" data-srcset=\"https:\/\/www.cgfmanet.org\/wp-content\/uploads\/2019\/12\/5-agosto-1872.jpg 1430w, https:\/\/www.cgfmanet.org\/wp-content\/uploads\/2019\/12\/5-agosto-1872-768x908.jpg 768w, https:\/\/www.cgfmanet.org\/wp-content\/uploads\/2019\/12\/5-agosto-1872-1299x1536.jpg 1299w, https:\/\/www.cgfmanet.org\/wp-content\/uploads\/2019\/12\/5-agosto-1872-696x823.jpg 696w, https:\/\/www.cgfmanet.org\/wp-content\/uploads\/2019\/12\/5-agosto-1872-355x420.jpg 355w, https:\/\/www.cgfmanet.org\/wp-content\/uploads\/2019\/12\/5-agosto-1872-1320x1561.jpg 1320w\" data-sizes=\"auto\" src=\"data:image\/svg+xml;base64,PHN2ZyB3aWR0aD0iMSIgaGVpZ2h0PSIxIiB4bWxucz0iaHR0cDovL3d3dy53My5vcmcvMjAwMC9zdmciPjwvc3ZnPg==\" style=\"--smush-placeholder-width: 338px; --smush-placeholder-aspect-ratio: 338\/400;\" data-original-sizes=\"(max-width: 338px) 100vw, 338px\" \/><\/p>\n<p>No dia <strong>5 de agosto de 1872 <\/strong>em <strong>Mornese <\/strong>o primeiro grupo de 11 jovens emite a Primeira Profiss\u00e3o para ser na Igreja e na sociedade religiosa educadoras das jovens, especialmente das classes populares. Permanecem na Casa da funda\u00e7\u00e3o de 1872 a 1879. Nesse breve arco de tempo se plasma uma identidade e uma espiritualidade que toma justamente o nome da aldeiazinha de origem: esp\u00edrito de Mornese. Dirigidas pela sabedoria formativa de Madre Mazzarello, as FMA conjugam, com criatividade, o <em>Sistema Preventivo <\/em>de Dom Bosco, com os recursos femininos e com as exig\u00eancias da educa\u00e7\u00e3o da mulher e da inf\u00e2ncia, com uma presen\u00e7a ativa no \u00e2mbito da escola e da catequese.<\/p>\n<p>Obtida do Bispo de Acqui a aprova\u00e7\u00e3o diocesana das Constitui\u00e7\u00f5es, no dia 23 de janeiro de 1876, as FMA impulsionadas pelo ardor mission\u00e1rio come\u00e7am a sair de Mornese para chegar ao <strong>Uruguai em 1877 <\/strong>e depois a <strong>Argentina. <\/strong>Desde ent\u00e3o o Instituto se difunde sempre mais, na <strong>It\u00e1lia, na Europa e na Am\u00e9rica. <\/strong><\/p>\n<p>Em <strong>1879 a Casa m\u00e3e foi transferida para Nizza Monferrato <\/strong>(Asti) onde o Instituto abre a primeira Escola Normal paara a forma\u00e7\u00e3o das mestras e experimenta um grande entusiasmo mission\u00e1rio e um aumento prometedor de voca\u00e7\u00f5es.<\/p>\n<p>Desde 1891 as FMA est\u00e3o presentes <strong>na \u00c1sia, <\/strong>desde <strong>1893 na \u00c1frica <\/strong>e desde <strong>1954 na Austr\u00e1lia. <\/strong>A miss\u00e3o se realiza em uma pluralidade de ambientes educacionais abertos \u00e0 multiculturalidade e \u00e0 inter-religiosidade com uma aten\u00e7\u00e3o especial para as crian\u00e7as, meninas e mulheres. Em toda parte se procura manter vivo o impulso mission\u00e1rio das origens, \u201celemento essencial da identidade do Instituto\u201d (cf Constitui\u00e7\u00f5es FMA, art.75) com vigilante aten\u00e7\u00e3o para as exig\u00eancias dos tempos e das Igrejas particulares.<\/p>\n<p>Em <strong>1906-1907 <\/strong>o Instituto, ap\u00f3s a publica\u00e7\u00e3o das <em>Normae secundum quas <\/em>(1901), vive o processo de separa\u00e7\u00e3o da Congrega\u00e7\u00e3o Salesiana, especialmente no que se refere ao aspecto administrativo e \u00e0 depend\u00eancia jur\u00eddica do Reitor Mor. Permanece no entanto a comunh\u00e3o e a colabora\u00e7\u00e3o eficaz em compartilhar a espiritualidade do Fundador e a miss\u00e3o educativa.<\/p>\n<p>A partir de <strong>1908 <\/strong>s\u00e3o constitu\u00eddas as primeiras <strong>Inspetorias <\/strong>na It\u00e1lia e na Am\u00e9rica Latina. Em <strong>1911<\/strong>, ap\u00f3s 39 anos da funda\u00e7\u00e3o, <strong>o Papa Pio X concede a aprova\u00e7\u00e3o pontif\u00edcia do Instituto. <\/strong><\/p>\n\r\n                <style type=\"text\/css\">\r\n                    \r\n                    #tdi_1  .td-doubleSlider-2 .td-item1 {\r\n                        background: url(https:\/\/www.cgfmanet.org\/wp-content\/uploads\/2023\/12\/Planisf-des_stitch-80x60.jpg) 0 0 no-repeat;\r\n                    }\r\n                    #tdi_1  .td-doubleSlider-2 .td-item2 {\r\n                        background: url(https:\/\/www.cgfmanet.org\/wp-content\/uploads\/2023\/12\/viaggiB-80x60.jpg) 0 0 no-repeat;\r\n                    }\r\n                    #tdi_1  .td-doubleSlider-2 .td-item3 {\r\n                        background: url(https:\/\/www.cgfmanet.org\/wp-content\/uploads\/2023\/12\/Europa-80x60.jpg) 0 0 no-repeat;\r\n                    }\r\n                    #tdi_1  .td-doubleSlider-2 .td-item4 {\r\n                        background: url(https:\/\/www.cgfmanet.org\/wp-content\/uploads\/2023\/12\/America-80x60.jpg) 0 0 no-repeat;\r\n                    }\r\n                    #tdi_1  .td-doubleSlider-2 .td-item5 {\r\n                        background: url(https:\/\/www.cgfmanet.org\/wp-content\/uploads\/2023\/12\/Asia-80x60.jpg) 0 0 no-repeat;\r\n                    }\r\n                    #tdi_1  .td-doubleSlider-2 .td-item6 {\r\n                        background: url(https:\/\/www.cgfmanet.org\/wp-content\/uploads\/2023\/12\/Africa-80x60.jpg) 0 0 no-repeat;\r\n                    }\r\n                    #tdi_1  .td-doubleSlider-2 .td-item7 {\r\n                        background: url(https:\/\/www.cgfmanet.org\/wp-content\/uploads\/2023\/12\/Oceania-80x60.jpg) 0 0 no-repeat;\r\n                    }\r\n                <\/style>\r\n\r\n                <div id=\"tdi_1\" class=\"td-gallery td-slide-on-2-columns\">\r\n                    <div class=\"post_td_gallery\">\r\n                        <div class=\"td-gallery-slide-top\">\r\n                           <div class=\"td-gallery-title\"><\/div>\r\n\r\n                            <div class=\"td-gallery-controls-wrapper\">\r\n                                <div class=\"td-gallery-slide-count\"><span class=\"td-gallery-slide-item-focus\">1<\/span> do 7<\/div>\r\n                                <div class=\"td-gallery-slide-prev-next-but\">\r\n                                    <i class = \"td-icon-left doubleSliderPrevButton\"><\/i>\r\n                                    <i class = \"td-icon-right doubleSliderNextButton\"><\/i>\r\n                                <\/div>\r\n                            <\/div>\r\n                        <\/div>\r\n\r\n                        <div class = \"td-doubleSlider-1 \">\r\n                            <div class = \"td-slider\">\r\n                                \r\n                    <div class = \"td-slide-item td-item1\">\r\n                        <figure class=\"td-slide-galery-figure td-slide-popup-gallery\">\r\n                            <a class=\"slide-gallery-image-link\" href=\"https:\/\/www.cgfmanet.org\/wp-content\/uploads\/2023\/12\/Planisf-des_stitch.jpg\" title=\"Planisf-des_stitch\"  data-caption=\"A expans\u00e3o do Instituto ao longo do tempo\"  data-description=\"\">\r\n                                <img decoding=\"async\" data-src=\"https:\/\/www.cgfmanet.org\/wp-content\/uploads\/2023\/12\/Planisf-des_stitch-630x420.jpg\" data-srcset=\"https:\/\/www.cgfmanet.org\/wp-content\/uploads\/2023\/12\/Planisf-des_stitch-630x420.jpg 630w, https:\/\/www.cgfmanet.org\/wp-content\/uploads\/2023\/12\/Planisf-des_stitch-768x512.jpg 768w, https:\/\/www.cgfmanet.org\/wp-content\/uploads\/2023\/12\/Planisf-des_stitch-696x464.jpg 696w, https:\/\/www.cgfmanet.org\/wp-content\/uploads\/2023\/12\/Planisf-des_stitch.jpg 1200w\" data-sizes=\"auto\" alt=\"\" src=\"data:image\/svg+xml;base64,PHN2ZyB3aWR0aD0iMSIgaGVpZ2h0PSIxIiB4bWxucz0iaHR0cDovL3d3dy53My5vcmcvMjAwMC9zdmciPjwvc3ZnPg==\" class=\"lazyload\" style=\"--smush-placeholder-width: 630px; --smush-placeholder-aspect-ratio: 630\/420;\" data-original-sizes=\"(max-width: 630px) 100vw, 630px\">\r\n                            <\/a>\r\n                            <figcaption class = \"td-slide-caption td-gallery-slide-content\"><div class = \"td-gallery-slide-copywrite\">A expans\u00e3o do Instituto ao longo do tempo<\/div><\/figcaption>\r\n                        <\/figure>\r\n                    <\/div>\r\n                    <div class = \"td-slide-item td-item2\">\r\n                        <figure class=\"td-slide-galery-figure td-slide-popup-gallery\">\r\n                            <a class=\"slide-gallery-image-link\" href=\"https:\/\/www.cgfmanet.org\/wp-content\/uploads\/2023\/12\/viaggiB.jpg\" title=\"viaggiB\"  data-caption=\"As viagens de Madre Mazzarello\"  data-description=\"\">\r\n                                <img decoding=\"async\" data-src=\"https:\/\/www.cgfmanet.org\/wp-content\/uploads\/2023\/12\/viaggiB-630x420.jpg\" data-srcset=\"https:\/\/www.cgfmanet.org\/wp-content\/uploads\/2023\/12\/viaggiB-630x420.jpg 630w, https:\/\/www.cgfmanet.org\/wp-content\/uploads\/2023\/12\/viaggiB-768x512.jpg 768w, https:\/\/www.cgfmanet.org\/wp-content\/uploads\/2023\/12\/viaggiB-696x464.jpg 696w, https:\/\/www.cgfmanet.org\/wp-content\/uploads\/2023\/12\/viaggiB.jpg 1200w\" data-sizes=\"auto\" alt=\"\" src=\"data:image\/svg+xml;base64,PHN2ZyB3aWR0aD0iMSIgaGVpZ2h0PSIxIiB4bWxucz0iaHR0cDovL3d3dy53My5vcmcvMjAwMC9zdmciPjwvc3ZnPg==\" class=\"lazyload\" style=\"--smush-placeholder-width: 630px; --smush-placeholder-aspect-ratio: 630\/420;\" data-original-sizes=\"(max-width: 630px) 100vw, 630px\">\r\n                            <\/a>\r\n                            <figcaption class = \"td-slide-caption td-gallery-slide-content\"><div class = \"td-gallery-slide-copywrite\">As viagens de Madre Mazzarello<\/div><\/figcaption>\r\n                        <\/figure>\r\n                    <\/div>\r\n                    <div class = \"td-slide-item td-item3\">\r\n                        <figure class=\"td-slide-galery-figure td-slide-popup-gallery\">\r\n                            <a class=\"slide-gallery-image-link\" href=\"https:\/\/www.cgfmanet.org\/wp-content\/uploads\/2023\/12\/Europa.jpg\" title=\"Europa\"  data-caption=\"Funda\u00e7\u00f5es na Europa\"  data-description=\"\">\r\n                                <img decoding=\"async\" data-src=\"https:\/\/www.cgfmanet.org\/wp-content\/uploads\/2023\/12\/Europa-630x420.jpg\" data-srcset=\"https:\/\/www.cgfmanet.org\/wp-content\/uploads\/2023\/12\/Europa-630x420.jpg 630w, https:\/\/www.cgfmanet.org\/wp-content\/uploads\/2023\/12\/Europa-768x512.jpg 768w, https:\/\/www.cgfmanet.org\/wp-content\/uploads\/2023\/12\/Europa-696x464.jpg 696w, https:\/\/www.cgfmanet.org\/wp-content\/uploads\/2023\/12\/Europa.jpg 1200w\" data-sizes=\"auto\" alt=\"\" src=\"data:image\/svg+xml;base64,PHN2ZyB3aWR0aD0iMSIgaGVpZ2h0PSIxIiB4bWxucz0iaHR0cDovL3d3dy53My5vcmcvMjAwMC9zdmciPjwvc3ZnPg==\" class=\"lazyload\" style=\"--smush-placeholder-width: 630px; --smush-placeholder-aspect-ratio: 630\/420;\" data-original-sizes=\"(max-width: 630px) 100vw, 630px\">\r\n                            <\/a>\r\n                            <figcaption class = \"td-slide-caption td-gallery-slide-content\"><div class = \"td-gallery-slide-copywrite\">Funda\u00e7\u00f5es na Europa<\/div><\/figcaption>\r\n                        <\/figure>\r\n                    <\/div>\r\n                    <div class = \"td-slide-item td-item4\">\r\n                        <figure class=\"td-slide-galery-figure td-slide-popup-gallery\">\r\n                            <a class=\"slide-gallery-image-link\" href=\"https:\/\/www.cgfmanet.org\/wp-content\/uploads\/2023\/12\/America.jpg\" title=\"America\"  data-caption=\"Funda\u00e7\u00f5es na Am\u00e9rica\"  data-description=\"\">\r\n                                <img decoding=\"async\" data-src=\"https:\/\/www.cgfmanet.org\/wp-content\/uploads\/2023\/12\/America-630x420.jpg\" data-srcset=\"https:\/\/www.cgfmanet.org\/wp-content\/uploads\/2023\/12\/America-630x420.jpg 630w, https:\/\/www.cgfmanet.org\/wp-content\/uploads\/2023\/12\/America-768x512.jpg 768w, https:\/\/www.cgfmanet.org\/wp-content\/uploads\/2023\/12\/America-696x464.jpg 696w, https:\/\/www.cgfmanet.org\/wp-content\/uploads\/2023\/12\/America.jpg 1200w\" data-sizes=\"auto\" alt=\"\" src=\"data:image\/svg+xml;base64,PHN2ZyB3aWR0aD0iMSIgaGVpZ2h0PSIxIiB4bWxucz0iaHR0cDovL3d3dy53My5vcmcvMjAwMC9zdmciPjwvc3ZnPg==\" class=\"lazyload\" style=\"--smush-placeholder-width: 630px; --smush-placeholder-aspect-ratio: 630\/420;\" data-original-sizes=\"(max-width: 630px) 100vw, 630px\">\r\n                            <\/a>\r\n                            <figcaption class = \"td-slide-caption td-gallery-slide-content\"><div class = \"td-gallery-slide-copywrite\">Funda\u00e7\u00f5es na Am\u00e9rica<\/div><\/figcaption>\r\n                        <\/figure>\r\n                    <\/div>\r\n                    <div class = \"td-slide-item td-item5\">\r\n                        <figure class=\"td-slide-galery-figure td-slide-popup-gallery\">\r\n                            <a class=\"slide-gallery-image-link\" href=\"https:\/\/www.cgfmanet.org\/wp-content\/uploads\/2023\/12\/Asia.jpg\" title=\"Asia\"  data-caption=\"Funda\u00e7\u00f5es na \u00c1sia\"  data-description=\"\">\r\n                                <img decoding=\"async\" data-src=\"https:\/\/www.cgfmanet.org\/wp-content\/uploads\/2023\/12\/Asia-630x420.jpg\" data-srcset=\"https:\/\/www.cgfmanet.org\/wp-content\/uploads\/2023\/12\/Asia-630x420.jpg 630w, https:\/\/www.cgfmanet.org\/wp-content\/uploads\/2023\/12\/Asia-768x512.jpg 768w, https:\/\/www.cgfmanet.org\/wp-content\/uploads\/2023\/12\/Asia-696x464.jpg 696w, https:\/\/www.cgfmanet.org\/wp-content\/uploads\/2023\/12\/Asia.jpg 1200w\" data-sizes=\"auto\" alt=\"\" src=\"data:image\/svg+xml;base64,PHN2ZyB3aWR0aD0iMSIgaGVpZ2h0PSIxIiB4bWxucz0iaHR0cDovL3d3dy53My5vcmcvMjAwMC9zdmciPjwvc3ZnPg==\" class=\"lazyload\" style=\"--smush-placeholder-width: 630px; --smush-placeholder-aspect-ratio: 630\/420;\" data-original-sizes=\"(max-width: 630px) 100vw, 630px\">\r\n                            <\/a>\r\n                            <figcaption class = \"td-slide-caption td-gallery-slide-content\"><div class = \"td-gallery-slide-copywrite\">Funda\u00e7\u00f5es na \u00c1sia<\/div><\/figcaption>\r\n                        <\/figure>\r\n                    <\/div>\r\n                    <div class = \"td-slide-item td-item6\">\r\n                        <figure class=\"td-slide-galery-figure td-slide-popup-gallery\">\r\n                            <a class=\"slide-gallery-image-link\" href=\"https:\/\/www.cgfmanet.org\/wp-content\/uploads\/2023\/12\/Africa.jpg\" title=\"Africa\"  data-caption=\"Funda\u00e7\u00f5es em \u00c1frica\"  data-description=\"\">\r\n                                <img decoding=\"async\" data-src=\"https:\/\/www.cgfmanet.org\/wp-content\/uploads\/2023\/12\/Africa-630x420.jpg\" data-srcset=\"https:\/\/www.cgfmanet.org\/wp-content\/uploads\/2023\/12\/Africa-630x420.jpg 630w, https:\/\/www.cgfmanet.org\/wp-content\/uploads\/2023\/12\/Africa-768x512.jpg 768w, https:\/\/www.cgfmanet.org\/wp-content\/uploads\/2023\/12\/Africa-696x464.jpg 696w, https:\/\/www.cgfmanet.org\/wp-content\/uploads\/2023\/12\/Africa.jpg 1200w\" data-sizes=\"auto\" alt=\"\" src=\"data:image\/svg+xml;base64,PHN2ZyB3aWR0aD0iMSIgaGVpZ2h0PSIxIiB4bWxucz0iaHR0cDovL3d3dy53My5vcmcvMjAwMC9zdmciPjwvc3ZnPg==\" class=\"lazyload\" style=\"--smush-placeholder-width: 630px; --smush-placeholder-aspect-ratio: 630\/420;\" data-original-sizes=\"(max-width: 630px) 100vw, 630px\">\r\n                            <\/a>\r\n                            <figcaption class = \"td-slide-caption td-gallery-slide-content\"><div class = \"td-gallery-slide-copywrite\">Funda\u00e7\u00f5es em \u00c1frica<\/div><\/figcaption>\r\n                        <\/figure>\r\n                    <\/div>\r\n                    <div class = \"td-slide-item td-item7\">\r\n                        <figure class=\"td-slide-galery-figure td-slide-popup-gallery\">\r\n                            <a class=\"slide-gallery-image-link\" href=\"https:\/\/www.cgfmanet.org\/wp-content\/uploads\/2023\/12\/Oceania.jpg\" title=\"Oceania\"  data-caption=\"Funda\u00e7\u00f5es na Oceania\"  data-description=\"\">\r\n                                <img decoding=\"async\" data-src=\"https:\/\/www.cgfmanet.org\/wp-content\/uploads\/2023\/12\/Oceania-630x420.jpg\" data-srcset=\"https:\/\/www.cgfmanet.org\/wp-content\/uploads\/2023\/12\/Oceania-630x420.jpg 630w, https:\/\/www.cgfmanet.org\/wp-content\/uploads\/2023\/12\/Oceania-768x512.jpg 768w, https:\/\/www.cgfmanet.org\/wp-content\/uploads\/2023\/12\/Oceania-696x464.jpg 696w, https:\/\/www.cgfmanet.org\/wp-content\/uploads\/2023\/12\/Oceania.jpg 1200w\" data-sizes=\"auto\" alt=\"\" src=\"data:image\/svg+xml;base64,PHN2ZyB3aWR0aD0iMSIgaGVpZ2h0PSIxIiB4bWxucz0iaHR0cDovL3d3dy53My5vcmcvMjAwMC9zdmciPjwvc3ZnPg==\" class=\"lazyload\" style=\"--smush-placeholder-width: 630px; --smush-placeholder-aspect-ratio: 630\/420;\" data-original-sizes=\"(max-width: 630px) 100vw, 630px\">\r\n                            <\/a>\r\n                            <figcaption class = \"td-slide-caption td-gallery-slide-content\"><div class = \"td-gallery-slide-copywrite\">Funda\u00e7\u00f5es na Oceania<\/div><\/figcaption>\r\n                        <\/figure>\r\n                    <\/div>\r\n                            <\/div>\r\n                        <\/div>\r\n\r\n                        <div class = \"td-doubleSlider-2\">\r\n                            <div class = \"td-slider\">\r\n                                \r\n                    <div class = \"td-button td-item1\">\r\n                        <div class = \"td-border\"><\/div>\r\n                    <\/div>\r\n                    <div class = \"td-button td-item2\">\r\n                        <div class = \"td-border\"><\/div>\r\n                    <\/div>\r\n                    <div class = \"td-button td-item3\">\r\n                        <div class = \"td-border\"><\/div>\r\n                    <\/div>\r\n                    <div class = \"td-button td-item4\">\r\n                        <div class = \"td-border\"><\/div>\r\n                    <\/div>\r\n                    <div class = \"td-button td-item5\">\r\n                        <div class = \"td-border\"><\/div>\r\n                    <\/div>\r\n                    <div class = \"td-button td-item6\">\r\n                        <div class = \"td-border\"><\/div>\r\n                    <\/div>\r\n                    <div class = \"td-button td-item7\">\r\n                        <div class = \"td-border\"><\/div>\r\n                    <\/div>\r\n                            <\/div>\r\n                        <\/div>\r\n\r\n                    <\/div>\r\n\r\n                <\/div>\r\n                \n<p>As FMA conhecem at\u00e9 hoje um not\u00e1vel desenvolvimento geogr\u00e1fico, que as orienta a dar respostas \u00e0s necessidades educacionais e emergentes nos cinco continentes, com uma variedade de obras educativas e promocionais surgidas da criatividade e da aud\u00e1cia apost\u00f3lica das FMA. Em toda parte elas respondem \u00e0s in\u00e9ditas pobrezas das crian\u00e7as de ambos os sexos, das jovens, das fam\u00edlias, dos migrantes. Deste modo o Instituto continua a experimentar novas formas de vitalidade carism\u00e1tica, tamb\u00e9m gra\u00e7as \u00e0 valoriza\u00e7\u00e3o da voca\u00e7\u00e3o laical das Ex-Alunas\/os e dos Salesianos Cooperadores com os quais compartilha a miss\u00e3o educacional.<\/p>\n<p><a href=\"https:\/\/drive.google.com\/open?id=11AszIFrSeO149s3WxNBlsYz9Nma9IN-o\" target=\"_blank\" rel=\"noopener noreferrer\"><strong>Santidade salesiana Instituto FMA (Perfis)<\/strong><\/a><\/p>\n<p><em>&#8220;Os santos s\u00e3o o reflexo da presen\u00e7a de Deus. Os santos s\u00e3o nossos irm\u00e3os e irm\u00e3s que acolheram a luz de Deus em seu cora\u00e7\u00e3o e a transmitiram ao mundo, cada qual segundo a pr\u00f3pria tonalidade. Este \u00e9 o objetivo da vida: fazer passar a luz de Deus&#8221; (Papa Francesco).<\/em><\/p>\n<p><a href=\"https:\/\/drive.google.com\/drive\/u\/1\/folders\/1f6nzkznHtb5vtTeGAM5VNYPMna4ImuBn\" target=\"_blank\" rel=\"noopener noreferrer\"><strong>Mostra do Carisma Salesiano FMA<\/strong><\/a><\/p>\n<p><a href=\"https:\/\/drive.google.com\/drive\/u\/0\/folders\/10_LY6NiZME5f3LUdN3g3AO5ZkEaLJ3yO\" target=\"_blank\" rel=\"noopener noreferrer\"><strong>Mostra Mariana<\/strong><\/a><\/p>\n","protected":false},"excerpt":{"rendered":"<p>Dom Bosco chegou \u00e0 decis\u00e3o de fundar uma Congrega\u00e7\u00e3o religiosa feminina para a educa\u00e7\u00e3o das jovens em aten\u00e7\u00e3o aos pedidos do seu contexto, da constata\u00e7\u00e3o do estado de abandono e [&hellip;]<\/p>\n","protected":false},"author":45,"featured_media":0,"parent":0,"menu_order":0,"comment_status":"closed","ping_status":"closed","template":"","meta":{"footnotes":""},"class_list":["post-15035","page","type-page","status-publish"],"yoast_head":"<!-- This site is optimized with the Yoast SEO plugin v27.4 - https:\/\/yoast.com\/product\/yoast-seo-wordpress\/ -->\n<title>Uma Mem\u00f3ria que se faz Hist\u00f3ria &#8226; Istituto Figlie di Maria Ausiliatrice<\/title>\n<meta name=\"robots\" content=\"index, follow, max-snippet:-1, max-image-preview:large, max-video-preview:-1\" \/>\n<link rel=\"canonical\" href=\"https:\/\/www.cgfmanet.org\/pt-pt\/uma-memoria-que-se-faz-historia\/\" \/>\n<meta property=\"og:locale\" content=\"pt_PT\" \/>\n<meta property=\"og:type\" content=\"article\" \/>\n<meta property=\"og:title\" content=\"Uma Mem\u00f3ria que se faz Hist\u00f3ria &#8226; Istituto Figlie di Maria Ausiliatrice\" \/>\n<meta property=\"og:description\" content=\"Dom Bosco chegou \u00e0 decis\u00e3o de fundar uma Congrega\u00e7\u00e3o religiosa feminina para a educa\u00e7\u00e3o das jovens em aten\u00e7\u00e3o aos pedidos do seu contexto, da constata\u00e7\u00e3o do estado de abandono e [&hellip;]\" \/>\n<meta property=\"og:url\" content=\"https:\/\/www.cgfmanet.org\/pt-pt\/uma-memoria-que-se-faz-historia\/\" \/>\n<meta property=\"og:site_name\" content=\"Istituto Figlie di Maria Ausiliatrice\" \/>\n<meta property=\"article:publisher\" content=\"https:\/\/www.facebook.com\/salesian.sisters.of.don.bosco\/\" \/>\n<meta property=\"article:modified_time\" content=\"2023-12-07T10:05:27+00:00\" \/>\n<meta property=\"og:image\" content=\"https:\/\/www.cgfmanet.org\/wp-content\/uploads\/2023\/12\/Planisf-des_stitch-630x420.jpg\" \/>\n<meta name=\"twitter:card\" content=\"summary_large_image\" \/>\n<meta name=\"twitter:site\" content=\"@Cgfmanet_Org\" \/>\n<meta name=\"twitter:label1\" content=\"Tempo estimado de leitura\" \/>\n\t<meta name=\"twitter:data1\" content=\"5 minutos\" \/>\n<script type=\"application\/ld+json\" class=\"yoast-schema-graph\">{\"@context\":\"https:\\\/\\\/schema.org\",\"@graph\":[{\"@type\":\"WebPage\",\"@id\":\"https:\\\/\\\/www.cgfmanet.org\\\/pt-pt\\\/uma-memoria-que-se-faz-historia\\\/\",\"url\":\"https:\\\/\\\/www.cgfmanet.org\\\/pt-pt\\\/uma-memoria-que-se-faz-historia\\\/\",\"name\":\"Uma Mem\u00f3ria que se faz Hist\u00f3ria &#8226; Istituto Figlie di Maria Ausiliatrice\",\"isPartOf\":{\"@id\":\"https:\\\/\\\/www.cgfmanet.org\\\/es\\\/#website\"},\"primaryImageOfPage\":{\"@id\":\"https:\\\/\\\/www.cgfmanet.org\\\/pt-pt\\\/uma-memoria-que-se-faz-historia\\\/#primaryimage\"},\"image\":{\"@id\":\"https:\\\/\\\/www.cgfmanet.org\\\/pt-pt\\\/uma-memoria-que-se-faz-historia\\\/#primaryimage\"},\"thumbnailUrl\":\"https:\\\/\\\/www.cgfmanet.org\\\/wp-content\\\/uploads\\\/2019\\\/12\\\/La-consacrazione.jpg\",\"datePublished\":\"2019-11-13T11:34:43+00:00\",\"dateModified\":\"2023-12-07T10:05:27+00:00\",\"breadcrumb\":{\"@id\":\"https:\\\/\\\/www.cgfmanet.org\\\/pt-pt\\\/uma-memoria-que-se-faz-historia\\\/#breadcrumb\"},\"inLanguage\":\"pt-PT\",\"potentialAction\":[{\"@type\":\"ReadAction\",\"target\":[\"https:\\\/\\\/www.cgfmanet.org\\\/pt-pt\\\/uma-memoria-que-se-faz-historia\\\/\"]}]},{\"@type\":\"ImageObject\",\"inLanguage\":\"pt-PT\",\"@id\":\"https:\\\/\\\/www.cgfmanet.org\\\/pt-pt\\\/uma-memoria-que-se-faz-historia\\\/#primaryimage\",\"url\":\"https:\\\/\\\/www.cgfmanet.org\\\/wp-content\\\/uploads\\\/2019\\\/12\\\/La-consacrazione.jpg\",\"contentUrl\":\"https:\\\/\\\/www.cgfmanet.org\\\/wp-content\\\/uploads\\\/2019\\\/12\\\/La-consacrazione.jpg\"},{\"@type\":\"BreadcrumbList\",\"@id\":\"https:\\\/\\\/www.cgfmanet.org\\\/pt-pt\\\/uma-memoria-que-se-faz-historia\\\/#breadcrumb\",\"itemListElement\":[{\"@type\":\"ListItem\",\"position\":1,\"name\":\"Home\",\"item\":\"https:\\\/\\\/www.cgfmanet.org\\\/pt-pt\\\/\"},{\"@type\":\"ListItem\",\"position\":2,\"name\":\"Uma Mem\u00f3ria que se faz Hist\u00f3ria\"}]},{\"@type\":\"WebSite\",\"@id\":\"https:\\\/\\\/www.cgfmanet.org\\\/es\\\/#website\",\"url\":\"https:\\\/\\\/www.cgfmanet.org\\\/es\\\/\",\"name\":\"Istituto Figlie di Maria Ausiliatrice\",\"description\":\"Salesiane di Don Bosco\",\"publisher\":{\"@id\":\"https:\\\/\\\/www.cgfmanet.org\\\/es\\\/#organization\"},\"potentialAction\":[{\"@type\":\"SearchAction\",\"target\":{\"@type\":\"EntryPoint\",\"urlTemplate\":\"https:\\\/\\\/www.cgfmanet.org\\\/es\\\/?s={search_term_string}\"},\"query-input\":{\"@type\":\"PropertyValueSpecification\",\"valueRequired\":true,\"valueName\":\"search_term_string\"}}],\"inLanguage\":\"pt-PT\"},{\"@type\":\"Organization\",\"@id\":\"https:\\\/\\\/www.cgfmanet.org\\\/es\\\/#organization\",\"name\":\"Istituto Figlie di Maria Ausiliatrice\",\"url\":\"https:\\\/\\\/www.cgfmanet.org\\\/es\\\/\",\"logo\":{\"@type\":\"ImageObject\",\"inLanguage\":\"pt-PT\",\"@id\":\"https:\\\/\\\/www.cgfmanet.org\\\/es\\\/#\\\/schema\\\/logo\\\/image\\\/\",\"url\":\"https:\\\/\\\/www.cgfmanet.org\\\/wp-content\\\/uploads\\\/2018\\\/10\\\/logo-fma.png\",\"contentUrl\":\"https:\\\/\\\/www.cgfmanet.org\\\/wp-content\\\/uploads\\\/2018\\\/10\\\/logo-fma.png\",\"width\":214,\"height\":55,\"caption\":\"Istituto Figlie di Maria Ausiliatrice\"},\"image\":{\"@id\":\"https:\\\/\\\/www.cgfmanet.org\\\/es\\\/#\\\/schema\\\/logo\\\/image\\\/\"},\"sameAs\":[\"https:\\\/\\\/www.facebook.com\\\/salesian.sisters.of.don.bosco\\\/\",\"https:\\\/\\\/x.com\\\/Cgfmanet_Org\",\"https:\\\/\\\/www.youtube.com\\\/channel\\\/UCmcr8yFQBV7JXeXVxyV9y5Q\"]}]}<\/script>\n<!-- \/ Yoast SEO plugin. -->","yoast_head_json":{"title":"Uma Mem\u00f3ria que se faz Hist\u00f3ria &#8226; Istituto Figlie di Maria Ausiliatrice","robots":{"index":"index","follow":"follow","max-snippet":"max-snippet:-1","max-image-preview":"max-image-preview:large","max-video-preview":"max-video-preview:-1"},"canonical":"https:\/\/www.cgfmanet.org\/pt-pt\/uma-memoria-que-se-faz-historia\/","og_locale":"pt_PT","og_type":"article","og_title":"Uma Mem\u00f3ria que se faz Hist\u00f3ria &#8226; Istituto Figlie di Maria Ausiliatrice","og_description":"Dom Bosco chegou \u00e0 decis\u00e3o de fundar uma Congrega\u00e7\u00e3o religiosa feminina para a educa\u00e7\u00e3o das jovens em aten\u00e7\u00e3o aos pedidos do seu contexto, da constata\u00e7\u00e3o do estado de abandono e [&hellip;]","og_url":"https:\/\/www.cgfmanet.org\/pt-pt\/uma-memoria-que-se-faz-historia\/","og_site_name":"Istituto Figlie di Maria Ausiliatrice","article_publisher":"https:\/\/www.facebook.com\/salesian.sisters.of.don.bosco\/","article_modified_time":"2023-12-07T10:05:27+00:00","og_image":[{"url":"https:\/\/www.cgfmanet.org\/wp-content\/uploads\/2023\/12\/Planisf-des_stitch-630x420.jpg","type":"","width":"","height":""}],"twitter_card":"summary_large_image","twitter_site":"@Cgfmanet_Org","twitter_misc":{"Tempo estimado de leitura":"5 minutos"},"schema":{"@context":"https:\/\/schema.org","@graph":[{"@type":"WebPage","@id":"https:\/\/www.cgfmanet.org\/pt-pt\/uma-memoria-que-se-faz-historia\/","url":"https:\/\/www.cgfmanet.org\/pt-pt\/uma-memoria-que-se-faz-historia\/","name":"Uma Mem\u00f3ria que se faz Hist\u00f3ria &#8226; Istituto Figlie di Maria Ausiliatrice","isPartOf":{"@id":"https:\/\/www.cgfmanet.org\/es\/#website"},"primaryImageOfPage":{"@id":"https:\/\/www.cgfmanet.org\/pt-pt\/uma-memoria-que-se-faz-historia\/#primaryimage"},"image":{"@id":"https:\/\/www.cgfmanet.org\/pt-pt\/uma-memoria-que-se-faz-historia\/#primaryimage"},"thumbnailUrl":"https:\/\/www.cgfmanet.org\/wp-content\/uploads\/2019\/12\/La-consacrazione.jpg","datePublished":"2019-11-13T11:34:43+00:00","dateModified":"2023-12-07T10:05:27+00:00","breadcrumb":{"@id":"https:\/\/www.cgfmanet.org\/pt-pt\/uma-memoria-que-se-faz-historia\/#breadcrumb"},"inLanguage":"pt-PT","potentialAction":[{"@type":"ReadAction","target":["https:\/\/www.cgfmanet.org\/pt-pt\/uma-memoria-que-se-faz-historia\/"]}]},{"@type":"ImageObject","inLanguage":"pt-PT","@id":"https:\/\/www.cgfmanet.org\/pt-pt\/uma-memoria-que-se-faz-historia\/#primaryimage","url":"https:\/\/www.cgfmanet.org\/wp-content\/uploads\/2019\/12\/La-consacrazione.jpg","contentUrl":"https:\/\/www.cgfmanet.org\/wp-content\/uploads\/2019\/12\/La-consacrazione.jpg"},{"@type":"BreadcrumbList","@id":"https:\/\/www.cgfmanet.org\/pt-pt\/uma-memoria-que-se-faz-historia\/#breadcrumb","itemListElement":[{"@type":"ListItem","position":1,"name":"Home","item":"https:\/\/www.cgfmanet.org\/pt-pt\/"},{"@type":"ListItem","position":2,"name":"Uma Mem\u00f3ria que se faz Hist\u00f3ria"}]},{"@type":"WebSite","@id":"https:\/\/www.cgfmanet.org\/es\/#website","url":"https:\/\/www.cgfmanet.org\/es\/","name":"Istituto Figlie di Maria Ausiliatrice","description":"Salesiane di Don Bosco","publisher":{"@id":"https:\/\/www.cgfmanet.org\/es\/#organization"},"potentialAction":[{"@type":"SearchAction","target":{"@type":"EntryPoint","urlTemplate":"https:\/\/www.cgfmanet.org\/es\/?s={search_term_string}"},"query-input":{"@type":"PropertyValueSpecification","valueRequired":true,"valueName":"search_term_string"}}],"inLanguage":"pt-PT"},{"@type":"Organization","@id":"https:\/\/www.cgfmanet.org\/es\/#organization","name":"Istituto Figlie di Maria Ausiliatrice","url":"https:\/\/www.cgfmanet.org\/es\/","logo":{"@type":"ImageObject","inLanguage":"pt-PT","@id":"https:\/\/www.cgfmanet.org\/es\/#\/schema\/logo\/image\/","url":"https:\/\/www.cgfmanet.org\/wp-content\/uploads\/2018\/10\/logo-fma.png","contentUrl":"https:\/\/www.cgfmanet.org\/wp-content\/uploads\/2018\/10\/logo-fma.png","width":214,"height":55,"caption":"Istituto Figlie di Maria Ausiliatrice"},"image":{"@id":"https:\/\/www.cgfmanet.org\/es\/#\/schema\/logo\/image\/"},"sameAs":["https:\/\/www.facebook.com\/salesian.sisters.of.don.bosco\/","https:\/\/x.com\/Cgfmanet_Org","https:\/\/www.youtube.com\/channel\/UCmcr8yFQBV7JXeXVxyV9y5Q"]}]}},"_links":{"self":[{"href":"https:\/\/www.cgfmanet.org\/pt-pt\/wp-json\/wp\/v2\/pages\/15035","targetHints":{"allow":["GET"]}}],"collection":[{"href":"https:\/\/www.cgfmanet.org\/pt-pt\/wp-json\/wp\/v2\/pages"}],"about":[{"href":"https:\/\/www.cgfmanet.org\/pt-pt\/wp-json\/wp\/v2\/types\/page"}],"author":[{"embeddable":true,"href":"https:\/\/www.cgfmanet.org\/pt-pt\/wp-json\/wp\/v2\/users\/45"}],"replies":[{"embeddable":true,"href":"https:\/\/www.cgfmanet.org\/pt-pt\/wp-json\/wp\/v2\/comments?post=15035"}],"version-history":[{"count":0,"href":"https:\/\/www.cgfmanet.org\/pt-pt\/wp-json\/wp\/v2\/pages\/15035\/revisions"}],"wp:attachment":[{"href":"https:\/\/www.cgfmanet.org\/pt-pt\/wp-json\/wp\/v2\/media?parent=15035"}],"curies":[{"name":"wp","href":"https:\/\/api.w.org\/{rel}","templated":true}]}}