{"id":15021,"date":"2019-11-13T12:50:18","date_gmt":"2019-11-13T11:50:18","guid":{"rendered":"https:\/\/www.cgfmanet.org\/maria-domenica-mazzarello\/"},"modified":"2019-12-30T15:49:45","modified_gmt":"2019-12-30T14:49:45","slug":"maria-domingas-mazzarello","status":"publish","type":"page","link":"https:\/\/www.cgfmanet.org\/pt-pt\/maria-domingas-mazzarello\/","title":{"rendered":"Maria Domingas Mazzarello"},"content":{"rendered":"<div style=\"margin-top: 50px;\">\n<p><strong><strong><img decoding=\"async\" class=\"wp-image-13741 alignleft lazyload\" data-src=\"https:\/\/www.cgfmanet.org\/wp-content\/uploads\/2019\/12\/Profilo-Madre-Mazzarello-2.jpg\" alt=\"\" width=\"251\" height=\"300\" data-srcset=\"https:\/\/www.cgfmanet.org\/wp-content\/uploads\/2019\/12\/Profilo-Madre-Mazzarello-2.jpg 1483w, https:\/\/www.cgfmanet.org\/wp-content\/uploads\/2019\/12\/Profilo-Madre-Mazzarello-2-768x920.jpg 768w, https:\/\/www.cgfmanet.org\/wp-content\/uploads\/2019\/12\/Profilo-Madre-Mazzarello-2-1283x1536.jpg 1283w, https:\/\/www.cgfmanet.org\/wp-content\/uploads\/2019\/12\/Profilo-Madre-Mazzarello-2-696x834.jpg 696w, https:\/\/www.cgfmanet.org\/wp-content\/uploads\/2019\/12\/Profilo-Madre-Mazzarello-2-351x420.jpg 351w, https:\/\/www.cgfmanet.org\/wp-content\/uploads\/2019\/12\/Profilo-Madre-Mazzarello-2-1320x1581.jpg 1320w\" data-sizes=\"auto\" src=\"data:image\/svg+xml;base64,PHN2ZyB3aWR0aD0iMSIgaGVpZ2h0PSIxIiB4bWxucz0iaHR0cDovL3d3dy53My5vcmcvMjAwMC9zdmciPjwvc3ZnPg==\" style=\"--smush-placeholder-width: 251px; --smush-placeholder-aspect-ratio: 251\/300;\" data-original-sizes=\"(max-width: 251px) 100vw, 251px\" \/><\/strong>Santa Maria Domingas Mazzarello<\/strong> nasce em 9 de maio de 1837 em Mornese (It\u00e1lia). Cofundadora, juntamente com Dom Bosco, do Instituto das Filhas de Maria Auxiliadora. <strong>Beatificada em 20 de novembro de 1938; Canonizada em 24 de junho de 1951.<\/strong><strong>\u00a0<\/strong><\/p>\n<p>Maria Domingas nasceu em uma numerosa fam\u00edlia de camponeses. Dota de for\u00e7a f\u00edsica n\u00e3o comum, desde menina trabalha nos campos com o pai Giuseppe. \u00c9 formada na fam\u00edlia em um profundo sentido de Deus, a uma laboriosidade incans\u00e1vel e \u00e0quele acentuado senso pr\u00e1tico e profundidade de juizo que manifestou em seguida, tamb\u00e9m como Superiora. Em 1855 inscreveu-se na Associa\u00e7\u00e3o das Filhas da Imaculada cultivando uma profunda espiritualidade apost\u00f3lica.<strong>\u00a0<\/strong><\/p>\n<p>Em 1860 tamb\u00e9m a aldeia de Mornese \u00e9 atingida pelo tifo. Seu confessor, Pe.Domingos Pestarino, sugere que ela v\u00e1 cuidar de alguns parentes necessitados de assist\u00eancia. Maria aceita, mesmo sabendo que podia ser contagiada, e o foi de fato.\u00a0 Recuperada a sa\u00fade sente-se constrangida a deixar o trabalho agr\u00edcola, n\u00e3o s\u00f3 pela perda da for\u00e7a f\u00edsica da qual gozou antes, mas tamb\u00e9m porque surge nela uma clara intui\u00e7\u00e3o que considera um chamado de Deus. Dedica-se assim \u00e0 educa\u00e7\u00e3o das meninas da aldeia abrindo uma oficina de costura, um orat\u00f3rio festivo e depois uma casa para crian\u00e7as sem fam\u00edlia. Envolve a <strong>amiga Petronilla <\/strong>em seu projeto e aprende a profiss\u00e3o de <strong>costureira <\/strong>para ensinar as meninas pobres n\u00e3o s\u00f3 a costurar, mas especialmente a conhecer e amar a Deus. Em seguida, em uma misteriosa vis\u00e3o, v\u00ea um grande edif\u00edcio com muitas meninas que correm no p\u00e1tio, e ouve uma voz: <strong>\u201cA voc\u00ea as confio\u201d. <\/strong><\/p>\n<p>Acolhe ent\u00e3o a primeira orf\u00e3zinha das quais passa a cuidar com ternura de m\u00e3e, ajudada nesta miss\u00e3o por algumas outras jovens pertencentes, como ela, \u00e0s <strong>Filhas da Imaculada.<br \/>\n<\/strong>Em 1864 Dom Bosco vem de Turim a Mornese, com seus jovens em um passeio de outono e, encontrando Pe.Pestarino que se tornara Salesiano no ano anterior, fala-lhe da exig\u00eancia de colaborar em seu desejo de abrir um col\u00e9gio para os meninos da aldeia e arredores. Nessa ocasi\u00e3o Maria Domingas percebe que est\u00e1 se encontrando com um santo e diz: <strong>\u201c<em>Dom Bosco \u00e9 um santo, e eu o sinto\u201d.<br \/>\n<\/em><\/strong>O Papa Pio IX encoraja Dom Bosco, que h\u00e1 anos cultiva no cora\u00e7\u00e3o o projeto de fundar um Instituto feminino, e decidir de fazer para as meninas o que ele est\u00e1 realizando para os meninos. Com a s\u00e1bia colabora\u00e7\u00e3o de <strong>Pe.Pestarino, <\/strong>escolhe entre as Filhas da Imaculada as primeiras pedras fundamentais do futuro Instituto. Elas habitar\u00e1o no col\u00e9gio apenas consruido em Mornese, que se torna a casa da nova funda\u00e7\u00e3o.<\/p>\n<p>No dia <strong>5 de agosto de 1872 <\/strong>as primeira onze jovens emitem a profiss\u00e3o religiosa nas m\u00e3os do Bispo de Acqui, Dom Giuseppe Sciandra, na presen\u00e7a de Dom Bosco.\u00a0 O Instituto chamado Filhas de Maria Auxiliadora cresce rapidamente e Ir. Maria Mazzarello como Superiora se demonstra h\u00e1bil formadora e mestra de vida espiritual. Entre ela e Dom Bosco h\u00e1 uma sintonia profunda em n\u00edvel carism\u00e1tico; Maria Domingas tem uma acentuada capacidade educativa, o dom da alegria serena e tranquilizanate, e a arte de envolver outras jovens no compromisso de se dedicarem \u00e0 promo\u00e7\u00e3o da mulher para que possa ser na familia, na Igreja e na sociedade boa crist\u00e3 e honesta cidad\u00e3.<br \/>\nEm 1877, compartilhando o ardor mission\u00e1rio dos irm\u00e3os Salesianos, as primeiras FMA partem para as miss\u00f5es e fundam a primeira comunidade no Uruguai, \u00e0 qual se seguir\u00e3o as casas da Argentina, depois de um ano.<\/p>\n<p>Ir. Maria Domingas, atingida aos 44 anos por uma forma grave de pleurite, morre <strong>no dia 14 de maio de 1881 em Nizza Monferrato <\/strong>para onde foi transferida a primeira comunidade das FMA dois anos antes. A partir de ent\u00e3o se chamar\u00e1 Casa M\u00e3e.<br \/>\nPara suas Filhas deixa uma tradi\u00e7\u00e3o educacional toda permeada de valores eveng\u00e9licos: a busca de Deus conhecido atrav\u00e9s de uma catequese iluminada, de amor ardente a Jesus Eucaristia e de confian\u00e7a filial em Maria Auxiliadora, de responsabilidade no trabalho, de abertura, humildade e alegria, de sobriedade de vida e total doa\u00e7\u00e3o de si na busca do verdadeiro bem das meninas, especialmente pobres e necessitadas, seja na p\u00e1tria ou nos v\u00e1rios pa\u00edses de miss\u00e3o.<\/p>\n<\/div>\n<div><\/div>\n\r\n                <style type=\"text\/css\">\r\n                    \r\n                    #tdi_1  .td-doubleSlider-2 .td-item1 {\r\n                        background: url(https:\/\/www.cgfmanet.org\/wp-content\/uploads\/2019\/12\/1-Mornese-80x60.jpg) 0 0 no-repeat;\r\n                    }\r\n                    #tdi_1  .td-doubleSlider-2 .td-item2 {\r\n                        background: url(https:\/\/www.cgfmanet.org\/wp-content\/uploads\/2019\/12\/2-La-cameretta-di-M.-Mazzarello-80x60.jpg) 0 0 no-repeat;\r\n                    }\r\n                    #tdi_1  .td-doubleSlider-2 .td-item3 {\r\n                        background: url(https:\/\/www.cgfmanet.org\/wp-content\/uploads\/2019\/12\/2-La-Casa-natia-80x60.jpg) 0 0 no-repeat;\r\n                    }\r\n                    #tdi_1  .td-doubleSlider-2 .td-item4 {\r\n                        background: url(https:\/\/www.cgfmanet.org\/wp-content\/uploads\/2019\/12\/3-La-Chiesetta-Maria-Ausiliatrice-80x60.jpg) 0 0 no-repeat;\r\n                    }\r\n                    #tdi_1  .td-doubleSlider-2 .td-item5 {\r\n                        background: url(https:\/\/www.cgfmanet.org\/wp-content\/uploads\/2019\/12\/4-Il-Santuario-Santa-Maria-Mazzarello-80x60.jpg) 0 0 no-repeat;\r\n                    }\r\n                    #tdi_1  .td-doubleSlider-2 .td-item6 {\r\n                        background: url(https:\/\/www.cgfmanet.org\/wp-content\/uploads\/2019\/12\/5-Il-Santuario-Santa-Maria-Mazzarello-2-80x60.jpg) 0 0 no-repeat;\r\n                    }\r\n                    #tdi_1  .td-doubleSlider-2 .td-item7 {\r\n                        background: url(https:\/\/www.cgfmanet.org\/wp-content\/uploads\/2019\/12\/6-Loratorio-Festivo-80x60.jpg) 0 0 no-repeat;\r\n                    }\r\n                    #tdi_1  .td-doubleSlider-2 .td-item8 {\r\n                        background: url(https:\/\/www.cgfmanet.org\/wp-content\/uploads\/2019\/12\/7-La-Parrocchia-Santa-Maria-2-80x60.jpg) 0 0 no-repeat;\r\n                    }\r\n                    #tdi_1  .td-doubleSlider-2 .td-item9 {\r\n                        background: url(https:\/\/www.cgfmanet.org\/wp-content\/uploads\/2019\/12\/8-Il-Collegio-80x60.jpg) 0 0 no-repeat;\r\n                    }\r\n                    #tdi_1  .td-doubleSlider-2 .td-item10 {\r\n                        background: url(https:\/\/www.cgfmanet.org\/wp-content\/uploads\/2019\/12\/10-La-Cappella-del-Collegio-80x60.jpg) 0 0 no-repeat;\r\n                    }\r\n                    #tdi_1  .td-doubleSlider-2 .td-item11 {\r\n                        background: url(https:\/\/www.cgfmanet.org\/wp-content\/uploads\/2019\/12\/12-La-Valponasca-80x60.jpg) 0 0 no-repeat;\r\n                    }\r\n                    #tdi_1  .td-doubleSlider-2 .td-item12 {\r\n                        background: url(https:\/\/www.cgfmanet.org\/wp-content\/uploads\/2019\/12\/13-I-vigneti-alla-Valponasca-80x60.jpg) 0 0 no-repeat;\r\n                    }\r\n                <\/style>\r\n\r\n                <div id=\"tdi_1\" class=\"td-gallery td-slide-on-2-columns\">\r\n                    <div class=\"post_td_gallery\">\r\n                        <div class=\"td-gallery-slide-top\">\r\n                           <div class=\"td-gallery-title\">Mornese, lugares da Santa<\/div>\r\n\r\n                            <div class=\"td-gallery-controls-wrapper\">\r\n                                <div class=\"td-gallery-slide-count\"><span class=\"td-gallery-slide-item-focus\">1<\/span> do 12<\/div>\r\n                                <div class=\"td-gallery-slide-prev-next-but\">\r\n                                    <i class = \"td-icon-left doubleSliderPrevButton\"><\/i>\r\n                                    <i class = \"td-icon-right doubleSliderNextButton\"><\/i>\r\n                                <\/div>\r\n                            <\/div>\r\n                        <\/div>\r\n\r\n                        <div class = \"td-doubleSlider-1 \">\r\n                            <div class = \"td-slider\">\r\n                                \r\n                    <div class = \"td-slide-item td-item1\">\r\n                        <figure class=\"td-slide-galery-figure td-slide-popup-gallery\">\r\n                            <a class=\"slide-gallery-image-link\" href=\"https:\/\/www.cgfmanet.org\/wp-content\/uploads\/2019\/12\/1-Mornese.jpg\" title=\"1 Mornese\"  data-caption=\"Mornese, paesaggio\"  data-description=\"\">\r\n                                <img decoding=\"async\" data-src=\"https:\/\/www.cgfmanet.org\/wp-content\/uploads\/2019\/12\/1-Mornese-627x420.jpg\" data-srcset=\"https:\/\/www.cgfmanet.org\/wp-content\/uploads\/2019\/12\/1-Mornese-627x420.jpg 627w, https:\/\/www.cgfmanet.org\/wp-content\/uploads\/2019\/12\/1-Mornese-768x514.jpg 768w, https:\/\/www.cgfmanet.org\/wp-content\/uploads\/2019\/12\/1-Mornese-696x466.jpg 696w, https:\/\/www.cgfmanet.org\/wp-content\/uploads\/2019\/12\/1-Mornese-1320x884.jpg 1320w, https:\/\/www.cgfmanet.org\/wp-content\/uploads\/2019\/12\/1-Mornese.jpg 1500w\" data-sizes=\"auto\" alt=\"\" src=\"data:image\/svg+xml;base64,PHN2ZyB3aWR0aD0iMSIgaGVpZ2h0PSIxIiB4bWxucz0iaHR0cDovL3d3dy53My5vcmcvMjAwMC9zdmciPjwvc3ZnPg==\" class=\"lazyload\" style=\"--smush-placeholder-width: 627px; --smush-placeholder-aspect-ratio: 627\/420;\" data-original-sizes=\"(max-width: 627px) 100vw, 627px\">\r\n                            <\/a>\r\n                            <figcaption class = \"td-slide-caption td-gallery-slide-content\"><div class = \"td-gallery-slide-copywrite\">Mornese, paesaggio<\/div><\/figcaption>\r\n                        <\/figure>\r\n                    <\/div>\r\n                    <div class = \"td-slide-item td-item2\">\r\n                        <figure class=\"td-slide-galery-figure td-slide-popup-gallery\">\r\n                            <a class=\"slide-gallery-image-link\" href=\"https:\/\/www.cgfmanet.org\/wp-content\/uploads\/2019\/12\/2-La-cameretta-di-M.-Mazzarello.jpg\" title=\"2 La cameretta di M. Mazzarello\"  data-caption=\"La cameretta di Madre Mazzarello\"  data-description=\"\">\r\n                                <img decoding=\"async\" data-src=\"https:\/\/www.cgfmanet.org\/wp-content\/uploads\/2019\/12\/2-La-cameretta-di-M.-Mazzarello-627x420.jpg\" data-srcset=\"https:\/\/www.cgfmanet.org\/wp-content\/uploads\/2019\/12\/2-La-cameretta-di-M.-Mazzarello-627x420.jpg 627w, https:\/\/www.cgfmanet.org\/wp-content\/uploads\/2019\/12\/2-La-cameretta-di-M.-Mazzarello-768x514.jpg 768w, https:\/\/www.cgfmanet.org\/wp-content\/uploads\/2019\/12\/2-La-cameretta-di-M.-Mazzarello-696x466.jpg 696w, https:\/\/www.cgfmanet.org\/wp-content\/uploads\/2019\/12\/2-La-cameretta-di-M.-Mazzarello-1320x884.jpg 1320w, https:\/\/www.cgfmanet.org\/wp-content\/uploads\/2019\/12\/2-La-cameretta-di-M.-Mazzarello.jpg 1500w\" data-sizes=\"auto\" alt=\"\" src=\"data:image\/svg+xml;base64,PHN2ZyB3aWR0aD0iMSIgaGVpZ2h0PSIxIiB4bWxucz0iaHR0cDovL3d3dy53My5vcmcvMjAwMC9zdmciPjwvc3ZnPg==\" class=\"lazyload\" style=\"--smush-placeholder-width: 627px; --smush-placeholder-aspect-ratio: 627\/420;\" data-original-sizes=\"(max-width: 627px) 100vw, 627px\">\r\n                            <\/a>\r\n                            <figcaption class = \"td-slide-caption td-gallery-slide-content\"><div class = \"td-gallery-slide-copywrite\">La cameretta di Madre Mazzarello<\/div><\/figcaption>\r\n                        <\/figure>\r\n                    <\/div>\r\n                    <div class = \"td-slide-item td-item3\">\r\n                        <figure class=\"td-slide-galery-figure td-slide-popup-gallery\">\r\n                            <a class=\"slide-gallery-image-link\" href=\"https:\/\/www.cgfmanet.org\/wp-content\/uploads\/2019\/12\/2-La-Casa-natia-scaled.jpg\" title=\"2 La Casa-natia\"  data-caption=\"La Casa-natia\"  data-description=\"\">\r\n                                <img decoding=\"async\" data-src=\"https:\/\/www.cgfmanet.org\/wp-content\/uploads\/2019\/12\/2-La-Casa-natia-627x420.jpg\" data-srcset=\"https:\/\/www.cgfmanet.org\/wp-content\/uploads\/2019\/12\/2-La-Casa-natia-627x420.jpg 627w, https:\/\/www.cgfmanet.org\/wp-content\/uploads\/2019\/12\/2-La-Casa-natia-768x514.jpg 768w, https:\/\/www.cgfmanet.org\/wp-content\/uploads\/2019\/12\/2-La-Casa-natia-1536x1028.jpg 1536w, https:\/\/www.cgfmanet.org\/wp-content\/uploads\/2019\/12\/2-La-Casa-natia-2048x1371.jpg 2048w, https:\/\/www.cgfmanet.org\/wp-content\/uploads\/2019\/12\/2-La-Casa-natia-696x466.jpg 696w, https:\/\/www.cgfmanet.org\/wp-content\/uploads\/2019\/12\/2-La-Casa-natia-1320x884.jpg 1320w\" data-sizes=\"auto\" alt=\"\" src=\"data:image\/svg+xml;base64,PHN2ZyB3aWR0aD0iMSIgaGVpZ2h0PSIxIiB4bWxucz0iaHR0cDovL3d3dy53My5vcmcvMjAwMC9zdmciPjwvc3ZnPg==\" class=\"lazyload\" style=\"--smush-placeholder-width: 627px; --smush-placeholder-aspect-ratio: 627\/420;\" data-original-sizes=\"(max-width: 627px) 100vw, 627px\">\r\n                            <\/a>\r\n                            <figcaption class = \"td-slide-caption td-gallery-slide-content\"><div class = \"td-gallery-slide-copywrite\">La Casa-natia<\/div><\/figcaption>\r\n                        <\/figure>\r\n                    <\/div>\r\n                    <div class = \"td-slide-item td-item4\">\r\n                        <figure class=\"td-slide-galery-figure td-slide-popup-gallery\">\r\n                            <a class=\"slide-gallery-image-link\" href=\"https:\/\/www.cgfmanet.org\/wp-content\/uploads\/2019\/12\/3-La-Chiesetta-Maria-Ausiliatrice.jpg\" title=\"I luoghi della Santa\"  data-caption=\"La Chiesetta Maria Ausiliatrice\"  data-description=\"\">\r\n                                <img decoding=\"async\" data-src=\"https:\/\/www.cgfmanet.org\/wp-content\/uploads\/2019\/12\/3-La-Chiesetta-Maria-Ausiliatrice-534x420.jpg\" data-srcset=\"https:\/\/www.cgfmanet.org\/wp-content\/uploads\/2019\/12\/3-La-Chiesetta-Maria-Ausiliatrice-534x420.jpg 534w, https:\/\/www.cgfmanet.org\/wp-content\/uploads\/2019\/12\/3-La-Chiesetta-Maria-Ausiliatrice-768x604.jpg 768w, https:\/\/www.cgfmanet.org\/wp-content\/uploads\/2019\/12\/3-La-Chiesetta-Maria-Ausiliatrice-696x548.jpg 696w, https:\/\/www.cgfmanet.org\/wp-content\/uploads\/2019\/12\/3-La-Chiesetta-Maria-Ausiliatrice-1320x1038.jpg 1320w, https:\/\/www.cgfmanet.org\/wp-content\/uploads\/2019\/12\/3-La-Chiesetta-Maria-Ausiliatrice.jpg 1500w\" data-sizes=\"auto\" alt=\"\" src=\"data:image\/svg+xml;base64,PHN2ZyB3aWR0aD0iMSIgaGVpZ2h0PSIxIiB4bWxucz0iaHR0cDovL3d3dy53My5vcmcvMjAwMC9zdmciPjwvc3ZnPg==\" class=\"lazyload\" style=\"--smush-placeholder-width: 534px; --smush-placeholder-aspect-ratio: 534\/420;\" data-original-sizes=\"(max-width: 534px) 100vw, 534px\">\r\n                            <\/a>\r\n                            <figcaption class = \"td-slide-caption td-gallery-slide-content\"><div class = \"td-gallery-slide-copywrite\">La Chiesetta Maria Ausiliatrice<\/div><\/figcaption>\r\n                        <\/figure>\r\n                    <\/div>\r\n                    <div class = \"td-slide-item td-item5\">\r\n                        <figure class=\"td-slide-galery-figure td-slide-popup-gallery\">\r\n                            <a class=\"slide-gallery-image-link\" href=\"https:\/\/www.cgfmanet.org\/wp-content\/uploads\/2019\/12\/4-Il-Santuario-Santa-Maria-Mazzarello.jpg\" title=\"4 Il Santuario Santa Maria Mazzarello\"  data-caption=\"Il Santuario Santa Maria Mazzarello\"  data-description=\"\">\r\n                                <img decoding=\"async\" data-src=\"https:\/\/www.cgfmanet.org\/wp-content\/uploads\/2019\/12\/4-Il-Santuario-Santa-Maria-Mazzarello-625x420.jpg\" data-srcset=\"https:\/\/www.cgfmanet.org\/wp-content\/uploads\/2019\/12\/4-Il-Santuario-Santa-Maria-Mazzarello-625x420.jpg 625w, https:\/\/www.cgfmanet.org\/wp-content\/uploads\/2019\/12\/4-Il-Santuario-Santa-Maria-Mazzarello-768x516.jpg 768w, https:\/\/www.cgfmanet.org\/wp-content\/uploads\/2019\/12\/4-Il-Santuario-Santa-Maria-Mazzarello-696x468.jpg 696w, https:\/\/www.cgfmanet.org\/wp-content\/uploads\/2019\/12\/4-Il-Santuario-Santa-Maria-Mazzarello-1320x887.jpg 1320w, https:\/\/www.cgfmanet.org\/wp-content\/uploads\/2019\/12\/4-Il-Santuario-Santa-Maria-Mazzarello.jpg 1500w\" data-sizes=\"auto\" alt=\"\" src=\"data:image\/svg+xml;base64,PHN2ZyB3aWR0aD0iMSIgaGVpZ2h0PSIxIiB4bWxucz0iaHR0cDovL3d3dy53My5vcmcvMjAwMC9zdmciPjwvc3ZnPg==\" class=\"lazyload\" style=\"--smush-placeholder-width: 625px; --smush-placeholder-aspect-ratio: 625\/420;\" data-original-sizes=\"(max-width: 625px) 100vw, 625px\">\r\n                            <\/a>\r\n                            <figcaption class = \"td-slide-caption td-gallery-slide-content\"><div class = \"td-gallery-slide-copywrite\">Il Santuario Santa Maria Mazzarello<\/div><\/figcaption>\r\n                        <\/figure>\r\n                    <\/div>\r\n                    <div class = \"td-slide-item td-item6\">\r\n                        <figure class=\"td-slide-galery-figure td-slide-popup-gallery\">\r\n                            <a class=\"slide-gallery-image-link\" href=\"https:\/\/www.cgfmanet.org\/wp-content\/uploads\/2019\/12\/5-Il-Santuario-Santa-Maria-Mazzarello-2.jpg\" title=\"5 Il Santuario Santa Maria Mazzarello 2\"  data-caption=\"Il Santuario Santa Maria Mazzarello\"  data-description=\"\">\r\n                                <img decoding=\"async\" data-src=\"https:\/\/www.cgfmanet.org\/wp-content\/uploads\/2019\/12\/5-Il-Santuario-Santa-Maria-Mazzarello-2-625x420.jpg\" data-srcset=\"https:\/\/www.cgfmanet.org\/wp-content\/uploads\/2019\/12\/5-Il-Santuario-Santa-Maria-Mazzarello-2-625x420.jpg 625w, https:\/\/www.cgfmanet.org\/wp-content\/uploads\/2019\/12\/5-Il-Santuario-Santa-Maria-Mazzarello-2-768x516.jpg 768w, https:\/\/www.cgfmanet.org\/wp-content\/uploads\/2019\/12\/5-Il-Santuario-Santa-Maria-Mazzarello-2-696x468.jpg 696w, https:\/\/www.cgfmanet.org\/wp-content\/uploads\/2019\/12\/5-Il-Santuario-Santa-Maria-Mazzarello-2-1320x887.jpg 1320w, https:\/\/www.cgfmanet.org\/wp-content\/uploads\/2019\/12\/5-Il-Santuario-Santa-Maria-Mazzarello-2.jpg 1500w\" data-sizes=\"auto\" alt=\"\" src=\"data:image\/svg+xml;base64,PHN2ZyB3aWR0aD0iMSIgaGVpZ2h0PSIxIiB4bWxucz0iaHR0cDovL3d3dy53My5vcmcvMjAwMC9zdmciPjwvc3ZnPg==\" class=\"lazyload\" style=\"--smush-placeholder-width: 625px; --smush-placeholder-aspect-ratio: 625\/420;\" data-original-sizes=\"(max-width: 625px) 100vw, 625px\">\r\n                            <\/a>\r\n                            <figcaption class = \"td-slide-caption td-gallery-slide-content\"><div class = \"td-gallery-slide-copywrite\">Il Santuario Santa Maria Mazzarello<\/div><\/figcaption>\r\n                        <\/figure>\r\n                    <\/div>\r\n                    <div class = \"td-slide-item td-item7\">\r\n                        <figure class=\"td-slide-galery-figure td-slide-popup-gallery\">\r\n                            <a class=\"slide-gallery-image-link\" href=\"https:\/\/www.cgfmanet.org\/wp-content\/uploads\/2019\/12\/6-Loratorio-Festivo.jpg\" title=\"6 L'oratorio Festivo\"  data-caption=\"L&#039;Oratorio Festivo\"  data-description=\"\">\r\n                                <img decoding=\"async\" data-src=\"https:\/\/www.cgfmanet.org\/wp-content\/uploads\/2019\/12\/6-Loratorio-Festivo-625x420.jpg\" data-srcset=\"https:\/\/www.cgfmanet.org\/wp-content\/uploads\/2019\/12\/6-Loratorio-Festivo-625x420.jpg 625w, https:\/\/www.cgfmanet.org\/wp-content\/uploads\/2019\/12\/6-Loratorio-Festivo-768x516.jpg 768w, https:\/\/www.cgfmanet.org\/wp-content\/uploads\/2019\/12\/6-Loratorio-Festivo-696x468.jpg 696w, https:\/\/www.cgfmanet.org\/wp-content\/uploads\/2019\/12\/6-Loratorio-Festivo-1320x887.jpg 1320w, https:\/\/www.cgfmanet.org\/wp-content\/uploads\/2019\/12\/6-Loratorio-Festivo.jpg 1500w\" data-sizes=\"auto\" alt=\"\" src=\"data:image\/svg+xml;base64,PHN2ZyB3aWR0aD0iMSIgaGVpZ2h0PSIxIiB4bWxucz0iaHR0cDovL3d3dy53My5vcmcvMjAwMC9zdmciPjwvc3ZnPg==\" class=\"lazyload\" style=\"--smush-placeholder-width: 625px; --smush-placeholder-aspect-ratio: 625\/420;\" data-original-sizes=\"(max-width: 625px) 100vw, 625px\">\r\n                            <\/a>\r\n                            <figcaption class = \"td-slide-caption td-gallery-slide-content\"><div class = \"td-gallery-slide-copywrite\">L'Oratorio Festivo<\/div><\/figcaption>\r\n                        <\/figure>\r\n                    <\/div>\r\n                    <div class = \"td-slide-item td-item8\">\r\n                        <figure class=\"td-slide-galery-figure td-slide-popup-gallery\">\r\n                            <a class=\"slide-gallery-image-link\" href=\"https:\/\/www.cgfmanet.org\/wp-content\/uploads\/2019\/12\/7-La-Parrocchia-Santa-Maria-2.jpg\" title=\"7 La Parrocchia Santa Maria (2)\"  data-caption=\"La Parrocchia Santa Maria\"  data-description=\"\">\r\n                                <img decoding=\"async\" data-src=\"https:\/\/www.cgfmanet.org\/wp-content\/uploads\/2019\/12\/7-La-Parrocchia-Santa-Maria-2-592x420.jpg\" data-srcset=\"https:\/\/www.cgfmanet.org\/wp-content\/uploads\/2019\/12\/7-La-Parrocchia-Santa-Maria-2-592x420.jpg 592w, https:\/\/www.cgfmanet.org\/wp-content\/uploads\/2019\/12\/7-La-Parrocchia-Santa-Maria-2-768x545.jpg 768w, https:\/\/www.cgfmanet.org\/wp-content\/uploads\/2019\/12\/7-La-Parrocchia-Santa-Maria-2-100x70.jpg 100w, https:\/\/www.cgfmanet.org\/wp-content\/uploads\/2019\/12\/7-La-Parrocchia-Santa-Maria-2-696x494.jpg 696w, https:\/\/www.cgfmanet.org\/wp-content\/uploads\/2019\/12\/7-La-Parrocchia-Santa-Maria-2-1320x937.jpg 1320w, https:\/\/www.cgfmanet.org\/wp-content\/uploads\/2019\/12\/7-La-Parrocchia-Santa-Maria-2.jpg 1500w\" data-sizes=\"auto\" alt=\"\" src=\"data:image\/svg+xml;base64,PHN2ZyB3aWR0aD0iMSIgaGVpZ2h0PSIxIiB4bWxucz0iaHR0cDovL3d3dy53My5vcmcvMjAwMC9zdmciPjwvc3ZnPg==\" class=\"lazyload\" style=\"--smush-placeholder-width: 592px; --smush-placeholder-aspect-ratio: 592\/420;\" data-original-sizes=\"(max-width: 592px) 100vw, 592px\">\r\n                            <\/a>\r\n                            <figcaption class = \"td-slide-caption td-gallery-slide-content\"><div class = \"td-gallery-slide-copywrite\">La Parrocchia Santa Maria<\/div><\/figcaption>\r\n                        <\/figure>\r\n                    <\/div>\r\n                    <div class = \"td-slide-item td-item9\">\r\n                        <figure class=\"td-slide-galery-figure td-slide-popup-gallery\">\r\n                            <a class=\"slide-gallery-image-link\" href=\"https:\/\/www.cgfmanet.org\/wp-content\/uploads\/2019\/12\/8-Il-Collegio.jpg\" title=\"8 Il Collegio\"  data-caption=\"Il Collegio\"  data-description=\"\">\r\n                                <img decoding=\"async\" data-src=\"https:\/\/www.cgfmanet.org\/wp-content\/uploads\/2019\/12\/8-Il-Collegio-627x420.jpg\" data-srcset=\"https:\/\/www.cgfmanet.org\/wp-content\/uploads\/2019\/12\/8-Il-Collegio-627x420.jpg 627w, https:\/\/www.cgfmanet.org\/wp-content\/uploads\/2019\/12\/8-Il-Collegio-768x514.jpg 768w, https:\/\/www.cgfmanet.org\/wp-content\/uploads\/2019\/12\/8-Il-Collegio-696x466.jpg 696w, https:\/\/www.cgfmanet.org\/wp-content\/uploads\/2019\/12\/8-Il-Collegio-1320x884.jpg 1320w, https:\/\/www.cgfmanet.org\/wp-content\/uploads\/2019\/12\/8-Il-Collegio.jpg 1500w\" data-sizes=\"auto\" alt=\"\" src=\"data:image\/svg+xml;base64,PHN2ZyB3aWR0aD0iMSIgaGVpZ2h0PSIxIiB4bWxucz0iaHR0cDovL3d3dy53My5vcmcvMjAwMC9zdmciPjwvc3ZnPg==\" class=\"lazyload\" style=\"--smush-placeholder-width: 627px; --smush-placeholder-aspect-ratio: 627\/420;\" data-original-sizes=\"(max-width: 627px) 100vw, 627px\">\r\n                            <\/a>\r\n                            <figcaption class = \"td-slide-caption td-gallery-slide-content\"><div class = \"td-gallery-slide-copywrite\">Il Collegio<\/div><\/figcaption>\r\n                        <\/figure>\r\n                    <\/div>\r\n                    <div class = \"td-slide-item td-item10\">\r\n                        <figure class=\"td-slide-galery-figure td-slide-popup-gallery\">\r\n                            <a class=\"slide-gallery-image-link\" href=\"https:\/\/www.cgfmanet.org\/wp-content\/uploads\/2019\/12\/10-La-Cappella-del-Collegio.jpg\" title=\"10 La Cappella del Collegio\"  data-caption=\"La Cappella del Collegio\"  data-description=\"\">\r\n                                <img decoding=\"async\" data-src=\"https:\/\/www.cgfmanet.org\/wp-content\/uploads\/2019\/12\/10-La-Cappella-del-Collegio-627x420.jpg\" data-srcset=\"https:\/\/www.cgfmanet.org\/wp-content\/uploads\/2019\/12\/10-La-Cappella-del-Collegio-627x420.jpg 627w, https:\/\/www.cgfmanet.org\/wp-content\/uploads\/2019\/12\/10-La-Cappella-del-Collegio-768x514.jpg 768w, https:\/\/www.cgfmanet.org\/wp-content\/uploads\/2019\/12\/10-La-Cappella-del-Collegio-696x466.jpg 696w, https:\/\/www.cgfmanet.org\/wp-content\/uploads\/2019\/12\/10-La-Cappella-del-Collegio-1320x884.jpg 1320w, https:\/\/www.cgfmanet.org\/wp-content\/uploads\/2019\/12\/10-La-Cappella-del-Collegio.jpg 1500w\" data-sizes=\"auto\" alt=\"\" src=\"data:image\/svg+xml;base64,PHN2ZyB3aWR0aD0iMSIgaGVpZ2h0PSIxIiB4bWxucz0iaHR0cDovL3d3dy53My5vcmcvMjAwMC9zdmciPjwvc3ZnPg==\" class=\"lazyload\" style=\"--smush-placeholder-width: 627px; --smush-placeholder-aspect-ratio: 627\/420;\" data-original-sizes=\"(max-width: 627px) 100vw, 627px\">\r\n                            <\/a>\r\n                            <figcaption class = \"td-slide-caption td-gallery-slide-content\"><div class = \"td-gallery-slide-copywrite\">La Cappella del Collegio<\/div><\/figcaption>\r\n                        <\/figure>\r\n                    <\/div>\r\n                    <div class = \"td-slide-item td-item11\">\r\n                        <figure class=\"td-slide-galery-figure td-slide-popup-gallery\">\r\n                            <a class=\"slide-gallery-image-link\" href=\"https:\/\/www.cgfmanet.org\/wp-content\/uploads\/2019\/12\/12-La-Valponasca.jpg\" title=\"12 La Valponasca\"  data-caption=\"La Valponasca\"  data-description=\"\">\r\n                                <img decoding=\"async\" data-src=\"https:\/\/www.cgfmanet.org\/wp-content\/uploads\/2019\/12\/12-La-Valponasca-582x420.jpg\" data-srcset=\"https:\/\/www.cgfmanet.org\/wp-content\/uploads\/2019\/12\/12-La-Valponasca-582x420.jpg 582w, https:\/\/www.cgfmanet.org\/wp-content\/uploads\/2019\/12\/12-La-Valponasca-768x554.jpg 768w, https:\/\/www.cgfmanet.org\/wp-content\/uploads\/2019\/12\/12-La-Valponasca-324x235.jpg 324w, https:\/\/www.cgfmanet.org\/wp-content\/uploads\/2019\/12\/12-La-Valponasca-696x502.jpg 696w, https:\/\/www.cgfmanet.org\/wp-content\/uploads\/2019\/12\/12-La-Valponasca-1320x952.jpg 1320w, https:\/\/www.cgfmanet.org\/wp-content\/uploads\/2019\/12\/12-La-Valponasca.jpg 1500w\" data-sizes=\"auto\" alt=\"\" src=\"data:image\/svg+xml;base64,PHN2ZyB3aWR0aD0iMSIgaGVpZ2h0PSIxIiB4bWxucz0iaHR0cDovL3d3dy53My5vcmcvMjAwMC9zdmciPjwvc3ZnPg==\" class=\"lazyload\" style=\"--smush-placeholder-width: 582px; --smush-placeholder-aspect-ratio: 582\/420;\" data-original-sizes=\"(max-width: 582px) 100vw, 582px\">\r\n                            <\/a>\r\n                            <figcaption class = \"td-slide-caption td-gallery-slide-content\"><div class = \"td-gallery-slide-copywrite\">La Valponasca<\/div><\/figcaption>\r\n                        <\/figure>\r\n                    <\/div>\r\n                    <div class = \"td-slide-item td-item12\">\r\n                        <figure class=\"td-slide-galery-figure td-slide-popup-gallery\">\r\n                            <a class=\"slide-gallery-image-link\" href=\"https:\/\/www.cgfmanet.org\/wp-content\/uploads\/2019\/12\/13-I-vigneti-alla-Valponasca.jpg\" title=\"13 I vigneti alla Valponasca\"  data-caption=\"I Vignati della Valponasca\"  data-description=\"\">\r\n                                <img decoding=\"async\" data-src=\"https:\/\/www.cgfmanet.org\/wp-content\/uploads\/2019\/12\/13-I-vigneti-alla-Valponasca-627x420.jpg\" data-srcset=\"https:\/\/www.cgfmanet.org\/wp-content\/uploads\/2019\/12\/13-I-vigneti-alla-Valponasca-627x420.jpg 627w, https:\/\/www.cgfmanet.org\/wp-content\/uploads\/2019\/12\/13-I-vigneti-alla-Valponasca-768x514.jpg 768w, https:\/\/www.cgfmanet.org\/wp-content\/uploads\/2019\/12\/13-I-vigneti-alla-Valponasca-696x466.jpg 696w, https:\/\/www.cgfmanet.org\/wp-content\/uploads\/2019\/12\/13-I-vigneti-alla-Valponasca-1320x884.jpg 1320w, https:\/\/www.cgfmanet.org\/wp-content\/uploads\/2019\/12\/13-I-vigneti-alla-Valponasca.jpg 1500w\" data-sizes=\"auto\" alt=\"\" src=\"data:image\/svg+xml;base64,PHN2ZyB3aWR0aD0iMSIgaGVpZ2h0PSIxIiB4bWxucz0iaHR0cDovL3d3dy53My5vcmcvMjAwMC9zdmciPjwvc3ZnPg==\" class=\"lazyload\" style=\"--smush-placeholder-width: 627px; --smush-placeholder-aspect-ratio: 627\/420;\" data-original-sizes=\"(max-width: 627px) 100vw, 627px\">\r\n                            <\/a>\r\n                            <figcaption class = \"td-slide-caption td-gallery-slide-content\"><div class = \"td-gallery-slide-copywrite\">I Vignati della Valponasca<\/div><\/figcaption>\r\n                        <\/figure>\r\n                    <\/div>\r\n                            <\/div>\r\n                        <\/div>\r\n\r\n                        <div class = \"td-doubleSlider-2\">\r\n                            <div class = \"td-slider\">\r\n                                \r\n                    <div class = \"td-button td-item1\">\r\n                        <div class = \"td-border\"><\/div>\r\n                    <\/div>\r\n                    <div class = \"td-button td-item2\">\r\n                        <div class = \"td-border\"><\/div>\r\n                    <\/div>\r\n                    <div class = \"td-button td-item3\">\r\n                        <div class = \"td-border\"><\/div>\r\n                    <\/div>\r\n                    <div class = \"td-button td-item4\">\r\n                        <div class = \"td-border\"><\/div>\r\n                    <\/div>\r\n                    <div class = \"td-button td-item5\">\r\n                        <div class = \"td-border\"><\/div>\r\n                    <\/div>\r\n                    <div class = \"td-button td-item6\">\r\n                        <div class = \"td-border\"><\/div>\r\n                    <\/div>\r\n                    <div class = \"td-button td-item7\">\r\n                        <div class = \"td-border\"><\/div>\r\n                    <\/div>\r\n                    <div class = \"td-button td-item8\">\r\n                        <div class = \"td-border\"><\/div>\r\n                    <\/div>\r\n                    <div class = \"td-button td-item9\">\r\n                        <div class = \"td-border\"><\/div>\r\n                    <\/div>\r\n                    <div class = \"td-button td-item10\">\r\n                        <div class = \"td-border\"><\/div>\r\n                    <\/div>\r\n                    <div class = \"td-button td-item11\">\r\n                        <div class = \"td-border\"><\/div>\r\n                    <\/div>\r\n                    <div class = \"td-button td-item12\">\r\n                        <div class = \"td-border\"><\/div>\r\n                    <\/div>\r\n                            <\/div>\r\n                        <\/div>\r\n\r\n                    <\/div>\r\n\r\n                <\/div>\r\n                \n<p><a href=\"https:\/\/drive.google.com\/open?id=1vjw7nSJvYujOD7FeLwxWpJWwplgwA99w\" target=\"_blank\" rel=\"noopener noreferrer\"><strong>Cartas de Madre Mazzarello<\/strong><\/a><\/p>\n<p><a href=\"https:\/\/drive.google.com\/drive\/u\/1\/folders\/17_aHUmrpsWc_DHscfuRIUuIveBz6TNIp\" target=\"_blank\" rel=\"noopener noreferrer\"><strong>Madres Gerais Instituto FMA<\/strong><\/a><\/p>\n","protected":false},"excerpt":{"rendered":"<p>Santa Maria Domingas Mazzarello nasce em 9 de maio de 1837 em Mornese (It\u00e1lia). Cofundadora, juntamente com Dom Bosco, do Instituto das Filhas de Maria Auxiliadora. Beatificada em 20 de [&hellip;]<\/p>\n","protected":false},"author":45,"featured_media":0,"parent":0,"menu_order":0,"comment_status":"closed","ping_status":"closed","template":"","meta":{"footnotes":""},"class_list":["post-15021","page","type-page","status-publish"],"yoast_head":"<!-- This site is optimized with the Yoast SEO plugin v27.4 - https:\/\/yoast.com\/product\/yoast-seo-wordpress\/ -->\n<title>Maria Domingas Mazzarello &#8226; Istituto Figlie di Maria Ausiliatrice<\/title>\n<meta name=\"robots\" content=\"index, follow, max-snippet:-1, max-image-preview:large, max-video-preview:-1\" \/>\n<link rel=\"canonical\" href=\"https:\/\/www.cgfmanet.org\/pt-pt\/maria-domingas-mazzarello\/\" \/>\n<meta property=\"og:locale\" content=\"pt_PT\" \/>\n<meta property=\"og:type\" content=\"article\" \/>\n<meta property=\"og:title\" content=\"Maria Domingas Mazzarello &#8226; Istituto Figlie di Maria Ausiliatrice\" \/>\n<meta property=\"og:description\" content=\"Santa Maria Domingas Mazzarello nasce em 9 de maio de 1837 em Mornese (It\u00e1lia). Cofundadora, juntamente com Dom Bosco, do Instituto das Filhas de Maria Auxiliadora. Beatificada em 20 de [&hellip;]\" \/>\n<meta property=\"og:url\" content=\"https:\/\/www.cgfmanet.org\/pt-pt\/maria-domingas-mazzarello\/\" \/>\n<meta property=\"og:site_name\" content=\"Istituto Figlie di Maria Ausiliatrice\" \/>\n<meta property=\"article:publisher\" content=\"https:\/\/www.facebook.com\/salesian.sisters.of.don.bosco\/\" \/>\n<meta property=\"article:modified_time\" content=\"2019-12-30T14:49:45+00:00\" \/>\n<meta property=\"og:image\" content=\"https:\/\/www.cgfmanet.org\/wp-content\/uploads\/2019\/12\/1-Mornese-627x420.jpg\" \/>\n<meta name=\"twitter:card\" content=\"summary_large_image\" \/>\n<meta name=\"twitter:site\" content=\"@Cgfmanet_Org\" \/>\n<meta name=\"twitter:label1\" content=\"Tempo estimado de leitura\" \/>\n\t<meta name=\"twitter:data1\" content=\"4 minutos\" \/>\n<script type=\"application\/ld+json\" class=\"yoast-schema-graph\">{\"@context\":\"https:\\\/\\\/schema.org\",\"@graph\":[{\"@type\":\"WebPage\",\"@id\":\"https:\\\/\\\/www.cgfmanet.org\\\/pt-pt\\\/maria-domingas-mazzarello\\\/\",\"url\":\"https:\\\/\\\/www.cgfmanet.org\\\/pt-pt\\\/maria-domingas-mazzarello\\\/\",\"name\":\"Maria Domingas Mazzarello &#8226; Istituto Figlie di Maria Ausiliatrice\",\"isPartOf\":{\"@id\":\"https:\\\/\\\/www.cgfmanet.org\\\/es\\\/#website\"},\"primaryImageOfPage\":{\"@id\":\"https:\\\/\\\/www.cgfmanet.org\\\/pt-pt\\\/maria-domingas-mazzarello\\\/#primaryimage\"},\"image\":{\"@id\":\"https:\\\/\\\/www.cgfmanet.org\\\/pt-pt\\\/maria-domingas-mazzarello\\\/#primaryimage\"},\"thumbnailUrl\":\"https:\\\/\\\/www.cgfmanet.org\\\/wp-content\\\/uploads\\\/2019\\\/12\\\/Profilo-Madre-Mazzarello-2.jpg\",\"datePublished\":\"2019-11-13T11:50:18+00:00\",\"dateModified\":\"2019-12-30T14:49:45+00:00\",\"breadcrumb\":{\"@id\":\"https:\\\/\\\/www.cgfmanet.org\\\/pt-pt\\\/maria-domingas-mazzarello\\\/#breadcrumb\"},\"inLanguage\":\"pt-PT\",\"potentialAction\":[{\"@type\":\"ReadAction\",\"target\":[\"https:\\\/\\\/www.cgfmanet.org\\\/pt-pt\\\/maria-domingas-mazzarello\\\/\"]}]},{\"@type\":\"ImageObject\",\"inLanguage\":\"pt-PT\",\"@id\":\"https:\\\/\\\/www.cgfmanet.org\\\/pt-pt\\\/maria-domingas-mazzarello\\\/#primaryimage\",\"url\":\"https:\\\/\\\/www.cgfmanet.org\\\/wp-content\\\/uploads\\\/2019\\\/12\\\/Profilo-Madre-Mazzarello-2.jpg\",\"contentUrl\":\"https:\\\/\\\/www.cgfmanet.org\\\/wp-content\\\/uploads\\\/2019\\\/12\\\/Profilo-Madre-Mazzarello-2.jpg\"},{\"@type\":\"BreadcrumbList\",\"@id\":\"https:\\\/\\\/www.cgfmanet.org\\\/pt-pt\\\/maria-domingas-mazzarello\\\/#breadcrumb\",\"itemListElement\":[{\"@type\":\"ListItem\",\"position\":1,\"name\":\"Home\",\"item\":\"https:\\\/\\\/www.cgfmanet.org\\\/pt-pt\\\/\"},{\"@type\":\"ListItem\",\"position\":2,\"name\":\"Maria Domingas Mazzarello\"}]},{\"@type\":\"WebSite\",\"@id\":\"https:\\\/\\\/www.cgfmanet.org\\\/es\\\/#website\",\"url\":\"https:\\\/\\\/www.cgfmanet.org\\\/es\\\/\",\"name\":\"Istituto Figlie di Maria Ausiliatrice\",\"description\":\"Salesiane di Don Bosco\",\"publisher\":{\"@id\":\"https:\\\/\\\/www.cgfmanet.org\\\/es\\\/#organization\"},\"potentialAction\":[{\"@type\":\"SearchAction\",\"target\":{\"@type\":\"EntryPoint\",\"urlTemplate\":\"https:\\\/\\\/www.cgfmanet.org\\\/es\\\/?s={search_term_string}\"},\"query-input\":{\"@type\":\"PropertyValueSpecification\",\"valueRequired\":true,\"valueName\":\"search_term_string\"}}],\"inLanguage\":\"pt-PT\"},{\"@type\":\"Organization\",\"@id\":\"https:\\\/\\\/www.cgfmanet.org\\\/es\\\/#organization\",\"name\":\"Istituto Figlie di Maria Ausiliatrice\",\"url\":\"https:\\\/\\\/www.cgfmanet.org\\\/es\\\/\",\"logo\":{\"@type\":\"ImageObject\",\"inLanguage\":\"pt-PT\",\"@id\":\"https:\\\/\\\/www.cgfmanet.org\\\/es\\\/#\\\/schema\\\/logo\\\/image\\\/\",\"url\":\"https:\\\/\\\/www.cgfmanet.org\\\/wp-content\\\/uploads\\\/2018\\\/10\\\/logo-fma.png\",\"contentUrl\":\"https:\\\/\\\/www.cgfmanet.org\\\/wp-content\\\/uploads\\\/2018\\\/10\\\/logo-fma.png\",\"width\":214,\"height\":55,\"caption\":\"Istituto Figlie di Maria Ausiliatrice\"},\"image\":{\"@id\":\"https:\\\/\\\/www.cgfmanet.org\\\/es\\\/#\\\/schema\\\/logo\\\/image\\\/\"},\"sameAs\":[\"https:\\\/\\\/www.facebook.com\\\/salesian.sisters.of.don.bosco\\\/\",\"https:\\\/\\\/x.com\\\/Cgfmanet_Org\",\"https:\\\/\\\/www.youtube.com\\\/channel\\\/UCmcr8yFQBV7JXeXVxyV9y5Q\"]}]}<\/script>\n<!-- \/ Yoast SEO plugin. -->","yoast_head_json":{"title":"Maria Domingas Mazzarello &#8226; Istituto Figlie di Maria Ausiliatrice","robots":{"index":"index","follow":"follow","max-snippet":"max-snippet:-1","max-image-preview":"max-image-preview:large","max-video-preview":"max-video-preview:-1"},"canonical":"https:\/\/www.cgfmanet.org\/pt-pt\/maria-domingas-mazzarello\/","og_locale":"pt_PT","og_type":"article","og_title":"Maria Domingas Mazzarello &#8226; Istituto Figlie di Maria Ausiliatrice","og_description":"Santa Maria Domingas Mazzarello nasce em 9 de maio de 1837 em Mornese (It\u00e1lia). Cofundadora, juntamente com Dom Bosco, do Instituto das Filhas de Maria Auxiliadora. Beatificada em 20 de [&hellip;]","og_url":"https:\/\/www.cgfmanet.org\/pt-pt\/maria-domingas-mazzarello\/","og_site_name":"Istituto Figlie di Maria Ausiliatrice","article_publisher":"https:\/\/www.facebook.com\/salesian.sisters.of.don.bosco\/","article_modified_time":"2019-12-30T14:49:45+00:00","og_image":[{"url":"https:\/\/www.cgfmanet.org\/wp-content\/uploads\/2019\/12\/1-Mornese-627x420.jpg","type":"","width":"","height":""}],"twitter_card":"summary_large_image","twitter_site":"@Cgfmanet_Org","twitter_misc":{"Tempo estimado de leitura":"4 minutos"},"schema":{"@context":"https:\/\/schema.org","@graph":[{"@type":"WebPage","@id":"https:\/\/www.cgfmanet.org\/pt-pt\/maria-domingas-mazzarello\/","url":"https:\/\/www.cgfmanet.org\/pt-pt\/maria-domingas-mazzarello\/","name":"Maria Domingas Mazzarello &#8226; Istituto Figlie di Maria Ausiliatrice","isPartOf":{"@id":"https:\/\/www.cgfmanet.org\/es\/#website"},"primaryImageOfPage":{"@id":"https:\/\/www.cgfmanet.org\/pt-pt\/maria-domingas-mazzarello\/#primaryimage"},"image":{"@id":"https:\/\/www.cgfmanet.org\/pt-pt\/maria-domingas-mazzarello\/#primaryimage"},"thumbnailUrl":"https:\/\/www.cgfmanet.org\/wp-content\/uploads\/2019\/12\/Profilo-Madre-Mazzarello-2.jpg","datePublished":"2019-11-13T11:50:18+00:00","dateModified":"2019-12-30T14:49:45+00:00","breadcrumb":{"@id":"https:\/\/www.cgfmanet.org\/pt-pt\/maria-domingas-mazzarello\/#breadcrumb"},"inLanguage":"pt-PT","potentialAction":[{"@type":"ReadAction","target":["https:\/\/www.cgfmanet.org\/pt-pt\/maria-domingas-mazzarello\/"]}]},{"@type":"ImageObject","inLanguage":"pt-PT","@id":"https:\/\/www.cgfmanet.org\/pt-pt\/maria-domingas-mazzarello\/#primaryimage","url":"https:\/\/www.cgfmanet.org\/wp-content\/uploads\/2019\/12\/Profilo-Madre-Mazzarello-2.jpg","contentUrl":"https:\/\/www.cgfmanet.org\/wp-content\/uploads\/2019\/12\/Profilo-Madre-Mazzarello-2.jpg"},{"@type":"BreadcrumbList","@id":"https:\/\/www.cgfmanet.org\/pt-pt\/maria-domingas-mazzarello\/#breadcrumb","itemListElement":[{"@type":"ListItem","position":1,"name":"Home","item":"https:\/\/www.cgfmanet.org\/pt-pt\/"},{"@type":"ListItem","position":2,"name":"Maria Domingas Mazzarello"}]},{"@type":"WebSite","@id":"https:\/\/www.cgfmanet.org\/es\/#website","url":"https:\/\/www.cgfmanet.org\/es\/","name":"Istituto Figlie di Maria Ausiliatrice","description":"Salesiane di Don Bosco","publisher":{"@id":"https:\/\/www.cgfmanet.org\/es\/#organization"},"potentialAction":[{"@type":"SearchAction","target":{"@type":"EntryPoint","urlTemplate":"https:\/\/www.cgfmanet.org\/es\/?s={search_term_string}"},"query-input":{"@type":"PropertyValueSpecification","valueRequired":true,"valueName":"search_term_string"}}],"inLanguage":"pt-PT"},{"@type":"Organization","@id":"https:\/\/www.cgfmanet.org\/es\/#organization","name":"Istituto Figlie di Maria Ausiliatrice","url":"https:\/\/www.cgfmanet.org\/es\/","logo":{"@type":"ImageObject","inLanguage":"pt-PT","@id":"https:\/\/www.cgfmanet.org\/es\/#\/schema\/logo\/image\/","url":"https:\/\/www.cgfmanet.org\/wp-content\/uploads\/2018\/10\/logo-fma.png","contentUrl":"https:\/\/www.cgfmanet.org\/wp-content\/uploads\/2018\/10\/logo-fma.png","width":214,"height":55,"caption":"Istituto Figlie di Maria Ausiliatrice"},"image":{"@id":"https:\/\/www.cgfmanet.org\/es\/#\/schema\/logo\/image\/"},"sameAs":["https:\/\/www.facebook.com\/salesian.sisters.of.don.bosco\/","https:\/\/x.com\/Cgfmanet_Org","https:\/\/www.youtube.com\/channel\/UCmcr8yFQBV7JXeXVxyV9y5Q"]}]}},"_links":{"self":[{"href":"https:\/\/www.cgfmanet.org\/pt-pt\/wp-json\/wp\/v2\/pages\/15021","targetHints":{"allow":["GET"]}}],"collection":[{"href":"https:\/\/www.cgfmanet.org\/pt-pt\/wp-json\/wp\/v2\/pages"}],"about":[{"href":"https:\/\/www.cgfmanet.org\/pt-pt\/wp-json\/wp\/v2\/types\/page"}],"author":[{"embeddable":true,"href":"https:\/\/www.cgfmanet.org\/pt-pt\/wp-json\/wp\/v2\/users\/45"}],"replies":[{"embeddable":true,"href":"https:\/\/www.cgfmanet.org\/pt-pt\/wp-json\/wp\/v2\/comments?post=15021"}],"version-history":[{"count":0,"href":"https:\/\/www.cgfmanet.org\/pt-pt\/wp-json\/wp\/v2\/pages\/15021\/revisions"}],"wp:attachment":[{"href":"https:\/\/www.cgfmanet.org\/pt-pt\/wp-json\/wp\/v2\/media?parent=15021"}],"curies":[{"name":"wp","href":"https:\/\/api.w.org\/{rel}","templated":true}]}}