{"id":11208,"date":"2019-11-21T12:57:02","date_gmt":"2019-11-21T11:57:02","guid":{"rendered":"https:\/\/www.cgfmanet.org\/link\/"},"modified":"2024-11-05T18:57:58","modified_gmt":"2024-11-05T17:57:58","slug":"link","status":"publish","type":"page","link":"https:\/\/www.cgfmanet.org\/pt-pt\/link\/","title":{"rendered":"Link"},"content":{"rendered":"<ul>\n<li>ACCSSA Associazione Cultori Storia Salesiana e ISS Istituto Storico Salesiano (<strong><span style=\"color: #0000ff;\"><a style=\"color: #0000ff;\" href=\"https:\/\/iss-acssa.org\/\">https:\/\/iss-acssa.org\/<\/a><\/span><\/strong>)<\/li>\n<li>ADMA Associazione di Maria Ausiliatrice (<strong><span style=\"color: #0000ff;\"><a style=\"color: #0000ff;\" href=\"https:\/\/www.admadonbosco.org\/\" target=\"_blank\" rel=\"noopener\">https:\/\/www.admadonbosco.org\/<\/a><\/span><\/strong>)<\/li>\n<li>Agenzia Cattolica di Informazione (<strong><span style=\"color: #0000ff;\"><a style=\"color: #0000ff;\" href=\"https:\/\/www.acistampa.com\/\" target=\"_blank\" rel=\"nofollow noopener noreferrer\">https:\/\/www.acistampa.com\/<\/a><\/span><\/strong>)<\/li>\n<li>AgenSIR Societ\u00e0 per l\u2019Informazione Religiosa (<span style=\"color: #0000ff;\"><strong><a style=\"color: #0000ff;\" href=\"https:\/\/www.agensir.it\/\" target=\"_blank\" rel=\"noopener\">https:\/\/www.agensir.it\/<\/a><\/strong><\/span>)<\/li>\n<li>ANS Agenzia Internazionale Salesiana di Informazione (<a href=\"http:\/\/www.infoans.org\/\" target=\"_blank\" rel=\"nofollow noopener noreferrer\"><strong><span style=\"color: #0000ff;\">http:\/\/www.infoans.org\/<\/span><\/strong><\/a>)<\/li>\n<li>Animazione Mariana (<span style=\"color: #0000ff;\"><strong><a style=\"color: #0000ff;\" href=\"http:\/\/animazionemariana.blogspot.com\/\" target=\"_blank\" rel=\"nofollow noopener noreferrer\">http:\/\/animazionemariana.blogspot.com\/<\/a><\/strong><\/span>)<\/li>\n<li>ASSCC Associazione Salesiani Cooperatori (<span style=\"color: #0000ff;\"><strong><a style=\"color: #0000ff;\" href=\"https:\/\/www.asscc-mondiale.org\/\" target=\"_blank\" rel=\"nofollow noopener noreferrer\">https:\/\/www.asscc-mondiale.org\/<\/a><\/strong><\/span>)<\/li>\n<\/ul>\n<hr \/>\n<ul>\n<li>Blog Pastorale Giovanile (<strong><span style=\"color: #0000ff;\"><a style=\"color: #0000ff;\" href=\"https:\/\/pgfma.wordpress.com\/\" target=\"_blank\" rel=\"nofollow noopener noreferrer\">https:\/\/pgfma.wordpress.com\/<\/a><\/span><\/strong>)<\/li>\n<li>Blog Progetto di Spiritualit\u00e0 Missionaria PEM (<span style=\"color: #0000ff;\"><strong><a style=\"color: #0000ff;\" href=\"http:\/\/mornesamerica.blogspot.com\/\" target=\"_blank\" rel=\"nofollow noopener noreferrer\">http:\/\/mornesamerica.blogspot.com\/<\/a><\/strong><\/span>)<\/li>\n<\/ul>\n<hr \/>\n<ul>\n<li>Casa Madre Ersilia Canta (<a href=\"http:\/\/www.casacanta.org\/\" target=\"_blank\" rel=\"nofollow noopener noreferrer\"><strong><span style=\"color: #0000ff;\">http:\/\/www.casacanta.org\/<\/span><\/strong><\/a>)<\/li>\n<li>Casa di preghiera San Biagio (<span style=\"color: #0000ff;\"><strong><a style=\"color: #0000ff;\" href=\"https:\/\/www.sanbiagio.org\" target=\"_blank\" rel=\"noopener\">https:\/\/www.sanbiagio.org<\/a><\/strong><\/span>)<\/li>\n<li>Centro Studi sulle Figlie di Maria Ausiliatrice (<span style=\"color: #0000ff;\"><strong><a style=\"color: #0000ff;\" href=\"https:\/\/centrostudifma.pfse-auxilium.org\/\" target=\"_blank\" rel=\"nofollow noopener noreferrer\">https:\/\/centrostudifma.pfse-auxilium.org\/<\/a><\/strong><\/span>)<\/li>\n<li>CIEC &#8211; Confederaci\u00f3n Interamericana de Educaci\u00f3n Cat\u00f3lica (<span style=\"color: #0000ff;\"><strong><a style=\"color: #0000ff;\" href=\"http:\/\/www.ciec.edu.co\/\" target=\"_blank\" rel=\"nofollow noopener noreferrer\">http:\/\/www.ciec.edu.co\/<\/a><\/strong><\/span>)<\/li>\n<li>CIOFS &#8211; Centro Italiano Opere Femminili Salesiane Formazione Professionale (<span style=\"color: #0000ff;\"><strong><a style=\"color: #0000ff;\" href=\"http:\/\/www.ciofs-fp.org\/\" target=\"_blank\" rel=\"nofollow noopener noreferrer\">http:\/\/www.ciofs-fp.org\/<\/a><\/strong><\/span>)<\/li>\n<li>CLAR &#8211; Confederaci\u00f3n Latinoamericana de Religiosos (<strong><span style=\"color: #0000ff;\"><a style=\"color: #0000ff;\" href=\"http:\/\/clar.org\/\" target=\"_blank\" rel=\"nofollow noopener noreferrer\">http:\/\/clar.org\/<\/a><\/span><\/strong>)<\/li>\n<li>Colle Don Bosco (<strong><span style=\"color: #0000ff;\"><a style=\"color: #0000ff;\" href=\"http:\/\/colledonbosco.org\/\" target=\"_blank\" rel=\"nofollow noopener noreferrer\">http:\/\/colledonbosco.org\/<\/a><\/span><\/strong>)<\/li>\n<li>COMECE: Commission des \u00c9piscopats de la Communaut\u00e9 Europ\u00e9enne (<span style=\"color: #0000ff;\"><strong><a style=\"color: #0000ff;\" href=\"http:\/\/www.comece.eu\/\" target=\"_blank\" rel=\"nofollow noopener noreferrer\">http:\/\/www.comece.eu\/<\/a><\/strong><\/span>)<\/li>\n<li>Comunit\u00e0 di Sant&#8217;Egidio (<span style=\"color: #0000ff;\"><strong><a style=\"color: #0000ff;\" href=\"https:\/\/www.santegidio.org\/\" target=\"_blank\" rel=\"nofollow noopener noreferrer\">https:\/\/www.santegidio.org\/<\/a><\/strong><\/span>)<\/li>\n<li>Convegno Internazionale 150\u00b0 Istituto FMA (<strong><span style=\"color: #0000ff;\"><a style=\"color: #0000ff;\" href=\"https:\/\/convegnofma150anni.wixsite.com\/website\" target=\"_blank\" rel=\"noopener\">https:\/\/convegnofma150anni.wixsite.com\/website<\/a><\/span><\/strong>)<\/li>\n<\/ul>\n<hr \/>\n<ul>\n<li>Dicastero per il Servizio dello Sviluppo Umano Integrale (<strong><span style=\"color: #0000ff;\"><a style=\"color: #0000ff;\" href=\"https:\/\/www.humandevelopment.va\/it.html\" target=\"_blank\" rel=\"noopener\">https:\/\/www.humandevelopment.va\/it.html<\/a><\/span><\/strong>)<\/li>\n<li>Donboscoland &#8211; Movimento Giovanile Salesiano Triveneto (<span style=\"color: #0000ff;\"><strong><a style=\"color: #0000ff;\" href=\"https:\/\/www.donboscoland.it\/it\/\">https:\/\/www.donboscoland.it\/it\/<\/a><\/strong><\/span>)<\/li>\n<\/ul>\n<hr \/>\n<ul>\n<li>Ex-allieve FMA (<span style=\"color: #0000ff;\"><strong><a style=\"color: #0000ff;\" href=\"https:\/\/www.exallievefma.org\/\" target=\"_blank\" rel=\"nofollow noopener noreferrer\">https:\/\/www.exallievefma.org\/<\/a><\/strong><\/span>)<\/li>\n<li>Ex-allievi di Don Bosco (<span style=\"color: #0000ff;\"><strong><a style=\"color: #0000ff;\" href=\"http:\/\/www.exallievi.org\/\" target=\"_blank\" rel=\"nofollow noopener noreferrer\">http:\/\/www.exallievi.org\/<\/a><\/strong><\/span>)<\/li>\n<\/ul>\n<hr \/>\n<ul>\n<li>Famiglia Salesiana (<span style=\"color: #0000ff;\"><strong><a style=\"color: #0000ff;\" href=\"https:\/\/www.famigliasalesiana.org\/\" target=\"_blank\" rel=\"noopener\">https:\/\/www.famigliasalesiana.org\/<\/a><\/strong><\/span>)<\/li>\n<li>Festa del Grazie Istituto FMA (<span style=\"color: #0000ff;\"><strong><a style=\"color: #0000ff;\" href=\"https:\/\/www.festadelgrazie.org\/\" target=\"_blank\" rel=\"noopener\">https:\/\/www.festadelgrazie.org\/<\/a><\/strong><\/span>)<\/li>\n<li>Fides (<span style=\"color: #0000ff;\"><strong><a style=\"color: #0000ff;\" href=\"http:\/\/www.fides.org\/index.php\" target=\"_blank\" rel=\"nofollow noopener noreferrer\">http:\/\/www.fides.org\/index.php<\/a><\/strong><\/span>)<\/li>\n<li>FMA Mornese (<span style=\"color: #0000ff;\"><strong><a style=\"color: #0000ff;\" href=\"https:\/\/www.fmamornese.org\/\" target=\"_blank\" rel=\"noopener\">https:\/\/www.fmamornese.org\/<\/a><\/strong><\/span>)<\/li>\n<\/ul>\n<hr \/>\n<ul>\n<li>ISS-FMA Istituzioni di Studi Superiori (<strong><span style=\"color: #0000ff;\"><a style=\"color: #0000ff;\" href=\"https:\/\/www.iss-fma.com\/\" target=\"_blank\" rel=\"noopener\">https:\/\/www.iss-fma.com\/<\/a><\/span><\/strong>)<\/li>\n<li>IIMA Ufficio Diritti Umani Ginevra \u2013 (<span style=\"color: #0000ff;\"><strong><a style=\"color: #0000ff;\" href=\"http:\/\/iimageneva.org\/\" target=\"_blank\" rel=\"noopener\">http:\/\/iimageneva.org\/<\/a><\/strong><\/span>)<\/li>\n<\/ul>\n<hr \/>\n<ul>\n<li>JPIC &#8211; Giustizia Pace Integrit\u00e0 del Creato (<strong><span style=\"color: #0000ff;\"><a style=\"color: #0000ff;\" href=\"https:\/\/jpicroma.org\/\" target=\"_blank\" rel=\"nofollow noopener noreferrer\">http:\/\/jpicfma24.blogspot.com\/<\/a><\/span><\/strong>)<\/li>\n<\/ul>\n<hr \/>\n<ul>\n<li>Laudato Si\u2019 Action Platform (<strong><span style=\"color: #0000ff;\"><a style=\"color: #0000ff;\" href=\"https:\/\/laudatosiactionplatform.org\/\" target=\"_blank\" rel=\"noopener\">https:\/\/laudatosiactionplatform.org\/<\/a><\/span><\/strong><\/li>\n<li>Laudato Si\u2019 Movement (<strong><span style=\"color: #0000ff;\"><a style=\"color: #0000ff;\" href=\"https:\/\/laudatosimovement.org\/it\/\" target=\"_blank\" rel=\"noopener\">https:\/\/laudatosimovement.org\/it\/<\/a><\/span><\/strong>)<\/li>\n<\/ul>\n<hr \/>\n<ul>\n<li>Madre Mazzarello in musica (<span style=\"color: #0000ff;\"><strong><a style=\"color: #0000ff;\" href=\"https:\/\/mmazzarellocanti.wixsite.com\/cantimadremazzarello\" target=\"_blank\" rel=\"noopener\">https:\/\/mmazzarellocanti.wixsite.com\/cantimadremazzarello<\/a><\/strong><\/span>)<\/li>\n<li>Missione Giovani FMA-ONLUS (<span style=\"color: #0000ff;\"><strong><a style=\"color: #0000ff;\" href=\"http:\/\/www.missionegiovanifma.org\/\" target=\"_blank\" rel=\"nofollow noopener noreferrer\">http:\/\/www.missionegiovanifma.org\/<\/a><\/strong><\/span>)<\/li>\n<li>Missiones Salesianas (<a href=\"https:\/\/misionessalesianas.org\/\" target=\"_blank\" rel=\"nofollow noopener noreferrer\"><span style=\"color: #0000ff;\"><strong>https:\/\/misionessalesianas.org<\/strong><\/span>\/<\/a>)<\/li>\n<li>Movimento Giovanile Missionario (<strong><span style=\"color: #0000ff;\"><a style=\"color: #0000ff;\" href=\"http:\/\/www.missioitalia.it\/settori\/news-giovani\/\" target=\"_blank\" rel=\"nofollow noopener noreferrer\">http:\/\/www.missioitalia.it\/settori\/news-giovani\/<\/a><\/span><\/strong>)<\/li>\n<\/ul>\n<hr \/>\n<ul>\n<li>Non uno di meno Onlus (<span style=\"color: #0000ff;\"><strong><a style=\"color: #0000ff;\" href=\"http:\/\/www.nonunodimeno.org\/?lang=it\" target=\"_blank\" rel=\"nofollow noopener noreferrer\">http:\/\/www.nonunodimeno.org\/?lang=it<\/a><\/strong><\/span>)<\/li>\n<li>Note di Pastorale Giovanile (<span style=\"color: #0000ff;\"><strong><a style=\"color: #0000ff;\" href=\"https:\/\/www.notedipastoralegiovanile.it\/\" target=\"_blank\" rel=\"noopener\">https:\/\/www.notedipastoralegiovanile.it\/<\/a><\/strong><\/span>)<\/li>\n<\/ul>\n<hr \/>\n<ul>\n<li>Obra Pontificia De Infancia Misionera (<strong><span style=\"color: #0000ff;\"><a style=\"color: #0000ff;\" href=\"https:\/\/www.omp.es\/obra-pontificia-infancia-misionera\/\" target=\"_blank\" rel=\"nofollow noopener noreferrer\">https:\/\/www.omp.es\/obra-pontificia-infancia-misionera\/<\/a><\/span><\/strong>)<\/li>\n<li>Obras Missionales Pontificias (<span style=\"color: #0000ff;\"><strong><a style=\"color: #0000ff;\" href=\"https:\/\/www.omp.es\/\" target=\"_blank\" rel=\"nofollow noopener noreferrer\">https:\/\/www.omp.es\/<\/a><\/strong><\/span>)<\/li>\n<li>OIEC International Office of Catholic Education (<span style=\"color: #0000ff;\"><strong><a style=\"color: #0000ff;\" href=\"https:\/\/oiecinternational.com\/\" target=\"_blank\" rel=\"noopener\">https:\/\/oiecinternational.com\/<\/a><\/strong><\/span>)<\/li>\n<li>ONGD &#8211; ONG salesiana per lo sviluppo (<span style=\"color: #0000ff;\"><strong><a style=\"color: #0000ff;\" href=\"http:\/\/madreselvaongd.net\/\" target=\"_blank\" rel=\"nofollow noopener noreferrer\">http:\/\/madreselvaongd.net\/<\/a><\/strong><\/span>)<\/li>\n<li>ONU &#8211; Nazioni Unite (<span style=\"color: #0000ff;\"><strong><a style=\"color: #0000ff;\" href=\"https:\/\/www.un.org\/\" target=\"_blank\" rel=\"nofollow noopener noreferrer\">https:\/\/www.un.org\/<\/a><\/strong><\/span>)<\/li>\n<\/ul>\n<hr \/>\n<ul>\n<li>Pontificia Facolt\u00e0 di Scienze dell&#8217;Educazione AUXILIUM (<span style=\"color: #0000ff;\"><strong><a style=\"color: #0000ff;\" href=\"https:\/\/www.pfse-auxilium.org\/\" target=\"_blank\" rel=\"nofollow noopener noreferrer\">https:\/\/www.pfse-auxilium.org\/<\/a><\/strong><\/span>)<\/li>\n<li>Pontificie Opere Missionarie (<span style=\"color: #0000ff;\"><strong><a style=\"color: #0000ff;\" href=\"http:\/\/www.missioitalia.it\/\" target=\"_blank\" rel=\"nofollow noopener noreferrer\">http:\/\/www.missioitalia.it\/<\/a>)<\/strong><\/span><\/li>\n<\/ul>\n<hr \/>\n<ul>\n<li>Qumran &#8211; Materiale di Pastorale (<span style=\"color: #0000ff;\"><strong><a style=\"color: #0000ff;\" href=\"https:\/\/www.qumran2.net\/\" target=\"_blank\" rel=\"nofollow noopener noreferrer\">https:\/\/www.qumran2.net\/<\/a><\/strong><\/span>)<\/li>\n<\/ul>\n<hr \/>\n<ul>\n<li>Riial &#8211; Una Red, de la Iglesia, para la Iglesia y para la Sociedad (<span style=\"color: #0000ff;\"><strong><a style=\"color: #0000ff;\" href=\"http:\/\/www.riial.org\/\" target=\"_blank\" rel=\"nofollow noopener noreferrer\">http:\/\/www.riial.org\/<\/a><\/strong><\/span>)<\/li>\n<li>Rivista DMA (<span style=\"color: #0000ff;\"><strong><a style=\"color: #0000ff;\" href=\"https:\/\/www.rivistadma.org\/it\/\" target=\"_blank\" rel=\"noopener\">https:\/\/www.rivistadma.org\/it\/<\/a><\/strong><\/span>)<\/li>\n<\/ul>\n<hr \/>\n<ul>\n<li>Salesian Youth Movement Europe (<span style=\"color: #0000ff;\"><strong><a style=\"color: #0000ff;\" href=\"https:\/\/symeurope.eu\/\" target=\"_blank\" rel=\"nofollow noopener noreferrer\">https:\/\/symeurope.eu\/<\/a><\/strong><\/span>)<\/li>\n<li>Salesiani di Don Bosco (<a href=\"http:\/\/www.sdb.org\/\" target=\"_blank\" rel=\"nofollow noopener noreferrer\"><span style=\"color: #0000ff;\"><strong>http:\/\/www.sdb.org\/<\/strong><\/span><\/a>)<\/li>\n<li>Salesian online Resources (<span style=\"color: #0000ff;\"><strong><a style=\"color: #0000ff;\" href=\"https:\/\/www.salesian.online\/\" target=\"_blank\" rel=\"noopener\">https:\/\/www.salesian.online\/<\/a><\/strong><\/span>)<\/li>\n<li>SEDOS &#8211; Service of Documentation and Study on Global Mission (<span style=\"color: #0000ff;\"><strong><a style=\"color: #0000ff;\" href=\"https:\/\/sedosmission.org\/\" target=\"_blank\" rel=\"nofollow noopener noreferrer\">https:\/\/sedosmission.org\/<\/a><\/strong><\/span>)<\/li>\n<li>SERMIG &#8211; Servizio Missionario Giovani (<span style=\"color: #0000ff;\"><strong><a style=\"color: #0000ff;\" href=\"https:\/\/www.sermig.org\/\" target=\"_blank\" rel=\"nofollow noopener noreferrer\">https:\/\/www.sermig.org\/<\/a><\/strong><\/span>)<\/li>\n<li>Servizio Nazionale per la Pastorale Giovanile della CEI (<span style=\"color: #0000ff;\"><strong><a style=\"color: #0000ff;\" href=\"https:\/\/giovani.chiesacattolica.it\/\" target=\"_blank\" rel=\"nofollow noopener noreferrer\">https:\/\/giovani.chiesacattolica.it\/<\/a><\/strong><\/span>)<\/li>\n<\/ul>\n<hr \/>\n<ul>\n<li>Taiz\u00e9 (<span style=\"color: #0000ff;\"><strong><a style=\"color: #0000ff;\" href=\"http:\/\/www.taize.fr\/\" target=\"_blank\" rel=\"nofollow noopener noreferrer\">http:\/\/www.taize.fr\/<\/a><\/strong><\/span>)<\/li>\n<li>Talitha Kum (<span style=\"color: #0000ff;\"><strong><a style=\"color: #0000ff;\" href=\"https:\/\/www.talithakum.info\/it\" target=\"_blank\" rel=\"noopener\">https:\/\/www.talithakum.info\/it<\/a>)<\/strong><\/span><\/li>\n<\/ul>\n<hr \/>\n<ul>\n<li>UCESM &#8211; Unio Conferentiarum Europae Superiorum Maiorum (<strong><a href=\"http:\/\/www.ucesm.net\/\" target=\"_blank\" rel=\"nofollow noopener noreferrer\"><span style=\"color: #0000ff;\">http:\/\/www.ucesm.net\/<\/span><\/a><\/strong>)<\/li>\n<li>UISG &#8211; Unione Internazionale delle Superiore Generali (<span style=\"color: #0000ff;\"><strong><a style=\"color: #0000ff;\" href=\"http:\/\/www.internationalunionsuperiorsgeneral.org\/\" target=\"_blank\" rel=\"nofollow noopener noreferrer\">http:\/\/www.internationalunionsuperiorsgeneral.org\/<\/a><\/strong><\/span>)<\/li>\n<li>UNESCO &#8211; United Nations Education, Scientific and Cultural Organizations (<span style=\"color: #0000ff;\"><strong><a style=\"color: #0000ff;\" href=\"https:\/\/en.unesco.org\/\" target=\"_blank\" rel=\"nofollow noopener noreferrer\">https:\/\/en.unesco.org\/<\/a><\/strong><\/span>)<\/li>\n<li>UNICEF &#8211; Organizzazione delle Nazioni Unite per i diritti dei bambini (<span style=\"color: #0000ff;\"><strong><a style=\"color: #0000ff;\" href=\"https:\/\/www.unicef.org\/\" target=\"_blank\" rel=\"nofollow noopener noreferrer\">https:\/\/www.unicef.org\/<\/a><\/strong><\/span>)<\/li>\n<li>UNIFEM &#8211; United Nations Development Fund for Women (<span style=\"color: #0000ff;\"><strong><a style=\"color: #0000ff;\" href=\"https:\/\/www.refworld.org\/publisher\/UNIFEM.html\" target=\"_blank\" rel=\"nofollow noopener noreferrer\">https:\/\/www.refworld.org\/publisher\/UNIFEM.html<\/a><\/strong><\/span>)<\/li>\n<li>UPS &#8211; Universit\u00e0 Pontificia Salesiana (<span style=\"color: #0000ff;\"><strong><a style=\"color: #0000ff;\" href=\"https:\/\/www.unisal.it\/\" target=\"_blank\" rel=\"nofollow noopener noreferrer\">https:\/\/www.unisal.it\/<\/a><\/strong><\/span>)<\/li>\n<li>USMI &#8211; Unione Superiore Maggiori d&#8217;Italia (<span style=\"color: #0000ff;\"><strong><a style=\"color: #0000ff;\" href=\"http:\/\/www.usminazionale.net\/\" target=\"_blank\" rel=\"nofollow noopener noreferrer\">http:\/\/www.usminazionale.net\/<\/a><\/strong><\/span>)<\/li>\n<\/ul>\n<hr \/>\n<ul>\n<li>Valdocco (<span style=\"color: #0000ff;\"><strong><a style=\"color: #0000ff;\" href=\"http:\/\/www.valdocco.it\/\" target=\"_blank\" rel=\"nofollow noopener noreferrer\">http:\/\/www.valdocco.it\/<\/a><\/strong><\/span>)<\/li>\n<li>Vatican News (<span style=\"color: #0000ff;\"><strong><a style=\"color: #0000ff;\" href=\"https:\/\/www.vaticannews.va\/\" target=\"_blank\" rel=\"nofollow noopener noreferrer\">https:\/\/www.vaticannews.va<\/a><\/strong><\/span>)<\/li>\n<li>Vaticano &#8211; La Santa Sede (<span style=\"color: #0000ff;\"><strong><a style=\"color: #0000ff;\" href=\"http:\/\/w2.vatican.va\/\" target=\"_blank\" rel=\"nofollow noopener noreferrer\">http:\/\/w2.vatican.va\/<\/a><\/strong><\/span>)<\/li>\n<li>VIDES (<span style=\"color: #0000ff;\"><strong><a style=\"color: #0000ff;\" href=\"https:\/\/www.vides.org\/\" target=\"_blank\" rel=\"nofollow noopener noreferrer\">https:\/\/www.vides.org\/<\/a><\/strong><\/span>)<\/li>\n<li>Video del Papa (<span style=\"color: #0000ff;\"><strong><a style=\"color: #0000ff;\" href=\"https:\/\/thepopevideo.org\/\" target=\"_blank\" rel=\"noopener\">https:\/\/thepopevideo.org\/<\/a><\/strong><\/span>)<\/li>\n<li>Volontari Con Don Bosco (<span style=\"color: #0000ff;\"><strong><a style=\"color: #0000ff;\" href=\"http:\/\/www.volontaricdb.org\/\" target=\"_blank\" rel=\"nofollow noopener noreferrer\">http:\/\/www.volontaricdb.org\/<\/a><\/strong><\/span>)<\/li>\n<li>Volontariato Internazionale Salesiano (<span style=\"color: #0000ff;\"><strong><a style=\"color: #0000ff;\" href=\"http:\/\/www.volint.it\/vis\/\" target=\"_blank\" rel=\"nofollow noopener noreferrer\">http:\/\/www.volint.it\/vis\/<\/a><\/strong><\/span>)<\/li>\n<li>Volontarie di Don Bosco (<span style=\"color: #0000ff;\"><strong><a style=\"color: #0000ff;\" href=\"https:\/\/www.volontariedonbosco.org\/\" target=\"_blank\" rel=\"nofollow noopener noreferrer\">https:\/\/www.volontariedonbosco.org\/<\/a><\/strong><\/span>)<\/li>\n<\/ul>\n<hr \/>\n<ul>\n<li>Zenit (<span style=\"color: #0000ff;\"><strong><a style=\"color: #0000ff;\" href=\"https:\/\/zenit.org\/\" target=\"_blank\" rel=\"nofollow noopener noreferrer\">https:\/\/zenit.org\/<\/a><\/strong><\/span>)<\/li>\n<\/ul>\n","protected":false},"excerpt":{"rendered":"<p>ACCSSA Associazione Cultori Storia Salesiana e ISS Istituto Storico Salesiano (https:\/\/iss-acssa.org\/) ADMA Associazione di Maria Ausiliatrice (https:\/\/www.admadonbosco.org\/) Agenzia Cattolica di Informazione (https:\/\/www.acistampa.com\/) AgenSIR Societ\u00e0 per l\u2019Informazione Religiosa (https:\/\/www.agensir.it\/) ANS Agenzia [&hellip;]<\/p>\n","protected":false},"author":45,"featured_media":0,"parent":0,"menu_order":0,"comment_status":"closed","ping_status":"closed","template":"","meta":{"footnotes":""},"class_list":["post-11208","page","type-page","status-publish"],"yoast_head":"<!-- This site is optimized with the Yoast SEO plugin v27.4 - https:\/\/yoast.com\/product\/yoast-seo-wordpress\/ -->\n<title>Link &#8226; Istituto Figlie di Maria Ausiliatrice<\/title>\n<meta name=\"robots\" content=\"index, follow, max-snippet:-1, max-image-preview:large, max-video-preview:-1\" \/>\n<link rel=\"canonical\" href=\"https:\/\/www.cgfmanet.org\/pt-pt\/link\/\" \/>\n<meta property=\"og:locale\" content=\"pt_PT\" \/>\n<meta property=\"og:type\" content=\"article\" \/>\n<meta property=\"og:title\" content=\"Link &#8226; Istituto Figlie di Maria Ausiliatrice\" \/>\n<meta property=\"og:description\" content=\"ACCSSA Associazione Cultori Storia Salesiana e ISS Istituto Storico Salesiano (https:\/\/iss-acssa.org\/) ADMA Associazione di Maria Ausiliatrice (https:\/\/www.admadonbosco.org\/) Agenzia Cattolica di Informazione (https:\/\/www.acistampa.com\/) AgenSIR Societ\u00e0 per l\u2019Informazione Religiosa (https:\/\/www.agensir.it\/) ANS Agenzia [&hellip;]\" \/>\n<meta property=\"og:url\" content=\"https:\/\/www.cgfmanet.org\/pt-pt\/link\/\" \/>\n<meta property=\"og:site_name\" content=\"Istituto Figlie di Maria Ausiliatrice\" \/>\n<meta property=\"article:publisher\" content=\"https:\/\/www.facebook.com\/salesian.sisters.of.don.bosco\/\" \/>\n<meta property=\"article:modified_time\" content=\"2024-11-05T17:57:58+00:00\" \/>\n<meta property=\"og:image\" content=\"https:\/\/www.cgfmanet.org\/wp-content\/uploads\/2018\/10\/logo-fma-retina.png\" \/>\n\t<meta property=\"og:image:width\" content=\"425\" \/>\n\t<meta property=\"og:image:height\" content=\"109\" \/>\n\t<meta property=\"og:image:type\" content=\"image\/png\" \/>\n<meta name=\"twitter:card\" content=\"summary_large_image\" \/>\n<meta name=\"twitter:site\" content=\"@Cgfmanet_Org\" \/>\n<meta name=\"twitter:label1\" content=\"Tempo estimado de leitura\" \/>\n\t<meta name=\"twitter:data1\" content=\"3 minutos\" \/>\n<script type=\"application\/ld+json\" class=\"yoast-schema-graph\">{\"@context\":\"https:\\\/\\\/schema.org\",\"@graph\":[{\"@type\":\"WebPage\",\"@id\":\"https:\\\/\\\/www.cgfmanet.org\\\/pt-pt\\\/link\\\/\",\"url\":\"https:\\\/\\\/www.cgfmanet.org\\\/pt-pt\\\/link\\\/\",\"name\":\"Link &#8226; Istituto Figlie di Maria Ausiliatrice\",\"isPartOf\":{\"@id\":\"https:\\\/\\\/www.cgfmanet.org\\\/es\\\/#website\"},\"datePublished\":\"2019-11-21T11:57:02+00:00\",\"dateModified\":\"2024-11-05T17:57:58+00:00\",\"breadcrumb\":{\"@id\":\"https:\\\/\\\/www.cgfmanet.org\\\/pt-pt\\\/link\\\/#breadcrumb\"},\"inLanguage\":\"pt-PT\",\"potentialAction\":[{\"@type\":\"ReadAction\",\"target\":[\"https:\\\/\\\/www.cgfmanet.org\\\/pt-pt\\\/link\\\/\"]}]},{\"@type\":\"BreadcrumbList\",\"@id\":\"https:\\\/\\\/www.cgfmanet.org\\\/pt-pt\\\/link\\\/#breadcrumb\",\"itemListElement\":[{\"@type\":\"ListItem\",\"position\":1,\"name\":\"Home\",\"item\":\"https:\\\/\\\/www.cgfmanet.org\\\/pt-pt\\\/\"},{\"@type\":\"ListItem\",\"position\":2,\"name\":\"Link\"}]},{\"@type\":\"WebSite\",\"@id\":\"https:\\\/\\\/www.cgfmanet.org\\\/es\\\/#website\",\"url\":\"https:\\\/\\\/www.cgfmanet.org\\\/es\\\/\",\"name\":\"Istituto Figlie di Maria Ausiliatrice\",\"description\":\"Salesiane di Don Bosco\",\"publisher\":{\"@id\":\"https:\\\/\\\/www.cgfmanet.org\\\/es\\\/#organization\"},\"potentialAction\":[{\"@type\":\"SearchAction\",\"target\":{\"@type\":\"EntryPoint\",\"urlTemplate\":\"https:\\\/\\\/www.cgfmanet.org\\\/es\\\/?s={search_term_string}\"},\"query-input\":{\"@type\":\"PropertyValueSpecification\",\"valueRequired\":true,\"valueName\":\"search_term_string\"}}],\"inLanguage\":\"pt-PT\"},{\"@type\":\"Organization\",\"@id\":\"https:\\\/\\\/www.cgfmanet.org\\\/es\\\/#organization\",\"name\":\"Istituto Figlie di Maria Ausiliatrice\",\"url\":\"https:\\\/\\\/www.cgfmanet.org\\\/es\\\/\",\"logo\":{\"@type\":\"ImageObject\",\"inLanguage\":\"pt-PT\",\"@id\":\"https:\\\/\\\/www.cgfmanet.org\\\/es\\\/#\\\/schema\\\/logo\\\/image\\\/\",\"url\":\"https:\\\/\\\/www.cgfmanet.org\\\/wp-content\\\/uploads\\\/2018\\\/10\\\/logo-fma.png\",\"contentUrl\":\"https:\\\/\\\/www.cgfmanet.org\\\/wp-content\\\/uploads\\\/2018\\\/10\\\/logo-fma.png\",\"width\":214,\"height\":55,\"caption\":\"Istituto Figlie di Maria Ausiliatrice\"},\"image\":{\"@id\":\"https:\\\/\\\/www.cgfmanet.org\\\/es\\\/#\\\/schema\\\/logo\\\/image\\\/\"},\"sameAs\":[\"https:\\\/\\\/www.facebook.com\\\/salesian.sisters.of.don.bosco\\\/\",\"https:\\\/\\\/x.com\\\/Cgfmanet_Org\",\"https:\\\/\\\/www.youtube.com\\\/channel\\\/UCmcr8yFQBV7JXeXVxyV9y5Q\"]}]}<\/script>\n<!-- \/ Yoast SEO plugin. -->","yoast_head_json":{"title":"Link &#8226; Istituto Figlie di Maria Ausiliatrice","robots":{"index":"index","follow":"follow","max-snippet":"max-snippet:-1","max-image-preview":"max-image-preview:large","max-video-preview":"max-video-preview:-1"},"canonical":"https:\/\/www.cgfmanet.org\/pt-pt\/link\/","og_locale":"pt_PT","og_type":"article","og_title":"Link &#8226; Istituto Figlie di Maria Ausiliatrice","og_description":"ACCSSA Associazione Cultori Storia Salesiana e ISS Istituto Storico Salesiano (https:\/\/iss-acssa.org\/) ADMA Associazione di Maria Ausiliatrice (https:\/\/www.admadonbosco.org\/) Agenzia Cattolica di Informazione (https:\/\/www.acistampa.com\/) AgenSIR Societ\u00e0 per l\u2019Informazione Religiosa (https:\/\/www.agensir.it\/) ANS Agenzia [&hellip;]","og_url":"https:\/\/www.cgfmanet.org\/pt-pt\/link\/","og_site_name":"Istituto Figlie di Maria Ausiliatrice","article_publisher":"https:\/\/www.facebook.com\/salesian.sisters.of.don.bosco\/","article_modified_time":"2024-11-05T17:57:58+00:00","og_image":[{"width":425,"height":109,"url":"https:\/\/www.cgfmanet.org\/wp-content\/uploads\/2018\/10\/logo-fma-retina.png","type":"image\/png"}],"twitter_card":"summary_large_image","twitter_site":"@Cgfmanet_Org","twitter_misc":{"Tempo estimado de leitura":"3 minutos"},"schema":{"@context":"https:\/\/schema.org","@graph":[{"@type":"WebPage","@id":"https:\/\/www.cgfmanet.org\/pt-pt\/link\/","url":"https:\/\/www.cgfmanet.org\/pt-pt\/link\/","name":"Link &#8226; Istituto Figlie di Maria Ausiliatrice","isPartOf":{"@id":"https:\/\/www.cgfmanet.org\/es\/#website"},"datePublished":"2019-11-21T11:57:02+00:00","dateModified":"2024-11-05T17:57:58+00:00","breadcrumb":{"@id":"https:\/\/www.cgfmanet.org\/pt-pt\/link\/#breadcrumb"},"inLanguage":"pt-PT","potentialAction":[{"@type":"ReadAction","target":["https:\/\/www.cgfmanet.org\/pt-pt\/link\/"]}]},{"@type":"BreadcrumbList","@id":"https:\/\/www.cgfmanet.org\/pt-pt\/link\/#breadcrumb","itemListElement":[{"@type":"ListItem","position":1,"name":"Home","item":"https:\/\/www.cgfmanet.org\/pt-pt\/"},{"@type":"ListItem","position":2,"name":"Link"}]},{"@type":"WebSite","@id":"https:\/\/www.cgfmanet.org\/es\/#website","url":"https:\/\/www.cgfmanet.org\/es\/","name":"Istituto Figlie di Maria Ausiliatrice","description":"Salesiane di Don Bosco","publisher":{"@id":"https:\/\/www.cgfmanet.org\/es\/#organization"},"potentialAction":[{"@type":"SearchAction","target":{"@type":"EntryPoint","urlTemplate":"https:\/\/www.cgfmanet.org\/es\/?s={search_term_string}"},"query-input":{"@type":"PropertyValueSpecification","valueRequired":true,"valueName":"search_term_string"}}],"inLanguage":"pt-PT"},{"@type":"Organization","@id":"https:\/\/www.cgfmanet.org\/es\/#organization","name":"Istituto Figlie di Maria Ausiliatrice","url":"https:\/\/www.cgfmanet.org\/es\/","logo":{"@type":"ImageObject","inLanguage":"pt-PT","@id":"https:\/\/www.cgfmanet.org\/es\/#\/schema\/logo\/image\/","url":"https:\/\/www.cgfmanet.org\/wp-content\/uploads\/2018\/10\/logo-fma.png","contentUrl":"https:\/\/www.cgfmanet.org\/wp-content\/uploads\/2018\/10\/logo-fma.png","width":214,"height":55,"caption":"Istituto Figlie di Maria Ausiliatrice"},"image":{"@id":"https:\/\/www.cgfmanet.org\/es\/#\/schema\/logo\/image\/"},"sameAs":["https:\/\/www.facebook.com\/salesian.sisters.of.don.bosco\/","https:\/\/x.com\/Cgfmanet_Org","https:\/\/www.youtube.com\/channel\/UCmcr8yFQBV7JXeXVxyV9y5Q"]}]}},"_links":{"self":[{"href":"https:\/\/www.cgfmanet.org\/pt-pt\/wp-json\/wp\/v2\/pages\/11208","targetHints":{"allow":["GET"]}}],"collection":[{"href":"https:\/\/www.cgfmanet.org\/pt-pt\/wp-json\/wp\/v2\/pages"}],"about":[{"href":"https:\/\/www.cgfmanet.org\/pt-pt\/wp-json\/wp\/v2\/types\/page"}],"author":[{"embeddable":true,"href":"https:\/\/www.cgfmanet.org\/pt-pt\/wp-json\/wp\/v2\/users\/45"}],"replies":[{"embeddable":true,"href":"https:\/\/www.cgfmanet.org\/pt-pt\/wp-json\/wp\/v2\/comments?post=11208"}],"version-history":[{"count":2,"href":"https:\/\/www.cgfmanet.org\/pt-pt\/wp-json\/wp\/v2\/pages\/11208\/revisions"}],"predecessor-version":[{"id":122708,"href":"https:\/\/www.cgfmanet.org\/pt-pt\/wp-json\/wp\/v2\/pages\/11208\/revisions\/122708"}],"wp:attachment":[{"href":"https:\/\/www.cgfmanet.org\/pt-pt\/wp-json\/wp\/v2\/media?parent=11208"}],"curies":[{"name":"wp","href":"https:\/\/api.w.org\/{rel}","templated":true}]}}