{"id":3639,"date":"2019-03-12T16:19:35","date_gmt":"2019-03-12T15:19:35","guid":{"rendered":"https:\/\/www.cgfmanet.org\/?page_id=3639"},"modified":"2025-01-18T09:56:09","modified_gmt":"2025-01-18T08:56:09","slug":"la-conseillere-pour-la-pastorale-des-jeunes","status":"publish","type":"page","link":"https:\/\/www.cgfmanet.org\/fr\/la-conseillere-pour-la-pastorale-des-jeunes\/","title":{"rendered":"La Conseill\u00e8re pour la Pastorale des Jeunes"},"content":{"rendered":"<div class=\"wpb-content-wrapper\"><div id=\"tdi_1\" class=\"tdc-row\"><div class=\"vc_row tdi_2  wpb_row td-pb-row\" >\n<style scoped>\n\/* custom css - generated by TagDiv Composer *\/\n\n\/* custom css - generated by TagDiv Composer *\/\n.tdi_2,\r\n                .tdi_2 .tdc-columns{\r\n                    min-height: 0;\r\n                }.tdi_2,\r\n\t\t\t\t.tdi_2 .tdc-columns{\r\n\t\t\t\t    display: block;\r\n\t\t\t\t}.tdi_2 .tdc-columns{\r\n\t\t\t\t    width: 100%;\r\n\t\t\t\t}.tdi_2:before,\r\n\t\t\t\t.tdi_2:after{\r\n\t\t\t\t    display: table;\r\n\t\t\t\t}\n<\/style><div class=\"vc_column tdi_4  wpb_column vc_column_container tdc-column td-pb-span12\">\n<style scoped>\n\/* custom css - generated by TagDiv Composer *\/\n\n\/* custom css - generated by TagDiv Composer *\/\n.tdi_4{\r\n                    vertical-align: baseline;\r\n                }.tdi_4 > .wpb_wrapper,\r\n\t\t\t\t.tdi_4 > .wpb_wrapper > .tdc-elements{\r\n\t\t\t\t    display: block;\r\n\t\t\t\t}.tdi_4 > .wpb_wrapper > .tdc-elements{\r\n\t\t\t\t    width: 100%;\r\n\t\t\t\t}.tdi_4 > .wpb_wrapper > .vc_row_inner{\r\n\t\t\t\t    width: auto;\r\n\t\t\t\t}.tdi_4 > .wpb_wrapper{\r\n\t\t\t\t    width: auto;\r\n\t\t\t\t    height: auto;\r\n\t\t\t\t}\n<\/style><div class=\"wpb_wrapper\" >[vc_column_text]\r\n<p class=\"td-post-sub-title\">\u00ab\u00a0La Conseill\u00e8re pour la Pastorale des Jeunes anime l\u2019action apostolique de l\u2019Institut sous toutes ses formes, dans la fid\u00e9lit\u00e9 permanente au charisme et aux exigences du monde des jeunes\u00a0\u00bb (C.\u00a0129)<\/p>\r\n[\/vc_column_text]<div class=\"wpb_wrapper td_block_empty_space td_block_wrap vc_empty_space tdi_6 \"  style=\"height: 40px\"><\/div><\/div><\/div><\/div><\/div><div id=\"tdi_7\" class=\"tdc-row\"><div class=\"vc_row tdi_8  wpb_row td-pb-row\" >\n<style scoped>\n\/* custom css - generated by TagDiv Composer *\/\n\n\/* custom css - generated by TagDiv Composer *\/\n.tdi_8,\r\n                .tdi_8 .tdc-columns{\r\n                    min-height: 0;\r\n                }.tdi_8,\r\n\t\t\t\t.tdi_8 .tdc-columns{\r\n\t\t\t\t    display: block;\r\n\t\t\t\t}.tdi_8 .tdc-columns{\r\n\t\t\t\t    width: 100%;\r\n\t\t\t\t}.tdi_8:before,\r\n\t\t\t\t.tdi_8:after{\r\n\t\t\t\t    display: table;\r\n\t\t\t\t}\n<\/style><div class=\"vc_column tdi_10  wpb_column vc_column_container tdc-column td-pb-span8\">\n<style scoped>\n\/* custom css - generated by TagDiv Composer *\/\n\n\/* custom css - generated by TagDiv Composer *\/\n.tdi_10{\r\n                    vertical-align: baseline;\r\n                }.tdi_10 > .wpb_wrapper,\r\n\t\t\t\t.tdi_10 > .wpb_wrapper > .tdc-elements{\r\n\t\t\t\t    display: block;\r\n\t\t\t\t}.tdi_10 > .wpb_wrapper > .tdc-elements{\r\n\t\t\t\t    width: 100%;\r\n\t\t\t\t}.tdi_10 > .wpb_wrapper > .vc_row_inner{\r\n\t\t\t\t    width: auto;\r\n\t\t\t\t}.tdi_10 > .wpb_wrapper{\r\n\t\t\t\t    width: auto;\r\n\t\t\t\t    height: auto;\r\n\t\t\t\t}\n<\/style><div class=\"wpb_wrapper\" >[vc_column_text css=\u00a0\u00bb\u00a0\u00bb]Depuis f\u00e9vrier 2015, l&rsquo;Office est anim\u00e9e et coordin\u00e9e par <b>Sr. Runita Galve Borja,<\/b> Conseill\u00e8re pour la Pastorale des Jeunes.\r\n<h2>Sr. Runita Galve Borja<\/h2>\r\n<a href=\"https:\/\/www.cgfmanet.org\/wp-content\/uploads\/2022\/07\/Pastorale-Giovanile_new.jpg\"><img decoding=\"async\" class=\"alignleft wp-image-71456 lazyload\" data-src=\"https:\/\/www.cgfmanet.org\/wp-content\/uploads\/2022\/07\/Pastorale-Giovanile_new.jpg\" alt=\"\" width=\"383\" height=\"480\" data-srcset=\"https:\/\/www.cgfmanet.org\/wp-content\/uploads\/2022\/07\/Pastorale-Giovanile_new.jpg 1181w, https:\/\/www.cgfmanet.org\/wp-content\/uploads\/2022\/07\/Pastorale-Giovanile_new-768x963.jpg 768w, https:\/\/www.cgfmanet.org\/wp-content\/uploads\/2022\/07\/Pastorale-Giovanile_new-696x873.jpg 696w, https:\/\/www.cgfmanet.org\/wp-content\/uploads\/2022\/07\/Pastorale-Giovanile_new-335x420.jpg 335w\" data-sizes=\"auto\" src=\"data:image\/svg+xml;base64,PHN2ZyB3aWR0aD0iMSIgaGVpZ2h0PSIxIiB4bWxucz0iaHR0cDovL3d3dy53My5vcmcvMjAwMC9zdmciPjwvc3ZnPg==\" style=\"--smush-placeholder-width: 383px; --smush-placeholder-aspect-ratio: 383\/480;\" data-original-sizes=\"(max-width: 383px) 100vw, 383px\" \/><\/a>Elle est n\u00e9e en 1966 \u00e0 Manille, Philippines, et est FMA depuis le 23 mai 1992. Elle a \u00e9t\u00e9 animatrice dans diff\u00e9rents endroits d\u2019\u00e9ducation formelle ou informelle et Coordinatrice Provinciale pour la Pastorale des jeunes. Elle a suivi un Master en Th\u00e9ologie et en Pastorale des Jeunes. De 2004 \u00e0 2014 elle a \u00e9t\u00e9 Collaboratrice dans l\u2019Office FMA pour la Pastorale des Jeunes.\r\n\r\nLa Conseill\u00e8re pour la Pastorale des Jeunes, en conformit\u00e9 \u00e0 l\u2019article 129 des Constitutions FMA\u00a0:\r\n<ul>\r\n \t<li>Anime l\u2019action apostolique de l\u2019Institut dans toutes ses expressions, dans la fid\u00e9lit\u00e9 au charisme et aux exigences du monde des jeunes.<\/li>\r\n \t<li>Offre des orientations aux \u201cCommunaut\u00e9s \u00e9ducatives\u201d pour que, dans l\u2019esprit du Syst\u00e8me Pr\u00e9ventif, elles favorisent la formation int\u00e9grale des jeunes et les aident \u00e0 s\u2019ins\u00e9rer dans la soci\u00e9t\u00e9 et dans l\u2019Eglise.<\/li>\r\n<\/ul>\r\nDans l\u2019animation de l\u2019Office FMA pour la Pastorale des Jeunes, la Conseill\u00e8re est aid\u00e9e par une <strong>\u00c9quipe Internationale<\/strong>\u00a0:\r\n<ul>\r\n \t<li><strong>S\u0153ur Audate Annecie <\/strong>(VIDES International)<\/li>\r\n \t<li><strong>S\u0153ur Garcia Sarah<\/strong> (Office des Droits Humains)<\/li>\r\n \t<li><strong>S\u0153ur Goulart Lopes Ivone<\/strong><\/li>\r\n \t<li><strong>S\u0153ur Nsofwa Chanda<\/strong><\/li>\r\n \t<li><strong>S\u0153ur Palomino Herlinda<\/strong><\/li>\r\n \t<li><strong>S\u0153ur\u00a0<strong>Kharbihkhiew <\/strong>Wismary\u00a0<\/strong><\/li>\r\n<\/ul>\r\n<a href=\"https:\/\/www.cgfmanet.org\/wp-content\/uploads\/2024\/12\/Foto-Ambito-PG_dic-2024.jpg\"><img decoding=\"async\" class=\"aligncenter wp-image-125087 size-full lazyload\" data-src=\"https:\/\/www.cgfmanet.org\/wp-content\/uploads\/2024\/12\/Foto-Ambito-PG_dic-2024.jpg\" alt=\"\" width=\"1181\" height=\"787\" data-srcset=\"https:\/\/www.cgfmanet.org\/wp-content\/uploads\/2024\/12\/Foto-Ambito-PG_dic-2024.jpg 1181w, https:\/\/www.cgfmanet.org\/wp-content\/uploads\/2024\/12\/Foto-Ambito-PG_dic-2024-768x512.jpg 768w, https:\/\/www.cgfmanet.org\/wp-content\/uploads\/2024\/12\/Foto-Ambito-PG_dic-2024-630x420.jpg 630w, https:\/\/www.cgfmanet.org\/wp-content\/uploads\/2024\/12\/Foto-Ambito-PG_dic-2024-696x464.jpg 696w\" data-sizes=\"auto\" src=\"data:image\/svg+xml;base64,PHN2ZyB3aWR0aD0iMSIgaGVpZ2h0PSIxIiB4bWxucz0iaHR0cDovL3d3dy53My5vcmcvMjAwMC9zdmciPjwvc3ZnPg==\" style=\"--smush-placeholder-width: 1181px; --smush-placeholder-aspect-ratio: 1181\/787;\" data-original-sizes=\"(max-width: 1181px) 100vw, 1181px\" \/><\/a>\r\n\r\nLa Pastorale des Jeunes de l&rsquo;Institut FMA est la r\u00e9alisation concr\u00e8te de la mission \u00e9ducative. C&rsquo;est la mani\u00e8re typique d&rsquo;exprimer l&rsquo;attention de l&rsquo;\u00c9glise et de l&rsquo;Institut envers les jeunes g\u00e9n\u00e9rations, en contact avec la vie, ouvertes \u00e0 l&rsquo;esp\u00e9rance. Elle vise la croissance int\u00e9grale de la personne en \u00e9duquant \u00e0 l&rsquo;engagement pour une citoyennet\u00e9 active. C&rsquo;est une pratique qui relie action \u00e9ducative et action \u00e9vang\u00e9lisatrice, pla\u00e7ant <strong>le Christ comme une r\u00e9f\u00e9rence fondamentale<\/strong> pour la construction de la personnalit\u00e9 et pour le discernement des valeurs humaines et culturelles de l&rsquo;environnement.\r\n\r\n<strong>Il est important de rappeler les grandes lignes d&rsquo;action de la pastorale des jeunes selon le pape Fran\u00e7ois :<\/strong>\r\n<ul>\r\n \t<li><strong>La recherche<\/strong>, l&rsquo;invitation, l&rsquo;appel qui attire de nouveaux jeunes \u00e0 faire l&rsquo;exp\u00e9rience du Seigneur.<\/li>\r\n \t<li><strong>La cr\u00e9ativit\u00e9<\/strong>, le d\u00e9veloppement d&rsquo;un parcours de maturation de ceux qui ont d\u00e9j\u00e0 v\u00e9cu cette exp\u00e9rience.<\/li>\r\n<\/ul>\r\n<strong>L&rsquo;animation de la Pastorale des jeunes 2022-2027 s&rsquo;inscrit dans la ligne du XXIVe Chapitre G\u00e9n\u00e9ral : \u00ab\u00a0Avec Marie, \u00eatre \u00a0une &lsquo;pr\u00e9sence&rsquo; g\u00e9n\u00e9ratrice de vie\u00a0\u00bb.<\/strong>\r\n\r\nPour le sexennat 2022-2027, le Secteur de la Pastorale des jeunes promeut \u00ab Une Pastorale synodale des jeunes pour la vie de tous \u00bb. \u00c0 la lumi\u00e8re du XXIVe Chapitre G\u00e9n\u00e9ral, l\u2019Office FMA pour la Pastorale \u00a0a identifi\u00e9 cinq processus \u00e0 privil\u00e9gier avec les Provinces en ce sexennat :\r\n<ul>\r\n \t<li>Cheminement vers la conversion \u00e0 l&rsquo;\u00e9cologie int\u00e9grale (accompagnement des communaut\u00e9s \u00e9ducatives ; c\u00e9l\u00e9bration de la Semaine \u2018<strong>Laudato Si&rsquo;<\/strong> et de la Saison de la Cr\u00e9ation).<\/li>\r\n \t<li>Ensemble pour un nouvel \u00e9lan vers la Cat\u00e9ch\u00e8se (mise \u00e0 jour par des s\u00e9minaires, des formations de base, des partages de bonnes pratiques).<\/li>\r\n \t<li>En ligne dans une large alliance \u00e9ducative &#8211; Le Pacte mondial pour l&rsquo;\u00e9ducation dans le style du Syst\u00e8me pr\u00e9ventif (assumant le <em>Pacte mondial pour l&rsquo;\u00e9ducation<\/em> du point de vue de l&rsquo;\u00e9cologie int\u00e9grale).<\/li>\r\n \t<li>Mise \u00e0 jour du Document \u00ab <em>Pour qu&rsquo;ils aient la vie et la vie en abondance. Orientations de la mission \u00e9ducative des FMA<\/em> \u00bb.<\/li>\r\n \t<li>Ensemble pour promouvoir la culture vocationnelle.<\/li>\r\n<\/ul>\r\n<strong>Modalit\u00e9s d&rsquo;animation du Secteur Pastorale des Jeunes<\/strong>\r\n<ul>\r\n \t<li>Accompagnement<\/li>\r\n \t<li>Formation \/ Informations<\/li>\r\n \t<li>Plaidoyer<\/li>\r\n \t<li>Travail en r\u00e9seau<\/li>\r\n \t<li>Moyens d&rsquo;accompagnement ordinaires de l\u2019Office FMA de la Pastorale des Jeunes<\/li>\r\n \t<li>R\u00e9unions en face \u00e0 face et en ligne<\/li>\r\n \t<li>Visites<\/li>\r\n \t<li>Animation et participation \u00e0 divers \u00e9v\u00e9nements<\/li>\r\n \t<li>Dialogue et concertation<\/li>\r\n \t<li>\u00c9change de ressources et de bonnes pratiques<\/li>\r\n \t<li>Partage de nouvelles et d&rsquo;informations notamment \u00e0 travers la communication \u00ab Pastorale des Jeunes en Communion \u00bb<\/li>\r\n \t<li>Publication des parutions, \u00a0notamment la \u00ab\u00a0S\u00e9rie Pastorale des Jeunes\u00a0\u00bb<\/li>\r\n<\/ul>\r\n<strong>Commissions \/ Coordinations \/ R\u00e9seaux accompagn\u00e9s par l\u2019Office FMA de la Pastorale des Jeunes<\/strong>\r\n<ul>\r\n \t<li>ESA &#8211; \u00c9cole sal\u00e9sienne Am\u00e9rique<\/li>\r\n \t<li>ESS \u2013 \u00c9cole Sal\u00e9sienne Europe<\/li>\r\n \t<li>CIAO\u00a0 \u00c9cole<\/li>\r\n \t<li>PCI \u00c9cole<\/li>\r\n \t<li>CIAM\/FP Ecole<\/li>\r\n \t<li>ISS-FMA \u2013 R\u00e9seau des Institutions d&rsquo;Enseignement Sup\u00e9rieur<\/li>\r\n \t<li>MSJ Mouvement Sal\u00e9sien des Jeunes Europe et Moyen-Orient<\/li>\r\n \t<li>R\u00e9seau des jeunes d\u00e9fenseurs des droits humains<\/li>\r\n<\/ul>\r\n<strong>Mat\u00e9riels \/ Subventions offertes aux Province<\/strong>\r\n<ul>\r\n \t<li>Jeunesse en communion \u2013 une communication conjointe de l\u2019office de la Pastorale des jeunes, un espace pour partager la vie du Secteur de la Pastorale des jeunes avec ses plus proches collaborateurs, c&rsquo;est-\u00e0-dire les Coordonnateurs Provinciaux de la Pastorale des jeunes ; les envoy\u00e9s pour information, \u00e9galement aux Provinciaux et traduit en cinq langues.<\/li>\r\n \t<li>S\u00e9rie Pastorale des jeunes \u2013 r\u00e9dig\u00e9e dans les cinq langues officielles de l&rsquo;Institut, elle est un moyen de formation continue pour les communaut\u00e9s \u00e9ducatives : elle propose des r\u00e9flexions sur des sujets pertinents \u00e0 notre mission \u00e9ducative et approfondit les \u00e9l\u00e9ments pr\u00e9conis\u00e9s par le document \u00ab <strong>Afin qu&rsquo;ils aient la vie et la vie en abondance. Lignes directrices pour la mission \u00e9ducative des FMA<\/strong> \u00bb, avec une attention au cheminement de l&rsquo;\u00c9glise et du monde.<\/li>\r\n \t<li>D&rsquo;autres documents r\u00e9dig\u00e9s par l\u2019Office FMA de la \u00a0PJ ou re\u00e7us d&rsquo;autres sources.<\/li>\r\n<\/ul>\r\n<strong>Pr\u00e9sence sur les r\u00e9seaux sociaux<\/strong>\r\n<ul>\r\n \t<li>Pastorale des jeunes FMA <span style=\"color: #0000ff;\"><strong><a style=\"color: #0000ff;\" href=\"https:\/\/www.facebook.com\/profile.php?id=100090942790346\" target=\"_blank\" rel=\"noopener\">sur Facebook<\/a><\/strong><\/span><\/li>\r\n \t<li>sur Instagram: <span style=\"color: #0000ff;\"><strong><a style=\"color: #0000ff;\" href=\"https:\/\/www.instagram.com\/pastoralefma\/\" target=\"_blank\" rel=\"noopener\">pastoralefma<\/a><\/strong><\/span><\/li>\r\n \t<li>Blog de la pastorale des jeunes\u00a0:<span style=\"color: #0000ff;\"> <strong><a style=\"color: #0000ff;\" href=\"https:\/\/pgfma.wordpress.com\/\" target=\"_blank\" rel=\"noopener\">https:\/\/pgfma.wordpress.com\/<\/a><\/strong><\/span><\/li>\r\n \t<li>Office FMA de la PJ sur <span style=\"color: #0000ff;\"><strong><a style=\"color: #0000ff;\" href=\"https:\/\/www.youtube.com\/@fmaambitopg7500\" target=\"_blank\" rel=\"noopener\">YouTube<\/a><\/strong><\/span><\/li>\r\n<\/ul>\r\n<strong>Les Bureaux internationaux qui font \u00a0r\u00e9f\u00e9rence \u00e0 l\u2019Office FMA pour la pastorale des jeunes<\/strong>\r\n\r\n<span style=\"color: #0000ff;\"><a style=\"color: #0000ff;\" href=\"https:\/\/www.vides.org\/\" target=\"_blank\" rel=\"noopener\"><em><strong>VIDES Internazionale<\/strong><\/em><\/a><\/span><em><strong>\u00a0(Volontariat International pour la femme, l\u2019\u00e9ducation et le d\u00e9veloppement).<\/strong><\/em> C\u2019est une association de jeunes volontaires n\u00e9e de la proposition de l\u2019Institut FMA. Il encourage le volontariat comme instrument de formation des jeunes pour la construction d\u2019une soci\u00e9t\u00e9 fraternelle et solidaire dans le respect des droits humains et du bien commun en faveur d\u2019un d\u00e9veloppement durable surtout pour les enfants, les jeunes et les femmes.\r\n\r\n<span style=\"color: #0000ff;\"><a style=\"color: #0000ff;\" href=\"http:\/\/iimageneva.org\/\" target=\"_blank\" rel=\"noopener\"><em><strong>L\u2019Office des Droits Humains<\/strong><\/em><\/a><\/span>\u00a0Repr\u00e9sente l\u2019Institut International Marie Auxiliatrice (IIMA) et le VIDES aux Nations Unis (ONU) \u00e0 Gen\u00e8ve. L\u2019IIMA et le VIDES ont obtenu le statut consultatif sp\u00e9cial du Conseil Economique et Social (ECOSOC) de l\u2019ONU. Comme Office l\u2019IIMA soutient le droit \u00e0 l\u2019\u00e9ducation en se servant des instruments de d\u00e9fense des droits humains et appelle l\u2019attention des Conseils des Droits Humains et des Gouvernements sur quelques th\u00e9matiques importantes pour garantir le Droit \u00e0 l\u2019Education de tous et surtout des plus vuln\u00e9rables. Il organise des actions de formation aux droits humains au niveau de l\u2019Institut.\r\n\r\n<strong>L\u2019Histoire <\/strong>\r\n\r\nPendant le XVIe Chapitre G\u00e9n\u00e9ral en 1975 on pr\u00e9cise la pr\u00e9sence de la Conseill\u00e8re g\u00e9n\u00e9rale pour la Pastorale des Jeunes. Dans les ann\u00e9es 90, dans la logique d\u2019un style circulaire d\u2019animation le Centre International de Pastorale des Jeunes s\u2019organise comme Office FMA pour la Pastorale des Jeunes.\r\nDepuis 2014 (le XXIIIe Chapitre G\u00e9n\u00e9ral modifie les Constitutions \u2013 art. 129 bis) et d\u00e9sormais font partie int\u00e9grale de l\u2019Office PG\u00a0: le VIDES International, l\u2019Office des Droits Humains et les dimensions aux processus pastoraux, l\u2019attention \u00e0 la <em>Femme, \u00e0 la Justice, \u00e0 la Paix et \u00e0 l\u2019int\u00e9grit\u00e9 de la cr\u00e9ation (JPIC), <\/em>\u00e9l\u00e9ments et valeurs essentielles du charisme \u00e9ducatif de l\u2019Institut, transversaux \u00e0 tous les processus pastoraux et finalis\u00e9s \u00e0 promouvoir le d\u00e9veloppement humain int\u00e9gral. Dans un monde marqu\u00e9 par l\u2019in\u00e9galit\u00e9 et l\u2019exclusion, l\u2019engagement pour \u00e9duquer \u00e0 la Justice, la Paix et le soin de la maison commune, devient in\u00e9luctable, ensemble pour l\u2018engagement, de la part des Communaut\u00e9s Educatives, des valeurs JPIC comme style de vie et spiritualit\u00e9 qui promeut la culture de la non violence.\r\n\r\n<span style=\"color: #0000ff;\"><strong><a style=\"color: #0000ff;\" href=\"https:\/\/drive.google.com\/drive\/u\/1\/folders\/1aP83zWlXfJjyE8QLChSyUwd16Cj8fkXP\" target=\"_blank\" rel=\"noopener\">Documentation<\/a><\/strong><\/span>[\/vc_column_text]<\/div><\/div><div class=\"vc_column tdi_12  wpb_column vc_column_container tdc-column td-pb-span4\">\n<style scoped>\n\/* custom css - generated by TagDiv Composer *\/\n\n\/* custom css - generated by TagDiv Composer *\/\n.tdi_12{\r\n                    vertical-align: baseline;\r\n                }.tdi_12 > .wpb_wrapper,\r\n\t\t\t\t.tdi_12 > .wpb_wrapper > .tdc-elements{\r\n\t\t\t\t    display: block;\r\n\t\t\t\t}.tdi_12 > .wpb_wrapper > .tdc-elements{\r\n\t\t\t\t    width: 100%;\r\n\t\t\t\t}.tdi_12 > .wpb_wrapper > .vc_row_inner{\r\n\t\t\t\t    width: auto;\r\n\t\t\t\t}.tdi_12 > .wpb_wrapper{\r\n\t\t\t\t    width: auto;\r\n\t\t\t\t    height: auto;\r\n\t\t\t\t}\n<\/style><div class=\"wpb_wrapper\" ><div class=\"wpb_wrapper td_block_wrap vc_widget_sidebar tdi_14 \" ><aside class=\"td_block_template_1 widget widget_text\">\t\t\t<div class=\"textwidget\"><h4 class=\"block-title custom-agenda\" style=\"margin-bottom:0;\"><a href=\"https:\/\/www.cgfmanet.org\/fr\/events\/\"><span>Agenda<\/span><\/a><\/h4><\/div>\n\t\t<\/aside>\n<aside class=\"td_block_template_1 widget widget_tribe-widget-events-month\"><div  class=\"tribe-compatibility-container tribe-common tribe-events tribe-events-widget-shortcode tribe-events-widget-shortcode-events-month\" >\n\n\t\n<div class=\"tribe-events-widget-shortcode__header-title\">\n\t<h4 class=\"block-title\"><span><\/span><\/h4><\/div>\n\n\t<div\n\t class=\"tribe-common tribe-events tribe-events-view tribe-events-view--month tribe-events-view--shortcode tribe-events-view--shortcode-tribe-widget-events-month-16 tribe-events-widget tribe-events-widget-events-month\" \tdata-js=\"tribe-events-view\"\n\tdata-view-rest-url=\"https:\/\/www.cgfmanet.org\/fr\/wp-json\/tribe\/views\/v2\/html\"\n\tdata-view-rest-method=\"GET\"\n\tdata-view-manage-url=\"\"\n\t\t\tdata-view-shortcode=\"tribe-widget-events-month-16\"\n\t\t\t\tdata-view-breakpoint-pointer=\"952e84cc-6915-4b45-9c06-dd2ea3e0e996\"\n\t>\n\t<section class=\"tribe-common-l-container tribe-events-l-container\">\n\t\t<div\n\tclass=\"tribe-events-view-loader tribe-common-a11y-hidden\"\n\trole=\"alert\"\n\taria-live=\"polite\"\n>\n\t<span class=\"tribe-events-view-loader__text tribe-common-a11y-visual-hide\">\n\t\t35 \u00e9v\u00e8nements found.\t<\/span>\n\t<div class=\"tribe-events-view-loader__dots tribe-common-c-loader\">\n\t\t<svg\n\t class=\"tribe-common-c-svgicon tribe-common-c-svgicon--dot tribe-common-c-loader__dot tribe-common-c-loader__dot--first\" \taria-hidden=\"true\"\n\tviewBox=\"0 0 15 15\"\n\txmlns=\"http:\/\/www.w3.org\/2000\/svg\"\n>\n\t<circle cx=\"7.5\" cy=\"7.5\" r=\"7.5\"\/>\n<\/svg>\n\t\t<svg\n\t class=\"tribe-common-c-svgicon tribe-common-c-svgicon--dot tribe-common-c-loader__dot tribe-common-c-loader__dot--second\" \taria-hidden=\"true\"\n\tviewBox=\"0 0 15 15\"\n\txmlns=\"http:\/\/www.w3.org\/2000\/svg\"\n>\n\t<circle cx=\"7.5\" cy=\"7.5\" r=\"7.5\"\/>\n<\/svg>\n\t\t<svg\n\t class=\"tribe-common-c-svgicon tribe-common-c-svgicon--dot tribe-common-c-loader__dot tribe-common-c-loader__dot--third\" \taria-hidden=\"true\"\n\tviewBox=\"0 0 15 15\"\n\txmlns=\"http:\/\/www.w3.org\/2000\/svg\"\n>\n\t<circle cx=\"7.5\" cy=\"7.5\" r=\"7.5\"\/>\n<\/svg>\n\t<\/div>\n<\/div>\n\n\t\t<script type=\"application\/ld+json\">\r\n[{\"@context\":\"http:\/\/schema.org\",\"@type\":\"Event\",\"name\":\"Suor Nilza F\\u00e1tima de Moraes accompagna le partecipanti del Progetto Mornese in lingua inglese insieme alla coordinatrice, suor Jeanette Palasota.\",\"description\":\"\",\"url\":\"https:\/\/www.cgfmanet.org\/fr\/event\/suor-nilza-fatima-de-moraes-accompagna-le-partecipanti-del-progetto-mornese-in-lingua-inglese-insieme-alla-coordinatrice-suor-jeanette-palasota\/\",\"eventAttendanceMode\":\"https:\/\/schema.org\/OfflineEventAttendanceMode\",\"eventStatus\":\"https:\/\/schema.org\/EventScheduled\",\"startDate\":\"2026-04-17T00:00:00+02:00\",\"endDate\":\"2026-05-03T23:59:59+02:00\",\"performer\":\"Organization\"},{\"@context\":\"http:\/\/schema.org\",\"@type\":\"Event\",\"name\":\"Suor Paola Battagliola accompagna il processo di discernimento per la nomina della futura Ispettrice BRM. A Manaus, Brasile.\",\"description\":\"\",\"url\":\"https:\/\/www.cgfmanet.org\/fr\/event\/suor-paola-battagliola-accompagna-il-processo-di-discernimento-per-la-nomina-della-futura-ispettrice-brm-a-manaus-brasile\/\",\"eventAttendanceMode\":\"https:\/\/schema.org\/OfflineEventAttendanceMode\",\"eventStatus\":\"https:\/\/schema.org\/EventScheduled\",\"startDate\":\"2026-04-25T00:00:00+02:00\",\"endDate\":\"2026-04-28T23:59:59+02:00\",\"performer\":\"Organization\"},{\"@context\":\"http:\/\/schema.org\",\"@type\":\"Event\",\"name\":\"Suor Ena Bola\\u00f1os e le collaboratrici dell\\u2019Ambito incontrano le Econome ispettoriali del mondo per la formazione online.\",\"description\":\"\",\"url\":\"https:\/\/www.cgfmanet.org\/fr\/event\/suor-ena-bolanos-e-le-collaboratrici-dellambito-incontrano-le-econome-ispettoriali-del-mondo-per-la-formazione-online-11\/\",\"eventAttendanceMode\":\"https:\/\/schema.org\/OfflineEventAttendanceMode\",\"eventStatus\":\"https:\/\/schema.org\/EventScheduled\",\"startDate\":\"2026-04-27T00:00:00+02:00\",\"endDate\":\"2026-04-28T23:59:59+02:00\",\"performer\":\"Organization\"},{\"@context\":\"http:\/\/schema.org\",\"@type\":\"Event\",\"name\":\"Suor Paola Battagliola riprende la 2a parte della Visita canonica all&rsquo;Ispettoria Lombarda \\u00ab\\u00a0Sacra Famiglia\\u00a0\\u00bb (ILO).\",\"description\":\"\",\"url\":\"https:\/\/www.cgfmanet.org\/fr\/event\/suor-paola-battagliola-riprende-la-2a-parte-della-visita-canonica-allispettoria-lombarda-sacra-famiglia-ilo\/\",\"eventAttendanceMode\":\"https:\/\/schema.org\/OfflineEventAttendanceMode\",\"eventStatus\":\"https:\/\/schema.org\/EventScheduled\",\"startDate\":\"2026-05-01T00:00:00+02:00\",\"endDate\":\"2026-05-01T23:59:59+02:00\",\"performer\":\"Organization\"},{\"@context\":\"http:\/\/schema.org\",\"@type\":\"Event\",\"name\":\"Suor Maria Luisa Nicastro, con le collaboratrici della Segreteria generale, guida la visita all&rsquo;Archivio Generale dell&rsquo;Istituto e alla Mostra del Carisma delle Studentesse del Corso di Spiritualit\\u00e0 di Casa Canta.\",\"description\":\"\",\"url\":\"https:\/\/www.cgfmanet.org\/fr\/event\/suor-maria-luisa-nicastro-con-le-collaboratrici-della-segreteria-generale-guida-la-visita-allarchivio-generale-dellistituto-e-alla-mostra-del-carisma-delle-studentesse-del-corso-di-spiritualita\/\",\"eventAttendanceMode\":\"https:\/\/schema.org\/OfflineEventAttendanceMode\",\"eventStatus\":\"https:\/\/schema.org\/EventScheduled\",\"startDate\":\"2026-05-02T00:00:00+02:00\",\"endDate\":\"2026-05-02T23:59:59+02:00\",\"performer\":\"Organization\"},{\"@context\":\"http:\/\/schema.org\",\"@type\":\"Event\",\"name\":\"Suor Leslie S\\u00e1ndigo e le collaboratrici dell\\u2019Ambito incontrano online le Delegate e animatrici delle Associazioni: Exallieve\/i delle FMA, Salesiani Cooperatori e ADMA.\",\"description\":\"\",\"url\":\"https:\/\/www.cgfmanet.org\/fr\/event\/suor-leslie-sandigo-e-le-collaboratrici-dellambito-incontrano-online-le-delegate-e-animatrici-delle-associazioni-exallieve-i-delle-fma-salesiani-cooperatori-e-adma\/\",\"eventAttendanceMode\":\"https:\/\/schema.org\/OfflineEventAttendanceMode\",\"eventStatus\":\"https:\/\/schema.org\/EventScheduled\",\"startDate\":\"2026-05-03T00:00:00+02:00\",\"endDate\":\"2026-05-03T23:59:59+02:00\",\"performer\":\"Organization\"},{\"@context\":\"http:\/\/schema.org\",\"@type\":\"Event\",\"name\":\"Suor Mar\\u00eda del Rosario Garc\\u00eda Ribas termina la Visita canonica all\\u2019Ispettoria \\u201cSan Giuseppe\\u00a0\\u00bb (ANT) delle Antille.\",\"description\":\"\",\"url\":\"https:\/\/www.cgfmanet.org\/fr\/event\/suor-maria-del-rosario-garcia-ribas-termina-la-visita-canonica-allispettoria-san-giuseppe-ant-delle-antille\/\",\"eventAttendanceMode\":\"https:\/\/schema.org\/OfflineEventAttendanceMode\",\"eventStatus\":\"https:\/\/schema.org\/EventScheduled\",\"startDate\":\"2026-05-04T00:00:00+02:00\",\"endDate\":\"2026-05-04T23:59:59+02:00\",\"performer\":\"Organization\"},{\"@context\":\"http:\/\/schema.org\",\"@type\":\"Event\",\"name\":\"Inizio del Corso di Formazione Permanente Missionaria a Roma, Casa Generalizia.\",\"description\":\"\",\"url\":\"https:\/\/www.cgfmanet.org\/fr\/event\/inizio-del-corso-di-formazione-permanente-missionaria-a-roma-casa-generalizia-2\/\",\"eventAttendanceMode\":\"https:\/\/schema.org\/OfflineEventAttendanceMode\",\"eventStatus\":\"https:\/\/schema.org\/EventScheduled\",\"startDate\":\"2026-05-04T00:00:00+02:00\",\"endDate\":\"2026-05-04T23:59:59+02:00\",\"performer\":\"Organization\"},{\"@context\":\"http:\/\/schema.org\",\"@type\":\"Event\",\"name\":\"La Madre d\\u00e0 la Buonanotte al gruppo del \\u201cProgetto Mornese\\u201d di lingua inglese. A Roma presso la Casa FMA \\u201cSacro Cuore\\u201d (IRO).\",\"description\":\"\",\"url\":\"https:\/\/www.cgfmanet.org\/fr\/event\/la-madre-da-la-buonanotte-al-gruppo-del-progetto-mornese-di-lingua-inglese-a-roma-presso-la-casa-fma-sacro-cuore-iro\/\",\"eventAttendanceMode\":\"https:\/\/schema.org\/OfflineEventAttendanceMode\",\"eventStatus\":\"https:\/\/schema.org\/EventScheduled\",\"startDate\":\"2026-05-04T00:00:00+02:00\",\"endDate\":\"2026-05-04T23:59:59+02:00\",\"performer\":\"Organization\"},{\"@context\":\"http:\/\/schema.org\",\"@type\":\"Event\",\"name\":\"Suor Leslie S\\u00e1ndigo termina la 2a parte della visita canonica all\\u2019Ispettoria \\u201cLaura Vicu\\u00f1a\\u201d (ARG) dell\\u2019Argentina.\",\"description\":\"\",\"url\":\"https:\/\/www.cgfmanet.org\/fr\/event\/suor-leslie-sandigo-termina-la-2a-parte-della-visita-canonica-allispettoria-laura-vicuna-arg-dellargentina\/\",\"eventAttendanceMode\":\"https:\/\/schema.org\/OfflineEventAttendanceMode\",\"eventStatus\":\"https:\/\/schema.org\/EventScheduled\",\"startDate\":\"2026-05-04T00:00:00+02:00\",\"endDate\":\"2026-05-04T23:59:59+02:00\",\"performer\":\"Organization\"},{\"@context\":\"http:\/\/schema.org\",\"@type\":\"Event\",\"name\":\"La Madre incontra il Consiglio Accademico della Pontificia Facolt\\u00e0 di Scienze dell\\u2019Educazione \\u201cAuxilium\\u201d anche con la presenza della Superiora di Visitatoria (RMC), suor Jessica Salva\\u00f1a Togonon. A Roma in Casa generalizia.\",\"description\":\"\",\"url\":\"https:\/\/www.cgfmanet.org\/fr\/event\/la-madre-incontra-il-consiglio-accademico-della-pontificia-facolta-di-scienze-delleducazione-auxilium-anche-con-la-presenza-della-superiora-di-visitatoria-rmc-suor-jessic\/\",\"eventAttendanceMode\":\"https:\/\/schema.org\/OfflineEventAttendanceMode\",\"eventStatus\":\"https:\/\/schema.org\/EventScheduled\",\"startDate\":\"2026-05-05T00:00:00+02:00\",\"endDate\":\"2026-05-05T23:59:59+02:00\",\"performer\":\"Organization\"},{\"@context\":\"http:\/\/schema.org\",\"@type\":\"Event\",\"name\":\"La Madre incontra le FMA partecipanti al Corso di Formazione Permanente Missionaria. A Roma, Casa generalizia.\",\"description\":\"\",\"url\":\"https:\/\/www.cgfmanet.org\/fr\/event\/la-madre-incontra-le-fma-partecipanti-al-corso-di-formazione-permanente-missionaria-a-roma-casa-generalizia\/\",\"eventAttendanceMode\":\"https:\/\/schema.org\/OfflineEventAttendanceMode\",\"eventStatus\":\"https:\/\/schema.org\/EventScheduled\",\"startDate\":\"2026-05-06T00:00:00+02:00\",\"endDate\":\"2026-05-06T23:59:59+02:00\",\"performer\":\"Organization\"},{\"@context\":\"http:\/\/schema.org\",\"@type\":\"Event\",\"name\":\"La Madre partecipa e interviene al VI Congresso Mondiale dei Salesiani Cooperatori a Roma, presso la Fraterna Domus. Tema: \\u201cEssere lievito per essere fecondi\\u201d.\",\"description\":\"\",\"url\":\"https:\/\/www.cgfmanet.org\/fr\/event\/la-madre-partecipa-e-interviene-al-vi-congresso-mondiale-dei-salesiani-cooperatori-a-roma-presso-la-fraterna-domus-tema-essere-lievito-per-essere-fecondi\/\",\"eventAttendanceMode\":\"https:\/\/schema.org\/OfflineEventAttendanceMode\",\"eventStatus\":\"https:\/\/schema.org\/EventScheduled\",\"startDate\":\"2026-05-07T00:00:00+02:00\",\"endDate\":\"2026-05-10T23:59:59+02:00\",\"performer\":\"Organization\"},{\"@context\":\"http:\/\/schema.org\",\"@type\":\"Event\",\"name\":\"Suor Leslie S\\u00e1ndigo partecipa al Congresso Mondiale dei Salesiani Cooperatori a Roma, Fraterna Domus.\",\"description\":\"\",\"url\":\"https:\/\/www.cgfmanet.org\/fr\/event\/suor-leslie-sandigo-partecipa-al-congresso-mondiale-dei-salesiani-cooperatori-a-roma-fraterna-domus\/\",\"eventAttendanceMode\":\"https:\/\/schema.org\/OfflineEventAttendanceMode\",\"eventStatus\":\"https:\/\/schema.org\/EventScheduled\",\"startDate\":\"2026-05-07T00:00:00+02:00\",\"endDate\":\"2026-05-10T23:59:59+02:00\",\"performer\":\"Organization\"},{\"@context\":\"http:\/\/schema.org\",\"@type\":\"Event\",\"name\":\"La Madre partecipa alle Celebrazione del Centenario della presenza delle FMA dell\\u2019Ispettoria \\u201cNostra Signora d\\u2019Africa\\u201d (AFC). A Lubumbashi, Repubblica Democratica del Congo.\",\"description\":\"\",\"url\":\"https:\/\/www.cgfmanet.org\/fr\/event\/la-madre-partecipa-alle-celebrazione-del-centenario-della-presenza-delle-fma-dellispettoria-nostra-signora-dafrica-afc-a-lubumbashi-repubblica-democratica-del-c\/\",\"eventAttendanceMode\":\"https:\/\/schema.org\/OfflineEventAttendanceMode\",\"eventStatus\":\"https:\/\/schema.org\/EventScheduled\",\"startDate\":\"2026-05-08T00:00:00+02:00\",\"endDate\":\"2026-05-19T23:59:59+02:00\",\"performer\":\"Organization\"},{\"@context\":\"http:\/\/schema.org\",\"@type\":\"Event\",\"name\":\"Suor Runita Borja, con le collaboratrici dell\\u2019Ambito PG, incontra le FMA partecipanti del Corso di Formazione Permanente Missionaria. A Roma, Casa generalizia.\",\"description\":\"\",\"url\":\"https:\/\/www.cgfmanet.org\/fr\/event\/suor-runita-borja-con-le-collaboratrici-dellambito-pg-incontra-le-fma-partecipanti-del-corso-di-formazione-permanente-missionaria-a-roma-casa-generalizia\/\",\"eventAttendanceMode\":\"https:\/\/schema.org\/OfflineEventAttendanceMode\",\"eventStatus\":\"https:\/\/schema.org\/EventScheduled\",\"startDate\":\"2026-05-08T00:00:00+02:00\",\"endDate\":\"2026-05-08T23:59:59+02:00\",\"performer\":\"Organization\"},{\"@context\":\"http:\/\/schema.org\",\"@type\":\"Event\",\"name\":\"Suor Nilza F\\u00e1tima de Moraes coordina il raduno online con le sorelle del gruppo di stesura del Progetto formativo.\",\"description\":\"\",\"url\":\"https:\/\/www.cgfmanet.org\/fr\/event\/suor-nilza-fatima-de-moraes-coordina-il-raduno-online-con-le-sorelle-del-gruppo-di-stesura-del-progetto-formativo\/\",\"eventAttendanceMode\":\"https:\/\/schema.org\/OfflineEventAttendanceMode\",\"eventStatus\":\"https:\/\/schema.org\/EventScheduled\",\"startDate\":\"2026-05-09T00:00:00+02:00\",\"endDate\":\"2026-05-09T23:59:59+02:00\",\"performer\":\"Organization\"},{\"@context\":\"http:\/\/schema.org\",\"@type\":\"Event\",\"name\":\"Esercizi Spirituali per le partecipanti al Corso di Formazione Permanente Missionaria e le neo missionarie, a Mornese.\",\"description\":\"\",\"url\":\"https:\/\/www.cgfmanet.org\/fr\/event\/esercizi-spirituali-per-le-partecipanti-al-corso-di-formazione-permanente-missionaria-e-le-neo-missionarie-a-mornese-2\/\",\"eventAttendanceMode\":\"https:\/\/schema.org\/OfflineEventAttendanceMode\",\"eventStatus\":\"https:\/\/schema.org\/EventScheduled\",\"startDate\":\"2026-05-11T00:00:00+02:00\",\"endDate\":\"2026-05-18T23:59:59+02:00\",\"performer\":\"Organization\"},{\"@context\":\"http:\/\/schema.org\",\"@type\":\"Event\",\"name\":\"Suor Maria Assunta Sumiko Inoue termina la Visita canonica all&rsquo;Ispettoria \\u201cSanta Maria Domenica Mazzarello\\u201d (TIN) di Timor-Indonesia.\",\"description\":\"\",\"url\":\"https:\/\/www.cgfmanet.org\/fr\/event\/suor-maria-assunta-sumiko-inoue-termina-la-visita-canonica-allispettoria-santa-maria-domenica-mazzarello-tin-di-timor-indonesia\/\",\"eventAttendanceMode\":\"https:\/\/schema.org\/OfflineEventAttendanceMode\",\"eventStatus\":\"https:\/\/schema.org\/EventScheduled\",\"startDate\":\"2026-05-14T00:00:00+02:00\",\"endDate\":\"2026-05-14T23:59:59+02:00\",\"performer\":\"Organization\"},{\"@context\":\"http:\/\/schema.org\",\"@type\":\"Event\",\"name\":\"Suor Maria Assunta Sumiko Inoue fa una Visita breve all&rsquo;Ispettoria \\u201cSanta Maria Mazzarello\\u201d (THA).\",\"description\":\"\",\"url\":\"https:\/\/www.cgfmanet.org\/fr\/event\/suor-maria-assunta-sumiko-inoue-fa-una-visita-breve-allispettoria-santa-maria-mazzarello-tha\/\",\"eventAttendanceMode\":\"https:\/\/schema.org\/OfflineEventAttendanceMode\",\"eventStatus\":\"https:\/\/schema.org\/EventScheduled\",\"startDate\":\"2026-05-14T00:00:00+02:00\",\"endDate\":\"2026-05-26T23:59:59+02:00\",\"performer\":\"Organization\"},{\"@context\":\"http:\/\/schema.org\",\"@type\":\"Event\",\"name\":\"Suor Runita Borja partecipa al Congresso degli Educatori della Conferenza interispettoriale CIAO sul tema \\u201cIl Patto Educativo Globale nello stile salesiano\\u201d. A Tokyo, in Giappone.\",\"description\":\"\",\"url\":\"https:\/\/www.cgfmanet.org\/fr\/event\/suor-runita-borja-partecipa-al-congresso-degli-educatori-della-conferenza-interispettoriale-ciao-sul-tema-il-patto-educativo-globale-nello-stile-salesiano-a-tokyo-in-giappone\/\",\"eventAttendanceMode\":\"https:\/\/schema.org\/OfflineEventAttendanceMode\",\"eventStatus\":\"https:\/\/schema.org\/EventScheduled\",\"startDate\":\"2026-05-14T00:00:00+02:00\",\"endDate\":\"2026-05-19T23:59:59+02:00\",\"performer\":\"Organization\"},{\"@context\":\"http:\/\/schema.org\",\"@type\":\"Event\",\"name\":\"Suor Leslie S\\u00e1ndigo insieme alle collaboratrici dell\\u2019Ambito presenta la Famiglia Salesiana alle studentesse del Corso di Spiritualit\\u00e0 di Casa Madre Canta.\",\"description\":\"\",\"url\":\"https:\/\/www.cgfmanet.org\/fr\/event\/suor-leslie-sandigo-insieme-alle-collaboratrici-dellambito-presenta-la-famiglia-salesiana-alle-studentesse-del-corso-di-spiritualita-di-casa-madre-canta\/\",\"eventAttendanceMode\":\"https:\/\/schema.org\/OfflineEventAttendanceMode\",\"eventStatus\":\"https:\/\/schema.org\/EventScheduled\",\"startDate\":\"2026-05-15T00:00:00+02:00\",\"endDate\":\"2026-05-15T23:59:59+02:00\",\"performer\":\"Organization\"},{\"@context\":\"http:\/\/schema.org\",\"@type\":\"Event\",\"name\":\"Suor Celine Jacob termina la Visita Canonica all&rsquo;Ispettoria \\u00ab\\u00a0Maria Immacolata\\u00a0\\u00bb (SUO) degli Stati Uniti.\",\"description\":\"\",\"url\":\"https:\/\/www.cgfmanet.org\/fr\/event\/suor-celine-jacob-termina-la-visita-canonica-allispettoria-maria-immacolata-suo-degli-stati-uniti\/\",\"eventAttendanceMode\":\"https:\/\/schema.org\/OfflineEventAttendanceMode\",\"eventStatus\":\"https:\/\/schema.org\/EventScheduled\",\"startDate\":\"2026-05-18T00:00:00+02:00\",\"endDate\":\"2026-05-18T23:59:59+02:00\",\"performer\":\"Organization\"},{\"@context\":\"http:\/\/schema.org\",\"@type\":\"Event\",\"name\":\"Suor Lidia Strzelczyk termina la 2a parte della Visita canonica all&rsquo;Ispettoria Meridionale \\u00ab\\u00a0Madonna del Buon Consiglio\\u00a0\\u00bb (IMR).\",\"description\":\"\",\"url\":\"https:\/\/www.cgfmanet.org\/fr\/event\/suor-lidia-strzelczyk-termina-la-2a-parte-della-visita-canonica-allispettoria-meridionale-madonna-del-buon-consiglio-imr\/\",\"eventAttendanceMode\":\"https:\/\/schema.org\/OfflineEventAttendanceMode\",\"eventStatus\":\"https:\/\/schema.org\/EventScheduled\",\"startDate\":\"2026-05-19T00:00:00+02:00\",\"endDate\":\"2026-05-19T23:59:59+02:00\",\"performer\":\"Organization\"},{\"@context\":\"http:\/\/schema.org\",\"@type\":\"Event\",\"name\":\"Suor Leslie S\\u00e1ndigo e le Collaboratrici dell\\u2019Ambito partecipano alla Consulta della Famiglia Salesiana a Valdocco, Torino.\",\"description\":\"\",\"url\":\"https:\/\/www.cgfmanet.org\/fr\/event\/suor-leslie-sandigo-e-le-collaboratrici-dellambito-partecipano-alla-consulta-della-famiglia-salesiana-a-valdocco-torino-2\/\",\"eventAttendanceMode\":\"https:\/\/schema.org\/OfflineEventAttendanceMode\",\"eventStatus\":\"https:\/\/schema.org\/EventScheduled\",\"startDate\":\"2026-05-21T00:00:00+02:00\",\"endDate\":\"2026-05-23T23:59:59+02:00\",\"performer\":\"Organization\"},{\"@context\":\"http:\/\/schema.org\",\"@type\":\"Event\",\"name\":\"La Madre partecipa alla Consulta della Famiglia Salesiana sul tema della Strenna 2026. A Torino, Valdocco.\",\"description\":\"\",\"url\":\"https:\/\/www.cgfmanet.org\/fr\/event\/la-madre-partecipa-alla-consulta-della-famiglia-salesiana-sul-tema-della-strenna-2026-a-torino-valdocco\/\",\"eventAttendanceMode\":\"https:\/\/schema.org\/OfflineEventAttendanceMode\",\"eventStatus\":\"https:\/\/schema.org\/EventScheduled\",\"startDate\":\"2026-05-22T00:00:00+02:00\",\"endDate\":\"2026-05-23T23:59:59+02:00\",\"performer\":\"Organization\"},{\"@context\":\"http:\/\/schema.org\",\"@type\":\"Event\",\"name\":\"Suor Marta Riccioli termina la Visita canonica all\\u2019Ispettoria \\u00ab\\u00a0Nostra Signora di Chiquinquir\\u00e1\\u00a0\\u00bb (CBC).\",\"description\":\"\",\"url\":\"https:\/\/www.cgfmanet.org\/fr\/event\/suor-marta-riccioli-termina-la-visita-canonica-allispettoria-nostra-signora-di-chiquinquira-cbc\/\",\"eventAttendanceMode\":\"https:\/\/schema.org\/OfflineEventAttendanceMode\",\"eventStatus\":\"https:\/\/schema.org\/EventScheduled\",\"startDate\":\"2026-05-22T00:00:00+02:00\",\"endDate\":\"2026-05-22T23:59:59+02:00\",\"performer\":\"Organization\"},{\"@context\":\"http:\/\/schema.org\",\"@type\":\"Event\",\"name\":\"La Madre partecipa alla Celebrazione della solennit\\u00e0 di Maria Ausiliatrice a Torino, Valdocco.\",\"description\":\"\",\"url\":\"https:\/\/www.cgfmanet.org\/fr\/event\/la-madre-partecipa-alla-celebrazione-della-solennita-di-maria-ausiliatrice-a-torino-valdocco\/\",\"eventAttendanceMode\":\"https:\/\/schema.org\/OfflineEventAttendanceMode\",\"eventStatus\":\"https:\/\/schema.org\/EventScheduled\",\"startDate\":\"2026-05-24T00:00:00+02:00\",\"endDate\":\"2026-05-24T23:59:59+02:00\",\"performer\":\"Organization\"},{\"@context\":\"http:\/\/schema.org\",\"@type\":\"Event\",\"name\":\"Suor Ruth del Pilar Mora termina la Visita Canonica all\\u2019Ispettoria San Giuseppe (SEC) di Stati Uniti e Canada.\",\"description\":\"\",\"url\":\"https:\/\/www.cgfmanet.org\/fr\/event\/suor-ruth-del-pilar-mora-termina-la-visita-canonica-allispettoria-san-giuseppe-sec-di-stati-uniti-e-canada\/\",\"eventAttendanceMode\":\"https:\/\/schema.org\/OfflineEventAttendanceMode\",\"eventStatus\":\"https:\/\/schema.org\/EventScheduled\",\"startDate\":\"2026-05-26T00:00:00+02:00\",\"endDate\":\"2026-05-26T23:59:59+02:00\",\"performer\":\"Organization\"},{\"@context\":\"http:\/\/schema.org\",\"@type\":\"Event\",\"name\":\"Suor Runita Borja d\\u00e0 il saluto iniziale e partecipa all\\u2019incontro online delle Coordinatrici ispettoriali di PG della Conferenza NAC.\",\"description\":\"\",\"url\":\"https:\/\/www.cgfmanet.org\/fr\/event\/suor-runita-borja-da-il-saluto-iniziale-e-partecipa-allincontro-online-delle-coordinatrici-ispettoriali-di-pg-della-conferenza-nac\/\",\"eventAttendanceMode\":\"https:\/\/schema.org\/OfflineEventAttendanceMode\",\"eventStatus\":\"https:\/\/schema.org\/EventScheduled\",\"startDate\":\"2026-05-26T00:00:00+02:00\",\"endDate\":\"2026-05-26T23:59:59+02:00\",\"performer\":\"Organization\"},{\"@context\":\"http:\/\/schema.org\",\"@type\":\"Event\",\"name\":\"Suor Ruth del Pilar Mora incontra le missionarie ad gentes che terminano il Corso di Formazione Permanente Missionaria a Roma, in Casa Generalizia.\",\"description\":\"\",\"url\":\"https:\/\/www.cgfmanet.org\/fr\/event\/suor-ruth-del-pilar-mora-incontra-le-missionarie-ad-gentes-che-terminano-il-corso-di-formazione-permanente-missionaria-a-roma-in-casa-generalizia\/\",\"eventAttendanceMode\":\"https:\/\/schema.org\/OfflineEventAttendanceMode\",\"eventStatus\":\"https:\/\/schema.org\/EventScheduled\",\"startDate\":\"2026-05-27T00:00:00+02:00\",\"endDate\":\"2026-05-28T23:59:59+02:00\",\"performer\":\"Organization\"},{\"@context\":\"http:\/\/schema.org\",\"@type\":\"Event\",\"name\":\"A Roma in Casa generalizia la Madre incontra le FMA partecipanti a conclusione del Corso di Formazione Permanente Missionaria.\",\"description\":\"\",\"url\":\"https:\/\/www.cgfmanet.org\/fr\/event\/a-roma-in-casa-generalizia-la-madre-incontra-le-fma-partecipanti-a-conclusione-del-corso-di-formazione-permanente-missionaria\/\",\"eventAttendanceMode\":\"https:\/\/schema.org\/OfflineEventAttendanceMode\",\"eventStatus\":\"https:\/\/schema.org\/EventScheduled\",\"startDate\":\"2026-05-28T00:00:00+02:00\",\"endDate\":\"2026-05-28T23:59:59+02:00\",\"performer\":\"Organization\"},{\"@context\":\"http:\/\/schema.org\",\"@type\":\"Event\",\"name\":\"Conclusione del Corso di Formazione Permanente Missionaria a Roma, Casa Generalizia.\",\"description\":\"\",\"url\":\"https:\/\/www.cgfmanet.org\/fr\/event\/conclusione-del-corso-di-formazione-permanente-missionaria-a-roma-casa-generalizia\/\",\"eventAttendanceMode\":\"https:\/\/schema.org\/OfflineEventAttendanceMode\",\"eventStatus\":\"https:\/\/schema.org\/EventScheduled\",\"startDate\":\"2026-05-29T00:00:00+02:00\",\"endDate\":\"2026-05-29T23:59:59+02:00\",\"performer\":\"Organization\"},{\"@context\":\"http:\/\/schema.org\",\"@type\":\"Event\",\"name\":\"Suor Chantal Mukase termina la Visita Canonica all\\u2019Ispettoria \\u201cNostra Signora d\\u2019Africa\\u201d (AFC) dell\\u2019Africa Centrale.\",\"description\":\"\",\"url\":\"https:\/\/www.cgfmanet.org\/fr\/event\/suor-chantal-mukase-termina-la-visita-canonica-allispettoria-nostra-signora-dafrica-afc-dellafrica-centrale\/\",\"eventAttendanceMode\":\"https:\/\/schema.org\/OfflineEventAttendanceMode\",\"eventStatus\":\"https:\/\/schema.org\/EventScheduled\",\"startDate\":\"2026-05-30T00:00:00+02:00\",\"endDate\":\"2026-05-30T23:59:59+02:00\",\"performer\":\"Organization\"},{\"@context\":\"http:\/\/schema.org\",\"@type\":\"Event\",\"name\":\"Suor Paola Battagliola termina la 2a parte della Visita canonica all&rsquo;Ispettoria Lombarda \\u00ab\\u00a0Sacra Famiglia\\u00a0\\u00bb (ILO).\",\"description\":\"\",\"url\":\"https:\/\/www.cgfmanet.org\/fr\/event\/suor-paola-battagliola-termina-la-2a-parte-della-visita-canonica-allispettoria-lombarda-sacra-famiglia-ilo\/\",\"eventAttendanceMode\":\"https:\/\/schema.org\/OfflineEventAttendanceMode\",\"eventStatus\":\"https:\/\/schema.org\/EventScheduled\",\"startDate\":\"2026-05-31T00:00:00+02:00\",\"endDate\":\"2026-05-31T23:59:59+02:00\",\"performer\":\"Organization\"}]\r\n<\/script>\n\t\t<script data-js=\"tribe-events-view-data\" type=\"application\/json\">\n\t{\"slug\":\"month\",\"prev_url\":\"https:\\\/\\\/www.cgfmanet.org\\\/fr\\\/\\u00e9v\\u00e9nements\\\/mois\\\/2026-04\\\/?shortcode=tribe-widget-events-month-16\",\"next_url\":\"\",\"view_class\":\"Tribe\\\\Events\\\\Views\\\\V2\\\\Views\\\\Month_View\",\"view_slug\":\"month\",\"view_label\":\"Mois\",\"title\":\"\\u00c9v\\u00e8nements en mai 2026 \\u2022 Istituto Figlie di Maria Ausiliatrice\",\"events\":{\"2026-04-27\":[155331,156195,154148],\"2026-04-28\":[155331,156195,154148],\"2026-04-29\":[155331],\"2026-04-30\":[155331],\"2026-05-01\":[155331,156201],\"2026-05-02\":[155331,150825],\"2026-05-03\":[155331,151098],\"2026-05-04\":[150693,150889,155254,151104],\"2026-05-05\":[156538],\"2026-05-06\":[155270],\"2026-05-07\":[155260,151110],\"2026-05-08\":[155260,151110,155280,156544],\"2026-05-09\":[155260,151110,155280,155341],\"2026-05-10\":[155260,151110,155280],\"2026-05-11\":[155280,150895],\"2026-05-12\":[155280,150895],\"2026-05-13\":[155280,150895],\"2026-05-14\":[155280,150895,154047,150930,156708],\"2026-05-15\":[155280,150895,150930,156708,151116],\"2026-05-16\":[155280,150895,150930,156708],\"2026-05-17\":[155280,150895,150930,156708],\"2026-05-18\":[155280,150895,150930,156708,153490],\"2026-05-19\":[155280,150930,156708,150815],\"2026-05-20\":[150930],\"2026-05-21\":[150930,151122],\"2026-05-22\":[150930,151122,155290,151247],\"2026-05-23\":[150930,151122,155290],\"2026-05-24\":[150930,155300],\"2026-05-25\":[150930],\"2026-05-26\":[150930,150873,156718],\"2026-05-27\":[150883],\"2026-05-28\":[150883,155310],\"2026-05-29\":[150901],\"2026-05-30\":[153469],\"2026-05-31\":[154082]},\"url\":\"https:\\\/\\\/www.cgfmanet.org\\\/fr\\\/\\u00e9v\\u00e9nements\\\/mois\\\/?shortcode=tribe-widget-events-month-16\",\"url_event_date\":false,\"bar\":{\"keyword\":\"\",\"date\":\"\"},\"today\":\"2026-05-02 00:00:00\",\"now\":\"2026-05-02 14:09:18\",\"home_url\":\"https:\\\/\\\/www.cgfmanet.org\\\/fr\\\/\",\"rest_url\":\"https:\\\/\\\/www.cgfmanet.org\\\/fr\\\/wp-json\\\/tribe\\\/views\\\/v2\\\/html\",\"rest_method\":\"GET\",\"rest_nonce\":\"\",\"should_manage_url\":false,\"today_url\":\"https:\\\/\\\/www.cgfmanet.org\\\/fr\\\/\\u00e9v\\u00e9nements\\\/mois\\\/?rest_route=%2Fwp%2Fv2%2Fpages%2F3639&shortcode=tribe-widget-events-month-16\",\"today_title\":\"Cliquer pour s\\u00e9lectionner le mois en cours\",\"today_label\":\"Ce mois-ci\",\"prev_label\":\"Avr\",\"next_label\":\"Juin\",\"date_formats\":{\"compact\":\"d\\\/m\\\/Y\",\"month_and_year_compact\":\"m\\\/Y\",\"month_and_year\":\"F Y\",\"time_range_separator\":\" - \",\"date_time_separator\":\" @ \"},\"messages\":[],\"start_of_week\":\"1\",\"header_title\":\"\",\"header_title_element\":\"h1\",\"content_title\":\"\",\"show_content_title\":false,\"breadcrumbs\":[],\"backlink\":false,\"before_events\":\"\",\"after_events\":\"\",\"display_events_bar\":true,\"disable_event_search\":false,\"live_refresh\":true,\"ical\":{\"display_link\":true,\"link\":{\"url\":\"https:\\\/\\\/www.cgfmanet.org\\\/fr\\\/\\u00e9v\\u00e9nements\\\/mois\\\/?shortcode=tribe-widget-events-month-16&#038;ical=1\",\"text\":\"Exporter \\u00c9v\\u00e8nements\",\"title\":\"Utilisez ceci pour partager les donn\\u00e9es de calendrier avec Google Calendar, Apple iCal et d\\u2019autres applications compatibles\"}},\"container_classes\":[\"tribe-common\",\"tribe-events\",\"tribe-events-view\",\"tribe-events-view--month\",\"tribe-events-view--shortcode\",\"tribe-events-view--shortcode-tribe-widget-events-month-16\",\"tribe-events-widget\",\"tribe-events-widget-events-month\"],\"container_data\":{\"shortcode\":\"tribe-widget-events-month-16\"},\"is_past\":false,\"breakpoints\":{\"xsmall\":500,\"medium\":768,\"full\":960},\"breakpoint_pointer\":\"952e84cc-6915-4b45-9c06-dd2ea3e0e996\",\"is_initial_load\":false,\"public_views\":{\"month\":{\"view_class\":\"Tribe\\\\Events\\\\Views\\\\V2\\\\Views\\\\Month_View\",\"view_url\":\"https:\\\/\\\/www.cgfmanet.org\\\/fr\\\/\\u00e9v\\u00e9nements\\\/mois\\\/?shortcode=tribe-widget-events-month-16\",\"view_label\":\"Mois\",\"aria_label\":\"Display \\u00c9v\\u00e8nements in Mois View\"}},\"show_latest_past\":false,\"past\":false,\"today_date\":\"2026-05-02\",\"grid_date\":\"2026-05-02\",\"formatted_grid_date\":\"mai 2026\",\"formatted_grid_date_mobile\":\"02\\\/05\\\/2026\",\"days\":{\"2026-04-27\":{\"date\":\"2026-04-27\",\"is_start_of_week\":true,\"year_number\":\"2026\",\"month_number\":\"04\",\"day_number\":\"27\",\"events\":[],\"featured_events\":[],\"multiday_events\":[155331,156195,154148],\"found_events\":3,\"more_events\":0,\"day_url\":\"https:\\\/\\\/www.cgfmanet.org\\\/fr\\\/\\u00e9v\\u00e9nements\\\/2026-04-27\\\/?shortcode=tribe-widget-events-month-16\"},\"2026-04-28\":{\"date\":\"2026-04-28\",\"is_start_of_week\":false,\"year_number\":\"2026\",\"month_number\":\"04\",\"day_number\":\"28\",\"events\":[],\"featured_events\":[],\"multiday_events\":[155331,156195,154148],\"found_events\":3,\"more_events\":0,\"day_url\":\"https:\\\/\\\/www.cgfmanet.org\\\/fr\\\/\\u00e9v\\u00e9nements\\\/2026-04-28\\\/?shortcode=tribe-widget-events-month-16\"},\"2026-04-29\":{\"date\":\"2026-04-29\",\"is_start_of_week\":false,\"year_number\":\"2026\",\"month_number\":\"04\",\"day_number\":\"29\",\"events\":[],\"featured_events\":[],\"multiday_events\":[155331],\"found_events\":1,\"more_events\":0,\"day_url\":\"https:\\\/\\\/www.cgfmanet.org\\\/fr\\\/\\u00e9v\\u00e9nements\\\/2026-04-29\\\/?shortcode=tribe-widget-events-month-16\"},\"2026-04-30\":{\"date\":\"2026-04-30\",\"is_start_of_week\":false,\"year_number\":\"2026\",\"month_number\":\"04\",\"day_number\":\"30\",\"events\":[],\"featured_events\":[],\"multiday_events\":[155331],\"found_events\":1,\"more_events\":0,\"day_url\":\"https:\\\/\\\/www.cgfmanet.org\\\/fr\\\/\\u00e9v\\u00e9nements\\\/2026-04-30\\\/?shortcode=tribe-widget-events-month-16\"},\"2026-05-01\":{\"date\":\"2026-05-01\",\"is_start_of_week\":false,\"year_number\":\"2026\",\"month_number\":\"05\",\"day_number\":\"1\",\"events\":[],\"featured_events\":[],\"multiday_events\":[155331,156201],\"found_events\":2,\"more_events\":0,\"day_url\":\"https:\\\/\\\/www.cgfmanet.org\\\/fr\\\/\\u00e9v\\u00e9nements\\\/2026-05-01\\\/?shortcode=tribe-widget-events-month-16\"},\"2026-05-02\":{\"date\":\"2026-05-02\",\"is_start_of_week\":false,\"year_number\":\"2026\",\"month_number\":\"05\",\"day_number\":\"2\",\"events\":[],\"featured_events\":[],\"multiday_events\":[155331,150825],\"found_events\":2,\"more_events\":0,\"day_url\":\"https:\\\/\\\/www.cgfmanet.org\\\/fr\\\/\\u00e9v\\u00e9nements\\\/2026-05-02\\\/?shortcode=tribe-widget-events-month-16\"},\"2026-05-03\":{\"date\":\"2026-05-03\",\"is_start_of_week\":false,\"year_number\":\"2026\",\"month_number\":\"05\",\"day_number\":\"3\",\"events\":[],\"featured_events\":[],\"multiday_events\":[155331,151098],\"found_events\":2,\"more_events\":0,\"day_url\":\"https:\\\/\\\/www.cgfmanet.org\\\/fr\\\/\\u00e9v\\u00e9nements\\\/2026-05-03\\\/?shortcode=tribe-widget-events-month-16\"},\"2026-05-04\":{\"date\":\"2026-05-04\",\"is_start_of_week\":true,\"year_number\":\"2026\",\"month_number\":\"05\",\"day_number\":\"4\",\"events\":[],\"featured_events\":[],\"multiday_events\":[150693,150889,155254,151104],\"found_events\":4,\"more_events\":0,\"day_url\":\"https:\\\/\\\/www.cgfmanet.org\\\/fr\\\/\\u00e9v\\u00e9nements\\\/2026-05-04\\\/?shortcode=tribe-widget-events-month-16\"},\"2026-05-05\":{\"date\":\"2026-05-05\",\"is_start_of_week\":false,\"year_number\":\"2026\",\"month_number\":\"05\",\"day_number\":\"5\",\"events\":[],\"featured_events\":[],\"multiday_events\":[156538],\"found_events\":1,\"more_events\":0,\"day_url\":\"https:\\\/\\\/www.cgfmanet.org\\\/fr\\\/\\u00e9v\\u00e9nements\\\/2026-05-05\\\/?shortcode=tribe-widget-events-month-16\"},\"2026-05-06\":{\"date\":\"2026-05-06\",\"is_start_of_week\":false,\"year_number\":\"2026\",\"month_number\":\"05\",\"day_number\":\"6\",\"events\":[],\"featured_events\":[],\"multiday_events\":[155270],\"found_events\":1,\"more_events\":0,\"day_url\":\"https:\\\/\\\/www.cgfmanet.org\\\/fr\\\/\\u00e9v\\u00e9nements\\\/2026-05-06\\\/?shortcode=tribe-widget-events-month-16\"},\"2026-05-07\":{\"date\":\"2026-05-07\",\"is_start_of_week\":false,\"year_number\":\"2026\",\"month_number\":\"05\",\"day_number\":\"7\",\"events\":[],\"featured_events\":[],\"multiday_events\":[155260,151110],\"found_events\":2,\"more_events\":0,\"day_url\":\"https:\\\/\\\/www.cgfmanet.org\\\/fr\\\/\\u00e9v\\u00e9nements\\\/2026-05-07\\\/?shortcode=tribe-widget-events-month-16\"},\"2026-05-08\":{\"date\":\"2026-05-08\",\"is_start_of_week\":false,\"year_number\":\"2026\",\"month_number\":\"05\",\"day_number\":\"8\",\"events\":[],\"featured_events\":[],\"multiday_events\":[155260,151110,155280,156544],\"found_events\":4,\"more_events\":0,\"day_url\":\"https:\\\/\\\/www.cgfmanet.org\\\/fr\\\/\\u00e9v\\u00e9nements\\\/2026-05-08\\\/?shortcode=tribe-widget-events-month-16\"},\"2026-05-09\":{\"date\":\"2026-05-09\",\"is_start_of_week\":false,\"year_number\":\"2026\",\"month_number\":\"05\",\"day_number\":\"9\",\"events\":[],\"featured_events\":[],\"multiday_events\":[155260,151110,155280,155341],\"found_events\":4,\"more_events\":0,\"day_url\":\"https:\\\/\\\/www.cgfmanet.org\\\/fr\\\/\\u00e9v\\u00e9nements\\\/2026-05-09\\\/?shortcode=tribe-widget-events-month-16\"},\"2026-05-10\":{\"date\":\"2026-05-10\",\"is_start_of_week\":false,\"year_number\":\"2026\",\"month_number\":\"05\",\"day_number\":\"10\",\"events\":[],\"featured_events\":[],\"multiday_events\":[155260,151110,155280],\"found_events\":3,\"more_events\":0,\"day_url\":\"https:\\\/\\\/www.cgfmanet.org\\\/fr\\\/\\u00e9v\\u00e9nements\\\/2026-05-10\\\/?shortcode=tribe-widget-events-month-16\"},\"2026-05-11\":{\"date\":\"2026-05-11\",\"is_start_of_week\":true,\"year_number\":\"2026\",\"month_number\":\"05\",\"day_number\":\"11\",\"events\":[],\"featured_events\":[],\"multiday_events\":[155280,150895],\"found_events\":2,\"more_events\":0,\"day_url\":\"https:\\\/\\\/www.cgfmanet.org\\\/fr\\\/\\u00e9v\\u00e9nements\\\/2026-05-11\\\/?shortcode=tribe-widget-events-month-16\"},\"2026-05-12\":{\"date\":\"2026-05-12\",\"is_start_of_week\":false,\"year_number\":\"2026\",\"month_number\":\"05\",\"day_number\":\"12\",\"events\":[],\"featured_events\":[],\"multiday_events\":[155280,150895],\"found_events\":2,\"more_events\":0,\"day_url\":\"https:\\\/\\\/www.cgfmanet.org\\\/fr\\\/\\u00e9v\\u00e9nements\\\/2026-05-12\\\/?shortcode=tribe-widget-events-month-16\"},\"2026-05-13\":{\"date\":\"2026-05-13\",\"is_start_of_week\":false,\"year_number\":\"2026\",\"month_number\":\"05\",\"day_number\":\"13\",\"events\":[],\"featured_events\":[],\"multiday_events\":[155280,150895],\"found_events\":2,\"more_events\":0,\"day_url\":\"https:\\\/\\\/www.cgfmanet.org\\\/fr\\\/\\u00e9v\\u00e9nements\\\/2026-05-13\\\/?shortcode=tribe-widget-events-month-16\"},\"2026-05-14\":{\"date\":\"2026-05-14\",\"is_start_of_week\":false,\"year_number\":\"2026\",\"month_number\":\"05\",\"day_number\":\"14\",\"events\":[],\"featured_events\":[],\"multiday_events\":[155280,150895,154047,150930,156708],\"found_events\":5,\"more_events\":0,\"day_url\":\"https:\\\/\\\/www.cgfmanet.org\\\/fr\\\/\\u00e9v\\u00e9nements\\\/2026-05-14\\\/?shortcode=tribe-widget-events-month-16\"},\"2026-05-15\":{\"date\":\"2026-05-15\",\"is_start_of_week\":false,\"year_number\":\"2026\",\"month_number\":\"05\",\"day_number\":\"15\",\"events\":[],\"featured_events\":[],\"multiday_events\":[155280,150895,151116,150930,156708],\"found_events\":5,\"more_events\":0,\"day_url\":\"https:\\\/\\\/www.cgfmanet.org\\\/fr\\\/\\u00e9v\\u00e9nements\\\/2026-05-15\\\/?shortcode=tribe-widget-events-month-16\"},\"2026-05-16\":{\"date\":\"2026-05-16\",\"is_start_of_week\":false,\"year_number\":\"2026\",\"month_number\":\"05\",\"day_number\":\"16\",\"events\":[],\"featured_events\":[],\"multiday_events\":[155280,150895,false,150930,156708],\"found_events\":4,\"more_events\":0,\"day_url\":\"https:\\\/\\\/www.cgfmanet.org\\\/fr\\\/\\u00e9v\\u00e9nements\\\/2026-05-16\\\/?shortcode=tribe-widget-events-month-16\"},\"2026-05-17\":{\"date\":\"2026-05-17\",\"is_start_of_week\":false,\"year_number\":\"2026\",\"month_number\":\"05\",\"day_number\":\"17\",\"events\":[],\"featured_events\":[],\"multiday_events\":[155280,150895,false,150930,156708],\"found_events\":4,\"more_events\":0,\"day_url\":\"https:\\\/\\\/www.cgfmanet.org\\\/fr\\\/\\u00e9v\\u00e9nements\\\/2026-05-17\\\/?shortcode=tribe-widget-events-month-16\"},\"2026-05-18\":{\"date\":\"2026-05-18\",\"is_start_of_week\":true,\"year_number\":\"2026\",\"month_number\":\"05\",\"day_number\":\"18\",\"events\":[],\"featured_events\":[],\"multiday_events\":[155280,150895,150930,156708,153490],\"found_events\":5,\"more_events\":0,\"day_url\":\"https:\\\/\\\/www.cgfmanet.org\\\/fr\\\/\\u00e9v\\u00e9nements\\\/2026-05-18\\\/?shortcode=tribe-widget-events-month-16\"},\"2026-05-19\":{\"date\":\"2026-05-19\",\"is_start_of_week\":false,\"year_number\":\"2026\",\"month_number\":\"05\",\"day_number\":\"19\",\"events\":[],\"featured_events\":[],\"multiday_events\":[155280,150815,150930,156708],\"found_events\":4,\"more_events\":0,\"day_url\":\"https:\\\/\\\/www.cgfmanet.org\\\/fr\\\/\\u00e9v\\u00e9nements\\\/2026-05-19\\\/?shortcode=tribe-widget-events-month-16\"},\"2026-05-20\":{\"date\":\"2026-05-20\",\"is_start_of_week\":false,\"year_number\":\"2026\",\"month_number\":\"05\",\"day_number\":\"20\",\"events\":[],\"featured_events\":[],\"multiday_events\":[false,false,150930],\"found_events\":1,\"more_events\":0,\"day_url\":\"https:\\\/\\\/www.cgfmanet.org\\\/fr\\\/\\u00e9v\\u00e9nements\\\/2026-05-20\\\/?shortcode=tribe-widget-events-month-16\"},\"2026-05-21\":{\"date\":\"2026-05-21\",\"is_start_of_week\":false,\"year_number\":\"2026\",\"month_number\":\"05\",\"day_number\":\"21\",\"events\":[],\"featured_events\":[],\"multiday_events\":[151122,false,150930],\"found_events\":2,\"more_events\":0,\"day_url\":\"https:\\\/\\\/www.cgfmanet.org\\\/fr\\\/\\u00e9v\\u00e9nements\\\/2026-05-21\\\/?shortcode=tribe-widget-events-month-16\"},\"2026-05-22\":{\"date\":\"2026-05-22\",\"is_start_of_week\":false,\"year_number\":\"2026\",\"month_number\":\"05\",\"day_number\":\"22\",\"events\":[],\"featured_events\":[],\"multiday_events\":[151122,155290,150930,151247],\"found_events\":4,\"more_events\":0,\"day_url\":\"https:\\\/\\\/www.cgfmanet.org\\\/fr\\\/\\u00e9v\\u00e9nements\\\/2026-05-22\\\/?shortcode=tribe-widget-events-month-16\"},\"2026-05-23\":{\"date\":\"2026-05-23\",\"is_start_of_week\":false,\"year_number\":\"2026\",\"month_number\":\"05\",\"day_number\":\"23\",\"events\":[],\"featured_events\":[],\"multiday_events\":[151122,155290,150930],\"found_events\":3,\"more_events\":0,\"day_url\":\"https:\\\/\\\/www.cgfmanet.org\\\/fr\\\/\\u00e9v\\u00e9nements\\\/2026-05-23\\\/?shortcode=tribe-widget-events-month-16\"},\"2026-05-24\":{\"date\":\"2026-05-24\",\"is_start_of_week\":false,\"year_number\":\"2026\",\"month_number\":\"05\",\"day_number\":\"24\",\"events\":[],\"featured_events\":[],\"multiday_events\":[155300,false,150930],\"found_events\":2,\"more_events\":0,\"day_url\":\"https:\\\/\\\/www.cgfmanet.org\\\/fr\\\/\\u00e9v\\u00e9nements\\\/2026-05-24\\\/?shortcode=tribe-widget-events-month-16\"},\"2026-05-25\":{\"date\":\"2026-05-25\",\"is_start_of_week\":true,\"year_number\":\"2026\",\"month_number\":\"05\",\"day_number\":\"25\",\"events\":[],\"featured_events\":[],\"multiday_events\":[150930],\"found_events\":1,\"more_events\":0,\"day_url\":\"https:\\\/\\\/www.cgfmanet.org\\\/fr\\\/\\u00e9v\\u00e9nements\\\/2026-05-25\\\/?shortcode=tribe-widget-events-month-16\"},\"2026-05-26\":{\"date\":\"2026-05-26\",\"is_start_of_week\":false,\"year_number\":\"2026\",\"month_number\":\"05\",\"day_number\":\"26\",\"events\":[],\"featured_events\":[],\"multiday_events\":[150930,150873,156718],\"found_events\":3,\"more_events\":0,\"day_url\":\"https:\\\/\\\/www.cgfmanet.org\\\/fr\\\/\\u00e9v\\u00e9nements\\\/2026-05-26\\\/?shortcode=tribe-widget-events-month-16\"},\"2026-05-27\":{\"date\":\"2026-05-27\",\"is_start_of_week\":false,\"year_number\":\"2026\",\"month_number\":\"05\",\"day_number\":\"27\",\"events\":[],\"featured_events\":[],\"multiday_events\":[150883],\"found_events\":1,\"more_events\":0,\"day_url\":\"https:\\\/\\\/www.cgfmanet.org\\\/fr\\\/\\u00e9v\\u00e9nements\\\/2026-05-27\\\/?shortcode=tribe-widget-events-month-16\"},\"2026-05-28\":{\"date\":\"2026-05-28\",\"is_start_of_week\":false,\"year_number\":\"2026\",\"month_number\":\"05\",\"day_number\":\"28\",\"events\":[],\"featured_events\":[],\"multiday_events\":[150883,155310],\"found_events\":2,\"more_events\":0,\"day_url\":\"https:\\\/\\\/www.cgfmanet.org\\\/fr\\\/\\u00e9v\\u00e9nements\\\/2026-05-28\\\/?shortcode=tribe-widget-events-month-16\"},\"2026-05-29\":{\"date\":\"2026-05-29\",\"is_start_of_week\":false,\"year_number\":\"2026\",\"month_number\":\"05\",\"day_number\":\"29\",\"events\":[],\"featured_events\":[],\"multiday_events\":[150901],\"found_events\":1,\"more_events\":0,\"day_url\":\"https:\\\/\\\/www.cgfmanet.org\\\/fr\\\/\\u00e9v\\u00e9nements\\\/2026-05-29\\\/?shortcode=tribe-widget-events-month-16\"},\"2026-05-30\":{\"date\":\"2026-05-30\",\"is_start_of_week\":false,\"year_number\":\"2026\",\"month_number\":\"05\",\"day_number\":\"30\",\"events\":[],\"featured_events\":[],\"multiday_events\":[153469],\"found_events\":1,\"more_events\":0,\"day_url\":\"https:\\\/\\\/www.cgfmanet.org\\\/fr\\\/\\u00e9v\\u00e9nements\\\/2026-05-30\\\/?shortcode=tribe-widget-events-month-16\"},\"2026-05-31\":{\"date\":\"2026-05-31\",\"is_start_of_week\":false,\"year_number\":\"2026\",\"month_number\":\"05\",\"day_number\":\"31\",\"events\":[],\"featured_events\":[],\"multiday_events\":[154082],\"found_events\":1,\"more_events\":0,\"day_url\":\"https:\\\/\\\/www.cgfmanet.org\\\/fr\\\/\\u00e9v\\u00e9nements\\\/2026-05-31\\\/?shortcode=tribe-widget-events-month-16\"}},\"next_month\":\"6\",\"prev_month\":\"4\",\"next_rel\":\"noindex\",\"prev_rel\":\"prev\",\"mobile_messages\":{\"notice\":{\"no-events-in-day\":\"Il n\\u2019y a pas d\\u2019\\u00e9v\\u00e8nements ce jour l\\u00e0.\"}},\"grid_start_date\":\"2026-04-27\",\"subscribe_links\":{\"gcal\":{\"label\":\"Google Agenda\",\"single_label\":\"Ajouter \\u00e0 Google Agenda\",\"visible\":true,\"block_slug\":\"hasGoogleCalendar\"},\"ical\":{\"label\":\"iCalendar\",\"single_label\":\"Ajouter \\u00e0 iCalendar\",\"visible\":true,\"block_slug\":\"hasiCal\"},\"outlook-365\":{\"label\":\"Outlook 365\",\"single_label\":\"Outlook 365\",\"visible\":true,\"block_slug\":\"hasOutlook365\"},\"outlook-live\":{\"label\":\"Outlook Live\",\"single_label\":\"Outlook Live\",\"visible\":true,\"block_slug\":\"hasOutlookLive\"},\"ics\":{\"label\":\"Exporter le fichier .ics\",\"single_label\":\"Exporter le fichier .ics\",\"visible\":true,\"block_slug\":null},\"outlook-ics\":{\"label\":\"Exporter le fichier Outlook .ics\",\"single_label\":\"Exporter le fichier Outlook .ics\",\"visible\":true,\"block_slug\":null}},\"layout\":\"vertical\",\"filterbar_state\":\"open\",\"filters\":[{\"filter_object\":{\"type\":\"select\",\"name\":\"Cat\\u00e9gorie d'\\u00e9v\\u00e9nement\",\"slug\":\"filterbar_category\",\"priority\":1,\"values\":[{\"name\":\"Programme\",\"depth\":0,\"value\":1716,\"data\":{\"slug\":\"programme\"},\"class\":\"tribe-parent-cat tribe-events-category-programme parent-1716 has-child closed\"},{\"name\":\"M\\u00e8re et Conseil\",\"depth\":1,\"value\":1997,\"data\":{\"slug\":\"mere-et-conseil\"},\"class\":\"tribe-child-cat tribe-events-category-mere-et-conseil child-1716\"},{\"name\":\"Conseill\\u00e8re pour la Communication Sociale\",\"depth\":1,\"value\":770,\"data\":{\"slug\":\"conseillere-pour-la-communication-sociale\"},\"class\":\"tribe-child-cat tribe-events-category-conseillere-pour-la-communication-sociale child-1716\"},{\"name\":\"Conseill\\u00e8re pour l\\u2019Administration\",\"depth\":1,\"value\":505,\"data\":{\"slug\":\"conseillere-pour-ladministration\"},\"class\":\"tribe-child-cat tribe-events-category-conseillere-pour-ladministration child-1716\"},{\"name\":\"Visitatrice\",\"depth\":1,\"value\":538,\"data\":{\"slug\":\"visitatrice\"},\"class\":\"tribe-child-cat tribe-events-category-visitatrice parent-538 child-1716 has-child closed\"},{\"name\":\"Sr Paola Battagliola\",\"depth\":2,\"value\":556,\"data\":{\"slug\":\"sr-paola-battagliola-fr\"},\"class\":\"tribe-grandchild-cat tribe-depth-2 tribe-events-category-sr-paola-battagliola-fr child-538\"},{\"name\":\"Sr Jacob Celine\",\"depth\":2,\"value\":2417,\"data\":{\"slug\":\"sr-jacob-celine-fr\"},\"class\":\"tribe-grandchild-cat tribe-depth-2 tribe-events-category-sr-jacob-celine-fr child-538\"},{\"name\":\"Sr Riccioli Marta Liliana\",\"depth\":2,\"value\":2413,\"data\":{\"slug\":\"sr-riccioli-marta-liliana-fr\"},\"class\":\"tribe-grandchild-cat tribe-depth-2 tribe-events-category-sr-riccioli-marta-liliana-fr child-538\"},{\"name\":\"Sr Lidia Strzelczyk\",\"depth\":2,\"value\":2409,\"data\":{\"slug\":\"sr-lidia-strzelczyk-fr\"},\"class\":\"tribe-grandchild-cat tribe-depth-2 tribe-events-category-sr-lidia-strzelczyk-fr child-538\"},{\"name\":\"Sr Silvia Boullosa\",\"depth\":2,\"value\":564,\"data\":{\"slug\":\"sr-silvia-boullosa-fr-2\"},\"class\":\"tribe-grandchild-cat tribe-depth-2 tribe-events-category-sr-silvia-boullosa-fr-2 child-538\"},{\"name\":\"Sr Phyllis Neves\",\"depth\":2,\"value\":561,\"data\":{\"slug\":\"sr-phyllis-neves-fr-2\"},\"class\":\"tribe-grandchild-cat tribe-depth-2 tribe-events-category-sr-phyllis-neves-fr-2 child-538\"},{\"name\":\"Sr Marija Pe\\u010de\",\"depth\":2,\"value\":553,\"data\":{\"slug\":\"sr-marija-pece-fr-2\"},\"class\":\"tribe-grandchild-cat tribe-depth-2 tribe-events-category-sr-marija-pece-fr-2 child-538\"},{\"name\":\"Sr Maria Assunta Sumiko Inoue\",\"depth\":2,\"value\":549,\"data\":{\"slug\":\"sr-maria-assunta-sumiko-inoue-fr-2\"},\"class\":\"tribe-grandchild-cat tribe-depth-2 tribe-events-category-sr-maria-assunta-sumiko-inoue-fr-2 child-538\"},{\"name\":\"Sr Lucy Rose Ozhukayil\",\"depth\":2,\"value\":546,\"data\":{\"slug\":\"sr-lucy-rose-ozhukayil-fr-2\"},\"class\":\"tribe-grandchild-cat tribe-depth-2 tribe-events-category-sr-lucy-rose-ozhukayil-fr-2 child-538\"},{\"name\":\"Sr Chantal Mukase\",\"depth\":2,\"value\":541,\"data\":{\"slug\":\"sr-chantal-mukase-fr-2\"},\"class\":\"tribe-grandchild-cat tribe-depth-2 tribe-events-category-sr-chantal-mukase-fr-2 child-538\"},{\"name\":\"Vicaire G\\u00e9n\\u00e9rale\",\"depth\":1,\"value\":533,\"data\":{\"slug\":\"vicaire-generale\"},\"class\":\"tribe-child-cat tribe-events-category-vicaire-generale child-1716\"},{\"name\":\"Secr\\u00e9taire G\\u00e9n\\u00e9rale\",\"depth\":1,\"value\":531,\"data\":{\"slug\":\"secretaire-generale\"},\"class\":\"tribe-child-cat tribe-events-category-secretaire-generale child-1716\"},{\"name\":\"M\\u00e8re G\\u00e9n\\u00e9rale\",\"depth\":1,\"value\":525,\"data\":{\"slug\":\"mere-generale\"},\"class\":\"tribe-child-cat tribe-events-category-mere-generale child-1716\"},{\"name\":\"Conseill\\u00e8re pour les Missions\",\"depth\":1,\"value\":521,\"data\":{\"slug\":\"conseillere-pour-les-missions\"},\"class\":\"tribe-child-cat tribe-events-category-conseillere-pour-les-missions child-1716\"},{\"name\":\"Conseill\\u00e8re pour la Pastorale des Jeunes\",\"depth\":1,\"value\":517,\"data\":{\"slug\":\"conseillere-pour-la-pastorale-des-jeunes\"},\"class\":\"tribe-child-cat tribe-events-category-conseillere-pour-la-pastorale-des-jeunes child-1716\"},{\"name\":\"Conseill\\u00e8re pour la Formation\",\"depth\":1,\"value\":513,\"data\":{\"slug\":\"conseillere-pour-la-formation\"},\"class\":\"tribe-child-cat tribe-events-category-conseillere-pour-la-formation child-1716\"},{\"name\":\"Conseill\\u00e8re pour la Famille Sal\\u00e9sienne\",\"depth\":1,\"value\":509,\"data\":{\"slug\":\"conseillere-pour-la-famille-salesienne\"},\"class\":\"tribe-child-cat tribe-events-category-conseillere-pour-la-famille-salesienne child-1716\"},{\"name\":\"\\u00c9v\\u00e9nements\",\"depth\":0,\"value\":1699,\"data\":{\"slug\":\"evenements\"},\"class\":\"tribe-parent-cat tribe-events-category-evenements parent-1699 has-child closed\"},{\"name\":\"Journ\\u00e9es sal\\u00e9siennes de communication\",\"depth\":1,\"value\":1713,\"data\":{\"slug\":\"journees-salesiennes-de-communication\"},\"class\":\"tribe-child-cat tribe-events-category-journees-salesiennes-de-communication child-1699\"},{\"name\":\"F\\u00eate de la Reconnaissance\",\"depth\":1,\"value\":1709,\"data\":{\"slug\":\"fete-de-la-reconnaissance\"},\"class\":\"tribe-child-cat tribe-events-category-fete-de-la-reconnaissance child-1699\"},{\"name\":\"S\\u00e9minaires\",\"depth\":1,\"value\":1705,\"data\":{\"slug\":\"seminaires\"},\"class\":\"tribe-child-cat tribe-events-category-seminaires child-1699\"}],\"free\":null,\"currentValue\":[],\"isActiveFilter\":true,\"queryArgs\":[],\"joinClause\":\"\",\"whereClause\":\"\",\"stack_managed\":false},\"label\":\"Cat\\u00e9gorie d'\\u00e9v\\u00e9nement\",\"selections_count\":\"\",\"selections\":\"\",\"toggle_id\":\"filterbar_category-toggle-952e84cc-6915-4b45-9c06-dd2ea3e0e996\",\"container_id\":\"filterbar_category-container-952e84cc-6915-4b45-9c06-dd2ea3e0e996\",\"pill_toggle_id\":\"filterbar_category-pill-toggle-952e84cc-6915-4b45-9c06-dd2ea3e0e996\",\"is_open\":false,\"name\":\"tribe_eventcategory[]\",\"fields\":[{\"type\":\"dropdown\",\"value\":\"\",\"id\":\"tribe-events-filterbar-35c3fe77-filterbar_category\",\"name\":\"tribe_eventcategory[]\",\"options\":[{\"text\":\"Programme\",\"id\":\"1716\",\"value\":1716},{\"text\":\"M\\u00e8re et Conseil\",\"id\":\"1997\",\"value\":1997},{\"text\":\"Conseill\\u00e8re pour la Communication Sociale\",\"id\":\"770\",\"value\":770},{\"text\":\"Conseill\\u00e8re pour l\\u2019Administration\",\"id\":\"505\",\"value\":505},{\"text\":\"Visitatrice\",\"id\":\"538\",\"value\":538},{\"text\":\"Sr Paola Battagliola\",\"id\":\"556\",\"value\":556},{\"text\":\"Sr Jacob Celine\",\"id\":\"2417\",\"value\":2417},{\"text\":\"Sr Riccioli Marta Liliana\",\"id\":\"2413\",\"value\":2413},{\"text\":\"Sr Lidia Strzelczyk\",\"id\":\"2409\",\"value\":2409},{\"text\":\"Sr Silvia Boullosa\",\"id\":\"564\",\"value\":564},{\"text\":\"Sr Phyllis Neves\",\"id\":\"561\",\"value\":561},{\"text\":\"Sr Marija Pe\\u010de\",\"id\":\"553\",\"value\":553},{\"text\":\"Sr Maria Assunta Sumiko Inoue\",\"id\":\"549\",\"value\":549},{\"text\":\"Sr Lucy Rose Ozhukayil\",\"id\":\"546\",\"value\":546},{\"text\":\"Sr Chantal Mukase\",\"id\":\"541\",\"value\":541},{\"text\":\"Vicaire G\\u00e9n\\u00e9rale\",\"id\":\"533\",\"value\":533},{\"text\":\"Secr\\u00e9taire G\\u00e9n\\u00e9rale\",\"id\":\"531\",\"value\":531},{\"text\":\"M\\u00e8re G\\u00e9n\\u00e9rale\",\"id\":\"525\",\"value\":525},{\"text\":\"Conseill\\u00e8re pour les Missions\",\"id\":\"521\",\"value\":521},{\"text\":\"Conseill\\u00e8re pour la Pastorale des Jeunes\",\"id\":\"517\",\"value\":517},{\"text\":\"Conseill\\u00e8re pour la Formation\",\"id\":\"513\",\"value\":513},{\"text\":\"Conseill\\u00e8re pour la Famille Sal\\u00e9sienne\",\"id\":\"509\",\"value\":509},{\"text\":\"\\u00c9v\\u00e9nements\",\"id\":\"1699\",\"value\":1699},{\"text\":\"Journ\\u00e9es sal\\u00e9siennes de communication\",\"id\":\"1713\",\"value\":1713},{\"text\":\"F\\u00eate de la Reconnaissance\",\"id\":\"1709\",\"value\":1709},{\"text\":\"S\\u00e9minaires\",\"id\":\"1705\",\"value\":1705}]}],\"type\":\"dropdown\"},{\"filter_object\":{\"type\":\"select\",\"name\":\"Des endroits\",\"slug\":\"filterbar_venue\",\"priority\":2,\"values\":[{\"name\":\"Roma\",\"value\":6544}],\"free\":null,\"currentValue\":[],\"isActiveFilter\":true,\"queryArgs\":[],\"joinClause\":\"\",\"whereClause\":\"\",\"stack_managed\":false},\"label\":\"Des endroits\",\"selections_count\":\"\",\"selections\":\"\",\"toggle_id\":\"filterbar_venue-toggle-952e84cc-6915-4b45-9c06-dd2ea3e0e996\",\"container_id\":\"filterbar_venue-container-952e84cc-6915-4b45-9c06-dd2ea3e0e996\",\"pill_toggle_id\":\"filterbar_venue-pill-toggle-952e84cc-6915-4b45-9c06-dd2ea3e0e996\",\"is_open\":false,\"name\":\"tribe_venues[]\",\"fields\":[{\"type\":\"dropdown\",\"value\":\"\",\"id\":\"tribe-events-filterbar-781d8a6f-filterbar_venue\",\"name\":\"tribe_venues[]\",\"options\":[{\"text\":\"Roma\",\"id\":\"6544\",\"value\":6544}]}],\"type\":\"dropdown\"}],\"selected_filters\":[],\"mobile_initial_state_control\":true,\"display_recurring_toggle\":false,\"_context\":{\"slug\":\"month\",\"should_manage_url\":false},\"text\":\"Chargement\\u2026\",\"classes\":[\"tribe-common-c-loader__dot\",\"tribe-common-c-loader__dot--third\"]}<\/script>\n\n\t\t\n\t\t\n<header  class=\"tribe-events-header tribe-events-header--has-event-search\" >\n\t<div class=\"tribe-events-header__content-title\">\n\t<h1 class=\"screen-reader-text tec-a11y-title-hidden\">\u00c9v\u00e8nements<\/h1><\/div>\n\n\t\n\t\n\t\n\t<div class=\"tribe-events-c-top-bar tribe-events-widget-header__top-bar\">\n\n\t<nav class=\"tribe-events-c-top-bar__nav\" aria-label=\"Month selection\">\n\t<ul class=\"tribe-events-c-top-bar__nav-list\">\n\t\t<li class=\"tribe-events-c-top-bar__nav-list-item\">\n\t<button\n\t\ttype=\"button\"\n\t\tclass=\"tribe-common-c-btn-icon tribe-common-c-btn-icon--caret-left tribe-events-c-top-bar__nav-link tribe-events-c-top-bar__nav-link--prev\"\n\t\taria-label=\"Mois pr\u00e9c\u00e9dent\"\n\t\tdata-url=\"https:\/\/www.cgfmanet.org\/fr\/\u00e9v\u00e9nements\/mois\/2026-04\/?shortcode=tribe-widget-events-month-16\"\n\t\tdata-js=\"tribe-events-view-link\"\n\t>\n\t\t<svg  class=\"tribe-common-c-svgicon tribe-common-c-svgicon--caret-left tribe-common-c-btn-icon__icon-svg tribe-events-c-top-bar__nav-link-icon-svg\"  xmlns=\"http:\/\/www.w3.org\/2000\/svg\" viewBox=\"0 0 10 16\"><path d=\"M9.7 14.4l-1.5 1.5L.3 8 8.2.1l1.5 1.5L3.3 8l6.4 6.4z\"\/><\/svg>\n\t<\/button>\n<\/li>\n\n\t\t<li class=\"tribe-events-c-top-bar__nav-list-date\" role=\"presentation\" aria-hidden=\"true\">mai 2026<\/li>\n\n\t\t<li class=\"tribe-events-c-top-bar__nav-list-item\">\n\t<button\n\t\tclass=\"tribe-common-c-btn-icon tribe-common-c-btn-icon--caret-right tribe-events-c-top-bar__nav-link tribe-events-c-top-bar__nav-link--next\"\n\t\taria-label=\"Le mois pr\u00e9c\u00e9dent\"\n\t\ttitle=\"Le mois pr\u00e9c\u00e9dent\"\n\t\tdisabled\n\t>\n\t\t<svg  class=\"tribe-common-c-svgicon tribe-common-c-svgicon--caret-right tribe-common-c-btn-icon__icon-svg tribe-events-c-top-bar__nav-link-icon-svg\"  xmlns=\"http:\/\/www.w3.org\/2000\/svg\" viewBox=\"0 0 10 16\"><path d=\"M.3 1.6L1.8.1 9.7 8l-7.9 7.9-1.5-1.5L6.7 8 .3 1.6z\"\/><\/svg>\n\t<\/button>\n<\/li>\n\t<\/ul>\n<\/nav>\n\n<\/div>\n<\/header>\n\n\t\t\n\t\t<h2 class=\"tribe-common-a11y-visual-hide\" id=\"tribe-events-calendar-header\">\n\t\t\t\t\t\tCalendrier de \u00c9v\u00e8nements\t\t<\/h2>\n\t\t<table\n\t\t\tclass=\"tribe-events-calendar-month\"\n\t\t\tdata-js=\"tribe-events-month-grid\"\n\t\t>\n\n\t\t\t<thead class=\"tribe-events-calendar-month__header\">\n<tr>\n\t\t\t<th\n\t\t\tclass=\"tribe-events-calendar-month__header-column\"\n\t\t\tscope=\"col\"\n\t\t\tabbr=\"lun\"\n\t\t>\n\t\t\t<div class=\"tribe-events-calendar-month__header-column-title tribe-common-b3\">\n\t\t\t\t\t<span aria-hidden=\"true\">\n\t\t\t\t\t\tL\t\t\t\t\t<\/span>\n\t\t\t\t<span class=\"screen-reader-text\">\n\t\t\t\t\t\tlundi\t\t\t\t\t<\/span>\n\t\t\t<\/div>\n\t\t<\/th>\n\t\t\t<th\n\t\t\tclass=\"tribe-events-calendar-month__header-column\"\n\t\t\tscope=\"col\"\n\t\t\tabbr=\"mar\"\n\t\t>\n\t\t\t<div class=\"tribe-events-calendar-month__header-column-title tribe-common-b3\">\n\t\t\t\t\t<span aria-hidden=\"true\">\n\t\t\t\t\t\tM\t\t\t\t\t<\/span>\n\t\t\t\t<span class=\"screen-reader-text\">\n\t\t\t\t\t\tmardi\t\t\t\t\t<\/span>\n\t\t\t<\/div>\n\t\t<\/th>\n\t\t\t<th\n\t\t\tclass=\"tribe-events-calendar-month__header-column\"\n\t\t\tscope=\"col\"\n\t\t\tabbr=\"mer\"\n\t\t>\n\t\t\t<div class=\"tribe-events-calendar-month__header-column-title tribe-common-b3\">\n\t\t\t\t\t<span aria-hidden=\"true\">\n\t\t\t\t\t\tM\t\t\t\t\t<\/span>\n\t\t\t\t<span class=\"screen-reader-text\">\n\t\t\t\t\t\tmercredi\t\t\t\t\t<\/span>\n\t\t\t<\/div>\n\t\t<\/th>\n\t\t\t<th\n\t\t\tclass=\"tribe-events-calendar-month__header-column\"\n\t\t\tscope=\"col\"\n\t\t\tabbr=\"jeu\"\n\t\t>\n\t\t\t<div class=\"tribe-events-calendar-month__header-column-title tribe-common-b3\">\n\t\t\t\t\t<span aria-hidden=\"true\">\n\t\t\t\t\t\tJ\t\t\t\t\t<\/span>\n\t\t\t\t<span class=\"screen-reader-text\">\n\t\t\t\t\t\tjeudi\t\t\t\t\t<\/span>\n\t\t\t<\/div>\n\t\t<\/th>\n\t\t\t<th\n\t\t\tclass=\"tribe-events-calendar-month__header-column\"\n\t\t\tscope=\"col\"\n\t\t\tabbr=\"ven\"\n\t\t>\n\t\t\t<div class=\"tribe-events-calendar-month__header-column-title tribe-common-b3\">\n\t\t\t\t\t<span aria-hidden=\"true\">\n\t\t\t\t\t\tV\t\t\t\t\t<\/span>\n\t\t\t\t<span class=\"screen-reader-text\">\n\t\t\t\t\t\tvendredi\t\t\t\t\t<\/span>\n\t\t\t<\/div>\n\t\t<\/th>\n\t\t\t<th\n\t\t\tclass=\"tribe-events-calendar-month__header-column\"\n\t\t\tscope=\"col\"\n\t\t\tabbr=\"sam\"\n\t\t>\n\t\t\t<div class=\"tribe-events-calendar-month__header-column-title tribe-common-b3\">\n\t\t\t\t\t<span aria-hidden=\"true\">\n\t\t\t\t\t\tS\t\t\t\t\t<\/span>\n\t\t\t\t<span class=\"screen-reader-text\">\n\t\t\t\t\t\tsamedi\t\t\t\t\t<\/span>\n\t\t\t<\/div>\n\t\t<\/th>\n\t\t\t<th\n\t\t\tclass=\"tribe-events-calendar-month__header-column\"\n\t\t\tscope=\"col\"\n\t\t\tabbr=\"dim\"\n\t\t>\n\t\t\t<div class=\"tribe-events-calendar-month__header-column-title tribe-common-b3\">\n\t\t\t\t\t<span aria-hidden=\"true\">\n\t\t\t\t\t\tD\t\t\t\t\t<\/span>\n\t\t\t\t<span class=\"screen-reader-text\">\n\t\t\t\t\t\tdimanche\t\t\t\t\t<\/span>\n\t\t\t<\/div>\n\t\t<\/th>\n\t<\/tr>\n<\/thead>\n\n\t\t\t\n<tbody class=\"tribe-events-calendar-month__body\">\n\t\t\t<tr class=\"tribe-events-calendar-month__week\" data-js=\"tribe-events-month-grid-row\">\n\t\t\t\n\t\t\t\t<td\n\t class=\"tribe-events-calendar-month__day tribe-events-calendar-month__day--past tribe-events-calendar-month__day--other-month tribe-events-calendar-month__day--past-month\" \taria-labelledby=\"tribe-events-calendar-day-2026-04-27\"\n\tdata-js=\"tribe-events-month-grid-cell\"\n>\n\t<button\n\taria-expanded=\"false\"\n\taria-controls=\"tribe-events-calendar-mobile-day-2026-04-27\"\n\taria-label=\"avril 27, 3 \u00e9v\u00e8nements, past day\"\n\t class=\"tribe-events-calendar-month__day-cell tribe-events-calendar-month__day-cell--mobile\" \tdata-js=\"tribe-events-calendar-month-day-cell-mobile\"\n>\n\t<h3 class=\"tribe-events-calendar-month__day-date tribe-common-h6 tribe-common-h--alt\">\n\t\t<span class=\"tribe-common-a11y-visual-hide\">\n\t\t\t3 \u00e9v\u00e8nements\t\t<\/span>\n\t\t<time\n\t\t\tclass=\"tribe-events-calendar-month__day-date-daynum\"\n\t\t\tdatetime=\"2026-04-27\"\n\t\t>\n\t\t\t27\t\t<\/time>\n\t<\/h3>\n\t\n\t<span class=\"tribe-events-calendar-month__mobile-events-icon tribe-events-calendar-month__mobile-events-icon--event\" >\n\t<\/span>\n<\/button>\n\t\n<div\n\tid=\"tribe-events-calendar-day-2026-04-27\"\n\tclass=\"tribe-events-calendar-month__day-cell tribe-events-calendar-month__day-cell--desktop tribe-common-a11y-hidden\"\n>\n\t\n<h3 class=\"tribe-events-calendar-month__day-date tribe-common-h4\">\n\t<span class=\"tribe-common-a11y-visual-hide\">\n\t\t3 \u00e9v\u00e8nements,\n\t<\/span>\n\t<time\n\t\tclass=\"tribe-events-calendar-month__day-date-daynum\"\n\t\tdatetime=\"2026-04-27\"\n\t>\n\t\t\t\t\t<a\n\t\t\t\thref=\"https:\/\/www.cgfmanet.org\/fr\/\u00e9v\u00e9nements\/2026-04-27\/?shortcode=tribe-widget-events-month-16\"\n\t\t\t\tclass=\"tribe-events-calendar-month__day-date-link\"\n\t\t\t\tdata-js=\"tribe-events-view-link\"\n\t\t\t\taria-label=\"27 avril\"\n\t\t\t>\n\t\t\t\t27\t\t\t<\/a>\n\t\t\t<\/time>\n<\/h3>\n\n\t<div class=\"tribe-events-calendar-month__events\">\n\t\t\n\t<div class=\"tribe-events-calendar-month__multiday-event-wrapper\">\n\t<article  class=\"tribe-events-calendar-month__multiday-event post-155331 tribe_events type-tribe_events status-publish tribe_events_cat-programme tribe_events_cat-conseillere-pour-la-formation cat_programme cat_conseillere-pour-la-formation tribe-events-calendar-month__multiday-event--width-7 tribe-events-calendar-month__multiday-event--display tribe-events-calendar-month__multiday-event--end\"  data-event-id=\"155331\">\n\t\t<div class=\"tribe-events-calendar-month__multiday-event-hidden\">\n\t<time\n\tdatetime=\"2026-04-17\"\n\tclass=\"tribe-common-a11y-visual-hide\"\n>\n\t2026-04-17<\/time>\n\t<a\n\thref=\"https:\/\/www.cgfmanet.org\/fr\/event\/suor-nilza-fatima-de-moraes-accompagna-le-partecipanti-del-progetto-mornese-in-lingua-inglese-insieme-alla-coordinatrice-suor-jeanette-palasota\/\"\n\tclass=\"tribe-events-calendar-month__multiday-event-hidden-link\"\n\tdata-js=\"tribe-events-tooltip\"\n\tdata-tooltip-content=\"#tribe-events-tooltip-content-155331\"\n\taria-describedby=\"tribe-events-tooltip-content-155331\"\n>\n\t\t<div class=\"tribe-events-calendar-month__multiday-event-hidden-title tribe-common-h8\">\n\tSuor Nilza F\u00e1tima de Moraes accompagna le partecipanti del Progetto Mornese in lingua inglese insieme alla coordinatrice, suor Jeanette Palasota.<\/div>\n<\/a>\n<\/div>\n\t\t<div class=\"tribe-events-calendar-month__multiday-event-bar\">\n\t<div class=\"tribe-events-calendar-month__multiday-event-bar-inner\">\n\t\t\t\t<div class=\"tribe-events-calendar-month__multiday-event-bar-title tribe-common-h8\">\n\tSuor Nilza F\u00e1tima de Moraes accompagna le partecipanti del Progetto Mornese in lingua inglese insieme alla coordinatrice, suor Jeanette Palasota.<\/div>\n\t<\/div>\n<\/div>\n<div class=\"tribe-events-calendar-month__calendar-event-tooltip-template tribe-common-a11y-hidden\">\n\t<div\n\t\tclass=\"tribe-events-calendar-month__calendar-event-tooltip\"\n\t\tid=\"tribe-events-tooltip-content-155331\"\n\t\trole=\"tooltip\"\n\t>\n\t\t\t\t<div class=\"tribe-events-calendar-month__calendar-event-tooltip-datetime\">\n\t\t<time datetime=\"2026-04-17\">\n\t\t<span class=\"tribe-event-date-start\">17 avril<\/span> - <span class=\"tribe-event-date-end\">3 mai<\/span>\t<\/time>\n\t<\/div>\n\t\t<div class=\"tribe-events-calendar-month__calendar-event-tooltip-title tribe-common-h7\">\n\t<a\n\t\thref=\"https:\/\/www.cgfmanet.org\/fr\/event\/suor-nilza-fatima-de-moraes-accompagna-le-partecipanti-del-progetto-mornese-in-lingua-inglese-insieme-alla-coordinatrice-suor-jeanette-palasota\/\"\n\t\ttitle=\"Suor Nilza F\u00e1tima de Moraes accompagna le partecipanti del Progetto Mornese in lingua inglese insieme alla coordinatrice, suor Jeanette Palasota.\"\n\t\trel=\"bookmark\"\n\t\tclass=\"tribe-events-calendar-month__calendar-event-tooltip-title-link tribe-common-anchor-thin\"\n\t>\n\t\tSuor Nilza F\u00e1tima de Moraes accompagna le partecipanti del Progetto Mornese in lingua inglese insieme alla coordinatrice, suor Jeanette Palasota.\t<\/a>\n<\/div>\n\t\t\t\t\t<\/div>\n<\/div>\n\t<\/article>\n<\/div>\n\n\t<div class=\"tribe-events-calendar-month__multiday-event-wrapper\">\n\t<article  class=\"tribe-events-calendar-month__multiday-event post-156195 tribe_events type-tribe_events status-publish tribe_events_cat-programme tribe_events_cat-sr-paola-battagliola-fr tribe_events_cat-visitatrice cat_programme cat_sr-paola-battagliola-fr cat_visitatrice tribe-events-calendar-month__multiday-event--width-2 tribe-events-calendar-month__multiday-event--display tribe-events-calendar-month__multiday-event--end tribe-events-calendar-month__multiday-event--past\"  data-event-id=\"156195\">\n\t\t<div class=\"tribe-events-calendar-month__multiday-event-hidden\">\n\t<time\n\tdatetime=\"2026-04-25\"\n\tclass=\"tribe-common-a11y-visual-hide\"\n>\n\t2026-04-25<\/time>\n\t<a\n\thref=\"https:\/\/www.cgfmanet.org\/fr\/event\/suor-paola-battagliola-accompagna-il-processo-di-discernimento-per-la-nomina-della-futura-ispettrice-brm-a-manaus-brasile\/\"\n\tclass=\"tribe-events-calendar-month__multiday-event-hidden-link\"\n\tdata-js=\"tribe-events-tooltip\"\n\tdata-tooltip-content=\"#tribe-events-tooltip-content-156195\"\n\taria-describedby=\"tribe-events-tooltip-content-156195\"\n>\n\t\t<div class=\"tribe-events-calendar-month__multiday-event-hidden-title tribe-common-h8\">\n\tSuor Paola Battagliola accompagna il processo di discernimento per la nomina della futura Ispettrice BRM. A Manaus, Brasile.<\/div>\n<\/a>\n<\/div>\n\t\t<div class=\"tribe-events-calendar-month__multiday-event-bar\">\n\t<div class=\"tribe-events-calendar-month__multiday-event-bar-inner\">\n\t\t\t\t<div class=\"tribe-events-calendar-month__multiday-event-bar-title tribe-common-h8\">\n\tSuor Paola Battagliola accompagna il processo di discernimento per la nomina della futura Ispettrice BRM. A Manaus, Brasile.<\/div>\n\t<\/div>\n<\/div>\n<div class=\"tribe-events-calendar-month__calendar-event-tooltip-template tribe-common-a11y-hidden\">\n\t<div\n\t\tclass=\"tribe-events-calendar-month__calendar-event-tooltip\"\n\t\tid=\"tribe-events-tooltip-content-156195\"\n\t\trole=\"tooltip\"\n\t>\n\t\t\t\t<div class=\"tribe-events-calendar-month__calendar-event-tooltip-datetime\">\n\t\t<time datetime=\"2026-04-25\">\n\t\t<span class=\"tribe-event-date-start\">25 avril<\/span> - <span class=\"tribe-event-date-end\">28 avril<\/span>\t<\/time>\n\t<\/div>\n\t\t<div class=\"tribe-events-calendar-month__calendar-event-tooltip-title tribe-common-h7\">\n\t<a\n\t\thref=\"https:\/\/www.cgfmanet.org\/fr\/event\/suor-paola-battagliola-accompagna-il-processo-di-discernimento-per-la-nomina-della-futura-ispettrice-brm-a-manaus-brasile\/\"\n\t\ttitle=\"Suor Paola Battagliola accompagna il processo di discernimento per la nomina della futura Ispettrice BRM. A Manaus, Brasile.\"\n\t\trel=\"bookmark\"\n\t\tclass=\"tribe-events-calendar-month__calendar-event-tooltip-title-link tribe-common-anchor-thin\"\n\t>\n\t\tSuor Paola Battagliola accompagna il processo di discernimento per la nomina della futura Ispettrice BRM. A Manaus, Brasile.\t<\/a>\n<\/div>\n\t\t\t\t\t<\/div>\n<\/div>\n\t<\/article>\n<\/div>\n\n\t<div class=\"tribe-events-calendar-month__multiday-event-wrapper\">\n\t<article  class=\"tribe-events-calendar-month__multiday-event post-154148 tribe_events type-tribe_events status-publish tribe_events_cat-programme tribe_events_cat-conseillere-pour-ladministration cat_programme cat_conseillere-pour-ladministration tribe-events-calendar-month__multiday-event--width-2 tribe-events-calendar-month__multiday-event--display tribe-events-calendar-month__multiday-event--start tribe-events-calendar-month__multiday-event--end tribe-events-calendar-month__multiday-event--past\"  data-event-id=\"154148\">\n\t\t<div class=\"tribe-events-calendar-month__multiday-event-hidden\">\n\t<time\n\tdatetime=\"2026-04-27\"\n\tclass=\"tribe-common-a11y-visual-hide\"\n>\n\t2026-04-27<\/time>\n\t<a\n\thref=\"https:\/\/www.cgfmanet.org\/fr\/event\/suor-ena-bolanos-e-le-collaboratrici-dellambito-incontrano-le-econome-ispettoriali-del-mondo-per-la-formazione-online-11\/\"\n\tclass=\"tribe-events-calendar-month__multiday-event-hidden-link\"\n\tdata-js=\"tribe-events-tooltip\"\n\tdata-tooltip-content=\"#tribe-events-tooltip-content-154148\"\n\taria-describedby=\"tribe-events-tooltip-content-154148\"\n>\n\t\t<div class=\"tribe-events-calendar-month__multiday-event-hidden-title tribe-common-h8\">\n\tSuor Ena Bola\u00f1os e le collaboratrici dell\u2019Ambito incontrano le Econome ispettoriali del mondo per la formazione online.<\/div>\n<\/a>\n<\/div>\n\t\t<div class=\"tribe-events-calendar-month__multiday-event-bar\">\n\t<div class=\"tribe-events-calendar-month__multiday-event-bar-inner\">\n\t\t\t\t<div class=\"tribe-events-calendar-month__multiday-event-bar-title tribe-common-h8\">\n\tSuor Ena Bola\u00f1os e le collaboratrici dell\u2019Ambito incontrano le Econome ispettoriali del mondo per la formazione online.<\/div>\n\t<\/div>\n<\/div>\n<div class=\"tribe-events-calendar-month__calendar-event-tooltip-template tribe-common-a11y-hidden\">\n\t<div\n\t\tclass=\"tribe-events-calendar-month__calendar-event-tooltip\"\n\t\tid=\"tribe-events-tooltip-content-154148\"\n\t\trole=\"tooltip\"\n\t>\n\t\t\t\t<div class=\"tribe-events-calendar-month__calendar-event-tooltip-datetime\">\n\t\t<time datetime=\"2026-04-27\">\n\t\t<span class=\"tribe-event-date-start\">27 avril<\/span> - <span class=\"tribe-event-date-end\">28 avril<\/span>\t<\/time>\n\t<\/div>\n\t\t<div class=\"tribe-events-calendar-month__calendar-event-tooltip-title tribe-common-h7\">\n\t<a\n\t\thref=\"https:\/\/www.cgfmanet.org\/fr\/event\/suor-ena-bolanos-e-le-collaboratrici-dellambito-incontrano-le-econome-ispettoriali-del-mondo-per-la-formazione-online-11\/\"\n\t\ttitle=\"Suor Ena Bola\u00f1os e le collaboratrici dell\u2019Ambito incontrano le Econome ispettoriali del mondo per la formazione online.\"\n\t\trel=\"bookmark\"\n\t\tclass=\"tribe-events-calendar-month__calendar-event-tooltip-title-link tribe-common-anchor-thin\"\n\t>\n\t\tSuor Ena Bola\u00f1os e le collaboratrici dell\u2019Ambito incontrano le Econome ispettoriali del mondo per la formazione online.\t<\/a>\n<\/div>\n\t\t\t\t\t<\/div>\n<\/div>\n\t<\/article>\n<\/div>\n\n\n\t\t\t<\/div>\n\n\t\n<\/div>\n<\/td>\n\n\t\t\t\n\t\t\t\t<td\n\t class=\"tribe-events-calendar-month__day tribe-events-calendar-month__day--past tribe-events-calendar-month__day--other-month tribe-events-calendar-month__day--past-month\" \taria-labelledby=\"tribe-events-calendar-day-2026-04-28\"\n\tdata-js=\"tribe-events-month-grid-cell\"\n>\n\t<button\n\taria-expanded=\"false\"\n\taria-controls=\"tribe-events-calendar-mobile-day-2026-04-28\"\n\taria-label=\"avril 28, 3 \u00e9v\u00e8nements, past day\"\n\t class=\"tribe-events-calendar-month__day-cell tribe-events-calendar-month__day-cell--mobile\" \tdata-js=\"tribe-events-calendar-month-day-cell-mobile\"\n>\n\t<h3 class=\"tribe-events-calendar-month__day-date tribe-common-h6 tribe-common-h--alt\">\n\t\t<span class=\"tribe-common-a11y-visual-hide\">\n\t\t\t3 \u00e9v\u00e8nements\t\t<\/span>\n\t\t<time\n\t\t\tclass=\"tribe-events-calendar-month__day-date-daynum\"\n\t\t\tdatetime=\"2026-04-28\"\n\t\t>\n\t\t\t28\t\t<\/time>\n\t<\/h3>\n\t\n\t<span class=\"tribe-events-calendar-month__mobile-events-icon tribe-events-calendar-month__mobile-events-icon--event\" >\n\t<\/span>\n<\/button>\n\t\n<div\n\tid=\"tribe-events-calendar-day-2026-04-28\"\n\tclass=\"tribe-events-calendar-month__day-cell tribe-events-calendar-month__day-cell--desktop tribe-common-a11y-hidden\"\n>\n\t\n<h3 class=\"tribe-events-calendar-month__day-date tribe-common-h4\">\n\t<span class=\"tribe-common-a11y-visual-hide\">\n\t\t3 \u00e9v\u00e8nements,\n\t<\/span>\n\t<time\n\t\tclass=\"tribe-events-calendar-month__day-date-daynum\"\n\t\tdatetime=\"2026-04-28\"\n\t>\n\t\t\t\t\t<a\n\t\t\t\thref=\"https:\/\/www.cgfmanet.org\/fr\/\u00e9v\u00e9nements\/2026-04-28\/?shortcode=tribe-widget-events-month-16\"\n\t\t\t\tclass=\"tribe-events-calendar-month__day-date-link\"\n\t\t\t\tdata-js=\"tribe-events-view-link\"\n\t\t\t\taria-label=\"28 avril\"\n\t\t\t>\n\t\t\t\t28\t\t\t<\/a>\n\t\t\t<\/time>\n<\/h3>\n\n\t<div class=\"tribe-events-calendar-month__events\">\n\t\t\n\t<div class=\"tribe-events-calendar-month__multiday-event-wrapper\">\n\t<article  class=\"tribe-events-calendar-month__multiday-event post-155331 tribe_events type-tribe_events status-publish tribe_events_cat-programme tribe_events_cat-conseillere-pour-la-formation cat_programme cat_conseillere-pour-la-formation\"  data-event-id=\"155331\">\n\t\t<div class=\"tribe-events-calendar-month__multiday-event-hidden\">\n\t<time\n\tdatetime=\"2026-04-17\"\n\tclass=\"tribe-common-a11y-visual-hide\"\n>\n\t2026-04-17<\/time>\n\t<a\n\thref=\"https:\/\/www.cgfmanet.org\/fr\/event\/suor-nilza-fatima-de-moraes-accompagna-le-partecipanti-del-progetto-mornese-in-lingua-inglese-insieme-alla-coordinatrice-suor-jeanette-palasota\/\"\n\tclass=\"tribe-events-calendar-month__multiday-event-hidden-link\"\n\tdata-js=\"tribe-events-tooltip\"\n\tdata-tooltip-content=\"#tribe-events-tooltip-content-155331\"\n\taria-describedby=\"tribe-events-tooltip-content-155331\"\n>\n\t\t<div class=\"tribe-events-calendar-month__multiday-event-hidden-title tribe-common-h8\">\n\tSuor Nilza F\u00e1tima de Moraes accompagna le partecipanti del Progetto Mornese in lingua inglese insieme alla coordinatrice, suor Jeanette Palasota.<\/div>\n<\/a>\n<\/div>\n\t\t\t<\/article>\n<\/div>\n\n\t<div class=\"tribe-events-calendar-month__multiday-event-wrapper\">\n\t<article  class=\"tribe-events-calendar-month__multiday-event post-156195 tribe_events type-tribe_events status-publish tribe_events_cat-programme tribe_events_cat-sr-paola-battagliola-fr tribe_events_cat-visitatrice cat_programme cat_sr-paola-battagliola-fr cat_visitatrice\"  data-event-id=\"156195\">\n\t\t<div class=\"tribe-events-calendar-month__multiday-event-hidden\">\n\t<time\n\tdatetime=\"2026-04-25\"\n\tclass=\"tribe-common-a11y-visual-hide\"\n>\n\t2026-04-25<\/time>\n\t<a\n\thref=\"https:\/\/www.cgfmanet.org\/fr\/event\/suor-paola-battagliola-accompagna-il-processo-di-discernimento-per-la-nomina-della-futura-ispettrice-brm-a-manaus-brasile\/\"\n\tclass=\"tribe-events-calendar-month__multiday-event-hidden-link\"\n\tdata-js=\"tribe-events-tooltip\"\n\tdata-tooltip-content=\"#tribe-events-tooltip-content-156195\"\n\taria-describedby=\"tribe-events-tooltip-content-156195\"\n>\n\t\t<div class=\"tribe-events-calendar-month__multiday-event-hidden-title tribe-common-h8\">\n\tSuor Paola Battagliola accompagna il processo di discernimento per la nomina della futura Ispettrice BRM. A Manaus, Brasile.<\/div>\n<\/a>\n<\/div>\n\t\t\t<\/article>\n<\/div>\n\n\t<div class=\"tribe-events-calendar-month__multiday-event-wrapper\">\n\t<article  class=\"tribe-events-calendar-month__multiday-event post-154148 tribe_events type-tribe_events status-publish tribe_events_cat-programme tribe_events_cat-conseillere-pour-ladministration cat_programme cat_conseillere-pour-ladministration\"  data-event-id=\"154148\">\n\t\t<div class=\"tribe-events-calendar-month__multiday-event-hidden\">\n\t<time\n\tdatetime=\"2026-04-27\"\n\tclass=\"tribe-common-a11y-visual-hide\"\n>\n\t2026-04-27<\/time>\n\t<a\n\thref=\"https:\/\/www.cgfmanet.org\/fr\/event\/suor-ena-bolanos-e-le-collaboratrici-dellambito-incontrano-le-econome-ispettoriali-del-mondo-per-la-formazione-online-11\/\"\n\tclass=\"tribe-events-calendar-month__multiday-event-hidden-link\"\n\tdata-js=\"tribe-events-tooltip\"\n\tdata-tooltip-content=\"#tribe-events-tooltip-content-154148\"\n\taria-describedby=\"tribe-events-tooltip-content-154148\"\n>\n\t\t<div class=\"tribe-events-calendar-month__multiday-event-hidden-title tribe-common-h8\">\n\tSuor Ena Bola\u00f1os e le collaboratrici dell\u2019Ambito incontrano le Econome ispettoriali del mondo per la formazione online.<\/div>\n<\/a>\n<\/div>\n\t\t\t<\/article>\n<\/div>\n\n\n\t\t\t<\/div>\n\n\t\n<\/div>\n<\/td>\n\n\t\t\t\n\t\t\t\t<td\n\t class=\"tribe-events-calendar-month__day tribe-events-calendar-month__day--past tribe-events-calendar-month__day--other-month tribe-events-calendar-month__day--past-month\" \taria-labelledby=\"tribe-events-calendar-day-2026-04-29\"\n\tdata-js=\"tribe-events-month-grid-cell\"\n>\n\t<button\n\taria-expanded=\"false\"\n\taria-controls=\"tribe-events-calendar-mobile-day-2026-04-29\"\n\taria-label=\"avril 29, 1 \u00e9v\u00e8nement, past day\"\n\t class=\"tribe-events-calendar-month__day-cell tribe-events-calendar-month__day-cell--mobile\" \tdata-js=\"tribe-events-calendar-month-day-cell-mobile\"\n>\n\t<h3 class=\"tribe-events-calendar-month__day-date tribe-common-h6 tribe-common-h--alt\">\n\t\t<span class=\"tribe-common-a11y-visual-hide\">\n\t\t\t1 \u00e9v\u00e8nement\t\t<\/span>\n\t\t<time\n\t\t\tclass=\"tribe-events-calendar-month__day-date-daynum\"\n\t\t\tdatetime=\"2026-04-29\"\n\t\t>\n\t\t\t29\t\t<\/time>\n\t<\/h3>\n\t\n\t<span class=\"tribe-events-calendar-month__mobile-events-icon tribe-events-calendar-month__mobile-events-icon--event\" >\n\t<\/span>\n<\/button>\n\t\n<div\n\tid=\"tribe-events-calendar-day-2026-04-29\"\n\tclass=\"tribe-events-calendar-month__day-cell tribe-events-calendar-month__day-cell--desktop tribe-common-a11y-hidden\"\n>\n\t\n<h3 class=\"tribe-events-calendar-month__day-date tribe-common-h4\">\n\t<span class=\"tribe-common-a11y-visual-hide\">\n\t\t1 \u00e9v\u00e8nement,\n\t<\/span>\n\t<time\n\t\tclass=\"tribe-events-calendar-month__day-date-daynum\"\n\t\tdatetime=\"2026-04-29\"\n\t>\n\t\t\t\t\t<a\n\t\t\t\thref=\"https:\/\/www.cgfmanet.org\/fr\/\u00e9v\u00e9nements\/2026-04-29\/?shortcode=tribe-widget-events-month-16\"\n\t\t\t\tclass=\"tribe-events-calendar-month__day-date-link\"\n\t\t\t\tdata-js=\"tribe-events-view-link\"\n\t\t\t\taria-label=\"29 avril\"\n\t\t\t>\n\t\t\t\t29\t\t\t<\/a>\n\t\t\t<\/time>\n<\/h3>\n\n\t<div class=\"tribe-events-calendar-month__events\">\n\t\t\n\t<div class=\"tribe-events-calendar-month__multiday-event-wrapper\">\n\t<article  class=\"tribe-events-calendar-month__multiday-event post-155331 tribe_events type-tribe_events status-publish tribe_events_cat-programme tribe_events_cat-conseillere-pour-la-formation cat_programme cat_conseillere-pour-la-formation\"  data-event-id=\"155331\">\n\t\t<div class=\"tribe-events-calendar-month__multiday-event-hidden\">\n\t<time\n\tdatetime=\"2026-04-17\"\n\tclass=\"tribe-common-a11y-visual-hide\"\n>\n\t2026-04-17<\/time>\n\t<a\n\thref=\"https:\/\/www.cgfmanet.org\/fr\/event\/suor-nilza-fatima-de-moraes-accompagna-le-partecipanti-del-progetto-mornese-in-lingua-inglese-insieme-alla-coordinatrice-suor-jeanette-palasota\/\"\n\tclass=\"tribe-events-calendar-month__multiday-event-hidden-link\"\n\tdata-js=\"tribe-events-tooltip\"\n\tdata-tooltip-content=\"#tribe-events-tooltip-content-155331\"\n\taria-describedby=\"tribe-events-tooltip-content-155331\"\n>\n\t\t<div class=\"tribe-events-calendar-month__multiday-event-hidden-title tribe-common-h8\">\n\tSuor Nilza F\u00e1tima de Moraes accompagna le partecipanti del Progetto Mornese in lingua inglese insieme alla coordinatrice, suor Jeanette Palasota.<\/div>\n<\/a>\n<\/div>\n\t\t\t<\/article>\n<\/div>\n\n\n\t\t\t<\/div>\n\n\t\n<\/div>\n<\/td>\n\n\t\t\t\n\t\t\t\t<td\n\t class=\"tribe-events-calendar-month__day tribe-events-calendar-month__day--past tribe-events-calendar-month__day--other-month tribe-events-calendar-month__day--past-month\" \taria-labelledby=\"tribe-events-calendar-day-2026-04-30\"\n\tdata-js=\"tribe-events-month-grid-cell\"\n>\n\t<button\n\taria-expanded=\"false\"\n\taria-controls=\"tribe-events-calendar-mobile-day-2026-04-30\"\n\taria-label=\"avril 30, 1 \u00e9v\u00e8nement, past day\"\n\t class=\"tribe-events-calendar-month__day-cell tribe-events-calendar-month__day-cell--mobile\" \tdata-js=\"tribe-events-calendar-month-day-cell-mobile\"\n>\n\t<h3 class=\"tribe-events-calendar-month__day-date tribe-common-h6 tribe-common-h--alt\">\n\t\t<span class=\"tribe-common-a11y-visual-hide\">\n\t\t\t1 \u00e9v\u00e8nement\t\t<\/span>\n\t\t<time\n\t\t\tclass=\"tribe-events-calendar-month__day-date-daynum\"\n\t\t\tdatetime=\"2026-04-30\"\n\t\t>\n\t\t\t30\t\t<\/time>\n\t<\/h3>\n\t\n\t<span class=\"tribe-events-calendar-month__mobile-events-icon tribe-events-calendar-month__mobile-events-icon--event\" >\n\t<\/span>\n<\/button>\n\t\n<div\n\tid=\"tribe-events-calendar-day-2026-04-30\"\n\tclass=\"tribe-events-calendar-month__day-cell tribe-events-calendar-month__day-cell--desktop tribe-common-a11y-hidden\"\n>\n\t\n<h3 class=\"tribe-events-calendar-month__day-date tribe-common-h4\">\n\t<span class=\"tribe-common-a11y-visual-hide\">\n\t\t1 \u00e9v\u00e8nement,\n\t<\/span>\n\t<time\n\t\tclass=\"tribe-events-calendar-month__day-date-daynum\"\n\t\tdatetime=\"2026-04-30\"\n\t>\n\t\t\t\t\t<a\n\t\t\t\thref=\"https:\/\/www.cgfmanet.org\/fr\/\u00e9v\u00e9nements\/2026-04-30\/?shortcode=tribe-widget-events-month-16\"\n\t\t\t\tclass=\"tribe-events-calendar-month__day-date-link\"\n\t\t\t\tdata-js=\"tribe-events-view-link\"\n\t\t\t\taria-label=\"30 avril\"\n\t\t\t>\n\t\t\t\t30\t\t\t<\/a>\n\t\t\t<\/time>\n<\/h3>\n\n\t<div class=\"tribe-events-calendar-month__events\">\n\t\t\n\t<div class=\"tribe-events-calendar-month__multiday-event-wrapper\">\n\t<article  class=\"tribe-events-calendar-month__multiday-event post-155331 tribe_events type-tribe_events status-publish tribe_events_cat-programme tribe_events_cat-conseillere-pour-la-formation cat_programme cat_conseillere-pour-la-formation\"  data-event-id=\"155331\">\n\t\t<div class=\"tribe-events-calendar-month__multiday-event-hidden\">\n\t<time\n\tdatetime=\"2026-04-17\"\n\tclass=\"tribe-common-a11y-visual-hide\"\n>\n\t2026-04-17<\/time>\n\t<a\n\thref=\"https:\/\/www.cgfmanet.org\/fr\/event\/suor-nilza-fatima-de-moraes-accompagna-le-partecipanti-del-progetto-mornese-in-lingua-inglese-insieme-alla-coordinatrice-suor-jeanette-palasota\/\"\n\tclass=\"tribe-events-calendar-month__multiday-event-hidden-link\"\n\tdata-js=\"tribe-events-tooltip\"\n\tdata-tooltip-content=\"#tribe-events-tooltip-content-155331\"\n\taria-describedby=\"tribe-events-tooltip-content-155331\"\n>\n\t\t<div class=\"tribe-events-calendar-month__multiday-event-hidden-title tribe-common-h8\">\n\tSuor Nilza F\u00e1tima de Moraes accompagna le partecipanti del Progetto Mornese in lingua inglese insieme alla coordinatrice, suor Jeanette Palasota.<\/div>\n<\/a>\n<\/div>\n\t\t\t<\/article>\n<\/div>\n\n\n\t\t\t<\/div>\n\n\t\n<\/div>\n<\/td>\n\n\t\t\t\n\t\t\t\t<td\n\t class=\"tribe-events-calendar-month__day tribe-events-calendar-month__day--past\" \taria-labelledby=\"tribe-events-calendar-day-2026-05-01\"\n\tdata-js=\"tribe-events-month-grid-cell\"\n>\n\t<button\n\taria-expanded=\"false\"\n\taria-controls=\"tribe-events-calendar-mobile-day-2026-05-1\"\n\taria-label=\"mai 1, 2 \u00e9v\u00e8nements, past day\"\n\t class=\"tribe-events-calendar-month__day-cell tribe-events-calendar-month__day-cell--mobile\" \tdata-js=\"tribe-events-calendar-month-day-cell-mobile\"\n>\n\t<h3 class=\"tribe-events-calendar-month__day-date tribe-common-h6 tribe-common-h--alt\">\n\t\t<span class=\"tribe-common-a11y-visual-hide\">\n\t\t\t2 \u00e9v\u00e8nements\t\t<\/span>\n\t\t<time\n\t\t\tclass=\"tribe-events-calendar-month__day-date-daynum\"\n\t\t\tdatetime=\"2026-05-01\"\n\t\t>\n\t\t\t1\t\t<\/time>\n\t<\/h3>\n\t\n\t<span class=\"tribe-events-calendar-month__mobile-events-icon tribe-events-calendar-month__mobile-events-icon--event\" >\n\t<\/span>\n<\/button>\n\t\n<div\n\tid=\"tribe-events-calendar-day-2026-05-01\"\n\tclass=\"tribe-events-calendar-month__day-cell tribe-events-calendar-month__day-cell--desktop tribe-common-a11y-hidden\"\n>\n\t\n<h3 class=\"tribe-events-calendar-month__day-date tribe-common-h4\">\n\t<span class=\"tribe-common-a11y-visual-hide\">\n\t\t2 \u00e9v\u00e8nements,\n\t<\/span>\n\t<time\n\t\tclass=\"tribe-events-calendar-month__day-date-daynum\"\n\t\tdatetime=\"2026-05-01\"\n\t>\n\t\t\t\t\t<a\n\t\t\t\thref=\"https:\/\/www.cgfmanet.org\/fr\/\u00e9v\u00e9nements\/2026-05-01\/?shortcode=tribe-widget-events-month-16\"\n\t\t\t\tclass=\"tribe-events-calendar-month__day-date-link\"\n\t\t\t\tdata-js=\"tribe-events-view-link\"\n\t\t\t\taria-label=\"1 mai\"\n\t\t\t>\n\t\t\t\t1\t\t\t<\/a>\n\t\t\t<\/time>\n<\/h3>\n\n\t<div class=\"tribe-events-calendar-month__events\">\n\t\t\n\t<div class=\"tribe-events-calendar-month__multiday-event-wrapper\">\n\t<article  class=\"tribe-events-calendar-month__multiday-event post-155331 tribe_events type-tribe_events status-publish tribe_events_cat-programme tribe_events_cat-conseillere-pour-la-formation cat_programme cat_conseillere-pour-la-formation\"  data-event-id=\"155331\">\n\t\t<div class=\"tribe-events-calendar-month__multiday-event-hidden\">\n\t<time\n\tdatetime=\"2026-04-17\"\n\tclass=\"tribe-common-a11y-visual-hide\"\n>\n\t2026-04-17<\/time>\n\t<a\n\thref=\"https:\/\/www.cgfmanet.org\/fr\/event\/suor-nilza-fatima-de-moraes-accompagna-le-partecipanti-del-progetto-mornese-in-lingua-inglese-insieme-alla-coordinatrice-suor-jeanette-palasota\/\"\n\tclass=\"tribe-events-calendar-month__multiday-event-hidden-link\"\n\tdata-js=\"tribe-events-tooltip\"\n\tdata-tooltip-content=\"#tribe-events-tooltip-content-155331\"\n\taria-describedby=\"tribe-events-tooltip-content-155331\"\n>\n\t\t<div class=\"tribe-events-calendar-month__multiday-event-hidden-title tribe-common-h8\">\n\tSuor Nilza F\u00e1tima de Moraes accompagna le partecipanti del Progetto Mornese in lingua inglese insieme alla coordinatrice, suor Jeanette Palasota.<\/div>\n<\/a>\n<\/div>\n\t\t\t<\/article>\n<\/div>\n\n\t<div class=\"tribe-events-calendar-month__multiday-event-wrapper\">\n\t<article  class=\"tribe-events-calendar-month__multiday-event post-156201 tribe_events type-tribe_events status-publish tribe_events_cat-sr-paola-battagliola-fr tribe_events_cat-programme tribe_events_cat-visitatrice cat_sr-paola-battagliola-fr cat_programme cat_visitatrice tribe-events-calendar-month__multiday-event--width-1 tribe-events-calendar-month__multiday-event--display tribe-events-calendar-month__multiday-event--start tribe-events-calendar-month__multiday-event--end tribe-events-calendar-month__multiday-event--past\"  data-event-id=\"156201\">\n\t\t<div class=\"tribe-events-calendar-month__multiday-event-hidden\">\n\t<time\n\tdatetime=\"2026-05-01\"\n\tclass=\"tribe-common-a11y-visual-hide\"\n>\n\t2026-05-01<\/time>\n\t<a\n\thref=\"https:\/\/www.cgfmanet.org\/fr\/event\/suor-paola-battagliola-riprende-la-2a-parte-della-visita-canonica-allispettoria-lombarda-sacra-famiglia-ilo\/\"\n\tclass=\"tribe-events-calendar-month__multiday-event-hidden-link\"\n\tdata-js=\"tribe-events-tooltip\"\n\tdata-tooltip-content=\"#tribe-events-tooltip-content-156201\"\n\taria-describedby=\"tribe-events-tooltip-content-156201\"\n>\n\t\t<div class=\"tribe-events-calendar-month__multiday-event-hidden-title tribe-common-h8\">\n\tSuor Paola Battagliola riprende la 2a parte della Visita canonica all&rsquo;Ispettoria Lombarda \u00ab\u00a0Sacra Famiglia\u00a0\u00bb (ILO).<\/div>\n<\/a>\n<\/div>\n\t\t<div class=\"tribe-events-calendar-month__multiday-event-bar\">\n\t<div class=\"tribe-events-calendar-month__multiday-event-bar-inner\">\n\t\t\t\t<div class=\"tribe-events-calendar-month__multiday-event-bar-title tribe-common-h8\">\n\tSuor Paola Battagliola riprende la 2a parte della Visita canonica all&rsquo;Ispettoria Lombarda \u00ab\u00a0Sacra Famiglia\u00a0\u00bb (ILO).<\/div>\n\t<\/div>\n<\/div>\n<div class=\"tribe-events-calendar-month__calendar-event-tooltip-template tribe-common-a11y-hidden\">\n\t<div\n\t\tclass=\"tribe-events-calendar-month__calendar-event-tooltip\"\n\t\tid=\"tribe-events-tooltip-content-156201\"\n\t\trole=\"tooltip\"\n\t>\n\t\t\t\t<div class=\"tribe-events-calendar-month__calendar-event-tooltip-datetime\">\n\t\t<time datetime=\"2026-05-01\">\n\t\t<span class=\"tribe-event-date-start\">1 mai<\/span>\t<\/time>\n\t<\/div>\n\t\t<div class=\"tribe-events-calendar-month__calendar-event-tooltip-title tribe-common-h7\">\n\t<a\n\t\thref=\"https:\/\/www.cgfmanet.org\/fr\/event\/suor-paola-battagliola-riprende-la-2a-parte-della-visita-canonica-allispettoria-lombarda-sacra-famiglia-ilo\/\"\n\t\ttitle=\"Suor Paola Battagliola riprende la 2a parte della Visita canonica all&rsquo;Ispettoria Lombarda \u00ab\u00a0Sacra Famiglia\u00a0\u00bb (ILO).\"\n\t\trel=\"bookmark\"\n\t\tclass=\"tribe-events-calendar-month__calendar-event-tooltip-title-link tribe-common-anchor-thin\"\n\t>\n\t\tSuor Paola Battagliola riprende la 2a parte della Visita canonica all&rsquo;Ispettoria Lombarda \u00ab\u00a0Sacra Famiglia\u00a0\u00bb (ILO).\t<\/a>\n<\/div>\n\t\t\t\t\t<\/div>\n<\/div>\n\t<\/article>\n<\/div>\n\n\n\t\t\t<\/div>\n\n\t\n<\/div>\n<\/td>\n\n\t\t\t\n\t\t\t\t<td\n\t class=\"tribe-events-calendar-month__day tribe-events-calendar-month__day--current\" \taria-labelledby=\"tribe-events-calendar-day-2026-05-02\"\n\tdata-js=\"tribe-events-month-grid-cell\"\n>\n\t<button\n\taria-expanded=\"true\"\n\taria-controls=\"tribe-events-calendar-mobile-day-2026-05-2\"\n\taria-label=\"mai 2, 2 \u00e9v\u00e8nements, aujourd\u2019hui\"\n\t class=\"tribe-events-calendar-month__day-cell tribe-events-calendar-month__day-cell--mobile tribe-events-calendar-month__day-cell--selected\" \tdata-js=\"tribe-events-calendar-month-day-cell-mobile\"\n>\n\t<h3 class=\"tribe-events-calendar-month__day-date tribe-common-h6 tribe-common-h--alt\">\n\t\t<span class=\"tribe-common-a11y-visual-hide\">\n\t\t\t2 \u00e9v\u00e8nements\t\t<\/span>\n\t\t<time\n\t\t\tclass=\"tribe-events-calendar-month__day-date-daynum\"\n\t\t\tdatetime=\"2026-05-02\"\n\t\t>\n\t\t\t2\t\t<\/time>\n\t<\/h3>\n\t\n\t<span class=\"tribe-events-calendar-month__mobile-events-icon tribe-events-calendar-month__mobile-events-icon--event\" >\n\t<\/span>\n<\/button>\n\t\n<div\n\tid=\"tribe-events-calendar-day-2026-05-02\"\n\tclass=\"tribe-events-calendar-month__day-cell tribe-events-calendar-month__day-cell--desktop tribe-common-a11y-hidden\"\n>\n\t\n<h3 class=\"tribe-events-calendar-month__day-date tribe-common-h4\">\n\t<span class=\"tribe-common-a11y-visual-hide\">\n\t\t2 \u00e9v\u00e8nements,\n\t<\/span>\n\t<time\n\t\tclass=\"tribe-events-calendar-month__day-date-daynum\"\n\t\tdatetime=\"2026-05-02\"\n\t>\n\t\t\t\t\t<a\n\t\t\t\thref=\"https:\/\/www.cgfmanet.org\/fr\/\u00e9v\u00e9nements\/2026-05-02\/?shortcode=tribe-widget-events-month-16\"\n\t\t\t\tclass=\"tribe-events-calendar-month__day-date-link\"\n\t\t\t\tdata-js=\"tribe-events-view-link\"\n\t\t\t\taria-label=\"2 mai\"\n\t\t\t>\n\t\t\t\t2\t\t\t<\/a>\n\t\t\t<\/time>\n<\/h3>\n\n\t<div class=\"tribe-events-calendar-month__events\">\n\t\t\n\t<div class=\"tribe-events-calendar-month__multiday-event-wrapper\">\n\t<article  class=\"tribe-events-calendar-month__multiday-event post-155331 tribe_events type-tribe_events status-publish tribe_events_cat-programme tribe_events_cat-conseillere-pour-la-formation cat_programme cat_conseillere-pour-la-formation\"  data-event-id=\"155331\">\n\t\t<div class=\"tribe-events-calendar-month__multiday-event-hidden\">\n\t<time\n\tdatetime=\"2026-04-17\"\n\tclass=\"tribe-common-a11y-visual-hide\"\n>\n\t2026-04-17<\/time>\n\t<a\n\thref=\"https:\/\/www.cgfmanet.org\/fr\/event\/suor-nilza-fatima-de-moraes-accompagna-le-partecipanti-del-progetto-mornese-in-lingua-inglese-insieme-alla-coordinatrice-suor-jeanette-palasota\/\"\n\tclass=\"tribe-events-calendar-month__multiday-event-hidden-link\"\n\tdata-js=\"tribe-events-tooltip\"\n\tdata-tooltip-content=\"#tribe-events-tooltip-content-155331\"\n\taria-describedby=\"tribe-events-tooltip-content-155331\"\n>\n\t\t<div class=\"tribe-events-calendar-month__multiday-event-hidden-title tribe-common-h8\">\n\tSuor Nilza F\u00e1tima de Moraes accompagna le partecipanti del Progetto Mornese in lingua inglese insieme alla coordinatrice, suor Jeanette Palasota.<\/div>\n<\/a>\n<\/div>\n\t\t\t<\/article>\n<\/div>\n\n\t<div class=\"tribe-events-calendar-month__multiday-event-wrapper\">\n\t<article  class=\"tribe-events-calendar-month__multiday-event post-150825 tribe_events type-tribe_events status-publish tribe_events_cat-programme tribe_events_cat-secretaire-generale cat_programme cat_secretaire-generale tribe-events-calendar-month__multiday-event--width-1 tribe-events-calendar-month__multiday-event--display tribe-events-calendar-month__multiday-event--start tribe-events-calendar-month__multiday-event--end\"  data-event-id=\"150825\">\n\t\t<div class=\"tribe-events-calendar-month__multiday-event-hidden\">\n\t<time\n\tdatetime=\"2026-05-02\"\n\tclass=\"tribe-common-a11y-visual-hide\"\n>\n\t2026-05-02<\/time>\n\t<a\n\thref=\"https:\/\/www.cgfmanet.org\/fr\/event\/suor-maria-luisa-nicastro-con-le-collaboratrici-della-segreteria-generale-guida-la-visita-allarchivio-generale-dellistituto-e-alla-mostra-del-carisma-delle-studentesse-del-corso-di-spiritualita\/\"\n\tclass=\"tribe-events-calendar-month__multiday-event-hidden-link\"\n\tdata-js=\"tribe-events-tooltip\"\n\tdata-tooltip-content=\"#tribe-events-tooltip-content-150825\"\n\taria-describedby=\"tribe-events-tooltip-content-150825\"\n>\n\t\t<div class=\"tribe-events-calendar-month__multiday-event-hidden-title tribe-common-h8\">\n\tSuor Maria Luisa Nicastro, con le collaboratrici della Segreteria generale, guida la visita all&rsquo;Archivio Generale dell&rsquo;Istituto e alla Mostra del Carisma delle Studentesse del Corso di Spiritualit\u00e0 di Casa Canta.<\/div>\n<\/a>\n<\/div>\n\t\t<div class=\"tribe-events-calendar-month__multiday-event-bar\">\n\t<div class=\"tribe-events-calendar-month__multiday-event-bar-inner\">\n\t\t\t\t<div class=\"tribe-events-calendar-month__multiday-event-bar-title tribe-common-h8\">\n\tSuor Maria Luisa Nicastro, con le collaboratrici della Segreteria generale, guida la visita all&rsquo;Archivio Generale dell&rsquo;Istituto e alla Mostra del Carisma delle Studentesse del Corso di Spiritualit\u00e0 di Casa Canta.<\/div>\n\t<\/div>\n<\/div>\n<div class=\"tribe-events-calendar-month__calendar-event-tooltip-template tribe-common-a11y-hidden\">\n\t<div\n\t\tclass=\"tribe-events-calendar-month__calendar-event-tooltip\"\n\t\tid=\"tribe-events-tooltip-content-150825\"\n\t\trole=\"tooltip\"\n\t>\n\t\t\t\t<div class=\"tribe-events-calendar-month__calendar-event-tooltip-datetime\">\n\t\t<time datetime=\"2026-05-02\">\n\t\t<span class=\"tribe-event-date-start\">2 mai<\/span>\t<\/time>\n\t<\/div>\n\t\t<div class=\"tribe-events-calendar-month__calendar-event-tooltip-title tribe-common-h7\">\n\t<a\n\t\thref=\"https:\/\/www.cgfmanet.org\/fr\/event\/suor-maria-luisa-nicastro-con-le-collaboratrici-della-segreteria-generale-guida-la-visita-allarchivio-generale-dellistituto-e-alla-mostra-del-carisma-delle-studentesse-del-corso-di-spiritualita\/\"\n\t\ttitle=\"Suor Maria Luisa Nicastro, con le collaboratrici della Segreteria generale, guida la visita all&rsquo;Archivio Generale dell&rsquo;Istituto e alla Mostra del Carisma delle Studentesse del Corso di Spiritualit\u00e0 di Casa Canta.\"\n\t\trel=\"bookmark\"\n\t\tclass=\"tribe-events-calendar-month__calendar-event-tooltip-title-link tribe-common-anchor-thin\"\n\t>\n\t\tSuor Maria Luisa Nicastro, con le collaboratrici della Segreteria generale, guida la visita all&rsquo;Archivio Generale dell&rsquo;Istituto e alla Mostra del Carisma delle Studentesse del Corso di Spiritualit\u00e0 di Casa Canta.\t<\/a>\n<\/div>\n\t\t\t\t\t<\/div>\n<\/div>\n\t<\/article>\n<\/div>\n\n\n\t\t\t<\/div>\n\n\t\n<\/div>\n<\/td>\n\n\t\t\t\n\t\t\t\t<td\n\t class=\"tribe-events-calendar-month__day\" \taria-labelledby=\"tribe-events-calendar-day-2026-05-03\"\n\tdata-js=\"tribe-events-month-grid-cell\"\n>\n\t<button\n\taria-expanded=\"false\"\n\taria-controls=\"tribe-events-calendar-mobile-day-2026-05-3\"\n\taria-label=\"mai 3, 2 \u00e9v\u00e8nements, upcoming day\"\n\t class=\"tribe-events-calendar-month__day-cell tribe-events-calendar-month__day-cell--mobile\" \tdata-js=\"tribe-events-calendar-month-day-cell-mobile\"\n>\n\t<h3 class=\"tribe-events-calendar-month__day-date tribe-common-h6 tribe-common-h--alt\">\n\t\t<span class=\"tribe-common-a11y-visual-hide\">\n\t\t\t2 \u00e9v\u00e8nements\t\t<\/span>\n\t\t<time\n\t\t\tclass=\"tribe-events-calendar-month__day-date-daynum\"\n\t\t\tdatetime=\"2026-05-03\"\n\t\t>\n\t\t\t3\t\t<\/time>\n\t<\/h3>\n\t\n\t<span class=\"tribe-events-calendar-month__mobile-events-icon tribe-events-calendar-month__mobile-events-icon--event\" >\n\t<\/span>\n<\/button>\n\t\n<div\n\tid=\"tribe-events-calendar-day-2026-05-03\"\n\tclass=\"tribe-events-calendar-month__day-cell tribe-events-calendar-month__day-cell--desktop tribe-common-a11y-hidden\"\n>\n\t\n<h3 class=\"tribe-events-calendar-month__day-date tribe-common-h4\">\n\t<span class=\"tribe-common-a11y-visual-hide\">\n\t\t2 \u00e9v\u00e8nements,\n\t<\/span>\n\t<time\n\t\tclass=\"tribe-events-calendar-month__day-date-daynum\"\n\t\tdatetime=\"2026-05-03\"\n\t>\n\t\t\t\t\t<a\n\t\t\t\thref=\"https:\/\/www.cgfmanet.org\/fr\/\u00e9v\u00e9nements\/2026-05-03\/?shortcode=tribe-widget-events-month-16\"\n\t\t\t\tclass=\"tribe-events-calendar-month__day-date-link\"\n\t\t\t\tdata-js=\"tribe-events-view-link\"\n\t\t\t\taria-label=\"3 mai\"\n\t\t\t>\n\t\t\t\t3\t\t\t<\/a>\n\t\t\t<\/time>\n<\/h3>\n\n\t<div class=\"tribe-events-calendar-month__events\">\n\t\t\n\t<div class=\"tribe-events-calendar-month__multiday-event-wrapper\">\n\t<article  class=\"tribe-events-calendar-month__multiday-event post-155331 tribe_events type-tribe_events status-publish tribe_events_cat-programme tribe_events_cat-conseillere-pour-la-formation cat_programme cat_conseillere-pour-la-formation\"  data-event-id=\"155331\">\n\t\t<div class=\"tribe-events-calendar-month__multiday-event-hidden\">\n\t<time\n\tdatetime=\"2026-04-17\"\n\tclass=\"tribe-common-a11y-visual-hide\"\n>\n\t2026-04-17<\/time>\n\t<a\n\thref=\"https:\/\/www.cgfmanet.org\/fr\/event\/suor-nilza-fatima-de-moraes-accompagna-le-partecipanti-del-progetto-mornese-in-lingua-inglese-insieme-alla-coordinatrice-suor-jeanette-palasota\/\"\n\tclass=\"tribe-events-calendar-month__multiday-event-hidden-link\"\n\tdata-js=\"tribe-events-tooltip\"\n\tdata-tooltip-content=\"#tribe-events-tooltip-content-155331\"\n\taria-describedby=\"tribe-events-tooltip-content-155331\"\n>\n\t\t<div class=\"tribe-events-calendar-month__multiday-event-hidden-title tribe-common-h8\">\n\tSuor Nilza F\u00e1tima de Moraes accompagna le partecipanti del Progetto Mornese in lingua inglese insieme alla coordinatrice, suor Jeanette Palasota.<\/div>\n<\/a>\n<\/div>\n\t\t\t<\/article>\n<\/div>\n\n\t<div class=\"tribe-events-calendar-month__multiday-event-wrapper\">\n\t<article  class=\"tribe-events-calendar-month__multiday-event post-151098 tribe_events type-tribe_events status-publish tribe_events_cat-conseillere-pour-la-famille-salesienne tribe_events_cat-programme cat_conseillere-pour-la-famille-salesienne cat_programme tribe-events-calendar-month__multiday-event--width-1 tribe-events-calendar-month__multiday-event--display tribe-events-calendar-month__multiday-event--start tribe-events-calendar-month__multiday-event--end\"  data-event-id=\"151098\">\n\t\t<div class=\"tribe-events-calendar-month__multiday-event-hidden\">\n\t<time\n\tdatetime=\"2026-05-03\"\n\tclass=\"tribe-common-a11y-visual-hide\"\n>\n\t2026-05-03<\/time>\n\t<a\n\thref=\"https:\/\/www.cgfmanet.org\/fr\/event\/suor-leslie-sandigo-e-le-collaboratrici-dellambito-incontrano-online-le-delegate-e-animatrici-delle-associazioni-exallieve-i-delle-fma-salesiani-cooperatori-e-adma\/\"\n\tclass=\"tribe-events-calendar-month__multiday-event-hidden-link\"\n\tdata-js=\"tribe-events-tooltip\"\n\tdata-tooltip-content=\"#tribe-events-tooltip-content-151098\"\n\taria-describedby=\"tribe-events-tooltip-content-151098\"\n>\n\t\t<div class=\"tribe-events-calendar-month__multiday-event-hidden-title tribe-common-h8\">\n\tSuor Leslie S\u00e1ndigo e le collaboratrici dell\u2019Ambito incontrano online le Delegate e animatrici delle Associazioni: Exallieve\/i delle FMA, Salesiani Cooperatori e ADMA.<\/div>\n<\/a>\n<\/div>\n\t\t<div class=\"tribe-events-calendar-month__multiday-event-bar\">\n\t<div class=\"tribe-events-calendar-month__multiday-event-bar-inner\">\n\t\t\t\t<div class=\"tribe-events-calendar-month__multiday-event-bar-title tribe-common-h8\">\n\tSuor Leslie S\u00e1ndigo e le collaboratrici dell\u2019Ambito incontrano online le Delegate e animatrici delle Associazioni: Exallieve\/i delle FMA, Salesiani Cooperatori e ADMA.<\/div>\n\t<\/div>\n<\/div>\n<div class=\"tribe-events-calendar-month__calendar-event-tooltip-template tribe-common-a11y-hidden\">\n\t<div\n\t\tclass=\"tribe-events-calendar-month__calendar-event-tooltip\"\n\t\tid=\"tribe-events-tooltip-content-151098\"\n\t\trole=\"tooltip\"\n\t>\n\t\t\t\t<div class=\"tribe-events-calendar-month__calendar-event-tooltip-datetime\">\n\t\t<time datetime=\"2026-05-03\">\n\t\t<span class=\"tribe-event-date-start\">3 mai<\/span>\t<\/time>\n\t<\/div>\n\t\t<div class=\"tribe-events-calendar-month__calendar-event-tooltip-title tribe-common-h7\">\n\t<a\n\t\thref=\"https:\/\/www.cgfmanet.org\/fr\/event\/suor-leslie-sandigo-e-le-collaboratrici-dellambito-incontrano-online-le-delegate-e-animatrici-delle-associazioni-exallieve-i-delle-fma-salesiani-cooperatori-e-adma\/\"\n\t\ttitle=\"Suor Leslie S\u00e1ndigo e le collaboratrici dell\u2019Ambito incontrano online le Delegate e animatrici delle Associazioni: Exallieve\/i delle FMA, Salesiani Cooperatori e ADMA.\"\n\t\trel=\"bookmark\"\n\t\tclass=\"tribe-events-calendar-month__calendar-event-tooltip-title-link tribe-common-anchor-thin\"\n\t>\n\t\tSuor Leslie S\u00e1ndigo e le collaboratrici dell\u2019Ambito incontrano online le Delegate e animatrici delle Associazioni: Exallieve\/i delle FMA, Salesiani Cooperatori e ADMA.\t<\/a>\n<\/div>\n\t\t\t\t\t<\/div>\n<\/div>\n\t<\/article>\n<\/div>\n\n\n\t\t\t<\/div>\n\n\t\n<\/div>\n<\/td>\n\n\t\t\t\t\t<\/tr>\n\t\t\t<tr class=\"tribe-events-calendar-month__week\" data-js=\"tribe-events-month-grid-row\">\n\t\t\t\n\t\t\t\t<td\n\t class=\"tribe-events-calendar-month__day\" \taria-labelledby=\"tribe-events-calendar-day-2026-05-04\"\n\tdata-js=\"tribe-events-month-grid-cell\"\n>\n\t<button\n\taria-expanded=\"false\"\n\taria-controls=\"tribe-events-calendar-mobile-day-2026-05-4\"\n\taria-label=\"mai 4, 4 \u00e9v\u00e8nements, upcoming day\"\n\t class=\"tribe-events-calendar-month__day-cell tribe-events-calendar-month__day-cell--mobile\" \tdata-js=\"tribe-events-calendar-month-day-cell-mobile\"\n>\n\t<h3 class=\"tribe-events-calendar-month__day-date tribe-common-h6 tribe-common-h--alt\">\n\t\t<span class=\"tribe-common-a11y-visual-hide\">\n\t\t\t4 \u00e9v\u00e8nements\t\t<\/span>\n\t\t<time\n\t\t\tclass=\"tribe-events-calendar-month__day-date-daynum\"\n\t\t\tdatetime=\"2026-05-04\"\n\t\t>\n\t\t\t4\t\t<\/time>\n\t<\/h3>\n\t\n\t<span class=\"tribe-events-calendar-month__mobile-events-icon tribe-events-calendar-month__mobile-events-icon--event\" >\n\t<\/span>\n<\/button>\n\t\n<div\n\tid=\"tribe-events-calendar-day-2026-05-04\"\n\tclass=\"tribe-events-calendar-month__day-cell tribe-events-calendar-month__day-cell--desktop tribe-common-a11y-hidden\"\n>\n\t\n<h3 class=\"tribe-events-calendar-month__day-date tribe-common-h4\">\n\t<span class=\"tribe-common-a11y-visual-hide\">\n\t\t4 \u00e9v\u00e8nements,\n\t<\/span>\n\t<time\n\t\tclass=\"tribe-events-calendar-month__day-date-daynum\"\n\t\tdatetime=\"2026-05-04\"\n\t>\n\t\t\t\t\t<a\n\t\t\t\thref=\"https:\/\/www.cgfmanet.org\/fr\/\u00e9v\u00e9nements\/2026-05-04\/?shortcode=tribe-widget-events-month-16\"\n\t\t\t\tclass=\"tribe-events-calendar-month__day-date-link\"\n\t\t\t\tdata-js=\"tribe-events-view-link\"\n\t\t\t\taria-label=\"4 mai\"\n\t\t\t>\n\t\t\t\t4\t\t\t<\/a>\n\t\t\t<\/time>\n<\/h3>\n\n\t<div class=\"tribe-events-calendar-month__events\">\n\t\t\n\t<div class=\"tribe-events-calendar-month__multiday-event-wrapper\">\n\t<article  class=\"tribe-events-calendar-month__multiday-event post-150693 tribe_events type-tribe_events status-publish tribe_events_cat-programme tribe_events_cat-vicaire-generale cat_programme cat_vicaire-generale tribe-events-calendar-month__multiday-event--width-1 tribe-events-calendar-month__multiday-event--display tribe-events-calendar-month__multiday-event--start tribe-events-calendar-month__multiday-event--end\"  data-event-id=\"150693\">\n\t\t<div class=\"tribe-events-calendar-month__multiday-event-hidden\">\n\t<time\n\tdatetime=\"2026-05-04\"\n\tclass=\"tribe-common-a11y-visual-hide\"\n>\n\t2026-05-04<\/time>\n\t<a\n\thref=\"https:\/\/www.cgfmanet.org\/fr\/event\/suor-maria-del-rosario-garcia-ribas-termina-la-visita-canonica-allispettoria-san-giuseppe-ant-delle-antille\/\"\n\tclass=\"tribe-events-calendar-month__multiday-event-hidden-link\"\n\tdata-js=\"tribe-events-tooltip\"\n\tdata-tooltip-content=\"#tribe-events-tooltip-content-150693\"\n\taria-describedby=\"tribe-events-tooltip-content-150693\"\n>\n\t\t<div class=\"tribe-events-calendar-month__multiday-event-hidden-title tribe-common-h8\">\n\tSuor Mar\u00eda del Rosario Garc\u00eda Ribas termina la Visita canonica all\u2019Ispettoria \u201cSan Giuseppe\u00a0\u00bb (ANT) delle Antille.<\/div>\n<\/a>\n<\/div>\n\t\t<div class=\"tribe-events-calendar-month__multiday-event-bar\">\n\t<div class=\"tribe-events-calendar-month__multiday-event-bar-inner\">\n\t\t\t\t<div class=\"tribe-events-calendar-month__multiday-event-bar-title tribe-common-h8\">\n\tSuor Mar\u00eda del Rosario Garc\u00eda Ribas termina la Visita canonica all\u2019Ispettoria \u201cSan Giuseppe\u00a0\u00bb (ANT) delle Antille.<\/div>\n\t<\/div>\n<\/div>\n<div class=\"tribe-events-calendar-month__calendar-event-tooltip-template tribe-common-a11y-hidden\">\n\t<div\n\t\tclass=\"tribe-events-calendar-month__calendar-event-tooltip\"\n\t\tid=\"tribe-events-tooltip-content-150693\"\n\t\trole=\"tooltip\"\n\t>\n\t\t\t\t<div class=\"tribe-events-calendar-month__calendar-event-tooltip-datetime\">\n\t\t<time datetime=\"2026-05-04\">\n\t\t<span class=\"tribe-event-date-start\">4 mai<\/span>\t<\/time>\n\t<\/div>\n\t\t<div class=\"tribe-events-calendar-month__calendar-event-tooltip-title tribe-common-h7\">\n\t<a\n\t\thref=\"https:\/\/www.cgfmanet.org\/fr\/event\/suor-maria-del-rosario-garcia-ribas-termina-la-visita-canonica-allispettoria-san-giuseppe-ant-delle-antille\/\"\n\t\ttitle=\"Suor Mar\u00eda del Rosario Garc\u00eda Ribas termina la Visita canonica all\u2019Ispettoria \u201cSan Giuseppe\u00a0\u00bb (ANT) delle Antille.\"\n\t\trel=\"bookmark\"\n\t\tclass=\"tribe-events-calendar-month__calendar-event-tooltip-title-link tribe-common-anchor-thin\"\n\t>\n\t\tSuor Mar\u00eda del Rosario Garc\u00eda Ribas termina la Visita canonica all\u2019Ispettoria \u201cSan Giuseppe\u00a0\u00bb (ANT) delle Antille.\t<\/a>\n<\/div>\n\t\t\t\t\t<\/div>\n<\/div>\n\t<\/article>\n<\/div>\n\n\t<div class=\"tribe-events-calendar-month__multiday-event-wrapper\">\n\t<article  class=\"tribe-events-calendar-month__multiday-event post-150889 tribe_events type-tribe_events status-publish tribe_events_cat-conseillere-pour-les-missions tribe_events_cat-programme cat_conseillere-pour-les-missions cat_programme tribe-events-calendar-month__multiday-event--width-1 tribe-events-calendar-month__multiday-event--display tribe-events-calendar-month__multiday-event--start tribe-events-calendar-month__multiday-event--end\"  data-event-id=\"150889\">\n\t\t<div class=\"tribe-events-calendar-month__multiday-event-hidden\">\n\t<time\n\tdatetime=\"2026-05-04\"\n\tclass=\"tribe-common-a11y-visual-hide\"\n>\n\t2026-05-04<\/time>\n\t<a\n\thref=\"https:\/\/www.cgfmanet.org\/fr\/event\/inizio-del-corso-di-formazione-permanente-missionaria-a-roma-casa-generalizia-2\/\"\n\tclass=\"tribe-events-calendar-month__multiday-event-hidden-link\"\n\tdata-js=\"tribe-events-tooltip\"\n\tdata-tooltip-content=\"#tribe-events-tooltip-content-150889\"\n\taria-describedby=\"tribe-events-tooltip-content-150889\"\n>\n\t\t<div class=\"tribe-events-calendar-month__multiday-event-hidden-title tribe-common-h8\">\n\tInizio del Corso di Formazione Permanente Missionaria a Roma, Casa Generalizia.<\/div>\n<\/a>\n<\/div>\n\t\t<div class=\"tribe-events-calendar-month__multiday-event-bar\">\n\t<div class=\"tribe-events-calendar-month__multiday-event-bar-inner\">\n\t\t\t\t<div class=\"tribe-events-calendar-month__multiday-event-bar-title tribe-common-h8\">\n\tInizio del Corso di Formazione Permanente Missionaria a Roma, Casa Generalizia.<\/div>\n\t<\/div>\n<\/div>\n<div class=\"tribe-events-calendar-month__calendar-event-tooltip-template tribe-common-a11y-hidden\">\n\t<div\n\t\tclass=\"tribe-events-calendar-month__calendar-event-tooltip\"\n\t\tid=\"tribe-events-tooltip-content-150889\"\n\t\trole=\"tooltip\"\n\t>\n\t\t\t\t<div class=\"tribe-events-calendar-month__calendar-event-tooltip-datetime\">\n\t\t<time datetime=\"2026-05-04\">\n\t\t<span class=\"tribe-event-date-start\">4 mai<\/span>\t<\/time>\n\t<\/div>\n\t\t<div class=\"tribe-events-calendar-month__calendar-event-tooltip-title tribe-common-h7\">\n\t<a\n\t\thref=\"https:\/\/www.cgfmanet.org\/fr\/event\/inizio-del-corso-di-formazione-permanente-missionaria-a-roma-casa-generalizia-2\/\"\n\t\ttitle=\"Inizio del Corso di Formazione Permanente Missionaria a Roma, Casa Generalizia.\"\n\t\trel=\"bookmark\"\n\t\tclass=\"tribe-events-calendar-month__calendar-event-tooltip-title-link tribe-common-anchor-thin\"\n\t>\n\t\tInizio del Corso di Formazione Permanente Missionaria a Roma, Casa Generalizia.\t<\/a>\n<\/div>\n\t\t\t\t\t<\/div>\n<\/div>\n\t<\/article>\n<\/div>\n\n\t<div class=\"tribe-events-calendar-month__multiday-event-wrapper\">\n\t<article  class=\"tribe-events-calendar-month__multiday-event post-155254 tribe_events type-tribe_events status-publish tribe_events_cat-programme tribe_events_cat-mere-generale cat_programme cat_mere-generale tribe-events-calendar-month__multiday-event--width-1 tribe-events-calendar-month__multiday-event--display tribe-events-calendar-month__multiday-event--start tribe-events-calendar-month__multiday-event--end\"  data-event-id=\"155254\">\n\t\t<div class=\"tribe-events-calendar-month__multiday-event-hidden\">\n\t<time\n\tdatetime=\"2026-05-04\"\n\tclass=\"tribe-common-a11y-visual-hide\"\n>\n\t2026-05-04<\/time>\n\t<a\n\thref=\"https:\/\/www.cgfmanet.org\/fr\/event\/la-madre-da-la-buonanotte-al-gruppo-del-progetto-mornese-di-lingua-inglese-a-roma-presso-la-casa-fma-sacro-cuore-iro\/\"\n\tclass=\"tribe-events-calendar-month__multiday-event-hidden-link\"\n\tdata-js=\"tribe-events-tooltip\"\n\tdata-tooltip-content=\"#tribe-events-tooltip-content-155254\"\n\taria-describedby=\"tribe-events-tooltip-content-155254\"\n>\n\t\t<div class=\"tribe-events-calendar-month__multiday-event-hidden-title tribe-common-h8\">\n\tLa Madre d\u00e0 la Buonanotte al gruppo del \u201cProgetto Mornese\u201d di lingua inglese. A Roma presso la Casa FMA \u201cSacro Cuore\u201d (IRO).<\/div>\n<\/a>\n<\/div>\n\t\t<div class=\"tribe-events-calendar-month__multiday-event-bar\">\n\t<div class=\"tribe-events-calendar-month__multiday-event-bar-inner\">\n\t\t\t\t<div class=\"tribe-events-calendar-month__multiday-event-bar-title tribe-common-h8\">\n\tLa Madre d\u00e0 la Buonanotte al gruppo del \u201cProgetto Mornese\u201d di lingua inglese. A Roma presso la Casa FMA \u201cSacro Cuore\u201d (IRO).<\/div>\n\t<\/div>\n<\/div>\n<div class=\"tribe-events-calendar-month__calendar-event-tooltip-template tribe-common-a11y-hidden\">\n\t<div\n\t\tclass=\"tribe-events-calendar-month__calendar-event-tooltip\"\n\t\tid=\"tribe-events-tooltip-content-155254\"\n\t\trole=\"tooltip\"\n\t>\n\t\t\t\t<div class=\"tribe-events-calendar-month__calendar-event-tooltip-datetime\">\n\t\t<time datetime=\"2026-05-04\">\n\t\t<span class=\"tribe-event-date-start\">4 mai<\/span>\t<\/time>\n\t<\/div>\n\t\t<div class=\"tribe-events-calendar-month__calendar-event-tooltip-title tribe-common-h7\">\n\t<a\n\t\thref=\"https:\/\/www.cgfmanet.org\/fr\/event\/la-madre-da-la-buonanotte-al-gruppo-del-progetto-mornese-di-lingua-inglese-a-roma-presso-la-casa-fma-sacro-cuore-iro\/\"\n\t\ttitle=\"La Madre d\u00e0 la Buonanotte al gruppo del \u201cProgetto Mornese\u201d di lingua inglese. A Roma presso la Casa FMA \u201cSacro Cuore\u201d (IRO).\"\n\t\trel=\"bookmark\"\n\t\tclass=\"tribe-events-calendar-month__calendar-event-tooltip-title-link tribe-common-anchor-thin\"\n\t>\n\t\tLa Madre d\u00e0 la Buonanotte al gruppo del \u201cProgetto Mornese\u201d di lingua inglese. A Roma presso la Casa FMA \u201cSacro Cuore\u201d (IRO).\t<\/a>\n<\/div>\n\t\t\t\t\t<\/div>\n<\/div>\n\t<\/article>\n<\/div>\n\n\t<div class=\"tribe-events-calendar-month__multiday-event-wrapper\">\n\t<article  class=\"tribe-events-calendar-month__multiday-event post-151104 tribe_events type-tribe_events status-publish tribe_events_cat-programme tribe_events_cat-conseillere-pour-la-famille-salesienne cat_programme cat_conseillere-pour-la-famille-salesienne tribe-events-calendar-month__multiday-event--width-1 tribe-events-calendar-month__multiday-event--display tribe-events-calendar-month__multiday-event--start tribe-events-calendar-month__multiday-event--end\"  data-event-id=\"151104\">\n\t\t<div class=\"tribe-events-calendar-month__multiday-event-hidden\">\n\t<time\n\tdatetime=\"2026-05-04\"\n\tclass=\"tribe-common-a11y-visual-hide\"\n>\n\t2026-05-04<\/time>\n\t<a\n\thref=\"https:\/\/www.cgfmanet.org\/fr\/event\/suor-leslie-sandigo-termina-la-2a-parte-della-visita-canonica-allispettoria-laura-vicuna-arg-dellargentina\/\"\n\tclass=\"tribe-events-calendar-month__multiday-event-hidden-link\"\n\tdata-js=\"tribe-events-tooltip\"\n\tdata-tooltip-content=\"#tribe-events-tooltip-content-151104\"\n\taria-describedby=\"tribe-events-tooltip-content-151104\"\n>\n\t\t<div class=\"tribe-events-calendar-month__multiday-event-hidden-title tribe-common-h8\">\n\tSuor Leslie S\u00e1ndigo termina la 2a parte della visita canonica all\u2019Ispettoria \u201cLaura Vicu\u00f1a\u201d (ARG) dell\u2019Argentina.<\/div>\n<\/a>\n<\/div>\n\t\t<div class=\"tribe-events-calendar-month__multiday-event-bar\">\n\t<div class=\"tribe-events-calendar-month__multiday-event-bar-inner\">\n\t\t\t\t<div class=\"tribe-events-calendar-month__multiday-event-bar-title tribe-common-h8\">\n\tSuor Leslie S\u00e1ndigo termina la 2a parte della visita canonica all\u2019Ispettoria \u201cLaura Vicu\u00f1a\u201d (ARG) dell\u2019Argentina.<\/div>\n\t<\/div>\n<\/div>\n<div class=\"tribe-events-calendar-month__calendar-event-tooltip-template tribe-common-a11y-hidden\">\n\t<div\n\t\tclass=\"tribe-events-calendar-month__calendar-event-tooltip\"\n\t\tid=\"tribe-events-tooltip-content-151104\"\n\t\trole=\"tooltip\"\n\t>\n\t\t\t\t<div class=\"tribe-events-calendar-month__calendar-event-tooltip-datetime\">\n\t\t<time datetime=\"2026-05-04\">\n\t\t<span class=\"tribe-event-date-start\">4 mai<\/span>\t<\/time>\n\t<\/div>\n\t\t<div class=\"tribe-events-calendar-month__calendar-event-tooltip-title tribe-common-h7\">\n\t<a\n\t\thref=\"https:\/\/www.cgfmanet.org\/fr\/event\/suor-leslie-sandigo-termina-la-2a-parte-della-visita-canonica-allispettoria-laura-vicuna-arg-dellargentina\/\"\n\t\ttitle=\"Suor Leslie S\u00e1ndigo termina la 2a parte della visita canonica all\u2019Ispettoria \u201cLaura Vicu\u00f1a\u201d (ARG) dell\u2019Argentina.\"\n\t\trel=\"bookmark\"\n\t\tclass=\"tribe-events-calendar-month__calendar-event-tooltip-title-link tribe-common-anchor-thin\"\n\t>\n\t\tSuor Leslie S\u00e1ndigo termina la 2a parte della visita canonica all\u2019Ispettoria \u201cLaura Vicu\u00f1a\u201d (ARG) dell\u2019Argentina.\t<\/a>\n<\/div>\n\t\t\t\t\t<\/div>\n<\/div>\n\t<\/article>\n<\/div>\n\n\n\t\t\t<\/div>\n\n\t\n<\/div>\n<\/td>\n\n\t\t\t\n\t\t\t\t<td\n\t class=\"tribe-events-calendar-month__day\" \taria-labelledby=\"tribe-events-calendar-day-2026-05-05\"\n\tdata-js=\"tribe-events-month-grid-cell\"\n>\n\t<button\n\taria-expanded=\"false\"\n\taria-controls=\"tribe-events-calendar-mobile-day-2026-05-5\"\n\taria-label=\"mai 5, 1 \u00e9v\u00e8nement, upcoming day\"\n\t class=\"tribe-events-calendar-month__day-cell tribe-events-calendar-month__day-cell--mobile\" \tdata-js=\"tribe-events-calendar-month-day-cell-mobile\"\n>\n\t<h3 class=\"tribe-events-calendar-month__day-date tribe-common-h6 tribe-common-h--alt\">\n\t\t<span class=\"tribe-common-a11y-visual-hide\">\n\t\t\t1 \u00e9v\u00e8nement\t\t<\/span>\n\t\t<time\n\t\t\tclass=\"tribe-events-calendar-month__day-date-daynum\"\n\t\t\tdatetime=\"2026-05-05\"\n\t\t>\n\t\t\t5\t\t<\/time>\n\t<\/h3>\n\t\n\t<span class=\"tribe-events-calendar-month__mobile-events-icon tribe-events-calendar-month__mobile-events-icon--event\" >\n\t<\/span>\n<\/button>\n\t\n<div\n\tid=\"tribe-events-calendar-day-2026-05-05\"\n\tclass=\"tribe-events-calendar-month__day-cell tribe-events-calendar-month__day-cell--desktop tribe-common-a11y-hidden\"\n>\n\t\n<h3 class=\"tribe-events-calendar-month__day-date tribe-common-h4\">\n\t<span class=\"tribe-common-a11y-visual-hide\">\n\t\t1 \u00e9v\u00e8nement,\n\t<\/span>\n\t<time\n\t\tclass=\"tribe-events-calendar-month__day-date-daynum\"\n\t\tdatetime=\"2026-05-05\"\n\t>\n\t\t\t\t\t<a\n\t\t\t\thref=\"https:\/\/www.cgfmanet.org\/fr\/\u00e9v\u00e9nements\/2026-05-05\/?shortcode=tribe-widget-events-month-16\"\n\t\t\t\tclass=\"tribe-events-calendar-month__day-date-link\"\n\t\t\t\tdata-js=\"tribe-events-view-link\"\n\t\t\t\taria-label=\"5 mai\"\n\t\t\t>\n\t\t\t\t5\t\t\t<\/a>\n\t\t\t<\/time>\n<\/h3>\n\n\t<div class=\"tribe-events-calendar-month__events\">\n\t\t\n\t<div class=\"tribe-events-calendar-month__multiday-event-wrapper\">\n\t<article  class=\"tribe-events-calendar-month__multiday-event post-156538 tribe_events type-tribe_events status-publish tribe_events_cat-programme tribe_events_cat-mere-generale cat_programme cat_mere-generale tribe-events-calendar-month__multiday-event--width-1 tribe-events-calendar-month__multiday-event--display tribe-events-calendar-month__multiday-event--start tribe-events-calendar-month__multiday-event--end\"  data-event-id=\"156538\">\n\t\t<div class=\"tribe-events-calendar-month__multiday-event-hidden\">\n\t<time\n\tdatetime=\"2026-05-05\"\n\tclass=\"tribe-common-a11y-visual-hide\"\n>\n\t2026-05-05<\/time>\n\t<a\n\thref=\"https:\/\/www.cgfmanet.org\/fr\/event\/la-madre-incontra-il-consiglio-accademico-della-pontificia-facolta-di-scienze-delleducazione-auxilium-anche-con-la-presenza-della-superiora-di-visitatoria-rmc-suor-jessic\/\"\n\tclass=\"tribe-events-calendar-month__multiday-event-hidden-link\"\n\tdata-js=\"tribe-events-tooltip\"\n\tdata-tooltip-content=\"#tribe-events-tooltip-content-156538\"\n\taria-describedby=\"tribe-events-tooltip-content-156538\"\n>\n\t\t<div class=\"tribe-events-calendar-month__multiday-event-hidden-title tribe-common-h8\">\n\tLa Madre incontra il Consiglio Accademico della Pontificia Facolt\u00e0 di Scienze dell\u2019Educazione \u201cAuxilium\u201d anche con la presenza della Superiora di Visitatoria (RMC), suor Jessica Salva\u00f1a Togonon. A Roma in Casa generalizia.<\/div>\n<\/a>\n<\/div>\n\t\t<div class=\"tribe-events-calendar-month__multiday-event-bar\">\n\t<div class=\"tribe-events-calendar-month__multiday-event-bar-inner\">\n\t\t\t\t<div class=\"tribe-events-calendar-month__multiday-event-bar-title tribe-common-h8\">\n\tLa Madre incontra il Consiglio Accademico della Pontificia Facolt\u00e0 di Scienze dell\u2019Educazione \u201cAuxilium\u201d anche con la presenza della Superiora di Visitatoria (RMC), suor Jessica Salva\u00f1a Togonon. A Roma in Casa generalizia.<\/div>\n\t<\/div>\n<\/div>\n<div class=\"tribe-events-calendar-month__calendar-event-tooltip-template tribe-common-a11y-hidden\">\n\t<div\n\t\tclass=\"tribe-events-calendar-month__calendar-event-tooltip\"\n\t\tid=\"tribe-events-tooltip-content-156538\"\n\t\trole=\"tooltip\"\n\t>\n\t\t\t\t<div class=\"tribe-events-calendar-month__calendar-event-tooltip-datetime\">\n\t\t<time datetime=\"2026-05-05\">\n\t\t<span class=\"tribe-event-date-start\">5 mai<\/span>\t<\/time>\n\t<\/div>\n\t\t<div class=\"tribe-events-calendar-month__calendar-event-tooltip-title tribe-common-h7\">\n\t<a\n\t\thref=\"https:\/\/www.cgfmanet.org\/fr\/event\/la-madre-incontra-il-consiglio-accademico-della-pontificia-facolta-di-scienze-delleducazione-auxilium-anche-con-la-presenza-della-superiora-di-visitatoria-rmc-suor-jessic\/\"\n\t\ttitle=\"La Madre incontra il Consiglio Accademico della Pontificia Facolt\u00e0 di Scienze dell\u2019Educazione \u201cAuxilium\u201d anche con la presenza della Superiora di Visitatoria (RMC), suor Jessica Salva\u00f1a Togonon. A Roma in Casa generalizia.\"\n\t\trel=\"bookmark\"\n\t\tclass=\"tribe-events-calendar-month__calendar-event-tooltip-title-link tribe-common-anchor-thin\"\n\t>\n\t\tLa Madre incontra il Consiglio Accademico della Pontificia Facolt\u00e0 di Scienze dell\u2019Educazione \u201cAuxilium\u201d anche con la presenza della Superiora di Visitatoria (RMC), suor Jessica Salva\u00f1a Togonon. A Roma in Casa generalizia.\t<\/a>\n<\/div>\n\t\t\t\t\t<\/div>\n<\/div>\n\t<\/article>\n<\/div>\n\n\n\t\t\t<\/div>\n\n\t\n<\/div>\n<\/td>\n\n\t\t\t\n\t\t\t\t<td\n\t class=\"tribe-events-calendar-month__day\" \taria-labelledby=\"tribe-events-calendar-day-2026-05-06\"\n\tdata-js=\"tribe-events-month-grid-cell\"\n>\n\t<button\n\taria-expanded=\"false\"\n\taria-controls=\"tribe-events-calendar-mobile-day-2026-05-6\"\n\taria-label=\"mai 6, 1 \u00e9v\u00e8nement, upcoming day\"\n\t class=\"tribe-events-calendar-month__day-cell tribe-events-calendar-month__day-cell--mobile\" \tdata-js=\"tribe-events-calendar-month-day-cell-mobile\"\n>\n\t<h3 class=\"tribe-events-calendar-month__day-date tribe-common-h6 tribe-common-h--alt\">\n\t\t<span class=\"tribe-common-a11y-visual-hide\">\n\t\t\t1 \u00e9v\u00e8nement\t\t<\/span>\n\t\t<time\n\t\t\tclass=\"tribe-events-calendar-month__day-date-daynum\"\n\t\t\tdatetime=\"2026-05-06\"\n\t\t>\n\t\t\t6\t\t<\/time>\n\t<\/h3>\n\t\n\t<span class=\"tribe-events-calendar-month__mobile-events-icon tribe-events-calendar-month__mobile-events-icon--event\" >\n\t<\/span>\n<\/button>\n\t\n<div\n\tid=\"tribe-events-calendar-day-2026-05-06\"\n\tclass=\"tribe-events-calendar-month__day-cell tribe-events-calendar-month__day-cell--desktop tribe-common-a11y-hidden\"\n>\n\t\n<h3 class=\"tribe-events-calendar-month__day-date tribe-common-h4\">\n\t<span class=\"tribe-common-a11y-visual-hide\">\n\t\t1 \u00e9v\u00e8nement,\n\t<\/span>\n\t<time\n\t\tclass=\"tribe-events-calendar-month__day-date-daynum\"\n\t\tdatetime=\"2026-05-06\"\n\t>\n\t\t\t\t\t<a\n\t\t\t\thref=\"https:\/\/www.cgfmanet.org\/fr\/\u00e9v\u00e9nements\/2026-05-06\/?shortcode=tribe-widget-events-month-16\"\n\t\t\t\tclass=\"tribe-events-calendar-month__day-date-link\"\n\t\t\t\tdata-js=\"tribe-events-view-link\"\n\t\t\t\taria-label=\"6 mai\"\n\t\t\t>\n\t\t\t\t6\t\t\t<\/a>\n\t\t\t<\/time>\n<\/h3>\n\n\t<div class=\"tribe-events-calendar-month__events\">\n\t\t\n\t<div class=\"tribe-events-calendar-month__multiday-event-wrapper\">\n\t<article  class=\"tribe-events-calendar-month__multiday-event post-155270 tribe_events type-tribe_events status-publish tribe_events_cat-programme tribe_events_cat-mere-generale cat_programme cat_mere-generale tribe-events-calendar-month__multiday-event--width-1 tribe-events-calendar-month__multiday-event--display tribe-events-calendar-month__multiday-event--start tribe-events-calendar-month__multiday-event--end\"  data-event-id=\"155270\">\n\t\t<div class=\"tribe-events-calendar-month__multiday-event-hidden\">\n\t<time\n\tdatetime=\"2026-05-06\"\n\tclass=\"tribe-common-a11y-visual-hide\"\n>\n\t2026-05-06<\/time>\n\t<a\n\thref=\"https:\/\/www.cgfmanet.org\/fr\/event\/la-madre-incontra-le-fma-partecipanti-al-corso-di-formazione-permanente-missionaria-a-roma-casa-generalizia\/\"\n\tclass=\"tribe-events-calendar-month__multiday-event-hidden-link\"\n\tdata-js=\"tribe-events-tooltip\"\n\tdata-tooltip-content=\"#tribe-events-tooltip-content-155270\"\n\taria-describedby=\"tribe-events-tooltip-content-155270\"\n>\n\t\t<div class=\"tribe-events-calendar-month__multiday-event-hidden-title tribe-common-h8\">\n\tLa Madre incontra le FMA partecipanti al Corso di Formazione Permanente Missionaria. A Roma, Casa generalizia.<\/div>\n<\/a>\n<\/div>\n\t\t<div class=\"tribe-events-calendar-month__multiday-event-bar\">\n\t<div class=\"tribe-events-calendar-month__multiday-event-bar-inner\">\n\t\t\t\t<div class=\"tribe-events-calendar-month__multiday-event-bar-title tribe-common-h8\">\n\tLa Madre incontra le FMA partecipanti al Corso di Formazione Permanente Missionaria. A Roma, Casa generalizia.<\/div>\n\t<\/div>\n<\/div>\n<div class=\"tribe-events-calendar-month__calendar-event-tooltip-template tribe-common-a11y-hidden\">\n\t<div\n\t\tclass=\"tribe-events-calendar-month__calendar-event-tooltip\"\n\t\tid=\"tribe-events-tooltip-content-155270\"\n\t\trole=\"tooltip\"\n\t>\n\t\t\t\t<div class=\"tribe-events-calendar-month__calendar-event-tooltip-datetime\">\n\t\t<time datetime=\"2026-05-06\">\n\t\t<span class=\"tribe-event-date-start\">6 mai<\/span>\t<\/time>\n\t<\/div>\n\t\t<div class=\"tribe-events-calendar-month__calendar-event-tooltip-title tribe-common-h7\">\n\t<a\n\t\thref=\"https:\/\/www.cgfmanet.org\/fr\/event\/la-madre-incontra-le-fma-partecipanti-al-corso-di-formazione-permanente-missionaria-a-roma-casa-generalizia\/\"\n\t\ttitle=\"La Madre incontra le FMA partecipanti al Corso di Formazione Permanente Missionaria. A Roma, Casa generalizia.\"\n\t\trel=\"bookmark\"\n\t\tclass=\"tribe-events-calendar-month__calendar-event-tooltip-title-link tribe-common-anchor-thin\"\n\t>\n\t\tLa Madre incontra le FMA partecipanti al Corso di Formazione Permanente Missionaria. A Roma, Casa generalizia.\t<\/a>\n<\/div>\n\t\t\t\t\t<\/div>\n<\/div>\n\t<\/article>\n<\/div>\n\n\n\t\t\t<\/div>\n\n\t\n<\/div>\n<\/td>\n\n\t\t\t\n\t\t\t\t<td\n\t class=\"tribe-events-calendar-month__day\" \taria-labelledby=\"tribe-events-calendar-day-2026-05-07\"\n\tdata-js=\"tribe-events-month-grid-cell\"\n>\n\t<button\n\taria-expanded=\"false\"\n\taria-controls=\"tribe-events-calendar-mobile-day-2026-05-7\"\n\taria-label=\"mai 7, 2 \u00e9v\u00e8nements, upcoming day\"\n\t class=\"tribe-events-calendar-month__day-cell tribe-events-calendar-month__day-cell--mobile\" \tdata-js=\"tribe-events-calendar-month-day-cell-mobile\"\n>\n\t<h3 class=\"tribe-events-calendar-month__day-date tribe-common-h6 tribe-common-h--alt\">\n\t\t<span class=\"tribe-common-a11y-visual-hide\">\n\t\t\t2 \u00e9v\u00e8nements\t\t<\/span>\n\t\t<time\n\t\t\tclass=\"tribe-events-calendar-month__day-date-daynum\"\n\t\t\tdatetime=\"2026-05-07\"\n\t\t>\n\t\t\t7\t\t<\/time>\n\t<\/h3>\n\t\n\t<span class=\"tribe-events-calendar-month__mobile-events-icon tribe-events-calendar-month__mobile-events-icon--event\" >\n\t<\/span>\n<\/button>\n\t\n<div\n\tid=\"tribe-events-calendar-day-2026-05-07\"\n\tclass=\"tribe-events-calendar-month__day-cell tribe-events-calendar-month__day-cell--desktop tribe-common-a11y-hidden\"\n>\n\t\n<h3 class=\"tribe-events-calendar-month__day-date tribe-common-h4\">\n\t<span class=\"tribe-common-a11y-visual-hide\">\n\t\t2 \u00e9v\u00e8nements,\n\t<\/span>\n\t<time\n\t\tclass=\"tribe-events-calendar-month__day-date-daynum\"\n\t\tdatetime=\"2026-05-07\"\n\t>\n\t\t\t\t\t<a\n\t\t\t\thref=\"https:\/\/www.cgfmanet.org\/fr\/\u00e9v\u00e9nements\/2026-05-07\/?shortcode=tribe-widget-events-month-16\"\n\t\t\t\tclass=\"tribe-events-calendar-month__day-date-link\"\n\t\t\t\tdata-js=\"tribe-events-view-link\"\n\t\t\t\taria-label=\"7 mai\"\n\t\t\t>\n\t\t\t\t7\t\t\t<\/a>\n\t\t\t<\/time>\n<\/h3>\n\n\t<div class=\"tribe-events-calendar-month__events\">\n\t\t\n\t<div class=\"tribe-events-calendar-month__multiday-event-wrapper\">\n\t<article  class=\"tribe-events-calendar-month__multiday-event post-155260 tribe_events type-tribe_events status-publish tribe_events_cat-programme tribe_events_cat-mere-generale cat_programme cat_mere-generale tribe-events-calendar-month__multiday-event--width-4 tribe-events-calendar-month__multiday-event--display tribe-events-calendar-month__multiday-event--start tribe-events-calendar-month__multiday-event--end\"  data-event-id=\"155260\">\n\t\t<div class=\"tribe-events-calendar-month__multiday-event-hidden\">\n\t<time\n\tdatetime=\"2026-05-07\"\n\tclass=\"tribe-common-a11y-visual-hide\"\n>\n\t2026-05-07<\/time>\n\t<a\n\thref=\"https:\/\/www.cgfmanet.org\/fr\/event\/la-madre-partecipa-e-interviene-al-vi-congresso-mondiale-dei-salesiani-cooperatori-a-roma-presso-la-fraterna-domus-tema-essere-lievito-per-essere-fecondi\/\"\n\tclass=\"tribe-events-calendar-month__multiday-event-hidden-link\"\n\tdata-js=\"tribe-events-tooltip\"\n\tdata-tooltip-content=\"#tribe-events-tooltip-content-155260\"\n\taria-describedby=\"tribe-events-tooltip-content-155260\"\n>\n\t\t<div class=\"tribe-events-calendar-month__multiday-event-hidden-title tribe-common-h8\">\n\tLa Madre partecipa e interviene al VI Congresso Mondiale dei Salesiani Cooperatori a Roma, presso la Fraterna Domus. Tema: \u201cEssere lievito per essere fecondi\u201d.<\/div>\n<\/a>\n<\/div>\n\t\t<div class=\"tribe-events-calendar-month__multiday-event-bar\">\n\t<div class=\"tribe-events-calendar-month__multiday-event-bar-inner\">\n\t\t\t\t<div class=\"tribe-events-calendar-month__multiday-event-bar-title tribe-common-h8\">\n\tLa Madre partecipa e interviene al VI Congresso Mondiale dei Salesiani Cooperatori a Roma, presso la Fraterna Domus. Tema: \u201cEssere lievito per essere fecondi\u201d.<\/div>\n\t<\/div>\n<\/div>\n<div class=\"tribe-events-calendar-month__calendar-event-tooltip-template tribe-common-a11y-hidden\">\n\t<div\n\t\tclass=\"tribe-events-calendar-month__calendar-event-tooltip\"\n\t\tid=\"tribe-events-tooltip-content-155260\"\n\t\trole=\"tooltip\"\n\t>\n\t\t\t\t<div class=\"tribe-events-calendar-month__calendar-event-tooltip-datetime\">\n\t\t<time datetime=\"2026-05-07\">\n\t\t<span class=\"tribe-event-date-start\">7 mai<\/span> - <span class=\"tribe-event-date-end\">10 mai<\/span>\t<\/time>\n\t<\/div>\n\t\t<div class=\"tribe-events-calendar-month__calendar-event-tooltip-title tribe-common-h7\">\n\t<a\n\t\thref=\"https:\/\/www.cgfmanet.org\/fr\/event\/la-madre-partecipa-e-interviene-al-vi-congresso-mondiale-dei-salesiani-cooperatori-a-roma-presso-la-fraterna-domus-tema-essere-lievito-per-essere-fecondi\/\"\n\t\ttitle=\"La Madre partecipa e interviene al VI Congresso Mondiale dei Salesiani Cooperatori a Roma, presso la Fraterna Domus. Tema: \u201cEssere lievito per essere fecondi\u201d.\"\n\t\trel=\"bookmark\"\n\t\tclass=\"tribe-events-calendar-month__calendar-event-tooltip-title-link tribe-common-anchor-thin\"\n\t>\n\t\tLa Madre partecipa e interviene al VI Congresso Mondiale dei Salesiani Cooperatori a Roma, presso la Fraterna Domus. Tema: \u201cEssere lievito per essere fecondi\u201d.\t<\/a>\n<\/div>\n\t\t\t\t\t<\/div>\n<\/div>\n\t<\/article>\n<\/div>\n\n\t<div class=\"tribe-events-calendar-month__multiday-event-wrapper\">\n\t<article  class=\"tribe-events-calendar-month__multiday-event post-151110 tribe_events type-tribe_events status-publish tribe_events_cat-programme tribe_events_cat-conseillere-pour-la-famille-salesienne cat_programme cat_conseillere-pour-la-famille-salesienne tribe-events-calendar-month__multiday-event--width-4 tribe-events-calendar-month__multiday-event--display tribe-events-calendar-month__multiday-event--start tribe-events-calendar-month__multiday-event--end\"  data-event-id=\"151110\">\n\t\t<div class=\"tribe-events-calendar-month__multiday-event-hidden\">\n\t<time\n\tdatetime=\"2026-05-07\"\n\tclass=\"tribe-common-a11y-visual-hide\"\n>\n\t2026-05-07<\/time>\n\t<a\n\thref=\"https:\/\/www.cgfmanet.org\/fr\/event\/suor-leslie-sandigo-partecipa-al-congresso-mondiale-dei-salesiani-cooperatori-a-roma-fraterna-domus\/\"\n\tclass=\"tribe-events-calendar-month__multiday-event-hidden-link\"\n\tdata-js=\"tribe-events-tooltip\"\n\tdata-tooltip-content=\"#tribe-events-tooltip-content-151110\"\n\taria-describedby=\"tribe-events-tooltip-content-151110\"\n>\n\t\t<div class=\"tribe-events-calendar-month__multiday-event-hidden-title tribe-common-h8\">\n\tSuor Leslie S\u00e1ndigo partecipa al Congresso Mondiale dei Salesiani Cooperatori a Roma, Fraterna Domus.<\/div>\n<\/a>\n<\/div>\n\t\t<div class=\"tribe-events-calendar-month__multiday-event-bar\">\n\t<div class=\"tribe-events-calendar-month__multiday-event-bar-inner\">\n\t\t\t\t<div class=\"tribe-events-calendar-month__multiday-event-bar-title tribe-common-h8\">\n\tSuor Leslie S\u00e1ndigo partecipa al Congresso Mondiale dei Salesiani Cooperatori a Roma, Fraterna Domus.<\/div>\n\t<\/div>\n<\/div>\n<div class=\"tribe-events-calendar-month__calendar-event-tooltip-template tribe-common-a11y-hidden\">\n\t<div\n\t\tclass=\"tribe-events-calendar-month__calendar-event-tooltip\"\n\t\tid=\"tribe-events-tooltip-content-151110\"\n\t\trole=\"tooltip\"\n\t>\n\t\t\t\t<div class=\"tribe-events-calendar-month__calendar-event-tooltip-datetime\">\n\t\t<time datetime=\"2026-05-07\">\n\t\t<span class=\"tribe-event-date-start\">7 mai<\/span> - <span class=\"tribe-event-date-end\">10 mai<\/span>\t<\/time>\n\t<\/div>\n\t\t<div class=\"tribe-events-calendar-month__calendar-event-tooltip-title tribe-common-h7\">\n\t<a\n\t\thref=\"https:\/\/www.cgfmanet.org\/fr\/event\/suor-leslie-sandigo-partecipa-al-congresso-mondiale-dei-salesiani-cooperatori-a-roma-fraterna-domus\/\"\n\t\ttitle=\"Suor Leslie S\u00e1ndigo partecipa al Congresso Mondiale dei Salesiani Cooperatori a Roma, Fraterna Domus.\"\n\t\trel=\"bookmark\"\n\t\tclass=\"tribe-events-calendar-month__calendar-event-tooltip-title-link tribe-common-anchor-thin\"\n\t>\n\t\tSuor Leslie S\u00e1ndigo partecipa al Congresso Mondiale dei Salesiani Cooperatori a Roma, Fraterna Domus.\t<\/a>\n<\/div>\n\t\t\t\t\t<\/div>\n<\/div>\n\t<\/article>\n<\/div>\n\n\n\t\t\t<\/div>\n\n\t\n<\/div>\n<\/td>\n\n\t\t\t\n\t\t\t\t<td\n\t class=\"tribe-events-calendar-month__day\" \taria-labelledby=\"tribe-events-calendar-day-2026-05-08\"\n\tdata-js=\"tribe-events-month-grid-cell\"\n>\n\t<button\n\taria-expanded=\"false\"\n\taria-controls=\"tribe-events-calendar-mobile-day-2026-05-8\"\n\taria-label=\"mai 8, 4 \u00e9v\u00e8nements, upcoming day\"\n\t class=\"tribe-events-calendar-month__day-cell tribe-events-calendar-month__day-cell--mobile\" \tdata-js=\"tribe-events-calendar-month-day-cell-mobile\"\n>\n\t<h3 class=\"tribe-events-calendar-month__day-date tribe-common-h6 tribe-common-h--alt\">\n\t\t<span class=\"tribe-common-a11y-visual-hide\">\n\t\t\t4 \u00e9v\u00e8nements\t\t<\/span>\n\t\t<time\n\t\t\tclass=\"tribe-events-calendar-month__day-date-daynum\"\n\t\t\tdatetime=\"2026-05-08\"\n\t\t>\n\t\t\t8\t\t<\/time>\n\t<\/h3>\n\t\n\t<span class=\"tribe-events-calendar-month__mobile-events-icon tribe-events-calendar-month__mobile-events-icon--event\" >\n\t<\/span>\n<\/button>\n\t\n<div\n\tid=\"tribe-events-calendar-day-2026-05-08\"\n\tclass=\"tribe-events-calendar-month__day-cell tribe-events-calendar-month__day-cell--desktop tribe-common-a11y-hidden\"\n>\n\t\n<h3 class=\"tribe-events-calendar-month__day-date tribe-common-h4\">\n\t<span class=\"tribe-common-a11y-visual-hide\">\n\t\t4 \u00e9v\u00e8nements,\n\t<\/span>\n\t<time\n\t\tclass=\"tribe-events-calendar-month__day-date-daynum\"\n\t\tdatetime=\"2026-05-08\"\n\t>\n\t\t\t\t\t<a\n\t\t\t\thref=\"https:\/\/www.cgfmanet.org\/fr\/\u00e9v\u00e9nements\/2026-05-08\/?shortcode=tribe-widget-events-month-16\"\n\t\t\t\tclass=\"tribe-events-calendar-month__day-date-link\"\n\t\t\t\tdata-js=\"tribe-events-view-link\"\n\t\t\t\taria-label=\"8 mai\"\n\t\t\t>\n\t\t\t\t8\t\t\t<\/a>\n\t\t\t<\/time>\n<\/h3>\n\n\t<div class=\"tribe-events-calendar-month__events\">\n\t\t\n\t<div class=\"tribe-events-calendar-month__multiday-event-wrapper\">\n\t<article  class=\"tribe-events-calendar-month__multiday-event post-155260 tribe_events type-tribe_events status-publish tribe_events_cat-programme tribe_events_cat-mere-generale cat_programme cat_mere-generale\"  data-event-id=\"155260\">\n\t\t<div class=\"tribe-events-calendar-month__multiday-event-hidden\">\n\t<time\n\tdatetime=\"2026-05-07\"\n\tclass=\"tribe-common-a11y-visual-hide\"\n>\n\t2026-05-07<\/time>\n\t<a\n\thref=\"https:\/\/www.cgfmanet.org\/fr\/event\/la-madre-partecipa-e-interviene-al-vi-congresso-mondiale-dei-salesiani-cooperatori-a-roma-presso-la-fraterna-domus-tema-essere-lievito-per-essere-fecondi\/\"\n\tclass=\"tribe-events-calendar-month__multiday-event-hidden-link\"\n\tdata-js=\"tribe-events-tooltip\"\n\tdata-tooltip-content=\"#tribe-events-tooltip-content-155260\"\n\taria-describedby=\"tribe-events-tooltip-content-155260\"\n>\n\t\t<div class=\"tribe-events-calendar-month__multiday-event-hidden-title tribe-common-h8\">\n\tLa Madre partecipa e interviene al VI Congresso Mondiale dei Salesiani Cooperatori a Roma, presso la Fraterna Domus. Tema: \u201cEssere lievito per essere fecondi\u201d.<\/div>\n<\/a>\n<\/div>\n\t\t\t<\/article>\n<\/div>\n\n\t<div class=\"tribe-events-calendar-month__multiday-event-wrapper\">\n\t<article  class=\"tribe-events-calendar-month__multiday-event post-151110 tribe_events type-tribe_events status-publish tribe_events_cat-programme tribe_events_cat-conseillere-pour-la-famille-salesienne cat_programme cat_conseillere-pour-la-famille-salesienne\"  data-event-id=\"151110\">\n\t\t<div class=\"tribe-events-calendar-month__multiday-event-hidden\">\n\t<time\n\tdatetime=\"2026-05-07\"\n\tclass=\"tribe-common-a11y-visual-hide\"\n>\n\t2026-05-07<\/time>\n\t<a\n\thref=\"https:\/\/www.cgfmanet.org\/fr\/event\/suor-leslie-sandigo-partecipa-al-congresso-mondiale-dei-salesiani-cooperatori-a-roma-fraterna-domus\/\"\n\tclass=\"tribe-events-calendar-month__multiday-event-hidden-link\"\n\tdata-js=\"tribe-events-tooltip\"\n\tdata-tooltip-content=\"#tribe-events-tooltip-content-151110\"\n\taria-describedby=\"tribe-events-tooltip-content-151110\"\n>\n\t\t<div class=\"tribe-events-calendar-month__multiday-event-hidden-title tribe-common-h8\">\n\tSuor Leslie S\u00e1ndigo partecipa al Congresso Mondiale dei Salesiani Cooperatori a Roma, Fraterna Domus.<\/div>\n<\/a>\n<\/div>\n\t\t\t<\/article>\n<\/div>\n\n\t<div class=\"tribe-events-calendar-month__multiday-event-wrapper\">\n\t<article  class=\"tribe-events-calendar-month__multiday-event post-155280 tribe_events type-tribe_events status-publish tribe_events_cat-programme tribe_events_cat-mere-generale cat_programme cat_mere-generale tribe-events-calendar-month__multiday-event--width-3 tribe-events-calendar-month__multiday-event--display tribe-events-calendar-month__multiday-event--start\"  data-event-id=\"155280\">\n\t\t<div class=\"tribe-events-calendar-month__multiday-event-hidden\">\n\t<time\n\tdatetime=\"2026-05-08\"\n\tclass=\"tribe-common-a11y-visual-hide\"\n>\n\t2026-05-08<\/time>\n\t<a\n\thref=\"https:\/\/www.cgfmanet.org\/fr\/event\/la-madre-partecipa-alle-celebrazione-del-centenario-della-presenza-delle-fma-dellispettoria-nostra-signora-dafrica-afc-a-lubumbashi-repubblica-democratica-del-c\/\"\n\tclass=\"tribe-events-calendar-month__multiday-event-hidden-link\"\n\tdata-js=\"tribe-events-tooltip\"\n\tdata-tooltip-content=\"#tribe-events-tooltip-content-155280\"\n\taria-describedby=\"tribe-events-tooltip-content-155280\"\n>\n\t\t<div class=\"tribe-events-calendar-month__multiday-event-hidden-title tribe-common-h8\">\n\tLa Madre partecipa alle Celebrazione del Centenario della presenza delle FMA dell\u2019Ispettoria \u201cNostra Signora d\u2019Africa\u201d (AFC). A Lubumbashi, Repubblica Democratica del Congo.<\/div>\n<\/a>\n<\/div>\n\t\t<div class=\"tribe-events-calendar-month__multiday-event-bar\">\n\t<div class=\"tribe-events-calendar-month__multiday-event-bar-inner\">\n\t\t\t\t<div class=\"tribe-events-calendar-month__multiday-event-bar-title tribe-common-h8\">\n\tLa Madre partecipa alle Celebrazione del Centenario della presenza delle FMA dell\u2019Ispettoria \u201cNostra Signora d\u2019Africa\u201d (AFC). A Lubumbashi, Repubblica Democratica del Congo.<\/div>\n\t<\/div>\n<\/div>\n<div class=\"tribe-events-calendar-month__calendar-event-tooltip-template tribe-common-a11y-hidden\">\n\t<div\n\t\tclass=\"tribe-events-calendar-month__calendar-event-tooltip\"\n\t\tid=\"tribe-events-tooltip-content-155280\"\n\t\trole=\"tooltip\"\n\t>\n\t\t\t\t<div class=\"tribe-events-calendar-month__calendar-event-tooltip-datetime\">\n\t\t<time datetime=\"2026-05-08\">\n\t\t<span class=\"tribe-event-date-start\">8 mai<\/span> - <span class=\"tribe-event-date-end\">19 mai<\/span>\t<\/time>\n\t<\/div>\n\t\t<div class=\"tribe-events-calendar-month__calendar-event-tooltip-title tribe-common-h7\">\n\t<a\n\t\thref=\"https:\/\/www.cgfmanet.org\/fr\/event\/la-madre-partecipa-alle-celebrazione-del-centenario-della-presenza-delle-fma-dellispettoria-nostra-signora-dafrica-afc-a-lubumbashi-repubblica-democratica-del-c\/\"\n\t\ttitle=\"La Madre partecipa alle Celebrazione del Centenario della presenza delle FMA dell\u2019Ispettoria \u201cNostra Signora d\u2019Africa\u201d (AFC). A Lubumbashi, Repubblica Democratica del Congo.\"\n\t\trel=\"bookmark\"\n\t\tclass=\"tribe-events-calendar-month__calendar-event-tooltip-title-link tribe-common-anchor-thin\"\n\t>\n\t\tLa Madre partecipa alle Celebrazione del Centenario della presenza delle FMA dell\u2019Ispettoria \u201cNostra Signora d\u2019Africa\u201d (AFC). A Lubumbashi, Repubblica Democratica del Congo.\t<\/a>\n<\/div>\n\t\t\t\t\t<\/div>\n<\/div>\n\t<\/article>\n<\/div>\n\n\t<div class=\"tribe-events-calendar-month__multiday-event-wrapper\">\n\t<article  class=\"tribe-events-calendar-month__multiday-event post-156544 tribe_events type-tribe_events status-publish tribe_events_cat-programme tribe_events_cat-conseillere-pour-la-pastorale-des-jeunes cat_programme cat_conseillere-pour-la-pastorale-des-jeunes tribe-events-calendar-month__multiday-event--width-1 tribe-events-calendar-month__multiday-event--display tribe-events-calendar-month__multiday-event--start tribe-events-calendar-month__multiday-event--end\"  data-event-id=\"156544\">\n\t\t<div class=\"tribe-events-calendar-month__multiday-event-hidden\">\n\t<time\n\tdatetime=\"2026-05-08\"\n\tclass=\"tribe-common-a11y-visual-hide\"\n>\n\t2026-05-08<\/time>\n\t<a\n\thref=\"https:\/\/www.cgfmanet.org\/fr\/event\/suor-runita-borja-con-le-collaboratrici-dellambito-pg-incontra-le-fma-partecipanti-del-corso-di-formazione-permanente-missionaria-a-roma-casa-generalizia\/\"\n\tclass=\"tribe-events-calendar-month__multiday-event-hidden-link\"\n\tdata-js=\"tribe-events-tooltip\"\n\tdata-tooltip-content=\"#tribe-events-tooltip-content-156544\"\n\taria-describedby=\"tribe-events-tooltip-content-156544\"\n>\n\t\t<div class=\"tribe-events-calendar-month__multiday-event-hidden-title tribe-common-h8\">\n\tSuor Runita Borja, con le collaboratrici dell\u2019Ambito PG, incontra le FMA partecipanti del Corso di Formazione Permanente Missionaria. A Roma, Casa generalizia.<\/div>\n<\/a>\n<\/div>\n\t\t<div class=\"tribe-events-calendar-month__multiday-event-bar\">\n\t<div class=\"tribe-events-calendar-month__multiday-event-bar-inner\">\n\t\t\t\t<div class=\"tribe-events-calendar-month__multiday-event-bar-title tribe-common-h8\">\n\tSuor Runita Borja, con le collaboratrici dell\u2019Ambito PG, incontra le FMA partecipanti del Corso di Formazione Permanente Missionaria. A Roma, Casa generalizia.<\/div>\n\t<\/div>\n<\/div>\n<div class=\"tribe-events-calendar-month__calendar-event-tooltip-template tribe-common-a11y-hidden\">\n\t<div\n\t\tclass=\"tribe-events-calendar-month__calendar-event-tooltip\"\n\t\tid=\"tribe-events-tooltip-content-156544\"\n\t\trole=\"tooltip\"\n\t>\n\t\t\t\t<div class=\"tribe-events-calendar-month__calendar-event-tooltip-datetime\">\n\t\t<time datetime=\"2026-05-08\">\n\t\t<span class=\"tribe-event-date-start\">8 mai<\/span>\t<\/time>\n\t<\/div>\n\t\t<div class=\"tribe-events-calendar-month__calendar-event-tooltip-title tribe-common-h7\">\n\t<a\n\t\thref=\"https:\/\/www.cgfmanet.org\/fr\/event\/suor-runita-borja-con-le-collaboratrici-dellambito-pg-incontra-le-fma-partecipanti-del-corso-di-formazione-permanente-missionaria-a-roma-casa-generalizia\/\"\n\t\ttitle=\"Suor Runita Borja, con le collaboratrici dell\u2019Ambito PG, incontra le FMA partecipanti del Corso di Formazione Permanente Missionaria. A Roma, Casa generalizia.\"\n\t\trel=\"bookmark\"\n\t\tclass=\"tribe-events-calendar-month__calendar-event-tooltip-title-link tribe-common-anchor-thin\"\n\t>\n\t\tSuor Runita Borja, con le collaboratrici dell\u2019Ambito PG, incontra le FMA partecipanti del Corso di Formazione Permanente Missionaria. A Roma, Casa generalizia.\t<\/a>\n<\/div>\n\t\t\t\t\t<\/div>\n<\/div>\n\t<\/article>\n<\/div>\n\n\n\t\t\t<\/div>\n\n\t\n<\/div>\n<\/td>\n\n\t\t\t\n\t\t\t\t<td\n\t class=\"tribe-events-calendar-month__day\" \taria-labelledby=\"tribe-events-calendar-day-2026-05-09\"\n\tdata-js=\"tribe-events-month-grid-cell\"\n>\n\t<button\n\taria-expanded=\"false\"\n\taria-controls=\"tribe-events-calendar-mobile-day-2026-05-9\"\n\taria-label=\"mai 9, 4 \u00e9v\u00e8nements, upcoming day\"\n\t class=\"tribe-events-calendar-month__day-cell tribe-events-calendar-month__day-cell--mobile\" \tdata-js=\"tribe-events-calendar-month-day-cell-mobile\"\n>\n\t<h3 class=\"tribe-events-calendar-month__day-date tribe-common-h6 tribe-common-h--alt\">\n\t\t<span class=\"tribe-common-a11y-visual-hide\">\n\t\t\t4 \u00e9v\u00e8nements\t\t<\/span>\n\t\t<time\n\t\t\tclass=\"tribe-events-calendar-month__day-date-daynum\"\n\t\t\tdatetime=\"2026-05-09\"\n\t\t>\n\t\t\t9\t\t<\/time>\n\t<\/h3>\n\t\n\t<span class=\"tribe-events-calendar-month__mobile-events-icon tribe-events-calendar-month__mobile-events-icon--event\" >\n\t<\/span>\n<\/button>\n\t\n<div\n\tid=\"tribe-events-calendar-day-2026-05-09\"\n\tclass=\"tribe-events-calendar-month__day-cell tribe-events-calendar-month__day-cell--desktop tribe-common-a11y-hidden\"\n>\n\t\n<h3 class=\"tribe-events-calendar-month__day-date tribe-common-h4\">\n\t<span class=\"tribe-common-a11y-visual-hide\">\n\t\t4 \u00e9v\u00e8nements,\n\t<\/span>\n\t<time\n\t\tclass=\"tribe-events-calendar-month__day-date-daynum\"\n\t\tdatetime=\"2026-05-09\"\n\t>\n\t\t\t\t\t<a\n\t\t\t\thref=\"https:\/\/www.cgfmanet.org\/fr\/\u00e9v\u00e9nements\/2026-05-09\/?shortcode=tribe-widget-events-month-16\"\n\t\t\t\tclass=\"tribe-events-calendar-month__day-date-link\"\n\t\t\t\tdata-js=\"tribe-events-view-link\"\n\t\t\t\taria-label=\"9 mai\"\n\t\t\t>\n\t\t\t\t9\t\t\t<\/a>\n\t\t\t<\/time>\n<\/h3>\n\n\t<div class=\"tribe-events-calendar-month__events\">\n\t\t\n\t<div class=\"tribe-events-calendar-month__multiday-event-wrapper\">\n\t<article  class=\"tribe-events-calendar-month__multiday-event post-155260 tribe_events type-tribe_events status-publish tribe_events_cat-programme tribe_events_cat-mere-generale cat_programme cat_mere-generale\"  data-event-id=\"155260\">\n\t\t<div class=\"tribe-events-calendar-month__multiday-event-hidden\">\n\t<time\n\tdatetime=\"2026-05-07\"\n\tclass=\"tribe-common-a11y-visual-hide\"\n>\n\t2026-05-07<\/time>\n\t<a\n\thref=\"https:\/\/www.cgfmanet.org\/fr\/event\/la-madre-partecipa-e-interviene-al-vi-congresso-mondiale-dei-salesiani-cooperatori-a-roma-presso-la-fraterna-domus-tema-essere-lievito-per-essere-fecondi\/\"\n\tclass=\"tribe-events-calendar-month__multiday-event-hidden-link\"\n\tdata-js=\"tribe-events-tooltip\"\n\tdata-tooltip-content=\"#tribe-events-tooltip-content-155260\"\n\taria-describedby=\"tribe-events-tooltip-content-155260\"\n>\n\t\t<div class=\"tribe-events-calendar-month__multiday-event-hidden-title tribe-common-h8\">\n\tLa Madre partecipa e interviene al VI Congresso Mondiale dei Salesiani Cooperatori a Roma, presso la Fraterna Domus. Tema: \u201cEssere lievito per essere fecondi\u201d.<\/div>\n<\/a>\n<\/div>\n\t\t\t<\/article>\n<\/div>\n\n\t<div class=\"tribe-events-calendar-month__multiday-event-wrapper\">\n\t<article  class=\"tribe-events-calendar-month__multiday-event post-151110 tribe_events type-tribe_events status-publish tribe_events_cat-programme tribe_events_cat-conseillere-pour-la-famille-salesienne cat_programme cat_conseillere-pour-la-famille-salesienne\"  data-event-id=\"151110\">\n\t\t<div class=\"tribe-events-calendar-month__multiday-event-hidden\">\n\t<time\n\tdatetime=\"2026-05-07\"\n\tclass=\"tribe-common-a11y-visual-hide\"\n>\n\t2026-05-07<\/time>\n\t<a\n\thref=\"https:\/\/www.cgfmanet.org\/fr\/event\/suor-leslie-sandigo-partecipa-al-congresso-mondiale-dei-salesiani-cooperatori-a-roma-fraterna-domus\/\"\n\tclass=\"tribe-events-calendar-month__multiday-event-hidden-link\"\n\tdata-js=\"tribe-events-tooltip\"\n\tdata-tooltip-content=\"#tribe-events-tooltip-content-151110\"\n\taria-describedby=\"tribe-events-tooltip-content-151110\"\n>\n\t\t<div class=\"tribe-events-calendar-month__multiday-event-hidden-title tribe-common-h8\">\n\tSuor Leslie S\u00e1ndigo partecipa al Congresso Mondiale dei Salesiani Cooperatori a Roma, Fraterna Domus.<\/div>\n<\/a>\n<\/div>\n\t\t\t<\/article>\n<\/div>\n\n\t<div class=\"tribe-events-calendar-month__multiday-event-wrapper\">\n\t<article  class=\"tribe-events-calendar-month__multiday-event post-155280 tribe_events type-tribe_events status-publish tribe_events_cat-programme tribe_events_cat-mere-generale cat_programme cat_mere-generale\"  data-event-id=\"155280\">\n\t\t<div class=\"tribe-events-calendar-month__multiday-event-hidden\">\n\t<time\n\tdatetime=\"2026-05-08\"\n\tclass=\"tribe-common-a11y-visual-hide\"\n>\n\t2026-05-08<\/time>\n\t<a\n\thref=\"https:\/\/www.cgfmanet.org\/fr\/event\/la-madre-partecipa-alle-celebrazione-del-centenario-della-presenza-delle-fma-dellispettoria-nostra-signora-dafrica-afc-a-lubumbashi-repubblica-democratica-del-c\/\"\n\tclass=\"tribe-events-calendar-month__multiday-event-hidden-link\"\n\tdata-js=\"tribe-events-tooltip\"\n\tdata-tooltip-content=\"#tribe-events-tooltip-content-155280\"\n\taria-describedby=\"tribe-events-tooltip-content-155280\"\n>\n\t\t<div class=\"tribe-events-calendar-month__multiday-event-hidden-title tribe-common-h8\">\n\tLa Madre partecipa alle Celebrazione del Centenario della presenza delle FMA dell\u2019Ispettoria \u201cNostra Signora d\u2019Africa\u201d (AFC). A Lubumbashi, Repubblica Democratica del Congo.<\/div>\n<\/a>\n<\/div>\n\t\t\t<\/article>\n<\/div>\n\n\t<div class=\"tribe-events-calendar-month__multiday-event-wrapper\">\n\t<article  class=\"tribe-events-calendar-month__multiday-event post-155341 tribe_events type-tribe_events status-publish tribe_events_cat-programme tribe_events_cat-conseillere-pour-la-formation cat_programme cat_conseillere-pour-la-formation tribe-events-calendar-month__multiday-event--width-1 tribe-events-calendar-month__multiday-event--display tribe-events-calendar-month__multiday-event--start tribe-events-calendar-month__multiday-event--end\"  data-event-id=\"155341\">\n\t\t<div class=\"tribe-events-calendar-month__multiday-event-hidden\">\n\t<time\n\tdatetime=\"2026-05-09\"\n\tclass=\"tribe-common-a11y-visual-hide\"\n>\n\t2026-05-09<\/time>\n\t<a\n\thref=\"https:\/\/www.cgfmanet.org\/fr\/event\/suor-nilza-fatima-de-moraes-coordina-il-raduno-online-con-le-sorelle-del-gruppo-di-stesura-del-progetto-formativo\/\"\n\tclass=\"tribe-events-calendar-month__multiday-event-hidden-link\"\n\tdata-js=\"tribe-events-tooltip\"\n\tdata-tooltip-content=\"#tribe-events-tooltip-content-155341\"\n\taria-describedby=\"tribe-events-tooltip-content-155341\"\n>\n\t\t<div class=\"tribe-events-calendar-month__multiday-event-hidden-title tribe-common-h8\">\n\tSuor Nilza F\u00e1tima de Moraes coordina il raduno online con le sorelle del gruppo di stesura del Progetto formativo.<\/div>\n<\/a>\n<\/div>\n\t\t<div class=\"tribe-events-calendar-month__multiday-event-bar\">\n\t<div class=\"tribe-events-calendar-month__multiday-event-bar-inner\">\n\t\t\t\t<div class=\"tribe-events-calendar-month__multiday-event-bar-title tribe-common-h8\">\n\tSuor Nilza F\u00e1tima de Moraes coordina il raduno online con le sorelle del gruppo di stesura del Progetto formativo.<\/div>\n\t<\/div>\n<\/div>\n<div class=\"tribe-events-calendar-month__calendar-event-tooltip-template tribe-common-a11y-hidden\">\n\t<div\n\t\tclass=\"tribe-events-calendar-month__calendar-event-tooltip\"\n\t\tid=\"tribe-events-tooltip-content-155341\"\n\t\trole=\"tooltip\"\n\t>\n\t\t\t\t<div class=\"tribe-events-calendar-month__calendar-event-tooltip-datetime\">\n\t\t<time datetime=\"2026-05-09\">\n\t\t<span class=\"tribe-event-date-start\">9 mai<\/span>\t<\/time>\n\t<\/div>\n\t\t<div class=\"tribe-events-calendar-month__calendar-event-tooltip-title tribe-common-h7\">\n\t<a\n\t\thref=\"https:\/\/www.cgfmanet.org\/fr\/event\/suor-nilza-fatima-de-moraes-coordina-il-raduno-online-con-le-sorelle-del-gruppo-di-stesura-del-progetto-formativo\/\"\n\t\ttitle=\"Suor Nilza F\u00e1tima de Moraes coordina il raduno online con le sorelle del gruppo di stesura del Progetto formativo.\"\n\t\trel=\"bookmark\"\n\t\tclass=\"tribe-events-calendar-month__calendar-event-tooltip-title-link tribe-common-anchor-thin\"\n\t>\n\t\tSuor Nilza F\u00e1tima de Moraes coordina il raduno online con le sorelle del gruppo di stesura del Progetto formativo.\t<\/a>\n<\/div>\n\t\t\t\t\t<\/div>\n<\/div>\n\t<\/article>\n<\/div>\n\n\n\t\t\t<\/div>\n\n\t\n<\/div>\n<\/td>\n\n\t\t\t\n\t\t\t\t<td\n\t class=\"tribe-events-calendar-month__day\" \taria-labelledby=\"tribe-events-calendar-day-2026-05-10\"\n\tdata-js=\"tribe-events-month-grid-cell\"\n>\n\t<button\n\taria-expanded=\"false\"\n\taria-controls=\"tribe-events-calendar-mobile-day-2026-05-10\"\n\taria-label=\"mai 10, 3 \u00e9v\u00e8nements, upcoming day\"\n\t class=\"tribe-events-calendar-month__day-cell tribe-events-calendar-month__day-cell--mobile\" \tdata-js=\"tribe-events-calendar-month-day-cell-mobile\"\n>\n\t<h3 class=\"tribe-events-calendar-month__day-date tribe-common-h6 tribe-common-h--alt\">\n\t\t<span class=\"tribe-common-a11y-visual-hide\">\n\t\t\t3 \u00e9v\u00e8nements\t\t<\/span>\n\t\t<time\n\t\t\tclass=\"tribe-events-calendar-month__day-date-daynum\"\n\t\t\tdatetime=\"2026-05-10\"\n\t\t>\n\t\t\t10\t\t<\/time>\n\t<\/h3>\n\t\n\t<span class=\"tribe-events-calendar-month__mobile-events-icon tribe-events-calendar-month__mobile-events-icon--event\" >\n\t<\/span>\n<\/button>\n\t\n<div\n\tid=\"tribe-events-calendar-day-2026-05-10\"\n\tclass=\"tribe-events-calendar-month__day-cell tribe-events-calendar-month__day-cell--desktop tribe-common-a11y-hidden\"\n>\n\t\n<h3 class=\"tribe-events-calendar-month__day-date tribe-common-h4\">\n\t<span class=\"tribe-common-a11y-visual-hide\">\n\t\t3 \u00e9v\u00e8nements,\n\t<\/span>\n\t<time\n\t\tclass=\"tribe-events-calendar-month__day-date-daynum\"\n\t\tdatetime=\"2026-05-10\"\n\t>\n\t\t\t\t\t<a\n\t\t\t\thref=\"https:\/\/www.cgfmanet.org\/fr\/\u00e9v\u00e9nements\/2026-05-10\/?shortcode=tribe-widget-events-month-16\"\n\t\t\t\tclass=\"tribe-events-calendar-month__day-date-link\"\n\t\t\t\tdata-js=\"tribe-events-view-link\"\n\t\t\t\taria-label=\"10 mai\"\n\t\t\t>\n\t\t\t\t10\t\t\t<\/a>\n\t\t\t<\/time>\n<\/h3>\n\n\t<div class=\"tribe-events-calendar-month__events\">\n\t\t\n\t<div class=\"tribe-events-calendar-month__multiday-event-wrapper\">\n\t<article  class=\"tribe-events-calendar-month__multiday-event post-155260 tribe_events type-tribe_events status-publish tribe_events_cat-programme tribe_events_cat-mere-generale cat_programme cat_mere-generale\"  data-event-id=\"155260\">\n\t\t<div class=\"tribe-events-calendar-month__multiday-event-hidden\">\n\t<time\n\tdatetime=\"2026-05-07\"\n\tclass=\"tribe-common-a11y-visual-hide\"\n>\n\t2026-05-07<\/time>\n\t<a\n\thref=\"https:\/\/www.cgfmanet.org\/fr\/event\/la-madre-partecipa-e-interviene-al-vi-congresso-mondiale-dei-salesiani-cooperatori-a-roma-presso-la-fraterna-domus-tema-essere-lievito-per-essere-fecondi\/\"\n\tclass=\"tribe-events-calendar-month__multiday-event-hidden-link\"\n\tdata-js=\"tribe-events-tooltip\"\n\tdata-tooltip-content=\"#tribe-events-tooltip-content-155260\"\n\taria-describedby=\"tribe-events-tooltip-content-155260\"\n>\n\t\t<div class=\"tribe-events-calendar-month__multiday-event-hidden-title tribe-common-h8\">\n\tLa Madre partecipa e interviene al VI Congresso Mondiale dei Salesiani Cooperatori a Roma, presso la Fraterna Domus. Tema: \u201cEssere lievito per essere fecondi\u201d.<\/div>\n<\/a>\n<\/div>\n\t\t\t<\/article>\n<\/div>\n\n\t<div class=\"tribe-events-calendar-month__multiday-event-wrapper\">\n\t<article  class=\"tribe-events-calendar-month__multiday-event post-151110 tribe_events type-tribe_events status-publish tribe_events_cat-programme tribe_events_cat-conseillere-pour-la-famille-salesienne cat_programme cat_conseillere-pour-la-famille-salesienne\"  data-event-id=\"151110\">\n\t\t<div class=\"tribe-events-calendar-month__multiday-event-hidden\">\n\t<time\n\tdatetime=\"2026-05-07\"\n\tclass=\"tribe-common-a11y-visual-hide\"\n>\n\t2026-05-07<\/time>\n\t<a\n\thref=\"https:\/\/www.cgfmanet.org\/fr\/event\/suor-leslie-sandigo-partecipa-al-congresso-mondiale-dei-salesiani-cooperatori-a-roma-fraterna-domus\/\"\n\tclass=\"tribe-events-calendar-month__multiday-event-hidden-link\"\n\tdata-js=\"tribe-events-tooltip\"\n\tdata-tooltip-content=\"#tribe-events-tooltip-content-151110\"\n\taria-describedby=\"tribe-events-tooltip-content-151110\"\n>\n\t\t<div class=\"tribe-events-calendar-month__multiday-event-hidden-title tribe-common-h8\">\n\tSuor Leslie S\u00e1ndigo partecipa al Congresso Mondiale dei Salesiani Cooperatori a Roma, Fraterna Domus.<\/div>\n<\/a>\n<\/div>\n\t\t\t<\/article>\n<\/div>\n\n\t<div class=\"tribe-events-calendar-month__multiday-event-wrapper\">\n\t<article  class=\"tribe-events-calendar-month__multiday-event post-155280 tribe_events type-tribe_events status-publish tribe_events_cat-programme tribe_events_cat-mere-generale cat_programme cat_mere-generale\"  data-event-id=\"155280\">\n\t\t<div class=\"tribe-events-calendar-month__multiday-event-hidden\">\n\t<time\n\tdatetime=\"2026-05-08\"\n\tclass=\"tribe-common-a11y-visual-hide\"\n>\n\t2026-05-08<\/time>\n\t<a\n\thref=\"https:\/\/www.cgfmanet.org\/fr\/event\/la-madre-partecipa-alle-celebrazione-del-centenario-della-presenza-delle-fma-dellispettoria-nostra-signora-dafrica-afc-a-lubumbashi-repubblica-democratica-del-c\/\"\n\tclass=\"tribe-events-calendar-month__multiday-event-hidden-link\"\n\tdata-js=\"tribe-events-tooltip\"\n\tdata-tooltip-content=\"#tribe-events-tooltip-content-155280\"\n\taria-describedby=\"tribe-events-tooltip-content-155280\"\n>\n\t\t<div class=\"tribe-events-calendar-month__multiday-event-hidden-title tribe-common-h8\">\n\tLa Madre partecipa alle Celebrazione del Centenario della presenza delle FMA dell\u2019Ispettoria \u201cNostra Signora d\u2019Africa\u201d (AFC). A Lubumbashi, Repubblica Democratica del Congo.<\/div>\n<\/a>\n<\/div>\n\t\t\t<\/article>\n<\/div>\n\n\n\t\t\t<\/div>\n\n\t\n<\/div>\n<\/td>\n\n\t\t\t\t\t<\/tr>\n\t\t\t<tr class=\"tribe-events-calendar-month__week\" data-js=\"tribe-events-month-grid-row\">\n\t\t\t\n\t\t\t\t<td\n\t class=\"tribe-events-calendar-month__day\" \taria-labelledby=\"tribe-events-calendar-day-2026-05-11\"\n\tdata-js=\"tribe-events-month-grid-cell\"\n>\n\t<button\n\taria-expanded=\"false\"\n\taria-controls=\"tribe-events-calendar-mobile-day-2026-05-11\"\n\taria-label=\"mai 11, 2 \u00e9v\u00e8nements, upcoming day\"\n\t class=\"tribe-events-calendar-month__day-cell tribe-events-calendar-month__day-cell--mobile\" \tdata-js=\"tribe-events-calendar-month-day-cell-mobile\"\n>\n\t<h3 class=\"tribe-events-calendar-month__day-date tribe-common-h6 tribe-common-h--alt\">\n\t\t<span class=\"tribe-common-a11y-visual-hide\">\n\t\t\t2 \u00e9v\u00e8nements\t\t<\/span>\n\t\t<time\n\t\t\tclass=\"tribe-events-calendar-month__day-date-daynum\"\n\t\t\tdatetime=\"2026-05-11\"\n\t\t>\n\t\t\t11\t\t<\/time>\n\t<\/h3>\n\t\n\t<span class=\"tribe-events-calendar-month__mobile-events-icon tribe-events-calendar-month__mobile-events-icon--event\" >\n\t<\/span>\n<\/button>\n\t\n<div\n\tid=\"tribe-events-calendar-day-2026-05-11\"\n\tclass=\"tribe-events-calendar-month__day-cell tribe-events-calendar-month__day-cell--desktop tribe-common-a11y-hidden\"\n>\n\t\n<h3 class=\"tribe-events-calendar-month__day-date tribe-common-h4\">\n\t<span class=\"tribe-common-a11y-visual-hide\">\n\t\t2 \u00e9v\u00e8nements,\n\t<\/span>\n\t<time\n\t\tclass=\"tribe-events-calendar-month__day-date-daynum\"\n\t\tdatetime=\"2026-05-11\"\n\t>\n\t\t\t\t\t<a\n\t\t\t\thref=\"https:\/\/www.cgfmanet.org\/fr\/\u00e9v\u00e9nements\/2026-05-11\/?shortcode=tribe-widget-events-month-16\"\n\t\t\t\tclass=\"tribe-events-calendar-month__day-date-link\"\n\t\t\t\tdata-js=\"tribe-events-view-link\"\n\t\t\t\taria-label=\"11 mai\"\n\t\t\t>\n\t\t\t\t11\t\t\t<\/a>\n\t\t\t<\/time>\n<\/h3>\n\n\t<div class=\"tribe-events-calendar-month__events\">\n\t\t\n\t<div class=\"tribe-events-calendar-month__multiday-event-wrapper\">\n\t<article  class=\"tribe-events-calendar-month__multiday-event post-155280 tribe_events type-tribe_events status-publish tribe_events_cat-programme tribe_events_cat-mere-generale cat_programme cat_mere-generale tribe-events-calendar-month__multiday-event--width-7 tribe-events-calendar-month__multiday-event--display\"  data-event-id=\"155280\">\n\t\t<div class=\"tribe-events-calendar-month__multiday-event-hidden\">\n\t<time\n\tdatetime=\"2026-05-08\"\n\tclass=\"tribe-common-a11y-visual-hide\"\n>\n\t2026-05-08<\/time>\n\t<a\n\thref=\"https:\/\/www.cgfmanet.org\/fr\/event\/la-madre-partecipa-alle-celebrazione-del-centenario-della-presenza-delle-fma-dellispettoria-nostra-signora-dafrica-afc-a-lubumbashi-repubblica-democratica-del-c\/\"\n\tclass=\"tribe-events-calendar-month__multiday-event-hidden-link\"\n\tdata-js=\"tribe-events-tooltip\"\n\tdata-tooltip-content=\"#tribe-events-tooltip-content-155280\"\n\taria-describedby=\"tribe-events-tooltip-content-155280\"\n>\n\t\t<div class=\"tribe-events-calendar-month__multiday-event-hidden-title tribe-common-h8\">\n\tLa Madre partecipa alle Celebrazione del Centenario della presenza delle FMA dell\u2019Ispettoria \u201cNostra Signora d\u2019Africa\u201d (AFC). A Lubumbashi, Repubblica Democratica del Congo.<\/div>\n<\/a>\n<\/div>\n\t\t<div class=\"tribe-events-calendar-month__multiday-event-bar\">\n\t<div class=\"tribe-events-calendar-month__multiday-event-bar-inner\">\n\t\t\t\t<div class=\"tribe-events-calendar-month__multiday-event-bar-title tribe-common-h8\">\n\tLa Madre partecipa alle Celebrazione del Centenario della presenza delle FMA dell\u2019Ispettoria \u201cNostra Signora d\u2019Africa\u201d (AFC). A Lubumbashi, Repubblica Democratica del Congo.<\/div>\n\t<\/div>\n<\/div>\n\t<\/article>\n<\/div>\n\n\t<div class=\"tribe-events-calendar-month__multiday-event-wrapper\">\n\t<article  class=\"tribe-events-calendar-month__multiday-event post-150895 tribe_events type-tribe_events status-publish tribe_events_cat-programme tribe_events_cat-conseillere-pour-les-missions cat_programme cat_conseillere-pour-les-missions tribe-events-calendar-month__multiday-event--width-7 tribe-events-calendar-month__multiday-event--display tribe-events-calendar-month__multiday-event--start\"  data-event-id=\"150895\">\n\t\t<div class=\"tribe-events-calendar-month__multiday-event-hidden\">\n\t<time\n\tdatetime=\"2026-05-11\"\n\tclass=\"tribe-common-a11y-visual-hide\"\n>\n\t2026-05-11<\/time>\n\t<a\n\thref=\"https:\/\/www.cgfmanet.org\/fr\/event\/esercizi-spirituali-per-le-partecipanti-al-corso-di-formazione-permanente-missionaria-e-le-neo-missionarie-a-mornese-2\/\"\n\tclass=\"tribe-events-calendar-month__multiday-event-hidden-link\"\n\tdata-js=\"tribe-events-tooltip\"\n\tdata-tooltip-content=\"#tribe-events-tooltip-content-150895\"\n\taria-describedby=\"tribe-events-tooltip-content-150895\"\n>\n\t\t<div class=\"tribe-events-calendar-month__multiday-event-hidden-title tribe-common-h8\">\n\tEsercizi Spirituali per le partecipanti al Corso di Formazione Permanente Missionaria e le neo missionarie, a Mornese.<\/div>\n<\/a>\n<\/div>\n\t\t<div class=\"tribe-events-calendar-month__multiday-event-bar\">\n\t<div class=\"tribe-events-calendar-month__multiday-event-bar-inner\">\n\t\t\t\t<div class=\"tribe-events-calendar-month__multiday-event-bar-title tribe-common-h8\">\n\tEsercizi Spirituali per le partecipanti al Corso di Formazione Permanente Missionaria e le neo missionarie, a Mornese.<\/div>\n\t<\/div>\n<\/div>\n<div class=\"tribe-events-calendar-month__calendar-event-tooltip-template tribe-common-a11y-hidden\">\n\t<div\n\t\tclass=\"tribe-events-calendar-month__calendar-event-tooltip\"\n\t\tid=\"tribe-events-tooltip-content-150895\"\n\t\trole=\"tooltip\"\n\t>\n\t\t\t\t<div class=\"tribe-events-calendar-month__calendar-event-tooltip-datetime\">\n\t\t<time datetime=\"2026-05-11\">\n\t\t<span class=\"tribe-event-date-start\">11 mai<\/span> - <span class=\"tribe-event-date-end\">18 mai<\/span>\t<\/time>\n\t<\/div>\n\t\t<div class=\"tribe-events-calendar-month__calendar-event-tooltip-title tribe-common-h7\">\n\t<a\n\t\thref=\"https:\/\/www.cgfmanet.org\/fr\/event\/esercizi-spirituali-per-le-partecipanti-al-corso-di-formazione-permanente-missionaria-e-le-neo-missionarie-a-mornese-2\/\"\n\t\ttitle=\"Esercizi Spirituali per le partecipanti al Corso di Formazione Permanente Missionaria e le neo missionarie, a Mornese.\"\n\t\trel=\"bookmark\"\n\t\tclass=\"tribe-events-calendar-month__calendar-event-tooltip-title-link tribe-common-anchor-thin\"\n\t>\n\t\tEsercizi Spirituali per le partecipanti al Corso di Formazione Permanente Missionaria e le neo missionarie, a Mornese.\t<\/a>\n<\/div>\n\t\t\t\t\t<\/div>\n<\/div>\n\t<\/article>\n<\/div>\n\n\n\t\t\t<\/div>\n\n\t\n<\/div>\n<\/td>\n\n\t\t\t\n\t\t\t\t<td\n\t class=\"tribe-events-calendar-month__day\" \taria-labelledby=\"tribe-events-calendar-day-2026-05-12\"\n\tdata-js=\"tribe-events-month-grid-cell\"\n>\n\t<button\n\taria-expanded=\"false\"\n\taria-controls=\"tribe-events-calendar-mobile-day-2026-05-12\"\n\taria-label=\"mai 12, 2 \u00e9v\u00e8nements, upcoming day\"\n\t class=\"tribe-events-calendar-month__day-cell tribe-events-calendar-month__day-cell--mobile\" \tdata-js=\"tribe-events-calendar-month-day-cell-mobile\"\n>\n\t<h3 class=\"tribe-events-calendar-month__day-date tribe-common-h6 tribe-common-h--alt\">\n\t\t<span class=\"tribe-common-a11y-visual-hide\">\n\t\t\t2 \u00e9v\u00e8nements\t\t<\/span>\n\t\t<time\n\t\t\tclass=\"tribe-events-calendar-month__day-date-daynum\"\n\t\t\tdatetime=\"2026-05-12\"\n\t\t>\n\t\t\t12\t\t<\/time>\n\t<\/h3>\n\t\n\t<span class=\"tribe-events-calendar-month__mobile-events-icon tribe-events-calendar-month__mobile-events-icon--event\" >\n\t<\/span>\n<\/button>\n\t\n<div\n\tid=\"tribe-events-calendar-day-2026-05-12\"\n\tclass=\"tribe-events-calendar-month__day-cell tribe-events-calendar-month__day-cell--desktop tribe-common-a11y-hidden\"\n>\n\t\n<h3 class=\"tribe-events-calendar-month__day-date tribe-common-h4\">\n\t<span class=\"tribe-common-a11y-visual-hide\">\n\t\t2 \u00e9v\u00e8nements,\n\t<\/span>\n\t<time\n\t\tclass=\"tribe-events-calendar-month__day-date-daynum\"\n\t\tdatetime=\"2026-05-12\"\n\t>\n\t\t\t\t\t<a\n\t\t\t\thref=\"https:\/\/www.cgfmanet.org\/fr\/\u00e9v\u00e9nements\/2026-05-12\/?shortcode=tribe-widget-events-month-16\"\n\t\t\t\tclass=\"tribe-events-calendar-month__day-date-link\"\n\t\t\t\tdata-js=\"tribe-events-view-link\"\n\t\t\t\taria-label=\"12 mai\"\n\t\t\t>\n\t\t\t\t12\t\t\t<\/a>\n\t\t\t<\/time>\n<\/h3>\n\n\t<div class=\"tribe-events-calendar-month__events\">\n\t\t\n\t<div class=\"tribe-events-calendar-month__multiday-event-wrapper\">\n\t<article  class=\"tribe-events-calendar-month__multiday-event post-155280 tribe_events type-tribe_events status-publish tribe_events_cat-programme tribe_events_cat-mere-generale cat_programme cat_mere-generale\"  data-event-id=\"155280\">\n\t\t<div class=\"tribe-events-calendar-month__multiday-event-hidden\">\n\t<time\n\tdatetime=\"2026-05-08\"\n\tclass=\"tribe-common-a11y-visual-hide\"\n>\n\t2026-05-08<\/time>\n\t<a\n\thref=\"https:\/\/www.cgfmanet.org\/fr\/event\/la-madre-partecipa-alle-celebrazione-del-centenario-della-presenza-delle-fma-dellispettoria-nostra-signora-dafrica-afc-a-lubumbashi-repubblica-democratica-del-c\/\"\n\tclass=\"tribe-events-calendar-month__multiday-event-hidden-link\"\n\tdata-js=\"tribe-events-tooltip\"\n\tdata-tooltip-content=\"#tribe-events-tooltip-content-155280\"\n\taria-describedby=\"tribe-events-tooltip-content-155280\"\n>\n\t\t<div class=\"tribe-events-calendar-month__multiday-event-hidden-title tribe-common-h8\">\n\tLa Madre partecipa alle Celebrazione del Centenario della presenza delle FMA dell\u2019Ispettoria \u201cNostra Signora d\u2019Africa\u201d (AFC). A Lubumbashi, Repubblica Democratica del Congo.<\/div>\n<\/a>\n<\/div>\n\t\t\t<\/article>\n<\/div>\n\n\t<div class=\"tribe-events-calendar-month__multiday-event-wrapper\">\n\t<article  class=\"tribe-events-calendar-month__multiday-event post-150895 tribe_events type-tribe_events status-publish tribe_events_cat-programme tribe_events_cat-conseillere-pour-les-missions cat_programme cat_conseillere-pour-les-missions\"  data-event-id=\"150895\">\n\t\t<div class=\"tribe-events-calendar-month__multiday-event-hidden\">\n\t<time\n\tdatetime=\"2026-05-11\"\n\tclass=\"tribe-common-a11y-visual-hide\"\n>\n\t2026-05-11<\/time>\n\t<a\n\thref=\"https:\/\/www.cgfmanet.org\/fr\/event\/esercizi-spirituali-per-le-partecipanti-al-corso-di-formazione-permanente-missionaria-e-le-neo-missionarie-a-mornese-2\/\"\n\tclass=\"tribe-events-calendar-month__multiday-event-hidden-link\"\n\tdata-js=\"tribe-events-tooltip\"\n\tdata-tooltip-content=\"#tribe-events-tooltip-content-150895\"\n\taria-describedby=\"tribe-events-tooltip-content-150895\"\n>\n\t\t<div class=\"tribe-events-calendar-month__multiday-event-hidden-title tribe-common-h8\">\n\tEsercizi Spirituali per le partecipanti al Corso di Formazione Permanente Missionaria e le neo missionarie, a Mornese.<\/div>\n<\/a>\n<\/div>\n\t\t\t<\/article>\n<\/div>\n\n\n\t\t\t<\/div>\n\n\t\n<\/div>\n<\/td>\n\n\t\t\t\n\t\t\t\t<td\n\t class=\"tribe-events-calendar-month__day\" \taria-labelledby=\"tribe-events-calendar-day-2026-05-13\"\n\tdata-js=\"tribe-events-month-grid-cell\"\n>\n\t<button\n\taria-expanded=\"false\"\n\taria-controls=\"tribe-events-calendar-mobile-day-2026-05-13\"\n\taria-label=\"mai 13, 2 \u00e9v\u00e8nements, upcoming day\"\n\t class=\"tribe-events-calendar-month__day-cell tribe-events-calendar-month__day-cell--mobile\" \tdata-js=\"tribe-events-calendar-month-day-cell-mobile\"\n>\n\t<h3 class=\"tribe-events-calendar-month__day-date tribe-common-h6 tribe-common-h--alt\">\n\t\t<span class=\"tribe-common-a11y-visual-hide\">\n\t\t\t2 \u00e9v\u00e8nements\t\t<\/span>\n\t\t<time\n\t\t\tclass=\"tribe-events-calendar-month__day-date-daynum\"\n\t\t\tdatetime=\"2026-05-13\"\n\t\t>\n\t\t\t13\t\t<\/time>\n\t<\/h3>\n\t\n\t<span class=\"tribe-events-calendar-month__mobile-events-icon tribe-events-calendar-month__mobile-events-icon--event\" >\n\t<\/span>\n<\/button>\n\t\n<div\n\tid=\"tribe-events-calendar-day-2026-05-13\"\n\tclass=\"tribe-events-calendar-month__day-cell tribe-events-calendar-month__day-cell--desktop tribe-common-a11y-hidden\"\n>\n\t\n<h3 class=\"tribe-events-calendar-month__day-date tribe-common-h4\">\n\t<span class=\"tribe-common-a11y-visual-hide\">\n\t\t2 \u00e9v\u00e8nements,\n\t<\/span>\n\t<time\n\t\tclass=\"tribe-events-calendar-month__day-date-daynum\"\n\t\tdatetime=\"2026-05-13\"\n\t>\n\t\t\t\t\t<a\n\t\t\t\thref=\"https:\/\/www.cgfmanet.org\/fr\/\u00e9v\u00e9nements\/2026-05-13\/?shortcode=tribe-widget-events-month-16\"\n\t\t\t\tclass=\"tribe-events-calendar-month__day-date-link\"\n\t\t\t\tdata-js=\"tribe-events-view-link\"\n\t\t\t\taria-label=\"13 mai\"\n\t\t\t>\n\t\t\t\t13\t\t\t<\/a>\n\t\t\t<\/time>\n<\/h3>\n\n\t<div class=\"tribe-events-calendar-month__events\">\n\t\t\n\t<div class=\"tribe-events-calendar-month__multiday-event-wrapper\">\n\t<article  class=\"tribe-events-calendar-month__multiday-event post-155280 tribe_events type-tribe_events status-publish tribe_events_cat-programme tribe_events_cat-mere-generale cat_programme cat_mere-generale\"  data-event-id=\"155280\">\n\t\t<div class=\"tribe-events-calendar-month__multiday-event-hidden\">\n\t<time\n\tdatetime=\"2026-05-08\"\n\tclass=\"tribe-common-a11y-visual-hide\"\n>\n\t2026-05-08<\/time>\n\t<a\n\thref=\"https:\/\/www.cgfmanet.org\/fr\/event\/la-madre-partecipa-alle-celebrazione-del-centenario-della-presenza-delle-fma-dellispettoria-nostra-signora-dafrica-afc-a-lubumbashi-repubblica-democratica-del-c\/\"\n\tclass=\"tribe-events-calendar-month__multiday-event-hidden-link\"\n\tdata-js=\"tribe-events-tooltip\"\n\tdata-tooltip-content=\"#tribe-events-tooltip-content-155280\"\n\taria-describedby=\"tribe-events-tooltip-content-155280\"\n>\n\t\t<div class=\"tribe-events-calendar-month__multiday-event-hidden-title tribe-common-h8\">\n\tLa Madre partecipa alle Celebrazione del Centenario della presenza delle FMA dell\u2019Ispettoria \u201cNostra Signora d\u2019Africa\u201d (AFC). A Lubumbashi, Repubblica Democratica del Congo.<\/div>\n<\/a>\n<\/div>\n\t\t\t<\/article>\n<\/div>\n\n\t<div class=\"tribe-events-calendar-month__multiday-event-wrapper\">\n\t<article  class=\"tribe-events-calendar-month__multiday-event post-150895 tribe_events type-tribe_events status-publish tribe_events_cat-programme tribe_events_cat-conseillere-pour-les-missions cat_programme cat_conseillere-pour-les-missions\"  data-event-id=\"150895\">\n\t\t<div class=\"tribe-events-calendar-month__multiday-event-hidden\">\n\t<time\n\tdatetime=\"2026-05-11\"\n\tclass=\"tribe-common-a11y-visual-hide\"\n>\n\t2026-05-11<\/time>\n\t<a\n\thref=\"https:\/\/www.cgfmanet.org\/fr\/event\/esercizi-spirituali-per-le-partecipanti-al-corso-di-formazione-permanente-missionaria-e-le-neo-missionarie-a-mornese-2\/\"\n\tclass=\"tribe-events-calendar-month__multiday-event-hidden-link\"\n\tdata-js=\"tribe-events-tooltip\"\n\tdata-tooltip-content=\"#tribe-events-tooltip-content-150895\"\n\taria-describedby=\"tribe-events-tooltip-content-150895\"\n>\n\t\t<div class=\"tribe-events-calendar-month__multiday-event-hidden-title tribe-common-h8\">\n\tEsercizi Spirituali per le partecipanti al Corso di Formazione Permanente Missionaria e le neo missionarie, a Mornese.<\/div>\n<\/a>\n<\/div>\n\t\t\t<\/article>\n<\/div>\n\n\n\t\t\t<\/div>\n\n\t\n<\/div>\n<\/td>\n\n\t\t\t\n\t\t\t\t<td\n\t class=\"tribe-events-calendar-month__day\" \taria-labelledby=\"tribe-events-calendar-day-2026-05-14\"\n\tdata-js=\"tribe-events-month-grid-cell\"\n>\n\t<button\n\taria-expanded=\"false\"\n\taria-controls=\"tribe-events-calendar-mobile-day-2026-05-14\"\n\taria-label=\"mai 14, 5 \u00e9v\u00e8nements, upcoming day\"\n\t class=\"tribe-events-calendar-month__day-cell tribe-events-calendar-month__day-cell--mobile\" \tdata-js=\"tribe-events-calendar-month-day-cell-mobile\"\n>\n\t<h3 class=\"tribe-events-calendar-month__day-date tribe-common-h6 tribe-common-h--alt\">\n\t\t<span class=\"tribe-common-a11y-visual-hide\">\n\t\t\t5 \u00e9v\u00e8nements\t\t<\/span>\n\t\t<time\n\t\t\tclass=\"tribe-events-calendar-month__day-date-daynum\"\n\t\t\tdatetime=\"2026-05-14\"\n\t\t>\n\t\t\t14\t\t<\/time>\n\t<\/h3>\n\t\n\t<span class=\"tribe-events-calendar-month__mobile-events-icon tribe-events-calendar-month__mobile-events-icon--event\" >\n\t<\/span>\n<\/button>\n\t\n<div\n\tid=\"tribe-events-calendar-day-2026-05-14\"\n\tclass=\"tribe-events-calendar-month__day-cell tribe-events-calendar-month__day-cell--desktop tribe-common-a11y-hidden\"\n>\n\t\n<h3 class=\"tribe-events-calendar-month__day-date tribe-common-h4\">\n\t<span class=\"tribe-common-a11y-visual-hide\">\n\t\t5 \u00e9v\u00e8nements,\n\t<\/span>\n\t<time\n\t\tclass=\"tribe-events-calendar-month__day-date-daynum\"\n\t\tdatetime=\"2026-05-14\"\n\t>\n\t\t\t\t\t<a\n\t\t\t\thref=\"https:\/\/www.cgfmanet.org\/fr\/\u00e9v\u00e9nements\/2026-05-14\/?shortcode=tribe-widget-events-month-16\"\n\t\t\t\tclass=\"tribe-events-calendar-month__day-date-link\"\n\t\t\t\tdata-js=\"tribe-events-view-link\"\n\t\t\t\taria-label=\"14 mai\"\n\t\t\t>\n\t\t\t\t14\t\t\t<\/a>\n\t\t\t<\/time>\n<\/h3>\n\n\t<div class=\"tribe-events-calendar-month__events\">\n\t\t\n\t<div class=\"tribe-events-calendar-month__multiday-event-wrapper\">\n\t<article  class=\"tribe-events-calendar-month__multiday-event post-155280 tribe_events type-tribe_events status-publish tribe_events_cat-programme tribe_events_cat-mere-generale cat_programme cat_mere-generale\"  data-event-id=\"155280\">\n\t\t<div class=\"tribe-events-calendar-month__multiday-event-hidden\">\n\t<time\n\tdatetime=\"2026-05-08\"\n\tclass=\"tribe-common-a11y-visual-hide\"\n>\n\t2026-05-08<\/time>\n\t<a\n\thref=\"https:\/\/www.cgfmanet.org\/fr\/event\/la-madre-partecipa-alle-celebrazione-del-centenario-della-presenza-delle-fma-dellispettoria-nostra-signora-dafrica-afc-a-lubumbashi-repubblica-democratica-del-c\/\"\n\tclass=\"tribe-events-calendar-month__multiday-event-hidden-link\"\n\tdata-js=\"tribe-events-tooltip\"\n\tdata-tooltip-content=\"#tribe-events-tooltip-content-155280\"\n\taria-describedby=\"tribe-events-tooltip-content-155280\"\n>\n\t\t<div class=\"tribe-events-calendar-month__multiday-event-hidden-title tribe-common-h8\">\n\tLa Madre partecipa alle Celebrazione del Centenario della presenza delle FMA dell\u2019Ispettoria \u201cNostra Signora d\u2019Africa\u201d (AFC). A Lubumbashi, Repubblica Democratica del Congo.<\/div>\n<\/a>\n<\/div>\n\t\t\t<\/article>\n<\/div>\n\n\t<div class=\"tribe-events-calendar-month__multiday-event-wrapper\">\n\t<article  class=\"tribe-events-calendar-month__multiday-event post-150895 tribe_events type-tribe_events status-publish tribe_events_cat-programme tribe_events_cat-conseillere-pour-les-missions cat_programme cat_conseillere-pour-les-missions\"  data-event-id=\"150895\">\n\t\t<div class=\"tribe-events-calendar-month__multiday-event-hidden\">\n\t<time\n\tdatetime=\"2026-05-11\"\n\tclass=\"tribe-common-a11y-visual-hide\"\n>\n\t2026-05-11<\/time>\n\t<a\n\thref=\"https:\/\/www.cgfmanet.org\/fr\/event\/esercizi-spirituali-per-le-partecipanti-al-corso-di-formazione-permanente-missionaria-e-le-neo-missionarie-a-mornese-2\/\"\n\tclass=\"tribe-events-calendar-month__multiday-event-hidden-link\"\n\tdata-js=\"tribe-events-tooltip\"\n\tdata-tooltip-content=\"#tribe-events-tooltip-content-150895\"\n\taria-describedby=\"tribe-events-tooltip-content-150895\"\n>\n\t\t<div class=\"tribe-events-calendar-month__multiday-event-hidden-title tribe-common-h8\">\n\tEsercizi Spirituali per le partecipanti al Corso di Formazione Permanente Missionaria e le neo missionarie, a Mornese.<\/div>\n<\/a>\n<\/div>\n\t\t\t<\/article>\n<\/div>\n\n\t<div class=\"tribe-events-calendar-month__multiday-event-wrapper\">\n\t<article  class=\"tribe-events-calendar-month__multiday-event post-154047 tribe_events type-tribe_events status-publish tribe_events_cat-programme tribe_events_cat-sr-maria-assunta-sumiko-inoue-fr-2 tribe_events_cat-visitatrice cat_programme cat_sr-maria-assunta-sumiko-inoue-fr-2 cat_visitatrice tribe-events-calendar-month__multiday-event--width-1 tribe-events-calendar-month__multiday-event--display tribe-events-calendar-month__multiday-event--start tribe-events-calendar-month__multiday-event--end\"  data-event-id=\"154047\">\n\t\t<div class=\"tribe-events-calendar-month__multiday-event-hidden\">\n\t<time\n\tdatetime=\"2026-05-14\"\n\tclass=\"tribe-common-a11y-visual-hide\"\n>\n\t2026-05-14<\/time>\n\t<a\n\thref=\"https:\/\/www.cgfmanet.org\/fr\/event\/suor-maria-assunta-sumiko-inoue-termina-la-visita-canonica-allispettoria-santa-maria-domenica-mazzarello-tin-di-timor-indonesia\/\"\n\tclass=\"tribe-events-calendar-month__multiday-event-hidden-link\"\n\tdata-js=\"tribe-events-tooltip\"\n\tdata-tooltip-content=\"#tribe-events-tooltip-content-154047\"\n\taria-describedby=\"tribe-events-tooltip-content-154047\"\n>\n\t\t<div class=\"tribe-events-calendar-month__multiday-event-hidden-title tribe-common-h8\">\n\tSuor Maria Assunta Sumiko Inoue termina la Visita canonica all&rsquo;Ispettoria \u201cSanta Maria Domenica Mazzarello\u201d (TIN) di Timor-Indonesia.<\/div>\n<\/a>\n<\/div>\n\t\t<div class=\"tribe-events-calendar-month__multiday-event-bar\">\n\t<div class=\"tribe-events-calendar-month__multiday-event-bar-inner\">\n\t\t\t\t<div class=\"tribe-events-calendar-month__multiday-event-bar-title tribe-common-h8\">\n\tSuor Maria Assunta Sumiko Inoue termina la Visita canonica all&rsquo;Ispettoria \u201cSanta Maria Domenica Mazzarello\u201d (TIN) di Timor-Indonesia.<\/div>\n\t<\/div>\n<\/div>\n<div class=\"tribe-events-calendar-month__calendar-event-tooltip-template tribe-common-a11y-hidden\">\n\t<div\n\t\tclass=\"tribe-events-calendar-month__calendar-event-tooltip\"\n\t\tid=\"tribe-events-tooltip-content-154047\"\n\t\trole=\"tooltip\"\n\t>\n\t\t\t\t<div class=\"tribe-events-calendar-month__calendar-event-tooltip-datetime\">\n\t\t<time datetime=\"2026-05-14\">\n\t\t<span class=\"tribe-event-date-start\">14 mai<\/span>\t<\/time>\n\t<\/div>\n\t\t<div class=\"tribe-events-calendar-month__calendar-event-tooltip-title tribe-common-h7\">\n\t<a\n\t\thref=\"https:\/\/www.cgfmanet.org\/fr\/event\/suor-maria-assunta-sumiko-inoue-termina-la-visita-canonica-allispettoria-santa-maria-domenica-mazzarello-tin-di-timor-indonesia\/\"\n\t\ttitle=\"Suor Maria Assunta Sumiko Inoue termina la Visita canonica all&rsquo;Ispettoria \u201cSanta Maria Domenica Mazzarello\u201d (TIN) di Timor-Indonesia.\"\n\t\trel=\"bookmark\"\n\t\tclass=\"tribe-events-calendar-month__calendar-event-tooltip-title-link tribe-common-anchor-thin\"\n\t>\n\t\tSuor Maria Assunta Sumiko Inoue termina la Visita canonica all&rsquo;Ispettoria \u201cSanta Maria Domenica Mazzarello\u201d (TIN) di Timor-Indonesia.\t<\/a>\n<\/div>\n\t\t\t\t\t<\/div>\n<\/div>\n\t<\/article>\n<\/div>\n\n\t<div class=\"tribe-events-calendar-month__multiday-event-wrapper\">\n\t<article  class=\"tribe-events-calendar-month__multiday-event post-150930 tribe_events type-tribe_events status-publish tribe_events_cat-programme tribe_events_cat-sr-maria-assunta-sumiko-inoue-fr-2 tribe_events_cat-visitatrice cat_programme cat_sr-maria-assunta-sumiko-inoue-fr-2 cat_visitatrice tribe-events-calendar-month__multiday-event--width-4 tribe-events-calendar-month__multiday-event--display tribe-events-calendar-month__multiday-event--start\"  data-event-id=\"150930\">\n\t\t<div class=\"tribe-events-calendar-month__multiday-event-hidden\">\n\t<time\n\tdatetime=\"2026-05-14\"\n\tclass=\"tribe-common-a11y-visual-hide\"\n>\n\t2026-05-14<\/time>\n\t<a\n\thref=\"https:\/\/www.cgfmanet.org\/fr\/event\/suor-maria-assunta-sumiko-inoue-fa-una-visita-breve-allispettoria-santa-maria-mazzarello-tha\/\"\n\tclass=\"tribe-events-calendar-month__multiday-event-hidden-link\"\n\tdata-js=\"tribe-events-tooltip\"\n\tdata-tooltip-content=\"#tribe-events-tooltip-content-150930\"\n\taria-describedby=\"tribe-events-tooltip-content-150930\"\n>\n\t\t<div class=\"tribe-events-calendar-month__multiday-event-hidden-title tribe-common-h8\">\n\tSuor Maria Assunta Sumiko Inoue fa una Visita breve all&rsquo;Ispettoria \u201cSanta Maria Mazzarello\u201d (THA).<\/div>\n<\/a>\n<\/div>\n\t\t<div class=\"tribe-events-calendar-month__multiday-event-bar\">\n\t<div class=\"tribe-events-calendar-month__multiday-event-bar-inner\">\n\t\t\t\t<div class=\"tribe-events-calendar-month__multiday-event-bar-title tribe-common-h8\">\n\tSuor Maria Assunta Sumiko Inoue fa una Visita breve all&rsquo;Ispettoria \u201cSanta Maria Mazzarello\u201d (THA).<\/div>\n\t<\/div>\n<\/div>\n<div class=\"tribe-events-calendar-month__calendar-event-tooltip-template tribe-common-a11y-hidden\">\n\t<div\n\t\tclass=\"tribe-events-calendar-month__calendar-event-tooltip\"\n\t\tid=\"tribe-events-tooltip-content-150930\"\n\t\trole=\"tooltip\"\n\t>\n\t\t\t\t<div class=\"tribe-events-calendar-month__calendar-event-tooltip-datetime\">\n\t\t<time datetime=\"2026-05-14\">\n\t\t<span class=\"tribe-event-date-start\">14 mai<\/span> - <span class=\"tribe-event-date-end\">26 mai<\/span>\t<\/time>\n\t<\/div>\n\t\t<div class=\"tribe-events-calendar-month__calendar-event-tooltip-title tribe-common-h7\">\n\t<a\n\t\thref=\"https:\/\/www.cgfmanet.org\/fr\/event\/suor-maria-assunta-sumiko-inoue-fa-una-visita-breve-allispettoria-santa-maria-mazzarello-tha\/\"\n\t\ttitle=\"Suor Maria Assunta Sumiko Inoue fa una Visita breve all&rsquo;Ispettoria \u201cSanta Maria Mazzarello\u201d (THA).\"\n\t\trel=\"bookmark\"\n\t\tclass=\"tribe-events-calendar-month__calendar-event-tooltip-title-link tribe-common-anchor-thin\"\n\t>\n\t\tSuor Maria Assunta Sumiko Inoue fa una Visita breve all&rsquo;Ispettoria \u201cSanta Maria Mazzarello\u201d (THA).\t<\/a>\n<\/div>\n\t\t\t\t\t<\/div>\n<\/div>\n\t<\/article>\n<\/div>\n\n\t<div class=\"tribe-events-calendar-month__multiday-event-wrapper\">\n\t<article  class=\"tribe-events-calendar-month__multiday-event post-156708 tribe_events type-tribe_events status-publish tribe_events_cat-programme tribe_events_cat-conseillere-pour-la-pastorale-des-jeunes cat_programme cat_conseillere-pour-la-pastorale-des-jeunes tribe-events-calendar-month__multiday-event--width-4 tribe-events-calendar-month__multiday-event--display tribe-events-calendar-month__multiday-event--start\"  data-event-id=\"156708\">\n\t\t<div class=\"tribe-events-calendar-month__multiday-event-hidden\">\n\t<time\n\tdatetime=\"2026-05-14\"\n\tclass=\"tribe-common-a11y-visual-hide\"\n>\n\t2026-05-14<\/time>\n\t<a\n\thref=\"https:\/\/www.cgfmanet.org\/fr\/event\/suor-runita-borja-partecipa-al-congresso-degli-educatori-della-conferenza-interispettoriale-ciao-sul-tema-il-patto-educativo-globale-nello-stile-salesiano-a-tokyo-in-giappone\/\"\n\tclass=\"tribe-events-calendar-month__multiday-event-hidden-link\"\n\tdata-js=\"tribe-events-tooltip\"\n\tdata-tooltip-content=\"#tribe-events-tooltip-content-156708\"\n\taria-describedby=\"tribe-events-tooltip-content-156708\"\n>\n\t\t<div class=\"tribe-events-calendar-month__multiday-event-hidden-title tribe-common-h8\">\n\tSuor Runita Borja partecipa al Congresso degli Educatori della Conferenza interispettoriale CIAO sul tema \u201cIl Patto Educativo Globale nello stile salesiano\u201d. A Tokyo, in Giappone.<\/div>\n<\/a>\n<\/div>\n\t\t<div class=\"tribe-events-calendar-month__multiday-event-bar\">\n\t<div class=\"tribe-events-calendar-month__multiday-event-bar-inner\">\n\t\t\t\t<div class=\"tribe-events-calendar-month__multiday-event-bar-title tribe-common-h8\">\n\tSuor Runita Borja partecipa al Congresso degli Educatori della Conferenza interispettoriale CIAO sul tema \u201cIl Patto Educativo Globale nello stile salesiano\u201d. A Tokyo, in Giappone.<\/div>\n\t<\/div>\n<\/div>\n<div class=\"tribe-events-calendar-month__calendar-event-tooltip-template tribe-common-a11y-hidden\">\n\t<div\n\t\tclass=\"tribe-events-calendar-month__calendar-event-tooltip\"\n\t\tid=\"tribe-events-tooltip-content-156708\"\n\t\trole=\"tooltip\"\n\t>\n\t\t\t\t<div class=\"tribe-events-calendar-month__calendar-event-tooltip-datetime\">\n\t\t<time datetime=\"2026-05-14\">\n\t\t<span class=\"tribe-event-date-start\">14 mai<\/span> - <span class=\"tribe-event-date-end\">19 mai<\/span>\t<\/time>\n\t<\/div>\n\t\t<div class=\"tribe-events-calendar-month__calendar-event-tooltip-title tribe-common-h7\">\n\t<a\n\t\thref=\"https:\/\/www.cgfmanet.org\/fr\/event\/suor-runita-borja-partecipa-al-congresso-degli-educatori-della-conferenza-interispettoriale-ciao-sul-tema-il-patto-educativo-globale-nello-stile-salesiano-a-tokyo-in-giappone\/\"\n\t\ttitle=\"Suor Runita Borja partecipa al Congresso degli Educatori della Conferenza interispettoriale CIAO sul tema \u201cIl Patto Educativo Globale nello stile salesiano\u201d. A Tokyo, in Giappone.\"\n\t\trel=\"bookmark\"\n\t\tclass=\"tribe-events-calendar-month__calendar-event-tooltip-title-link tribe-common-anchor-thin\"\n\t>\n\t\tSuor Runita Borja partecipa al Congresso degli Educatori della Conferenza interispettoriale CIAO sul tema \u201cIl Patto Educativo Globale nello stile salesiano\u201d. A Tokyo, in Giappone.\t<\/a>\n<\/div>\n\t\t\t\t\t<\/div>\n<\/div>\n\t<\/article>\n<\/div>\n\n\n\t\t\t<\/div>\n\n\t\n<\/div>\n<\/td>\n\n\t\t\t\n\t\t\t\t<td\n\t class=\"tribe-events-calendar-month__day\" \taria-labelledby=\"tribe-events-calendar-day-2026-05-15\"\n\tdata-js=\"tribe-events-month-grid-cell\"\n>\n\t<button\n\taria-expanded=\"false\"\n\taria-controls=\"tribe-events-calendar-mobile-day-2026-05-15\"\n\taria-label=\"mai 15, 5 \u00e9v\u00e8nements, upcoming day\"\n\t class=\"tribe-events-calendar-month__day-cell tribe-events-calendar-month__day-cell--mobile\" \tdata-js=\"tribe-events-calendar-month-day-cell-mobile\"\n>\n\t<h3 class=\"tribe-events-calendar-month__day-date tribe-common-h6 tribe-common-h--alt\">\n\t\t<span class=\"tribe-common-a11y-visual-hide\">\n\t\t\t5 \u00e9v\u00e8nements\t\t<\/span>\n\t\t<time\n\t\t\tclass=\"tribe-events-calendar-month__day-date-daynum\"\n\t\t\tdatetime=\"2026-05-15\"\n\t\t>\n\t\t\t15\t\t<\/time>\n\t<\/h3>\n\t\n\t<span class=\"tribe-events-calendar-month__mobile-events-icon tribe-events-calendar-month__mobile-events-icon--event\" >\n\t<\/span>\n<\/button>\n\t\n<div\n\tid=\"tribe-events-calendar-day-2026-05-15\"\n\tclass=\"tribe-events-calendar-month__day-cell tribe-events-calendar-month__day-cell--desktop tribe-common-a11y-hidden\"\n>\n\t\n<h3 class=\"tribe-events-calendar-month__day-date tribe-common-h4\">\n\t<span class=\"tribe-common-a11y-visual-hide\">\n\t\t5 \u00e9v\u00e8nements,\n\t<\/span>\n\t<time\n\t\tclass=\"tribe-events-calendar-month__day-date-daynum\"\n\t\tdatetime=\"2026-05-15\"\n\t>\n\t\t\t\t\t<a\n\t\t\t\thref=\"https:\/\/www.cgfmanet.org\/fr\/\u00e9v\u00e9nements\/2026-05-15\/?shortcode=tribe-widget-events-month-16\"\n\t\t\t\tclass=\"tribe-events-calendar-month__day-date-link\"\n\t\t\t\tdata-js=\"tribe-events-view-link\"\n\t\t\t\taria-label=\"15 mai\"\n\t\t\t>\n\t\t\t\t15\t\t\t<\/a>\n\t\t\t<\/time>\n<\/h3>\n\n\t<div class=\"tribe-events-calendar-month__events\">\n\t\t\n\t<div class=\"tribe-events-calendar-month__multiday-event-wrapper\">\n\t<article  class=\"tribe-events-calendar-month__multiday-event post-155280 tribe_events type-tribe_events status-publish tribe_events_cat-programme tribe_events_cat-mere-generale cat_programme cat_mere-generale\"  data-event-id=\"155280\">\n\t\t<div class=\"tribe-events-calendar-month__multiday-event-hidden\">\n\t<time\n\tdatetime=\"2026-05-08\"\n\tclass=\"tribe-common-a11y-visual-hide\"\n>\n\t2026-05-08<\/time>\n\t<a\n\thref=\"https:\/\/www.cgfmanet.org\/fr\/event\/la-madre-partecipa-alle-celebrazione-del-centenario-della-presenza-delle-fma-dellispettoria-nostra-signora-dafrica-afc-a-lubumbashi-repubblica-democratica-del-c\/\"\n\tclass=\"tribe-events-calendar-month__multiday-event-hidden-link\"\n\tdata-js=\"tribe-events-tooltip\"\n\tdata-tooltip-content=\"#tribe-events-tooltip-content-155280\"\n\taria-describedby=\"tribe-events-tooltip-content-155280\"\n>\n\t\t<div class=\"tribe-events-calendar-month__multiday-event-hidden-title tribe-common-h8\">\n\tLa Madre partecipa alle Celebrazione del Centenario della presenza delle FMA dell\u2019Ispettoria \u201cNostra Signora d\u2019Africa\u201d (AFC). A Lubumbashi, Repubblica Democratica del Congo.<\/div>\n<\/a>\n<\/div>\n\t\t\t<\/article>\n<\/div>\n\n\t<div class=\"tribe-events-calendar-month__multiday-event-wrapper\">\n\t<article  class=\"tribe-events-calendar-month__multiday-event post-150895 tribe_events type-tribe_events status-publish tribe_events_cat-programme tribe_events_cat-conseillere-pour-les-missions cat_programme cat_conseillere-pour-les-missions\"  data-event-id=\"150895\">\n\t\t<div class=\"tribe-events-calendar-month__multiday-event-hidden\">\n\t<time\n\tdatetime=\"2026-05-11\"\n\tclass=\"tribe-common-a11y-visual-hide\"\n>\n\t2026-05-11<\/time>\n\t<a\n\thref=\"https:\/\/www.cgfmanet.org\/fr\/event\/esercizi-spirituali-per-le-partecipanti-al-corso-di-formazione-permanente-missionaria-e-le-neo-missionarie-a-mornese-2\/\"\n\tclass=\"tribe-events-calendar-month__multiday-event-hidden-link\"\n\tdata-js=\"tribe-events-tooltip\"\n\tdata-tooltip-content=\"#tribe-events-tooltip-content-150895\"\n\taria-describedby=\"tribe-events-tooltip-content-150895\"\n>\n\t\t<div class=\"tribe-events-calendar-month__multiday-event-hidden-title tribe-common-h8\">\n\tEsercizi Spirituali per le partecipanti al Corso di Formazione Permanente Missionaria e le neo missionarie, a Mornese.<\/div>\n<\/a>\n<\/div>\n\t\t\t<\/article>\n<\/div>\n\n\t<div class=\"tribe-events-calendar-month__multiday-event-wrapper\">\n\t<article  class=\"tribe-events-calendar-month__multiday-event post-151116 tribe_events type-tribe_events status-publish tribe_events_cat-programme tribe_events_cat-conseillere-pour-la-famille-salesienne cat_programme cat_conseillere-pour-la-famille-salesienne tribe-events-calendar-month__multiday-event--width-1 tribe-events-calendar-month__multiday-event--display tribe-events-calendar-month__multiday-event--start tribe-events-calendar-month__multiday-event--end\"  data-event-id=\"151116\">\n\t\t<div class=\"tribe-events-calendar-month__multiday-event-hidden\">\n\t<time\n\tdatetime=\"2026-05-15\"\n\tclass=\"tribe-common-a11y-visual-hide\"\n>\n\t2026-05-15<\/time>\n\t<a\n\thref=\"https:\/\/www.cgfmanet.org\/fr\/event\/suor-leslie-sandigo-insieme-alle-collaboratrici-dellambito-presenta-la-famiglia-salesiana-alle-studentesse-del-corso-di-spiritualita-di-casa-madre-canta\/\"\n\tclass=\"tribe-events-calendar-month__multiday-event-hidden-link\"\n\tdata-js=\"tribe-events-tooltip\"\n\tdata-tooltip-content=\"#tribe-events-tooltip-content-151116\"\n\taria-describedby=\"tribe-events-tooltip-content-151116\"\n>\n\t\t<div class=\"tribe-events-calendar-month__multiday-event-hidden-title tribe-common-h8\">\n\tSuor Leslie S\u00e1ndigo insieme alle collaboratrici dell\u2019Ambito presenta la Famiglia Salesiana alle studentesse del Corso di Spiritualit\u00e0 di Casa Madre Canta.<\/div>\n<\/a>\n<\/div>\n\t\t<div class=\"tribe-events-calendar-month__multiday-event-bar\">\n\t<div class=\"tribe-events-calendar-month__multiday-event-bar-inner\">\n\t\t\t\t<div class=\"tribe-events-calendar-month__multiday-event-bar-title tribe-common-h8\">\n\tSuor Leslie S\u00e1ndigo insieme alle collaboratrici dell\u2019Ambito presenta la Famiglia Salesiana alle studentesse del Corso di Spiritualit\u00e0 di Casa Madre Canta.<\/div>\n\t<\/div>\n<\/div>\n<div class=\"tribe-events-calendar-month__calendar-event-tooltip-template tribe-common-a11y-hidden\">\n\t<div\n\t\tclass=\"tribe-events-calendar-month__calendar-event-tooltip\"\n\t\tid=\"tribe-events-tooltip-content-151116\"\n\t\trole=\"tooltip\"\n\t>\n\t\t\t\t<div class=\"tribe-events-calendar-month__calendar-event-tooltip-datetime\">\n\t\t<time datetime=\"2026-05-15\">\n\t\t<span class=\"tribe-event-date-start\">15 mai<\/span>\t<\/time>\n\t<\/div>\n\t\t<div class=\"tribe-events-calendar-month__calendar-event-tooltip-title tribe-common-h7\">\n\t<a\n\t\thref=\"https:\/\/www.cgfmanet.org\/fr\/event\/suor-leslie-sandigo-insieme-alle-collaboratrici-dellambito-presenta-la-famiglia-salesiana-alle-studentesse-del-corso-di-spiritualita-di-casa-madre-canta\/\"\n\t\ttitle=\"Suor Leslie S\u00e1ndigo insieme alle collaboratrici dell\u2019Ambito presenta la Famiglia Salesiana alle studentesse del Corso di Spiritualit\u00e0 di Casa Madre Canta.\"\n\t\trel=\"bookmark\"\n\t\tclass=\"tribe-events-calendar-month__calendar-event-tooltip-title-link tribe-common-anchor-thin\"\n\t>\n\t\tSuor Leslie S\u00e1ndigo insieme alle collaboratrici dell\u2019Ambito presenta la Famiglia Salesiana alle studentesse del Corso di Spiritualit\u00e0 di Casa Madre Canta.\t<\/a>\n<\/div>\n\t\t\t\t\t<\/div>\n<\/div>\n\t<\/article>\n<\/div>\n\n\t<div class=\"tribe-events-calendar-month__multiday-event-wrapper\">\n\t<article  class=\"tribe-events-calendar-month__multiday-event post-150930 tribe_events type-tribe_events status-publish tribe_events_cat-programme tribe_events_cat-sr-maria-assunta-sumiko-inoue-fr-2 tribe_events_cat-visitatrice cat_programme cat_sr-maria-assunta-sumiko-inoue-fr-2 cat_visitatrice\"  data-event-id=\"150930\">\n\t\t<div class=\"tribe-events-calendar-month__multiday-event-hidden\">\n\t<time\n\tdatetime=\"2026-05-14\"\n\tclass=\"tribe-common-a11y-visual-hide\"\n>\n\t2026-05-14<\/time>\n\t<a\n\thref=\"https:\/\/www.cgfmanet.org\/fr\/event\/suor-maria-assunta-sumiko-inoue-fa-una-visita-breve-allispettoria-santa-maria-mazzarello-tha\/\"\n\tclass=\"tribe-events-calendar-month__multiday-event-hidden-link\"\n\tdata-js=\"tribe-events-tooltip\"\n\tdata-tooltip-content=\"#tribe-events-tooltip-content-150930\"\n\taria-describedby=\"tribe-events-tooltip-content-150930\"\n>\n\t\t<div class=\"tribe-events-calendar-month__multiday-event-hidden-title tribe-common-h8\">\n\tSuor Maria Assunta Sumiko Inoue fa una Visita breve all&rsquo;Ispettoria \u201cSanta Maria Mazzarello\u201d (THA).<\/div>\n<\/a>\n<\/div>\n\t\t\t<\/article>\n<\/div>\n\n\t<div class=\"tribe-events-calendar-month__multiday-event-wrapper\">\n\t<article  class=\"tribe-events-calendar-month__multiday-event post-156708 tribe_events type-tribe_events status-publish tribe_events_cat-programme tribe_events_cat-conseillere-pour-la-pastorale-des-jeunes cat_programme cat_conseillere-pour-la-pastorale-des-jeunes\"  data-event-id=\"156708\">\n\t\t<div class=\"tribe-events-calendar-month__multiday-event-hidden\">\n\t<time\n\tdatetime=\"2026-05-14\"\n\tclass=\"tribe-common-a11y-visual-hide\"\n>\n\t2026-05-14<\/time>\n\t<a\n\thref=\"https:\/\/www.cgfmanet.org\/fr\/event\/suor-runita-borja-partecipa-al-congresso-degli-educatori-della-conferenza-interispettoriale-ciao-sul-tema-il-patto-educativo-globale-nello-stile-salesiano-a-tokyo-in-giappone\/\"\n\tclass=\"tribe-events-calendar-month__multiday-event-hidden-link\"\n\tdata-js=\"tribe-events-tooltip\"\n\tdata-tooltip-content=\"#tribe-events-tooltip-content-156708\"\n\taria-describedby=\"tribe-events-tooltip-content-156708\"\n>\n\t\t<div class=\"tribe-events-calendar-month__multiday-event-hidden-title tribe-common-h8\">\n\tSuor Runita Borja partecipa al Congresso degli Educatori della Conferenza interispettoriale CIAO sul tema \u201cIl Patto Educativo Globale nello stile salesiano\u201d. A Tokyo, in Giappone.<\/div>\n<\/a>\n<\/div>\n\t\t\t<\/article>\n<\/div>\n\n\n\t\t\t<\/div>\n\n\t\n<\/div>\n<\/td>\n\n\t\t\t\n\t\t\t\t<td\n\t class=\"tribe-events-calendar-month__day\" \taria-labelledby=\"tribe-events-calendar-day-2026-05-16\"\n\tdata-js=\"tribe-events-month-grid-cell\"\n>\n\t<button\n\taria-expanded=\"false\"\n\taria-controls=\"tribe-events-calendar-mobile-day-2026-05-16\"\n\taria-label=\"mai 16, 4 \u00e9v\u00e8nements, upcoming day\"\n\t class=\"tribe-events-calendar-month__day-cell tribe-events-calendar-month__day-cell--mobile\" \tdata-js=\"tribe-events-calendar-month-day-cell-mobile\"\n>\n\t<h3 class=\"tribe-events-calendar-month__day-date tribe-common-h6 tribe-common-h--alt\">\n\t\t<span class=\"tribe-common-a11y-visual-hide\">\n\t\t\t4 \u00e9v\u00e8nements\t\t<\/span>\n\t\t<time\n\t\t\tclass=\"tribe-events-calendar-month__day-date-daynum\"\n\t\t\tdatetime=\"2026-05-16\"\n\t\t>\n\t\t\t16\t\t<\/time>\n\t<\/h3>\n\t\n\t<span class=\"tribe-events-calendar-month__mobile-events-icon tribe-events-calendar-month__mobile-events-icon--event\" >\n\t<\/span>\n<\/button>\n\t\n<div\n\tid=\"tribe-events-calendar-day-2026-05-16\"\n\tclass=\"tribe-events-calendar-month__day-cell tribe-events-calendar-month__day-cell--desktop tribe-common-a11y-hidden\"\n>\n\t\n<h3 class=\"tribe-events-calendar-month__day-date tribe-common-h4\">\n\t<span class=\"tribe-common-a11y-visual-hide\">\n\t\t4 \u00e9v\u00e8nements,\n\t<\/span>\n\t<time\n\t\tclass=\"tribe-events-calendar-month__day-date-daynum\"\n\t\tdatetime=\"2026-05-16\"\n\t>\n\t\t\t\t\t<a\n\t\t\t\thref=\"https:\/\/www.cgfmanet.org\/fr\/\u00e9v\u00e9nements\/2026-05-16\/?shortcode=tribe-widget-events-month-16\"\n\t\t\t\tclass=\"tribe-events-calendar-month__day-date-link\"\n\t\t\t\tdata-js=\"tribe-events-view-link\"\n\t\t\t\taria-label=\"16 mai\"\n\t\t\t>\n\t\t\t\t16\t\t\t<\/a>\n\t\t\t<\/time>\n<\/h3>\n\n\t<div class=\"tribe-events-calendar-month__events\">\n\t\t\n\t<div class=\"tribe-events-calendar-month__multiday-event-wrapper\">\n\t<article  class=\"tribe-events-calendar-month__multiday-event post-155280 tribe_events type-tribe_events status-publish tribe_events_cat-programme tribe_events_cat-mere-generale cat_programme cat_mere-generale\"  data-event-id=\"155280\">\n\t\t<div class=\"tribe-events-calendar-month__multiday-event-hidden\">\n\t<time\n\tdatetime=\"2026-05-08\"\n\tclass=\"tribe-common-a11y-visual-hide\"\n>\n\t2026-05-08<\/time>\n\t<a\n\thref=\"https:\/\/www.cgfmanet.org\/fr\/event\/la-madre-partecipa-alle-celebrazione-del-centenario-della-presenza-delle-fma-dellispettoria-nostra-signora-dafrica-afc-a-lubumbashi-repubblica-democratica-del-c\/\"\n\tclass=\"tribe-events-calendar-month__multiday-event-hidden-link\"\n\tdata-js=\"tribe-events-tooltip\"\n\tdata-tooltip-content=\"#tribe-events-tooltip-content-155280\"\n\taria-describedby=\"tribe-events-tooltip-content-155280\"\n>\n\t\t<div class=\"tribe-events-calendar-month__multiday-event-hidden-title tribe-common-h8\">\n\tLa Madre partecipa alle Celebrazione del Centenario della presenza delle FMA dell\u2019Ispettoria \u201cNostra Signora d\u2019Africa\u201d (AFC). A Lubumbashi, Repubblica Democratica del Congo.<\/div>\n<\/a>\n<\/div>\n\t\t\t<\/article>\n<\/div>\n\n\t<div class=\"tribe-events-calendar-month__multiday-event-wrapper\">\n\t<article  class=\"tribe-events-calendar-month__multiday-event post-150895 tribe_events type-tribe_events status-publish tribe_events_cat-programme tribe_events_cat-conseillere-pour-les-missions cat_programme cat_conseillere-pour-les-missions\"  data-event-id=\"150895\">\n\t\t<div class=\"tribe-events-calendar-month__multiday-event-hidden\">\n\t<time\n\tdatetime=\"2026-05-11\"\n\tclass=\"tribe-common-a11y-visual-hide\"\n>\n\t2026-05-11<\/time>\n\t<a\n\thref=\"https:\/\/www.cgfmanet.org\/fr\/event\/esercizi-spirituali-per-le-partecipanti-al-corso-di-formazione-permanente-missionaria-e-le-neo-missionarie-a-mornese-2\/\"\n\tclass=\"tribe-events-calendar-month__multiday-event-hidden-link\"\n\tdata-js=\"tribe-events-tooltip\"\n\tdata-tooltip-content=\"#tribe-events-tooltip-content-150895\"\n\taria-describedby=\"tribe-events-tooltip-content-150895\"\n>\n\t\t<div class=\"tribe-events-calendar-month__multiday-event-hidden-title tribe-common-h8\">\n\tEsercizi Spirituali per le partecipanti al Corso di Formazione Permanente Missionaria e le neo missionarie, a Mornese.<\/div>\n<\/a>\n<\/div>\n\t\t\t<\/article>\n<\/div>\n\n\t<div class=\"tribe-events-calendar-month__multiday-event-wrapper tribe-events-calendar-month__multiday-event--empty\"><\/div>\n\t<div class=\"tribe-events-calendar-month__multiday-event-wrapper\">\n\t<article  class=\"tribe-events-calendar-month__multiday-event post-150930 tribe_events type-tribe_events status-publish tribe_events_cat-programme tribe_events_cat-sr-maria-assunta-sumiko-inoue-fr-2 tribe_events_cat-visitatrice cat_programme cat_sr-maria-assunta-sumiko-inoue-fr-2 cat_visitatrice\"  data-event-id=\"150930\">\n\t\t<div class=\"tribe-events-calendar-month__multiday-event-hidden\">\n\t<time\n\tdatetime=\"2026-05-14\"\n\tclass=\"tribe-common-a11y-visual-hide\"\n>\n\t2026-05-14<\/time>\n\t<a\n\thref=\"https:\/\/www.cgfmanet.org\/fr\/event\/suor-maria-assunta-sumiko-inoue-fa-una-visita-breve-allispettoria-santa-maria-mazzarello-tha\/\"\n\tclass=\"tribe-events-calendar-month__multiday-event-hidden-link\"\n\tdata-js=\"tribe-events-tooltip\"\n\tdata-tooltip-content=\"#tribe-events-tooltip-content-150930\"\n\taria-describedby=\"tribe-events-tooltip-content-150930\"\n>\n\t\t<div class=\"tribe-events-calendar-month__multiday-event-hidden-title tribe-common-h8\">\n\tSuor Maria Assunta Sumiko Inoue fa una Visita breve all&rsquo;Ispettoria \u201cSanta Maria Mazzarello\u201d (THA).<\/div>\n<\/a>\n<\/div>\n\t\t\t<\/article>\n<\/div>\n\n\t<div class=\"tribe-events-calendar-month__multiday-event-wrapper\">\n\t<article  class=\"tribe-events-calendar-month__multiday-event post-156708 tribe_events type-tribe_events status-publish tribe_events_cat-programme tribe_events_cat-conseillere-pour-la-pastorale-des-jeunes cat_programme cat_conseillere-pour-la-pastorale-des-jeunes\"  data-event-id=\"156708\">\n\t\t<div class=\"tribe-events-calendar-month__multiday-event-hidden\">\n\t<time\n\tdatetime=\"2026-05-14\"\n\tclass=\"tribe-common-a11y-visual-hide\"\n>\n\t2026-05-14<\/time>\n\t<a\n\thref=\"https:\/\/www.cgfmanet.org\/fr\/event\/suor-runita-borja-partecipa-al-congresso-degli-educatori-della-conferenza-interispettoriale-ciao-sul-tema-il-patto-educativo-globale-nello-stile-salesiano-a-tokyo-in-giappone\/\"\n\tclass=\"tribe-events-calendar-month__multiday-event-hidden-link\"\n\tdata-js=\"tribe-events-tooltip\"\n\tdata-tooltip-content=\"#tribe-events-tooltip-content-156708\"\n\taria-describedby=\"tribe-events-tooltip-content-156708\"\n>\n\t\t<div class=\"tribe-events-calendar-month__multiday-event-hidden-title tribe-common-h8\">\n\tSuor Runita Borja partecipa al Congresso degli Educatori della Conferenza interispettoriale CIAO sul tema \u201cIl Patto Educativo Globale nello stile salesiano\u201d. A Tokyo, in Giappone.<\/div>\n<\/a>\n<\/div>\n\t\t\t<\/article>\n<\/div>\n\n\n\t\t\t<\/div>\n\n\t\n<\/div>\n<\/td>\n\n\t\t\t\n\t\t\t\t<td\n\t class=\"tribe-events-calendar-month__day\" \taria-labelledby=\"tribe-events-calendar-day-2026-05-17\"\n\tdata-js=\"tribe-events-month-grid-cell\"\n>\n\t<button\n\taria-expanded=\"false\"\n\taria-controls=\"tribe-events-calendar-mobile-day-2026-05-17\"\n\taria-label=\"mai 17, 4 \u00e9v\u00e8nements, upcoming day\"\n\t class=\"tribe-events-calendar-month__day-cell tribe-events-calendar-month__day-cell--mobile\" \tdata-js=\"tribe-events-calendar-month-day-cell-mobile\"\n>\n\t<h3 class=\"tribe-events-calendar-month__day-date tribe-common-h6 tribe-common-h--alt\">\n\t\t<span class=\"tribe-common-a11y-visual-hide\">\n\t\t\t4 \u00e9v\u00e8nements\t\t<\/span>\n\t\t<time\n\t\t\tclass=\"tribe-events-calendar-month__day-date-daynum\"\n\t\t\tdatetime=\"2026-05-17\"\n\t\t>\n\t\t\t17\t\t<\/time>\n\t<\/h3>\n\t\n\t<span class=\"tribe-events-calendar-month__mobile-events-icon tribe-events-calendar-month__mobile-events-icon--event\" >\n\t<\/span>\n<\/button>\n\t\n<div\n\tid=\"tribe-events-calendar-day-2026-05-17\"\n\tclass=\"tribe-events-calendar-month__day-cell tribe-events-calendar-month__day-cell--desktop tribe-common-a11y-hidden\"\n>\n\t\n<h3 class=\"tribe-events-calendar-month__day-date tribe-common-h4\">\n\t<span class=\"tribe-common-a11y-visual-hide\">\n\t\t4 \u00e9v\u00e8nements,\n\t<\/span>\n\t<time\n\t\tclass=\"tribe-events-calendar-month__day-date-daynum\"\n\t\tdatetime=\"2026-05-17\"\n\t>\n\t\t\t\t\t<a\n\t\t\t\thref=\"https:\/\/www.cgfmanet.org\/fr\/\u00e9v\u00e9nements\/2026-05-17\/?shortcode=tribe-widget-events-month-16\"\n\t\t\t\tclass=\"tribe-events-calendar-month__day-date-link\"\n\t\t\t\tdata-js=\"tribe-events-view-link\"\n\t\t\t\taria-label=\"17 mai\"\n\t\t\t>\n\t\t\t\t17\t\t\t<\/a>\n\t\t\t<\/time>\n<\/h3>\n\n\t<div class=\"tribe-events-calendar-month__events\">\n\t\t\n\t<div class=\"tribe-events-calendar-month__multiday-event-wrapper\">\n\t<article  class=\"tribe-events-calendar-month__multiday-event post-155280 tribe_events type-tribe_events status-publish tribe_events_cat-programme tribe_events_cat-mere-generale cat_programme cat_mere-generale\"  data-event-id=\"155280\">\n\t\t<div class=\"tribe-events-calendar-month__multiday-event-hidden\">\n\t<time\n\tdatetime=\"2026-05-08\"\n\tclass=\"tribe-common-a11y-visual-hide\"\n>\n\t2026-05-08<\/time>\n\t<a\n\thref=\"https:\/\/www.cgfmanet.org\/fr\/event\/la-madre-partecipa-alle-celebrazione-del-centenario-della-presenza-delle-fma-dellispettoria-nostra-signora-dafrica-afc-a-lubumbashi-repubblica-democratica-del-c\/\"\n\tclass=\"tribe-events-calendar-month__multiday-event-hidden-link\"\n\tdata-js=\"tribe-events-tooltip\"\n\tdata-tooltip-content=\"#tribe-events-tooltip-content-155280\"\n\taria-describedby=\"tribe-events-tooltip-content-155280\"\n>\n\t\t<div class=\"tribe-events-calendar-month__multiday-event-hidden-title tribe-common-h8\">\n\tLa Madre partecipa alle Celebrazione del Centenario della presenza delle FMA dell\u2019Ispettoria \u201cNostra Signora d\u2019Africa\u201d (AFC). A Lubumbashi, Repubblica Democratica del Congo.<\/div>\n<\/a>\n<\/div>\n\t\t\t<\/article>\n<\/div>\n\n\t<div class=\"tribe-events-calendar-month__multiday-event-wrapper\">\n\t<article  class=\"tribe-events-calendar-month__multiday-event post-150895 tribe_events type-tribe_events status-publish tribe_events_cat-programme tribe_events_cat-conseillere-pour-les-missions cat_programme cat_conseillere-pour-les-missions\"  data-event-id=\"150895\">\n\t\t<div class=\"tribe-events-calendar-month__multiday-event-hidden\">\n\t<time\n\tdatetime=\"2026-05-11\"\n\tclass=\"tribe-common-a11y-visual-hide\"\n>\n\t2026-05-11<\/time>\n\t<a\n\thref=\"https:\/\/www.cgfmanet.org\/fr\/event\/esercizi-spirituali-per-le-partecipanti-al-corso-di-formazione-permanente-missionaria-e-le-neo-missionarie-a-mornese-2\/\"\n\tclass=\"tribe-events-calendar-month__multiday-event-hidden-link\"\n\tdata-js=\"tribe-events-tooltip\"\n\tdata-tooltip-content=\"#tribe-events-tooltip-content-150895\"\n\taria-describedby=\"tribe-events-tooltip-content-150895\"\n>\n\t\t<div class=\"tribe-events-calendar-month__multiday-event-hidden-title tribe-common-h8\">\n\tEsercizi Spirituali per le partecipanti al Corso di Formazione Permanente Missionaria e le neo missionarie, a Mornese.<\/div>\n<\/a>\n<\/div>\n\t\t\t<\/article>\n<\/div>\n\n\t<div class=\"tribe-events-calendar-month__multiday-event-wrapper tribe-events-calendar-month__multiday-event--empty\"><\/div>\n\t<div class=\"tribe-events-calendar-month__multiday-event-wrapper\">\n\t<article  class=\"tribe-events-calendar-month__multiday-event post-150930 tribe_events type-tribe_events status-publish tribe_events_cat-programme tribe_events_cat-sr-maria-assunta-sumiko-inoue-fr-2 tribe_events_cat-visitatrice cat_programme cat_sr-maria-assunta-sumiko-inoue-fr-2 cat_visitatrice\"  data-event-id=\"150930\">\n\t\t<div class=\"tribe-events-calendar-month__multiday-event-hidden\">\n\t<time\n\tdatetime=\"2026-05-14\"\n\tclass=\"tribe-common-a11y-visual-hide\"\n>\n\t2026-05-14<\/time>\n\t<a\n\thref=\"https:\/\/www.cgfmanet.org\/fr\/event\/suor-maria-assunta-sumiko-inoue-fa-una-visita-breve-allispettoria-santa-maria-mazzarello-tha\/\"\n\tclass=\"tribe-events-calendar-month__multiday-event-hidden-link\"\n\tdata-js=\"tribe-events-tooltip\"\n\tdata-tooltip-content=\"#tribe-events-tooltip-content-150930\"\n\taria-describedby=\"tribe-events-tooltip-content-150930\"\n>\n\t\t<div class=\"tribe-events-calendar-month__multiday-event-hidden-title tribe-common-h8\">\n\tSuor Maria Assunta Sumiko Inoue fa una Visita breve all&rsquo;Ispettoria \u201cSanta Maria Mazzarello\u201d (THA).<\/div>\n<\/a>\n<\/div>\n\t\t\t<\/article>\n<\/div>\n\n\t<div class=\"tribe-events-calendar-month__multiday-event-wrapper\">\n\t<article  class=\"tribe-events-calendar-month__multiday-event post-156708 tribe_events type-tribe_events status-publish tribe_events_cat-programme tribe_events_cat-conseillere-pour-la-pastorale-des-jeunes cat_programme cat_conseillere-pour-la-pastorale-des-jeunes\"  data-event-id=\"156708\">\n\t\t<div class=\"tribe-events-calendar-month__multiday-event-hidden\">\n\t<time\n\tdatetime=\"2026-05-14\"\n\tclass=\"tribe-common-a11y-visual-hide\"\n>\n\t2026-05-14<\/time>\n\t<a\n\thref=\"https:\/\/www.cgfmanet.org\/fr\/event\/suor-runita-borja-partecipa-al-congresso-degli-educatori-della-conferenza-interispettoriale-ciao-sul-tema-il-patto-educativo-globale-nello-stile-salesiano-a-tokyo-in-giappone\/\"\n\tclass=\"tribe-events-calendar-month__multiday-event-hidden-link\"\n\tdata-js=\"tribe-events-tooltip\"\n\tdata-tooltip-content=\"#tribe-events-tooltip-content-156708\"\n\taria-describedby=\"tribe-events-tooltip-content-156708\"\n>\n\t\t<div class=\"tribe-events-calendar-month__multiday-event-hidden-title tribe-common-h8\">\n\tSuor Runita Borja partecipa al Congresso degli Educatori della Conferenza interispettoriale CIAO sul tema \u201cIl Patto Educativo Globale nello stile salesiano\u201d. A Tokyo, in Giappone.<\/div>\n<\/a>\n<\/div>\n\t\t\t<\/article>\n<\/div>\n\n\n\t\t\t<\/div>\n\n\t\n<\/div>\n<\/td>\n\n\t\t\t\t\t<\/tr>\n\t\t\t<tr class=\"tribe-events-calendar-month__week\" data-js=\"tribe-events-month-grid-row\">\n\t\t\t\n\t\t\t\t<td\n\t class=\"tribe-events-calendar-month__day\" \taria-labelledby=\"tribe-events-calendar-day-2026-05-18\"\n\tdata-js=\"tribe-events-month-grid-cell\"\n>\n\t<button\n\taria-expanded=\"false\"\n\taria-controls=\"tribe-events-calendar-mobile-day-2026-05-18\"\n\taria-label=\"mai 18, 5 \u00e9v\u00e8nements, upcoming day\"\n\t class=\"tribe-events-calendar-month__day-cell tribe-events-calendar-month__day-cell--mobile\" \tdata-js=\"tribe-events-calendar-month-day-cell-mobile\"\n>\n\t<h3 class=\"tribe-events-calendar-month__day-date tribe-common-h6 tribe-common-h--alt\">\n\t\t<span class=\"tribe-common-a11y-visual-hide\">\n\t\t\t5 \u00e9v\u00e8nements\t\t<\/span>\n\t\t<time\n\t\t\tclass=\"tribe-events-calendar-month__day-date-daynum\"\n\t\t\tdatetime=\"2026-05-18\"\n\t\t>\n\t\t\t18\t\t<\/time>\n\t<\/h3>\n\t\n\t<span class=\"tribe-events-calendar-month__mobile-events-icon tribe-events-calendar-month__mobile-events-icon--event\" >\n\t<\/span>\n<\/button>\n\t\n<div\n\tid=\"tribe-events-calendar-day-2026-05-18\"\n\tclass=\"tribe-events-calendar-month__day-cell tribe-events-calendar-month__day-cell--desktop tribe-common-a11y-hidden\"\n>\n\t\n<h3 class=\"tribe-events-calendar-month__day-date tribe-common-h4\">\n\t<span class=\"tribe-common-a11y-visual-hide\">\n\t\t5 \u00e9v\u00e8nements,\n\t<\/span>\n\t<time\n\t\tclass=\"tribe-events-calendar-month__day-date-daynum\"\n\t\tdatetime=\"2026-05-18\"\n\t>\n\t\t\t\t\t<a\n\t\t\t\thref=\"https:\/\/www.cgfmanet.org\/fr\/\u00e9v\u00e9nements\/2026-05-18\/?shortcode=tribe-widget-events-month-16\"\n\t\t\t\tclass=\"tribe-events-calendar-month__day-date-link\"\n\t\t\t\tdata-js=\"tribe-events-view-link\"\n\t\t\t\taria-label=\"18 mai\"\n\t\t\t>\n\t\t\t\t18\t\t\t<\/a>\n\t\t\t<\/time>\n<\/h3>\n\n\t<div class=\"tribe-events-calendar-month__events\">\n\t\t\n\t<div class=\"tribe-events-calendar-month__multiday-event-wrapper\">\n\t<article  class=\"tribe-events-calendar-month__multiday-event post-155280 tribe_events type-tribe_events status-publish tribe_events_cat-programme tribe_events_cat-mere-generale cat_programme cat_mere-generale tribe-events-calendar-month__multiday-event--width-2 tribe-events-calendar-month__multiday-event--display tribe-events-calendar-month__multiday-event--end\"  data-event-id=\"155280\">\n\t\t<div class=\"tribe-events-calendar-month__multiday-event-hidden\">\n\t<time\n\tdatetime=\"2026-05-08\"\n\tclass=\"tribe-common-a11y-visual-hide\"\n>\n\t2026-05-08<\/time>\n\t<a\n\thref=\"https:\/\/www.cgfmanet.org\/fr\/event\/la-madre-partecipa-alle-celebrazione-del-centenario-della-presenza-delle-fma-dellispettoria-nostra-signora-dafrica-afc-a-lubumbashi-repubblica-democratica-del-c\/\"\n\tclass=\"tribe-events-calendar-month__multiday-event-hidden-link\"\n\tdata-js=\"tribe-events-tooltip\"\n\tdata-tooltip-content=\"#tribe-events-tooltip-content-155280\"\n\taria-describedby=\"tribe-events-tooltip-content-155280\"\n>\n\t\t<div class=\"tribe-events-calendar-month__multiday-event-hidden-title tribe-common-h8\">\n\tLa Madre partecipa alle Celebrazione del Centenario della presenza delle FMA dell\u2019Ispettoria \u201cNostra Signora d\u2019Africa\u201d (AFC). A Lubumbashi, Repubblica Democratica del Congo.<\/div>\n<\/a>\n<\/div>\n\t\t<div class=\"tribe-events-calendar-month__multiday-event-bar\">\n\t<div class=\"tribe-events-calendar-month__multiday-event-bar-inner\">\n\t\t\t\t<div class=\"tribe-events-calendar-month__multiday-event-bar-title tribe-common-h8\">\n\tLa Madre partecipa alle Celebrazione del Centenario della presenza delle FMA dell\u2019Ispettoria \u201cNostra Signora d\u2019Africa\u201d (AFC). A Lubumbashi, Repubblica Democratica del Congo.<\/div>\n\t<\/div>\n<\/div>\n\t<\/article>\n<\/div>\n\n\t<div class=\"tribe-events-calendar-month__multiday-event-wrapper\">\n\t<article  class=\"tribe-events-calendar-month__multiday-event post-150895 tribe_events type-tribe_events status-publish tribe_events_cat-programme tribe_events_cat-conseillere-pour-les-missions cat_programme cat_conseillere-pour-les-missions tribe-events-calendar-month__multiday-event--width-1 tribe-events-calendar-month__multiday-event--display tribe-events-calendar-month__multiday-event--end\"  data-event-id=\"150895\">\n\t\t<div class=\"tribe-events-calendar-month__multiday-event-hidden\">\n\t<time\n\tdatetime=\"2026-05-11\"\n\tclass=\"tribe-common-a11y-visual-hide\"\n>\n\t2026-05-11<\/time>\n\t<a\n\thref=\"https:\/\/www.cgfmanet.org\/fr\/event\/esercizi-spirituali-per-le-partecipanti-al-corso-di-formazione-permanente-missionaria-e-le-neo-missionarie-a-mornese-2\/\"\n\tclass=\"tribe-events-calendar-month__multiday-event-hidden-link\"\n\tdata-js=\"tribe-events-tooltip\"\n\tdata-tooltip-content=\"#tribe-events-tooltip-content-150895\"\n\taria-describedby=\"tribe-events-tooltip-content-150895\"\n>\n\t\t<div class=\"tribe-events-calendar-month__multiday-event-hidden-title tribe-common-h8\">\n\tEsercizi Spirituali per le partecipanti al Corso di Formazione Permanente Missionaria e le neo missionarie, a Mornese.<\/div>\n<\/a>\n<\/div>\n\t\t<div class=\"tribe-events-calendar-month__multiday-event-bar\">\n\t<div class=\"tribe-events-calendar-month__multiday-event-bar-inner\">\n\t\t\t\t<div class=\"tribe-events-calendar-month__multiday-event-bar-title tribe-common-h8\">\n\tEsercizi Spirituali per le partecipanti al Corso di Formazione Permanente Missionaria e le neo missionarie, a Mornese.<\/div>\n\t<\/div>\n<\/div>\n\t<\/article>\n<\/div>\n\n\t<div class=\"tribe-events-calendar-month__multiday-event-wrapper\">\n\t<article  class=\"tribe-events-calendar-month__multiday-event post-150930 tribe_events type-tribe_events status-publish tribe_events_cat-programme tribe_events_cat-sr-maria-assunta-sumiko-inoue-fr-2 tribe_events_cat-visitatrice cat_programme cat_sr-maria-assunta-sumiko-inoue-fr-2 cat_visitatrice tribe-events-calendar-month__multiday-event--width-7 tribe-events-calendar-month__multiday-event--display\"  data-event-id=\"150930\">\n\t\t<div class=\"tribe-events-calendar-month__multiday-event-hidden\">\n\t<time\n\tdatetime=\"2026-05-14\"\n\tclass=\"tribe-common-a11y-visual-hide\"\n>\n\t2026-05-14<\/time>\n\t<a\n\thref=\"https:\/\/www.cgfmanet.org\/fr\/event\/suor-maria-assunta-sumiko-inoue-fa-una-visita-breve-allispettoria-santa-maria-mazzarello-tha\/\"\n\tclass=\"tribe-events-calendar-month__multiday-event-hidden-link\"\n\tdata-js=\"tribe-events-tooltip\"\n\tdata-tooltip-content=\"#tribe-events-tooltip-content-150930\"\n\taria-describedby=\"tribe-events-tooltip-content-150930\"\n>\n\t\t<div class=\"tribe-events-calendar-month__multiday-event-hidden-title tribe-common-h8\">\n\tSuor Maria Assunta Sumiko Inoue fa una Visita breve all&rsquo;Ispettoria \u201cSanta Maria Mazzarello\u201d (THA).<\/div>\n<\/a>\n<\/div>\n\t\t<div class=\"tribe-events-calendar-month__multiday-event-bar\">\n\t<div class=\"tribe-events-calendar-month__multiday-event-bar-inner\">\n\t\t\t\t<div class=\"tribe-events-calendar-month__multiday-event-bar-title tribe-common-h8\">\n\tSuor Maria Assunta Sumiko Inoue fa una Visita breve all&rsquo;Ispettoria \u201cSanta Maria Mazzarello\u201d (THA).<\/div>\n\t<\/div>\n<\/div>\n\t<\/article>\n<\/div>\n\n\t<div class=\"tribe-events-calendar-month__multiday-event-wrapper\">\n\t<article  class=\"tribe-events-calendar-month__multiday-event post-156708 tribe_events type-tribe_events status-publish tribe_events_cat-programme tribe_events_cat-conseillere-pour-la-pastorale-des-jeunes cat_programme cat_conseillere-pour-la-pastorale-des-jeunes tribe-events-calendar-month__multiday-event--width-2 tribe-events-calendar-month__multiday-event--display tribe-events-calendar-month__multiday-event--end\"  data-event-id=\"156708\">\n\t\t<div class=\"tribe-events-calendar-month__multiday-event-hidden\">\n\t<time\n\tdatetime=\"2026-05-14\"\n\tclass=\"tribe-common-a11y-visual-hide\"\n>\n\t2026-05-14<\/time>\n\t<a\n\thref=\"https:\/\/www.cgfmanet.org\/fr\/event\/suor-runita-borja-partecipa-al-congresso-degli-educatori-della-conferenza-interispettoriale-ciao-sul-tema-il-patto-educativo-globale-nello-stile-salesiano-a-tokyo-in-giappone\/\"\n\tclass=\"tribe-events-calendar-month__multiday-event-hidden-link\"\n\tdata-js=\"tribe-events-tooltip\"\n\tdata-tooltip-content=\"#tribe-events-tooltip-content-156708\"\n\taria-describedby=\"tribe-events-tooltip-content-156708\"\n>\n\t\t<div class=\"tribe-events-calendar-month__multiday-event-hidden-title tribe-common-h8\">\n\tSuor Runita Borja partecipa al Congresso degli Educatori della Conferenza interispettoriale CIAO sul tema \u201cIl Patto Educativo Globale nello stile salesiano\u201d. A Tokyo, in Giappone.<\/div>\n<\/a>\n<\/div>\n\t\t<div class=\"tribe-events-calendar-month__multiday-event-bar\">\n\t<div class=\"tribe-events-calendar-month__multiday-event-bar-inner\">\n\t\t\t\t<div class=\"tribe-events-calendar-month__multiday-event-bar-title tribe-common-h8\">\n\tSuor Runita Borja partecipa al Congresso degli Educatori della Conferenza interispettoriale CIAO sul tema \u201cIl Patto Educativo Globale nello stile salesiano\u201d. A Tokyo, in Giappone.<\/div>\n\t<\/div>\n<\/div>\n\t<\/article>\n<\/div>\n\n\t<div class=\"tribe-events-calendar-month__multiday-event-wrapper\">\n\t<article  class=\"tribe-events-calendar-month__multiday-event post-153490 tribe_events type-tribe_events status-publish tribe_events_cat-sr-jacob-celine-fr tribe_events_cat-programme tribe_events_cat-visitatrice cat_sr-jacob-celine-fr cat_programme cat_visitatrice tribe-events-calendar-month__multiday-event--width-1 tribe-events-calendar-month__multiday-event--display tribe-events-calendar-month__multiday-event--start tribe-events-calendar-month__multiday-event--end\"  data-event-id=\"153490\">\n\t\t<div class=\"tribe-events-calendar-month__multiday-event-hidden\">\n\t<time\n\tdatetime=\"2026-05-18\"\n\tclass=\"tribe-common-a11y-visual-hide\"\n>\n\t2026-05-18<\/time>\n\t<a\n\thref=\"https:\/\/www.cgfmanet.org\/fr\/event\/suor-celine-jacob-termina-la-visita-canonica-allispettoria-maria-immacolata-suo-degli-stati-uniti\/\"\n\tclass=\"tribe-events-calendar-month__multiday-event-hidden-link\"\n\tdata-js=\"tribe-events-tooltip\"\n\tdata-tooltip-content=\"#tribe-events-tooltip-content-153490\"\n\taria-describedby=\"tribe-events-tooltip-content-153490\"\n>\n\t\t<div class=\"tribe-events-calendar-month__multiday-event-hidden-title tribe-common-h8\">\n\tSuor Celine Jacob termina la Visita Canonica all&rsquo;Ispettoria \u00ab\u00a0Maria Immacolata\u00a0\u00bb (SUO) degli Stati Uniti.<\/div>\n<\/a>\n<\/div>\n\t\t<div class=\"tribe-events-calendar-month__multiday-event-bar\">\n\t<div class=\"tribe-events-calendar-month__multiday-event-bar-inner\">\n\t\t\t\t<div class=\"tribe-events-calendar-month__multiday-event-bar-title tribe-common-h8\">\n\tSuor Celine Jacob termina la Visita Canonica all&rsquo;Ispettoria \u00ab\u00a0Maria Immacolata\u00a0\u00bb (SUO) degli Stati Uniti.<\/div>\n\t<\/div>\n<\/div>\n<div class=\"tribe-events-calendar-month__calendar-event-tooltip-template tribe-common-a11y-hidden\">\n\t<div\n\t\tclass=\"tribe-events-calendar-month__calendar-event-tooltip\"\n\t\tid=\"tribe-events-tooltip-content-153490\"\n\t\trole=\"tooltip\"\n\t>\n\t\t\t\t<div class=\"tribe-events-calendar-month__calendar-event-tooltip-datetime\">\n\t\t<time datetime=\"2026-05-18\">\n\t\t<span class=\"tribe-event-date-start\">18 mai<\/span>\t<\/time>\n\t<\/div>\n\t\t<div class=\"tribe-events-calendar-month__calendar-event-tooltip-title tribe-common-h7\">\n\t<a\n\t\thref=\"https:\/\/www.cgfmanet.org\/fr\/event\/suor-celine-jacob-termina-la-visita-canonica-allispettoria-maria-immacolata-suo-degli-stati-uniti\/\"\n\t\ttitle=\"Suor Celine Jacob termina la Visita Canonica all&rsquo;Ispettoria \u00ab\u00a0Maria Immacolata\u00a0\u00bb (SUO) degli Stati Uniti.\"\n\t\trel=\"bookmark\"\n\t\tclass=\"tribe-events-calendar-month__calendar-event-tooltip-title-link tribe-common-anchor-thin\"\n\t>\n\t\tSuor Celine Jacob termina la Visita Canonica all&rsquo;Ispettoria \u00ab\u00a0Maria Immacolata\u00a0\u00bb (SUO) degli Stati Uniti.\t<\/a>\n<\/div>\n\t\t\t\t\t<\/div>\n<\/div>\n\t<\/article>\n<\/div>\n\n\n\t\t\t<\/div>\n\n\t\n<\/div>\n<\/td>\n\n\t\t\t\n\t\t\t\t<td\n\t class=\"tribe-events-calendar-month__day\" \taria-labelledby=\"tribe-events-calendar-day-2026-05-19\"\n\tdata-js=\"tribe-events-month-grid-cell\"\n>\n\t<button\n\taria-expanded=\"false\"\n\taria-controls=\"tribe-events-calendar-mobile-day-2026-05-19\"\n\taria-label=\"mai 19, 4 \u00e9v\u00e8nements, upcoming day\"\n\t class=\"tribe-events-calendar-month__day-cell tribe-events-calendar-month__day-cell--mobile\" \tdata-js=\"tribe-events-calendar-month-day-cell-mobile\"\n>\n\t<h3 class=\"tribe-events-calendar-month__day-date tribe-common-h6 tribe-common-h--alt\">\n\t\t<span class=\"tribe-common-a11y-visual-hide\">\n\t\t\t4 \u00e9v\u00e8nements\t\t<\/span>\n\t\t<time\n\t\t\tclass=\"tribe-events-calendar-month__day-date-daynum\"\n\t\t\tdatetime=\"2026-05-19\"\n\t\t>\n\t\t\t19\t\t<\/time>\n\t<\/h3>\n\t\n\t<span class=\"tribe-events-calendar-month__mobile-events-icon tribe-events-calendar-month__mobile-events-icon--event\" >\n\t<\/span>\n<\/button>\n\t\n<div\n\tid=\"tribe-events-calendar-day-2026-05-19\"\n\tclass=\"tribe-events-calendar-month__day-cell tribe-events-calendar-month__day-cell--desktop tribe-common-a11y-hidden\"\n>\n\t\n<h3 class=\"tribe-events-calendar-month__day-date tribe-common-h4\">\n\t<span class=\"tribe-common-a11y-visual-hide\">\n\t\t4 \u00e9v\u00e8nements,\n\t<\/span>\n\t<time\n\t\tclass=\"tribe-events-calendar-month__day-date-daynum\"\n\t\tdatetime=\"2026-05-19\"\n\t>\n\t\t\t\t\t<a\n\t\t\t\thref=\"https:\/\/www.cgfmanet.org\/fr\/\u00e9v\u00e9nements\/2026-05-19\/?shortcode=tribe-widget-events-month-16\"\n\t\t\t\tclass=\"tribe-events-calendar-month__day-date-link\"\n\t\t\t\tdata-js=\"tribe-events-view-link\"\n\t\t\t\taria-label=\"19 mai\"\n\t\t\t>\n\t\t\t\t19\t\t\t<\/a>\n\t\t\t<\/time>\n<\/h3>\n\n\t<div class=\"tribe-events-calendar-month__events\">\n\t\t\n\t<div class=\"tribe-events-calendar-month__multiday-event-wrapper\">\n\t<article  class=\"tribe-events-calendar-month__multiday-event post-155280 tribe_events type-tribe_events status-publish tribe_events_cat-programme tribe_events_cat-mere-generale cat_programme cat_mere-generale\"  data-event-id=\"155280\">\n\t\t<div class=\"tribe-events-calendar-month__multiday-event-hidden\">\n\t<time\n\tdatetime=\"2026-05-08\"\n\tclass=\"tribe-common-a11y-visual-hide\"\n>\n\t2026-05-08<\/time>\n\t<a\n\thref=\"https:\/\/www.cgfmanet.org\/fr\/event\/la-madre-partecipa-alle-celebrazione-del-centenario-della-presenza-delle-fma-dellispettoria-nostra-signora-dafrica-afc-a-lubumbashi-repubblica-democratica-del-c\/\"\n\tclass=\"tribe-events-calendar-month__multiday-event-hidden-link\"\n\tdata-js=\"tribe-events-tooltip\"\n\tdata-tooltip-content=\"#tribe-events-tooltip-content-155280\"\n\taria-describedby=\"tribe-events-tooltip-content-155280\"\n>\n\t\t<div class=\"tribe-events-calendar-month__multiday-event-hidden-title tribe-common-h8\">\n\tLa Madre partecipa alle Celebrazione del Centenario della presenza delle FMA dell\u2019Ispettoria \u201cNostra Signora d\u2019Africa\u201d (AFC). A Lubumbashi, Repubblica Democratica del Congo.<\/div>\n<\/a>\n<\/div>\n\t\t\t<\/article>\n<\/div>\n\n\t<div class=\"tribe-events-calendar-month__multiday-event-wrapper\">\n\t<article  class=\"tribe-events-calendar-month__multiday-event post-150815 tribe_events type-tribe_events status-publish tribe_events_cat-sr-lidia-strzelczyk-fr tribe_events_cat-programme tribe_events_cat-visitatrice cat_sr-lidia-strzelczyk-fr cat_programme cat_visitatrice tribe-events-calendar-month__multiday-event--width-1 tribe-events-calendar-month__multiday-event--display tribe-events-calendar-month__multiday-event--start tribe-events-calendar-month__multiday-event--end\"  data-event-id=\"150815\">\n\t\t<div class=\"tribe-events-calendar-month__multiday-event-hidden\">\n\t<time\n\tdatetime=\"2026-05-19\"\n\tclass=\"tribe-common-a11y-visual-hide\"\n>\n\t2026-05-19<\/time>\n\t<a\n\thref=\"https:\/\/www.cgfmanet.org\/fr\/event\/suor-lidia-strzelczyk-termina-la-2a-parte-della-visita-canonica-allispettoria-meridionale-madonna-del-buon-consiglio-imr\/\"\n\tclass=\"tribe-events-calendar-month__multiday-event-hidden-link\"\n\tdata-js=\"tribe-events-tooltip\"\n\tdata-tooltip-content=\"#tribe-events-tooltip-content-150815\"\n\taria-describedby=\"tribe-events-tooltip-content-150815\"\n>\n\t\t<div class=\"tribe-events-calendar-month__multiday-event-hidden-title tribe-common-h8\">\n\tSuor Lidia Strzelczyk termina la 2a parte della Visita canonica all&rsquo;Ispettoria Meridionale \u00ab\u00a0Madonna del Buon Consiglio\u00a0\u00bb (IMR).<\/div>\n<\/a>\n<\/div>\n\t\t<div class=\"tribe-events-calendar-month__multiday-event-bar\">\n\t<div class=\"tribe-events-calendar-month__multiday-event-bar-inner\">\n\t\t\t\t<div class=\"tribe-events-calendar-month__multiday-event-bar-title tribe-common-h8\">\n\tSuor Lidia Strzelczyk termina la 2a parte della Visita canonica all&rsquo;Ispettoria Meridionale \u00ab\u00a0Madonna del Buon Consiglio\u00a0\u00bb (IMR).<\/div>\n\t<\/div>\n<\/div>\n<div class=\"tribe-events-calendar-month__calendar-event-tooltip-template tribe-common-a11y-hidden\">\n\t<div\n\t\tclass=\"tribe-events-calendar-month__calendar-event-tooltip\"\n\t\tid=\"tribe-events-tooltip-content-150815\"\n\t\trole=\"tooltip\"\n\t>\n\t\t\t\t<div class=\"tribe-events-calendar-month__calendar-event-tooltip-datetime\">\n\t\t<time datetime=\"2026-05-19\">\n\t\t<span class=\"tribe-event-date-start\">19 mai<\/span>\t<\/time>\n\t<\/div>\n\t\t<div class=\"tribe-events-calendar-month__calendar-event-tooltip-title tribe-common-h7\">\n\t<a\n\t\thref=\"https:\/\/www.cgfmanet.org\/fr\/event\/suor-lidia-strzelczyk-termina-la-2a-parte-della-visita-canonica-allispettoria-meridionale-madonna-del-buon-consiglio-imr\/\"\n\t\ttitle=\"Suor Lidia Strzelczyk termina la 2a parte della Visita canonica all&rsquo;Ispettoria Meridionale \u00ab\u00a0Madonna del Buon Consiglio\u00a0\u00bb (IMR).\"\n\t\trel=\"bookmark\"\n\t\tclass=\"tribe-events-calendar-month__calendar-event-tooltip-title-link tribe-common-anchor-thin\"\n\t>\n\t\tSuor Lidia Strzelczyk termina la 2a parte della Visita canonica all&rsquo;Ispettoria Meridionale \u00ab\u00a0Madonna del Buon Consiglio\u00a0\u00bb (IMR).\t<\/a>\n<\/div>\n\t\t\t\t\t<\/div>\n<\/div>\n\t<\/article>\n<\/div>\n\n\t<div class=\"tribe-events-calendar-month__multiday-event-wrapper\">\n\t<article  class=\"tribe-events-calendar-month__multiday-event post-150930 tribe_events type-tribe_events status-publish tribe_events_cat-programme tribe_events_cat-sr-maria-assunta-sumiko-inoue-fr-2 tribe_events_cat-visitatrice cat_programme cat_sr-maria-assunta-sumiko-inoue-fr-2 cat_visitatrice\"  data-event-id=\"150930\">\n\t\t<div class=\"tribe-events-calendar-month__multiday-event-hidden\">\n\t<time\n\tdatetime=\"2026-05-14\"\n\tclass=\"tribe-common-a11y-visual-hide\"\n>\n\t2026-05-14<\/time>\n\t<a\n\thref=\"https:\/\/www.cgfmanet.org\/fr\/event\/suor-maria-assunta-sumiko-inoue-fa-una-visita-breve-allispettoria-santa-maria-mazzarello-tha\/\"\n\tclass=\"tribe-events-calendar-month__multiday-event-hidden-link\"\n\tdata-js=\"tribe-events-tooltip\"\n\tdata-tooltip-content=\"#tribe-events-tooltip-content-150930\"\n\taria-describedby=\"tribe-events-tooltip-content-150930\"\n>\n\t\t<div class=\"tribe-events-calendar-month__multiday-event-hidden-title tribe-common-h8\">\n\tSuor Maria Assunta Sumiko Inoue fa una Visita breve all&rsquo;Ispettoria \u201cSanta Maria Mazzarello\u201d (THA).<\/div>\n<\/a>\n<\/div>\n\t\t\t<\/article>\n<\/div>\n\n\t<div class=\"tribe-events-calendar-month__multiday-event-wrapper\">\n\t<article  class=\"tribe-events-calendar-month__multiday-event post-156708 tribe_events type-tribe_events status-publish tribe_events_cat-programme tribe_events_cat-conseillere-pour-la-pastorale-des-jeunes cat_programme cat_conseillere-pour-la-pastorale-des-jeunes\"  data-event-id=\"156708\">\n\t\t<div class=\"tribe-events-calendar-month__multiday-event-hidden\">\n\t<time\n\tdatetime=\"2026-05-14\"\n\tclass=\"tribe-common-a11y-visual-hide\"\n>\n\t2026-05-14<\/time>\n\t<a\n\thref=\"https:\/\/www.cgfmanet.org\/fr\/event\/suor-runita-borja-partecipa-al-congresso-degli-educatori-della-conferenza-interispettoriale-ciao-sul-tema-il-patto-educativo-globale-nello-stile-salesiano-a-tokyo-in-giappone\/\"\n\tclass=\"tribe-events-calendar-month__multiday-event-hidden-link\"\n\tdata-js=\"tribe-events-tooltip\"\n\tdata-tooltip-content=\"#tribe-events-tooltip-content-156708\"\n\taria-describedby=\"tribe-events-tooltip-content-156708\"\n>\n\t\t<div class=\"tribe-events-calendar-month__multiday-event-hidden-title tribe-common-h8\">\n\tSuor Runita Borja partecipa al Congresso degli Educatori della Conferenza interispettoriale CIAO sul tema \u201cIl Patto Educativo Globale nello stile salesiano\u201d. A Tokyo, in Giappone.<\/div>\n<\/a>\n<\/div>\n\t\t\t<\/article>\n<\/div>\n\n\n\t\t\t<\/div>\n\n\t\n<\/div>\n<\/td>\n\n\t\t\t\n\t\t\t\t<td\n\t class=\"tribe-events-calendar-month__day\" \taria-labelledby=\"tribe-events-calendar-day-2026-05-20\"\n\tdata-js=\"tribe-events-month-grid-cell\"\n>\n\t<button\n\taria-expanded=\"false\"\n\taria-controls=\"tribe-events-calendar-mobile-day-2026-05-20\"\n\taria-label=\"mai 20, 1 \u00e9v\u00e8nement, upcoming day\"\n\t class=\"tribe-events-calendar-month__day-cell tribe-events-calendar-month__day-cell--mobile\" \tdata-js=\"tribe-events-calendar-month-day-cell-mobile\"\n>\n\t<h3 class=\"tribe-events-calendar-month__day-date tribe-common-h6 tribe-common-h--alt\">\n\t\t<span class=\"tribe-common-a11y-visual-hide\">\n\t\t\t1 \u00e9v\u00e8nement\t\t<\/span>\n\t\t<time\n\t\t\tclass=\"tribe-events-calendar-month__day-date-daynum\"\n\t\t\tdatetime=\"2026-05-20\"\n\t\t>\n\t\t\t20\t\t<\/time>\n\t<\/h3>\n\t\n\t<span class=\"tribe-events-calendar-month__mobile-events-icon tribe-events-calendar-month__mobile-events-icon--event\" >\n\t<\/span>\n<\/button>\n\t\n<div\n\tid=\"tribe-events-calendar-day-2026-05-20\"\n\tclass=\"tribe-events-calendar-month__day-cell tribe-events-calendar-month__day-cell--desktop tribe-common-a11y-hidden\"\n>\n\t\n<h3 class=\"tribe-events-calendar-month__day-date tribe-common-h4\">\n\t<span class=\"tribe-common-a11y-visual-hide\">\n\t\t1 \u00e9v\u00e8nement,\n\t<\/span>\n\t<time\n\t\tclass=\"tribe-events-calendar-month__day-date-daynum\"\n\t\tdatetime=\"2026-05-20\"\n\t>\n\t\t\t\t\t<a\n\t\t\t\thref=\"https:\/\/www.cgfmanet.org\/fr\/\u00e9v\u00e9nements\/2026-05-20\/?shortcode=tribe-widget-events-month-16\"\n\t\t\t\tclass=\"tribe-events-calendar-month__day-date-link\"\n\t\t\t\tdata-js=\"tribe-events-view-link\"\n\t\t\t\taria-label=\"20 mai\"\n\t\t\t>\n\t\t\t\t20\t\t\t<\/a>\n\t\t\t<\/time>\n<\/h3>\n\n\t<div class=\"tribe-events-calendar-month__events\">\n\t\t\n\t<div class=\"tribe-events-calendar-month__multiday-event-wrapper tribe-events-calendar-month__multiday-event--empty\"><\/div>\n\t<div class=\"tribe-events-calendar-month__multiday-event-wrapper tribe-events-calendar-month__multiday-event--empty\"><\/div>\n\t<div class=\"tribe-events-calendar-month__multiday-event-wrapper\">\n\t<article  class=\"tribe-events-calendar-month__multiday-event post-150930 tribe_events type-tribe_events status-publish tribe_events_cat-programme tribe_events_cat-sr-maria-assunta-sumiko-inoue-fr-2 tribe_events_cat-visitatrice cat_programme cat_sr-maria-assunta-sumiko-inoue-fr-2 cat_visitatrice\"  data-event-id=\"150930\">\n\t\t<div class=\"tribe-events-calendar-month__multiday-event-hidden\">\n\t<time\n\tdatetime=\"2026-05-14\"\n\tclass=\"tribe-common-a11y-visual-hide\"\n>\n\t2026-05-14<\/time>\n\t<a\n\thref=\"https:\/\/www.cgfmanet.org\/fr\/event\/suor-maria-assunta-sumiko-inoue-fa-una-visita-breve-allispettoria-santa-maria-mazzarello-tha\/\"\n\tclass=\"tribe-events-calendar-month__multiday-event-hidden-link\"\n\tdata-js=\"tribe-events-tooltip\"\n\tdata-tooltip-content=\"#tribe-events-tooltip-content-150930\"\n\taria-describedby=\"tribe-events-tooltip-content-150930\"\n>\n\t\t<div class=\"tribe-events-calendar-month__multiday-event-hidden-title tribe-common-h8\">\n\tSuor Maria Assunta Sumiko Inoue fa una Visita breve all&rsquo;Ispettoria \u201cSanta Maria Mazzarello\u201d (THA).<\/div>\n<\/a>\n<\/div>\n\t\t\t<\/article>\n<\/div>\n\n\n\t\t\t<\/div>\n\n\t\n<\/div>\n<\/td>\n\n\t\t\t\n\t\t\t\t<td\n\t class=\"tribe-events-calendar-month__day\" \taria-labelledby=\"tribe-events-calendar-day-2026-05-21\"\n\tdata-js=\"tribe-events-month-grid-cell\"\n>\n\t<button\n\taria-expanded=\"false\"\n\taria-controls=\"tribe-events-calendar-mobile-day-2026-05-21\"\n\taria-label=\"mai 21, 2 \u00e9v\u00e8nements, upcoming day\"\n\t class=\"tribe-events-calendar-month__day-cell tribe-events-calendar-month__day-cell--mobile\" \tdata-js=\"tribe-events-calendar-month-day-cell-mobile\"\n>\n\t<h3 class=\"tribe-events-calendar-month__day-date tribe-common-h6 tribe-common-h--alt\">\n\t\t<span class=\"tribe-common-a11y-visual-hide\">\n\t\t\t2 \u00e9v\u00e8nements\t\t<\/span>\n\t\t<time\n\t\t\tclass=\"tribe-events-calendar-month__day-date-daynum\"\n\t\t\tdatetime=\"2026-05-21\"\n\t\t>\n\t\t\t21\t\t<\/time>\n\t<\/h3>\n\t\n\t<span class=\"tribe-events-calendar-month__mobile-events-icon tribe-events-calendar-month__mobile-events-icon--event\" >\n\t<\/span>\n<\/button>\n\t\n<div\n\tid=\"tribe-events-calendar-day-2026-05-21\"\n\tclass=\"tribe-events-calendar-month__day-cell tribe-events-calendar-month__day-cell--desktop tribe-common-a11y-hidden\"\n>\n\t\n<h3 class=\"tribe-events-calendar-month__day-date tribe-common-h4\">\n\t<span class=\"tribe-common-a11y-visual-hide\">\n\t\t2 \u00e9v\u00e8nements,\n\t<\/span>\n\t<time\n\t\tclass=\"tribe-events-calendar-month__day-date-daynum\"\n\t\tdatetime=\"2026-05-21\"\n\t>\n\t\t\t\t\t<a\n\t\t\t\thref=\"https:\/\/www.cgfmanet.org\/fr\/\u00e9v\u00e9nements\/2026-05-21\/?shortcode=tribe-widget-events-month-16\"\n\t\t\t\tclass=\"tribe-events-calendar-month__day-date-link\"\n\t\t\t\tdata-js=\"tribe-events-view-link\"\n\t\t\t\taria-label=\"21 mai\"\n\t\t\t>\n\t\t\t\t21\t\t\t<\/a>\n\t\t\t<\/time>\n<\/h3>\n\n\t<div class=\"tribe-events-calendar-month__events\">\n\t\t\n\t<div class=\"tribe-events-calendar-month__multiday-event-wrapper\">\n\t<article  class=\"tribe-events-calendar-month__multiday-event post-151122 tribe_events type-tribe_events status-publish tribe_events_cat-programme tribe_events_cat-conseillere-pour-la-famille-salesienne cat_programme cat_conseillere-pour-la-famille-salesienne tribe-events-calendar-month__multiday-event--width-3 tribe-events-calendar-month__multiday-event--display tribe-events-calendar-month__multiday-event--start tribe-events-calendar-month__multiday-event--end\"  data-event-id=\"151122\">\n\t\t<div class=\"tribe-events-calendar-month__multiday-event-hidden\">\n\t<time\n\tdatetime=\"2026-05-21\"\n\tclass=\"tribe-common-a11y-visual-hide\"\n>\n\t2026-05-21<\/time>\n\t<a\n\thref=\"https:\/\/www.cgfmanet.org\/fr\/event\/suor-leslie-sandigo-e-le-collaboratrici-dellambito-partecipano-alla-consulta-della-famiglia-salesiana-a-valdocco-torino-2\/\"\n\tclass=\"tribe-events-calendar-month__multiday-event-hidden-link\"\n\tdata-js=\"tribe-events-tooltip\"\n\tdata-tooltip-content=\"#tribe-events-tooltip-content-151122\"\n\taria-describedby=\"tribe-events-tooltip-content-151122\"\n>\n\t\t<div class=\"tribe-events-calendar-month__multiday-event-hidden-title tribe-common-h8\">\n\tSuor Leslie S\u00e1ndigo e le Collaboratrici dell\u2019Ambito partecipano alla Consulta della Famiglia Salesiana a Valdocco, Torino.<\/div>\n<\/a>\n<\/div>\n\t\t<div class=\"tribe-events-calendar-month__multiday-event-bar\">\n\t<div class=\"tribe-events-calendar-month__multiday-event-bar-inner\">\n\t\t\t\t<div class=\"tribe-events-calendar-month__multiday-event-bar-title tribe-common-h8\">\n\tSuor Leslie S\u00e1ndigo e le Collaboratrici dell\u2019Ambito partecipano alla Consulta della Famiglia Salesiana a Valdocco, Torino.<\/div>\n\t<\/div>\n<\/div>\n<div class=\"tribe-events-calendar-month__calendar-event-tooltip-template tribe-common-a11y-hidden\">\n\t<div\n\t\tclass=\"tribe-events-calendar-month__calendar-event-tooltip\"\n\t\tid=\"tribe-events-tooltip-content-151122\"\n\t\trole=\"tooltip\"\n\t>\n\t\t\t\t<div class=\"tribe-events-calendar-month__calendar-event-tooltip-datetime\">\n\t\t<time datetime=\"2026-05-21\">\n\t\t<span class=\"tribe-event-date-start\">21 mai<\/span> - <span class=\"tribe-event-date-end\">23 mai<\/span>\t<\/time>\n\t<\/div>\n\t\t<div class=\"tribe-events-calendar-month__calendar-event-tooltip-title tribe-common-h7\">\n\t<a\n\t\thref=\"https:\/\/www.cgfmanet.org\/fr\/event\/suor-leslie-sandigo-e-le-collaboratrici-dellambito-partecipano-alla-consulta-della-famiglia-salesiana-a-valdocco-torino-2\/\"\n\t\ttitle=\"Suor Leslie S\u00e1ndigo e le Collaboratrici dell\u2019Ambito partecipano alla Consulta della Famiglia Salesiana a Valdocco, Torino.\"\n\t\trel=\"bookmark\"\n\t\tclass=\"tribe-events-calendar-month__calendar-event-tooltip-title-link tribe-common-anchor-thin\"\n\t>\n\t\tSuor Leslie S\u00e1ndigo e le Collaboratrici dell\u2019Ambito partecipano alla Consulta della Famiglia Salesiana a Valdocco, Torino.\t<\/a>\n<\/div>\n\t\t\t\t\t<\/div>\n<\/div>\n\t<\/article>\n<\/div>\n\n\t<div class=\"tribe-events-calendar-month__multiday-event-wrapper tribe-events-calendar-month__multiday-event--empty\"><\/div>\n\t<div class=\"tribe-events-calendar-month__multiday-event-wrapper\">\n\t<article  class=\"tribe-events-calendar-month__multiday-event post-150930 tribe_events type-tribe_events status-publish tribe_events_cat-programme tribe_events_cat-sr-maria-assunta-sumiko-inoue-fr-2 tribe_events_cat-visitatrice cat_programme cat_sr-maria-assunta-sumiko-inoue-fr-2 cat_visitatrice\"  data-event-id=\"150930\">\n\t\t<div class=\"tribe-events-calendar-month__multiday-event-hidden\">\n\t<time\n\tdatetime=\"2026-05-14\"\n\tclass=\"tribe-common-a11y-visual-hide\"\n>\n\t2026-05-14<\/time>\n\t<a\n\thref=\"https:\/\/www.cgfmanet.org\/fr\/event\/suor-maria-assunta-sumiko-inoue-fa-una-visita-breve-allispettoria-santa-maria-mazzarello-tha\/\"\n\tclass=\"tribe-events-calendar-month__multiday-event-hidden-link\"\n\tdata-js=\"tribe-events-tooltip\"\n\tdata-tooltip-content=\"#tribe-events-tooltip-content-150930\"\n\taria-describedby=\"tribe-events-tooltip-content-150930\"\n>\n\t\t<div class=\"tribe-events-calendar-month__multiday-event-hidden-title tribe-common-h8\">\n\tSuor Maria Assunta Sumiko Inoue fa una Visita breve all&rsquo;Ispettoria \u201cSanta Maria Mazzarello\u201d (THA).<\/div>\n<\/a>\n<\/div>\n\t\t\t<\/article>\n<\/div>\n\n\n\t\t\t<\/div>\n\n\t\n<\/div>\n<\/td>\n\n\t\t\t\n\t\t\t\t<td\n\t class=\"tribe-events-calendar-month__day\" \taria-labelledby=\"tribe-events-calendar-day-2026-05-22\"\n\tdata-js=\"tribe-events-month-grid-cell\"\n>\n\t<button\n\taria-expanded=\"false\"\n\taria-controls=\"tribe-events-calendar-mobile-day-2026-05-22\"\n\taria-label=\"mai 22, 4 \u00e9v\u00e8nements, upcoming day\"\n\t class=\"tribe-events-calendar-month__day-cell tribe-events-calendar-month__day-cell--mobile\" \tdata-js=\"tribe-events-calendar-month-day-cell-mobile\"\n>\n\t<h3 class=\"tribe-events-calendar-month__day-date tribe-common-h6 tribe-common-h--alt\">\n\t\t<span class=\"tribe-common-a11y-visual-hide\">\n\t\t\t4 \u00e9v\u00e8nements\t\t<\/span>\n\t\t<time\n\t\t\tclass=\"tribe-events-calendar-month__day-date-daynum\"\n\t\t\tdatetime=\"2026-05-22\"\n\t\t>\n\t\t\t22\t\t<\/time>\n\t<\/h3>\n\t\n\t<span class=\"tribe-events-calendar-month__mobile-events-icon tribe-events-calendar-month__mobile-events-icon--event\" >\n\t<\/span>\n<\/button>\n\t\n<div\n\tid=\"tribe-events-calendar-day-2026-05-22\"\n\tclass=\"tribe-events-calendar-month__day-cell tribe-events-calendar-month__day-cell--desktop tribe-common-a11y-hidden\"\n>\n\t\n<h3 class=\"tribe-events-calendar-month__day-date tribe-common-h4\">\n\t<span class=\"tribe-common-a11y-visual-hide\">\n\t\t4 \u00e9v\u00e8nements,\n\t<\/span>\n\t<time\n\t\tclass=\"tribe-events-calendar-month__day-date-daynum\"\n\t\tdatetime=\"2026-05-22\"\n\t>\n\t\t\t\t\t<a\n\t\t\t\thref=\"https:\/\/www.cgfmanet.org\/fr\/\u00e9v\u00e9nements\/2026-05-22\/?shortcode=tribe-widget-events-month-16\"\n\t\t\t\tclass=\"tribe-events-calendar-month__day-date-link\"\n\t\t\t\tdata-js=\"tribe-events-view-link\"\n\t\t\t\taria-label=\"22 mai\"\n\t\t\t>\n\t\t\t\t22\t\t\t<\/a>\n\t\t\t<\/time>\n<\/h3>\n\n\t<div class=\"tribe-events-calendar-month__events\">\n\t\t\n\t<div class=\"tribe-events-calendar-month__multiday-event-wrapper\">\n\t<article  class=\"tribe-events-calendar-month__multiday-event post-151122 tribe_events type-tribe_events status-publish tribe_events_cat-programme tribe_events_cat-conseillere-pour-la-famille-salesienne cat_programme cat_conseillere-pour-la-famille-salesienne\"  data-event-id=\"151122\">\n\t\t<div class=\"tribe-events-calendar-month__multiday-event-hidden\">\n\t<time\n\tdatetime=\"2026-05-21\"\n\tclass=\"tribe-common-a11y-visual-hide\"\n>\n\t2026-05-21<\/time>\n\t<a\n\thref=\"https:\/\/www.cgfmanet.org\/fr\/event\/suor-leslie-sandigo-e-le-collaboratrici-dellambito-partecipano-alla-consulta-della-famiglia-salesiana-a-valdocco-torino-2\/\"\n\tclass=\"tribe-events-calendar-month__multiday-event-hidden-link\"\n\tdata-js=\"tribe-events-tooltip\"\n\tdata-tooltip-content=\"#tribe-events-tooltip-content-151122\"\n\taria-describedby=\"tribe-events-tooltip-content-151122\"\n>\n\t\t<div class=\"tribe-events-calendar-month__multiday-event-hidden-title tribe-common-h8\">\n\tSuor Leslie S\u00e1ndigo e le Collaboratrici dell\u2019Ambito partecipano alla Consulta della Famiglia Salesiana a Valdocco, Torino.<\/div>\n<\/a>\n<\/div>\n\t\t\t<\/article>\n<\/div>\n\n\t<div class=\"tribe-events-calendar-month__multiday-event-wrapper\">\n\t<article  class=\"tribe-events-calendar-month__multiday-event post-155290 tribe_events type-tribe_events status-publish tribe_events_cat-programme tribe_events_cat-mere-generale cat_programme cat_mere-generale tribe-events-calendar-month__multiday-event--width-2 tribe-events-calendar-month__multiday-event--display tribe-events-calendar-month__multiday-event--start tribe-events-calendar-month__multiday-event--end\"  data-event-id=\"155290\">\n\t\t<div class=\"tribe-events-calendar-month__multiday-event-hidden\">\n\t<time\n\tdatetime=\"2026-05-22\"\n\tclass=\"tribe-common-a11y-visual-hide\"\n>\n\t2026-05-22<\/time>\n\t<a\n\thref=\"https:\/\/www.cgfmanet.org\/fr\/event\/la-madre-partecipa-alla-consulta-della-famiglia-salesiana-sul-tema-della-strenna-2026-a-torino-valdocco\/\"\n\tclass=\"tribe-events-calendar-month__multiday-event-hidden-link\"\n\tdata-js=\"tribe-events-tooltip\"\n\tdata-tooltip-content=\"#tribe-events-tooltip-content-155290\"\n\taria-describedby=\"tribe-events-tooltip-content-155290\"\n>\n\t\t<div class=\"tribe-events-calendar-month__multiday-event-hidden-title tribe-common-h8\">\n\tLa Madre partecipa alla Consulta della Famiglia Salesiana sul tema della Strenna 2026. A Torino, Valdocco.<\/div>\n<\/a>\n<\/div>\n\t\t<div class=\"tribe-events-calendar-month__multiday-event-bar\">\n\t<div class=\"tribe-events-calendar-month__multiday-event-bar-inner\">\n\t\t\t\t<div class=\"tribe-events-calendar-month__multiday-event-bar-title tribe-common-h8\">\n\tLa Madre partecipa alla Consulta della Famiglia Salesiana sul tema della Strenna 2026. A Torino, Valdocco.<\/div>\n\t<\/div>\n<\/div>\n<div class=\"tribe-events-calendar-month__calendar-event-tooltip-template tribe-common-a11y-hidden\">\n\t<div\n\t\tclass=\"tribe-events-calendar-month__calendar-event-tooltip\"\n\t\tid=\"tribe-events-tooltip-content-155290\"\n\t\trole=\"tooltip\"\n\t>\n\t\t\t\t<div class=\"tribe-events-calendar-month__calendar-event-tooltip-datetime\">\n\t\t<time datetime=\"2026-05-22\">\n\t\t<span class=\"tribe-event-date-start\">22 mai<\/span> - <span class=\"tribe-event-date-end\">23 mai<\/span>\t<\/time>\n\t<\/div>\n\t\t<div class=\"tribe-events-calendar-month__calendar-event-tooltip-title tribe-common-h7\">\n\t<a\n\t\thref=\"https:\/\/www.cgfmanet.org\/fr\/event\/la-madre-partecipa-alla-consulta-della-famiglia-salesiana-sul-tema-della-strenna-2026-a-torino-valdocco\/\"\n\t\ttitle=\"La Madre partecipa alla Consulta della Famiglia Salesiana sul tema della Strenna 2026. A Torino, Valdocco.\"\n\t\trel=\"bookmark\"\n\t\tclass=\"tribe-events-calendar-month__calendar-event-tooltip-title-link tribe-common-anchor-thin\"\n\t>\n\t\tLa Madre partecipa alla Consulta della Famiglia Salesiana sul tema della Strenna 2026. A Torino, Valdocco.\t<\/a>\n<\/div>\n\t\t\t\t\t<\/div>\n<\/div>\n\t<\/article>\n<\/div>\n\n\t<div class=\"tribe-events-calendar-month__multiday-event-wrapper\">\n\t<article  class=\"tribe-events-calendar-month__multiday-event post-150930 tribe_events type-tribe_events status-publish tribe_events_cat-programme tribe_events_cat-sr-maria-assunta-sumiko-inoue-fr-2 tribe_events_cat-visitatrice cat_programme cat_sr-maria-assunta-sumiko-inoue-fr-2 cat_visitatrice\"  data-event-id=\"150930\">\n\t\t<div class=\"tribe-events-calendar-month__multiday-event-hidden\">\n\t<time\n\tdatetime=\"2026-05-14\"\n\tclass=\"tribe-common-a11y-visual-hide\"\n>\n\t2026-05-14<\/time>\n\t<a\n\thref=\"https:\/\/www.cgfmanet.org\/fr\/event\/suor-maria-assunta-sumiko-inoue-fa-una-visita-breve-allispettoria-santa-maria-mazzarello-tha\/\"\n\tclass=\"tribe-events-calendar-month__multiday-event-hidden-link\"\n\tdata-js=\"tribe-events-tooltip\"\n\tdata-tooltip-content=\"#tribe-events-tooltip-content-150930\"\n\taria-describedby=\"tribe-events-tooltip-content-150930\"\n>\n\t\t<div class=\"tribe-events-calendar-month__multiday-event-hidden-title tribe-common-h8\">\n\tSuor Maria Assunta Sumiko Inoue fa una Visita breve all&rsquo;Ispettoria \u201cSanta Maria Mazzarello\u201d (THA).<\/div>\n<\/a>\n<\/div>\n\t\t\t<\/article>\n<\/div>\n\n\t<div class=\"tribe-events-calendar-month__multiday-event-wrapper\">\n\t<article  class=\"tribe-events-calendar-month__multiday-event post-151247 tribe_events type-tribe_events status-publish tribe_events_cat-visitatrice tribe_events_cat-sr-riccioli-marta-liliana-fr tribe_events_cat-programme cat_visitatrice cat_sr-riccioli-marta-liliana-fr cat_programme tribe-events-calendar-month__multiday-event--width-1 tribe-events-calendar-month__multiday-event--display tribe-events-calendar-month__multiday-event--start tribe-events-calendar-month__multiday-event--end\"  data-event-id=\"151247\">\n\t\t<div class=\"tribe-events-calendar-month__multiday-event-hidden\">\n\t<time\n\tdatetime=\"2026-05-22\"\n\tclass=\"tribe-common-a11y-visual-hide\"\n>\n\t2026-05-22<\/time>\n\t<a\n\thref=\"https:\/\/www.cgfmanet.org\/fr\/event\/suor-marta-riccioli-termina-la-visita-canonica-allispettoria-nostra-signora-di-chiquinquira-cbc\/\"\n\tclass=\"tribe-events-calendar-month__multiday-event-hidden-link\"\n\tdata-js=\"tribe-events-tooltip\"\n\tdata-tooltip-content=\"#tribe-events-tooltip-content-151247\"\n\taria-describedby=\"tribe-events-tooltip-content-151247\"\n>\n\t\t<div class=\"tribe-events-calendar-month__multiday-event-hidden-title tribe-common-h8\">\n\tSuor Marta Riccioli termina la Visita canonica all\u2019Ispettoria \u00ab\u00a0Nostra Signora di Chiquinquir\u00e1\u00a0\u00bb (CBC).<\/div>\n<\/a>\n<\/div>\n\t\t<div class=\"tribe-events-calendar-month__multiday-event-bar\">\n\t<div class=\"tribe-events-calendar-month__multiday-event-bar-inner\">\n\t\t\t\t<div class=\"tribe-events-calendar-month__multiday-event-bar-title tribe-common-h8\">\n\tSuor Marta Riccioli termina la Visita canonica all\u2019Ispettoria \u00ab\u00a0Nostra Signora di Chiquinquir\u00e1\u00a0\u00bb (CBC).<\/div>\n\t<\/div>\n<\/div>\n<div class=\"tribe-events-calendar-month__calendar-event-tooltip-template tribe-common-a11y-hidden\">\n\t<div\n\t\tclass=\"tribe-events-calendar-month__calendar-event-tooltip\"\n\t\tid=\"tribe-events-tooltip-content-151247\"\n\t\trole=\"tooltip\"\n\t>\n\t\t\t\t<div class=\"tribe-events-calendar-month__calendar-event-tooltip-datetime\">\n\t\t<time datetime=\"2026-05-22\">\n\t\t<span class=\"tribe-event-date-start\">22 mai<\/span>\t<\/time>\n\t<\/div>\n\t\t<div class=\"tribe-events-calendar-month__calendar-event-tooltip-title tribe-common-h7\">\n\t<a\n\t\thref=\"https:\/\/www.cgfmanet.org\/fr\/event\/suor-marta-riccioli-termina-la-visita-canonica-allispettoria-nostra-signora-di-chiquinquira-cbc\/\"\n\t\ttitle=\"Suor Marta Riccioli termina la Visita canonica all\u2019Ispettoria \u00ab\u00a0Nostra Signora di Chiquinquir\u00e1\u00a0\u00bb (CBC).\"\n\t\trel=\"bookmark\"\n\t\tclass=\"tribe-events-calendar-month__calendar-event-tooltip-title-link tribe-common-anchor-thin\"\n\t>\n\t\tSuor Marta Riccioli termina la Visita canonica all\u2019Ispettoria \u00ab\u00a0Nostra Signora di Chiquinquir\u00e1\u00a0\u00bb (CBC).\t<\/a>\n<\/div>\n\t\t\t\t\t<\/div>\n<\/div>\n\t<\/article>\n<\/div>\n\n\n\t\t\t<\/div>\n\n\t\n<\/div>\n<\/td>\n\n\t\t\t\n\t\t\t\t<td\n\t class=\"tribe-events-calendar-month__day\" \taria-labelledby=\"tribe-events-calendar-day-2026-05-23\"\n\tdata-js=\"tribe-events-month-grid-cell\"\n>\n\t<button\n\taria-expanded=\"false\"\n\taria-controls=\"tribe-events-calendar-mobile-day-2026-05-23\"\n\taria-label=\"mai 23, 3 \u00e9v\u00e8nements, upcoming day\"\n\t class=\"tribe-events-calendar-month__day-cell tribe-events-calendar-month__day-cell--mobile\" \tdata-js=\"tribe-events-calendar-month-day-cell-mobile\"\n>\n\t<h3 class=\"tribe-events-calendar-month__day-date tribe-common-h6 tribe-common-h--alt\">\n\t\t<span class=\"tribe-common-a11y-visual-hide\">\n\t\t\t3 \u00e9v\u00e8nements\t\t<\/span>\n\t\t<time\n\t\t\tclass=\"tribe-events-calendar-month__day-date-daynum\"\n\t\t\tdatetime=\"2026-05-23\"\n\t\t>\n\t\t\t23\t\t<\/time>\n\t<\/h3>\n\t\n\t<span class=\"tribe-events-calendar-month__mobile-events-icon tribe-events-calendar-month__mobile-events-icon--event\" >\n\t<\/span>\n<\/button>\n\t\n<div\n\tid=\"tribe-events-calendar-day-2026-05-23\"\n\tclass=\"tribe-events-calendar-month__day-cell tribe-events-calendar-month__day-cell--desktop tribe-common-a11y-hidden\"\n>\n\t\n<h3 class=\"tribe-events-calendar-month__day-date tribe-common-h4\">\n\t<span class=\"tribe-common-a11y-visual-hide\">\n\t\t3 \u00e9v\u00e8nements,\n\t<\/span>\n\t<time\n\t\tclass=\"tribe-events-calendar-month__day-date-daynum\"\n\t\tdatetime=\"2026-05-23\"\n\t>\n\t\t\t\t\t<a\n\t\t\t\thref=\"https:\/\/www.cgfmanet.org\/fr\/\u00e9v\u00e9nements\/2026-05-23\/?shortcode=tribe-widget-events-month-16\"\n\t\t\t\tclass=\"tribe-events-calendar-month__day-date-link\"\n\t\t\t\tdata-js=\"tribe-events-view-link\"\n\t\t\t\taria-label=\"23 mai\"\n\t\t\t>\n\t\t\t\t23\t\t\t<\/a>\n\t\t\t<\/time>\n<\/h3>\n\n\t<div class=\"tribe-events-calendar-month__events\">\n\t\t\n\t<div class=\"tribe-events-calendar-month__multiday-event-wrapper\">\n\t<article  class=\"tribe-events-calendar-month__multiday-event post-151122 tribe_events type-tribe_events status-publish tribe_events_cat-programme tribe_events_cat-conseillere-pour-la-famille-salesienne cat_programme cat_conseillere-pour-la-famille-salesienne\"  data-event-id=\"151122\">\n\t\t<div class=\"tribe-events-calendar-month__multiday-event-hidden\">\n\t<time\n\tdatetime=\"2026-05-21\"\n\tclass=\"tribe-common-a11y-visual-hide\"\n>\n\t2026-05-21<\/time>\n\t<a\n\thref=\"https:\/\/www.cgfmanet.org\/fr\/event\/suor-leslie-sandigo-e-le-collaboratrici-dellambito-partecipano-alla-consulta-della-famiglia-salesiana-a-valdocco-torino-2\/\"\n\tclass=\"tribe-events-calendar-month__multiday-event-hidden-link\"\n\tdata-js=\"tribe-events-tooltip\"\n\tdata-tooltip-content=\"#tribe-events-tooltip-content-151122\"\n\taria-describedby=\"tribe-events-tooltip-content-151122\"\n>\n\t\t<div class=\"tribe-events-calendar-month__multiday-event-hidden-title tribe-common-h8\">\n\tSuor Leslie S\u00e1ndigo e le Collaboratrici dell\u2019Ambito partecipano alla Consulta della Famiglia Salesiana a Valdocco, Torino.<\/div>\n<\/a>\n<\/div>\n\t\t\t<\/article>\n<\/div>\n\n\t<div class=\"tribe-events-calendar-month__multiday-event-wrapper\">\n\t<article  class=\"tribe-events-calendar-month__multiday-event post-155290 tribe_events type-tribe_events status-publish tribe_events_cat-programme tribe_events_cat-mere-generale cat_programme cat_mere-generale\"  data-event-id=\"155290\">\n\t\t<div class=\"tribe-events-calendar-month__multiday-event-hidden\">\n\t<time\n\tdatetime=\"2026-05-22\"\n\tclass=\"tribe-common-a11y-visual-hide\"\n>\n\t2026-05-22<\/time>\n\t<a\n\thref=\"https:\/\/www.cgfmanet.org\/fr\/event\/la-madre-partecipa-alla-consulta-della-famiglia-salesiana-sul-tema-della-strenna-2026-a-torino-valdocco\/\"\n\tclass=\"tribe-events-calendar-month__multiday-event-hidden-link\"\n\tdata-js=\"tribe-events-tooltip\"\n\tdata-tooltip-content=\"#tribe-events-tooltip-content-155290\"\n\taria-describedby=\"tribe-events-tooltip-content-155290\"\n>\n\t\t<div class=\"tribe-events-calendar-month__multiday-event-hidden-title tribe-common-h8\">\n\tLa Madre partecipa alla Consulta della Famiglia Salesiana sul tema della Strenna 2026. A Torino, Valdocco.<\/div>\n<\/a>\n<\/div>\n\t\t\t<\/article>\n<\/div>\n\n\t<div class=\"tribe-events-calendar-month__multiday-event-wrapper\">\n\t<article  class=\"tribe-events-calendar-month__multiday-event post-150930 tribe_events type-tribe_events status-publish tribe_events_cat-programme tribe_events_cat-sr-maria-assunta-sumiko-inoue-fr-2 tribe_events_cat-visitatrice cat_programme cat_sr-maria-assunta-sumiko-inoue-fr-2 cat_visitatrice\"  data-event-id=\"150930\">\n\t\t<div class=\"tribe-events-calendar-month__multiday-event-hidden\">\n\t<time\n\tdatetime=\"2026-05-14\"\n\tclass=\"tribe-common-a11y-visual-hide\"\n>\n\t2026-05-14<\/time>\n\t<a\n\thref=\"https:\/\/www.cgfmanet.org\/fr\/event\/suor-maria-assunta-sumiko-inoue-fa-una-visita-breve-allispettoria-santa-maria-mazzarello-tha\/\"\n\tclass=\"tribe-events-calendar-month__multiday-event-hidden-link\"\n\tdata-js=\"tribe-events-tooltip\"\n\tdata-tooltip-content=\"#tribe-events-tooltip-content-150930\"\n\taria-describedby=\"tribe-events-tooltip-content-150930\"\n>\n\t\t<div class=\"tribe-events-calendar-month__multiday-event-hidden-title tribe-common-h8\">\n\tSuor Maria Assunta Sumiko Inoue fa una Visita breve all&rsquo;Ispettoria \u201cSanta Maria Mazzarello\u201d (THA).<\/div>\n<\/a>\n<\/div>\n\t\t\t<\/article>\n<\/div>\n\n\n\t\t\t<\/div>\n\n\t\n<\/div>\n<\/td>\n\n\t\t\t\n\t\t\t\t<td\n\t class=\"tribe-events-calendar-month__day\" \taria-labelledby=\"tribe-events-calendar-day-2026-05-24\"\n\tdata-js=\"tribe-events-month-grid-cell\"\n>\n\t<button\n\taria-expanded=\"false\"\n\taria-controls=\"tribe-events-calendar-mobile-day-2026-05-24\"\n\taria-label=\"mai 24, 2 \u00e9v\u00e8nements, upcoming day\"\n\t class=\"tribe-events-calendar-month__day-cell tribe-events-calendar-month__day-cell--mobile\" \tdata-js=\"tribe-events-calendar-month-day-cell-mobile\"\n>\n\t<h3 class=\"tribe-events-calendar-month__day-date tribe-common-h6 tribe-common-h--alt\">\n\t\t<span class=\"tribe-common-a11y-visual-hide\">\n\t\t\t2 \u00e9v\u00e8nements\t\t<\/span>\n\t\t<time\n\t\t\tclass=\"tribe-events-calendar-month__day-date-daynum\"\n\t\t\tdatetime=\"2026-05-24\"\n\t\t>\n\t\t\t24\t\t<\/time>\n\t<\/h3>\n\t\n\t<span class=\"tribe-events-calendar-month__mobile-events-icon tribe-events-calendar-month__mobile-events-icon--event\" >\n\t<\/span>\n<\/button>\n\t\n<div\n\tid=\"tribe-events-calendar-day-2026-05-24\"\n\tclass=\"tribe-events-calendar-month__day-cell tribe-events-calendar-month__day-cell--desktop tribe-common-a11y-hidden\"\n>\n\t\n<h3 class=\"tribe-events-calendar-month__day-date tribe-common-h4\">\n\t<span class=\"tribe-common-a11y-visual-hide\">\n\t\t2 \u00e9v\u00e8nements,\n\t<\/span>\n\t<time\n\t\tclass=\"tribe-events-calendar-month__day-date-daynum\"\n\t\tdatetime=\"2026-05-24\"\n\t>\n\t\t\t\t\t<a\n\t\t\t\thref=\"https:\/\/www.cgfmanet.org\/fr\/\u00e9v\u00e9nements\/2026-05-24\/?shortcode=tribe-widget-events-month-16\"\n\t\t\t\tclass=\"tribe-events-calendar-month__day-date-link\"\n\t\t\t\tdata-js=\"tribe-events-view-link\"\n\t\t\t\taria-label=\"24 mai\"\n\t\t\t>\n\t\t\t\t24\t\t\t<\/a>\n\t\t\t<\/time>\n<\/h3>\n\n\t<div class=\"tribe-events-calendar-month__events\">\n\t\t\n\t<div class=\"tribe-events-calendar-month__multiday-event-wrapper\">\n\t<article  class=\"tribe-events-calendar-month__multiday-event post-155300 tribe_events type-tribe_events status-publish tribe_events_cat-programme tribe_events_cat-mere-generale cat_programme cat_mere-generale tribe-events-calendar-month__multiday-event--width-1 tribe-events-calendar-month__multiday-event--display tribe-events-calendar-month__multiday-event--start tribe-events-calendar-month__multiday-event--end\"  data-event-id=\"155300\">\n\t\t<div class=\"tribe-events-calendar-month__multiday-event-hidden\">\n\t<time\n\tdatetime=\"2026-05-24\"\n\tclass=\"tribe-common-a11y-visual-hide\"\n>\n\t2026-05-24<\/time>\n\t<a\n\thref=\"https:\/\/www.cgfmanet.org\/fr\/event\/la-madre-partecipa-alla-celebrazione-della-solennita-di-maria-ausiliatrice-a-torino-valdocco\/\"\n\tclass=\"tribe-events-calendar-month__multiday-event-hidden-link\"\n\tdata-js=\"tribe-events-tooltip\"\n\tdata-tooltip-content=\"#tribe-events-tooltip-content-155300\"\n\taria-describedby=\"tribe-events-tooltip-content-155300\"\n>\n\t\t<div class=\"tribe-events-calendar-month__multiday-event-hidden-title tribe-common-h8\">\n\tLa Madre partecipa alla Celebrazione della solennit\u00e0 di Maria Ausiliatrice a Torino, Valdocco.<\/div>\n<\/a>\n<\/div>\n\t\t<div class=\"tribe-events-calendar-month__multiday-event-bar\">\n\t<div class=\"tribe-events-calendar-month__multiday-event-bar-inner\">\n\t\t\t\t<div class=\"tribe-events-calendar-month__multiday-event-bar-title tribe-common-h8\">\n\tLa Madre partecipa alla Celebrazione della solennit\u00e0 di Maria Ausiliatrice a Torino, Valdocco.<\/div>\n\t<\/div>\n<\/div>\n<div class=\"tribe-events-calendar-month__calendar-event-tooltip-template tribe-common-a11y-hidden\">\n\t<div\n\t\tclass=\"tribe-events-calendar-month__calendar-event-tooltip\"\n\t\tid=\"tribe-events-tooltip-content-155300\"\n\t\trole=\"tooltip\"\n\t>\n\t\t\t\t<div class=\"tribe-events-calendar-month__calendar-event-tooltip-datetime\">\n\t\t<time datetime=\"2026-05-24\">\n\t\t<span class=\"tribe-event-date-start\">24 mai<\/span>\t<\/time>\n\t<\/div>\n\t\t<div class=\"tribe-events-calendar-month__calendar-event-tooltip-title tribe-common-h7\">\n\t<a\n\t\thref=\"https:\/\/www.cgfmanet.org\/fr\/event\/la-madre-partecipa-alla-celebrazione-della-solennita-di-maria-ausiliatrice-a-torino-valdocco\/\"\n\t\ttitle=\"La Madre partecipa alla Celebrazione della solennit\u00e0 di Maria Ausiliatrice a Torino, Valdocco.\"\n\t\trel=\"bookmark\"\n\t\tclass=\"tribe-events-calendar-month__calendar-event-tooltip-title-link tribe-common-anchor-thin\"\n\t>\n\t\tLa Madre partecipa alla Celebrazione della solennit\u00e0 di Maria Ausiliatrice a Torino, Valdocco.\t<\/a>\n<\/div>\n\t\t\t\t\t<\/div>\n<\/div>\n\t<\/article>\n<\/div>\n\n\t<div class=\"tribe-events-calendar-month__multiday-event-wrapper tribe-events-calendar-month__multiday-event--empty\"><\/div>\n\t<div class=\"tribe-events-calendar-month__multiday-event-wrapper\">\n\t<article  class=\"tribe-events-calendar-month__multiday-event post-150930 tribe_events type-tribe_events status-publish tribe_events_cat-programme tribe_events_cat-sr-maria-assunta-sumiko-inoue-fr-2 tribe_events_cat-visitatrice cat_programme cat_sr-maria-assunta-sumiko-inoue-fr-2 cat_visitatrice\"  data-event-id=\"150930\">\n\t\t<div class=\"tribe-events-calendar-month__multiday-event-hidden\">\n\t<time\n\tdatetime=\"2026-05-14\"\n\tclass=\"tribe-common-a11y-visual-hide\"\n>\n\t2026-05-14<\/time>\n\t<a\n\thref=\"https:\/\/www.cgfmanet.org\/fr\/event\/suor-maria-assunta-sumiko-inoue-fa-una-visita-breve-allispettoria-santa-maria-mazzarello-tha\/\"\n\tclass=\"tribe-events-calendar-month__multiday-event-hidden-link\"\n\tdata-js=\"tribe-events-tooltip\"\n\tdata-tooltip-content=\"#tribe-events-tooltip-content-150930\"\n\taria-describedby=\"tribe-events-tooltip-content-150930\"\n>\n\t\t<div class=\"tribe-events-calendar-month__multiday-event-hidden-title tribe-common-h8\">\n\tSuor Maria Assunta Sumiko Inoue fa una Visita breve all&rsquo;Ispettoria \u201cSanta Maria Mazzarello\u201d (THA).<\/div>\n<\/a>\n<\/div>\n\t\t\t<\/article>\n<\/div>\n\n\n\t\t\t<\/div>\n\n\t\n<\/div>\n<\/td>\n\n\t\t\t\t\t<\/tr>\n\t\t\t<tr class=\"tribe-events-calendar-month__week\" data-js=\"tribe-events-month-grid-row\">\n\t\t\t\n\t\t\t\t<td\n\t class=\"tribe-events-calendar-month__day\" \taria-labelledby=\"tribe-events-calendar-day-2026-05-25\"\n\tdata-js=\"tribe-events-month-grid-cell\"\n>\n\t<button\n\taria-expanded=\"false\"\n\taria-controls=\"tribe-events-calendar-mobile-day-2026-05-25\"\n\taria-label=\"mai 25, 1 \u00e9v\u00e8nement, upcoming day\"\n\t class=\"tribe-events-calendar-month__day-cell tribe-events-calendar-month__day-cell--mobile\" \tdata-js=\"tribe-events-calendar-month-day-cell-mobile\"\n>\n\t<h3 class=\"tribe-events-calendar-month__day-date tribe-common-h6 tribe-common-h--alt\">\n\t\t<span class=\"tribe-common-a11y-visual-hide\">\n\t\t\t1 \u00e9v\u00e8nement\t\t<\/span>\n\t\t<time\n\t\t\tclass=\"tribe-events-calendar-month__day-date-daynum\"\n\t\t\tdatetime=\"2026-05-25\"\n\t\t>\n\t\t\t25\t\t<\/time>\n\t<\/h3>\n\t\n\t<span class=\"tribe-events-calendar-month__mobile-events-icon tribe-events-calendar-month__mobile-events-icon--event\" >\n\t<\/span>\n<\/button>\n\t\n<div\n\tid=\"tribe-events-calendar-day-2026-05-25\"\n\tclass=\"tribe-events-calendar-month__day-cell tribe-events-calendar-month__day-cell--desktop tribe-common-a11y-hidden\"\n>\n\t\n<h3 class=\"tribe-events-calendar-month__day-date tribe-common-h4\">\n\t<span class=\"tribe-common-a11y-visual-hide\">\n\t\t1 \u00e9v\u00e8nement,\n\t<\/span>\n\t<time\n\t\tclass=\"tribe-events-calendar-month__day-date-daynum\"\n\t\tdatetime=\"2026-05-25\"\n\t>\n\t\t\t\t\t<a\n\t\t\t\thref=\"https:\/\/www.cgfmanet.org\/fr\/\u00e9v\u00e9nements\/2026-05-25\/?shortcode=tribe-widget-events-month-16\"\n\t\t\t\tclass=\"tribe-events-calendar-month__day-date-link\"\n\t\t\t\tdata-js=\"tribe-events-view-link\"\n\t\t\t\taria-label=\"25 mai\"\n\t\t\t>\n\t\t\t\t25\t\t\t<\/a>\n\t\t\t<\/time>\n<\/h3>\n\n\t<div class=\"tribe-events-calendar-month__events\">\n\t\t\n\t<div class=\"tribe-events-calendar-month__multiday-event-wrapper\">\n\t<article  class=\"tribe-events-calendar-month__multiday-event post-150930 tribe_events type-tribe_events status-publish tribe_events_cat-programme tribe_events_cat-sr-maria-assunta-sumiko-inoue-fr-2 tribe_events_cat-visitatrice cat_programme cat_sr-maria-assunta-sumiko-inoue-fr-2 cat_visitatrice tribe-events-calendar-month__multiday-event--width-2 tribe-events-calendar-month__multiday-event--display tribe-events-calendar-month__multiday-event--end\"  data-event-id=\"150930\">\n\t\t<div class=\"tribe-events-calendar-month__multiday-event-hidden\">\n\t<time\n\tdatetime=\"2026-05-14\"\n\tclass=\"tribe-common-a11y-visual-hide\"\n>\n\t2026-05-14<\/time>\n\t<a\n\thref=\"https:\/\/www.cgfmanet.org\/fr\/event\/suor-maria-assunta-sumiko-inoue-fa-una-visita-breve-allispettoria-santa-maria-mazzarello-tha\/\"\n\tclass=\"tribe-events-calendar-month__multiday-event-hidden-link\"\n\tdata-js=\"tribe-events-tooltip\"\n\tdata-tooltip-content=\"#tribe-events-tooltip-content-150930\"\n\taria-describedby=\"tribe-events-tooltip-content-150930\"\n>\n\t\t<div class=\"tribe-events-calendar-month__multiday-event-hidden-title tribe-common-h8\">\n\tSuor Maria Assunta Sumiko Inoue fa una Visita breve all&rsquo;Ispettoria \u201cSanta Maria Mazzarello\u201d (THA).<\/div>\n<\/a>\n<\/div>\n\t\t<div class=\"tribe-events-calendar-month__multiday-event-bar\">\n\t<div class=\"tribe-events-calendar-month__multiday-event-bar-inner\">\n\t\t\t\t<div class=\"tribe-events-calendar-month__multiday-event-bar-title tribe-common-h8\">\n\tSuor Maria Assunta Sumiko Inoue fa una Visita breve all&rsquo;Ispettoria \u201cSanta Maria Mazzarello\u201d (THA).<\/div>\n\t<\/div>\n<\/div>\n\t<\/article>\n<\/div>\n\n\n\t\t\t<\/div>\n\n\t\n<\/div>\n<\/td>\n\n\t\t\t\n\t\t\t\t<td\n\t class=\"tribe-events-calendar-month__day\" \taria-labelledby=\"tribe-events-calendar-day-2026-05-26\"\n\tdata-js=\"tribe-events-month-grid-cell\"\n>\n\t<button\n\taria-expanded=\"false\"\n\taria-controls=\"tribe-events-calendar-mobile-day-2026-05-26\"\n\taria-label=\"mai 26, 3 \u00e9v\u00e8nements, upcoming day\"\n\t class=\"tribe-events-calendar-month__day-cell tribe-events-calendar-month__day-cell--mobile\" \tdata-js=\"tribe-events-calendar-month-day-cell-mobile\"\n>\n\t<h3 class=\"tribe-events-calendar-month__day-date tribe-common-h6 tribe-common-h--alt\">\n\t\t<span class=\"tribe-common-a11y-visual-hide\">\n\t\t\t3 \u00e9v\u00e8nements\t\t<\/span>\n\t\t<time\n\t\t\tclass=\"tribe-events-calendar-month__day-date-daynum\"\n\t\t\tdatetime=\"2026-05-26\"\n\t\t>\n\t\t\t26\t\t<\/time>\n\t<\/h3>\n\t\n\t<span class=\"tribe-events-calendar-month__mobile-events-icon tribe-events-calendar-month__mobile-events-icon--event\" >\n\t<\/span>\n<\/button>\n\t\n<div\n\tid=\"tribe-events-calendar-day-2026-05-26\"\n\tclass=\"tribe-events-calendar-month__day-cell tribe-events-calendar-month__day-cell--desktop tribe-common-a11y-hidden\"\n>\n\t\n<h3 class=\"tribe-events-calendar-month__day-date tribe-common-h4\">\n\t<span class=\"tribe-common-a11y-visual-hide\">\n\t\t3 \u00e9v\u00e8nements,\n\t<\/span>\n\t<time\n\t\tclass=\"tribe-events-calendar-month__day-date-daynum\"\n\t\tdatetime=\"2026-05-26\"\n\t>\n\t\t\t\t\t<a\n\t\t\t\thref=\"https:\/\/www.cgfmanet.org\/fr\/\u00e9v\u00e9nements\/2026-05-26\/?shortcode=tribe-widget-events-month-16\"\n\t\t\t\tclass=\"tribe-events-calendar-month__day-date-link\"\n\t\t\t\tdata-js=\"tribe-events-view-link\"\n\t\t\t\taria-label=\"26 mai\"\n\t\t\t>\n\t\t\t\t26\t\t\t<\/a>\n\t\t\t<\/time>\n<\/h3>\n\n\t<div class=\"tribe-events-calendar-month__events\">\n\t\t\n\t<div class=\"tribe-events-calendar-month__multiday-event-wrapper\">\n\t<article  class=\"tribe-events-calendar-month__multiday-event post-150930 tribe_events type-tribe_events status-publish tribe_events_cat-programme tribe_events_cat-sr-maria-assunta-sumiko-inoue-fr-2 tribe_events_cat-visitatrice cat_programme cat_sr-maria-assunta-sumiko-inoue-fr-2 cat_visitatrice\"  data-event-id=\"150930\">\n\t\t<div class=\"tribe-events-calendar-month__multiday-event-hidden\">\n\t<time\n\tdatetime=\"2026-05-14\"\n\tclass=\"tribe-common-a11y-visual-hide\"\n>\n\t2026-05-14<\/time>\n\t<a\n\thref=\"https:\/\/www.cgfmanet.org\/fr\/event\/suor-maria-assunta-sumiko-inoue-fa-una-visita-breve-allispettoria-santa-maria-mazzarello-tha\/\"\n\tclass=\"tribe-events-calendar-month__multiday-event-hidden-link\"\n\tdata-js=\"tribe-events-tooltip\"\n\tdata-tooltip-content=\"#tribe-events-tooltip-content-150930\"\n\taria-describedby=\"tribe-events-tooltip-content-150930\"\n>\n\t\t<div class=\"tribe-events-calendar-month__multiday-event-hidden-title tribe-common-h8\">\n\tSuor Maria Assunta Sumiko Inoue fa una Visita breve all&rsquo;Ispettoria \u201cSanta Maria Mazzarello\u201d (THA).<\/div>\n<\/a>\n<\/div>\n\t\t\t<\/article>\n<\/div>\n\n\t<div class=\"tribe-events-calendar-month__multiday-event-wrapper\">\n\t<article  class=\"tribe-events-calendar-month__multiday-event post-150873 tribe_events type-tribe_events status-publish tribe_events_cat-programme tribe_events_cat-conseillere-pour-les-missions cat_programme cat_conseillere-pour-les-missions tribe-events-calendar-month__multiday-event--width-1 tribe-events-calendar-month__multiday-event--display tribe-events-calendar-month__multiday-event--start tribe-events-calendar-month__multiday-event--end\"  data-event-id=\"150873\">\n\t\t<div class=\"tribe-events-calendar-month__multiday-event-hidden\">\n\t<time\n\tdatetime=\"2026-05-26\"\n\tclass=\"tribe-common-a11y-visual-hide\"\n>\n\t2026-05-26<\/time>\n\t<a\n\thref=\"https:\/\/www.cgfmanet.org\/fr\/event\/suor-ruth-del-pilar-mora-termina-la-visita-canonica-allispettoria-san-giuseppe-sec-di-stati-uniti-e-canada\/\"\n\tclass=\"tribe-events-calendar-month__multiday-event-hidden-link\"\n\tdata-js=\"tribe-events-tooltip\"\n\tdata-tooltip-content=\"#tribe-events-tooltip-content-150873\"\n\taria-describedby=\"tribe-events-tooltip-content-150873\"\n>\n\t\t<div class=\"tribe-events-calendar-month__multiday-event-hidden-title tribe-common-h8\">\n\tSuor Ruth del Pilar Mora termina la Visita Canonica all\u2019Ispettoria San Giuseppe (SEC) di Stati Uniti e Canada.<\/div>\n<\/a>\n<\/div>\n\t\t<div class=\"tribe-events-calendar-month__multiday-event-bar\">\n\t<div class=\"tribe-events-calendar-month__multiday-event-bar-inner\">\n\t\t\t\t<div class=\"tribe-events-calendar-month__multiday-event-bar-title tribe-common-h8\">\n\tSuor Ruth del Pilar Mora termina la Visita Canonica all\u2019Ispettoria San Giuseppe (SEC) di Stati Uniti e Canada.<\/div>\n\t<\/div>\n<\/div>\n<div class=\"tribe-events-calendar-month__calendar-event-tooltip-template tribe-common-a11y-hidden\">\n\t<div\n\t\tclass=\"tribe-events-calendar-month__calendar-event-tooltip\"\n\t\tid=\"tribe-events-tooltip-content-150873\"\n\t\trole=\"tooltip\"\n\t>\n\t\t\t\t<div class=\"tribe-events-calendar-month__calendar-event-tooltip-datetime\">\n\t\t<time datetime=\"2026-05-26\">\n\t\t<span class=\"tribe-event-date-start\">26 mai<\/span>\t<\/time>\n\t<\/div>\n\t\t<div class=\"tribe-events-calendar-month__calendar-event-tooltip-title tribe-common-h7\">\n\t<a\n\t\thref=\"https:\/\/www.cgfmanet.org\/fr\/event\/suor-ruth-del-pilar-mora-termina-la-visita-canonica-allispettoria-san-giuseppe-sec-di-stati-uniti-e-canada\/\"\n\t\ttitle=\"Suor Ruth del Pilar Mora termina la Visita Canonica all\u2019Ispettoria San Giuseppe (SEC) di Stati Uniti e Canada.\"\n\t\trel=\"bookmark\"\n\t\tclass=\"tribe-events-calendar-month__calendar-event-tooltip-title-link tribe-common-anchor-thin\"\n\t>\n\t\tSuor Ruth del Pilar Mora termina la Visita Canonica all\u2019Ispettoria San Giuseppe (SEC) di Stati Uniti e Canada.\t<\/a>\n<\/div>\n\t\t\t\t\t<\/div>\n<\/div>\n\t<\/article>\n<\/div>\n\n\t<div class=\"tribe-events-calendar-month__multiday-event-wrapper\">\n\t<article  class=\"tribe-events-calendar-month__multiday-event post-156718 tribe_events type-tribe_events status-publish tribe_events_cat-programme tribe_events_cat-conseillere-pour-la-pastorale-des-jeunes cat_programme cat_conseillere-pour-la-pastorale-des-jeunes tribe-events-calendar-month__multiday-event--width-1 tribe-events-calendar-month__multiday-event--display tribe-events-calendar-month__multiday-event--start tribe-events-calendar-month__multiday-event--end\"  data-event-id=\"156718\">\n\t\t<div class=\"tribe-events-calendar-month__multiday-event-hidden\">\n\t<time\n\tdatetime=\"2026-05-26\"\n\tclass=\"tribe-common-a11y-visual-hide\"\n>\n\t2026-05-26<\/time>\n\t<a\n\thref=\"https:\/\/www.cgfmanet.org\/fr\/event\/suor-runita-borja-da-il-saluto-iniziale-e-partecipa-allincontro-online-delle-coordinatrici-ispettoriali-di-pg-della-conferenza-nac\/\"\n\tclass=\"tribe-events-calendar-month__multiday-event-hidden-link\"\n\tdata-js=\"tribe-events-tooltip\"\n\tdata-tooltip-content=\"#tribe-events-tooltip-content-156718\"\n\taria-describedby=\"tribe-events-tooltip-content-156718\"\n>\n\t\t<div class=\"tribe-events-calendar-month__multiday-event-hidden-title tribe-common-h8\">\n\tSuor Runita Borja d\u00e0 il saluto iniziale e partecipa all\u2019incontro online delle Coordinatrici ispettoriali di PG della Conferenza NAC.<\/div>\n<\/a>\n<\/div>\n\t\t<div class=\"tribe-events-calendar-month__multiday-event-bar\">\n\t<div class=\"tribe-events-calendar-month__multiday-event-bar-inner\">\n\t\t\t\t<div class=\"tribe-events-calendar-month__multiday-event-bar-title tribe-common-h8\">\n\tSuor Runita Borja d\u00e0 il saluto iniziale e partecipa all\u2019incontro online delle Coordinatrici ispettoriali di PG della Conferenza NAC.<\/div>\n\t<\/div>\n<\/div>\n<div class=\"tribe-events-calendar-month__calendar-event-tooltip-template tribe-common-a11y-hidden\">\n\t<div\n\t\tclass=\"tribe-events-calendar-month__calendar-event-tooltip\"\n\t\tid=\"tribe-events-tooltip-content-156718\"\n\t\trole=\"tooltip\"\n\t>\n\t\t\t\t<div class=\"tribe-events-calendar-month__calendar-event-tooltip-datetime\">\n\t\t<time datetime=\"2026-05-26\">\n\t\t<span class=\"tribe-event-date-start\">26 mai<\/span>\t<\/time>\n\t<\/div>\n\t\t<div class=\"tribe-events-calendar-month__calendar-event-tooltip-title tribe-common-h7\">\n\t<a\n\t\thref=\"https:\/\/www.cgfmanet.org\/fr\/event\/suor-runita-borja-da-il-saluto-iniziale-e-partecipa-allincontro-online-delle-coordinatrici-ispettoriali-di-pg-della-conferenza-nac\/\"\n\t\ttitle=\"Suor Runita Borja d\u00e0 il saluto iniziale e partecipa all\u2019incontro online delle Coordinatrici ispettoriali di PG della Conferenza NAC.\"\n\t\trel=\"bookmark\"\n\t\tclass=\"tribe-events-calendar-month__calendar-event-tooltip-title-link tribe-common-anchor-thin\"\n\t>\n\t\tSuor Runita Borja d\u00e0 il saluto iniziale e partecipa all\u2019incontro online delle Coordinatrici ispettoriali di PG della Conferenza NAC.\t<\/a>\n<\/div>\n\t\t\t\t\t<\/div>\n<\/div>\n\t<\/article>\n<\/div>\n\n\n\t\t\t<\/div>\n\n\t\n<\/div>\n<\/td>\n\n\t\t\t\n\t\t\t\t<td\n\t class=\"tribe-events-calendar-month__day\" \taria-labelledby=\"tribe-events-calendar-day-2026-05-27\"\n\tdata-js=\"tribe-events-month-grid-cell\"\n>\n\t<button\n\taria-expanded=\"false\"\n\taria-controls=\"tribe-events-calendar-mobile-day-2026-05-27\"\n\taria-label=\"mai 27, 1 \u00e9v\u00e8nement, upcoming day\"\n\t class=\"tribe-events-calendar-month__day-cell tribe-events-calendar-month__day-cell--mobile\" \tdata-js=\"tribe-events-calendar-month-day-cell-mobile\"\n>\n\t<h3 class=\"tribe-events-calendar-month__day-date tribe-common-h6 tribe-common-h--alt\">\n\t\t<span class=\"tribe-common-a11y-visual-hide\">\n\t\t\t1 \u00e9v\u00e8nement\t\t<\/span>\n\t\t<time\n\t\t\tclass=\"tribe-events-calendar-month__day-date-daynum\"\n\t\t\tdatetime=\"2026-05-27\"\n\t\t>\n\t\t\t27\t\t<\/time>\n\t<\/h3>\n\t\n\t<span class=\"tribe-events-calendar-month__mobile-events-icon tribe-events-calendar-month__mobile-events-icon--event\" >\n\t<\/span>\n<\/button>\n\t\n<div\n\tid=\"tribe-events-calendar-day-2026-05-27\"\n\tclass=\"tribe-events-calendar-month__day-cell tribe-events-calendar-month__day-cell--desktop tribe-common-a11y-hidden\"\n>\n\t\n<h3 class=\"tribe-events-calendar-month__day-date tribe-common-h4\">\n\t<span class=\"tribe-common-a11y-visual-hide\">\n\t\t1 \u00e9v\u00e8nement,\n\t<\/span>\n\t<time\n\t\tclass=\"tribe-events-calendar-month__day-date-daynum\"\n\t\tdatetime=\"2026-05-27\"\n\t>\n\t\t\t\t\t<a\n\t\t\t\thref=\"https:\/\/www.cgfmanet.org\/fr\/\u00e9v\u00e9nements\/2026-05-27\/?shortcode=tribe-widget-events-month-16\"\n\t\t\t\tclass=\"tribe-events-calendar-month__day-date-link\"\n\t\t\t\tdata-js=\"tribe-events-view-link\"\n\t\t\t\taria-label=\"27 mai\"\n\t\t\t>\n\t\t\t\t27\t\t\t<\/a>\n\t\t\t<\/time>\n<\/h3>\n\n\t<div class=\"tribe-events-calendar-month__events\">\n\t\t\n\t<div class=\"tribe-events-calendar-month__multiday-event-wrapper\">\n\t<article  class=\"tribe-events-calendar-month__multiday-event post-150883 tribe_events type-tribe_events status-publish tribe-events-calendar-month__multiday-event--width-2 tribe-events-calendar-month__multiday-event--display tribe-events-calendar-month__multiday-event--start tribe-events-calendar-month__multiday-event--end\"  data-event-id=\"150883\">\n\t\t<div class=\"tribe-events-calendar-month__multiday-event-hidden\">\n\t<time\n\tdatetime=\"2026-05-27\"\n\tclass=\"tribe-common-a11y-visual-hide\"\n>\n\t2026-05-27<\/time>\n\t<a\n\thref=\"https:\/\/www.cgfmanet.org\/fr\/event\/suor-ruth-del-pilar-mora-incontra-le-missionarie-ad-gentes-che-terminano-il-corso-di-formazione-permanente-missionaria-a-roma-in-casa-generalizia\/\"\n\tclass=\"tribe-events-calendar-month__multiday-event-hidden-link\"\n\tdata-js=\"tribe-events-tooltip\"\n\tdata-tooltip-content=\"#tribe-events-tooltip-content-150883\"\n\taria-describedby=\"tribe-events-tooltip-content-150883\"\n>\n\t\t<div class=\"tribe-events-calendar-month__multiday-event-hidden-title tribe-common-h8\">\n\tSuor Ruth del Pilar Mora incontra le missionarie ad gentes che terminano il Corso di Formazione Permanente Missionaria a Roma, in Casa Generalizia.<\/div>\n<\/a>\n<\/div>\n\t\t<div class=\"tribe-events-calendar-month__multiday-event-bar\">\n\t<div class=\"tribe-events-calendar-month__multiday-event-bar-inner\">\n\t\t\t\t<div class=\"tribe-events-calendar-month__multiday-event-bar-title tribe-common-h8\">\n\tSuor Ruth del Pilar Mora incontra le missionarie ad gentes che terminano il Corso di Formazione Permanente Missionaria a Roma, in Casa Generalizia.<\/div>\n\t<\/div>\n<\/div>\n<div class=\"tribe-events-calendar-month__calendar-event-tooltip-template tribe-common-a11y-hidden\">\n\t<div\n\t\tclass=\"tribe-events-calendar-month__calendar-event-tooltip\"\n\t\tid=\"tribe-events-tooltip-content-150883\"\n\t\trole=\"tooltip\"\n\t>\n\t\t\t\t<div class=\"tribe-events-calendar-month__calendar-event-tooltip-datetime\">\n\t\t<time datetime=\"2026-05-27\">\n\t\t<span class=\"tribe-event-date-start\">27 mai<\/span> - <span class=\"tribe-event-date-end\">28 mai<\/span>\t<\/time>\n\t<\/div>\n\t\t<div class=\"tribe-events-calendar-month__calendar-event-tooltip-title tribe-common-h7\">\n\t<a\n\t\thref=\"https:\/\/www.cgfmanet.org\/fr\/event\/suor-ruth-del-pilar-mora-incontra-le-missionarie-ad-gentes-che-terminano-il-corso-di-formazione-permanente-missionaria-a-roma-in-casa-generalizia\/\"\n\t\ttitle=\"Suor Ruth del Pilar Mora incontra le missionarie ad gentes che terminano il Corso di Formazione Permanente Missionaria a Roma, in Casa Generalizia.\"\n\t\trel=\"bookmark\"\n\t\tclass=\"tribe-events-calendar-month__calendar-event-tooltip-title-link tribe-common-anchor-thin\"\n\t>\n\t\tSuor Ruth del Pilar Mora incontra le missionarie ad gentes che terminano il Corso di Formazione Permanente Missionaria a Roma, in Casa Generalizia.\t<\/a>\n<\/div>\n\t\t\t\t\t<\/div>\n<\/div>\n\t<\/article>\n<\/div>\n\n\n\t\t\t<\/div>\n\n\t\n<\/div>\n<\/td>\n\n\t\t\t\n\t\t\t\t<td\n\t class=\"tribe-events-calendar-month__day\" \taria-labelledby=\"tribe-events-calendar-day-2026-05-28\"\n\tdata-js=\"tribe-events-month-grid-cell\"\n>\n\t<button\n\taria-expanded=\"false\"\n\taria-controls=\"tribe-events-calendar-mobile-day-2026-05-28\"\n\taria-label=\"mai 28, 2 \u00e9v\u00e8nements, upcoming day\"\n\t class=\"tribe-events-calendar-month__day-cell tribe-events-calendar-month__day-cell--mobile\" \tdata-js=\"tribe-events-calendar-month-day-cell-mobile\"\n>\n\t<h3 class=\"tribe-events-calendar-month__day-date tribe-common-h6 tribe-common-h--alt\">\n\t\t<span class=\"tribe-common-a11y-visual-hide\">\n\t\t\t2 \u00e9v\u00e8nements\t\t<\/span>\n\t\t<time\n\t\t\tclass=\"tribe-events-calendar-month__day-date-daynum\"\n\t\t\tdatetime=\"2026-05-28\"\n\t\t>\n\t\t\t28\t\t<\/time>\n\t<\/h3>\n\t\n\t<span class=\"tribe-events-calendar-month__mobile-events-icon tribe-events-calendar-month__mobile-events-icon--event\" >\n\t<\/span>\n<\/button>\n\t\n<div\n\tid=\"tribe-events-calendar-day-2026-05-28\"\n\tclass=\"tribe-events-calendar-month__day-cell tribe-events-calendar-month__day-cell--desktop tribe-common-a11y-hidden\"\n>\n\t\n<h3 class=\"tribe-events-calendar-month__day-date tribe-common-h4\">\n\t<span class=\"tribe-common-a11y-visual-hide\">\n\t\t2 \u00e9v\u00e8nements,\n\t<\/span>\n\t<time\n\t\tclass=\"tribe-events-calendar-month__day-date-daynum\"\n\t\tdatetime=\"2026-05-28\"\n\t>\n\t\t\t\t\t<a\n\t\t\t\thref=\"https:\/\/www.cgfmanet.org\/fr\/\u00e9v\u00e9nements\/2026-05-28\/?shortcode=tribe-widget-events-month-16\"\n\t\t\t\tclass=\"tribe-events-calendar-month__day-date-link\"\n\t\t\t\tdata-js=\"tribe-events-view-link\"\n\t\t\t\taria-label=\"28 mai\"\n\t\t\t>\n\t\t\t\t28\t\t\t<\/a>\n\t\t\t<\/time>\n<\/h3>\n\n\t<div class=\"tribe-events-calendar-month__events\">\n\t\t\n\t<div class=\"tribe-events-calendar-month__multiday-event-wrapper\">\n\t<article  class=\"tribe-events-calendar-month__multiday-event post-150883 tribe_events type-tribe_events status-publish\"  data-event-id=\"150883\">\n\t\t<div class=\"tribe-events-calendar-month__multiday-event-hidden\">\n\t<time\n\tdatetime=\"2026-05-27\"\n\tclass=\"tribe-common-a11y-visual-hide\"\n>\n\t2026-05-27<\/time>\n\t<a\n\thref=\"https:\/\/www.cgfmanet.org\/fr\/event\/suor-ruth-del-pilar-mora-incontra-le-missionarie-ad-gentes-che-terminano-il-corso-di-formazione-permanente-missionaria-a-roma-in-casa-generalizia\/\"\n\tclass=\"tribe-events-calendar-month__multiday-event-hidden-link\"\n\tdata-js=\"tribe-events-tooltip\"\n\tdata-tooltip-content=\"#tribe-events-tooltip-content-150883\"\n\taria-describedby=\"tribe-events-tooltip-content-150883\"\n>\n\t\t<div class=\"tribe-events-calendar-month__multiday-event-hidden-title tribe-common-h8\">\n\tSuor Ruth del Pilar Mora incontra le missionarie ad gentes che terminano il Corso di Formazione Permanente Missionaria a Roma, in Casa Generalizia.<\/div>\n<\/a>\n<\/div>\n\t\t\t<\/article>\n<\/div>\n\n\t<div class=\"tribe-events-calendar-month__multiday-event-wrapper\">\n\t<article  class=\"tribe-events-calendar-month__multiday-event post-155310 tribe_events type-tribe_events status-publish tribe_events_cat-mere-generale tribe_events_cat-programme cat_mere-generale cat_programme tribe-events-calendar-month__multiday-event--width-1 tribe-events-calendar-month__multiday-event--display tribe-events-calendar-month__multiday-event--start tribe-events-calendar-month__multiday-event--end\"  data-event-id=\"155310\">\n\t\t<div class=\"tribe-events-calendar-month__multiday-event-hidden\">\n\t<time\n\tdatetime=\"2026-05-28\"\n\tclass=\"tribe-common-a11y-visual-hide\"\n>\n\t2026-05-28<\/time>\n\t<a\n\thref=\"https:\/\/www.cgfmanet.org\/fr\/event\/a-roma-in-casa-generalizia-la-madre-incontra-le-fma-partecipanti-a-conclusione-del-corso-di-formazione-permanente-missionaria\/\"\n\tclass=\"tribe-events-calendar-month__multiday-event-hidden-link\"\n\tdata-js=\"tribe-events-tooltip\"\n\tdata-tooltip-content=\"#tribe-events-tooltip-content-155310\"\n\taria-describedby=\"tribe-events-tooltip-content-155310\"\n>\n\t\t<div class=\"tribe-events-calendar-month__multiday-event-hidden-title tribe-common-h8\">\n\tA Roma in Casa generalizia la Madre incontra le FMA partecipanti a conclusione del Corso di Formazione Permanente Missionaria.<\/div>\n<\/a>\n<\/div>\n\t\t<div class=\"tribe-events-calendar-month__multiday-event-bar\">\n\t<div class=\"tribe-events-calendar-month__multiday-event-bar-inner\">\n\t\t\t\t<div class=\"tribe-events-calendar-month__multiday-event-bar-title tribe-common-h8\">\n\tA Roma in Casa generalizia la Madre incontra le FMA partecipanti a conclusione del Corso di Formazione Permanente Missionaria.<\/div>\n\t<\/div>\n<\/div>\n<div class=\"tribe-events-calendar-month__calendar-event-tooltip-template tribe-common-a11y-hidden\">\n\t<div\n\t\tclass=\"tribe-events-calendar-month__calendar-event-tooltip\"\n\t\tid=\"tribe-events-tooltip-content-155310\"\n\t\trole=\"tooltip\"\n\t>\n\t\t\t\t<div class=\"tribe-events-calendar-month__calendar-event-tooltip-datetime\">\n\t\t<time datetime=\"2026-05-28\">\n\t\t<span class=\"tribe-event-date-start\">28 mai<\/span>\t<\/time>\n\t<\/div>\n\t\t<div class=\"tribe-events-calendar-month__calendar-event-tooltip-title tribe-common-h7\">\n\t<a\n\t\thref=\"https:\/\/www.cgfmanet.org\/fr\/event\/a-roma-in-casa-generalizia-la-madre-incontra-le-fma-partecipanti-a-conclusione-del-corso-di-formazione-permanente-missionaria\/\"\n\t\ttitle=\"A Roma in Casa generalizia la Madre incontra le FMA partecipanti a conclusione del Corso di Formazione Permanente Missionaria.\"\n\t\trel=\"bookmark\"\n\t\tclass=\"tribe-events-calendar-month__calendar-event-tooltip-title-link tribe-common-anchor-thin\"\n\t>\n\t\tA Roma in Casa generalizia la Madre incontra le FMA partecipanti a conclusione del Corso di Formazione Permanente Missionaria.\t<\/a>\n<\/div>\n\t\t\t\t\t<\/div>\n<\/div>\n\t<\/article>\n<\/div>\n\n\n\t\t\t<\/div>\n\n\t\n<\/div>\n<\/td>\n\n\t\t\t\n\t\t\t\t<td\n\t class=\"tribe-events-calendar-month__day\" \taria-labelledby=\"tribe-events-calendar-day-2026-05-29\"\n\tdata-js=\"tribe-events-month-grid-cell\"\n>\n\t<button\n\taria-expanded=\"false\"\n\taria-controls=\"tribe-events-calendar-mobile-day-2026-05-29\"\n\taria-label=\"mai 29, 1 \u00e9v\u00e8nement, upcoming day\"\n\t class=\"tribe-events-calendar-month__day-cell tribe-events-calendar-month__day-cell--mobile\" \tdata-js=\"tribe-events-calendar-month-day-cell-mobile\"\n>\n\t<h3 class=\"tribe-events-calendar-month__day-date tribe-common-h6 tribe-common-h--alt\">\n\t\t<span class=\"tribe-common-a11y-visual-hide\">\n\t\t\t1 \u00e9v\u00e8nement\t\t<\/span>\n\t\t<time\n\t\t\tclass=\"tribe-events-calendar-month__day-date-daynum\"\n\t\t\tdatetime=\"2026-05-29\"\n\t\t>\n\t\t\t29\t\t<\/time>\n\t<\/h3>\n\t\n\t<span class=\"tribe-events-calendar-month__mobile-events-icon tribe-events-calendar-month__mobile-events-icon--event\" >\n\t<\/span>\n<\/button>\n\t\n<div\n\tid=\"tribe-events-calendar-day-2026-05-29\"\n\tclass=\"tribe-events-calendar-month__day-cell tribe-events-calendar-month__day-cell--desktop tribe-common-a11y-hidden\"\n>\n\t\n<h3 class=\"tribe-events-calendar-month__day-date tribe-common-h4\">\n\t<span class=\"tribe-common-a11y-visual-hide\">\n\t\t1 \u00e9v\u00e8nement,\n\t<\/span>\n\t<time\n\t\tclass=\"tribe-events-calendar-month__day-date-daynum\"\n\t\tdatetime=\"2026-05-29\"\n\t>\n\t\t\t\t\t<a\n\t\t\t\thref=\"https:\/\/www.cgfmanet.org\/fr\/\u00e9v\u00e9nements\/2026-05-29\/?shortcode=tribe-widget-events-month-16\"\n\t\t\t\tclass=\"tribe-events-calendar-month__day-date-link\"\n\t\t\t\tdata-js=\"tribe-events-view-link\"\n\t\t\t\taria-label=\"29 mai\"\n\t\t\t>\n\t\t\t\t29\t\t\t<\/a>\n\t\t\t<\/time>\n<\/h3>\n\n\t<div class=\"tribe-events-calendar-month__events\">\n\t\t\n\t<div class=\"tribe-events-calendar-month__multiday-event-wrapper\">\n\t<article  class=\"tribe-events-calendar-month__multiday-event post-150901 tribe_events type-tribe_events status-publish tribe_events_cat-programme tribe_events_cat-conseillere-pour-les-missions cat_programme cat_conseillere-pour-les-missions tribe-events-calendar-month__multiday-event--width-1 tribe-events-calendar-month__multiday-event--display tribe-events-calendar-month__multiday-event--start tribe-events-calendar-month__multiday-event--end\"  data-event-id=\"150901\">\n\t\t<div class=\"tribe-events-calendar-month__multiday-event-hidden\">\n\t<time\n\tdatetime=\"2026-05-29\"\n\tclass=\"tribe-common-a11y-visual-hide\"\n>\n\t2026-05-29<\/time>\n\t<a\n\thref=\"https:\/\/www.cgfmanet.org\/fr\/event\/conclusione-del-corso-di-formazione-permanente-missionaria-a-roma-casa-generalizia\/\"\n\tclass=\"tribe-events-calendar-month__multiday-event-hidden-link\"\n\tdata-js=\"tribe-events-tooltip\"\n\tdata-tooltip-content=\"#tribe-events-tooltip-content-150901\"\n\taria-describedby=\"tribe-events-tooltip-content-150901\"\n>\n\t\t<div class=\"tribe-events-calendar-month__multiday-event-hidden-title tribe-common-h8\">\n\tConclusione del Corso di Formazione Permanente Missionaria a Roma, Casa Generalizia.<\/div>\n<\/a>\n<\/div>\n\t\t<div class=\"tribe-events-calendar-month__multiday-event-bar\">\n\t<div class=\"tribe-events-calendar-month__multiday-event-bar-inner\">\n\t\t\t\t<div class=\"tribe-events-calendar-month__multiday-event-bar-title tribe-common-h8\">\n\tConclusione del Corso di Formazione Permanente Missionaria a Roma, Casa Generalizia.<\/div>\n\t<\/div>\n<\/div>\n<div class=\"tribe-events-calendar-month__calendar-event-tooltip-template tribe-common-a11y-hidden\">\n\t<div\n\t\tclass=\"tribe-events-calendar-month__calendar-event-tooltip\"\n\t\tid=\"tribe-events-tooltip-content-150901\"\n\t\trole=\"tooltip\"\n\t>\n\t\t\t\t<div class=\"tribe-events-calendar-month__calendar-event-tooltip-datetime\">\n\t\t<time datetime=\"2026-05-29\">\n\t\t<span class=\"tribe-event-date-start\">29 mai<\/span>\t<\/time>\n\t<\/div>\n\t\t<div class=\"tribe-events-calendar-month__calendar-event-tooltip-title tribe-common-h7\">\n\t<a\n\t\thref=\"https:\/\/www.cgfmanet.org\/fr\/event\/conclusione-del-corso-di-formazione-permanente-missionaria-a-roma-casa-generalizia\/\"\n\t\ttitle=\"Conclusione del Corso di Formazione Permanente Missionaria a Roma, Casa Generalizia.\"\n\t\trel=\"bookmark\"\n\t\tclass=\"tribe-events-calendar-month__calendar-event-tooltip-title-link tribe-common-anchor-thin\"\n\t>\n\t\tConclusione del Corso di Formazione Permanente Missionaria a Roma, Casa Generalizia.\t<\/a>\n<\/div>\n\t\t\t\t\t<\/div>\n<\/div>\n\t<\/article>\n<\/div>\n\n\n\t\t\t<\/div>\n\n\t\n<\/div>\n<\/td>\n\n\t\t\t\n\t\t\t\t<td\n\t class=\"tribe-events-calendar-month__day\" \taria-labelledby=\"tribe-events-calendar-day-2026-05-30\"\n\tdata-js=\"tribe-events-month-grid-cell\"\n>\n\t<button\n\taria-expanded=\"false\"\n\taria-controls=\"tribe-events-calendar-mobile-day-2026-05-30\"\n\taria-label=\"mai 30, 1 \u00e9v\u00e8nement, upcoming day\"\n\t class=\"tribe-events-calendar-month__day-cell tribe-events-calendar-month__day-cell--mobile\" \tdata-js=\"tribe-events-calendar-month-day-cell-mobile\"\n>\n\t<h3 class=\"tribe-events-calendar-month__day-date tribe-common-h6 tribe-common-h--alt\">\n\t\t<span class=\"tribe-common-a11y-visual-hide\">\n\t\t\t1 \u00e9v\u00e8nement\t\t<\/span>\n\t\t<time\n\t\t\tclass=\"tribe-events-calendar-month__day-date-daynum\"\n\t\t\tdatetime=\"2026-05-30\"\n\t\t>\n\t\t\t30\t\t<\/time>\n\t<\/h3>\n\t\n\t<span class=\"tribe-events-calendar-month__mobile-events-icon tribe-events-calendar-month__mobile-events-icon--event\" >\n\t<\/span>\n<\/button>\n\t\n<div\n\tid=\"tribe-events-calendar-day-2026-05-30\"\n\tclass=\"tribe-events-calendar-month__day-cell tribe-events-calendar-month__day-cell--desktop tribe-common-a11y-hidden\"\n>\n\t\n<h3 class=\"tribe-events-calendar-month__day-date tribe-common-h4\">\n\t<span class=\"tribe-common-a11y-visual-hide\">\n\t\t1 \u00e9v\u00e8nement,\n\t<\/span>\n\t<time\n\t\tclass=\"tribe-events-calendar-month__day-date-daynum\"\n\t\tdatetime=\"2026-05-30\"\n\t>\n\t\t\t\t\t<a\n\t\t\t\thref=\"https:\/\/www.cgfmanet.org\/fr\/\u00e9v\u00e9nements\/2026-05-30\/?shortcode=tribe-widget-events-month-16\"\n\t\t\t\tclass=\"tribe-events-calendar-month__day-date-link\"\n\t\t\t\tdata-js=\"tribe-events-view-link\"\n\t\t\t\taria-label=\"30 mai\"\n\t\t\t>\n\t\t\t\t30\t\t\t<\/a>\n\t\t\t<\/time>\n<\/h3>\n\n\t<div class=\"tribe-events-calendar-month__events\">\n\t\t\n\t<div class=\"tribe-events-calendar-month__multiday-event-wrapper\">\n\t<article  class=\"tribe-events-calendar-month__multiday-event post-153469 tribe_events type-tribe_events status-publish tribe_events_cat-programme tribe_events_cat-sr-chantal-mukase-fr-2 tribe_events_cat-visitatrice cat_programme cat_sr-chantal-mukase-fr-2 cat_visitatrice tribe-events-calendar-month__multiday-event--width-1 tribe-events-calendar-month__multiday-event--display tribe-events-calendar-month__multiday-event--start tribe-events-calendar-month__multiday-event--end\"  data-event-id=\"153469\">\n\t\t<div class=\"tribe-events-calendar-month__multiday-event-hidden\">\n\t<time\n\tdatetime=\"2026-05-30\"\n\tclass=\"tribe-common-a11y-visual-hide\"\n>\n\t2026-05-30<\/time>\n\t<a\n\thref=\"https:\/\/www.cgfmanet.org\/fr\/event\/suor-chantal-mukase-termina-la-visita-canonica-allispettoria-nostra-signora-dafrica-afc-dellafrica-centrale\/\"\n\tclass=\"tribe-events-calendar-month__multiday-event-hidden-link\"\n\tdata-js=\"tribe-events-tooltip\"\n\tdata-tooltip-content=\"#tribe-events-tooltip-content-153469\"\n\taria-describedby=\"tribe-events-tooltip-content-153469\"\n>\n\t\t<div class=\"tribe-events-calendar-month__multiday-event-hidden-title tribe-common-h8\">\n\tSuor Chantal Mukase termina la Visita Canonica all\u2019Ispettoria \u201cNostra Signora d\u2019Africa\u201d (AFC) dell\u2019Africa Centrale.<\/div>\n<\/a>\n<\/div>\n\t\t<div class=\"tribe-events-calendar-month__multiday-event-bar\">\n\t<div class=\"tribe-events-calendar-month__multiday-event-bar-inner\">\n\t\t\t\t<div class=\"tribe-events-calendar-month__multiday-event-bar-title tribe-common-h8\">\n\tSuor Chantal Mukase termina la Visita Canonica all\u2019Ispettoria \u201cNostra Signora d\u2019Africa\u201d (AFC) dell\u2019Africa Centrale.<\/div>\n\t<\/div>\n<\/div>\n<div class=\"tribe-events-calendar-month__calendar-event-tooltip-template tribe-common-a11y-hidden\">\n\t<div\n\t\tclass=\"tribe-events-calendar-month__calendar-event-tooltip\"\n\t\tid=\"tribe-events-tooltip-content-153469\"\n\t\trole=\"tooltip\"\n\t>\n\t\t\t\t<div class=\"tribe-events-calendar-month__calendar-event-tooltip-datetime\">\n\t\t<time datetime=\"2026-05-30\">\n\t\t<span class=\"tribe-event-date-start\">30 mai<\/span>\t<\/time>\n\t<\/div>\n\t\t<div class=\"tribe-events-calendar-month__calendar-event-tooltip-title tribe-common-h7\">\n\t<a\n\t\thref=\"https:\/\/www.cgfmanet.org\/fr\/event\/suor-chantal-mukase-termina-la-visita-canonica-allispettoria-nostra-signora-dafrica-afc-dellafrica-centrale\/\"\n\t\ttitle=\"Suor Chantal Mukase termina la Visita Canonica all\u2019Ispettoria \u201cNostra Signora d\u2019Africa\u201d (AFC) dell\u2019Africa Centrale.\"\n\t\trel=\"bookmark\"\n\t\tclass=\"tribe-events-calendar-month__calendar-event-tooltip-title-link tribe-common-anchor-thin\"\n\t>\n\t\tSuor Chantal Mukase termina la Visita Canonica all\u2019Ispettoria \u201cNostra Signora d\u2019Africa\u201d (AFC) dell\u2019Africa Centrale.\t<\/a>\n<\/div>\n\t\t\t\t\t<\/div>\n<\/div>\n\t<\/article>\n<\/div>\n\n\n\t\t\t<\/div>\n\n\t\n<\/div>\n<\/td>\n\n\t\t\t\n\t\t\t\t<td\n\t class=\"tribe-events-calendar-month__day\" \taria-labelledby=\"tribe-events-calendar-day-2026-05-31\"\n\tdata-js=\"tribe-events-month-grid-cell\"\n>\n\t<button\n\taria-expanded=\"false\"\n\taria-controls=\"tribe-events-calendar-mobile-day-2026-05-31\"\n\taria-label=\"mai 31, 1 \u00e9v\u00e8nement, upcoming day\"\n\t class=\"tribe-events-calendar-month__day-cell tribe-events-calendar-month__day-cell--mobile\" \tdata-js=\"tribe-events-calendar-month-day-cell-mobile\"\n>\n\t<h3 class=\"tribe-events-calendar-month__day-date tribe-common-h6 tribe-common-h--alt\">\n\t\t<span class=\"tribe-common-a11y-visual-hide\">\n\t\t\t1 \u00e9v\u00e8nement\t\t<\/span>\n\t\t<time\n\t\t\tclass=\"tribe-events-calendar-month__day-date-daynum\"\n\t\t\tdatetime=\"2026-05-31\"\n\t\t>\n\t\t\t31\t\t<\/time>\n\t<\/h3>\n\t\n\t<span class=\"tribe-events-calendar-month__mobile-events-icon tribe-events-calendar-month__mobile-events-icon--event\" >\n\t<\/span>\n<\/button>\n\t\n<div\n\tid=\"tribe-events-calendar-day-2026-05-31\"\n\tclass=\"tribe-events-calendar-month__day-cell tribe-events-calendar-month__day-cell--desktop tribe-common-a11y-hidden\"\n>\n\t\n<h3 class=\"tribe-events-calendar-month__day-date tribe-common-h4\">\n\t<span class=\"tribe-common-a11y-visual-hide\">\n\t\t1 \u00e9v\u00e8nement,\n\t<\/span>\n\t<time\n\t\tclass=\"tribe-events-calendar-month__day-date-daynum\"\n\t\tdatetime=\"2026-05-31\"\n\t>\n\t\t\t\t\t<a\n\t\t\t\thref=\"https:\/\/www.cgfmanet.org\/fr\/\u00e9v\u00e9nements\/2026-05-31\/?shortcode=tribe-widget-events-month-16\"\n\t\t\t\tclass=\"tribe-events-calendar-month__day-date-link\"\n\t\t\t\tdata-js=\"tribe-events-view-link\"\n\t\t\t\taria-label=\"31 mai\"\n\t\t\t>\n\t\t\t\t31\t\t\t<\/a>\n\t\t\t<\/time>\n<\/h3>\n\n\t<div class=\"tribe-events-calendar-month__events\">\n\t\t\n\t<div class=\"tribe-events-calendar-month__multiday-event-wrapper\">\n\t<article  class=\"tribe-events-calendar-month__multiday-event post-154082 tribe_events type-tribe_events status-publish tribe_events_cat-programme tribe_events_cat-sr-paola-battagliola-fr tribe_events_cat-visitatrice cat_programme cat_sr-paola-battagliola-fr cat_visitatrice tribe-events-calendar-month__multiday-event--width-1 tribe-events-calendar-month__multiday-event--display tribe-events-calendar-month__multiday-event--start tribe-events-calendar-month__multiday-event--end\"  data-event-id=\"154082\">\n\t\t<div class=\"tribe-events-calendar-month__multiday-event-hidden\">\n\t<time\n\tdatetime=\"2026-05-31\"\n\tclass=\"tribe-common-a11y-visual-hide\"\n>\n\t2026-05-31<\/time>\n\t<a\n\thref=\"https:\/\/www.cgfmanet.org\/fr\/event\/suor-paola-battagliola-termina-la-2a-parte-della-visita-canonica-allispettoria-lombarda-sacra-famiglia-ilo\/\"\n\tclass=\"tribe-events-calendar-month__multiday-event-hidden-link\"\n\tdata-js=\"tribe-events-tooltip\"\n\tdata-tooltip-content=\"#tribe-events-tooltip-content-154082\"\n\taria-describedby=\"tribe-events-tooltip-content-154082\"\n>\n\t\t<div class=\"tribe-events-calendar-month__multiday-event-hidden-title tribe-common-h8\">\n\tSuor Paola Battagliola termina la 2a parte della Visita canonica all&rsquo;Ispettoria Lombarda \u00ab\u00a0Sacra Famiglia\u00a0\u00bb (ILO).<\/div>\n<\/a>\n<\/div>\n\t\t<div class=\"tribe-events-calendar-month__multiday-event-bar\">\n\t<div class=\"tribe-events-calendar-month__multiday-event-bar-inner\">\n\t\t\t\t<div class=\"tribe-events-calendar-month__multiday-event-bar-title tribe-common-h8\">\n\tSuor Paola Battagliola termina la 2a parte della Visita canonica all&rsquo;Ispettoria Lombarda \u00ab\u00a0Sacra Famiglia\u00a0\u00bb (ILO).<\/div>\n\t<\/div>\n<\/div>\n<div class=\"tribe-events-calendar-month__calendar-event-tooltip-template tribe-common-a11y-hidden\">\n\t<div\n\t\tclass=\"tribe-events-calendar-month__calendar-event-tooltip\"\n\t\tid=\"tribe-events-tooltip-content-154082\"\n\t\trole=\"tooltip\"\n\t>\n\t\t\t\t<div class=\"tribe-events-calendar-month__calendar-event-tooltip-datetime\">\n\t\t<time datetime=\"2026-05-31\">\n\t\t<span class=\"tribe-event-date-start\">31 mai<\/span>\t<\/time>\n\t<\/div>\n\t\t<div class=\"tribe-events-calendar-month__calendar-event-tooltip-title tribe-common-h7\">\n\t<a\n\t\thref=\"https:\/\/www.cgfmanet.org\/fr\/event\/suor-paola-battagliola-termina-la-2a-parte-della-visita-canonica-allispettoria-lombarda-sacra-famiglia-ilo\/\"\n\t\ttitle=\"Suor Paola Battagliola termina la 2a parte della Visita canonica all&rsquo;Ispettoria Lombarda \u00ab\u00a0Sacra Famiglia\u00a0\u00bb (ILO).\"\n\t\trel=\"bookmark\"\n\t\tclass=\"tribe-events-calendar-month__calendar-event-tooltip-title-link tribe-common-anchor-thin\"\n\t>\n\t\tSuor Paola Battagliola termina la 2a parte della Visita canonica all&rsquo;Ispettoria Lombarda \u00ab\u00a0Sacra Famiglia\u00a0\u00bb (ILO).\t<\/a>\n<\/div>\n\t\t\t\t\t<\/div>\n<\/div>\n\t<\/article>\n<\/div>\n\n\n\t\t\t<\/div>\n\n\t\n<\/div>\n<\/td>\n\n\t\t\t\t\t<\/tr>\n\t<\/tbody>\n\n\t\t<\/table>\n\n\t\t\n\t\t<section class=\"tribe-events-calendar-month-mobile-events\" data-js=\"tribe-events-calendar-month-mobile-events\">\n\n\t\n\t\t\n<div  class=\"tribe-events-calendar-month-mobile-events__mobile-day\"  id=\"tribe-events-calendar-mobile-day-2026-04-27\">\n\n\t\n\t\t\t\t\t\n\t\t\t<div class=\"tribe-events-c-day-marker tribe-events-calendar-month-mobile-events__day-marker\">\n\t<time\n\t\tclass=\"tribe-events-c-day-marker__date tribe-common-h7 tribe-common-h--alt\"\n\t\tdatetime=\"2026-04-17\"\n\t>\n\t\t17 avril\t<\/time>\n<\/div>\n\n\t\t\t\n\t\t\t\n<article  class=\"tribe-events-calendar-month-mobile-events__mobile-event post-155331 tribe_events type-tribe_events status-publish tribe_events_cat-programme tribe_events_cat-conseillere-pour-la-formation cat_programme cat_conseillere-pour-la-formation\" >\n\n\t\n\t<div class=\"tribe-events-calendar-month-mobile-events__mobile-event-details\">\n\n\t\t<div class=\"tribe-events-calendar-month-mobile-events__mobile-event-datetime tribe-common-b2\">\n\t\t\t\t<time datetime=\"2026-04-17\">\n\t\t\tToute la journ\u00e9e\t\t<\/time>\n\t\t<\/div>\n\t\t<h3  class=\"tribe-events-calendar-month-mobile-events__mobile-event-title tribe-common-h7\" >\n\t<a\n\t\thref=\"https:\/\/www.cgfmanet.org\/fr\/event\/suor-nilza-fatima-de-moraes-accompagna-le-partecipanti-del-progetto-mornese-in-lingua-inglese-insieme-alla-coordinatrice-suor-jeanette-palasota\/\"\n\t\ttitle=\"Suor Nilza F\u00e1tima de Moraes accompagna le partecipanti del Progetto Mornese in lingua inglese insieme alla coordinatrice, suor Jeanette Palasota.\"\n\t\trel=\"bookmark\"\n\t\tclass=\"tribe-events-calendar-month-mobile-events__mobile-event-title-link tribe-common-anchor\"\n\t>\n\t\tSuor Nilza F\u00e1tima de Moraes accompagna le partecipanti del Progetto Mornese in lingua inglese insieme alla coordinatrice, suor Jeanette Palasota.\t<\/a>\n<\/h3>\n\t\t\n\t<\/div>\n<\/article>\n\n\t\t\t\t\t\n\t\t\t\n\t\t\t\n\t\t\t\n<article  class=\"tribe-events-calendar-month-mobile-events__mobile-event post-156195 tribe_events type-tribe_events status-publish tribe_events_cat-programme tribe_events_cat-sr-paola-battagliola-fr tribe_events_cat-visitatrice cat_programme cat_sr-paola-battagliola-fr cat_visitatrice\" >\n\n\t\n\t<div class=\"tribe-events-calendar-month-mobile-events__mobile-event-details\">\n\n\t\t<div class=\"tribe-events-calendar-month-mobile-events__mobile-event-datetime tribe-common-b2\">\n\t\t\t\t<time datetime=\"2026-04-25\">\n\t\t\tToute la journ\u00e9e\t\t<\/time>\n\t\t<\/div>\n\t\t<h3  class=\"tribe-events-calendar-month-mobile-events__mobile-event-title tribe-common-h7\" >\n\t<a\n\t\thref=\"https:\/\/www.cgfmanet.org\/fr\/event\/suor-paola-battagliola-accompagna-il-processo-di-discernimento-per-la-nomina-della-futura-ispettrice-brm-a-manaus-brasile\/\"\n\t\ttitle=\"Suor Paola Battagliola accompagna il processo di discernimento per la nomina della futura Ispettrice BRM. A Manaus, Brasile.\"\n\t\trel=\"bookmark\"\n\t\tclass=\"tribe-events-calendar-month-mobile-events__mobile-event-title-link tribe-common-anchor\"\n\t>\n\t\tSuor Paola Battagliola accompagna il processo di discernimento per la nomina della futura Ispettrice BRM. A Manaus, Brasile.\t<\/a>\n<\/h3>\n\t\t\n\t<\/div>\n<\/article>\n\n\t\t\t\t\t\n\t\t\t\n\t\t\t\n\t\t\t\n<article  class=\"tribe-events-calendar-month-mobile-events__mobile-event post-154148 tribe_events type-tribe_events status-publish tribe_events_cat-programme tribe_events_cat-conseillere-pour-ladministration cat_programme cat_conseillere-pour-ladministration\" >\n\n\t\n\t<div class=\"tribe-events-calendar-month-mobile-events__mobile-event-details\">\n\n\t\t<div class=\"tribe-events-calendar-month-mobile-events__mobile-event-datetime tribe-common-b2\">\n\t\t\t\t<time datetime=\"2026-04-27\">\n\t\t\tToute la journ\u00e9e\t\t<\/time>\n\t\t<\/div>\n\t\t<h3  class=\"tribe-events-calendar-month-mobile-events__mobile-event-title tribe-common-h7\" >\n\t<a\n\t\thref=\"https:\/\/www.cgfmanet.org\/fr\/event\/suor-ena-bolanos-e-le-collaboratrici-dellambito-incontrano-le-econome-ispettoriali-del-mondo-per-la-formazione-online-11\/\"\n\t\ttitle=\"Suor Ena Bola\u00f1os e le collaboratrici dell\u2019Ambito incontrano le Econome ispettoriali del mondo per la formazione online.\"\n\t\trel=\"bookmark\"\n\t\tclass=\"tribe-events-calendar-month-mobile-events__mobile-event-title-link tribe-common-anchor\"\n\t>\n\t\tSuor Ena Bola\u00f1os e le collaboratrici dell\u2019Ambito incontrano le Econome ispettoriali del mondo per la formazione online.\t<\/a>\n<\/h3>\n\t\t\n\t<\/div>\n<\/article>\n\n\t\t\n\t\t\n\t<\/div>\n\n\t\n\t\t\n<div  class=\"tribe-events-calendar-month-mobile-events__mobile-day\"  id=\"tribe-events-calendar-mobile-day-2026-04-28\">\n\n\t\n\t\t\t\t\t\n\t\t\t<div class=\"tribe-events-c-day-marker tribe-events-calendar-month-mobile-events__day-marker\">\n\t<time\n\t\tclass=\"tribe-events-c-day-marker__date tribe-common-h7 tribe-common-h--alt\"\n\t\tdatetime=\"2026-04-17\"\n\t>\n\t\t17 avril\t<\/time>\n<\/div>\n\n\t\t\t\n\t\t\t\n<article  class=\"tribe-events-calendar-month-mobile-events__mobile-event post-155331 tribe_events type-tribe_events status-publish tribe_events_cat-programme tribe_events_cat-conseillere-pour-la-formation cat_programme cat_conseillere-pour-la-formation\" >\n\n\t\n\t<div class=\"tribe-events-calendar-month-mobile-events__mobile-event-details\">\n\n\t\t<div class=\"tribe-events-calendar-month-mobile-events__mobile-event-datetime tribe-common-b2\">\n\t\t\t\t<time datetime=\"2026-04-17\">\n\t\t\tToute la journ\u00e9e\t\t<\/time>\n\t\t<\/div>\n\t\t<h3  class=\"tribe-events-calendar-month-mobile-events__mobile-event-title tribe-common-h7\" >\n\t<a\n\t\thref=\"https:\/\/www.cgfmanet.org\/fr\/event\/suor-nilza-fatima-de-moraes-accompagna-le-partecipanti-del-progetto-mornese-in-lingua-inglese-insieme-alla-coordinatrice-suor-jeanette-palasota\/\"\n\t\ttitle=\"Suor Nilza F\u00e1tima de Moraes accompagna le partecipanti del Progetto Mornese in lingua inglese insieme alla coordinatrice, suor Jeanette Palasota.\"\n\t\trel=\"bookmark\"\n\t\tclass=\"tribe-events-calendar-month-mobile-events__mobile-event-title-link tribe-common-anchor\"\n\t>\n\t\tSuor Nilza F\u00e1tima de Moraes accompagna le partecipanti del Progetto Mornese in lingua inglese insieme alla coordinatrice, suor Jeanette Palasota.\t<\/a>\n<\/h3>\n\t\t\n\t<\/div>\n<\/article>\n\n\t\t\t\t\t\n\t\t\t\n\t\t\t\n\t\t\t\n<article  class=\"tribe-events-calendar-month-mobile-events__mobile-event post-156195 tribe_events type-tribe_events status-publish tribe_events_cat-programme tribe_events_cat-sr-paola-battagliola-fr tribe_events_cat-visitatrice cat_programme cat_sr-paola-battagliola-fr cat_visitatrice\" >\n\n\t\n\t<div class=\"tribe-events-calendar-month-mobile-events__mobile-event-details\">\n\n\t\t<div class=\"tribe-events-calendar-month-mobile-events__mobile-event-datetime tribe-common-b2\">\n\t\t\t\t<time datetime=\"2026-04-25\">\n\t\t\tToute la journ\u00e9e\t\t<\/time>\n\t\t<\/div>\n\t\t<h3  class=\"tribe-events-calendar-month-mobile-events__mobile-event-title tribe-common-h7\" >\n\t<a\n\t\thref=\"https:\/\/www.cgfmanet.org\/fr\/event\/suor-paola-battagliola-accompagna-il-processo-di-discernimento-per-la-nomina-della-futura-ispettrice-brm-a-manaus-brasile\/\"\n\t\ttitle=\"Suor Paola Battagliola accompagna il processo di discernimento per la nomina della futura Ispettrice BRM. A Manaus, Brasile.\"\n\t\trel=\"bookmark\"\n\t\tclass=\"tribe-events-calendar-month-mobile-events__mobile-event-title-link tribe-common-anchor\"\n\t>\n\t\tSuor Paola Battagliola accompagna il processo di discernimento per la nomina della futura Ispettrice BRM. A Manaus, Brasile.\t<\/a>\n<\/h3>\n\t\t\n\t<\/div>\n<\/article>\n\n\t\t\t\t\t\n\t\t\t\n\t\t\t\n\t\t\t\n<article  class=\"tribe-events-calendar-month-mobile-events__mobile-event post-154148 tribe_events type-tribe_events status-publish tribe_events_cat-programme tribe_events_cat-conseillere-pour-ladministration cat_programme cat_conseillere-pour-ladministration\" >\n\n\t\n\t<div class=\"tribe-events-calendar-month-mobile-events__mobile-event-details\">\n\n\t\t<div class=\"tribe-events-calendar-month-mobile-events__mobile-event-datetime tribe-common-b2\">\n\t\t\t\t<time datetime=\"2026-04-27\">\n\t\t\tToute la journ\u00e9e\t\t<\/time>\n\t\t<\/div>\n\t\t<h3  class=\"tribe-events-calendar-month-mobile-events__mobile-event-title tribe-common-h7\" >\n\t<a\n\t\thref=\"https:\/\/www.cgfmanet.org\/fr\/event\/suor-ena-bolanos-e-le-collaboratrici-dellambito-incontrano-le-econome-ispettoriali-del-mondo-per-la-formazione-online-11\/\"\n\t\ttitle=\"Suor Ena Bola\u00f1os e le collaboratrici dell\u2019Ambito incontrano le Econome ispettoriali del mondo per la formazione online.\"\n\t\trel=\"bookmark\"\n\t\tclass=\"tribe-events-calendar-month-mobile-events__mobile-event-title-link tribe-common-anchor\"\n\t>\n\t\tSuor Ena Bola\u00f1os e le collaboratrici dell\u2019Ambito incontrano le Econome ispettoriali del mondo per la formazione online.\t<\/a>\n<\/h3>\n\t\t\n\t<\/div>\n<\/article>\n\n\t\t\n\t\t\n\t<\/div>\n\n\t\n\t\t\n<div  class=\"tribe-events-calendar-month-mobile-events__mobile-day\"  id=\"tribe-events-calendar-mobile-day-2026-04-29\">\n\n\t\n\t\t\t\t\t\n\t\t\t<div class=\"tribe-events-c-day-marker tribe-events-calendar-month-mobile-events__day-marker\">\n\t<time\n\t\tclass=\"tribe-events-c-day-marker__date tribe-common-h7 tribe-common-h--alt\"\n\t\tdatetime=\"2026-04-17\"\n\t>\n\t\t17 avril\t<\/time>\n<\/div>\n\n\t\t\t\n\t\t\t\n<article  class=\"tribe-events-calendar-month-mobile-events__mobile-event post-155331 tribe_events type-tribe_events status-publish tribe_events_cat-programme tribe_events_cat-conseillere-pour-la-formation cat_programme cat_conseillere-pour-la-formation\" >\n\n\t\n\t<div class=\"tribe-events-calendar-month-mobile-events__mobile-event-details\">\n\n\t\t<div class=\"tribe-events-calendar-month-mobile-events__mobile-event-datetime tribe-common-b2\">\n\t\t\t\t<time datetime=\"2026-04-17\">\n\t\t\tToute la journ\u00e9e\t\t<\/time>\n\t\t<\/div>\n\t\t<h3  class=\"tribe-events-calendar-month-mobile-events__mobile-event-title tribe-common-h7\" >\n\t<a\n\t\thref=\"https:\/\/www.cgfmanet.org\/fr\/event\/suor-nilza-fatima-de-moraes-accompagna-le-partecipanti-del-progetto-mornese-in-lingua-inglese-insieme-alla-coordinatrice-suor-jeanette-palasota\/\"\n\t\ttitle=\"Suor Nilza F\u00e1tima de Moraes accompagna le partecipanti del Progetto Mornese in lingua inglese insieme alla coordinatrice, suor Jeanette Palasota.\"\n\t\trel=\"bookmark\"\n\t\tclass=\"tribe-events-calendar-month-mobile-events__mobile-event-title-link tribe-common-anchor\"\n\t>\n\t\tSuor Nilza F\u00e1tima de Moraes accompagna le partecipanti del Progetto Mornese in lingua inglese insieme alla coordinatrice, suor Jeanette Palasota.\t<\/a>\n<\/h3>\n\t\t\n\t<\/div>\n<\/article>\n\n\t\t\n\t\t\n\t<\/div>\n\n\t\n\t\t\n<div  class=\"tribe-events-calendar-month-mobile-events__mobile-day\"  id=\"tribe-events-calendar-mobile-day-2026-04-30\">\n\n\t\n\t\t\t\t\t\n\t\t\t<div class=\"tribe-events-c-day-marker tribe-events-calendar-month-mobile-events__day-marker\">\n\t<time\n\t\tclass=\"tribe-events-c-day-marker__date tribe-common-h7 tribe-common-h--alt\"\n\t\tdatetime=\"2026-04-17\"\n\t>\n\t\t17 avril\t<\/time>\n<\/div>\n\n\t\t\t\n\t\t\t\n<article  class=\"tribe-events-calendar-month-mobile-events__mobile-event post-155331 tribe_events type-tribe_events status-publish tribe_events_cat-programme tribe_events_cat-conseillere-pour-la-formation cat_programme cat_conseillere-pour-la-formation\" >\n\n\t\n\t<div class=\"tribe-events-calendar-month-mobile-events__mobile-event-details\">\n\n\t\t<div class=\"tribe-events-calendar-month-mobile-events__mobile-event-datetime tribe-common-b2\">\n\t\t\t\t<time datetime=\"2026-04-17\">\n\t\t\tToute la journ\u00e9e\t\t<\/time>\n\t\t<\/div>\n\t\t<h3  class=\"tribe-events-calendar-month-mobile-events__mobile-event-title tribe-common-h7\" >\n\t<a\n\t\thref=\"https:\/\/www.cgfmanet.org\/fr\/event\/suor-nilza-fatima-de-moraes-accompagna-le-partecipanti-del-progetto-mornese-in-lingua-inglese-insieme-alla-coordinatrice-suor-jeanette-palasota\/\"\n\t\ttitle=\"Suor Nilza F\u00e1tima de Moraes accompagna le partecipanti del Progetto Mornese in lingua inglese insieme alla coordinatrice, suor Jeanette Palasota.\"\n\t\trel=\"bookmark\"\n\t\tclass=\"tribe-events-calendar-month-mobile-events__mobile-event-title-link tribe-common-anchor\"\n\t>\n\t\tSuor Nilza F\u00e1tima de Moraes accompagna le partecipanti del Progetto Mornese in lingua inglese insieme alla coordinatrice, suor Jeanette Palasota.\t<\/a>\n<\/h3>\n\t\t\n\t<\/div>\n<\/article>\n\n\t\t\n\t\t\n\t<\/div>\n\n\t\n\t\t\n<div  class=\"tribe-events-calendar-month-mobile-events__mobile-day\"  id=\"tribe-events-calendar-mobile-day-2026-05-1\">\n\n\t\n\t\t\t\t\t\n\t\t\t<div class=\"tribe-events-c-day-marker tribe-events-calendar-month-mobile-events__day-marker\">\n\t<time\n\t\tclass=\"tribe-events-c-day-marker__date tribe-common-h7 tribe-common-h--alt\"\n\t\tdatetime=\"2026-04-17\"\n\t>\n\t\t17 avril\t<\/time>\n<\/div>\n\n\t\t\t\n\t\t\t\n<article  class=\"tribe-events-calendar-month-mobile-events__mobile-event post-155331 tribe_events type-tribe_events status-publish tribe_events_cat-programme tribe_events_cat-conseillere-pour-la-formation cat_programme cat_conseillere-pour-la-formation\" >\n\n\t\n\t<div class=\"tribe-events-calendar-month-mobile-events__mobile-event-details\">\n\n\t\t<div class=\"tribe-events-calendar-month-mobile-events__mobile-event-datetime tribe-common-b2\">\n\t\t\t\t<time datetime=\"2026-04-17\">\n\t\t\tToute la journ\u00e9e\t\t<\/time>\n\t\t<\/div>\n\t\t<h3  class=\"tribe-events-calendar-month-mobile-events__mobile-event-title tribe-common-h7\" >\n\t<a\n\t\thref=\"https:\/\/www.cgfmanet.org\/fr\/event\/suor-nilza-fatima-de-moraes-accompagna-le-partecipanti-del-progetto-mornese-in-lingua-inglese-insieme-alla-coordinatrice-suor-jeanette-palasota\/\"\n\t\ttitle=\"Suor Nilza F\u00e1tima de Moraes accompagna le partecipanti del Progetto Mornese in lingua inglese insieme alla coordinatrice, suor Jeanette Palasota.\"\n\t\trel=\"bookmark\"\n\t\tclass=\"tribe-events-calendar-month-mobile-events__mobile-event-title-link tribe-common-anchor\"\n\t>\n\t\tSuor Nilza F\u00e1tima de Moraes accompagna le partecipanti del Progetto Mornese in lingua inglese insieme alla coordinatrice, suor Jeanette Palasota.\t<\/a>\n<\/h3>\n\t\t\n\t<\/div>\n<\/article>\n\n\t\t\t\t\t\n\t\t\t\n\t\t\t\n\t\t\t\n<article  class=\"tribe-events-calendar-month-mobile-events__mobile-event post-156201 tribe_events type-tribe_events status-publish tribe_events_cat-sr-paola-battagliola-fr tribe_events_cat-programme tribe_events_cat-visitatrice cat_sr-paola-battagliola-fr cat_programme cat_visitatrice\" >\n\n\t\n\t<div class=\"tribe-events-calendar-month-mobile-events__mobile-event-details\">\n\n\t\t<div class=\"tribe-events-calendar-month-mobile-events__mobile-event-datetime tribe-common-b2\">\n\t\t\t\t<time datetime=\"2026-05-01\">\n\t\t\tToute la journ\u00e9e\t\t<\/time>\n\t\t<\/div>\n\t\t<h3  class=\"tribe-events-calendar-month-mobile-events__mobile-event-title tribe-common-h7\" >\n\t<a\n\t\thref=\"https:\/\/www.cgfmanet.org\/fr\/event\/suor-paola-battagliola-riprende-la-2a-parte-della-visita-canonica-allispettoria-lombarda-sacra-famiglia-ilo\/\"\n\t\ttitle=\"Suor Paola Battagliola riprende la 2a parte della Visita canonica all&rsquo;Ispettoria Lombarda \u00ab\u00a0Sacra Famiglia\u00a0\u00bb (ILO).\"\n\t\trel=\"bookmark\"\n\t\tclass=\"tribe-events-calendar-month-mobile-events__mobile-event-title-link tribe-common-anchor\"\n\t>\n\t\tSuor Paola Battagliola riprende la 2a parte della Visita canonica all&rsquo;Ispettoria Lombarda \u00ab\u00a0Sacra Famiglia\u00a0\u00bb (ILO).\t<\/a>\n<\/h3>\n\t\t\n\t<\/div>\n<\/article>\n\n\t\t\n\t\t\n\t<\/div>\n\n\t\n\t\t\n<div  class=\"tribe-events-calendar-month-mobile-events__mobile-day tribe-events-calendar-month-mobile-events__mobile-day--show\"  id=\"tribe-events-calendar-mobile-day-2026-05-2\">\n\n\t\n\t\t\t\t\t\n\t\t\t<div class=\"tribe-events-c-day-marker tribe-events-calendar-month-mobile-events__day-marker\">\n\t<time\n\t\tclass=\"tribe-events-c-day-marker__date tribe-common-h7 tribe-common-h--alt\"\n\t\tdatetime=\"2026-04-17\"\n\t>\n\t\t17 avril\t<\/time>\n<\/div>\n\n\t\t\t\n\t\t\t\n<article  class=\"tribe-events-calendar-month-mobile-events__mobile-event post-155331 tribe_events type-tribe_events status-publish tribe_events_cat-programme tribe_events_cat-conseillere-pour-la-formation cat_programme cat_conseillere-pour-la-formation\" >\n\n\t\n\t<div class=\"tribe-events-calendar-month-mobile-events__mobile-event-details\">\n\n\t\t<div class=\"tribe-events-calendar-month-mobile-events__mobile-event-datetime tribe-common-b2\">\n\t\t\t\t<time datetime=\"2026-04-17\">\n\t\t\tToute la journ\u00e9e\t\t<\/time>\n\t\t<\/div>\n\t\t<h3  class=\"tribe-events-calendar-month-mobile-events__mobile-event-title tribe-common-h7\" >\n\t<a\n\t\thref=\"https:\/\/www.cgfmanet.org\/fr\/event\/suor-nilza-fatima-de-moraes-accompagna-le-partecipanti-del-progetto-mornese-in-lingua-inglese-insieme-alla-coordinatrice-suor-jeanette-palasota\/\"\n\t\ttitle=\"Suor Nilza F\u00e1tima de Moraes accompagna le partecipanti del Progetto Mornese in lingua inglese insieme alla coordinatrice, suor Jeanette Palasota.\"\n\t\trel=\"bookmark\"\n\t\tclass=\"tribe-events-calendar-month-mobile-events__mobile-event-title-link tribe-common-anchor\"\n\t>\n\t\tSuor Nilza F\u00e1tima de Moraes accompagna le partecipanti del Progetto Mornese in lingua inglese insieme alla coordinatrice, suor Jeanette Palasota.\t<\/a>\n<\/h3>\n\t\t\n\t<\/div>\n<\/article>\n\n\t\t\t\t\t\n\t\t\t\n\t\t\t\n\t\t\t\n<article  class=\"tribe-events-calendar-month-mobile-events__mobile-event post-150825 tribe_events type-tribe_events status-publish tribe_events_cat-programme tribe_events_cat-secretaire-generale cat_programme cat_secretaire-generale\" >\n\n\t\n\t<div class=\"tribe-events-calendar-month-mobile-events__mobile-event-details\">\n\n\t\t<div class=\"tribe-events-calendar-month-mobile-events__mobile-event-datetime tribe-common-b2\">\n\t\t\t\t<time datetime=\"2026-05-02\">\n\t\t\tToute la journ\u00e9e\t\t<\/time>\n\t\t<\/div>\n\t\t<h3  class=\"tribe-events-calendar-month-mobile-events__mobile-event-title tribe-common-h7\" >\n\t<a\n\t\thref=\"https:\/\/www.cgfmanet.org\/fr\/event\/suor-maria-luisa-nicastro-con-le-collaboratrici-della-segreteria-generale-guida-la-visita-allarchivio-generale-dellistituto-e-alla-mostra-del-carisma-delle-studentesse-del-corso-di-spiritualita\/\"\n\t\ttitle=\"Suor Maria Luisa Nicastro, con le collaboratrici della Segreteria generale, guida la visita all&rsquo;Archivio Generale dell&rsquo;Istituto e alla Mostra del Carisma delle Studentesse del Corso di Spiritualit\u00e0 di Casa Canta.\"\n\t\trel=\"bookmark\"\n\t\tclass=\"tribe-events-calendar-month-mobile-events__mobile-event-title-link tribe-common-anchor\"\n\t>\n\t\tSuor Maria Luisa Nicastro, con le collaboratrici della Segreteria generale, guida la visita all&rsquo;Archivio Generale dell&rsquo;Istituto e alla Mostra del Carisma delle Studentesse del Corso di Spiritualit\u00e0 di Casa Canta.\t<\/a>\n<\/h3>\n\t\t\n\t<\/div>\n<\/article>\n\n\t\t\n\t\t\n\t<\/div>\n\n\t\n\t\t\n<div  class=\"tribe-events-calendar-month-mobile-events__mobile-day\"  id=\"tribe-events-calendar-mobile-day-2026-05-3\">\n\n\t\n\t\t\t\t\t\n\t\t\t<div class=\"tribe-events-c-day-marker tribe-events-calendar-month-mobile-events__day-marker\">\n\t<time\n\t\tclass=\"tribe-events-c-day-marker__date tribe-common-h7 tribe-common-h--alt\"\n\t\tdatetime=\"2026-04-17\"\n\t>\n\t\t17 avril\t<\/time>\n<\/div>\n\n\t\t\t\n\t\t\t\n<article  class=\"tribe-events-calendar-month-mobile-events__mobile-event post-155331 tribe_events type-tribe_events status-publish tribe_events_cat-programme tribe_events_cat-conseillere-pour-la-formation cat_programme cat_conseillere-pour-la-formation\" >\n\n\t\n\t<div class=\"tribe-events-calendar-month-mobile-events__mobile-event-details\">\n\n\t\t<div class=\"tribe-events-calendar-month-mobile-events__mobile-event-datetime tribe-common-b2\">\n\t\t\t\t<time datetime=\"2026-04-17\">\n\t\t\tToute la journ\u00e9e\t\t<\/time>\n\t\t<\/div>\n\t\t<h3  class=\"tribe-events-calendar-month-mobile-events__mobile-event-title tribe-common-h7\" >\n\t<a\n\t\thref=\"https:\/\/www.cgfmanet.org\/fr\/event\/suor-nilza-fatima-de-moraes-accompagna-le-partecipanti-del-progetto-mornese-in-lingua-inglese-insieme-alla-coordinatrice-suor-jeanette-palasota\/\"\n\t\ttitle=\"Suor Nilza F\u00e1tima de Moraes accompagna le partecipanti del Progetto Mornese in lingua inglese insieme alla coordinatrice, suor Jeanette Palasota.\"\n\t\trel=\"bookmark\"\n\t\tclass=\"tribe-events-calendar-month-mobile-events__mobile-event-title-link tribe-common-anchor\"\n\t>\n\t\tSuor Nilza F\u00e1tima de Moraes accompagna le partecipanti del Progetto Mornese in lingua inglese insieme alla coordinatrice, suor Jeanette Palasota.\t<\/a>\n<\/h3>\n\t\t\n\t<\/div>\n<\/article>\n\n\t\t\t\t\t\n\t\t\t\n\t\t\t\n\t\t\t\n<article  class=\"tribe-events-calendar-month-mobile-events__mobile-event post-151098 tribe_events type-tribe_events status-publish tribe_events_cat-conseillere-pour-la-famille-salesienne tribe_events_cat-programme cat_conseillere-pour-la-famille-salesienne cat_programme\" >\n\n\t\n\t<div class=\"tribe-events-calendar-month-mobile-events__mobile-event-details\">\n\n\t\t<div class=\"tribe-events-calendar-month-mobile-events__mobile-event-datetime tribe-common-b2\">\n\t\t\t\t<time datetime=\"2026-05-03\">\n\t\t\tToute la journ\u00e9e\t\t<\/time>\n\t\t<\/div>\n\t\t<h3  class=\"tribe-events-calendar-month-mobile-events__mobile-event-title tribe-common-h7\" >\n\t<a\n\t\thref=\"https:\/\/www.cgfmanet.org\/fr\/event\/suor-leslie-sandigo-e-le-collaboratrici-dellambito-incontrano-online-le-delegate-e-animatrici-delle-associazioni-exallieve-i-delle-fma-salesiani-cooperatori-e-adma\/\"\n\t\ttitle=\"Suor Leslie S\u00e1ndigo e le collaboratrici dell\u2019Ambito incontrano online le Delegate e animatrici delle Associazioni: Exallieve\/i delle FMA, Salesiani Cooperatori e ADMA.\"\n\t\trel=\"bookmark\"\n\t\tclass=\"tribe-events-calendar-month-mobile-events__mobile-event-title-link tribe-common-anchor\"\n\t>\n\t\tSuor Leslie S\u00e1ndigo e le collaboratrici dell\u2019Ambito incontrano online le Delegate e animatrici delle Associazioni: Exallieve\/i delle FMA, Salesiani Cooperatori e ADMA.\t<\/a>\n<\/h3>\n\t\t\n\t<\/div>\n<\/article>\n\n\t\t\n\t\t\n\t<\/div>\n\n\t\n\t\t\n<div  class=\"tribe-events-calendar-month-mobile-events__mobile-day\"  id=\"tribe-events-calendar-mobile-day-2026-05-4\">\n\n\t\n\t\t\t\t\t\n\t\t\t<div class=\"tribe-events-c-day-marker tribe-events-calendar-month-mobile-events__day-marker\">\n\t<time\n\t\tclass=\"tribe-events-c-day-marker__date tribe-common-h7 tribe-common-h--alt\"\n\t\tdatetime=\"2026-05-04\"\n\t>\n\t\t4 mai\t<\/time>\n<\/div>\n\n\t\t\t\n\t\t\t\n<article  class=\"tribe-events-calendar-month-mobile-events__mobile-event post-150693 tribe_events type-tribe_events status-publish tribe_events_cat-programme tribe_events_cat-vicaire-generale cat_programme cat_vicaire-generale\" >\n\n\t\n\t<div class=\"tribe-events-calendar-month-mobile-events__mobile-event-details\">\n\n\t\t<div class=\"tribe-events-calendar-month-mobile-events__mobile-event-datetime tribe-common-b2\">\n\t\t\t\t<time datetime=\"2026-05-04\">\n\t\t\tToute la journ\u00e9e\t\t<\/time>\n\t\t<\/div>\n\t\t<h3  class=\"tribe-events-calendar-month-mobile-events__mobile-event-title tribe-common-h7\" >\n\t<a\n\t\thref=\"https:\/\/www.cgfmanet.org\/fr\/event\/suor-maria-del-rosario-garcia-ribas-termina-la-visita-canonica-allispettoria-san-giuseppe-ant-delle-antille\/\"\n\t\ttitle=\"Suor Mar\u00eda del Rosario Garc\u00eda Ribas termina la Visita canonica all\u2019Ispettoria \u201cSan Giuseppe\u00a0\u00bb (ANT) delle Antille.\"\n\t\trel=\"bookmark\"\n\t\tclass=\"tribe-events-calendar-month-mobile-events__mobile-event-title-link tribe-common-anchor\"\n\t>\n\t\tSuor Mar\u00eda del Rosario Garc\u00eda Ribas termina la Visita canonica all\u2019Ispettoria \u201cSan Giuseppe\u00a0\u00bb (ANT) delle Antille.\t<\/a>\n<\/h3>\n\t\t\n\t<\/div>\n<\/article>\n\n\t\t\t\t\t\n\t\t\t\n\t\t\t\n\t\t\t\n<article  class=\"tribe-events-calendar-month-mobile-events__mobile-event post-150889 tribe_events type-tribe_events status-publish tribe_events_cat-conseillere-pour-les-missions tribe_events_cat-programme cat_conseillere-pour-les-missions cat_programme\" >\n\n\t\n\t<div class=\"tribe-events-calendar-month-mobile-events__mobile-event-details\">\n\n\t\t<div class=\"tribe-events-calendar-month-mobile-events__mobile-event-datetime tribe-common-b2\">\n\t\t\t\t<time datetime=\"2026-05-04\">\n\t\t\tToute la journ\u00e9e\t\t<\/time>\n\t\t<\/div>\n\t\t<h3  class=\"tribe-events-calendar-month-mobile-events__mobile-event-title tribe-common-h7\" >\n\t<a\n\t\thref=\"https:\/\/www.cgfmanet.org\/fr\/event\/inizio-del-corso-di-formazione-permanente-missionaria-a-roma-casa-generalizia-2\/\"\n\t\ttitle=\"Inizio del Corso di Formazione Permanente Missionaria a Roma, Casa Generalizia.\"\n\t\trel=\"bookmark\"\n\t\tclass=\"tribe-events-calendar-month-mobile-events__mobile-event-title-link tribe-common-anchor\"\n\t>\n\t\tInizio del Corso di Formazione Permanente Missionaria a Roma, Casa Generalizia.\t<\/a>\n<\/h3>\n\t\t\n\t<\/div>\n<\/article>\n\n\t\t\t\t\t\n\t\t\t\n\t\t\t\n\t\t\t\n<article  class=\"tribe-events-calendar-month-mobile-events__mobile-event post-155254 tribe_events type-tribe_events status-publish tribe_events_cat-programme tribe_events_cat-mere-generale cat_programme cat_mere-generale\" >\n\n\t\n\t<div class=\"tribe-events-calendar-month-mobile-events__mobile-event-details\">\n\n\t\t<div class=\"tribe-events-calendar-month-mobile-events__mobile-event-datetime tribe-common-b2\">\n\t\t\t\t<time datetime=\"2026-05-04\">\n\t\t\tToute la journ\u00e9e\t\t<\/time>\n\t\t<\/div>\n\t\t<h3  class=\"tribe-events-calendar-month-mobile-events__mobile-event-title tribe-common-h7\" >\n\t<a\n\t\thref=\"https:\/\/www.cgfmanet.org\/fr\/event\/la-madre-da-la-buonanotte-al-gruppo-del-progetto-mornese-di-lingua-inglese-a-roma-presso-la-casa-fma-sacro-cuore-iro\/\"\n\t\ttitle=\"La Madre d\u00e0 la Buonanotte al gruppo del \u201cProgetto Mornese\u201d di lingua inglese. A Roma presso la Casa FMA \u201cSacro Cuore\u201d (IRO).\"\n\t\trel=\"bookmark\"\n\t\tclass=\"tribe-events-calendar-month-mobile-events__mobile-event-title-link tribe-common-anchor\"\n\t>\n\t\tLa Madre d\u00e0 la Buonanotte al gruppo del \u201cProgetto Mornese\u201d di lingua inglese. A Roma presso la Casa FMA \u201cSacro Cuore\u201d (IRO).\t<\/a>\n<\/h3>\n\t\t\n\t<\/div>\n<\/article>\n\n\t\t\t\t\t\n\t\t\t\n\t\t\t\n\t\t\t\n<article  class=\"tribe-events-calendar-month-mobile-events__mobile-event post-151104 tribe_events type-tribe_events status-publish tribe_events_cat-programme tribe_events_cat-conseillere-pour-la-famille-salesienne cat_programme cat_conseillere-pour-la-famille-salesienne\" >\n\n\t\n\t<div class=\"tribe-events-calendar-month-mobile-events__mobile-event-details\">\n\n\t\t<div class=\"tribe-events-calendar-month-mobile-events__mobile-event-datetime tribe-common-b2\">\n\t\t\t\t<time datetime=\"2026-05-04\">\n\t\t\tToute la journ\u00e9e\t\t<\/time>\n\t\t<\/div>\n\t\t<h3  class=\"tribe-events-calendar-month-mobile-events__mobile-event-title tribe-common-h7\" >\n\t<a\n\t\thref=\"https:\/\/www.cgfmanet.org\/fr\/event\/suor-leslie-sandigo-termina-la-2a-parte-della-visita-canonica-allispettoria-laura-vicuna-arg-dellargentina\/\"\n\t\ttitle=\"Suor Leslie S\u00e1ndigo termina la 2a parte della visita canonica all\u2019Ispettoria \u201cLaura Vicu\u00f1a\u201d (ARG) dell\u2019Argentina.\"\n\t\trel=\"bookmark\"\n\t\tclass=\"tribe-events-calendar-month-mobile-events__mobile-event-title-link tribe-common-anchor\"\n\t>\n\t\tSuor Leslie S\u00e1ndigo termina la 2a parte della visita canonica all\u2019Ispettoria \u201cLaura Vicu\u00f1a\u201d (ARG) dell\u2019Argentina.\t<\/a>\n<\/h3>\n\t\t\n\t<\/div>\n<\/article>\n\n\t\t\n\t\t\n\t<\/div>\n\n\t\n\t\t\n<div  class=\"tribe-events-calendar-month-mobile-events__mobile-day\"  id=\"tribe-events-calendar-mobile-day-2026-05-5\">\n\n\t\n\t\t\t\t\t\n\t\t\t<div class=\"tribe-events-c-day-marker tribe-events-calendar-month-mobile-events__day-marker\">\n\t<time\n\t\tclass=\"tribe-events-c-day-marker__date tribe-common-h7 tribe-common-h--alt\"\n\t\tdatetime=\"2026-05-05\"\n\t>\n\t\t5 mai\t<\/time>\n<\/div>\n\n\t\t\t\n\t\t\t\n<article  class=\"tribe-events-calendar-month-mobile-events__mobile-event post-156538 tribe_events type-tribe_events status-publish tribe_events_cat-programme tribe_events_cat-mere-generale cat_programme cat_mere-generale\" >\n\n\t\n\t<div class=\"tribe-events-calendar-month-mobile-events__mobile-event-details\">\n\n\t\t<div class=\"tribe-events-calendar-month-mobile-events__mobile-event-datetime tribe-common-b2\">\n\t\t\t\t<time datetime=\"2026-05-05\">\n\t\t\tToute la journ\u00e9e\t\t<\/time>\n\t\t<\/div>\n\t\t<h3  class=\"tribe-events-calendar-month-mobile-events__mobile-event-title tribe-common-h7\" >\n\t<a\n\t\thref=\"https:\/\/www.cgfmanet.org\/fr\/event\/la-madre-incontra-il-consiglio-accademico-della-pontificia-facolta-di-scienze-delleducazione-auxilium-anche-con-la-presenza-della-superiora-di-visitatoria-rmc-suor-jessic\/\"\n\t\ttitle=\"La Madre incontra il Consiglio Accademico della Pontificia Facolt\u00e0 di Scienze dell\u2019Educazione \u201cAuxilium\u201d anche con la presenza della Superiora di Visitatoria (RMC), suor Jessica Salva\u00f1a Togonon. A Roma in Casa generalizia.\"\n\t\trel=\"bookmark\"\n\t\tclass=\"tribe-events-calendar-month-mobile-events__mobile-event-title-link tribe-common-anchor\"\n\t>\n\t\tLa Madre incontra il Consiglio Accademico della Pontificia Facolt\u00e0 di Scienze dell\u2019Educazione \u201cAuxilium\u201d anche con la presenza della Superiora di Visitatoria (RMC), suor Jessica Salva\u00f1a Togonon. A Roma in Casa generalizia.\t<\/a>\n<\/h3>\n\t\t\n\t<\/div>\n<\/article>\n\n\t\t\n\t\t\n\t<\/div>\n\n\t\n\t\t\n<div  class=\"tribe-events-calendar-month-mobile-events__mobile-day\"  id=\"tribe-events-calendar-mobile-day-2026-05-6\">\n\n\t\n\t\t\t\t\t\n\t\t\t<div class=\"tribe-events-c-day-marker tribe-events-calendar-month-mobile-events__day-marker\">\n\t<time\n\t\tclass=\"tribe-events-c-day-marker__date tribe-common-h7 tribe-common-h--alt\"\n\t\tdatetime=\"2026-05-06\"\n\t>\n\t\t6 mai\t<\/time>\n<\/div>\n\n\t\t\t\n\t\t\t\n<article  class=\"tribe-events-calendar-month-mobile-events__mobile-event post-155270 tribe_events type-tribe_events status-publish tribe_events_cat-programme tribe_events_cat-mere-generale cat_programme cat_mere-generale\" >\n\n\t\n\t<div class=\"tribe-events-calendar-month-mobile-events__mobile-event-details\">\n\n\t\t<div class=\"tribe-events-calendar-month-mobile-events__mobile-event-datetime tribe-common-b2\">\n\t\t\t\t<time datetime=\"2026-05-06\">\n\t\t\tToute la journ\u00e9e\t\t<\/time>\n\t\t<\/div>\n\t\t<h3  class=\"tribe-events-calendar-month-mobile-events__mobile-event-title tribe-common-h7\" >\n\t<a\n\t\thref=\"https:\/\/www.cgfmanet.org\/fr\/event\/la-madre-incontra-le-fma-partecipanti-al-corso-di-formazione-permanente-missionaria-a-roma-casa-generalizia\/\"\n\t\ttitle=\"La Madre incontra le FMA partecipanti al Corso di Formazione Permanente Missionaria. A Roma, Casa generalizia.\"\n\t\trel=\"bookmark\"\n\t\tclass=\"tribe-events-calendar-month-mobile-events__mobile-event-title-link tribe-common-anchor\"\n\t>\n\t\tLa Madre incontra le FMA partecipanti al Corso di Formazione Permanente Missionaria. A Roma, Casa generalizia.\t<\/a>\n<\/h3>\n\t\t\n\t<\/div>\n<\/article>\n\n\t\t\n\t\t\n\t<\/div>\n\n\t\n\t\t\n<div  class=\"tribe-events-calendar-month-mobile-events__mobile-day\"  id=\"tribe-events-calendar-mobile-day-2026-05-7\">\n\n\t\n\t\t\t\t\t\n\t\t\t<div class=\"tribe-events-c-day-marker tribe-events-calendar-month-mobile-events__day-marker\">\n\t<time\n\t\tclass=\"tribe-events-c-day-marker__date tribe-common-h7 tribe-common-h--alt\"\n\t\tdatetime=\"2026-05-07\"\n\t>\n\t\t7 mai\t<\/time>\n<\/div>\n\n\t\t\t\n\t\t\t\n<article  class=\"tribe-events-calendar-month-mobile-events__mobile-event post-155260 tribe_events type-tribe_events status-publish tribe_events_cat-programme tribe_events_cat-mere-generale cat_programme cat_mere-generale\" >\n\n\t\n\t<div class=\"tribe-events-calendar-month-mobile-events__mobile-event-details\">\n\n\t\t<div class=\"tribe-events-calendar-month-mobile-events__mobile-event-datetime tribe-common-b2\">\n\t\t\t\t<time datetime=\"2026-05-07\">\n\t\t\tToute la journ\u00e9e\t\t<\/time>\n\t\t<\/div>\n\t\t<h3  class=\"tribe-events-calendar-month-mobile-events__mobile-event-title tribe-common-h7\" >\n\t<a\n\t\thref=\"https:\/\/www.cgfmanet.org\/fr\/event\/la-madre-partecipa-e-interviene-al-vi-congresso-mondiale-dei-salesiani-cooperatori-a-roma-presso-la-fraterna-domus-tema-essere-lievito-per-essere-fecondi\/\"\n\t\ttitle=\"La Madre partecipa e interviene al VI Congresso Mondiale dei Salesiani Cooperatori a Roma, presso la Fraterna Domus. Tema: \u201cEssere lievito per essere fecondi\u201d.\"\n\t\trel=\"bookmark\"\n\t\tclass=\"tribe-events-calendar-month-mobile-events__mobile-event-title-link tribe-common-anchor\"\n\t>\n\t\tLa Madre partecipa e interviene al VI Congresso Mondiale dei Salesiani Cooperatori a Roma, presso la Fraterna Domus. Tema: \u201cEssere lievito per essere fecondi\u201d.\t<\/a>\n<\/h3>\n\t\t\n\t<\/div>\n<\/article>\n\n\t\t\t\t\t\n\t\t\t\n\t\t\t\n\t\t\t\n<article  class=\"tribe-events-calendar-month-mobile-events__mobile-event post-151110 tribe_events type-tribe_events status-publish tribe_events_cat-programme tribe_events_cat-conseillere-pour-la-famille-salesienne cat_programme cat_conseillere-pour-la-famille-salesienne\" >\n\n\t\n\t<div class=\"tribe-events-calendar-month-mobile-events__mobile-event-details\">\n\n\t\t<div class=\"tribe-events-calendar-month-mobile-events__mobile-event-datetime tribe-common-b2\">\n\t\t\t\t<time datetime=\"2026-05-07\">\n\t\t\tToute la journ\u00e9e\t\t<\/time>\n\t\t<\/div>\n\t\t<h3  class=\"tribe-events-calendar-month-mobile-events__mobile-event-title tribe-common-h7\" >\n\t<a\n\t\thref=\"https:\/\/www.cgfmanet.org\/fr\/event\/suor-leslie-sandigo-partecipa-al-congresso-mondiale-dei-salesiani-cooperatori-a-roma-fraterna-domus\/\"\n\t\ttitle=\"Suor Leslie S\u00e1ndigo partecipa al Congresso Mondiale dei Salesiani Cooperatori a Roma, Fraterna Domus.\"\n\t\trel=\"bookmark\"\n\t\tclass=\"tribe-events-calendar-month-mobile-events__mobile-event-title-link tribe-common-anchor\"\n\t>\n\t\tSuor Leslie S\u00e1ndigo partecipa al Congresso Mondiale dei Salesiani Cooperatori a Roma, Fraterna Domus.\t<\/a>\n<\/h3>\n\t\t\n\t<\/div>\n<\/article>\n\n\t\t\n\t\t\n\t<\/div>\n\n\t\n\t\t\n<div  class=\"tribe-events-calendar-month-mobile-events__mobile-day\"  id=\"tribe-events-calendar-mobile-day-2026-05-8\">\n\n\t\n\t\t\t\t\t\n\t\t\t<div class=\"tribe-events-c-day-marker tribe-events-calendar-month-mobile-events__day-marker\">\n\t<time\n\t\tclass=\"tribe-events-c-day-marker__date tribe-common-h7 tribe-common-h--alt\"\n\t\tdatetime=\"2026-05-07\"\n\t>\n\t\t7 mai\t<\/time>\n<\/div>\n\n\t\t\t\n\t\t\t\n<article  class=\"tribe-events-calendar-month-mobile-events__mobile-event post-155260 tribe_events type-tribe_events status-publish tribe_events_cat-programme tribe_events_cat-mere-generale cat_programme cat_mere-generale\" >\n\n\t\n\t<div class=\"tribe-events-calendar-month-mobile-events__mobile-event-details\">\n\n\t\t<div class=\"tribe-events-calendar-month-mobile-events__mobile-event-datetime tribe-common-b2\">\n\t\t\t\t<time datetime=\"2026-05-07\">\n\t\t\tToute la journ\u00e9e\t\t<\/time>\n\t\t<\/div>\n\t\t<h3  class=\"tribe-events-calendar-month-mobile-events__mobile-event-title tribe-common-h7\" >\n\t<a\n\t\thref=\"https:\/\/www.cgfmanet.org\/fr\/event\/la-madre-partecipa-e-interviene-al-vi-congresso-mondiale-dei-salesiani-cooperatori-a-roma-presso-la-fraterna-domus-tema-essere-lievito-per-essere-fecondi\/\"\n\t\ttitle=\"La Madre partecipa e interviene al VI Congresso Mondiale dei Salesiani Cooperatori a Roma, presso la Fraterna Domus. Tema: \u201cEssere lievito per essere fecondi\u201d.\"\n\t\trel=\"bookmark\"\n\t\tclass=\"tribe-events-calendar-month-mobile-events__mobile-event-title-link tribe-common-anchor\"\n\t>\n\t\tLa Madre partecipa e interviene al VI Congresso Mondiale dei Salesiani Cooperatori a Roma, presso la Fraterna Domus. Tema: \u201cEssere lievito per essere fecondi\u201d.\t<\/a>\n<\/h3>\n\t\t\n\t<\/div>\n<\/article>\n\n\t\t\t\t\t\n\t\t\t\n\t\t\t\n\t\t\t\n<article  class=\"tribe-events-calendar-month-mobile-events__mobile-event post-151110 tribe_events type-tribe_events status-publish tribe_events_cat-programme tribe_events_cat-conseillere-pour-la-famille-salesienne cat_programme cat_conseillere-pour-la-famille-salesienne\" >\n\n\t\n\t<div class=\"tribe-events-calendar-month-mobile-events__mobile-event-details\">\n\n\t\t<div class=\"tribe-events-calendar-month-mobile-events__mobile-event-datetime tribe-common-b2\">\n\t\t\t\t<time datetime=\"2026-05-07\">\n\t\t\tToute la journ\u00e9e\t\t<\/time>\n\t\t<\/div>\n\t\t<h3  class=\"tribe-events-calendar-month-mobile-events__mobile-event-title tribe-common-h7\" >\n\t<a\n\t\thref=\"https:\/\/www.cgfmanet.org\/fr\/event\/suor-leslie-sandigo-partecipa-al-congresso-mondiale-dei-salesiani-cooperatori-a-roma-fraterna-domus\/\"\n\t\ttitle=\"Suor Leslie S\u00e1ndigo partecipa al Congresso Mondiale dei Salesiani Cooperatori a Roma, Fraterna Domus.\"\n\t\trel=\"bookmark\"\n\t\tclass=\"tribe-events-calendar-month-mobile-events__mobile-event-title-link tribe-common-anchor\"\n\t>\n\t\tSuor Leslie S\u00e1ndigo partecipa al Congresso Mondiale dei Salesiani Cooperatori a Roma, Fraterna Domus.\t<\/a>\n<\/h3>\n\t\t\n\t<\/div>\n<\/article>\n\n\t\t\t\t\t\n\t\t\t\n\t\t\t\n\t\t\t\n<article  class=\"tribe-events-calendar-month-mobile-events__mobile-event post-155280 tribe_events type-tribe_events status-publish tribe_events_cat-programme tribe_events_cat-mere-generale cat_programme cat_mere-generale\" >\n\n\t\n\t<div class=\"tribe-events-calendar-month-mobile-events__mobile-event-details\">\n\n\t\t<div class=\"tribe-events-calendar-month-mobile-events__mobile-event-datetime tribe-common-b2\">\n\t\t\t\t<time datetime=\"2026-05-08\">\n\t\t\tToute la journ\u00e9e\t\t<\/time>\n\t\t<\/div>\n\t\t<h3  class=\"tribe-events-calendar-month-mobile-events__mobile-event-title tribe-common-h7\" >\n\t<a\n\t\thref=\"https:\/\/www.cgfmanet.org\/fr\/event\/la-madre-partecipa-alle-celebrazione-del-centenario-della-presenza-delle-fma-dellispettoria-nostra-signora-dafrica-afc-a-lubumbashi-repubblica-democratica-del-c\/\"\n\t\ttitle=\"La Madre partecipa alle Celebrazione del Centenario della presenza delle FMA dell\u2019Ispettoria \u201cNostra Signora d\u2019Africa\u201d (AFC). A Lubumbashi, Repubblica Democratica del Congo.\"\n\t\trel=\"bookmark\"\n\t\tclass=\"tribe-events-calendar-month-mobile-events__mobile-event-title-link tribe-common-anchor\"\n\t>\n\t\tLa Madre partecipa alle Celebrazione del Centenario della presenza delle FMA dell\u2019Ispettoria \u201cNostra Signora d\u2019Africa\u201d (AFC). A Lubumbashi, Repubblica Democratica del Congo.\t<\/a>\n<\/h3>\n\t\t\n\t<\/div>\n<\/article>\n\n\t\t\t\t\t\n\t\t\t\n\t\t\t\n\t\t\t\n<article  class=\"tribe-events-calendar-month-mobile-events__mobile-event post-156544 tribe_events type-tribe_events status-publish tribe_events_cat-programme tribe_events_cat-conseillere-pour-la-pastorale-des-jeunes cat_programme cat_conseillere-pour-la-pastorale-des-jeunes\" >\n\n\t\n\t<div class=\"tribe-events-calendar-month-mobile-events__mobile-event-details\">\n\n\t\t<div class=\"tribe-events-calendar-month-mobile-events__mobile-event-datetime tribe-common-b2\">\n\t\t\t\t<time datetime=\"2026-05-08\">\n\t\t\tToute la journ\u00e9e\t\t<\/time>\n\t\t<\/div>\n\t\t<h3  class=\"tribe-events-calendar-month-mobile-events__mobile-event-title tribe-common-h7\" >\n\t<a\n\t\thref=\"https:\/\/www.cgfmanet.org\/fr\/event\/suor-runita-borja-con-le-collaboratrici-dellambito-pg-incontra-le-fma-partecipanti-del-corso-di-formazione-permanente-missionaria-a-roma-casa-generalizia\/\"\n\t\ttitle=\"Suor Runita Borja, con le collaboratrici dell\u2019Ambito PG, incontra le FMA partecipanti del Corso di Formazione Permanente Missionaria. A Roma, Casa generalizia.\"\n\t\trel=\"bookmark\"\n\t\tclass=\"tribe-events-calendar-month-mobile-events__mobile-event-title-link tribe-common-anchor\"\n\t>\n\t\tSuor Runita Borja, con le collaboratrici dell\u2019Ambito PG, incontra le FMA partecipanti del Corso di Formazione Permanente Missionaria. A Roma, Casa generalizia.\t<\/a>\n<\/h3>\n\t\t\n\t<\/div>\n<\/article>\n\n\t\t\n\t\t\n\t<\/div>\n\n\t\n\t\t\n<div  class=\"tribe-events-calendar-month-mobile-events__mobile-day\"  id=\"tribe-events-calendar-mobile-day-2026-05-9\">\n\n\t\n\t\t\t\t\t\n\t\t\t<div class=\"tribe-events-c-day-marker tribe-events-calendar-month-mobile-events__day-marker\">\n\t<time\n\t\tclass=\"tribe-events-c-day-marker__date tribe-common-h7 tribe-common-h--alt\"\n\t\tdatetime=\"2026-05-07\"\n\t>\n\t\t7 mai\t<\/time>\n<\/div>\n\n\t\t\t\n\t\t\t\n<article  class=\"tribe-events-calendar-month-mobile-events__mobile-event post-155260 tribe_events type-tribe_events status-publish tribe_events_cat-programme tribe_events_cat-mere-generale cat_programme cat_mere-generale\" >\n\n\t\n\t<div class=\"tribe-events-calendar-month-mobile-events__mobile-event-details\">\n\n\t\t<div class=\"tribe-events-calendar-month-mobile-events__mobile-event-datetime tribe-common-b2\">\n\t\t\t\t<time datetime=\"2026-05-07\">\n\t\t\tToute la journ\u00e9e\t\t<\/time>\n\t\t<\/div>\n\t\t<h3  class=\"tribe-events-calendar-month-mobile-events__mobile-event-title tribe-common-h7\" >\n\t<a\n\t\thref=\"https:\/\/www.cgfmanet.org\/fr\/event\/la-madre-partecipa-e-interviene-al-vi-congresso-mondiale-dei-salesiani-cooperatori-a-roma-presso-la-fraterna-domus-tema-essere-lievito-per-essere-fecondi\/\"\n\t\ttitle=\"La Madre partecipa e interviene al VI Congresso Mondiale dei Salesiani Cooperatori a Roma, presso la Fraterna Domus. Tema: \u201cEssere lievito per essere fecondi\u201d.\"\n\t\trel=\"bookmark\"\n\t\tclass=\"tribe-events-calendar-month-mobile-events__mobile-event-title-link tribe-common-anchor\"\n\t>\n\t\tLa Madre partecipa e interviene al VI Congresso Mondiale dei Salesiani Cooperatori a Roma, presso la Fraterna Domus. Tema: \u201cEssere lievito per essere fecondi\u201d.\t<\/a>\n<\/h3>\n\t\t\n\t<\/div>\n<\/article>\n\n\t\t\t\t\t\n\t\t\t\n\t\t\t\n\t\t\t\n<article  class=\"tribe-events-calendar-month-mobile-events__mobile-event post-151110 tribe_events type-tribe_events status-publish tribe_events_cat-programme tribe_events_cat-conseillere-pour-la-famille-salesienne cat_programme cat_conseillere-pour-la-famille-salesienne\" >\n\n\t\n\t<div class=\"tribe-events-calendar-month-mobile-events__mobile-event-details\">\n\n\t\t<div class=\"tribe-events-calendar-month-mobile-events__mobile-event-datetime tribe-common-b2\">\n\t\t\t\t<time datetime=\"2026-05-07\">\n\t\t\tToute la journ\u00e9e\t\t<\/time>\n\t\t<\/div>\n\t\t<h3  class=\"tribe-events-calendar-month-mobile-events__mobile-event-title tribe-common-h7\" >\n\t<a\n\t\thref=\"https:\/\/www.cgfmanet.org\/fr\/event\/suor-leslie-sandigo-partecipa-al-congresso-mondiale-dei-salesiani-cooperatori-a-roma-fraterna-domus\/\"\n\t\ttitle=\"Suor Leslie S\u00e1ndigo partecipa al Congresso Mondiale dei Salesiani Cooperatori a Roma, Fraterna Domus.\"\n\t\trel=\"bookmark\"\n\t\tclass=\"tribe-events-calendar-month-mobile-events__mobile-event-title-link tribe-common-anchor\"\n\t>\n\t\tSuor Leslie S\u00e1ndigo partecipa al Congresso Mondiale dei Salesiani Cooperatori a Roma, Fraterna Domus.\t<\/a>\n<\/h3>\n\t\t\n\t<\/div>\n<\/article>\n\n\t\t\t\t\t\n\t\t\t\n\t\t\t\n\t\t\t\n<article  class=\"tribe-events-calendar-month-mobile-events__mobile-event post-155280 tribe_events type-tribe_events status-publish tribe_events_cat-programme tribe_events_cat-mere-generale cat_programme cat_mere-generale\" >\n\n\t\n\t<div class=\"tribe-events-calendar-month-mobile-events__mobile-event-details\">\n\n\t\t<div class=\"tribe-events-calendar-month-mobile-events__mobile-event-datetime tribe-common-b2\">\n\t\t\t\t<time datetime=\"2026-05-08\">\n\t\t\tToute la journ\u00e9e\t\t<\/time>\n\t\t<\/div>\n\t\t<h3  class=\"tribe-events-calendar-month-mobile-events__mobile-event-title tribe-common-h7\" >\n\t<a\n\t\thref=\"https:\/\/www.cgfmanet.org\/fr\/event\/la-madre-partecipa-alle-celebrazione-del-centenario-della-presenza-delle-fma-dellispettoria-nostra-signora-dafrica-afc-a-lubumbashi-repubblica-democratica-del-c\/\"\n\t\ttitle=\"La Madre partecipa alle Celebrazione del Centenario della presenza delle FMA dell\u2019Ispettoria \u201cNostra Signora d\u2019Africa\u201d (AFC). A Lubumbashi, Repubblica Democratica del Congo.\"\n\t\trel=\"bookmark\"\n\t\tclass=\"tribe-events-calendar-month-mobile-events__mobile-event-title-link tribe-common-anchor\"\n\t>\n\t\tLa Madre partecipa alle Celebrazione del Centenario della presenza delle FMA dell\u2019Ispettoria \u201cNostra Signora d\u2019Africa\u201d (AFC). A Lubumbashi, Repubblica Democratica del Congo.\t<\/a>\n<\/h3>\n\t\t\n\t<\/div>\n<\/article>\n\n\t\t\t\t\t\n\t\t\t\n\t\t\t\n\t\t\t\n<article  class=\"tribe-events-calendar-month-mobile-events__mobile-event post-155341 tribe_events type-tribe_events status-publish tribe_events_cat-programme tribe_events_cat-conseillere-pour-la-formation cat_programme cat_conseillere-pour-la-formation\" >\n\n\t\n\t<div class=\"tribe-events-calendar-month-mobile-events__mobile-event-details\">\n\n\t\t<div class=\"tribe-events-calendar-month-mobile-events__mobile-event-datetime tribe-common-b2\">\n\t\t\t\t<time datetime=\"2026-05-09\">\n\t\t\tToute la journ\u00e9e\t\t<\/time>\n\t\t<\/div>\n\t\t<h3  class=\"tribe-events-calendar-month-mobile-events__mobile-event-title tribe-common-h7\" >\n\t<a\n\t\thref=\"https:\/\/www.cgfmanet.org\/fr\/event\/suor-nilza-fatima-de-moraes-coordina-il-raduno-online-con-le-sorelle-del-gruppo-di-stesura-del-progetto-formativo\/\"\n\t\ttitle=\"Suor Nilza F\u00e1tima de Moraes coordina il raduno online con le sorelle del gruppo di stesura del Progetto formativo.\"\n\t\trel=\"bookmark\"\n\t\tclass=\"tribe-events-calendar-month-mobile-events__mobile-event-title-link tribe-common-anchor\"\n\t>\n\t\tSuor Nilza F\u00e1tima de Moraes coordina il raduno online con le sorelle del gruppo di stesura del Progetto formativo.\t<\/a>\n<\/h3>\n\t\t\n\t<\/div>\n<\/article>\n\n\t\t\n\t\t\n\t<\/div>\n\n\t\n\t\t\n<div  class=\"tribe-events-calendar-month-mobile-events__mobile-day\"  id=\"tribe-events-calendar-mobile-day-2026-05-10\">\n\n\t\n\t\t\t\t\t\n\t\t\t<div class=\"tribe-events-c-day-marker tribe-events-calendar-month-mobile-events__day-marker\">\n\t<time\n\t\tclass=\"tribe-events-c-day-marker__date tribe-common-h7 tribe-common-h--alt\"\n\t\tdatetime=\"2026-05-07\"\n\t>\n\t\t7 mai\t<\/time>\n<\/div>\n\n\t\t\t\n\t\t\t\n<article  class=\"tribe-events-calendar-month-mobile-events__mobile-event post-155260 tribe_events type-tribe_events status-publish tribe_events_cat-programme tribe_events_cat-mere-generale cat_programme cat_mere-generale\" >\n\n\t\n\t<div class=\"tribe-events-calendar-month-mobile-events__mobile-event-details\">\n\n\t\t<div class=\"tribe-events-calendar-month-mobile-events__mobile-event-datetime tribe-common-b2\">\n\t\t\t\t<time datetime=\"2026-05-07\">\n\t\t\tToute la journ\u00e9e\t\t<\/time>\n\t\t<\/div>\n\t\t<h3  class=\"tribe-events-calendar-month-mobile-events__mobile-event-title tribe-common-h7\" >\n\t<a\n\t\thref=\"https:\/\/www.cgfmanet.org\/fr\/event\/la-madre-partecipa-e-interviene-al-vi-congresso-mondiale-dei-salesiani-cooperatori-a-roma-presso-la-fraterna-domus-tema-essere-lievito-per-essere-fecondi\/\"\n\t\ttitle=\"La Madre partecipa e interviene al VI Congresso Mondiale dei Salesiani Cooperatori a Roma, presso la Fraterna Domus. Tema: \u201cEssere lievito per essere fecondi\u201d.\"\n\t\trel=\"bookmark\"\n\t\tclass=\"tribe-events-calendar-month-mobile-events__mobile-event-title-link tribe-common-anchor\"\n\t>\n\t\tLa Madre partecipa e interviene al VI Congresso Mondiale dei Salesiani Cooperatori a Roma, presso la Fraterna Domus. Tema: \u201cEssere lievito per essere fecondi\u201d.\t<\/a>\n<\/h3>\n\t\t\n\t<\/div>\n<\/article>\n\n\t\t\t\t\t\n\t\t\t\n\t\t\t\n\t\t\t\n<article  class=\"tribe-events-calendar-month-mobile-events__mobile-event post-151110 tribe_events type-tribe_events status-publish tribe_events_cat-programme tribe_events_cat-conseillere-pour-la-famille-salesienne cat_programme cat_conseillere-pour-la-famille-salesienne\" >\n\n\t\n\t<div class=\"tribe-events-calendar-month-mobile-events__mobile-event-details\">\n\n\t\t<div class=\"tribe-events-calendar-month-mobile-events__mobile-event-datetime tribe-common-b2\">\n\t\t\t\t<time datetime=\"2026-05-07\">\n\t\t\tToute la journ\u00e9e\t\t<\/time>\n\t\t<\/div>\n\t\t<h3  class=\"tribe-events-calendar-month-mobile-events__mobile-event-title tribe-common-h7\" >\n\t<a\n\t\thref=\"https:\/\/www.cgfmanet.org\/fr\/event\/suor-leslie-sandigo-partecipa-al-congresso-mondiale-dei-salesiani-cooperatori-a-roma-fraterna-domus\/\"\n\t\ttitle=\"Suor Leslie S\u00e1ndigo partecipa al Congresso Mondiale dei Salesiani Cooperatori a Roma, Fraterna Domus.\"\n\t\trel=\"bookmark\"\n\t\tclass=\"tribe-events-calendar-month-mobile-events__mobile-event-title-link tribe-common-anchor\"\n\t>\n\t\tSuor Leslie S\u00e1ndigo partecipa al Congresso Mondiale dei Salesiani Cooperatori a Roma, Fraterna Domus.\t<\/a>\n<\/h3>\n\t\t\n\t<\/div>\n<\/article>\n\n\t\t\t\t\t\n\t\t\t\n\t\t\t\n\t\t\t\n<article  class=\"tribe-events-calendar-month-mobile-events__mobile-event post-155280 tribe_events type-tribe_events status-publish tribe_events_cat-programme tribe_events_cat-mere-generale cat_programme cat_mere-generale\" >\n\n\t\n\t<div class=\"tribe-events-calendar-month-mobile-events__mobile-event-details\">\n\n\t\t<div class=\"tribe-events-calendar-month-mobile-events__mobile-event-datetime tribe-common-b2\">\n\t\t\t\t<time datetime=\"2026-05-08\">\n\t\t\tToute la journ\u00e9e\t\t<\/time>\n\t\t<\/div>\n\t\t<h3  class=\"tribe-events-calendar-month-mobile-events__mobile-event-title tribe-common-h7\" >\n\t<a\n\t\thref=\"https:\/\/www.cgfmanet.org\/fr\/event\/la-madre-partecipa-alle-celebrazione-del-centenario-della-presenza-delle-fma-dellispettoria-nostra-signora-dafrica-afc-a-lubumbashi-repubblica-democratica-del-c\/\"\n\t\ttitle=\"La Madre partecipa alle Celebrazione del Centenario della presenza delle FMA dell\u2019Ispettoria \u201cNostra Signora d\u2019Africa\u201d (AFC). A Lubumbashi, Repubblica Democratica del Congo.\"\n\t\trel=\"bookmark\"\n\t\tclass=\"tribe-events-calendar-month-mobile-events__mobile-event-title-link tribe-common-anchor\"\n\t>\n\t\tLa Madre partecipa alle Celebrazione del Centenario della presenza delle FMA dell\u2019Ispettoria \u201cNostra Signora d\u2019Africa\u201d (AFC). A Lubumbashi, Repubblica Democratica del Congo.\t<\/a>\n<\/h3>\n\t\t\n\t<\/div>\n<\/article>\n\n\t\t\n\t\t\n\t<\/div>\n\n\t\n\t\t\n<div  class=\"tribe-events-calendar-month-mobile-events__mobile-day\"  id=\"tribe-events-calendar-mobile-day-2026-05-11\">\n\n\t\n\t\t\t\t\t\n\t\t\t<div class=\"tribe-events-c-day-marker tribe-events-calendar-month-mobile-events__day-marker\">\n\t<time\n\t\tclass=\"tribe-events-c-day-marker__date tribe-common-h7 tribe-common-h--alt\"\n\t\tdatetime=\"2026-05-08\"\n\t>\n\t\t8 mai\t<\/time>\n<\/div>\n\n\t\t\t\n\t\t\t\n<article  class=\"tribe-events-calendar-month-mobile-events__mobile-event post-155280 tribe_events type-tribe_events status-publish tribe_events_cat-programme tribe_events_cat-mere-generale cat_programme cat_mere-generale\" >\n\n\t\n\t<div class=\"tribe-events-calendar-month-mobile-events__mobile-event-details\">\n\n\t\t<div class=\"tribe-events-calendar-month-mobile-events__mobile-event-datetime tribe-common-b2\">\n\t\t\t\t<time datetime=\"2026-05-08\">\n\t\t\tToute la journ\u00e9e\t\t<\/time>\n\t\t<\/div>\n\t\t<h3  class=\"tribe-events-calendar-month-mobile-events__mobile-event-title tribe-common-h7\" >\n\t<a\n\t\thref=\"https:\/\/www.cgfmanet.org\/fr\/event\/la-madre-partecipa-alle-celebrazione-del-centenario-della-presenza-delle-fma-dellispettoria-nostra-signora-dafrica-afc-a-lubumbashi-repubblica-democratica-del-c\/\"\n\t\ttitle=\"La Madre partecipa alle Celebrazione del Centenario della presenza delle FMA dell\u2019Ispettoria \u201cNostra Signora d\u2019Africa\u201d (AFC). A Lubumbashi, Repubblica Democratica del Congo.\"\n\t\trel=\"bookmark\"\n\t\tclass=\"tribe-events-calendar-month-mobile-events__mobile-event-title-link tribe-common-anchor\"\n\t>\n\t\tLa Madre partecipa alle Celebrazione del Centenario della presenza delle FMA dell\u2019Ispettoria \u201cNostra Signora d\u2019Africa\u201d (AFC). A Lubumbashi, Repubblica Democratica del Congo.\t<\/a>\n<\/h3>\n\t\t\n\t<\/div>\n<\/article>\n\n\t\t\t\t\t\n\t\t\t\n\t\t\t\n\t\t\t\n<article  class=\"tribe-events-calendar-month-mobile-events__mobile-event post-150895 tribe_events type-tribe_events status-publish tribe_events_cat-programme tribe_events_cat-conseillere-pour-les-missions cat_programme cat_conseillere-pour-les-missions\" >\n\n\t\n\t<div class=\"tribe-events-calendar-month-mobile-events__mobile-event-details\">\n\n\t\t<div class=\"tribe-events-calendar-month-mobile-events__mobile-event-datetime tribe-common-b2\">\n\t\t\t\t<time datetime=\"2026-05-11\">\n\t\t\tToute la journ\u00e9e\t\t<\/time>\n\t\t<\/div>\n\t\t<h3  class=\"tribe-events-calendar-month-mobile-events__mobile-event-title tribe-common-h7\" >\n\t<a\n\t\thref=\"https:\/\/www.cgfmanet.org\/fr\/event\/esercizi-spirituali-per-le-partecipanti-al-corso-di-formazione-permanente-missionaria-e-le-neo-missionarie-a-mornese-2\/\"\n\t\ttitle=\"Esercizi Spirituali per le partecipanti al Corso di Formazione Permanente Missionaria e le neo missionarie, a Mornese.\"\n\t\trel=\"bookmark\"\n\t\tclass=\"tribe-events-calendar-month-mobile-events__mobile-event-title-link tribe-common-anchor\"\n\t>\n\t\tEsercizi Spirituali per le partecipanti al Corso di Formazione Permanente Missionaria e le neo missionarie, a Mornese.\t<\/a>\n<\/h3>\n\t\t\n\t<\/div>\n<\/article>\n\n\t\t\n\t\t\n\t<\/div>\n\n\t\n\t\t\n<div  class=\"tribe-events-calendar-month-mobile-events__mobile-day\"  id=\"tribe-events-calendar-mobile-day-2026-05-12\">\n\n\t\n\t\t\t\t\t\n\t\t\t<div class=\"tribe-events-c-day-marker tribe-events-calendar-month-mobile-events__day-marker\">\n\t<time\n\t\tclass=\"tribe-events-c-day-marker__date tribe-common-h7 tribe-common-h--alt\"\n\t\tdatetime=\"2026-05-08\"\n\t>\n\t\t8 mai\t<\/time>\n<\/div>\n\n\t\t\t\n\t\t\t\n<article  class=\"tribe-events-calendar-month-mobile-events__mobile-event post-155280 tribe_events type-tribe_events status-publish tribe_events_cat-programme tribe_events_cat-mere-generale cat_programme cat_mere-generale\" >\n\n\t\n\t<div class=\"tribe-events-calendar-month-mobile-events__mobile-event-details\">\n\n\t\t<div class=\"tribe-events-calendar-month-mobile-events__mobile-event-datetime tribe-common-b2\">\n\t\t\t\t<time datetime=\"2026-05-08\">\n\t\t\tToute la journ\u00e9e\t\t<\/time>\n\t\t<\/div>\n\t\t<h3  class=\"tribe-events-calendar-month-mobile-events__mobile-event-title tribe-common-h7\" >\n\t<a\n\t\thref=\"https:\/\/www.cgfmanet.org\/fr\/event\/la-madre-partecipa-alle-celebrazione-del-centenario-della-presenza-delle-fma-dellispettoria-nostra-signora-dafrica-afc-a-lubumbashi-repubblica-democratica-del-c\/\"\n\t\ttitle=\"La Madre partecipa alle Celebrazione del Centenario della presenza delle FMA dell\u2019Ispettoria \u201cNostra Signora d\u2019Africa\u201d (AFC). A Lubumbashi, Repubblica Democratica del Congo.\"\n\t\trel=\"bookmark\"\n\t\tclass=\"tribe-events-calendar-month-mobile-events__mobile-event-title-link tribe-common-anchor\"\n\t>\n\t\tLa Madre partecipa alle Celebrazione del Centenario della presenza delle FMA dell\u2019Ispettoria \u201cNostra Signora d\u2019Africa\u201d (AFC). A Lubumbashi, Repubblica Democratica del Congo.\t<\/a>\n<\/h3>\n\t\t\n\t<\/div>\n<\/article>\n\n\t\t\t\t\t\n\t\t\t\n\t\t\t\n\t\t\t\n<article  class=\"tribe-events-calendar-month-mobile-events__mobile-event post-150895 tribe_events type-tribe_events status-publish tribe_events_cat-programme tribe_events_cat-conseillere-pour-les-missions cat_programme cat_conseillere-pour-les-missions\" >\n\n\t\n\t<div class=\"tribe-events-calendar-month-mobile-events__mobile-event-details\">\n\n\t\t<div class=\"tribe-events-calendar-month-mobile-events__mobile-event-datetime tribe-common-b2\">\n\t\t\t\t<time datetime=\"2026-05-11\">\n\t\t\tToute la journ\u00e9e\t\t<\/time>\n\t\t<\/div>\n\t\t<h3  class=\"tribe-events-calendar-month-mobile-events__mobile-event-title tribe-common-h7\" >\n\t<a\n\t\thref=\"https:\/\/www.cgfmanet.org\/fr\/event\/esercizi-spirituali-per-le-partecipanti-al-corso-di-formazione-permanente-missionaria-e-le-neo-missionarie-a-mornese-2\/\"\n\t\ttitle=\"Esercizi Spirituali per le partecipanti al Corso di Formazione Permanente Missionaria e le neo missionarie, a Mornese.\"\n\t\trel=\"bookmark\"\n\t\tclass=\"tribe-events-calendar-month-mobile-events__mobile-event-title-link tribe-common-anchor\"\n\t>\n\t\tEsercizi Spirituali per le partecipanti al Corso di Formazione Permanente Missionaria e le neo missionarie, a Mornese.\t<\/a>\n<\/h3>\n\t\t\n\t<\/div>\n<\/article>\n\n\t\t\n\t\t\n\t<\/div>\n\n\t\n\t\t\n<div  class=\"tribe-events-calendar-month-mobile-events__mobile-day\"  id=\"tribe-events-calendar-mobile-day-2026-05-13\">\n\n\t\n\t\t\t\t\t\n\t\t\t<div class=\"tribe-events-c-day-marker tribe-events-calendar-month-mobile-events__day-marker\">\n\t<time\n\t\tclass=\"tribe-events-c-day-marker__date tribe-common-h7 tribe-common-h--alt\"\n\t\tdatetime=\"2026-05-08\"\n\t>\n\t\t8 mai\t<\/time>\n<\/div>\n\n\t\t\t\n\t\t\t\n<article  class=\"tribe-events-calendar-month-mobile-events__mobile-event post-155280 tribe_events type-tribe_events status-publish tribe_events_cat-programme tribe_events_cat-mere-generale cat_programme cat_mere-generale\" >\n\n\t\n\t<div class=\"tribe-events-calendar-month-mobile-events__mobile-event-details\">\n\n\t\t<div class=\"tribe-events-calendar-month-mobile-events__mobile-event-datetime tribe-common-b2\">\n\t\t\t\t<time datetime=\"2026-05-08\">\n\t\t\tToute la journ\u00e9e\t\t<\/time>\n\t\t<\/div>\n\t\t<h3  class=\"tribe-events-calendar-month-mobile-events__mobile-event-title tribe-common-h7\" >\n\t<a\n\t\thref=\"https:\/\/www.cgfmanet.org\/fr\/event\/la-madre-partecipa-alle-celebrazione-del-centenario-della-presenza-delle-fma-dellispettoria-nostra-signora-dafrica-afc-a-lubumbashi-repubblica-democratica-del-c\/\"\n\t\ttitle=\"La Madre partecipa alle Celebrazione del Centenario della presenza delle FMA dell\u2019Ispettoria \u201cNostra Signora d\u2019Africa\u201d (AFC). A Lubumbashi, Repubblica Democratica del Congo.\"\n\t\trel=\"bookmark\"\n\t\tclass=\"tribe-events-calendar-month-mobile-events__mobile-event-title-link tribe-common-anchor\"\n\t>\n\t\tLa Madre partecipa alle Celebrazione del Centenario della presenza delle FMA dell\u2019Ispettoria \u201cNostra Signora d\u2019Africa\u201d (AFC). A Lubumbashi, Repubblica Democratica del Congo.\t<\/a>\n<\/h3>\n\t\t\n\t<\/div>\n<\/article>\n\n\t\t\t\t\t\n\t\t\t\n\t\t\t\n\t\t\t\n<article  class=\"tribe-events-calendar-month-mobile-events__mobile-event post-150895 tribe_events type-tribe_events status-publish tribe_events_cat-programme tribe_events_cat-conseillere-pour-les-missions cat_programme cat_conseillere-pour-les-missions\" >\n\n\t\n\t<div class=\"tribe-events-calendar-month-mobile-events__mobile-event-details\">\n\n\t\t<div class=\"tribe-events-calendar-month-mobile-events__mobile-event-datetime tribe-common-b2\">\n\t\t\t\t<time datetime=\"2026-05-11\">\n\t\t\tToute la journ\u00e9e\t\t<\/time>\n\t\t<\/div>\n\t\t<h3  class=\"tribe-events-calendar-month-mobile-events__mobile-event-title tribe-common-h7\" >\n\t<a\n\t\thref=\"https:\/\/www.cgfmanet.org\/fr\/event\/esercizi-spirituali-per-le-partecipanti-al-corso-di-formazione-permanente-missionaria-e-le-neo-missionarie-a-mornese-2\/\"\n\t\ttitle=\"Esercizi Spirituali per le partecipanti al Corso di Formazione Permanente Missionaria e le neo missionarie, a Mornese.\"\n\t\trel=\"bookmark\"\n\t\tclass=\"tribe-events-calendar-month-mobile-events__mobile-event-title-link tribe-common-anchor\"\n\t>\n\t\tEsercizi Spirituali per le partecipanti al Corso di Formazione Permanente Missionaria e le neo missionarie, a Mornese.\t<\/a>\n<\/h3>\n\t\t\n\t<\/div>\n<\/article>\n\n\t\t\n\t\t\n\t<\/div>\n\n\t\n\t\t\n<div  class=\"tribe-events-calendar-month-mobile-events__mobile-day\"  id=\"tribe-events-calendar-mobile-day-2026-05-14\">\n\n\t\n\t\t\t\t\t\n\t\t\t<div class=\"tribe-events-c-day-marker tribe-events-calendar-month-mobile-events__day-marker\">\n\t<time\n\t\tclass=\"tribe-events-c-day-marker__date tribe-common-h7 tribe-common-h--alt\"\n\t\tdatetime=\"2026-05-08\"\n\t>\n\t\t8 mai\t<\/time>\n<\/div>\n\n\t\t\t\n\t\t\t\n<article  class=\"tribe-events-calendar-month-mobile-events__mobile-event post-155280 tribe_events type-tribe_events status-publish tribe_events_cat-programme tribe_events_cat-mere-generale cat_programme cat_mere-generale\" >\n\n\t\n\t<div class=\"tribe-events-calendar-month-mobile-events__mobile-event-details\">\n\n\t\t<div class=\"tribe-events-calendar-month-mobile-events__mobile-event-datetime tribe-common-b2\">\n\t\t\t\t<time datetime=\"2026-05-08\">\n\t\t\tToute la journ\u00e9e\t\t<\/time>\n\t\t<\/div>\n\t\t<h3  class=\"tribe-events-calendar-month-mobile-events__mobile-event-title tribe-common-h7\" >\n\t<a\n\t\thref=\"https:\/\/www.cgfmanet.org\/fr\/event\/la-madre-partecipa-alle-celebrazione-del-centenario-della-presenza-delle-fma-dellispettoria-nostra-signora-dafrica-afc-a-lubumbashi-repubblica-democratica-del-c\/\"\n\t\ttitle=\"La Madre partecipa alle Celebrazione del Centenario della presenza delle FMA dell\u2019Ispettoria \u201cNostra Signora d\u2019Africa\u201d (AFC). A Lubumbashi, Repubblica Democratica del Congo.\"\n\t\trel=\"bookmark\"\n\t\tclass=\"tribe-events-calendar-month-mobile-events__mobile-event-title-link tribe-common-anchor\"\n\t>\n\t\tLa Madre partecipa alle Celebrazione del Centenario della presenza delle FMA dell\u2019Ispettoria \u201cNostra Signora d\u2019Africa\u201d (AFC). A Lubumbashi, Repubblica Democratica del Congo.\t<\/a>\n<\/h3>\n\t\t\n\t<\/div>\n<\/article>\n\n\t\t\t\t\t\n\t\t\t\n\t\t\t\n\t\t\t\n<article  class=\"tribe-events-calendar-month-mobile-events__mobile-event post-150895 tribe_events type-tribe_events status-publish tribe_events_cat-programme tribe_events_cat-conseillere-pour-les-missions cat_programme cat_conseillere-pour-les-missions\" >\n\n\t\n\t<div class=\"tribe-events-calendar-month-mobile-events__mobile-event-details\">\n\n\t\t<div class=\"tribe-events-calendar-month-mobile-events__mobile-event-datetime tribe-common-b2\">\n\t\t\t\t<time datetime=\"2026-05-11\">\n\t\t\tToute la journ\u00e9e\t\t<\/time>\n\t\t<\/div>\n\t\t<h3  class=\"tribe-events-calendar-month-mobile-events__mobile-event-title tribe-common-h7\" >\n\t<a\n\t\thref=\"https:\/\/www.cgfmanet.org\/fr\/event\/esercizi-spirituali-per-le-partecipanti-al-corso-di-formazione-permanente-missionaria-e-le-neo-missionarie-a-mornese-2\/\"\n\t\ttitle=\"Esercizi Spirituali per le partecipanti al Corso di Formazione Permanente Missionaria e le neo missionarie, a Mornese.\"\n\t\trel=\"bookmark\"\n\t\tclass=\"tribe-events-calendar-month-mobile-events__mobile-event-title-link tribe-common-anchor\"\n\t>\n\t\tEsercizi Spirituali per le partecipanti al Corso di Formazione Permanente Missionaria e le neo missionarie, a Mornese.\t<\/a>\n<\/h3>\n\t\t\n\t<\/div>\n<\/article>\n\n\t\t\t\t\t\n\t\t\t\n\t\t\t\n\t\t\t\n<article  class=\"tribe-events-calendar-month-mobile-events__mobile-event post-154047 tribe_events type-tribe_events status-publish tribe_events_cat-programme tribe_events_cat-sr-maria-assunta-sumiko-inoue-fr-2 tribe_events_cat-visitatrice cat_programme cat_sr-maria-assunta-sumiko-inoue-fr-2 cat_visitatrice\" >\n\n\t\n\t<div class=\"tribe-events-calendar-month-mobile-events__mobile-event-details\">\n\n\t\t<div class=\"tribe-events-calendar-month-mobile-events__mobile-event-datetime tribe-common-b2\">\n\t\t\t\t<time datetime=\"2026-05-14\">\n\t\t\tToute la journ\u00e9e\t\t<\/time>\n\t\t<\/div>\n\t\t<h3  class=\"tribe-events-calendar-month-mobile-events__mobile-event-title tribe-common-h7\" >\n\t<a\n\t\thref=\"https:\/\/www.cgfmanet.org\/fr\/event\/suor-maria-assunta-sumiko-inoue-termina-la-visita-canonica-allispettoria-santa-maria-domenica-mazzarello-tin-di-timor-indonesia\/\"\n\t\ttitle=\"Suor Maria Assunta Sumiko Inoue termina la Visita canonica all&rsquo;Ispettoria \u201cSanta Maria Domenica Mazzarello\u201d (TIN) di Timor-Indonesia.\"\n\t\trel=\"bookmark\"\n\t\tclass=\"tribe-events-calendar-month-mobile-events__mobile-event-title-link tribe-common-anchor\"\n\t>\n\t\tSuor Maria Assunta Sumiko Inoue termina la Visita canonica all&rsquo;Ispettoria \u201cSanta Maria Domenica Mazzarello\u201d (TIN) di Timor-Indonesia.\t<\/a>\n<\/h3>\n\t\t\n\t<\/div>\n<\/article>\n\n\t\t\t\t\t\n\t\t\t\n\t\t\t\n\t\t\t\n<article  class=\"tribe-events-calendar-month-mobile-events__mobile-event post-150930 tribe_events type-tribe_events status-publish tribe_events_cat-programme tribe_events_cat-sr-maria-assunta-sumiko-inoue-fr-2 tribe_events_cat-visitatrice cat_programme cat_sr-maria-assunta-sumiko-inoue-fr-2 cat_visitatrice\" >\n\n\t\n\t<div class=\"tribe-events-calendar-month-mobile-events__mobile-event-details\">\n\n\t\t<div class=\"tribe-events-calendar-month-mobile-events__mobile-event-datetime tribe-common-b2\">\n\t\t\t\t<time datetime=\"2026-05-14\">\n\t\t\tToute la journ\u00e9e\t\t<\/time>\n\t\t<\/div>\n\t\t<h3  class=\"tribe-events-calendar-month-mobile-events__mobile-event-title tribe-common-h7\" >\n\t<a\n\t\thref=\"https:\/\/www.cgfmanet.org\/fr\/event\/suor-maria-assunta-sumiko-inoue-fa-una-visita-breve-allispettoria-santa-maria-mazzarello-tha\/\"\n\t\ttitle=\"Suor Maria Assunta Sumiko Inoue fa una Visita breve all&rsquo;Ispettoria \u201cSanta Maria Mazzarello\u201d (THA).\"\n\t\trel=\"bookmark\"\n\t\tclass=\"tribe-events-calendar-month-mobile-events__mobile-event-title-link tribe-common-anchor\"\n\t>\n\t\tSuor Maria Assunta Sumiko Inoue fa una Visita breve all&rsquo;Ispettoria \u201cSanta Maria Mazzarello\u201d (THA).\t<\/a>\n<\/h3>\n\t\t\n\t<\/div>\n<\/article>\n\n\t\t\t\t\t\n\t\t\t\n\t\t\t\n\t\t\t\n<article  class=\"tribe-events-calendar-month-mobile-events__mobile-event post-156708 tribe_events type-tribe_events status-publish tribe_events_cat-programme tribe_events_cat-conseillere-pour-la-pastorale-des-jeunes cat_programme cat_conseillere-pour-la-pastorale-des-jeunes\" >\n\n\t\n\t<div class=\"tribe-events-calendar-month-mobile-events__mobile-event-details\">\n\n\t\t<div class=\"tribe-events-calendar-month-mobile-events__mobile-event-datetime tribe-common-b2\">\n\t\t\t\t<time datetime=\"2026-05-14\">\n\t\t\tToute la journ\u00e9e\t\t<\/time>\n\t\t<\/div>\n\t\t<h3  class=\"tribe-events-calendar-month-mobile-events__mobile-event-title tribe-common-h7\" >\n\t<a\n\t\thref=\"https:\/\/www.cgfmanet.org\/fr\/event\/suor-runita-borja-partecipa-al-congresso-degli-educatori-della-conferenza-interispettoriale-ciao-sul-tema-il-patto-educativo-globale-nello-stile-salesiano-a-tokyo-in-giappone\/\"\n\t\ttitle=\"Suor Runita Borja partecipa al Congresso degli Educatori della Conferenza interispettoriale CIAO sul tema \u201cIl Patto Educativo Globale nello stile salesiano\u201d. A Tokyo, in Giappone.\"\n\t\trel=\"bookmark\"\n\t\tclass=\"tribe-events-calendar-month-mobile-events__mobile-event-title-link tribe-common-anchor\"\n\t>\n\t\tSuor Runita Borja partecipa al Congresso degli Educatori della Conferenza interispettoriale CIAO sul tema \u201cIl Patto Educativo Globale nello stile salesiano\u201d. A Tokyo, in Giappone.\t<\/a>\n<\/h3>\n\t\t\n\t<\/div>\n<\/article>\n\n\t\t\n\t\t\n\t<\/div>\n\n\t\n\t\t\n<div  class=\"tribe-events-calendar-month-mobile-events__mobile-day\"  id=\"tribe-events-calendar-mobile-day-2026-05-15\">\n\n\t\n\t\t\t\t\t\n\t\t\t<div class=\"tribe-events-c-day-marker tribe-events-calendar-month-mobile-events__day-marker\">\n\t<time\n\t\tclass=\"tribe-events-c-day-marker__date tribe-common-h7 tribe-common-h--alt\"\n\t\tdatetime=\"2026-05-08\"\n\t>\n\t\t8 mai\t<\/time>\n<\/div>\n\n\t\t\t\n\t\t\t\n<article  class=\"tribe-events-calendar-month-mobile-events__mobile-event post-155280 tribe_events type-tribe_events status-publish tribe_events_cat-programme tribe_events_cat-mere-generale cat_programme cat_mere-generale\" >\n\n\t\n\t<div class=\"tribe-events-calendar-month-mobile-events__mobile-event-details\">\n\n\t\t<div class=\"tribe-events-calendar-month-mobile-events__mobile-event-datetime tribe-common-b2\">\n\t\t\t\t<time datetime=\"2026-05-08\">\n\t\t\tToute la journ\u00e9e\t\t<\/time>\n\t\t<\/div>\n\t\t<h3  class=\"tribe-events-calendar-month-mobile-events__mobile-event-title tribe-common-h7\" >\n\t<a\n\t\thref=\"https:\/\/www.cgfmanet.org\/fr\/event\/la-madre-partecipa-alle-celebrazione-del-centenario-della-presenza-delle-fma-dellispettoria-nostra-signora-dafrica-afc-a-lubumbashi-repubblica-democratica-del-c\/\"\n\t\ttitle=\"La Madre partecipa alle Celebrazione del Centenario della presenza delle FMA dell\u2019Ispettoria \u201cNostra Signora d\u2019Africa\u201d (AFC). A Lubumbashi, Repubblica Democratica del Congo.\"\n\t\trel=\"bookmark\"\n\t\tclass=\"tribe-events-calendar-month-mobile-events__mobile-event-title-link tribe-common-anchor\"\n\t>\n\t\tLa Madre partecipa alle Celebrazione del Centenario della presenza delle FMA dell\u2019Ispettoria \u201cNostra Signora d\u2019Africa\u201d (AFC). A Lubumbashi, Repubblica Democratica del Congo.\t<\/a>\n<\/h3>\n\t\t\n\t<\/div>\n<\/article>\n\n\t\t\t\t\t\n\t\t\t\n\t\t\t\n\t\t\t\n<article  class=\"tribe-events-calendar-month-mobile-events__mobile-event post-150895 tribe_events type-tribe_events status-publish tribe_events_cat-programme tribe_events_cat-conseillere-pour-les-missions cat_programme cat_conseillere-pour-les-missions\" >\n\n\t\n\t<div class=\"tribe-events-calendar-month-mobile-events__mobile-event-details\">\n\n\t\t<div class=\"tribe-events-calendar-month-mobile-events__mobile-event-datetime tribe-common-b2\">\n\t\t\t\t<time datetime=\"2026-05-11\">\n\t\t\tToute la journ\u00e9e\t\t<\/time>\n\t\t<\/div>\n\t\t<h3  class=\"tribe-events-calendar-month-mobile-events__mobile-event-title tribe-common-h7\" >\n\t<a\n\t\thref=\"https:\/\/www.cgfmanet.org\/fr\/event\/esercizi-spirituali-per-le-partecipanti-al-corso-di-formazione-permanente-missionaria-e-le-neo-missionarie-a-mornese-2\/\"\n\t\ttitle=\"Esercizi Spirituali per le partecipanti al Corso di Formazione Permanente Missionaria e le neo missionarie, a Mornese.\"\n\t\trel=\"bookmark\"\n\t\tclass=\"tribe-events-calendar-month-mobile-events__mobile-event-title-link tribe-common-anchor\"\n\t>\n\t\tEsercizi Spirituali per le partecipanti al Corso di Formazione Permanente Missionaria e le neo missionarie, a Mornese.\t<\/a>\n<\/h3>\n\t\t\n\t<\/div>\n<\/article>\n\n\t\t\t\t\t\n\t\t\t\n\t\t\t\n\t\t\t\n<article  class=\"tribe-events-calendar-month-mobile-events__mobile-event post-151116 tribe_events type-tribe_events status-publish tribe_events_cat-programme tribe_events_cat-conseillere-pour-la-famille-salesienne cat_programme cat_conseillere-pour-la-famille-salesienne\" >\n\n\t\n\t<div class=\"tribe-events-calendar-month-mobile-events__mobile-event-details\">\n\n\t\t<div class=\"tribe-events-calendar-month-mobile-events__mobile-event-datetime tribe-common-b2\">\n\t\t\t\t<time datetime=\"2026-05-15\">\n\t\t\tToute la journ\u00e9e\t\t<\/time>\n\t\t<\/div>\n\t\t<h3  class=\"tribe-events-calendar-month-mobile-events__mobile-event-title tribe-common-h7\" >\n\t<a\n\t\thref=\"https:\/\/www.cgfmanet.org\/fr\/event\/suor-leslie-sandigo-insieme-alle-collaboratrici-dellambito-presenta-la-famiglia-salesiana-alle-studentesse-del-corso-di-spiritualita-di-casa-madre-canta\/\"\n\t\ttitle=\"Suor Leslie S\u00e1ndigo insieme alle collaboratrici dell\u2019Ambito presenta la Famiglia Salesiana alle studentesse del Corso di Spiritualit\u00e0 di Casa Madre Canta.\"\n\t\trel=\"bookmark\"\n\t\tclass=\"tribe-events-calendar-month-mobile-events__mobile-event-title-link tribe-common-anchor\"\n\t>\n\t\tSuor Leslie S\u00e1ndigo insieme alle collaboratrici dell\u2019Ambito presenta la Famiglia Salesiana alle studentesse del Corso di Spiritualit\u00e0 di Casa Madre Canta.\t<\/a>\n<\/h3>\n\t\t\n\t<\/div>\n<\/article>\n\n\t\t\t\t\t\n\t\t\t\n\t\t\t\n\t\t\t\n<article  class=\"tribe-events-calendar-month-mobile-events__mobile-event post-150930 tribe_events type-tribe_events status-publish tribe_events_cat-programme tribe_events_cat-sr-maria-assunta-sumiko-inoue-fr-2 tribe_events_cat-visitatrice cat_programme cat_sr-maria-assunta-sumiko-inoue-fr-2 cat_visitatrice\" >\n\n\t\n\t<div class=\"tribe-events-calendar-month-mobile-events__mobile-event-details\">\n\n\t\t<div class=\"tribe-events-calendar-month-mobile-events__mobile-event-datetime tribe-common-b2\">\n\t\t\t\t<time datetime=\"2026-05-14\">\n\t\t\tToute la journ\u00e9e\t\t<\/time>\n\t\t<\/div>\n\t\t<h3  class=\"tribe-events-calendar-month-mobile-events__mobile-event-title tribe-common-h7\" >\n\t<a\n\t\thref=\"https:\/\/www.cgfmanet.org\/fr\/event\/suor-maria-assunta-sumiko-inoue-fa-una-visita-breve-allispettoria-santa-maria-mazzarello-tha\/\"\n\t\ttitle=\"Suor Maria Assunta Sumiko Inoue fa una Visita breve all&rsquo;Ispettoria \u201cSanta Maria Mazzarello\u201d (THA).\"\n\t\trel=\"bookmark\"\n\t\tclass=\"tribe-events-calendar-month-mobile-events__mobile-event-title-link tribe-common-anchor\"\n\t>\n\t\tSuor Maria Assunta Sumiko Inoue fa una Visita breve all&rsquo;Ispettoria \u201cSanta Maria Mazzarello\u201d (THA).\t<\/a>\n<\/h3>\n\t\t\n\t<\/div>\n<\/article>\n\n\t\t\t\t\t\n\t\t\t\n\t\t\t\n\t\t\t\n<article  class=\"tribe-events-calendar-month-mobile-events__mobile-event post-156708 tribe_events type-tribe_events status-publish tribe_events_cat-programme tribe_events_cat-conseillere-pour-la-pastorale-des-jeunes cat_programme cat_conseillere-pour-la-pastorale-des-jeunes\" >\n\n\t\n\t<div class=\"tribe-events-calendar-month-mobile-events__mobile-event-details\">\n\n\t\t<div class=\"tribe-events-calendar-month-mobile-events__mobile-event-datetime tribe-common-b2\">\n\t\t\t\t<time datetime=\"2026-05-14\">\n\t\t\tToute la journ\u00e9e\t\t<\/time>\n\t\t<\/div>\n\t\t<h3  class=\"tribe-events-calendar-month-mobile-events__mobile-event-title tribe-common-h7\" >\n\t<a\n\t\thref=\"https:\/\/www.cgfmanet.org\/fr\/event\/suor-runita-borja-partecipa-al-congresso-degli-educatori-della-conferenza-interispettoriale-ciao-sul-tema-il-patto-educativo-globale-nello-stile-salesiano-a-tokyo-in-giappone\/\"\n\t\ttitle=\"Suor Runita Borja partecipa al Congresso degli Educatori della Conferenza interispettoriale CIAO sul tema \u201cIl Patto Educativo Globale nello stile salesiano\u201d. A Tokyo, in Giappone.\"\n\t\trel=\"bookmark\"\n\t\tclass=\"tribe-events-calendar-month-mobile-events__mobile-event-title-link tribe-common-anchor\"\n\t>\n\t\tSuor Runita Borja partecipa al Congresso degli Educatori della Conferenza interispettoriale CIAO sul tema \u201cIl Patto Educativo Globale nello stile salesiano\u201d. A Tokyo, in Giappone.\t<\/a>\n<\/h3>\n\t\t\n\t<\/div>\n<\/article>\n\n\t\t\n\t\t\n\t<\/div>\n\n\t\n\t\t\n<div  class=\"tribe-events-calendar-month-mobile-events__mobile-day\"  id=\"tribe-events-calendar-mobile-day-2026-05-16\">\n\n\t\n\t\t\t\t\t\n\t\t\t<div class=\"tribe-events-c-day-marker tribe-events-calendar-month-mobile-events__day-marker\">\n\t<time\n\t\tclass=\"tribe-events-c-day-marker__date tribe-common-h7 tribe-common-h--alt\"\n\t\tdatetime=\"2026-05-08\"\n\t>\n\t\t8 mai\t<\/time>\n<\/div>\n\n\t\t\t\n\t\t\t\n<article  class=\"tribe-events-calendar-month-mobile-events__mobile-event post-155280 tribe_events type-tribe_events status-publish tribe_events_cat-programme tribe_events_cat-mere-generale cat_programme cat_mere-generale\" >\n\n\t\n\t<div class=\"tribe-events-calendar-month-mobile-events__mobile-event-details\">\n\n\t\t<div class=\"tribe-events-calendar-month-mobile-events__mobile-event-datetime tribe-common-b2\">\n\t\t\t\t<time datetime=\"2026-05-08\">\n\t\t\tToute la journ\u00e9e\t\t<\/time>\n\t\t<\/div>\n\t\t<h3  class=\"tribe-events-calendar-month-mobile-events__mobile-event-title tribe-common-h7\" >\n\t<a\n\t\thref=\"https:\/\/www.cgfmanet.org\/fr\/event\/la-madre-partecipa-alle-celebrazione-del-centenario-della-presenza-delle-fma-dellispettoria-nostra-signora-dafrica-afc-a-lubumbashi-repubblica-democratica-del-c\/\"\n\t\ttitle=\"La Madre partecipa alle Celebrazione del Centenario della presenza delle FMA dell\u2019Ispettoria \u201cNostra Signora d\u2019Africa\u201d (AFC). A Lubumbashi, Repubblica Democratica del Congo.\"\n\t\trel=\"bookmark\"\n\t\tclass=\"tribe-events-calendar-month-mobile-events__mobile-event-title-link tribe-common-anchor\"\n\t>\n\t\tLa Madre partecipa alle Celebrazione del Centenario della presenza delle FMA dell\u2019Ispettoria \u201cNostra Signora d\u2019Africa\u201d (AFC). A Lubumbashi, Repubblica Democratica del Congo.\t<\/a>\n<\/h3>\n\t\t\n\t<\/div>\n<\/article>\n\n\t\t\t\t\t\n\t\t\t\n\t\t\t\n\t\t\t\n<article  class=\"tribe-events-calendar-month-mobile-events__mobile-event post-150895 tribe_events type-tribe_events status-publish tribe_events_cat-programme tribe_events_cat-conseillere-pour-les-missions cat_programme cat_conseillere-pour-les-missions\" >\n\n\t\n\t<div class=\"tribe-events-calendar-month-mobile-events__mobile-event-details\">\n\n\t\t<div class=\"tribe-events-calendar-month-mobile-events__mobile-event-datetime tribe-common-b2\">\n\t\t\t\t<time datetime=\"2026-05-11\">\n\t\t\tToute la journ\u00e9e\t\t<\/time>\n\t\t<\/div>\n\t\t<h3  class=\"tribe-events-calendar-month-mobile-events__mobile-event-title tribe-common-h7\" >\n\t<a\n\t\thref=\"https:\/\/www.cgfmanet.org\/fr\/event\/esercizi-spirituali-per-le-partecipanti-al-corso-di-formazione-permanente-missionaria-e-le-neo-missionarie-a-mornese-2\/\"\n\t\ttitle=\"Esercizi Spirituali per le partecipanti al Corso di Formazione Permanente Missionaria e le neo missionarie, a Mornese.\"\n\t\trel=\"bookmark\"\n\t\tclass=\"tribe-events-calendar-month-mobile-events__mobile-event-title-link tribe-common-anchor\"\n\t>\n\t\tEsercizi Spirituali per le partecipanti al Corso di Formazione Permanente Missionaria e le neo missionarie, a Mornese.\t<\/a>\n<\/h3>\n\t\t\n\t<\/div>\n<\/article>\n\n\t\t\t\t\t\n\t\t\t\n\t\t\t\n\t\t\t\n<article  class=\"tribe-events-calendar-month-mobile-events__mobile-event post-150930 tribe_events type-tribe_events status-publish tribe_events_cat-programme tribe_events_cat-sr-maria-assunta-sumiko-inoue-fr-2 tribe_events_cat-visitatrice cat_programme cat_sr-maria-assunta-sumiko-inoue-fr-2 cat_visitatrice\" >\n\n\t\n\t<div class=\"tribe-events-calendar-month-mobile-events__mobile-event-details\">\n\n\t\t<div class=\"tribe-events-calendar-month-mobile-events__mobile-event-datetime tribe-common-b2\">\n\t\t\t\t<time datetime=\"2026-05-14\">\n\t\t\tToute la journ\u00e9e\t\t<\/time>\n\t\t<\/div>\n\t\t<h3  class=\"tribe-events-calendar-month-mobile-events__mobile-event-title tribe-common-h7\" >\n\t<a\n\t\thref=\"https:\/\/www.cgfmanet.org\/fr\/event\/suor-maria-assunta-sumiko-inoue-fa-una-visita-breve-allispettoria-santa-maria-mazzarello-tha\/\"\n\t\ttitle=\"Suor Maria Assunta Sumiko Inoue fa una Visita breve all&rsquo;Ispettoria \u201cSanta Maria Mazzarello\u201d (THA).\"\n\t\trel=\"bookmark\"\n\t\tclass=\"tribe-events-calendar-month-mobile-events__mobile-event-title-link tribe-common-anchor\"\n\t>\n\t\tSuor Maria Assunta Sumiko Inoue fa una Visita breve all&rsquo;Ispettoria \u201cSanta Maria Mazzarello\u201d (THA).\t<\/a>\n<\/h3>\n\t\t\n\t<\/div>\n<\/article>\n\n\t\t\t\t\t\n\t\t\t\n\t\t\t\n\t\t\t\n<article  class=\"tribe-events-calendar-month-mobile-events__mobile-event post-156708 tribe_events type-tribe_events status-publish tribe_events_cat-programme tribe_events_cat-conseillere-pour-la-pastorale-des-jeunes cat_programme cat_conseillere-pour-la-pastorale-des-jeunes\" >\n\n\t\n\t<div class=\"tribe-events-calendar-month-mobile-events__mobile-event-details\">\n\n\t\t<div class=\"tribe-events-calendar-month-mobile-events__mobile-event-datetime tribe-common-b2\">\n\t\t\t\t<time datetime=\"2026-05-14\">\n\t\t\tToute la journ\u00e9e\t\t<\/time>\n\t\t<\/div>\n\t\t<h3  class=\"tribe-events-calendar-month-mobile-events__mobile-event-title tribe-common-h7\" >\n\t<a\n\t\thref=\"https:\/\/www.cgfmanet.org\/fr\/event\/suor-runita-borja-partecipa-al-congresso-degli-educatori-della-conferenza-interispettoriale-ciao-sul-tema-il-patto-educativo-globale-nello-stile-salesiano-a-tokyo-in-giappone\/\"\n\t\ttitle=\"Suor Runita Borja partecipa al Congresso degli Educatori della Conferenza interispettoriale CIAO sul tema \u201cIl Patto Educativo Globale nello stile salesiano\u201d. A Tokyo, in Giappone.\"\n\t\trel=\"bookmark\"\n\t\tclass=\"tribe-events-calendar-month-mobile-events__mobile-event-title-link tribe-common-anchor\"\n\t>\n\t\tSuor Runita Borja partecipa al Congresso degli Educatori della Conferenza interispettoriale CIAO sul tema \u201cIl Patto Educativo Globale nello stile salesiano\u201d. A Tokyo, in Giappone.\t<\/a>\n<\/h3>\n\t\t\n\t<\/div>\n<\/article>\n\n\t\t\n\t\t\n\t<\/div>\n\n\t\n\t\t\n<div  class=\"tribe-events-calendar-month-mobile-events__mobile-day\"  id=\"tribe-events-calendar-mobile-day-2026-05-17\">\n\n\t\n\t\t\t\t\t\n\t\t\t<div class=\"tribe-events-c-day-marker tribe-events-calendar-month-mobile-events__day-marker\">\n\t<time\n\t\tclass=\"tribe-events-c-day-marker__date tribe-common-h7 tribe-common-h--alt\"\n\t\tdatetime=\"2026-05-08\"\n\t>\n\t\t8 mai\t<\/time>\n<\/div>\n\n\t\t\t\n\t\t\t\n<article  class=\"tribe-events-calendar-month-mobile-events__mobile-event post-155280 tribe_events type-tribe_events status-publish tribe_events_cat-programme tribe_events_cat-mere-generale cat_programme cat_mere-generale\" >\n\n\t\n\t<div class=\"tribe-events-calendar-month-mobile-events__mobile-event-details\">\n\n\t\t<div class=\"tribe-events-calendar-month-mobile-events__mobile-event-datetime tribe-common-b2\">\n\t\t\t\t<time datetime=\"2026-05-08\">\n\t\t\tToute la journ\u00e9e\t\t<\/time>\n\t\t<\/div>\n\t\t<h3  class=\"tribe-events-calendar-month-mobile-events__mobile-event-title tribe-common-h7\" >\n\t<a\n\t\thref=\"https:\/\/www.cgfmanet.org\/fr\/event\/la-madre-partecipa-alle-celebrazione-del-centenario-della-presenza-delle-fma-dellispettoria-nostra-signora-dafrica-afc-a-lubumbashi-repubblica-democratica-del-c\/\"\n\t\ttitle=\"La Madre partecipa alle Celebrazione del Centenario della presenza delle FMA dell\u2019Ispettoria \u201cNostra Signora d\u2019Africa\u201d (AFC). A Lubumbashi, Repubblica Democratica del Congo.\"\n\t\trel=\"bookmark\"\n\t\tclass=\"tribe-events-calendar-month-mobile-events__mobile-event-title-link tribe-common-anchor\"\n\t>\n\t\tLa Madre partecipa alle Celebrazione del Centenario della presenza delle FMA dell\u2019Ispettoria \u201cNostra Signora d\u2019Africa\u201d (AFC). A Lubumbashi, Repubblica Democratica del Congo.\t<\/a>\n<\/h3>\n\t\t\n\t<\/div>\n<\/article>\n\n\t\t\t\t\t\n\t\t\t\n\t\t\t\n\t\t\t\n<article  class=\"tribe-events-calendar-month-mobile-events__mobile-event post-150895 tribe_events type-tribe_events status-publish tribe_events_cat-programme tribe_events_cat-conseillere-pour-les-missions cat_programme cat_conseillere-pour-les-missions\" >\n\n\t\n\t<div class=\"tribe-events-calendar-month-mobile-events__mobile-event-details\">\n\n\t\t<div class=\"tribe-events-calendar-month-mobile-events__mobile-event-datetime tribe-common-b2\">\n\t\t\t\t<time datetime=\"2026-05-11\">\n\t\t\tToute la journ\u00e9e\t\t<\/time>\n\t\t<\/div>\n\t\t<h3  class=\"tribe-events-calendar-month-mobile-events__mobile-event-title tribe-common-h7\" >\n\t<a\n\t\thref=\"https:\/\/www.cgfmanet.org\/fr\/event\/esercizi-spirituali-per-le-partecipanti-al-corso-di-formazione-permanente-missionaria-e-le-neo-missionarie-a-mornese-2\/\"\n\t\ttitle=\"Esercizi Spirituali per le partecipanti al Corso di Formazione Permanente Missionaria e le neo missionarie, a Mornese.\"\n\t\trel=\"bookmark\"\n\t\tclass=\"tribe-events-calendar-month-mobile-events__mobile-event-title-link tribe-common-anchor\"\n\t>\n\t\tEsercizi Spirituali per le partecipanti al Corso di Formazione Permanente Missionaria e le neo missionarie, a Mornese.\t<\/a>\n<\/h3>\n\t\t\n\t<\/div>\n<\/article>\n\n\t\t\t\t\t\n\t\t\t\n\t\t\t\n\t\t\t\n<article  class=\"tribe-events-calendar-month-mobile-events__mobile-event post-150930 tribe_events type-tribe_events status-publish tribe_events_cat-programme tribe_events_cat-sr-maria-assunta-sumiko-inoue-fr-2 tribe_events_cat-visitatrice cat_programme cat_sr-maria-assunta-sumiko-inoue-fr-2 cat_visitatrice\" >\n\n\t\n\t<div class=\"tribe-events-calendar-month-mobile-events__mobile-event-details\">\n\n\t\t<div class=\"tribe-events-calendar-month-mobile-events__mobile-event-datetime tribe-common-b2\">\n\t\t\t\t<time datetime=\"2026-05-14\">\n\t\t\tToute la journ\u00e9e\t\t<\/time>\n\t\t<\/div>\n\t\t<h3  class=\"tribe-events-calendar-month-mobile-events__mobile-event-title tribe-common-h7\" >\n\t<a\n\t\thref=\"https:\/\/www.cgfmanet.org\/fr\/event\/suor-maria-assunta-sumiko-inoue-fa-una-visita-breve-allispettoria-santa-maria-mazzarello-tha\/\"\n\t\ttitle=\"Suor Maria Assunta Sumiko Inoue fa una Visita breve all&rsquo;Ispettoria \u201cSanta Maria Mazzarello\u201d (THA).\"\n\t\trel=\"bookmark\"\n\t\tclass=\"tribe-events-calendar-month-mobile-events__mobile-event-title-link tribe-common-anchor\"\n\t>\n\t\tSuor Maria Assunta Sumiko Inoue fa una Visita breve all&rsquo;Ispettoria \u201cSanta Maria Mazzarello\u201d (THA).\t<\/a>\n<\/h3>\n\t\t\n\t<\/div>\n<\/article>\n\n\t\t\t\t\t\n\t\t\t\n\t\t\t\n\t\t\t\n<article  class=\"tribe-events-calendar-month-mobile-events__mobile-event post-156708 tribe_events type-tribe_events status-publish tribe_events_cat-programme tribe_events_cat-conseillere-pour-la-pastorale-des-jeunes cat_programme cat_conseillere-pour-la-pastorale-des-jeunes\" >\n\n\t\n\t<div class=\"tribe-events-calendar-month-mobile-events__mobile-event-details\">\n\n\t\t<div class=\"tribe-events-calendar-month-mobile-events__mobile-event-datetime tribe-common-b2\">\n\t\t\t\t<time datetime=\"2026-05-14\">\n\t\t\tToute la journ\u00e9e\t\t<\/time>\n\t\t<\/div>\n\t\t<h3  class=\"tribe-events-calendar-month-mobile-events__mobile-event-title tribe-common-h7\" >\n\t<a\n\t\thref=\"https:\/\/www.cgfmanet.org\/fr\/event\/suor-runita-borja-partecipa-al-congresso-degli-educatori-della-conferenza-interispettoriale-ciao-sul-tema-il-patto-educativo-globale-nello-stile-salesiano-a-tokyo-in-giappone\/\"\n\t\ttitle=\"Suor Runita Borja partecipa al Congresso degli Educatori della Conferenza interispettoriale CIAO sul tema \u201cIl Patto Educativo Globale nello stile salesiano\u201d. A Tokyo, in Giappone.\"\n\t\trel=\"bookmark\"\n\t\tclass=\"tribe-events-calendar-month-mobile-events__mobile-event-title-link tribe-common-anchor\"\n\t>\n\t\tSuor Runita Borja partecipa al Congresso degli Educatori della Conferenza interispettoriale CIAO sul tema \u201cIl Patto Educativo Globale nello stile salesiano\u201d. A Tokyo, in Giappone.\t<\/a>\n<\/h3>\n\t\t\n\t<\/div>\n<\/article>\n\n\t\t\n\t\t\n\t<\/div>\n\n\t\n\t\t\n<div  class=\"tribe-events-calendar-month-mobile-events__mobile-day\"  id=\"tribe-events-calendar-mobile-day-2026-05-18\">\n\n\t\n\t\t\t\t\t\n\t\t\t<div class=\"tribe-events-c-day-marker tribe-events-calendar-month-mobile-events__day-marker\">\n\t<time\n\t\tclass=\"tribe-events-c-day-marker__date tribe-common-h7 tribe-common-h--alt\"\n\t\tdatetime=\"2026-05-08\"\n\t>\n\t\t8 mai\t<\/time>\n<\/div>\n\n\t\t\t\n\t\t\t\n<article  class=\"tribe-events-calendar-month-mobile-events__mobile-event post-155280 tribe_events type-tribe_events status-publish tribe_events_cat-programme tribe_events_cat-mere-generale cat_programme cat_mere-generale\" >\n\n\t\n\t<div class=\"tribe-events-calendar-month-mobile-events__mobile-event-details\">\n\n\t\t<div class=\"tribe-events-calendar-month-mobile-events__mobile-event-datetime tribe-common-b2\">\n\t\t\t\t<time datetime=\"2026-05-08\">\n\t\t\tToute la journ\u00e9e\t\t<\/time>\n\t\t<\/div>\n\t\t<h3  class=\"tribe-events-calendar-month-mobile-events__mobile-event-title tribe-common-h7\" >\n\t<a\n\t\thref=\"https:\/\/www.cgfmanet.org\/fr\/event\/la-madre-partecipa-alle-celebrazione-del-centenario-della-presenza-delle-fma-dellispettoria-nostra-signora-dafrica-afc-a-lubumbashi-repubblica-democratica-del-c\/\"\n\t\ttitle=\"La Madre partecipa alle Celebrazione del Centenario della presenza delle FMA dell\u2019Ispettoria \u201cNostra Signora d\u2019Africa\u201d (AFC). A Lubumbashi, Repubblica Democratica del Congo.\"\n\t\trel=\"bookmark\"\n\t\tclass=\"tribe-events-calendar-month-mobile-events__mobile-event-title-link tribe-common-anchor\"\n\t>\n\t\tLa Madre partecipa alle Celebrazione del Centenario della presenza delle FMA dell\u2019Ispettoria \u201cNostra Signora d\u2019Africa\u201d (AFC). A Lubumbashi, Repubblica Democratica del Congo.\t<\/a>\n<\/h3>\n\t\t\n\t<\/div>\n<\/article>\n\n\t\t\t\t\t\n\t\t\t\n\t\t\t\n\t\t\t\n<article  class=\"tribe-events-calendar-month-mobile-events__mobile-event post-150895 tribe_events type-tribe_events status-publish tribe_events_cat-programme tribe_events_cat-conseillere-pour-les-missions cat_programme cat_conseillere-pour-les-missions\" >\n\n\t\n\t<div class=\"tribe-events-calendar-month-mobile-events__mobile-event-details\">\n\n\t\t<div class=\"tribe-events-calendar-month-mobile-events__mobile-event-datetime tribe-common-b2\">\n\t\t\t\t<time datetime=\"2026-05-11\">\n\t\t\tToute la journ\u00e9e\t\t<\/time>\n\t\t<\/div>\n\t\t<h3  class=\"tribe-events-calendar-month-mobile-events__mobile-event-title tribe-common-h7\" >\n\t<a\n\t\thref=\"https:\/\/www.cgfmanet.org\/fr\/event\/esercizi-spirituali-per-le-partecipanti-al-corso-di-formazione-permanente-missionaria-e-le-neo-missionarie-a-mornese-2\/\"\n\t\ttitle=\"Esercizi Spirituali per le partecipanti al Corso di Formazione Permanente Missionaria e le neo missionarie, a Mornese.\"\n\t\trel=\"bookmark\"\n\t\tclass=\"tribe-events-calendar-month-mobile-events__mobile-event-title-link tribe-common-anchor\"\n\t>\n\t\tEsercizi Spirituali per le partecipanti al Corso di Formazione Permanente Missionaria e le neo missionarie, a Mornese.\t<\/a>\n<\/h3>\n\t\t\n\t<\/div>\n<\/article>\n\n\t\t\t\t\t\n\t\t\t\n\t\t\t\n\t\t\t\n<article  class=\"tribe-events-calendar-month-mobile-events__mobile-event post-150930 tribe_events type-tribe_events status-publish tribe_events_cat-programme tribe_events_cat-sr-maria-assunta-sumiko-inoue-fr-2 tribe_events_cat-visitatrice cat_programme cat_sr-maria-assunta-sumiko-inoue-fr-2 cat_visitatrice\" >\n\n\t\n\t<div class=\"tribe-events-calendar-month-mobile-events__mobile-event-details\">\n\n\t\t<div class=\"tribe-events-calendar-month-mobile-events__mobile-event-datetime tribe-common-b2\">\n\t\t\t\t<time datetime=\"2026-05-14\">\n\t\t\tToute la journ\u00e9e\t\t<\/time>\n\t\t<\/div>\n\t\t<h3  class=\"tribe-events-calendar-month-mobile-events__mobile-event-title tribe-common-h7\" >\n\t<a\n\t\thref=\"https:\/\/www.cgfmanet.org\/fr\/event\/suor-maria-assunta-sumiko-inoue-fa-una-visita-breve-allispettoria-santa-maria-mazzarello-tha\/\"\n\t\ttitle=\"Suor Maria Assunta Sumiko Inoue fa una Visita breve all&rsquo;Ispettoria \u201cSanta Maria Mazzarello\u201d (THA).\"\n\t\trel=\"bookmark\"\n\t\tclass=\"tribe-events-calendar-month-mobile-events__mobile-event-title-link tribe-common-anchor\"\n\t>\n\t\tSuor Maria Assunta Sumiko Inoue fa una Visita breve all&rsquo;Ispettoria \u201cSanta Maria Mazzarello\u201d (THA).\t<\/a>\n<\/h3>\n\t\t\n\t<\/div>\n<\/article>\n\n\t\t\t\t\t\n\t\t\t\n\t\t\t\n\t\t\t\n<article  class=\"tribe-events-calendar-month-mobile-events__mobile-event post-156708 tribe_events type-tribe_events status-publish tribe_events_cat-programme tribe_events_cat-conseillere-pour-la-pastorale-des-jeunes cat_programme cat_conseillere-pour-la-pastorale-des-jeunes\" >\n\n\t\n\t<div class=\"tribe-events-calendar-month-mobile-events__mobile-event-details\">\n\n\t\t<div class=\"tribe-events-calendar-month-mobile-events__mobile-event-datetime tribe-common-b2\">\n\t\t\t\t<time datetime=\"2026-05-14\">\n\t\t\tToute la journ\u00e9e\t\t<\/time>\n\t\t<\/div>\n\t\t<h3  class=\"tribe-events-calendar-month-mobile-events__mobile-event-title tribe-common-h7\" >\n\t<a\n\t\thref=\"https:\/\/www.cgfmanet.org\/fr\/event\/suor-runita-borja-partecipa-al-congresso-degli-educatori-della-conferenza-interispettoriale-ciao-sul-tema-il-patto-educativo-globale-nello-stile-salesiano-a-tokyo-in-giappone\/\"\n\t\ttitle=\"Suor Runita Borja partecipa al Congresso degli Educatori della Conferenza interispettoriale CIAO sul tema \u201cIl Patto Educativo Globale nello stile salesiano\u201d. A Tokyo, in Giappone.\"\n\t\trel=\"bookmark\"\n\t\tclass=\"tribe-events-calendar-month-mobile-events__mobile-event-title-link tribe-common-anchor\"\n\t>\n\t\tSuor Runita Borja partecipa al Congresso degli Educatori della Conferenza interispettoriale CIAO sul tema \u201cIl Patto Educativo Globale nello stile salesiano\u201d. A Tokyo, in Giappone.\t<\/a>\n<\/h3>\n\t\t\n\t<\/div>\n<\/article>\n\n\t\t\t\t\t\n\t\t\t\n\t\t\t\n\t\t\t\n<article  class=\"tribe-events-calendar-month-mobile-events__mobile-event post-153490 tribe_events type-tribe_events status-publish tribe_events_cat-sr-jacob-celine-fr tribe_events_cat-programme tribe_events_cat-visitatrice cat_sr-jacob-celine-fr cat_programme cat_visitatrice\" >\n\n\t\n\t<div class=\"tribe-events-calendar-month-mobile-events__mobile-event-details\">\n\n\t\t<div class=\"tribe-events-calendar-month-mobile-events__mobile-event-datetime tribe-common-b2\">\n\t\t\t\t<time datetime=\"2026-05-18\">\n\t\t\tToute la journ\u00e9e\t\t<\/time>\n\t\t<\/div>\n\t\t<h3  class=\"tribe-events-calendar-month-mobile-events__mobile-event-title tribe-common-h7\" >\n\t<a\n\t\thref=\"https:\/\/www.cgfmanet.org\/fr\/event\/suor-celine-jacob-termina-la-visita-canonica-allispettoria-maria-immacolata-suo-degli-stati-uniti\/\"\n\t\ttitle=\"Suor Celine Jacob termina la Visita Canonica all&rsquo;Ispettoria \u00ab\u00a0Maria Immacolata\u00a0\u00bb (SUO) degli Stati Uniti.\"\n\t\trel=\"bookmark\"\n\t\tclass=\"tribe-events-calendar-month-mobile-events__mobile-event-title-link tribe-common-anchor\"\n\t>\n\t\tSuor Celine Jacob termina la Visita Canonica all&rsquo;Ispettoria \u00ab\u00a0Maria Immacolata\u00a0\u00bb (SUO) degli Stati Uniti.\t<\/a>\n<\/h3>\n\t\t\n\t<\/div>\n<\/article>\n\n\t\t\n\t\t\n\t<\/div>\n\n\t\n\t\t\n<div  class=\"tribe-events-calendar-month-mobile-events__mobile-day\"  id=\"tribe-events-calendar-mobile-day-2026-05-19\">\n\n\t\n\t\t\t\t\t\n\t\t\t<div class=\"tribe-events-c-day-marker tribe-events-calendar-month-mobile-events__day-marker\">\n\t<time\n\t\tclass=\"tribe-events-c-day-marker__date tribe-common-h7 tribe-common-h--alt\"\n\t\tdatetime=\"2026-05-08\"\n\t>\n\t\t8 mai\t<\/time>\n<\/div>\n\n\t\t\t\n\t\t\t\n<article  class=\"tribe-events-calendar-month-mobile-events__mobile-event post-155280 tribe_events type-tribe_events status-publish tribe_events_cat-programme tribe_events_cat-mere-generale cat_programme cat_mere-generale\" >\n\n\t\n\t<div class=\"tribe-events-calendar-month-mobile-events__mobile-event-details\">\n\n\t\t<div class=\"tribe-events-calendar-month-mobile-events__mobile-event-datetime tribe-common-b2\">\n\t\t\t\t<time datetime=\"2026-05-08\">\n\t\t\tToute la journ\u00e9e\t\t<\/time>\n\t\t<\/div>\n\t\t<h3  class=\"tribe-events-calendar-month-mobile-events__mobile-event-title tribe-common-h7\" >\n\t<a\n\t\thref=\"https:\/\/www.cgfmanet.org\/fr\/event\/la-madre-partecipa-alle-celebrazione-del-centenario-della-presenza-delle-fma-dellispettoria-nostra-signora-dafrica-afc-a-lubumbashi-repubblica-democratica-del-c\/\"\n\t\ttitle=\"La Madre partecipa alle Celebrazione del Centenario della presenza delle FMA dell\u2019Ispettoria \u201cNostra Signora d\u2019Africa\u201d (AFC). A Lubumbashi, Repubblica Democratica del Congo.\"\n\t\trel=\"bookmark\"\n\t\tclass=\"tribe-events-calendar-month-mobile-events__mobile-event-title-link tribe-common-anchor\"\n\t>\n\t\tLa Madre partecipa alle Celebrazione del Centenario della presenza delle FMA dell\u2019Ispettoria \u201cNostra Signora d\u2019Africa\u201d (AFC). A Lubumbashi, Repubblica Democratica del Congo.\t<\/a>\n<\/h3>\n\t\t\n\t<\/div>\n<\/article>\n\n\t\t\t\t\t\n\t\t\t\n\t\t\t\n\t\t\t\n<article  class=\"tribe-events-calendar-month-mobile-events__mobile-event post-150815 tribe_events type-tribe_events status-publish tribe_events_cat-sr-lidia-strzelczyk-fr tribe_events_cat-programme tribe_events_cat-visitatrice cat_sr-lidia-strzelczyk-fr cat_programme cat_visitatrice\" >\n\n\t\n\t<div class=\"tribe-events-calendar-month-mobile-events__mobile-event-details\">\n\n\t\t<div class=\"tribe-events-calendar-month-mobile-events__mobile-event-datetime tribe-common-b2\">\n\t\t\t\t<time datetime=\"2026-05-19\">\n\t\t\tToute la journ\u00e9e\t\t<\/time>\n\t\t<\/div>\n\t\t<h3  class=\"tribe-events-calendar-month-mobile-events__mobile-event-title tribe-common-h7\" >\n\t<a\n\t\thref=\"https:\/\/www.cgfmanet.org\/fr\/event\/suor-lidia-strzelczyk-termina-la-2a-parte-della-visita-canonica-allispettoria-meridionale-madonna-del-buon-consiglio-imr\/\"\n\t\ttitle=\"Suor Lidia Strzelczyk termina la 2a parte della Visita canonica all&rsquo;Ispettoria Meridionale \u00ab\u00a0Madonna del Buon Consiglio\u00a0\u00bb (IMR).\"\n\t\trel=\"bookmark\"\n\t\tclass=\"tribe-events-calendar-month-mobile-events__mobile-event-title-link tribe-common-anchor\"\n\t>\n\t\tSuor Lidia Strzelczyk termina la 2a parte della Visita canonica all&rsquo;Ispettoria Meridionale \u00ab\u00a0Madonna del Buon Consiglio\u00a0\u00bb (IMR).\t<\/a>\n<\/h3>\n\t\t\n\t<\/div>\n<\/article>\n\n\t\t\t\t\t\n\t\t\t\n\t\t\t\n\t\t\t\n<article  class=\"tribe-events-calendar-month-mobile-events__mobile-event post-150930 tribe_events type-tribe_events status-publish tribe_events_cat-programme tribe_events_cat-sr-maria-assunta-sumiko-inoue-fr-2 tribe_events_cat-visitatrice cat_programme cat_sr-maria-assunta-sumiko-inoue-fr-2 cat_visitatrice\" >\n\n\t\n\t<div class=\"tribe-events-calendar-month-mobile-events__mobile-event-details\">\n\n\t\t<div class=\"tribe-events-calendar-month-mobile-events__mobile-event-datetime tribe-common-b2\">\n\t\t\t\t<time datetime=\"2026-05-14\">\n\t\t\tToute la journ\u00e9e\t\t<\/time>\n\t\t<\/div>\n\t\t<h3  class=\"tribe-events-calendar-month-mobile-events__mobile-event-title tribe-common-h7\" >\n\t<a\n\t\thref=\"https:\/\/www.cgfmanet.org\/fr\/event\/suor-maria-assunta-sumiko-inoue-fa-una-visita-breve-allispettoria-santa-maria-mazzarello-tha\/\"\n\t\ttitle=\"Suor Maria Assunta Sumiko Inoue fa una Visita breve all&rsquo;Ispettoria \u201cSanta Maria Mazzarello\u201d (THA).\"\n\t\trel=\"bookmark\"\n\t\tclass=\"tribe-events-calendar-month-mobile-events__mobile-event-title-link tribe-common-anchor\"\n\t>\n\t\tSuor Maria Assunta Sumiko Inoue fa una Visita breve all&rsquo;Ispettoria \u201cSanta Maria Mazzarello\u201d (THA).\t<\/a>\n<\/h3>\n\t\t\n\t<\/div>\n<\/article>\n\n\t\t\t\t\t\n\t\t\t\n\t\t\t\n\t\t\t\n<article  class=\"tribe-events-calendar-month-mobile-events__mobile-event post-156708 tribe_events type-tribe_events status-publish tribe_events_cat-programme tribe_events_cat-conseillere-pour-la-pastorale-des-jeunes cat_programme cat_conseillere-pour-la-pastorale-des-jeunes\" >\n\n\t\n\t<div class=\"tribe-events-calendar-month-mobile-events__mobile-event-details\">\n\n\t\t<div class=\"tribe-events-calendar-month-mobile-events__mobile-event-datetime tribe-common-b2\">\n\t\t\t\t<time datetime=\"2026-05-14\">\n\t\t\tToute la journ\u00e9e\t\t<\/time>\n\t\t<\/div>\n\t\t<h3  class=\"tribe-events-calendar-month-mobile-events__mobile-event-title tribe-common-h7\" >\n\t<a\n\t\thref=\"https:\/\/www.cgfmanet.org\/fr\/event\/suor-runita-borja-partecipa-al-congresso-degli-educatori-della-conferenza-interispettoriale-ciao-sul-tema-il-patto-educativo-globale-nello-stile-salesiano-a-tokyo-in-giappone\/\"\n\t\ttitle=\"Suor Runita Borja partecipa al Congresso degli Educatori della Conferenza interispettoriale CIAO sul tema \u201cIl Patto Educativo Globale nello stile salesiano\u201d. A Tokyo, in Giappone.\"\n\t\trel=\"bookmark\"\n\t\tclass=\"tribe-events-calendar-month-mobile-events__mobile-event-title-link tribe-common-anchor\"\n\t>\n\t\tSuor Runita Borja partecipa al Congresso degli Educatori della Conferenza interispettoriale CIAO sul tema \u201cIl Patto Educativo Globale nello stile salesiano\u201d. A Tokyo, in Giappone.\t<\/a>\n<\/h3>\n\t\t\n\t<\/div>\n<\/article>\n\n\t\t\n\t\t\n\t<\/div>\n\n\t\n\t\t\n<div  class=\"tribe-events-calendar-month-mobile-events__mobile-day\"  id=\"tribe-events-calendar-mobile-day-2026-05-20\">\n\n\t\n\t\t\t\t\t\n\t\t\t<div class=\"tribe-events-c-day-marker tribe-events-calendar-month-mobile-events__day-marker\">\n\t<time\n\t\tclass=\"tribe-events-c-day-marker__date tribe-common-h7 tribe-common-h--alt\"\n\t\tdatetime=\"2026-05-14\"\n\t>\n\t\t14 mai\t<\/time>\n<\/div>\n\n\t\t\t\n\t\t\t\n<article  class=\"tribe-events-calendar-month-mobile-events__mobile-event post-150930 tribe_events type-tribe_events status-publish tribe_events_cat-programme tribe_events_cat-sr-maria-assunta-sumiko-inoue-fr-2 tribe_events_cat-visitatrice cat_programme cat_sr-maria-assunta-sumiko-inoue-fr-2 cat_visitatrice\" >\n\n\t\n\t<div class=\"tribe-events-calendar-month-mobile-events__mobile-event-details\">\n\n\t\t<div class=\"tribe-events-calendar-month-mobile-events__mobile-event-datetime tribe-common-b2\">\n\t\t\t\t<time datetime=\"2026-05-14\">\n\t\t\tToute la journ\u00e9e\t\t<\/time>\n\t\t<\/div>\n\t\t<h3  class=\"tribe-events-calendar-month-mobile-events__mobile-event-title tribe-common-h7\" >\n\t<a\n\t\thref=\"https:\/\/www.cgfmanet.org\/fr\/event\/suor-maria-assunta-sumiko-inoue-fa-una-visita-breve-allispettoria-santa-maria-mazzarello-tha\/\"\n\t\ttitle=\"Suor Maria Assunta Sumiko Inoue fa una Visita breve all&rsquo;Ispettoria \u201cSanta Maria Mazzarello\u201d (THA).\"\n\t\trel=\"bookmark\"\n\t\tclass=\"tribe-events-calendar-month-mobile-events__mobile-event-title-link tribe-common-anchor\"\n\t>\n\t\tSuor Maria Assunta Sumiko Inoue fa una Visita breve all&rsquo;Ispettoria \u201cSanta Maria Mazzarello\u201d (THA).\t<\/a>\n<\/h3>\n\t\t\n\t<\/div>\n<\/article>\n\n\t\t\n\t\t\n\t<\/div>\n\n\t\n\t\t\n<div  class=\"tribe-events-calendar-month-mobile-events__mobile-day\"  id=\"tribe-events-calendar-mobile-day-2026-05-21\">\n\n\t\n\t\t\t\t\t\n\t\t\t<div class=\"tribe-events-c-day-marker tribe-events-calendar-month-mobile-events__day-marker\">\n\t<time\n\t\tclass=\"tribe-events-c-day-marker__date tribe-common-h7 tribe-common-h--alt\"\n\t\tdatetime=\"2026-05-21\"\n\t>\n\t\t21 mai\t<\/time>\n<\/div>\n\n\t\t\t\n\t\t\t\n<article  class=\"tribe-events-calendar-month-mobile-events__mobile-event post-151122 tribe_events type-tribe_events status-publish tribe_events_cat-programme tribe_events_cat-conseillere-pour-la-famille-salesienne cat_programme cat_conseillere-pour-la-famille-salesienne\" >\n\n\t\n\t<div class=\"tribe-events-calendar-month-mobile-events__mobile-event-details\">\n\n\t\t<div class=\"tribe-events-calendar-month-mobile-events__mobile-event-datetime tribe-common-b2\">\n\t\t\t\t<time datetime=\"2026-05-21\">\n\t\t\tToute la journ\u00e9e\t\t<\/time>\n\t\t<\/div>\n\t\t<h3  class=\"tribe-events-calendar-month-mobile-events__mobile-event-title tribe-common-h7\" >\n\t<a\n\t\thref=\"https:\/\/www.cgfmanet.org\/fr\/event\/suor-leslie-sandigo-e-le-collaboratrici-dellambito-partecipano-alla-consulta-della-famiglia-salesiana-a-valdocco-torino-2\/\"\n\t\ttitle=\"Suor Leslie S\u00e1ndigo e le Collaboratrici dell\u2019Ambito partecipano alla Consulta della Famiglia Salesiana a Valdocco, Torino.\"\n\t\trel=\"bookmark\"\n\t\tclass=\"tribe-events-calendar-month-mobile-events__mobile-event-title-link tribe-common-anchor\"\n\t>\n\t\tSuor Leslie S\u00e1ndigo e le Collaboratrici dell\u2019Ambito partecipano alla Consulta della Famiglia Salesiana a Valdocco, Torino.\t<\/a>\n<\/h3>\n\t\t\n\t<\/div>\n<\/article>\n\n\t\t\t\t\t\n\t\t\t\n\t\t\t\n\t\t\t\n<article  class=\"tribe-events-calendar-month-mobile-events__mobile-event post-150930 tribe_events type-tribe_events status-publish tribe_events_cat-programme tribe_events_cat-sr-maria-assunta-sumiko-inoue-fr-2 tribe_events_cat-visitatrice cat_programme cat_sr-maria-assunta-sumiko-inoue-fr-2 cat_visitatrice\" >\n\n\t\n\t<div class=\"tribe-events-calendar-month-mobile-events__mobile-event-details\">\n\n\t\t<div class=\"tribe-events-calendar-month-mobile-events__mobile-event-datetime tribe-common-b2\">\n\t\t\t\t<time datetime=\"2026-05-14\">\n\t\t\tToute la journ\u00e9e\t\t<\/time>\n\t\t<\/div>\n\t\t<h3  class=\"tribe-events-calendar-month-mobile-events__mobile-event-title tribe-common-h7\" >\n\t<a\n\t\thref=\"https:\/\/www.cgfmanet.org\/fr\/event\/suor-maria-assunta-sumiko-inoue-fa-una-visita-breve-allispettoria-santa-maria-mazzarello-tha\/\"\n\t\ttitle=\"Suor Maria Assunta Sumiko Inoue fa una Visita breve all&rsquo;Ispettoria \u201cSanta Maria Mazzarello\u201d (THA).\"\n\t\trel=\"bookmark\"\n\t\tclass=\"tribe-events-calendar-month-mobile-events__mobile-event-title-link tribe-common-anchor\"\n\t>\n\t\tSuor Maria Assunta Sumiko Inoue fa una Visita breve all&rsquo;Ispettoria \u201cSanta Maria Mazzarello\u201d (THA).\t<\/a>\n<\/h3>\n\t\t\n\t<\/div>\n<\/article>\n\n\t\t\n\t\t\n\t<\/div>\n\n\t\n\t\t\n<div  class=\"tribe-events-calendar-month-mobile-events__mobile-day\"  id=\"tribe-events-calendar-mobile-day-2026-05-22\">\n\n\t\n\t\t\t\t\t\n\t\t\t<div class=\"tribe-events-c-day-marker tribe-events-calendar-month-mobile-events__day-marker\">\n\t<time\n\t\tclass=\"tribe-events-c-day-marker__date tribe-common-h7 tribe-common-h--alt\"\n\t\tdatetime=\"2026-05-21\"\n\t>\n\t\t21 mai\t<\/time>\n<\/div>\n\n\t\t\t\n\t\t\t\n<article  class=\"tribe-events-calendar-month-mobile-events__mobile-event post-151122 tribe_events type-tribe_events status-publish tribe_events_cat-programme tribe_events_cat-conseillere-pour-la-famille-salesienne cat_programme cat_conseillere-pour-la-famille-salesienne\" >\n\n\t\n\t<div class=\"tribe-events-calendar-month-mobile-events__mobile-event-details\">\n\n\t\t<div class=\"tribe-events-calendar-month-mobile-events__mobile-event-datetime tribe-common-b2\">\n\t\t\t\t<time datetime=\"2026-05-21\">\n\t\t\tToute la journ\u00e9e\t\t<\/time>\n\t\t<\/div>\n\t\t<h3  class=\"tribe-events-calendar-month-mobile-events__mobile-event-title tribe-common-h7\" >\n\t<a\n\t\thref=\"https:\/\/www.cgfmanet.org\/fr\/event\/suor-leslie-sandigo-e-le-collaboratrici-dellambito-partecipano-alla-consulta-della-famiglia-salesiana-a-valdocco-torino-2\/\"\n\t\ttitle=\"Suor Leslie S\u00e1ndigo e le Collaboratrici dell\u2019Ambito partecipano alla Consulta della Famiglia Salesiana a Valdocco, Torino.\"\n\t\trel=\"bookmark\"\n\t\tclass=\"tribe-events-calendar-month-mobile-events__mobile-event-title-link tribe-common-anchor\"\n\t>\n\t\tSuor Leslie S\u00e1ndigo e le Collaboratrici dell\u2019Ambito partecipano alla Consulta della Famiglia Salesiana a Valdocco, Torino.\t<\/a>\n<\/h3>\n\t\t\n\t<\/div>\n<\/article>\n\n\t\t\t\t\t\n\t\t\t\n\t\t\t\n\t\t\t\n<article  class=\"tribe-events-calendar-month-mobile-events__mobile-event post-155290 tribe_events type-tribe_events status-publish tribe_events_cat-programme tribe_events_cat-mere-generale cat_programme cat_mere-generale\" >\n\n\t\n\t<div class=\"tribe-events-calendar-month-mobile-events__mobile-event-details\">\n\n\t\t<div class=\"tribe-events-calendar-month-mobile-events__mobile-event-datetime tribe-common-b2\">\n\t\t\t\t<time datetime=\"2026-05-22\">\n\t\t\tToute la journ\u00e9e\t\t<\/time>\n\t\t<\/div>\n\t\t<h3  class=\"tribe-events-calendar-month-mobile-events__mobile-event-title tribe-common-h7\" >\n\t<a\n\t\thref=\"https:\/\/www.cgfmanet.org\/fr\/event\/la-madre-partecipa-alla-consulta-della-famiglia-salesiana-sul-tema-della-strenna-2026-a-torino-valdocco\/\"\n\t\ttitle=\"La Madre partecipa alla Consulta della Famiglia Salesiana sul tema della Strenna 2026. A Torino, Valdocco.\"\n\t\trel=\"bookmark\"\n\t\tclass=\"tribe-events-calendar-month-mobile-events__mobile-event-title-link tribe-common-anchor\"\n\t>\n\t\tLa Madre partecipa alla Consulta della Famiglia Salesiana sul tema della Strenna 2026. A Torino, Valdocco.\t<\/a>\n<\/h3>\n\t\t\n\t<\/div>\n<\/article>\n\n\t\t\t\t\t\n\t\t\t\n\t\t\t\n\t\t\t\n<article  class=\"tribe-events-calendar-month-mobile-events__mobile-event post-150930 tribe_events type-tribe_events status-publish tribe_events_cat-programme tribe_events_cat-sr-maria-assunta-sumiko-inoue-fr-2 tribe_events_cat-visitatrice cat_programme cat_sr-maria-assunta-sumiko-inoue-fr-2 cat_visitatrice\" >\n\n\t\n\t<div class=\"tribe-events-calendar-month-mobile-events__mobile-event-details\">\n\n\t\t<div class=\"tribe-events-calendar-month-mobile-events__mobile-event-datetime tribe-common-b2\">\n\t\t\t\t<time datetime=\"2026-05-14\">\n\t\t\tToute la journ\u00e9e\t\t<\/time>\n\t\t<\/div>\n\t\t<h3  class=\"tribe-events-calendar-month-mobile-events__mobile-event-title tribe-common-h7\" >\n\t<a\n\t\thref=\"https:\/\/www.cgfmanet.org\/fr\/event\/suor-maria-assunta-sumiko-inoue-fa-una-visita-breve-allispettoria-santa-maria-mazzarello-tha\/\"\n\t\ttitle=\"Suor Maria Assunta Sumiko Inoue fa una Visita breve all&rsquo;Ispettoria \u201cSanta Maria Mazzarello\u201d (THA).\"\n\t\trel=\"bookmark\"\n\t\tclass=\"tribe-events-calendar-month-mobile-events__mobile-event-title-link tribe-common-anchor\"\n\t>\n\t\tSuor Maria Assunta Sumiko Inoue fa una Visita breve all&rsquo;Ispettoria \u201cSanta Maria Mazzarello\u201d (THA).\t<\/a>\n<\/h3>\n\t\t\n\t<\/div>\n<\/article>\n\n\t\t\t\t\t\n\t\t\t\n\t\t\t\n\t\t\t\n<article  class=\"tribe-events-calendar-month-mobile-events__mobile-event post-151247 tribe_events type-tribe_events status-publish tribe_events_cat-visitatrice tribe_events_cat-sr-riccioli-marta-liliana-fr tribe_events_cat-programme cat_visitatrice cat_sr-riccioli-marta-liliana-fr cat_programme\" >\n\n\t\n\t<div class=\"tribe-events-calendar-month-mobile-events__mobile-event-details\">\n\n\t\t<div class=\"tribe-events-calendar-month-mobile-events__mobile-event-datetime tribe-common-b2\">\n\t\t\t\t<time datetime=\"2026-05-22\">\n\t\t\tToute la journ\u00e9e\t\t<\/time>\n\t\t<\/div>\n\t\t<h3  class=\"tribe-events-calendar-month-mobile-events__mobile-event-title tribe-common-h7\" >\n\t<a\n\t\thref=\"https:\/\/www.cgfmanet.org\/fr\/event\/suor-marta-riccioli-termina-la-visita-canonica-allispettoria-nostra-signora-di-chiquinquira-cbc\/\"\n\t\ttitle=\"Suor Marta Riccioli termina la Visita canonica all\u2019Ispettoria \u00ab\u00a0Nostra Signora di Chiquinquir\u00e1\u00a0\u00bb (CBC).\"\n\t\trel=\"bookmark\"\n\t\tclass=\"tribe-events-calendar-month-mobile-events__mobile-event-title-link tribe-common-anchor\"\n\t>\n\t\tSuor Marta Riccioli termina la Visita canonica all\u2019Ispettoria \u00ab\u00a0Nostra Signora di Chiquinquir\u00e1\u00a0\u00bb (CBC).\t<\/a>\n<\/h3>\n\t\t\n\t<\/div>\n<\/article>\n\n\t\t\n\t\t\n\t<\/div>\n\n\t\n\t\t\n<div  class=\"tribe-events-calendar-month-mobile-events__mobile-day\"  id=\"tribe-events-calendar-mobile-day-2026-05-23\">\n\n\t\n\t\t\t\t\t\n\t\t\t<div class=\"tribe-events-c-day-marker tribe-events-calendar-month-mobile-events__day-marker\">\n\t<time\n\t\tclass=\"tribe-events-c-day-marker__date tribe-common-h7 tribe-common-h--alt\"\n\t\tdatetime=\"2026-05-21\"\n\t>\n\t\t21 mai\t<\/time>\n<\/div>\n\n\t\t\t\n\t\t\t\n<article  class=\"tribe-events-calendar-month-mobile-events__mobile-event post-151122 tribe_events type-tribe_events status-publish tribe_events_cat-programme tribe_events_cat-conseillere-pour-la-famille-salesienne cat_programme cat_conseillere-pour-la-famille-salesienne\" >\n\n\t\n\t<div class=\"tribe-events-calendar-month-mobile-events__mobile-event-details\">\n\n\t\t<div class=\"tribe-events-calendar-month-mobile-events__mobile-event-datetime tribe-common-b2\">\n\t\t\t\t<time datetime=\"2026-05-21\">\n\t\t\tToute la journ\u00e9e\t\t<\/time>\n\t\t<\/div>\n\t\t<h3  class=\"tribe-events-calendar-month-mobile-events__mobile-event-title tribe-common-h7\" >\n\t<a\n\t\thref=\"https:\/\/www.cgfmanet.org\/fr\/event\/suor-leslie-sandigo-e-le-collaboratrici-dellambito-partecipano-alla-consulta-della-famiglia-salesiana-a-valdocco-torino-2\/\"\n\t\ttitle=\"Suor Leslie S\u00e1ndigo e le Collaboratrici dell\u2019Ambito partecipano alla Consulta della Famiglia Salesiana a Valdocco, Torino.\"\n\t\trel=\"bookmark\"\n\t\tclass=\"tribe-events-calendar-month-mobile-events__mobile-event-title-link tribe-common-anchor\"\n\t>\n\t\tSuor Leslie S\u00e1ndigo e le Collaboratrici dell\u2019Ambito partecipano alla Consulta della Famiglia Salesiana a Valdocco, Torino.\t<\/a>\n<\/h3>\n\t\t\n\t<\/div>\n<\/article>\n\n\t\t\t\t\t\n\t\t\t\n\t\t\t\n\t\t\t\n<article  class=\"tribe-events-calendar-month-mobile-events__mobile-event post-155290 tribe_events type-tribe_events status-publish tribe_events_cat-programme tribe_events_cat-mere-generale cat_programme cat_mere-generale\" >\n\n\t\n\t<div class=\"tribe-events-calendar-month-mobile-events__mobile-event-details\">\n\n\t\t<div class=\"tribe-events-calendar-month-mobile-events__mobile-event-datetime tribe-common-b2\">\n\t\t\t\t<time datetime=\"2026-05-22\">\n\t\t\tToute la journ\u00e9e\t\t<\/time>\n\t\t<\/div>\n\t\t<h3  class=\"tribe-events-calendar-month-mobile-events__mobile-event-title tribe-common-h7\" >\n\t<a\n\t\thref=\"https:\/\/www.cgfmanet.org\/fr\/event\/la-madre-partecipa-alla-consulta-della-famiglia-salesiana-sul-tema-della-strenna-2026-a-torino-valdocco\/\"\n\t\ttitle=\"La Madre partecipa alla Consulta della Famiglia Salesiana sul tema della Strenna 2026. A Torino, Valdocco.\"\n\t\trel=\"bookmark\"\n\t\tclass=\"tribe-events-calendar-month-mobile-events__mobile-event-title-link tribe-common-anchor\"\n\t>\n\t\tLa Madre partecipa alla Consulta della Famiglia Salesiana sul tema della Strenna 2026. A Torino, Valdocco.\t<\/a>\n<\/h3>\n\t\t\n\t<\/div>\n<\/article>\n\n\t\t\t\t\t\n\t\t\t\n\t\t\t\n\t\t\t\n<article  class=\"tribe-events-calendar-month-mobile-events__mobile-event post-150930 tribe_events type-tribe_events status-publish tribe_events_cat-programme tribe_events_cat-sr-maria-assunta-sumiko-inoue-fr-2 tribe_events_cat-visitatrice cat_programme cat_sr-maria-assunta-sumiko-inoue-fr-2 cat_visitatrice\" >\n\n\t\n\t<div class=\"tribe-events-calendar-month-mobile-events__mobile-event-details\">\n\n\t\t<div class=\"tribe-events-calendar-month-mobile-events__mobile-event-datetime tribe-common-b2\">\n\t\t\t\t<time datetime=\"2026-05-14\">\n\t\t\tToute la journ\u00e9e\t\t<\/time>\n\t\t<\/div>\n\t\t<h3  class=\"tribe-events-calendar-month-mobile-events__mobile-event-title tribe-common-h7\" >\n\t<a\n\t\thref=\"https:\/\/www.cgfmanet.org\/fr\/event\/suor-maria-assunta-sumiko-inoue-fa-una-visita-breve-allispettoria-santa-maria-mazzarello-tha\/\"\n\t\ttitle=\"Suor Maria Assunta Sumiko Inoue fa una Visita breve all&rsquo;Ispettoria \u201cSanta Maria Mazzarello\u201d (THA).\"\n\t\trel=\"bookmark\"\n\t\tclass=\"tribe-events-calendar-month-mobile-events__mobile-event-title-link tribe-common-anchor\"\n\t>\n\t\tSuor Maria Assunta Sumiko Inoue fa una Visita breve all&rsquo;Ispettoria \u201cSanta Maria Mazzarello\u201d (THA).\t<\/a>\n<\/h3>\n\t\t\n\t<\/div>\n<\/article>\n\n\t\t\n\t\t\n\t<\/div>\n\n\t\n\t\t\n<div  class=\"tribe-events-calendar-month-mobile-events__mobile-day\"  id=\"tribe-events-calendar-mobile-day-2026-05-24\">\n\n\t\n\t\t\t\t\t\n\t\t\t<div class=\"tribe-events-c-day-marker tribe-events-calendar-month-mobile-events__day-marker\">\n\t<time\n\t\tclass=\"tribe-events-c-day-marker__date tribe-common-h7 tribe-common-h--alt\"\n\t\tdatetime=\"2026-05-24\"\n\t>\n\t\t24 mai\t<\/time>\n<\/div>\n\n\t\t\t\n\t\t\t\n<article  class=\"tribe-events-calendar-month-mobile-events__mobile-event post-155300 tribe_events type-tribe_events status-publish tribe_events_cat-programme tribe_events_cat-mere-generale cat_programme cat_mere-generale\" >\n\n\t\n\t<div class=\"tribe-events-calendar-month-mobile-events__mobile-event-details\">\n\n\t\t<div class=\"tribe-events-calendar-month-mobile-events__mobile-event-datetime tribe-common-b2\">\n\t\t\t\t<time datetime=\"2026-05-24\">\n\t\t\tToute la journ\u00e9e\t\t<\/time>\n\t\t<\/div>\n\t\t<h3  class=\"tribe-events-calendar-month-mobile-events__mobile-event-title tribe-common-h7\" >\n\t<a\n\t\thref=\"https:\/\/www.cgfmanet.org\/fr\/event\/la-madre-partecipa-alla-celebrazione-della-solennita-di-maria-ausiliatrice-a-torino-valdocco\/\"\n\t\ttitle=\"La Madre partecipa alla Celebrazione della solennit\u00e0 di Maria Ausiliatrice a Torino, Valdocco.\"\n\t\trel=\"bookmark\"\n\t\tclass=\"tribe-events-calendar-month-mobile-events__mobile-event-title-link tribe-common-anchor\"\n\t>\n\t\tLa Madre partecipa alla Celebrazione della solennit\u00e0 di Maria Ausiliatrice a Torino, Valdocco.\t<\/a>\n<\/h3>\n\t\t\n\t<\/div>\n<\/article>\n\n\t\t\t\t\t\n\t\t\t\n\t\t\t\n\t\t\t\n<article  class=\"tribe-events-calendar-month-mobile-events__mobile-event post-150930 tribe_events type-tribe_events status-publish tribe_events_cat-programme tribe_events_cat-sr-maria-assunta-sumiko-inoue-fr-2 tribe_events_cat-visitatrice cat_programme cat_sr-maria-assunta-sumiko-inoue-fr-2 cat_visitatrice\" >\n\n\t\n\t<div class=\"tribe-events-calendar-month-mobile-events__mobile-event-details\">\n\n\t\t<div class=\"tribe-events-calendar-month-mobile-events__mobile-event-datetime tribe-common-b2\">\n\t\t\t\t<time datetime=\"2026-05-14\">\n\t\t\tToute la journ\u00e9e\t\t<\/time>\n\t\t<\/div>\n\t\t<h3  class=\"tribe-events-calendar-month-mobile-events__mobile-event-title tribe-common-h7\" >\n\t<a\n\t\thref=\"https:\/\/www.cgfmanet.org\/fr\/event\/suor-maria-assunta-sumiko-inoue-fa-una-visita-breve-allispettoria-santa-maria-mazzarello-tha\/\"\n\t\ttitle=\"Suor Maria Assunta Sumiko Inoue fa una Visita breve all&rsquo;Ispettoria \u201cSanta Maria Mazzarello\u201d (THA).\"\n\t\trel=\"bookmark\"\n\t\tclass=\"tribe-events-calendar-month-mobile-events__mobile-event-title-link tribe-common-anchor\"\n\t>\n\t\tSuor Maria Assunta Sumiko Inoue fa una Visita breve all&rsquo;Ispettoria \u201cSanta Maria Mazzarello\u201d (THA).\t<\/a>\n<\/h3>\n\t\t\n\t<\/div>\n<\/article>\n\n\t\t\n\t\t\n\t<\/div>\n\n\t\n\t\t\n<div  class=\"tribe-events-calendar-month-mobile-events__mobile-day\"  id=\"tribe-events-calendar-mobile-day-2026-05-25\">\n\n\t\n\t\t\t\t\t\n\t\t\t<div class=\"tribe-events-c-day-marker tribe-events-calendar-month-mobile-events__day-marker\">\n\t<time\n\t\tclass=\"tribe-events-c-day-marker__date tribe-common-h7 tribe-common-h--alt\"\n\t\tdatetime=\"2026-05-14\"\n\t>\n\t\t14 mai\t<\/time>\n<\/div>\n\n\t\t\t\n\t\t\t\n<article  class=\"tribe-events-calendar-month-mobile-events__mobile-event post-150930 tribe_events type-tribe_events status-publish tribe_events_cat-programme tribe_events_cat-sr-maria-assunta-sumiko-inoue-fr-2 tribe_events_cat-visitatrice cat_programme cat_sr-maria-assunta-sumiko-inoue-fr-2 cat_visitatrice\" >\n\n\t\n\t<div class=\"tribe-events-calendar-month-mobile-events__mobile-event-details\">\n\n\t\t<div class=\"tribe-events-calendar-month-mobile-events__mobile-event-datetime tribe-common-b2\">\n\t\t\t\t<time datetime=\"2026-05-14\">\n\t\t\tToute la journ\u00e9e\t\t<\/time>\n\t\t<\/div>\n\t\t<h3  class=\"tribe-events-calendar-month-mobile-events__mobile-event-title tribe-common-h7\" >\n\t<a\n\t\thref=\"https:\/\/www.cgfmanet.org\/fr\/event\/suor-maria-assunta-sumiko-inoue-fa-una-visita-breve-allispettoria-santa-maria-mazzarello-tha\/\"\n\t\ttitle=\"Suor Maria Assunta Sumiko Inoue fa una Visita breve all&rsquo;Ispettoria \u201cSanta Maria Mazzarello\u201d (THA).\"\n\t\trel=\"bookmark\"\n\t\tclass=\"tribe-events-calendar-month-mobile-events__mobile-event-title-link tribe-common-anchor\"\n\t>\n\t\tSuor Maria Assunta Sumiko Inoue fa una Visita breve all&rsquo;Ispettoria \u201cSanta Maria Mazzarello\u201d (THA).\t<\/a>\n<\/h3>\n\t\t\n\t<\/div>\n<\/article>\n\n\t\t\n\t\t\n\t<\/div>\n\n\t\n\t\t\n<div  class=\"tribe-events-calendar-month-mobile-events__mobile-day\"  id=\"tribe-events-calendar-mobile-day-2026-05-26\">\n\n\t\n\t\t\t\t\t\n\t\t\t<div class=\"tribe-events-c-day-marker tribe-events-calendar-month-mobile-events__day-marker\">\n\t<time\n\t\tclass=\"tribe-events-c-day-marker__date tribe-common-h7 tribe-common-h--alt\"\n\t\tdatetime=\"2026-05-14\"\n\t>\n\t\t14 mai\t<\/time>\n<\/div>\n\n\t\t\t\n\t\t\t\n<article  class=\"tribe-events-calendar-month-mobile-events__mobile-event post-150930 tribe_events type-tribe_events status-publish tribe_events_cat-programme tribe_events_cat-sr-maria-assunta-sumiko-inoue-fr-2 tribe_events_cat-visitatrice cat_programme cat_sr-maria-assunta-sumiko-inoue-fr-2 cat_visitatrice\" >\n\n\t\n\t<div class=\"tribe-events-calendar-month-mobile-events__mobile-event-details\">\n\n\t\t<div class=\"tribe-events-calendar-month-mobile-events__mobile-event-datetime tribe-common-b2\">\n\t\t\t\t<time datetime=\"2026-05-14\">\n\t\t\tToute la journ\u00e9e\t\t<\/time>\n\t\t<\/div>\n\t\t<h3  class=\"tribe-events-calendar-month-mobile-events__mobile-event-title tribe-common-h7\" >\n\t<a\n\t\thref=\"https:\/\/www.cgfmanet.org\/fr\/event\/suor-maria-assunta-sumiko-inoue-fa-una-visita-breve-allispettoria-santa-maria-mazzarello-tha\/\"\n\t\ttitle=\"Suor Maria Assunta Sumiko Inoue fa una Visita breve all&rsquo;Ispettoria \u201cSanta Maria Mazzarello\u201d (THA).\"\n\t\trel=\"bookmark\"\n\t\tclass=\"tribe-events-calendar-month-mobile-events__mobile-event-title-link tribe-common-anchor\"\n\t>\n\t\tSuor Maria Assunta Sumiko Inoue fa una Visita breve all&rsquo;Ispettoria \u201cSanta Maria Mazzarello\u201d (THA).\t<\/a>\n<\/h3>\n\t\t\n\t<\/div>\n<\/article>\n\n\t\t\t\t\t\n\t\t\t\n\t\t\t\n\t\t\t\n<article  class=\"tribe-events-calendar-month-mobile-events__mobile-event post-150873 tribe_events type-tribe_events status-publish tribe_events_cat-programme tribe_events_cat-conseillere-pour-les-missions cat_programme cat_conseillere-pour-les-missions\" >\n\n\t\n\t<div class=\"tribe-events-calendar-month-mobile-events__mobile-event-details\">\n\n\t\t<div class=\"tribe-events-calendar-month-mobile-events__mobile-event-datetime tribe-common-b2\">\n\t\t\t\t<time datetime=\"2026-05-26\">\n\t\t\tToute la journ\u00e9e\t\t<\/time>\n\t\t<\/div>\n\t\t<h3  class=\"tribe-events-calendar-month-mobile-events__mobile-event-title tribe-common-h7\" >\n\t<a\n\t\thref=\"https:\/\/www.cgfmanet.org\/fr\/event\/suor-ruth-del-pilar-mora-termina-la-visita-canonica-allispettoria-san-giuseppe-sec-di-stati-uniti-e-canada\/\"\n\t\ttitle=\"Suor Ruth del Pilar Mora termina la Visita Canonica all\u2019Ispettoria San Giuseppe (SEC) di Stati Uniti e Canada.\"\n\t\trel=\"bookmark\"\n\t\tclass=\"tribe-events-calendar-month-mobile-events__mobile-event-title-link tribe-common-anchor\"\n\t>\n\t\tSuor Ruth del Pilar Mora termina la Visita Canonica all\u2019Ispettoria San Giuseppe (SEC) di Stati Uniti e Canada.\t<\/a>\n<\/h3>\n\t\t\n\t<\/div>\n<\/article>\n\n\t\t\t\t\t\n\t\t\t\n\t\t\t\n\t\t\t\n<article  class=\"tribe-events-calendar-month-mobile-events__mobile-event post-156718 tribe_events type-tribe_events status-publish tribe_events_cat-programme tribe_events_cat-conseillere-pour-la-pastorale-des-jeunes cat_programme cat_conseillere-pour-la-pastorale-des-jeunes\" >\n\n\t\n\t<div class=\"tribe-events-calendar-month-mobile-events__mobile-event-details\">\n\n\t\t<div class=\"tribe-events-calendar-month-mobile-events__mobile-event-datetime tribe-common-b2\">\n\t\t\t\t<time datetime=\"2026-05-26\">\n\t\t\tToute la journ\u00e9e\t\t<\/time>\n\t\t<\/div>\n\t\t<h3  class=\"tribe-events-calendar-month-mobile-events__mobile-event-title tribe-common-h7\" >\n\t<a\n\t\thref=\"https:\/\/www.cgfmanet.org\/fr\/event\/suor-runita-borja-da-il-saluto-iniziale-e-partecipa-allincontro-online-delle-coordinatrici-ispettoriali-di-pg-della-conferenza-nac\/\"\n\t\ttitle=\"Suor Runita Borja d\u00e0 il saluto iniziale e partecipa all\u2019incontro online delle Coordinatrici ispettoriali di PG della Conferenza NAC.\"\n\t\trel=\"bookmark\"\n\t\tclass=\"tribe-events-calendar-month-mobile-events__mobile-event-title-link tribe-common-anchor\"\n\t>\n\t\tSuor Runita Borja d\u00e0 il saluto iniziale e partecipa all\u2019incontro online delle Coordinatrici ispettoriali di PG della Conferenza NAC.\t<\/a>\n<\/h3>\n\t\t\n\t<\/div>\n<\/article>\n\n\t\t\n\t\t\n\t<\/div>\n\n\t\n\t\t\n<div  class=\"tribe-events-calendar-month-mobile-events__mobile-day\"  id=\"tribe-events-calendar-mobile-day-2026-05-27\">\n\n\t\n\t\t\t\t\t\n\t\t\t<div class=\"tribe-events-c-day-marker tribe-events-calendar-month-mobile-events__day-marker\">\n\t<time\n\t\tclass=\"tribe-events-c-day-marker__date tribe-common-h7 tribe-common-h--alt\"\n\t\tdatetime=\"2026-05-27\"\n\t>\n\t\t27 mai\t<\/time>\n<\/div>\n\n\t\t\t\n\t\t\t\n<article  class=\"tribe-events-calendar-month-mobile-events__mobile-event post-150883 tribe_events type-tribe_events status-publish\" >\n\n\t\n\t<div class=\"tribe-events-calendar-month-mobile-events__mobile-event-details\">\n\n\t\t<div class=\"tribe-events-calendar-month-mobile-events__mobile-event-datetime tribe-common-b2\">\n\t\t\t\t<time datetime=\"2026-05-27\">\n\t\t\tToute la journ\u00e9e\t\t<\/time>\n\t\t<\/div>\n\t\t<h3  class=\"tribe-events-calendar-month-mobile-events__mobile-event-title tribe-common-h7\" >\n\t<a\n\t\thref=\"https:\/\/www.cgfmanet.org\/fr\/event\/suor-ruth-del-pilar-mora-incontra-le-missionarie-ad-gentes-che-terminano-il-corso-di-formazione-permanente-missionaria-a-roma-in-casa-generalizia\/\"\n\t\ttitle=\"Suor Ruth del Pilar Mora incontra le missionarie ad gentes che terminano il Corso di Formazione Permanente Missionaria a Roma, in Casa Generalizia.\"\n\t\trel=\"bookmark\"\n\t\tclass=\"tribe-events-calendar-month-mobile-events__mobile-event-title-link tribe-common-anchor\"\n\t>\n\t\tSuor Ruth del Pilar Mora incontra le missionarie ad gentes che terminano il Corso di Formazione Permanente Missionaria a Roma, in Casa Generalizia.\t<\/a>\n<\/h3>\n\t\t\n\t<\/div>\n<\/article>\n\n\t\t\n\t\t\n\t<\/div>\n\n\t\n\t\t\n<div  class=\"tribe-events-calendar-month-mobile-events__mobile-day\"  id=\"tribe-events-calendar-mobile-day-2026-05-28\">\n\n\t\n\t\t\t\t\t\n\t\t\t<div class=\"tribe-events-c-day-marker tribe-events-calendar-month-mobile-events__day-marker\">\n\t<time\n\t\tclass=\"tribe-events-c-day-marker__date tribe-common-h7 tribe-common-h--alt\"\n\t\tdatetime=\"2026-05-27\"\n\t>\n\t\t27 mai\t<\/time>\n<\/div>\n\n\t\t\t\n\t\t\t\n<article  class=\"tribe-events-calendar-month-mobile-events__mobile-event post-150883 tribe_events type-tribe_events status-publish\" >\n\n\t\n\t<div class=\"tribe-events-calendar-month-mobile-events__mobile-event-details\">\n\n\t\t<div class=\"tribe-events-calendar-month-mobile-events__mobile-event-datetime tribe-common-b2\">\n\t\t\t\t<time datetime=\"2026-05-27\">\n\t\t\tToute la journ\u00e9e\t\t<\/time>\n\t\t<\/div>\n\t\t<h3  class=\"tribe-events-calendar-month-mobile-events__mobile-event-title tribe-common-h7\" >\n\t<a\n\t\thref=\"https:\/\/www.cgfmanet.org\/fr\/event\/suor-ruth-del-pilar-mora-incontra-le-missionarie-ad-gentes-che-terminano-il-corso-di-formazione-permanente-missionaria-a-roma-in-casa-generalizia\/\"\n\t\ttitle=\"Suor Ruth del Pilar Mora incontra le missionarie ad gentes che terminano il Corso di Formazione Permanente Missionaria a Roma, in Casa Generalizia.\"\n\t\trel=\"bookmark\"\n\t\tclass=\"tribe-events-calendar-month-mobile-events__mobile-event-title-link tribe-common-anchor\"\n\t>\n\t\tSuor Ruth del Pilar Mora incontra le missionarie ad gentes che terminano il Corso di Formazione Permanente Missionaria a Roma, in Casa Generalizia.\t<\/a>\n<\/h3>\n\t\t\n\t<\/div>\n<\/article>\n\n\t\t\t\t\t\n\t\t\t\n\t\t\t\n\t\t\t\n<article  class=\"tribe-events-calendar-month-mobile-events__mobile-event post-155310 tribe_events type-tribe_events status-publish tribe_events_cat-mere-generale tribe_events_cat-programme cat_mere-generale cat_programme\" >\n\n\t\n\t<div class=\"tribe-events-calendar-month-mobile-events__mobile-event-details\">\n\n\t\t<div class=\"tribe-events-calendar-month-mobile-events__mobile-event-datetime tribe-common-b2\">\n\t\t\t\t<time datetime=\"2026-05-28\">\n\t\t\tToute la journ\u00e9e\t\t<\/time>\n\t\t<\/div>\n\t\t<h3  class=\"tribe-events-calendar-month-mobile-events__mobile-event-title tribe-common-h7\" >\n\t<a\n\t\thref=\"https:\/\/www.cgfmanet.org\/fr\/event\/a-roma-in-casa-generalizia-la-madre-incontra-le-fma-partecipanti-a-conclusione-del-corso-di-formazione-permanente-missionaria\/\"\n\t\ttitle=\"A Roma in Casa generalizia la Madre incontra le FMA partecipanti a conclusione del Corso di Formazione Permanente Missionaria.\"\n\t\trel=\"bookmark\"\n\t\tclass=\"tribe-events-calendar-month-mobile-events__mobile-event-title-link tribe-common-anchor\"\n\t>\n\t\tA Roma in Casa generalizia la Madre incontra le FMA partecipanti a conclusione del Corso di Formazione Permanente Missionaria.\t<\/a>\n<\/h3>\n\t\t\n\t<\/div>\n<\/article>\n\n\t\t\n\t\t\n\t<\/div>\n\n\t\n\t\t\n<div  class=\"tribe-events-calendar-month-mobile-events__mobile-day\"  id=\"tribe-events-calendar-mobile-day-2026-05-29\">\n\n\t\n\t\t\t\t\t\n\t\t\t<div class=\"tribe-events-c-day-marker tribe-events-calendar-month-mobile-events__day-marker\">\n\t<time\n\t\tclass=\"tribe-events-c-day-marker__date tribe-common-h7 tribe-common-h--alt\"\n\t\tdatetime=\"2026-05-29\"\n\t>\n\t\t29 mai\t<\/time>\n<\/div>\n\n\t\t\t\n\t\t\t\n<article  class=\"tribe-events-calendar-month-mobile-events__mobile-event post-150901 tribe_events type-tribe_events status-publish tribe_events_cat-programme tribe_events_cat-conseillere-pour-les-missions cat_programme cat_conseillere-pour-les-missions\" >\n\n\t\n\t<div class=\"tribe-events-calendar-month-mobile-events__mobile-event-details\">\n\n\t\t<div class=\"tribe-events-calendar-month-mobile-events__mobile-event-datetime tribe-common-b2\">\n\t\t\t\t<time datetime=\"2026-05-29\">\n\t\t\tToute la journ\u00e9e\t\t<\/time>\n\t\t<\/div>\n\t\t<h3  class=\"tribe-events-calendar-month-mobile-events__mobile-event-title tribe-common-h7\" >\n\t<a\n\t\thref=\"https:\/\/www.cgfmanet.org\/fr\/event\/conclusione-del-corso-di-formazione-permanente-missionaria-a-roma-casa-generalizia\/\"\n\t\ttitle=\"Conclusione del Corso di Formazione Permanente Missionaria a Roma, Casa Generalizia.\"\n\t\trel=\"bookmark\"\n\t\tclass=\"tribe-events-calendar-month-mobile-events__mobile-event-title-link tribe-common-anchor\"\n\t>\n\t\tConclusione del Corso di Formazione Permanente Missionaria a Roma, Casa Generalizia.\t<\/a>\n<\/h3>\n\t\t\n\t<\/div>\n<\/article>\n\n\t\t\n\t\t\n\t<\/div>\n\n\t\n\t\t\n<div  class=\"tribe-events-calendar-month-mobile-events__mobile-day\"  id=\"tribe-events-calendar-mobile-day-2026-05-30\">\n\n\t\n\t\t\t\t\t\n\t\t\t<div class=\"tribe-events-c-day-marker tribe-events-calendar-month-mobile-events__day-marker\">\n\t<time\n\t\tclass=\"tribe-events-c-day-marker__date tribe-common-h7 tribe-common-h--alt\"\n\t\tdatetime=\"2026-05-30\"\n\t>\n\t\t30 mai\t<\/time>\n<\/div>\n\n\t\t\t\n\t\t\t\n<article  class=\"tribe-events-calendar-month-mobile-events__mobile-event post-153469 tribe_events type-tribe_events status-publish tribe_events_cat-programme tribe_events_cat-sr-chantal-mukase-fr-2 tribe_events_cat-visitatrice cat_programme cat_sr-chantal-mukase-fr-2 cat_visitatrice\" >\n\n\t\n\t<div class=\"tribe-events-calendar-month-mobile-events__mobile-event-details\">\n\n\t\t<div class=\"tribe-events-calendar-month-mobile-events__mobile-event-datetime tribe-common-b2\">\n\t\t\t\t<time datetime=\"2026-05-30\">\n\t\t\tToute la journ\u00e9e\t\t<\/time>\n\t\t<\/div>\n\t\t<h3  class=\"tribe-events-calendar-month-mobile-events__mobile-event-title tribe-common-h7\" >\n\t<a\n\t\thref=\"https:\/\/www.cgfmanet.org\/fr\/event\/suor-chantal-mukase-termina-la-visita-canonica-allispettoria-nostra-signora-dafrica-afc-dellafrica-centrale\/\"\n\t\ttitle=\"Suor Chantal Mukase termina la Visita Canonica all\u2019Ispettoria \u201cNostra Signora d\u2019Africa\u201d (AFC) dell\u2019Africa Centrale.\"\n\t\trel=\"bookmark\"\n\t\tclass=\"tribe-events-calendar-month-mobile-events__mobile-event-title-link tribe-common-anchor\"\n\t>\n\t\tSuor Chantal Mukase termina la Visita Canonica all\u2019Ispettoria \u201cNostra Signora d\u2019Africa\u201d (AFC) dell\u2019Africa Centrale.\t<\/a>\n<\/h3>\n\t\t\n\t<\/div>\n<\/article>\n\n\t\t\n\t\t\n\t<\/div>\n\n\t\n\t\t\n<div  class=\"tribe-events-calendar-month-mobile-events__mobile-day\"  id=\"tribe-events-calendar-mobile-day-2026-05-31\">\n\n\t\n\t\t\t\t\t\n\t\t\t<div class=\"tribe-events-c-day-marker tribe-events-calendar-month-mobile-events__day-marker\">\n\t<time\n\t\tclass=\"tribe-events-c-day-marker__date tribe-common-h7 tribe-common-h--alt\"\n\t\tdatetime=\"2026-05-31\"\n\t>\n\t\t31 mai\t<\/time>\n<\/div>\n\n\t\t\t\n\t\t\t\n<article  class=\"tribe-events-calendar-month-mobile-events__mobile-event post-154082 tribe_events type-tribe_events status-publish tribe_events_cat-programme tribe_events_cat-sr-paola-battagliola-fr tribe_events_cat-visitatrice cat_programme cat_sr-paola-battagliola-fr cat_visitatrice\" >\n\n\t\n\t<div class=\"tribe-events-calendar-month-mobile-events__mobile-event-details\">\n\n\t\t<div class=\"tribe-events-calendar-month-mobile-events__mobile-event-datetime tribe-common-b2\">\n\t\t\t\t<time datetime=\"2026-05-31\">\n\t\t\tToute la journ\u00e9e\t\t<\/time>\n\t\t<\/div>\n\t\t<h3  class=\"tribe-events-calendar-month-mobile-events__mobile-event-title tribe-common-h7\" >\n\t<a\n\t\thref=\"https:\/\/www.cgfmanet.org\/fr\/event\/suor-paola-battagliola-termina-la-2a-parte-della-visita-canonica-allispettoria-lombarda-sacra-famiglia-ilo\/\"\n\t\ttitle=\"Suor Paola Battagliola termina la 2a parte della Visita canonica all&rsquo;Ispettoria Lombarda \u00ab\u00a0Sacra Famiglia\u00a0\u00bb (ILO).\"\n\t\trel=\"bookmark\"\n\t\tclass=\"tribe-events-calendar-month-mobile-events__mobile-event-title-link tribe-common-anchor\"\n\t>\n\t\tSuor Paola Battagliola termina la 2a parte della Visita canonica all&rsquo;Ispettoria Lombarda \u00ab\u00a0Sacra Famiglia\u00a0\u00bb (ILO).\t<\/a>\n<\/h3>\n\t\t\n\t<\/div>\n<\/article>\n\n\t\t\n\t\t\n\t<\/div>\n\n\t\n\t\n<\/section>\n\n\t\t\n\t\t<div class=\"tribe-common-b1 tribe-common-b2--min-medium tribe-events-widget-events-month__view-more\">\n\t<a\n\t\thref=\"https:\/\/www.cgfmanet.org\/fr\/\u00e9v\u00e9nements\/\"\n\t\tclass=\"tribe-common-anchor-thin tribe-events-widget-events-month__view-more-link\"\n\t\ttitle=\"Voir plus d\u2019\u00e9v\u00e8nements.\"\n\t>\n\t\tVoir le calendrier\t<\/a>\n<\/div>\n\n\t<\/section>\n\n<\/div>\n\n<script data-js='tribe-events-view-nonce-data' type='application\/json'>{\"tvn1\":\"14e5a38112\",\"tvn2\":\"\"}<\/script>\n<\/div>\n<\/aside><div class=\"td_block_wrap td_block_15 td_block_widget tdi_15 td-pb-border-top td_block_template_1 td-column-1 td_block_padding\"  data-td-block-uid=\"tdi_15\" >\n<style>\n.td-theme-wrap .tdi_15 .td-pulldown-filter-link:hover,\r\n            .td-theme-wrap .tdi_15 .td-subcat-item a:hover,\r\n            .td-theme-wrap .tdi_15 .td-subcat-item .td-cur-simple-item {\r\n                color: #fc9727;\r\n            }\r\n\r\n            .td-theme-wrap .tdi_15 .block-title > *,\r\n            .td-theme-wrap .tdi_15 .td-subcat-dropdown:hover .td-subcat-more {\r\n                background-color: #fc9727;\r\n            }\r\n            .td-theme-wrap .td-footer-wrapper .tdi_15 .block-title > * {\r\n                padding: 6px 7px 5px;\r\n                line-height: 1;\r\n            }\r\n\r\n            .td-theme-wrap .tdi_15 .block-title {\r\n                border-color: #fc9727;\r\n            }\r\n\r\n            \r\n            .td-theme-wrap .tdi_15 .td_module_wrap:hover .entry-title a,\r\n            .td-theme-wrap .tdi_15 .td_quote_on_blocks,\r\n            .td-theme-wrap .tdi_15 .td-opacity-cat .td-post-category:hover,\r\n            .td-theme-wrap .tdi_15 .td-opacity-read .td-read-more a:hover,\r\n            .td-theme-wrap .tdi_15 .td-opacity-author .td-post-author-name a:hover,\r\n            .td-theme-wrap .tdi_15 .td-instagram-user a {\r\n                color: #fc9727;\r\n            }\r\n\r\n            .td-theme-wrap .tdi_15 .td-next-prev-wrap a:hover,\r\n            .td-theme-wrap .tdi_15 .td-load-more-wrap a:hover {\r\n                background-color: #fc9727;\r\n                border-color: #fc9727;\r\n            }\r\n\r\n            .td-theme-wrap .tdi_15 .td-read-more a,\r\n            .td-theme-wrap .tdi_15 .td-weather-information:before,\r\n            .td-theme-wrap .tdi_15 .td-weather-week:before,\r\n            .td-theme-wrap .tdi_15 .td-exchange-header:before,\r\n            .td-theme-wrap .td-footer-wrapper .tdi_15 .td-post-category,\r\n            .td-theme-wrap .tdi_15 .td-post-category:hover {\r\n                background-color: #fc9727;\r\n            }\n<\/style><script>var block_tdi_15 = new tdBlock();\nblock_tdi_15.id = \"tdi_15\";\nblock_tdi_15.atts = '{\"custom_title\":\"Des Articles\",\"custom_url\":\"https:\\\/\\\/www.cgfmanet.org\\\/fr\\\/tag\\\/conseillere-pour-la-pastorale-des-jeunes\\\/\",\"block_template_id\":\"\",\"header_color\":\"#fc9727\",\"header_text_color\":\"#\",\"accent_text_color\":\"#\",\"mx4_tl\":\"\",\"limit\":\"6\",\"offset\":\"\",\"el_class\":\"\",\"post_ids\":\"\",\"category_id\":\"\",\"category_ids\":\"\",\"tag_slug\":\"conseillere-pour-la-pastorale-des-jeunes\",\"autors_id\":\"\",\"installed_post_types\":\"\",\"sort\":\"\",\"td_ajax_filter_type\":\"\",\"td_ajax_filter_ids\":\"\",\"td_filter_default_txt\":\"All\",\"td_ajax_preloading\":\"\",\"ajax_pagination\":\"\",\"ajax_pagination_infinite_stop\":\"\",\"wpml_language\":\"fr\",\"title\":false,\"class\":\"td_block_widget tdi_15\",\"block_type\":\"td_block_15\",\"separator\":\"\",\"taxonomies\":\"\",\"in_all_terms\":\"\",\"include_cf_posts\":\"\",\"exclude_cf_posts\":\"\",\"popular_by_date\":\"\",\"linked_posts\":\"\",\"favourite_only\":\"\",\"open_in_new_window\":\"\",\"show_modified_date\":\"\",\"time_ago\":\"\",\"time_ago_add_txt\":\"ago\",\"time_ago_txt_pos\":\"\",\"review_source\":\"\",\"f_header_font_header\":\"\",\"f_header_font_title\":\"Block header\",\"f_header_font_settings\":\"\",\"f_header_font_family\":\"\",\"f_header_font_size\":\"\",\"f_header_font_line_height\":\"\",\"f_header_font_style\":\"\",\"f_header_font_weight\":\"\",\"f_header_font_transform\":\"\",\"f_header_font_spacing\":\"\",\"f_header_\":\"\",\"f_ajax_font_title\":\"Ajax categories\",\"f_ajax_font_settings\":\"\",\"f_ajax_font_family\":\"\",\"f_ajax_font_size\":\"\",\"f_ajax_font_line_height\":\"\",\"f_ajax_font_style\":\"\",\"f_ajax_font_weight\":\"\",\"f_ajax_font_transform\":\"\",\"f_ajax_font_spacing\":\"\",\"f_ajax_\":\"\",\"f_more_font_title\":\"Load more button\",\"f_more_font_settings\":\"\",\"f_more_font_family\":\"\",\"f_more_font_size\":\"\",\"f_more_font_line_height\":\"\",\"f_more_font_style\":\"\",\"f_more_font_weight\":\"\",\"f_more_font_transform\":\"\",\"f_more_font_spacing\":\"\",\"f_more_\":\"\",\"mx4f_title_font_header\":\"\",\"mx4f_title_font_title\":\"Article title\",\"mx4f_title_font_settings\":\"\",\"mx4f_title_font_family\":\"\",\"mx4f_title_font_size\":\"\",\"mx4f_title_font_line_height\":\"\",\"mx4f_title_font_style\":\"\",\"mx4f_title_font_weight\":\"\",\"mx4f_title_font_transform\":\"\",\"mx4f_title_font_spacing\":\"\",\"mx4f_title_\":\"\",\"mx4f_cat_font_title\":\"Article category tag\",\"mx4f_cat_font_settings\":\"\",\"mx4f_cat_font_family\":\"\",\"mx4f_cat_font_size\":\"\",\"mx4f_cat_font_line_height\":\"\",\"mx4f_cat_font_style\":\"\",\"mx4f_cat_font_weight\":\"\",\"mx4f_cat_font_transform\":\"\",\"mx4f_cat_font_spacing\":\"\",\"mx4f_cat_\":\"\",\"ajax_pagination_next_prev_swipe\":\"\",\"css\":\"\",\"tdc_css\":\"\",\"td_column_number\":1,\"color_preset\":\"\",\"border_top\":\"\",\"tdc_css_class\":\"tdi_15\",\"tdc_css_class_style\":\"tdi_15_rand_style\"}';\nblock_tdi_15.td_column_number = \"1\";\nblock_tdi_15.block_type = \"td_block_15\";\nblock_tdi_15.post_count = \"6\";\nblock_tdi_15.found_posts = \"99\";\nblock_tdi_15.header_color = \"#fc9727\";\nblock_tdi_15.ajax_pagination_infinite_stop = \"\";\nblock_tdi_15.max_num_pages = \"17\";\ntdBlocksArray.push(block_tdi_15);\n<\/script><div class=\"td-block-title-wrap\"><h4 class=\"block-title td-block-title\"><a href=\"https:\/\/www.cgfmanet.org\/fr\/tag\/conseillere-pour-la-pastorale-des-jeunes\/\" class=\"td-pulldown-size\">Des Articles<\/a><\/h4><\/div><div id=tdi_15 class=\"td_block_inner td-column-1\"><div class=\"td-cust-row\">\n\n\t<div class=\"td-block-span12\">\n\r\n        <div class=\"td_module_mx4 td_module_wrap td-animation-stack\">\r\n            <div class=\"td-module-image\">\r\n                <div class=\"td-module-thumb\"><a href=\"https:\/\/www.cgfmanet.org\/fr\/info-sphere\/journee-mondiale-de-priere-pour-les-vocations-2026\/\"  rel=\"bookmark\" class=\"td-image-wrap \" title=\"Journ\u00e9e Mondiale de Pri\u00e8re pour les Vocations 2026\" ><img decoding=\"async\" width=\"218\" height=\"150\" class=\"entry-thumb lazyload\" data-src=\"https:\/\/www.cgfmanet.org\/wp-content\/uploads\/2026\/04\/Giornata-di-Preghiera-Vocazioni-2026-218x150.jpg\"  data-srcset=\"https:\/\/www.cgfmanet.org\/wp-content\/uploads\/2026\/04\/Giornata-di-Preghiera-Vocazioni-2026-218x150.jpg 218w, https:\/\/www.cgfmanet.org\/wp-content\/uploads\/2026\/04\/Giornata-di-Preghiera-Vocazioni-2026-100x70.jpg 100w\" data-sizes=\"auto\"  alt=\"\" title=\"Journ\u00e9e Mondiale de Pri\u00e8re pour les Vocations 2026\" src=\"data:image\/svg+xml;base64,PHN2ZyB3aWR0aD0iMSIgaGVpZ2h0PSIxIiB4bWxucz0iaHR0cDovL3d3dy53My5vcmcvMjAwMC9zdmciPjwvc3ZnPg==\" style=\"--smush-placeholder-width: 218px; --smush-placeholder-aspect-ratio: 218\/150;\" data-original-sizes=\"(max-width: 218px) 100vw, 218px\" \/><\/a><\/div>                <a href=\"https:\/\/www.cgfmanet.org\/fr\/categorie\/info-sphere\/eglise\/\" class=\"td-post-category\" >Eglise<\/a>            <\/div>\r\n\r\n            <h3 class=\"entry-title td-module-title\"><a href=\"https:\/\/www.cgfmanet.org\/fr\/info-sphere\/journee-mondiale-de-priere-pour-les-vocations-2026\/\"  rel=\"bookmark\" title=\"Journ\u00e9e Mondiale de Pri\u00e8re pour les Vocations 2026\">Journ\u00e9e Mondiale de Pri\u00e8re pour les Vocations 2026<\/a><\/h3>\r\n        <\/div>\r\n\r\n        \n\t<\/div> <!-- .\/td-block-span12 -->\n\n\t<div class=\"td-block-span12\">\n\r\n        <div class=\"td_module_mx4 td_module_wrap td-animation-stack\">\r\n            <div class=\"td-module-image\">\r\n                <div class=\"td-module-thumb\"><a href=\"https:\/\/www.cgfmanet.org\/fr\/ifma-fr\/charisme-salesien\/ponts-desperance-rencontre-en-ligne-mjs-europe\/\"  rel=\"bookmark\" class=\"td-image-wrap \" title=\"\u2019Ponts d\u2019Esp\u00e9rance\u2019\u2019 : rencontre en ligne MJS Europe\" ><img decoding=\"async\" width=\"218\" height=\"150\" class=\"entry-thumb lazyload\" data-src=\"https:\/\/www.cgfmanet.org\/wp-content\/uploads\/2026\/02\/Incontro-online-MGS-Europa-218x150.jpg\"  data-srcset=\"https:\/\/www.cgfmanet.org\/wp-content\/uploads\/2026\/02\/Incontro-online-MGS-Europa-218x150.jpg 218w, https:\/\/www.cgfmanet.org\/wp-content\/uploads\/2026\/02\/Incontro-online-MGS-Europa-100x70.jpg 100w\" data-sizes=\"auto\"  alt=\"\" title=\"\u2019Ponts d\u2019Esp\u00e9rance\u2019\u2019 : rencontre en ligne MJS Europe\" src=\"data:image\/svg+xml;base64,PHN2ZyB3aWR0aD0iMSIgaGVpZ2h0PSIxIiB4bWxucz0iaHR0cDovL3d3dy53My5vcmcvMjAwMC9zdmciPjwvc3ZnPg==\" style=\"--smush-placeholder-width: 218px; --smush-placeholder-aspect-ratio: 218\/150;\" data-original-sizes=\"(max-width: 218px) 100vw, 218px\" \/><\/a><\/div>                <a href=\"https:\/\/www.cgfmanet.org\/fr\/categorie\/ifma-fr\/charisme-salesien\/\" class=\"td-post-category\" >Charisme Sal\u00e9sien<\/a>            <\/div>\r\n\r\n            <h3 class=\"entry-title td-module-title\"><a href=\"https:\/\/www.cgfmanet.org\/fr\/ifma-fr\/charisme-salesien\/ponts-desperance-rencontre-en-ligne-mjs-europe\/\"  rel=\"bookmark\" title=\"\u2019Ponts d\u2019Esp\u00e9rance\u2019\u2019 : rencontre en ligne MJS Europe\">\u2019Ponts d\u2019Esp\u00e9rance\u2019\u2019 : rencontre en ligne MJS Europe<\/a><\/h3>\r\n        <\/div>\r\n\r\n        \n\t<\/div> <!-- .\/td-block-span12 --><\/div><div class=\"td-cust-row\">\n\n\t<div class=\"td-block-span12\">\n\r\n        <div class=\"td_module_mx4 td_module_wrap td-animation-stack\">\r\n            <div class=\"td-module-image\">\r\n                <div class=\"td-module-thumb\"><a href=\"https:\/\/www.cgfmanet.org\/fr\/ifma-fr\/charisme-salesien\/pjs-international-continuer-a-parier-sur-le-sport\/\"  rel=\"bookmark\" class=\"td-image-wrap \" title=\"PJS-International : continuer \u00e0 parier sur le sport\" ><img decoding=\"async\" width=\"218\" height=\"150\" class=\"entry-thumb lazyload\" data-src=\"https:\/\/www.cgfmanet.org\/wp-content\/uploads\/2026\/02\/PGS-International-218x150.jpg\"  data-srcset=\"https:\/\/www.cgfmanet.org\/wp-content\/uploads\/2026\/02\/PGS-International-218x150.jpg 218w, https:\/\/www.cgfmanet.org\/wp-content\/uploads\/2026\/02\/PGS-International-100x70.jpg 100w\" data-sizes=\"auto\"  alt=\"\" title=\"PJS-International : continuer \u00e0 parier sur le sport\" src=\"data:image\/svg+xml;base64,PHN2ZyB3aWR0aD0iMSIgaGVpZ2h0PSIxIiB4bWxucz0iaHR0cDovL3d3dy53My5vcmcvMjAwMC9zdmciPjwvc3ZnPg==\" style=\"--smush-placeholder-width: 218px; --smush-placeholder-aspect-ratio: 218\/150;\" data-original-sizes=\"(max-width: 218px) 100vw, 218px\" \/><\/a><\/div>                <a href=\"https:\/\/www.cgfmanet.org\/fr\/categorie\/ifma-fr\/charisme-salesien\/\" class=\"td-post-category\" >Charisme Sal\u00e9sien<\/a>            <\/div>\r\n\r\n            <h3 class=\"entry-title td-module-title\"><a href=\"https:\/\/www.cgfmanet.org\/fr\/ifma-fr\/charisme-salesien\/pjs-international-continuer-a-parier-sur-le-sport\/\"  rel=\"bookmark\" title=\"PJS-International : continuer \u00e0 parier sur le sport\">PJS-International : continuer \u00e0 parier sur le sport<\/a><\/h3>\r\n        <\/div>\r\n\r\n        \n\t<\/div> <!-- .\/td-block-span12 -->\n\n\t<div class=\"td-block-span12\">\n\r\n        <div class=\"td_module_mx4 td_module_wrap td-animation-stack\">\r\n            <div class=\"td-module-image\">\r\n                <div class=\"td-module-thumb\"><a href=\"https:\/\/www.cgfmanet.org\/fr\/ifma-fr\/education-fr\/webinaire-sur-la-sante-emotionnelle-des-jeunes-en-anglais\/\"  rel=\"bookmark\" class=\"td-image-wrap \" title=\"Webinaire sur la sant\u00e9 \u00e9motionnelle des jeunes \u2013 en anglais\" ><img decoding=\"async\" width=\"218\" height=\"150\" class=\"entry-thumb lazyload\" data-src=\"https:\/\/www.cgfmanet.org\/wp-content\/uploads\/2026\/01\/Webinar-PG_OIEC_salute-emotiva-218x150.jpg\"  data-srcset=\"https:\/\/www.cgfmanet.org\/wp-content\/uploads\/2026\/01\/Webinar-PG_OIEC_salute-emotiva-218x150.jpg 218w, https:\/\/www.cgfmanet.org\/wp-content\/uploads\/2026\/01\/Webinar-PG_OIEC_salute-emotiva-100x70.jpg 100w\" data-sizes=\"auto\"  alt=\"\" title=\"Webinaire sur la sant\u00e9 \u00e9motionnelle des jeunes \u2013 en anglais\" src=\"data:image\/svg+xml;base64,PHN2ZyB3aWR0aD0iMSIgaGVpZ2h0PSIxIiB4bWxucz0iaHR0cDovL3d3dy53My5vcmcvMjAwMC9zdmciPjwvc3ZnPg==\" style=\"--smush-placeholder-width: 218px; --smush-placeholder-aspect-ratio: 218\/150;\" data-original-sizes=\"(max-width: 218px) 100vw, 218px\" \/><\/a><\/div>                <a href=\"https:\/\/www.cgfmanet.org\/fr\/categorie\/ifma-fr\/education-fr\/\" class=\"td-post-category\" >Education<\/a>            <\/div>\r\n\r\n            <h3 class=\"entry-title td-module-title\"><a href=\"https:\/\/www.cgfmanet.org\/fr\/ifma-fr\/education-fr\/webinaire-sur-la-sante-emotionnelle-des-jeunes-en-anglais\/\"  rel=\"bookmark\" title=\"Webinaire sur la sant\u00e9 \u00e9motionnelle des jeunes \u2013 en anglais\">Webinaire sur la sant\u00e9 \u00e9motionnelle des jeunes \u2013 en anglais<\/a><\/h3>\r\n        <\/div>\r\n\r\n        \n\t<\/div> <!-- .\/td-block-span12 --><\/div><div class=\"td-cust-row\">\n\n\t<div class=\"td-block-span12\">\n\r\n        <div class=\"td_module_mx4 td_module_wrap td-animation-stack\">\r\n            <div class=\"td-module-image\">\r\n                <div class=\"td-module-thumb\"><a href=\"https:\/\/www.cgfmanet.org\/fr\/ifma-fr\/pastorale-des-jeunes-fma-et-sdb-pour-le-mouvement-des-jeunes-salesiens\/\"  rel=\"bookmark\" class=\"td-image-wrap \" title=\"Pastorale des jeunes FMA et SDB pour le Mouvement des jeunes sal\u00e9siens\" ><img decoding=\"async\" width=\"218\" height=\"150\" class=\"entry-thumb lazyload\" data-src=\"https:\/\/www.cgfmanet.org\/wp-content\/uploads\/2026\/01\/FMA-e-SDB-su-MGS-218x150.jpg\"  data-srcset=\"https:\/\/www.cgfmanet.org\/wp-content\/uploads\/2026\/01\/FMA-e-SDB-su-MGS-218x150.jpg 218w, https:\/\/www.cgfmanet.org\/wp-content\/uploads\/2026\/01\/FMA-e-SDB-su-MGS-100x70.jpg 100w\" data-sizes=\"auto\"  alt=\"\" title=\"Pastorale des jeunes FMA et SDB pour le Mouvement des jeunes sal\u00e9siens\" src=\"data:image\/svg+xml;base64,PHN2ZyB3aWR0aD0iMSIgaGVpZ2h0PSIxIiB4bWxucz0iaHR0cDovL3d3dy53My5vcmcvMjAwMC9zdmciPjwvc3ZnPg==\" style=\"--smush-placeholder-width: 218px; --smush-placeholder-aspect-ratio: 218\/150;\" data-original-sizes=\"(max-width: 218px) 100vw, 218px\" \/><\/a><\/div>                <a href=\"https:\/\/www.cgfmanet.org\/fr\/categorie\/ifma-fr\/charisme-salesien\/\" class=\"td-post-category\" >Charisme Sal\u00e9sien<\/a>            <\/div>\r\n\r\n            <h3 class=\"entry-title td-module-title\"><a href=\"https:\/\/www.cgfmanet.org\/fr\/ifma-fr\/pastorale-des-jeunes-fma-et-sdb-pour-le-mouvement-des-jeunes-salesiens\/\"  rel=\"bookmark\" title=\"Pastorale des jeunes FMA et SDB pour le Mouvement des jeunes sal\u00e9siens\">Pastorale des jeunes FMA et SDB pour le Mouvement des jeunes...<\/a><\/h3>\r\n        <\/div>\r\n\r\n        \n\t<\/div> <!-- .\/td-block-span12 -->\n\n\t<div class=\"td-block-span12\">\n\r\n        <div class=\"td_module_mx4 td_module_wrap td-animation-stack\">\r\n            <div class=\"td-module-image\">\r\n                <div class=\"td-module-thumb\"><a href=\"https:\/\/www.cgfmanet.org\/fr\/ifma-fr\/education-fr\/webinaire-sur-la-sante-emotionnelle-des-jeunes\/\"  rel=\"bookmark\" class=\"td-image-wrap \" title=\"Webinaire sur la sant\u00e9 \u00e9motionnelle des jeunes\" ><img decoding=\"async\" width=\"218\" height=\"150\" class=\"entry-thumb lazyload\" data-src=\"https:\/\/www.cgfmanet.org\/wp-content\/uploads\/2025\/11\/Webinar-salute-emotiva-giovani-218x150.jpg\"  data-srcset=\"https:\/\/www.cgfmanet.org\/wp-content\/uploads\/2025\/11\/Webinar-salute-emotiva-giovani-218x150.jpg 218w, https:\/\/www.cgfmanet.org\/wp-content\/uploads\/2025\/11\/Webinar-salute-emotiva-giovani-100x70.jpg 100w\" data-sizes=\"auto\"  alt=\"\" title=\"Webinaire sur la sant\u00e9 \u00e9motionnelle des jeunes\" src=\"data:image\/svg+xml;base64,PHN2ZyB3aWR0aD0iMSIgaGVpZ2h0PSIxIiB4bWxucz0iaHR0cDovL3d3dy53My5vcmcvMjAwMC9zdmciPjwvc3ZnPg==\" style=\"--smush-placeholder-width: 218px; --smush-placeholder-aspect-ratio: 218\/150;\" data-original-sizes=\"(max-width: 218px) 100vw, 218px\" \/><\/a><\/div>                <a href=\"https:\/\/www.cgfmanet.org\/fr\/categorie\/ifma-fr\/education-fr\/\" class=\"td-post-category\" >Education<\/a>            <\/div>\r\n\r\n            <h3 class=\"entry-title td-module-title\"><a href=\"https:\/\/www.cgfmanet.org\/fr\/ifma-fr\/education-fr\/webinaire-sur-la-sante-emotionnelle-des-jeunes\/\"  rel=\"bookmark\" title=\"Webinaire sur la sant\u00e9 \u00e9motionnelle des jeunes\">Webinaire sur la sant\u00e9 \u00e9motionnelle des jeunes<\/a><\/h3>\r\n        <\/div>\r\n\r\n        \n\t<\/div> <!-- .\/td-block-span12 --><\/div><\/div><\/div> <!-- .\/block --><div class=\"clearfix\"><\/div><aside class=\"td_block_template_1 widget widget_text\"><h4 class=\"block-title\"><span>Visita di Animazione Pastorale &#8211; Guwahati, India<\/span><\/h4>\t\t\t<div class=\"textwidget\"><p><a data-flickr-embed=\"true\" href=\"https:\/\/www.flickr.com\/photos\/137890103@N08\/albums\/72157687144776990\" title=\"Incontro formativo di Pastorale giovanile\"><img decoding=\"async\" data-src=\"https:\/\/live.staticflickr.com\/4479\/36900852884_ddb8b6c220_z.jpg\" width=\"640\" height=\"427\" alt=\"Incontro formativo di Pastorale giovanile\" src=\"data:image\/svg+xml;base64,PHN2ZyB3aWR0aD0iMSIgaGVpZ2h0PSIxIiB4bWxucz0iaHR0cDovL3d3dy53My5vcmcvMjAwMC9zdmciPjwvc3ZnPg==\" class=\"lazyload\" style=\"--smush-placeholder-width: 640px; --smush-placeholder-aspect-ratio: 640\/427;\"><\/a><script async src=\"\/\/embedr.flickr.com\/assets\/client-code.js\" charset=\"utf-8\"><\/script><\/p>\n<\/div>\n\t\t<\/aside><\/div><\/div><\/div><\/div><\/div><div id=\"tdi_16\" class=\"tdc-row\"><div class=\"vc_row tdi_17  wpb_row td-pb-row\" >\n<style scoped>\n\/* custom css - generated by TagDiv Composer *\/\n\n\/* custom css - generated by TagDiv Composer *\/\n.tdi_17,\r\n                .tdi_17 .tdc-columns{\r\n                    min-height: 0;\r\n                }.tdi_17,\r\n\t\t\t\t.tdi_17 .tdc-columns{\r\n\t\t\t\t    display: block;\r\n\t\t\t\t}.tdi_17 .tdc-columns{\r\n\t\t\t\t    width: 100%;\r\n\t\t\t\t}.tdi_17:before,\r\n\t\t\t\t.tdi_17:after{\r\n\t\t\t\t    display: table;\r\n\t\t\t\t}\n<\/style><div class=\"vc_column tdi_19  wpb_column vc_column_container tdc-column td-pb-span12\">\n<style scoped>\n\/* custom css - generated by TagDiv Composer *\/\n\n\/* custom css - generated by TagDiv Composer *\/\n.tdi_19{\r\n                    vertical-align: baseline;\r\n                }.tdi_19 > .wpb_wrapper,\r\n\t\t\t\t.tdi_19 > .wpb_wrapper > .tdc-elements{\r\n\t\t\t\t    display: block;\r\n\t\t\t\t}.tdi_19 > .wpb_wrapper > .tdc-elements{\r\n\t\t\t\t    width: 100%;\r\n\t\t\t\t}.tdi_19 > .wpb_wrapper > .vc_row_inner{\r\n\t\t\t\t    width: auto;\r\n\t\t\t\t}.tdi_19 > .wpb_wrapper{\r\n\t\t\t\t    width: auto;\r\n\t\t\t\t    height: auto;\r\n\t\t\t\t}\n<\/style><div class=\"wpb_wrapper\" >[vc_column_text]\r\n\r\n[\/vc_column_text]<\/div><\/div><\/div><\/div><\/div>","protected":false},"excerpt":{"rendered":"","protected":false},"author":45,"featured_media":0,"parent":0,"menu_order":0,"comment_status":"closed","ping_status":"closed","template":"page-pagebuilder-title.php","meta":{"footnotes":""},"class_list":["post-3639","page","type-page","status-publish","cat_programme","cat_sr-paola-battagliola-fr","cat_visitatrice"],"yoast_head":"<!-- This site is optimized with the Yoast SEO plugin v27.4 - https:\/\/yoast.com\/product\/yoast-seo-wordpress\/ -->\n<title>La Conseill\u00e8re pour la Pastorale des Jeunes &#8226; Istituto Figlie di Maria Ausiliatrice<\/title>\n<meta name=\"robots\" content=\"index, follow, max-snippet:-1, max-image-preview:large, max-video-preview:-1\" \/>\n<link rel=\"canonical\" href=\"https:\/\/www.cgfmanet.org\/fr\/la-conseillere-pour-la-pastorale-des-jeunes\/\" \/>\n<meta property=\"og:locale\" content=\"fr_FR\" \/>\n<meta property=\"og:type\" content=\"article\" \/>\n<meta property=\"og:title\" content=\"La Conseill\u00e8re pour la Pastorale des Jeunes &#8226; Istituto Figlie di Maria Ausiliatrice\" \/>\n<meta property=\"og:url\" content=\"https:\/\/www.cgfmanet.org\/fr\/la-conseillere-pour-la-pastorale-des-jeunes\/\" \/>\n<meta property=\"og:site_name\" content=\"Istituto Figlie di Maria Ausiliatrice\" \/>\n<meta property=\"article:publisher\" content=\"https:\/\/www.facebook.com\/salesian.sisters.of.don.bosco\/\" \/>\n<meta property=\"article:modified_time\" content=\"2025-01-18T08:56:09+00:00\" \/>\n<meta property=\"og:image\" content=\"https:\/\/www.cgfmanet.org\/wp-content\/uploads\/2022\/07\/Pastorale-Giovanile_new.jpg\" \/>\n\t<meta property=\"og:image:width\" content=\"1181\" \/>\n\t<meta property=\"og:image:height\" content=\"1481\" \/>\n\t<meta property=\"og:image:type\" content=\"image\/jpeg\" \/>\n<meta name=\"twitter:card\" content=\"summary_large_image\" \/>\n<meta name=\"twitter:site\" content=\"@Cgfmanet_Org\" \/>\n<meta name=\"twitter:label1\" content=\"Dur\u00e9e de lecture estim\u00e9e\" \/>\n\t<meta name=\"twitter:data1\" content=\"7 minutes\" \/>\n<script type=\"application\/ld+json\" class=\"yoast-schema-graph\">{\"@context\":\"https:\\\/\\\/schema.org\",\"@graph\":[{\"@type\":\"WebPage\",\"@id\":\"https:\\\/\\\/www.cgfmanet.org\\\/fr\\\/la-conseillere-pour-la-pastorale-des-jeunes\\\/\",\"url\":\"https:\\\/\\\/www.cgfmanet.org\\\/fr\\\/la-conseillere-pour-la-pastorale-des-jeunes\\\/\",\"name\":\"La Conseill\u00e8re pour la Pastorale des Jeunes &#8226; Istituto Figlie di Maria Ausiliatrice\",\"isPartOf\":{\"@id\":\"https:\\\/\\\/www.cgfmanet.org\\\/es\\\/#website\"},\"primaryImageOfPage\":{\"@id\":\"https:\\\/\\\/www.cgfmanet.org\\\/fr\\\/la-conseillere-pour-la-pastorale-des-jeunes\\\/#primaryimage\"},\"image\":{\"@id\":\"https:\\\/\\\/www.cgfmanet.org\\\/fr\\\/la-conseillere-pour-la-pastorale-des-jeunes\\\/#primaryimage\"},\"thumbnailUrl\":\"https:\\\/\\\/www.cgfmanet.org\\\/wp-content\\\/uploads\\\/2022\\\/07\\\/Pastorale-Giovanile_new.jpg\",\"datePublished\":\"2019-03-12T15:19:35+00:00\",\"dateModified\":\"2025-01-18T08:56:09+00:00\",\"breadcrumb\":{\"@id\":\"https:\\\/\\\/www.cgfmanet.org\\\/fr\\\/la-conseillere-pour-la-pastorale-des-jeunes\\\/#breadcrumb\"},\"inLanguage\":\"fr-FR\",\"potentialAction\":[{\"@type\":\"ReadAction\",\"target\":[\"https:\\\/\\\/www.cgfmanet.org\\\/fr\\\/la-conseillere-pour-la-pastorale-des-jeunes\\\/\"]}]},{\"@type\":\"ImageObject\",\"inLanguage\":\"fr-FR\",\"@id\":\"https:\\\/\\\/www.cgfmanet.org\\\/fr\\\/la-conseillere-pour-la-pastorale-des-jeunes\\\/#primaryimage\",\"url\":\"https:\\\/\\\/www.cgfmanet.org\\\/wp-content\\\/uploads\\\/2022\\\/07\\\/Pastorale-Giovanile_new.jpg\",\"contentUrl\":\"https:\\\/\\\/www.cgfmanet.org\\\/wp-content\\\/uploads\\\/2022\\\/07\\\/Pastorale-Giovanile_new.jpg\"},{\"@type\":\"BreadcrumbList\",\"@id\":\"https:\\\/\\\/www.cgfmanet.org\\\/fr\\\/la-conseillere-pour-la-pastorale-des-jeunes\\\/#breadcrumb\",\"itemListElement\":[{\"@type\":\"ListItem\",\"position\":1,\"name\":\"Home\",\"item\":\"https:\\\/\\\/www.cgfmanet.org\\\/fr\\\/\"},{\"@type\":\"ListItem\",\"position\":2,\"name\":\"La Conseill\u00e8re pour la Pastorale des Jeunes\"}]},{\"@type\":\"WebSite\",\"@id\":\"https:\\\/\\\/www.cgfmanet.org\\\/es\\\/#website\",\"url\":\"https:\\\/\\\/www.cgfmanet.org\\\/es\\\/\",\"name\":\"Istituto Figlie di Maria Ausiliatrice\",\"description\":\"Salesiane di Don Bosco\",\"publisher\":{\"@id\":\"https:\\\/\\\/www.cgfmanet.org\\\/es\\\/#organization\"},\"potentialAction\":[{\"@type\":\"SearchAction\",\"target\":{\"@type\":\"EntryPoint\",\"urlTemplate\":\"https:\\\/\\\/www.cgfmanet.org\\\/es\\\/?s={search_term_string}\"},\"query-input\":{\"@type\":\"PropertyValueSpecification\",\"valueRequired\":true,\"valueName\":\"search_term_string\"}}],\"inLanguage\":\"fr-FR\"},{\"@type\":\"Organization\",\"@id\":\"https:\\\/\\\/www.cgfmanet.org\\\/es\\\/#organization\",\"name\":\"Istituto Figlie di Maria Ausiliatrice\",\"url\":\"https:\\\/\\\/www.cgfmanet.org\\\/es\\\/\",\"logo\":{\"@type\":\"ImageObject\",\"inLanguage\":\"fr-FR\",\"@id\":\"https:\\\/\\\/www.cgfmanet.org\\\/es\\\/#\\\/schema\\\/logo\\\/image\\\/\",\"url\":\"https:\\\/\\\/www.cgfmanet.org\\\/wp-content\\\/uploads\\\/2018\\\/10\\\/logo-fma.png\",\"contentUrl\":\"https:\\\/\\\/www.cgfmanet.org\\\/wp-content\\\/uploads\\\/2018\\\/10\\\/logo-fma.png\",\"width\":214,\"height\":55,\"caption\":\"Istituto Figlie di Maria Ausiliatrice\"},\"image\":{\"@id\":\"https:\\\/\\\/www.cgfmanet.org\\\/es\\\/#\\\/schema\\\/logo\\\/image\\\/\"},\"sameAs\":[\"https:\\\/\\\/www.facebook.com\\\/salesian.sisters.of.don.bosco\\\/\",\"https:\\\/\\\/x.com\\\/Cgfmanet_Org\",\"https:\\\/\\\/www.youtube.com\\\/channel\\\/UCmcr8yFQBV7JXeXVxyV9y5Q\"]},{\"@type\":\"Event\",\"name\":\"Suor Ena Bola\u00f1os e le collaboratrici dell\u2019Ambito incontrano le Econome ispettoriali del mondo per la formazione online.\",\"description\":\"\",\"url\":\"https:\\\/\\\/www.cgfmanet.org\\\/fr\\\/event\\\/suor-ena-bolanos-e-le-collaboratrici-dellambito-incontrano-le-econome-ispettoriali-del-mondo-per-la-formazione-online-11\\\/\",\"eventAttendanceMode\":\"https:\\\/\\\/schema.org\\\/OfflineEventAttendanceMode\",\"eventStatus\":\"https:\\\/\\\/schema.org\\\/EventScheduled\",\"startDate\":\"2026-04-27T00:00:00+02:00\",\"endDate\":\"2026-04-28T23:59:59+02:00\",\"@id\":\"https:\\\/\\\/www.cgfmanet.org\\\/fr\\\/event\\\/suor-ena-bolanos-e-le-collaboratrici-dellambito-incontrano-le-econome-ispettoriali-del-mondo-per-la-formazione-online-11\\\/#event\"},{\"@type\":\"Event\",\"name\":\"Suor Paola Battagliola riprende la 2a parte della Visita canonica all&rsquo;Ispettoria Lombarda \u00ab\u00a0Sacra Famiglia\u00a0\u00bb (ILO).\",\"description\":\"\",\"url\":\"https:\\\/\\\/www.cgfmanet.org\\\/fr\\\/event\\\/suor-paola-battagliola-riprende-la-2a-parte-della-visita-canonica-allispettoria-lombarda-sacra-famiglia-ilo\\\/\",\"eventAttendanceMode\":\"https:\\\/\\\/schema.org\\\/OfflineEventAttendanceMode\",\"eventStatus\":\"https:\\\/\\\/schema.org\\\/EventScheduled\",\"startDate\":\"2026-05-01T00:00:00+02:00\",\"endDate\":\"2026-05-01T23:59:59+02:00\",\"@id\":\"https:\\\/\\\/www.cgfmanet.org\\\/fr\\\/event\\\/suor-paola-battagliola-riprende-la-2a-parte-della-visita-canonica-allispettoria-lombarda-sacra-famiglia-ilo\\\/#event\"},{\"@type\":\"Event\",\"name\":\"Suor Maria Luisa Nicastro, con le collaboratrici della Segreteria generale, guida la visita all&rsquo;Archivio Generale dell&rsquo;Istituto e alla Mostra del Carisma delle Studentesse del Corso di Spiritualit\u00e0 di Casa Canta.\",\"description\":\"\",\"url\":\"https:\\\/\\\/www.cgfmanet.org\\\/fr\\\/event\\\/suor-maria-luisa-nicastro-con-le-collaboratrici-della-segreteria-generale-guida-la-visita-allarchivio-generale-dellistituto-e-alla-mostra-del-carisma-delle-studentesse-del-corso-di-spiritualita\\\/\",\"eventAttendanceMode\":\"https:\\\/\\\/schema.org\\\/OfflineEventAttendanceMode\",\"eventStatus\":\"https:\\\/\\\/schema.org\\\/EventScheduled\",\"startDate\":\"2026-05-02T00:00:00+02:00\",\"endDate\":\"2026-05-02T23:59:59+02:00\",\"@id\":\"https:\\\/\\\/www.cgfmanet.org\\\/fr\\\/event\\\/suor-maria-luisa-nicastro-con-le-collaboratrici-della-segreteria-generale-guida-la-visita-allarchivio-generale-dellistituto-e-alla-mostra-del-carisma-delle-studentesse-del-corso-di-spiritualita\\\/#event\"},{\"@type\":\"Event\",\"name\":\"Suor Leslie S\u00e1ndigo e le collaboratrici dell\u2019Ambito incontrano online le Delegate e animatrici delle Associazioni: Exallieve\\\/i delle FMA, Salesiani Cooperatori e ADMA.\",\"description\":\"\",\"url\":\"https:\\\/\\\/www.cgfmanet.org\\\/fr\\\/event\\\/suor-leslie-sandigo-e-le-collaboratrici-dellambito-incontrano-online-le-delegate-e-animatrici-delle-associazioni-exallieve-i-delle-fma-salesiani-cooperatori-e-adma\\\/\",\"eventAttendanceMode\":\"https:\\\/\\\/schema.org\\\/OfflineEventAttendanceMode\",\"eventStatus\":\"https:\\\/\\\/schema.org\\\/EventScheduled\",\"startDate\":\"2026-05-03T00:00:00+02:00\",\"endDate\":\"2026-05-03T23:59:59+02:00\",\"@id\":\"https:\\\/\\\/www.cgfmanet.org\\\/fr\\\/event\\\/suor-leslie-sandigo-e-le-collaboratrici-dellambito-incontrano-online-le-delegate-e-animatrici-delle-associazioni-exallieve-i-delle-fma-salesiani-cooperatori-e-adma\\\/#event\"},{\"@type\":\"Event\",\"name\":\"Suor Mar\u00eda del Rosario Garc\u00eda Ribas termina la Visita canonica all\u2019Ispettoria \u201cSan Giuseppe\u00a0\u00bb (ANT) delle Antille.\",\"description\":\"\",\"url\":\"https:\\\/\\\/www.cgfmanet.org\\\/fr\\\/event\\\/suor-maria-del-rosario-garcia-ribas-termina-la-visita-canonica-allispettoria-san-giuseppe-ant-delle-antille\\\/\",\"eventAttendanceMode\":\"https:\\\/\\\/schema.org\\\/OfflineEventAttendanceMode\",\"eventStatus\":\"https:\\\/\\\/schema.org\\\/EventScheduled\",\"startDate\":\"2026-05-04T00:00:00+02:00\",\"endDate\":\"2026-05-04T23:59:59+02:00\",\"@id\":\"https:\\\/\\\/www.cgfmanet.org\\\/fr\\\/event\\\/suor-maria-del-rosario-garcia-ribas-termina-la-visita-canonica-allispettoria-san-giuseppe-ant-delle-antille\\\/#event\"},{\"@type\":\"Event\",\"name\":\"Inizio del Corso di Formazione Permanente Missionaria a Roma, Casa Generalizia.\",\"description\":\"\",\"url\":\"https:\\\/\\\/www.cgfmanet.org\\\/fr\\\/event\\\/inizio-del-corso-di-formazione-permanente-missionaria-a-roma-casa-generalizia-2\\\/\",\"eventAttendanceMode\":\"https:\\\/\\\/schema.org\\\/OfflineEventAttendanceMode\",\"eventStatus\":\"https:\\\/\\\/schema.org\\\/EventScheduled\",\"startDate\":\"2026-05-04T00:00:00+02:00\",\"endDate\":\"2026-05-04T23:59:59+02:00\",\"@id\":\"https:\\\/\\\/www.cgfmanet.org\\\/fr\\\/event\\\/inizio-del-corso-di-formazione-permanente-missionaria-a-roma-casa-generalizia-2\\\/#event\"},{\"@type\":\"Event\",\"name\":\"Suor Leslie S\u00e1ndigo termina la 2a parte della visita canonica all\u2019Ispettoria \u201cLaura Vicu\u00f1a\u201d (ARG) dell\u2019Argentina.\",\"description\":\"\",\"url\":\"https:\\\/\\\/www.cgfmanet.org\\\/fr\\\/event\\\/suor-leslie-sandigo-termina-la-2a-parte-della-visita-canonica-allispettoria-laura-vicuna-arg-dellargentina\\\/\",\"eventAttendanceMode\":\"https:\\\/\\\/schema.org\\\/OfflineEventAttendanceMode\",\"eventStatus\":\"https:\\\/\\\/schema.org\\\/EventScheduled\",\"startDate\":\"2026-05-04T00:00:00+02:00\",\"endDate\":\"2026-05-04T23:59:59+02:00\",\"@id\":\"https:\\\/\\\/www.cgfmanet.org\\\/fr\\\/event\\\/suor-leslie-sandigo-termina-la-2a-parte-della-visita-canonica-allispettoria-laura-vicuna-arg-dellargentina\\\/#event\"},{\"@type\":\"Event\",\"name\":\"La Madre d\u00e0 la Buonanotte al gruppo del \u201cProgetto Mornese\u201d di lingua inglese. A Roma presso la Casa FMA \u201cSacro Cuore\u201d (IRO).\",\"description\":\"\",\"url\":\"https:\\\/\\\/www.cgfmanet.org\\\/fr\\\/event\\\/la-madre-da-la-buonanotte-al-gruppo-del-progetto-mornese-di-lingua-inglese-a-roma-presso-la-casa-fma-sacro-cuore-iro\\\/\",\"eventAttendanceMode\":\"https:\\\/\\\/schema.org\\\/OfflineEventAttendanceMode\",\"eventStatus\":\"https:\\\/\\\/schema.org\\\/EventScheduled\",\"startDate\":\"2026-05-04T00:00:00+02:00\",\"endDate\":\"2026-05-04T23:59:59+02:00\",\"@id\":\"https:\\\/\\\/www.cgfmanet.org\\\/fr\\\/event\\\/la-madre-da-la-buonanotte-al-gruppo-del-progetto-mornese-di-lingua-inglese-a-roma-presso-la-casa-fma-sacro-cuore-iro\\\/#event\"},{\"@type\":\"Event\",\"name\":\"La Madre incontra il Consiglio Accademico della Pontificia Facolt\u00e0 di Scienze dell\u2019Educazione \u201cAuxilium\u201d anche con la presenza della Superiora di Visitatoria (RMC), suor Jessica Salva\u00f1a Togonon. A Roma in Casa generalizia.\",\"description\":\"\",\"url\":\"https:\\\/\\\/www.cgfmanet.org\\\/fr\\\/event\\\/la-madre-incontra-il-consiglio-accademico-della-pontificia-facolta-di-scienze-delleducazione-auxilium-anche-con-la-presenza-della-superiora-di-visitatoria-rmc-suor-jessic\\\/\",\"eventAttendanceMode\":\"https:\\\/\\\/schema.org\\\/OfflineEventAttendanceMode\",\"eventStatus\":\"https:\\\/\\\/schema.org\\\/EventScheduled\",\"startDate\":\"2026-05-05T00:00:00+02:00\",\"endDate\":\"2026-05-05T23:59:59+02:00\",\"@id\":\"https:\\\/\\\/www.cgfmanet.org\\\/fr\\\/event\\\/la-madre-incontra-il-consiglio-accademico-della-pontificia-facolta-di-scienze-delleducazione-auxilium-anche-con-la-presenza-della-superiora-di-visitatoria-rmc-suor-jessic\\\/#event\"},{\"@type\":\"Event\",\"name\":\"La Madre incontra le FMA partecipanti al Corso di Formazione Permanente Missionaria. A Roma, Casa generalizia.\",\"description\":\"\",\"url\":\"https:\\\/\\\/www.cgfmanet.org\\\/fr\\\/event\\\/la-madre-incontra-le-fma-partecipanti-al-corso-di-formazione-permanente-missionaria-a-roma-casa-generalizia\\\/\",\"eventAttendanceMode\":\"https:\\\/\\\/schema.org\\\/OfflineEventAttendanceMode\",\"eventStatus\":\"https:\\\/\\\/schema.org\\\/EventScheduled\",\"startDate\":\"2026-05-06T00:00:00+02:00\",\"endDate\":\"2026-05-06T23:59:59+02:00\",\"@id\":\"https:\\\/\\\/www.cgfmanet.org\\\/fr\\\/event\\\/la-madre-incontra-le-fma-partecipanti-al-corso-di-formazione-permanente-missionaria-a-roma-casa-generalizia\\\/#event\"},{\"@type\":\"Event\",\"name\":\"Suor Leslie S\u00e1ndigo partecipa al Congresso Mondiale dei Salesiani Cooperatori a Roma, Fraterna Domus.\",\"description\":\"\",\"url\":\"https:\\\/\\\/www.cgfmanet.org\\\/fr\\\/event\\\/suor-leslie-sandigo-partecipa-al-congresso-mondiale-dei-salesiani-cooperatori-a-roma-fraterna-domus\\\/\",\"eventAttendanceMode\":\"https:\\\/\\\/schema.org\\\/OfflineEventAttendanceMode\",\"eventStatus\":\"https:\\\/\\\/schema.org\\\/EventScheduled\",\"startDate\":\"2026-05-07T00:00:00+02:00\",\"endDate\":\"2026-05-10T23:59:59+02:00\",\"@id\":\"https:\\\/\\\/www.cgfmanet.org\\\/fr\\\/event\\\/suor-leslie-sandigo-partecipa-al-congresso-mondiale-dei-salesiani-cooperatori-a-roma-fraterna-domus\\\/#event\"},{\"@type\":\"Event\",\"name\":\"La Madre partecipa e interviene al VI Congresso Mondiale dei Salesiani Cooperatori a Roma, presso la Fraterna Domus. Tema: \u201cEssere lievito per essere fecondi\u201d.\",\"description\":\"\",\"url\":\"https:\\\/\\\/www.cgfmanet.org\\\/fr\\\/event\\\/la-madre-partecipa-e-interviene-al-vi-congresso-mondiale-dei-salesiani-cooperatori-a-roma-presso-la-fraterna-domus-tema-essere-lievito-per-essere-fecondi\\\/\",\"eventAttendanceMode\":\"https:\\\/\\\/schema.org\\\/OfflineEventAttendanceMode\",\"eventStatus\":\"https:\\\/\\\/schema.org\\\/EventScheduled\",\"startDate\":\"2026-05-07T00:00:00+02:00\",\"endDate\":\"2026-05-10T23:59:59+02:00\",\"@id\":\"https:\\\/\\\/www.cgfmanet.org\\\/fr\\\/event\\\/la-madre-partecipa-e-interviene-al-vi-congresso-mondiale-dei-salesiani-cooperatori-a-roma-presso-la-fraterna-domus-tema-essere-lievito-per-essere-fecondi\\\/#event\"},{\"@type\":\"Event\",\"name\":\"La Madre partecipa alle Celebrazione del Centenario della presenza delle FMA dell\u2019Ispettoria \u201cNostra Signora d\u2019Africa\u201d (AFC). A Lubumbashi, Repubblica Democratica del Congo.\",\"description\":\"\",\"url\":\"https:\\\/\\\/www.cgfmanet.org\\\/fr\\\/event\\\/la-madre-partecipa-alle-celebrazione-del-centenario-della-presenza-delle-fma-dellispettoria-nostra-signora-dafrica-afc-a-lubumbashi-repubblica-democratica-del-c\\\/\",\"eventAttendanceMode\":\"https:\\\/\\\/schema.org\\\/OfflineEventAttendanceMode\",\"eventStatus\":\"https:\\\/\\\/schema.org\\\/EventScheduled\",\"startDate\":\"2026-05-08T00:00:00+02:00\",\"endDate\":\"2026-05-19T23:59:59+02:00\",\"@id\":\"https:\\\/\\\/www.cgfmanet.org\\\/fr\\\/event\\\/la-madre-partecipa-alle-celebrazione-del-centenario-della-presenza-delle-fma-dellispettoria-nostra-signora-dafrica-afc-a-lubumbashi-repubblica-democratica-del-c\\\/#event\"},{\"@type\":\"Event\",\"name\":\"Suor Runita Borja, con le collaboratrici dell\u2019Ambito PG, incontra le FMA partecipanti del Corso di Formazione Permanente Missionaria. A Roma, Casa generalizia.\",\"description\":\"\",\"url\":\"https:\\\/\\\/www.cgfmanet.org\\\/fr\\\/event\\\/suor-runita-borja-con-le-collaboratrici-dellambito-pg-incontra-le-fma-partecipanti-del-corso-di-formazione-permanente-missionaria-a-roma-casa-generalizia\\\/\",\"eventAttendanceMode\":\"https:\\\/\\\/schema.org\\\/OfflineEventAttendanceMode\",\"eventStatus\":\"https:\\\/\\\/schema.org\\\/EventScheduled\",\"startDate\":\"2026-05-08T00:00:00+02:00\",\"endDate\":\"2026-05-08T23:59:59+02:00\",\"@id\":\"https:\\\/\\\/www.cgfmanet.org\\\/fr\\\/event\\\/suor-runita-borja-con-le-collaboratrici-dellambito-pg-incontra-le-fma-partecipanti-del-corso-di-formazione-permanente-missionaria-a-roma-casa-generalizia\\\/#event\"},{\"@type\":\"Event\",\"name\":\"Suor Nilza F\u00e1tima de Moraes coordina il raduno online con le sorelle del gruppo di stesura del Progetto formativo.\",\"description\":\"\",\"url\":\"https:\\\/\\\/www.cgfmanet.org\\\/fr\\\/event\\\/suor-nilza-fatima-de-moraes-coordina-il-raduno-online-con-le-sorelle-del-gruppo-di-stesura-del-progetto-formativo\\\/\",\"eventAttendanceMode\":\"https:\\\/\\\/schema.org\\\/OfflineEventAttendanceMode\",\"eventStatus\":\"https:\\\/\\\/schema.org\\\/EventScheduled\",\"startDate\":\"2026-05-09T00:00:00+02:00\",\"endDate\":\"2026-05-09T23:59:59+02:00\",\"@id\":\"https:\\\/\\\/www.cgfmanet.org\\\/fr\\\/event\\\/suor-nilza-fatima-de-moraes-coordina-il-raduno-online-con-le-sorelle-del-gruppo-di-stesura-del-progetto-formativo\\\/#event\"},{\"@type\":\"Event\",\"name\":\"Esercizi Spirituali per le partecipanti al Corso di Formazione Permanente Missionaria e le neo missionarie, a Mornese.\",\"description\":\"\",\"url\":\"https:\\\/\\\/www.cgfmanet.org\\\/fr\\\/event\\\/esercizi-spirituali-per-le-partecipanti-al-corso-di-formazione-permanente-missionaria-e-le-neo-missionarie-a-mornese-2\\\/\",\"eventAttendanceMode\":\"https:\\\/\\\/schema.org\\\/OfflineEventAttendanceMode\",\"eventStatus\":\"https:\\\/\\\/schema.org\\\/EventScheduled\",\"startDate\":\"2026-05-11T00:00:00+02:00\",\"endDate\":\"2026-05-18T23:59:59+02:00\",\"@id\":\"https:\\\/\\\/www.cgfmanet.org\\\/fr\\\/event\\\/esercizi-spirituali-per-le-partecipanti-al-corso-di-formazione-permanente-missionaria-e-le-neo-missionarie-a-mornese-2\\\/#event\"},{\"@type\":\"Event\",\"name\":\"Suor Maria Assunta Sumiko Inoue termina la Visita canonica all&rsquo;Ispettoria \u201cSanta Maria Domenica Mazzarello\u201d (TIN) di Timor-Indonesia.\",\"description\":\"\",\"url\":\"https:\\\/\\\/www.cgfmanet.org\\\/fr\\\/event\\\/suor-maria-assunta-sumiko-inoue-termina-la-visita-canonica-allispettoria-santa-maria-domenica-mazzarello-tin-di-timor-indonesia\\\/\",\"eventAttendanceMode\":\"https:\\\/\\\/schema.org\\\/OfflineEventAttendanceMode\",\"eventStatus\":\"https:\\\/\\\/schema.org\\\/EventScheduled\",\"startDate\":\"2026-05-14T00:00:00+02:00\",\"endDate\":\"2026-05-14T23:59:59+02:00\",\"@id\":\"https:\\\/\\\/www.cgfmanet.org\\\/fr\\\/event\\\/suor-maria-assunta-sumiko-inoue-termina-la-visita-canonica-allispettoria-santa-maria-domenica-mazzarello-tin-di-timor-indonesia\\\/#event\"},{\"@type\":\"Event\",\"name\":\"Suor Maria Assunta Sumiko Inoue fa una Visita breve all&rsquo;Ispettoria \u201cSanta Maria Mazzarello\u201d (THA).\",\"description\":\"\",\"url\":\"https:\\\/\\\/www.cgfmanet.org\\\/fr\\\/event\\\/suor-maria-assunta-sumiko-inoue-fa-una-visita-breve-allispettoria-santa-maria-mazzarello-tha\\\/\",\"eventAttendanceMode\":\"https:\\\/\\\/schema.org\\\/OfflineEventAttendanceMode\",\"eventStatus\":\"https:\\\/\\\/schema.org\\\/EventScheduled\",\"startDate\":\"2026-05-14T00:00:00+02:00\",\"endDate\":\"2026-05-26T23:59:59+02:00\",\"@id\":\"https:\\\/\\\/www.cgfmanet.org\\\/fr\\\/event\\\/suor-maria-assunta-sumiko-inoue-fa-una-visita-breve-allispettoria-santa-maria-mazzarello-tha\\\/#event\"},{\"@type\":\"Event\",\"name\":\"Suor Runita Borja partecipa al Congresso degli Educatori della Conferenza interispettoriale CIAO sul tema \u201cIl Patto Educativo Globale nello stile salesiano\u201d. A Tokyo, in Giappone.\",\"description\":\"\",\"url\":\"https:\\\/\\\/www.cgfmanet.org\\\/fr\\\/event\\\/suor-runita-borja-partecipa-al-congresso-degli-educatori-della-conferenza-interispettoriale-ciao-sul-tema-il-patto-educativo-globale-nello-stile-salesiano-a-tokyo-in-giappone\\\/\",\"eventAttendanceMode\":\"https:\\\/\\\/schema.org\\\/OfflineEventAttendanceMode\",\"eventStatus\":\"https:\\\/\\\/schema.org\\\/EventScheduled\",\"startDate\":\"2026-05-14T00:00:00+02:00\",\"endDate\":\"2026-05-19T23:59:59+02:00\",\"@id\":\"https:\\\/\\\/www.cgfmanet.org\\\/fr\\\/event\\\/suor-runita-borja-partecipa-al-congresso-degli-educatori-della-conferenza-interispettoriale-ciao-sul-tema-il-patto-educativo-globale-nello-stile-salesiano-a-tokyo-in-giappone\\\/#event\"},{\"@type\":\"Event\",\"name\":\"Suor Leslie S\u00e1ndigo insieme alle collaboratrici dell\u2019Ambito presenta la Famiglia Salesiana alle studentesse del Corso di Spiritualit\u00e0 di Casa Madre Canta.\",\"description\":\"\",\"url\":\"https:\\\/\\\/www.cgfmanet.org\\\/fr\\\/event\\\/suor-leslie-sandigo-insieme-alle-collaboratrici-dellambito-presenta-la-famiglia-salesiana-alle-studentesse-del-corso-di-spiritualita-di-casa-madre-canta\\\/\",\"eventAttendanceMode\":\"https:\\\/\\\/schema.org\\\/OfflineEventAttendanceMode\",\"eventStatus\":\"https:\\\/\\\/schema.org\\\/EventScheduled\",\"startDate\":\"2026-05-15T00:00:00+02:00\",\"endDate\":\"2026-05-15T23:59:59+02:00\",\"@id\":\"https:\\\/\\\/www.cgfmanet.org\\\/fr\\\/event\\\/suor-leslie-sandigo-insieme-alle-collaboratrici-dellambito-presenta-la-famiglia-salesiana-alle-studentesse-del-corso-di-spiritualita-di-casa-madre-canta\\\/#event\"},{\"@type\":\"Event\",\"name\":\"Suor Celine Jacob termina la Visita Canonica all&rsquo;Ispettoria \u00ab\u00a0Maria Immacolata\u00a0\u00bb (SUO) degli Stati Uniti.\",\"description\":\"\",\"url\":\"https:\\\/\\\/www.cgfmanet.org\\\/fr\\\/event\\\/suor-celine-jacob-termina-la-visita-canonica-allispettoria-maria-immacolata-suo-degli-stati-uniti\\\/\",\"eventAttendanceMode\":\"https:\\\/\\\/schema.org\\\/OfflineEventAttendanceMode\",\"eventStatus\":\"https:\\\/\\\/schema.org\\\/EventScheduled\",\"startDate\":\"2026-05-18T00:00:00+02:00\",\"endDate\":\"2026-05-18T23:59:59+02:00\",\"@id\":\"https:\\\/\\\/www.cgfmanet.org\\\/fr\\\/event\\\/suor-celine-jacob-termina-la-visita-canonica-allispettoria-maria-immacolata-suo-degli-stati-uniti\\\/#event\"},{\"@type\":\"Event\",\"name\":\"Suor Lidia Strzelczyk termina la 2a parte della Visita canonica all&rsquo;Ispettoria Meridionale \u00ab\u00a0Madonna del Buon Consiglio\u00a0\u00bb (IMR).\",\"description\":\"\",\"url\":\"https:\\\/\\\/www.cgfmanet.org\\\/fr\\\/event\\\/suor-lidia-strzelczyk-termina-la-2a-parte-della-visita-canonica-allispettoria-meridionale-madonna-del-buon-consiglio-imr\\\/\",\"eventAttendanceMode\":\"https:\\\/\\\/schema.org\\\/OfflineEventAttendanceMode\",\"eventStatus\":\"https:\\\/\\\/schema.org\\\/EventScheduled\",\"startDate\":\"2026-05-19T00:00:00+02:00\",\"endDate\":\"2026-05-19T23:59:59+02:00\",\"@id\":\"https:\\\/\\\/www.cgfmanet.org\\\/fr\\\/event\\\/suor-lidia-strzelczyk-termina-la-2a-parte-della-visita-canonica-allispettoria-meridionale-madonna-del-buon-consiglio-imr\\\/#event\"},{\"@type\":\"Event\",\"name\":\"Suor Leslie S\u00e1ndigo e le Collaboratrici dell\u2019Ambito partecipano alla Consulta della Famiglia Salesiana a Valdocco, Torino.\",\"description\":\"\",\"url\":\"https:\\\/\\\/www.cgfmanet.org\\\/fr\\\/event\\\/suor-leslie-sandigo-e-le-collaboratrici-dellambito-partecipano-alla-consulta-della-famiglia-salesiana-a-valdocco-torino-2\\\/\",\"eventAttendanceMode\":\"https:\\\/\\\/schema.org\\\/OfflineEventAttendanceMode\",\"eventStatus\":\"https:\\\/\\\/schema.org\\\/EventScheduled\",\"startDate\":\"2026-05-21T00:00:00+02:00\",\"endDate\":\"2026-05-23T23:59:59+02:00\",\"@id\":\"https:\\\/\\\/www.cgfmanet.org\\\/fr\\\/event\\\/suor-leslie-sandigo-e-le-collaboratrici-dellambito-partecipano-alla-consulta-della-famiglia-salesiana-a-valdocco-torino-2\\\/#event\"},{\"@type\":\"Event\",\"name\":\"Suor Marta Riccioli termina la Visita canonica all\u2019Ispettoria \u00ab\u00a0Nostra Signora di Chiquinquir\u00e1\u00a0\u00bb (CBC).\",\"description\":\"\",\"url\":\"https:\\\/\\\/www.cgfmanet.org\\\/fr\\\/event\\\/suor-marta-riccioli-termina-la-visita-canonica-allispettoria-nostra-signora-di-chiquinquira-cbc\\\/\",\"eventAttendanceMode\":\"https:\\\/\\\/schema.org\\\/OfflineEventAttendanceMode\",\"eventStatus\":\"https:\\\/\\\/schema.org\\\/EventScheduled\",\"startDate\":\"2026-05-22T00:00:00+02:00\",\"endDate\":\"2026-05-22T23:59:59+02:00\",\"@id\":\"https:\\\/\\\/www.cgfmanet.org\\\/fr\\\/event\\\/suor-marta-riccioli-termina-la-visita-canonica-allispettoria-nostra-signora-di-chiquinquira-cbc\\\/#event\"},{\"@type\":\"Event\",\"name\":\"La Madre partecipa alla Consulta della Famiglia Salesiana sul tema della Strenna 2026. A Torino, Valdocco.\",\"description\":\"\",\"url\":\"https:\\\/\\\/www.cgfmanet.org\\\/fr\\\/event\\\/la-madre-partecipa-alla-consulta-della-famiglia-salesiana-sul-tema-della-strenna-2026-a-torino-valdocco\\\/\",\"eventAttendanceMode\":\"https:\\\/\\\/schema.org\\\/OfflineEventAttendanceMode\",\"eventStatus\":\"https:\\\/\\\/schema.org\\\/EventScheduled\",\"startDate\":\"2026-05-22T00:00:00+02:00\",\"endDate\":\"2026-05-23T23:59:59+02:00\",\"@id\":\"https:\\\/\\\/www.cgfmanet.org\\\/fr\\\/event\\\/la-madre-partecipa-alla-consulta-della-famiglia-salesiana-sul-tema-della-strenna-2026-a-torino-valdocco\\\/#event\"},{\"@type\":\"Event\",\"name\":\"La Madre partecipa alla Celebrazione della solennit\u00e0 di Maria Ausiliatrice a Torino, Valdocco.\",\"description\":\"\",\"url\":\"https:\\\/\\\/www.cgfmanet.org\\\/fr\\\/event\\\/la-madre-partecipa-alla-celebrazione-della-solennita-di-maria-ausiliatrice-a-torino-valdocco\\\/\",\"eventAttendanceMode\":\"https:\\\/\\\/schema.org\\\/OfflineEventAttendanceMode\",\"eventStatus\":\"https:\\\/\\\/schema.org\\\/EventScheduled\",\"startDate\":\"2026-05-24T00:00:00+02:00\",\"endDate\":\"2026-05-24T23:59:59+02:00\",\"@id\":\"https:\\\/\\\/www.cgfmanet.org\\\/fr\\\/event\\\/la-madre-partecipa-alla-celebrazione-della-solennita-di-maria-ausiliatrice-a-torino-valdocco\\\/#event\"},{\"@type\":\"Event\",\"name\":\"Suor Ruth del Pilar Mora termina la Visita Canonica all\u2019Ispettoria San Giuseppe (SEC) di Stati Uniti e Canada.\",\"description\":\"\",\"url\":\"https:\\\/\\\/www.cgfmanet.org\\\/fr\\\/event\\\/suor-ruth-del-pilar-mora-termina-la-visita-canonica-allispettoria-san-giuseppe-sec-di-stati-uniti-e-canada\\\/\",\"eventAttendanceMode\":\"https:\\\/\\\/schema.org\\\/OfflineEventAttendanceMode\",\"eventStatus\":\"https:\\\/\\\/schema.org\\\/EventScheduled\",\"startDate\":\"2026-05-26T00:00:00+02:00\",\"endDate\":\"2026-05-26T23:59:59+02:00\",\"@id\":\"https:\\\/\\\/www.cgfmanet.org\\\/fr\\\/event\\\/suor-ruth-del-pilar-mora-termina-la-visita-canonica-allispettoria-san-giuseppe-sec-di-stati-uniti-e-canada\\\/#event\"},{\"@type\":\"Event\",\"name\":\"Suor Runita Borja d\u00e0 il saluto iniziale e partecipa all\u2019incontro online delle Coordinatrici ispettoriali di PG della Conferenza NAC.\",\"description\":\"\",\"url\":\"https:\\\/\\\/www.cgfmanet.org\\\/fr\\\/event\\\/suor-runita-borja-da-il-saluto-iniziale-e-partecipa-allincontro-online-delle-coordinatrici-ispettoriali-di-pg-della-conferenza-nac\\\/\",\"eventAttendanceMode\":\"https:\\\/\\\/schema.org\\\/OfflineEventAttendanceMode\",\"eventStatus\":\"https:\\\/\\\/schema.org\\\/EventScheduled\",\"startDate\":\"2026-05-26T00:00:00+02:00\",\"endDate\":\"2026-05-26T23:59:59+02:00\",\"@id\":\"https:\\\/\\\/www.cgfmanet.org\\\/fr\\\/event\\\/suor-runita-borja-da-il-saluto-iniziale-e-partecipa-allincontro-online-delle-coordinatrici-ispettoriali-di-pg-della-conferenza-nac\\\/#event\"},{\"@type\":\"Event\",\"name\":\"Suor Ruth del Pilar Mora incontra le missionarie ad gentes che terminano il Corso di Formazione Permanente Missionaria a Roma, in Casa Generalizia.\",\"description\":\"\",\"url\":\"https:\\\/\\\/www.cgfmanet.org\\\/fr\\\/event\\\/suor-ruth-del-pilar-mora-incontra-le-missionarie-ad-gentes-che-terminano-il-corso-di-formazione-permanente-missionaria-a-roma-in-casa-generalizia\\\/\",\"eventAttendanceMode\":\"https:\\\/\\\/schema.org\\\/OfflineEventAttendanceMode\",\"eventStatus\":\"https:\\\/\\\/schema.org\\\/EventScheduled\",\"startDate\":\"2026-05-27T00:00:00+02:00\",\"endDate\":\"2026-05-28T23:59:59+02:00\",\"@id\":\"https:\\\/\\\/www.cgfmanet.org\\\/fr\\\/event\\\/suor-ruth-del-pilar-mora-incontra-le-missionarie-ad-gentes-che-terminano-il-corso-di-formazione-permanente-missionaria-a-roma-in-casa-generalizia\\\/#event\"},{\"@type\":\"Event\",\"name\":\"A Roma in Casa generalizia la Madre incontra le FMA partecipanti a conclusione del Corso di Formazione Permanente Missionaria.\",\"description\":\"\",\"url\":\"https:\\\/\\\/www.cgfmanet.org\\\/fr\\\/event\\\/a-roma-in-casa-generalizia-la-madre-incontra-le-fma-partecipanti-a-conclusione-del-corso-di-formazione-permanente-missionaria\\\/\",\"eventAttendanceMode\":\"https:\\\/\\\/schema.org\\\/OfflineEventAttendanceMode\",\"eventStatus\":\"https:\\\/\\\/schema.org\\\/EventScheduled\",\"startDate\":\"2026-05-28T00:00:00+02:00\",\"endDate\":\"2026-05-28T23:59:59+02:00\",\"@id\":\"https:\\\/\\\/www.cgfmanet.org\\\/fr\\\/event\\\/a-roma-in-casa-generalizia-la-madre-incontra-le-fma-partecipanti-a-conclusione-del-corso-di-formazione-permanente-missionaria\\\/#event\"},{\"@type\":\"Event\",\"name\":\"Conclusione del Corso di Formazione Permanente Missionaria a Roma, Casa Generalizia.\",\"description\":\"\",\"url\":\"https:\\\/\\\/www.cgfmanet.org\\\/fr\\\/event\\\/conclusione-del-corso-di-formazione-permanente-missionaria-a-roma-casa-generalizia\\\/\",\"eventAttendanceMode\":\"https:\\\/\\\/schema.org\\\/OfflineEventAttendanceMode\",\"eventStatus\":\"https:\\\/\\\/schema.org\\\/EventScheduled\",\"startDate\":\"2026-05-29T00:00:00+02:00\",\"endDate\":\"2026-05-29T23:59:59+02:00\",\"@id\":\"https:\\\/\\\/www.cgfmanet.org\\\/fr\\\/event\\\/conclusione-del-corso-di-formazione-permanente-missionaria-a-roma-casa-generalizia\\\/#event\"},{\"@type\":\"Event\",\"name\":\"Suor Chantal Mukase termina la Visita Canonica all\u2019Ispettoria \u201cNostra Signora d\u2019Africa\u201d (AFC) dell\u2019Africa Centrale.\",\"description\":\"\",\"url\":\"https:\\\/\\\/www.cgfmanet.org\\\/fr\\\/event\\\/suor-chantal-mukase-termina-la-visita-canonica-allispettoria-nostra-signora-dafrica-afc-dellafrica-centrale\\\/\",\"eventAttendanceMode\":\"https:\\\/\\\/schema.org\\\/OfflineEventAttendanceMode\",\"eventStatus\":\"https:\\\/\\\/schema.org\\\/EventScheduled\",\"startDate\":\"2026-05-30T00:00:00+02:00\",\"endDate\":\"2026-05-30T23:59:59+02:00\",\"@id\":\"https:\\\/\\\/www.cgfmanet.org\\\/fr\\\/event\\\/suor-chantal-mukase-termina-la-visita-canonica-allispettoria-nostra-signora-dafrica-afc-dellafrica-centrale\\\/#event\"}]}<\/script>\n<!-- \/ Yoast SEO plugin. -->","yoast_head_json":{"title":"La Conseill\u00e8re pour la Pastorale des Jeunes &#8226; Istituto Figlie di Maria Ausiliatrice","robots":{"index":"index","follow":"follow","max-snippet":"max-snippet:-1","max-image-preview":"max-image-preview:large","max-video-preview":"max-video-preview:-1"},"canonical":"https:\/\/www.cgfmanet.org\/fr\/la-conseillere-pour-la-pastorale-des-jeunes\/","og_locale":"fr_FR","og_type":"article","og_title":"La Conseill\u00e8re pour la Pastorale des Jeunes &#8226; Istituto Figlie di Maria Ausiliatrice","og_url":"https:\/\/www.cgfmanet.org\/fr\/la-conseillere-pour-la-pastorale-des-jeunes\/","og_site_name":"Istituto Figlie di Maria Ausiliatrice","article_publisher":"https:\/\/www.facebook.com\/salesian.sisters.of.don.bosco\/","article_modified_time":"2025-01-18T08:56:09+00:00","og_image":[{"width":1181,"height":1481,"url":"https:\/\/www.cgfmanet.org\/wp-content\/uploads\/2022\/07\/Pastorale-Giovanile_new.jpg","type":"image\/jpeg"}],"twitter_card":"summary_large_image","twitter_site":"@Cgfmanet_Org","twitter_misc":{"Dur\u00e9e de lecture estim\u00e9e":"7 minutes"},"schema":{"@context":"https:\/\/schema.org","@graph":[{"@type":"WebPage","@id":"https:\/\/www.cgfmanet.org\/fr\/la-conseillere-pour-la-pastorale-des-jeunes\/","url":"https:\/\/www.cgfmanet.org\/fr\/la-conseillere-pour-la-pastorale-des-jeunes\/","name":"La Conseill\u00e8re pour la Pastorale des Jeunes &#8226; Istituto Figlie di Maria Ausiliatrice","isPartOf":{"@id":"https:\/\/www.cgfmanet.org\/es\/#website"},"primaryImageOfPage":{"@id":"https:\/\/www.cgfmanet.org\/fr\/la-conseillere-pour-la-pastorale-des-jeunes\/#primaryimage"},"image":{"@id":"https:\/\/www.cgfmanet.org\/fr\/la-conseillere-pour-la-pastorale-des-jeunes\/#primaryimage"},"thumbnailUrl":"https:\/\/www.cgfmanet.org\/wp-content\/uploads\/2022\/07\/Pastorale-Giovanile_new.jpg","datePublished":"2019-03-12T15:19:35+00:00","dateModified":"2025-01-18T08:56:09+00:00","breadcrumb":{"@id":"https:\/\/www.cgfmanet.org\/fr\/la-conseillere-pour-la-pastorale-des-jeunes\/#breadcrumb"},"inLanguage":"fr-FR","potentialAction":[{"@type":"ReadAction","target":["https:\/\/www.cgfmanet.org\/fr\/la-conseillere-pour-la-pastorale-des-jeunes\/"]}]},{"@type":"ImageObject","inLanguage":"fr-FR","@id":"https:\/\/www.cgfmanet.org\/fr\/la-conseillere-pour-la-pastorale-des-jeunes\/#primaryimage","url":"https:\/\/www.cgfmanet.org\/wp-content\/uploads\/2022\/07\/Pastorale-Giovanile_new.jpg","contentUrl":"https:\/\/www.cgfmanet.org\/wp-content\/uploads\/2022\/07\/Pastorale-Giovanile_new.jpg"},{"@type":"BreadcrumbList","@id":"https:\/\/www.cgfmanet.org\/fr\/la-conseillere-pour-la-pastorale-des-jeunes\/#breadcrumb","itemListElement":[{"@type":"ListItem","position":1,"name":"Home","item":"https:\/\/www.cgfmanet.org\/fr\/"},{"@type":"ListItem","position":2,"name":"La Conseill\u00e8re pour la Pastorale des Jeunes"}]},{"@type":"WebSite","@id":"https:\/\/www.cgfmanet.org\/es\/#website","url":"https:\/\/www.cgfmanet.org\/es\/","name":"Istituto Figlie di Maria Ausiliatrice","description":"Salesiane di Don Bosco","publisher":{"@id":"https:\/\/www.cgfmanet.org\/es\/#organization"},"potentialAction":[{"@type":"SearchAction","target":{"@type":"EntryPoint","urlTemplate":"https:\/\/www.cgfmanet.org\/es\/?s={search_term_string}"},"query-input":{"@type":"PropertyValueSpecification","valueRequired":true,"valueName":"search_term_string"}}],"inLanguage":"fr-FR"},{"@type":"Organization","@id":"https:\/\/www.cgfmanet.org\/es\/#organization","name":"Istituto Figlie di Maria Ausiliatrice","url":"https:\/\/www.cgfmanet.org\/es\/","logo":{"@type":"ImageObject","inLanguage":"fr-FR","@id":"https:\/\/www.cgfmanet.org\/es\/#\/schema\/logo\/image\/","url":"https:\/\/www.cgfmanet.org\/wp-content\/uploads\/2018\/10\/logo-fma.png","contentUrl":"https:\/\/www.cgfmanet.org\/wp-content\/uploads\/2018\/10\/logo-fma.png","width":214,"height":55,"caption":"Istituto Figlie di Maria Ausiliatrice"},"image":{"@id":"https:\/\/www.cgfmanet.org\/es\/#\/schema\/logo\/image\/"},"sameAs":["https:\/\/www.facebook.com\/salesian.sisters.of.don.bosco\/","https:\/\/x.com\/Cgfmanet_Org","https:\/\/www.youtube.com\/channel\/UCmcr8yFQBV7JXeXVxyV9y5Q"]},{"@type":"Event","name":"Suor Ena Bola\u00f1os e le collaboratrici dell\u2019Ambito incontrano le Econome ispettoriali del mondo per la formazione online.","description":"","url":"https:\/\/www.cgfmanet.org\/fr\/event\/suor-ena-bolanos-e-le-collaboratrici-dellambito-incontrano-le-econome-ispettoriali-del-mondo-per-la-formazione-online-11\/","eventAttendanceMode":"https:\/\/schema.org\/OfflineEventAttendanceMode","eventStatus":"https:\/\/schema.org\/EventScheduled","startDate":"2026-04-27T00:00:00+02:00","endDate":"2026-04-28T23:59:59+02:00","@id":"https:\/\/www.cgfmanet.org\/fr\/event\/suor-ena-bolanos-e-le-collaboratrici-dellambito-incontrano-le-econome-ispettoriali-del-mondo-per-la-formazione-online-11\/#event"},{"@type":"Event","name":"Suor Paola Battagliola riprende la 2a parte della Visita canonica all&rsquo;Ispettoria Lombarda \u00ab\u00a0Sacra Famiglia\u00a0\u00bb (ILO).","description":"","url":"https:\/\/www.cgfmanet.org\/fr\/event\/suor-paola-battagliola-riprende-la-2a-parte-della-visita-canonica-allispettoria-lombarda-sacra-famiglia-ilo\/","eventAttendanceMode":"https:\/\/schema.org\/OfflineEventAttendanceMode","eventStatus":"https:\/\/schema.org\/EventScheduled","startDate":"2026-05-01T00:00:00+02:00","endDate":"2026-05-01T23:59:59+02:00","@id":"https:\/\/www.cgfmanet.org\/fr\/event\/suor-paola-battagliola-riprende-la-2a-parte-della-visita-canonica-allispettoria-lombarda-sacra-famiglia-ilo\/#event"},{"@type":"Event","name":"Suor Maria Luisa Nicastro, con le collaboratrici della Segreteria generale, guida la visita all&rsquo;Archivio Generale dell&rsquo;Istituto e alla Mostra del Carisma delle Studentesse del Corso di Spiritualit\u00e0 di Casa Canta.","description":"","url":"https:\/\/www.cgfmanet.org\/fr\/event\/suor-maria-luisa-nicastro-con-le-collaboratrici-della-segreteria-generale-guida-la-visita-allarchivio-generale-dellistituto-e-alla-mostra-del-carisma-delle-studentesse-del-corso-di-spiritualita\/","eventAttendanceMode":"https:\/\/schema.org\/OfflineEventAttendanceMode","eventStatus":"https:\/\/schema.org\/EventScheduled","startDate":"2026-05-02T00:00:00+02:00","endDate":"2026-05-02T23:59:59+02:00","@id":"https:\/\/www.cgfmanet.org\/fr\/event\/suor-maria-luisa-nicastro-con-le-collaboratrici-della-segreteria-generale-guida-la-visita-allarchivio-generale-dellistituto-e-alla-mostra-del-carisma-delle-studentesse-del-corso-di-spiritualita\/#event"},{"@type":"Event","name":"Suor Leslie S\u00e1ndigo e le collaboratrici dell\u2019Ambito incontrano online le Delegate e animatrici delle Associazioni: Exallieve\/i delle FMA, Salesiani Cooperatori e ADMA.","description":"","url":"https:\/\/www.cgfmanet.org\/fr\/event\/suor-leslie-sandigo-e-le-collaboratrici-dellambito-incontrano-online-le-delegate-e-animatrici-delle-associazioni-exallieve-i-delle-fma-salesiani-cooperatori-e-adma\/","eventAttendanceMode":"https:\/\/schema.org\/OfflineEventAttendanceMode","eventStatus":"https:\/\/schema.org\/EventScheduled","startDate":"2026-05-03T00:00:00+02:00","endDate":"2026-05-03T23:59:59+02:00","@id":"https:\/\/www.cgfmanet.org\/fr\/event\/suor-leslie-sandigo-e-le-collaboratrici-dellambito-incontrano-online-le-delegate-e-animatrici-delle-associazioni-exallieve-i-delle-fma-salesiani-cooperatori-e-adma\/#event"},{"@type":"Event","name":"Suor Mar\u00eda del Rosario Garc\u00eda Ribas termina la Visita canonica all\u2019Ispettoria \u201cSan Giuseppe\u00a0\u00bb (ANT) delle Antille.","description":"","url":"https:\/\/www.cgfmanet.org\/fr\/event\/suor-maria-del-rosario-garcia-ribas-termina-la-visita-canonica-allispettoria-san-giuseppe-ant-delle-antille\/","eventAttendanceMode":"https:\/\/schema.org\/OfflineEventAttendanceMode","eventStatus":"https:\/\/schema.org\/EventScheduled","startDate":"2026-05-04T00:00:00+02:00","endDate":"2026-05-04T23:59:59+02:00","@id":"https:\/\/www.cgfmanet.org\/fr\/event\/suor-maria-del-rosario-garcia-ribas-termina-la-visita-canonica-allispettoria-san-giuseppe-ant-delle-antille\/#event"},{"@type":"Event","name":"Inizio del Corso di Formazione Permanente Missionaria a Roma, Casa Generalizia.","description":"","url":"https:\/\/www.cgfmanet.org\/fr\/event\/inizio-del-corso-di-formazione-permanente-missionaria-a-roma-casa-generalizia-2\/","eventAttendanceMode":"https:\/\/schema.org\/OfflineEventAttendanceMode","eventStatus":"https:\/\/schema.org\/EventScheduled","startDate":"2026-05-04T00:00:00+02:00","endDate":"2026-05-04T23:59:59+02:00","@id":"https:\/\/www.cgfmanet.org\/fr\/event\/inizio-del-corso-di-formazione-permanente-missionaria-a-roma-casa-generalizia-2\/#event"},{"@type":"Event","name":"Suor Leslie S\u00e1ndigo termina la 2a parte della visita canonica all\u2019Ispettoria \u201cLaura Vicu\u00f1a\u201d (ARG) dell\u2019Argentina.","description":"","url":"https:\/\/www.cgfmanet.org\/fr\/event\/suor-leslie-sandigo-termina-la-2a-parte-della-visita-canonica-allispettoria-laura-vicuna-arg-dellargentina\/","eventAttendanceMode":"https:\/\/schema.org\/OfflineEventAttendanceMode","eventStatus":"https:\/\/schema.org\/EventScheduled","startDate":"2026-05-04T00:00:00+02:00","endDate":"2026-05-04T23:59:59+02:00","@id":"https:\/\/www.cgfmanet.org\/fr\/event\/suor-leslie-sandigo-termina-la-2a-parte-della-visita-canonica-allispettoria-laura-vicuna-arg-dellargentina\/#event"},{"@type":"Event","name":"La Madre d\u00e0 la Buonanotte al gruppo del \u201cProgetto Mornese\u201d di lingua inglese. A Roma presso la Casa FMA \u201cSacro Cuore\u201d (IRO).","description":"","url":"https:\/\/www.cgfmanet.org\/fr\/event\/la-madre-da-la-buonanotte-al-gruppo-del-progetto-mornese-di-lingua-inglese-a-roma-presso-la-casa-fma-sacro-cuore-iro\/","eventAttendanceMode":"https:\/\/schema.org\/OfflineEventAttendanceMode","eventStatus":"https:\/\/schema.org\/EventScheduled","startDate":"2026-05-04T00:00:00+02:00","endDate":"2026-05-04T23:59:59+02:00","@id":"https:\/\/www.cgfmanet.org\/fr\/event\/la-madre-da-la-buonanotte-al-gruppo-del-progetto-mornese-di-lingua-inglese-a-roma-presso-la-casa-fma-sacro-cuore-iro\/#event"},{"@type":"Event","name":"La Madre incontra il Consiglio Accademico della Pontificia Facolt\u00e0 di Scienze dell\u2019Educazione \u201cAuxilium\u201d anche con la presenza della Superiora di Visitatoria (RMC), suor Jessica Salva\u00f1a Togonon. A Roma in Casa generalizia.","description":"","url":"https:\/\/www.cgfmanet.org\/fr\/event\/la-madre-incontra-il-consiglio-accademico-della-pontificia-facolta-di-scienze-delleducazione-auxilium-anche-con-la-presenza-della-superiora-di-visitatoria-rmc-suor-jessic\/","eventAttendanceMode":"https:\/\/schema.org\/OfflineEventAttendanceMode","eventStatus":"https:\/\/schema.org\/EventScheduled","startDate":"2026-05-05T00:00:00+02:00","endDate":"2026-05-05T23:59:59+02:00","@id":"https:\/\/www.cgfmanet.org\/fr\/event\/la-madre-incontra-il-consiglio-accademico-della-pontificia-facolta-di-scienze-delleducazione-auxilium-anche-con-la-presenza-della-superiora-di-visitatoria-rmc-suor-jessic\/#event"},{"@type":"Event","name":"La Madre incontra le FMA partecipanti al Corso di Formazione Permanente Missionaria. A Roma, Casa generalizia.","description":"","url":"https:\/\/www.cgfmanet.org\/fr\/event\/la-madre-incontra-le-fma-partecipanti-al-corso-di-formazione-permanente-missionaria-a-roma-casa-generalizia\/","eventAttendanceMode":"https:\/\/schema.org\/OfflineEventAttendanceMode","eventStatus":"https:\/\/schema.org\/EventScheduled","startDate":"2026-05-06T00:00:00+02:00","endDate":"2026-05-06T23:59:59+02:00","@id":"https:\/\/www.cgfmanet.org\/fr\/event\/la-madre-incontra-le-fma-partecipanti-al-corso-di-formazione-permanente-missionaria-a-roma-casa-generalizia\/#event"},{"@type":"Event","name":"Suor Leslie S\u00e1ndigo partecipa al Congresso Mondiale dei Salesiani Cooperatori a Roma, Fraterna Domus.","description":"","url":"https:\/\/www.cgfmanet.org\/fr\/event\/suor-leslie-sandigo-partecipa-al-congresso-mondiale-dei-salesiani-cooperatori-a-roma-fraterna-domus\/","eventAttendanceMode":"https:\/\/schema.org\/OfflineEventAttendanceMode","eventStatus":"https:\/\/schema.org\/EventScheduled","startDate":"2026-05-07T00:00:00+02:00","endDate":"2026-05-10T23:59:59+02:00","@id":"https:\/\/www.cgfmanet.org\/fr\/event\/suor-leslie-sandigo-partecipa-al-congresso-mondiale-dei-salesiani-cooperatori-a-roma-fraterna-domus\/#event"},{"@type":"Event","name":"La Madre partecipa e interviene al VI Congresso Mondiale dei Salesiani Cooperatori a Roma, presso la Fraterna Domus. Tema: \u201cEssere lievito per essere fecondi\u201d.","description":"","url":"https:\/\/www.cgfmanet.org\/fr\/event\/la-madre-partecipa-e-interviene-al-vi-congresso-mondiale-dei-salesiani-cooperatori-a-roma-presso-la-fraterna-domus-tema-essere-lievito-per-essere-fecondi\/","eventAttendanceMode":"https:\/\/schema.org\/OfflineEventAttendanceMode","eventStatus":"https:\/\/schema.org\/EventScheduled","startDate":"2026-05-07T00:00:00+02:00","endDate":"2026-05-10T23:59:59+02:00","@id":"https:\/\/www.cgfmanet.org\/fr\/event\/la-madre-partecipa-e-interviene-al-vi-congresso-mondiale-dei-salesiani-cooperatori-a-roma-presso-la-fraterna-domus-tema-essere-lievito-per-essere-fecondi\/#event"},{"@type":"Event","name":"La Madre partecipa alle Celebrazione del Centenario della presenza delle FMA dell\u2019Ispettoria \u201cNostra Signora d\u2019Africa\u201d (AFC). A Lubumbashi, Repubblica Democratica del Congo.","description":"","url":"https:\/\/www.cgfmanet.org\/fr\/event\/la-madre-partecipa-alle-celebrazione-del-centenario-della-presenza-delle-fma-dellispettoria-nostra-signora-dafrica-afc-a-lubumbashi-repubblica-democratica-del-c\/","eventAttendanceMode":"https:\/\/schema.org\/OfflineEventAttendanceMode","eventStatus":"https:\/\/schema.org\/EventScheduled","startDate":"2026-05-08T00:00:00+02:00","endDate":"2026-05-19T23:59:59+02:00","@id":"https:\/\/www.cgfmanet.org\/fr\/event\/la-madre-partecipa-alle-celebrazione-del-centenario-della-presenza-delle-fma-dellispettoria-nostra-signora-dafrica-afc-a-lubumbashi-repubblica-democratica-del-c\/#event"},{"@type":"Event","name":"Suor Runita Borja, con le collaboratrici dell\u2019Ambito PG, incontra le FMA partecipanti del Corso di Formazione Permanente Missionaria. A Roma, Casa generalizia.","description":"","url":"https:\/\/www.cgfmanet.org\/fr\/event\/suor-runita-borja-con-le-collaboratrici-dellambito-pg-incontra-le-fma-partecipanti-del-corso-di-formazione-permanente-missionaria-a-roma-casa-generalizia\/","eventAttendanceMode":"https:\/\/schema.org\/OfflineEventAttendanceMode","eventStatus":"https:\/\/schema.org\/EventScheduled","startDate":"2026-05-08T00:00:00+02:00","endDate":"2026-05-08T23:59:59+02:00","@id":"https:\/\/www.cgfmanet.org\/fr\/event\/suor-runita-borja-con-le-collaboratrici-dellambito-pg-incontra-le-fma-partecipanti-del-corso-di-formazione-permanente-missionaria-a-roma-casa-generalizia\/#event"},{"@type":"Event","name":"Suor Nilza F\u00e1tima de Moraes coordina il raduno online con le sorelle del gruppo di stesura del Progetto formativo.","description":"","url":"https:\/\/www.cgfmanet.org\/fr\/event\/suor-nilza-fatima-de-moraes-coordina-il-raduno-online-con-le-sorelle-del-gruppo-di-stesura-del-progetto-formativo\/","eventAttendanceMode":"https:\/\/schema.org\/OfflineEventAttendanceMode","eventStatus":"https:\/\/schema.org\/EventScheduled","startDate":"2026-05-09T00:00:00+02:00","endDate":"2026-05-09T23:59:59+02:00","@id":"https:\/\/www.cgfmanet.org\/fr\/event\/suor-nilza-fatima-de-moraes-coordina-il-raduno-online-con-le-sorelle-del-gruppo-di-stesura-del-progetto-formativo\/#event"},{"@type":"Event","name":"Esercizi Spirituali per le partecipanti al Corso di Formazione Permanente Missionaria e le neo missionarie, a Mornese.","description":"","url":"https:\/\/www.cgfmanet.org\/fr\/event\/esercizi-spirituali-per-le-partecipanti-al-corso-di-formazione-permanente-missionaria-e-le-neo-missionarie-a-mornese-2\/","eventAttendanceMode":"https:\/\/schema.org\/OfflineEventAttendanceMode","eventStatus":"https:\/\/schema.org\/EventScheduled","startDate":"2026-05-11T00:00:00+02:00","endDate":"2026-05-18T23:59:59+02:00","@id":"https:\/\/www.cgfmanet.org\/fr\/event\/esercizi-spirituali-per-le-partecipanti-al-corso-di-formazione-permanente-missionaria-e-le-neo-missionarie-a-mornese-2\/#event"},{"@type":"Event","name":"Suor Maria Assunta Sumiko Inoue termina la Visita canonica all&rsquo;Ispettoria \u201cSanta Maria Domenica Mazzarello\u201d (TIN) di Timor-Indonesia.","description":"","url":"https:\/\/www.cgfmanet.org\/fr\/event\/suor-maria-assunta-sumiko-inoue-termina-la-visita-canonica-allispettoria-santa-maria-domenica-mazzarello-tin-di-timor-indonesia\/","eventAttendanceMode":"https:\/\/schema.org\/OfflineEventAttendanceMode","eventStatus":"https:\/\/schema.org\/EventScheduled","startDate":"2026-05-14T00:00:00+02:00","endDate":"2026-05-14T23:59:59+02:00","@id":"https:\/\/www.cgfmanet.org\/fr\/event\/suor-maria-assunta-sumiko-inoue-termina-la-visita-canonica-allispettoria-santa-maria-domenica-mazzarello-tin-di-timor-indonesia\/#event"},{"@type":"Event","name":"Suor Maria Assunta Sumiko Inoue fa una Visita breve all&rsquo;Ispettoria \u201cSanta Maria Mazzarello\u201d (THA).","description":"","url":"https:\/\/www.cgfmanet.org\/fr\/event\/suor-maria-assunta-sumiko-inoue-fa-una-visita-breve-allispettoria-santa-maria-mazzarello-tha\/","eventAttendanceMode":"https:\/\/schema.org\/OfflineEventAttendanceMode","eventStatus":"https:\/\/schema.org\/EventScheduled","startDate":"2026-05-14T00:00:00+02:00","endDate":"2026-05-26T23:59:59+02:00","@id":"https:\/\/www.cgfmanet.org\/fr\/event\/suor-maria-assunta-sumiko-inoue-fa-una-visita-breve-allispettoria-santa-maria-mazzarello-tha\/#event"},{"@type":"Event","name":"Suor Runita Borja partecipa al Congresso degli Educatori della Conferenza interispettoriale CIAO sul tema \u201cIl Patto Educativo Globale nello stile salesiano\u201d. A Tokyo, in Giappone.","description":"","url":"https:\/\/www.cgfmanet.org\/fr\/event\/suor-runita-borja-partecipa-al-congresso-degli-educatori-della-conferenza-interispettoriale-ciao-sul-tema-il-patto-educativo-globale-nello-stile-salesiano-a-tokyo-in-giappone\/","eventAttendanceMode":"https:\/\/schema.org\/OfflineEventAttendanceMode","eventStatus":"https:\/\/schema.org\/EventScheduled","startDate":"2026-05-14T00:00:00+02:00","endDate":"2026-05-19T23:59:59+02:00","@id":"https:\/\/www.cgfmanet.org\/fr\/event\/suor-runita-borja-partecipa-al-congresso-degli-educatori-della-conferenza-interispettoriale-ciao-sul-tema-il-patto-educativo-globale-nello-stile-salesiano-a-tokyo-in-giappone\/#event"},{"@type":"Event","name":"Suor Leslie S\u00e1ndigo insieme alle collaboratrici dell\u2019Ambito presenta la Famiglia Salesiana alle studentesse del Corso di Spiritualit\u00e0 di Casa Madre Canta.","description":"","url":"https:\/\/www.cgfmanet.org\/fr\/event\/suor-leslie-sandigo-insieme-alle-collaboratrici-dellambito-presenta-la-famiglia-salesiana-alle-studentesse-del-corso-di-spiritualita-di-casa-madre-canta\/","eventAttendanceMode":"https:\/\/schema.org\/OfflineEventAttendanceMode","eventStatus":"https:\/\/schema.org\/EventScheduled","startDate":"2026-05-15T00:00:00+02:00","endDate":"2026-05-15T23:59:59+02:00","@id":"https:\/\/www.cgfmanet.org\/fr\/event\/suor-leslie-sandigo-insieme-alle-collaboratrici-dellambito-presenta-la-famiglia-salesiana-alle-studentesse-del-corso-di-spiritualita-di-casa-madre-canta\/#event"},{"@type":"Event","name":"Suor Celine Jacob termina la Visita Canonica all&rsquo;Ispettoria \u00ab\u00a0Maria Immacolata\u00a0\u00bb (SUO) degli Stati Uniti.","description":"","url":"https:\/\/www.cgfmanet.org\/fr\/event\/suor-celine-jacob-termina-la-visita-canonica-allispettoria-maria-immacolata-suo-degli-stati-uniti\/","eventAttendanceMode":"https:\/\/schema.org\/OfflineEventAttendanceMode","eventStatus":"https:\/\/schema.org\/EventScheduled","startDate":"2026-05-18T00:00:00+02:00","endDate":"2026-05-18T23:59:59+02:00","@id":"https:\/\/www.cgfmanet.org\/fr\/event\/suor-celine-jacob-termina-la-visita-canonica-allispettoria-maria-immacolata-suo-degli-stati-uniti\/#event"},{"@type":"Event","name":"Suor Lidia Strzelczyk termina la 2a parte della Visita canonica all&rsquo;Ispettoria Meridionale \u00ab\u00a0Madonna del Buon Consiglio\u00a0\u00bb (IMR).","description":"","url":"https:\/\/www.cgfmanet.org\/fr\/event\/suor-lidia-strzelczyk-termina-la-2a-parte-della-visita-canonica-allispettoria-meridionale-madonna-del-buon-consiglio-imr\/","eventAttendanceMode":"https:\/\/schema.org\/OfflineEventAttendanceMode","eventStatus":"https:\/\/schema.org\/EventScheduled","startDate":"2026-05-19T00:00:00+02:00","endDate":"2026-05-19T23:59:59+02:00","@id":"https:\/\/www.cgfmanet.org\/fr\/event\/suor-lidia-strzelczyk-termina-la-2a-parte-della-visita-canonica-allispettoria-meridionale-madonna-del-buon-consiglio-imr\/#event"},{"@type":"Event","name":"Suor Leslie S\u00e1ndigo e le Collaboratrici dell\u2019Ambito partecipano alla Consulta della Famiglia Salesiana a Valdocco, Torino.","description":"","url":"https:\/\/www.cgfmanet.org\/fr\/event\/suor-leslie-sandigo-e-le-collaboratrici-dellambito-partecipano-alla-consulta-della-famiglia-salesiana-a-valdocco-torino-2\/","eventAttendanceMode":"https:\/\/schema.org\/OfflineEventAttendanceMode","eventStatus":"https:\/\/schema.org\/EventScheduled","startDate":"2026-05-21T00:00:00+02:00","endDate":"2026-05-23T23:59:59+02:00","@id":"https:\/\/www.cgfmanet.org\/fr\/event\/suor-leslie-sandigo-e-le-collaboratrici-dellambito-partecipano-alla-consulta-della-famiglia-salesiana-a-valdocco-torino-2\/#event"},{"@type":"Event","name":"Suor Marta Riccioli termina la Visita canonica all\u2019Ispettoria \u00ab\u00a0Nostra Signora di Chiquinquir\u00e1\u00a0\u00bb (CBC).","description":"","url":"https:\/\/www.cgfmanet.org\/fr\/event\/suor-marta-riccioli-termina-la-visita-canonica-allispettoria-nostra-signora-di-chiquinquira-cbc\/","eventAttendanceMode":"https:\/\/schema.org\/OfflineEventAttendanceMode","eventStatus":"https:\/\/schema.org\/EventScheduled","startDate":"2026-05-22T00:00:00+02:00","endDate":"2026-05-22T23:59:59+02:00","@id":"https:\/\/www.cgfmanet.org\/fr\/event\/suor-marta-riccioli-termina-la-visita-canonica-allispettoria-nostra-signora-di-chiquinquira-cbc\/#event"},{"@type":"Event","name":"La Madre partecipa alla Consulta della Famiglia Salesiana sul tema della Strenna 2026. A Torino, Valdocco.","description":"","url":"https:\/\/www.cgfmanet.org\/fr\/event\/la-madre-partecipa-alla-consulta-della-famiglia-salesiana-sul-tema-della-strenna-2026-a-torino-valdocco\/","eventAttendanceMode":"https:\/\/schema.org\/OfflineEventAttendanceMode","eventStatus":"https:\/\/schema.org\/EventScheduled","startDate":"2026-05-22T00:00:00+02:00","endDate":"2026-05-23T23:59:59+02:00","@id":"https:\/\/www.cgfmanet.org\/fr\/event\/la-madre-partecipa-alla-consulta-della-famiglia-salesiana-sul-tema-della-strenna-2026-a-torino-valdocco\/#event"},{"@type":"Event","name":"La Madre partecipa alla Celebrazione della solennit\u00e0 di Maria Ausiliatrice a Torino, Valdocco.","description":"","url":"https:\/\/www.cgfmanet.org\/fr\/event\/la-madre-partecipa-alla-celebrazione-della-solennita-di-maria-ausiliatrice-a-torino-valdocco\/","eventAttendanceMode":"https:\/\/schema.org\/OfflineEventAttendanceMode","eventStatus":"https:\/\/schema.org\/EventScheduled","startDate":"2026-05-24T00:00:00+02:00","endDate":"2026-05-24T23:59:59+02:00","@id":"https:\/\/www.cgfmanet.org\/fr\/event\/la-madre-partecipa-alla-celebrazione-della-solennita-di-maria-ausiliatrice-a-torino-valdocco\/#event"},{"@type":"Event","name":"Suor Ruth del Pilar Mora termina la Visita Canonica all\u2019Ispettoria San Giuseppe (SEC) di Stati Uniti e Canada.","description":"","url":"https:\/\/www.cgfmanet.org\/fr\/event\/suor-ruth-del-pilar-mora-termina-la-visita-canonica-allispettoria-san-giuseppe-sec-di-stati-uniti-e-canada\/","eventAttendanceMode":"https:\/\/schema.org\/OfflineEventAttendanceMode","eventStatus":"https:\/\/schema.org\/EventScheduled","startDate":"2026-05-26T00:00:00+02:00","endDate":"2026-05-26T23:59:59+02:00","@id":"https:\/\/www.cgfmanet.org\/fr\/event\/suor-ruth-del-pilar-mora-termina-la-visita-canonica-allispettoria-san-giuseppe-sec-di-stati-uniti-e-canada\/#event"},{"@type":"Event","name":"Suor Runita Borja d\u00e0 il saluto iniziale e partecipa all\u2019incontro online delle Coordinatrici ispettoriali di PG della Conferenza NAC.","description":"","url":"https:\/\/www.cgfmanet.org\/fr\/event\/suor-runita-borja-da-il-saluto-iniziale-e-partecipa-allincontro-online-delle-coordinatrici-ispettoriali-di-pg-della-conferenza-nac\/","eventAttendanceMode":"https:\/\/schema.org\/OfflineEventAttendanceMode","eventStatus":"https:\/\/schema.org\/EventScheduled","startDate":"2026-05-26T00:00:00+02:00","endDate":"2026-05-26T23:59:59+02:00","@id":"https:\/\/www.cgfmanet.org\/fr\/event\/suor-runita-borja-da-il-saluto-iniziale-e-partecipa-allincontro-online-delle-coordinatrici-ispettoriali-di-pg-della-conferenza-nac\/#event"},{"@type":"Event","name":"Suor Ruth del Pilar Mora incontra le missionarie ad gentes che terminano il Corso di Formazione Permanente Missionaria a Roma, in Casa Generalizia.","description":"","url":"https:\/\/www.cgfmanet.org\/fr\/event\/suor-ruth-del-pilar-mora-incontra-le-missionarie-ad-gentes-che-terminano-il-corso-di-formazione-permanente-missionaria-a-roma-in-casa-generalizia\/","eventAttendanceMode":"https:\/\/schema.org\/OfflineEventAttendanceMode","eventStatus":"https:\/\/schema.org\/EventScheduled","startDate":"2026-05-27T00:00:00+02:00","endDate":"2026-05-28T23:59:59+02:00","@id":"https:\/\/www.cgfmanet.org\/fr\/event\/suor-ruth-del-pilar-mora-incontra-le-missionarie-ad-gentes-che-terminano-il-corso-di-formazione-permanente-missionaria-a-roma-in-casa-generalizia\/#event"},{"@type":"Event","name":"A Roma in Casa generalizia la Madre incontra le FMA partecipanti a conclusione del Corso di Formazione Permanente Missionaria.","description":"","url":"https:\/\/www.cgfmanet.org\/fr\/event\/a-roma-in-casa-generalizia-la-madre-incontra-le-fma-partecipanti-a-conclusione-del-corso-di-formazione-permanente-missionaria\/","eventAttendanceMode":"https:\/\/schema.org\/OfflineEventAttendanceMode","eventStatus":"https:\/\/schema.org\/EventScheduled","startDate":"2026-05-28T00:00:00+02:00","endDate":"2026-05-28T23:59:59+02:00","@id":"https:\/\/www.cgfmanet.org\/fr\/event\/a-roma-in-casa-generalizia-la-madre-incontra-le-fma-partecipanti-a-conclusione-del-corso-di-formazione-permanente-missionaria\/#event"},{"@type":"Event","name":"Conclusione del Corso di Formazione Permanente Missionaria a Roma, Casa Generalizia.","description":"","url":"https:\/\/www.cgfmanet.org\/fr\/event\/conclusione-del-corso-di-formazione-permanente-missionaria-a-roma-casa-generalizia\/","eventAttendanceMode":"https:\/\/schema.org\/OfflineEventAttendanceMode","eventStatus":"https:\/\/schema.org\/EventScheduled","startDate":"2026-05-29T00:00:00+02:00","endDate":"2026-05-29T23:59:59+02:00","@id":"https:\/\/www.cgfmanet.org\/fr\/event\/conclusione-del-corso-di-formazione-permanente-missionaria-a-roma-casa-generalizia\/#event"},{"@type":"Event","name":"Suor Chantal Mukase termina la Visita Canonica all\u2019Ispettoria \u201cNostra Signora d\u2019Africa\u201d (AFC) dell\u2019Africa Centrale.","description":"","url":"https:\/\/www.cgfmanet.org\/fr\/event\/suor-chantal-mukase-termina-la-visita-canonica-allispettoria-nostra-signora-dafrica-afc-dellafrica-centrale\/","eventAttendanceMode":"https:\/\/schema.org\/OfflineEventAttendanceMode","eventStatus":"https:\/\/schema.org\/EventScheduled","startDate":"2026-05-30T00:00:00+02:00","endDate":"2026-05-30T23:59:59+02:00","@id":"https:\/\/www.cgfmanet.org\/fr\/event\/suor-chantal-mukase-termina-la-visita-canonica-allispettoria-nostra-signora-dafrica-afc-dellafrica-centrale\/#event"}]}},"_links":{"self":[{"href":"https:\/\/www.cgfmanet.org\/fr\/wp-json\/wp\/v2\/pages\/3639","targetHints":{"allow":["GET"]}}],"collection":[{"href":"https:\/\/www.cgfmanet.org\/fr\/wp-json\/wp\/v2\/pages"}],"about":[{"href":"https:\/\/www.cgfmanet.org\/fr\/wp-json\/wp\/v2\/types\/page"}],"author":[{"embeddable":true,"href":"https:\/\/www.cgfmanet.org\/fr\/wp-json\/wp\/v2\/users\/45"}],"replies":[{"embeddable":true,"href":"https:\/\/www.cgfmanet.org\/fr\/wp-json\/wp\/v2\/comments?post=3639"}],"version-history":[{"count":3,"href":"https:\/\/www.cgfmanet.org\/fr\/wp-json\/wp\/v2\/pages\/3639\/revisions"}],"predecessor-version":[{"id":126864,"href":"https:\/\/www.cgfmanet.org\/fr\/wp-json\/wp\/v2\/pages\/3639\/revisions\/126864"}],"wp:attachment":[{"href":"https:\/\/www.cgfmanet.org\/fr\/wp-json\/wp\/v2\/media?parent=3639"}],"curies":[{"name":"wp","href":"https:\/\/api.w.org\/{rel}","templated":true}]}}