{"id":15034,"date":"2019-11-13T12:34:43","date_gmt":"2019-11-13T11:34:43","guid":{"rendered":"https:\/\/www.cgfmanet.org\/una-memoria-che-si-fa-storia\/"},"modified":"2023-12-07T11:02:43","modified_gmt":"2023-12-07T10:02:43","slug":"une-memoire-qui-se-fait-histoire","status":"publish","type":"page","link":"https:\/\/www.cgfmanet.org\/fr\/une-memoire-qui-se-fait-histoire\/","title":{"rendered":"Une M\u00e9moire qui se fait histoire"},"content":{"rendered":"<p style=\"text-align: left; margin-top: 50px;\"><img decoding=\"async\" class=\"alignleft wp-image-14066 lazyload\" data-src=\"https:\/\/www.cgfmanet.org\/wp-content\/uploads\/2019\/12\/La-consacrazione.jpg\" alt=\"\" width=\"361\" height=\"300\" src=\"data:image\/svg+xml;base64,PHN2ZyB3aWR0aD0iMSIgaGVpZ2h0PSIxIiB4bWxucz0iaHR0cDovL3d3dy53My5vcmcvMjAwMC9zdmciPjwvc3ZnPg==\" style=\"--smush-placeholder-width: 361px; --smush-placeholder-aspect-ratio: 361\/300;\" \/><\/p>\n<p>Don Bosco a m\u00fbri le choix de fonder une <strong>Congr\u00e9gation religieuse f\u00e9minine<\/strong> pour l\u2019\u00e9ducation des jeunes dans l\u2019attention aux sollicitations du contexte de son temps, de la constatation de l\u2019\u00e9tat d\u2019abandon et de pauvret\u00e9 dans lesquels se trouvaient tant de filles; par le contact avec diff\u00e9rents Instituts f\u00e9minins; par la confirmation du Pape Pie IX qui l\u2019encouragea dans ce choix; des \u00ab\u00a0songes\u00a0\u00bb r\u00e9p\u00e9t\u00e9s et faits extraordinaires racont\u00e9s par lui-m\u00eame; de la profondeur de sa d\u00e9votion mariale \u00ab\u00a0Prends en soin, ce sont mes filles\u00a0\u00bb. (Institut FMA\u00a0 Cronistoria \u2013 Vol. 1, page 25, Ed. Italienne)<br \/>\nPendant que lui-m\u00eame m\u00fbrissait ce projet, \u00e0 Morn\u00e8se (Alexandria), Marie Dominique Mazzarello, membre de l\u2019Association des Filles de l\u2019Immacul\u00e9e, animait un groupe de jeunes femmes qui se d\u00e9diaient aux filles du pays, dans le but de leur enseigner la couture, et surtout de les orienter \u00e0 \u00eatre de bonnes chr\u00e9tiennes et d\u2019honn\u00eates citoyennes.<br \/>\nDeux songes ont converg\u00e9 ainsi en un id\u00e9al identique\u00a0: faire na\u00eetre pour les filles une Famille religieuse analogue \u00e0 celle des Sal\u00e9siens\u00a0: un nouveau charisme \u00e9ducatif dans l\u2019\u00c9glise. Pour la fondation, Don Bosco choisit le groupe des Filles de l\u2019Immacul\u00e9e de Morn\u00e8se. Marie Dominique Mazzarello fut Cofondatrice pour donner forme et d\u00e9veloppement au nouvel Institut.<\/p>\n<p><img decoding=\"async\" class=\"alignright wp-image-13749 lazyload\" data-src=\"https:\/\/www.cgfmanet.org\/wp-content\/uploads\/2019\/12\/5-agosto-1872.jpg\" alt=\"\" width=\"338\" height=\"400\" data-srcset=\"https:\/\/www.cgfmanet.org\/wp-content\/uploads\/2019\/12\/5-agosto-1872.jpg 1430w, https:\/\/www.cgfmanet.org\/wp-content\/uploads\/2019\/12\/5-agosto-1872-768x908.jpg 768w, https:\/\/www.cgfmanet.org\/wp-content\/uploads\/2019\/12\/5-agosto-1872-1299x1536.jpg 1299w, https:\/\/www.cgfmanet.org\/wp-content\/uploads\/2019\/12\/5-agosto-1872-696x823.jpg 696w, https:\/\/www.cgfmanet.org\/wp-content\/uploads\/2019\/12\/5-agosto-1872-355x420.jpg 355w, https:\/\/www.cgfmanet.org\/wp-content\/uploads\/2019\/12\/5-agosto-1872-1320x1561.jpg 1320w\" data-sizes=\"auto\" src=\"data:image\/svg+xml;base64,PHN2ZyB3aWR0aD0iMSIgaGVpZ2h0PSIxIiB4bWxucz0iaHR0cDovL3d3dy53My5vcmcvMjAwMC9zdmciPjwvc3ZnPg==\" style=\"--smush-placeholder-width: 338px; --smush-placeholder-aspect-ratio: 338\/400;\" data-original-sizes=\"(max-width: 338px) 100vw, 338px\" \/><\/p>\n<p>Le <strong>5 ao\u00fbt 1872 \u00e0 Morn\u00e8se <\/strong>le premier groupe de 11 jeunes femmes firent leur Premi\u00e8re Profession pour \u00eatre dans l\u2019\u00c9glise et dans la soci\u00e9t\u00e9, religieuses, \u00e9ducatrices des jeunes surtout des classes populaires. Elles restent dans la Maison de la fondation de 1872 \u00e0 1879. Dans ce bref laps de temps une identit\u00e9 et une spiritualit\u00e9 se fa\u00e7onnent, qui prend justement le nom du petit pays d\u2019origine\u00a0: spiritualit\u00e9 de Morn\u00e8se. Guid\u00e9e par la sagesse formative de M\u00e8re Mazzarello, les FMA conjuguent avec cr\u00e9ativit\u00e9 le <em>Syst\u00e8me Pr\u00e9ventif <\/em>de Don Bosco avec les ressources f\u00e9minines et les exigences de l\u2019\u00e9ducation de la femme et de la p\u00e9riode de l\u2019enfance\u00a0; elles assurent une pr\u00e9sence active dans le domaine de l\u2019\u00e9cole et de la cat\u00e9ch\u00e8se.<\/p>\n<p>L\u2019approbation dioc\u00e9saine des Constitutions par l\u2019\u00c9v\u00eaque d\u2019Acqui, obtenue le 23 janvier 1876, les FMA, pouss\u00e9es par l\u2019ardeur missionnaire, commencent \u00e0 sortir de Morn\u00e8se pour rejoindre en 1877 l\u2019<strong>Uruguay <\/strong>puis l\u2019<strong>Argentine. <\/strong>\u00c0 partir de l\u00e0 l\u2019Institut se r\u00e9pand toujours plus en <strong>Italie, en Europe et en Am\u00e9rique. <\/strong><strong>\u00a0<\/strong><\/p>\n<p>En <strong>\u00a01879, la Maison-m\u00e8re est transf\u00e9r\u00e9e \u00e0 Nizza Monferrato <\/strong>(Asti) o\u00f9\u00a0 l\u2019Institut ouvre la premi\u00e8re \u00c9cole Normale pour la formation des ma\u00eetresses et il exp\u00e9rimente un fort enthousiasme missionnaire et une augmentation prometteuse des vocations.<\/p>\n<p>En\u00a0 <strong>1891 <\/strong>les FMA sont pr\u00e9sentes <strong>en Asie, <\/strong>en <strong>1893 en Afrique <\/strong>et depuis <strong>1954 en Australie. <\/strong>La mission se r\u00e9alise dans une pluralit\u00e9 de domaines \u00e9ducatifs ouverts \u00e0 la multi-culturalit\u00e9 et \u00e0 l\u2019inter-religiosit\u00e9 avec une particuli\u00e8re attention aux fillettes, jeunes filles et femmes. Partout on cherche \u00e0 maintenir vif l\u2019\u00e9lan missionnaire des origines \u00ab\u00a0\u00e9l\u00e9ment essentiel de l\u2019identit\u00e9 dans l\u2019Institut\u00a0\u00bb. (Constitutions, FMA, art 75) avec une vigilante attention aux exigences des temps et des \u00c9glises particuli\u00e8res.<\/p>\n<p>En <strong>1906-1907 <\/strong>l\u2019Institut, suite \u00e0 la publication des <em>Normae secundun quas <\/em>(1901), vit le processus de s\u00e9paration de la Congr\u00e9gation Sal\u00e9sienne, surtout par rapport \u00e0 l\u2019aspect administratif et la d\u00e9pendance juridique du Recteur Majeur. Reste cependant la communion et l\u2019efficace collaboration pour partager la spiritualit\u00e9 du Fondateur et la mission \u00e9ducative.<\/p>\n<p>En <strong>1908 <\/strong>sont constitu\u00e9es les premi\u00e8res <strong>Provinces<\/strong> en Italie et en Am\u00e9rique Latine. En <strong>1911<\/strong>, 39 ans apr\u00e8s la fondation, <strong>le Pape Pie X conc\u00e8de l\u2019approbation pontificale de l\u2019Institut. <\/strong><\/p>\n<div id='gallery-1' class='gallery galleryid-15034 gallery-columns-1 gallery-size-full'><figure class='gallery-item'>\n\t\t\t<div class='gallery-icon landscape'>\n\t\t\t\t<a href='https:\/\/www.cgfmanet.org\/fr\/une-memoire-qui-se-fait-histoire\/attachment\/planisf-des_stitch-2\/'><img decoding=\"async\" width=\"1200\" height=\"800\" data-src=\"https:\/\/www.cgfmanet.org\/wp-content\/uploads\/2023\/12\/Planisf-des_stitch.jpg\" class=\"attachment-full size-full lazyload\" alt=\"\" aria-describedby=\"gallery-1-101694\" data-srcset=\"https:\/\/www.cgfmanet.org\/wp-content\/uploads\/2023\/12\/Planisf-des_stitch.jpg 1200w, https:\/\/www.cgfmanet.org\/wp-content\/uploads\/2023\/12\/Planisf-des_stitch-768x512.jpg 768w, https:\/\/www.cgfmanet.org\/wp-content\/uploads\/2023\/12\/Planisf-des_stitch-696x464.jpg 696w, https:\/\/www.cgfmanet.org\/wp-content\/uploads\/2023\/12\/Planisf-des_stitch-630x420.jpg 630w\" data-sizes=\"auto\" src=\"data:image\/svg+xml;base64,PHN2ZyB3aWR0aD0iMSIgaGVpZ2h0PSIxIiB4bWxucz0iaHR0cDovL3d3dy53My5vcmcvMjAwMC9zdmciPjwvc3ZnPg==\" style=\"--smush-placeholder-width: 1200px; --smush-placeholder-aspect-ratio: 1200\/800;\" data-original-sizes=\"(max-width: 1200px) 100vw, 1200px\" \/><\/a>\n\t\t\t<\/div>\n\t\t\t\t<figcaption class='wp-caption-text gallery-caption' id='gallery-1-101694'>\n\t\t\t\tL&rsquo;expansion de l&rsquo;Institut au fil du temps\n\t\t\t\t<\/figcaption><\/figure><figure class='gallery-item'>\n\t\t\t<div class='gallery-icon landscape'>\n\t\t\t\t<a href='https:\/\/www.cgfmanet.org\/fr\/une-memoire-qui-se-fait-histoire\/attachment\/viaggib-2\/'><img decoding=\"async\" width=\"1200\" height=\"800\" data-src=\"https:\/\/www.cgfmanet.org\/wp-content\/uploads\/2023\/12\/viaggiB.jpg\" class=\"attachment-full size-full lazyload\" alt=\"\" aria-describedby=\"gallery-1-101704\" data-srcset=\"https:\/\/www.cgfmanet.org\/wp-content\/uploads\/2023\/12\/viaggiB.jpg 1200w, https:\/\/www.cgfmanet.org\/wp-content\/uploads\/2023\/12\/viaggiB-768x512.jpg 768w, https:\/\/www.cgfmanet.org\/wp-content\/uploads\/2023\/12\/viaggiB-696x464.jpg 696w, https:\/\/www.cgfmanet.org\/wp-content\/uploads\/2023\/12\/viaggiB-630x420.jpg 630w\" data-sizes=\"auto\" src=\"data:image\/svg+xml;base64,PHN2ZyB3aWR0aD0iMSIgaGVpZ2h0PSIxIiB4bWxucz0iaHR0cDovL3d3dy53My5vcmcvMjAwMC9zdmciPjwvc3ZnPg==\" style=\"--smush-placeholder-width: 1200px; --smush-placeholder-aspect-ratio: 1200\/800;\" data-original-sizes=\"(max-width: 1200px) 100vw, 1200px\" \/><\/a>\n\t\t\t<\/div>\n\t\t\t\t<figcaption class='wp-caption-text gallery-caption' id='gallery-1-101704'>\n\t\t\t\tLes voyages de M\u00e8re Mazzarello\n\t\t\t\t<\/figcaption><\/figure><figure class='gallery-item'>\n\t\t\t<div class='gallery-icon landscape'>\n\t\t\t\t<a href='https:\/\/www.cgfmanet.org\/fr\/une-memoire-qui-se-fait-histoire\/attachment\/europa-2-2\/'><img decoding=\"async\" width=\"1200\" height=\"800\" data-src=\"https:\/\/www.cgfmanet.org\/wp-content\/uploads\/2023\/12\/Europa.jpg\" class=\"attachment-full size-full lazyload\" alt=\"\" aria-describedby=\"gallery-1-101724\" data-srcset=\"https:\/\/www.cgfmanet.org\/wp-content\/uploads\/2023\/12\/Europa.jpg 1200w, https:\/\/www.cgfmanet.org\/wp-content\/uploads\/2023\/12\/Europa-768x512.jpg 768w, https:\/\/www.cgfmanet.org\/wp-content\/uploads\/2023\/12\/Europa-696x464.jpg 696w, https:\/\/www.cgfmanet.org\/wp-content\/uploads\/2023\/12\/Europa-630x420.jpg 630w\" data-sizes=\"auto\" src=\"data:image\/svg+xml;base64,PHN2ZyB3aWR0aD0iMSIgaGVpZ2h0PSIxIiB4bWxucz0iaHR0cDovL3d3dy53My5vcmcvMjAwMC9zdmciPjwvc3ZnPg==\" style=\"--smush-placeholder-width: 1200px; --smush-placeholder-aspect-ratio: 1200\/800;\" data-original-sizes=\"(max-width: 1200px) 100vw, 1200px\" \/><\/a>\n\t\t\t<\/div>\n\t\t\t\t<figcaption class='wp-caption-text gallery-caption' id='gallery-1-101724'>\n\t\t\t\tFondations en Europe\n\t\t\t\t<\/figcaption><\/figure><figure class='gallery-item'>\n\t\t\t<div class='gallery-icon landscape'>\n\t\t\t\t<a href='https:\/\/www.cgfmanet.org\/fr\/une-memoire-qui-se-fait-histoire\/attachment\/america-2-2\/'><img decoding=\"async\" width=\"1200\" height=\"800\" data-src=\"https:\/\/www.cgfmanet.org\/wp-content\/uploads\/2023\/12\/America.jpg\" class=\"attachment-full size-full lazyload\" alt=\"\" aria-describedby=\"gallery-1-101714\" data-srcset=\"https:\/\/www.cgfmanet.org\/wp-content\/uploads\/2023\/12\/America.jpg 1200w, https:\/\/www.cgfmanet.org\/wp-content\/uploads\/2023\/12\/America-768x512.jpg 768w, https:\/\/www.cgfmanet.org\/wp-content\/uploads\/2023\/12\/America-696x464.jpg 696w, https:\/\/www.cgfmanet.org\/wp-content\/uploads\/2023\/12\/America-630x420.jpg 630w\" data-sizes=\"auto\" src=\"data:image\/svg+xml;base64,PHN2ZyB3aWR0aD0iMSIgaGVpZ2h0PSIxIiB4bWxucz0iaHR0cDovL3d3dy53My5vcmcvMjAwMC9zdmciPjwvc3ZnPg==\" style=\"--smush-placeholder-width: 1200px; --smush-placeholder-aspect-ratio: 1200\/800;\" data-original-sizes=\"(max-width: 1200px) 100vw, 1200px\" \/><\/a>\n\t\t\t<\/div>\n\t\t\t\t<figcaption class='wp-caption-text gallery-caption' id='gallery-1-101714'>\n\t\t\t\tFondations en Am\u00e9rique\n\t\t\t\t<\/figcaption><\/figure><figure class='gallery-item'>\n\t\t\t<div class='gallery-icon landscape'>\n\t\t\t\t<a href='https:\/\/www.cgfmanet.org\/fr\/une-memoire-qui-se-fait-histoire\/attachment\/asia-2-2\/'><img decoding=\"async\" width=\"1200\" height=\"800\" data-src=\"https:\/\/www.cgfmanet.org\/wp-content\/uploads\/2023\/12\/Asia.jpg\" class=\"attachment-full size-full lazyload\" alt=\"\" aria-describedby=\"gallery-1-101719\" data-srcset=\"https:\/\/www.cgfmanet.org\/wp-content\/uploads\/2023\/12\/Asia.jpg 1200w, https:\/\/www.cgfmanet.org\/wp-content\/uploads\/2023\/12\/Asia-768x512.jpg 768w, https:\/\/www.cgfmanet.org\/wp-content\/uploads\/2023\/12\/Asia-696x464.jpg 696w, https:\/\/www.cgfmanet.org\/wp-content\/uploads\/2023\/12\/Asia-630x420.jpg 630w\" data-sizes=\"auto\" src=\"data:image\/svg+xml;base64,PHN2ZyB3aWR0aD0iMSIgaGVpZ2h0PSIxIiB4bWxucz0iaHR0cDovL3d3dy53My5vcmcvMjAwMC9zdmciPjwvc3ZnPg==\" style=\"--smush-placeholder-width: 1200px; --smush-placeholder-aspect-ratio: 1200\/800;\" data-original-sizes=\"(max-width: 1200px) 100vw, 1200px\" \/><\/a>\n\t\t\t<\/div>\n\t\t\t\t<figcaption class='wp-caption-text gallery-caption' id='gallery-1-101719'>\n\t\t\t\tFondations en Asie\n\t\t\t\t<\/figcaption><\/figure><figure class='gallery-item'>\n\t\t\t<div class='gallery-icon landscape'>\n\t\t\t\t<a href='https:\/\/www.cgfmanet.org\/fr\/une-memoire-qui-se-fait-histoire\/attachment\/africa-2-2\/'><img decoding=\"async\" width=\"1200\" height=\"800\" data-src=\"https:\/\/www.cgfmanet.org\/wp-content\/uploads\/2023\/12\/Africa.jpg\" class=\"attachment-full size-full lazyload\" alt=\"\" aria-describedby=\"gallery-1-101709\" data-srcset=\"https:\/\/www.cgfmanet.org\/wp-content\/uploads\/2023\/12\/Africa.jpg 1200w, https:\/\/www.cgfmanet.org\/wp-content\/uploads\/2023\/12\/Africa-768x512.jpg 768w, https:\/\/www.cgfmanet.org\/wp-content\/uploads\/2023\/12\/Africa-696x464.jpg 696w, https:\/\/www.cgfmanet.org\/wp-content\/uploads\/2023\/12\/Africa-630x420.jpg 630w\" data-sizes=\"auto\" src=\"data:image\/svg+xml;base64,PHN2ZyB3aWR0aD0iMSIgaGVpZ2h0PSIxIiB4bWxucz0iaHR0cDovL3d3dy53My5vcmcvMjAwMC9zdmciPjwvc3ZnPg==\" style=\"--smush-placeholder-width: 1200px; --smush-placeholder-aspect-ratio: 1200\/800;\" data-original-sizes=\"(max-width: 1200px) 100vw, 1200px\" \/><\/a>\n\t\t\t<\/div>\n\t\t\t\t<figcaption class='wp-caption-text gallery-caption' id='gallery-1-101709'>\n\t\t\t\tFondations en Afrique\n\t\t\t\t<\/figcaption><\/figure><figure class='gallery-item'>\n\t\t\t<div class='gallery-icon landscape'>\n\t\t\t\t<a href='https:\/\/www.cgfmanet.org\/fr\/une-memoire-qui-se-fait-histoire\/attachment\/oceania-2-2\/'><img decoding=\"async\" width=\"1200\" height=\"800\" data-src=\"https:\/\/www.cgfmanet.org\/wp-content\/uploads\/2023\/12\/Oceania.jpg\" class=\"attachment-full size-full lazyload\" alt=\"\" aria-describedby=\"gallery-1-101729\" data-srcset=\"https:\/\/www.cgfmanet.org\/wp-content\/uploads\/2023\/12\/Oceania.jpg 1200w, https:\/\/www.cgfmanet.org\/wp-content\/uploads\/2023\/12\/Oceania-768x512.jpg 768w, https:\/\/www.cgfmanet.org\/wp-content\/uploads\/2023\/12\/Oceania-696x464.jpg 696w, https:\/\/www.cgfmanet.org\/wp-content\/uploads\/2023\/12\/Oceania-630x420.jpg 630w\" data-sizes=\"auto\" src=\"data:image\/svg+xml;base64,PHN2ZyB3aWR0aD0iMSIgaGVpZ2h0PSIxIiB4bWxucz0iaHR0cDovL3d3dy53My5vcmcvMjAwMC9zdmciPjwvc3ZnPg==\" style=\"--smush-placeholder-width: 1200px; --smush-placeholder-aspect-ratio: 1200\/800;\" data-original-sizes=\"(max-width: 1200px) 100vw, 1200px\" \/><\/a>\n\t\t\t<\/div>\n\t\t\t\t<figcaption class='wp-caption-text gallery-caption' id='gallery-1-101729'>\n\t\t\t\tFondations en Oc\u00e9anie\n\t\t\t\t<\/figcaption><\/figure>\n\t\t<\/div>\n\n<p>Les FMA connaissent jusqu\u2019\u00e0 aujourd\u2019hui un notable d\u00e9veloppement g\u00e9ographique qui les oriente \u00e0 donner des r\u00e9ponses aux besoins \u00e9ducatifs \u00e9mergeants des cinq continents, avec une vari\u00e9t\u00e9 d\u2019\u0153uvres \u00e9ducatives et promotionnelles obtenues gr\u00e2ce \u00e0 la cr\u00e9ativit\u00e9 et l\u2019audace apostolique des FMA.\u00a0 Partout elles r\u00e9pondent aux diff\u00e9rentes pauvret\u00e9s des enfants, des filles et gar\u00e7ons, des jeunes femmes, des familles et des migrants. De cette fa\u00e7on l\u2019Institut continue \u00e0 exp\u00e9rimenter de nouvelles formes de vitalit\u00e9 charismatique, et ce gr\u00e2ce \u00e0 la valorisation des vocations la\u00efques des Anciens et Anciennes \u00c9l\u00e8ves et des Sal\u00e9siens Coop\u00e9rateurs avec lesquels elles partagent la mission \u00e9ducative.<\/p>\n<p><a href=\"https:\/\/drive.google.com\/open?id=11AszIFrSeO149s3WxNBlsYz9Nma9IN-o\" target=\"_blank\" rel=\"noopener noreferrer\"><strong>Institut FMA de la saintet\u00e9 sal\u00e9sienne (Profils)<\/strong><\/a><\/p>\n<p><em>\u00ab\u00a0Les saints sont le reflet de la pr\u00e9sence de Dieu. Les saints sont nos fr\u00e8res et s\u0153urs qui ont accueilli la lumi\u00e8re de Dieu dans leur c\u0153ur et l&rsquo;ont transmise au monde, chacun selon sa propre tonalit\u00e9. Ceci est le but de la vie : faire passer la lumi\u00e8re de Dieu \u00ab\u00a0. (Pape Fran\u00e7ois)<\/em> (Papa Francesco).<\/p>\n<p><a href=\"https:\/\/drive.google.com\/drive\/u\/1\/folders\/1f6nzkznHtb5vtTeGAM5VNYPMna4ImuBn\" target=\"_blank\" rel=\"noopener noreferrer\"><strong>Exposition du Charisme Sal\u00e9sien FMA<\/strong><\/a><\/p>\n<p><a href=\"https:\/\/drive.google.com\/drive\/u\/0\/folders\/10_LY6NiZME5f3LUdN3g3AO5ZkEaLJ3yO\" target=\"_blank\" rel=\"noopener noreferrer\"><strong>Exposition Mariale FMA<\/strong><\/a><\/p>\n","protected":false},"excerpt":{"rendered":"<p>Don Bosco a m\u00fbri le choix de fonder une Congr\u00e9gation religieuse f\u00e9minine pour l\u2019\u00e9ducation des jeunes dans l\u2019attention aux sollicitations du contexte de son temps, de la constatation de l\u2019\u00e9tat [&hellip;]<\/p>\n","protected":false},"author":45,"featured_media":0,"parent":0,"menu_order":0,"comment_status":"closed","ping_status":"closed","template":"","meta":{"footnotes":""},"class_list":["post-15034","page","type-page","status-publish"],"yoast_head":"<!-- This site is optimized with the Yoast SEO plugin v27.4 - https:\/\/yoast.com\/product\/yoast-seo-wordpress\/ -->\n<title>Une M\u00e9moire qui se fait histoire &#8226; Istituto Figlie di Maria Ausiliatrice<\/title>\n<meta name=\"robots\" content=\"index, follow, max-snippet:-1, max-image-preview:large, max-video-preview:-1\" \/>\n<link rel=\"canonical\" href=\"https:\/\/www.cgfmanet.org\/fr\/une-memoire-qui-se-fait-histoire\/\" \/>\n<meta property=\"og:locale\" content=\"fr_FR\" \/>\n<meta property=\"og:type\" content=\"article\" \/>\n<meta property=\"og:title\" content=\"Une M\u00e9moire qui se fait histoire &#8226; Istituto Figlie di Maria Ausiliatrice\" \/>\n<meta property=\"og:description\" content=\"Don Bosco a m\u00fbri le choix de fonder une Congr\u00e9gation religieuse f\u00e9minine pour l\u2019\u00e9ducation des jeunes dans l\u2019attention aux sollicitations du contexte de son temps, de la constatation de l\u2019\u00e9tat [&hellip;]\" \/>\n<meta property=\"og:url\" content=\"https:\/\/www.cgfmanet.org\/fr\/une-memoire-qui-se-fait-histoire\/\" \/>\n<meta property=\"og:site_name\" content=\"Istituto Figlie di Maria Ausiliatrice\" \/>\n<meta property=\"article:publisher\" content=\"https:\/\/www.facebook.com\/salesian.sisters.of.don.bosco\/\" \/>\n<meta property=\"article:modified_time\" content=\"2023-12-07T10:02:43+00:00\" \/>\n<meta property=\"og:image\" content=\"https:\/\/www.cgfmanet.org\/wp-content\/uploads\/2023\/12\/Planisf-des_stitch.jpg\" \/>\n<meta name=\"twitter:card\" content=\"summary_large_image\" \/>\n<meta name=\"twitter:site\" content=\"@Cgfmanet_Org\" \/>\n<meta name=\"twitter:label1\" content=\"Dur\u00e9e de lecture estim\u00e9e\" \/>\n\t<meta name=\"twitter:data1\" content=\"5 minutes\" \/>\n<script type=\"application\/ld+json\" class=\"yoast-schema-graph\">{\"@context\":\"https:\\\/\\\/schema.org\",\"@graph\":[{\"@type\":\"WebPage\",\"@id\":\"https:\\\/\\\/www.cgfmanet.org\\\/fr\\\/une-memoire-qui-se-fait-histoire\\\/\",\"url\":\"https:\\\/\\\/www.cgfmanet.org\\\/fr\\\/une-memoire-qui-se-fait-histoire\\\/\",\"name\":\"Une M\u00e9moire qui se fait histoire &#8226; Istituto Figlie di Maria Ausiliatrice\",\"isPartOf\":{\"@id\":\"https:\\\/\\\/www.cgfmanet.org\\\/es\\\/#website\"},\"primaryImageOfPage\":{\"@id\":\"https:\\\/\\\/www.cgfmanet.org\\\/fr\\\/une-memoire-qui-se-fait-histoire\\\/#primaryimage\"},\"image\":{\"@id\":\"https:\\\/\\\/www.cgfmanet.org\\\/fr\\\/une-memoire-qui-se-fait-histoire\\\/#primaryimage\"},\"thumbnailUrl\":\"https:\\\/\\\/www.cgfmanet.org\\\/wp-content\\\/uploads\\\/2019\\\/12\\\/La-consacrazione.jpg\",\"datePublished\":\"2019-11-13T11:34:43+00:00\",\"dateModified\":\"2023-12-07T10:02:43+00:00\",\"breadcrumb\":{\"@id\":\"https:\\\/\\\/www.cgfmanet.org\\\/fr\\\/une-memoire-qui-se-fait-histoire\\\/#breadcrumb\"},\"inLanguage\":\"fr-FR\",\"potentialAction\":[{\"@type\":\"ReadAction\",\"target\":[\"https:\\\/\\\/www.cgfmanet.org\\\/fr\\\/une-memoire-qui-se-fait-histoire\\\/\"]}]},{\"@type\":\"ImageObject\",\"inLanguage\":\"fr-FR\",\"@id\":\"https:\\\/\\\/www.cgfmanet.org\\\/fr\\\/une-memoire-qui-se-fait-histoire\\\/#primaryimage\",\"url\":\"https:\\\/\\\/www.cgfmanet.org\\\/wp-content\\\/uploads\\\/2019\\\/12\\\/La-consacrazione.jpg\",\"contentUrl\":\"https:\\\/\\\/www.cgfmanet.org\\\/wp-content\\\/uploads\\\/2019\\\/12\\\/La-consacrazione.jpg\"},{\"@type\":\"BreadcrumbList\",\"@id\":\"https:\\\/\\\/www.cgfmanet.org\\\/fr\\\/une-memoire-qui-se-fait-histoire\\\/#breadcrumb\",\"itemListElement\":[{\"@type\":\"ListItem\",\"position\":1,\"name\":\"Home\",\"item\":\"https:\\\/\\\/www.cgfmanet.org\\\/fr\\\/\"},{\"@type\":\"ListItem\",\"position\":2,\"name\":\"Une M\u00e9moire qui se fait histoire\"}]},{\"@type\":\"WebSite\",\"@id\":\"https:\\\/\\\/www.cgfmanet.org\\\/es\\\/#website\",\"url\":\"https:\\\/\\\/www.cgfmanet.org\\\/es\\\/\",\"name\":\"Istituto Figlie di Maria Ausiliatrice\",\"description\":\"Salesiane di Don Bosco\",\"publisher\":{\"@id\":\"https:\\\/\\\/www.cgfmanet.org\\\/es\\\/#organization\"},\"potentialAction\":[{\"@type\":\"SearchAction\",\"target\":{\"@type\":\"EntryPoint\",\"urlTemplate\":\"https:\\\/\\\/www.cgfmanet.org\\\/es\\\/?s={search_term_string}\"},\"query-input\":{\"@type\":\"PropertyValueSpecification\",\"valueRequired\":true,\"valueName\":\"search_term_string\"}}],\"inLanguage\":\"fr-FR\"},{\"@type\":\"Organization\",\"@id\":\"https:\\\/\\\/www.cgfmanet.org\\\/es\\\/#organization\",\"name\":\"Istituto Figlie di Maria Ausiliatrice\",\"url\":\"https:\\\/\\\/www.cgfmanet.org\\\/es\\\/\",\"logo\":{\"@type\":\"ImageObject\",\"inLanguage\":\"fr-FR\",\"@id\":\"https:\\\/\\\/www.cgfmanet.org\\\/es\\\/#\\\/schema\\\/logo\\\/image\\\/\",\"url\":\"https:\\\/\\\/www.cgfmanet.org\\\/wp-content\\\/uploads\\\/2018\\\/10\\\/logo-fma.png\",\"contentUrl\":\"https:\\\/\\\/www.cgfmanet.org\\\/wp-content\\\/uploads\\\/2018\\\/10\\\/logo-fma.png\",\"width\":214,\"height\":55,\"caption\":\"Istituto Figlie di Maria Ausiliatrice\"},\"image\":{\"@id\":\"https:\\\/\\\/www.cgfmanet.org\\\/es\\\/#\\\/schema\\\/logo\\\/image\\\/\"},\"sameAs\":[\"https:\\\/\\\/www.facebook.com\\\/salesian.sisters.of.don.bosco\\\/\",\"https:\\\/\\\/x.com\\\/Cgfmanet_Org\",\"https:\\\/\\\/www.youtube.com\\\/channel\\\/UCmcr8yFQBV7JXeXVxyV9y5Q\"]}]}<\/script>\n<!-- \/ Yoast SEO plugin. -->","yoast_head_json":{"title":"Une M\u00e9moire qui se fait histoire &#8226; Istituto Figlie di Maria Ausiliatrice","robots":{"index":"index","follow":"follow","max-snippet":"max-snippet:-1","max-image-preview":"max-image-preview:large","max-video-preview":"max-video-preview:-1"},"canonical":"https:\/\/www.cgfmanet.org\/fr\/une-memoire-qui-se-fait-histoire\/","og_locale":"fr_FR","og_type":"article","og_title":"Une M\u00e9moire qui se fait histoire &#8226; Istituto Figlie di Maria Ausiliatrice","og_description":"Don Bosco a m\u00fbri le choix de fonder une Congr\u00e9gation religieuse f\u00e9minine pour l\u2019\u00e9ducation des jeunes dans l\u2019attention aux sollicitations du contexte de son temps, de la constatation de l\u2019\u00e9tat [&hellip;]","og_url":"https:\/\/www.cgfmanet.org\/fr\/une-memoire-qui-se-fait-histoire\/","og_site_name":"Istituto Figlie di Maria Ausiliatrice","article_publisher":"https:\/\/www.facebook.com\/salesian.sisters.of.don.bosco\/","article_modified_time":"2023-12-07T10:02:43+00:00","og_image":[{"url":"https:\/\/www.cgfmanet.org\/wp-content\/uploads\/2023\/12\/Planisf-des_stitch.jpg","type":"","width":"","height":""}],"twitter_card":"summary_large_image","twitter_site":"@Cgfmanet_Org","twitter_misc":{"Dur\u00e9e de lecture estim\u00e9e":"5 minutes"},"schema":{"@context":"https:\/\/schema.org","@graph":[{"@type":"WebPage","@id":"https:\/\/www.cgfmanet.org\/fr\/une-memoire-qui-se-fait-histoire\/","url":"https:\/\/www.cgfmanet.org\/fr\/une-memoire-qui-se-fait-histoire\/","name":"Une M\u00e9moire qui se fait histoire &#8226; Istituto Figlie di Maria Ausiliatrice","isPartOf":{"@id":"https:\/\/www.cgfmanet.org\/es\/#website"},"primaryImageOfPage":{"@id":"https:\/\/www.cgfmanet.org\/fr\/une-memoire-qui-se-fait-histoire\/#primaryimage"},"image":{"@id":"https:\/\/www.cgfmanet.org\/fr\/une-memoire-qui-se-fait-histoire\/#primaryimage"},"thumbnailUrl":"https:\/\/www.cgfmanet.org\/wp-content\/uploads\/2019\/12\/La-consacrazione.jpg","datePublished":"2019-11-13T11:34:43+00:00","dateModified":"2023-12-07T10:02:43+00:00","breadcrumb":{"@id":"https:\/\/www.cgfmanet.org\/fr\/une-memoire-qui-se-fait-histoire\/#breadcrumb"},"inLanguage":"fr-FR","potentialAction":[{"@type":"ReadAction","target":["https:\/\/www.cgfmanet.org\/fr\/une-memoire-qui-se-fait-histoire\/"]}]},{"@type":"ImageObject","inLanguage":"fr-FR","@id":"https:\/\/www.cgfmanet.org\/fr\/une-memoire-qui-se-fait-histoire\/#primaryimage","url":"https:\/\/www.cgfmanet.org\/wp-content\/uploads\/2019\/12\/La-consacrazione.jpg","contentUrl":"https:\/\/www.cgfmanet.org\/wp-content\/uploads\/2019\/12\/La-consacrazione.jpg"},{"@type":"BreadcrumbList","@id":"https:\/\/www.cgfmanet.org\/fr\/une-memoire-qui-se-fait-histoire\/#breadcrumb","itemListElement":[{"@type":"ListItem","position":1,"name":"Home","item":"https:\/\/www.cgfmanet.org\/fr\/"},{"@type":"ListItem","position":2,"name":"Une M\u00e9moire qui se fait histoire"}]},{"@type":"WebSite","@id":"https:\/\/www.cgfmanet.org\/es\/#website","url":"https:\/\/www.cgfmanet.org\/es\/","name":"Istituto Figlie di Maria Ausiliatrice","description":"Salesiane di Don Bosco","publisher":{"@id":"https:\/\/www.cgfmanet.org\/es\/#organization"},"potentialAction":[{"@type":"SearchAction","target":{"@type":"EntryPoint","urlTemplate":"https:\/\/www.cgfmanet.org\/es\/?s={search_term_string}"},"query-input":{"@type":"PropertyValueSpecification","valueRequired":true,"valueName":"search_term_string"}}],"inLanguage":"fr-FR"},{"@type":"Organization","@id":"https:\/\/www.cgfmanet.org\/es\/#organization","name":"Istituto Figlie di Maria Ausiliatrice","url":"https:\/\/www.cgfmanet.org\/es\/","logo":{"@type":"ImageObject","inLanguage":"fr-FR","@id":"https:\/\/www.cgfmanet.org\/es\/#\/schema\/logo\/image\/","url":"https:\/\/www.cgfmanet.org\/wp-content\/uploads\/2018\/10\/logo-fma.png","contentUrl":"https:\/\/www.cgfmanet.org\/wp-content\/uploads\/2018\/10\/logo-fma.png","width":214,"height":55,"caption":"Istituto Figlie di Maria Ausiliatrice"},"image":{"@id":"https:\/\/www.cgfmanet.org\/es\/#\/schema\/logo\/image\/"},"sameAs":["https:\/\/www.facebook.com\/salesian.sisters.of.don.bosco\/","https:\/\/x.com\/Cgfmanet_Org","https:\/\/www.youtube.com\/channel\/UCmcr8yFQBV7JXeXVxyV9y5Q"]}]}},"_links":{"self":[{"href":"https:\/\/www.cgfmanet.org\/fr\/wp-json\/wp\/v2\/pages\/15034","targetHints":{"allow":["GET"]}}],"collection":[{"href":"https:\/\/www.cgfmanet.org\/fr\/wp-json\/wp\/v2\/pages"}],"about":[{"href":"https:\/\/www.cgfmanet.org\/fr\/wp-json\/wp\/v2\/types\/page"}],"author":[{"embeddable":true,"href":"https:\/\/www.cgfmanet.org\/fr\/wp-json\/wp\/v2\/users\/45"}],"replies":[{"embeddable":true,"href":"https:\/\/www.cgfmanet.org\/fr\/wp-json\/wp\/v2\/comments?post=15034"}],"version-history":[{"count":0,"href":"https:\/\/www.cgfmanet.org\/fr\/wp-json\/wp\/v2\/pages\/15034\/revisions"}],"wp:attachment":[{"href":"https:\/\/www.cgfmanet.org\/fr\/wp-json\/wp\/v2\/media?parent=15034"}],"curies":[{"name":"wp","href":"https:\/\/api.w.org\/{rel}","templated":true}]}}