{"id":15020,"date":"2019-11-13T12:50:18","date_gmt":"2019-11-13T11:50:18","guid":{"rendered":"https:\/\/www.cgfmanet.org\/maria-domenica-mazzarello\/"},"modified":"2019-12-30T15:45:59","modified_gmt":"2019-12-30T14:45:59","slug":"maria-domenica-mazzarello","status":"publish","type":"page","link":"https:\/\/www.cgfmanet.org\/fr\/maria-domenica-mazzarello\/","title":{"rendered":"Maria Domenica Mazzarello"},"content":{"rendered":"<div style=\"margin-top: 50px;\"><strong><img decoding=\"async\" class=\"wp-image-13741 alignleft lazyload\" data-src=\"https:\/\/www.cgfmanet.org\/wp-content\/uploads\/2019\/12\/Profilo-Madre-Mazzarello-2.jpg\" alt=\"\" width=\"251\" height=\"300\" data-srcset=\"https:\/\/www.cgfmanet.org\/wp-content\/uploads\/2019\/12\/Profilo-Madre-Mazzarello-2.jpg 1483w, https:\/\/www.cgfmanet.org\/wp-content\/uploads\/2019\/12\/Profilo-Madre-Mazzarello-2-768x920.jpg 768w, https:\/\/www.cgfmanet.org\/wp-content\/uploads\/2019\/12\/Profilo-Madre-Mazzarello-2-1283x1536.jpg 1283w, https:\/\/www.cgfmanet.org\/wp-content\/uploads\/2019\/12\/Profilo-Madre-Mazzarello-2-696x834.jpg 696w, https:\/\/www.cgfmanet.org\/wp-content\/uploads\/2019\/12\/Profilo-Madre-Mazzarello-2-351x420.jpg 351w, https:\/\/www.cgfmanet.org\/wp-content\/uploads\/2019\/12\/Profilo-Madre-Mazzarello-2-1320x1581.jpg 1320w\" data-sizes=\"auto\" src=\"data:image\/svg+xml;base64,PHN2ZyB3aWR0aD0iMSIgaGVpZ2h0PSIxIiB4bWxucz0iaHR0cDovL3d3dy53My5vcmcvMjAwMC9zdmciPjwvc3ZnPg==\" style=\"--smush-placeholder-width: 251px; --smush-placeholder-aspect-ratio: 251\/300;\" data-original-sizes=\"(max-width: 251px) 100vw, 251px\" \/>Santa Maria Domenica Mazzarello<\/strong> nasce il 9 maggio 1837 a Mornese (Italia) e muore il 14 maggio 1881 a Nizza Monferrato (Italia). Confondatrice, insieme a Don Bosco, dell&rsquo;Istituto delle Figlie di Maria Ausiliatrice. <strong>Beatificata il 20 novembre 1938; Canonizzata il 24 giugno 1951.<\/strong><\/div>\n<div><\/div>\n<p>Maria Domenica nasce in una numerosa famiglia di contadini. Dotata di una non comune forza fisica, fin da ragazza lavora nei campi con il padre Giuseppe. In famiglia viene formata a un profondo senso di Dio, a una laboriosit\u00e0 instancabile e a quello spiccato senso pratico e profondit\u00e0 di giudizio che manifest\u00f2 in seguito anche come Superiora. Nel 1855 si iscrive all\u2019<strong>Associazione delle Figlie dell\u2019Immacolata<\/strong> coltivando una profonda spiritualit\u00e0 apostolica.<\/p>\n<p>Nel <strong>1860<\/strong> anche il paese di Mornese \u00e8 colpito dal tifo. Il suo confessore <strong>Don Domenico Pestarino<\/strong> le suggerisce di andare a curare alcuni parenti bisognosi di assistenza. Maria accetta, pur consapevole di prendere il contagio, e di fatto si ammala. Ricuperata la salute, \u00e8 per\u00f2 costretta a lasciare il lavoro agricolo non solo per la perdita della robustezza fisica di cui ha goduto prima, ma anche perch\u00e9 sorge in lei una chiara intuizione che considera una chiamata di Dio. Si dedica cos\u00ec all&rsquo;educazione delle ragazze del paese aprendo un laboratorio di cucito, un oratorio festivo e poi una casa per le bambine senza famiglia. Coinvolge nel suo progetto l\u2019<strong>amica Petronilla<\/strong> e impara il mestiere di <strong>sarta<\/strong> per insegnare alle ragazze povere non solo a cucire, ma soprattutto a conoscere ad amare Dio. In seguito, in una visione misteriosa, vede un grande edificio con tante ragazze che corrono nel cortile, e sente una voce: <em><strong>A te le affido<\/strong><\/em>.<br \/>\nAccoglie allora le prime orfanelle delle quali si prende cura con tenerezza di madre, coadiuvata in questa missione da alcune altre giovani appartenenti alle <strong>Figlie dell\u2019Immacolata.<\/strong><strong>\u00a0<\/strong><\/p>\n<p>Nel <strong>1864<\/strong> Don Bosco da Torino giunge a Mornese con i suoi giovani in occasione di una passeggiata autunnale e, incontrando Don Pestarino divenuto Salesiano l\u2019anno prima, avverte l\u2019esigenza di assecondare il suo desiderio di aprire un collegio per i ragazzi del paese e dei dintorni. In quell\u2019occasione Maria Domenica percepisce di trovarsi di fronte ad un santo e dice: <strong>Don Bosco \u00e8 un santo, e io lo sento<\/strong>.<br \/>\nIl Papa Pio IX, incoraggia Don Bosco, che da anni coltiva in cuore il progetto di fondare un Istituto femminile, a decidere di fare per le ragazze quello che egli sta realizzando per i ragazzi. Con la saggia collaborazione di <strong>Don Pestarino<\/strong>, sceglie tra le Figlie dell\u2019Immacolata le prime pietre fondamentali del futuro Istituto. Esse abiteranno nel collegio appena costruito a Mornese, che diviene la casa della nuova fondazione.<strong>\u00a0<\/strong><\/p>\n<p>Il <strong>5 agosto 1872<\/strong> le prime undici giovani emettono la Professione Religiosa nelle mani del Vescovo di Acqui, Mons. Giuseppe Sciadra, alla presenza di Don Bosco. L\u2019Istituto chiamato <em>Figlie di Maria Ausiliatrice<\/em> cresce rapidamente e suor Maria Mazzarello come Superiora si dimostra abile formatrice e maestra di vita spirituale. Tra lei e Don Bosco vi \u00e8 una sintonia profonda a livello carismatico: Maria Domenica ha una spiccata capacit\u00e0 educativa, il dono dell&rsquo;allegria serena e rasserenante, e l\u2019arte di coinvolgere altre giovani nell&rsquo;impegno di dedicarsi alla promozione della donna, perch\u00e9 possa essere nella famiglia, nella Chiesa e nella societ\u00e0 buona cristiana e onesta cittadina.<\/p>\n<p>Nel <strong>1877<\/strong>, condividendo l\u2019ardore missionario dei Confratelli Salesiani, le prime sei FMA partono per le missioni e fondano la <strong>Prima Comunit\u00e0 in Uruguay,<\/strong> a cui seguiranno dopo un anno le case in <strong>Argentina<\/strong>.<strong>\u00a0<\/strong><\/p>\n<p>Suor Maria Domenica, colpita a 44 anni da una grave forma di pleurite, muore <strong>il 14 maggio 1881 a Nizza Monferrato<\/strong> dove due anni prima \u00e8 stata trasferita la prima comunit\u00e0 delle FMA. Da allora si chiamer\u00e0 <em>Casa-madre<\/em>.<\/p>\n<p>Alle sue Figlie lascia una tradizione educativa tutta permeata di valori evangelici: la ricerca di Dio conosciuto attraverso una catechesi illuminata, l\u2019amore ardente a Ges\u00f9 Eucaristia e la fiducia filiale in Maria Ausiliatrice, la responsabilit\u00e0 nel lavoro, la schiettezza, l&rsquo;umilt\u00e0 e la gioia, la sobriet\u00e0 di vita e la totale donazione di s\u00e9 nella ricerca del vero bene delle ragazze soprattutto povere e bisognose sia in patria che nei vari paesi di missione.<\/p>\n\r\n                <style type=\"text\/css\">\r\n                    \r\n                    #tdi_1  .td-doubleSlider-2 .td-item1 {\r\n                        background: url(https:\/\/www.cgfmanet.org\/wp-content\/uploads\/2019\/12\/1-Mornese-80x60.jpg) 0 0 no-repeat;\r\n                    }\r\n                    #tdi_1  .td-doubleSlider-2 .td-item2 {\r\n                        background: url(https:\/\/www.cgfmanet.org\/wp-content\/uploads\/2019\/12\/2-La-cameretta-di-M.-Mazzarello-80x60.jpg) 0 0 no-repeat;\r\n                    }\r\n                    #tdi_1  .td-doubleSlider-2 .td-item3 {\r\n                        background: url(https:\/\/www.cgfmanet.org\/wp-content\/uploads\/2019\/12\/2-La-Casa-natia-80x60.jpg) 0 0 no-repeat;\r\n                    }\r\n                    #tdi_1  .td-doubleSlider-2 .td-item4 {\r\n                        background: url(https:\/\/www.cgfmanet.org\/wp-content\/uploads\/2019\/12\/3-La-Chiesetta-Maria-Ausiliatrice-80x60.jpg) 0 0 no-repeat;\r\n                    }\r\n                    #tdi_1  .td-doubleSlider-2 .td-item5 {\r\n                        background: url(https:\/\/www.cgfmanet.org\/wp-content\/uploads\/2019\/12\/4-Il-Santuario-Santa-Maria-Mazzarello-80x60.jpg) 0 0 no-repeat;\r\n                    }\r\n                    #tdi_1  .td-doubleSlider-2 .td-item6 {\r\n                        background: url(https:\/\/www.cgfmanet.org\/wp-content\/uploads\/2019\/12\/5-Il-Santuario-Santa-Maria-Mazzarello-2-80x60.jpg) 0 0 no-repeat;\r\n                    }\r\n                    #tdi_1  .td-doubleSlider-2 .td-item7 {\r\n                        background: url(https:\/\/www.cgfmanet.org\/wp-content\/uploads\/2019\/12\/6-Loratorio-Festivo-80x60.jpg) 0 0 no-repeat;\r\n                    }\r\n                    #tdi_1  .td-doubleSlider-2 .td-item8 {\r\n                        background: url(https:\/\/www.cgfmanet.org\/wp-content\/uploads\/2019\/12\/7-La-Parrocchia-Santa-Maria-2-80x60.jpg) 0 0 no-repeat;\r\n                    }\r\n                    #tdi_1  .td-doubleSlider-2 .td-item9 {\r\n                        background: url(https:\/\/www.cgfmanet.org\/wp-content\/uploads\/2019\/12\/8-Il-Collegio-80x60.jpg) 0 0 no-repeat;\r\n                    }\r\n                    #tdi_1  .td-doubleSlider-2 .td-item10 {\r\n                        background: url(https:\/\/www.cgfmanet.org\/wp-content\/uploads\/2019\/12\/10-La-Cappella-del-Collegio-80x60.jpg) 0 0 no-repeat;\r\n                    }\r\n                    #tdi_1  .td-doubleSlider-2 .td-item11 {\r\n                        background: url(https:\/\/www.cgfmanet.org\/wp-content\/uploads\/2019\/12\/12-La-Valponasca-80x60.jpg) 0 0 no-repeat;\r\n                    }\r\n                    #tdi_1  .td-doubleSlider-2 .td-item12 {\r\n                        background: url(https:\/\/www.cgfmanet.org\/wp-content\/uploads\/2019\/12\/13-I-vigneti-alla-Valponasca-80x60.jpg) 0 0 no-repeat;\r\n                    }\r\n                <\/style>\r\n\r\n                <div id=\"tdi_1\" class=\"td-gallery td-slide-on-2-columns\">\r\n                    <div class=\"post_td_gallery\">\r\n                        <div class=\"td-gallery-slide-top\">\r\n                           <div class=\"td-gallery-title\">I luoghi della Santa<\/div>\r\n\r\n                            <div class=\"td-gallery-controls-wrapper\">\r\n                                <div class=\"td-gallery-slide-count\"><span class=\"td-gallery-slide-item-focus\">1<\/span> de 12<\/div>\r\n                                <div class=\"td-gallery-slide-prev-next-but\">\r\n                                    <i class = \"td-icon-left doubleSliderPrevButton\"><\/i>\r\n                                    <i class = \"td-icon-right doubleSliderNextButton\"><\/i>\r\n                                <\/div>\r\n                            <\/div>\r\n                        <\/div>\r\n\r\n                        <div class = \"td-doubleSlider-1 \">\r\n                            <div class = \"td-slider\">\r\n                                \r\n                    <div class = \"td-slide-item td-item1\">\r\n                        <figure class=\"td-slide-galery-figure td-slide-popup-gallery\">\r\n                            <a class=\"slide-gallery-image-link\" href=\"https:\/\/www.cgfmanet.org\/wp-content\/uploads\/2019\/12\/1-Mornese.jpg\" title=\"1 Mornese\"  data-caption=\"Mornese, paesaggio\"  data-description=\"\">\r\n                                <img decoding=\"async\" data-src=\"https:\/\/www.cgfmanet.org\/wp-content\/uploads\/2019\/12\/1-Mornese-627x420.jpg\" data-srcset=\"https:\/\/www.cgfmanet.org\/wp-content\/uploads\/2019\/12\/1-Mornese-627x420.jpg 627w, https:\/\/www.cgfmanet.org\/wp-content\/uploads\/2019\/12\/1-Mornese-768x514.jpg 768w, https:\/\/www.cgfmanet.org\/wp-content\/uploads\/2019\/12\/1-Mornese-696x466.jpg 696w, https:\/\/www.cgfmanet.org\/wp-content\/uploads\/2019\/12\/1-Mornese-1320x884.jpg 1320w, https:\/\/www.cgfmanet.org\/wp-content\/uploads\/2019\/12\/1-Mornese.jpg 1500w\" data-sizes=\"auto\" alt=\"\" src=\"data:image\/svg+xml;base64,PHN2ZyB3aWR0aD0iMSIgaGVpZ2h0PSIxIiB4bWxucz0iaHR0cDovL3d3dy53My5vcmcvMjAwMC9zdmciPjwvc3ZnPg==\" class=\"lazyload\" style=\"--smush-placeholder-width: 627px; --smush-placeholder-aspect-ratio: 627\/420;\" data-original-sizes=\"(max-width: 627px) 100vw, 627px\">\r\n                            <\/a>\r\n                            <figcaption class = \"td-slide-caption td-gallery-slide-content\"><div class = \"td-gallery-slide-copywrite\">Mornese, paesaggio<\/div><\/figcaption>\r\n                        <\/figure>\r\n                    <\/div>\r\n                    <div class = \"td-slide-item td-item2\">\r\n                        <figure class=\"td-slide-galery-figure td-slide-popup-gallery\">\r\n                            <a class=\"slide-gallery-image-link\" href=\"https:\/\/www.cgfmanet.org\/wp-content\/uploads\/2019\/12\/2-La-cameretta-di-M.-Mazzarello.jpg\" title=\"2 La cameretta di M. Mazzarello\"  data-caption=\"La cameretta di Madre Mazzarello\"  data-description=\"\">\r\n                                <img decoding=\"async\" data-src=\"https:\/\/www.cgfmanet.org\/wp-content\/uploads\/2019\/12\/2-La-cameretta-di-M.-Mazzarello-627x420.jpg\" data-srcset=\"https:\/\/www.cgfmanet.org\/wp-content\/uploads\/2019\/12\/2-La-cameretta-di-M.-Mazzarello-627x420.jpg 627w, https:\/\/www.cgfmanet.org\/wp-content\/uploads\/2019\/12\/2-La-cameretta-di-M.-Mazzarello-768x514.jpg 768w, https:\/\/www.cgfmanet.org\/wp-content\/uploads\/2019\/12\/2-La-cameretta-di-M.-Mazzarello-696x466.jpg 696w, https:\/\/www.cgfmanet.org\/wp-content\/uploads\/2019\/12\/2-La-cameretta-di-M.-Mazzarello-1320x884.jpg 1320w, https:\/\/www.cgfmanet.org\/wp-content\/uploads\/2019\/12\/2-La-cameretta-di-M.-Mazzarello.jpg 1500w\" data-sizes=\"auto\" alt=\"\" src=\"data:image\/svg+xml;base64,PHN2ZyB3aWR0aD0iMSIgaGVpZ2h0PSIxIiB4bWxucz0iaHR0cDovL3d3dy53My5vcmcvMjAwMC9zdmciPjwvc3ZnPg==\" class=\"lazyload\" style=\"--smush-placeholder-width: 627px; --smush-placeholder-aspect-ratio: 627\/420;\" data-original-sizes=\"(max-width: 627px) 100vw, 627px\">\r\n                            <\/a>\r\n                            <figcaption class = \"td-slide-caption td-gallery-slide-content\"><div class = \"td-gallery-slide-copywrite\">La cameretta di Madre Mazzarello<\/div><\/figcaption>\r\n                        <\/figure>\r\n                    <\/div>\r\n                    <div class = \"td-slide-item td-item3\">\r\n                        <figure class=\"td-slide-galery-figure td-slide-popup-gallery\">\r\n                            <a class=\"slide-gallery-image-link\" href=\"https:\/\/www.cgfmanet.org\/wp-content\/uploads\/2019\/12\/2-La-Casa-natia-scaled.jpg\" title=\"2 La Casa-natia\"  data-caption=\"La Casa-natia\"  data-description=\"\">\r\n                                <img decoding=\"async\" data-src=\"https:\/\/www.cgfmanet.org\/wp-content\/uploads\/2019\/12\/2-La-Casa-natia-627x420.jpg\" data-srcset=\"https:\/\/www.cgfmanet.org\/wp-content\/uploads\/2019\/12\/2-La-Casa-natia-627x420.jpg 627w, https:\/\/www.cgfmanet.org\/wp-content\/uploads\/2019\/12\/2-La-Casa-natia-768x514.jpg 768w, https:\/\/www.cgfmanet.org\/wp-content\/uploads\/2019\/12\/2-La-Casa-natia-1536x1028.jpg 1536w, https:\/\/www.cgfmanet.org\/wp-content\/uploads\/2019\/12\/2-La-Casa-natia-2048x1371.jpg 2048w, https:\/\/www.cgfmanet.org\/wp-content\/uploads\/2019\/12\/2-La-Casa-natia-696x466.jpg 696w, https:\/\/www.cgfmanet.org\/wp-content\/uploads\/2019\/12\/2-La-Casa-natia-1320x884.jpg 1320w\" data-sizes=\"auto\" alt=\"\" src=\"data:image\/svg+xml;base64,PHN2ZyB3aWR0aD0iMSIgaGVpZ2h0PSIxIiB4bWxucz0iaHR0cDovL3d3dy53My5vcmcvMjAwMC9zdmciPjwvc3ZnPg==\" class=\"lazyload\" style=\"--smush-placeholder-width: 627px; --smush-placeholder-aspect-ratio: 627\/420;\" data-original-sizes=\"(max-width: 627px) 100vw, 627px\">\r\n                            <\/a>\r\n                            <figcaption class = \"td-slide-caption td-gallery-slide-content\"><div class = \"td-gallery-slide-copywrite\">La Casa-natia<\/div><\/figcaption>\r\n                        <\/figure>\r\n                    <\/div>\r\n                    <div class = \"td-slide-item td-item4\">\r\n                        <figure class=\"td-slide-galery-figure td-slide-popup-gallery\">\r\n                            <a class=\"slide-gallery-image-link\" href=\"https:\/\/www.cgfmanet.org\/wp-content\/uploads\/2019\/12\/3-La-Chiesetta-Maria-Ausiliatrice.jpg\" title=\"I luoghi della Santa\"  data-caption=\"La Chiesetta Maria Ausiliatrice\"  data-description=\"\">\r\n                                <img decoding=\"async\" data-src=\"https:\/\/www.cgfmanet.org\/wp-content\/uploads\/2019\/12\/3-La-Chiesetta-Maria-Ausiliatrice-534x420.jpg\" data-srcset=\"https:\/\/www.cgfmanet.org\/wp-content\/uploads\/2019\/12\/3-La-Chiesetta-Maria-Ausiliatrice-534x420.jpg 534w, https:\/\/www.cgfmanet.org\/wp-content\/uploads\/2019\/12\/3-La-Chiesetta-Maria-Ausiliatrice-768x604.jpg 768w, https:\/\/www.cgfmanet.org\/wp-content\/uploads\/2019\/12\/3-La-Chiesetta-Maria-Ausiliatrice-696x548.jpg 696w, https:\/\/www.cgfmanet.org\/wp-content\/uploads\/2019\/12\/3-La-Chiesetta-Maria-Ausiliatrice-1320x1038.jpg 1320w, https:\/\/www.cgfmanet.org\/wp-content\/uploads\/2019\/12\/3-La-Chiesetta-Maria-Ausiliatrice.jpg 1500w\" data-sizes=\"auto\" alt=\"\" src=\"data:image\/svg+xml;base64,PHN2ZyB3aWR0aD0iMSIgaGVpZ2h0PSIxIiB4bWxucz0iaHR0cDovL3d3dy53My5vcmcvMjAwMC9zdmciPjwvc3ZnPg==\" class=\"lazyload\" style=\"--smush-placeholder-width: 534px; --smush-placeholder-aspect-ratio: 534\/420;\" data-original-sizes=\"(max-width: 534px) 100vw, 534px\">\r\n                            <\/a>\r\n                            <figcaption class = \"td-slide-caption td-gallery-slide-content\"><div class = \"td-gallery-slide-copywrite\">La Chiesetta Maria Ausiliatrice<\/div><\/figcaption>\r\n                        <\/figure>\r\n                    <\/div>\r\n                    <div class = \"td-slide-item td-item5\">\r\n                        <figure class=\"td-slide-galery-figure td-slide-popup-gallery\">\r\n                            <a class=\"slide-gallery-image-link\" href=\"https:\/\/www.cgfmanet.org\/wp-content\/uploads\/2019\/12\/4-Il-Santuario-Santa-Maria-Mazzarello.jpg\" title=\"4 Il Santuario Santa Maria Mazzarello\"  data-caption=\"Il Santuario Santa Maria Mazzarello\"  data-description=\"\">\r\n                                <img decoding=\"async\" data-src=\"https:\/\/www.cgfmanet.org\/wp-content\/uploads\/2019\/12\/4-Il-Santuario-Santa-Maria-Mazzarello-625x420.jpg\" data-srcset=\"https:\/\/www.cgfmanet.org\/wp-content\/uploads\/2019\/12\/4-Il-Santuario-Santa-Maria-Mazzarello-625x420.jpg 625w, https:\/\/www.cgfmanet.org\/wp-content\/uploads\/2019\/12\/4-Il-Santuario-Santa-Maria-Mazzarello-768x516.jpg 768w, https:\/\/www.cgfmanet.org\/wp-content\/uploads\/2019\/12\/4-Il-Santuario-Santa-Maria-Mazzarello-696x468.jpg 696w, https:\/\/www.cgfmanet.org\/wp-content\/uploads\/2019\/12\/4-Il-Santuario-Santa-Maria-Mazzarello-1320x887.jpg 1320w, https:\/\/www.cgfmanet.org\/wp-content\/uploads\/2019\/12\/4-Il-Santuario-Santa-Maria-Mazzarello.jpg 1500w\" data-sizes=\"auto\" alt=\"\" src=\"data:image\/svg+xml;base64,PHN2ZyB3aWR0aD0iMSIgaGVpZ2h0PSIxIiB4bWxucz0iaHR0cDovL3d3dy53My5vcmcvMjAwMC9zdmciPjwvc3ZnPg==\" class=\"lazyload\" style=\"--smush-placeholder-width: 625px; --smush-placeholder-aspect-ratio: 625\/420;\" data-original-sizes=\"(max-width: 625px) 100vw, 625px\">\r\n                            <\/a>\r\n                            <figcaption class = \"td-slide-caption td-gallery-slide-content\"><div class = \"td-gallery-slide-copywrite\">Il Santuario Santa Maria Mazzarello<\/div><\/figcaption>\r\n                        <\/figure>\r\n                    <\/div>\r\n                    <div class = \"td-slide-item td-item6\">\r\n                        <figure class=\"td-slide-galery-figure td-slide-popup-gallery\">\r\n                            <a class=\"slide-gallery-image-link\" href=\"https:\/\/www.cgfmanet.org\/wp-content\/uploads\/2019\/12\/5-Il-Santuario-Santa-Maria-Mazzarello-2.jpg\" title=\"5 Il Santuario Santa Maria Mazzarello 2\"  data-caption=\"Il Santuario Santa Maria Mazzarello\"  data-description=\"\">\r\n                                <img decoding=\"async\" data-src=\"https:\/\/www.cgfmanet.org\/wp-content\/uploads\/2019\/12\/5-Il-Santuario-Santa-Maria-Mazzarello-2-625x420.jpg\" data-srcset=\"https:\/\/www.cgfmanet.org\/wp-content\/uploads\/2019\/12\/5-Il-Santuario-Santa-Maria-Mazzarello-2-625x420.jpg 625w, https:\/\/www.cgfmanet.org\/wp-content\/uploads\/2019\/12\/5-Il-Santuario-Santa-Maria-Mazzarello-2-768x516.jpg 768w, https:\/\/www.cgfmanet.org\/wp-content\/uploads\/2019\/12\/5-Il-Santuario-Santa-Maria-Mazzarello-2-696x468.jpg 696w, https:\/\/www.cgfmanet.org\/wp-content\/uploads\/2019\/12\/5-Il-Santuario-Santa-Maria-Mazzarello-2-1320x887.jpg 1320w, https:\/\/www.cgfmanet.org\/wp-content\/uploads\/2019\/12\/5-Il-Santuario-Santa-Maria-Mazzarello-2.jpg 1500w\" data-sizes=\"auto\" alt=\"\" src=\"data:image\/svg+xml;base64,PHN2ZyB3aWR0aD0iMSIgaGVpZ2h0PSIxIiB4bWxucz0iaHR0cDovL3d3dy53My5vcmcvMjAwMC9zdmciPjwvc3ZnPg==\" class=\"lazyload\" style=\"--smush-placeholder-width: 625px; --smush-placeholder-aspect-ratio: 625\/420;\" data-original-sizes=\"(max-width: 625px) 100vw, 625px\">\r\n                            <\/a>\r\n                            <figcaption class = \"td-slide-caption td-gallery-slide-content\"><div class = \"td-gallery-slide-copywrite\">Il Santuario Santa Maria Mazzarello<\/div><\/figcaption>\r\n                        <\/figure>\r\n                    <\/div>\r\n                    <div class = \"td-slide-item td-item7\">\r\n                        <figure class=\"td-slide-galery-figure td-slide-popup-gallery\">\r\n                            <a class=\"slide-gallery-image-link\" href=\"https:\/\/www.cgfmanet.org\/wp-content\/uploads\/2019\/12\/6-Loratorio-Festivo.jpg\" title=\"6 L'oratorio Festivo\"  data-caption=\"L&#039;Oratorio Festivo\"  data-description=\"\">\r\n                                <img decoding=\"async\" data-src=\"https:\/\/www.cgfmanet.org\/wp-content\/uploads\/2019\/12\/6-Loratorio-Festivo-625x420.jpg\" data-srcset=\"https:\/\/www.cgfmanet.org\/wp-content\/uploads\/2019\/12\/6-Loratorio-Festivo-625x420.jpg 625w, https:\/\/www.cgfmanet.org\/wp-content\/uploads\/2019\/12\/6-Loratorio-Festivo-768x516.jpg 768w, https:\/\/www.cgfmanet.org\/wp-content\/uploads\/2019\/12\/6-Loratorio-Festivo-696x468.jpg 696w, https:\/\/www.cgfmanet.org\/wp-content\/uploads\/2019\/12\/6-Loratorio-Festivo-1320x887.jpg 1320w, https:\/\/www.cgfmanet.org\/wp-content\/uploads\/2019\/12\/6-Loratorio-Festivo.jpg 1500w\" data-sizes=\"auto\" alt=\"\" src=\"data:image\/svg+xml;base64,PHN2ZyB3aWR0aD0iMSIgaGVpZ2h0PSIxIiB4bWxucz0iaHR0cDovL3d3dy53My5vcmcvMjAwMC9zdmciPjwvc3ZnPg==\" class=\"lazyload\" style=\"--smush-placeholder-width: 625px; --smush-placeholder-aspect-ratio: 625\/420;\" data-original-sizes=\"(max-width: 625px) 100vw, 625px\">\r\n                            <\/a>\r\n                            <figcaption class = \"td-slide-caption td-gallery-slide-content\"><div class = \"td-gallery-slide-copywrite\">L'Oratorio Festivo<\/div><\/figcaption>\r\n                        <\/figure>\r\n                    <\/div>\r\n                    <div class = \"td-slide-item td-item8\">\r\n                        <figure class=\"td-slide-galery-figure td-slide-popup-gallery\">\r\n                            <a class=\"slide-gallery-image-link\" href=\"https:\/\/www.cgfmanet.org\/wp-content\/uploads\/2019\/12\/7-La-Parrocchia-Santa-Maria-2.jpg\" title=\"7 La Parrocchia Santa Maria (2)\"  data-caption=\"La Parrocchia Santa Maria\"  data-description=\"\">\r\n                                <img decoding=\"async\" data-src=\"https:\/\/www.cgfmanet.org\/wp-content\/uploads\/2019\/12\/7-La-Parrocchia-Santa-Maria-2-592x420.jpg\" data-srcset=\"https:\/\/www.cgfmanet.org\/wp-content\/uploads\/2019\/12\/7-La-Parrocchia-Santa-Maria-2-592x420.jpg 592w, https:\/\/www.cgfmanet.org\/wp-content\/uploads\/2019\/12\/7-La-Parrocchia-Santa-Maria-2-768x545.jpg 768w, https:\/\/www.cgfmanet.org\/wp-content\/uploads\/2019\/12\/7-La-Parrocchia-Santa-Maria-2-100x70.jpg 100w, https:\/\/www.cgfmanet.org\/wp-content\/uploads\/2019\/12\/7-La-Parrocchia-Santa-Maria-2-696x494.jpg 696w, https:\/\/www.cgfmanet.org\/wp-content\/uploads\/2019\/12\/7-La-Parrocchia-Santa-Maria-2-1320x937.jpg 1320w, https:\/\/www.cgfmanet.org\/wp-content\/uploads\/2019\/12\/7-La-Parrocchia-Santa-Maria-2.jpg 1500w\" data-sizes=\"auto\" alt=\"\" src=\"data:image\/svg+xml;base64,PHN2ZyB3aWR0aD0iMSIgaGVpZ2h0PSIxIiB4bWxucz0iaHR0cDovL3d3dy53My5vcmcvMjAwMC9zdmciPjwvc3ZnPg==\" class=\"lazyload\" style=\"--smush-placeholder-width: 592px; --smush-placeholder-aspect-ratio: 592\/420;\" data-original-sizes=\"(max-width: 592px) 100vw, 592px\">\r\n                            <\/a>\r\n                            <figcaption class = \"td-slide-caption td-gallery-slide-content\"><div class = \"td-gallery-slide-copywrite\">La Parrocchia Santa Maria<\/div><\/figcaption>\r\n                        <\/figure>\r\n                    <\/div>\r\n                    <div class = \"td-slide-item td-item9\">\r\n                        <figure class=\"td-slide-galery-figure td-slide-popup-gallery\">\r\n                            <a class=\"slide-gallery-image-link\" href=\"https:\/\/www.cgfmanet.org\/wp-content\/uploads\/2019\/12\/8-Il-Collegio.jpg\" title=\"8 Il Collegio\"  data-caption=\"Il Collegio\"  data-description=\"\">\r\n                                <img decoding=\"async\" data-src=\"https:\/\/www.cgfmanet.org\/wp-content\/uploads\/2019\/12\/8-Il-Collegio-627x420.jpg\" data-srcset=\"https:\/\/www.cgfmanet.org\/wp-content\/uploads\/2019\/12\/8-Il-Collegio-627x420.jpg 627w, https:\/\/www.cgfmanet.org\/wp-content\/uploads\/2019\/12\/8-Il-Collegio-768x514.jpg 768w, https:\/\/www.cgfmanet.org\/wp-content\/uploads\/2019\/12\/8-Il-Collegio-696x466.jpg 696w, https:\/\/www.cgfmanet.org\/wp-content\/uploads\/2019\/12\/8-Il-Collegio-1320x884.jpg 1320w, https:\/\/www.cgfmanet.org\/wp-content\/uploads\/2019\/12\/8-Il-Collegio.jpg 1500w\" data-sizes=\"auto\" alt=\"\" src=\"data:image\/svg+xml;base64,PHN2ZyB3aWR0aD0iMSIgaGVpZ2h0PSIxIiB4bWxucz0iaHR0cDovL3d3dy53My5vcmcvMjAwMC9zdmciPjwvc3ZnPg==\" class=\"lazyload\" style=\"--smush-placeholder-width: 627px; --smush-placeholder-aspect-ratio: 627\/420;\" data-original-sizes=\"(max-width: 627px) 100vw, 627px\">\r\n                            <\/a>\r\n                            <figcaption class = \"td-slide-caption td-gallery-slide-content\"><div class = \"td-gallery-slide-copywrite\">Il Collegio<\/div><\/figcaption>\r\n                        <\/figure>\r\n                    <\/div>\r\n                    <div class = \"td-slide-item td-item10\">\r\n                        <figure class=\"td-slide-galery-figure td-slide-popup-gallery\">\r\n                            <a class=\"slide-gallery-image-link\" href=\"https:\/\/www.cgfmanet.org\/wp-content\/uploads\/2019\/12\/10-La-Cappella-del-Collegio.jpg\" title=\"10 La Cappella del Collegio\"  data-caption=\"La Cappella del Collegio\"  data-description=\"\">\r\n                                <img decoding=\"async\" data-src=\"https:\/\/www.cgfmanet.org\/wp-content\/uploads\/2019\/12\/10-La-Cappella-del-Collegio-627x420.jpg\" data-srcset=\"https:\/\/www.cgfmanet.org\/wp-content\/uploads\/2019\/12\/10-La-Cappella-del-Collegio-627x420.jpg 627w, https:\/\/www.cgfmanet.org\/wp-content\/uploads\/2019\/12\/10-La-Cappella-del-Collegio-768x514.jpg 768w, https:\/\/www.cgfmanet.org\/wp-content\/uploads\/2019\/12\/10-La-Cappella-del-Collegio-696x466.jpg 696w, https:\/\/www.cgfmanet.org\/wp-content\/uploads\/2019\/12\/10-La-Cappella-del-Collegio-1320x884.jpg 1320w, https:\/\/www.cgfmanet.org\/wp-content\/uploads\/2019\/12\/10-La-Cappella-del-Collegio.jpg 1500w\" data-sizes=\"auto\" alt=\"\" src=\"data:image\/svg+xml;base64,PHN2ZyB3aWR0aD0iMSIgaGVpZ2h0PSIxIiB4bWxucz0iaHR0cDovL3d3dy53My5vcmcvMjAwMC9zdmciPjwvc3ZnPg==\" class=\"lazyload\" style=\"--smush-placeholder-width: 627px; --smush-placeholder-aspect-ratio: 627\/420;\" data-original-sizes=\"(max-width: 627px) 100vw, 627px\">\r\n                            <\/a>\r\n                            <figcaption class = \"td-slide-caption td-gallery-slide-content\"><div class = \"td-gallery-slide-copywrite\">La Cappella del Collegio<\/div><\/figcaption>\r\n                        <\/figure>\r\n                    <\/div>\r\n                    <div class = \"td-slide-item td-item11\">\r\n                        <figure class=\"td-slide-galery-figure td-slide-popup-gallery\">\r\n                            <a class=\"slide-gallery-image-link\" href=\"https:\/\/www.cgfmanet.org\/wp-content\/uploads\/2019\/12\/12-La-Valponasca.jpg\" title=\"12 La Valponasca\"  data-caption=\"La Valponasca\"  data-description=\"\">\r\n                                <img decoding=\"async\" data-src=\"https:\/\/www.cgfmanet.org\/wp-content\/uploads\/2019\/12\/12-La-Valponasca-582x420.jpg\" data-srcset=\"https:\/\/www.cgfmanet.org\/wp-content\/uploads\/2019\/12\/12-La-Valponasca-582x420.jpg 582w, https:\/\/www.cgfmanet.org\/wp-content\/uploads\/2019\/12\/12-La-Valponasca-768x554.jpg 768w, https:\/\/www.cgfmanet.org\/wp-content\/uploads\/2019\/12\/12-La-Valponasca-324x235.jpg 324w, https:\/\/www.cgfmanet.org\/wp-content\/uploads\/2019\/12\/12-La-Valponasca-696x502.jpg 696w, https:\/\/www.cgfmanet.org\/wp-content\/uploads\/2019\/12\/12-La-Valponasca-1320x952.jpg 1320w, https:\/\/www.cgfmanet.org\/wp-content\/uploads\/2019\/12\/12-La-Valponasca.jpg 1500w\" data-sizes=\"auto\" alt=\"\" src=\"data:image\/svg+xml;base64,PHN2ZyB3aWR0aD0iMSIgaGVpZ2h0PSIxIiB4bWxucz0iaHR0cDovL3d3dy53My5vcmcvMjAwMC9zdmciPjwvc3ZnPg==\" class=\"lazyload\" style=\"--smush-placeholder-width: 582px; --smush-placeholder-aspect-ratio: 582\/420;\" data-original-sizes=\"(max-width: 582px) 100vw, 582px\">\r\n                            <\/a>\r\n                            <figcaption class = \"td-slide-caption td-gallery-slide-content\"><div class = \"td-gallery-slide-copywrite\">La Valponasca<\/div><\/figcaption>\r\n                        <\/figure>\r\n                    <\/div>\r\n                    <div class = \"td-slide-item td-item12\">\r\n                        <figure class=\"td-slide-galery-figure td-slide-popup-gallery\">\r\n                            <a class=\"slide-gallery-image-link\" href=\"https:\/\/www.cgfmanet.org\/wp-content\/uploads\/2019\/12\/13-I-vigneti-alla-Valponasca.jpg\" title=\"13 I vigneti alla Valponasca\"  data-caption=\"I Vignati della Valponasca\"  data-description=\"\">\r\n                                <img decoding=\"async\" data-src=\"https:\/\/www.cgfmanet.org\/wp-content\/uploads\/2019\/12\/13-I-vigneti-alla-Valponasca-627x420.jpg\" data-srcset=\"https:\/\/www.cgfmanet.org\/wp-content\/uploads\/2019\/12\/13-I-vigneti-alla-Valponasca-627x420.jpg 627w, https:\/\/www.cgfmanet.org\/wp-content\/uploads\/2019\/12\/13-I-vigneti-alla-Valponasca-768x514.jpg 768w, https:\/\/www.cgfmanet.org\/wp-content\/uploads\/2019\/12\/13-I-vigneti-alla-Valponasca-696x466.jpg 696w, https:\/\/www.cgfmanet.org\/wp-content\/uploads\/2019\/12\/13-I-vigneti-alla-Valponasca-1320x884.jpg 1320w, https:\/\/www.cgfmanet.org\/wp-content\/uploads\/2019\/12\/13-I-vigneti-alla-Valponasca.jpg 1500w\" data-sizes=\"auto\" alt=\"\" src=\"data:image\/svg+xml;base64,PHN2ZyB3aWR0aD0iMSIgaGVpZ2h0PSIxIiB4bWxucz0iaHR0cDovL3d3dy53My5vcmcvMjAwMC9zdmciPjwvc3ZnPg==\" class=\"lazyload\" style=\"--smush-placeholder-width: 627px; --smush-placeholder-aspect-ratio: 627\/420;\" data-original-sizes=\"(max-width: 627px) 100vw, 627px\">\r\n                            <\/a>\r\n                            <figcaption class = \"td-slide-caption td-gallery-slide-content\"><div class = \"td-gallery-slide-copywrite\">I Vignati della Valponasca<\/div><\/figcaption>\r\n                        <\/figure>\r\n                    <\/div>\r\n                            <\/div>\r\n                        <\/div>\r\n\r\n                        <div class = \"td-doubleSlider-2\">\r\n                            <div class = \"td-slider\">\r\n                                \r\n                    <div class = \"td-button td-item1\">\r\n                        <div class = \"td-border\"><\/div>\r\n                    <\/div>\r\n                    <div class = \"td-button td-item2\">\r\n                        <div class = \"td-border\"><\/div>\r\n                    <\/div>\r\n                    <div class = \"td-button td-item3\">\r\n                        <div class = \"td-border\"><\/div>\r\n                    <\/div>\r\n                    <div class = \"td-button td-item4\">\r\n                        <div class = \"td-border\"><\/div>\r\n                    <\/div>\r\n                    <div class = \"td-button td-item5\">\r\n                        <div class = \"td-border\"><\/div>\r\n                    <\/div>\r\n                    <div class = \"td-button td-item6\">\r\n                        <div class = \"td-border\"><\/div>\r\n                    <\/div>\r\n                    <div class = \"td-button td-item7\">\r\n                        <div class = \"td-border\"><\/div>\r\n                    <\/div>\r\n                    <div class = \"td-button td-item8\">\r\n                        <div class = \"td-border\"><\/div>\r\n                    <\/div>\r\n                    <div class = \"td-button td-item9\">\r\n                        <div class = \"td-border\"><\/div>\r\n                    <\/div>\r\n                    <div class = \"td-button td-item10\">\r\n                        <div class = \"td-border\"><\/div>\r\n                    <\/div>\r\n                    <div class = \"td-button td-item11\">\r\n                        <div class = \"td-border\"><\/div>\r\n                    <\/div>\r\n                    <div class = \"td-button td-item12\">\r\n                        <div class = \"td-border\"><\/div>\r\n                    <\/div>\r\n                            <\/div>\r\n                        <\/div>\r\n\r\n                    <\/div>\r\n\r\n                <\/div>\r\n                \n<p><a href=\"https:\/\/drive.google.com\/open?id=1vjw7nSJvYujOD7FeLwxWpJWwplgwA99w\" target=\"_blank\" rel=\"noopener noreferrer\"><strong>Lettere Madre Mazzarello<\/strong><\/a><\/p>\n<p><a href=\"https:\/\/drive.google.com\/drive\/u\/1\/folders\/17_aHUmrpsWc_DHscfuRIUuIveBz6TNIp\" target=\"_blank\" rel=\"noopener noreferrer\"><strong>Madri Generali Istituto FMA (Profili)<\/strong><\/a><\/p>\n","protected":false},"excerpt":{"rendered":"<p>Santa Maria Domenica Mazzarello nasce il 9 maggio 1837 a Mornese (Italia) e muore il 14 maggio 1881 a Nizza Monferrato (Italia). Confondatrice, insieme a Don Bosco, dell&rsquo;Istituto delle Figlie [&hellip;]<\/p>\n","protected":false},"author":45,"featured_media":0,"parent":0,"menu_order":0,"comment_status":"closed","ping_status":"closed","template":"","meta":{"footnotes":""},"class_list":["post-15020","page","type-page","status-publish"],"yoast_head":"<!-- This site is optimized with the Yoast SEO plugin v27.4 - https:\/\/yoast.com\/product\/yoast-seo-wordpress\/ -->\n<title>Maria Domenica Mazzarello &#8226; Istituto Figlie di Maria Ausiliatrice<\/title>\n<meta name=\"robots\" content=\"index, follow, max-snippet:-1, max-image-preview:large, max-video-preview:-1\" \/>\n<link rel=\"canonical\" href=\"https:\/\/www.cgfmanet.org\/fr\/maria-domenica-mazzarello\/\" \/>\n<meta property=\"og:locale\" content=\"fr_FR\" \/>\n<meta property=\"og:type\" content=\"article\" \/>\n<meta property=\"og:title\" content=\"Maria Domenica Mazzarello &#8226; Istituto Figlie di Maria Ausiliatrice\" \/>\n<meta property=\"og:description\" content=\"Santa Maria Domenica Mazzarello nasce il 9 maggio 1837 a Mornese (Italia) e muore il 14 maggio 1881 a Nizza Monferrato (Italia). Confondatrice, insieme a Don Bosco, dell&rsquo;Istituto delle Figlie [&hellip;]\" \/>\n<meta property=\"og:url\" content=\"https:\/\/www.cgfmanet.org\/fr\/maria-domenica-mazzarello\/\" \/>\n<meta property=\"og:site_name\" content=\"Istituto Figlie di Maria Ausiliatrice\" \/>\n<meta property=\"article:publisher\" content=\"https:\/\/www.facebook.com\/salesian.sisters.of.don.bosco\/\" \/>\n<meta property=\"article:modified_time\" content=\"2019-12-30T14:45:59+00:00\" \/>\n<meta property=\"og:image\" content=\"https:\/\/www.cgfmanet.org\/wp-content\/uploads\/2019\/12\/1-Mornese-627x420.jpg\" \/>\n<meta name=\"twitter:card\" content=\"summary_large_image\" \/>\n<meta name=\"twitter:site\" content=\"@Cgfmanet_Org\" \/>\n<meta name=\"twitter:label1\" content=\"Dur\u00e9e de lecture estim\u00e9e\" \/>\n\t<meta name=\"twitter:data1\" content=\"3 minutes\" \/>\n<script type=\"application\/ld+json\" class=\"yoast-schema-graph\">{\"@context\":\"https:\\\/\\\/schema.org\",\"@graph\":[{\"@type\":\"WebPage\",\"@id\":\"https:\\\/\\\/www.cgfmanet.org\\\/fr\\\/maria-domenica-mazzarello\\\/\",\"url\":\"https:\\\/\\\/www.cgfmanet.org\\\/fr\\\/maria-domenica-mazzarello\\\/\",\"name\":\"Maria Domenica Mazzarello &#8226; Istituto Figlie di Maria Ausiliatrice\",\"isPartOf\":{\"@id\":\"https:\\\/\\\/www.cgfmanet.org\\\/es\\\/#website\"},\"primaryImageOfPage\":{\"@id\":\"https:\\\/\\\/www.cgfmanet.org\\\/fr\\\/maria-domenica-mazzarello\\\/#primaryimage\"},\"image\":{\"@id\":\"https:\\\/\\\/www.cgfmanet.org\\\/fr\\\/maria-domenica-mazzarello\\\/#primaryimage\"},\"thumbnailUrl\":\"https:\\\/\\\/www.cgfmanet.org\\\/wp-content\\\/uploads\\\/2019\\\/12\\\/Profilo-Madre-Mazzarello-2.jpg\",\"datePublished\":\"2019-11-13T11:50:18+00:00\",\"dateModified\":\"2019-12-30T14:45:59+00:00\",\"breadcrumb\":{\"@id\":\"https:\\\/\\\/www.cgfmanet.org\\\/fr\\\/maria-domenica-mazzarello\\\/#breadcrumb\"},\"inLanguage\":\"fr-FR\",\"potentialAction\":[{\"@type\":\"ReadAction\",\"target\":[\"https:\\\/\\\/www.cgfmanet.org\\\/fr\\\/maria-domenica-mazzarello\\\/\"]}]},{\"@type\":\"ImageObject\",\"inLanguage\":\"fr-FR\",\"@id\":\"https:\\\/\\\/www.cgfmanet.org\\\/fr\\\/maria-domenica-mazzarello\\\/#primaryimage\",\"url\":\"https:\\\/\\\/www.cgfmanet.org\\\/wp-content\\\/uploads\\\/2019\\\/12\\\/Profilo-Madre-Mazzarello-2.jpg\",\"contentUrl\":\"https:\\\/\\\/www.cgfmanet.org\\\/wp-content\\\/uploads\\\/2019\\\/12\\\/Profilo-Madre-Mazzarello-2.jpg\"},{\"@type\":\"BreadcrumbList\",\"@id\":\"https:\\\/\\\/www.cgfmanet.org\\\/fr\\\/maria-domenica-mazzarello\\\/#breadcrumb\",\"itemListElement\":[{\"@type\":\"ListItem\",\"position\":1,\"name\":\"Home\",\"item\":\"https:\\\/\\\/www.cgfmanet.org\\\/fr\\\/\"},{\"@type\":\"ListItem\",\"position\":2,\"name\":\"Maria Domenica Mazzarello\"}]},{\"@type\":\"WebSite\",\"@id\":\"https:\\\/\\\/www.cgfmanet.org\\\/es\\\/#website\",\"url\":\"https:\\\/\\\/www.cgfmanet.org\\\/es\\\/\",\"name\":\"Istituto Figlie di Maria Ausiliatrice\",\"description\":\"Salesiane di Don Bosco\",\"publisher\":{\"@id\":\"https:\\\/\\\/www.cgfmanet.org\\\/es\\\/#organization\"},\"potentialAction\":[{\"@type\":\"SearchAction\",\"target\":{\"@type\":\"EntryPoint\",\"urlTemplate\":\"https:\\\/\\\/www.cgfmanet.org\\\/es\\\/?s={search_term_string}\"},\"query-input\":{\"@type\":\"PropertyValueSpecification\",\"valueRequired\":true,\"valueName\":\"search_term_string\"}}],\"inLanguage\":\"fr-FR\"},{\"@type\":\"Organization\",\"@id\":\"https:\\\/\\\/www.cgfmanet.org\\\/es\\\/#organization\",\"name\":\"Istituto Figlie di Maria Ausiliatrice\",\"url\":\"https:\\\/\\\/www.cgfmanet.org\\\/es\\\/\",\"logo\":{\"@type\":\"ImageObject\",\"inLanguage\":\"fr-FR\",\"@id\":\"https:\\\/\\\/www.cgfmanet.org\\\/es\\\/#\\\/schema\\\/logo\\\/image\\\/\",\"url\":\"https:\\\/\\\/www.cgfmanet.org\\\/wp-content\\\/uploads\\\/2018\\\/10\\\/logo-fma.png\",\"contentUrl\":\"https:\\\/\\\/www.cgfmanet.org\\\/wp-content\\\/uploads\\\/2018\\\/10\\\/logo-fma.png\",\"width\":214,\"height\":55,\"caption\":\"Istituto Figlie di Maria Ausiliatrice\"},\"image\":{\"@id\":\"https:\\\/\\\/www.cgfmanet.org\\\/es\\\/#\\\/schema\\\/logo\\\/image\\\/\"},\"sameAs\":[\"https:\\\/\\\/www.facebook.com\\\/salesian.sisters.of.don.bosco\\\/\",\"https:\\\/\\\/x.com\\\/Cgfmanet_Org\",\"https:\\\/\\\/www.youtube.com\\\/channel\\\/UCmcr8yFQBV7JXeXVxyV9y5Q\"]}]}<\/script>\n<!-- \/ Yoast SEO plugin. -->","yoast_head_json":{"title":"Maria Domenica Mazzarello &#8226; Istituto Figlie di Maria Ausiliatrice","robots":{"index":"index","follow":"follow","max-snippet":"max-snippet:-1","max-image-preview":"max-image-preview:large","max-video-preview":"max-video-preview:-1"},"canonical":"https:\/\/www.cgfmanet.org\/fr\/maria-domenica-mazzarello\/","og_locale":"fr_FR","og_type":"article","og_title":"Maria Domenica Mazzarello &#8226; Istituto Figlie di Maria Ausiliatrice","og_description":"Santa Maria Domenica Mazzarello nasce il 9 maggio 1837 a Mornese (Italia) e muore il 14 maggio 1881 a Nizza Monferrato (Italia). Confondatrice, insieme a Don Bosco, dell&rsquo;Istituto delle Figlie [&hellip;]","og_url":"https:\/\/www.cgfmanet.org\/fr\/maria-domenica-mazzarello\/","og_site_name":"Istituto Figlie di Maria Ausiliatrice","article_publisher":"https:\/\/www.facebook.com\/salesian.sisters.of.don.bosco\/","article_modified_time":"2019-12-30T14:45:59+00:00","og_image":[{"url":"https:\/\/www.cgfmanet.org\/wp-content\/uploads\/2019\/12\/1-Mornese-627x420.jpg","type":"","width":"","height":""}],"twitter_card":"summary_large_image","twitter_site":"@Cgfmanet_Org","twitter_misc":{"Dur\u00e9e de lecture estim\u00e9e":"3 minutes"},"schema":{"@context":"https:\/\/schema.org","@graph":[{"@type":"WebPage","@id":"https:\/\/www.cgfmanet.org\/fr\/maria-domenica-mazzarello\/","url":"https:\/\/www.cgfmanet.org\/fr\/maria-domenica-mazzarello\/","name":"Maria Domenica Mazzarello &#8226; Istituto Figlie di Maria Ausiliatrice","isPartOf":{"@id":"https:\/\/www.cgfmanet.org\/es\/#website"},"primaryImageOfPage":{"@id":"https:\/\/www.cgfmanet.org\/fr\/maria-domenica-mazzarello\/#primaryimage"},"image":{"@id":"https:\/\/www.cgfmanet.org\/fr\/maria-domenica-mazzarello\/#primaryimage"},"thumbnailUrl":"https:\/\/www.cgfmanet.org\/wp-content\/uploads\/2019\/12\/Profilo-Madre-Mazzarello-2.jpg","datePublished":"2019-11-13T11:50:18+00:00","dateModified":"2019-12-30T14:45:59+00:00","breadcrumb":{"@id":"https:\/\/www.cgfmanet.org\/fr\/maria-domenica-mazzarello\/#breadcrumb"},"inLanguage":"fr-FR","potentialAction":[{"@type":"ReadAction","target":["https:\/\/www.cgfmanet.org\/fr\/maria-domenica-mazzarello\/"]}]},{"@type":"ImageObject","inLanguage":"fr-FR","@id":"https:\/\/www.cgfmanet.org\/fr\/maria-domenica-mazzarello\/#primaryimage","url":"https:\/\/www.cgfmanet.org\/wp-content\/uploads\/2019\/12\/Profilo-Madre-Mazzarello-2.jpg","contentUrl":"https:\/\/www.cgfmanet.org\/wp-content\/uploads\/2019\/12\/Profilo-Madre-Mazzarello-2.jpg"},{"@type":"BreadcrumbList","@id":"https:\/\/www.cgfmanet.org\/fr\/maria-domenica-mazzarello\/#breadcrumb","itemListElement":[{"@type":"ListItem","position":1,"name":"Home","item":"https:\/\/www.cgfmanet.org\/fr\/"},{"@type":"ListItem","position":2,"name":"Maria Domenica Mazzarello"}]},{"@type":"WebSite","@id":"https:\/\/www.cgfmanet.org\/es\/#website","url":"https:\/\/www.cgfmanet.org\/es\/","name":"Istituto Figlie di Maria Ausiliatrice","description":"Salesiane di Don Bosco","publisher":{"@id":"https:\/\/www.cgfmanet.org\/es\/#organization"},"potentialAction":[{"@type":"SearchAction","target":{"@type":"EntryPoint","urlTemplate":"https:\/\/www.cgfmanet.org\/es\/?s={search_term_string}"},"query-input":{"@type":"PropertyValueSpecification","valueRequired":true,"valueName":"search_term_string"}}],"inLanguage":"fr-FR"},{"@type":"Organization","@id":"https:\/\/www.cgfmanet.org\/es\/#organization","name":"Istituto Figlie di Maria Ausiliatrice","url":"https:\/\/www.cgfmanet.org\/es\/","logo":{"@type":"ImageObject","inLanguage":"fr-FR","@id":"https:\/\/www.cgfmanet.org\/es\/#\/schema\/logo\/image\/","url":"https:\/\/www.cgfmanet.org\/wp-content\/uploads\/2018\/10\/logo-fma.png","contentUrl":"https:\/\/www.cgfmanet.org\/wp-content\/uploads\/2018\/10\/logo-fma.png","width":214,"height":55,"caption":"Istituto Figlie di Maria Ausiliatrice"},"image":{"@id":"https:\/\/www.cgfmanet.org\/es\/#\/schema\/logo\/image\/"},"sameAs":["https:\/\/www.facebook.com\/salesian.sisters.of.don.bosco\/","https:\/\/x.com\/Cgfmanet_Org","https:\/\/www.youtube.com\/channel\/UCmcr8yFQBV7JXeXVxyV9y5Q"]}]}},"_links":{"self":[{"href":"https:\/\/www.cgfmanet.org\/fr\/wp-json\/wp\/v2\/pages\/15020","targetHints":{"allow":["GET"]}}],"collection":[{"href":"https:\/\/www.cgfmanet.org\/fr\/wp-json\/wp\/v2\/pages"}],"about":[{"href":"https:\/\/www.cgfmanet.org\/fr\/wp-json\/wp\/v2\/types\/page"}],"author":[{"embeddable":true,"href":"https:\/\/www.cgfmanet.org\/fr\/wp-json\/wp\/v2\/users\/45"}],"replies":[{"embeddable":true,"href":"https:\/\/www.cgfmanet.org\/fr\/wp-json\/wp\/v2\/comments?post=15020"}],"version-history":[{"count":0,"href":"https:\/\/www.cgfmanet.org\/fr\/wp-json\/wp\/v2\/pages\/15020\/revisions"}],"wp:attachment":[{"href":"https:\/\/www.cgfmanet.org\/fr\/wp-json\/wp\/v2\/media?parent=15020"}],"curies":[{"name":"wp","href":"https:\/\/api.w.org\/{rel}","templated":true}]}}