{"id":3282,"date":"2019-03-12T16:06:24","date_gmt":"2019-03-12T15:06:24","guid":{"rendered":"https:\/\/www.cgfmanet.org\/?page_id=3282"},"modified":"2026-03-31T22:56:59","modified_gmt":"2026-03-31T20:56:59","slug":"consejera-para-la-formacion","status":"publish","type":"page","link":"https:\/\/www.cgfmanet.org\/es\/consejera-para-la-formacion\/","title":{"rendered":"Consejera para la Formaci\u00f3n"},"content":{"rendered":"<div class=\"wpb-content-wrapper\"><div id=\"tdi_1\" class=\"tdc-row\"><div class=\"vc_row tdi_2  wpb_row td-pb-row\" >\n<style scoped>\n\/* custom css - generated by TagDiv Composer *\/\n\n\/* custom css - generated by TagDiv Composer *\/\n.tdi_2,\r\n                .tdi_2 .tdc-columns{\r\n                    min-height: 0;\r\n                }.tdi_2,\r\n\t\t\t\t.tdi_2 .tdc-columns{\r\n\t\t\t\t    display: block;\r\n\t\t\t\t}.tdi_2 .tdc-columns{\r\n\t\t\t\t    width: 100%;\r\n\t\t\t\t}.tdi_2:before,\r\n\t\t\t\t.tdi_2:after{\r\n\t\t\t\t    display: table;\r\n\t\t\t\t}\n<\/style><div class=\"vc_column tdi_4  wpb_column vc_column_container tdc-column td-pb-span12\">\n<style scoped>\n\/* custom css - generated by TagDiv Composer *\/\n\n\/* custom css - generated by TagDiv Composer *\/\n.tdi_4{\r\n                    vertical-align: baseline;\r\n                }.tdi_4 > .wpb_wrapper,\r\n\t\t\t\t.tdi_4 > .wpb_wrapper > .tdc-elements{\r\n\t\t\t\t    display: block;\r\n\t\t\t\t}.tdi_4 > .wpb_wrapper > .tdc-elements{\r\n\t\t\t\t    width: 100%;\r\n\t\t\t\t}.tdi_4 > .wpb_wrapper > .vc_row_inner{\r\n\t\t\t\t    width: auto;\r\n\t\t\t\t}.tdi_4 > .wpb_wrapper{\r\n\t\t\t\t    width: auto;\r\n\t\t\t\t    height: auto;\r\n\t\t\t\t}\n<\/style><div class=\"wpb_wrapper\" >[vc_column_text]\r\n<p class=\"td-post-sub-title\">\u201cLa Consejera para la Formaci\u00f3n anima y promueve la formaci\u00f3n integral y continua de las Hijas de Mar\u00eda Auxiliadora, en fidelidad al carisma y a las exigencias espec\u00edficas de los distintos contextos. <em>Sigue, especialmente, el per\u00edodo inicial\u201d (C. 128)<\/em><\/p>\r\n[\/vc_column_text]<div class=\"wpb_wrapper td_block_empty_space td_block_wrap vc_empty_space tdi_6 \"  style=\"height: 40px\"><\/div><\/div><\/div><\/div><\/div><div id=\"tdi_7\" class=\"tdc-row\"><div class=\"vc_row tdi_8  wpb_row td-pb-row\" >\n<style scoped>\n\/* custom css - generated by TagDiv Composer *\/\n\n\/* custom css - generated by TagDiv Composer *\/\n.tdi_8,\r\n                .tdi_8 .tdc-columns{\r\n                    min-height: 0;\r\n                }.tdi_8,\r\n\t\t\t\t.tdi_8 .tdc-columns{\r\n\t\t\t\t    display: block;\r\n\t\t\t\t}.tdi_8 .tdc-columns{\r\n\t\t\t\t    width: 100%;\r\n\t\t\t\t}.tdi_8:before,\r\n\t\t\t\t.tdi_8:after{\r\n\t\t\t\t    display: table;\r\n\t\t\t\t}\n<\/style><div class=\"vc_column tdi_10  wpb_column vc_column_container tdc-column td-pb-span8\">\n<style scoped>\n\/* custom css - generated by TagDiv Composer *\/\n\n\/* custom css - generated by TagDiv Composer *\/\n.tdi_10{\r\n                    vertical-align: baseline;\r\n                }.tdi_10 > .wpb_wrapper,\r\n\t\t\t\t.tdi_10 > .wpb_wrapper > .tdc-elements{\r\n\t\t\t\t    display: block;\r\n\t\t\t\t}.tdi_10 > .wpb_wrapper > .tdc-elements{\r\n\t\t\t\t    width: 100%;\r\n\t\t\t\t}.tdi_10 > .wpb_wrapper > .vc_row_inner{\r\n\t\t\t\t    width: auto;\r\n\t\t\t\t}.tdi_10 > .wpb_wrapper{\r\n\t\t\t\t    width: auto;\r\n\t\t\t\t    height: auto;\r\n\t\t\t\t}\n<\/style><div class=\"wpb_wrapper\" >[vc_column_text css=\u00bb\u00bb]\r\n<h2>Sor Nilza F\u00e1tima de Moraes<\/h2>\r\n<span style=\"font-size: 11.0pt; font-family: 'Calibri','sans-serif'; color: black;\"><a href=\"https:\/\/www.cgfmanet.org\/wp-content\/uploads\/2023\/02\/Consigliera-Formazione_Nilza.jpg\"><img decoding=\"async\" class=\"alignleft wp-image-84528 lazyload\" data-src=\"https:\/\/www.cgfmanet.org\/wp-content\/uploads\/2023\/02\/Consigliera-Formazione_Nilza.jpg\" alt=\"\" width=\"336\" height=\"480\" data-srcset=\"https:\/\/www.cgfmanet.org\/wp-content\/uploads\/2023\/02\/Consigliera-Formazione_Nilza.jpg 886w, https:\/\/www.cgfmanet.org\/wp-content\/uploads\/2023\/02\/Consigliera-Formazione_Nilza-768x1097.jpg 768w, https:\/\/www.cgfmanet.org\/wp-content\/uploads\/2023\/02\/Consigliera-Formazione_Nilza-696x995.jpg 696w, https:\/\/www.cgfmanet.org\/wp-content\/uploads\/2023\/02\/Consigliera-Formazione_Nilza-294x420.jpg 294w\" data-sizes=\"auto\" src=\"data:image\/svg+xml;base64,PHN2ZyB3aWR0aD0iMSIgaGVpZ2h0PSIxIiB4bWxucz0iaHR0cDovL3d3dy53My5vcmcvMjAwMC9zdmciPjwvc3ZnPg==\" style=\"--smush-placeholder-width: 336px; --smush-placeholder-aspect-ratio: 336\/480;\" data-original-sizes=\"(max-width: 336px) 100vw, 336px\" \/><\/a>Nace <\/span><span style=\"font-size: 11.0pt; font-family: 'Calibri','sans-serif'; color: black;\">el 25 de noviembre de 1965 en Natividade da Serra &#8211; San Paolo, un municipio de la regi\u00f3n de Vale do Para\u00edba (Brasil).<\/span>\r\n<p style=\"text-align: justify; background: white;\"><span style=\"font-size: 11.0pt; font-family: 'Calibri','sans-serif'; color: black;\">Al empezar su adolescencia,\u00a0<b>en el 1979<\/b>, fue a estudiar a Lorena, junto a su hermana Marilza, en la llamada\u00a0<i>Escuela\u00a0<\/i><\/span><span class=\"object\"><i><span style=\"font-size: 11.0pt; font-family: 'Calibri','sans-serif'; color: #005a95;\">Dom<\/span><\/i><\/span><i><span style=\"font-size: 11.0pt; font-family: 'Calibri','sans-serif'; color: black;\">\u00e9stica<\/span><\/i><span style=\"font-size: 11.0pt; font-family: 'Calibri','sans-serif'; color: black;\">, con las Hermanas Salesianas, que resid\u00edan y trabajaban en la Casa de reposo para las FMA\u00a0<i>San Jos\u00e9<\/i>. All\u00ed recibi\u00f3 los cuidados humanos y espirituales de las hermanas, particip\u00f3 cotidianamente en la Celebraci\u00f3n Eucar\u00edstica, en los ensayos de canto, dos veces a la semana, en las actividades\u00a0<\/span><span class=\"object\"><span style=\"font-size: 11.0pt; font-family: 'Calibri','sans-serif'; color: #005a95;\">dom<\/span><\/span><span style=\"font-size: 11.0pt; font-family: 'Calibri','sans-serif'; color: black;\">\u00e9sticas y el domingo en el Oratorio\u00a0<i>San Lu\u00eds<\/i>, un espacio donde los ni\u00f1os jugaban, practicaban deporte, merendaban y participaban en la catequesis organizada por las FMA y por los Salesianos de Don Bosco.<\/span><\/p>\r\n<p style=\"text-align: justify; background: white;\"><b><span style=\"font-size: 11.0pt; font-family: 'Calibri','sans-serif'; color: black;\">Entre el 1979 y el 1981<\/span><\/b><span style=\"font-size: 11.0pt; font-family: 'Calibri','sans-serif'; color: black;\">, una vez al mes, participaba en los encuentros vocacionales en el Colegio\u00a0<em><span style=\"font-family: 'Calibri','sans-serif';\">Nossa Senhora do Carmo<\/span><\/em>, Guaratinguet\u00e1, donde e<strong><span style=\"font-family: 'Calibri','sans-serif'; font-weight: normal;\">n el<\/span><\/strong><strong><span style=\"font-family: 'Calibri','sans-serif';\">\u00a01982<\/span><\/strong>\u00a0vive el tiempo del discernimiento vocacional.<\/span><\/p>\r\n<p style=\"text-align: justify; background: white;\"><span style=\"font-size: 11.0pt; font-family: 'Calibri','sans-serif'; color: black;\">\u00a0En\u00a0<b>1981<\/b>\u00a0inicia la formaci\u00f3n como Aspirante en el Instituto de las Hijas de\u00a0<\/span><span class=\"object\"><span style=\"font-size: 11.0pt; font-family: 'Calibri','sans-serif'; color: #005a95;\">Mar<\/span><\/span><span style=\"font-size: 11.0pt; font-family: 'Calibri','sans-serif'; color: black;\">\u00eda Auxiliadora en San Paolo.<\/span><\/p>\r\n<p style=\"text-align: justify; background: white;\"><span style=\"font-size: 11.0pt; font-family: 'Calibri','sans-serif'; color: black;\">\u00a0En\u00a0<b>1985<\/b>\u00a0inicia la etapa del Noviciado y el 24 de enero de 1987 emite la Profesi\u00f3n Religiosa y es enviada a la Comunidad de\u00a0<em><span style=\"font-family: 'Calibri','sans-serif';\">Santa In\u00eas en<\/span><\/em>\u00a0San Paolo.<\/span><\/p>\r\n<p style=\"text-align: justify; background: white;\"><span style=\"font-size: 11.0pt; font-family: 'Calibri','sans-serif'; color: black;\">Durante el Juniorado,\u00a0<b>del 1987 al 1993<\/b>, a\u00f1o en que emite los votos perpetuos, vive en tres comunidades, sigue un curso de pedagog\u00eda y ejerce diversas funciones en la escuela, en el oratorio y en la pastoral juvenil estudiantil.<\/span><\/p>\r\n<p style=\"text-align: justify; background: white;\"><span style=\"font-size: 11.0pt; font-family: 'Calibri','sans-serif'; color: black;\">En el\u00a0<b>1994<\/b>\u00a0va a vivir a la Casa de Formaci\u00f3n- Aspirantes\/Postulantes en el barrio Perdizes de San Paolo como miembro del Equipo de Formaci\u00f3n y trabaja en el Instituto de\u00a0<em><span style=\"font-family: 'Calibri','sans-serif';\">Nossa Senhora Auxiliadora<\/span><\/em>\u00a0en\u00a0 Belenzinho.<\/span><\/p>\r\n<p style=\"text-align: justify; background: white;\"><span style=\"font-size: 11.0pt; font-family: 'Calibri','sans-serif'; color: black;\">Desde el\u00a0<b>1998<\/b>, a\u00fan residente en el Aspirantado, trabaja en el Colegio\u00a0<i>Santa In\u00e9s<\/i>\u00a0hasta el primer trimestre del 2000. Durante el segundo semestre va a Roma para hacer un Curso de Catequesis en la Facultad de Ciencias de la Educaci\u00f3n \u201cAuxilium\u201d y all\u00ed permanece durante un per\u00edodo de tres a\u00f1os y medio.<\/span><\/p>\r\n<p style=\"text-align: justify; background: white;\"><span style=\"font-size: 11.0pt; font-family: 'Calibri','sans-serif'; color: black;\">En la Navidad de\u00a0<b>2004<\/b>\u00a0vuelve a Brasil y trabaja en diversas comunidades como maestra de Educaci\u00f3n Religiosa, Coordinadora de Pastoral Juvenil, Directora de Comunidad y Escuela, Formadora de Aspirantes y Postulantes. Ense\u00f1a liturgia y catequesis.<\/span><\/p>\r\n<p style=\"text-align: justify; background: white;\"><span style=\"font-size: 11.0pt; font-family: 'Calibri','sans-serif'; color: black;\">Del\u00a0<b>2008 al 2013<\/b>\u00a0es\u00a0<b>Consejera Inspectorial<\/b>, del\u00a0<b>2014 al 2020\u00a0<\/b>es<b>\u00a0Vicaria Inspectorial<\/b>\u00a0y en el\u00a0<b>2021<\/b>\u00a0es nombrada\u00a0<b>Inspectora\u00a0<\/b>de la Inspector\u00eda brasile\u00f1a\u00a0<em><span style=\"font-family: 'Calibri','sans-serif';\">Nostra Signora Aparecida\u00a0<\/span><\/em>(BAP).<\/span><\/p>\r\n<p style=\"text-align: justify; background: white;\"><strong><span style=\"font-size: 11.0pt; font-family: 'Calibri','sans-serif'; color: black; font-weight: normal;\">El\u00a0\u00a0<\/span><\/strong><strong><span style=\"font-size: 11.0pt; font-family: 'Calibri','sans-serif'; color: black;\">7 de octubre 2021,\u00a0<\/span><\/strong><strong><span style=\"font-size: 11.0pt; font-family: 'Calibri','sans-serif'; color: black; font-weight: normal;\">en la memoria de la Bienaventurada Virgen\u00a0<\/span><\/strong><span class=\"object\"><span style=\"font-size: 11.0pt; font-family: 'Calibri','sans-serif'; color: #005a95;\">Mar<\/span><\/span><strong><span style=\"font-size: 11.0pt; font-family: 'Calibri','sans-serif'; color: black; font-weight: normal;\">\u00eda del Rosario, durante el\u00a0<\/span><\/strong><strong><span style=\"font-size: 11.0pt; font-family: 'Calibri','sans-serif'; color: black;\">Cap\u00edtulo General XXIV<\/span><\/strong><strong><span style=\"font-size: 11.0pt; font-family: 'Calibri','sans-serif'; color: black; font-weight: normal;\">, es elegida\u00a0<\/span><\/strong><strong><span style=\"font-size: 11.0pt; font-family: 'Calibri','sans-serif'; color: black;\">Consejera para la Formaci\u00f3n<\/span><\/strong><strong><span style=\"font-size: 11.0pt; font-family: 'Calibri','sans-serif'; color: black; font-weight: normal;\">.<\/span><\/strong><\/p>\r\nEn la animaci\u00f3n del \u00c1mbito <strong>Sor Nilza F\u00e1tima de Moraes <\/strong>tiene como colaboradoras:\r\n<ul>\r\n \t<li><strong>Sr. Anelfreda Miranda<\/strong><\/li>\r\n \t<li><strong>Sr. Charlotte Bizige Nirere<\/strong><\/li>\r\n \t<li><strong>Sr. Maria Dolores Ruiz P\u00e9rez <\/strong>(Coordinadora Proyecto Jerusal\u00e9n)<\/li>\r\n \t<li><strong>Sr. Jeanette Beatrice Palasota <\/strong>(Coordinadora del Proyecto Mornese)<\/li>\r\n<\/ul>\r\n<span style=\"color: #0000ff;\"><a style=\"color: #0000ff;\" href=\"https:\/\/www.cgfmanet.org\/accedi\/\"><strong><img decoding=\"async\" class=\"alignnone wp-image-155353 size-full lazyload\" data-src=\"https:\/\/www.cgfmanet.org\/wp-content\/uploads\/2026\/03\/Ambito-Formazione-Equipe_ok.jpg\" alt=\"\" width=\"1181\" height=\"664\" data-srcset=\"https:\/\/www.cgfmanet.org\/wp-content\/uploads\/2026\/03\/Ambito-Formazione-Equipe_ok.jpg 1181w, https:\/\/www.cgfmanet.org\/wp-content\/uploads\/2026\/03\/Ambito-Formazione-Equipe_ok-768x432.jpg 768w, https:\/\/www.cgfmanet.org\/wp-content\/uploads\/2026\/03\/Ambito-Formazione-Equipe_ok-747x420.jpg 747w, https:\/\/www.cgfmanet.org\/wp-content\/uploads\/2026\/03\/Ambito-Formazione-Equipe_ok-696x391.jpg 696w\" data-sizes=\"auto\" src=\"data:image\/svg+xml;base64,PHN2ZyB3aWR0aD0iMSIgaGVpZ2h0PSIxIiB4bWxucz0iaHR0cDovL3d3dy53My5vcmcvMjAwMC9zdmciPjwvc3ZnPg==\" style=\"--smush-placeholder-width: 1181px; --smush-placeholder-aspect-ratio: 1181\/664;\" data-original-sizes=\"(max-width: 1181px) 100vw, 1181px\" \/><\/strong><\/a><\/span>\r\n\r\nLa <strong>Formaci\u00f3n <\/strong>encuentra su fundamento en el designio del Padre que, por medio del Esp\u00edritu, quiere hacernos \u00abconformes a la imagen de su Hijo para que sea el primog\u00e9nito entre muchos hermanos\u00bb<strong>.<\/strong>\r\n\r\nEn nuestra vida de FMA, la formaci\u00f3n asume las caracter\u00edsticas de la experiencia espec\u00edfica del Esp\u00edritu Santo que Don Bosco y Madre Mazzarello nos han transmitido, y que personalmente y como comunidad tenemos el deber de vivir y desarrollar en armon\u00eda con el perenne crecimiento del cuerpo de Cristo (C 77).\r\n\r\nLa <strong>Formaci\u00f3n <\/strong>tiene como <strong>finalidad<\/strong> la maduraci\u00f3n integral de la persona en una progresiva configuraci\u00f3n con Cristo, Ap\u00f3stol del Padre, seg\u00fan el proyecto de vida trazado en las Constituciones (C 78).\r\n\r\nLa Formaci\u00f3n es ante todo obra del Esp\u00edritu Santo; como tal exige escucha, docilidad, colaboraci\u00f3n.\r\n\r\nMar\u00eda, Madre y Educadora de toda vocaci\u00f3n salesiana es modelo y gu\u00eda. En ella encontramos una presencia viva y una ayuda para orientar con decisi\u00f3n nuestra vida hacia Cristo y hacer cada vez m\u00e1s aut\u00e9ntica nuestra relaci\u00f3n personal con \u00c9l (C 79).\r\n\r\nEl Instituto conf\u00eda la animaci\u00f3n de este proceso al \u00c1mbito para la Formaci\u00f3n.\r\n\r\nLa Consejera para la formaci\u00f3n, junto con su equipo, anima y promueve la formaci\u00f3n permanente e inicial, en fidelidad al carisma y a las necesidades espec\u00edficas de los diversos contextos.\r\n\r\nEl <strong>\u00c1mbito <\/strong>se compromete a asumir un estilo de animaci\u00f3n que promueva la unidad vocacional y la calidad de nuestra misi\u00f3n educativa.\r\n\r\nRealiza la coordinaci\u00f3n para la comuni\u00f3n a trav\u00e9s de la reflexi\u00f3n y la b\u00fasqueda, en colaboraci\u00f3n con los dem\u00e1s \u00c1mbitos y con las Consejeras visitadoras, en estilo de sinodalidad.\r\n\r\nSe presta particular atenci\u00f3n a las formadoras para que, en fidelidad a los criterios dictados por las necesidades del carisma, puedan ser acompa\u00f1adas en su itinerario de crecimiento, en la asunci\u00f3n vital y en la realizaci\u00f3n del ministerio que les ha sido confiado, tambi\u00e9n a trav\u00e9s de propuestas formativas ofrecidas por el \u00c1mbito.\r\n\r\nPromueve la inculturaci\u00f3n del Proyecto Formativo, teniendo en cuenta la internacionalidad de las presencias y el rostro intercultural de las comunidades.\r\n\r\nAnima al Instituto para que cada FMA revitalice la Alianza de amor, redescubra la vocaci\u00f3n como experiencia de encuentro con Dios y con la fuerza del Esp\u00edritu Santo, viva la docibilitas como apertura a dejarse formar por la vida, por los encuentros, por cada situaci\u00f3n existencial<em>.<\/em>\r\n\r\nAsume la l\u00f3gica de &#8216;sentirse&#8217;, de ser &#8216;comunidad en salida&#8217; y en red, y la ecolog\u00eda integral como dimensi\u00f3n de la vida y de la misi\u00f3n educativa.\r\n\r\nEl \u00c1mbito para la formaci\u00f3n se sit\u00faa en el horizonte de la Programaci\u00f3n del sexenio:\r\n<p style=\"text-align: center;\"><strong>\u201c <em>Haced lo que \u00e9l os diga <\/em>\u201d ( Jn 2,5)<\/strong><\/p>\r\n<p style=\"text-align: center;\"><strong>Como en Can\u00e1 y Mornese<\/strong><\/p>\r\n<p style=\"text-align: center;\"><strong>\u201cSomos Presencia\u201d<\/strong><\/p>\r\n<p style=\"text-align: center;\"><strong>que genera, promueve y<\/strong><\/p>\r\n<p style=\"text-align: center;\"><strong>se ocupa de la vida en el mundo contempor\u00e1neo.<\/strong><\/p>\r\nElige, en fidelidad a las peticiones que emanan de la reflexi\u00f3n capitular a:\r\n<ul>\r\n \t<li>reavivar y testimoniar juntas la belleza de la vocaci\u00f3n salesiana poni\u00e9ndose en estado de formaci\u00f3n continua para un renovado impulso vocacional;<\/li>\r\n \t<li>asumir la sinodalidad misionera como un estilo de vida generador de nuevas formas de participaci\u00f3n, animaci\u00f3n y gobierno;<\/li>\r\n \t<li>escuchar el grito de los j\u00f3venes, de los pobres y de la tierra, para hacer valientes opciones evang\u00e9licas en l\u00ednea como comunidad educativa desde el punto de vista de la ecolog\u00eda integral.<\/li>\r\n<\/ul>\r\n<strong>Procesos y objetivos espec\u00edficos del \u00c1mbito<\/strong>\r\n<ol>\r\n \t<li><strong><em>CENTRALIDAD DE CRISTO: \u00bfD\u00f3nde est\u00e1 tu coraz\u00f3n? (Mt 6,21)<\/em><\/strong><\/li>\r\n<\/ol>\r\n<ol>\r\n \t<li style=\"list-style-type: none;\">\r\n<ul>\r\n \t<li>Reavivar la elecci\u00f3n de la centralidad de Cristo en la propia vida.<\/li>\r\n \t<li>Madurar en la capacidad de amarse y amar con libertad interior.<\/li>\r\n<\/ul>\r\n<\/li>\r\n<\/ol>\r\n<ol start=\"2\">\r\n \t<li><strong><em>PRESENCIA DE ESCUCHA<\/em><\/strong><\/li>\r\n<\/ol>\r\n<ol>\r\n \t<li style=\"list-style-type: none;\">\r\n<ul>\r\n \t<li>Escuchar y responder a la petici\u00f3n de formaci\u00f3n, hoy, para un renovado impulso vocacional.<\/li>\r\n \t<li>Involucrar a las FMA para identificar estrategias que promuevan la comprensi\u00f3n de la nueva forma de concebir la formaci\u00f3n permanente e inicial.<\/li>\r\n \t<li>Escuchar a las FMA y a las j\u00f3venes en formaci\u00f3n para llegar a una representaci\u00f3n compartida de la formaci\u00f3n transformadora, orientada a trazar juntas itinerarios concretos e inculturados.<\/li>\r\n<\/ul>\r\n<\/li>\r\n<\/ol>\r\n<ol start=\"3\">\r\n \t<li><strong><em>PRESENCIA QUE ACOMPA\u00d1A<\/em><\/strong><\/li>\r\n<\/ol>\r\n<ol>\r\n \t<li style=\"list-style-type: none;\">\r\n<ul>\r\n \t<li>Dar continuidad a los procesos iniciados en los \u00faltimos seis a\u00f1os para incentivar la asunci\u00f3n responsable de cada FMA y comunidad.\r\n<ul>\r\n \t<li><em>Orientaciones para la etapa formativa del Juniorado .<\/em><\/li>\r\n \t<li><em>El coloquio personal.<\/em><\/li>\r\n \t<li><em>L\u00edneas orientadoras para la formaci\u00f3n de neo-directoras.<\/em><\/li>\r\n \t<li><em>La Coordinadora para la formaci\u00f3n.<\/em><\/li>\r\n \t<li><em>L\u00edneas gu\u00eda para la Evaluaci\u00f3n del itinerario formativo y Relaci\u00f3n de la joven en formaci\u00f3n.<\/em><\/li>\r\n \t<li><em>Inculturaci\u00f3n de la formaci\u00f3n para las vocaciones aut\u00f3ctonas e ind\u00edgenas.<\/em><\/li>\r\n \t<li><em>L\u00edneas gu\u00eda sobre la presencia de las FMA en las redes sociales<\/em><\/li>\r\n<\/ul>\r\n<\/li>\r\n<\/ul>\r\n<\/li>\r\n<\/ol>\r\n<ol start=\"4\">\r\n \t<li><strong><em>CON LOS OJOS VUELTOS A JERUSAL\u00c9N Y MORNESE<\/em><\/strong><\/li>\r\n<\/ol>\r\n<ol>\r\n \t<li style=\"list-style-type: none;\">\r\n<ul>\r\n \t<li>Redise\u00f1ar y proponer el Proyecto Mornese como oportunidad de un nuevo impulso vocacional.<\/li>\r\n \t<li>Redise\u00f1ar y proponer el Proyecto Jerusal\u00e9n como experiencia de encuentro con la Palabra y de profundizaci\u00f3n en las ra\u00edces b\u00edblicas del carisma tambi\u00e9n en vista, como comunidad educativa, del acompa\u00f1amiento de los j\u00f3venes en su encuentro con la Palabra de Dios.<\/li>\r\n<\/ul>\r\n<\/li>\r\n<\/ol>\r\n<span style=\"color: #0000ff;\"><a style=\"color: #0000ff;\" href=\"https:\/\/www.cgfmanet.org\/accedi\/\"><strong>Documentaci\u00f3n<\/strong><\/a><\/span>[\/vc_column_text]<\/div><\/div><div class=\"vc_column tdi_12  wpb_column vc_column_container tdc-column td-pb-span4\">\n<style scoped>\n\/* custom css - generated by TagDiv Composer *\/\n\n\/* custom css - generated by TagDiv Composer *\/\n.tdi_12{\r\n                    vertical-align: baseline;\r\n                }.tdi_12 > .wpb_wrapper,\r\n\t\t\t\t.tdi_12 > .wpb_wrapper > .tdc-elements{\r\n\t\t\t\t    display: block;\r\n\t\t\t\t}.tdi_12 > .wpb_wrapper > .tdc-elements{\r\n\t\t\t\t    width: 100%;\r\n\t\t\t\t}.tdi_12 > .wpb_wrapper > .vc_row_inner{\r\n\t\t\t\t    width: auto;\r\n\t\t\t\t}.tdi_12 > .wpb_wrapper{\r\n\t\t\t\t    width: auto;\r\n\t\t\t\t    height: auto;\r\n\t\t\t\t}\n<\/style><div class=\"wpb_wrapper\" ><div class=\"wpb_wrapper td_block_wrap vc_widget_sidebar tdi_14 \" ><aside class=\"td_block_template_1 widget widget_text\">\t\t\t<div class=\"textwidget\"><h4 class=\"block-title custom-agenda\" style=\"margin-bottom:0;\"><a href=\"https:\/\/www.cgfmanet.org\/es\/events\/\"><span>Agenda<\/span><\/a><\/h4><\/div>\n\t\t<\/aside>\n<aside class=\"td_block_template_1 widget widget_tribe-widget-events-month\"><div  class=\"tribe-compatibility-container tribe-common tribe-events tribe-events-widget-shortcode tribe-events-widget-shortcode-events-month\" >\n\n\t\n<div class=\"tribe-events-widget-shortcode__header-title\">\n\t<h4 class=\"block-title\"><span><\/span><\/h4><\/div>\n\n\t<div\n\t class=\"tribe-common tribe-events tribe-events-view tribe-events-view--month tribe-events-view--shortcode tribe-events-view--shortcode-tribe-widget-events-month-15 tribe-events-widget tribe-events-widget-events-month\" \tdata-js=\"tribe-events-view\"\n\tdata-view-rest-url=\"https:\/\/www.cgfmanet.org\/es\/wp-json\/tribe\/views\/v2\/html\"\n\tdata-view-rest-method=\"GET\"\n\tdata-view-manage-url=\"\"\n\t\t\tdata-view-shortcode=\"tribe-widget-events-month-15\"\n\t\t\t\tdata-view-breakpoint-pointer=\"d7f32940-4186-4350-bc69-a6d7dc4817a5\"\n\t>\n\t<section class=\"tribe-common-l-container tribe-events-l-container\">\n\t\t<div\n\tclass=\"tribe-events-view-loader tribe-common-a11y-hidden\"\n\trole=\"alert\"\n\taria-live=\"polite\"\n>\n\t<span class=\"tribe-events-view-loader__text tribe-common-a11y-visual-hide\">\n\t\t35 eventos encontrados.\t<\/span>\n\t<div class=\"tribe-events-view-loader__dots tribe-common-c-loader\">\n\t\t<svg\n\t class=\"tribe-common-c-svgicon tribe-common-c-svgicon--dot tribe-common-c-loader__dot tribe-common-c-loader__dot--first\" \taria-hidden=\"true\"\n\tviewBox=\"0 0 15 15\"\n\txmlns=\"http:\/\/www.w3.org\/2000\/svg\"\n>\n\t<circle cx=\"7.5\" cy=\"7.5\" r=\"7.5\"\/>\n<\/svg>\n\t\t<svg\n\t class=\"tribe-common-c-svgicon tribe-common-c-svgicon--dot tribe-common-c-loader__dot tribe-common-c-loader__dot--second\" \taria-hidden=\"true\"\n\tviewBox=\"0 0 15 15\"\n\txmlns=\"http:\/\/www.w3.org\/2000\/svg\"\n>\n\t<circle cx=\"7.5\" cy=\"7.5\" r=\"7.5\"\/>\n<\/svg>\n\t\t<svg\n\t class=\"tribe-common-c-svgicon tribe-common-c-svgicon--dot tribe-common-c-loader__dot tribe-common-c-loader__dot--third\" \taria-hidden=\"true\"\n\tviewBox=\"0 0 15 15\"\n\txmlns=\"http:\/\/www.w3.org\/2000\/svg\"\n>\n\t<circle cx=\"7.5\" cy=\"7.5\" r=\"7.5\"\/>\n<\/svg>\n\t<\/div>\n<\/div>\n\n\t\t<script type=\"application\/ld+json\">\r\n[{\"@context\":\"http:\/\/schema.org\",\"@type\":\"Event\",\"name\":\"Suor Nilza F\\u00e1tima de Moraes accompagna le partecipanti del Progetto Mornese in lingua inglese insieme alla coordinatrice, suor Jeanette Palasota.\",\"description\":\"\",\"url\":\"https:\/\/www.cgfmanet.org\/es\/event\/suor-nilza-fatima-de-moraes-accompagna-le-partecipanti-del-progetto-mornese-in-lingua-inglese-insieme-alla-coordinatrice-suor-jeanette-palasota\/\",\"eventAttendanceMode\":\"https:\/\/schema.org\/OfflineEventAttendanceMode\",\"eventStatus\":\"https:\/\/schema.org\/EventScheduled\",\"startDate\":\"2026-04-17T00:00:00+02:00\",\"endDate\":\"2026-05-03T23:59:59+02:00\",\"performer\":\"Organization\"},{\"@context\":\"http:\/\/schema.org\",\"@type\":\"Event\",\"name\":\"Suor Paola Battagliola accompagna il processo di discernimento per la nomina della futura Ispettrice BRM. A Manaus, Brasile.\",\"description\":\"\",\"url\":\"https:\/\/www.cgfmanet.org\/es\/event\/suor-paola-battagliola-accompagna-il-processo-di-discernimento-per-la-nomina-della-futura-ispettrice-brm-a-manaus-brasile\/\",\"eventAttendanceMode\":\"https:\/\/schema.org\/OfflineEventAttendanceMode\",\"eventStatus\":\"https:\/\/schema.org\/EventScheduled\",\"startDate\":\"2026-04-25T00:00:00+02:00\",\"endDate\":\"2026-04-28T23:59:59+02:00\",\"performer\":\"Organization\"},{\"@context\":\"http:\/\/schema.org\",\"@type\":\"Event\",\"name\":\"Suor Ena Bola\\u00f1os e le collaboratrici dell\\u2019Ambito incontrano le Econome ispettoriali del mondo per la formazione online.\",\"description\":\"\",\"url\":\"https:\/\/www.cgfmanet.org\/es\/event\/suor-ena-bolanos-e-le-collaboratrici-dellambito-incontrano-le-econome-ispettoriali-del-mondo-per-la-formazione-online-11\/\",\"eventAttendanceMode\":\"https:\/\/schema.org\/OfflineEventAttendanceMode\",\"eventStatus\":\"https:\/\/schema.org\/EventScheduled\",\"startDate\":\"2026-04-27T00:00:00+02:00\",\"endDate\":\"2026-04-28T23:59:59+02:00\",\"performer\":\"Organization\"},{\"@context\":\"http:\/\/schema.org\",\"@type\":\"Event\",\"name\":\"Suor Paola Battagliola riprende la 2a parte della Visita canonica all&#8217;Ispettoria Lombarda \\u00abSacra Famiglia\\u00bb (ILO).\",\"description\":\"\",\"url\":\"https:\/\/www.cgfmanet.org\/es\/event\/suor-paola-battagliola-riprende-la-2a-parte-della-visita-canonica-allispettoria-lombarda-sacra-famiglia-ilo\/\",\"eventAttendanceMode\":\"https:\/\/schema.org\/OfflineEventAttendanceMode\",\"eventStatus\":\"https:\/\/schema.org\/EventScheduled\",\"startDate\":\"2026-05-01T00:00:00+02:00\",\"endDate\":\"2026-05-01T23:59:59+02:00\",\"performer\":\"Organization\"},{\"@context\":\"http:\/\/schema.org\",\"@type\":\"Event\",\"name\":\"Suor Maria Luisa Nicastro, con le collaboratrici della Segreteria generale, guida la visita all&#8217;Archivio Generale dell&#8217;Istituto e alla Mostra del Carisma delle Studentesse del Corso di Spiritualit\\u00e0 di Casa Canta.\",\"description\":\"\",\"url\":\"https:\/\/www.cgfmanet.org\/es\/event\/suor-maria-luisa-nicastro-con-le-collaboratrici-della-segreteria-generale-guida-la-visita-allarchivio-generale-dellistituto-e-alla-mostra-del-carisma-delle-studentesse-del-corso-di-spiritualita\/\",\"eventAttendanceMode\":\"https:\/\/schema.org\/OfflineEventAttendanceMode\",\"eventStatus\":\"https:\/\/schema.org\/EventScheduled\",\"startDate\":\"2026-05-02T00:00:00+02:00\",\"endDate\":\"2026-05-02T23:59:59+02:00\",\"performer\":\"Organization\"},{\"@context\":\"http:\/\/schema.org\",\"@type\":\"Event\",\"name\":\"Suor Leslie S\\u00e1ndigo e le collaboratrici dell\\u2019Ambito incontrano online le Delegate e animatrici delle Associazioni: Exallieve\/i delle FMA, Salesiani Cooperatori e ADMA.\",\"description\":\"\",\"url\":\"https:\/\/www.cgfmanet.org\/es\/event\/suor-leslie-sandigo-e-le-collaboratrici-dellambito-incontrano-online-le-delegate-e-animatrici-delle-associazioni-exallieve-i-delle-fma-salesiani-cooperatori-e-adma\/\",\"eventAttendanceMode\":\"https:\/\/schema.org\/OfflineEventAttendanceMode\",\"eventStatus\":\"https:\/\/schema.org\/EventScheduled\",\"startDate\":\"2026-05-03T00:00:00+02:00\",\"endDate\":\"2026-05-03T23:59:59+02:00\",\"performer\":\"Organization\"},{\"@context\":\"http:\/\/schema.org\",\"@type\":\"Event\",\"name\":\"Suor Mar\\u00eda del Rosario Garc\\u00eda Ribas termina la Visita canonica all\\u2019Ispettoria \\u201cSan Giuseppe\\u00bb (ANT) delle Antille.\",\"description\":\"\",\"url\":\"https:\/\/www.cgfmanet.org\/es\/event\/suor-maria-del-rosario-garcia-ribas-termina-la-visita-canonica-allispettoria-san-giuseppe-ant-delle-antille\/\",\"eventAttendanceMode\":\"https:\/\/schema.org\/OfflineEventAttendanceMode\",\"eventStatus\":\"https:\/\/schema.org\/EventScheduled\",\"startDate\":\"2026-05-04T00:00:00+02:00\",\"endDate\":\"2026-05-04T23:59:59+02:00\",\"performer\":\"Organization\"},{\"@context\":\"http:\/\/schema.org\",\"@type\":\"Event\",\"name\":\"Inizio del Corso di Formazione Permanente Missionaria a Roma, Casa Generalizia.\",\"description\":\"\",\"url\":\"https:\/\/www.cgfmanet.org\/es\/event\/inizio-del-corso-di-formazione-permanente-missionaria-a-roma-casa-generalizia-2\/\",\"eventAttendanceMode\":\"https:\/\/schema.org\/OfflineEventAttendanceMode\",\"eventStatus\":\"https:\/\/schema.org\/EventScheduled\",\"startDate\":\"2026-05-04T00:00:00+02:00\",\"endDate\":\"2026-05-04T23:59:59+02:00\",\"performer\":\"Organization\"},{\"@context\":\"http:\/\/schema.org\",\"@type\":\"Event\",\"name\":\"La Madre d\\u00e0 la Buonanotte al gruppo del \\u201cProgetto Mornese\\u201d di lingua inglese. A Roma presso la Casa FMA \\u201cSacro Cuore\\u201d (IRO).\",\"description\":\"\",\"url\":\"https:\/\/www.cgfmanet.org\/es\/event\/la-madre-da-la-buonanotte-al-gruppo-del-progetto-mornese-di-lingua-inglese-a-roma-presso-la-casa-fma-sacro-cuore-iro\/\",\"eventAttendanceMode\":\"https:\/\/schema.org\/OfflineEventAttendanceMode\",\"eventStatus\":\"https:\/\/schema.org\/EventScheduled\",\"startDate\":\"2026-05-04T00:00:00+02:00\",\"endDate\":\"2026-05-04T23:59:59+02:00\",\"performer\":\"Organization\"},{\"@context\":\"http:\/\/schema.org\",\"@type\":\"Event\",\"name\":\"Suor Leslie S\\u00e1ndigo termina la 2a parte della visita canonica all\\u2019Ispettoria \\u201cLaura Vicu\\u00f1a\\u201d (ARG) dell\\u2019Argentina.\",\"description\":\"\",\"url\":\"https:\/\/www.cgfmanet.org\/es\/event\/suor-leslie-sandigo-termina-la-2a-parte-della-visita-canonica-allispettoria-laura-vicuna-arg-dellargentina\/\",\"eventAttendanceMode\":\"https:\/\/schema.org\/OfflineEventAttendanceMode\",\"eventStatus\":\"https:\/\/schema.org\/EventScheduled\",\"startDate\":\"2026-05-04T00:00:00+02:00\",\"endDate\":\"2026-05-04T23:59:59+02:00\",\"performer\":\"Organization\"},{\"@context\":\"http:\/\/schema.org\",\"@type\":\"Event\",\"name\":\"La Madre incontra il Consiglio Accademico della Pontificia Facolt\\u00e0 di Scienze dell\\u2019Educazione \\u201cAuxilium\\u201d anche con la presenza della Superiora di Visitatoria (RMC), suor Jessica Salva\\u00f1a Togonon. A Roma in Casa generalizia.\",\"description\":\"\",\"url\":\"https:\/\/www.cgfmanet.org\/es\/event\/la-madre-incontra-il-consiglio-accademico-della-pontificia-facolta-di-scienze-delleducazione-auxilium-anche-con-la-presenza-della-superiora-di-visitatoria-rmc-suor-jessic\/\",\"eventAttendanceMode\":\"https:\/\/schema.org\/OfflineEventAttendanceMode\",\"eventStatus\":\"https:\/\/schema.org\/EventScheduled\",\"startDate\":\"2026-05-05T00:00:00+02:00\",\"endDate\":\"2026-05-05T23:59:59+02:00\",\"performer\":\"Organization\"},{\"@context\":\"http:\/\/schema.org\",\"@type\":\"Event\",\"name\":\"La Madre incontra le FMA partecipanti al Corso di Formazione Permanente Missionaria. A Roma, Casa generalizia.\",\"description\":\"\",\"url\":\"https:\/\/www.cgfmanet.org\/es\/event\/la-madre-incontra-le-fma-partecipanti-al-corso-di-formazione-permanente-missionaria-a-roma-casa-generalizia\/\",\"eventAttendanceMode\":\"https:\/\/schema.org\/OfflineEventAttendanceMode\",\"eventStatus\":\"https:\/\/schema.org\/EventScheduled\",\"startDate\":\"2026-05-06T00:00:00+02:00\",\"endDate\":\"2026-05-06T23:59:59+02:00\",\"performer\":\"Organization\"},{\"@context\":\"http:\/\/schema.org\",\"@type\":\"Event\",\"name\":\"La Madre partecipa e interviene al VI Congresso Mondiale dei Salesiani Cooperatori a Roma, presso la Fraterna Domus. Tema: \\u201cEssere lievito per essere fecondi\\u201d.\",\"description\":\"\",\"url\":\"https:\/\/www.cgfmanet.org\/es\/event\/la-madre-partecipa-e-interviene-al-vi-congresso-mondiale-dei-salesiani-cooperatori-a-roma-presso-la-fraterna-domus-tema-essere-lievito-per-essere-fecondi\/\",\"eventAttendanceMode\":\"https:\/\/schema.org\/OfflineEventAttendanceMode\",\"eventStatus\":\"https:\/\/schema.org\/EventScheduled\",\"startDate\":\"2026-05-07T00:00:00+02:00\",\"endDate\":\"2026-05-10T23:59:59+02:00\",\"performer\":\"Organization\"},{\"@context\":\"http:\/\/schema.org\",\"@type\":\"Event\",\"name\":\"Suor Leslie S\\u00e1ndigo partecipa al Congresso Mondiale dei Salesiani Cooperatori a Roma, Fraterna Domus.\",\"description\":\"\",\"url\":\"https:\/\/www.cgfmanet.org\/es\/event\/suor-leslie-sandigo-partecipa-al-congresso-mondiale-dei-salesiani-cooperatori-a-roma-fraterna-domus\/\",\"eventAttendanceMode\":\"https:\/\/schema.org\/OfflineEventAttendanceMode\",\"eventStatus\":\"https:\/\/schema.org\/EventScheduled\",\"startDate\":\"2026-05-07T00:00:00+02:00\",\"endDate\":\"2026-05-10T23:59:59+02:00\",\"performer\":\"Organization\"},{\"@context\":\"http:\/\/schema.org\",\"@type\":\"Event\",\"name\":\"La Madre partecipa alle Celebrazione del Centenario della presenza delle FMA dell\\u2019Ispettoria \\u201cNostra Signora d\\u2019Africa\\u201d (AFC). A Lubumbashi, Repubblica Democratica del Congo.\",\"description\":\"\",\"url\":\"https:\/\/www.cgfmanet.org\/es\/event\/la-madre-partecipa-alle-celebrazione-del-centenario-della-presenza-delle-fma-dellispettoria-nostra-signora-dafrica-afc-a-lubumbashi-repubblica-democratica-del-c\/\",\"eventAttendanceMode\":\"https:\/\/schema.org\/OfflineEventAttendanceMode\",\"eventStatus\":\"https:\/\/schema.org\/EventScheduled\",\"startDate\":\"2026-05-08T00:00:00+02:00\",\"endDate\":\"2026-05-19T23:59:59+02:00\",\"performer\":\"Organization\"},{\"@context\":\"http:\/\/schema.org\",\"@type\":\"Event\",\"name\":\"Suor Runita Borja, con le collaboratrici dell\\u2019Ambito PG, incontra le FMA partecipanti del Corso di Formazione Permanente Missionaria. A Roma, Casa generalizia.\",\"description\":\"\",\"url\":\"https:\/\/www.cgfmanet.org\/es\/event\/suor-runita-borja-con-le-collaboratrici-dellambito-pg-incontra-le-fma-partecipanti-del-corso-di-formazione-permanente-missionaria-a-roma-casa-generalizia\/\",\"eventAttendanceMode\":\"https:\/\/schema.org\/OfflineEventAttendanceMode\",\"eventStatus\":\"https:\/\/schema.org\/EventScheduled\",\"startDate\":\"2026-05-08T00:00:00+02:00\",\"endDate\":\"2026-05-08T23:59:59+02:00\",\"performer\":\"Organization\"},{\"@context\":\"http:\/\/schema.org\",\"@type\":\"Event\",\"name\":\"Suor Nilza F\\u00e1tima de Moraes coordina il raduno online con le sorelle del gruppo di stesura del Progetto formativo.\",\"description\":\"\",\"url\":\"https:\/\/www.cgfmanet.org\/es\/event\/suor-nilza-fatima-de-moraes-coordina-il-raduno-online-con-le-sorelle-del-gruppo-di-stesura-del-progetto-formativo\/\",\"eventAttendanceMode\":\"https:\/\/schema.org\/OfflineEventAttendanceMode\",\"eventStatus\":\"https:\/\/schema.org\/EventScheduled\",\"startDate\":\"2026-05-09T00:00:00+02:00\",\"endDate\":\"2026-05-09T23:59:59+02:00\",\"performer\":\"Organization\"},{\"@context\":\"http:\/\/schema.org\",\"@type\":\"Event\",\"name\":\"Esercizi Spirituali per le partecipanti al Corso di Formazione Permanente Missionaria e le neo missionarie, a Mornese.\",\"description\":\"\",\"url\":\"https:\/\/www.cgfmanet.org\/es\/event\/esercizi-spirituali-per-le-partecipanti-al-corso-di-formazione-permanente-missionaria-e-le-neo-missionarie-a-mornese-2\/\",\"eventAttendanceMode\":\"https:\/\/schema.org\/OfflineEventAttendanceMode\",\"eventStatus\":\"https:\/\/schema.org\/EventScheduled\",\"startDate\":\"2026-05-11T00:00:00+02:00\",\"endDate\":\"2026-05-18T23:59:59+02:00\",\"performer\":\"Organization\"},{\"@context\":\"http:\/\/schema.org\",\"@type\":\"Event\",\"name\":\"Suor Maria Assunta Sumiko Inoue termina la Visita canonica all&#8217;Ispettoria \\u201cSanta Maria Domenica Mazzarello\\u201d (TIN) di Timor-Indonesia.\",\"description\":\"\",\"url\":\"https:\/\/www.cgfmanet.org\/es\/event\/suor-maria-assunta-sumiko-inoue-termina-la-visita-canonica-allispettoria-santa-maria-domenica-mazzarello-tin-di-timor-indonesia\/\",\"eventAttendanceMode\":\"https:\/\/schema.org\/OfflineEventAttendanceMode\",\"eventStatus\":\"https:\/\/schema.org\/EventScheduled\",\"startDate\":\"2026-05-14T00:00:00+02:00\",\"endDate\":\"2026-05-14T23:59:59+02:00\",\"performer\":\"Organization\"},{\"@context\":\"http:\/\/schema.org\",\"@type\":\"Event\",\"name\":\"Suor Maria Assunta Sumiko Inoue fa una Visita breve all&#8217;Ispettoria \\u201cSanta Maria Mazzarello\\u201d (THA).\",\"description\":\"\",\"url\":\"https:\/\/www.cgfmanet.org\/es\/event\/suor-maria-assunta-sumiko-inoue-fa-una-visita-breve-allispettoria-santa-maria-mazzarello-tha\/\",\"eventAttendanceMode\":\"https:\/\/schema.org\/OfflineEventAttendanceMode\",\"eventStatus\":\"https:\/\/schema.org\/EventScheduled\",\"startDate\":\"2026-05-14T00:00:00+02:00\",\"endDate\":\"2026-05-26T23:59:59+02:00\",\"performer\":\"Organization\"},{\"@context\":\"http:\/\/schema.org\",\"@type\":\"Event\",\"name\":\"Suor Runita Borja partecipa al Congresso degli Educatori della Conferenza interispettoriale CIAO sul tema \\u201cIl Patto Educativo Globale nello stile salesiano\\u201d. A Tokyo, in Giappone.\",\"description\":\"\",\"url\":\"https:\/\/www.cgfmanet.org\/es\/event\/suor-runita-borja-partecipa-al-congresso-degli-educatori-della-conferenza-interispettoriale-ciao-sul-tema-il-patto-educativo-globale-nello-stile-salesiano-a-tokyo-in-giappone\/\",\"eventAttendanceMode\":\"https:\/\/schema.org\/OfflineEventAttendanceMode\",\"eventStatus\":\"https:\/\/schema.org\/EventScheduled\",\"startDate\":\"2026-05-14T00:00:00+02:00\",\"endDate\":\"2026-05-19T23:59:59+02:00\",\"performer\":\"Organization\"},{\"@context\":\"http:\/\/schema.org\",\"@type\":\"Event\",\"name\":\"Suor Leslie S\\u00e1ndigo insieme alle collaboratrici dell\\u2019Ambito presenta la Famiglia Salesiana alle studentesse del Corso di Spiritualit\\u00e0 di Casa Madre Canta.\",\"description\":\"\",\"url\":\"https:\/\/www.cgfmanet.org\/es\/event\/suor-leslie-sandigo-insieme-alle-collaboratrici-dellambito-presenta-la-famiglia-salesiana-alle-studentesse-del-corso-di-spiritualita-di-casa-madre-canta\/\",\"eventAttendanceMode\":\"https:\/\/schema.org\/OfflineEventAttendanceMode\",\"eventStatus\":\"https:\/\/schema.org\/EventScheduled\",\"startDate\":\"2026-05-15T00:00:00+02:00\",\"endDate\":\"2026-05-15T23:59:59+02:00\",\"performer\":\"Organization\"},{\"@context\":\"http:\/\/schema.org\",\"@type\":\"Event\",\"name\":\"Suor Celine Jacob termina la Visita Canonica all&#8217;Ispettoria \\u00abMaria Immacolata\\u00bb (SUO) degli Stati Uniti.\",\"description\":\"\",\"url\":\"https:\/\/www.cgfmanet.org\/es\/event\/suor-celine-jacob-termina-la-visita-canonica-allispettoria-maria-immacolata-suo-degli-stati-uniti\/\",\"eventAttendanceMode\":\"https:\/\/schema.org\/OfflineEventAttendanceMode\",\"eventStatus\":\"https:\/\/schema.org\/EventScheduled\",\"startDate\":\"2026-05-18T00:00:00+02:00\",\"endDate\":\"2026-05-18T23:59:59+02:00\",\"performer\":\"Organization\"},{\"@context\":\"http:\/\/schema.org\",\"@type\":\"Event\",\"name\":\"Suor Lidia Strzelczyk termina la 2a parte della Visita canonica all&#8217;Ispettoria Meridionale \\u00abMadonna del Buon Consiglio\\u00bb (IMR).\",\"description\":\"\",\"url\":\"https:\/\/www.cgfmanet.org\/es\/event\/suor-lidia-strzelczyk-termina-la-2a-parte-della-visita-canonica-allispettoria-meridionale-madonna-del-buon-consiglio-imr\/\",\"eventAttendanceMode\":\"https:\/\/schema.org\/OfflineEventAttendanceMode\",\"eventStatus\":\"https:\/\/schema.org\/EventScheduled\",\"startDate\":\"2026-05-19T00:00:00+02:00\",\"endDate\":\"2026-05-19T23:59:59+02:00\",\"performer\":\"Organization\"},{\"@context\":\"http:\/\/schema.org\",\"@type\":\"Event\",\"name\":\"Suor Leslie S\\u00e1ndigo e le Collaboratrici dell\\u2019Ambito partecipano alla Consulta della Famiglia Salesiana a Valdocco, Torino.\",\"description\":\"\",\"url\":\"https:\/\/www.cgfmanet.org\/es\/event\/suor-leslie-sandigo-e-le-collaboratrici-dellambito-partecipano-alla-consulta-della-famiglia-salesiana-a-valdocco-torino-2\/\",\"eventAttendanceMode\":\"https:\/\/schema.org\/OfflineEventAttendanceMode\",\"eventStatus\":\"https:\/\/schema.org\/EventScheduled\",\"startDate\":\"2026-05-21T00:00:00+02:00\",\"endDate\":\"2026-05-23T23:59:59+02:00\",\"performer\":\"Organization\"},{\"@context\":\"http:\/\/schema.org\",\"@type\":\"Event\",\"name\":\"La Madre partecipa alla Consulta della Famiglia Salesiana sul tema della Strenna 2026. A Torino, Valdocco.\",\"description\":\"\",\"url\":\"https:\/\/www.cgfmanet.org\/es\/event\/la-madre-partecipa-alla-consulta-della-famiglia-salesiana-sul-tema-della-strenna-2026-a-torino-valdocco\/\",\"eventAttendanceMode\":\"https:\/\/schema.org\/OfflineEventAttendanceMode\",\"eventStatus\":\"https:\/\/schema.org\/EventScheduled\",\"startDate\":\"2026-05-22T00:00:00+02:00\",\"endDate\":\"2026-05-23T23:59:59+02:00\",\"performer\":\"Organization\"},{\"@context\":\"http:\/\/schema.org\",\"@type\":\"Event\",\"name\":\"Suor Marta Riccioli termina la Visita canonica all\\u2019Ispettoria \\u00abNostra Signora di Chiquinquir\\u00e1\\u00bb (CBC).\",\"description\":\"\",\"url\":\"https:\/\/www.cgfmanet.org\/es\/event\/suor-marta-riccioli-termina-la-visita-canonica-allispettoria-nostra-signora-di-chiquinquira-cbc\/\",\"eventAttendanceMode\":\"https:\/\/schema.org\/OfflineEventAttendanceMode\",\"eventStatus\":\"https:\/\/schema.org\/EventScheduled\",\"startDate\":\"2026-05-22T00:00:00+02:00\",\"endDate\":\"2026-05-22T23:59:59+02:00\",\"performer\":\"Organization\"},{\"@context\":\"http:\/\/schema.org\",\"@type\":\"Event\",\"name\":\"La Madre partecipa alla Celebrazione della solennit\\u00e0 di Maria Ausiliatrice a Torino, Valdocco.\",\"description\":\"\",\"url\":\"https:\/\/www.cgfmanet.org\/es\/event\/la-madre-partecipa-alla-celebrazione-della-solennita-di-maria-ausiliatrice-a-torino-valdocco\/\",\"eventAttendanceMode\":\"https:\/\/schema.org\/OfflineEventAttendanceMode\",\"eventStatus\":\"https:\/\/schema.org\/EventScheduled\",\"startDate\":\"2026-05-24T00:00:00+02:00\",\"endDate\":\"2026-05-24T23:59:59+02:00\",\"performer\":\"Organization\"},{\"@context\":\"http:\/\/schema.org\",\"@type\":\"Event\",\"name\":\"Suor Ruth del Pilar Mora termina la Visita Canonica all\\u2019Ispettoria San Giuseppe (SEC) di Stati Uniti e Canada.\",\"description\":\"\",\"url\":\"https:\/\/www.cgfmanet.org\/es\/event\/suor-ruth-del-pilar-mora-termina-la-visita-canonica-allispettoria-san-giuseppe-sec-di-stati-uniti-e-canada\/\",\"eventAttendanceMode\":\"https:\/\/schema.org\/OfflineEventAttendanceMode\",\"eventStatus\":\"https:\/\/schema.org\/EventScheduled\",\"startDate\":\"2026-05-26T00:00:00+02:00\",\"endDate\":\"2026-05-26T23:59:59+02:00\",\"performer\":\"Organization\"},{\"@context\":\"http:\/\/schema.org\",\"@type\":\"Event\",\"name\":\"Suor Runita Borja d\\u00e0 il saluto iniziale e partecipa all\\u2019incontro online delle Coordinatrici ispettoriali di PG della Conferenza NAC.\",\"description\":\"\",\"url\":\"https:\/\/www.cgfmanet.org\/es\/event\/suor-runita-borja-da-il-saluto-iniziale-e-partecipa-allincontro-online-delle-coordinatrici-ispettoriali-di-pg-della-conferenza-nac\/\",\"eventAttendanceMode\":\"https:\/\/schema.org\/OfflineEventAttendanceMode\",\"eventStatus\":\"https:\/\/schema.org\/EventScheduled\",\"startDate\":\"2026-05-26T00:00:00+02:00\",\"endDate\":\"2026-05-26T23:59:59+02:00\",\"performer\":\"Organization\"},{\"@context\":\"http:\/\/schema.org\",\"@type\":\"Event\",\"name\":\"Suor Ruth del Pilar Mora incontra le missionarie ad gentes che terminano il Corso di Formazione Permanente Missionaria a Roma, in Casa Generalizia.\",\"description\":\"\",\"url\":\"https:\/\/www.cgfmanet.org\/es\/event\/suor-ruth-del-pilar-mora-incontra-le-missionarie-ad-gentes-che-terminano-il-corso-di-formazione-permanente-missionaria-a-roma-in-casa-generalizia\/\",\"eventAttendanceMode\":\"https:\/\/schema.org\/OfflineEventAttendanceMode\",\"eventStatus\":\"https:\/\/schema.org\/EventScheduled\",\"startDate\":\"2026-05-27T00:00:00+02:00\",\"endDate\":\"2026-05-28T23:59:59+02:00\",\"performer\":\"Organization\"},{\"@context\":\"http:\/\/schema.org\",\"@type\":\"Event\",\"name\":\"A Roma in Casa generalizia la Madre incontra le FMA partecipanti a conclusione del Corso di Formazione Permanente Missionaria.\",\"description\":\"\",\"url\":\"https:\/\/www.cgfmanet.org\/es\/event\/a-roma-in-casa-generalizia-la-madre-incontra-le-fma-partecipanti-a-conclusione-del-corso-di-formazione-permanente-missionaria\/\",\"eventAttendanceMode\":\"https:\/\/schema.org\/OfflineEventAttendanceMode\",\"eventStatus\":\"https:\/\/schema.org\/EventScheduled\",\"startDate\":\"2026-05-28T00:00:00+02:00\",\"endDate\":\"2026-05-28T23:59:59+02:00\",\"performer\":\"Organization\"},{\"@context\":\"http:\/\/schema.org\",\"@type\":\"Event\",\"name\":\"Conclusione del Corso di Formazione Permanente Missionaria a Roma, Casa Generalizia.\",\"description\":\"\",\"url\":\"https:\/\/www.cgfmanet.org\/es\/event\/conclusione-del-corso-di-formazione-permanente-missionaria-a-roma-casa-generalizia\/\",\"eventAttendanceMode\":\"https:\/\/schema.org\/OfflineEventAttendanceMode\",\"eventStatus\":\"https:\/\/schema.org\/EventScheduled\",\"startDate\":\"2026-05-29T00:00:00+02:00\",\"endDate\":\"2026-05-29T23:59:59+02:00\",\"performer\":\"Organization\"},{\"@context\":\"http:\/\/schema.org\",\"@type\":\"Event\",\"name\":\"Suor Chantal Mukase termina la Visita Canonica all\\u2019Ispettoria \\u201cNostra Signora d\\u2019Africa\\u201d (AFC) dell\\u2019Africa Centrale.\",\"description\":\"\",\"url\":\"https:\/\/www.cgfmanet.org\/es\/event\/suor-chantal-mukase-termina-la-visita-canonica-allispettoria-nostra-signora-dafrica-afc-dellafrica-centrale\/\",\"eventAttendanceMode\":\"https:\/\/schema.org\/OfflineEventAttendanceMode\",\"eventStatus\":\"https:\/\/schema.org\/EventScheduled\",\"startDate\":\"2026-05-30T00:00:00+02:00\",\"endDate\":\"2026-05-30T23:59:59+02:00\",\"performer\":\"Organization\"},{\"@context\":\"http:\/\/schema.org\",\"@type\":\"Event\",\"name\":\"Suor Paola Battagliola termina la 2a parte della Visita canonica all&#8217;Ispettoria Lombarda \\u00abSacra Famiglia\\u00bb (ILO).\",\"description\":\"\",\"url\":\"https:\/\/www.cgfmanet.org\/es\/event\/suor-paola-battagliola-termina-la-2a-parte-della-visita-canonica-allispettoria-lombarda-sacra-famiglia-ilo\/\",\"eventAttendanceMode\":\"https:\/\/schema.org\/OfflineEventAttendanceMode\",\"eventStatus\":\"https:\/\/schema.org\/EventScheduled\",\"startDate\":\"2026-05-31T00:00:00+02:00\",\"endDate\":\"2026-05-31T23:59:59+02:00\",\"performer\":\"Organization\"}]\r\n<\/script>\n\t\t<script data-js=\"tribe-events-view-data\" type=\"application\/json\">\n\t{\"slug\":\"month\",\"prev_url\":\"https:\\\/\\\/www.cgfmanet.org\\\/es\\\/eventos\\\/mes\\\/2026-04\\\/?shortcode=tribe-widget-events-month-15\",\"next_url\":\"\",\"view_class\":\"Tribe\\\\Events\\\\Views\\\\V2\\\\Views\\\\Month_View\",\"view_slug\":\"month\",\"view_label\":\"Mes\",\"title\":\"Eventos en mayo 2026 \\u2022 Istituto Figlie di Maria Ausiliatrice\",\"events\":{\"2026-04-27\":[155333,156197,154150],\"2026-04-28\":[155333,156197,154150],\"2026-04-29\":[155333],\"2026-04-30\":[155333],\"2026-05-01\":[155333,156203],\"2026-05-02\":[155333,150827],\"2026-05-03\":[155333,151100],\"2026-05-04\":[150695,150891,155256,151106],\"2026-05-05\":[156540],\"2026-05-06\":[155272],\"2026-05-07\":[155262,151112],\"2026-05-08\":[155262,151112,155282,156546],\"2026-05-09\":[155262,151112,155282,155343],\"2026-05-10\":[155262,151112,155282],\"2026-05-11\":[155282,150897],\"2026-05-12\":[155282,150897],\"2026-05-13\":[155282,150897],\"2026-05-14\":[155282,150897,154049,150932,156710],\"2026-05-15\":[155282,150897,150932,156710,151118],\"2026-05-16\":[155282,150897,150932,156710],\"2026-05-17\":[155282,150897,150932,156710],\"2026-05-18\":[155282,150897,150932,156710,153492],\"2026-05-19\":[155282,150932,156710,150817],\"2026-05-20\":[150932],\"2026-05-21\":[150932,151124],\"2026-05-22\":[150932,151124,155292,151249],\"2026-05-23\":[150932,151124,155292],\"2026-05-24\":[150932,155302],\"2026-05-25\":[150932],\"2026-05-26\":[150932,150875,156720],\"2026-05-27\":[150885],\"2026-05-28\":[150885,155312],\"2026-05-29\":[150903],\"2026-05-30\":[153471],\"2026-05-31\":[154084]},\"url\":\"https:\\\/\\\/www.cgfmanet.org\\\/es\\\/eventos\\\/mes\\\/?shortcode=tribe-widget-events-month-15\",\"url_event_date\":false,\"bar\":{\"keyword\":\"\",\"date\":\"\"},\"today\":\"2026-05-03 00:00:00\",\"now\":\"2026-05-03 14:10:50\",\"home_url\":\"https:\\\/\\\/www.cgfmanet.org\\\/es\\\/\",\"rest_url\":\"https:\\\/\\\/www.cgfmanet.org\\\/es\\\/wp-json\\\/tribe\\\/views\\\/v2\\\/html\",\"rest_method\":\"GET\",\"rest_nonce\":\"\",\"should_manage_url\":false,\"today_url\":\"https:\\\/\\\/www.cgfmanet.org\\\/es\\\/eventos\\\/mes\\\/?rest_route=%2Fwp%2Fv2%2Fpages%2F3282&shortcode=tribe-widget-events-month-15\",\"today_title\":\"Haz clic para seleccionar el mes actual\",\"today_label\":\"Este mes\",\"prev_label\":\"Abr\",\"next_label\":\"Jun\",\"date_formats\":{\"compact\":\"d\\\/m\\\/Y\",\"month_and_year_compact\":\"m\\\/Y\",\"month_and_year\":\"F Y\",\"time_range_separator\":\" - \",\"date_time_separator\":\" @ \"},\"messages\":[],\"start_of_week\":\"1\",\"header_title\":\"\",\"header_title_element\":\"h1\",\"content_title\":\"\",\"show_content_title\":false,\"breadcrumbs\":[],\"backlink\":false,\"before_events\":\"\",\"after_events\":\"\",\"display_events_bar\":true,\"disable_event_search\":false,\"live_refresh\":true,\"ical\":{\"display_link\":true,\"link\":{\"url\":\"https:\\\/\\\/www.cgfmanet.org\\\/es\\\/eventos\\\/mes\\\/?shortcode=tribe-widget-events-month-15&#038;ical=1\",\"text\":\"Exportar Eventos\",\"title\":\"Usa esto para compartir los datos del calendario con Google Calendar, Apple iCal y otras aplicaciones compatibles\"}},\"container_classes\":[\"tribe-common\",\"tribe-events\",\"tribe-events-view\",\"tribe-events-view--month\",\"tribe-events-view--shortcode\",\"tribe-events-view--shortcode-tribe-widget-events-month-15\",\"tribe-events-widget\",\"tribe-events-widget-events-month\"],\"container_data\":{\"shortcode\":\"tribe-widget-events-month-15\"},\"is_past\":false,\"breakpoints\":{\"xsmall\":500,\"medium\":768,\"full\":960},\"breakpoint_pointer\":\"d7f32940-4186-4350-bc69-a6d7dc4817a5\",\"is_initial_load\":false,\"public_views\":{\"month\":{\"view_class\":\"Tribe\\\\Events\\\\Views\\\\V2\\\\Views\\\\Month_View\",\"view_url\":\"https:\\\/\\\/www.cgfmanet.org\\\/es\\\/eventos\\\/mes\\\/?shortcode=tribe-widget-events-month-15\",\"view_label\":\"Mes\",\"aria_label\":\"Mostrar Eventos en la vista Mes\"}},\"show_latest_past\":false,\"past\":false,\"today_date\":\"2026-05-03\",\"grid_date\":\"2026-05-03\",\"formatted_grid_date\":\"mayo 2026\",\"formatted_grid_date_mobile\":\"03\\\/05\\\/2026\",\"days\":{\"2026-04-27\":{\"date\":\"2026-04-27\",\"is_start_of_week\":true,\"year_number\":\"2026\",\"month_number\":\"04\",\"day_number\":\"27\",\"events\":[],\"featured_events\":[],\"multiday_events\":[155333,156197,154150],\"found_events\":3,\"more_events\":0,\"day_url\":\"https:\\\/\\\/www.cgfmanet.org\\\/es\\\/eventos\\\/2026-04-27\\\/?shortcode=tribe-widget-events-month-15\"},\"2026-04-28\":{\"date\":\"2026-04-28\",\"is_start_of_week\":false,\"year_number\":\"2026\",\"month_number\":\"04\",\"day_number\":\"28\",\"events\":[],\"featured_events\":[],\"multiday_events\":[155333,156197,154150],\"found_events\":3,\"more_events\":0,\"day_url\":\"https:\\\/\\\/www.cgfmanet.org\\\/es\\\/eventos\\\/2026-04-28\\\/?shortcode=tribe-widget-events-month-15\"},\"2026-04-29\":{\"date\":\"2026-04-29\",\"is_start_of_week\":false,\"year_number\":\"2026\",\"month_number\":\"04\",\"day_number\":\"29\",\"events\":[],\"featured_events\":[],\"multiday_events\":[155333],\"found_events\":1,\"more_events\":0,\"day_url\":\"https:\\\/\\\/www.cgfmanet.org\\\/es\\\/eventos\\\/2026-04-29\\\/?shortcode=tribe-widget-events-month-15\"},\"2026-04-30\":{\"date\":\"2026-04-30\",\"is_start_of_week\":false,\"year_number\":\"2026\",\"month_number\":\"04\",\"day_number\":\"30\",\"events\":[],\"featured_events\":[],\"multiday_events\":[155333],\"found_events\":1,\"more_events\":0,\"day_url\":\"https:\\\/\\\/www.cgfmanet.org\\\/es\\\/eventos\\\/2026-04-30\\\/?shortcode=tribe-widget-events-month-15\"},\"2026-05-01\":{\"date\":\"2026-05-01\",\"is_start_of_week\":false,\"year_number\":\"2026\",\"month_number\":\"05\",\"day_number\":\"1\",\"events\":[],\"featured_events\":[],\"multiday_events\":[155333,156203],\"found_events\":2,\"more_events\":0,\"day_url\":\"https:\\\/\\\/www.cgfmanet.org\\\/es\\\/eventos\\\/2026-05-01\\\/?shortcode=tribe-widget-events-month-15\"},\"2026-05-02\":{\"date\":\"2026-05-02\",\"is_start_of_week\":false,\"year_number\":\"2026\",\"month_number\":\"05\",\"day_number\":\"2\",\"events\":[],\"featured_events\":[],\"multiday_events\":[155333,150827],\"found_events\":2,\"more_events\":0,\"day_url\":\"https:\\\/\\\/www.cgfmanet.org\\\/es\\\/eventos\\\/2026-05-02\\\/?shortcode=tribe-widget-events-month-15\"},\"2026-05-03\":{\"date\":\"2026-05-03\",\"is_start_of_week\":false,\"year_number\":\"2026\",\"month_number\":\"05\",\"day_number\":\"3\",\"events\":[],\"featured_events\":[],\"multiday_events\":[155333,151100],\"found_events\":2,\"more_events\":0,\"day_url\":\"https:\\\/\\\/www.cgfmanet.org\\\/es\\\/eventos\\\/2026-05-03\\\/?shortcode=tribe-widget-events-month-15\"},\"2026-05-04\":{\"date\":\"2026-05-04\",\"is_start_of_week\":true,\"year_number\":\"2026\",\"month_number\":\"05\",\"day_number\":\"4\",\"events\":[],\"featured_events\":[],\"multiday_events\":[150695,150891,155256,151106],\"found_events\":4,\"more_events\":0,\"day_url\":\"https:\\\/\\\/www.cgfmanet.org\\\/es\\\/eventos\\\/2026-05-04\\\/?shortcode=tribe-widget-events-month-15\"},\"2026-05-05\":{\"date\":\"2026-05-05\",\"is_start_of_week\":false,\"year_number\":\"2026\",\"month_number\":\"05\",\"day_number\":\"5\",\"events\":[],\"featured_events\":[],\"multiday_events\":[156540],\"found_events\":1,\"more_events\":0,\"day_url\":\"https:\\\/\\\/www.cgfmanet.org\\\/es\\\/eventos\\\/2026-05-05\\\/?shortcode=tribe-widget-events-month-15\"},\"2026-05-06\":{\"date\":\"2026-05-06\",\"is_start_of_week\":false,\"year_number\":\"2026\",\"month_number\":\"05\",\"day_number\":\"6\",\"events\":[],\"featured_events\":[],\"multiday_events\":[155272],\"found_events\":1,\"more_events\":0,\"day_url\":\"https:\\\/\\\/www.cgfmanet.org\\\/es\\\/eventos\\\/2026-05-06\\\/?shortcode=tribe-widget-events-month-15\"},\"2026-05-07\":{\"date\":\"2026-05-07\",\"is_start_of_week\":false,\"year_number\":\"2026\",\"month_number\":\"05\",\"day_number\":\"7\",\"events\":[],\"featured_events\":[],\"multiday_events\":[155262,151112],\"found_events\":2,\"more_events\":0,\"day_url\":\"https:\\\/\\\/www.cgfmanet.org\\\/es\\\/eventos\\\/2026-05-07\\\/?shortcode=tribe-widget-events-month-15\"},\"2026-05-08\":{\"date\":\"2026-05-08\",\"is_start_of_week\":false,\"year_number\":\"2026\",\"month_number\":\"05\",\"day_number\":\"8\",\"events\":[],\"featured_events\":[],\"multiday_events\":[155262,151112,155282,156546],\"found_events\":4,\"more_events\":0,\"day_url\":\"https:\\\/\\\/www.cgfmanet.org\\\/es\\\/eventos\\\/2026-05-08\\\/?shortcode=tribe-widget-events-month-15\"},\"2026-05-09\":{\"date\":\"2026-05-09\",\"is_start_of_week\":false,\"year_number\":\"2026\",\"month_number\":\"05\",\"day_number\":\"9\",\"events\":[],\"featured_events\":[],\"multiday_events\":[155262,151112,155282,155343],\"found_events\":4,\"more_events\":0,\"day_url\":\"https:\\\/\\\/www.cgfmanet.org\\\/es\\\/eventos\\\/2026-05-09\\\/?shortcode=tribe-widget-events-month-15\"},\"2026-05-10\":{\"date\":\"2026-05-10\",\"is_start_of_week\":false,\"year_number\":\"2026\",\"month_number\":\"05\",\"day_number\":\"10\",\"events\":[],\"featured_events\":[],\"multiday_events\":[155262,151112,155282],\"found_events\":3,\"more_events\":0,\"day_url\":\"https:\\\/\\\/www.cgfmanet.org\\\/es\\\/eventos\\\/2026-05-10\\\/?shortcode=tribe-widget-events-month-15\"},\"2026-05-11\":{\"date\":\"2026-05-11\",\"is_start_of_week\":true,\"year_number\":\"2026\",\"month_number\":\"05\",\"day_number\":\"11\",\"events\":[],\"featured_events\":[],\"multiday_events\":[155282,150897],\"found_events\":2,\"more_events\":0,\"day_url\":\"https:\\\/\\\/www.cgfmanet.org\\\/es\\\/eventos\\\/2026-05-11\\\/?shortcode=tribe-widget-events-month-15\"},\"2026-05-12\":{\"date\":\"2026-05-12\",\"is_start_of_week\":false,\"year_number\":\"2026\",\"month_number\":\"05\",\"day_number\":\"12\",\"events\":[],\"featured_events\":[],\"multiday_events\":[155282,150897],\"found_events\":2,\"more_events\":0,\"day_url\":\"https:\\\/\\\/www.cgfmanet.org\\\/es\\\/eventos\\\/2026-05-12\\\/?shortcode=tribe-widget-events-month-15\"},\"2026-05-13\":{\"date\":\"2026-05-13\",\"is_start_of_week\":false,\"year_number\":\"2026\",\"month_number\":\"05\",\"day_number\":\"13\",\"events\":[],\"featured_events\":[],\"multiday_events\":[155282,150897],\"found_events\":2,\"more_events\":0,\"day_url\":\"https:\\\/\\\/www.cgfmanet.org\\\/es\\\/eventos\\\/2026-05-13\\\/?shortcode=tribe-widget-events-month-15\"},\"2026-05-14\":{\"date\":\"2026-05-14\",\"is_start_of_week\":false,\"year_number\":\"2026\",\"month_number\":\"05\",\"day_number\":\"14\",\"events\":[],\"featured_events\":[],\"multiday_events\":[155282,150897,154049,150932,156710],\"found_events\":5,\"more_events\":0,\"day_url\":\"https:\\\/\\\/www.cgfmanet.org\\\/es\\\/eventos\\\/2026-05-14\\\/?shortcode=tribe-widget-events-month-15\"},\"2026-05-15\":{\"date\":\"2026-05-15\",\"is_start_of_week\":false,\"year_number\":\"2026\",\"month_number\":\"05\",\"day_number\":\"15\",\"events\":[],\"featured_events\":[],\"multiday_events\":[155282,150897,151118,150932,156710],\"found_events\":5,\"more_events\":0,\"day_url\":\"https:\\\/\\\/www.cgfmanet.org\\\/es\\\/eventos\\\/2026-05-15\\\/?shortcode=tribe-widget-events-month-15\"},\"2026-05-16\":{\"date\":\"2026-05-16\",\"is_start_of_week\":false,\"year_number\":\"2026\",\"month_number\":\"05\",\"day_number\":\"16\",\"events\":[],\"featured_events\":[],\"multiday_events\":[155282,150897,false,150932,156710],\"found_events\":4,\"more_events\":0,\"day_url\":\"https:\\\/\\\/www.cgfmanet.org\\\/es\\\/eventos\\\/2026-05-16\\\/?shortcode=tribe-widget-events-month-15\"},\"2026-05-17\":{\"date\":\"2026-05-17\",\"is_start_of_week\":false,\"year_number\":\"2026\",\"month_number\":\"05\",\"day_number\":\"17\",\"events\":[],\"featured_events\":[],\"multiday_events\":[155282,150897,false,150932,156710],\"found_events\":4,\"more_events\":0,\"day_url\":\"https:\\\/\\\/www.cgfmanet.org\\\/es\\\/eventos\\\/2026-05-17\\\/?shortcode=tribe-widget-events-month-15\"},\"2026-05-18\":{\"date\":\"2026-05-18\",\"is_start_of_week\":true,\"year_number\":\"2026\",\"month_number\":\"05\",\"day_number\":\"18\",\"events\":[],\"featured_events\":[],\"multiday_events\":[155282,150897,150932,156710,153492],\"found_events\":5,\"more_events\":0,\"day_url\":\"https:\\\/\\\/www.cgfmanet.org\\\/es\\\/eventos\\\/2026-05-18\\\/?shortcode=tribe-widget-events-month-15\"},\"2026-05-19\":{\"date\":\"2026-05-19\",\"is_start_of_week\":false,\"year_number\":\"2026\",\"month_number\":\"05\",\"day_number\":\"19\",\"events\":[],\"featured_events\":[],\"multiday_events\":[155282,150817,150932,156710],\"found_events\":4,\"more_events\":0,\"day_url\":\"https:\\\/\\\/www.cgfmanet.org\\\/es\\\/eventos\\\/2026-05-19\\\/?shortcode=tribe-widget-events-month-15\"},\"2026-05-20\":{\"date\":\"2026-05-20\",\"is_start_of_week\":false,\"year_number\":\"2026\",\"month_number\":\"05\",\"day_number\":\"20\",\"events\":[],\"featured_events\":[],\"multiday_events\":[false,false,150932],\"found_events\":1,\"more_events\":0,\"day_url\":\"https:\\\/\\\/www.cgfmanet.org\\\/es\\\/eventos\\\/2026-05-20\\\/?shortcode=tribe-widget-events-month-15\"},\"2026-05-21\":{\"date\":\"2026-05-21\",\"is_start_of_week\":false,\"year_number\":\"2026\",\"month_number\":\"05\",\"day_number\":\"21\",\"events\":[],\"featured_events\":[],\"multiday_events\":[151124,false,150932],\"found_events\":2,\"more_events\":0,\"day_url\":\"https:\\\/\\\/www.cgfmanet.org\\\/es\\\/eventos\\\/2026-05-21\\\/?shortcode=tribe-widget-events-month-15\"},\"2026-05-22\":{\"date\":\"2026-05-22\",\"is_start_of_week\":false,\"year_number\":\"2026\",\"month_number\":\"05\",\"day_number\":\"22\",\"events\":[],\"featured_events\":[],\"multiday_events\":[151124,155292,150932,151249],\"found_events\":4,\"more_events\":0,\"day_url\":\"https:\\\/\\\/www.cgfmanet.org\\\/es\\\/eventos\\\/2026-05-22\\\/?shortcode=tribe-widget-events-month-15\"},\"2026-05-23\":{\"date\":\"2026-05-23\",\"is_start_of_week\":false,\"year_number\":\"2026\",\"month_number\":\"05\",\"day_number\":\"23\",\"events\":[],\"featured_events\":[],\"multiday_events\":[151124,155292,150932],\"found_events\":3,\"more_events\":0,\"day_url\":\"https:\\\/\\\/www.cgfmanet.org\\\/es\\\/eventos\\\/2026-05-23\\\/?shortcode=tribe-widget-events-month-15\"},\"2026-05-24\":{\"date\":\"2026-05-24\",\"is_start_of_week\":false,\"year_number\":\"2026\",\"month_number\":\"05\",\"day_number\":\"24\",\"events\":[],\"featured_events\":[],\"multiday_events\":[155302,false,150932],\"found_events\":2,\"more_events\":0,\"day_url\":\"https:\\\/\\\/www.cgfmanet.org\\\/es\\\/eventos\\\/2026-05-24\\\/?shortcode=tribe-widget-events-month-15\"},\"2026-05-25\":{\"date\":\"2026-05-25\",\"is_start_of_week\":true,\"year_number\":\"2026\",\"month_number\":\"05\",\"day_number\":\"25\",\"events\":[],\"featured_events\":[],\"multiday_events\":[150932],\"found_events\":1,\"more_events\":0,\"day_url\":\"https:\\\/\\\/www.cgfmanet.org\\\/es\\\/eventos\\\/2026-05-25\\\/?shortcode=tribe-widget-events-month-15\"},\"2026-05-26\":{\"date\":\"2026-05-26\",\"is_start_of_week\":false,\"year_number\":\"2026\",\"month_number\":\"05\",\"day_number\":\"26\",\"events\":[],\"featured_events\":[],\"multiday_events\":[150932,150875,156720],\"found_events\":3,\"more_events\":0,\"day_url\":\"https:\\\/\\\/www.cgfmanet.org\\\/es\\\/eventos\\\/2026-05-26\\\/?shortcode=tribe-widget-events-month-15\"},\"2026-05-27\":{\"date\":\"2026-05-27\",\"is_start_of_week\":false,\"year_number\":\"2026\",\"month_number\":\"05\",\"day_number\":\"27\",\"events\":[],\"featured_events\":[],\"multiday_events\":[150885],\"found_events\":1,\"more_events\":0,\"day_url\":\"https:\\\/\\\/www.cgfmanet.org\\\/es\\\/eventos\\\/2026-05-27\\\/?shortcode=tribe-widget-events-month-15\"},\"2026-05-28\":{\"date\":\"2026-05-28\",\"is_start_of_week\":false,\"year_number\":\"2026\",\"month_number\":\"05\",\"day_number\":\"28\",\"events\":[],\"featured_events\":[],\"multiday_events\":[150885,155312],\"found_events\":2,\"more_events\":0,\"day_url\":\"https:\\\/\\\/www.cgfmanet.org\\\/es\\\/eventos\\\/2026-05-28\\\/?shortcode=tribe-widget-events-month-15\"},\"2026-05-29\":{\"date\":\"2026-05-29\",\"is_start_of_week\":false,\"year_number\":\"2026\",\"month_number\":\"05\",\"day_number\":\"29\",\"events\":[],\"featured_events\":[],\"multiday_events\":[150903],\"found_events\":1,\"more_events\":0,\"day_url\":\"https:\\\/\\\/www.cgfmanet.org\\\/es\\\/eventos\\\/2026-05-29\\\/?shortcode=tribe-widget-events-month-15\"},\"2026-05-30\":{\"date\":\"2026-05-30\",\"is_start_of_week\":false,\"year_number\":\"2026\",\"month_number\":\"05\",\"day_number\":\"30\",\"events\":[],\"featured_events\":[],\"multiday_events\":[153471],\"found_events\":1,\"more_events\":0,\"day_url\":\"https:\\\/\\\/www.cgfmanet.org\\\/es\\\/eventos\\\/2026-05-30\\\/?shortcode=tribe-widget-events-month-15\"},\"2026-05-31\":{\"date\":\"2026-05-31\",\"is_start_of_week\":false,\"year_number\":\"2026\",\"month_number\":\"05\",\"day_number\":\"31\",\"events\":[],\"featured_events\":[],\"multiday_events\":[154084],\"found_events\":1,\"more_events\":0,\"day_url\":\"https:\\\/\\\/www.cgfmanet.org\\\/es\\\/eventos\\\/2026-05-31\\\/?shortcode=tribe-widget-events-month-15\"}},\"next_month\":\"6\",\"prev_month\":\"4\",\"next_rel\":\"noindex\",\"prev_rel\":\"prev\",\"mobile_messages\":{\"notice\":{\"no-events-in-day\":\"No hay ning\\u00fan evento este d\\u00eda.\"}},\"grid_start_date\":\"2026-04-27\",\"subscribe_links\":{\"gcal\":{\"label\":\"Google Calendar\",\"single_label\":\"A\\u00f1adir a Google Calendar\",\"visible\":true,\"block_slug\":\"hasGoogleCalendar\"},\"ical\":{\"label\":\"iCalendar\",\"single_label\":\"Agregar a iCalendar\",\"visible\":true,\"block_slug\":\"hasiCal\"},\"outlook-365\":{\"label\":\"Outlook 365\",\"single_label\":\"Outlook 365\",\"visible\":true,\"block_slug\":\"hasOutlook365\"},\"outlook-live\":{\"label\":\"Outlook Live\",\"single_label\":\"Outlook Live\",\"visible\":true,\"block_slug\":\"hasOutlookLive\"},\"ics\":{\"label\":\"Exportar archivo .ics\",\"single_label\":\"Exportar archivo .ics\",\"visible\":true,\"block_slug\":null},\"outlook-ics\":{\"label\":\"Exportar archivo .ics de Outlook\",\"single_label\":\"Exportar archivo .ics de Outlook\",\"visible\":true,\"block_slug\":null}},\"layout\":\"vertical\",\"filterbar_state\":\"open\",\"filters\":[{\"filter_object\":{\"type\":\"select\",\"name\":\"Categor\\u00eda de evento\",\"slug\":\"filterbar_category\",\"priority\":1,\"values\":[{\"name\":\"Agenda\",\"depth\":0,\"value\":1717,\"data\":{\"slug\":\"agenda-es\"},\"class\":\"tribe-parent-cat tribe-events-category-agenda-es parent-1717 has-child closed\"},{\"name\":\"Madre y Consejo\",\"depth\":1,\"value\":1999,\"data\":{\"slug\":\"madre-y-consejo\"},\"class\":\"tribe-child-cat tribe-events-category-madre-y-consejo child-1717\"},{\"name\":\"Consejera para la Comunicaci\\u00f3n social\",\"depth\":1,\"value\":769,\"data\":{\"slug\":\"consejera-para-la-comunicacion-social\"},\"class\":\"tribe-child-cat tribe-events-category-consejera-para-la-comunicacion-social child-1717\"},{\"name\":\"Consejera para la Administaci\\u00f3n\",\"depth\":1,\"value\":507,\"data\":{\"slug\":\"consejera-para-la-administacion\"},\"class\":\"tribe-child-cat tribe-events-category-consejera-para-la-administacion child-1717\"},{\"name\":\"Visitadora\",\"depth\":1,\"value\":539,\"data\":{\"slug\":\"visitadora\"},\"class\":\"tribe-child-cat tribe-events-category-visitadora parent-539 child-1717 has-child closed\"},{\"name\":\"Sr Paola Battagliola\",\"depth\":2,\"value\":558,\"data\":{\"slug\":\"sr-paola-battagliola-es-2\"},\"class\":\"tribe-grandchild-cat tribe-depth-2 tribe-events-category-sr-paola-battagliola-es-2 child-539\"},{\"name\":\"Sr Jacob Celine\",\"depth\":2,\"value\":2419,\"data\":{\"slug\":\"sr-jacob-celine-es\"},\"class\":\"tribe-grandchild-cat tribe-depth-2 tribe-events-category-sr-jacob-celine-es child-539\"},{\"name\":\"Sr Riccioli Marta Liliana\",\"depth\":2,\"value\":2415,\"data\":{\"slug\":\"sr-riccioli-marta-liliana-es\"},\"class\":\"tribe-grandchild-cat tribe-depth-2 tribe-events-category-sr-riccioli-marta-liliana-es child-539\"},{\"name\":\"Sr Lidia Strzelczyk\",\"depth\":2,\"value\":2411,\"data\":{\"slug\":\"sr-lidia-strzelczyk-es\"},\"class\":\"tribe-grandchild-cat tribe-depth-2 tribe-events-category-sr-lidia-strzelczyk-es child-539\"},{\"name\":\"Sr Silvia Boullosa\",\"depth\":2,\"value\":565,\"data\":{\"slug\":\"sr-silvia-boullosa-es\"},\"class\":\"tribe-grandchild-cat tribe-depth-2 tribe-events-category-sr-silvia-boullosa-es child-539\"},{\"name\":\"Sr Phyllis Neves\",\"depth\":2,\"value\":563,\"data\":{\"slug\":\"sr-phyllis-neves-es\"},\"class\":\"tribe-grandchild-cat tribe-depth-2 tribe-events-category-sr-phyllis-neves-es child-539\"},{\"name\":\"Sr Marija Pe\\u010de\",\"depth\":2,\"value\":555,\"data\":{\"slug\":\"sr-marija-pece-es\"},\"class\":\"tribe-grandchild-cat tribe-depth-2 tribe-events-category-sr-marija-pece-es child-539\"},{\"name\":\"Sr Maria Assunta Sumiko Inoue\",\"depth\":2,\"value\":550,\"data\":{\"slug\":\"sr-maria-assunta-sumiko-inoue-es\"},\"class\":\"tribe-grandchild-cat tribe-depth-2 tribe-events-category-sr-maria-assunta-sumiko-inoue-es child-539\"},{\"name\":\"Sr Lucy Rose Ozhukayil\",\"depth\":2,\"value\":547,\"data\":{\"slug\":\"sr-lucy-rose-ozhukayil-es\"},\"class\":\"tribe-grandchild-cat tribe-depth-2 tribe-events-category-sr-lucy-rose-ozhukayil-es child-539\"},{\"name\":\"Sr Chantal Mukase\",\"depth\":2,\"value\":543,\"data\":{\"slug\":\"sr-chantal-mukase-es\"},\"class\":\"tribe-grandchild-cat tribe-depth-2 tribe-events-category-sr-chantal-mukase-es child-539\"},{\"name\":\"Vicaria General\",\"depth\":1,\"value\":535,\"data\":{\"slug\":\"vicaria-general\"},\"class\":\"tribe-child-cat tribe-events-category-vicaria-general child-1717\"},{\"name\":\"Secretaria General\",\"depth\":1,\"value\":529,\"data\":{\"slug\":\"secretaria-general\"},\"class\":\"tribe-child-cat tribe-events-category-secretaria-general child-1717\"},{\"name\":\"Madre General\",\"depth\":1,\"value\":527,\"data\":{\"slug\":\"madre-general\"},\"class\":\"tribe-child-cat tribe-events-category-madre-general child-1717\"},{\"name\":\"Consejera para las Misiones\",\"depth\":1,\"value\":522,\"data\":{\"slug\":\"consejera-para-las-misiones\"},\"class\":\"tribe-child-cat tribe-events-category-consejera-para-las-misiones child-1717\"},{\"name\":\"Consejera para la Pastoral Juvenil\",\"depth\":1,\"value\":519,\"data\":{\"slug\":\"consejera-para-la-pastoral-juvenil\"},\"class\":\"tribe-child-cat tribe-events-category-consejera-para-la-pastoral-juvenil child-1717\"},{\"name\":\"Consejera para la Formaci\\u00f3n\",\"depth\":1,\"value\":515,\"data\":{\"slug\":\"consejera-para-la-formacion\"},\"class\":\"tribe-child-cat tribe-events-category-consejera-para-la-formacion child-1717\"},{\"name\":\"Consejera para la Familia Salesiana\",\"depth\":1,\"value\":511,\"data\":{\"slug\":\"consejera-para-la-familia-salesiana\"},\"class\":\"tribe-child-cat tribe-events-category-consejera-para-la-familia-salesiana child-1717\"},{\"name\":\"Eventos\",\"depth\":0,\"value\":1574,\"data\":{\"slug\":\"eventos-es\"},\"class\":\"tribe-parent-cat tribe-events-category-eventos-es parent-1574 has-child closed\"},{\"name\":\"Jornadas salesianas de comunicaci\\u00f3n\",\"depth\":1,\"value\":1715,\"data\":{\"slug\":\"jornadas-salesianas-de-comunicacion\"},\"class\":\"tribe-child-cat tribe-events-category-jornadas-salesianas-de-comunicacion child-1574\"},{\"name\":\"Fiesta de gratitud\",\"depth\":1,\"value\":1711,\"data\":{\"slug\":\"fiesta-de-gratitud\"},\"class\":\"tribe-child-cat tribe-events-category-fiesta-de-gratitud child-1574\"},{\"name\":\"Seminarios\",\"depth\":1,\"value\":1707,\"data\":{\"slug\":\"seminarios-es\"},\"class\":\"tribe-child-cat tribe-events-category-seminarios-es child-1574\"}],\"free\":null,\"currentValue\":[],\"isActiveFilter\":true,\"queryArgs\":[],\"joinClause\":\"\",\"whereClause\":\"\",\"stack_managed\":false},\"label\":\"Categor\\u00eda de evento\",\"selections_count\":\"\",\"selections\":\"\",\"toggle_id\":\"filterbar_category-toggle-d7f32940-4186-4350-bc69-a6d7dc4817a5\",\"container_id\":\"filterbar_category-container-d7f32940-4186-4350-bc69-a6d7dc4817a5\",\"pill_toggle_id\":\"filterbar_category-pill-toggle-d7f32940-4186-4350-bc69-a6d7dc4817a5\",\"is_open\":false,\"name\":\"tribe_eventcategory[]\",\"fields\":[{\"type\":\"dropdown\",\"value\":\"\",\"id\":\"tribe-events-filterbar-d61a176f-filterbar_category\",\"name\":\"tribe_eventcategory[]\",\"options\":[{\"text\":\"Agenda\",\"id\":\"1717\",\"value\":1717},{\"text\":\"Madre y Consejo\",\"id\":\"1999\",\"value\":1999},{\"text\":\"Consejera para la Comunicaci\\u00f3n social\",\"id\":\"769\",\"value\":769},{\"text\":\"Consejera para la Administaci\\u00f3n\",\"id\":\"507\",\"value\":507},{\"text\":\"Visitadora\",\"id\":\"539\",\"value\":539},{\"text\":\"Sr Paola Battagliola\",\"id\":\"558\",\"value\":558},{\"text\":\"Sr Jacob Celine\",\"id\":\"2419\",\"value\":2419},{\"text\":\"Sr Riccioli Marta Liliana\",\"id\":\"2415\",\"value\":2415},{\"text\":\"Sr Lidia Strzelczyk\",\"id\":\"2411\",\"value\":2411},{\"text\":\"Sr Silvia Boullosa\",\"id\":\"565\",\"value\":565},{\"text\":\"Sr Phyllis Neves\",\"id\":\"563\",\"value\":563},{\"text\":\"Sr Marija Pe\\u010de\",\"id\":\"555\",\"value\":555},{\"text\":\"Sr Maria Assunta Sumiko Inoue\",\"id\":\"550\",\"value\":550},{\"text\":\"Sr Lucy Rose Ozhukayil\",\"id\":\"547\",\"value\":547},{\"text\":\"Sr Chantal Mukase\",\"id\":\"543\",\"value\":543},{\"text\":\"Vicaria General\",\"id\":\"535\",\"value\":535},{\"text\":\"Secretaria General\",\"id\":\"529\",\"value\":529},{\"text\":\"Madre General\",\"id\":\"527\",\"value\":527},{\"text\":\"Consejera para las Misiones\",\"id\":\"522\",\"value\":522},{\"text\":\"Consejera para la Pastoral Juvenil\",\"id\":\"519\",\"value\":519},{\"text\":\"Consejera para la Formaci\\u00f3n\",\"id\":\"515\",\"value\":515},{\"text\":\"Consejera para la Familia Salesiana\",\"id\":\"511\",\"value\":511},{\"text\":\"Eventos\",\"id\":\"1574\",\"value\":1574},{\"text\":\"Jornadas salesianas de comunicaci\\u00f3n\",\"id\":\"1715\",\"value\":1715},{\"text\":\"Fiesta de gratitud\",\"id\":\"1711\",\"value\":1711},{\"text\":\"Seminarios\",\"id\":\"1707\",\"value\":1707}]}],\"type\":\"dropdown\"}],\"selected_filters\":[],\"mobile_initial_state_control\":true,\"display_recurring_toggle\":false,\"_context\":{\"slug\":\"month\",\"should_manage_url\":false},\"text\":\"Cargando\\u2026\",\"classes\":[\"tribe-common-c-loader__dot\",\"tribe-common-c-loader__dot--third\"]}<\/script>\n\n\t\t\n\t\t\n<header  class=\"tribe-events-header tribe-events-header--has-event-search\" >\n\t<div class=\"tribe-events-header__content-title\">\n\t<h1 class=\"screen-reader-text tec-a11y-title-hidden\">Eventos<\/h1><\/div>\n\n\t\n\t\n\t\n\t<div class=\"tribe-events-c-top-bar tribe-events-widget-header__top-bar\">\n\n\t<nav class=\"tribe-events-c-top-bar__nav\" aria-label=\"Month selection\">\n\t<ul class=\"tribe-events-c-top-bar__nav-list\">\n\t\t<li class=\"tribe-events-c-top-bar__nav-list-item\">\n\t<button\n\t\ttype=\"button\"\n\t\tclass=\"tribe-common-c-btn-icon tribe-common-c-btn-icon--caret-left tribe-events-c-top-bar__nav-link tribe-events-c-top-bar__nav-link--prev\"\n\t\taria-label=\"Mes anterior\"\n\t\tdata-url=\"https:\/\/www.cgfmanet.org\/es\/eventos\/mes\/2026-04\/?shortcode=tribe-widget-events-month-15\"\n\t\tdata-js=\"tribe-events-view-link\"\n\t>\n\t\t<svg  class=\"tribe-common-c-svgicon tribe-common-c-svgicon--caret-left tribe-common-c-btn-icon__icon-svg tribe-events-c-top-bar__nav-link-icon-svg\"  xmlns=\"http:\/\/www.w3.org\/2000\/svg\" viewBox=\"0 0 10 16\"><path d=\"M9.7 14.4l-1.5 1.5L.3 8 8.2.1l1.5 1.5L3.3 8l6.4 6.4z\"\/><\/svg>\n\t<\/button>\n<\/li>\n\n\t\t<li class=\"tribe-events-c-top-bar__nav-list-date\" role=\"presentation\" aria-hidden=\"true\">mayo 2026<\/li>\n\n\t\t<li class=\"tribe-events-c-top-bar__nav-list-item\">\n\t<button\n\t\tclass=\"tribe-common-c-btn-icon tribe-common-c-btn-icon--caret-right tribe-events-c-top-bar__nav-link tribe-events-c-top-bar__nav-link--next\"\n\t\taria-label=\"Pr\u00f3ximo mes\"\n\t\ttitle=\"Pr\u00f3ximo mes\"\n\t\tdisabled\n\t>\n\t\t<svg  class=\"tribe-common-c-svgicon tribe-common-c-svgicon--caret-right tribe-common-c-btn-icon__icon-svg tribe-events-c-top-bar__nav-link-icon-svg\"  xmlns=\"http:\/\/www.w3.org\/2000\/svg\" viewBox=\"0 0 10 16\"><path d=\"M.3 1.6L1.8.1 9.7 8l-7.9 7.9-1.5-1.5L6.7 8 .3 1.6z\"\/><\/svg>\n\t<\/button>\n<\/li>\n\t<\/ul>\n<\/nav>\n\n<\/div>\n<\/header>\n\n\t\t\n\t\t<h2 class=\"tribe-common-a11y-visual-hide\" id=\"tribe-events-calendar-header\">\n\t\t\t\t\t\tCalendario de Eventos\t\t<\/h2>\n\t\t<table\n\t\t\tclass=\"tribe-events-calendar-month\"\n\t\t\tdata-js=\"tribe-events-month-grid\"\n\t\t>\n\n\t\t\t<thead class=\"tribe-events-calendar-month__header\">\n<tr>\n\t\t\t<th\n\t\t\tclass=\"tribe-events-calendar-month__header-column\"\n\t\t\tscope=\"col\"\n\t\t\tabbr=\"Lun\"\n\t\t>\n\t\t\t<div class=\"tribe-events-calendar-month__header-column-title tribe-common-b3\">\n\t\t\t\t\t<span aria-hidden=\"true\">\n\t\t\t\t\t\tL\t\t\t\t\t<\/span>\n\t\t\t\t<span class=\"screen-reader-text\">\n\t\t\t\t\t\tlunes\t\t\t\t\t<\/span>\n\t\t\t<\/div>\n\t\t<\/th>\n\t\t\t<th\n\t\t\tclass=\"tribe-events-calendar-month__header-column\"\n\t\t\tscope=\"col\"\n\t\t\tabbr=\"Mar\"\n\t\t>\n\t\t\t<div class=\"tribe-events-calendar-month__header-column-title tribe-common-b3\">\n\t\t\t\t\t<span aria-hidden=\"true\">\n\t\t\t\t\t\tM\t\t\t\t\t<\/span>\n\t\t\t\t<span class=\"screen-reader-text\">\n\t\t\t\t\t\tmartes\t\t\t\t\t<\/span>\n\t\t\t<\/div>\n\t\t<\/th>\n\t\t\t<th\n\t\t\tclass=\"tribe-events-calendar-month__header-column\"\n\t\t\tscope=\"col\"\n\t\t\tabbr=\"Mi\u00e9\"\n\t\t>\n\t\t\t<div class=\"tribe-events-calendar-month__header-column-title tribe-common-b3\">\n\t\t\t\t\t<span aria-hidden=\"true\">\n\t\t\t\t\t\tX\t\t\t\t\t<\/span>\n\t\t\t\t<span class=\"screen-reader-text\">\n\t\t\t\t\t\tmi\u00e9rcoles\t\t\t\t\t<\/span>\n\t\t\t<\/div>\n\t\t<\/th>\n\t\t\t<th\n\t\t\tclass=\"tribe-events-calendar-month__header-column\"\n\t\t\tscope=\"col\"\n\t\t\tabbr=\"Jue\"\n\t\t>\n\t\t\t<div class=\"tribe-events-calendar-month__header-column-title tribe-common-b3\">\n\t\t\t\t\t<span aria-hidden=\"true\">\n\t\t\t\t\t\tJ\t\t\t\t\t<\/span>\n\t\t\t\t<span class=\"screen-reader-text\">\n\t\t\t\t\t\tjueves\t\t\t\t\t<\/span>\n\t\t\t<\/div>\n\t\t<\/th>\n\t\t\t<th\n\t\t\tclass=\"tribe-events-calendar-month__header-column\"\n\t\t\tscope=\"col\"\n\t\t\tabbr=\"Vie\"\n\t\t>\n\t\t\t<div class=\"tribe-events-calendar-month__header-column-title tribe-common-b3\">\n\t\t\t\t\t<span aria-hidden=\"true\">\n\t\t\t\t\t\tV\t\t\t\t\t<\/span>\n\t\t\t\t<span class=\"screen-reader-text\">\n\t\t\t\t\t\tviernes\t\t\t\t\t<\/span>\n\t\t\t<\/div>\n\t\t<\/th>\n\t\t\t<th\n\t\t\tclass=\"tribe-events-calendar-month__header-column\"\n\t\t\tscope=\"col\"\n\t\t\tabbr=\"S\u00e1b\"\n\t\t>\n\t\t\t<div class=\"tribe-events-calendar-month__header-column-title tribe-common-b3\">\n\t\t\t\t\t<span aria-hidden=\"true\">\n\t\t\t\t\t\tS\t\t\t\t\t<\/span>\n\t\t\t\t<span class=\"screen-reader-text\">\n\t\t\t\t\t\ts\u00e1bado\t\t\t\t\t<\/span>\n\t\t\t<\/div>\n\t\t<\/th>\n\t\t\t<th\n\t\t\tclass=\"tribe-events-calendar-month__header-column\"\n\t\t\tscope=\"col\"\n\t\t\tabbr=\"Dom\"\n\t\t>\n\t\t\t<div class=\"tribe-events-calendar-month__header-column-title tribe-common-b3\">\n\t\t\t\t\t<span aria-hidden=\"true\">\n\t\t\t\t\t\tD\t\t\t\t\t<\/span>\n\t\t\t\t<span class=\"screen-reader-text\">\n\t\t\t\t\t\tdomingo\t\t\t\t\t<\/span>\n\t\t\t<\/div>\n\t\t<\/th>\n\t<\/tr>\n<\/thead>\n\n\t\t\t\n<tbody class=\"tribe-events-calendar-month__body\">\n\t\t\t<tr class=\"tribe-events-calendar-month__week\" data-js=\"tribe-events-month-grid-row\">\n\t\t\t\n\t\t\t\t<td\n\t class=\"tribe-events-calendar-month__day tribe-events-calendar-month__day--past tribe-events-calendar-month__day--other-month tribe-events-calendar-month__day--past-month\" \taria-labelledby=\"tribe-events-calendar-day-2026-04-27\"\n\tdata-js=\"tribe-events-month-grid-cell\"\n>\n\t<button\n\taria-expanded=\"false\"\n\taria-controls=\"tribe-events-calendar-mobile-day-2026-04-27\"\n\taria-label=\"abril 27, 3 eventos, d\u00eda anterior\"\n\t class=\"tribe-events-calendar-month__day-cell tribe-events-calendar-month__day-cell--mobile\" \tdata-js=\"tribe-events-calendar-month-day-cell-mobile\"\n>\n\t<h3 class=\"tribe-events-calendar-month__day-date tribe-common-h6 tribe-common-h--alt\">\n\t\t<span class=\"tribe-common-a11y-visual-hide\">\n\t\t\t3 eventos\t\t<\/span>\n\t\t<time\n\t\t\tclass=\"tribe-events-calendar-month__day-date-daynum\"\n\t\t\tdatetime=\"2026-04-27\"\n\t\t>\n\t\t\t27\t\t<\/time>\n\t<\/h3>\n\t\n\t<span class=\"tribe-events-calendar-month__mobile-events-icon tribe-events-calendar-month__mobile-events-icon--event\" >\n\t<\/span>\n<\/button>\n\t\n<div\n\tid=\"tribe-events-calendar-day-2026-04-27\"\n\tclass=\"tribe-events-calendar-month__day-cell tribe-events-calendar-month__day-cell--desktop tribe-common-a11y-hidden\"\n>\n\t\n<h3 class=\"tribe-events-calendar-month__day-date tribe-common-h4\">\n\t<span class=\"tribe-common-a11y-visual-hide\">\n\t\t3 eventos,\n\t<\/span>\n\t<time\n\t\tclass=\"tribe-events-calendar-month__day-date-daynum\"\n\t\tdatetime=\"2026-04-27\"\n\t>\n\t\t\t\t\t<a\n\t\t\t\thref=\"https:\/\/www.cgfmanet.org\/es\/eventos\/2026-04-27\/?shortcode=tribe-widget-events-month-15\"\n\t\t\t\tclass=\"tribe-events-calendar-month__day-date-link\"\n\t\t\t\tdata-js=\"tribe-events-view-link\"\n\t\t\t\taria-label=\"27 abril\"\n\t\t\t>\n\t\t\t\t27\t\t\t<\/a>\n\t\t\t<\/time>\n<\/h3>\n\n\t<div class=\"tribe-events-calendar-month__events\">\n\t\t\n\t<div class=\"tribe-events-calendar-month__multiday-event-wrapper\">\n\t<article  class=\"tribe-events-calendar-month__multiday-event post-155333 tribe_events type-tribe_events status-publish tribe_events_cat-agenda-es tribe_events_cat-consejera-para-la-formacion cat_agenda-es cat_consejera-para-la-formacion tribe-events-calendar-month__multiday-event--width-7 tribe-events-calendar-month__multiday-event--display tribe-events-calendar-month__multiday-event--end\"  data-event-id=\"155333\">\n\t\t<div class=\"tribe-events-calendar-month__multiday-event-hidden\">\n\t<time\n\tdatetime=\"2026-04-17\"\n\tclass=\"tribe-common-a11y-visual-hide\"\n>\n\t2026-04-17<\/time>\n\t<a\n\thref=\"https:\/\/www.cgfmanet.org\/es\/event\/suor-nilza-fatima-de-moraes-accompagna-le-partecipanti-del-progetto-mornese-in-lingua-inglese-insieme-alla-coordinatrice-suor-jeanette-palasota\/\"\n\tclass=\"tribe-events-calendar-month__multiday-event-hidden-link\"\n\tdata-js=\"tribe-events-tooltip\"\n\tdata-tooltip-content=\"#tribe-events-tooltip-content-155333\"\n\taria-describedby=\"tribe-events-tooltip-content-155333\"\n>\n\t\t<div class=\"tribe-events-calendar-month__multiday-event-hidden-title tribe-common-h8\">\n\tSuor Nilza F\u00e1tima de Moraes accompagna le partecipanti del Progetto Mornese in lingua inglese insieme alla coordinatrice, suor Jeanette Palasota.<\/div>\n<\/a>\n<\/div>\n\t\t<div class=\"tribe-events-calendar-month__multiday-event-bar\">\n\t<div class=\"tribe-events-calendar-month__multiday-event-bar-inner\">\n\t\t\t\t<div class=\"tribe-events-calendar-month__multiday-event-bar-title tribe-common-h8\">\n\tSuor Nilza F\u00e1tima de Moraes accompagna le partecipanti del Progetto Mornese in lingua inglese insieme alla coordinatrice, suor Jeanette Palasota.<\/div>\n\t<\/div>\n<\/div>\n<div class=\"tribe-events-calendar-month__calendar-event-tooltip-template tribe-common-a11y-hidden\">\n\t<div\n\t\tclass=\"tribe-events-calendar-month__calendar-event-tooltip\"\n\t\tid=\"tribe-events-tooltip-content-155333\"\n\t\trole=\"tooltip\"\n\t>\n\t\t\t\t<div class=\"tribe-events-calendar-month__calendar-event-tooltip-datetime\">\n\t\t<time datetime=\"2026-04-17\">\n\t\t<span class=\"tribe-event-date-start\">17 abril<\/span> - <span class=\"tribe-event-date-end\">3 mayo<\/span>\t<\/time>\n\t<\/div>\n\t\t<div class=\"tribe-events-calendar-month__calendar-event-tooltip-title tribe-common-h7\">\n\t<a\n\t\thref=\"https:\/\/www.cgfmanet.org\/es\/event\/suor-nilza-fatima-de-moraes-accompagna-le-partecipanti-del-progetto-mornese-in-lingua-inglese-insieme-alla-coordinatrice-suor-jeanette-palasota\/\"\n\t\ttitle=\"Suor Nilza F\u00e1tima de Moraes accompagna le partecipanti del Progetto Mornese in lingua inglese insieme alla coordinatrice, suor Jeanette Palasota.\"\n\t\trel=\"bookmark\"\n\t\tclass=\"tribe-events-calendar-month__calendar-event-tooltip-title-link tribe-common-anchor-thin\"\n\t>\n\t\tSuor Nilza F\u00e1tima de Moraes accompagna le partecipanti del Progetto Mornese in lingua inglese insieme alla coordinatrice, suor Jeanette Palasota.\t<\/a>\n<\/div>\n\t\t\t\t\t<\/div>\n<\/div>\n\t<\/article>\n<\/div>\n\n\t<div class=\"tribe-events-calendar-month__multiday-event-wrapper\">\n\t<article  class=\"tribe-events-calendar-month__multiday-event post-156197 tribe_events type-tribe_events status-publish tribe_events_cat-agenda-es tribe_events_cat-sr-paola-battagliola-es-2 tribe_events_cat-visitadora cat_agenda-es cat_sr-paola-battagliola-es-2 cat_visitadora tribe-events-calendar-month__multiday-event--width-2 tribe-events-calendar-month__multiday-event--display tribe-events-calendar-month__multiday-event--end tribe-events-calendar-month__multiday-event--past\"  data-event-id=\"156197\">\n\t\t<div class=\"tribe-events-calendar-month__multiday-event-hidden\">\n\t<time\n\tdatetime=\"2026-04-25\"\n\tclass=\"tribe-common-a11y-visual-hide\"\n>\n\t2026-04-25<\/time>\n\t<a\n\thref=\"https:\/\/www.cgfmanet.org\/es\/event\/suor-paola-battagliola-accompagna-il-processo-di-discernimento-per-la-nomina-della-futura-ispettrice-brm-a-manaus-brasile\/\"\n\tclass=\"tribe-events-calendar-month__multiday-event-hidden-link\"\n\tdata-js=\"tribe-events-tooltip\"\n\tdata-tooltip-content=\"#tribe-events-tooltip-content-156197\"\n\taria-describedby=\"tribe-events-tooltip-content-156197\"\n>\n\t\t<div class=\"tribe-events-calendar-month__multiday-event-hidden-title tribe-common-h8\">\n\tSuor Paola Battagliola accompagna il processo di discernimento per la nomina della futura Ispettrice BRM. A Manaus, Brasile.<\/div>\n<\/a>\n<\/div>\n\t\t<div class=\"tribe-events-calendar-month__multiday-event-bar\">\n\t<div class=\"tribe-events-calendar-month__multiday-event-bar-inner\">\n\t\t\t\t<div class=\"tribe-events-calendar-month__multiday-event-bar-title tribe-common-h8\">\n\tSuor Paola Battagliola accompagna il processo di discernimento per la nomina della futura Ispettrice BRM. A Manaus, Brasile.<\/div>\n\t<\/div>\n<\/div>\n<div class=\"tribe-events-calendar-month__calendar-event-tooltip-template tribe-common-a11y-hidden\">\n\t<div\n\t\tclass=\"tribe-events-calendar-month__calendar-event-tooltip\"\n\t\tid=\"tribe-events-tooltip-content-156197\"\n\t\trole=\"tooltip\"\n\t>\n\t\t\t\t<div class=\"tribe-events-calendar-month__calendar-event-tooltip-datetime\">\n\t\t<time datetime=\"2026-04-25\">\n\t\t<span class=\"tribe-event-date-start\">25 abril<\/span> - <span class=\"tribe-event-date-end\">28 abril<\/span>\t<\/time>\n\t<\/div>\n\t\t<div class=\"tribe-events-calendar-month__calendar-event-tooltip-title tribe-common-h7\">\n\t<a\n\t\thref=\"https:\/\/www.cgfmanet.org\/es\/event\/suor-paola-battagliola-accompagna-il-processo-di-discernimento-per-la-nomina-della-futura-ispettrice-brm-a-manaus-brasile\/\"\n\t\ttitle=\"Suor Paola Battagliola accompagna il processo di discernimento per la nomina della futura Ispettrice BRM. A Manaus, Brasile.\"\n\t\trel=\"bookmark\"\n\t\tclass=\"tribe-events-calendar-month__calendar-event-tooltip-title-link tribe-common-anchor-thin\"\n\t>\n\t\tSuor Paola Battagliola accompagna il processo di discernimento per la nomina della futura Ispettrice BRM. A Manaus, Brasile.\t<\/a>\n<\/div>\n\t\t\t\t\t<\/div>\n<\/div>\n\t<\/article>\n<\/div>\n\n\t<div class=\"tribe-events-calendar-month__multiday-event-wrapper\">\n\t<article  class=\"tribe-events-calendar-month__multiday-event post-154150 tribe_events type-tribe_events status-publish tribe_events_cat-agenda-es tribe_events_cat-consejera-para-la-administacion cat_agenda-es cat_consejera-para-la-administacion tribe-events-calendar-month__multiday-event--width-2 tribe-events-calendar-month__multiday-event--display tribe-events-calendar-month__multiday-event--start tribe-events-calendar-month__multiday-event--end tribe-events-calendar-month__multiday-event--past\"  data-event-id=\"154150\">\n\t\t<div class=\"tribe-events-calendar-month__multiday-event-hidden\">\n\t<time\n\tdatetime=\"2026-04-27\"\n\tclass=\"tribe-common-a11y-visual-hide\"\n>\n\t2026-04-27<\/time>\n\t<a\n\thref=\"https:\/\/www.cgfmanet.org\/es\/event\/suor-ena-bolanos-e-le-collaboratrici-dellambito-incontrano-le-econome-ispettoriali-del-mondo-per-la-formazione-online-11\/\"\n\tclass=\"tribe-events-calendar-month__multiday-event-hidden-link\"\n\tdata-js=\"tribe-events-tooltip\"\n\tdata-tooltip-content=\"#tribe-events-tooltip-content-154150\"\n\taria-describedby=\"tribe-events-tooltip-content-154150\"\n>\n\t\t<div class=\"tribe-events-calendar-month__multiday-event-hidden-title tribe-common-h8\">\n\tSuor Ena Bola\u00f1os e le collaboratrici dell\u2019Ambito incontrano le Econome ispettoriali del mondo per la formazione online.<\/div>\n<\/a>\n<\/div>\n\t\t<div class=\"tribe-events-calendar-month__multiday-event-bar\">\n\t<div class=\"tribe-events-calendar-month__multiday-event-bar-inner\">\n\t\t\t\t<div class=\"tribe-events-calendar-month__multiday-event-bar-title tribe-common-h8\">\n\tSuor Ena Bola\u00f1os e le collaboratrici dell\u2019Ambito incontrano le Econome ispettoriali del mondo per la formazione online.<\/div>\n\t<\/div>\n<\/div>\n<div class=\"tribe-events-calendar-month__calendar-event-tooltip-template tribe-common-a11y-hidden\">\n\t<div\n\t\tclass=\"tribe-events-calendar-month__calendar-event-tooltip\"\n\t\tid=\"tribe-events-tooltip-content-154150\"\n\t\trole=\"tooltip\"\n\t>\n\t\t\t\t<div class=\"tribe-events-calendar-month__calendar-event-tooltip-datetime\">\n\t\t<time datetime=\"2026-04-27\">\n\t\t<span class=\"tribe-event-date-start\">27 abril<\/span> - <span class=\"tribe-event-date-end\">28 abril<\/span>\t<\/time>\n\t<\/div>\n\t\t<div class=\"tribe-events-calendar-month__calendar-event-tooltip-title tribe-common-h7\">\n\t<a\n\t\thref=\"https:\/\/www.cgfmanet.org\/es\/event\/suor-ena-bolanos-e-le-collaboratrici-dellambito-incontrano-le-econome-ispettoriali-del-mondo-per-la-formazione-online-11\/\"\n\t\ttitle=\"Suor Ena Bola\u00f1os e le collaboratrici dell\u2019Ambito incontrano le Econome ispettoriali del mondo per la formazione online.\"\n\t\trel=\"bookmark\"\n\t\tclass=\"tribe-events-calendar-month__calendar-event-tooltip-title-link tribe-common-anchor-thin\"\n\t>\n\t\tSuor Ena Bola\u00f1os e le collaboratrici dell\u2019Ambito incontrano le Econome ispettoriali del mondo per la formazione online.\t<\/a>\n<\/div>\n\t\t\t\t\t<\/div>\n<\/div>\n\t<\/article>\n<\/div>\n\n\n\t\t\t<\/div>\n\n\t\n<\/div>\n<\/td>\n\n\t\t\t\n\t\t\t\t<td\n\t class=\"tribe-events-calendar-month__day tribe-events-calendar-month__day--past tribe-events-calendar-month__day--other-month tribe-events-calendar-month__day--past-month\" \taria-labelledby=\"tribe-events-calendar-day-2026-04-28\"\n\tdata-js=\"tribe-events-month-grid-cell\"\n>\n\t<button\n\taria-expanded=\"false\"\n\taria-controls=\"tribe-events-calendar-mobile-day-2026-04-28\"\n\taria-label=\"abril 28, 3 eventos, d\u00eda anterior\"\n\t class=\"tribe-events-calendar-month__day-cell tribe-events-calendar-month__day-cell--mobile\" \tdata-js=\"tribe-events-calendar-month-day-cell-mobile\"\n>\n\t<h3 class=\"tribe-events-calendar-month__day-date tribe-common-h6 tribe-common-h--alt\">\n\t\t<span class=\"tribe-common-a11y-visual-hide\">\n\t\t\t3 eventos\t\t<\/span>\n\t\t<time\n\t\t\tclass=\"tribe-events-calendar-month__day-date-daynum\"\n\t\t\tdatetime=\"2026-04-28\"\n\t\t>\n\t\t\t28\t\t<\/time>\n\t<\/h3>\n\t\n\t<span class=\"tribe-events-calendar-month__mobile-events-icon tribe-events-calendar-month__mobile-events-icon--event\" >\n\t<\/span>\n<\/button>\n\t\n<div\n\tid=\"tribe-events-calendar-day-2026-04-28\"\n\tclass=\"tribe-events-calendar-month__day-cell tribe-events-calendar-month__day-cell--desktop tribe-common-a11y-hidden\"\n>\n\t\n<h3 class=\"tribe-events-calendar-month__day-date tribe-common-h4\">\n\t<span class=\"tribe-common-a11y-visual-hide\">\n\t\t3 eventos,\n\t<\/span>\n\t<time\n\t\tclass=\"tribe-events-calendar-month__day-date-daynum\"\n\t\tdatetime=\"2026-04-28\"\n\t>\n\t\t\t\t\t<a\n\t\t\t\thref=\"https:\/\/www.cgfmanet.org\/es\/eventos\/2026-04-28\/?shortcode=tribe-widget-events-month-15\"\n\t\t\t\tclass=\"tribe-events-calendar-month__day-date-link\"\n\t\t\t\tdata-js=\"tribe-events-view-link\"\n\t\t\t\taria-label=\"28 abril\"\n\t\t\t>\n\t\t\t\t28\t\t\t<\/a>\n\t\t\t<\/time>\n<\/h3>\n\n\t<div class=\"tribe-events-calendar-month__events\">\n\t\t\n\t<div class=\"tribe-events-calendar-month__multiday-event-wrapper\">\n\t<article  class=\"tribe-events-calendar-month__multiday-event post-155333 tribe_events type-tribe_events status-publish tribe_events_cat-agenda-es tribe_events_cat-consejera-para-la-formacion cat_agenda-es cat_consejera-para-la-formacion\"  data-event-id=\"155333\">\n\t\t<div class=\"tribe-events-calendar-month__multiday-event-hidden\">\n\t<time\n\tdatetime=\"2026-04-17\"\n\tclass=\"tribe-common-a11y-visual-hide\"\n>\n\t2026-04-17<\/time>\n\t<a\n\thref=\"https:\/\/www.cgfmanet.org\/es\/event\/suor-nilza-fatima-de-moraes-accompagna-le-partecipanti-del-progetto-mornese-in-lingua-inglese-insieme-alla-coordinatrice-suor-jeanette-palasota\/\"\n\tclass=\"tribe-events-calendar-month__multiday-event-hidden-link\"\n\tdata-js=\"tribe-events-tooltip\"\n\tdata-tooltip-content=\"#tribe-events-tooltip-content-155333\"\n\taria-describedby=\"tribe-events-tooltip-content-155333\"\n>\n\t\t<div class=\"tribe-events-calendar-month__multiday-event-hidden-title tribe-common-h8\">\n\tSuor Nilza F\u00e1tima de Moraes accompagna le partecipanti del Progetto Mornese in lingua inglese insieme alla coordinatrice, suor Jeanette Palasota.<\/div>\n<\/a>\n<\/div>\n\t\t\t<\/article>\n<\/div>\n\n\t<div class=\"tribe-events-calendar-month__multiday-event-wrapper\">\n\t<article  class=\"tribe-events-calendar-month__multiday-event post-156197 tribe_events type-tribe_events status-publish tribe_events_cat-agenda-es tribe_events_cat-sr-paola-battagliola-es-2 tribe_events_cat-visitadora cat_agenda-es cat_sr-paola-battagliola-es-2 cat_visitadora\"  data-event-id=\"156197\">\n\t\t<div class=\"tribe-events-calendar-month__multiday-event-hidden\">\n\t<time\n\tdatetime=\"2026-04-25\"\n\tclass=\"tribe-common-a11y-visual-hide\"\n>\n\t2026-04-25<\/time>\n\t<a\n\thref=\"https:\/\/www.cgfmanet.org\/es\/event\/suor-paola-battagliola-accompagna-il-processo-di-discernimento-per-la-nomina-della-futura-ispettrice-brm-a-manaus-brasile\/\"\n\tclass=\"tribe-events-calendar-month__multiday-event-hidden-link\"\n\tdata-js=\"tribe-events-tooltip\"\n\tdata-tooltip-content=\"#tribe-events-tooltip-content-156197\"\n\taria-describedby=\"tribe-events-tooltip-content-156197\"\n>\n\t\t<div class=\"tribe-events-calendar-month__multiday-event-hidden-title tribe-common-h8\">\n\tSuor Paola Battagliola accompagna il processo di discernimento per la nomina della futura Ispettrice BRM. A Manaus, Brasile.<\/div>\n<\/a>\n<\/div>\n\t\t\t<\/article>\n<\/div>\n\n\t<div class=\"tribe-events-calendar-month__multiday-event-wrapper\">\n\t<article  class=\"tribe-events-calendar-month__multiday-event post-154150 tribe_events type-tribe_events status-publish tribe_events_cat-agenda-es tribe_events_cat-consejera-para-la-administacion cat_agenda-es cat_consejera-para-la-administacion\"  data-event-id=\"154150\">\n\t\t<div class=\"tribe-events-calendar-month__multiday-event-hidden\">\n\t<time\n\tdatetime=\"2026-04-27\"\n\tclass=\"tribe-common-a11y-visual-hide\"\n>\n\t2026-04-27<\/time>\n\t<a\n\thref=\"https:\/\/www.cgfmanet.org\/es\/event\/suor-ena-bolanos-e-le-collaboratrici-dellambito-incontrano-le-econome-ispettoriali-del-mondo-per-la-formazione-online-11\/\"\n\tclass=\"tribe-events-calendar-month__multiday-event-hidden-link\"\n\tdata-js=\"tribe-events-tooltip\"\n\tdata-tooltip-content=\"#tribe-events-tooltip-content-154150\"\n\taria-describedby=\"tribe-events-tooltip-content-154150\"\n>\n\t\t<div class=\"tribe-events-calendar-month__multiday-event-hidden-title tribe-common-h8\">\n\tSuor Ena Bola\u00f1os e le collaboratrici dell\u2019Ambito incontrano le Econome ispettoriali del mondo per la formazione online.<\/div>\n<\/a>\n<\/div>\n\t\t\t<\/article>\n<\/div>\n\n\n\t\t\t<\/div>\n\n\t\n<\/div>\n<\/td>\n\n\t\t\t\n\t\t\t\t<td\n\t class=\"tribe-events-calendar-month__day tribe-events-calendar-month__day--past tribe-events-calendar-month__day--other-month tribe-events-calendar-month__day--past-month\" \taria-labelledby=\"tribe-events-calendar-day-2026-04-29\"\n\tdata-js=\"tribe-events-month-grid-cell\"\n>\n\t<button\n\taria-expanded=\"false\"\n\taria-controls=\"tribe-events-calendar-mobile-day-2026-04-29\"\n\taria-label=\"abril 29, 1 evento, d\u00eda anterior\"\n\t class=\"tribe-events-calendar-month__day-cell tribe-events-calendar-month__day-cell--mobile\" \tdata-js=\"tribe-events-calendar-month-day-cell-mobile\"\n>\n\t<h3 class=\"tribe-events-calendar-month__day-date tribe-common-h6 tribe-common-h--alt\">\n\t\t<span class=\"tribe-common-a11y-visual-hide\">\n\t\t\t1 evento\t\t<\/span>\n\t\t<time\n\t\t\tclass=\"tribe-events-calendar-month__day-date-daynum\"\n\t\t\tdatetime=\"2026-04-29\"\n\t\t>\n\t\t\t29\t\t<\/time>\n\t<\/h3>\n\t\n\t<span class=\"tribe-events-calendar-month__mobile-events-icon tribe-events-calendar-month__mobile-events-icon--event\" >\n\t<\/span>\n<\/button>\n\t\n<div\n\tid=\"tribe-events-calendar-day-2026-04-29\"\n\tclass=\"tribe-events-calendar-month__day-cell tribe-events-calendar-month__day-cell--desktop tribe-common-a11y-hidden\"\n>\n\t\n<h3 class=\"tribe-events-calendar-month__day-date tribe-common-h4\">\n\t<span class=\"tribe-common-a11y-visual-hide\">\n\t\t1 evento,\n\t<\/span>\n\t<time\n\t\tclass=\"tribe-events-calendar-month__day-date-daynum\"\n\t\tdatetime=\"2026-04-29\"\n\t>\n\t\t\t\t\t<a\n\t\t\t\thref=\"https:\/\/www.cgfmanet.org\/es\/eventos\/2026-04-29\/?shortcode=tribe-widget-events-month-15\"\n\t\t\t\tclass=\"tribe-events-calendar-month__day-date-link\"\n\t\t\t\tdata-js=\"tribe-events-view-link\"\n\t\t\t\taria-label=\"29 abril\"\n\t\t\t>\n\t\t\t\t29\t\t\t<\/a>\n\t\t\t<\/time>\n<\/h3>\n\n\t<div class=\"tribe-events-calendar-month__events\">\n\t\t\n\t<div class=\"tribe-events-calendar-month__multiday-event-wrapper\">\n\t<article  class=\"tribe-events-calendar-month__multiday-event post-155333 tribe_events type-tribe_events status-publish tribe_events_cat-agenda-es tribe_events_cat-consejera-para-la-formacion cat_agenda-es cat_consejera-para-la-formacion\"  data-event-id=\"155333\">\n\t\t<div class=\"tribe-events-calendar-month__multiday-event-hidden\">\n\t<time\n\tdatetime=\"2026-04-17\"\n\tclass=\"tribe-common-a11y-visual-hide\"\n>\n\t2026-04-17<\/time>\n\t<a\n\thref=\"https:\/\/www.cgfmanet.org\/es\/event\/suor-nilza-fatima-de-moraes-accompagna-le-partecipanti-del-progetto-mornese-in-lingua-inglese-insieme-alla-coordinatrice-suor-jeanette-palasota\/\"\n\tclass=\"tribe-events-calendar-month__multiday-event-hidden-link\"\n\tdata-js=\"tribe-events-tooltip\"\n\tdata-tooltip-content=\"#tribe-events-tooltip-content-155333\"\n\taria-describedby=\"tribe-events-tooltip-content-155333\"\n>\n\t\t<div class=\"tribe-events-calendar-month__multiday-event-hidden-title tribe-common-h8\">\n\tSuor Nilza F\u00e1tima de Moraes accompagna le partecipanti del Progetto Mornese in lingua inglese insieme alla coordinatrice, suor Jeanette Palasota.<\/div>\n<\/a>\n<\/div>\n\t\t\t<\/article>\n<\/div>\n\n\n\t\t\t<\/div>\n\n\t\n<\/div>\n<\/td>\n\n\t\t\t\n\t\t\t\t<td\n\t class=\"tribe-events-calendar-month__day tribe-events-calendar-month__day--past tribe-events-calendar-month__day--other-month tribe-events-calendar-month__day--past-month\" \taria-labelledby=\"tribe-events-calendar-day-2026-04-30\"\n\tdata-js=\"tribe-events-month-grid-cell\"\n>\n\t<button\n\taria-expanded=\"false\"\n\taria-controls=\"tribe-events-calendar-mobile-day-2026-04-30\"\n\taria-label=\"abril 30, 1 evento, d\u00eda anterior\"\n\t class=\"tribe-events-calendar-month__day-cell tribe-events-calendar-month__day-cell--mobile\" \tdata-js=\"tribe-events-calendar-month-day-cell-mobile\"\n>\n\t<h3 class=\"tribe-events-calendar-month__day-date tribe-common-h6 tribe-common-h--alt\">\n\t\t<span class=\"tribe-common-a11y-visual-hide\">\n\t\t\t1 evento\t\t<\/span>\n\t\t<time\n\t\t\tclass=\"tribe-events-calendar-month__day-date-daynum\"\n\t\t\tdatetime=\"2026-04-30\"\n\t\t>\n\t\t\t30\t\t<\/time>\n\t<\/h3>\n\t\n\t<span class=\"tribe-events-calendar-month__mobile-events-icon tribe-events-calendar-month__mobile-events-icon--event\" >\n\t<\/span>\n<\/button>\n\t\n<div\n\tid=\"tribe-events-calendar-day-2026-04-30\"\n\tclass=\"tribe-events-calendar-month__day-cell tribe-events-calendar-month__day-cell--desktop tribe-common-a11y-hidden\"\n>\n\t\n<h3 class=\"tribe-events-calendar-month__day-date tribe-common-h4\">\n\t<span class=\"tribe-common-a11y-visual-hide\">\n\t\t1 evento,\n\t<\/span>\n\t<time\n\t\tclass=\"tribe-events-calendar-month__day-date-daynum\"\n\t\tdatetime=\"2026-04-30\"\n\t>\n\t\t\t\t\t<a\n\t\t\t\thref=\"https:\/\/www.cgfmanet.org\/es\/eventos\/2026-04-30\/?shortcode=tribe-widget-events-month-15\"\n\t\t\t\tclass=\"tribe-events-calendar-month__day-date-link\"\n\t\t\t\tdata-js=\"tribe-events-view-link\"\n\t\t\t\taria-label=\"30 abril\"\n\t\t\t>\n\t\t\t\t30\t\t\t<\/a>\n\t\t\t<\/time>\n<\/h3>\n\n\t<div class=\"tribe-events-calendar-month__events\">\n\t\t\n\t<div class=\"tribe-events-calendar-month__multiday-event-wrapper\">\n\t<article  class=\"tribe-events-calendar-month__multiday-event post-155333 tribe_events type-tribe_events status-publish tribe_events_cat-agenda-es tribe_events_cat-consejera-para-la-formacion cat_agenda-es cat_consejera-para-la-formacion\"  data-event-id=\"155333\">\n\t\t<div class=\"tribe-events-calendar-month__multiday-event-hidden\">\n\t<time\n\tdatetime=\"2026-04-17\"\n\tclass=\"tribe-common-a11y-visual-hide\"\n>\n\t2026-04-17<\/time>\n\t<a\n\thref=\"https:\/\/www.cgfmanet.org\/es\/event\/suor-nilza-fatima-de-moraes-accompagna-le-partecipanti-del-progetto-mornese-in-lingua-inglese-insieme-alla-coordinatrice-suor-jeanette-palasota\/\"\n\tclass=\"tribe-events-calendar-month__multiday-event-hidden-link\"\n\tdata-js=\"tribe-events-tooltip\"\n\tdata-tooltip-content=\"#tribe-events-tooltip-content-155333\"\n\taria-describedby=\"tribe-events-tooltip-content-155333\"\n>\n\t\t<div class=\"tribe-events-calendar-month__multiday-event-hidden-title tribe-common-h8\">\n\tSuor Nilza F\u00e1tima de Moraes accompagna le partecipanti del Progetto Mornese in lingua inglese insieme alla coordinatrice, suor Jeanette Palasota.<\/div>\n<\/a>\n<\/div>\n\t\t\t<\/article>\n<\/div>\n\n\n\t\t\t<\/div>\n\n\t\n<\/div>\n<\/td>\n\n\t\t\t\n\t\t\t\t<td\n\t class=\"tribe-events-calendar-month__day tribe-events-calendar-month__day--past\" \taria-labelledby=\"tribe-events-calendar-day-2026-05-01\"\n\tdata-js=\"tribe-events-month-grid-cell\"\n>\n\t<button\n\taria-expanded=\"false\"\n\taria-controls=\"tribe-events-calendar-mobile-day-2026-05-1\"\n\taria-label=\"mayo 1, 2 eventos, d\u00eda anterior\"\n\t class=\"tribe-events-calendar-month__day-cell tribe-events-calendar-month__day-cell--mobile\" \tdata-js=\"tribe-events-calendar-month-day-cell-mobile\"\n>\n\t<h3 class=\"tribe-events-calendar-month__day-date tribe-common-h6 tribe-common-h--alt\">\n\t\t<span class=\"tribe-common-a11y-visual-hide\">\n\t\t\t2 eventos\t\t<\/span>\n\t\t<time\n\t\t\tclass=\"tribe-events-calendar-month__day-date-daynum\"\n\t\t\tdatetime=\"2026-05-01\"\n\t\t>\n\t\t\t1\t\t<\/time>\n\t<\/h3>\n\t\n\t<span class=\"tribe-events-calendar-month__mobile-events-icon tribe-events-calendar-month__mobile-events-icon--event\" >\n\t<\/span>\n<\/button>\n\t\n<div\n\tid=\"tribe-events-calendar-day-2026-05-01\"\n\tclass=\"tribe-events-calendar-month__day-cell tribe-events-calendar-month__day-cell--desktop tribe-common-a11y-hidden\"\n>\n\t\n<h3 class=\"tribe-events-calendar-month__day-date tribe-common-h4\">\n\t<span class=\"tribe-common-a11y-visual-hide\">\n\t\t2 eventos,\n\t<\/span>\n\t<time\n\t\tclass=\"tribe-events-calendar-month__day-date-daynum\"\n\t\tdatetime=\"2026-05-01\"\n\t>\n\t\t\t\t\t<a\n\t\t\t\thref=\"https:\/\/www.cgfmanet.org\/es\/eventos\/2026-05-01\/?shortcode=tribe-widget-events-month-15\"\n\t\t\t\tclass=\"tribe-events-calendar-month__day-date-link\"\n\t\t\t\tdata-js=\"tribe-events-view-link\"\n\t\t\t\taria-label=\"1 mayo\"\n\t\t\t>\n\t\t\t\t1\t\t\t<\/a>\n\t\t\t<\/time>\n<\/h3>\n\n\t<div class=\"tribe-events-calendar-month__events\">\n\t\t\n\t<div class=\"tribe-events-calendar-month__multiday-event-wrapper\">\n\t<article  class=\"tribe-events-calendar-month__multiday-event post-155333 tribe_events type-tribe_events status-publish tribe_events_cat-agenda-es tribe_events_cat-consejera-para-la-formacion cat_agenda-es cat_consejera-para-la-formacion\"  data-event-id=\"155333\">\n\t\t<div class=\"tribe-events-calendar-month__multiday-event-hidden\">\n\t<time\n\tdatetime=\"2026-04-17\"\n\tclass=\"tribe-common-a11y-visual-hide\"\n>\n\t2026-04-17<\/time>\n\t<a\n\thref=\"https:\/\/www.cgfmanet.org\/es\/event\/suor-nilza-fatima-de-moraes-accompagna-le-partecipanti-del-progetto-mornese-in-lingua-inglese-insieme-alla-coordinatrice-suor-jeanette-palasota\/\"\n\tclass=\"tribe-events-calendar-month__multiday-event-hidden-link\"\n\tdata-js=\"tribe-events-tooltip\"\n\tdata-tooltip-content=\"#tribe-events-tooltip-content-155333\"\n\taria-describedby=\"tribe-events-tooltip-content-155333\"\n>\n\t\t<div class=\"tribe-events-calendar-month__multiday-event-hidden-title tribe-common-h8\">\n\tSuor Nilza F\u00e1tima de Moraes accompagna le partecipanti del Progetto Mornese in lingua inglese insieme alla coordinatrice, suor Jeanette Palasota.<\/div>\n<\/a>\n<\/div>\n\t\t\t<\/article>\n<\/div>\n\n\t<div class=\"tribe-events-calendar-month__multiday-event-wrapper\">\n\t<article  class=\"tribe-events-calendar-month__multiday-event post-156203 tribe_events type-tribe_events status-publish tribe_events_cat-sr-paola-battagliola-es-2 tribe_events_cat-agenda-es tribe_events_cat-visitadora cat_sr-paola-battagliola-es-2 cat_agenda-es cat_visitadora tribe-events-calendar-month__multiday-event--width-1 tribe-events-calendar-month__multiday-event--display tribe-events-calendar-month__multiday-event--start tribe-events-calendar-month__multiday-event--end tribe-events-calendar-month__multiday-event--past\"  data-event-id=\"156203\">\n\t\t<div class=\"tribe-events-calendar-month__multiday-event-hidden\">\n\t<time\n\tdatetime=\"2026-05-01\"\n\tclass=\"tribe-common-a11y-visual-hide\"\n>\n\t2026-05-01<\/time>\n\t<a\n\thref=\"https:\/\/www.cgfmanet.org\/es\/event\/suor-paola-battagliola-riprende-la-2a-parte-della-visita-canonica-allispettoria-lombarda-sacra-famiglia-ilo\/\"\n\tclass=\"tribe-events-calendar-month__multiday-event-hidden-link\"\n\tdata-js=\"tribe-events-tooltip\"\n\tdata-tooltip-content=\"#tribe-events-tooltip-content-156203\"\n\taria-describedby=\"tribe-events-tooltip-content-156203\"\n>\n\t\t<div class=\"tribe-events-calendar-month__multiday-event-hidden-title tribe-common-h8\">\n\tSuor Paola Battagliola riprende la 2a parte della Visita canonica all&#8217;Ispettoria Lombarda \u00abSacra Famiglia\u00bb (ILO).<\/div>\n<\/a>\n<\/div>\n\t\t<div class=\"tribe-events-calendar-month__multiday-event-bar\">\n\t<div class=\"tribe-events-calendar-month__multiday-event-bar-inner\">\n\t\t\t\t<div class=\"tribe-events-calendar-month__multiday-event-bar-title tribe-common-h8\">\n\tSuor Paola Battagliola riprende la 2a parte della Visita canonica all&#8217;Ispettoria Lombarda \u00abSacra Famiglia\u00bb (ILO).<\/div>\n\t<\/div>\n<\/div>\n<div class=\"tribe-events-calendar-month__calendar-event-tooltip-template tribe-common-a11y-hidden\">\n\t<div\n\t\tclass=\"tribe-events-calendar-month__calendar-event-tooltip\"\n\t\tid=\"tribe-events-tooltip-content-156203\"\n\t\trole=\"tooltip\"\n\t>\n\t\t\t\t<div class=\"tribe-events-calendar-month__calendar-event-tooltip-datetime\">\n\t\t<time datetime=\"2026-05-01\">\n\t\t<span class=\"tribe-event-date-start\">1 mayo<\/span>\t<\/time>\n\t<\/div>\n\t\t<div class=\"tribe-events-calendar-month__calendar-event-tooltip-title tribe-common-h7\">\n\t<a\n\t\thref=\"https:\/\/www.cgfmanet.org\/es\/event\/suor-paola-battagliola-riprende-la-2a-parte-della-visita-canonica-allispettoria-lombarda-sacra-famiglia-ilo\/\"\n\t\ttitle=\"Suor Paola Battagliola riprende la 2a parte della Visita canonica all&#8217;Ispettoria Lombarda \u00abSacra Famiglia\u00bb (ILO).\"\n\t\trel=\"bookmark\"\n\t\tclass=\"tribe-events-calendar-month__calendar-event-tooltip-title-link tribe-common-anchor-thin\"\n\t>\n\t\tSuor Paola Battagliola riprende la 2a parte della Visita canonica all&#8217;Ispettoria Lombarda \u00abSacra Famiglia\u00bb (ILO).\t<\/a>\n<\/div>\n\t\t\t\t\t<\/div>\n<\/div>\n\t<\/article>\n<\/div>\n\n\n\t\t\t<\/div>\n\n\t\n<\/div>\n<\/td>\n\n\t\t\t\n\t\t\t\t<td\n\t class=\"tribe-events-calendar-month__day tribe-events-calendar-month__day--past\" \taria-labelledby=\"tribe-events-calendar-day-2026-05-02\"\n\tdata-js=\"tribe-events-month-grid-cell\"\n>\n\t<button\n\taria-expanded=\"false\"\n\taria-controls=\"tribe-events-calendar-mobile-day-2026-05-2\"\n\taria-label=\"mayo 2, 2 eventos, d\u00eda anterior\"\n\t class=\"tribe-events-calendar-month__day-cell tribe-events-calendar-month__day-cell--mobile\" \tdata-js=\"tribe-events-calendar-month-day-cell-mobile\"\n>\n\t<h3 class=\"tribe-events-calendar-month__day-date tribe-common-h6 tribe-common-h--alt\">\n\t\t<span class=\"tribe-common-a11y-visual-hide\">\n\t\t\t2 eventos\t\t<\/span>\n\t\t<time\n\t\t\tclass=\"tribe-events-calendar-month__day-date-daynum\"\n\t\t\tdatetime=\"2026-05-02\"\n\t\t>\n\t\t\t2\t\t<\/time>\n\t<\/h3>\n\t\n\t<span class=\"tribe-events-calendar-month__mobile-events-icon tribe-events-calendar-month__mobile-events-icon--event\" >\n\t<\/span>\n<\/button>\n\t\n<div\n\tid=\"tribe-events-calendar-day-2026-05-02\"\n\tclass=\"tribe-events-calendar-month__day-cell tribe-events-calendar-month__day-cell--desktop tribe-common-a11y-hidden\"\n>\n\t\n<h3 class=\"tribe-events-calendar-month__day-date tribe-common-h4\">\n\t<span class=\"tribe-common-a11y-visual-hide\">\n\t\t2 eventos,\n\t<\/span>\n\t<time\n\t\tclass=\"tribe-events-calendar-month__day-date-daynum\"\n\t\tdatetime=\"2026-05-02\"\n\t>\n\t\t\t\t\t<a\n\t\t\t\thref=\"https:\/\/www.cgfmanet.org\/es\/eventos\/2026-05-02\/?shortcode=tribe-widget-events-month-15\"\n\t\t\t\tclass=\"tribe-events-calendar-month__day-date-link\"\n\t\t\t\tdata-js=\"tribe-events-view-link\"\n\t\t\t\taria-label=\"2 mayo\"\n\t\t\t>\n\t\t\t\t2\t\t\t<\/a>\n\t\t\t<\/time>\n<\/h3>\n\n\t<div class=\"tribe-events-calendar-month__events\">\n\t\t\n\t<div class=\"tribe-events-calendar-month__multiday-event-wrapper\">\n\t<article  class=\"tribe-events-calendar-month__multiday-event post-155333 tribe_events type-tribe_events status-publish tribe_events_cat-agenda-es tribe_events_cat-consejera-para-la-formacion cat_agenda-es cat_consejera-para-la-formacion\"  data-event-id=\"155333\">\n\t\t<div class=\"tribe-events-calendar-month__multiday-event-hidden\">\n\t<time\n\tdatetime=\"2026-04-17\"\n\tclass=\"tribe-common-a11y-visual-hide\"\n>\n\t2026-04-17<\/time>\n\t<a\n\thref=\"https:\/\/www.cgfmanet.org\/es\/event\/suor-nilza-fatima-de-moraes-accompagna-le-partecipanti-del-progetto-mornese-in-lingua-inglese-insieme-alla-coordinatrice-suor-jeanette-palasota\/\"\n\tclass=\"tribe-events-calendar-month__multiday-event-hidden-link\"\n\tdata-js=\"tribe-events-tooltip\"\n\tdata-tooltip-content=\"#tribe-events-tooltip-content-155333\"\n\taria-describedby=\"tribe-events-tooltip-content-155333\"\n>\n\t\t<div class=\"tribe-events-calendar-month__multiday-event-hidden-title tribe-common-h8\">\n\tSuor Nilza F\u00e1tima de Moraes accompagna le partecipanti del Progetto Mornese in lingua inglese insieme alla coordinatrice, suor Jeanette Palasota.<\/div>\n<\/a>\n<\/div>\n\t\t\t<\/article>\n<\/div>\n\n\t<div class=\"tribe-events-calendar-month__multiday-event-wrapper\">\n\t<article  class=\"tribe-events-calendar-month__multiday-event post-150827 tribe_events type-tribe_events status-publish tribe_events_cat-agenda-es tribe_events_cat-secretaria-general cat_agenda-es cat_secretaria-general tribe-events-calendar-month__multiday-event--width-1 tribe-events-calendar-month__multiday-event--display tribe-events-calendar-month__multiday-event--start tribe-events-calendar-month__multiday-event--end tribe-events-calendar-month__multiday-event--past\"  data-event-id=\"150827\">\n\t\t<div class=\"tribe-events-calendar-month__multiday-event-hidden\">\n\t<time\n\tdatetime=\"2026-05-02\"\n\tclass=\"tribe-common-a11y-visual-hide\"\n>\n\t2026-05-02<\/time>\n\t<a\n\thref=\"https:\/\/www.cgfmanet.org\/es\/event\/suor-maria-luisa-nicastro-con-le-collaboratrici-della-segreteria-generale-guida-la-visita-allarchivio-generale-dellistituto-e-alla-mostra-del-carisma-delle-studentesse-del-corso-di-spiritualita\/\"\n\tclass=\"tribe-events-calendar-month__multiday-event-hidden-link\"\n\tdata-js=\"tribe-events-tooltip\"\n\tdata-tooltip-content=\"#tribe-events-tooltip-content-150827\"\n\taria-describedby=\"tribe-events-tooltip-content-150827\"\n>\n\t\t<div class=\"tribe-events-calendar-month__multiday-event-hidden-title tribe-common-h8\">\n\tSuor Maria Luisa Nicastro, con le collaboratrici della Segreteria generale, guida la visita all&#8217;Archivio Generale dell&#8217;Istituto e alla Mostra del Carisma delle Studentesse del Corso di Spiritualit\u00e0 di Casa Canta.<\/div>\n<\/a>\n<\/div>\n\t\t<div class=\"tribe-events-calendar-month__multiday-event-bar\">\n\t<div class=\"tribe-events-calendar-month__multiday-event-bar-inner\">\n\t\t\t\t<div class=\"tribe-events-calendar-month__multiday-event-bar-title tribe-common-h8\">\n\tSuor Maria Luisa Nicastro, con le collaboratrici della Segreteria generale, guida la visita all&#8217;Archivio Generale dell&#8217;Istituto e alla Mostra del Carisma delle Studentesse del Corso di Spiritualit\u00e0 di Casa Canta.<\/div>\n\t<\/div>\n<\/div>\n<div class=\"tribe-events-calendar-month__calendar-event-tooltip-template tribe-common-a11y-hidden\">\n\t<div\n\t\tclass=\"tribe-events-calendar-month__calendar-event-tooltip\"\n\t\tid=\"tribe-events-tooltip-content-150827\"\n\t\trole=\"tooltip\"\n\t>\n\t\t\t\t<div class=\"tribe-events-calendar-month__calendar-event-tooltip-datetime\">\n\t\t<time datetime=\"2026-05-02\">\n\t\t<span class=\"tribe-event-date-start\">2 mayo<\/span>\t<\/time>\n\t<\/div>\n\t\t<div class=\"tribe-events-calendar-month__calendar-event-tooltip-title tribe-common-h7\">\n\t<a\n\t\thref=\"https:\/\/www.cgfmanet.org\/es\/event\/suor-maria-luisa-nicastro-con-le-collaboratrici-della-segreteria-generale-guida-la-visita-allarchivio-generale-dellistituto-e-alla-mostra-del-carisma-delle-studentesse-del-corso-di-spiritualita\/\"\n\t\ttitle=\"Suor Maria Luisa Nicastro, con le collaboratrici della Segreteria generale, guida la visita all&#8217;Archivio Generale dell&#8217;Istituto e alla Mostra del Carisma delle Studentesse del Corso di Spiritualit\u00e0 di Casa Canta.\"\n\t\trel=\"bookmark\"\n\t\tclass=\"tribe-events-calendar-month__calendar-event-tooltip-title-link tribe-common-anchor-thin\"\n\t>\n\t\tSuor Maria Luisa Nicastro, con le collaboratrici della Segreteria generale, guida la visita all&#8217;Archivio Generale dell&#8217;Istituto e alla Mostra del Carisma delle Studentesse del Corso di Spiritualit\u00e0 di Casa Canta.\t<\/a>\n<\/div>\n\t\t\t\t\t<\/div>\n<\/div>\n\t<\/article>\n<\/div>\n\n\n\t\t\t<\/div>\n\n\t\n<\/div>\n<\/td>\n\n\t\t\t\n\t\t\t\t<td\n\t class=\"tribe-events-calendar-month__day tribe-events-calendar-month__day--current\" \taria-labelledby=\"tribe-events-calendar-day-2026-05-03\"\n\tdata-js=\"tribe-events-month-grid-cell\"\n>\n\t<button\n\taria-expanded=\"true\"\n\taria-controls=\"tribe-events-calendar-mobile-day-2026-05-3\"\n\taria-label=\"mayo 3, 2 eventos, hoy\"\n\t class=\"tribe-events-calendar-month__day-cell tribe-events-calendar-month__day-cell--mobile tribe-events-calendar-month__day-cell--selected\" \tdata-js=\"tribe-events-calendar-month-day-cell-mobile\"\n>\n\t<h3 class=\"tribe-events-calendar-month__day-date tribe-common-h6 tribe-common-h--alt\">\n\t\t<span class=\"tribe-common-a11y-visual-hide\">\n\t\t\t2 eventos\t\t<\/span>\n\t\t<time\n\t\t\tclass=\"tribe-events-calendar-month__day-date-daynum\"\n\t\t\tdatetime=\"2026-05-03\"\n\t\t>\n\t\t\t3\t\t<\/time>\n\t<\/h3>\n\t\n\t<span class=\"tribe-events-calendar-month__mobile-events-icon tribe-events-calendar-month__mobile-events-icon--event\" >\n\t<\/span>\n<\/button>\n\t\n<div\n\tid=\"tribe-events-calendar-day-2026-05-03\"\n\tclass=\"tribe-events-calendar-month__day-cell tribe-events-calendar-month__day-cell--desktop tribe-common-a11y-hidden\"\n>\n\t\n<h3 class=\"tribe-events-calendar-month__day-date tribe-common-h4\">\n\t<span class=\"tribe-common-a11y-visual-hide\">\n\t\t2 eventos,\n\t<\/span>\n\t<time\n\t\tclass=\"tribe-events-calendar-month__day-date-daynum\"\n\t\tdatetime=\"2026-05-03\"\n\t>\n\t\t\t\t\t<a\n\t\t\t\thref=\"https:\/\/www.cgfmanet.org\/es\/eventos\/2026-05-03\/?shortcode=tribe-widget-events-month-15\"\n\t\t\t\tclass=\"tribe-events-calendar-month__day-date-link\"\n\t\t\t\tdata-js=\"tribe-events-view-link\"\n\t\t\t\taria-label=\"3 mayo\"\n\t\t\t>\n\t\t\t\t3\t\t\t<\/a>\n\t\t\t<\/time>\n<\/h3>\n\n\t<div class=\"tribe-events-calendar-month__events\">\n\t\t\n\t<div class=\"tribe-events-calendar-month__multiday-event-wrapper\">\n\t<article  class=\"tribe-events-calendar-month__multiday-event post-155333 tribe_events type-tribe_events status-publish tribe_events_cat-agenda-es tribe_events_cat-consejera-para-la-formacion cat_agenda-es cat_consejera-para-la-formacion\"  data-event-id=\"155333\">\n\t\t<div class=\"tribe-events-calendar-month__multiday-event-hidden\">\n\t<time\n\tdatetime=\"2026-04-17\"\n\tclass=\"tribe-common-a11y-visual-hide\"\n>\n\t2026-04-17<\/time>\n\t<a\n\thref=\"https:\/\/www.cgfmanet.org\/es\/event\/suor-nilza-fatima-de-moraes-accompagna-le-partecipanti-del-progetto-mornese-in-lingua-inglese-insieme-alla-coordinatrice-suor-jeanette-palasota\/\"\n\tclass=\"tribe-events-calendar-month__multiday-event-hidden-link\"\n\tdata-js=\"tribe-events-tooltip\"\n\tdata-tooltip-content=\"#tribe-events-tooltip-content-155333\"\n\taria-describedby=\"tribe-events-tooltip-content-155333\"\n>\n\t\t<div class=\"tribe-events-calendar-month__multiday-event-hidden-title tribe-common-h8\">\n\tSuor Nilza F\u00e1tima de Moraes accompagna le partecipanti del Progetto Mornese in lingua inglese insieme alla coordinatrice, suor Jeanette Palasota.<\/div>\n<\/a>\n<\/div>\n\t\t\t<\/article>\n<\/div>\n\n\t<div class=\"tribe-events-calendar-month__multiday-event-wrapper\">\n\t<article  class=\"tribe-events-calendar-month__multiday-event post-151100 tribe_events type-tribe_events status-publish tribe_events_cat-consejera-para-la-familia-salesiana tribe_events_cat-agenda-es cat_consejera-para-la-familia-salesiana cat_agenda-es tribe-events-calendar-month__multiday-event--width-1 tribe-events-calendar-month__multiday-event--display tribe-events-calendar-month__multiday-event--start tribe-events-calendar-month__multiday-event--end\"  data-event-id=\"151100\">\n\t\t<div class=\"tribe-events-calendar-month__multiday-event-hidden\">\n\t<time\n\tdatetime=\"2026-05-03\"\n\tclass=\"tribe-common-a11y-visual-hide\"\n>\n\t2026-05-03<\/time>\n\t<a\n\thref=\"https:\/\/www.cgfmanet.org\/es\/event\/suor-leslie-sandigo-e-le-collaboratrici-dellambito-incontrano-online-le-delegate-e-animatrici-delle-associazioni-exallieve-i-delle-fma-salesiani-cooperatori-e-adma\/\"\n\tclass=\"tribe-events-calendar-month__multiday-event-hidden-link\"\n\tdata-js=\"tribe-events-tooltip\"\n\tdata-tooltip-content=\"#tribe-events-tooltip-content-151100\"\n\taria-describedby=\"tribe-events-tooltip-content-151100\"\n>\n\t\t<div class=\"tribe-events-calendar-month__multiday-event-hidden-title tribe-common-h8\">\n\tSuor Leslie S\u00e1ndigo e le collaboratrici dell\u2019Ambito incontrano online le Delegate e animatrici delle Associazioni: Exallieve\/i delle FMA, Salesiani Cooperatori e ADMA.<\/div>\n<\/a>\n<\/div>\n\t\t<div class=\"tribe-events-calendar-month__multiday-event-bar\">\n\t<div class=\"tribe-events-calendar-month__multiday-event-bar-inner\">\n\t\t\t\t<div class=\"tribe-events-calendar-month__multiday-event-bar-title tribe-common-h8\">\n\tSuor Leslie S\u00e1ndigo e le collaboratrici dell\u2019Ambito incontrano online le Delegate e animatrici delle Associazioni: Exallieve\/i delle FMA, Salesiani Cooperatori e ADMA.<\/div>\n\t<\/div>\n<\/div>\n<div class=\"tribe-events-calendar-month__calendar-event-tooltip-template tribe-common-a11y-hidden\">\n\t<div\n\t\tclass=\"tribe-events-calendar-month__calendar-event-tooltip\"\n\t\tid=\"tribe-events-tooltip-content-151100\"\n\t\trole=\"tooltip\"\n\t>\n\t\t\t\t<div class=\"tribe-events-calendar-month__calendar-event-tooltip-datetime\">\n\t\t<time datetime=\"2026-05-03\">\n\t\t<span class=\"tribe-event-date-start\">3 mayo<\/span>\t<\/time>\n\t<\/div>\n\t\t<div class=\"tribe-events-calendar-month__calendar-event-tooltip-title tribe-common-h7\">\n\t<a\n\t\thref=\"https:\/\/www.cgfmanet.org\/es\/event\/suor-leslie-sandigo-e-le-collaboratrici-dellambito-incontrano-online-le-delegate-e-animatrici-delle-associazioni-exallieve-i-delle-fma-salesiani-cooperatori-e-adma\/\"\n\t\ttitle=\"Suor Leslie S\u00e1ndigo e le collaboratrici dell\u2019Ambito incontrano online le Delegate e animatrici delle Associazioni: Exallieve\/i delle FMA, Salesiani Cooperatori e ADMA.\"\n\t\trel=\"bookmark\"\n\t\tclass=\"tribe-events-calendar-month__calendar-event-tooltip-title-link tribe-common-anchor-thin\"\n\t>\n\t\tSuor Leslie S\u00e1ndigo e le collaboratrici dell\u2019Ambito incontrano online le Delegate e animatrici delle Associazioni: Exallieve\/i delle FMA, Salesiani Cooperatori e ADMA.\t<\/a>\n<\/div>\n\t\t\t\t\t<\/div>\n<\/div>\n\t<\/article>\n<\/div>\n\n\n\t\t\t<\/div>\n\n\t\n<\/div>\n<\/td>\n\n\t\t\t\t\t<\/tr>\n\t\t\t<tr class=\"tribe-events-calendar-month__week\" data-js=\"tribe-events-month-grid-row\">\n\t\t\t\n\t\t\t\t<td\n\t class=\"tribe-events-calendar-month__day\" \taria-labelledby=\"tribe-events-calendar-day-2026-05-04\"\n\tdata-js=\"tribe-events-month-grid-cell\"\n>\n\t<button\n\taria-expanded=\"false\"\n\taria-controls=\"tribe-events-calendar-mobile-day-2026-05-4\"\n\taria-label=\"mayo 4, 4 eventos, pr\u00f3ximo d\u00eda\"\n\t class=\"tribe-events-calendar-month__day-cell tribe-events-calendar-month__day-cell--mobile\" \tdata-js=\"tribe-events-calendar-month-day-cell-mobile\"\n>\n\t<h3 class=\"tribe-events-calendar-month__day-date tribe-common-h6 tribe-common-h--alt\">\n\t\t<span class=\"tribe-common-a11y-visual-hide\">\n\t\t\t4 eventos\t\t<\/span>\n\t\t<time\n\t\t\tclass=\"tribe-events-calendar-month__day-date-daynum\"\n\t\t\tdatetime=\"2026-05-04\"\n\t\t>\n\t\t\t4\t\t<\/time>\n\t<\/h3>\n\t\n\t<span class=\"tribe-events-calendar-month__mobile-events-icon tribe-events-calendar-month__mobile-events-icon--event\" >\n\t<\/span>\n<\/button>\n\t\n<div\n\tid=\"tribe-events-calendar-day-2026-05-04\"\n\tclass=\"tribe-events-calendar-month__day-cell tribe-events-calendar-month__day-cell--desktop tribe-common-a11y-hidden\"\n>\n\t\n<h3 class=\"tribe-events-calendar-month__day-date tribe-common-h4\">\n\t<span class=\"tribe-common-a11y-visual-hide\">\n\t\t4 eventos,\n\t<\/span>\n\t<time\n\t\tclass=\"tribe-events-calendar-month__day-date-daynum\"\n\t\tdatetime=\"2026-05-04\"\n\t>\n\t\t\t\t\t<a\n\t\t\t\thref=\"https:\/\/www.cgfmanet.org\/es\/eventos\/2026-05-04\/?shortcode=tribe-widget-events-month-15\"\n\t\t\t\tclass=\"tribe-events-calendar-month__day-date-link\"\n\t\t\t\tdata-js=\"tribe-events-view-link\"\n\t\t\t\taria-label=\"4 mayo\"\n\t\t\t>\n\t\t\t\t4\t\t\t<\/a>\n\t\t\t<\/time>\n<\/h3>\n\n\t<div class=\"tribe-events-calendar-month__events\">\n\t\t\n\t<div class=\"tribe-events-calendar-month__multiday-event-wrapper\">\n\t<article  class=\"tribe-events-calendar-month__multiday-event post-150695 tribe_events type-tribe_events status-publish tribe_events_cat-agenda-es tribe_events_cat-vicaria-general cat_agenda-es cat_vicaria-general tribe-events-calendar-month__multiday-event--width-1 tribe-events-calendar-month__multiday-event--display tribe-events-calendar-month__multiday-event--start tribe-events-calendar-month__multiday-event--end\"  data-event-id=\"150695\">\n\t\t<div class=\"tribe-events-calendar-month__multiday-event-hidden\">\n\t<time\n\tdatetime=\"2026-05-04\"\n\tclass=\"tribe-common-a11y-visual-hide\"\n>\n\t2026-05-04<\/time>\n\t<a\n\thref=\"https:\/\/www.cgfmanet.org\/es\/event\/suor-maria-del-rosario-garcia-ribas-termina-la-visita-canonica-allispettoria-san-giuseppe-ant-delle-antille\/\"\n\tclass=\"tribe-events-calendar-month__multiday-event-hidden-link\"\n\tdata-js=\"tribe-events-tooltip\"\n\tdata-tooltip-content=\"#tribe-events-tooltip-content-150695\"\n\taria-describedby=\"tribe-events-tooltip-content-150695\"\n>\n\t\t<div class=\"tribe-events-calendar-month__multiday-event-hidden-title tribe-common-h8\">\n\tSuor Mar\u00eda del Rosario Garc\u00eda Ribas termina la Visita canonica all\u2019Ispettoria \u201cSan Giuseppe\u00bb (ANT) delle Antille.<\/div>\n<\/a>\n<\/div>\n\t\t<div class=\"tribe-events-calendar-month__multiday-event-bar\">\n\t<div class=\"tribe-events-calendar-month__multiday-event-bar-inner\">\n\t\t\t\t<div class=\"tribe-events-calendar-month__multiday-event-bar-title tribe-common-h8\">\n\tSuor Mar\u00eda del Rosario Garc\u00eda Ribas termina la Visita canonica all\u2019Ispettoria \u201cSan Giuseppe\u00bb (ANT) delle Antille.<\/div>\n\t<\/div>\n<\/div>\n<div class=\"tribe-events-calendar-month__calendar-event-tooltip-template tribe-common-a11y-hidden\">\n\t<div\n\t\tclass=\"tribe-events-calendar-month__calendar-event-tooltip\"\n\t\tid=\"tribe-events-tooltip-content-150695\"\n\t\trole=\"tooltip\"\n\t>\n\t\t\t\t<div class=\"tribe-events-calendar-month__calendar-event-tooltip-datetime\">\n\t\t<time datetime=\"2026-05-04\">\n\t\t<span class=\"tribe-event-date-start\">4 mayo<\/span>\t<\/time>\n\t<\/div>\n\t\t<div class=\"tribe-events-calendar-month__calendar-event-tooltip-title tribe-common-h7\">\n\t<a\n\t\thref=\"https:\/\/www.cgfmanet.org\/es\/event\/suor-maria-del-rosario-garcia-ribas-termina-la-visita-canonica-allispettoria-san-giuseppe-ant-delle-antille\/\"\n\t\ttitle=\"Suor Mar\u00eda del Rosario Garc\u00eda Ribas termina la Visita canonica all\u2019Ispettoria \u201cSan Giuseppe\u00bb (ANT) delle Antille.\"\n\t\trel=\"bookmark\"\n\t\tclass=\"tribe-events-calendar-month__calendar-event-tooltip-title-link tribe-common-anchor-thin\"\n\t>\n\t\tSuor Mar\u00eda del Rosario Garc\u00eda Ribas termina la Visita canonica all\u2019Ispettoria \u201cSan Giuseppe\u00bb (ANT) delle Antille.\t<\/a>\n<\/div>\n\t\t\t\t\t<\/div>\n<\/div>\n\t<\/article>\n<\/div>\n\n\t<div class=\"tribe-events-calendar-month__multiday-event-wrapper\">\n\t<article  class=\"tribe-events-calendar-month__multiday-event post-150891 tribe_events type-tribe_events status-publish tribe_events_cat-consejera-para-las-misiones tribe_events_cat-agenda-es cat_consejera-para-las-misiones cat_agenda-es tribe-events-calendar-month__multiday-event--width-1 tribe-events-calendar-month__multiday-event--display tribe-events-calendar-month__multiday-event--start tribe-events-calendar-month__multiday-event--end\"  data-event-id=\"150891\">\n\t\t<div class=\"tribe-events-calendar-month__multiday-event-hidden\">\n\t<time\n\tdatetime=\"2026-05-04\"\n\tclass=\"tribe-common-a11y-visual-hide\"\n>\n\t2026-05-04<\/time>\n\t<a\n\thref=\"https:\/\/www.cgfmanet.org\/es\/event\/inizio-del-corso-di-formazione-permanente-missionaria-a-roma-casa-generalizia-2\/\"\n\tclass=\"tribe-events-calendar-month__multiday-event-hidden-link\"\n\tdata-js=\"tribe-events-tooltip\"\n\tdata-tooltip-content=\"#tribe-events-tooltip-content-150891\"\n\taria-describedby=\"tribe-events-tooltip-content-150891\"\n>\n\t\t<div class=\"tribe-events-calendar-month__multiday-event-hidden-title tribe-common-h8\">\n\tInizio del Corso di Formazione Permanente Missionaria a Roma, Casa Generalizia.<\/div>\n<\/a>\n<\/div>\n\t\t<div class=\"tribe-events-calendar-month__multiday-event-bar\">\n\t<div class=\"tribe-events-calendar-month__multiday-event-bar-inner\">\n\t\t\t\t<div class=\"tribe-events-calendar-month__multiday-event-bar-title tribe-common-h8\">\n\tInizio del Corso di Formazione Permanente Missionaria a Roma, Casa Generalizia.<\/div>\n\t<\/div>\n<\/div>\n<div class=\"tribe-events-calendar-month__calendar-event-tooltip-template tribe-common-a11y-hidden\">\n\t<div\n\t\tclass=\"tribe-events-calendar-month__calendar-event-tooltip\"\n\t\tid=\"tribe-events-tooltip-content-150891\"\n\t\trole=\"tooltip\"\n\t>\n\t\t\t\t<div class=\"tribe-events-calendar-month__calendar-event-tooltip-datetime\">\n\t\t<time datetime=\"2026-05-04\">\n\t\t<span class=\"tribe-event-date-start\">4 mayo<\/span>\t<\/time>\n\t<\/div>\n\t\t<div class=\"tribe-events-calendar-month__calendar-event-tooltip-title tribe-common-h7\">\n\t<a\n\t\thref=\"https:\/\/www.cgfmanet.org\/es\/event\/inizio-del-corso-di-formazione-permanente-missionaria-a-roma-casa-generalizia-2\/\"\n\t\ttitle=\"Inizio del Corso di Formazione Permanente Missionaria a Roma, Casa Generalizia.\"\n\t\trel=\"bookmark\"\n\t\tclass=\"tribe-events-calendar-month__calendar-event-tooltip-title-link tribe-common-anchor-thin\"\n\t>\n\t\tInizio del Corso di Formazione Permanente Missionaria a Roma, Casa Generalizia.\t<\/a>\n<\/div>\n\t\t\t\t\t<\/div>\n<\/div>\n\t<\/article>\n<\/div>\n\n\t<div class=\"tribe-events-calendar-month__multiday-event-wrapper\">\n\t<article  class=\"tribe-events-calendar-month__multiday-event post-155256 tribe_events type-tribe_events status-publish tribe_events_cat-agenda-es tribe_events_cat-madre-general cat_agenda-es cat_madre-general tribe-events-calendar-month__multiday-event--width-1 tribe-events-calendar-month__multiday-event--display tribe-events-calendar-month__multiday-event--start tribe-events-calendar-month__multiday-event--end\"  data-event-id=\"155256\">\n\t\t<div class=\"tribe-events-calendar-month__multiday-event-hidden\">\n\t<time\n\tdatetime=\"2026-05-04\"\n\tclass=\"tribe-common-a11y-visual-hide\"\n>\n\t2026-05-04<\/time>\n\t<a\n\thref=\"https:\/\/www.cgfmanet.org\/es\/event\/la-madre-da-la-buonanotte-al-gruppo-del-progetto-mornese-di-lingua-inglese-a-roma-presso-la-casa-fma-sacro-cuore-iro\/\"\n\tclass=\"tribe-events-calendar-month__multiday-event-hidden-link\"\n\tdata-js=\"tribe-events-tooltip\"\n\tdata-tooltip-content=\"#tribe-events-tooltip-content-155256\"\n\taria-describedby=\"tribe-events-tooltip-content-155256\"\n>\n\t\t<div class=\"tribe-events-calendar-month__multiday-event-hidden-title tribe-common-h8\">\n\tLa Madre d\u00e0 la Buonanotte al gruppo del \u201cProgetto Mornese\u201d di lingua inglese. A Roma presso la Casa FMA \u201cSacro Cuore\u201d (IRO).<\/div>\n<\/a>\n<\/div>\n\t\t<div class=\"tribe-events-calendar-month__multiday-event-bar\">\n\t<div class=\"tribe-events-calendar-month__multiday-event-bar-inner\">\n\t\t\t\t<div class=\"tribe-events-calendar-month__multiday-event-bar-title tribe-common-h8\">\n\tLa Madre d\u00e0 la Buonanotte al gruppo del \u201cProgetto Mornese\u201d di lingua inglese. A Roma presso la Casa FMA \u201cSacro Cuore\u201d (IRO).<\/div>\n\t<\/div>\n<\/div>\n<div class=\"tribe-events-calendar-month__calendar-event-tooltip-template tribe-common-a11y-hidden\">\n\t<div\n\t\tclass=\"tribe-events-calendar-month__calendar-event-tooltip\"\n\t\tid=\"tribe-events-tooltip-content-155256\"\n\t\trole=\"tooltip\"\n\t>\n\t\t\t\t<div class=\"tribe-events-calendar-month__calendar-event-tooltip-datetime\">\n\t\t<time datetime=\"2026-05-04\">\n\t\t<span class=\"tribe-event-date-start\">4 mayo<\/span>\t<\/time>\n\t<\/div>\n\t\t<div class=\"tribe-events-calendar-month__calendar-event-tooltip-title tribe-common-h7\">\n\t<a\n\t\thref=\"https:\/\/www.cgfmanet.org\/es\/event\/la-madre-da-la-buonanotte-al-gruppo-del-progetto-mornese-di-lingua-inglese-a-roma-presso-la-casa-fma-sacro-cuore-iro\/\"\n\t\ttitle=\"La Madre d\u00e0 la Buonanotte al gruppo del \u201cProgetto Mornese\u201d di lingua inglese. A Roma presso la Casa FMA \u201cSacro Cuore\u201d (IRO).\"\n\t\trel=\"bookmark\"\n\t\tclass=\"tribe-events-calendar-month__calendar-event-tooltip-title-link tribe-common-anchor-thin\"\n\t>\n\t\tLa Madre d\u00e0 la Buonanotte al gruppo del \u201cProgetto Mornese\u201d di lingua inglese. A Roma presso la Casa FMA \u201cSacro Cuore\u201d (IRO).\t<\/a>\n<\/div>\n\t\t\t\t\t<\/div>\n<\/div>\n\t<\/article>\n<\/div>\n\n\t<div class=\"tribe-events-calendar-month__multiday-event-wrapper\">\n\t<article  class=\"tribe-events-calendar-month__multiday-event post-151106 tribe_events type-tribe_events status-publish tribe_events_cat-agenda-es tribe_events_cat-consejera-para-la-familia-salesiana cat_agenda-es cat_consejera-para-la-familia-salesiana tribe-events-calendar-month__multiday-event--width-1 tribe-events-calendar-month__multiday-event--display tribe-events-calendar-month__multiday-event--start tribe-events-calendar-month__multiday-event--end\"  data-event-id=\"151106\">\n\t\t<div class=\"tribe-events-calendar-month__multiday-event-hidden\">\n\t<time\n\tdatetime=\"2026-05-04\"\n\tclass=\"tribe-common-a11y-visual-hide\"\n>\n\t2026-05-04<\/time>\n\t<a\n\thref=\"https:\/\/www.cgfmanet.org\/es\/event\/suor-leslie-sandigo-termina-la-2a-parte-della-visita-canonica-allispettoria-laura-vicuna-arg-dellargentina\/\"\n\tclass=\"tribe-events-calendar-month__multiday-event-hidden-link\"\n\tdata-js=\"tribe-events-tooltip\"\n\tdata-tooltip-content=\"#tribe-events-tooltip-content-151106\"\n\taria-describedby=\"tribe-events-tooltip-content-151106\"\n>\n\t\t<div class=\"tribe-events-calendar-month__multiday-event-hidden-title tribe-common-h8\">\n\tSuor Leslie S\u00e1ndigo termina la 2a parte della visita canonica all\u2019Ispettoria \u201cLaura Vicu\u00f1a\u201d (ARG) dell\u2019Argentina.<\/div>\n<\/a>\n<\/div>\n\t\t<div class=\"tribe-events-calendar-month__multiday-event-bar\">\n\t<div class=\"tribe-events-calendar-month__multiday-event-bar-inner\">\n\t\t\t\t<div class=\"tribe-events-calendar-month__multiday-event-bar-title tribe-common-h8\">\n\tSuor Leslie S\u00e1ndigo termina la 2a parte della visita canonica all\u2019Ispettoria \u201cLaura Vicu\u00f1a\u201d (ARG) dell\u2019Argentina.<\/div>\n\t<\/div>\n<\/div>\n<div class=\"tribe-events-calendar-month__calendar-event-tooltip-template tribe-common-a11y-hidden\">\n\t<div\n\t\tclass=\"tribe-events-calendar-month__calendar-event-tooltip\"\n\t\tid=\"tribe-events-tooltip-content-151106\"\n\t\trole=\"tooltip\"\n\t>\n\t\t\t\t<div class=\"tribe-events-calendar-month__calendar-event-tooltip-datetime\">\n\t\t<time datetime=\"2026-05-04\">\n\t\t<span class=\"tribe-event-date-start\">4 mayo<\/span>\t<\/time>\n\t<\/div>\n\t\t<div class=\"tribe-events-calendar-month__calendar-event-tooltip-title tribe-common-h7\">\n\t<a\n\t\thref=\"https:\/\/www.cgfmanet.org\/es\/event\/suor-leslie-sandigo-termina-la-2a-parte-della-visita-canonica-allispettoria-laura-vicuna-arg-dellargentina\/\"\n\t\ttitle=\"Suor Leslie S\u00e1ndigo termina la 2a parte della visita canonica all\u2019Ispettoria \u201cLaura Vicu\u00f1a\u201d (ARG) dell\u2019Argentina.\"\n\t\trel=\"bookmark\"\n\t\tclass=\"tribe-events-calendar-month__calendar-event-tooltip-title-link tribe-common-anchor-thin\"\n\t>\n\t\tSuor Leslie S\u00e1ndigo termina la 2a parte della visita canonica all\u2019Ispettoria \u201cLaura Vicu\u00f1a\u201d (ARG) dell\u2019Argentina.\t<\/a>\n<\/div>\n\t\t\t\t\t<\/div>\n<\/div>\n\t<\/article>\n<\/div>\n\n\n\t\t\t<\/div>\n\n\t\n<\/div>\n<\/td>\n\n\t\t\t\n\t\t\t\t<td\n\t class=\"tribe-events-calendar-month__day\" \taria-labelledby=\"tribe-events-calendar-day-2026-05-05\"\n\tdata-js=\"tribe-events-month-grid-cell\"\n>\n\t<button\n\taria-expanded=\"false\"\n\taria-controls=\"tribe-events-calendar-mobile-day-2026-05-5\"\n\taria-label=\"mayo 5, 1 evento, pr\u00f3ximo d\u00eda\"\n\t class=\"tribe-events-calendar-month__day-cell tribe-events-calendar-month__day-cell--mobile\" \tdata-js=\"tribe-events-calendar-month-day-cell-mobile\"\n>\n\t<h3 class=\"tribe-events-calendar-month__day-date tribe-common-h6 tribe-common-h--alt\">\n\t\t<span class=\"tribe-common-a11y-visual-hide\">\n\t\t\t1 evento\t\t<\/span>\n\t\t<time\n\t\t\tclass=\"tribe-events-calendar-month__day-date-daynum\"\n\t\t\tdatetime=\"2026-05-05\"\n\t\t>\n\t\t\t5\t\t<\/time>\n\t<\/h3>\n\t\n\t<span class=\"tribe-events-calendar-month__mobile-events-icon tribe-events-calendar-month__mobile-events-icon--event\" >\n\t<\/span>\n<\/button>\n\t\n<div\n\tid=\"tribe-events-calendar-day-2026-05-05\"\n\tclass=\"tribe-events-calendar-month__day-cell tribe-events-calendar-month__day-cell--desktop tribe-common-a11y-hidden\"\n>\n\t\n<h3 class=\"tribe-events-calendar-month__day-date tribe-common-h4\">\n\t<span class=\"tribe-common-a11y-visual-hide\">\n\t\t1 evento,\n\t<\/span>\n\t<time\n\t\tclass=\"tribe-events-calendar-month__day-date-daynum\"\n\t\tdatetime=\"2026-05-05\"\n\t>\n\t\t\t\t\t<a\n\t\t\t\thref=\"https:\/\/www.cgfmanet.org\/es\/eventos\/2026-05-05\/?shortcode=tribe-widget-events-month-15\"\n\t\t\t\tclass=\"tribe-events-calendar-month__day-date-link\"\n\t\t\t\tdata-js=\"tribe-events-view-link\"\n\t\t\t\taria-label=\"5 mayo\"\n\t\t\t>\n\t\t\t\t5\t\t\t<\/a>\n\t\t\t<\/time>\n<\/h3>\n\n\t<div class=\"tribe-events-calendar-month__events\">\n\t\t\n\t<div class=\"tribe-events-calendar-month__multiday-event-wrapper\">\n\t<article  class=\"tribe-events-calendar-month__multiday-event post-156540 tribe_events type-tribe_events status-publish tribe_events_cat-agenda-es tribe_events_cat-madre-general cat_agenda-es cat_madre-general tribe-events-calendar-month__multiday-event--width-1 tribe-events-calendar-month__multiday-event--display tribe-events-calendar-month__multiday-event--start tribe-events-calendar-month__multiday-event--end\"  data-event-id=\"156540\">\n\t\t<div class=\"tribe-events-calendar-month__multiday-event-hidden\">\n\t<time\n\tdatetime=\"2026-05-05\"\n\tclass=\"tribe-common-a11y-visual-hide\"\n>\n\t2026-05-05<\/time>\n\t<a\n\thref=\"https:\/\/www.cgfmanet.org\/es\/event\/la-madre-incontra-il-consiglio-accademico-della-pontificia-facolta-di-scienze-delleducazione-auxilium-anche-con-la-presenza-della-superiora-di-visitatoria-rmc-suor-jessic\/\"\n\tclass=\"tribe-events-calendar-month__multiday-event-hidden-link\"\n\tdata-js=\"tribe-events-tooltip\"\n\tdata-tooltip-content=\"#tribe-events-tooltip-content-156540\"\n\taria-describedby=\"tribe-events-tooltip-content-156540\"\n>\n\t\t<div class=\"tribe-events-calendar-month__multiday-event-hidden-title tribe-common-h8\">\n\tLa Madre incontra il Consiglio Accademico della Pontificia Facolt\u00e0 di Scienze dell\u2019Educazione \u201cAuxilium\u201d anche con la presenza della Superiora di Visitatoria (RMC), suor Jessica Salva\u00f1a Togonon. A Roma in Casa generalizia.<\/div>\n<\/a>\n<\/div>\n\t\t<div class=\"tribe-events-calendar-month__multiday-event-bar\">\n\t<div class=\"tribe-events-calendar-month__multiday-event-bar-inner\">\n\t\t\t\t<div class=\"tribe-events-calendar-month__multiday-event-bar-title tribe-common-h8\">\n\tLa Madre incontra il Consiglio Accademico della Pontificia Facolt\u00e0 di Scienze dell\u2019Educazione \u201cAuxilium\u201d anche con la presenza della Superiora di Visitatoria (RMC), suor Jessica Salva\u00f1a Togonon. A Roma in Casa generalizia.<\/div>\n\t<\/div>\n<\/div>\n<div class=\"tribe-events-calendar-month__calendar-event-tooltip-template tribe-common-a11y-hidden\">\n\t<div\n\t\tclass=\"tribe-events-calendar-month__calendar-event-tooltip\"\n\t\tid=\"tribe-events-tooltip-content-156540\"\n\t\trole=\"tooltip\"\n\t>\n\t\t\t\t<div class=\"tribe-events-calendar-month__calendar-event-tooltip-datetime\">\n\t\t<time datetime=\"2026-05-05\">\n\t\t<span class=\"tribe-event-date-start\">5 mayo<\/span>\t<\/time>\n\t<\/div>\n\t\t<div class=\"tribe-events-calendar-month__calendar-event-tooltip-title tribe-common-h7\">\n\t<a\n\t\thref=\"https:\/\/www.cgfmanet.org\/es\/event\/la-madre-incontra-il-consiglio-accademico-della-pontificia-facolta-di-scienze-delleducazione-auxilium-anche-con-la-presenza-della-superiora-di-visitatoria-rmc-suor-jessic\/\"\n\t\ttitle=\"La Madre incontra il Consiglio Accademico della Pontificia Facolt\u00e0 di Scienze dell\u2019Educazione \u201cAuxilium\u201d anche con la presenza della Superiora di Visitatoria (RMC), suor Jessica Salva\u00f1a Togonon. A Roma in Casa generalizia.\"\n\t\trel=\"bookmark\"\n\t\tclass=\"tribe-events-calendar-month__calendar-event-tooltip-title-link tribe-common-anchor-thin\"\n\t>\n\t\tLa Madre incontra il Consiglio Accademico della Pontificia Facolt\u00e0 di Scienze dell\u2019Educazione \u201cAuxilium\u201d anche con la presenza della Superiora di Visitatoria (RMC), suor Jessica Salva\u00f1a Togonon. A Roma in Casa generalizia.\t<\/a>\n<\/div>\n\t\t\t\t\t<\/div>\n<\/div>\n\t<\/article>\n<\/div>\n\n\n\t\t\t<\/div>\n\n\t\n<\/div>\n<\/td>\n\n\t\t\t\n\t\t\t\t<td\n\t class=\"tribe-events-calendar-month__day\" \taria-labelledby=\"tribe-events-calendar-day-2026-05-06\"\n\tdata-js=\"tribe-events-month-grid-cell\"\n>\n\t<button\n\taria-expanded=\"false\"\n\taria-controls=\"tribe-events-calendar-mobile-day-2026-05-6\"\n\taria-label=\"mayo 6, 1 evento, pr\u00f3ximo d\u00eda\"\n\t class=\"tribe-events-calendar-month__day-cell tribe-events-calendar-month__day-cell--mobile\" \tdata-js=\"tribe-events-calendar-month-day-cell-mobile\"\n>\n\t<h3 class=\"tribe-events-calendar-month__day-date tribe-common-h6 tribe-common-h--alt\">\n\t\t<span class=\"tribe-common-a11y-visual-hide\">\n\t\t\t1 evento\t\t<\/span>\n\t\t<time\n\t\t\tclass=\"tribe-events-calendar-month__day-date-daynum\"\n\t\t\tdatetime=\"2026-05-06\"\n\t\t>\n\t\t\t6\t\t<\/time>\n\t<\/h3>\n\t\n\t<span class=\"tribe-events-calendar-month__mobile-events-icon tribe-events-calendar-month__mobile-events-icon--event\" >\n\t<\/span>\n<\/button>\n\t\n<div\n\tid=\"tribe-events-calendar-day-2026-05-06\"\n\tclass=\"tribe-events-calendar-month__day-cell tribe-events-calendar-month__day-cell--desktop tribe-common-a11y-hidden\"\n>\n\t\n<h3 class=\"tribe-events-calendar-month__day-date tribe-common-h4\">\n\t<span class=\"tribe-common-a11y-visual-hide\">\n\t\t1 evento,\n\t<\/span>\n\t<time\n\t\tclass=\"tribe-events-calendar-month__day-date-daynum\"\n\t\tdatetime=\"2026-05-06\"\n\t>\n\t\t\t\t\t<a\n\t\t\t\thref=\"https:\/\/www.cgfmanet.org\/es\/eventos\/2026-05-06\/?shortcode=tribe-widget-events-month-15\"\n\t\t\t\tclass=\"tribe-events-calendar-month__day-date-link\"\n\t\t\t\tdata-js=\"tribe-events-view-link\"\n\t\t\t\taria-label=\"6 mayo\"\n\t\t\t>\n\t\t\t\t6\t\t\t<\/a>\n\t\t\t<\/time>\n<\/h3>\n\n\t<div class=\"tribe-events-calendar-month__events\">\n\t\t\n\t<div class=\"tribe-events-calendar-month__multiday-event-wrapper\">\n\t<article  class=\"tribe-events-calendar-month__multiday-event post-155272 tribe_events type-tribe_events status-publish tribe_events_cat-agenda-es tribe_events_cat-madre-general cat_agenda-es cat_madre-general tribe-events-calendar-month__multiday-event--width-1 tribe-events-calendar-month__multiday-event--display tribe-events-calendar-month__multiday-event--start tribe-events-calendar-month__multiday-event--end\"  data-event-id=\"155272\">\n\t\t<div class=\"tribe-events-calendar-month__multiday-event-hidden\">\n\t<time\n\tdatetime=\"2026-05-06\"\n\tclass=\"tribe-common-a11y-visual-hide\"\n>\n\t2026-05-06<\/time>\n\t<a\n\thref=\"https:\/\/www.cgfmanet.org\/es\/event\/la-madre-incontra-le-fma-partecipanti-al-corso-di-formazione-permanente-missionaria-a-roma-casa-generalizia\/\"\n\tclass=\"tribe-events-calendar-month__multiday-event-hidden-link\"\n\tdata-js=\"tribe-events-tooltip\"\n\tdata-tooltip-content=\"#tribe-events-tooltip-content-155272\"\n\taria-describedby=\"tribe-events-tooltip-content-155272\"\n>\n\t\t<div class=\"tribe-events-calendar-month__multiday-event-hidden-title tribe-common-h8\">\n\tLa Madre incontra le FMA partecipanti al Corso di Formazione Permanente Missionaria. A Roma, Casa generalizia.<\/div>\n<\/a>\n<\/div>\n\t\t<div class=\"tribe-events-calendar-month__multiday-event-bar\">\n\t<div class=\"tribe-events-calendar-month__multiday-event-bar-inner\">\n\t\t\t\t<div class=\"tribe-events-calendar-month__multiday-event-bar-title tribe-common-h8\">\n\tLa Madre incontra le FMA partecipanti al Corso di Formazione Permanente Missionaria. A Roma, Casa generalizia.<\/div>\n\t<\/div>\n<\/div>\n<div class=\"tribe-events-calendar-month__calendar-event-tooltip-template tribe-common-a11y-hidden\">\n\t<div\n\t\tclass=\"tribe-events-calendar-month__calendar-event-tooltip\"\n\t\tid=\"tribe-events-tooltip-content-155272\"\n\t\trole=\"tooltip\"\n\t>\n\t\t\t\t<div class=\"tribe-events-calendar-month__calendar-event-tooltip-datetime\">\n\t\t<time datetime=\"2026-05-06\">\n\t\t<span class=\"tribe-event-date-start\">6 mayo<\/span>\t<\/time>\n\t<\/div>\n\t\t<div class=\"tribe-events-calendar-month__calendar-event-tooltip-title tribe-common-h7\">\n\t<a\n\t\thref=\"https:\/\/www.cgfmanet.org\/es\/event\/la-madre-incontra-le-fma-partecipanti-al-corso-di-formazione-permanente-missionaria-a-roma-casa-generalizia\/\"\n\t\ttitle=\"La Madre incontra le FMA partecipanti al Corso di Formazione Permanente Missionaria. A Roma, Casa generalizia.\"\n\t\trel=\"bookmark\"\n\t\tclass=\"tribe-events-calendar-month__calendar-event-tooltip-title-link tribe-common-anchor-thin\"\n\t>\n\t\tLa Madre incontra le FMA partecipanti al Corso di Formazione Permanente Missionaria. A Roma, Casa generalizia.\t<\/a>\n<\/div>\n\t\t\t\t\t<\/div>\n<\/div>\n\t<\/article>\n<\/div>\n\n\n\t\t\t<\/div>\n\n\t\n<\/div>\n<\/td>\n\n\t\t\t\n\t\t\t\t<td\n\t class=\"tribe-events-calendar-month__day\" \taria-labelledby=\"tribe-events-calendar-day-2026-05-07\"\n\tdata-js=\"tribe-events-month-grid-cell\"\n>\n\t<button\n\taria-expanded=\"false\"\n\taria-controls=\"tribe-events-calendar-mobile-day-2026-05-7\"\n\taria-label=\"mayo 7, 2 eventos, pr\u00f3ximo d\u00eda\"\n\t class=\"tribe-events-calendar-month__day-cell tribe-events-calendar-month__day-cell--mobile\" \tdata-js=\"tribe-events-calendar-month-day-cell-mobile\"\n>\n\t<h3 class=\"tribe-events-calendar-month__day-date tribe-common-h6 tribe-common-h--alt\">\n\t\t<span class=\"tribe-common-a11y-visual-hide\">\n\t\t\t2 eventos\t\t<\/span>\n\t\t<time\n\t\t\tclass=\"tribe-events-calendar-month__day-date-daynum\"\n\t\t\tdatetime=\"2026-05-07\"\n\t\t>\n\t\t\t7\t\t<\/time>\n\t<\/h3>\n\t\n\t<span class=\"tribe-events-calendar-month__mobile-events-icon tribe-events-calendar-month__mobile-events-icon--event\" >\n\t<\/span>\n<\/button>\n\t\n<div\n\tid=\"tribe-events-calendar-day-2026-05-07\"\n\tclass=\"tribe-events-calendar-month__day-cell tribe-events-calendar-month__day-cell--desktop tribe-common-a11y-hidden\"\n>\n\t\n<h3 class=\"tribe-events-calendar-month__day-date tribe-common-h4\">\n\t<span class=\"tribe-common-a11y-visual-hide\">\n\t\t2 eventos,\n\t<\/span>\n\t<time\n\t\tclass=\"tribe-events-calendar-month__day-date-daynum\"\n\t\tdatetime=\"2026-05-07\"\n\t>\n\t\t\t\t\t<a\n\t\t\t\thref=\"https:\/\/www.cgfmanet.org\/es\/eventos\/2026-05-07\/?shortcode=tribe-widget-events-month-15\"\n\t\t\t\tclass=\"tribe-events-calendar-month__day-date-link\"\n\t\t\t\tdata-js=\"tribe-events-view-link\"\n\t\t\t\taria-label=\"7 mayo\"\n\t\t\t>\n\t\t\t\t7\t\t\t<\/a>\n\t\t\t<\/time>\n<\/h3>\n\n\t<div class=\"tribe-events-calendar-month__events\">\n\t\t\n\t<div class=\"tribe-events-calendar-month__multiday-event-wrapper\">\n\t<article  class=\"tribe-events-calendar-month__multiday-event post-155262 tribe_events type-tribe_events status-publish tribe_events_cat-agenda-es tribe_events_cat-madre-general cat_agenda-es cat_madre-general tribe-events-calendar-month__multiday-event--width-4 tribe-events-calendar-month__multiday-event--display tribe-events-calendar-month__multiday-event--start tribe-events-calendar-month__multiday-event--end\"  data-event-id=\"155262\">\n\t\t<div class=\"tribe-events-calendar-month__multiday-event-hidden\">\n\t<time\n\tdatetime=\"2026-05-07\"\n\tclass=\"tribe-common-a11y-visual-hide\"\n>\n\t2026-05-07<\/time>\n\t<a\n\thref=\"https:\/\/www.cgfmanet.org\/es\/event\/la-madre-partecipa-e-interviene-al-vi-congresso-mondiale-dei-salesiani-cooperatori-a-roma-presso-la-fraterna-domus-tema-essere-lievito-per-essere-fecondi\/\"\n\tclass=\"tribe-events-calendar-month__multiday-event-hidden-link\"\n\tdata-js=\"tribe-events-tooltip\"\n\tdata-tooltip-content=\"#tribe-events-tooltip-content-155262\"\n\taria-describedby=\"tribe-events-tooltip-content-155262\"\n>\n\t\t<div class=\"tribe-events-calendar-month__multiday-event-hidden-title tribe-common-h8\">\n\tLa Madre partecipa e interviene al VI Congresso Mondiale dei Salesiani Cooperatori a Roma, presso la Fraterna Domus. Tema: \u201cEssere lievito per essere fecondi\u201d.<\/div>\n<\/a>\n<\/div>\n\t\t<div class=\"tribe-events-calendar-month__multiday-event-bar\">\n\t<div class=\"tribe-events-calendar-month__multiday-event-bar-inner\">\n\t\t\t\t<div class=\"tribe-events-calendar-month__multiday-event-bar-title tribe-common-h8\">\n\tLa Madre partecipa e interviene al VI Congresso Mondiale dei Salesiani Cooperatori a Roma, presso la Fraterna Domus. Tema: \u201cEssere lievito per essere fecondi\u201d.<\/div>\n\t<\/div>\n<\/div>\n<div class=\"tribe-events-calendar-month__calendar-event-tooltip-template tribe-common-a11y-hidden\">\n\t<div\n\t\tclass=\"tribe-events-calendar-month__calendar-event-tooltip\"\n\t\tid=\"tribe-events-tooltip-content-155262\"\n\t\trole=\"tooltip\"\n\t>\n\t\t\t\t<div class=\"tribe-events-calendar-month__calendar-event-tooltip-datetime\">\n\t\t<time datetime=\"2026-05-07\">\n\t\t<span class=\"tribe-event-date-start\">7 mayo<\/span> - <span class=\"tribe-event-date-end\">10 mayo<\/span>\t<\/time>\n\t<\/div>\n\t\t<div class=\"tribe-events-calendar-month__calendar-event-tooltip-title tribe-common-h7\">\n\t<a\n\t\thref=\"https:\/\/www.cgfmanet.org\/es\/event\/la-madre-partecipa-e-interviene-al-vi-congresso-mondiale-dei-salesiani-cooperatori-a-roma-presso-la-fraterna-domus-tema-essere-lievito-per-essere-fecondi\/\"\n\t\ttitle=\"La Madre partecipa e interviene al VI Congresso Mondiale dei Salesiani Cooperatori a Roma, presso la Fraterna Domus. Tema: \u201cEssere lievito per essere fecondi\u201d.\"\n\t\trel=\"bookmark\"\n\t\tclass=\"tribe-events-calendar-month__calendar-event-tooltip-title-link tribe-common-anchor-thin\"\n\t>\n\t\tLa Madre partecipa e interviene al VI Congresso Mondiale dei Salesiani Cooperatori a Roma, presso la Fraterna Domus. Tema: \u201cEssere lievito per essere fecondi\u201d.\t<\/a>\n<\/div>\n\t\t\t\t\t<\/div>\n<\/div>\n\t<\/article>\n<\/div>\n\n\t<div class=\"tribe-events-calendar-month__multiday-event-wrapper\">\n\t<article  class=\"tribe-events-calendar-month__multiday-event post-151112 tribe_events type-tribe_events status-publish tribe_events_cat-agenda-es tribe_events_cat-consejera-para-la-familia-salesiana cat_agenda-es cat_consejera-para-la-familia-salesiana tribe-events-calendar-month__multiday-event--width-4 tribe-events-calendar-month__multiday-event--display tribe-events-calendar-month__multiday-event--start tribe-events-calendar-month__multiday-event--end\"  data-event-id=\"151112\">\n\t\t<div class=\"tribe-events-calendar-month__multiday-event-hidden\">\n\t<time\n\tdatetime=\"2026-05-07\"\n\tclass=\"tribe-common-a11y-visual-hide\"\n>\n\t2026-05-07<\/time>\n\t<a\n\thref=\"https:\/\/www.cgfmanet.org\/es\/event\/suor-leslie-sandigo-partecipa-al-congresso-mondiale-dei-salesiani-cooperatori-a-roma-fraterna-domus\/\"\n\tclass=\"tribe-events-calendar-month__multiday-event-hidden-link\"\n\tdata-js=\"tribe-events-tooltip\"\n\tdata-tooltip-content=\"#tribe-events-tooltip-content-151112\"\n\taria-describedby=\"tribe-events-tooltip-content-151112\"\n>\n\t\t<div class=\"tribe-events-calendar-month__multiday-event-hidden-title tribe-common-h8\">\n\tSuor Leslie S\u00e1ndigo partecipa al Congresso Mondiale dei Salesiani Cooperatori a Roma, Fraterna Domus.<\/div>\n<\/a>\n<\/div>\n\t\t<div class=\"tribe-events-calendar-month__multiday-event-bar\">\n\t<div class=\"tribe-events-calendar-month__multiday-event-bar-inner\">\n\t\t\t\t<div class=\"tribe-events-calendar-month__multiday-event-bar-title tribe-common-h8\">\n\tSuor Leslie S\u00e1ndigo partecipa al Congresso Mondiale dei Salesiani Cooperatori a Roma, Fraterna Domus.<\/div>\n\t<\/div>\n<\/div>\n<div class=\"tribe-events-calendar-month__calendar-event-tooltip-template tribe-common-a11y-hidden\">\n\t<div\n\t\tclass=\"tribe-events-calendar-month__calendar-event-tooltip\"\n\t\tid=\"tribe-events-tooltip-content-151112\"\n\t\trole=\"tooltip\"\n\t>\n\t\t\t\t<div class=\"tribe-events-calendar-month__calendar-event-tooltip-datetime\">\n\t\t<time datetime=\"2026-05-07\">\n\t\t<span class=\"tribe-event-date-start\">7 mayo<\/span> - <span class=\"tribe-event-date-end\">10 mayo<\/span>\t<\/time>\n\t<\/div>\n\t\t<div class=\"tribe-events-calendar-month__calendar-event-tooltip-title tribe-common-h7\">\n\t<a\n\t\thref=\"https:\/\/www.cgfmanet.org\/es\/event\/suor-leslie-sandigo-partecipa-al-congresso-mondiale-dei-salesiani-cooperatori-a-roma-fraterna-domus\/\"\n\t\ttitle=\"Suor Leslie S\u00e1ndigo partecipa al Congresso Mondiale dei Salesiani Cooperatori a Roma, Fraterna Domus.\"\n\t\trel=\"bookmark\"\n\t\tclass=\"tribe-events-calendar-month__calendar-event-tooltip-title-link tribe-common-anchor-thin\"\n\t>\n\t\tSuor Leslie S\u00e1ndigo partecipa al Congresso Mondiale dei Salesiani Cooperatori a Roma, Fraterna Domus.\t<\/a>\n<\/div>\n\t\t\t\t\t<\/div>\n<\/div>\n\t<\/article>\n<\/div>\n\n\n\t\t\t<\/div>\n\n\t\n<\/div>\n<\/td>\n\n\t\t\t\n\t\t\t\t<td\n\t class=\"tribe-events-calendar-month__day\" \taria-labelledby=\"tribe-events-calendar-day-2026-05-08\"\n\tdata-js=\"tribe-events-month-grid-cell\"\n>\n\t<button\n\taria-expanded=\"false\"\n\taria-controls=\"tribe-events-calendar-mobile-day-2026-05-8\"\n\taria-label=\"mayo 8, 4 eventos, pr\u00f3ximo d\u00eda\"\n\t class=\"tribe-events-calendar-month__day-cell tribe-events-calendar-month__day-cell--mobile\" \tdata-js=\"tribe-events-calendar-month-day-cell-mobile\"\n>\n\t<h3 class=\"tribe-events-calendar-month__day-date tribe-common-h6 tribe-common-h--alt\">\n\t\t<span class=\"tribe-common-a11y-visual-hide\">\n\t\t\t4 eventos\t\t<\/span>\n\t\t<time\n\t\t\tclass=\"tribe-events-calendar-month__day-date-daynum\"\n\t\t\tdatetime=\"2026-05-08\"\n\t\t>\n\t\t\t8\t\t<\/time>\n\t<\/h3>\n\t\n\t<span class=\"tribe-events-calendar-month__mobile-events-icon tribe-events-calendar-month__mobile-events-icon--event\" >\n\t<\/span>\n<\/button>\n\t\n<div\n\tid=\"tribe-events-calendar-day-2026-05-08\"\n\tclass=\"tribe-events-calendar-month__day-cell tribe-events-calendar-month__day-cell--desktop tribe-common-a11y-hidden\"\n>\n\t\n<h3 class=\"tribe-events-calendar-month__day-date tribe-common-h4\">\n\t<span class=\"tribe-common-a11y-visual-hide\">\n\t\t4 eventos,\n\t<\/span>\n\t<time\n\t\tclass=\"tribe-events-calendar-month__day-date-daynum\"\n\t\tdatetime=\"2026-05-08\"\n\t>\n\t\t\t\t\t<a\n\t\t\t\thref=\"https:\/\/www.cgfmanet.org\/es\/eventos\/2026-05-08\/?shortcode=tribe-widget-events-month-15\"\n\t\t\t\tclass=\"tribe-events-calendar-month__day-date-link\"\n\t\t\t\tdata-js=\"tribe-events-view-link\"\n\t\t\t\taria-label=\"8 mayo\"\n\t\t\t>\n\t\t\t\t8\t\t\t<\/a>\n\t\t\t<\/time>\n<\/h3>\n\n\t<div class=\"tribe-events-calendar-month__events\">\n\t\t\n\t<div class=\"tribe-events-calendar-month__multiday-event-wrapper\">\n\t<article  class=\"tribe-events-calendar-month__multiday-event post-155262 tribe_events type-tribe_events status-publish tribe_events_cat-agenda-es tribe_events_cat-madre-general cat_agenda-es cat_madre-general\"  data-event-id=\"155262\">\n\t\t<div class=\"tribe-events-calendar-month__multiday-event-hidden\">\n\t<time\n\tdatetime=\"2026-05-07\"\n\tclass=\"tribe-common-a11y-visual-hide\"\n>\n\t2026-05-07<\/time>\n\t<a\n\thref=\"https:\/\/www.cgfmanet.org\/es\/event\/la-madre-partecipa-e-interviene-al-vi-congresso-mondiale-dei-salesiani-cooperatori-a-roma-presso-la-fraterna-domus-tema-essere-lievito-per-essere-fecondi\/\"\n\tclass=\"tribe-events-calendar-month__multiday-event-hidden-link\"\n\tdata-js=\"tribe-events-tooltip\"\n\tdata-tooltip-content=\"#tribe-events-tooltip-content-155262\"\n\taria-describedby=\"tribe-events-tooltip-content-155262\"\n>\n\t\t<div class=\"tribe-events-calendar-month__multiday-event-hidden-title tribe-common-h8\">\n\tLa Madre partecipa e interviene al VI Congresso Mondiale dei Salesiani Cooperatori a Roma, presso la Fraterna Domus. Tema: \u201cEssere lievito per essere fecondi\u201d.<\/div>\n<\/a>\n<\/div>\n\t\t\t<\/article>\n<\/div>\n\n\t<div class=\"tribe-events-calendar-month__multiday-event-wrapper\">\n\t<article  class=\"tribe-events-calendar-month__multiday-event post-151112 tribe_events type-tribe_events status-publish tribe_events_cat-agenda-es tribe_events_cat-consejera-para-la-familia-salesiana cat_agenda-es cat_consejera-para-la-familia-salesiana\"  data-event-id=\"151112\">\n\t\t<div class=\"tribe-events-calendar-month__multiday-event-hidden\">\n\t<time\n\tdatetime=\"2026-05-07\"\n\tclass=\"tribe-common-a11y-visual-hide\"\n>\n\t2026-05-07<\/time>\n\t<a\n\thref=\"https:\/\/www.cgfmanet.org\/es\/event\/suor-leslie-sandigo-partecipa-al-congresso-mondiale-dei-salesiani-cooperatori-a-roma-fraterna-domus\/\"\n\tclass=\"tribe-events-calendar-month__multiday-event-hidden-link\"\n\tdata-js=\"tribe-events-tooltip\"\n\tdata-tooltip-content=\"#tribe-events-tooltip-content-151112\"\n\taria-describedby=\"tribe-events-tooltip-content-151112\"\n>\n\t\t<div class=\"tribe-events-calendar-month__multiday-event-hidden-title tribe-common-h8\">\n\tSuor Leslie S\u00e1ndigo partecipa al Congresso Mondiale dei Salesiani Cooperatori a Roma, Fraterna Domus.<\/div>\n<\/a>\n<\/div>\n\t\t\t<\/article>\n<\/div>\n\n\t<div class=\"tribe-events-calendar-month__multiday-event-wrapper\">\n\t<article  class=\"tribe-events-calendar-month__multiday-event post-155282 tribe_events type-tribe_events status-publish tribe_events_cat-agenda-es tribe_events_cat-madre-general cat_agenda-es cat_madre-general tribe-events-calendar-month__multiday-event--width-3 tribe-events-calendar-month__multiday-event--display tribe-events-calendar-month__multiday-event--start\"  data-event-id=\"155282\">\n\t\t<div class=\"tribe-events-calendar-month__multiday-event-hidden\">\n\t<time\n\tdatetime=\"2026-05-08\"\n\tclass=\"tribe-common-a11y-visual-hide\"\n>\n\t2026-05-08<\/time>\n\t<a\n\thref=\"https:\/\/www.cgfmanet.org\/es\/event\/la-madre-partecipa-alle-celebrazione-del-centenario-della-presenza-delle-fma-dellispettoria-nostra-signora-dafrica-afc-a-lubumbashi-repubblica-democratica-del-c\/\"\n\tclass=\"tribe-events-calendar-month__multiday-event-hidden-link\"\n\tdata-js=\"tribe-events-tooltip\"\n\tdata-tooltip-content=\"#tribe-events-tooltip-content-155282\"\n\taria-describedby=\"tribe-events-tooltip-content-155282\"\n>\n\t\t<div class=\"tribe-events-calendar-month__multiday-event-hidden-title tribe-common-h8\">\n\tLa Madre partecipa alle Celebrazione del Centenario della presenza delle FMA dell\u2019Ispettoria \u201cNostra Signora d\u2019Africa\u201d (AFC). A Lubumbashi, Repubblica Democratica del Congo.<\/div>\n<\/a>\n<\/div>\n\t\t<div class=\"tribe-events-calendar-month__multiday-event-bar\">\n\t<div class=\"tribe-events-calendar-month__multiday-event-bar-inner\">\n\t\t\t\t<div class=\"tribe-events-calendar-month__multiday-event-bar-title tribe-common-h8\">\n\tLa Madre partecipa alle Celebrazione del Centenario della presenza delle FMA dell\u2019Ispettoria \u201cNostra Signora d\u2019Africa\u201d (AFC). A Lubumbashi, Repubblica Democratica del Congo.<\/div>\n\t<\/div>\n<\/div>\n<div class=\"tribe-events-calendar-month__calendar-event-tooltip-template tribe-common-a11y-hidden\">\n\t<div\n\t\tclass=\"tribe-events-calendar-month__calendar-event-tooltip\"\n\t\tid=\"tribe-events-tooltip-content-155282\"\n\t\trole=\"tooltip\"\n\t>\n\t\t\t\t<div class=\"tribe-events-calendar-month__calendar-event-tooltip-datetime\">\n\t\t<time datetime=\"2026-05-08\">\n\t\t<span class=\"tribe-event-date-start\">8 mayo<\/span> - <span class=\"tribe-event-date-end\">19 mayo<\/span>\t<\/time>\n\t<\/div>\n\t\t<div class=\"tribe-events-calendar-month__calendar-event-tooltip-title tribe-common-h7\">\n\t<a\n\t\thref=\"https:\/\/www.cgfmanet.org\/es\/event\/la-madre-partecipa-alle-celebrazione-del-centenario-della-presenza-delle-fma-dellispettoria-nostra-signora-dafrica-afc-a-lubumbashi-repubblica-democratica-del-c\/\"\n\t\ttitle=\"La Madre partecipa alle Celebrazione del Centenario della presenza delle FMA dell\u2019Ispettoria \u201cNostra Signora d\u2019Africa\u201d (AFC). A Lubumbashi, Repubblica Democratica del Congo.\"\n\t\trel=\"bookmark\"\n\t\tclass=\"tribe-events-calendar-month__calendar-event-tooltip-title-link tribe-common-anchor-thin\"\n\t>\n\t\tLa Madre partecipa alle Celebrazione del Centenario della presenza delle FMA dell\u2019Ispettoria \u201cNostra Signora d\u2019Africa\u201d (AFC). A Lubumbashi, Repubblica Democratica del Congo.\t<\/a>\n<\/div>\n\t\t\t\t\t<\/div>\n<\/div>\n\t<\/article>\n<\/div>\n\n\t<div class=\"tribe-events-calendar-month__multiday-event-wrapper\">\n\t<article  class=\"tribe-events-calendar-month__multiday-event post-156546 tribe_events type-tribe_events status-publish tribe_events_cat-agenda-es tribe_events_cat-consejera-para-la-pastoral-juvenil cat_agenda-es cat_consejera-para-la-pastoral-juvenil tribe-events-calendar-month__multiday-event--width-1 tribe-events-calendar-month__multiday-event--display tribe-events-calendar-month__multiday-event--start tribe-events-calendar-month__multiday-event--end\"  data-event-id=\"156546\">\n\t\t<div class=\"tribe-events-calendar-month__multiday-event-hidden\">\n\t<time\n\tdatetime=\"2026-05-08\"\n\tclass=\"tribe-common-a11y-visual-hide\"\n>\n\t2026-05-08<\/time>\n\t<a\n\thref=\"https:\/\/www.cgfmanet.org\/es\/event\/suor-runita-borja-con-le-collaboratrici-dellambito-pg-incontra-le-fma-partecipanti-del-corso-di-formazione-permanente-missionaria-a-roma-casa-generalizia\/\"\n\tclass=\"tribe-events-calendar-month__multiday-event-hidden-link\"\n\tdata-js=\"tribe-events-tooltip\"\n\tdata-tooltip-content=\"#tribe-events-tooltip-content-156546\"\n\taria-describedby=\"tribe-events-tooltip-content-156546\"\n>\n\t\t<div class=\"tribe-events-calendar-month__multiday-event-hidden-title tribe-common-h8\">\n\tSuor Runita Borja, con le collaboratrici dell\u2019Ambito PG, incontra le FMA partecipanti del Corso di Formazione Permanente Missionaria. A Roma, Casa generalizia.<\/div>\n<\/a>\n<\/div>\n\t\t<div class=\"tribe-events-calendar-month__multiday-event-bar\">\n\t<div class=\"tribe-events-calendar-month__multiday-event-bar-inner\">\n\t\t\t\t<div class=\"tribe-events-calendar-month__multiday-event-bar-title tribe-common-h8\">\n\tSuor Runita Borja, con le collaboratrici dell\u2019Ambito PG, incontra le FMA partecipanti del Corso di Formazione Permanente Missionaria. A Roma, Casa generalizia.<\/div>\n\t<\/div>\n<\/div>\n<div class=\"tribe-events-calendar-month__calendar-event-tooltip-template tribe-common-a11y-hidden\">\n\t<div\n\t\tclass=\"tribe-events-calendar-month__calendar-event-tooltip\"\n\t\tid=\"tribe-events-tooltip-content-156546\"\n\t\trole=\"tooltip\"\n\t>\n\t\t\t\t<div class=\"tribe-events-calendar-month__calendar-event-tooltip-datetime\">\n\t\t<time datetime=\"2026-05-08\">\n\t\t<span class=\"tribe-event-date-start\">8 mayo<\/span>\t<\/time>\n\t<\/div>\n\t\t<div class=\"tribe-events-calendar-month__calendar-event-tooltip-title tribe-common-h7\">\n\t<a\n\t\thref=\"https:\/\/www.cgfmanet.org\/es\/event\/suor-runita-borja-con-le-collaboratrici-dellambito-pg-incontra-le-fma-partecipanti-del-corso-di-formazione-permanente-missionaria-a-roma-casa-generalizia\/\"\n\t\ttitle=\"Suor Runita Borja, con le collaboratrici dell\u2019Ambito PG, incontra le FMA partecipanti del Corso di Formazione Permanente Missionaria. A Roma, Casa generalizia.\"\n\t\trel=\"bookmark\"\n\t\tclass=\"tribe-events-calendar-month__calendar-event-tooltip-title-link tribe-common-anchor-thin\"\n\t>\n\t\tSuor Runita Borja, con le collaboratrici dell\u2019Ambito PG, incontra le FMA partecipanti del Corso di Formazione Permanente Missionaria. A Roma, Casa generalizia.\t<\/a>\n<\/div>\n\t\t\t\t\t<\/div>\n<\/div>\n\t<\/article>\n<\/div>\n\n\n\t\t\t<\/div>\n\n\t\n<\/div>\n<\/td>\n\n\t\t\t\n\t\t\t\t<td\n\t class=\"tribe-events-calendar-month__day\" \taria-labelledby=\"tribe-events-calendar-day-2026-05-09\"\n\tdata-js=\"tribe-events-month-grid-cell\"\n>\n\t<button\n\taria-expanded=\"false\"\n\taria-controls=\"tribe-events-calendar-mobile-day-2026-05-9\"\n\taria-label=\"mayo 9, 4 eventos, pr\u00f3ximo d\u00eda\"\n\t class=\"tribe-events-calendar-month__day-cell tribe-events-calendar-month__day-cell--mobile\" \tdata-js=\"tribe-events-calendar-month-day-cell-mobile\"\n>\n\t<h3 class=\"tribe-events-calendar-month__day-date tribe-common-h6 tribe-common-h--alt\">\n\t\t<span class=\"tribe-common-a11y-visual-hide\">\n\t\t\t4 eventos\t\t<\/span>\n\t\t<time\n\t\t\tclass=\"tribe-events-calendar-month__day-date-daynum\"\n\t\t\tdatetime=\"2026-05-09\"\n\t\t>\n\t\t\t9\t\t<\/time>\n\t<\/h3>\n\t\n\t<span class=\"tribe-events-calendar-month__mobile-events-icon tribe-events-calendar-month__mobile-events-icon--event\" >\n\t<\/span>\n<\/button>\n\t\n<div\n\tid=\"tribe-events-calendar-day-2026-05-09\"\n\tclass=\"tribe-events-calendar-month__day-cell tribe-events-calendar-month__day-cell--desktop tribe-common-a11y-hidden\"\n>\n\t\n<h3 class=\"tribe-events-calendar-month__day-date tribe-common-h4\">\n\t<span class=\"tribe-common-a11y-visual-hide\">\n\t\t4 eventos,\n\t<\/span>\n\t<time\n\t\tclass=\"tribe-events-calendar-month__day-date-daynum\"\n\t\tdatetime=\"2026-05-09\"\n\t>\n\t\t\t\t\t<a\n\t\t\t\thref=\"https:\/\/www.cgfmanet.org\/es\/eventos\/2026-05-09\/?shortcode=tribe-widget-events-month-15\"\n\t\t\t\tclass=\"tribe-events-calendar-month__day-date-link\"\n\t\t\t\tdata-js=\"tribe-events-view-link\"\n\t\t\t\taria-label=\"9 mayo\"\n\t\t\t>\n\t\t\t\t9\t\t\t<\/a>\n\t\t\t<\/time>\n<\/h3>\n\n\t<div class=\"tribe-events-calendar-month__events\">\n\t\t\n\t<div class=\"tribe-events-calendar-month__multiday-event-wrapper\">\n\t<article  class=\"tribe-events-calendar-month__multiday-event post-155262 tribe_events type-tribe_events status-publish tribe_events_cat-agenda-es tribe_events_cat-madre-general cat_agenda-es cat_madre-general\"  data-event-id=\"155262\">\n\t\t<div class=\"tribe-events-calendar-month__multiday-event-hidden\">\n\t<time\n\tdatetime=\"2026-05-07\"\n\tclass=\"tribe-common-a11y-visual-hide\"\n>\n\t2026-05-07<\/time>\n\t<a\n\thref=\"https:\/\/www.cgfmanet.org\/es\/event\/la-madre-partecipa-e-interviene-al-vi-congresso-mondiale-dei-salesiani-cooperatori-a-roma-presso-la-fraterna-domus-tema-essere-lievito-per-essere-fecondi\/\"\n\tclass=\"tribe-events-calendar-month__multiday-event-hidden-link\"\n\tdata-js=\"tribe-events-tooltip\"\n\tdata-tooltip-content=\"#tribe-events-tooltip-content-155262\"\n\taria-describedby=\"tribe-events-tooltip-content-155262\"\n>\n\t\t<div class=\"tribe-events-calendar-month__multiday-event-hidden-title tribe-common-h8\">\n\tLa Madre partecipa e interviene al VI Congresso Mondiale dei Salesiani Cooperatori a Roma, presso la Fraterna Domus. Tema: \u201cEssere lievito per essere fecondi\u201d.<\/div>\n<\/a>\n<\/div>\n\t\t\t<\/article>\n<\/div>\n\n\t<div class=\"tribe-events-calendar-month__multiday-event-wrapper\">\n\t<article  class=\"tribe-events-calendar-month__multiday-event post-151112 tribe_events type-tribe_events status-publish tribe_events_cat-agenda-es tribe_events_cat-consejera-para-la-familia-salesiana cat_agenda-es cat_consejera-para-la-familia-salesiana\"  data-event-id=\"151112\">\n\t\t<div class=\"tribe-events-calendar-month__multiday-event-hidden\">\n\t<time\n\tdatetime=\"2026-05-07\"\n\tclass=\"tribe-common-a11y-visual-hide\"\n>\n\t2026-05-07<\/time>\n\t<a\n\thref=\"https:\/\/www.cgfmanet.org\/es\/event\/suor-leslie-sandigo-partecipa-al-congresso-mondiale-dei-salesiani-cooperatori-a-roma-fraterna-domus\/\"\n\tclass=\"tribe-events-calendar-month__multiday-event-hidden-link\"\n\tdata-js=\"tribe-events-tooltip\"\n\tdata-tooltip-content=\"#tribe-events-tooltip-content-151112\"\n\taria-describedby=\"tribe-events-tooltip-content-151112\"\n>\n\t\t<div class=\"tribe-events-calendar-month__multiday-event-hidden-title tribe-common-h8\">\n\tSuor Leslie S\u00e1ndigo partecipa al Congresso Mondiale dei Salesiani Cooperatori a Roma, Fraterna Domus.<\/div>\n<\/a>\n<\/div>\n\t\t\t<\/article>\n<\/div>\n\n\t<div class=\"tribe-events-calendar-month__multiday-event-wrapper\">\n\t<article  class=\"tribe-events-calendar-month__multiday-event post-155282 tribe_events type-tribe_events status-publish tribe_events_cat-agenda-es tribe_events_cat-madre-general cat_agenda-es cat_madre-general\"  data-event-id=\"155282\">\n\t\t<div class=\"tribe-events-calendar-month__multiday-event-hidden\">\n\t<time\n\tdatetime=\"2026-05-08\"\n\tclass=\"tribe-common-a11y-visual-hide\"\n>\n\t2026-05-08<\/time>\n\t<a\n\thref=\"https:\/\/www.cgfmanet.org\/es\/event\/la-madre-partecipa-alle-celebrazione-del-centenario-della-presenza-delle-fma-dellispettoria-nostra-signora-dafrica-afc-a-lubumbashi-repubblica-democratica-del-c\/\"\n\tclass=\"tribe-events-calendar-month__multiday-event-hidden-link\"\n\tdata-js=\"tribe-events-tooltip\"\n\tdata-tooltip-content=\"#tribe-events-tooltip-content-155282\"\n\taria-describedby=\"tribe-events-tooltip-content-155282\"\n>\n\t\t<div class=\"tribe-events-calendar-month__multiday-event-hidden-title tribe-common-h8\">\n\tLa Madre partecipa alle Celebrazione del Centenario della presenza delle FMA dell\u2019Ispettoria \u201cNostra Signora d\u2019Africa\u201d (AFC). A Lubumbashi, Repubblica Democratica del Congo.<\/div>\n<\/a>\n<\/div>\n\t\t\t<\/article>\n<\/div>\n\n\t<div class=\"tribe-events-calendar-month__multiday-event-wrapper\">\n\t<article  class=\"tribe-events-calendar-month__multiday-event post-155343 tribe_events type-tribe_events status-publish tribe_events_cat-agenda-es tribe_events_cat-consejera-para-la-formacion cat_agenda-es cat_consejera-para-la-formacion tribe-events-calendar-month__multiday-event--width-1 tribe-events-calendar-month__multiday-event--display tribe-events-calendar-month__multiday-event--start tribe-events-calendar-month__multiday-event--end\"  data-event-id=\"155343\">\n\t\t<div class=\"tribe-events-calendar-month__multiday-event-hidden\">\n\t<time\n\tdatetime=\"2026-05-09\"\n\tclass=\"tribe-common-a11y-visual-hide\"\n>\n\t2026-05-09<\/time>\n\t<a\n\thref=\"https:\/\/www.cgfmanet.org\/es\/event\/suor-nilza-fatima-de-moraes-coordina-il-raduno-online-con-le-sorelle-del-gruppo-di-stesura-del-progetto-formativo\/\"\n\tclass=\"tribe-events-calendar-month__multiday-event-hidden-link\"\n\tdata-js=\"tribe-events-tooltip\"\n\tdata-tooltip-content=\"#tribe-events-tooltip-content-155343\"\n\taria-describedby=\"tribe-events-tooltip-content-155343\"\n>\n\t\t<div class=\"tribe-events-calendar-month__multiday-event-hidden-title tribe-common-h8\">\n\tSuor Nilza F\u00e1tima de Moraes coordina il raduno online con le sorelle del gruppo di stesura del Progetto formativo.<\/div>\n<\/a>\n<\/div>\n\t\t<div class=\"tribe-events-calendar-month__multiday-event-bar\">\n\t<div class=\"tribe-events-calendar-month__multiday-event-bar-inner\">\n\t\t\t\t<div class=\"tribe-events-calendar-month__multiday-event-bar-title tribe-common-h8\">\n\tSuor Nilza F\u00e1tima de Moraes coordina il raduno online con le sorelle del gruppo di stesura del Progetto formativo.<\/div>\n\t<\/div>\n<\/div>\n<div class=\"tribe-events-calendar-month__calendar-event-tooltip-template tribe-common-a11y-hidden\">\n\t<div\n\t\tclass=\"tribe-events-calendar-month__calendar-event-tooltip\"\n\t\tid=\"tribe-events-tooltip-content-155343\"\n\t\trole=\"tooltip\"\n\t>\n\t\t\t\t<div class=\"tribe-events-calendar-month__calendar-event-tooltip-datetime\">\n\t\t<time datetime=\"2026-05-09\">\n\t\t<span class=\"tribe-event-date-start\">9 mayo<\/span>\t<\/time>\n\t<\/div>\n\t\t<div class=\"tribe-events-calendar-month__calendar-event-tooltip-title tribe-common-h7\">\n\t<a\n\t\thref=\"https:\/\/www.cgfmanet.org\/es\/event\/suor-nilza-fatima-de-moraes-coordina-il-raduno-online-con-le-sorelle-del-gruppo-di-stesura-del-progetto-formativo\/\"\n\t\ttitle=\"Suor Nilza F\u00e1tima de Moraes coordina il raduno online con le sorelle del gruppo di stesura del Progetto formativo.\"\n\t\trel=\"bookmark\"\n\t\tclass=\"tribe-events-calendar-month__calendar-event-tooltip-title-link tribe-common-anchor-thin\"\n\t>\n\t\tSuor Nilza F\u00e1tima de Moraes coordina il raduno online con le sorelle del gruppo di stesura del Progetto formativo.\t<\/a>\n<\/div>\n\t\t\t\t\t<\/div>\n<\/div>\n\t<\/article>\n<\/div>\n\n\n\t\t\t<\/div>\n\n\t\n<\/div>\n<\/td>\n\n\t\t\t\n\t\t\t\t<td\n\t class=\"tribe-events-calendar-month__day\" \taria-labelledby=\"tribe-events-calendar-day-2026-05-10\"\n\tdata-js=\"tribe-events-month-grid-cell\"\n>\n\t<button\n\taria-expanded=\"false\"\n\taria-controls=\"tribe-events-calendar-mobile-day-2026-05-10\"\n\taria-label=\"mayo 10, 3 eventos, pr\u00f3ximo d\u00eda\"\n\t class=\"tribe-events-calendar-month__day-cell tribe-events-calendar-month__day-cell--mobile\" \tdata-js=\"tribe-events-calendar-month-day-cell-mobile\"\n>\n\t<h3 class=\"tribe-events-calendar-month__day-date tribe-common-h6 tribe-common-h--alt\">\n\t\t<span class=\"tribe-common-a11y-visual-hide\">\n\t\t\t3 eventos\t\t<\/span>\n\t\t<time\n\t\t\tclass=\"tribe-events-calendar-month__day-date-daynum\"\n\t\t\tdatetime=\"2026-05-10\"\n\t\t>\n\t\t\t10\t\t<\/time>\n\t<\/h3>\n\t\n\t<span class=\"tribe-events-calendar-month__mobile-events-icon tribe-events-calendar-month__mobile-events-icon--event\" >\n\t<\/span>\n<\/button>\n\t\n<div\n\tid=\"tribe-events-calendar-day-2026-05-10\"\n\tclass=\"tribe-events-calendar-month__day-cell tribe-events-calendar-month__day-cell--desktop tribe-common-a11y-hidden\"\n>\n\t\n<h3 class=\"tribe-events-calendar-month__day-date tribe-common-h4\">\n\t<span class=\"tribe-common-a11y-visual-hide\">\n\t\t3 eventos,\n\t<\/span>\n\t<time\n\t\tclass=\"tribe-events-calendar-month__day-date-daynum\"\n\t\tdatetime=\"2026-05-10\"\n\t>\n\t\t\t\t\t<a\n\t\t\t\thref=\"https:\/\/www.cgfmanet.org\/es\/eventos\/2026-05-10\/?shortcode=tribe-widget-events-month-15\"\n\t\t\t\tclass=\"tribe-events-calendar-month__day-date-link\"\n\t\t\t\tdata-js=\"tribe-events-view-link\"\n\t\t\t\taria-label=\"10 mayo\"\n\t\t\t>\n\t\t\t\t10\t\t\t<\/a>\n\t\t\t<\/time>\n<\/h3>\n\n\t<div class=\"tribe-events-calendar-month__events\">\n\t\t\n\t<div class=\"tribe-events-calendar-month__multiday-event-wrapper\">\n\t<article  class=\"tribe-events-calendar-month__multiday-event post-155262 tribe_events type-tribe_events status-publish tribe_events_cat-agenda-es tribe_events_cat-madre-general cat_agenda-es cat_madre-general\"  data-event-id=\"155262\">\n\t\t<div class=\"tribe-events-calendar-month__multiday-event-hidden\">\n\t<time\n\tdatetime=\"2026-05-07\"\n\tclass=\"tribe-common-a11y-visual-hide\"\n>\n\t2026-05-07<\/time>\n\t<a\n\thref=\"https:\/\/www.cgfmanet.org\/es\/event\/la-madre-partecipa-e-interviene-al-vi-congresso-mondiale-dei-salesiani-cooperatori-a-roma-presso-la-fraterna-domus-tema-essere-lievito-per-essere-fecondi\/\"\n\tclass=\"tribe-events-calendar-month__multiday-event-hidden-link\"\n\tdata-js=\"tribe-events-tooltip\"\n\tdata-tooltip-content=\"#tribe-events-tooltip-content-155262\"\n\taria-describedby=\"tribe-events-tooltip-content-155262\"\n>\n\t\t<div class=\"tribe-events-calendar-month__multiday-event-hidden-title tribe-common-h8\">\n\tLa Madre partecipa e interviene al VI Congresso Mondiale dei Salesiani Cooperatori a Roma, presso la Fraterna Domus. Tema: \u201cEssere lievito per essere fecondi\u201d.<\/div>\n<\/a>\n<\/div>\n\t\t\t<\/article>\n<\/div>\n\n\t<div class=\"tribe-events-calendar-month__multiday-event-wrapper\">\n\t<article  class=\"tribe-events-calendar-month__multiday-event post-151112 tribe_events type-tribe_events status-publish tribe_events_cat-agenda-es tribe_events_cat-consejera-para-la-familia-salesiana cat_agenda-es cat_consejera-para-la-familia-salesiana\"  data-event-id=\"151112\">\n\t\t<div class=\"tribe-events-calendar-month__multiday-event-hidden\">\n\t<time\n\tdatetime=\"2026-05-07\"\n\tclass=\"tribe-common-a11y-visual-hide\"\n>\n\t2026-05-07<\/time>\n\t<a\n\thref=\"https:\/\/www.cgfmanet.org\/es\/event\/suor-leslie-sandigo-partecipa-al-congresso-mondiale-dei-salesiani-cooperatori-a-roma-fraterna-domus\/\"\n\tclass=\"tribe-events-calendar-month__multiday-event-hidden-link\"\n\tdata-js=\"tribe-events-tooltip\"\n\tdata-tooltip-content=\"#tribe-events-tooltip-content-151112\"\n\taria-describedby=\"tribe-events-tooltip-content-151112\"\n>\n\t\t<div class=\"tribe-events-calendar-month__multiday-event-hidden-title tribe-common-h8\">\n\tSuor Leslie S\u00e1ndigo partecipa al Congresso Mondiale dei Salesiani Cooperatori a Roma, Fraterna Domus.<\/div>\n<\/a>\n<\/div>\n\t\t\t<\/article>\n<\/div>\n\n\t<div class=\"tribe-events-calendar-month__multiday-event-wrapper\">\n\t<article  class=\"tribe-events-calendar-month__multiday-event post-155282 tribe_events type-tribe_events status-publish tribe_events_cat-agenda-es tribe_events_cat-madre-general cat_agenda-es cat_madre-general\"  data-event-id=\"155282\">\n\t\t<div class=\"tribe-events-calendar-month__multiday-event-hidden\">\n\t<time\n\tdatetime=\"2026-05-08\"\n\tclass=\"tribe-common-a11y-visual-hide\"\n>\n\t2026-05-08<\/time>\n\t<a\n\thref=\"https:\/\/www.cgfmanet.org\/es\/event\/la-madre-partecipa-alle-celebrazione-del-centenario-della-presenza-delle-fma-dellispettoria-nostra-signora-dafrica-afc-a-lubumbashi-repubblica-democratica-del-c\/\"\n\tclass=\"tribe-events-calendar-month__multiday-event-hidden-link\"\n\tdata-js=\"tribe-events-tooltip\"\n\tdata-tooltip-content=\"#tribe-events-tooltip-content-155282\"\n\taria-describedby=\"tribe-events-tooltip-content-155282\"\n>\n\t\t<div class=\"tribe-events-calendar-month__multiday-event-hidden-title tribe-common-h8\">\n\tLa Madre partecipa alle Celebrazione del Centenario della presenza delle FMA dell\u2019Ispettoria \u201cNostra Signora d\u2019Africa\u201d (AFC). A Lubumbashi, Repubblica Democratica del Congo.<\/div>\n<\/a>\n<\/div>\n\t\t\t<\/article>\n<\/div>\n\n\n\t\t\t<\/div>\n\n\t\n<\/div>\n<\/td>\n\n\t\t\t\t\t<\/tr>\n\t\t\t<tr class=\"tribe-events-calendar-month__week\" data-js=\"tribe-events-month-grid-row\">\n\t\t\t\n\t\t\t\t<td\n\t class=\"tribe-events-calendar-month__day\" \taria-labelledby=\"tribe-events-calendar-day-2026-05-11\"\n\tdata-js=\"tribe-events-month-grid-cell\"\n>\n\t<button\n\taria-expanded=\"false\"\n\taria-controls=\"tribe-events-calendar-mobile-day-2026-05-11\"\n\taria-label=\"mayo 11, 2 eventos, pr\u00f3ximo d\u00eda\"\n\t class=\"tribe-events-calendar-month__day-cell tribe-events-calendar-month__day-cell--mobile\" \tdata-js=\"tribe-events-calendar-month-day-cell-mobile\"\n>\n\t<h3 class=\"tribe-events-calendar-month__day-date tribe-common-h6 tribe-common-h--alt\">\n\t\t<span class=\"tribe-common-a11y-visual-hide\">\n\t\t\t2 eventos\t\t<\/span>\n\t\t<time\n\t\t\tclass=\"tribe-events-calendar-month__day-date-daynum\"\n\t\t\tdatetime=\"2026-05-11\"\n\t\t>\n\t\t\t11\t\t<\/time>\n\t<\/h3>\n\t\n\t<span class=\"tribe-events-calendar-month__mobile-events-icon tribe-events-calendar-month__mobile-events-icon--event\" >\n\t<\/span>\n<\/button>\n\t\n<div\n\tid=\"tribe-events-calendar-day-2026-05-11\"\n\tclass=\"tribe-events-calendar-month__day-cell tribe-events-calendar-month__day-cell--desktop tribe-common-a11y-hidden\"\n>\n\t\n<h3 class=\"tribe-events-calendar-month__day-date tribe-common-h4\">\n\t<span class=\"tribe-common-a11y-visual-hide\">\n\t\t2 eventos,\n\t<\/span>\n\t<time\n\t\tclass=\"tribe-events-calendar-month__day-date-daynum\"\n\t\tdatetime=\"2026-05-11\"\n\t>\n\t\t\t\t\t<a\n\t\t\t\thref=\"https:\/\/www.cgfmanet.org\/es\/eventos\/2026-05-11\/?shortcode=tribe-widget-events-month-15\"\n\t\t\t\tclass=\"tribe-events-calendar-month__day-date-link\"\n\t\t\t\tdata-js=\"tribe-events-view-link\"\n\t\t\t\taria-label=\"11 mayo\"\n\t\t\t>\n\t\t\t\t11\t\t\t<\/a>\n\t\t\t<\/time>\n<\/h3>\n\n\t<div class=\"tribe-events-calendar-month__events\">\n\t\t\n\t<div class=\"tribe-events-calendar-month__multiday-event-wrapper\">\n\t<article  class=\"tribe-events-calendar-month__multiday-event post-155282 tribe_events type-tribe_events status-publish tribe_events_cat-agenda-es tribe_events_cat-madre-general cat_agenda-es cat_madre-general tribe-events-calendar-month__multiday-event--width-7 tribe-events-calendar-month__multiday-event--display\"  data-event-id=\"155282\">\n\t\t<div class=\"tribe-events-calendar-month__multiday-event-hidden\">\n\t<time\n\tdatetime=\"2026-05-08\"\n\tclass=\"tribe-common-a11y-visual-hide\"\n>\n\t2026-05-08<\/time>\n\t<a\n\thref=\"https:\/\/www.cgfmanet.org\/es\/event\/la-madre-partecipa-alle-celebrazione-del-centenario-della-presenza-delle-fma-dellispettoria-nostra-signora-dafrica-afc-a-lubumbashi-repubblica-democratica-del-c\/\"\n\tclass=\"tribe-events-calendar-month__multiday-event-hidden-link\"\n\tdata-js=\"tribe-events-tooltip\"\n\tdata-tooltip-content=\"#tribe-events-tooltip-content-155282\"\n\taria-describedby=\"tribe-events-tooltip-content-155282\"\n>\n\t\t<div class=\"tribe-events-calendar-month__multiday-event-hidden-title tribe-common-h8\">\n\tLa Madre partecipa alle Celebrazione del Centenario della presenza delle FMA dell\u2019Ispettoria \u201cNostra Signora d\u2019Africa\u201d (AFC). A Lubumbashi, Repubblica Democratica del Congo.<\/div>\n<\/a>\n<\/div>\n\t\t<div class=\"tribe-events-calendar-month__multiday-event-bar\">\n\t<div class=\"tribe-events-calendar-month__multiday-event-bar-inner\">\n\t\t\t\t<div class=\"tribe-events-calendar-month__multiday-event-bar-title tribe-common-h8\">\n\tLa Madre partecipa alle Celebrazione del Centenario della presenza delle FMA dell\u2019Ispettoria \u201cNostra Signora d\u2019Africa\u201d (AFC). A Lubumbashi, Repubblica Democratica del Congo.<\/div>\n\t<\/div>\n<\/div>\n\t<\/article>\n<\/div>\n\n\t<div class=\"tribe-events-calendar-month__multiday-event-wrapper\">\n\t<article  class=\"tribe-events-calendar-month__multiday-event post-150897 tribe_events type-tribe_events status-publish tribe_events_cat-agenda-es tribe_events_cat-consejera-para-las-misiones cat_agenda-es cat_consejera-para-las-misiones tribe-events-calendar-month__multiday-event--width-7 tribe-events-calendar-month__multiday-event--display tribe-events-calendar-month__multiday-event--start\"  data-event-id=\"150897\">\n\t\t<div class=\"tribe-events-calendar-month__multiday-event-hidden\">\n\t<time\n\tdatetime=\"2026-05-11\"\n\tclass=\"tribe-common-a11y-visual-hide\"\n>\n\t2026-05-11<\/time>\n\t<a\n\thref=\"https:\/\/www.cgfmanet.org\/es\/event\/esercizi-spirituali-per-le-partecipanti-al-corso-di-formazione-permanente-missionaria-e-le-neo-missionarie-a-mornese-2\/\"\n\tclass=\"tribe-events-calendar-month__multiday-event-hidden-link\"\n\tdata-js=\"tribe-events-tooltip\"\n\tdata-tooltip-content=\"#tribe-events-tooltip-content-150897\"\n\taria-describedby=\"tribe-events-tooltip-content-150897\"\n>\n\t\t<div class=\"tribe-events-calendar-month__multiday-event-hidden-title tribe-common-h8\">\n\tEsercizi Spirituali per le partecipanti al Corso di Formazione Permanente Missionaria e le neo missionarie, a Mornese.<\/div>\n<\/a>\n<\/div>\n\t\t<div class=\"tribe-events-calendar-month__multiday-event-bar\">\n\t<div class=\"tribe-events-calendar-month__multiday-event-bar-inner\">\n\t\t\t\t<div class=\"tribe-events-calendar-month__multiday-event-bar-title tribe-common-h8\">\n\tEsercizi Spirituali per le partecipanti al Corso di Formazione Permanente Missionaria e le neo missionarie, a Mornese.<\/div>\n\t<\/div>\n<\/div>\n<div class=\"tribe-events-calendar-month__calendar-event-tooltip-template tribe-common-a11y-hidden\">\n\t<div\n\t\tclass=\"tribe-events-calendar-month__calendar-event-tooltip\"\n\t\tid=\"tribe-events-tooltip-content-150897\"\n\t\trole=\"tooltip\"\n\t>\n\t\t\t\t<div class=\"tribe-events-calendar-month__calendar-event-tooltip-datetime\">\n\t\t<time datetime=\"2026-05-11\">\n\t\t<span class=\"tribe-event-date-start\">11 mayo<\/span> - <span class=\"tribe-event-date-end\">18 mayo<\/span>\t<\/time>\n\t<\/div>\n\t\t<div class=\"tribe-events-calendar-month__calendar-event-tooltip-title tribe-common-h7\">\n\t<a\n\t\thref=\"https:\/\/www.cgfmanet.org\/es\/event\/esercizi-spirituali-per-le-partecipanti-al-corso-di-formazione-permanente-missionaria-e-le-neo-missionarie-a-mornese-2\/\"\n\t\ttitle=\"Esercizi Spirituali per le partecipanti al Corso di Formazione Permanente Missionaria e le neo missionarie, a Mornese.\"\n\t\trel=\"bookmark\"\n\t\tclass=\"tribe-events-calendar-month__calendar-event-tooltip-title-link tribe-common-anchor-thin\"\n\t>\n\t\tEsercizi Spirituali per le partecipanti al Corso di Formazione Permanente Missionaria e le neo missionarie, a Mornese.\t<\/a>\n<\/div>\n\t\t\t\t\t<\/div>\n<\/div>\n\t<\/article>\n<\/div>\n\n\n\t\t\t<\/div>\n\n\t\n<\/div>\n<\/td>\n\n\t\t\t\n\t\t\t\t<td\n\t class=\"tribe-events-calendar-month__day\" \taria-labelledby=\"tribe-events-calendar-day-2026-05-12\"\n\tdata-js=\"tribe-events-month-grid-cell\"\n>\n\t<button\n\taria-expanded=\"false\"\n\taria-controls=\"tribe-events-calendar-mobile-day-2026-05-12\"\n\taria-label=\"mayo 12, 2 eventos, pr\u00f3ximo d\u00eda\"\n\t class=\"tribe-events-calendar-month__day-cell tribe-events-calendar-month__day-cell--mobile\" \tdata-js=\"tribe-events-calendar-month-day-cell-mobile\"\n>\n\t<h3 class=\"tribe-events-calendar-month__day-date tribe-common-h6 tribe-common-h--alt\">\n\t\t<span class=\"tribe-common-a11y-visual-hide\">\n\t\t\t2 eventos\t\t<\/span>\n\t\t<time\n\t\t\tclass=\"tribe-events-calendar-month__day-date-daynum\"\n\t\t\tdatetime=\"2026-05-12\"\n\t\t>\n\t\t\t12\t\t<\/time>\n\t<\/h3>\n\t\n\t<span class=\"tribe-events-calendar-month__mobile-events-icon tribe-events-calendar-month__mobile-events-icon--event\" >\n\t<\/span>\n<\/button>\n\t\n<div\n\tid=\"tribe-events-calendar-day-2026-05-12\"\n\tclass=\"tribe-events-calendar-month__day-cell tribe-events-calendar-month__day-cell--desktop tribe-common-a11y-hidden\"\n>\n\t\n<h3 class=\"tribe-events-calendar-month__day-date tribe-common-h4\">\n\t<span class=\"tribe-common-a11y-visual-hide\">\n\t\t2 eventos,\n\t<\/span>\n\t<time\n\t\tclass=\"tribe-events-calendar-month__day-date-daynum\"\n\t\tdatetime=\"2026-05-12\"\n\t>\n\t\t\t\t\t<a\n\t\t\t\thref=\"https:\/\/www.cgfmanet.org\/es\/eventos\/2026-05-12\/?shortcode=tribe-widget-events-month-15\"\n\t\t\t\tclass=\"tribe-events-calendar-month__day-date-link\"\n\t\t\t\tdata-js=\"tribe-events-view-link\"\n\t\t\t\taria-label=\"12 mayo\"\n\t\t\t>\n\t\t\t\t12\t\t\t<\/a>\n\t\t\t<\/time>\n<\/h3>\n\n\t<div class=\"tribe-events-calendar-month__events\">\n\t\t\n\t<div class=\"tribe-events-calendar-month__multiday-event-wrapper\">\n\t<article  class=\"tribe-events-calendar-month__multiday-event post-155282 tribe_events type-tribe_events status-publish tribe_events_cat-agenda-es tribe_events_cat-madre-general cat_agenda-es cat_madre-general\"  data-event-id=\"155282\">\n\t\t<div class=\"tribe-events-calendar-month__multiday-event-hidden\">\n\t<time\n\tdatetime=\"2026-05-08\"\n\tclass=\"tribe-common-a11y-visual-hide\"\n>\n\t2026-05-08<\/time>\n\t<a\n\thref=\"https:\/\/www.cgfmanet.org\/es\/event\/la-madre-partecipa-alle-celebrazione-del-centenario-della-presenza-delle-fma-dellispettoria-nostra-signora-dafrica-afc-a-lubumbashi-repubblica-democratica-del-c\/\"\n\tclass=\"tribe-events-calendar-month__multiday-event-hidden-link\"\n\tdata-js=\"tribe-events-tooltip\"\n\tdata-tooltip-content=\"#tribe-events-tooltip-content-155282\"\n\taria-describedby=\"tribe-events-tooltip-content-155282\"\n>\n\t\t<div class=\"tribe-events-calendar-month__multiday-event-hidden-title tribe-common-h8\">\n\tLa Madre partecipa alle Celebrazione del Centenario della presenza delle FMA dell\u2019Ispettoria \u201cNostra Signora d\u2019Africa\u201d (AFC). A Lubumbashi, Repubblica Democratica del Congo.<\/div>\n<\/a>\n<\/div>\n\t\t\t<\/article>\n<\/div>\n\n\t<div class=\"tribe-events-calendar-month__multiday-event-wrapper\">\n\t<article  class=\"tribe-events-calendar-month__multiday-event post-150897 tribe_events type-tribe_events status-publish tribe_events_cat-agenda-es tribe_events_cat-consejera-para-las-misiones cat_agenda-es cat_consejera-para-las-misiones\"  data-event-id=\"150897\">\n\t\t<div class=\"tribe-events-calendar-month__multiday-event-hidden\">\n\t<time\n\tdatetime=\"2026-05-11\"\n\tclass=\"tribe-common-a11y-visual-hide\"\n>\n\t2026-05-11<\/time>\n\t<a\n\thref=\"https:\/\/www.cgfmanet.org\/es\/event\/esercizi-spirituali-per-le-partecipanti-al-corso-di-formazione-permanente-missionaria-e-le-neo-missionarie-a-mornese-2\/\"\n\tclass=\"tribe-events-calendar-month__multiday-event-hidden-link\"\n\tdata-js=\"tribe-events-tooltip\"\n\tdata-tooltip-content=\"#tribe-events-tooltip-content-150897\"\n\taria-describedby=\"tribe-events-tooltip-content-150897\"\n>\n\t\t<div class=\"tribe-events-calendar-month__multiday-event-hidden-title tribe-common-h8\">\n\tEsercizi Spirituali per le partecipanti al Corso di Formazione Permanente Missionaria e le neo missionarie, a Mornese.<\/div>\n<\/a>\n<\/div>\n\t\t\t<\/article>\n<\/div>\n\n\n\t\t\t<\/div>\n\n\t\n<\/div>\n<\/td>\n\n\t\t\t\n\t\t\t\t<td\n\t class=\"tribe-events-calendar-month__day\" \taria-labelledby=\"tribe-events-calendar-day-2026-05-13\"\n\tdata-js=\"tribe-events-month-grid-cell\"\n>\n\t<button\n\taria-expanded=\"false\"\n\taria-controls=\"tribe-events-calendar-mobile-day-2026-05-13\"\n\taria-label=\"mayo 13, 2 eventos, pr\u00f3ximo d\u00eda\"\n\t class=\"tribe-events-calendar-month__day-cell tribe-events-calendar-month__day-cell--mobile\" \tdata-js=\"tribe-events-calendar-month-day-cell-mobile\"\n>\n\t<h3 class=\"tribe-events-calendar-month__day-date tribe-common-h6 tribe-common-h--alt\">\n\t\t<span class=\"tribe-common-a11y-visual-hide\">\n\t\t\t2 eventos\t\t<\/span>\n\t\t<time\n\t\t\tclass=\"tribe-events-calendar-month__day-date-daynum\"\n\t\t\tdatetime=\"2026-05-13\"\n\t\t>\n\t\t\t13\t\t<\/time>\n\t<\/h3>\n\t\n\t<span class=\"tribe-events-calendar-month__mobile-events-icon tribe-events-calendar-month__mobile-events-icon--event\" >\n\t<\/span>\n<\/button>\n\t\n<div\n\tid=\"tribe-events-calendar-day-2026-05-13\"\n\tclass=\"tribe-events-calendar-month__day-cell tribe-events-calendar-month__day-cell--desktop tribe-common-a11y-hidden\"\n>\n\t\n<h3 class=\"tribe-events-calendar-month__day-date tribe-common-h4\">\n\t<span class=\"tribe-common-a11y-visual-hide\">\n\t\t2 eventos,\n\t<\/span>\n\t<time\n\t\tclass=\"tribe-events-calendar-month__day-date-daynum\"\n\t\tdatetime=\"2026-05-13\"\n\t>\n\t\t\t\t\t<a\n\t\t\t\thref=\"https:\/\/www.cgfmanet.org\/es\/eventos\/2026-05-13\/?shortcode=tribe-widget-events-month-15\"\n\t\t\t\tclass=\"tribe-events-calendar-month__day-date-link\"\n\t\t\t\tdata-js=\"tribe-events-view-link\"\n\t\t\t\taria-label=\"13 mayo\"\n\t\t\t>\n\t\t\t\t13\t\t\t<\/a>\n\t\t\t<\/time>\n<\/h3>\n\n\t<div class=\"tribe-events-calendar-month__events\">\n\t\t\n\t<div class=\"tribe-events-calendar-month__multiday-event-wrapper\">\n\t<article  class=\"tribe-events-calendar-month__multiday-event post-155282 tribe_events type-tribe_events status-publish tribe_events_cat-agenda-es tribe_events_cat-madre-general cat_agenda-es cat_madre-general\"  data-event-id=\"155282\">\n\t\t<div class=\"tribe-events-calendar-month__multiday-event-hidden\">\n\t<time\n\tdatetime=\"2026-05-08\"\n\tclass=\"tribe-common-a11y-visual-hide\"\n>\n\t2026-05-08<\/time>\n\t<a\n\thref=\"https:\/\/www.cgfmanet.org\/es\/event\/la-madre-partecipa-alle-celebrazione-del-centenario-della-presenza-delle-fma-dellispettoria-nostra-signora-dafrica-afc-a-lubumbashi-repubblica-democratica-del-c\/\"\n\tclass=\"tribe-events-calendar-month__multiday-event-hidden-link\"\n\tdata-js=\"tribe-events-tooltip\"\n\tdata-tooltip-content=\"#tribe-events-tooltip-content-155282\"\n\taria-describedby=\"tribe-events-tooltip-content-155282\"\n>\n\t\t<div class=\"tribe-events-calendar-month__multiday-event-hidden-title tribe-common-h8\">\n\tLa Madre partecipa alle Celebrazione del Centenario della presenza delle FMA dell\u2019Ispettoria \u201cNostra Signora d\u2019Africa\u201d (AFC). A Lubumbashi, Repubblica Democratica del Congo.<\/div>\n<\/a>\n<\/div>\n\t\t\t<\/article>\n<\/div>\n\n\t<div class=\"tribe-events-calendar-month__multiday-event-wrapper\">\n\t<article  class=\"tribe-events-calendar-month__multiday-event post-150897 tribe_events type-tribe_events status-publish tribe_events_cat-agenda-es tribe_events_cat-consejera-para-las-misiones cat_agenda-es cat_consejera-para-las-misiones\"  data-event-id=\"150897\">\n\t\t<div class=\"tribe-events-calendar-month__multiday-event-hidden\">\n\t<time\n\tdatetime=\"2026-05-11\"\n\tclass=\"tribe-common-a11y-visual-hide\"\n>\n\t2026-05-11<\/time>\n\t<a\n\thref=\"https:\/\/www.cgfmanet.org\/es\/event\/esercizi-spirituali-per-le-partecipanti-al-corso-di-formazione-permanente-missionaria-e-le-neo-missionarie-a-mornese-2\/\"\n\tclass=\"tribe-events-calendar-month__multiday-event-hidden-link\"\n\tdata-js=\"tribe-events-tooltip\"\n\tdata-tooltip-content=\"#tribe-events-tooltip-content-150897\"\n\taria-describedby=\"tribe-events-tooltip-content-150897\"\n>\n\t\t<div class=\"tribe-events-calendar-month__multiday-event-hidden-title tribe-common-h8\">\n\tEsercizi Spirituali per le partecipanti al Corso di Formazione Permanente Missionaria e le neo missionarie, a Mornese.<\/div>\n<\/a>\n<\/div>\n\t\t\t<\/article>\n<\/div>\n\n\n\t\t\t<\/div>\n\n\t\n<\/div>\n<\/td>\n\n\t\t\t\n\t\t\t\t<td\n\t class=\"tribe-events-calendar-month__day\" \taria-labelledby=\"tribe-events-calendar-day-2026-05-14\"\n\tdata-js=\"tribe-events-month-grid-cell\"\n>\n\t<button\n\taria-expanded=\"false\"\n\taria-controls=\"tribe-events-calendar-mobile-day-2026-05-14\"\n\taria-label=\"mayo 14, 5 eventos, pr\u00f3ximo d\u00eda\"\n\t class=\"tribe-events-calendar-month__day-cell tribe-events-calendar-month__day-cell--mobile\" \tdata-js=\"tribe-events-calendar-month-day-cell-mobile\"\n>\n\t<h3 class=\"tribe-events-calendar-month__day-date tribe-common-h6 tribe-common-h--alt\">\n\t\t<span class=\"tribe-common-a11y-visual-hide\">\n\t\t\t5 eventos\t\t<\/span>\n\t\t<time\n\t\t\tclass=\"tribe-events-calendar-month__day-date-daynum\"\n\t\t\tdatetime=\"2026-05-14\"\n\t\t>\n\t\t\t14\t\t<\/time>\n\t<\/h3>\n\t\n\t<span class=\"tribe-events-calendar-month__mobile-events-icon tribe-events-calendar-month__mobile-events-icon--event\" >\n\t<\/span>\n<\/button>\n\t\n<div\n\tid=\"tribe-events-calendar-day-2026-05-14\"\n\tclass=\"tribe-events-calendar-month__day-cell tribe-events-calendar-month__day-cell--desktop tribe-common-a11y-hidden\"\n>\n\t\n<h3 class=\"tribe-events-calendar-month__day-date tribe-common-h4\">\n\t<span class=\"tribe-common-a11y-visual-hide\">\n\t\t5 eventos,\n\t<\/span>\n\t<time\n\t\tclass=\"tribe-events-calendar-month__day-date-daynum\"\n\t\tdatetime=\"2026-05-14\"\n\t>\n\t\t\t\t\t<a\n\t\t\t\thref=\"https:\/\/www.cgfmanet.org\/es\/eventos\/2026-05-14\/?shortcode=tribe-widget-events-month-15\"\n\t\t\t\tclass=\"tribe-events-calendar-month__day-date-link\"\n\t\t\t\tdata-js=\"tribe-events-view-link\"\n\t\t\t\taria-label=\"14 mayo\"\n\t\t\t>\n\t\t\t\t14\t\t\t<\/a>\n\t\t\t<\/time>\n<\/h3>\n\n\t<div class=\"tribe-events-calendar-month__events\">\n\t\t\n\t<div class=\"tribe-events-calendar-month__multiday-event-wrapper\">\n\t<article  class=\"tribe-events-calendar-month__multiday-event post-155282 tribe_events type-tribe_events status-publish tribe_events_cat-agenda-es tribe_events_cat-madre-general cat_agenda-es cat_madre-general\"  data-event-id=\"155282\">\n\t\t<div class=\"tribe-events-calendar-month__multiday-event-hidden\">\n\t<time\n\tdatetime=\"2026-05-08\"\n\tclass=\"tribe-common-a11y-visual-hide\"\n>\n\t2026-05-08<\/time>\n\t<a\n\thref=\"https:\/\/www.cgfmanet.org\/es\/event\/la-madre-partecipa-alle-celebrazione-del-centenario-della-presenza-delle-fma-dellispettoria-nostra-signora-dafrica-afc-a-lubumbashi-repubblica-democratica-del-c\/\"\n\tclass=\"tribe-events-calendar-month__multiday-event-hidden-link\"\n\tdata-js=\"tribe-events-tooltip\"\n\tdata-tooltip-content=\"#tribe-events-tooltip-content-155282\"\n\taria-describedby=\"tribe-events-tooltip-content-155282\"\n>\n\t\t<div class=\"tribe-events-calendar-month__multiday-event-hidden-title tribe-common-h8\">\n\tLa Madre partecipa alle Celebrazione del Centenario della presenza delle FMA dell\u2019Ispettoria \u201cNostra Signora d\u2019Africa\u201d (AFC). A Lubumbashi, Repubblica Democratica del Congo.<\/div>\n<\/a>\n<\/div>\n\t\t\t<\/article>\n<\/div>\n\n\t<div class=\"tribe-events-calendar-month__multiday-event-wrapper\">\n\t<article  class=\"tribe-events-calendar-month__multiday-event post-150897 tribe_events type-tribe_events status-publish tribe_events_cat-agenda-es tribe_events_cat-consejera-para-las-misiones cat_agenda-es cat_consejera-para-las-misiones\"  data-event-id=\"150897\">\n\t\t<div class=\"tribe-events-calendar-month__multiday-event-hidden\">\n\t<time\n\tdatetime=\"2026-05-11\"\n\tclass=\"tribe-common-a11y-visual-hide\"\n>\n\t2026-05-11<\/time>\n\t<a\n\thref=\"https:\/\/www.cgfmanet.org\/es\/event\/esercizi-spirituali-per-le-partecipanti-al-corso-di-formazione-permanente-missionaria-e-le-neo-missionarie-a-mornese-2\/\"\n\tclass=\"tribe-events-calendar-month__multiday-event-hidden-link\"\n\tdata-js=\"tribe-events-tooltip\"\n\tdata-tooltip-content=\"#tribe-events-tooltip-content-150897\"\n\taria-describedby=\"tribe-events-tooltip-content-150897\"\n>\n\t\t<div class=\"tribe-events-calendar-month__multiday-event-hidden-title tribe-common-h8\">\n\tEsercizi Spirituali per le partecipanti al Corso di Formazione Permanente Missionaria e le neo missionarie, a Mornese.<\/div>\n<\/a>\n<\/div>\n\t\t\t<\/article>\n<\/div>\n\n\t<div class=\"tribe-events-calendar-month__multiday-event-wrapper\">\n\t<article  class=\"tribe-events-calendar-month__multiday-event post-154049 tribe_events type-tribe_events status-publish tribe_events_cat-agenda-es tribe_events_cat-sr-maria-assunta-sumiko-inoue-es tribe_events_cat-visitadora cat_agenda-es cat_sr-maria-assunta-sumiko-inoue-es cat_visitadora tribe-events-calendar-month__multiday-event--width-1 tribe-events-calendar-month__multiday-event--display tribe-events-calendar-month__multiday-event--start tribe-events-calendar-month__multiday-event--end\"  data-event-id=\"154049\">\n\t\t<div class=\"tribe-events-calendar-month__multiday-event-hidden\">\n\t<time\n\tdatetime=\"2026-05-14\"\n\tclass=\"tribe-common-a11y-visual-hide\"\n>\n\t2026-05-14<\/time>\n\t<a\n\thref=\"https:\/\/www.cgfmanet.org\/es\/event\/suor-maria-assunta-sumiko-inoue-termina-la-visita-canonica-allispettoria-santa-maria-domenica-mazzarello-tin-di-timor-indonesia\/\"\n\tclass=\"tribe-events-calendar-month__multiday-event-hidden-link\"\n\tdata-js=\"tribe-events-tooltip\"\n\tdata-tooltip-content=\"#tribe-events-tooltip-content-154049\"\n\taria-describedby=\"tribe-events-tooltip-content-154049\"\n>\n\t\t<div class=\"tribe-events-calendar-month__multiday-event-hidden-title tribe-common-h8\">\n\tSuor Maria Assunta Sumiko Inoue termina la Visita canonica all&#8217;Ispettoria \u201cSanta Maria Domenica Mazzarello\u201d (TIN) di Timor-Indonesia.<\/div>\n<\/a>\n<\/div>\n\t\t<div class=\"tribe-events-calendar-month__multiday-event-bar\">\n\t<div class=\"tribe-events-calendar-month__multiday-event-bar-inner\">\n\t\t\t\t<div class=\"tribe-events-calendar-month__multiday-event-bar-title tribe-common-h8\">\n\tSuor Maria Assunta Sumiko Inoue termina la Visita canonica all&#8217;Ispettoria \u201cSanta Maria Domenica Mazzarello\u201d (TIN) di Timor-Indonesia.<\/div>\n\t<\/div>\n<\/div>\n<div class=\"tribe-events-calendar-month__calendar-event-tooltip-template tribe-common-a11y-hidden\">\n\t<div\n\t\tclass=\"tribe-events-calendar-month__calendar-event-tooltip\"\n\t\tid=\"tribe-events-tooltip-content-154049\"\n\t\trole=\"tooltip\"\n\t>\n\t\t\t\t<div class=\"tribe-events-calendar-month__calendar-event-tooltip-datetime\">\n\t\t<time datetime=\"2026-05-14\">\n\t\t<span class=\"tribe-event-date-start\">14 mayo<\/span>\t<\/time>\n\t<\/div>\n\t\t<div class=\"tribe-events-calendar-month__calendar-event-tooltip-title tribe-common-h7\">\n\t<a\n\t\thref=\"https:\/\/www.cgfmanet.org\/es\/event\/suor-maria-assunta-sumiko-inoue-termina-la-visita-canonica-allispettoria-santa-maria-domenica-mazzarello-tin-di-timor-indonesia\/\"\n\t\ttitle=\"Suor Maria Assunta Sumiko Inoue termina la Visita canonica all&#8217;Ispettoria \u201cSanta Maria Domenica Mazzarello\u201d (TIN) di Timor-Indonesia.\"\n\t\trel=\"bookmark\"\n\t\tclass=\"tribe-events-calendar-month__calendar-event-tooltip-title-link tribe-common-anchor-thin\"\n\t>\n\t\tSuor Maria Assunta Sumiko Inoue termina la Visita canonica all&#8217;Ispettoria \u201cSanta Maria Domenica Mazzarello\u201d (TIN) di Timor-Indonesia.\t<\/a>\n<\/div>\n\t\t\t\t\t<\/div>\n<\/div>\n\t<\/article>\n<\/div>\n\n\t<div class=\"tribe-events-calendar-month__multiday-event-wrapper\">\n\t<article  class=\"tribe-events-calendar-month__multiday-event post-150932 tribe_events type-tribe_events status-publish tribe_events_cat-agenda-es tribe_events_cat-sr-maria-assunta-sumiko-inoue-es tribe_events_cat-visitadora cat_agenda-es cat_sr-maria-assunta-sumiko-inoue-es cat_visitadora tribe-events-calendar-month__multiday-event--width-4 tribe-events-calendar-month__multiday-event--display tribe-events-calendar-month__multiday-event--start\"  data-event-id=\"150932\">\n\t\t<div class=\"tribe-events-calendar-month__multiday-event-hidden\">\n\t<time\n\tdatetime=\"2026-05-14\"\n\tclass=\"tribe-common-a11y-visual-hide\"\n>\n\t2026-05-14<\/time>\n\t<a\n\thref=\"https:\/\/www.cgfmanet.org\/es\/event\/suor-maria-assunta-sumiko-inoue-fa-una-visita-breve-allispettoria-santa-maria-mazzarello-tha\/\"\n\tclass=\"tribe-events-calendar-month__multiday-event-hidden-link\"\n\tdata-js=\"tribe-events-tooltip\"\n\tdata-tooltip-content=\"#tribe-events-tooltip-content-150932\"\n\taria-describedby=\"tribe-events-tooltip-content-150932\"\n>\n\t\t<div class=\"tribe-events-calendar-month__multiday-event-hidden-title tribe-common-h8\">\n\tSuor Maria Assunta Sumiko Inoue fa una Visita breve all&#8217;Ispettoria \u201cSanta Maria Mazzarello\u201d (THA).<\/div>\n<\/a>\n<\/div>\n\t\t<div class=\"tribe-events-calendar-month__multiday-event-bar\">\n\t<div class=\"tribe-events-calendar-month__multiday-event-bar-inner\">\n\t\t\t\t<div class=\"tribe-events-calendar-month__multiday-event-bar-title tribe-common-h8\">\n\tSuor Maria Assunta Sumiko Inoue fa una Visita breve all&#8217;Ispettoria \u201cSanta Maria Mazzarello\u201d (THA).<\/div>\n\t<\/div>\n<\/div>\n<div class=\"tribe-events-calendar-month__calendar-event-tooltip-template tribe-common-a11y-hidden\">\n\t<div\n\t\tclass=\"tribe-events-calendar-month__calendar-event-tooltip\"\n\t\tid=\"tribe-events-tooltip-content-150932\"\n\t\trole=\"tooltip\"\n\t>\n\t\t\t\t<div class=\"tribe-events-calendar-month__calendar-event-tooltip-datetime\">\n\t\t<time datetime=\"2026-05-14\">\n\t\t<span class=\"tribe-event-date-start\">14 mayo<\/span> - <span class=\"tribe-event-date-end\">26 mayo<\/span>\t<\/time>\n\t<\/div>\n\t\t<div class=\"tribe-events-calendar-month__calendar-event-tooltip-title tribe-common-h7\">\n\t<a\n\t\thref=\"https:\/\/www.cgfmanet.org\/es\/event\/suor-maria-assunta-sumiko-inoue-fa-una-visita-breve-allispettoria-santa-maria-mazzarello-tha\/\"\n\t\ttitle=\"Suor Maria Assunta Sumiko Inoue fa una Visita breve all&#8217;Ispettoria \u201cSanta Maria Mazzarello\u201d (THA).\"\n\t\trel=\"bookmark\"\n\t\tclass=\"tribe-events-calendar-month__calendar-event-tooltip-title-link tribe-common-anchor-thin\"\n\t>\n\t\tSuor Maria Assunta Sumiko Inoue fa una Visita breve all&#8217;Ispettoria \u201cSanta Maria Mazzarello\u201d (THA).\t<\/a>\n<\/div>\n\t\t\t\t\t<\/div>\n<\/div>\n\t<\/article>\n<\/div>\n\n\t<div class=\"tribe-events-calendar-month__multiday-event-wrapper\">\n\t<article  class=\"tribe-events-calendar-month__multiday-event post-156710 tribe_events type-tribe_events status-publish tribe_events_cat-agenda-es tribe_events_cat-consejera-para-la-pastoral-juvenil cat_agenda-es cat_consejera-para-la-pastoral-juvenil tribe-events-calendar-month__multiday-event--width-4 tribe-events-calendar-month__multiday-event--display tribe-events-calendar-month__multiday-event--start\"  data-event-id=\"156710\">\n\t\t<div class=\"tribe-events-calendar-month__multiday-event-hidden\">\n\t<time\n\tdatetime=\"2026-05-14\"\n\tclass=\"tribe-common-a11y-visual-hide\"\n>\n\t2026-05-14<\/time>\n\t<a\n\thref=\"https:\/\/www.cgfmanet.org\/es\/event\/suor-runita-borja-partecipa-al-congresso-degli-educatori-della-conferenza-interispettoriale-ciao-sul-tema-il-patto-educativo-globale-nello-stile-salesiano-a-tokyo-in-giappone\/\"\n\tclass=\"tribe-events-calendar-month__multiday-event-hidden-link\"\n\tdata-js=\"tribe-events-tooltip\"\n\tdata-tooltip-content=\"#tribe-events-tooltip-content-156710\"\n\taria-describedby=\"tribe-events-tooltip-content-156710\"\n>\n\t\t<div class=\"tribe-events-calendar-month__multiday-event-hidden-title tribe-common-h8\">\n\tSuor Runita Borja partecipa al Congresso degli Educatori della Conferenza interispettoriale CIAO sul tema \u201cIl Patto Educativo Globale nello stile salesiano\u201d. A Tokyo, in Giappone.<\/div>\n<\/a>\n<\/div>\n\t\t<div class=\"tribe-events-calendar-month__multiday-event-bar\">\n\t<div class=\"tribe-events-calendar-month__multiday-event-bar-inner\">\n\t\t\t\t<div class=\"tribe-events-calendar-month__multiday-event-bar-title tribe-common-h8\">\n\tSuor Runita Borja partecipa al Congresso degli Educatori della Conferenza interispettoriale CIAO sul tema \u201cIl Patto Educativo Globale nello stile salesiano\u201d. A Tokyo, in Giappone.<\/div>\n\t<\/div>\n<\/div>\n<div class=\"tribe-events-calendar-month__calendar-event-tooltip-template tribe-common-a11y-hidden\">\n\t<div\n\t\tclass=\"tribe-events-calendar-month__calendar-event-tooltip\"\n\t\tid=\"tribe-events-tooltip-content-156710\"\n\t\trole=\"tooltip\"\n\t>\n\t\t\t\t<div class=\"tribe-events-calendar-month__calendar-event-tooltip-datetime\">\n\t\t<time datetime=\"2026-05-14\">\n\t\t<span class=\"tribe-event-date-start\">14 mayo<\/span> - <span class=\"tribe-event-date-end\">19 mayo<\/span>\t<\/time>\n\t<\/div>\n\t\t<div class=\"tribe-events-calendar-month__calendar-event-tooltip-title tribe-common-h7\">\n\t<a\n\t\thref=\"https:\/\/www.cgfmanet.org\/es\/event\/suor-runita-borja-partecipa-al-congresso-degli-educatori-della-conferenza-interispettoriale-ciao-sul-tema-il-patto-educativo-globale-nello-stile-salesiano-a-tokyo-in-giappone\/\"\n\t\ttitle=\"Suor Runita Borja partecipa al Congresso degli Educatori della Conferenza interispettoriale CIAO sul tema \u201cIl Patto Educativo Globale nello stile salesiano\u201d. A Tokyo, in Giappone.\"\n\t\trel=\"bookmark\"\n\t\tclass=\"tribe-events-calendar-month__calendar-event-tooltip-title-link tribe-common-anchor-thin\"\n\t>\n\t\tSuor Runita Borja partecipa al Congresso degli Educatori della Conferenza interispettoriale CIAO sul tema \u201cIl Patto Educativo Globale nello stile salesiano\u201d. A Tokyo, in Giappone.\t<\/a>\n<\/div>\n\t\t\t\t\t<\/div>\n<\/div>\n\t<\/article>\n<\/div>\n\n\n\t\t\t<\/div>\n\n\t\n<\/div>\n<\/td>\n\n\t\t\t\n\t\t\t\t<td\n\t class=\"tribe-events-calendar-month__day\" \taria-labelledby=\"tribe-events-calendar-day-2026-05-15\"\n\tdata-js=\"tribe-events-month-grid-cell\"\n>\n\t<button\n\taria-expanded=\"false\"\n\taria-controls=\"tribe-events-calendar-mobile-day-2026-05-15\"\n\taria-label=\"mayo 15, 5 eventos, pr\u00f3ximo d\u00eda\"\n\t class=\"tribe-events-calendar-month__day-cell tribe-events-calendar-month__day-cell--mobile\" \tdata-js=\"tribe-events-calendar-month-day-cell-mobile\"\n>\n\t<h3 class=\"tribe-events-calendar-month__day-date tribe-common-h6 tribe-common-h--alt\">\n\t\t<span class=\"tribe-common-a11y-visual-hide\">\n\t\t\t5 eventos\t\t<\/span>\n\t\t<time\n\t\t\tclass=\"tribe-events-calendar-month__day-date-daynum\"\n\t\t\tdatetime=\"2026-05-15\"\n\t\t>\n\t\t\t15\t\t<\/time>\n\t<\/h3>\n\t\n\t<span class=\"tribe-events-calendar-month__mobile-events-icon tribe-events-calendar-month__mobile-events-icon--event\" >\n\t<\/span>\n<\/button>\n\t\n<div\n\tid=\"tribe-events-calendar-day-2026-05-15\"\n\tclass=\"tribe-events-calendar-month__day-cell tribe-events-calendar-month__day-cell--desktop tribe-common-a11y-hidden\"\n>\n\t\n<h3 class=\"tribe-events-calendar-month__day-date tribe-common-h4\">\n\t<span class=\"tribe-common-a11y-visual-hide\">\n\t\t5 eventos,\n\t<\/span>\n\t<time\n\t\tclass=\"tribe-events-calendar-month__day-date-daynum\"\n\t\tdatetime=\"2026-05-15\"\n\t>\n\t\t\t\t\t<a\n\t\t\t\thref=\"https:\/\/www.cgfmanet.org\/es\/eventos\/2026-05-15\/?shortcode=tribe-widget-events-month-15\"\n\t\t\t\tclass=\"tribe-events-calendar-month__day-date-link\"\n\t\t\t\tdata-js=\"tribe-events-view-link\"\n\t\t\t\taria-label=\"15 mayo\"\n\t\t\t>\n\t\t\t\t15\t\t\t<\/a>\n\t\t\t<\/time>\n<\/h3>\n\n\t<div class=\"tribe-events-calendar-month__events\">\n\t\t\n\t<div class=\"tribe-events-calendar-month__multiday-event-wrapper\">\n\t<article  class=\"tribe-events-calendar-month__multiday-event post-155282 tribe_events type-tribe_events status-publish tribe_events_cat-agenda-es tribe_events_cat-madre-general cat_agenda-es cat_madre-general\"  data-event-id=\"155282\">\n\t\t<div class=\"tribe-events-calendar-month__multiday-event-hidden\">\n\t<time\n\tdatetime=\"2026-05-08\"\n\tclass=\"tribe-common-a11y-visual-hide\"\n>\n\t2026-05-08<\/time>\n\t<a\n\thref=\"https:\/\/www.cgfmanet.org\/es\/event\/la-madre-partecipa-alle-celebrazione-del-centenario-della-presenza-delle-fma-dellispettoria-nostra-signora-dafrica-afc-a-lubumbashi-repubblica-democratica-del-c\/\"\n\tclass=\"tribe-events-calendar-month__multiday-event-hidden-link\"\n\tdata-js=\"tribe-events-tooltip\"\n\tdata-tooltip-content=\"#tribe-events-tooltip-content-155282\"\n\taria-describedby=\"tribe-events-tooltip-content-155282\"\n>\n\t\t<div class=\"tribe-events-calendar-month__multiday-event-hidden-title tribe-common-h8\">\n\tLa Madre partecipa alle Celebrazione del Centenario della presenza delle FMA dell\u2019Ispettoria \u201cNostra Signora d\u2019Africa\u201d (AFC). A Lubumbashi, Repubblica Democratica del Congo.<\/div>\n<\/a>\n<\/div>\n\t\t\t<\/article>\n<\/div>\n\n\t<div class=\"tribe-events-calendar-month__multiday-event-wrapper\">\n\t<article  class=\"tribe-events-calendar-month__multiday-event post-150897 tribe_events type-tribe_events status-publish tribe_events_cat-agenda-es tribe_events_cat-consejera-para-las-misiones cat_agenda-es cat_consejera-para-las-misiones\"  data-event-id=\"150897\">\n\t\t<div class=\"tribe-events-calendar-month__multiday-event-hidden\">\n\t<time\n\tdatetime=\"2026-05-11\"\n\tclass=\"tribe-common-a11y-visual-hide\"\n>\n\t2026-05-11<\/time>\n\t<a\n\thref=\"https:\/\/www.cgfmanet.org\/es\/event\/esercizi-spirituali-per-le-partecipanti-al-corso-di-formazione-permanente-missionaria-e-le-neo-missionarie-a-mornese-2\/\"\n\tclass=\"tribe-events-calendar-month__multiday-event-hidden-link\"\n\tdata-js=\"tribe-events-tooltip\"\n\tdata-tooltip-content=\"#tribe-events-tooltip-content-150897\"\n\taria-describedby=\"tribe-events-tooltip-content-150897\"\n>\n\t\t<div class=\"tribe-events-calendar-month__multiday-event-hidden-title tribe-common-h8\">\n\tEsercizi Spirituali per le partecipanti al Corso di Formazione Permanente Missionaria e le neo missionarie, a Mornese.<\/div>\n<\/a>\n<\/div>\n\t\t\t<\/article>\n<\/div>\n\n\t<div class=\"tribe-events-calendar-month__multiday-event-wrapper\">\n\t<article  class=\"tribe-events-calendar-month__multiday-event post-151118 tribe_events type-tribe_events status-publish tribe_events_cat-agenda-es tribe_events_cat-consejera-para-la-familia-salesiana cat_agenda-es cat_consejera-para-la-familia-salesiana tribe-events-calendar-month__multiday-event--width-1 tribe-events-calendar-month__multiday-event--display tribe-events-calendar-month__multiday-event--start tribe-events-calendar-month__multiday-event--end\"  data-event-id=\"151118\">\n\t\t<div class=\"tribe-events-calendar-month__multiday-event-hidden\">\n\t<time\n\tdatetime=\"2026-05-15\"\n\tclass=\"tribe-common-a11y-visual-hide\"\n>\n\t2026-05-15<\/time>\n\t<a\n\thref=\"https:\/\/www.cgfmanet.org\/es\/event\/suor-leslie-sandigo-insieme-alle-collaboratrici-dellambito-presenta-la-famiglia-salesiana-alle-studentesse-del-corso-di-spiritualita-di-casa-madre-canta\/\"\n\tclass=\"tribe-events-calendar-month__multiday-event-hidden-link\"\n\tdata-js=\"tribe-events-tooltip\"\n\tdata-tooltip-content=\"#tribe-events-tooltip-content-151118\"\n\taria-describedby=\"tribe-events-tooltip-content-151118\"\n>\n\t\t<div class=\"tribe-events-calendar-month__multiday-event-hidden-title tribe-common-h8\">\n\tSuor Leslie S\u00e1ndigo insieme alle collaboratrici dell\u2019Ambito presenta la Famiglia Salesiana alle studentesse del Corso di Spiritualit\u00e0 di Casa Madre Canta.<\/div>\n<\/a>\n<\/div>\n\t\t<div class=\"tribe-events-calendar-month__multiday-event-bar\">\n\t<div class=\"tribe-events-calendar-month__multiday-event-bar-inner\">\n\t\t\t\t<div class=\"tribe-events-calendar-month__multiday-event-bar-title tribe-common-h8\">\n\tSuor Leslie S\u00e1ndigo insieme alle collaboratrici dell\u2019Ambito presenta la Famiglia Salesiana alle studentesse del Corso di Spiritualit\u00e0 di Casa Madre Canta.<\/div>\n\t<\/div>\n<\/div>\n<div class=\"tribe-events-calendar-month__calendar-event-tooltip-template tribe-common-a11y-hidden\">\n\t<div\n\t\tclass=\"tribe-events-calendar-month__calendar-event-tooltip\"\n\t\tid=\"tribe-events-tooltip-content-151118\"\n\t\trole=\"tooltip\"\n\t>\n\t\t\t\t<div class=\"tribe-events-calendar-month__calendar-event-tooltip-datetime\">\n\t\t<time datetime=\"2026-05-15\">\n\t\t<span class=\"tribe-event-date-start\">15 mayo<\/span>\t<\/time>\n\t<\/div>\n\t\t<div class=\"tribe-events-calendar-month__calendar-event-tooltip-title tribe-common-h7\">\n\t<a\n\t\thref=\"https:\/\/www.cgfmanet.org\/es\/event\/suor-leslie-sandigo-insieme-alle-collaboratrici-dellambito-presenta-la-famiglia-salesiana-alle-studentesse-del-corso-di-spiritualita-di-casa-madre-canta\/\"\n\t\ttitle=\"Suor Leslie S\u00e1ndigo insieme alle collaboratrici dell\u2019Ambito presenta la Famiglia Salesiana alle studentesse del Corso di Spiritualit\u00e0 di Casa Madre Canta.\"\n\t\trel=\"bookmark\"\n\t\tclass=\"tribe-events-calendar-month__calendar-event-tooltip-title-link tribe-common-anchor-thin\"\n\t>\n\t\tSuor Leslie S\u00e1ndigo insieme alle collaboratrici dell\u2019Ambito presenta la Famiglia Salesiana alle studentesse del Corso di Spiritualit\u00e0 di Casa Madre Canta.\t<\/a>\n<\/div>\n\t\t\t\t\t<\/div>\n<\/div>\n\t<\/article>\n<\/div>\n\n\t<div class=\"tribe-events-calendar-month__multiday-event-wrapper\">\n\t<article  class=\"tribe-events-calendar-month__multiday-event post-150932 tribe_events type-tribe_events status-publish tribe_events_cat-agenda-es tribe_events_cat-sr-maria-assunta-sumiko-inoue-es tribe_events_cat-visitadora cat_agenda-es cat_sr-maria-assunta-sumiko-inoue-es cat_visitadora\"  data-event-id=\"150932\">\n\t\t<div class=\"tribe-events-calendar-month__multiday-event-hidden\">\n\t<time\n\tdatetime=\"2026-05-14\"\n\tclass=\"tribe-common-a11y-visual-hide\"\n>\n\t2026-05-14<\/time>\n\t<a\n\thref=\"https:\/\/www.cgfmanet.org\/es\/event\/suor-maria-assunta-sumiko-inoue-fa-una-visita-breve-allispettoria-santa-maria-mazzarello-tha\/\"\n\tclass=\"tribe-events-calendar-month__multiday-event-hidden-link\"\n\tdata-js=\"tribe-events-tooltip\"\n\tdata-tooltip-content=\"#tribe-events-tooltip-content-150932\"\n\taria-describedby=\"tribe-events-tooltip-content-150932\"\n>\n\t\t<div class=\"tribe-events-calendar-month__multiday-event-hidden-title tribe-common-h8\">\n\tSuor Maria Assunta Sumiko Inoue fa una Visita breve all&#8217;Ispettoria \u201cSanta Maria Mazzarello\u201d (THA).<\/div>\n<\/a>\n<\/div>\n\t\t\t<\/article>\n<\/div>\n\n\t<div class=\"tribe-events-calendar-month__multiday-event-wrapper\">\n\t<article  class=\"tribe-events-calendar-month__multiday-event post-156710 tribe_events type-tribe_events status-publish tribe_events_cat-agenda-es tribe_events_cat-consejera-para-la-pastoral-juvenil cat_agenda-es cat_consejera-para-la-pastoral-juvenil\"  data-event-id=\"156710\">\n\t\t<div class=\"tribe-events-calendar-month__multiday-event-hidden\">\n\t<time\n\tdatetime=\"2026-05-14\"\n\tclass=\"tribe-common-a11y-visual-hide\"\n>\n\t2026-05-14<\/time>\n\t<a\n\thref=\"https:\/\/www.cgfmanet.org\/es\/event\/suor-runita-borja-partecipa-al-congresso-degli-educatori-della-conferenza-interispettoriale-ciao-sul-tema-il-patto-educativo-globale-nello-stile-salesiano-a-tokyo-in-giappone\/\"\n\tclass=\"tribe-events-calendar-month__multiday-event-hidden-link\"\n\tdata-js=\"tribe-events-tooltip\"\n\tdata-tooltip-content=\"#tribe-events-tooltip-content-156710\"\n\taria-describedby=\"tribe-events-tooltip-content-156710\"\n>\n\t\t<div class=\"tribe-events-calendar-month__multiday-event-hidden-title tribe-common-h8\">\n\tSuor Runita Borja partecipa al Congresso degli Educatori della Conferenza interispettoriale CIAO sul tema \u201cIl Patto Educativo Globale nello stile salesiano\u201d. A Tokyo, in Giappone.<\/div>\n<\/a>\n<\/div>\n\t\t\t<\/article>\n<\/div>\n\n\n\t\t\t<\/div>\n\n\t\n<\/div>\n<\/td>\n\n\t\t\t\n\t\t\t\t<td\n\t class=\"tribe-events-calendar-month__day\" \taria-labelledby=\"tribe-events-calendar-day-2026-05-16\"\n\tdata-js=\"tribe-events-month-grid-cell\"\n>\n\t<button\n\taria-expanded=\"false\"\n\taria-controls=\"tribe-events-calendar-mobile-day-2026-05-16\"\n\taria-label=\"mayo 16, 4 eventos, pr\u00f3ximo d\u00eda\"\n\t class=\"tribe-events-calendar-month__day-cell tribe-events-calendar-month__day-cell--mobile\" \tdata-js=\"tribe-events-calendar-month-day-cell-mobile\"\n>\n\t<h3 class=\"tribe-events-calendar-month__day-date tribe-common-h6 tribe-common-h--alt\">\n\t\t<span class=\"tribe-common-a11y-visual-hide\">\n\t\t\t4 eventos\t\t<\/span>\n\t\t<time\n\t\t\tclass=\"tribe-events-calendar-month__day-date-daynum\"\n\t\t\tdatetime=\"2026-05-16\"\n\t\t>\n\t\t\t16\t\t<\/time>\n\t<\/h3>\n\t\n\t<span class=\"tribe-events-calendar-month__mobile-events-icon tribe-events-calendar-month__mobile-events-icon--event\" >\n\t<\/span>\n<\/button>\n\t\n<div\n\tid=\"tribe-events-calendar-day-2026-05-16\"\n\tclass=\"tribe-events-calendar-month__day-cell tribe-events-calendar-month__day-cell--desktop tribe-common-a11y-hidden\"\n>\n\t\n<h3 class=\"tribe-events-calendar-month__day-date tribe-common-h4\">\n\t<span class=\"tribe-common-a11y-visual-hide\">\n\t\t4 eventos,\n\t<\/span>\n\t<time\n\t\tclass=\"tribe-events-calendar-month__day-date-daynum\"\n\t\tdatetime=\"2026-05-16\"\n\t>\n\t\t\t\t\t<a\n\t\t\t\thref=\"https:\/\/www.cgfmanet.org\/es\/eventos\/2026-05-16\/?shortcode=tribe-widget-events-month-15\"\n\t\t\t\tclass=\"tribe-events-calendar-month__day-date-link\"\n\t\t\t\tdata-js=\"tribe-events-view-link\"\n\t\t\t\taria-label=\"16 mayo\"\n\t\t\t>\n\t\t\t\t16\t\t\t<\/a>\n\t\t\t<\/time>\n<\/h3>\n\n\t<div class=\"tribe-events-calendar-month__events\">\n\t\t\n\t<div class=\"tribe-events-calendar-month__multiday-event-wrapper\">\n\t<article  class=\"tribe-events-calendar-month__multiday-event post-155282 tribe_events type-tribe_events status-publish tribe_events_cat-agenda-es tribe_events_cat-madre-general cat_agenda-es cat_madre-general\"  data-event-id=\"155282\">\n\t\t<div class=\"tribe-events-calendar-month__multiday-event-hidden\">\n\t<time\n\tdatetime=\"2026-05-08\"\n\tclass=\"tribe-common-a11y-visual-hide\"\n>\n\t2026-05-08<\/time>\n\t<a\n\thref=\"https:\/\/www.cgfmanet.org\/es\/event\/la-madre-partecipa-alle-celebrazione-del-centenario-della-presenza-delle-fma-dellispettoria-nostra-signora-dafrica-afc-a-lubumbashi-repubblica-democratica-del-c\/\"\n\tclass=\"tribe-events-calendar-month__multiday-event-hidden-link\"\n\tdata-js=\"tribe-events-tooltip\"\n\tdata-tooltip-content=\"#tribe-events-tooltip-content-155282\"\n\taria-describedby=\"tribe-events-tooltip-content-155282\"\n>\n\t\t<div class=\"tribe-events-calendar-month__multiday-event-hidden-title tribe-common-h8\">\n\tLa Madre partecipa alle Celebrazione del Centenario della presenza delle FMA dell\u2019Ispettoria \u201cNostra Signora d\u2019Africa\u201d (AFC). A Lubumbashi, Repubblica Democratica del Congo.<\/div>\n<\/a>\n<\/div>\n\t\t\t<\/article>\n<\/div>\n\n\t<div class=\"tribe-events-calendar-month__multiday-event-wrapper\">\n\t<article  class=\"tribe-events-calendar-month__multiday-event post-150897 tribe_events type-tribe_events status-publish tribe_events_cat-agenda-es tribe_events_cat-consejera-para-las-misiones cat_agenda-es cat_consejera-para-las-misiones\"  data-event-id=\"150897\">\n\t\t<div class=\"tribe-events-calendar-month__multiday-event-hidden\">\n\t<time\n\tdatetime=\"2026-05-11\"\n\tclass=\"tribe-common-a11y-visual-hide\"\n>\n\t2026-05-11<\/time>\n\t<a\n\thref=\"https:\/\/www.cgfmanet.org\/es\/event\/esercizi-spirituali-per-le-partecipanti-al-corso-di-formazione-permanente-missionaria-e-le-neo-missionarie-a-mornese-2\/\"\n\tclass=\"tribe-events-calendar-month__multiday-event-hidden-link\"\n\tdata-js=\"tribe-events-tooltip\"\n\tdata-tooltip-content=\"#tribe-events-tooltip-content-150897\"\n\taria-describedby=\"tribe-events-tooltip-content-150897\"\n>\n\t\t<div class=\"tribe-events-calendar-month__multiday-event-hidden-title tribe-common-h8\">\n\tEsercizi Spirituali per le partecipanti al Corso di Formazione Permanente Missionaria e le neo missionarie, a Mornese.<\/div>\n<\/a>\n<\/div>\n\t\t\t<\/article>\n<\/div>\n\n\t<div class=\"tribe-events-calendar-month__multiday-event-wrapper tribe-events-calendar-month__multiday-event--empty\"><\/div>\n\t<div class=\"tribe-events-calendar-month__multiday-event-wrapper\">\n\t<article  class=\"tribe-events-calendar-month__multiday-event post-150932 tribe_events type-tribe_events status-publish tribe_events_cat-agenda-es tribe_events_cat-sr-maria-assunta-sumiko-inoue-es tribe_events_cat-visitadora cat_agenda-es cat_sr-maria-assunta-sumiko-inoue-es cat_visitadora\"  data-event-id=\"150932\">\n\t\t<div class=\"tribe-events-calendar-month__multiday-event-hidden\">\n\t<time\n\tdatetime=\"2026-05-14\"\n\tclass=\"tribe-common-a11y-visual-hide\"\n>\n\t2026-05-14<\/time>\n\t<a\n\thref=\"https:\/\/www.cgfmanet.org\/es\/event\/suor-maria-assunta-sumiko-inoue-fa-una-visita-breve-allispettoria-santa-maria-mazzarello-tha\/\"\n\tclass=\"tribe-events-calendar-month__multiday-event-hidden-link\"\n\tdata-js=\"tribe-events-tooltip\"\n\tdata-tooltip-content=\"#tribe-events-tooltip-content-150932\"\n\taria-describedby=\"tribe-events-tooltip-content-150932\"\n>\n\t\t<div class=\"tribe-events-calendar-month__multiday-event-hidden-title tribe-common-h8\">\n\tSuor Maria Assunta Sumiko Inoue fa una Visita breve all&#8217;Ispettoria \u201cSanta Maria Mazzarello\u201d (THA).<\/div>\n<\/a>\n<\/div>\n\t\t\t<\/article>\n<\/div>\n\n\t<div class=\"tribe-events-calendar-month__multiday-event-wrapper\">\n\t<article  class=\"tribe-events-calendar-month__multiday-event post-156710 tribe_events type-tribe_events status-publish tribe_events_cat-agenda-es tribe_events_cat-consejera-para-la-pastoral-juvenil cat_agenda-es cat_consejera-para-la-pastoral-juvenil\"  data-event-id=\"156710\">\n\t\t<div class=\"tribe-events-calendar-month__multiday-event-hidden\">\n\t<time\n\tdatetime=\"2026-05-14\"\n\tclass=\"tribe-common-a11y-visual-hide\"\n>\n\t2026-05-14<\/time>\n\t<a\n\thref=\"https:\/\/www.cgfmanet.org\/es\/event\/suor-runita-borja-partecipa-al-congresso-degli-educatori-della-conferenza-interispettoriale-ciao-sul-tema-il-patto-educativo-globale-nello-stile-salesiano-a-tokyo-in-giappone\/\"\n\tclass=\"tribe-events-calendar-month__multiday-event-hidden-link\"\n\tdata-js=\"tribe-events-tooltip\"\n\tdata-tooltip-content=\"#tribe-events-tooltip-content-156710\"\n\taria-describedby=\"tribe-events-tooltip-content-156710\"\n>\n\t\t<div class=\"tribe-events-calendar-month__multiday-event-hidden-title tribe-common-h8\">\n\tSuor Runita Borja partecipa al Congresso degli Educatori della Conferenza interispettoriale CIAO sul tema \u201cIl Patto Educativo Globale nello stile salesiano\u201d. A Tokyo, in Giappone.<\/div>\n<\/a>\n<\/div>\n\t\t\t<\/article>\n<\/div>\n\n\n\t\t\t<\/div>\n\n\t\n<\/div>\n<\/td>\n\n\t\t\t\n\t\t\t\t<td\n\t class=\"tribe-events-calendar-month__day\" \taria-labelledby=\"tribe-events-calendar-day-2026-05-17\"\n\tdata-js=\"tribe-events-month-grid-cell\"\n>\n\t<button\n\taria-expanded=\"false\"\n\taria-controls=\"tribe-events-calendar-mobile-day-2026-05-17\"\n\taria-label=\"mayo 17, 4 eventos, pr\u00f3ximo d\u00eda\"\n\t class=\"tribe-events-calendar-month__day-cell tribe-events-calendar-month__day-cell--mobile\" \tdata-js=\"tribe-events-calendar-month-day-cell-mobile\"\n>\n\t<h3 class=\"tribe-events-calendar-month__day-date tribe-common-h6 tribe-common-h--alt\">\n\t\t<span class=\"tribe-common-a11y-visual-hide\">\n\t\t\t4 eventos\t\t<\/span>\n\t\t<time\n\t\t\tclass=\"tribe-events-calendar-month__day-date-daynum\"\n\t\t\tdatetime=\"2026-05-17\"\n\t\t>\n\t\t\t17\t\t<\/time>\n\t<\/h3>\n\t\n\t<span class=\"tribe-events-calendar-month__mobile-events-icon tribe-events-calendar-month__mobile-events-icon--event\" >\n\t<\/span>\n<\/button>\n\t\n<div\n\tid=\"tribe-events-calendar-day-2026-05-17\"\n\tclass=\"tribe-events-calendar-month__day-cell tribe-events-calendar-month__day-cell--desktop tribe-common-a11y-hidden\"\n>\n\t\n<h3 class=\"tribe-events-calendar-month__day-date tribe-common-h4\">\n\t<span class=\"tribe-common-a11y-visual-hide\">\n\t\t4 eventos,\n\t<\/span>\n\t<time\n\t\tclass=\"tribe-events-calendar-month__day-date-daynum\"\n\t\tdatetime=\"2026-05-17\"\n\t>\n\t\t\t\t\t<a\n\t\t\t\thref=\"https:\/\/www.cgfmanet.org\/es\/eventos\/2026-05-17\/?shortcode=tribe-widget-events-month-15\"\n\t\t\t\tclass=\"tribe-events-calendar-month__day-date-link\"\n\t\t\t\tdata-js=\"tribe-events-view-link\"\n\t\t\t\taria-label=\"17 mayo\"\n\t\t\t>\n\t\t\t\t17\t\t\t<\/a>\n\t\t\t<\/time>\n<\/h3>\n\n\t<div class=\"tribe-events-calendar-month__events\">\n\t\t\n\t<div class=\"tribe-events-calendar-month__multiday-event-wrapper\">\n\t<article  class=\"tribe-events-calendar-month__multiday-event post-155282 tribe_events type-tribe_events status-publish tribe_events_cat-agenda-es tribe_events_cat-madre-general cat_agenda-es cat_madre-general\"  data-event-id=\"155282\">\n\t\t<div class=\"tribe-events-calendar-month__multiday-event-hidden\">\n\t<time\n\tdatetime=\"2026-05-08\"\n\tclass=\"tribe-common-a11y-visual-hide\"\n>\n\t2026-05-08<\/time>\n\t<a\n\thref=\"https:\/\/www.cgfmanet.org\/es\/event\/la-madre-partecipa-alle-celebrazione-del-centenario-della-presenza-delle-fma-dellispettoria-nostra-signora-dafrica-afc-a-lubumbashi-repubblica-democratica-del-c\/\"\n\tclass=\"tribe-events-calendar-month__multiday-event-hidden-link\"\n\tdata-js=\"tribe-events-tooltip\"\n\tdata-tooltip-content=\"#tribe-events-tooltip-content-155282\"\n\taria-describedby=\"tribe-events-tooltip-content-155282\"\n>\n\t\t<div class=\"tribe-events-calendar-month__multiday-event-hidden-title tribe-common-h8\">\n\tLa Madre partecipa alle Celebrazione del Centenario della presenza delle FMA dell\u2019Ispettoria \u201cNostra Signora d\u2019Africa\u201d (AFC). A Lubumbashi, Repubblica Democratica del Congo.<\/div>\n<\/a>\n<\/div>\n\t\t\t<\/article>\n<\/div>\n\n\t<div class=\"tribe-events-calendar-month__multiday-event-wrapper\">\n\t<article  class=\"tribe-events-calendar-month__multiday-event post-150897 tribe_events type-tribe_events status-publish tribe_events_cat-agenda-es tribe_events_cat-consejera-para-las-misiones cat_agenda-es cat_consejera-para-las-misiones\"  data-event-id=\"150897\">\n\t\t<div class=\"tribe-events-calendar-month__multiday-event-hidden\">\n\t<time\n\tdatetime=\"2026-05-11\"\n\tclass=\"tribe-common-a11y-visual-hide\"\n>\n\t2026-05-11<\/time>\n\t<a\n\thref=\"https:\/\/www.cgfmanet.org\/es\/event\/esercizi-spirituali-per-le-partecipanti-al-corso-di-formazione-permanente-missionaria-e-le-neo-missionarie-a-mornese-2\/\"\n\tclass=\"tribe-events-calendar-month__multiday-event-hidden-link\"\n\tdata-js=\"tribe-events-tooltip\"\n\tdata-tooltip-content=\"#tribe-events-tooltip-content-150897\"\n\taria-describedby=\"tribe-events-tooltip-content-150897\"\n>\n\t\t<div class=\"tribe-events-calendar-month__multiday-event-hidden-title tribe-common-h8\">\n\tEsercizi Spirituali per le partecipanti al Corso di Formazione Permanente Missionaria e le neo missionarie, a Mornese.<\/div>\n<\/a>\n<\/div>\n\t\t\t<\/article>\n<\/div>\n\n\t<div class=\"tribe-events-calendar-month__multiday-event-wrapper tribe-events-calendar-month__multiday-event--empty\"><\/div>\n\t<div class=\"tribe-events-calendar-month__multiday-event-wrapper\">\n\t<article  class=\"tribe-events-calendar-month__multiday-event post-150932 tribe_events type-tribe_events status-publish tribe_events_cat-agenda-es tribe_events_cat-sr-maria-assunta-sumiko-inoue-es tribe_events_cat-visitadora cat_agenda-es cat_sr-maria-assunta-sumiko-inoue-es cat_visitadora\"  data-event-id=\"150932\">\n\t\t<div class=\"tribe-events-calendar-month__multiday-event-hidden\">\n\t<time\n\tdatetime=\"2026-05-14\"\n\tclass=\"tribe-common-a11y-visual-hide\"\n>\n\t2026-05-14<\/time>\n\t<a\n\thref=\"https:\/\/www.cgfmanet.org\/es\/event\/suor-maria-assunta-sumiko-inoue-fa-una-visita-breve-allispettoria-santa-maria-mazzarello-tha\/\"\n\tclass=\"tribe-events-calendar-month__multiday-event-hidden-link\"\n\tdata-js=\"tribe-events-tooltip\"\n\tdata-tooltip-content=\"#tribe-events-tooltip-content-150932\"\n\taria-describedby=\"tribe-events-tooltip-content-150932\"\n>\n\t\t<div class=\"tribe-events-calendar-month__multiday-event-hidden-title tribe-common-h8\">\n\tSuor Maria Assunta Sumiko Inoue fa una Visita breve all&#8217;Ispettoria \u201cSanta Maria Mazzarello\u201d (THA).<\/div>\n<\/a>\n<\/div>\n\t\t\t<\/article>\n<\/div>\n\n\t<div class=\"tribe-events-calendar-month__multiday-event-wrapper\">\n\t<article  class=\"tribe-events-calendar-month__multiday-event post-156710 tribe_events type-tribe_events status-publish tribe_events_cat-agenda-es tribe_events_cat-consejera-para-la-pastoral-juvenil cat_agenda-es cat_consejera-para-la-pastoral-juvenil\"  data-event-id=\"156710\">\n\t\t<div class=\"tribe-events-calendar-month__multiday-event-hidden\">\n\t<time\n\tdatetime=\"2026-05-14\"\n\tclass=\"tribe-common-a11y-visual-hide\"\n>\n\t2026-05-14<\/time>\n\t<a\n\thref=\"https:\/\/www.cgfmanet.org\/es\/event\/suor-runita-borja-partecipa-al-congresso-degli-educatori-della-conferenza-interispettoriale-ciao-sul-tema-il-patto-educativo-globale-nello-stile-salesiano-a-tokyo-in-giappone\/\"\n\tclass=\"tribe-events-calendar-month__multiday-event-hidden-link\"\n\tdata-js=\"tribe-events-tooltip\"\n\tdata-tooltip-content=\"#tribe-events-tooltip-content-156710\"\n\taria-describedby=\"tribe-events-tooltip-content-156710\"\n>\n\t\t<div class=\"tribe-events-calendar-month__multiday-event-hidden-title tribe-common-h8\">\n\tSuor Runita Borja partecipa al Congresso degli Educatori della Conferenza interispettoriale CIAO sul tema \u201cIl Patto Educativo Globale nello stile salesiano\u201d. A Tokyo, in Giappone.<\/div>\n<\/a>\n<\/div>\n\t\t\t<\/article>\n<\/div>\n\n\n\t\t\t<\/div>\n\n\t\n<\/div>\n<\/td>\n\n\t\t\t\t\t<\/tr>\n\t\t\t<tr class=\"tribe-events-calendar-month__week\" data-js=\"tribe-events-month-grid-row\">\n\t\t\t\n\t\t\t\t<td\n\t class=\"tribe-events-calendar-month__day\" \taria-labelledby=\"tribe-events-calendar-day-2026-05-18\"\n\tdata-js=\"tribe-events-month-grid-cell\"\n>\n\t<button\n\taria-expanded=\"false\"\n\taria-controls=\"tribe-events-calendar-mobile-day-2026-05-18\"\n\taria-label=\"mayo 18, 5 eventos, pr\u00f3ximo d\u00eda\"\n\t class=\"tribe-events-calendar-month__day-cell tribe-events-calendar-month__day-cell--mobile\" \tdata-js=\"tribe-events-calendar-month-day-cell-mobile\"\n>\n\t<h3 class=\"tribe-events-calendar-month__day-date tribe-common-h6 tribe-common-h--alt\">\n\t\t<span class=\"tribe-common-a11y-visual-hide\">\n\t\t\t5 eventos\t\t<\/span>\n\t\t<time\n\t\t\tclass=\"tribe-events-calendar-month__day-date-daynum\"\n\t\t\tdatetime=\"2026-05-18\"\n\t\t>\n\t\t\t18\t\t<\/time>\n\t<\/h3>\n\t\n\t<span class=\"tribe-events-calendar-month__mobile-events-icon tribe-events-calendar-month__mobile-events-icon--event\" >\n\t<\/span>\n<\/button>\n\t\n<div\n\tid=\"tribe-events-calendar-day-2026-05-18\"\n\tclass=\"tribe-events-calendar-month__day-cell tribe-events-calendar-month__day-cell--desktop tribe-common-a11y-hidden\"\n>\n\t\n<h3 class=\"tribe-events-calendar-month__day-date tribe-common-h4\">\n\t<span class=\"tribe-common-a11y-visual-hide\">\n\t\t5 eventos,\n\t<\/span>\n\t<time\n\t\tclass=\"tribe-events-calendar-month__day-date-daynum\"\n\t\tdatetime=\"2026-05-18\"\n\t>\n\t\t\t\t\t<a\n\t\t\t\thref=\"https:\/\/www.cgfmanet.org\/es\/eventos\/2026-05-18\/?shortcode=tribe-widget-events-month-15\"\n\t\t\t\tclass=\"tribe-events-calendar-month__day-date-link\"\n\t\t\t\tdata-js=\"tribe-events-view-link\"\n\t\t\t\taria-label=\"18 mayo\"\n\t\t\t>\n\t\t\t\t18\t\t\t<\/a>\n\t\t\t<\/time>\n<\/h3>\n\n\t<div class=\"tribe-events-calendar-month__events\">\n\t\t\n\t<div class=\"tribe-events-calendar-month__multiday-event-wrapper\">\n\t<article  class=\"tribe-events-calendar-month__multiday-event post-155282 tribe_events type-tribe_events status-publish tribe_events_cat-agenda-es tribe_events_cat-madre-general cat_agenda-es cat_madre-general tribe-events-calendar-month__multiday-event--width-2 tribe-events-calendar-month__multiday-event--display tribe-events-calendar-month__multiday-event--end\"  data-event-id=\"155282\">\n\t\t<div class=\"tribe-events-calendar-month__multiday-event-hidden\">\n\t<time\n\tdatetime=\"2026-05-08\"\n\tclass=\"tribe-common-a11y-visual-hide\"\n>\n\t2026-05-08<\/time>\n\t<a\n\thref=\"https:\/\/www.cgfmanet.org\/es\/event\/la-madre-partecipa-alle-celebrazione-del-centenario-della-presenza-delle-fma-dellispettoria-nostra-signora-dafrica-afc-a-lubumbashi-repubblica-democratica-del-c\/\"\n\tclass=\"tribe-events-calendar-month__multiday-event-hidden-link\"\n\tdata-js=\"tribe-events-tooltip\"\n\tdata-tooltip-content=\"#tribe-events-tooltip-content-155282\"\n\taria-describedby=\"tribe-events-tooltip-content-155282\"\n>\n\t\t<div class=\"tribe-events-calendar-month__multiday-event-hidden-title tribe-common-h8\">\n\tLa Madre partecipa alle Celebrazione del Centenario della presenza delle FMA dell\u2019Ispettoria \u201cNostra Signora d\u2019Africa\u201d (AFC). A Lubumbashi, Repubblica Democratica del Congo.<\/div>\n<\/a>\n<\/div>\n\t\t<div class=\"tribe-events-calendar-month__multiday-event-bar\">\n\t<div class=\"tribe-events-calendar-month__multiday-event-bar-inner\">\n\t\t\t\t<div class=\"tribe-events-calendar-month__multiday-event-bar-title tribe-common-h8\">\n\tLa Madre partecipa alle Celebrazione del Centenario della presenza delle FMA dell\u2019Ispettoria \u201cNostra Signora d\u2019Africa\u201d (AFC). A Lubumbashi, Repubblica Democratica del Congo.<\/div>\n\t<\/div>\n<\/div>\n\t<\/article>\n<\/div>\n\n\t<div class=\"tribe-events-calendar-month__multiday-event-wrapper\">\n\t<article  class=\"tribe-events-calendar-month__multiday-event post-150897 tribe_events type-tribe_events status-publish tribe_events_cat-agenda-es tribe_events_cat-consejera-para-las-misiones cat_agenda-es cat_consejera-para-las-misiones tribe-events-calendar-month__multiday-event--width-1 tribe-events-calendar-month__multiday-event--display tribe-events-calendar-month__multiday-event--end\"  data-event-id=\"150897\">\n\t\t<div class=\"tribe-events-calendar-month__multiday-event-hidden\">\n\t<time\n\tdatetime=\"2026-05-11\"\n\tclass=\"tribe-common-a11y-visual-hide\"\n>\n\t2026-05-11<\/time>\n\t<a\n\thref=\"https:\/\/www.cgfmanet.org\/es\/event\/esercizi-spirituali-per-le-partecipanti-al-corso-di-formazione-permanente-missionaria-e-le-neo-missionarie-a-mornese-2\/\"\n\tclass=\"tribe-events-calendar-month__multiday-event-hidden-link\"\n\tdata-js=\"tribe-events-tooltip\"\n\tdata-tooltip-content=\"#tribe-events-tooltip-content-150897\"\n\taria-describedby=\"tribe-events-tooltip-content-150897\"\n>\n\t\t<div class=\"tribe-events-calendar-month__multiday-event-hidden-title tribe-common-h8\">\n\tEsercizi Spirituali per le partecipanti al Corso di Formazione Permanente Missionaria e le neo missionarie, a Mornese.<\/div>\n<\/a>\n<\/div>\n\t\t<div class=\"tribe-events-calendar-month__multiday-event-bar\">\n\t<div class=\"tribe-events-calendar-month__multiday-event-bar-inner\">\n\t\t\t\t<div class=\"tribe-events-calendar-month__multiday-event-bar-title tribe-common-h8\">\n\tEsercizi Spirituali per le partecipanti al Corso di Formazione Permanente Missionaria e le neo missionarie, a Mornese.<\/div>\n\t<\/div>\n<\/div>\n\t<\/article>\n<\/div>\n\n\t<div class=\"tribe-events-calendar-month__multiday-event-wrapper\">\n\t<article  class=\"tribe-events-calendar-month__multiday-event post-150932 tribe_events type-tribe_events status-publish tribe_events_cat-agenda-es tribe_events_cat-sr-maria-assunta-sumiko-inoue-es tribe_events_cat-visitadora cat_agenda-es cat_sr-maria-assunta-sumiko-inoue-es cat_visitadora tribe-events-calendar-month__multiday-event--width-7 tribe-events-calendar-month__multiday-event--display\"  data-event-id=\"150932\">\n\t\t<div class=\"tribe-events-calendar-month__multiday-event-hidden\">\n\t<time\n\tdatetime=\"2026-05-14\"\n\tclass=\"tribe-common-a11y-visual-hide\"\n>\n\t2026-05-14<\/time>\n\t<a\n\thref=\"https:\/\/www.cgfmanet.org\/es\/event\/suor-maria-assunta-sumiko-inoue-fa-una-visita-breve-allispettoria-santa-maria-mazzarello-tha\/\"\n\tclass=\"tribe-events-calendar-month__multiday-event-hidden-link\"\n\tdata-js=\"tribe-events-tooltip\"\n\tdata-tooltip-content=\"#tribe-events-tooltip-content-150932\"\n\taria-describedby=\"tribe-events-tooltip-content-150932\"\n>\n\t\t<div class=\"tribe-events-calendar-month__multiday-event-hidden-title tribe-common-h8\">\n\tSuor Maria Assunta Sumiko Inoue fa una Visita breve all&#8217;Ispettoria \u201cSanta Maria Mazzarello\u201d (THA).<\/div>\n<\/a>\n<\/div>\n\t\t<div class=\"tribe-events-calendar-month__multiday-event-bar\">\n\t<div class=\"tribe-events-calendar-month__multiday-event-bar-inner\">\n\t\t\t\t<div class=\"tribe-events-calendar-month__multiday-event-bar-title tribe-common-h8\">\n\tSuor Maria Assunta Sumiko Inoue fa una Visita breve all&#8217;Ispettoria \u201cSanta Maria Mazzarello\u201d (THA).<\/div>\n\t<\/div>\n<\/div>\n\t<\/article>\n<\/div>\n\n\t<div class=\"tribe-events-calendar-month__multiday-event-wrapper\">\n\t<article  class=\"tribe-events-calendar-month__multiday-event post-156710 tribe_events type-tribe_events status-publish tribe_events_cat-agenda-es tribe_events_cat-consejera-para-la-pastoral-juvenil cat_agenda-es cat_consejera-para-la-pastoral-juvenil tribe-events-calendar-month__multiday-event--width-2 tribe-events-calendar-month__multiday-event--display tribe-events-calendar-month__multiday-event--end\"  data-event-id=\"156710\">\n\t\t<div class=\"tribe-events-calendar-month__multiday-event-hidden\">\n\t<time\n\tdatetime=\"2026-05-14\"\n\tclass=\"tribe-common-a11y-visual-hide\"\n>\n\t2026-05-14<\/time>\n\t<a\n\thref=\"https:\/\/www.cgfmanet.org\/es\/event\/suor-runita-borja-partecipa-al-congresso-degli-educatori-della-conferenza-interispettoriale-ciao-sul-tema-il-patto-educativo-globale-nello-stile-salesiano-a-tokyo-in-giappone\/\"\n\tclass=\"tribe-events-calendar-month__multiday-event-hidden-link\"\n\tdata-js=\"tribe-events-tooltip\"\n\tdata-tooltip-content=\"#tribe-events-tooltip-content-156710\"\n\taria-describedby=\"tribe-events-tooltip-content-156710\"\n>\n\t\t<div class=\"tribe-events-calendar-month__multiday-event-hidden-title tribe-common-h8\">\n\tSuor Runita Borja partecipa al Congresso degli Educatori della Conferenza interispettoriale CIAO sul tema \u201cIl Patto Educativo Globale nello stile salesiano\u201d. A Tokyo, in Giappone.<\/div>\n<\/a>\n<\/div>\n\t\t<div class=\"tribe-events-calendar-month__multiday-event-bar\">\n\t<div class=\"tribe-events-calendar-month__multiday-event-bar-inner\">\n\t\t\t\t<div class=\"tribe-events-calendar-month__multiday-event-bar-title tribe-common-h8\">\n\tSuor Runita Borja partecipa al Congresso degli Educatori della Conferenza interispettoriale CIAO sul tema \u201cIl Patto Educativo Globale nello stile salesiano\u201d. A Tokyo, in Giappone.<\/div>\n\t<\/div>\n<\/div>\n\t<\/article>\n<\/div>\n\n\t<div class=\"tribe-events-calendar-month__multiday-event-wrapper\">\n\t<article  class=\"tribe-events-calendar-month__multiday-event post-153492 tribe_events type-tribe_events status-publish tribe_events_cat-sr-jacob-celine-es tribe_events_cat-agenda-es tribe_events_cat-visitadora cat_sr-jacob-celine-es cat_agenda-es cat_visitadora tribe-events-calendar-month__multiday-event--width-1 tribe-events-calendar-month__multiday-event--display tribe-events-calendar-month__multiday-event--start tribe-events-calendar-month__multiday-event--end\"  data-event-id=\"153492\">\n\t\t<div class=\"tribe-events-calendar-month__multiday-event-hidden\">\n\t<time\n\tdatetime=\"2026-05-18\"\n\tclass=\"tribe-common-a11y-visual-hide\"\n>\n\t2026-05-18<\/time>\n\t<a\n\thref=\"https:\/\/www.cgfmanet.org\/es\/event\/suor-celine-jacob-termina-la-visita-canonica-allispettoria-maria-immacolata-suo-degli-stati-uniti\/\"\n\tclass=\"tribe-events-calendar-month__multiday-event-hidden-link\"\n\tdata-js=\"tribe-events-tooltip\"\n\tdata-tooltip-content=\"#tribe-events-tooltip-content-153492\"\n\taria-describedby=\"tribe-events-tooltip-content-153492\"\n>\n\t\t<div class=\"tribe-events-calendar-month__multiday-event-hidden-title tribe-common-h8\">\n\tSuor Celine Jacob termina la Visita Canonica all&#8217;Ispettoria \u00abMaria Immacolata\u00bb (SUO) degli Stati Uniti.<\/div>\n<\/a>\n<\/div>\n\t\t<div class=\"tribe-events-calendar-month__multiday-event-bar\">\n\t<div class=\"tribe-events-calendar-month__multiday-event-bar-inner\">\n\t\t\t\t<div class=\"tribe-events-calendar-month__multiday-event-bar-title tribe-common-h8\">\n\tSuor Celine Jacob termina la Visita Canonica all&#8217;Ispettoria \u00abMaria Immacolata\u00bb (SUO) degli Stati Uniti.<\/div>\n\t<\/div>\n<\/div>\n<div class=\"tribe-events-calendar-month__calendar-event-tooltip-template tribe-common-a11y-hidden\">\n\t<div\n\t\tclass=\"tribe-events-calendar-month__calendar-event-tooltip\"\n\t\tid=\"tribe-events-tooltip-content-153492\"\n\t\trole=\"tooltip\"\n\t>\n\t\t\t\t<div class=\"tribe-events-calendar-month__calendar-event-tooltip-datetime\">\n\t\t<time datetime=\"2026-05-18\">\n\t\t<span class=\"tribe-event-date-start\">18 mayo<\/span>\t<\/time>\n\t<\/div>\n\t\t<div class=\"tribe-events-calendar-month__calendar-event-tooltip-title tribe-common-h7\">\n\t<a\n\t\thref=\"https:\/\/www.cgfmanet.org\/es\/event\/suor-celine-jacob-termina-la-visita-canonica-allispettoria-maria-immacolata-suo-degli-stati-uniti\/\"\n\t\ttitle=\"Suor Celine Jacob termina la Visita Canonica all&#8217;Ispettoria \u00abMaria Immacolata\u00bb (SUO) degli Stati Uniti.\"\n\t\trel=\"bookmark\"\n\t\tclass=\"tribe-events-calendar-month__calendar-event-tooltip-title-link tribe-common-anchor-thin\"\n\t>\n\t\tSuor Celine Jacob termina la Visita Canonica all&#8217;Ispettoria \u00abMaria Immacolata\u00bb (SUO) degli Stati Uniti.\t<\/a>\n<\/div>\n\t\t\t\t\t<\/div>\n<\/div>\n\t<\/article>\n<\/div>\n\n\n\t\t\t<\/div>\n\n\t\n<\/div>\n<\/td>\n\n\t\t\t\n\t\t\t\t<td\n\t class=\"tribe-events-calendar-month__day\" \taria-labelledby=\"tribe-events-calendar-day-2026-05-19\"\n\tdata-js=\"tribe-events-month-grid-cell\"\n>\n\t<button\n\taria-expanded=\"false\"\n\taria-controls=\"tribe-events-calendar-mobile-day-2026-05-19\"\n\taria-label=\"mayo 19, 4 eventos, pr\u00f3ximo d\u00eda\"\n\t class=\"tribe-events-calendar-month__day-cell tribe-events-calendar-month__day-cell--mobile\" \tdata-js=\"tribe-events-calendar-month-day-cell-mobile\"\n>\n\t<h3 class=\"tribe-events-calendar-month__day-date tribe-common-h6 tribe-common-h--alt\">\n\t\t<span class=\"tribe-common-a11y-visual-hide\">\n\t\t\t4 eventos\t\t<\/span>\n\t\t<time\n\t\t\tclass=\"tribe-events-calendar-month__day-date-daynum\"\n\t\t\tdatetime=\"2026-05-19\"\n\t\t>\n\t\t\t19\t\t<\/time>\n\t<\/h3>\n\t\n\t<span class=\"tribe-events-calendar-month__mobile-events-icon tribe-events-calendar-month__mobile-events-icon--event\" >\n\t<\/span>\n<\/button>\n\t\n<div\n\tid=\"tribe-events-calendar-day-2026-05-19\"\n\tclass=\"tribe-events-calendar-month__day-cell tribe-events-calendar-month__day-cell--desktop tribe-common-a11y-hidden\"\n>\n\t\n<h3 class=\"tribe-events-calendar-month__day-date tribe-common-h4\">\n\t<span class=\"tribe-common-a11y-visual-hide\">\n\t\t4 eventos,\n\t<\/span>\n\t<time\n\t\tclass=\"tribe-events-calendar-month__day-date-daynum\"\n\t\tdatetime=\"2026-05-19\"\n\t>\n\t\t\t\t\t<a\n\t\t\t\thref=\"https:\/\/www.cgfmanet.org\/es\/eventos\/2026-05-19\/?shortcode=tribe-widget-events-month-15\"\n\t\t\t\tclass=\"tribe-events-calendar-month__day-date-link\"\n\t\t\t\tdata-js=\"tribe-events-view-link\"\n\t\t\t\taria-label=\"19 mayo\"\n\t\t\t>\n\t\t\t\t19\t\t\t<\/a>\n\t\t\t<\/time>\n<\/h3>\n\n\t<div class=\"tribe-events-calendar-month__events\">\n\t\t\n\t<div class=\"tribe-events-calendar-month__multiday-event-wrapper\">\n\t<article  class=\"tribe-events-calendar-month__multiday-event post-155282 tribe_events type-tribe_events status-publish tribe_events_cat-agenda-es tribe_events_cat-madre-general cat_agenda-es cat_madre-general\"  data-event-id=\"155282\">\n\t\t<div class=\"tribe-events-calendar-month__multiday-event-hidden\">\n\t<time\n\tdatetime=\"2026-05-08\"\n\tclass=\"tribe-common-a11y-visual-hide\"\n>\n\t2026-05-08<\/time>\n\t<a\n\thref=\"https:\/\/www.cgfmanet.org\/es\/event\/la-madre-partecipa-alle-celebrazione-del-centenario-della-presenza-delle-fma-dellispettoria-nostra-signora-dafrica-afc-a-lubumbashi-repubblica-democratica-del-c\/\"\n\tclass=\"tribe-events-calendar-month__multiday-event-hidden-link\"\n\tdata-js=\"tribe-events-tooltip\"\n\tdata-tooltip-content=\"#tribe-events-tooltip-content-155282\"\n\taria-describedby=\"tribe-events-tooltip-content-155282\"\n>\n\t\t<div class=\"tribe-events-calendar-month__multiday-event-hidden-title tribe-common-h8\">\n\tLa Madre partecipa alle Celebrazione del Centenario della presenza delle FMA dell\u2019Ispettoria \u201cNostra Signora d\u2019Africa\u201d (AFC). A Lubumbashi, Repubblica Democratica del Congo.<\/div>\n<\/a>\n<\/div>\n\t\t\t<\/article>\n<\/div>\n\n\t<div class=\"tribe-events-calendar-month__multiday-event-wrapper\">\n\t<article  class=\"tribe-events-calendar-month__multiday-event post-150817 tribe_events type-tribe_events status-publish tribe_events_cat-sr-lidia-strzelczyk-es tribe_events_cat-agenda-es tribe_events_cat-visitadora cat_sr-lidia-strzelczyk-es cat_agenda-es cat_visitadora tribe-events-calendar-month__multiday-event--width-1 tribe-events-calendar-month__multiday-event--display tribe-events-calendar-month__multiday-event--start tribe-events-calendar-month__multiday-event--end\"  data-event-id=\"150817\">\n\t\t<div class=\"tribe-events-calendar-month__multiday-event-hidden\">\n\t<time\n\tdatetime=\"2026-05-19\"\n\tclass=\"tribe-common-a11y-visual-hide\"\n>\n\t2026-05-19<\/time>\n\t<a\n\thref=\"https:\/\/www.cgfmanet.org\/es\/event\/suor-lidia-strzelczyk-termina-la-2a-parte-della-visita-canonica-allispettoria-meridionale-madonna-del-buon-consiglio-imr\/\"\n\tclass=\"tribe-events-calendar-month__multiday-event-hidden-link\"\n\tdata-js=\"tribe-events-tooltip\"\n\tdata-tooltip-content=\"#tribe-events-tooltip-content-150817\"\n\taria-describedby=\"tribe-events-tooltip-content-150817\"\n>\n\t\t<div class=\"tribe-events-calendar-month__multiday-event-hidden-title tribe-common-h8\">\n\tSuor Lidia Strzelczyk termina la 2a parte della Visita canonica all&#8217;Ispettoria Meridionale \u00abMadonna del Buon Consiglio\u00bb (IMR).<\/div>\n<\/a>\n<\/div>\n\t\t<div class=\"tribe-events-calendar-month__multiday-event-bar\">\n\t<div class=\"tribe-events-calendar-month__multiday-event-bar-inner\">\n\t\t\t\t<div class=\"tribe-events-calendar-month__multiday-event-bar-title tribe-common-h8\">\n\tSuor Lidia Strzelczyk termina la 2a parte della Visita canonica all&#8217;Ispettoria Meridionale \u00abMadonna del Buon Consiglio\u00bb (IMR).<\/div>\n\t<\/div>\n<\/div>\n<div class=\"tribe-events-calendar-month__calendar-event-tooltip-template tribe-common-a11y-hidden\">\n\t<div\n\t\tclass=\"tribe-events-calendar-month__calendar-event-tooltip\"\n\t\tid=\"tribe-events-tooltip-content-150817\"\n\t\trole=\"tooltip\"\n\t>\n\t\t\t\t<div class=\"tribe-events-calendar-month__calendar-event-tooltip-datetime\">\n\t\t<time datetime=\"2026-05-19\">\n\t\t<span class=\"tribe-event-date-start\">19 mayo<\/span>\t<\/time>\n\t<\/div>\n\t\t<div class=\"tribe-events-calendar-month__calendar-event-tooltip-title tribe-common-h7\">\n\t<a\n\t\thref=\"https:\/\/www.cgfmanet.org\/es\/event\/suor-lidia-strzelczyk-termina-la-2a-parte-della-visita-canonica-allispettoria-meridionale-madonna-del-buon-consiglio-imr\/\"\n\t\ttitle=\"Suor Lidia Strzelczyk termina la 2a parte della Visita canonica all&#8217;Ispettoria Meridionale \u00abMadonna del Buon Consiglio\u00bb (IMR).\"\n\t\trel=\"bookmark\"\n\t\tclass=\"tribe-events-calendar-month__calendar-event-tooltip-title-link tribe-common-anchor-thin\"\n\t>\n\t\tSuor Lidia Strzelczyk termina la 2a parte della Visita canonica all&#8217;Ispettoria Meridionale \u00abMadonna del Buon Consiglio\u00bb (IMR).\t<\/a>\n<\/div>\n\t\t\t\t\t<\/div>\n<\/div>\n\t<\/article>\n<\/div>\n\n\t<div class=\"tribe-events-calendar-month__multiday-event-wrapper\">\n\t<article  class=\"tribe-events-calendar-month__multiday-event post-150932 tribe_events type-tribe_events status-publish tribe_events_cat-agenda-es tribe_events_cat-sr-maria-assunta-sumiko-inoue-es tribe_events_cat-visitadora cat_agenda-es cat_sr-maria-assunta-sumiko-inoue-es cat_visitadora\"  data-event-id=\"150932\">\n\t\t<div class=\"tribe-events-calendar-month__multiday-event-hidden\">\n\t<time\n\tdatetime=\"2026-05-14\"\n\tclass=\"tribe-common-a11y-visual-hide\"\n>\n\t2026-05-14<\/time>\n\t<a\n\thref=\"https:\/\/www.cgfmanet.org\/es\/event\/suor-maria-assunta-sumiko-inoue-fa-una-visita-breve-allispettoria-santa-maria-mazzarello-tha\/\"\n\tclass=\"tribe-events-calendar-month__multiday-event-hidden-link\"\n\tdata-js=\"tribe-events-tooltip\"\n\tdata-tooltip-content=\"#tribe-events-tooltip-content-150932\"\n\taria-describedby=\"tribe-events-tooltip-content-150932\"\n>\n\t\t<div class=\"tribe-events-calendar-month__multiday-event-hidden-title tribe-common-h8\">\n\tSuor Maria Assunta Sumiko Inoue fa una Visita breve all&#8217;Ispettoria \u201cSanta Maria Mazzarello\u201d (THA).<\/div>\n<\/a>\n<\/div>\n\t\t\t<\/article>\n<\/div>\n\n\t<div class=\"tribe-events-calendar-month__multiday-event-wrapper\">\n\t<article  class=\"tribe-events-calendar-month__multiday-event post-156710 tribe_events type-tribe_events status-publish tribe_events_cat-agenda-es tribe_events_cat-consejera-para-la-pastoral-juvenil cat_agenda-es cat_consejera-para-la-pastoral-juvenil\"  data-event-id=\"156710\">\n\t\t<div class=\"tribe-events-calendar-month__multiday-event-hidden\">\n\t<time\n\tdatetime=\"2026-05-14\"\n\tclass=\"tribe-common-a11y-visual-hide\"\n>\n\t2026-05-14<\/time>\n\t<a\n\thref=\"https:\/\/www.cgfmanet.org\/es\/event\/suor-runita-borja-partecipa-al-congresso-degli-educatori-della-conferenza-interispettoriale-ciao-sul-tema-il-patto-educativo-globale-nello-stile-salesiano-a-tokyo-in-giappone\/\"\n\tclass=\"tribe-events-calendar-month__multiday-event-hidden-link\"\n\tdata-js=\"tribe-events-tooltip\"\n\tdata-tooltip-content=\"#tribe-events-tooltip-content-156710\"\n\taria-describedby=\"tribe-events-tooltip-content-156710\"\n>\n\t\t<div class=\"tribe-events-calendar-month__multiday-event-hidden-title tribe-common-h8\">\n\tSuor Runita Borja partecipa al Congresso degli Educatori della Conferenza interispettoriale CIAO sul tema \u201cIl Patto Educativo Globale nello stile salesiano\u201d. A Tokyo, in Giappone.<\/div>\n<\/a>\n<\/div>\n\t\t\t<\/article>\n<\/div>\n\n\n\t\t\t<\/div>\n\n\t\n<\/div>\n<\/td>\n\n\t\t\t\n\t\t\t\t<td\n\t class=\"tribe-events-calendar-month__day\" \taria-labelledby=\"tribe-events-calendar-day-2026-05-20\"\n\tdata-js=\"tribe-events-month-grid-cell\"\n>\n\t<button\n\taria-expanded=\"false\"\n\taria-controls=\"tribe-events-calendar-mobile-day-2026-05-20\"\n\taria-label=\"mayo 20, 1 evento, pr\u00f3ximo d\u00eda\"\n\t class=\"tribe-events-calendar-month__day-cell tribe-events-calendar-month__day-cell--mobile\" \tdata-js=\"tribe-events-calendar-month-day-cell-mobile\"\n>\n\t<h3 class=\"tribe-events-calendar-month__day-date tribe-common-h6 tribe-common-h--alt\">\n\t\t<span class=\"tribe-common-a11y-visual-hide\">\n\t\t\t1 evento\t\t<\/span>\n\t\t<time\n\t\t\tclass=\"tribe-events-calendar-month__day-date-daynum\"\n\t\t\tdatetime=\"2026-05-20\"\n\t\t>\n\t\t\t20\t\t<\/time>\n\t<\/h3>\n\t\n\t<span class=\"tribe-events-calendar-month__mobile-events-icon tribe-events-calendar-month__mobile-events-icon--event\" >\n\t<\/span>\n<\/button>\n\t\n<div\n\tid=\"tribe-events-calendar-day-2026-05-20\"\n\tclass=\"tribe-events-calendar-month__day-cell tribe-events-calendar-month__day-cell--desktop tribe-common-a11y-hidden\"\n>\n\t\n<h3 class=\"tribe-events-calendar-month__day-date tribe-common-h4\">\n\t<span class=\"tribe-common-a11y-visual-hide\">\n\t\t1 evento,\n\t<\/span>\n\t<time\n\t\tclass=\"tribe-events-calendar-month__day-date-daynum\"\n\t\tdatetime=\"2026-05-20\"\n\t>\n\t\t\t\t\t<a\n\t\t\t\thref=\"https:\/\/www.cgfmanet.org\/es\/eventos\/2026-05-20\/?shortcode=tribe-widget-events-month-15\"\n\t\t\t\tclass=\"tribe-events-calendar-month__day-date-link\"\n\t\t\t\tdata-js=\"tribe-events-view-link\"\n\t\t\t\taria-label=\"20 mayo\"\n\t\t\t>\n\t\t\t\t20\t\t\t<\/a>\n\t\t\t<\/time>\n<\/h3>\n\n\t<div class=\"tribe-events-calendar-month__events\">\n\t\t\n\t<div class=\"tribe-events-calendar-month__multiday-event-wrapper tribe-events-calendar-month__multiday-event--empty\"><\/div>\n\t<div class=\"tribe-events-calendar-month__multiday-event-wrapper tribe-events-calendar-month__multiday-event--empty\"><\/div>\n\t<div class=\"tribe-events-calendar-month__multiday-event-wrapper\">\n\t<article  class=\"tribe-events-calendar-month__multiday-event post-150932 tribe_events type-tribe_events status-publish tribe_events_cat-agenda-es tribe_events_cat-sr-maria-assunta-sumiko-inoue-es tribe_events_cat-visitadora cat_agenda-es cat_sr-maria-assunta-sumiko-inoue-es cat_visitadora\"  data-event-id=\"150932\">\n\t\t<div class=\"tribe-events-calendar-month__multiday-event-hidden\">\n\t<time\n\tdatetime=\"2026-05-14\"\n\tclass=\"tribe-common-a11y-visual-hide\"\n>\n\t2026-05-14<\/time>\n\t<a\n\thref=\"https:\/\/www.cgfmanet.org\/es\/event\/suor-maria-assunta-sumiko-inoue-fa-una-visita-breve-allispettoria-santa-maria-mazzarello-tha\/\"\n\tclass=\"tribe-events-calendar-month__multiday-event-hidden-link\"\n\tdata-js=\"tribe-events-tooltip\"\n\tdata-tooltip-content=\"#tribe-events-tooltip-content-150932\"\n\taria-describedby=\"tribe-events-tooltip-content-150932\"\n>\n\t\t<div class=\"tribe-events-calendar-month__multiday-event-hidden-title tribe-common-h8\">\n\tSuor Maria Assunta Sumiko Inoue fa una Visita breve all&#8217;Ispettoria \u201cSanta Maria Mazzarello\u201d (THA).<\/div>\n<\/a>\n<\/div>\n\t\t\t<\/article>\n<\/div>\n\n\n\t\t\t<\/div>\n\n\t\n<\/div>\n<\/td>\n\n\t\t\t\n\t\t\t\t<td\n\t class=\"tribe-events-calendar-month__day\" \taria-labelledby=\"tribe-events-calendar-day-2026-05-21\"\n\tdata-js=\"tribe-events-month-grid-cell\"\n>\n\t<button\n\taria-expanded=\"false\"\n\taria-controls=\"tribe-events-calendar-mobile-day-2026-05-21\"\n\taria-label=\"mayo 21, 2 eventos, pr\u00f3ximo d\u00eda\"\n\t class=\"tribe-events-calendar-month__day-cell tribe-events-calendar-month__day-cell--mobile\" \tdata-js=\"tribe-events-calendar-month-day-cell-mobile\"\n>\n\t<h3 class=\"tribe-events-calendar-month__day-date tribe-common-h6 tribe-common-h--alt\">\n\t\t<span class=\"tribe-common-a11y-visual-hide\">\n\t\t\t2 eventos\t\t<\/span>\n\t\t<time\n\t\t\tclass=\"tribe-events-calendar-month__day-date-daynum\"\n\t\t\tdatetime=\"2026-05-21\"\n\t\t>\n\t\t\t21\t\t<\/time>\n\t<\/h3>\n\t\n\t<span class=\"tribe-events-calendar-month__mobile-events-icon tribe-events-calendar-month__mobile-events-icon--event\" >\n\t<\/span>\n<\/button>\n\t\n<div\n\tid=\"tribe-events-calendar-day-2026-05-21\"\n\tclass=\"tribe-events-calendar-month__day-cell tribe-events-calendar-month__day-cell--desktop tribe-common-a11y-hidden\"\n>\n\t\n<h3 class=\"tribe-events-calendar-month__day-date tribe-common-h4\">\n\t<span class=\"tribe-common-a11y-visual-hide\">\n\t\t2 eventos,\n\t<\/span>\n\t<time\n\t\tclass=\"tribe-events-calendar-month__day-date-daynum\"\n\t\tdatetime=\"2026-05-21\"\n\t>\n\t\t\t\t\t<a\n\t\t\t\thref=\"https:\/\/www.cgfmanet.org\/es\/eventos\/2026-05-21\/?shortcode=tribe-widget-events-month-15\"\n\t\t\t\tclass=\"tribe-events-calendar-month__day-date-link\"\n\t\t\t\tdata-js=\"tribe-events-view-link\"\n\t\t\t\taria-label=\"21 mayo\"\n\t\t\t>\n\t\t\t\t21\t\t\t<\/a>\n\t\t\t<\/time>\n<\/h3>\n\n\t<div class=\"tribe-events-calendar-month__events\">\n\t\t\n\t<div class=\"tribe-events-calendar-month__multiday-event-wrapper\">\n\t<article  class=\"tribe-events-calendar-month__multiday-event post-151124 tribe_events type-tribe_events status-publish tribe_events_cat-agenda-es tribe_events_cat-consejera-para-la-familia-salesiana cat_agenda-es cat_consejera-para-la-familia-salesiana tribe-events-calendar-month__multiday-event--width-3 tribe-events-calendar-month__multiday-event--display tribe-events-calendar-month__multiday-event--start tribe-events-calendar-month__multiday-event--end\"  data-event-id=\"151124\">\n\t\t<div class=\"tribe-events-calendar-month__multiday-event-hidden\">\n\t<time\n\tdatetime=\"2026-05-21\"\n\tclass=\"tribe-common-a11y-visual-hide\"\n>\n\t2026-05-21<\/time>\n\t<a\n\thref=\"https:\/\/www.cgfmanet.org\/es\/event\/suor-leslie-sandigo-e-le-collaboratrici-dellambito-partecipano-alla-consulta-della-famiglia-salesiana-a-valdocco-torino-2\/\"\n\tclass=\"tribe-events-calendar-month__multiday-event-hidden-link\"\n\tdata-js=\"tribe-events-tooltip\"\n\tdata-tooltip-content=\"#tribe-events-tooltip-content-151124\"\n\taria-describedby=\"tribe-events-tooltip-content-151124\"\n>\n\t\t<div class=\"tribe-events-calendar-month__multiday-event-hidden-title tribe-common-h8\">\n\tSuor Leslie S\u00e1ndigo e le Collaboratrici dell\u2019Ambito partecipano alla Consulta della Famiglia Salesiana a Valdocco, Torino.<\/div>\n<\/a>\n<\/div>\n\t\t<div class=\"tribe-events-calendar-month__multiday-event-bar\">\n\t<div class=\"tribe-events-calendar-month__multiday-event-bar-inner\">\n\t\t\t\t<div class=\"tribe-events-calendar-month__multiday-event-bar-title tribe-common-h8\">\n\tSuor Leslie S\u00e1ndigo e le Collaboratrici dell\u2019Ambito partecipano alla Consulta della Famiglia Salesiana a Valdocco, Torino.<\/div>\n\t<\/div>\n<\/div>\n<div class=\"tribe-events-calendar-month__calendar-event-tooltip-template tribe-common-a11y-hidden\">\n\t<div\n\t\tclass=\"tribe-events-calendar-month__calendar-event-tooltip\"\n\t\tid=\"tribe-events-tooltip-content-151124\"\n\t\trole=\"tooltip\"\n\t>\n\t\t\t\t<div class=\"tribe-events-calendar-month__calendar-event-tooltip-datetime\">\n\t\t<time datetime=\"2026-05-21\">\n\t\t<span class=\"tribe-event-date-start\">21 mayo<\/span> - <span class=\"tribe-event-date-end\">23 mayo<\/span>\t<\/time>\n\t<\/div>\n\t\t<div class=\"tribe-events-calendar-month__calendar-event-tooltip-title tribe-common-h7\">\n\t<a\n\t\thref=\"https:\/\/www.cgfmanet.org\/es\/event\/suor-leslie-sandigo-e-le-collaboratrici-dellambito-partecipano-alla-consulta-della-famiglia-salesiana-a-valdocco-torino-2\/\"\n\t\ttitle=\"Suor Leslie S\u00e1ndigo e le Collaboratrici dell\u2019Ambito partecipano alla Consulta della Famiglia Salesiana a Valdocco, Torino.\"\n\t\trel=\"bookmark\"\n\t\tclass=\"tribe-events-calendar-month__calendar-event-tooltip-title-link tribe-common-anchor-thin\"\n\t>\n\t\tSuor Leslie S\u00e1ndigo e le Collaboratrici dell\u2019Ambito partecipano alla Consulta della Famiglia Salesiana a Valdocco, Torino.\t<\/a>\n<\/div>\n\t\t\t\t\t<\/div>\n<\/div>\n\t<\/article>\n<\/div>\n\n\t<div class=\"tribe-events-calendar-month__multiday-event-wrapper tribe-events-calendar-month__multiday-event--empty\"><\/div>\n\t<div class=\"tribe-events-calendar-month__multiday-event-wrapper\">\n\t<article  class=\"tribe-events-calendar-month__multiday-event post-150932 tribe_events type-tribe_events status-publish tribe_events_cat-agenda-es tribe_events_cat-sr-maria-assunta-sumiko-inoue-es tribe_events_cat-visitadora cat_agenda-es cat_sr-maria-assunta-sumiko-inoue-es cat_visitadora\"  data-event-id=\"150932\">\n\t\t<div class=\"tribe-events-calendar-month__multiday-event-hidden\">\n\t<time\n\tdatetime=\"2026-05-14\"\n\tclass=\"tribe-common-a11y-visual-hide\"\n>\n\t2026-05-14<\/time>\n\t<a\n\thref=\"https:\/\/www.cgfmanet.org\/es\/event\/suor-maria-assunta-sumiko-inoue-fa-una-visita-breve-allispettoria-santa-maria-mazzarello-tha\/\"\n\tclass=\"tribe-events-calendar-month__multiday-event-hidden-link\"\n\tdata-js=\"tribe-events-tooltip\"\n\tdata-tooltip-content=\"#tribe-events-tooltip-content-150932\"\n\taria-describedby=\"tribe-events-tooltip-content-150932\"\n>\n\t\t<div class=\"tribe-events-calendar-month__multiday-event-hidden-title tribe-common-h8\">\n\tSuor Maria Assunta Sumiko Inoue fa una Visita breve all&#8217;Ispettoria \u201cSanta Maria Mazzarello\u201d (THA).<\/div>\n<\/a>\n<\/div>\n\t\t\t<\/article>\n<\/div>\n\n\n\t\t\t<\/div>\n\n\t\n<\/div>\n<\/td>\n\n\t\t\t\n\t\t\t\t<td\n\t class=\"tribe-events-calendar-month__day\" \taria-labelledby=\"tribe-events-calendar-day-2026-05-22\"\n\tdata-js=\"tribe-events-month-grid-cell\"\n>\n\t<button\n\taria-expanded=\"false\"\n\taria-controls=\"tribe-events-calendar-mobile-day-2026-05-22\"\n\taria-label=\"mayo 22, 4 eventos, pr\u00f3ximo d\u00eda\"\n\t class=\"tribe-events-calendar-month__day-cell tribe-events-calendar-month__day-cell--mobile\" \tdata-js=\"tribe-events-calendar-month-day-cell-mobile\"\n>\n\t<h3 class=\"tribe-events-calendar-month__day-date tribe-common-h6 tribe-common-h--alt\">\n\t\t<span class=\"tribe-common-a11y-visual-hide\">\n\t\t\t4 eventos\t\t<\/span>\n\t\t<time\n\t\t\tclass=\"tribe-events-calendar-month__day-date-daynum\"\n\t\t\tdatetime=\"2026-05-22\"\n\t\t>\n\t\t\t22\t\t<\/time>\n\t<\/h3>\n\t\n\t<span class=\"tribe-events-calendar-month__mobile-events-icon tribe-events-calendar-month__mobile-events-icon--event\" >\n\t<\/span>\n<\/button>\n\t\n<div\n\tid=\"tribe-events-calendar-day-2026-05-22\"\n\tclass=\"tribe-events-calendar-month__day-cell tribe-events-calendar-month__day-cell--desktop tribe-common-a11y-hidden\"\n>\n\t\n<h3 class=\"tribe-events-calendar-month__day-date tribe-common-h4\">\n\t<span class=\"tribe-common-a11y-visual-hide\">\n\t\t4 eventos,\n\t<\/span>\n\t<time\n\t\tclass=\"tribe-events-calendar-month__day-date-daynum\"\n\t\tdatetime=\"2026-05-22\"\n\t>\n\t\t\t\t\t<a\n\t\t\t\thref=\"https:\/\/www.cgfmanet.org\/es\/eventos\/2026-05-22\/?shortcode=tribe-widget-events-month-15\"\n\t\t\t\tclass=\"tribe-events-calendar-month__day-date-link\"\n\t\t\t\tdata-js=\"tribe-events-view-link\"\n\t\t\t\taria-label=\"22 mayo\"\n\t\t\t>\n\t\t\t\t22\t\t\t<\/a>\n\t\t\t<\/time>\n<\/h3>\n\n\t<div class=\"tribe-events-calendar-month__events\">\n\t\t\n\t<div class=\"tribe-events-calendar-month__multiday-event-wrapper\">\n\t<article  class=\"tribe-events-calendar-month__multiday-event post-151124 tribe_events type-tribe_events status-publish tribe_events_cat-agenda-es tribe_events_cat-consejera-para-la-familia-salesiana cat_agenda-es cat_consejera-para-la-familia-salesiana\"  data-event-id=\"151124\">\n\t\t<div class=\"tribe-events-calendar-month__multiday-event-hidden\">\n\t<time\n\tdatetime=\"2026-05-21\"\n\tclass=\"tribe-common-a11y-visual-hide\"\n>\n\t2026-05-21<\/time>\n\t<a\n\thref=\"https:\/\/www.cgfmanet.org\/es\/event\/suor-leslie-sandigo-e-le-collaboratrici-dellambito-partecipano-alla-consulta-della-famiglia-salesiana-a-valdocco-torino-2\/\"\n\tclass=\"tribe-events-calendar-month__multiday-event-hidden-link\"\n\tdata-js=\"tribe-events-tooltip\"\n\tdata-tooltip-content=\"#tribe-events-tooltip-content-151124\"\n\taria-describedby=\"tribe-events-tooltip-content-151124\"\n>\n\t\t<div class=\"tribe-events-calendar-month__multiday-event-hidden-title tribe-common-h8\">\n\tSuor Leslie S\u00e1ndigo e le Collaboratrici dell\u2019Ambito partecipano alla Consulta della Famiglia Salesiana a Valdocco, Torino.<\/div>\n<\/a>\n<\/div>\n\t\t\t<\/article>\n<\/div>\n\n\t<div class=\"tribe-events-calendar-month__multiday-event-wrapper\">\n\t<article  class=\"tribe-events-calendar-month__multiday-event post-155292 tribe_events type-tribe_events status-publish tribe_events_cat-agenda-es tribe_events_cat-madre-general cat_agenda-es cat_madre-general tribe-events-calendar-month__multiday-event--width-2 tribe-events-calendar-month__multiday-event--display tribe-events-calendar-month__multiday-event--start tribe-events-calendar-month__multiday-event--end\"  data-event-id=\"155292\">\n\t\t<div class=\"tribe-events-calendar-month__multiday-event-hidden\">\n\t<time\n\tdatetime=\"2026-05-22\"\n\tclass=\"tribe-common-a11y-visual-hide\"\n>\n\t2026-05-22<\/time>\n\t<a\n\thref=\"https:\/\/www.cgfmanet.org\/es\/event\/la-madre-partecipa-alla-consulta-della-famiglia-salesiana-sul-tema-della-strenna-2026-a-torino-valdocco\/\"\n\tclass=\"tribe-events-calendar-month__multiday-event-hidden-link\"\n\tdata-js=\"tribe-events-tooltip\"\n\tdata-tooltip-content=\"#tribe-events-tooltip-content-155292\"\n\taria-describedby=\"tribe-events-tooltip-content-155292\"\n>\n\t\t<div class=\"tribe-events-calendar-month__multiday-event-hidden-title tribe-common-h8\">\n\tLa Madre partecipa alla Consulta della Famiglia Salesiana sul tema della Strenna 2026. A Torino, Valdocco.<\/div>\n<\/a>\n<\/div>\n\t\t<div class=\"tribe-events-calendar-month__multiday-event-bar\">\n\t<div class=\"tribe-events-calendar-month__multiday-event-bar-inner\">\n\t\t\t\t<div class=\"tribe-events-calendar-month__multiday-event-bar-title tribe-common-h8\">\n\tLa Madre partecipa alla Consulta della Famiglia Salesiana sul tema della Strenna 2026. A Torino, Valdocco.<\/div>\n\t<\/div>\n<\/div>\n<div class=\"tribe-events-calendar-month__calendar-event-tooltip-template tribe-common-a11y-hidden\">\n\t<div\n\t\tclass=\"tribe-events-calendar-month__calendar-event-tooltip\"\n\t\tid=\"tribe-events-tooltip-content-155292\"\n\t\trole=\"tooltip\"\n\t>\n\t\t\t\t<div class=\"tribe-events-calendar-month__calendar-event-tooltip-datetime\">\n\t\t<time datetime=\"2026-05-22\">\n\t\t<span class=\"tribe-event-date-start\">22 mayo<\/span> - <span class=\"tribe-event-date-end\">23 mayo<\/span>\t<\/time>\n\t<\/div>\n\t\t<div class=\"tribe-events-calendar-month__calendar-event-tooltip-title tribe-common-h7\">\n\t<a\n\t\thref=\"https:\/\/www.cgfmanet.org\/es\/event\/la-madre-partecipa-alla-consulta-della-famiglia-salesiana-sul-tema-della-strenna-2026-a-torino-valdocco\/\"\n\t\ttitle=\"La Madre partecipa alla Consulta della Famiglia Salesiana sul tema della Strenna 2026. A Torino, Valdocco.\"\n\t\trel=\"bookmark\"\n\t\tclass=\"tribe-events-calendar-month__calendar-event-tooltip-title-link tribe-common-anchor-thin\"\n\t>\n\t\tLa Madre partecipa alla Consulta della Famiglia Salesiana sul tema della Strenna 2026. A Torino, Valdocco.\t<\/a>\n<\/div>\n\t\t\t\t\t<\/div>\n<\/div>\n\t<\/article>\n<\/div>\n\n\t<div class=\"tribe-events-calendar-month__multiday-event-wrapper\">\n\t<article  class=\"tribe-events-calendar-month__multiday-event post-150932 tribe_events type-tribe_events status-publish tribe_events_cat-agenda-es tribe_events_cat-sr-maria-assunta-sumiko-inoue-es tribe_events_cat-visitadora cat_agenda-es cat_sr-maria-assunta-sumiko-inoue-es cat_visitadora\"  data-event-id=\"150932\">\n\t\t<div class=\"tribe-events-calendar-month__multiday-event-hidden\">\n\t<time\n\tdatetime=\"2026-05-14\"\n\tclass=\"tribe-common-a11y-visual-hide\"\n>\n\t2026-05-14<\/time>\n\t<a\n\thref=\"https:\/\/www.cgfmanet.org\/es\/event\/suor-maria-assunta-sumiko-inoue-fa-una-visita-breve-allispettoria-santa-maria-mazzarello-tha\/\"\n\tclass=\"tribe-events-calendar-month__multiday-event-hidden-link\"\n\tdata-js=\"tribe-events-tooltip\"\n\tdata-tooltip-content=\"#tribe-events-tooltip-content-150932\"\n\taria-describedby=\"tribe-events-tooltip-content-150932\"\n>\n\t\t<div class=\"tribe-events-calendar-month__multiday-event-hidden-title tribe-common-h8\">\n\tSuor Maria Assunta Sumiko Inoue fa una Visita breve all&#8217;Ispettoria \u201cSanta Maria Mazzarello\u201d (THA).<\/div>\n<\/a>\n<\/div>\n\t\t\t<\/article>\n<\/div>\n\n\t<div class=\"tribe-events-calendar-month__multiday-event-wrapper\">\n\t<article  class=\"tribe-events-calendar-month__multiday-event post-151249 tribe_events type-tribe_events status-publish tribe_events_cat-visitadora tribe_events_cat-sr-riccioli-marta-liliana-es tribe_events_cat-agenda-es cat_visitadora cat_sr-riccioli-marta-liliana-es cat_agenda-es tribe-events-calendar-month__multiday-event--width-1 tribe-events-calendar-month__multiday-event--display tribe-events-calendar-month__multiday-event--start tribe-events-calendar-month__multiday-event--end\"  data-event-id=\"151249\">\n\t\t<div class=\"tribe-events-calendar-month__multiday-event-hidden\">\n\t<time\n\tdatetime=\"2026-05-22\"\n\tclass=\"tribe-common-a11y-visual-hide\"\n>\n\t2026-05-22<\/time>\n\t<a\n\thref=\"https:\/\/www.cgfmanet.org\/es\/event\/suor-marta-riccioli-termina-la-visita-canonica-allispettoria-nostra-signora-di-chiquinquira-cbc\/\"\n\tclass=\"tribe-events-calendar-month__multiday-event-hidden-link\"\n\tdata-js=\"tribe-events-tooltip\"\n\tdata-tooltip-content=\"#tribe-events-tooltip-content-151249\"\n\taria-describedby=\"tribe-events-tooltip-content-151249\"\n>\n\t\t<div class=\"tribe-events-calendar-month__multiday-event-hidden-title tribe-common-h8\">\n\tSuor Marta Riccioli termina la Visita canonica all\u2019Ispettoria \u00abNostra Signora di Chiquinquir\u00e1\u00bb (CBC).<\/div>\n<\/a>\n<\/div>\n\t\t<div class=\"tribe-events-calendar-month__multiday-event-bar\">\n\t<div class=\"tribe-events-calendar-month__multiday-event-bar-inner\">\n\t\t\t\t<div class=\"tribe-events-calendar-month__multiday-event-bar-title tribe-common-h8\">\n\tSuor Marta Riccioli termina la Visita canonica all\u2019Ispettoria \u00abNostra Signora di Chiquinquir\u00e1\u00bb (CBC).<\/div>\n\t<\/div>\n<\/div>\n<div class=\"tribe-events-calendar-month__calendar-event-tooltip-template tribe-common-a11y-hidden\">\n\t<div\n\t\tclass=\"tribe-events-calendar-month__calendar-event-tooltip\"\n\t\tid=\"tribe-events-tooltip-content-151249\"\n\t\trole=\"tooltip\"\n\t>\n\t\t\t\t<div class=\"tribe-events-calendar-month__calendar-event-tooltip-datetime\">\n\t\t<time datetime=\"2026-05-22\">\n\t\t<span class=\"tribe-event-date-start\">22 mayo<\/span>\t<\/time>\n\t<\/div>\n\t\t<div class=\"tribe-events-calendar-month__calendar-event-tooltip-title tribe-common-h7\">\n\t<a\n\t\thref=\"https:\/\/www.cgfmanet.org\/es\/event\/suor-marta-riccioli-termina-la-visita-canonica-allispettoria-nostra-signora-di-chiquinquira-cbc\/\"\n\t\ttitle=\"Suor Marta Riccioli termina la Visita canonica all\u2019Ispettoria \u00abNostra Signora di Chiquinquir\u00e1\u00bb (CBC).\"\n\t\trel=\"bookmark\"\n\t\tclass=\"tribe-events-calendar-month__calendar-event-tooltip-title-link tribe-common-anchor-thin\"\n\t>\n\t\tSuor Marta Riccioli termina la Visita canonica all\u2019Ispettoria \u00abNostra Signora di Chiquinquir\u00e1\u00bb (CBC).\t<\/a>\n<\/div>\n\t\t\t\t\t<\/div>\n<\/div>\n\t<\/article>\n<\/div>\n\n\n\t\t\t<\/div>\n\n\t\n<\/div>\n<\/td>\n\n\t\t\t\n\t\t\t\t<td\n\t class=\"tribe-events-calendar-month__day\" \taria-labelledby=\"tribe-events-calendar-day-2026-05-23\"\n\tdata-js=\"tribe-events-month-grid-cell\"\n>\n\t<button\n\taria-expanded=\"false\"\n\taria-controls=\"tribe-events-calendar-mobile-day-2026-05-23\"\n\taria-label=\"mayo 23, 3 eventos, pr\u00f3ximo d\u00eda\"\n\t class=\"tribe-events-calendar-month__day-cell tribe-events-calendar-month__day-cell--mobile\" \tdata-js=\"tribe-events-calendar-month-day-cell-mobile\"\n>\n\t<h3 class=\"tribe-events-calendar-month__day-date tribe-common-h6 tribe-common-h--alt\">\n\t\t<span class=\"tribe-common-a11y-visual-hide\">\n\t\t\t3 eventos\t\t<\/span>\n\t\t<time\n\t\t\tclass=\"tribe-events-calendar-month__day-date-daynum\"\n\t\t\tdatetime=\"2026-05-23\"\n\t\t>\n\t\t\t23\t\t<\/time>\n\t<\/h3>\n\t\n\t<span class=\"tribe-events-calendar-month__mobile-events-icon tribe-events-calendar-month__mobile-events-icon--event\" >\n\t<\/span>\n<\/button>\n\t\n<div\n\tid=\"tribe-events-calendar-day-2026-05-23\"\n\tclass=\"tribe-events-calendar-month__day-cell tribe-events-calendar-month__day-cell--desktop tribe-common-a11y-hidden\"\n>\n\t\n<h3 class=\"tribe-events-calendar-month__day-date tribe-common-h4\">\n\t<span class=\"tribe-common-a11y-visual-hide\">\n\t\t3 eventos,\n\t<\/span>\n\t<time\n\t\tclass=\"tribe-events-calendar-month__day-date-daynum\"\n\t\tdatetime=\"2026-05-23\"\n\t>\n\t\t\t\t\t<a\n\t\t\t\thref=\"https:\/\/www.cgfmanet.org\/es\/eventos\/2026-05-23\/?shortcode=tribe-widget-events-month-15\"\n\t\t\t\tclass=\"tribe-events-calendar-month__day-date-link\"\n\t\t\t\tdata-js=\"tribe-events-view-link\"\n\t\t\t\taria-label=\"23 mayo\"\n\t\t\t>\n\t\t\t\t23\t\t\t<\/a>\n\t\t\t<\/time>\n<\/h3>\n\n\t<div class=\"tribe-events-calendar-month__events\">\n\t\t\n\t<div class=\"tribe-events-calendar-month__multiday-event-wrapper\">\n\t<article  class=\"tribe-events-calendar-month__multiday-event post-151124 tribe_events type-tribe_events status-publish tribe_events_cat-agenda-es tribe_events_cat-consejera-para-la-familia-salesiana cat_agenda-es cat_consejera-para-la-familia-salesiana\"  data-event-id=\"151124\">\n\t\t<div class=\"tribe-events-calendar-month__multiday-event-hidden\">\n\t<time\n\tdatetime=\"2026-05-21\"\n\tclass=\"tribe-common-a11y-visual-hide\"\n>\n\t2026-05-21<\/time>\n\t<a\n\thref=\"https:\/\/www.cgfmanet.org\/es\/event\/suor-leslie-sandigo-e-le-collaboratrici-dellambito-partecipano-alla-consulta-della-famiglia-salesiana-a-valdocco-torino-2\/\"\n\tclass=\"tribe-events-calendar-month__multiday-event-hidden-link\"\n\tdata-js=\"tribe-events-tooltip\"\n\tdata-tooltip-content=\"#tribe-events-tooltip-content-151124\"\n\taria-describedby=\"tribe-events-tooltip-content-151124\"\n>\n\t\t<div class=\"tribe-events-calendar-month__multiday-event-hidden-title tribe-common-h8\">\n\tSuor Leslie S\u00e1ndigo e le Collaboratrici dell\u2019Ambito partecipano alla Consulta della Famiglia Salesiana a Valdocco, Torino.<\/div>\n<\/a>\n<\/div>\n\t\t\t<\/article>\n<\/div>\n\n\t<div class=\"tribe-events-calendar-month__multiday-event-wrapper\">\n\t<article  class=\"tribe-events-calendar-month__multiday-event post-155292 tribe_events type-tribe_events status-publish tribe_events_cat-agenda-es tribe_events_cat-madre-general cat_agenda-es cat_madre-general\"  data-event-id=\"155292\">\n\t\t<div class=\"tribe-events-calendar-month__multiday-event-hidden\">\n\t<time\n\tdatetime=\"2026-05-22\"\n\tclass=\"tribe-common-a11y-visual-hide\"\n>\n\t2026-05-22<\/time>\n\t<a\n\thref=\"https:\/\/www.cgfmanet.org\/es\/event\/la-madre-partecipa-alla-consulta-della-famiglia-salesiana-sul-tema-della-strenna-2026-a-torino-valdocco\/\"\n\tclass=\"tribe-events-calendar-month__multiday-event-hidden-link\"\n\tdata-js=\"tribe-events-tooltip\"\n\tdata-tooltip-content=\"#tribe-events-tooltip-content-155292\"\n\taria-describedby=\"tribe-events-tooltip-content-155292\"\n>\n\t\t<div class=\"tribe-events-calendar-month__multiday-event-hidden-title tribe-common-h8\">\n\tLa Madre partecipa alla Consulta della Famiglia Salesiana sul tema della Strenna 2026. A Torino, Valdocco.<\/div>\n<\/a>\n<\/div>\n\t\t\t<\/article>\n<\/div>\n\n\t<div class=\"tribe-events-calendar-month__multiday-event-wrapper\">\n\t<article  class=\"tribe-events-calendar-month__multiday-event post-150932 tribe_events type-tribe_events status-publish tribe_events_cat-agenda-es tribe_events_cat-sr-maria-assunta-sumiko-inoue-es tribe_events_cat-visitadora cat_agenda-es cat_sr-maria-assunta-sumiko-inoue-es cat_visitadora\"  data-event-id=\"150932\">\n\t\t<div class=\"tribe-events-calendar-month__multiday-event-hidden\">\n\t<time\n\tdatetime=\"2026-05-14\"\n\tclass=\"tribe-common-a11y-visual-hide\"\n>\n\t2026-05-14<\/time>\n\t<a\n\thref=\"https:\/\/www.cgfmanet.org\/es\/event\/suor-maria-assunta-sumiko-inoue-fa-una-visita-breve-allispettoria-santa-maria-mazzarello-tha\/\"\n\tclass=\"tribe-events-calendar-month__multiday-event-hidden-link\"\n\tdata-js=\"tribe-events-tooltip\"\n\tdata-tooltip-content=\"#tribe-events-tooltip-content-150932\"\n\taria-describedby=\"tribe-events-tooltip-content-150932\"\n>\n\t\t<div class=\"tribe-events-calendar-month__multiday-event-hidden-title tribe-common-h8\">\n\tSuor Maria Assunta Sumiko Inoue fa una Visita breve all&#8217;Ispettoria \u201cSanta Maria Mazzarello\u201d (THA).<\/div>\n<\/a>\n<\/div>\n\t\t\t<\/article>\n<\/div>\n\n\n\t\t\t<\/div>\n\n\t\n<\/div>\n<\/td>\n\n\t\t\t\n\t\t\t\t<td\n\t class=\"tribe-events-calendar-month__day\" \taria-labelledby=\"tribe-events-calendar-day-2026-05-24\"\n\tdata-js=\"tribe-events-month-grid-cell\"\n>\n\t<button\n\taria-expanded=\"false\"\n\taria-controls=\"tribe-events-calendar-mobile-day-2026-05-24\"\n\taria-label=\"mayo 24, 2 eventos, pr\u00f3ximo d\u00eda\"\n\t class=\"tribe-events-calendar-month__day-cell tribe-events-calendar-month__day-cell--mobile\" \tdata-js=\"tribe-events-calendar-month-day-cell-mobile\"\n>\n\t<h3 class=\"tribe-events-calendar-month__day-date tribe-common-h6 tribe-common-h--alt\">\n\t\t<span class=\"tribe-common-a11y-visual-hide\">\n\t\t\t2 eventos\t\t<\/span>\n\t\t<time\n\t\t\tclass=\"tribe-events-calendar-month__day-date-daynum\"\n\t\t\tdatetime=\"2026-05-24\"\n\t\t>\n\t\t\t24\t\t<\/time>\n\t<\/h3>\n\t\n\t<span class=\"tribe-events-calendar-month__mobile-events-icon tribe-events-calendar-month__mobile-events-icon--event\" >\n\t<\/span>\n<\/button>\n\t\n<div\n\tid=\"tribe-events-calendar-day-2026-05-24\"\n\tclass=\"tribe-events-calendar-month__day-cell tribe-events-calendar-month__day-cell--desktop tribe-common-a11y-hidden\"\n>\n\t\n<h3 class=\"tribe-events-calendar-month__day-date tribe-common-h4\">\n\t<span class=\"tribe-common-a11y-visual-hide\">\n\t\t2 eventos,\n\t<\/span>\n\t<time\n\t\tclass=\"tribe-events-calendar-month__day-date-daynum\"\n\t\tdatetime=\"2026-05-24\"\n\t>\n\t\t\t\t\t<a\n\t\t\t\thref=\"https:\/\/www.cgfmanet.org\/es\/eventos\/2026-05-24\/?shortcode=tribe-widget-events-month-15\"\n\t\t\t\tclass=\"tribe-events-calendar-month__day-date-link\"\n\t\t\t\tdata-js=\"tribe-events-view-link\"\n\t\t\t\taria-label=\"24 mayo\"\n\t\t\t>\n\t\t\t\t24\t\t\t<\/a>\n\t\t\t<\/time>\n<\/h3>\n\n\t<div class=\"tribe-events-calendar-month__events\">\n\t\t\n\t<div class=\"tribe-events-calendar-month__multiday-event-wrapper\">\n\t<article  class=\"tribe-events-calendar-month__multiday-event post-155302 tribe_events type-tribe_events status-publish tribe_events_cat-agenda-es tribe_events_cat-madre-general cat_agenda-es cat_madre-general tribe-events-calendar-month__multiday-event--width-1 tribe-events-calendar-month__multiday-event--display tribe-events-calendar-month__multiday-event--start tribe-events-calendar-month__multiday-event--end\"  data-event-id=\"155302\">\n\t\t<div class=\"tribe-events-calendar-month__multiday-event-hidden\">\n\t<time\n\tdatetime=\"2026-05-24\"\n\tclass=\"tribe-common-a11y-visual-hide\"\n>\n\t2026-05-24<\/time>\n\t<a\n\thref=\"https:\/\/www.cgfmanet.org\/es\/event\/la-madre-partecipa-alla-celebrazione-della-solennita-di-maria-ausiliatrice-a-torino-valdocco\/\"\n\tclass=\"tribe-events-calendar-month__multiday-event-hidden-link\"\n\tdata-js=\"tribe-events-tooltip\"\n\tdata-tooltip-content=\"#tribe-events-tooltip-content-155302\"\n\taria-describedby=\"tribe-events-tooltip-content-155302\"\n>\n\t\t<div class=\"tribe-events-calendar-month__multiday-event-hidden-title tribe-common-h8\">\n\tLa Madre partecipa alla Celebrazione della solennit\u00e0 di Maria Ausiliatrice a Torino, Valdocco.<\/div>\n<\/a>\n<\/div>\n\t\t<div class=\"tribe-events-calendar-month__multiday-event-bar\">\n\t<div class=\"tribe-events-calendar-month__multiday-event-bar-inner\">\n\t\t\t\t<div class=\"tribe-events-calendar-month__multiday-event-bar-title tribe-common-h8\">\n\tLa Madre partecipa alla Celebrazione della solennit\u00e0 di Maria Ausiliatrice a Torino, Valdocco.<\/div>\n\t<\/div>\n<\/div>\n<div class=\"tribe-events-calendar-month__calendar-event-tooltip-template tribe-common-a11y-hidden\">\n\t<div\n\t\tclass=\"tribe-events-calendar-month__calendar-event-tooltip\"\n\t\tid=\"tribe-events-tooltip-content-155302\"\n\t\trole=\"tooltip\"\n\t>\n\t\t\t\t<div class=\"tribe-events-calendar-month__calendar-event-tooltip-datetime\">\n\t\t<time datetime=\"2026-05-24\">\n\t\t<span class=\"tribe-event-date-start\">24 mayo<\/span>\t<\/time>\n\t<\/div>\n\t\t<div class=\"tribe-events-calendar-month__calendar-event-tooltip-title tribe-common-h7\">\n\t<a\n\t\thref=\"https:\/\/www.cgfmanet.org\/es\/event\/la-madre-partecipa-alla-celebrazione-della-solennita-di-maria-ausiliatrice-a-torino-valdocco\/\"\n\t\ttitle=\"La Madre partecipa alla Celebrazione della solennit\u00e0 di Maria Ausiliatrice a Torino, Valdocco.\"\n\t\trel=\"bookmark\"\n\t\tclass=\"tribe-events-calendar-month__calendar-event-tooltip-title-link tribe-common-anchor-thin\"\n\t>\n\t\tLa Madre partecipa alla Celebrazione della solennit\u00e0 di Maria Ausiliatrice a Torino, Valdocco.\t<\/a>\n<\/div>\n\t\t\t\t\t<\/div>\n<\/div>\n\t<\/article>\n<\/div>\n\n\t<div class=\"tribe-events-calendar-month__multiday-event-wrapper tribe-events-calendar-month__multiday-event--empty\"><\/div>\n\t<div class=\"tribe-events-calendar-month__multiday-event-wrapper\">\n\t<article  class=\"tribe-events-calendar-month__multiday-event post-150932 tribe_events type-tribe_events status-publish tribe_events_cat-agenda-es tribe_events_cat-sr-maria-assunta-sumiko-inoue-es tribe_events_cat-visitadora cat_agenda-es cat_sr-maria-assunta-sumiko-inoue-es cat_visitadora\"  data-event-id=\"150932\">\n\t\t<div class=\"tribe-events-calendar-month__multiday-event-hidden\">\n\t<time\n\tdatetime=\"2026-05-14\"\n\tclass=\"tribe-common-a11y-visual-hide\"\n>\n\t2026-05-14<\/time>\n\t<a\n\thref=\"https:\/\/www.cgfmanet.org\/es\/event\/suor-maria-assunta-sumiko-inoue-fa-una-visita-breve-allispettoria-santa-maria-mazzarello-tha\/\"\n\tclass=\"tribe-events-calendar-month__multiday-event-hidden-link\"\n\tdata-js=\"tribe-events-tooltip\"\n\tdata-tooltip-content=\"#tribe-events-tooltip-content-150932\"\n\taria-describedby=\"tribe-events-tooltip-content-150932\"\n>\n\t\t<div class=\"tribe-events-calendar-month__multiday-event-hidden-title tribe-common-h8\">\n\tSuor Maria Assunta Sumiko Inoue fa una Visita breve all&#8217;Ispettoria \u201cSanta Maria Mazzarello\u201d (THA).<\/div>\n<\/a>\n<\/div>\n\t\t\t<\/article>\n<\/div>\n\n\n\t\t\t<\/div>\n\n\t\n<\/div>\n<\/td>\n\n\t\t\t\t\t<\/tr>\n\t\t\t<tr class=\"tribe-events-calendar-month__week\" data-js=\"tribe-events-month-grid-row\">\n\t\t\t\n\t\t\t\t<td\n\t class=\"tribe-events-calendar-month__day\" \taria-labelledby=\"tribe-events-calendar-day-2026-05-25\"\n\tdata-js=\"tribe-events-month-grid-cell\"\n>\n\t<button\n\taria-expanded=\"false\"\n\taria-controls=\"tribe-events-calendar-mobile-day-2026-05-25\"\n\taria-label=\"mayo 25, 1 evento, pr\u00f3ximo d\u00eda\"\n\t class=\"tribe-events-calendar-month__day-cell tribe-events-calendar-month__day-cell--mobile\" \tdata-js=\"tribe-events-calendar-month-day-cell-mobile\"\n>\n\t<h3 class=\"tribe-events-calendar-month__day-date tribe-common-h6 tribe-common-h--alt\">\n\t\t<span class=\"tribe-common-a11y-visual-hide\">\n\t\t\t1 evento\t\t<\/span>\n\t\t<time\n\t\t\tclass=\"tribe-events-calendar-month__day-date-daynum\"\n\t\t\tdatetime=\"2026-05-25\"\n\t\t>\n\t\t\t25\t\t<\/time>\n\t<\/h3>\n\t\n\t<span class=\"tribe-events-calendar-month__mobile-events-icon tribe-events-calendar-month__mobile-events-icon--event\" >\n\t<\/span>\n<\/button>\n\t\n<div\n\tid=\"tribe-events-calendar-day-2026-05-25\"\n\tclass=\"tribe-events-calendar-month__day-cell tribe-events-calendar-month__day-cell--desktop tribe-common-a11y-hidden\"\n>\n\t\n<h3 class=\"tribe-events-calendar-month__day-date tribe-common-h4\">\n\t<span class=\"tribe-common-a11y-visual-hide\">\n\t\t1 evento,\n\t<\/span>\n\t<time\n\t\tclass=\"tribe-events-calendar-month__day-date-daynum\"\n\t\tdatetime=\"2026-05-25\"\n\t>\n\t\t\t\t\t<a\n\t\t\t\thref=\"https:\/\/www.cgfmanet.org\/es\/eventos\/2026-05-25\/?shortcode=tribe-widget-events-month-15\"\n\t\t\t\tclass=\"tribe-events-calendar-month__day-date-link\"\n\t\t\t\tdata-js=\"tribe-events-view-link\"\n\t\t\t\taria-label=\"25 mayo\"\n\t\t\t>\n\t\t\t\t25\t\t\t<\/a>\n\t\t\t<\/time>\n<\/h3>\n\n\t<div class=\"tribe-events-calendar-month__events\">\n\t\t\n\t<div class=\"tribe-events-calendar-month__multiday-event-wrapper\">\n\t<article  class=\"tribe-events-calendar-month__multiday-event post-150932 tribe_events type-tribe_events status-publish tribe_events_cat-agenda-es tribe_events_cat-sr-maria-assunta-sumiko-inoue-es tribe_events_cat-visitadora cat_agenda-es cat_sr-maria-assunta-sumiko-inoue-es cat_visitadora tribe-events-calendar-month__multiday-event--width-2 tribe-events-calendar-month__multiday-event--display tribe-events-calendar-month__multiday-event--end\"  data-event-id=\"150932\">\n\t\t<div class=\"tribe-events-calendar-month__multiday-event-hidden\">\n\t<time\n\tdatetime=\"2026-05-14\"\n\tclass=\"tribe-common-a11y-visual-hide\"\n>\n\t2026-05-14<\/time>\n\t<a\n\thref=\"https:\/\/www.cgfmanet.org\/es\/event\/suor-maria-assunta-sumiko-inoue-fa-una-visita-breve-allispettoria-santa-maria-mazzarello-tha\/\"\n\tclass=\"tribe-events-calendar-month__multiday-event-hidden-link\"\n\tdata-js=\"tribe-events-tooltip\"\n\tdata-tooltip-content=\"#tribe-events-tooltip-content-150932\"\n\taria-describedby=\"tribe-events-tooltip-content-150932\"\n>\n\t\t<div class=\"tribe-events-calendar-month__multiday-event-hidden-title tribe-common-h8\">\n\tSuor Maria Assunta Sumiko Inoue fa una Visita breve all&#8217;Ispettoria \u201cSanta Maria Mazzarello\u201d (THA).<\/div>\n<\/a>\n<\/div>\n\t\t<div class=\"tribe-events-calendar-month__multiday-event-bar\">\n\t<div class=\"tribe-events-calendar-month__multiday-event-bar-inner\">\n\t\t\t\t<div class=\"tribe-events-calendar-month__multiday-event-bar-title tribe-common-h8\">\n\tSuor Maria Assunta Sumiko Inoue fa una Visita breve all&#8217;Ispettoria \u201cSanta Maria Mazzarello\u201d (THA).<\/div>\n\t<\/div>\n<\/div>\n\t<\/article>\n<\/div>\n\n\n\t\t\t<\/div>\n\n\t\n<\/div>\n<\/td>\n\n\t\t\t\n\t\t\t\t<td\n\t class=\"tribe-events-calendar-month__day\" \taria-labelledby=\"tribe-events-calendar-day-2026-05-26\"\n\tdata-js=\"tribe-events-month-grid-cell\"\n>\n\t<button\n\taria-expanded=\"false\"\n\taria-controls=\"tribe-events-calendar-mobile-day-2026-05-26\"\n\taria-label=\"mayo 26, 3 eventos, pr\u00f3ximo d\u00eda\"\n\t class=\"tribe-events-calendar-month__day-cell tribe-events-calendar-month__day-cell--mobile\" \tdata-js=\"tribe-events-calendar-month-day-cell-mobile\"\n>\n\t<h3 class=\"tribe-events-calendar-month__day-date tribe-common-h6 tribe-common-h--alt\">\n\t\t<span class=\"tribe-common-a11y-visual-hide\">\n\t\t\t3 eventos\t\t<\/span>\n\t\t<time\n\t\t\tclass=\"tribe-events-calendar-month__day-date-daynum\"\n\t\t\tdatetime=\"2026-05-26\"\n\t\t>\n\t\t\t26\t\t<\/time>\n\t<\/h3>\n\t\n\t<span class=\"tribe-events-calendar-month__mobile-events-icon tribe-events-calendar-month__mobile-events-icon--event\" >\n\t<\/span>\n<\/button>\n\t\n<div\n\tid=\"tribe-events-calendar-day-2026-05-26\"\n\tclass=\"tribe-events-calendar-month__day-cell tribe-events-calendar-month__day-cell--desktop tribe-common-a11y-hidden\"\n>\n\t\n<h3 class=\"tribe-events-calendar-month__day-date tribe-common-h4\">\n\t<span class=\"tribe-common-a11y-visual-hide\">\n\t\t3 eventos,\n\t<\/span>\n\t<time\n\t\tclass=\"tribe-events-calendar-month__day-date-daynum\"\n\t\tdatetime=\"2026-05-26\"\n\t>\n\t\t\t\t\t<a\n\t\t\t\thref=\"https:\/\/www.cgfmanet.org\/es\/eventos\/2026-05-26\/?shortcode=tribe-widget-events-month-15\"\n\t\t\t\tclass=\"tribe-events-calendar-month__day-date-link\"\n\t\t\t\tdata-js=\"tribe-events-view-link\"\n\t\t\t\taria-label=\"26 mayo\"\n\t\t\t>\n\t\t\t\t26\t\t\t<\/a>\n\t\t\t<\/time>\n<\/h3>\n\n\t<div class=\"tribe-events-calendar-month__events\">\n\t\t\n\t<div class=\"tribe-events-calendar-month__multiday-event-wrapper\">\n\t<article  class=\"tribe-events-calendar-month__multiday-event post-150932 tribe_events type-tribe_events status-publish tribe_events_cat-agenda-es tribe_events_cat-sr-maria-assunta-sumiko-inoue-es tribe_events_cat-visitadora cat_agenda-es cat_sr-maria-assunta-sumiko-inoue-es cat_visitadora\"  data-event-id=\"150932\">\n\t\t<div class=\"tribe-events-calendar-month__multiday-event-hidden\">\n\t<time\n\tdatetime=\"2026-05-14\"\n\tclass=\"tribe-common-a11y-visual-hide\"\n>\n\t2026-05-14<\/time>\n\t<a\n\thref=\"https:\/\/www.cgfmanet.org\/es\/event\/suor-maria-assunta-sumiko-inoue-fa-una-visita-breve-allispettoria-santa-maria-mazzarello-tha\/\"\n\tclass=\"tribe-events-calendar-month__multiday-event-hidden-link\"\n\tdata-js=\"tribe-events-tooltip\"\n\tdata-tooltip-content=\"#tribe-events-tooltip-content-150932\"\n\taria-describedby=\"tribe-events-tooltip-content-150932\"\n>\n\t\t<div class=\"tribe-events-calendar-month__multiday-event-hidden-title tribe-common-h8\">\n\tSuor Maria Assunta Sumiko Inoue fa una Visita breve all&#8217;Ispettoria \u201cSanta Maria Mazzarello\u201d (THA).<\/div>\n<\/a>\n<\/div>\n\t\t\t<\/article>\n<\/div>\n\n\t<div class=\"tribe-events-calendar-month__multiday-event-wrapper\">\n\t<article  class=\"tribe-events-calendar-month__multiday-event post-150875 tribe_events type-tribe_events status-publish tribe_events_cat-agenda-es tribe_events_cat-consejera-para-las-misiones cat_agenda-es cat_consejera-para-las-misiones tribe-events-calendar-month__multiday-event--width-1 tribe-events-calendar-month__multiday-event--display tribe-events-calendar-month__multiday-event--start tribe-events-calendar-month__multiday-event--end\"  data-event-id=\"150875\">\n\t\t<div class=\"tribe-events-calendar-month__multiday-event-hidden\">\n\t<time\n\tdatetime=\"2026-05-26\"\n\tclass=\"tribe-common-a11y-visual-hide\"\n>\n\t2026-05-26<\/time>\n\t<a\n\thref=\"https:\/\/www.cgfmanet.org\/es\/event\/suor-ruth-del-pilar-mora-termina-la-visita-canonica-allispettoria-san-giuseppe-sec-di-stati-uniti-e-canada\/\"\n\tclass=\"tribe-events-calendar-month__multiday-event-hidden-link\"\n\tdata-js=\"tribe-events-tooltip\"\n\tdata-tooltip-content=\"#tribe-events-tooltip-content-150875\"\n\taria-describedby=\"tribe-events-tooltip-content-150875\"\n>\n\t\t<div class=\"tribe-events-calendar-month__multiday-event-hidden-title tribe-common-h8\">\n\tSuor Ruth del Pilar Mora termina la Visita Canonica all\u2019Ispettoria San Giuseppe (SEC) di Stati Uniti e Canada.<\/div>\n<\/a>\n<\/div>\n\t\t<div class=\"tribe-events-calendar-month__multiday-event-bar\">\n\t<div class=\"tribe-events-calendar-month__multiday-event-bar-inner\">\n\t\t\t\t<div class=\"tribe-events-calendar-month__multiday-event-bar-title tribe-common-h8\">\n\tSuor Ruth del Pilar Mora termina la Visita Canonica all\u2019Ispettoria San Giuseppe (SEC) di Stati Uniti e Canada.<\/div>\n\t<\/div>\n<\/div>\n<div class=\"tribe-events-calendar-month__calendar-event-tooltip-template tribe-common-a11y-hidden\">\n\t<div\n\t\tclass=\"tribe-events-calendar-month__calendar-event-tooltip\"\n\t\tid=\"tribe-events-tooltip-content-150875\"\n\t\trole=\"tooltip\"\n\t>\n\t\t\t\t<div class=\"tribe-events-calendar-month__calendar-event-tooltip-datetime\">\n\t\t<time datetime=\"2026-05-26\">\n\t\t<span class=\"tribe-event-date-start\">26 mayo<\/span>\t<\/time>\n\t<\/div>\n\t\t<div class=\"tribe-events-calendar-month__calendar-event-tooltip-title tribe-common-h7\">\n\t<a\n\t\thref=\"https:\/\/www.cgfmanet.org\/es\/event\/suor-ruth-del-pilar-mora-termina-la-visita-canonica-allispettoria-san-giuseppe-sec-di-stati-uniti-e-canada\/\"\n\t\ttitle=\"Suor Ruth del Pilar Mora termina la Visita Canonica all\u2019Ispettoria San Giuseppe (SEC) di Stati Uniti e Canada.\"\n\t\trel=\"bookmark\"\n\t\tclass=\"tribe-events-calendar-month__calendar-event-tooltip-title-link tribe-common-anchor-thin\"\n\t>\n\t\tSuor Ruth del Pilar Mora termina la Visita Canonica all\u2019Ispettoria San Giuseppe (SEC) di Stati Uniti e Canada.\t<\/a>\n<\/div>\n\t\t\t\t\t<\/div>\n<\/div>\n\t<\/article>\n<\/div>\n\n\t<div class=\"tribe-events-calendar-month__multiday-event-wrapper\">\n\t<article  class=\"tribe-events-calendar-month__multiday-event post-156720 tribe_events type-tribe_events status-publish tribe_events_cat-agenda-es tribe_events_cat-consejera-para-la-pastoral-juvenil cat_agenda-es cat_consejera-para-la-pastoral-juvenil tribe-events-calendar-month__multiday-event--width-1 tribe-events-calendar-month__multiday-event--display tribe-events-calendar-month__multiday-event--start tribe-events-calendar-month__multiday-event--end\"  data-event-id=\"156720\">\n\t\t<div class=\"tribe-events-calendar-month__multiday-event-hidden\">\n\t<time\n\tdatetime=\"2026-05-26\"\n\tclass=\"tribe-common-a11y-visual-hide\"\n>\n\t2026-05-26<\/time>\n\t<a\n\thref=\"https:\/\/www.cgfmanet.org\/es\/event\/suor-runita-borja-da-il-saluto-iniziale-e-partecipa-allincontro-online-delle-coordinatrici-ispettoriali-di-pg-della-conferenza-nac\/\"\n\tclass=\"tribe-events-calendar-month__multiday-event-hidden-link\"\n\tdata-js=\"tribe-events-tooltip\"\n\tdata-tooltip-content=\"#tribe-events-tooltip-content-156720\"\n\taria-describedby=\"tribe-events-tooltip-content-156720\"\n>\n\t\t<div class=\"tribe-events-calendar-month__multiday-event-hidden-title tribe-common-h8\">\n\tSuor Runita Borja d\u00e0 il saluto iniziale e partecipa all\u2019incontro online delle Coordinatrici ispettoriali di PG della Conferenza NAC.<\/div>\n<\/a>\n<\/div>\n\t\t<div class=\"tribe-events-calendar-month__multiday-event-bar\">\n\t<div class=\"tribe-events-calendar-month__multiday-event-bar-inner\">\n\t\t\t\t<div class=\"tribe-events-calendar-month__multiday-event-bar-title tribe-common-h8\">\n\tSuor Runita Borja d\u00e0 il saluto iniziale e partecipa all\u2019incontro online delle Coordinatrici ispettoriali di PG della Conferenza NAC.<\/div>\n\t<\/div>\n<\/div>\n<div class=\"tribe-events-calendar-month__calendar-event-tooltip-template tribe-common-a11y-hidden\">\n\t<div\n\t\tclass=\"tribe-events-calendar-month__calendar-event-tooltip\"\n\t\tid=\"tribe-events-tooltip-content-156720\"\n\t\trole=\"tooltip\"\n\t>\n\t\t\t\t<div class=\"tribe-events-calendar-month__calendar-event-tooltip-datetime\">\n\t\t<time datetime=\"2026-05-26\">\n\t\t<span class=\"tribe-event-date-start\">26 mayo<\/span>\t<\/time>\n\t<\/div>\n\t\t<div class=\"tribe-events-calendar-month__calendar-event-tooltip-title tribe-common-h7\">\n\t<a\n\t\thref=\"https:\/\/www.cgfmanet.org\/es\/event\/suor-runita-borja-da-il-saluto-iniziale-e-partecipa-allincontro-online-delle-coordinatrici-ispettoriali-di-pg-della-conferenza-nac\/\"\n\t\ttitle=\"Suor Runita Borja d\u00e0 il saluto iniziale e partecipa all\u2019incontro online delle Coordinatrici ispettoriali di PG della Conferenza NAC.\"\n\t\trel=\"bookmark\"\n\t\tclass=\"tribe-events-calendar-month__calendar-event-tooltip-title-link tribe-common-anchor-thin\"\n\t>\n\t\tSuor Runita Borja d\u00e0 il saluto iniziale e partecipa all\u2019incontro online delle Coordinatrici ispettoriali di PG della Conferenza NAC.\t<\/a>\n<\/div>\n\t\t\t\t\t<\/div>\n<\/div>\n\t<\/article>\n<\/div>\n\n\n\t\t\t<\/div>\n\n\t\n<\/div>\n<\/td>\n\n\t\t\t\n\t\t\t\t<td\n\t class=\"tribe-events-calendar-month__day\" \taria-labelledby=\"tribe-events-calendar-day-2026-05-27\"\n\tdata-js=\"tribe-events-month-grid-cell\"\n>\n\t<button\n\taria-expanded=\"false\"\n\taria-controls=\"tribe-events-calendar-mobile-day-2026-05-27\"\n\taria-label=\"mayo 27, 1 evento, pr\u00f3ximo d\u00eda\"\n\t class=\"tribe-events-calendar-month__day-cell tribe-events-calendar-month__day-cell--mobile\" \tdata-js=\"tribe-events-calendar-month-day-cell-mobile\"\n>\n\t<h3 class=\"tribe-events-calendar-month__day-date tribe-common-h6 tribe-common-h--alt\">\n\t\t<span class=\"tribe-common-a11y-visual-hide\">\n\t\t\t1 evento\t\t<\/span>\n\t\t<time\n\t\t\tclass=\"tribe-events-calendar-month__day-date-daynum\"\n\t\t\tdatetime=\"2026-05-27\"\n\t\t>\n\t\t\t27\t\t<\/time>\n\t<\/h3>\n\t\n\t<span class=\"tribe-events-calendar-month__mobile-events-icon tribe-events-calendar-month__mobile-events-icon--event\" >\n\t<\/span>\n<\/button>\n\t\n<div\n\tid=\"tribe-events-calendar-day-2026-05-27\"\n\tclass=\"tribe-events-calendar-month__day-cell tribe-events-calendar-month__day-cell--desktop tribe-common-a11y-hidden\"\n>\n\t\n<h3 class=\"tribe-events-calendar-month__day-date tribe-common-h4\">\n\t<span class=\"tribe-common-a11y-visual-hide\">\n\t\t1 evento,\n\t<\/span>\n\t<time\n\t\tclass=\"tribe-events-calendar-month__day-date-daynum\"\n\t\tdatetime=\"2026-05-27\"\n\t>\n\t\t\t\t\t<a\n\t\t\t\thref=\"https:\/\/www.cgfmanet.org\/es\/eventos\/2026-05-27\/?shortcode=tribe-widget-events-month-15\"\n\t\t\t\tclass=\"tribe-events-calendar-month__day-date-link\"\n\t\t\t\tdata-js=\"tribe-events-view-link\"\n\t\t\t\taria-label=\"27 mayo\"\n\t\t\t>\n\t\t\t\t27\t\t\t<\/a>\n\t\t\t<\/time>\n<\/h3>\n\n\t<div class=\"tribe-events-calendar-month__events\">\n\t\t\n\t<div class=\"tribe-events-calendar-month__multiday-event-wrapper\">\n\t<article  class=\"tribe-events-calendar-month__multiday-event post-150885 tribe_events type-tribe_events status-publish tribe-events-calendar-month__multiday-event--width-2 tribe-events-calendar-month__multiday-event--display tribe-events-calendar-month__multiday-event--start tribe-events-calendar-month__multiday-event--end\"  data-event-id=\"150885\">\n\t\t<div class=\"tribe-events-calendar-month__multiday-event-hidden\">\n\t<time\n\tdatetime=\"2026-05-27\"\n\tclass=\"tribe-common-a11y-visual-hide\"\n>\n\t2026-05-27<\/time>\n\t<a\n\thref=\"https:\/\/www.cgfmanet.org\/es\/event\/suor-ruth-del-pilar-mora-incontra-le-missionarie-ad-gentes-che-terminano-il-corso-di-formazione-permanente-missionaria-a-roma-in-casa-generalizia\/\"\n\tclass=\"tribe-events-calendar-month__multiday-event-hidden-link\"\n\tdata-js=\"tribe-events-tooltip\"\n\tdata-tooltip-content=\"#tribe-events-tooltip-content-150885\"\n\taria-describedby=\"tribe-events-tooltip-content-150885\"\n>\n\t\t<div class=\"tribe-events-calendar-month__multiday-event-hidden-title tribe-common-h8\">\n\tSuor Ruth del Pilar Mora incontra le missionarie ad gentes che terminano il Corso di Formazione Permanente Missionaria a Roma, in Casa Generalizia.<\/div>\n<\/a>\n<\/div>\n\t\t<div class=\"tribe-events-calendar-month__multiday-event-bar\">\n\t<div class=\"tribe-events-calendar-month__multiday-event-bar-inner\">\n\t\t\t\t<div class=\"tribe-events-calendar-month__multiday-event-bar-title tribe-common-h8\">\n\tSuor Ruth del Pilar Mora incontra le missionarie ad gentes che terminano il Corso di Formazione Permanente Missionaria a Roma, in Casa Generalizia.<\/div>\n\t<\/div>\n<\/div>\n<div class=\"tribe-events-calendar-month__calendar-event-tooltip-template tribe-common-a11y-hidden\">\n\t<div\n\t\tclass=\"tribe-events-calendar-month__calendar-event-tooltip\"\n\t\tid=\"tribe-events-tooltip-content-150885\"\n\t\trole=\"tooltip\"\n\t>\n\t\t\t\t<div class=\"tribe-events-calendar-month__calendar-event-tooltip-datetime\">\n\t\t<time datetime=\"2026-05-27\">\n\t\t<span class=\"tribe-event-date-start\">27 mayo<\/span> - <span class=\"tribe-event-date-end\">28 mayo<\/span>\t<\/time>\n\t<\/div>\n\t\t<div class=\"tribe-events-calendar-month__calendar-event-tooltip-title tribe-common-h7\">\n\t<a\n\t\thref=\"https:\/\/www.cgfmanet.org\/es\/event\/suor-ruth-del-pilar-mora-incontra-le-missionarie-ad-gentes-che-terminano-il-corso-di-formazione-permanente-missionaria-a-roma-in-casa-generalizia\/\"\n\t\ttitle=\"Suor Ruth del Pilar Mora incontra le missionarie ad gentes che terminano il Corso di Formazione Permanente Missionaria a Roma, in Casa Generalizia.\"\n\t\trel=\"bookmark\"\n\t\tclass=\"tribe-events-calendar-month__calendar-event-tooltip-title-link tribe-common-anchor-thin\"\n\t>\n\t\tSuor Ruth del Pilar Mora incontra le missionarie ad gentes che terminano il Corso di Formazione Permanente Missionaria a Roma, in Casa Generalizia.\t<\/a>\n<\/div>\n\t\t\t\t\t<\/div>\n<\/div>\n\t<\/article>\n<\/div>\n\n\n\t\t\t<\/div>\n\n\t\n<\/div>\n<\/td>\n\n\t\t\t\n\t\t\t\t<td\n\t class=\"tribe-events-calendar-month__day\" \taria-labelledby=\"tribe-events-calendar-day-2026-05-28\"\n\tdata-js=\"tribe-events-month-grid-cell\"\n>\n\t<button\n\taria-expanded=\"false\"\n\taria-controls=\"tribe-events-calendar-mobile-day-2026-05-28\"\n\taria-label=\"mayo 28, 2 eventos, pr\u00f3ximo d\u00eda\"\n\t class=\"tribe-events-calendar-month__day-cell tribe-events-calendar-month__day-cell--mobile\" \tdata-js=\"tribe-events-calendar-month-day-cell-mobile\"\n>\n\t<h3 class=\"tribe-events-calendar-month__day-date tribe-common-h6 tribe-common-h--alt\">\n\t\t<span class=\"tribe-common-a11y-visual-hide\">\n\t\t\t2 eventos\t\t<\/span>\n\t\t<time\n\t\t\tclass=\"tribe-events-calendar-month__day-date-daynum\"\n\t\t\tdatetime=\"2026-05-28\"\n\t\t>\n\t\t\t28\t\t<\/time>\n\t<\/h3>\n\t\n\t<span class=\"tribe-events-calendar-month__mobile-events-icon tribe-events-calendar-month__mobile-events-icon--event\" >\n\t<\/span>\n<\/button>\n\t\n<div\n\tid=\"tribe-events-calendar-day-2026-05-28\"\n\tclass=\"tribe-events-calendar-month__day-cell tribe-events-calendar-month__day-cell--desktop tribe-common-a11y-hidden\"\n>\n\t\n<h3 class=\"tribe-events-calendar-month__day-date tribe-common-h4\">\n\t<span class=\"tribe-common-a11y-visual-hide\">\n\t\t2 eventos,\n\t<\/span>\n\t<time\n\t\tclass=\"tribe-events-calendar-month__day-date-daynum\"\n\t\tdatetime=\"2026-05-28\"\n\t>\n\t\t\t\t\t<a\n\t\t\t\thref=\"https:\/\/www.cgfmanet.org\/es\/eventos\/2026-05-28\/?shortcode=tribe-widget-events-month-15\"\n\t\t\t\tclass=\"tribe-events-calendar-month__day-date-link\"\n\t\t\t\tdata-js=\"tribe-events-view-link\"\n\t\t\t\taria-label=\"28 mayo\"\n\t\t\t>\n\t\t\t\t28\t\t\t<\/a>\n\t\t\t<\/time>\n<\/h3>\n\n\t<div class=\"tribe-events-calendar-month__events\">\n\t\t\n\t<div class=\"tribe-events-calendar-month__multiday-event-wrapper\">\n\t<article  class=\"tribe-events-calendar-month__multiday-event post-150885 tribe_events type-tribe_events status-publish\"  data-event-id=\"150885\">\n\t\t<div class=\"tribe-events-calendar-month__multiday-event-hidden\">\n\t<time\n\tdatetime=\"2026-05-27\"\n\tclass=\"tribe-common-a11y-visual-hide\"\n>\n\t2026-05-27<\/time>\n\t<a\n\thref=\"https:\/\/www.cgfmanet.org\/es\/event\/suor-ruth-del-pilar-mora-incontra-le-missionarie-ad-gentes-che-terminano-il-corso-di-formazione-permanente-missionaria-a-roma-in-casa-generalizia\/\"\n\tclass=\"tribe-events-calendar-month__multiday-event-hidden-link\"\n\tdata-js=\"tribe-events-tooltip\"\n\tdata-tooltip-content=\"#tribe-events-tooltip-content-150885\"\n\taria-describedby=\"tribe-events-tooltip-content-150885\"\n>\n\t\t<div class=\"tribe-events-calendar-month__multiday-event-hidden-title tribe-common-h8\">\n\tSuor Ruth del Pilar Mora incontra le missionarie ad gentes che terminano il Corso di Formazione Permanente Missionaria a Roma, in Casa Generalizia.<\/div>\n<\/a>\n<\/div>\n\t\t\t<\/article>\n<\/div>\n\n\t<div class=\"tribe-events-calendar-month__multiday-event-wrapper\">\n\t<article  class=\"tribe-events-calendar-month__multiday-event post-155312 tribe_events type-tribe_events status-publish tribe_events_cat-madre-general tribe_events_cat-agenda-es cat_madre-general cat_agenda-es tribe-events-calendar-month__multiday-event--width-1 tribe-events-calendar-month__multiday-event--display tribe-events-calendar-month__multiday-event--start tribe-events-calendar-month__multiday-event--end\"  data-event-id=\"155312\">\n\t\t<div class=\"tribe-events-calendar-month__multiday-event-hidden\">\n\t<time\n\tdatetime=\"2026-05-28\"\n\tclass=\"tribe-common-a11y-visual-hide\"\n>\n\t2026-05-28<\/time>\n\t<a\n\thref=\"https:\/\/www.cgfmanet.org\/es\/event\/a-roma-in-casa-generalizia-la-madre-incontra-le-fma-partecipanti-a-conclusione-del-corso-di-formazione-permanente-missionaria\/\"\n\tclass=\"tribe-events-calendar-month__multiday-event-hidden-link\"\n\tdata-js=\"tribe-events-tooltip\"\n\tdata-tooltip-content=\"#tribe-events-tooltip-content-155312\"\n\taria-describedby=\"tribe-events-tooltip-content-155312\"\n>\n\t\t<div class=\"tribe-events-calendar-month__multiday-event-hidden-title tribe-common-h8\">\n\tA Roma in Casa generalizia la Madre incontra le FMA partecipanti a conclusione del Corso di Formazione Permanente Missionaria.<\/div>\n<\/a>\n<\/div>\n\t\t<div class=\"tribe-events-calendar-month__multiday-event-bar\">\n\t<div class=\"tribe-events-calendar-month__multiday-event-bar-inner\">\n\t\t\t\t<div class=\"tribe-events-calendar-month__multiday-event-bar-title tribe-common-h8\">\n\tA Roma in Casa generalizia la Madre incontra le FMA partecipanti a conclusione del Corso di Formazione Permanente Missionaria.<\/div>\n\t<\/div>\n<\/div>\n<div class=\"tribe-events-calendar-month__calendar-event-tooltip-template tribe-common-a11y-hidden\">\n\t<div\n\t\tclass=\"tribe-events-calendar-month__calendar-event-tooltip\"\n\t\tid=\"tribe-events-tooltip-content-155312\"\n\t\trole=\"tooltip\"\n\t>\n\t\t\t\t<div class=\"tribe-events-calendar-month__calendar-event-tooltip-datetime\">\n\t\t<time datetime=\"2026-05-28\">\n\t\t<span class=\"tribe-event-date-start\">28 mayo<\/span>\t<\/time>\n\t<\/div>\n\t\t<div class=\"tribe-events-calendar-month__calendar-event-tooltip-title tribe-common-h7\">\n\t<a\n\t\thref=\"https:\/\/www.cgfmanet.org\/es\/event\/a-roma-in-casa-generalizia-la-madre-incontra-le-fma-partecipanti-a-conclusione-del-corso-di-formazione-permanente-missionaria\/\"\n\t\ttitle=\"A Roma in Casa generalizia la Madre incontra le FMA partecipanti a conclusione del Corso di Formazione Permanente Missionaria.\"\n\t\trel=\"bookmark\"\n\t\tclass=\"tribe-events-calendar-month__calendar-event-tooltip-title-link tribe-common-anchor-thin\"\n\t>\n\t\tA Roma in Casa generalizia la Madre incontra le FMA partecipanti a conclusione del Corso di Formazione Permanente Missionaria.\t<\/a>\n<\/div>\n\t\t\t\t\t<\/div>\n<\/div>\n\t<\/article>\n<\/div>\n\n\n\t\t\t<\/div>\n\n\t\n<\/div>\n<\/td>\n\n\t\t\t\n\t\t\t\t<td\n\t class=\"tribe-events-calendar-month__day\" \taria-labelledby=\"tribe-events-calendar-day-2026-05-29\"\n\tdata-js=\"tribe-events-month-grid-cell\"\n>\n\t<button\n\taria-expanded=\"false\"\n\taria-controls=\"tribe-events-calendar-mobile-day-2026-05-29\"\n\taria-label=\"mayo 29, 1 evento, pr\u00f3ximo d\u00eda\"\n\t class=\"tribe-events-calendar-month__day-cell tribe-events-calendar-month__day-cell--mobile\" \tdata-js=\"tribe-events-calendar-month-day-cell-mobile\"\n>\n\t<h3 class=\"tribe-events-calendar-month__day-date tribe-common-h6 tribe-common-h--alt\">\n\t\t<span class=\"tribe-common-a11y-visual-hide\">\n\t\t\t1 evento\t\t<\/span>\n\t\t<time\n\t\t\tclass=\"tribe-events-calendar-month__day-date-daynum\"\n\t\t\tdatetime=\"2026-05-29\"\n\t\t>\n\t\t\t29\t\t<\/time>\n\t<\/h3>\n\t\n\t<span class=\"tribe-events-calendar-month__mobile-events-icon tribe-events-calendar-month__mobile-events-icon--event\" >\n\t<\/span>\n<\/button>\n\t\n<div\n\tid=\"tribe-events-calendar-day-2026-05-29\"\n\tclass=\"tribe-events-calendar-month__day-cell tribe-events-calendar-month__day-cell--desktop tribe-common-a11y-hidden\"\n>\n\t\n<h3 class=\"tribe-events-calendar-month__day-date tribe-common-h4\">\n\t<span class=\"tribe-common-a11y-visual-hide\">\n\t\t1 evento,\n\t<\/span>\n\t<time\n\t\tclass=\"tribe-events-calendar-month__day-date-daynum\"\n\t\tdatetime=\"2026-05-29\"\n\t>\n\t\t\t\t\t<a\n\t\t\t\thref=\"https:\/\/www.cgfmanet.org\/es\/eventos\/2026-05-29\/?shortcode=tribe-widget-events-month-15\"\n\t\t\t\tclass=\"tribe-events-calendar-month__day-date-link\"\n\t\t\t\tdata-js=\"tribe-events-view-link\"\n\t\t\t\taria-label=\"29 mayo\"\n\t\t\t>\n\t\t\t\t29\t\t\t<\/a>\n\t\t\t<\/time>\n<\/h3>\n\n\t<div class=\"tribe-events-calendar-month__events\">\n\t\t\n\t<div class=\"tribe-events-calendar-month__multiday-event-wrapper\">\n\t<article  class=\"tribe-events-calendar-month__multiday-event post-150903 tribe_events type-tribe_events status-publish tribe_events_cat-agenda-es tribe_events_cat-consejera-para-las-misiones cat_agenda-es cat_consejera-para-las-misiones tribe-events-calendar-month__multiday-event--width-1 tribe-events-calendar-month__multiday-event--display tribe-events-calendar-month__multiday-event--start tribe-events-calendar-month__multiday-event--end\"  data-event-id=\"150903\">\n\t\t<div class=\"tribe-events-calendar-month__multiday-event-hidden\">\n\t<time\n\tdatetime=\"2026-05-29\"\n\tclass=\"tribe-common-a11y-visual-hide\"\n>\n\t2026-05-29<\/time>\n\t<a\n\thref=\"https:\/\/www.cgfmanet.org\/es\/event\/conclusione-del-corso-di-formazione-permanente-missionaria-a-roma-casa-generalizia\/\"\n\tclass=\"tribe-events-calendar-month__multiday-event-hidden-link\"\n\tdata-js=\"tribe-events-tooltip\"\n\tdata-tooltip-content=\"#tribe-events-tooltip-content-150903\"\n\taria-describedby=\"tribe-events-tooltip-content-150903\"\n>\n\t\t<div class=\"tribe-events-calendar-month__multiday-event-hidden-title tribe-common-h8\">\n\tConclusione del Corso di Formazione Permanente Missionaria a Roma, Casa Generalizia.<\/div>\n<\/a>\n<\/div>\n\t\t<div class=\"tribe-events-calendar-month__multiday-event-bar\">\n\t<div class=\"tribe-events-calendar-month__multiday-event-bar-inner\">\n\t\t\t\t<div class=\"tribe-events-calendar-month__multiday-event-bar-title tribe-common-h8\">\n\tConclusione del Corso di Formazione Permanente Missionaria a Roma, Casa Generalizia.<\/div>\n\t<\/div>\n<\/div>\n<div class=\"tribe-events-calendar-month__calendar-event-tooltip-template tribe-common-a11y-hidden\">\n\t<div\n\t\tclass=\"tribe-events-calendar-month__calendar-event-tooltip\"\n\t\tid=\"tribe-events-tooltip-content-150903\"\n\t\trole=\"tooltip\"\n\t>\n\t\t\t\t<div class=\"tribe-events-calendar-month__calendar-event-tooltip-datetime\">\n\t\t<time datetime=\"2026-05-29\">\n\t\t<span class=\"tribe-event-date-start\">29 mayo<\/span>\t<\/time>\n\t<\/div>\n\t\t<div class=\"tribe-events-calendar-month__calendar-event-tooltip-title tribe-common-h7\">\n\t<a\n\t\thref=\"https:\/\/www.cgfmanet.org\/es\/event\/conclusione-del-corso-di-formazione-permanente-missionaria-a-roma-casa-generalizia\/\"\n\t\ttitle=\"Conclusione del Corso di Formazione Permanente Missionaria a Roma, Casa Generalizia.\"\n\t\trel=\"bookmark\"\n\t\tclass=\"tribe-events-calendar-month__calendar-event-tooltip-title-link tribe-common-anchor-thin\"\n\t>\n\t\tConclusione del Corso di Formazione Permanente Missionaria a Roma, Casa Generalizia.\t<\/a>\n<\/div>\n\t\t\t\t\t<\/div>\n<\/div>\n\t<\/article>\n<\/div>\n\n\n\t\t\t<\/div>\n\n\t\n<\/div>\n<\/td>\n\n\t\t\t\n\t\t\t\t<td\n\t class=\"tribe-events-calendar-month__day\" \taria-labelledby=\"tribe-events-calendar-day-2026-05-30\"\n\tdata-js=\"tribe-events-month-grid-cell\"\n>\n\t<button\n\taria-expanded=\"false\"\n\taria-controls=\"tribe-events-calendar-mobile-day-2026-05-30\"\n\taria-label=\"mayo 30, 1 evento, pr\u00f3ximo d\u00eda\"\n\t class=\"tribe-events-calendar-month__day-cell tribe-events-calendar-month__day-cell--mobile\" \tdata-js=\"tribe-events-calendar-month-day-cell-mobile\"\n>\n\t<h3 class=\"tribe-events-calendar-month__day-date tribe-common-h6 tribe-common-h--alt\">\n\t\t<span class=\"tribe-common-a11y-visual-hide\">\n\t\t\t1 evento\t\t<\/span>\n\t\t<time\n\t\t\tclass=\"tribe-events-calendar-month__day-date-daynum\"\n\t\t\tdatetime=\"2026-05-30\"\n\t\t>\n\t\t\t30\t\t<\/time>\n\t<\/h3>\n\t\n\t<span class=\"tribe-events-calendar-month__mobile-events-icon tribe-events-calendar-month__mobile-events-icon--event\" >\n\t<\/span>\n<\/button>\n\t\n<div\n\tid=\"tribe-events-calendar-day-2026-05-30\"\n\tclass=\"tribe-events-calendar-month__day-cell tribe-events-calendar-month__day-cell--desktop tribe-common-a11y-hidden\"\n>\n\t\n<h3 class=\"tribe-events-calendar-month__day-date tribe-common-h4\">\n\t<span class=\"tribe-common-a11y-visual-hide\">\n\t\t1 evento,\n\t<\/span>\n\t<time\n\t\tclass=\"tribe-events-calendar-month__day-date-daynum\"\n\t\tdatetime=\"2026-05-30\"\n\t>\n\t\t\t\t\t<a\n\t\t\t\thref=\"https:\/\/www.cgfmanet.org\/es\/eventos\/2026-05-30\/?shortcode=tribe-widget-events-month-15\"\n\t\t\t\tclass=\"tribe-events-calendar-month__day-date-link\"\n\t\t\t\tdata-js=\"tribe-events-view-link\"\n\t\t\t\taria-label=\"30 mayo\"\n\t\t\t>\n\t\t\t\t30\t\t\t<\/a>\n\t\t\t<\/time>\n<\/h3>\n\n\t<div class=\"tribe-events-calendar-month__events\">\n\t\t\n\t<div class=\"tribe-events-calendar-month__multiday-event-wrapper\">\n\t<article  class=\"tribe-events-calendar-month__multiday-event post-153471 tribe_events type-tribe_events status-publish tribe_events_cat-agenda-es tribe_events_cat-sr-chantal-mukase-es tribe_events_cat-visitadora cat_agenda-es cat_sr-chantal-mukase-es cat_visitadora tribe-events-calendar-month__multiday-event--width-1 tribe-events-calendar-month__multiday-event--display tribe-events-calendar-month__multiday-event--start tribe-events-calendar-month__multiday-event--end\"  data-event-id=\"153471\">\n\t\t<div class=\"tribe-events-calendar-month__multiday-event-hidden\">\n\t<time\n\tdatetime=\"2026-05-30\"\n\tclass=\"tribe-common-a11y-visual-hide\"\n>\n\t2026-05-30<\/time>\n\t<a\n\thref=\"https:\/\/www.cgfmanet.org\/es\/event\/suor-chantal-mukase-termina-la-visita-canonica-allispettoria-nostra-signora-dafrica-afc-dellafrica-centrale\/\"\n\tclass=\"tribe-events-calendar-month__multiday-event-hidden-link\"\n\tdata-js=\"tribe-events-tooltip\"\n\tdata-tooltip-content=\"#tribe-events-tooltip-content-153471\"\n\taria-describedby=\"tribe-events-tooltip-content-153471\"\n>\n\t\t<div class=\"tribe-events-calendar-month__multiday-event-hidden-title tribe-common-h8\">\n\tSuor Chantal Mukase termina la Visita Canonica all\u2019Ispettoria \u201cNostra Signora d\u2019Africa\u201d (AFC) dell\u2019Africa Centrale.<\/div>\n<\/a>\n<\/div>\n\t\t<div class=\"tribe-events-calendar-month__multiday-event-bar\">\n\t<div class=\"tribe-events-calendar-month__multiday-event-bar-inner\">\n\t\t\t\t<div class=\"tribe-events-calendar-month__multiday-event-bar-title tribe-common-h8\">\n\tSuor Chantal Mukase termina la Visita Canonica all\u2019Ispettoria \u201cNostra Signora d\u2019Africa\u201d (AFC) dell\u2019Africa Centrale.<\/div>\n\t<\/div>\n<\/div>\n<div class=\"tribe-events-calendar-month__calendar-event-tooltip-template tribe-common-a11y-hidden\">\n\t<div\n\t\tclass=\"tribe-events-calendar-month__calendar-event-tooltip\"\n\t\tid=\"tribe-events-tooltip-content-153471\"\n\t\trole=\"tooltip\"\n\t>\n\t\t\t\t<div class=\"tribe-events-calendar-month__calendar-event-tooltip-datetime\">\n\t\t<time datetime=\"2026-05-30\">\n\t\t<span class=\"tribe-event-date-start\">30 mayo<\/span>\t<\/time>\n\t<\/div>\n\t\t<div class=\"tribe-events-calendar-month__calendar-event-tooltip-title tribe-common-h7\">\n\t<a\n\t\thref=\"https:\/\/www.cgfmanet.org\/es\/event\/suor-chantal-mukase-termina-la-visita-canonica-allispettoria-nostra-signora-dafrica-afc-dellafrica-centrale\/\"\n\t\ttitle=\"Suor Chantal Mukase termina la Visita Canonica all\u2019Ispettoria \u201cNostra Signora d\u2019Africa\u201d (AFC) dell\u2019Africa Centrale.\"\n\t\trel=\"bookmark\"\n\t\tclass=\"tribe-events-calendar-month__calendar-event-tooltip-title-link tribe-common-anchor-thin\"\n\t>\n\t\tSuor Chantal Mukase termina la Visita Canonica all\u2019Ispettoria \u201cNostra Signora d\u2019Africa\u201d (AFC) dell\u2019Africa Centrale.\t<\/a>\n<\/div>\n\t\t\t\t\t<\/div>\n<\/div>\n\t<\/article>\n<\/div>\n\n\n\t\t\t<\/div>\n\n\t\n<\/div>\n<\/td>\n\n\t\t\t\n\t\t\t\t<td\n\t class=\"tribe-events-calendar-month__day\" \taria-labelledby=\"tribe-events-calendar-day-2026-05-31\"\n\tdata-js=\"tribe-events-month-grid-cell\"\n>\n\t<button\n\taria-expanded=\"false\"\n\taria-controls=\"tribe-events-calendar-mobile-day-2026-05-31\"\n\taria-label=\"mayo 31, 1 evento, pr\u00f3ximo d\u00eda\"\n\t class=\"tribe-events-calendar-month__day-cell tribe-events-calendar-month__day-cell--mobile\" \tdata-js=\"tribe-events-calendar-month-day-cell-mobile\"\n>\n\t<h3 class=\"tribe-events-calendar-month__day-date tribe-common-h6 tribe-common-h--alt\">\n\t\t<span class=\"tribe-common-a11y-visual-hide\">\n\t\t\t1 evento\t\t<\/span>\n\t\t<time\n\t\t\tclass=\"tribe-events-calendar-month__day-date-daynum\"\n\t\t\tdatetime=\"2026-05-31\"\n\t\t>\n\t\t\t31\t\t<\/time>\n\t<\/h3>\n\t\n\t<span class=\"tribe-events-calendar-month__mobile-events-icon tribe-events-calendar-month__mobile-events-icon--event\" >\n\t<\/span>\n<\/button>\n\t\n<div\n\tid=\"tribe-events-calendar-day-2026-05-31\"\n\tclass=\"tribe-events-calendar-month__day-cell tribe-events-calendar-month__day-cell--desktop tribe-common-a11y-hidden\"\n>\n\t\n<h3 class=\"tribe-events-calendar-month__day-date tribe-common-h4\">\n\t<span class=\"tribe-common-a11y-visual-hide\">\n\t\t1 evento,\n\t<\/span>\n\t<time\n\t\tclass=\"tribe-events-calendar-month__day-date-daynum\"\n\t\tdatetime=\"2026-05-31\"\n\t>\n\t\t\t\t\t<a\n\t\t\t\thref=\"https:\/\/www.cgfmanet.org\/es\/eventos\/2026-05-31\/?shortcode=tribe-widget-events-month-15\"\n\t\t\t\tclass=\"tribe-events-calendar-month__day-date-link\"\n\t\t\t\tdata-js=\"tribe-events-view-link\"\n\t\t\t\taria-label=\"31 mayo\"\n\t\t\t>\n\t\t\t\t31\t\t\t<\/a>\n\t\t\t<\/time>\n<\/h3>\n\n\t<div class=\"tribe-events-calendar-month__events\">\n\t\t\n\t<div class=\"tribe-events-calendar-month__multiday-event-wrapper\">\n\t<article  class=\"tribe-events-calendar-month__multiday-event post-154084 tribe_events type-tribe_events status-publish tribe_events_cat-agenda-es tribe_events_cat-sr-paola-battagliola-es-2 tribe_events_cat-visitadora cat_agenda-es cat_sr-paola-battagliola-es-2 cat_visitadora tribe-events-calendar-month__multiday-event--width-1 tribe-events-calendar-month__multiday-event--display tribe-events-calendar-month__multiday-event--start tribe-events-calendar-month__multiday-event--end\"  data-event-id=\"154084\">\n\t\t<div class=\"tribe-events-calendar-month__multiday-event-hidden\">\n\t<time\n\tdatetime=\"2026-05-31\"\n\tclass=\"tribe-common-a11y-visual-hide\"\n>\n\t2026-05-31<\/time>\n\t<a\n\thref=\"https:\/\/www.cgfmanet.org\/es\/event\/suor-paola-battagliola-termina-la-2a-parte-della-visita-canonica-allispettoria-lombarda-sacra-famiglia-ilo\/\"\n\tclass=\"tribe-events-calendar-month__multiday-event-hidden-link\"\n\tdata-js=\"tribe-events-tooltip\"\n\tdata-tooltip-content=\"#tribe-events-tooltip-content-154084\"\n\taria-describedby=\"tribe-events-tooltip-content-154084\"\n>\n\t\t<div class=\"tribe-events-calendar-month__multiday-event-hidden-title tribe-common-h8\">\n\tSuor Paola Battagliola termina la 2a parte della Visita canonica all&#8217;Ispettoria Lombarda \u00abSacra Famiglia\u00bb (ILO).<\/div>\n<\/a>\n<\/div>\n\t\t<div class=\"tribe-events-calendar-month__multiday-event-bar\">\n\t<div class=\"tribe-events-calendar-month__multiday-event-bar-inner\">\n\t\t\t\t<div class=\"tribe-events-calendar-month__multiday-event-bar-title tribe-common-h8\">\n\tSuor Paola Battagliola termina la 2a parte della Visita canonica all&#8217;Ispettoria Lombarda \u00abSacra Famiglia\u00bb (ILO).<\/div>\n\t<\/div>\n<\/div>\n<div class=\"tribe-events-calendar-month__calendar-event-tooltip-template tribe-common-a11y-hidden\">\n\t<div\n\t\tclass=\"tribe-events-calendar-month__calendar-event-tooltip\"\n\t\tid=\"tribe-events-tooltip-content-154084\"\n\t\trole=\"tooltip\"\n\t>\n\t\t\t\t<div class=\"tribe-events-calendar-month__calendar-event-tooltip-datetime\">\n\t\t<time datetime=\"2026-05-31\">\n\t\t<span class=\"tribe-event-date-start\">31 mayo<\/span>\t<\/time>\n\t<\/div>\n\t\t<div class=\"tribe-events-calendar-month__calendar-event-tooltip-title tribe-common-h7\">\n\t<a\n\t\thref=\"https:\/\/www.cgfmanet.org\/es\/event\/suor-paola-battagliola-termina-la-2a-parte-della-visita-canonica-allispettoria-lombarda-sacra-famiglia-ilo\/\"\n\t\ttitle=\"Suor Paola Battagliola termina la 2a parte della Visita canonica all&#8217;Ispettoria Lombarda \u00abSacra Famiglia\u00bb (ILO).\"\n\t\trel=\"bookmark\"\n\t\tclass=\"tribe-events-calendar-month__calendar-event-tooltip-title-link tribe-common-anchor-thin\"\n\t>\n\t\tSuor Paola Battagliola termina la 2a parte della Visita canonica all&#8217;Ispettoria Lombarda \u00abSacra Famiglia\u00bb (ILO).\t<\/a>\n<\/div>\n\t\t\t\t\t<\/div>\n<\/div>\n\t<\/article>\n<\/div>\n\n\n\t\t\t<\/div>\n\n\t\n<\/div>\n<\/td>\n\n\t\t\t\t\t<\/tr>\n\t<\/tbody>\n\n\t\t<\/table>\n\n\t\t\n\t\t<section class=\"tribe-events-calendar-month-mobile-events\" data-js=\"tribe-events-calendar-month-mobile-events\">\n\n\t\n\t\t\n<div  class=\"tribe-events-calendar-month-mobile-events__mobile-day\"  id=\"tribe-events-calendar-mobile-day-2026-04-27\">\n\n\t\n\t\t\t\t\t\n\t\t\t<div class=\"tribe-events-c-day-marker tribe-events-calendar-month-mobile-events__day-marker\">\n\t<time\n\t\tclass=\"tribe-events-c-day-marker__date tribe-common-h7 tribe-common-h--alt\"\n\t\tdatetime=\"2026-04-17\"\n\t>\n\t\t17 abril\t<\/time>\n<\/div>\n\n\t\t\t\n\t\t\t\n<article  class=\"tribe-events-calendar-month-mobile-events__mobile-event post-155333 tribe_events type-tribe_events status-publish tribe_events_cat-agenda-es tribe_events_cat-consejera-para-la-formacion cat_agenda-es cat_consejera-para-la-formacion\" >\n\n\t\n\t<div class=\"tribe-events-calendar-month-mobile-events__mobile-event-details\">\n\n\t\t<div class=\"tribe-events-calendar-month-mobile-events__mobile-event-datetime tribe-common-b2\">\n\t\t\t\t<time datetime=\"2026-04-17\">\n\t\t\tTodo el d\u00eda\t\t<\/time>\n\t\t<\/div>\n\t\t<h3  class=\"tribe-events-calendar-month-mobile-events__mobile-event-title tribe-common-h7\" >\n\t<a\n\t\thref=\"https:\/\/www.cgfmanet.org\/es\/event\/suor-nilza-fatima-de-moraes-accompagna-le-partecipanti-del-progetto-mornese-in-lingua-inglese-insieme-alla-coordinatrice-suor-jeanette-palasota\/\"\n\t\ttitle=\"Suor Nilza F\u00e1tima de Moraes accompagna le partecipanti del Progetto Mornese in lingua inglese insieme alla coordinatrice, suor Jeanette Palasota.\"\n\t\trel=\"bookmark\"\n\t\tclass=\"tribe-events-calendar-month-mobile-events__mobile-event-title-link tribe-common-anchor\"\n\t>\n\t\tSuor Nilza F\u00e1tima de Moraes accompagna le partecipanti del Progetto Mornese in lingua inglese insieme alla coordinatrice, suor Jeanette Palasota.\t<\/a>\n<\/h3>\n\t\t\n\t<\/div>\n<\/article>\n\n\t\t\t\t\t\n\t\t\t\n\t\t\t\n\t\t\t\n<article  class=\"tribe-events-calendar-month-mobile-events__mobile-event post-156197 tribe_events type-tribe_events status-publish tribe_events_cat-agenda-es tribe_events_cat-sr-paola-battagliola-es-2 tribe_events_cat-visitadora cat_agenda-es cat_sr-paola-battagliola-es-2 cat_visitadora\" >\n\n\t\n\t<div class=\"tribe-events-calendar-month-mobile-events__mobile-event-details\">\n\n\t\t<div class=\"tribe-events-calendar-month-mobile-events__mobile-event-datetime tribe-common-b2\">\n\t\t\t\t<time datetime=\"2026-04-25\">\n\t\t\tTodo el d\u00eda\t\t<\/time>\n\t\t<\/div>\n\t\t<h3  class=\"tribe-events-calendar-month-mobile-events__mobile-event-title tribe-common-h7\" >\n\t<a\n\t\thref=\"https:\/\/www.cgfmanet.org\/es\/event\/suor-paola-battagliola-accompagna-il-processo-di-discernimento-per-la-nomina-della-futura-ispettrice-brm-a-manaus-brasile\/\"\n\t\ttitle=\"Suor Paola Battagliola accompagna il processo di discernimento per la nomina della futura Ispettrice BRM. A Manaus, Brasile.\"\n\t\trel=\"bookmark\"\n\t\tclass=\"tribe-events-calendar-month-mobile-events__mobile-event-title-link tribe-common-anchor\"\n\t>\n\t\tSuor Paola Battagliola accompagna il processo di discernimento per la nomina della futura Ispettrice BRM. A Manaus, Brasile.\t<\/a>\n<\/h3>\n\t\t\n\t<\/div>\n<\/article>\n\n\t\t\t\t\t\n\t\t\t\n\t\t\t\n\t\t\t\n<article  class=\"tribe-events-calendar-month-mobile-events__mobile-event post-154150 tribe_events type-tribe_events status-publish tribe_events_cat-agenda-es tribe_events_cat-consejera-para-la-administacion cat_agenda-es cat_consejera-para-la-administacion\" >\n\n\t\n\t<div class=\"tribe-events-calendar-month-mobile-events__mobile-event-details\">\n\n\t\t<div class=\"tribe-events-calendar-month-mobile-events__mobile-event-datetime tribe-common-b2\">\n\t\t\t\t<time datetime=\"2026-04-27\">\n\t\t\tTodo el d\u00eda\t\t<\/time>\n\t\t<\/div>\n\t\t<h3  class=\"tribe-events-calendar-month-mobile-events__mobile-event-title tribe-common-h7\" >\n\t<a\n\t\thref=\"https:\/\/www.cgfmanet.org\/es\/event\/suor-ena-bolanos-e-le-collaboratrici-dellambito-incontrano-le-econome-ispettoriali-del-mondo-per-la-formazione-online-11\/\"\n\t\ttitle=\"Suor Ena Bola\u00f1os e le collaboratrici dell\u2019Ambito incontrano le Econome ispettoriali del mondo per la formazione online.\"\n\t\trel=\"bookmark\"\n\t\tclass=\"tribe-events-calendar-month-mobile-events__mobile-event-title-link tribe-common-anchor\"\n\t>\n\t\tSuor Ena Bola\u00f1os e le collaboratrici dell\u2019Ambito incontrano le Econome ispettoriali del mondo per la formazione online.\t<\/a>\n<\/h3>\n\t\t\n\t<\/div>\n<\/article>\n\n\t\t\n\t\t\n\t<\/div>\n\n\t\n\t\t\n<div  class=\"tribe-events-calendar-month-mobile-events__mobile-day\"  id=\"tribe-events-calendar-mobile-day-2026-04-28\">\n\n\t\n\t\t\t\t\t\n\t\t\t<div class=\"tribe-events-c-day-marker tribe-events-calendar-month-mobile-events__day-marker\">\n\t<time\n\t\tclass=\"tribe-events-c-day-marker__date tribe-common-h7 tribe-common-h--alt\"\n\t\tdatetime=\"2026-04-17\"\n\t>\n\t\t17 abril\t<\/time>\n<\/div>\n\n\t\t\t\n\t\t\t\n<article  class=\"tribe-events-calendar-month-mobile-events__mobile-event post-155333 tribe_events type-tribe_events status-publish tribe_events_cat-agenda-es tribe_events_cat-consejera-para-la-formacion cat_agenda-es cat_consejera-para-la-formacion\" >\n\n\t\n\t<div class=\"tribe-events-calendar-month-mobile-events__mobile-event-details\">\n\n\t\t<div class=\"tribe-events-calendar-month-mobile-events__mobile-event-datetime tribe-common-b2\">\n\t\t\t\t<time datetime=\"2026-04-17\">\n\t\t\tTodo el d\u00eda\t\t<\/time>\n\t\t<\/div>\n\t\t<h3  class=\"tribe-events-calendar-month-mobile-events__mobile-event-title tribe-common-h7\" >\n\t<a\n\t\thref=\"https:\/\/www.cgfmanet.org\/es\/event\/suor-nilza-fatima-de-moraes-accompagna-le-partecipanti-del-progetto-mornese-in-lingua-inglese-insieme-alla-coordinatrice-suor-jeanette-palasota\/\"\n\t\ttitle=\"Suor Nilza F\u00e1tima de Moraes accompagna le partecipanti del Progetto Mornese in lingua inglese insieme alla coordinatrice, suor Jeanette Palasota.\"\n\t\trel=\"bookmark\"\n\t\tclass=\"tribe-events-calendar-month-mobile-events__mobile-event-title-link tribe-common-anchor\"\n\t>\n\t\tSuor Nilza F\u00e1tima de Moraes accompagna le partecipanti del Progetto Mornese in lingua inglese insieme alla coordinatrice, suor Jeanette Palasota.\t<\/a>\n<\/h3>\n\t\t\n\t<\/div>\n<\/article>\n\n\t\t\t\t\t\n\t\t\t\n\t\t\t\n\t\t\t\n<article  class=\"tribe-events-calendar-month-mobile-events__mobile-event post-156197 tribe_events type-tribe_events status-publish tribe_events_cat-agenda-es tribe_events_cat-sr-paola-battagliola-es-2 tribe_events_cat-visitadora cat_agenda-es cat_sr-paola-battagliola-es-2 cat_visitadora\" >\n\n\t\n\t<div class=\"tribe-events-calendar-month-mobile-events__mobile-event-details\">\n\n\t\t<div class=\"tribe-events-calendar-month-mobile-events__mobile-event-datetime tribe-common-b2\">\n\t\t\t\t<time datetime=\"2026-04-25\">\n\t\t\tTodo el d\u00eda\t\t<\/time>\n\t\t<\/div>\n\t\t<h3  class=\"tribe-events-calendar-month-mobile-events__mobile-event-title tribe-common-h7\" >\n\t<a\n\t\thref=\"https:\/\/www.cgfmanet.org\/es\/event\/suor-paola-battagliola-accompagna-il-processo-di-discernimento-per-la-nomina-della-futura-ispettrice-brm-a-manaus-brasile\/\"\n\t\ttitle=\"Suor Paola Battagliola accompagna il processo di discernimento per la nomina della futura Ispettrice BRM. A Manaus, Brasile.\"\n\t\trel=\"bookmark\"\n\t\tclass=\"tribe-events-calendar-month-mobile-events__mobile-event-title-link tribe-common-anchor\"\n\t>\n\t\tSuor Paola Battagliola accompagna il processo di discernimento per la nomina della futura Ispettrice BRM. A Manaus, Brasile.\t<\/a>\n<\/h3>\n\t\t\n\t<\/div>\n<\/article>\n\n\t\t\t\t\t\n\t\t\t\n\t\t\t\n\t\t\t\n<article  class=\"tribe-events-calendar-month-mobile-events__mobile-event post-154150 tribe_events type-tribe_events status-publish tribe_events_cat-agenda-es tribe_events_cat-consejera-para-la-administacion cat_agenda-es cat_consejera-para-la-administacion\" >\n\n\t\n\t<div class=\"tribe-events-calendar-month-mobile-events__mobile-event-details\">\n\n\t\t<div class=\"tribe-events-calendar-month-mobile-events__mobile-event-datetime tribe-common-b2\">\n\t\t\t\t<time datetime=\"2026-04-27\">\n\t\t\tTodo el d\u00eda\t\t<\/time>\n\t\t<\/div>\n\t\t<h3  class=\"tribe-events-calendar-month-mobile-events__mobile-event-title tribe-common-h7\" >\n\t<a\n\t\thref=\"https:\/\/www.cgfmanet.org\/es\/event\/suor-ena-bolanos-e-le-collaboratrici-dellambito-incontrano-le-econome-ispettoriali-del-mondo-per-la-formazione-online-11\/\"\n\t\ttitle=\"Suor Ena Bola\u00f1os e le collaboratrici dell\u2019Ambito incontrano le Econome ispettoriali del mondo per la formazione online.\"\n\t\trel=\"bookmark\"\n\t\tclass=\"tribe-events-calendar-month-mobile-events__mobile-event-title-link tribe-common-anchor\"\n\t>\n\t\tSuor Ena Bola\u00f1os e le collaboratrici dell\u2019Ambito incontrano le Econome ispettoriali del mondo per la formazione online.\t<\/a>\n<\/h3>\n\t\t\n\t<\/div>\n<\/article>\n\n\t\t\n\t\t\n\t<\/div>\n\n\t\n\t\t\n<div  class=\"tribe-events-calendar-month-mobile-events__mobile-day\"  id=\"tribe-events-calendar-mobile-day-2026-04-29\">\n\n\t\n\t\t\t\t\t\n\t\t\t<div class=\"tribe-events-c-day-marker tribe-events-calendar-month-mobile-events__day-marker\">\n\t<time\n\t\tclass=\"tribe-events-c-day-marker__date tribe-common-h7 tribe-common-h--alt\"\n\t\tdatetime=\"2026-04-17\"\n\t>\n\t\t17 abril\t<\/time>\n<\/div>\n\n\t\t\t\n\t\t\t\n<article  class=\"tribe-events-calendar-month-mobile-events__mobile-event post-155333 tribe_events type-tribe_events status-publish tribe_events_cat-agenda-es tribe_events_cat-consejera-para-la-formacion cat_agenda-es cat_consejera-para-la-formacion\" >\n\n\t\n\t<div class=\"tribe-events-calendar-month-mobile-events__mobile-event-details\">\n\n\t\t<div class=\"tribe-events-calendar-month-mobile-events__mobile-event-datetime tribe-common-b2\">\n\t\t\t\t<time datetime=\"2026-04-17\">\n\t\t\tTodo el d\u00eda\t\t<\/time>\n\t\t<\/div>\n\t\t<h3  class=\"tribe-events-calendar-month-mobile-events__mobile-event-title tribe-common-h7\" >\n\t<a\n\t\thref=\"https:\/\/www.cgfmanet.org\/es\/event\/suor-nilza-fatima-de-moraes-accompagna-le-partecipanti-del-progetto-mornese-in-lingua-inglese-insieme-alla-coordinatrice-suor-jeanette-palasota\/\"\n\t\ttitle=\"Suor Nilza F\u00e1tima de Moraes accompagna le partecipanti del Progetto Mornese in lingua inglese insieme alla coordinatrice, suor Jeanette Palasota.\"\n\t\trel=\"bookmark\"\n\t\tclass=\"tribe-events-calendar-month-mobile-events__mobile-event-title-link tribe-common-anchor\"\n\t>\n\t\tSuor Nilza F\u00e1tima de Moraes accompagna le partecipanti del Progetto Mornese in lingua inglese insieme alla coordinatrice, suor Jeanette Palasota.\t<\/a>\n<\/h3>\n\t\t\n\t<\/div>\n<\/article>\n\n\t\t\n\t\t\n\t<\/div>\n\n\t\n\t\t\n<div  class=\"tribe-events-calendar-month-mobile-events__mobile-day\"  id=\"tribe-events-calendar-mobile-day-2026-04-30\">\n\n\t\n\t\t\t\t\t\n\t\t\t<div class=\"tribe-events-c-day-marker tribe-events-calendar-month-mobile-events__day-marker\">\n\t<time\n\t\tclass=\"tribe-events-c-day-marker__date tribe-common-h7 tribe-common-h--alt\"\n\t\tdatetime=\"2026-04-17\"\n\t>\n\t\t17 abril\t<\/time>\n<\/div>\n\n\t\t\t\n\t\t\t\n<article  class=\"tribe-events-calendar-month-mobile-events__mobile-event post-155333 tribe_events type-tribe_events status-publish tribe_events_cat-agenda-es tribe_events_cat-consejera-para-la-formacion cat_agenda-es cat_consejera-para-la-formacion\" >\n\n\t\n\t<div class=\"tribe-events-calendar-month-mobile-events__mobile-event-details\">\n\n\t\t<div class=\"tribe-events-calendar-month-mobile-events__mobile-event-datetime tribe-common-b2\">\n\t\t\t\t<time datetime=\"2026-04-17\">\n\t\t\tTodo el d\u00eda\t\t<\/time>\n\t\t<\/div>\n\t\t<h3  class=\"tribe-events-calendar-month-mobile-events__mobile-event-title tribe-common-h7\" >\n\t<a\n\t\thref=\"https:\/\/www.cgfmanet.org\/es\/event\/suor-nilza-fatima-de-moraes-accompagna-le-partecipanti-del-progetto-mornese-in-lingua-inglese-insieme-alla-coordinatrice-suor-jeanette-palasota\/\"\n\t\ttitle=\"Suor Nilza F\u00e1tima de Moraes accompagna le partecipanti del Progetto Mornese in lingua inglese insieme alla coordinatrice, suor Jeanette Palasota.\"\n\t\trel=\"bookmark\"\n\t\tclass=\"tribe-events-calendar-month-mobile-events__mobile-event-title-link tribe-common-anchor\"\n\t>\n\t\tSuor Nilza F\u00e1tima de Moraes accompagna le partecipanti del Progetto Mornese in lingua inglese insieme alla coordinatrice, suor Jeanette Palasota.\t<\/a>\n<\/h3>\n\t\t\n\t<\/div>\n<\/article>\n\n\t\t\n\t\t\n\t<\/div>\n\n\t\n\t\t\n<div  class=\"tribe-events-calendar-month-mobile-events__mobile-day\"  id=\"tribe-events-calendar-mobile-day-2026-05-1\">\n\n\t\n\t\t\t\t\t\n\t\t\t<div class=\"tribe-events-c-day-marker tribe-events-calendar-month-mobile-events__day-marker\">\n\t<time\n\t\tclass=\"tribe-events-c-day-marker__date tribe-common-h7 tribe-common-h--alt\"\n\t\tdatetime=\"2026-04-17\"\n\t>\n\t\t17 abril\t<\/time>\n<\/div>\n\n\t\t\t\n\t\t\t\n<article  class=\"tribe-events-calendar-month-mobile-events__mobile-event post-155333 tribe_events type-tribe_events status-publish tribe_events_cat-agenda-es tribe_events_cat-consejera-para-la-formacion cat_agenda-es cat_consejera-para-la-formacion\" >\n\n\t\n\t<div class=\"tribe-events-calendar-month-mobile-events__mobile-event-details\">\n\n\t\t<div class=\"tribe-events-calendar-month-mobile-events__mobile-event-datetime tribe-common-b2\">\n\t\t\t\t<time datetime=\"2026-04-17\">\n\t\t\tTodo el d\u00eda\t\t<\/time>\n\t\t<\/div>\n\t\t<h3  class=\"tribe-events-calendar-month-mobile-events__mobile-event-title tribe-common-h7\" >\n\t<a\n\t\thref=\"https:\/\/www.cgfmanet.org\/es\/event\/suor-nilza-fatima-de-moraes-accompagna-le-partecipanti-del-progetto-mornese-in-lingua-inglese-insieme-alla-coordinatrice-suor-jeanette-palasota\/\"\n\t\ttitle=\"Suor Nilza F\u00e1tima de Moraes accompagna le partecipanti del Progetto Mornese in lingua inglese insieme alla coordinatrice, suor Jeanette Palasota.\"\n\t\trel=\"bookmark\"\n\t\tclass=\"tribe-events-calendar-month-mobile-events__mobile-event-title-link tribe-common-anchor\"\n\t>\n\t\tSuor Nilza F\u00e1tima de Moraes accompagna le partecipanti del Progetto Mornese in lingua inglese insieme alla coordinatrice, suor Jeanette Palasota.\t<\/a>\n<\/h3>\n\t\t\n\t<\/div>\n<\/article>\n\n\t\t\t\t\t\n\t\t\t\n\t\t\t\n\t\t\t\n<article  class=\"tribe-events-calendar-month-mobile-events__mobile-event post-156203 tribe_events type-tribe_events status-publish tribe_events_cat-sr-paola-battagliola-es-2 tribe_events_cat-agenda-es tribe_events_cat-visitadora cat_sr-paola-battagliola-es-2 cat_agenda-es cat_visitadora\" >\n\n\t\n\t<div class=\"tribe-events-calendar-month-mobile-events__mobile-event-details\">\n\n\t\t<div class=\"tribe-events-calendar-month-mobile-events__mobile-event-datetime tribe-common-b2\">\n\t\t\t\t<time datetime=\"2026-05-01\">\n\t\t\tTodo el d\u00eda\t\t<\/time>\n\t\t<\/div>\n\t\t<h3  class=\"tribe-events-calendar-month-mobile-events__mobile-event-title tribe-common-h7\" >\n\t<a\n\t\thref=\"https:\/\/www.cgfmanet.org\/es\/event\/suor-paola-battagliola-riprende-la-2a-parte-della-visita-canonica-allispettoria-lombarda-sacra-famiglia-ilo\/\"\n\t\ttitle=\"Suor Paola Battagliola riprende la 2a parte della Visita canonica all&#8217;Ispettoria Lombarda \u00abSacra Famiglia\u00bb (ILO).\"\n\t\trel=\"bookmark\"\n\t\tclass=\"tribe-events-calendar-month-mobile-events__mobile-event-title-link tribe-common-anchor\"\n\t>\n\t\tSuor Paola Battagliola riprende la 2a parte della Visita canonica all&#8217;Ispettoria Lombarda \u00abSacra Famiglia\u00bb (ILO).\t<\/a>\n<\/h3>\n\t\t\n\t<\/div>\n<\/article>\n\n\t\t\n\t\t\n\t<\/div>\n\n\t\n\t\t\n<div  class=\"tribe-events-calendar-month-mobile-events__mobile-day\"  id=\"tribe-events-calendar-mobile-day-2026-05-2\">\n\n\t\n\t\t\t\t\t\n\t\t\t<div class=\"tribe-events-c-day-marker tribe-events-calendar-month-mobile-events__day-marker\">\n\t<time\n\t\tclass=\"tribe-events-c-day-marker__date tribe-common-h7 tribe-common-h--alt\"\n\t\tdatetime=\"2026-04-17\"\n\t>\n\t\t17 abril\t<\/time>\n<\/div>\n\n\t\t\t\n\t\t\t\n<article  class=\"tribe-events-calendar-month-mobile-events__mobile-event post-155333 tribe_events type-tribe_events status-publish tribe_events_cat-agenda-es tribe_events_cat-consejera-para-la-formacion cat_agenda-es cat_consejera-para-la-formacion\" >\n\n\t\n\t<div class=\"tribe-events-calendar-month-mobile-events__mobile-event-details\">\n\n\t\t<div class=\"tribe-events-calendar-month-mobile-events__mobile-event-datetime tribe-common-b2\">\n\t\t\t\t<time datetime=\"2026-04-17\">\n\t\t\tTodo el d\u00eda\t\t<\/time>\n\t\t<\/div>\n\t\t<h3  class=\"tribe-events-calendar-month-mobile-events__mobile-event-title tribe-common-h7\" >\n\t<a\n\t\thref=\"https:\/\/www.cgfmanet.org\/es\/event\/suor-nilza-fatima-de-moraes-accompagna-le-partecipanti-del-progetto-mornese-in-lingua-inglese-insieme-alla-coordinatrice-suor-jeanette-palasota\/\"\n\t\ttitle=\"Suor Nilza F\u00e1tima de Moraes accompagna le partecipanti del Progetto Mornese in lingua inglese insieme alla coordinatrice, suor Jeanette Palasota.\"\n\t\trel=\"bookmark\"\n\t\tclass=\"tribe-events-calendar-month-mobile-events__mobile-event-title-link tribe-common-anchor\"\n\t>\n\t\tSuor Nilza F\u00e1tima de Moraes accompagna le partecipanti del Progetto Mornese in lingua inglese insieme alla coordinatrice, suor Jeanette Palasota.\t<\/a>\n<\/h3>\n\t\t\n\t<\/div>\n<\/article>\n\n\t\t\t\t\t\n\t\t\t\n\t\t\t\n\t\t\t\n<article  class=\"tribe-events-calendar-month-mobile-events__mobile-event post-150827 tribe_events type-tribe_events status-publish tribe_events_cat-agenda-es tribe_events_cat-secretaria-general cat_agenda-es cat_secretaria-general\" >\n\n\t\n\t<div class=\"tribe-events-calendar-month-mobile-events__mobile-event-details\">\n\n\t\t<div class=\"tribe-events-calendar-month-mobile-events__mobile-event-datetime tribe-common-b2\">\n\t\t\t\t<time datetime=\"2026-05-02\">\n\t\t\tTodo el d\u00eda\t\t<\/time>\n\t\t<\/div>\n\t\t<h3  class=\"tribe-events-calendar-month-mobile-events__mobile-event-title tribe-common-h7\" >\n\t<a\n\t\thref=\"https:\/\/www.cgfmanet.org\/es\/event\/suor-maria-luisa-nicastro-con-le-collaboratrici-della-segreteria-generale-guida-la-visita-allarchivio-generale-dellistituto-e-alla-mostra-del-carisma-delle-studentesse-del-corso-di-spiritualita\/\"\n\t\ttitle=\"Suor Maria Luisa Nicastro, con le collaboratrici della Segreteria generale, guida la visita all&#8217;Archivio Generale dell&#8217;Istituto e alla Mostra del Carisma delle Studentesse del Corso di Spiritualit\u00e0 di Casa Canta.\"\n\t\trel=\"bookmark\"\n\t\tclass=\"tribe-events-calendar-month-mobile-events__mobile-event-title-link tribe-common-anchor\"\n\t>\n\t\tSuor Maria Luisa Nicastro, con le collaboratrici della Segreteria generale, guida la visita all&#8217;Archivio Generale dell&#8217;Istituto e alla Mostra del Carisma delle Studentesse del Corso di Spiritualit\u00e0 di Casa Canta.\t<\/a>\n<\/h3>\n\t\t\n\t<\/div>\n<\/article>\n\n\t\t\n\t\t\n\t<\/div>\n\n\t\n\t\t\n<div  class=\"tribe-events-calendar-month-mobile-events__mobile-day tribe-events-calendar-month-mobile-events__mobile-day--show\"  id=\"tribe-events-calendar-mobile-day-2026-05-3\">\n\n\t\n\t\t\t\t\t\n\t\t\t<div class=\"tribe-events-c-day-marker tribe-events-calendar-month-mobile-events__day-marker\">\n\t<time\n\t\tclass=\"tribe-events-c-day-marker__date tribe-common-h7 tribe-common-h--alt\"\n\t\tdatetime=\"2026-04-17\"\n\t>\n\t\t17 abril\t<\/time>\n<\/div>\n\n\t\t\t\n\t\t\t\n<article  class=\"tribe-events-calendar-month-mobile-events__mobile-event post-155333 tribe_events type-tribe_events status-publish tribe_events_cat-agenda-es tribe_events_cat-consejera-para-la-formacion cat_agenda-es cat_consejera-para-la-formacion\" >\n\n\t\n\t<div class=\"tribe-events-calendar-month-mobile-events__mobile-event-details\">\n\n\t\t<div class=\"tribe-events-calendar-month-mobile-events__mobile-event-datetime tribe-common-b2\">\n\t\t\t\t<time datetime=\"2026-04-17\">\n\t\t\tTodo el d\u00eda\t\t<\/time>\n\t\t<\/div>\n\t\t<h3  class=\"tribe-events-calendar-month-mobile-events__mobile-event-title tribe-common-h7\" >\n\t<a\n\t\thref=\"https:\/\/www.cgfmanet.org\/es\/event\/suor-nilza-fatima-de-moraes-accompagna-le-partecipanti-del-progetto-mornese-in-lingua-inglese-insieme-alla-coordinatrice-suor-jeanette-palasota\/\"\n\t\ttitle=\"Suor Nilza F\u00e1tima de Moraes accompagna le partecipanti del Progetto Mornese in lingua inglese insieme alla coordinatrice, suor Jeanette Palasota.\"\n\t\trel=\"bookmark\"\n\t\tclass=\"tribe-events-calendar-month-mobile-events__mobile-event-title-link tribe-common-anchor\"\n\t>\n\t\tSuor Nilza F\u00e1tima de Moraes accompagna le partecipanti del Progetto Mornese in lingua inglese insieme alla coordinatrice, suor Jeanette Palasota.\t<\/a>\n<\/h3>\n\t\t\n\t<\/div>\n<\/article>\n\n\t\t\t\t\t\n\t\t\t\n\t\t\t\n\t\t\t\n<article  class=\"tribe-events-calendar-month-mobile-events__mobile-event post-151100 tribe_events type-tribe_events status-publish tribe_events_cat-consejera-para-la-familia-salesiana tribe_events_cat-agenda-es cat_consejera-para-la-familia-salesiana cat_agenda-es\" >\n\n\t\n\t<div class=\"tribe-events-calendar-month-mobile-events__mobile-event-details\">\n\n\t\t<div class=\"tribe-events-calendar-month-mobile-events__mobile-event-datetime tribe-common-b2\">\n\t\t\t\t<time datetime=\"2026-05-03\">\n\t\t\tTodo el d\u00eda\t\t<\/time>\n\t\t<\/div>\n\t\t<h3  class=\"tribe-events-calendar-month-mobile-events__mobile-event-title tribe-common-h7\" >\n\t<a\n\t\thref=\"https:\/\/www.cgfmanet.org\/es\/event\/suor-leslie-sandigo-e-le-collaboratrici-dellambito-incontrano-online-le-delegate-e-animatrici-delle-associazioni-exallieve-i-delle-fma-salesiani-cooperatori-e-adma\/\"\n\t\ttitle=\"Suor Leslie S\u00e1ndigo e le collaboratrici dell\u2019Ambito incontrano online le Delegate e animatrici delle Associazioni: Exallieve\/i delle FMA, Salesiani Cooperatori e ADMA.\"\n\t\trel=\"bookmark\"\n\t\tclass=\"tribe-events-calendar-month-mobile-events__mobile-event-title-link tribe-common-anchor\"\n\t>\n\t\tSuor Leslie S\u00e1ndigo e le collaboratrici dell\u2019Ambito incontrano online le Delegate e animatrici delle Associazioni: Exallieve\/i delle FMA, Salesiani Cooperatori e ADMA.\t<\/a>\n<\/h3>\n\t\t\n\t<\/div>\n<\/article>\n\n\t\t\n\t\t\n\t<\/div>\n\n\t\n\t\t\n<div  class=\"tribe-events-calendar-month-mobile-events__mobile-day\"  id=\"tribe-events-calendar-mobile-day-2026-05-4\">\n\n\t\n\t\t\t\t\t\n\t\t\t<div class=\"tribe-events-c-day-marker tribe-events-calendar-month-mobile-events__day-marker\">\n\t<time\n\t\tclass=\"tribe-events-c-day-marker__date tribe-common-h7 tribe-common-h--alt\"\n\t\tdatetime=\"2026-05-04\"\n\t>\n\t\t4 mayo\t<\/time>\n<\/div>\n\n\t\t\t\n\t\t\t\n<article  class=\"tribe-events-calendar-month-mobile-events__mobile-event post-150695 tribe_events type-tribe_events status-publish tribe_events_cat-agenda-es tribe_events_cat-vicaria-general cat_agenda-es cat_vicaria-general\" >\n\n\t\n\t<div class=\"tribe-events-calendar-month-mobile-events__mobile-event-details\">\n\n\t\t<div class=\"tribe-events-calendar-month-mobile-events__mobile-event-datetime tribe-common-b2\">\n\t\t\t\t<time datetime=\"2026-05-04\">\n\t\t\tTodo el d\u00eda\t\t<\/time>\n\t\t<\/div>\n\t\t<h3  class=\"tribe-events-calendar-month-mobile-events__mobile-event-title tribe-common-h7\" >\n\t<a\n\t\thref=\"https:\/\/www.cgfmanet.org\/es\/event\/suor-maria-del-rosario-garcia-ribas-termina-la-visita-canonica-allispettoria-san-giuseppe-ant-delle-antille\/\"\n\t\ttitle=\"Suor Mar\u00eda del Rosario Garc\u00eda Ribas termina la Visita canonica all\u2019Ispettoria \u201cSan Giuseppe\u00bb (ANT) delle Antille.\"\n\t\trel=\"bookmark\"\n\t\tclass=\"tribe-events-calendar-month-mobile-events__mobile-event-title-link tribe-common-anchor\"\n\t>\n\t\tSuor Mar\u00eda del Rosario Garc\u00eda Ribas termina la Visita canonica all\u2019Ispettoria \u201cSan Giuseppe\u00bb (ANT) delle Antille.\t<\/a>\n<\/h3>\n\t\t\n\t<\/div>\n<\/article>\n\n\t\t\t\t\t\n\t\t\t\n\t\t\t\n\t\t\t\n<article  class=\"tribe-events-calendar-month-mobile-events__mobile-event post-150891 tribe_events type-tribe_events status-publish tribe_events_cat-consejera-para-las-misiones tribe_events_cat-agenda-es cat_consejera-para-las-misiones cat_agenda-es\" >\n\n\t\n\t<div class=\"tribe-events-calendar-month-mobile-events__mobile-event-details\">\n\n\t\t<div class=\"tribe-events-calendar-month-mobile-events__mobile-event-datetime tribe-common-b2\">\n\t\t\t\t<time datetime=\"2026-05-04\">\n\t\t\tTodo el d\u00eda\t\t<\/time>\n\t\t<\/div>\n\t\t<h3  class=\"tribe-events-calendar-month-mobile-events__mobile-event-title tribe-common-h7\" >\n\t<a\n\t\thref=\"https:\/\/www.cgfmanet.org\/es\/event\/inizio-del-corso-di-formazione-permanente-missionaria-a-roma-casa-generalizia-2\/\"\n\t\ttitle=\"Inizio del Corso di Formazione Permanente Missionaria a Roma, Casa Generalizia.\"\n\t\trel=\"bookmark\"\n\t\tclass=\"tribe-events-calendar-month-mobile-events__mobile-event-title-link tribe-common-anchor\"\n\t>\n\t\tInizio del Corso di Formazione Permanente Missionaria a Roma, Casa Generalizia.\t<\/a>\n<\/h3>\n\t\t\n\t<\/div>\n<\/article>\n\n\t\t\t\t\t\n\t\t\t\n\t\t\t\n\t\t\t\n<article  class=\"tribe-events-calendar-month-mobile-events__mobile-event post-155256 tribe_events type-tribe_events status-publish tribe_events_cat-agenda-es tribe_events_cat-madre-general cat_agenda-es cat_madre-general\" >\n\n\t\n\t<div class=\"tribe-events-calendar-month-mobile-events__mobile-event-details\">\n\n\t\t<div class=\"tribe-events-calendar-month-mobile-events__mobile-event-datetime tribe-common-b2\">\n\t\t\t\t<time datetime=\"2026-05-04\">\n\t\t\tTodo el d\u00eda\t\t<\/time>\n\t\t<\/div>\n\t\t<h3  class=\"tribe-events-calendar-month-mobile-events__mobile-event-title tribe-common-h7\" >\n\t<a\n\t\thref=\"https:\/\/www.cgfmanet.org\/es\/event\/la-madre-da-la-buonanotte-al-gruppo-del-progetto-mornese-di-lingua-inglese-a-roma-presso-la-casa-fma-sacro-cuore-iro\/\"\n\t\ttitle=\"La Madre d\u00e0 la Buonanotte al gruppo del \u201cProgetto Mornese\u201d di lingua inglese. A Roma presso la Casa FMA \u201cSacro Cuore\u201d (IRO).\"\n\t\trel=\"bookmark\"\n\t\tclass=\"tribe-events-calendar-month-mobile-events__mobile-event-title-link tribe-common-anchor\"\n\t>\n\t\tLa Madre d\u00e0 la Buonanotte al gruppo del \u201cProgetto Mornese\u201d di lingua inglese. A Roma presso la Casa FMA \u201cSacro Cuore\u201d (IRO).\t<\/a>\n<\/h3>\n\t\t\n\t<\/div>\n<\/article>\n\n\t\t\t\t\t\n\t\t\t\n\t\t\t\n\t\t\t\n<article  class=\"tribe-events-calendar-month-mobile-events__mobile-event post-151106 tribe_events type-tribe_events status-publish tribe_events_cat-agenda-es tribe_events_cat-consejera-para-la-familia-salesiana cat_agenda-es cat_consejera-para-la-familia-salesiana\" >\n\n\t\n\t<div class=\"tribe-events-calendar-month-mobile-events__mobile-event-details\">\n\n\t\t<div class=\"tribe-events-calendar-month-mobile-events__mobile-event-datetime tribe-common-b2\">\n\t\t\t\t<time datetime=\"2026-05-04\">\n\t\t\tTodo el d\u00eda\t\t<\/time>\n\t\t<\/div>\n\t\t<h3  class=\"tribe-events-calendar-month-mobile-events__mobile-event-title tribe-common-h7\" >\n\t<a\n\t\thref=\"https:\/\/www.cgfmanet.org\/es\/event\/suor-leslie-sandigo-termina-la-2a-parte-della-visita-canonica-allispettoria-laura-vicuna-arg-dellargentina\/\"\n\t\ttitle=\"Suor Leslie S\u00e1ndigo termina la 2a parte della visita canonica all\u2019Ispettoria \u201cLaura Vicu\u00f1a\u201d (ARG) dell\u2019Argentina.\"\n\t\trel=\"bookmark\"\n\t\tclass=\"tribe-events-calendar-month-mobile-events__mobile-event-title-link tribe-common-anchor\"\n\t>\n\t\tSuor Leslie S\u00e1ndigo termina la 2a parte della visita canonica all\u2019Ispettoria \u201cLaura Vicu\u00f1a\u201d (ARG) dell\u2019Argentina.\t<\/a>\n<\/h3>\n\t\t\n\t<\/div>\n<\/article>\n\n\t\t\n\t\t\n\t<\/div>\n\n\t\n\t\t\n<div  class=\"tribe-events-calendar-month-mobile-events__mobile-day\"  id=\"tribe-events-calendar-mobile-day-2026-05-5\">\n\n\t\n\t\t\t\t\t\n\t\t\t<div class=\"tribe-events-c-day-marker tribe-events-calendar-month-mobile-events__day-marker\">\n\t<time\n\t\tclass=\"tribe-events-c-day-marker__date tribe-common-h7 tribe-common-h--alt\"\n\t\tdatetime=\"2026-05-05\"\n\t>\n\t\t5 mayo\t<\/time>\n<\/div>\n\n\t\t\t\n\t\t\t\n<article  class=\"tribe-events-calendar-month-mobile-events__mobile-event post-156540 tribe_events type-tribe_events status-publish tribe_events_cat-agenda-es tribe_events_cat-madre-general cat_agenda-es cat_madre-general\" >\n\n\t\n\t<div class=\"tribe-events-calendar-month-mobile-events__mobile-event-details\">\n\n\t\t<div class=\"tribe-events-calendar-month-mobile-events__mobile-event-datetime tribe-common-b2\">\n\t\t\t\t<time datetime=\"2026-05-05\">\n\t\t\tTodo el d\u00eda\t\t<\/time>\n\t\t<\/div>\n\t\t<h3  class=\"tribe-events-calendar-month-mobile-events__mobile-event-title tribe-common-h7\" >\n\t<a\n\t\thref=\"https:\/\/www.cgfmanet.org\/es\/event\/la-madre-incontra-il-consiglio-accademico-della-pontificia-facolta-di-scienze-delleducazione-auxilium-anche-con-la-presenza-della-superiora-di-visitatoria-rmc-suor-jessic\/\"\n\t\ttitle=\"La Madre incontra il Consiglio Accademico della Pontificia Facolt\u00e0 di Scienze dell\u2019Educazione \u201cAuxilium\u201d anche con la presenza della Superiora di Visitatoria (RMC), suor Jessica Salva\u00f1a Togonon. A Roma in Casa generalizia.\"\n\t\trel=\"bookmark\"\n\t\tclass=\"tribe-events-calendar-month-mobile-events__mobile-event-title-link tribe-common-anchor\"\n\t>\n\t\tLa Madre incontra il Consiglio Accademico della Pontificia Facolt\u00e0 di Scienze dell\u2019Educazione \u201cAuxilium\u201d anche con la presenza della Superiora di Visitatoria (RMC), suor Jessica Salva\u00f1a Togonon. A Roma in Casa generalizia.\t<\/a>\n<\/h3>\n\t\t\n\t<\/div>\n<\/article>\n\n\t\t\n\t\t\n\t<\/div>\n\n\t\n\t\t\n<div  class=\"tribe-events-calendar-month-mobile-events__mobile-day\"  id=\"tribe-events-calendar-mobile-day-2026-05-6\">\n\n\t\n\t\t\t\t\t\n\t\t\t<div class=\"tribe-events-c-day-marker tribe-events-calendar-month-mobile-events__day-marker\">\n\t<time\n\t\tclass=\"tribe-events-c-day-marker__date tribe-common-h7 tribe-common-h--alt\"\n\t\tdatetime=\"2026-05-06\"\n\t>\n\t\t6 mayo\t<\/time>\n<\/div>\n\n\t\t\t\n\t\t\t\n<article  class=\"tribe-events-calendar-month-mobile-events__mobile-event post-155272 tribe_events type-tribe_events status-publish tribe_events_cat-agenda-es tribe_events_cat-madre-general cat_agenda-es cat_madre-general\" >\n\n\t\n\t<div class=\"tribe-events-calendar-month-mobile-events__mobile-event-details\">\n\n\t\t<div class=\"tribe-events-calendar-month-mobile-events__mobile-event-datetime tribe-common-b2\">\n\t\t\t\t<time datetime=\"2026-05-06\">\n\t\t\tTodo el d\u00eda\t\t<\/time>\n\t\t<\/div>\n\t\t<h3  class=\"tribe-events-calendar-month-mobile-events__mobile-event-title tribe-common-h7\" >\n\t<a\n\t\thref=\"https:\/\/www.cgfmanet.org\/es\/event\/la-madre-incontra-le-fma-partecipanti-al-corso-di-formazione-permanente-missionaria-a-roma-casa-generalizia\/\"\n\t\ttitle=\"La Madre incontra le FMA partecipanti al Corso di Formazione Permanente Missionaria. A Roma, Casa generalizia.\"\n\t\trel=\"bookmark\"\n\t\tclass=\"tribe-events-calendar-month-mobile-events__mobile-event-title-link tribe-common-anchor\"\n\t>\n\t\tLa Madre incontra le FMA partecipanti al Corso di Formazione Permanente Missionaria. A Roma, Casa generalizia.\t<\/a>\n<\/h3>\n\t\t\n\t<\/div>\n<\/article>\n\n\t\t\n\t\t\n\t<\/div>\n\n\t\n\t\t\n<div  class=\"tribe-events-calendar-month-mobile-events__mobile-day\"  id=\"tribe-events-calendar-mobile-day-2026-05-7\">\n\n\t\n\t\t\t\t\t\n\t\t\t<div class=\"tribe-events-c-day-marker tribe-events-calendar-month-mobile-events__day-marker\">\n\t<time\n\t\tclass=\"tribe-events-c-day-marker__date tribe-common-h7 tribe-common-h--alt\"\n\t\tdatetime=\"2026-05-07\"\n\t>\n\t\t7 mayo\t<\/time>\n<\/div>\n\n\t\t\t\n\t\t\t\n<article  class=\"tribe-events-calendar-month-mobile-events__mobile-event post-155262 tribe_events type-tribe_events status-publish tribe_events_cat-agenda-es tribe_events_cat-madre-general cat_agenda-es cat_madre-general\" >\n\n\t\n\t<div class=\"tribe-events-calendar-month-mobile-events__mobile-event-details\">\n\n\t\t<div class=\"tribe-events-calendar-month-mobile-events__mobile-event-datetime tribe-common-b2\">\n\t\t\t\t<time datetime=\"2026-05-07\">\n\t\t\tTodo el d\u00eda\t\t<\/time>\n\t\t<\/div>\n\t\t<h3  class=\"tribe-events-calendar-month-mobile-events__mobile-event-title tribe-common-h7\" >\n\t<a\n\t\thref=\"https:\/\/www.cgfmanet.org\/es\/event\/la-madre-partecipa-e-interviene-al-vi-congresso-mondiale-dei-salesiani-cooperatori-a-roma-presso-la-fraterna-domus-tema-essere-lievito-per-essere-fecondi\/\"\n\t\ttitle=\"La Madre partecipa e interviene al VI Congresso Mondiale dei Salesiani Cooperatori a Roma, presso la Fraterna Domus. Tema: \u201cEssere lievito per essere fecondi\u201d.\"\n\t\trel=\"bookmark\"\n\t\tclass=\"tribe-events-calendar-month-mobile-events__mobile-event-title-link tribe-common-anchor\"\n\t>\n\t\tLa Madre partecipa e interviene al VI Congresso Mondiale dei Salesiani Cooperatori a Roma, presso la Fraterna Domus. Tema: \u201cEssere lievito per essere fecondi\u201d.\t<\/a>\n<\/h3>\n\t\t\n\t<\/div>\n<\/article>\n\n\t\t\t\t\t\n\t\t\t\n\t\t\t\n\t\t\t\n<article  class=\"tribe-events-calendar-month-mobile-events__mobile-event post-151112 tribe_events type-tribe_events status-publish tribe_events_cat-agenda-es tribe_events_cat-consejera-para-la-familia-salesiana cat_agenda-es cat_consejera-para-la-familia-salesiana\" >\n\n\t\n\t<div class=\"tribe-events-calendar-month-mobile-events__mobile-event-details\">\n\n\t\t<div class=\"tribe-events-calendar-month-mobile-events__mobile-event-datetime tribe-common-b2\">\n\t\t\t\t<time datetime=\"2026-05-07\">\n\t\t\tTodo el d\u00eda\t\t<\/time>\n\t\t<\/div>\n\t\t<h3  class=\"tribe-events-calendar-month-mobile-events__mobile-event-title tribe-common-h7\" >\n\t<a\n\t\thref=\"https:\/\/www.cgfmanet.org\/es\/event\/suor-leslie-sandigo-partecipa-al-congresso-mondiale-dei-salesiani-cooperatori-a-roma-fraterna-domus\/\"\n\t\ttitle=\"Suor Leslie S\u00e1ndigo partecipa al Congresso Mondiale dei Salesiani Cooperatori a Roma, Fraterna Domus.\"\n\t\trel=\"bookmark\"\n\t\tclass=\"tribe-events-calendar-month-mobile-events__mobile-event-title-link tribe-common-anchor\"\n\t>\n\t\tSuor Leslie S\u00e1ndigo partecipa al Congresso Mondiale dei Salesiani Cooperatori a Roma, Fraterna Domus.\t<\/a>\n<\/h3>\n\t\t\n\t<\/div>\n<\/article>\n\n\t\t\n\t\t\n\t<\/div>\n\n\t\n\t\t\n<div  class=\"tribe-events-calendar-month-mobile-events__mobile-day\"  id=\"tribe-events-calendar-mobile-day-2026-05-8\">\n\n\t\n\t\t\t\t\t\n\t\t\t<div class=\"tribe-events-c-day-marker tribe-events-calendar-month-mobile-events__day-marker\">\n\t<time\n\t\tclass=\"tribe-events-c-day-marker__date tribe-common-h7 tribe-common-h--alt\"\n\t\tdatetime=\"2026-05-07\"\n\t>\n\t\t7 mayo\t<\/time>\n<\/div>\n\n\t\t\t\n\t\t\t\n<article  class=\"tribe-events-calendar-month-mobile-events__mobile-event post-155262 tribe_events type-tribe_events status-publish tribe_events_cat-agenda-es tribe_events_cat-madre-general cat_agenda-es cat_madre-general\" >\n\n\t\n\t<div class=\"tribe-events-calendar-month-mobile-events__mobile-event-details\">\n\n\t\t<div class=\"tribe-events-calendar-month-mobile-events__mobile-event-datetime tribe-common-b2\">\n\t\t\t\t<time datetime=\"2026-05-07\">\n\t\t\tTodo el d\u00eda\t\t<\/time>\n\t\t<\/div>\n\t\t<h3  class=\"tribe-events-calendar-month-mobile-events__mobile-event-title tribe-common-h7\" >\n\t<a\n\t\thref=\"https:\/\/www.cgfmanet.org\/es\/event\/la-madre-partecipa-e-interviene-al-vi-congresso-mondiale-dei-salesiani-cooperatori-a-roma-presso-la-fraterna-domus-tema-essere-lievito-per-essere-fecondi\/\"\n\t\ttitle=\"La Madre partecipa e interviene al VI Congresso Mondiale dei Salesiani Cooperatori a Roma, presso la Fraterna Domus. Tema: \u201cEssere lievito per essere fecondi\u201d.\"\n\t\trel=\"bookmark\"\n\t\tclass=\"tribe-events-calendar-month-mobile-events__mobile-event-title-link tribe-common-anchor\"\n\t>\n\t\tLa Madre partecipa e interviene al VI Congresso Mondiale dei Salesiani Cooperatori a Roma, presso la Fraterna Domus. Tema: \u201cEssere lievito per essere fecondi\u201d.\t<\/a>\n<\/h3>\n\t\t\n\t<\/div>\n<\/article>\n\n\t\t\t\t\t\n\t\t\t\n\t\t\t\n\t\t\t\n<article  class=\"tribe-events-calendar-month-mobile-events__mobile-event post-151112 tribe_events type-tribe_events status-publish tribe_events_cat-agenda-es tribe_events_cat-consejera-para-la-familia-salesiana cat_agenda-es cat_consejera-para-la-familia-salesiana\" >\n\n\t\n\t<div class=\"tribe-events-calendar-month-mobile-events__mobile-event-details\">\n\n\t\t<div class=\"tribe-events-calendar-month-mobile-events__mobile-event-datetime tribe-common-b2\">\n\t\t\t\t<time datetime=\"2026-05-07\">\n\t\t\tTodo el d\u00eda\t\t<\/time>\n\t\t<\/div>\n\t\t<h3  class=\"tribe-events-calendar-month-mobile-events__mobile-event-title tribe-common-h7\" >\n\t<a\n\t\thref=\"https:\/\/www.cgfmanet.org\/es\/event\/suor-leslie-sandigo-partecipa-al-congresso-mondiale-dei-salesiani-cooperatori-a-roma-fraterna-domus\/\"\n\t\ttitle=\"Suor Leslie S\u00e1ndigo partecipa al Congresso Mondiale dei Salesiani Cooperatori a Roma, Fraterna Domus.\"\n\t\trel=\"bookmark\"\n\t\tclass=\"tribe-events-calendar-month-mobile-events__mobile-event-title-link tribe-common-anchor\"\n\t>\n\t\tSuor Leslie S\u00e1ndigo partecipa al Congresso Mondiale dei Salesiani Cooperatori a Roma, Fraterna Domus.\t<\/a>\n<\/h3>\n\t\t\n\t<\/div>\n<\/article>\n\n\t\t\t\t\t\n\t\t\t\n\t\t\t\n\t\t\t\n<article  class=\"tribe-events-calendar-month-mobile-events__mobile-event post-155282 tribe_events type-tribe_events status-publish tribe_events_cat-agenda-es tribe_events_cat-madre-general cat_agenda-es cat_madre-general\" >\n\n\t\n\t<div class=\"tribe-events-calendar-month-mobile-events__mobile-event-details\">\n\n\t\t<div class=\"tribe-events-calendar-month-mobile-events__mobile-event-datetime tribe-common-b2\">\n\t\t\t\t<time datetime=\"2026-05-08\">\n\t\t\tTodo el d\u00eda\t\t<\/time>\n\t\t<\/div>\n\t\t<h3  class=\"tribe-events-calendar-month-mobile-events__mobile-event-title tribe-common-h7\" >\n\t<a\n\t\thref=\"https:\/\/www.cgfmanet.org\/es\/event\/la-madre-partecipa-alle-celebrazione-del-centenario-della-presenza-delle-fma-dellispettoria-nostra-signora-dafrica-afc-a-lubumbashi-repubblica-democratica-del-c\/\"\n\t\ttitle=\"La Madre partecipa alle Celebrazione del Centenario della presenza delle FMA dell\u2019Ispettoria \u201cNostra Signora d\u2019Africa\u201d (AFC). A Lubumbashi, Repubblica Democratica del Congo.\"\n\t\trel=\"bookmark\"\n\t\tclass=\"tribe-events-calendar-month-mobile-events__mobile-event-title-link tribe-common-anchor\"\n\t>\n\t\tLa Madre partecipa alle Celebrazione del Centenario della presenza delle FMA dell\u2019Ispettoria \u201cNostra Signora d\u2019Africa\u201d (AFC). A Lubumbashi, Repubblica Democratica del Congo.\t<\/a>\n<\/h3>\n\t\t\n\t<\/div>\n<\/article>\n\n\t\t\t\t\t\n\t\t\t\n\t\t\t\n\t\t\t\n<article  class=\"tribe-events-calendar-month-mobile-events__mobile-event post-156546 tribe_events type-tribe_events status-publish tribe_events_cat-agenda-es tribe_events_cat-consejera-para-la-pastoral-juvenil cat_agenda-es cat_consejera-para-la-pastoral-juvenil\" >\n\n\t\n\t<div class=\"tribe-events-calendar-month-mobile-events__mobile-event-details\">\n\n\t\t<div class=\"tribe-events-calendar-month-mobile-events__mobile-event-datetime tribe-common-b2\">\n\t\t\t\t<time datetime=\"2026-05-08\">\n\t\t\tTodo el d\u00eda\t\t<\/time>\n\t\t<\/div>\n\t\t<h3  class=\"tribe-events-calendar-month-mobile-events__mobile-event-title tribe-common-h7\" >\n\t<a\n\t\thref=\"https:\/\/www.cgfmanet.org\/es\/event\/suor-runita-borja-con-le-collaboratrici-dellambito-pg-incontra-le-fma-partecipanti-del-corso-di-formazione-permanente-missionaria-a-roma-casa-generalizia\/\"\n\t\ttitle=\"Suor Runita Borja, con le collaboratrici dell\u2019Ambito PG, incontra le FMA partecipanti del Corso di Formazione Permanente Missionaria. A Roma, Casa generalizia.\"\n\t\trel=\"bookmark\"\n\t\tclass=\"tribe-events-calendar-month-mobile-events__mobile-event-title-link tribe-common-anchor\"\n\t>\n\t\tSuor Runita Borja, con le collaboratrici dell\u2019Ambito PG, incontra le FMA partecipanti del Corso di Formazione Permanente Missionaria. A Roma, Casa generalizia.\t<\/a>\n<\/h3>\n\t\t\n\t<\/div>\n<\/article>\n\n\t\t\n\t\t\n\t<\/div>\n\n\t\n\t\t\n<div  class=\"tribe-events-calendar-month-mobile-events__mobile-day\"  id=\"tribe-events-calendar-mobile-day-2026-05-9\">\n\n\t\n\t\t\t\t\t\n\t\t\t<div class=\"tribe-events-c-day-marker tribe-events-calendar-month-mobile-events__day-marker\">\n\t<time\n\t\tclass=\"tribe-events-c-day-marker__date tribe-common-h7 tribe-common-h--alt\"\n\t\tdatetime=\"2026-05-07\"\n\t>\n\t\t7 mayo\t<\/time>\n<\/div>\n\n\t\t\t\n\t\t\t\n<article  class=\"tribe-events-calendar-month-mobile-events__mobile-event post-155262 tribe_events type-tribe_events status-publish tribe_events_cat-agenda-es tribe_events_cat-madre-general cat_agenda-es cat_madre-general\" >\n\n\t\n\t<div class=\"tribe-events-calendar-month-mobile-events__mobile-event-details\">\n\n\t\t<div class=\"tribe-events-calendar-month-mobile-events__mobile-event-datetime tribe-common-b2\">\n\t\t\t\t<time datetime=\"2026-05-07\">\n\t\t\tTodo el d\u00eda\t\t<\/time>\n\t\t<\/div>\n\t\t<h3  class=\"tribe-events-calendar-month-mobile-events__mobile-event-title tribe-common-h7\" >\n\t<a\n\t\thref=\"https:\/\/www.cgfmanet.org\/es\/event\/la-madre-partecipa-e-interviene-al-vi-congresso-mondiale-dei-salesiani-cooperatori-a-roma-presso-la-fraterna-domus-tema-essere-lievito-per-essere-fecondi\/\"\n\t\ttitle=\"La Madre partecipa e interviene al VI Congresso Mondiale dei Salesiani Cooperatori a Roma, presso la Fraterna Domus. Tema: \u201cEssere lievito per essere fecondi\u201d.\"\n\t\trel=\"bookmark\"\n\t\tclass=\"tribe-events-calendar-month-mobile-events__mobile-event-title-link tribe-common-anchor\"\n\t>\n\t\tLa Madre partecipa e interviene al VI Congresso Mondiale dei Salesiani Cooperatori a Roma, presso la Fraterna Domus. Tema: \u201cEssere lievito per essere fecondi\u201d.\t<\/a>\n<\/h3>\n\t\t\n\t<\/div>\n<\/article>\n\n\t\t\t\t\t\n\t\t\t\n\t\t\t\n\t\t\t\n<article  class=\"tribe-events-calendar-month-mobile-events__mobile-event post-151112 tribe_events type-tribe_events status-publish tribe_events_cat-agenda-es tribe_events_cat-consejera-para-la-familia-salesiana cat_agenda-es cat_consejera-para-la-familia-salesiana\" >\n\n\t\n\t<div class=\"tribe-events-calendar-month-mobile-events__mobile-event-details\">\n\n\t\t<div class=\"tribe-events-calendar-month-mobile-events__mobile-event-datetime tribe-common-b2\">\n\t\t\t\t<time datetime=\"2026-05-07\">\n\t\t\tTodo el d\u00eda\t\t<\/time>\n\t\t<\/div>\n\t\t<h3  class=\"tribe-events-calendar-month-mobile-events__mobile-event-title tribe-common-h7\" >\n\t<a\n\t\thref=\"https:\/\/www.cgfmanet.org\/es\/event\/suor-leslie-sandigo-partecipa-al-congresso-mondiale-dei-salesiani-cooperatori-a-roma-fraterna-domus\/\"\n\t\ttitle=\"Suor Leslie S\u00e1ndigo partecipa al Congresso Mondiale dei Salesiani Cooperatori a Roma, Fraterna Domus.\"\n\t\trel=\"bookmark\"\n\t\tclass=\"tribe-events-calendar-month-mobile-events__mobile-event-title-link tribe-common-anchor\"\n\t>\n\t\tSuor Leslie S\u00e1ndigo partecipa al Congresso Mondiale dei Salesiani Cooperatori a Roma, Fraterna Domus.\t<\/a>\n<\/h3>\n\t\t\n\t<\/div>\n<\/article>\n\n\t\t\t\t\t\n\t\t\t\n\t\t\t\n\t\t\t\n<article  class=\"tribe-events-calendar-month-mobile-events__mobile-event post-155282 tribe_events type-tribe_events status-publish tribe_events_cat-agenda-es tribe_events_cat-madre-general cat_agenda-es cat_madre-general\" >\n\n\t\n\t<div class=\"tribe-events-calendar-month-mobile-events__mobile-event-details\">\n\n\t\t<div class=\"tribe-events-calendar-month-mobile-events__mobile-event-datetime tribe-common-b2\">\n\t\t\t\t<time datetime=\"2026-05-08\">\n\t\t\tTodo el d\u00eda\t\t<\/time>\n\t\t<\/div>\n\t\t<h3  class=\"tribe-events-calendar-month-mobile-events__mobile-event-title tribe-common-h7\" >\n\t<a\n\t\thref=\"https:\/\/www.cgfmanet.org\/es\/event\/la-madre-partecipa-alle-celebrazione-del-centenario-della-presenza-delle-fma-dellispettoria-nostra-signora-dafrica-afc-a-lubumbashi-repubblica-democratica-del-c\/\"\n\t\ttitle=\"La Madre partecipa alle Celebrazione del Centenario della presenza delle FMA dell\u2019Ispettoria \u201cNostra Signora d\u2019Africa\u201d (AFC). A Lubumbashi, Repubblica Democratica del Congo.\"\n\t\trel=\"bookmark\"\n\t\tclass=\"tribe-events-calendar-month-mobile-events__mobile-event-title-link tribe-common-anchor\"\n\t>\n\t\tLa Madre partecipa alle Celebrazione del Centenario della presenza delle FMA dell\u2019Ispettoria \u201cNostra Signora d\u2019Africa\u201d (AFC). A Lubumbashi, Repubblica Democratica del Congo.\t<\/a>\n<\/h3>\n\t\t\n\t<\/div>\n<\/article>\n\n\t\t\t\t\t\n\t\t\t\n\t\t\t\n\t\t\t\n<article  class=\"tribe-events-calendar-month-mobile-events__mobile-event post-155343 tribe_events type-tribe_events status-publish tribe_events_cat-agenda-es tribe_events_cat-consejera-para-la-formacion cat_agenda-es cat_consejera-para-la-formacion\" >\n\n\t\n\t<div class=\"tribe-events-calendar-month-mobile-events__mobile-event-details\">\n\n\t\t<div class=\"tribe-events-calendar-month-mobile-events__mobile-event-datetime tribe-common-b2\">\n\t\t\t\t<time datetime=\"2026-05-09\">\n\t\t\tTodo el d\u00eda\t\t<\/time>\n\t\t<\/div>\n\t\t<h3  class=\"tribe-events-calendar-month-mobile-events__mobile-event-title tribe-common-h7\" >\n\t<a\n\t\thref=\"https:\/\/www.cgfmanet.org\/es\/event\/suor-nilza-fatima-de-moraes-coordina-il-raduno-online-con-le-sorelle-del-gruppo-di-stesura-del-progetto-formativo\/\"\n\t\ttitle=\"Suor Nilza F\u00e1tima de Moraes coordina il raduno online con le sorelle del gruppo di stesura del Progetto formativo.\"\n\t\trel=\"bookmark\"\n\t\tclass=\"tribe-events-calendar-month-mobile-events__mobile-event-title-link tribe-common-anchor\"\n\t>\n\t\tSuor Nilza F\u00e1tima de Moraes coordina il raduno online con le sorelle del gruppo di stesura del Progetto formativo.\t<\/a>\n<\/h3>\n\t\t\n\t<\/div>\n<\/article>\n\n\t\t\n\t\t\n\t<\/div>\n\n\t\n\t\t\n<div  class=\"tribe-events-calendar-month-mobile-events__mobile-day\"  id=\"tribe-events-calendar-mobile-day-2026-05-10\">\n\n\t\n\t\t\t\t\t\n\t\t\t<div class=\"tribe-events-c-day-marker tribe-events-calendar-month-mobile-events__day-marker\">\n\t<time\n\t\tclass=\"tribe-events-c-day-marker__date tribe-common-h7 tribe-common-h--alt\"\n\t\tdatetime=\"2026-05-07\"\n\t>\n\t\t7 mayo\t<\/time>\n<\/div>\n\n\t\t\t\n\t\t\t\n<article  class=\"tribe-events-calendar-month-mobile-events__mobile-event post-155262 tribe_events type-tribe_events status-publish tribe_events_cat-agenda-es tribe_events_cat-madre-general cat_agenda-es cat_madre-general\" >\n\n\t\n\t<div class=\"tribe-events-calendar-month-mobile-events__mobile-event-details\">\n\n\t\t<div class=\"tribe-events-calendar-month-mobile-events__mobile-event-datetime tribe-common-b2\">\n\t\t\t\t<time datetime=\"2026-05-07\">\n\t\t\tTodo el d\u00eda\t\t<\/time>\n\t\t<\/div>\n\t\t<h3  class=\"tribe-events-calendar-month-mobile-events__mobile-event-title tribe-common-h7\" >\n\t<a\n\t\thref=\"https:\/\/www.cgfmanet.org\/es\/event\/la-madre-partecipa-e-interviene-al-vi-congresso-mondiale-dei-salesiani-cooperatori-a-roma-presso-la-fraterna-domus-tema-essere-lievito-per-essere-fecondi\/\"\n\t\ttitle=\"La Madre partecipa e interviene al VI Congresso Mondiale dei Salesiani Cooperatori a Roma, presso la Fraterna Domus. Tema: \u201cEssere lievito per essere fecondi\u201d.\"\n\t\trel=\"bookmark\"\n\t\tclass=\"tribe-events-calendar-month-mobile-events__mobile-event-title-link tribe-common-anchor\"\n\t>\n\t\tLa Madre partecipa e interviene al VI Congresso Mondiale dei Salesiani Cooperatori a Roma, presso la Fraterna Domus. Tema: \u201cEssere lievito per essere fecondi\u201d.\t<\/a>\n<\/h3>\n\t\t\n\t<\/div>\n<\/article>\n\n\t\t\t\t\t\n\t\t\t\n\t\t\t\n\t\t\t\n<article  class=\"tribe-events-calendar-month-mobile-events__mobile-event post-151112 tribe_events type-tribe_events status-publish tribe_events_cat-agenda-es tribe_events_cat-consejera-para-la-familia-salesiana cat_agenda-es cat_consejera-para-la-familia-salesiana\" >\n\n\t\n\t<div class=\"tribe-events-calendar-month-mobile-events__mobile-event-details\">\n\n\t\t<div class=\"tribe-events-calendar-month-mobile-events__mobile-event-datetime tribe-common-b2\">\n\t\t\t\t<time datetime=\"2026-05-07\">\n\t\t\tTodo el d\u00eda\t\t<\/time>\n\t\t<\/div>\n\t\t<h3  class=\"tribe-events-calendar-month-mobile-events__mobile-event-title tribe-common-h7\" >\n\t<a\n\t\thref=\"https:\/\/www.cgfmanet.org\/es\/event\/suor-leslie-sandigo-partecipa-al-congresso-mondiale-dei-salesiani-cooperatori-a-roma-fraterna-domus\/\"\n\t\ttitle=\"Suor Leslie S\u00e1ndigo partecipa al Congresso Mondiale dei Salesiani Cooperatori a Roma, Fraterna Domus.\"\n\t\trel=\"bookmark\"\n\t\tclass=\"tribe-events-calendar-month-mobile-events__mobile-event-title-link tribe-common-anchor\"\n\t>\n\t\tSuor Leslie S\u00e1ndigo partecipa al Congresso Mondiale dei Salesiani Cooperatori a Roma, Fraterna Domus.\t<\/a>\n<\/h3>\n\t\t\n\t<\/div>\n<\/article>\n\n\t\t\t\t\t\n\t\t\t\n\t\t\t\n\t\t\t\n<article  class=\"tribe-events-calendar-month-mobile-events__mobile-event post-155282 tribe_events type-tribe_events status-publish tribe_events_cat-agenda-es tribe_events_cat-madre-general cat_agenda-es cat_madre-general\" >\n\n\t\n\t<div class=\"tribe-events-calendar-month-mobile-events__mobile-event-details\">\n\n\t\t<div class=\"tribe-events-calendar-month-mobile-events__mobile-event-datetime tribe-common-b2\">\n\t\t\t\t<time datetime=\"2026-05-08\">\n\t\t\tTodo el d\u00eda\t\t<\/time>\n\t\t<\/div>\n\t\t<h3  class=\"tribe-events-calendar-month-mobile-events__mobile-event-title tribe-common-h7\" >\n\t<a\n\t\thref=\"https:\/\/www.cgfmanet.org\/es\/event\/la-madre-partecipa-alle-celebrazione-del-centenario-della-presenza-delle-fma-dellispettoria-nostra-signora-dafrica-afc-a-lubumbashi-repubblica-democratica-del-c\/\"\n\t\ttitle=\"La Madre partecipa alle Celebrazione del Centenario della presenza delle FMA dell\u2019Ispettoria \u201cNostra Signora d\u2019Africa\u201d (AFC). A Lubumbashi, Repubblica Democratica del Congo.\"\n\t\trel=\"bookmark\"\n\t\tclass=\"tribe-events-calendar-month-mobile-events__mobile-event-title-link tribe-common-anchor\"\n\t>\n\t\tLa Madre partecipa alle Celebrazione del Centenario della presenza delle FMA dell\u2019Ispettoria \u201cNostra Signora d\u2019Africa\u201d (AFC). A Lubumbashi, Repubblica Democratica del Congo.\t<\/a>\n<\/h3>\n\t\t\n\t<\/div>\n<\/article>\n\n\t\t\n\t\t\n\t<\/div>\n\n\t\n\t\t\n<div  class=\"tribe-events-calendar-month-mobile-events__mobile-day\"  id=\"tribe-events-calendar-mobile-day-2026-05-11\">\n\n\t\n\t\t\t\t\t\n\t\t\t<div class=\"tribe-events-c-day-marker tribe-events-calendar-month-mobile-events__day-marker\">\n\t<time\n\t\tclass=\"tribe-events-c-day-marker__date tribe-common-h7 tribe-common-h--alt\"\n\t\tdatetime=\"2026-05-08\"\n\t>\n\t\t8 mayo\t<\/time>\n<\/div>\n\n\t\t\t\n\t\t\t\n<article  class=\"tribe-events-calendar-month-mobile-events__mobile-event post-155282 tribe_events type-tribe_events status-publish tribe_events_cat-agenda-es tribe_events_cat-madre-general cat_agenda-es cat_madre-general\" >\n\n\t\n\t<div class=\"tribe-events-calendar-month-mobile-events__mobile-event-details\">\n\n\t\t<div class=\"tribe-events-calendar-month-mobile-events__mobile-event-datetime tribe-common-b2\">\n\t\t\t\t<time datetime=\"2026-05-08\">\n\t\t\tTodo el d\u00eda\t\t<\/time>\n\t\t<\/div>\n\t\t<h3  class=\"tribe-events-calendar-month-mobile-events__mobile-event-title tribe-common-h7\" >\n\t<a\n\t\thref=\"https:\/\/www.cgfmanet.org\/es\/event\/la-madre-partecipa-alle-celebrazione-del-centenario-della-presenza-delle-fma-dellispettoria-nostra-signora-dafrica-afc-a-lubumbashi-repubblica-democratica-del-c\/\"\n\t\ttitle=\"La Madre partecipa alle Celebrazione del Centenario della presenza delle FMA dell\u2019Ispettoria \u201cNostra Signora d\u2019Africa\u201d (AFC). A Lubumbashi, Repubblica Democratica del Congo.\"\n\t\trel=\"bookmark\"\n\t\tclass=\"tribe-events-calendar-month-mobile-events__mobile-event-title-link tribe-common-anchor\"\n\t>\n\t\tLa Madre partecipa alle Celebrazione del Centenario della presenza delle FMA dell\u2019Ispettoria \u201cNostra Signora d\u2019Africa\u201d (AFC). A Lubumbashi, Repubblica Democratica del Congo.\t<\/a>\n<\/h3>\n\t\t\n\t<\/div>\n<\/article>\n\n\t\t\t\t\t\n\t\t\t\n\t\t\t\n\t\t\t\n<article  class=\"tribe-events-calendar-month-mobile-events__mobile-event post-150897 tribe_events type-tribe_events status-publish tribe_events_cat-agenda-es tribe_events_cat-consejera-para-las-misiones cat_agenda-es cat_consejera-para-las-misiones\" >\n\n\t\n\t<div class=\"tribe-events-calendar-month-mobile-events__mobile-event-details\">\n\n\t\t<div class=\"tribe-events-calendar-month-mobile-events__mobile-event-datetime tribe-common-b2\">\n\t\t\t\t<time datetime=\"2026-05-11\">\n\t\t\tTodo el d\u00eda\t\t<\/time>\n\t\t<\/div>\n\t\t<h3  class=\"tribe-events-calendar-month-mobile-events__mobile-event-title tribe-common-h7\" >\n\t<a\n\t\thref=\"https:\/\/www.cgfmanet.org\/es\/event\/esercizi-spirituali-per-le-partecipanti-al-corso-di-formazione-permanente-missionaria-e-le-neo-missionarie-a-mornese-2\/\"\n\t\ttitle=\"Esercizi Spirituali per le partecipanti al Corso di Formazione Permanente Missionaria e le neo missionarie, a Mornese.\"\n\t\trel=\"bookmark\"\n\t\tclass=\"tribe-events-calendar-month-mobile-events__mobile-event-title-link tribe-common-anchor\"\n\t>\n\t\tEsercizi Spirituali per le partecipanti al Corso di Formazione Permanente Missionaria e le neo missionarie, a Mornese.\t<\/a>\n<\/h3>\n\t\t\n\t<\/div>\n<\/article>\n\n\t\t\n\t\t\n\t<\/div>\n\n\t\n\t\t\n<div  class=\"tribe-events-calendar-month-mobile-events__mobile-day\"  id=\"tribe-events-calendar-mobile-day-2026-05-12\">\n\n\t\n\t\t\t\t\t\n\t\t\t<div class=\"tribe-events-c-day-marker tribe-events-calendar-month-mobile-events__day-marker\">\n\t<time\n\t\tclass=\"tribe-events-c-day-marker__date tribe-common-h7 tribe-common-h--alt\"\n\t\tdatetime=\"2026-05-08\"\n\t>\n\t\t8 mayo\t<\/time>\n<\/div>\n\n\t\t\t\n\t\t\t\n<article  class=\"tribe-events-calendar-month-mobile-events__mobile-event post-155282 tribe_events type-tribe_events status-publish tribe_events_cat-agenda-es tribe_events_cat-madre-general cat_agenda-es cat_madre-general\" >\n\n\t\n\t<div class=\"tribe-events-calendar-month-mobile-events__mobile-event-details\">\n\n\t\t<div class=\"tribe-events-calendar-month-mobile-events__mobile-event-datetime tribe-common-b2\">\n\t\t\t\t<time datetime=\"2026-05-08\">\n\t\t\tTodo el d\u00eda\t\t<\/time>\n\t\t<\/div>\n\t\t<h3  class=\"tribe-events-calendar-month-mobile-events__mobile-event-title tribe-common-h7\" >\n\t<a\n\t\thref=\"https:\/\/www.cgfmanet.org\/es\/event\/la-madre-partecipa-alle-celebrazione-del-centenario-della-presenza-delle-fma-dellispettoria-nostra-signora-dafrica-afc-a-lubumbashi-repubblica-democratica-del-c\/\"\n\t\ttitle=\"La Madre partecipa alle Celebrazione del Centenario della presenza delle FMA dell\u2019Ispettoria \u201cNostra Signora d\u2019Africa\u201d (AFC). A Lubumbashi, Repubblica Democratica del Congo.\"\n\t\trel=\"bookmark\"\n\t\tclass=\"tribe-events-calendar-month-mobile-events__mobile-event-title-link tribe-common-anchor\"\n\t>\n\t\tLa Madre partecipa alle Celebrazione del Centenario della presenza delle FMA dell\u2019Ispettoria \u201cNostra Signora d\u2019Africa\u201d (AFC). A Lubumbashi, Repubblica Democratica del Congo.\t<\/a>\n<\/h3>\n\t\t\n\t<\/div>\n<\/article>\n\n\t\t\t\t\t\n\t\t\t\n\t\t\t\n\t\t\t\n<article  class=\"tribe-events-calendar-month-mobile-events__mobile-event post-150897 tribe_events type-tribe_events status-publish tribe_events_cat-agenda-es tribe_events_cat-consejera-para-las-misiones cat_agenda-es cat_consejera-para-las-misiones\" >\n\n\t\n\t<div class=\"tribe-events-calendar-month-mobile-events__mobile-event-details\">\n\n\t\t<div class=\"tribe-events-calendar-month-mobile-events__mobile-event-datetime tribe-common-b2\">\n\t\t\t\t<time datetime=\"2026-05-11\">\n\t\t\tTodo el d\u00eda\t\t<\/time>\n\t\t<\/div>\n\t\t<h3  class=\"tribe-events-calendar-month-mobile-events__mobile-event-title tribe-common-h7\" >\n\t<a\n\t\thref=\"https:\/\/www.cgfmanet.org\/es\/event\/esercizi-spirituali-per-le-partecipanti-al-corso-di-formazione-permanente-missionaria-e-le-neo-missionarie-a-mornese-2\/\"\n\t\ttitle=\"Esercizi Spirituali per le partecipanti al Corso di Formazione Permanente Missionaria e le neo missionarie, a Mornese.\"\n\t\trel=\"bookmark\"\n\t\tclass=\"tribe-events-calendar-month-mobile-events__mobile-event-title-link tribe-common-anchor\"\n\t>\n\t\tEsercizi Spirituali per le partecipanti al Corso di Formazione Permanente Missionaria e le neo missionarie, a Mornese.\t<\/a>\n<\/h3>\n\t\t\n\t<\/div>\n<\/article>\n\n\t\t\n\t\t\n\t<\/div>\n\n\t\n\t\t\n<div  class=\"tribe-events-calendar-month-mobile-events__mobile-day\"  id=\"tribe-events-calendar-mobile-day-2026-05-13\">\n\n\t\n\t\t\t\t\t\n\t\t\t<div class=\"tribe-events-c-day-marker tribe-events-calendar-month-mobile-events__day-marker\">\n\t<time\n\t\tclass=\"tribe-events-c-day-marker__date tribe-common-h7 tribe-common-h--alt\"\n\t\tdatetime=\"2026-05-08\"\n\t>\n\t\t8 mayo\t<\/time>\n<\/div>\n\n\t\t\t\n\t\t\t\n<article  class=\"tribe-events-calendar-month-mobile-events__mobile-event post-155282 tribe_events type-tribe_events status-publish tribe_events_cat-agenda-es tribe_events_cat-madre-general cat_agenda-es cat_madre-general\" >\n\n\t\n\t<div class=\"tribe-events-calendar-month-mobile-events__mobile-event-details\">\n\n\t\t<div class=\"tribe-events-calendar-month-mobile-events__mobile-event-datetime tribe-common-b2\">\n\t\t\t\t<time datetime=\"2026-05-08\">\n\t\t\tTodo el d\u00eda\t\t<\/time>\n\t\t<\/div>\n\t\t<h3  class=\"tribe-events-calendar-month-mobile-events__mobile-event-title tribe-common-h7\" >\n\t<a\n\t\thref=\"https:\/\/www.cgfmanet.org\/es\/event\/la-madre-partecipa-alle-celebrazione-del-centenario-della-presenza-delle-fma-dellispettoria-nostra-signora-dafrica-afc-a-lubumbashi-repubblica-democratica-del-c\/\"\n\t\ttitle=\"La Madre partecipa alle Celebrazione del Centenario della presenza delle FMA dell\u2019Ispettoria \u201cNostra Signora d\u2019Africa\u201d (AFC). A Lubumbashi, Repubblica Democratica del Congo.\"\n\t\trel=\"bookmark\"\n\t\tclass=\"tribe-events-calendar-month-mobile-events__mobile-event-title-link tribe-common-anchor\"\n\t>\n\t\tLa Madre partecipa alle Celebrazione del Centenario della presenza delle FMA dell\u2019Ispettoria \u201cNostra Signora d\u2019Africa\u201d (AFC). A Lubumbashi, Repubblica Democratica del Congo.\t<\/a>\n<\/h3>\n\t\t\n\t<\/div>\n<\/article>\n\n\t\t\t\t\t\n\t\t\t\n\t\t\t\n\t\t\t\n<article  class=\"tribe-events-calendar-month-mobile-events__mobile-event post-150897 tribe_events type-tribe_events status-publish tribe_events_cat-agenda-es tribe_events_cat-consejera-para-las-misiones cat_agenda-es cat_consejera-para-las-misiones\" >\n\n\t\n\t<div class=\"tribe-events-calendar-month-mobile-events__mobile-event-details\">\n\n\t\t<div class=\"tribe-events-calendar-month-mobile-events__mobile-event-datetime tribe-common-b2\">\n\t\t\t\t<time datetime=\"2026-05-11\">\n\t\t\tTodo el d\u00eda\t\t<\/time>\n\t\t<\/div>\n\t\t<h3  class=\"tribe-events-calendar-month-mobile-events__mobile-event-title tribe-common-h7\" >\n\t<a\n\t\thref=\"https:\/\/www.cgfmanet.org\/es\/event\/esercizi-spirituali-per-le-partecipanti-al-corso-di-formazione-permanente-missionaria-e-le-neo-missionarie-a-mornese-2\/\"\n\t\ttitle=\"Esercizi Spirituali per le partecipanti al Corso di Formazione Permanente Missionaria e le neo missionarie, a Mornese.\"\n\t\trel=\"bookmark\"\n\t\tclass=\"tribe-events-calendar-month-mobile-events__mobile-event-title-link tribe-common-anchor\"\n\t>\n\t\tEsercizi Spirituali per le partecipanti al Corso di Formazione Permanente Missionaria e le neo missionarie, a Mornese.\t<\/a>\n<\/h3>\n\t\t\n\t<\/div>\n<\/article>\n\n\t\t\n\t\t\n\t<\/div>\n\n\t\n\t\t\n<div  class=\"tribe-events-calendar-month-mobile-events__mobile-day\"  id=\"tribe-events-calendar-mobile-day-2026-05-14\">\n\n\t\n\t\t\t\t\t\n\t\t\t<div class=\"tribe-events-c-day-marker tribe-events-calendar-month-mobile-events__day-marker\">\n\t<time\n\t\tclass=\"tribe-events-c-day-marker__date tribe-common-h7 tribe-common-h--alt\"\n\t\tdatetime=\"2026-05-08\"\n\t>\n\t\t8 mayo\t<\/time>\n<\/div>\n\n\t\t\t\n\t\t\t\n<article  class=\"tribe-events-calendar-month-mobile-events__mobile-event post-155282 tribe_events type-tribe_events status-publish tribe_events_cat-agenda-es tribe_events_cat-madre-general cat_agenda-es cat_madre-general\" >\n\n\t\n\t<div class=\"tribe-events-calendar-month-mobile-events__mobile-event-details\">\n\n\t\t<div class=\"tribe-events-calendar-month-mobile-events__mobile-event-datetime tribe-common-b2\">\n\t\t\t\t<time datetime=\"2026-05-08\">\n\t\t\tTodo el d\u00eda\t\t<\/time>\n\t\t<\/div>\n\t\t<h3  class=\"tribe-events-calendar-month-mobile-events__mobile-event-title tribe-common-h7\" >\n\t<a\n\t\thref=\"https:\/\/www.cgfmanet.org\/es\/event\/la-madre-partecipa-alle-celebrazione-del-centenario-della-presenza-delle-fma-dellispettoria-nostra-signora-dafrica-afc-a-lubumbashi-repubblica-democratica-del-c\/\"\n\t\ttitle=\"La Madre partecipa alle Celebrazione del Centenario della presenza delle FMA dell\u2019Ispettoria \u201cNostra Signora d\u2019Africa\u201d (AFC). A Lubumbashi, Repubblica Democratica del Congo.\"\n\t\trel=\"bookmark\"\n\t\tclass=\"tribe-events-calendar-month-mobile-events__mobile-event-title-link tribe-common-anchor\"\n\t>\n\t\tLa Madre partecipa alle Celebrazione del Centenario della presenza delle FMA dell\u2019Ispettoria \u201cNostra Signora d\u2019Africa\u201d (AFC). A Lubumbashi, Repubblica Democratica del Congo.\t<\/a>\n<\/h3>\n\t\t\n\t<\/div>\n<\/article>\n\n\t\t\t\t\t\n\t\t\t\n\t\t\t\n\t\t\t\n<article  class=\"tribe-events-calendar-month-mobile-events__mobile-event post-150897 tribe_events type-tribe_events status-publish tribe_events_cat-agenda-es tribe_events_cat-consejera-para-las-misiones cat_agenda-es cat_consejera-para-las-misiones\" >\n\n\t\n\t<div class=\"tribe-events-calendar-month-mobile-events__mobile-event-details\">\n\n\t\t<div class=\"tribe-events-calendar-month-mobile-events__mobile-event-datetime tribe-common-b2\">\n\t\t\t\t<time datetime=\"2026-05-11\">\n\t\t\tTodo el d\u00eda\t\t<\/time>\n\t\t<\/div>\n\t\t<h3  class=\"tribe-events-calendar-month-mobile-events__mobile-event-title tribe-common-h7\" >\n\t<a\n\t\thref=\"https:\/\/www.cgfmanet.org\/es\/event\/esercizi-spirituali-per-le-partecipanti-al-corso-di-formazione-permanente-missionaria-e-le-neo-missionarie-a-mornese-2\/\"\n\t\ttitle=\"Esercizi Spirituali per le partecipanti al Corso di Formazione Permanente Missionaria e le neo missionarie, a Mornese.\"\n\t\trel=\"bookmark\"\n\t\tclass=\"tribe-events-calendar-month-mobile-events__mobile-event-title-link tribe-common-anchor\"\n\t>\n\t\tEsercizi Spirituali per le partecipanti al Corso di Formazione Permanente Missionaria e le neo missionarie, a Mornese.\t<\/a>\n<\/h3>\n\t\t\n\t<\/div>\n<\/article>\n\n\t\t\t\t\t\n\t\t\t\n\t\t\t\n\t\t\t\n<article  class=\"tribe-events-calendar-month-mobile-events__mobile-event post-154049 tribe_events type-tribe_events status-publish tribe_events_cat-agenda-es tribe_events_cat-sr-maria-assunta-sumiko-inoue-es tribe_events_cat-visitadora cat_agenda-es cat_sr-maria-assunta-sumiko-inoue-es cat_visitadora\" >\n\n\t\n\t<div class=\"tribe-events-calendar-month-mobile-events__mobile-event-details\">\n\n\t\t<div class=\"tribe-events-calendar-month-mobile-events__mobile-event-datetime tribe-common-b2\">\n\t\t\t\t<time datetime=\"2026-05-14\">\n\t\t\tTodo el d\u00eda\t\t<\/time>\n\t\t<\/div>\n\t\t<h3  class=\"tribe-events-calendar-month-mobile-events__mobile-event-title tribe-common-h7\" >\n\t<a\n\t\thref=\"https:\/\/www.cgfmanet.org\/es\/event\/suor-maria-assunta-sumiko-inoue-termina-la-visita-canonica-allispettoria-santa-maria-domenica-mazzarello-tin-di-timor-indonesia\/\"\n\t\ttitle=\"Suor Maria Assunta Sumiko Inoue termina la Visita canonica all&#8217;Ispettoria \u201cSanta Maria Domenica Mazzarello\u201d (TIN) di Timor-Indonesia.\"\n\t\trel=\"bookmark\"\n\t\tclass=\"tribe-events-calendar-month-mobile-events__mobile-event-title-link tribe-common-anchor\"\n\t>\n\t\tSuor Maria Assunta Sumiko Inoue termina la Visita canonica all&#8217;Ispettoria \u201cSanta Maria Domenica Mazzarello\u201d (TIN) di Timor-Indonesia.\t<\/a>\n<\/h3>\n\t\t\n\t<\/div>\n<\/article>\n\n\t\t\t\t\t\n\t\t\t\n\t\t\t\n\t\t\t\n<article  class=\"tribe-events-calendar-month-mobile-events__mobile-event post-150932 tribe_events type-tribe_events status-publish tribe_events_cat-agenda-es tribe_events_cat-sr-maria-assunta-sumiko-inoue-es tribe_events_cat-visitadora cat_agenda-es cat_sr-maria-assunta-sumiko-inoue-es cat_visitadora\" >\n\n\t\n\t<div class=\"tribe-events-calendar-month-mobile-events__mobile-event-details\">\n\n\t\t<div class=\"tribe-events-calendar-month-mobile-events__mobile-event-datetime tribe-common-b2\">\n\t\t\t\t<time datetime=\"2026-05-14\">\n\t\t\tTodo el d\u00eda\t\t<\/time>\n\t\t<\/div>\n\t\t<h3  class=\"tribe-events-calendar-month-mobile-events__mobile-event-title tribe-common-h7\" >\n\t<a\n\t\thref=\"https:\/\/www.cgfmanet.org\/es\/event\/suor-maria-assunta-sumiko-inoue-fa-una-visita-breve-allispettoria-santa-maria-mazzarello-tha\/\"\n\t\ttitle=\"Suor Maria Assunta Sumiko Inoue fa una Visita breve all&#8217;Ispettoria \u201cSanta Maria Mazzarello\u201d (THA).\"\n\t\trel=\"bookmark\"\n\t\tclass=\"tribe-events-calendar-month-mobile-events__mobile-event-title-link tribe-common-anchor\"\n\t>\n\t\tSuor Maria Assunta Sumiko Inoue fa una Visita breve all&#8217;Ispettoria \u201cSanta Maria Mazzarello\u201d (THA).\t<\/a>\n<\/h3>\n\t\t\n\t<\/div>\n<\/article>\n\n\t\t\t\t\t\n\t\t\t\n\t\t\t\n\t\t\t\n<article  class=\"tribe-events-calendar-month-mobile-events__mobile-event post-156710 tribe_events type-tribe_events status-publish tribe_events_cat-agenda-es tribe_events_cat-consejera-para-la-pastoral-juvenil cat_agenda-es cat_consejera-para-la-pastoral-juvenil\" >\n\n\t\n\t<div class=\"tribe-events-calendar-month-mobile-events__mobile-event-details\">\n\n\t\t<div class=\"tribe-events-calendar-month-mobile-events__mobile-event-datetime tribe-common-b2\">\n\t\t\t\t<time datetime=\"2026-05-14\">\n\t\t\tTodo el d\u00eda\t\t<\/time>\n\t\t<\/div>\n\t\t<h3  class=\"tribe-events-calendar-month-mobile-events__mobile-event-title tribe-common-h7\" >\n\t<a\n\t\thref=\"https:\/\/www.cgfmanet.org\/es\/event\/suor-runita-borja-partecipa-al-congresso-degli-educatori-della-conferenza-interispettoriale-ciao-sul-tema-il-patto-educativo-globale-nello-stile-salesiano-a-tokyo-in-giappone\/\"\n\t\ttitle=\"Suor Runita Borja partecipa al Congresso degli Educatori della Conferenza interispettoriale CIAO sul tema \u201cIl Patto Educativo Globale nello stile salesiano\u201d. A Tokyo, in Giappone.\"\n\t\trel=\"bookmark\"\n\t\tclass=\"tribe-events-calendar-month-mobile-events__mobile-event-title-link tribe-common-anchor\"\n\t>\n\t\tSuor Runita Borja partecipa al Congresso degli Educatori della Conferenza interispettoriale CIAO sul tema \u201cIl Patto Educativo Globale nello stile salesiano\u201d. A Tokyo, in Giappone.\t<\/a>\n<\/h3>\n\t\t\n\t<\/div>\n<\/article>\n\n\t\t\n\t\t\n\t<\/div>\n\n\t\n\t\t\n<div  class=\"tribe-events-calendar-month-mobile-events__mobile-day\"  id=\"tribe-events-calendar-mobile-day-2026-05-15\">\n\n\t\n\t\t\t\t\t\n\t\t\t<div class=\"tribe-events-c-day-marker tribe-events-calendar-month-mobile-events__day-marker\">\n\t<time\n\t\tclass=\"tribe-events-c-day-marker__date tribe-common-h7 tribe-common-h--alt\"\n\t\tdatetime=\"2026-05-08\"\n\t>\n\t\t8 mayo\t<\/time>\n<\/div>\n\n\t\t\t\n\t\t\t\n<article  class=\"tribe-events-calendar-month-mobile-events__mobile-event post-155282 tribe_events type-tribe_events status-publish tribe_events_cat-agenda-es tribe_events_cat-madre-general cat_agenda-es cat_madre-general\" >\n\n\t\n\t<div class=\"tribe-events-calendar-month-mobile-events__mobile-event-details\">\n\n\t\t<div class=\"tribe-events-calendar-month-mobile-events__mobile-event-datetime tribe-common-b2\">\n\t\t\t\t<time datetime=\"2026-05-08\">\n\t\t\tTodo el d\u00eda\t\t<\/time>\n\t\t<\/div>\n\t\t<h3  class=\"tribe-events-calendar-month-mobile-events__mobile-event-title tribe-common-h7\" >\n\t<a\n\t\thref=\"https:\/\/www.cgfmanet.org\/es\/event\/la-madre-partecipa-alle-celebrazione-del-centenario-della-presenza-delle-fma-dellispettoria-nostra-signora-dafrica-afc-a-lubumbashi-repubblica-democratica-del-c\/\"\n\t\ttitle=\"La Madre partecipa alle Celebrazione del Centenario della presenza delle FMA dell\u2019Ispettoria \u201cNostra Signora d\u2019Africa\u201d (AFC). A Lubumbashi, Repubblica Democratica del Congo.\"\n\t\trel=\"bookmark\"\n\t\tclass=\"tribe-events-calendar-month-mobile-events__mobile-event-title-link tribe-common-anchor\"\n\t>\n\t\tLa Madre partecipa alle Celebrazione del Centenario della presenza delle FMA dell\u2019Ispettoria \u201cNostra Signora d\u2019Africa\u201d (AFC). A Lubumbashi, Repubblica Democratica del Congo.\t<\/a>\n<\/h3>\n\t\t\n\t<\/div>\n<\/article>\n\n\t\t\t\t\t\n\t\t\t\n\t\t\t\n\t\t\t\n<article  class=\"tribe-events-calendar-month-mobile-events__mobile-event post-150897 tribe_events type-tribe_events status-publish tribe_events_cat-agenda-es tribe_events_cat-consejera-para-las-misiones cat_agenda-es cat_consejera-para-las-misiones\" >\n\n\t\n\t<div class=\"tribe-events-calendar-month-mobile-events__mobile-event-details\">\n\n\t\t<div class=\"tribe-events-calendar-month-mobile-events__mobile-event-datetime tribe-common-b2\">\n\t\t\t\t<time datetime=\"2026-05-11\">\n\t\t\tTodo el d\u00eda\t\t<\/time>\n\t\t<\/div>\n\t\t<h3  class=\"tribe-events-calendar-month-mobile-events__mobile-event-title tribe-common-h7\" >\n\t<a\n\t\thref=\"https:\/\/www.cgfmanet.org\/es\/event\/esercizi-spirituali-per-le-partecipanti-al-corso-di-formazione-permanente-missionaria-e-le-neo-missionarie-a-mornese-2\/\"\n\t\ttitle=\"Esercizi Spirituali per le partecipanti al Corso di Formazione Permanente Missionaria e le neo missionarie, a Mornese.\"\n\t\trel=\"bookmark\"\n\t\tclass=\"tribe-events-calendar-month-mobile-events__mobile-event-title-link tribe-common-anchor\"\n\t>\n\t\tEsercizi Spirituali per le partecipanti al Corso di Formazione Permanente Missionaria e le neo missionarie, a Mornese.\t<\/a>\n<\/h3>\n\t\t\n\t<\/div>\n<\/article>\n\n\t\t\t\t\t\n\t\t\t\n\t\t\t\n\t\t\t\n<article  class=\"tribe-events-calendar-month-mobile-events__mobile-event post-151118 tribe_events type-tribe_events status-publish tribe_events_cat-agenda-es tribe_events_cat-consejera-para-la-familia-salesiana cat_agenda-es cat_consejera-para-la-familia-salesiana\" >\n\n\t\n\t<div class=\"tribe-events-calendar-month-mobile-events__mobile-event-details\">\n\n\t\t<div class=\"tribe-events-calendar-month-mobile-events__mobile-event-datetime tribe-common-b2\">\n\t\t\t\t<time datetime=\"2026-05-15\">\n\t\t\tTodo el d\u00eda\t\t<\/time>\n\t\t<\/div>\n\t\t<h3  class=\"tribe-events-calendar-month-mobile-events__mobile-event-title tribe-common-h7\" >\n\t<a\n\t\thref=\"https:\/\/www.cgfmanet.org\/es\/event\/suor-leslie-sandigo-insieme-alle-collaboratrici-dellambito-presenta-la-famiglia-salesiana-alle-studentesse-del-corso-di-spiritualita-di-casa-madre-canta\/\"\n\t\ttitle=\"Suor Leslie S\u00e1ndigo insieme alle collaboratrici dell\u2019Ambito presenta la Famiglia Salesiana alle studentesse del Corso di Spiritualit\u00e0 di Casa Madre Canta.\"\n\t\trel=\"bookmark\"\n\t\tclass=\"tribe-events-calendar-month-mobile-events__mobile-event-title-link tribe-common-anchor\"\n\t>\n\t\tSuor Leslie S\u00e1ndigo insieme alle collaboratrici dell\u2019Ambito presenta la Famiglia Salesiana alle studentesse del Corso di Spiritualit\u00e0 di Casa Madre Canta.\t<\/a>\n<\/h3>\n\t\t\n\t<\/div>\n<\/article>\n\n\t\t\t\t\t\n\t\t\t\n\t\t\t\n\t\t\t\n<article  class=\"tribe-events-calendar-month-mobile-events__mobile-event post-150932 tribe_events type-tribe_events status-publish tribe_events_cat-agenda-es tribe_events_cat-sr-maria-assunta-sumiko-inoue-es tribe_events_cat-visitadora cat_agenda-es cat_sr-maria-assunta-sumiko-inoue-es cat_visitadora\" >\n\n\t\n\t<div class=\"tribe-events-calendar-month-mobile-events__mobile-event-details\">\n\n\t\t<div class=\"tribe-events-calendar-month-mobile-events__mobile-event-datetime tribe-common-b2\">\n\t\t\t\t<time datetime=\"2026-05-14\">\n\t\t\tTodo el d\u00eda\t\t<\/time>\n\t\t<\/div>\n\t\t<h3  class=\"tribe-events-calendar-month-mobile-events__mobile-event-title tribe-common-h7\" >\n\t<a\n\t\thref=\"https:\/\/www.cgfmanet.org\/es\/event\/suor-maria-assunta-sumiko-inoue-fa-una-visita-breve-allispettoria-santa-maria-mazzarello-tha\/\"\n\t\ttitle=\"Suor Maria Assunta Sumiko Inoue fa una Visita breve all&#8217;Ispettoria \u201cSanta Maria Mazzarello\u201d (THA).\"\n\t\trel=\"bookmark\"\n\t\tclass=\"tribe-events-calendar-month-mobile-events__mobile-event-title-link tribe-common-anchor\"\n\t>\n\t\tSuor Maria Assunta Sumiko Inoue fa una Visita breve all&#8217;Ispettoria \u201cSanta Maria Mazzarello\u201d (THA).\t<\/a>\n<\/h3>\n\t\t\n\t<\/div>\n<\/article>\n\n\t\t\t\t\t\n\t\t\t\n\t\t\t\n\t\t\t\n<article  class=\"tribe-events-calendar-month-mobile-events__mobile-event post-156710 tribe_events type-tribe_events status-publish tribe_events_cat-agenda-es tribe_events_cat-consejera-para-la-pastoral-juvenil cat_agenda-es cat_consejera-para-la-pastoral-juvenil\" >\n\n\t\n\t<div class=\"tribe-events-calendar-month-mobile-events__mobile-event-details\">\n\n\t\t<div class=\"tribe-events-calendar-month-mobile-events__mobile-event-datetime tribe-common-b2\">\n\t\t\t\t<time datetime=\"2026-05-14\">\n\t\t\tTodo el d\u00eda\t\t<\/time>\n\t\t<\/div>\n\t\t<h3  class=\"tribe-events-calendar-month-mobile-events__mobile-event-title tribe-common-h7\" >\n\t<a\n\t\thref=\"https:\/\/www.cgfmanet.org\/es\/event\/suor-runita-borja-partecipa-al-congresso-degli-educatori-della-conferenza-interispettoriale-ciao-sul-tema-il-patto-educativo-globale-nello-stile-salesiano-a-tokyo-in-giappone\/\"\n\t\ttitle=\"Suor Runita Borja partecipa al Congresso degli Educatori della Conferenza interispettoriale CIAO sul tema \u201cIl Patto Educativo Globale nello stile salesiano\u201d. A Tokyo, in Giappone.\"\n\t\trel=\"bookmark\"\n\t\tclass=\"tribe-events-calendar-month-mobile-events__mobile-event-title-link tribe-common-anchor\"\n\t>\n\t\tSuor Runita Borja partecipa al Congresso degli Educatori della Conferenza interispettoriale CIAO sul tema \u201cIl Patto Educativo Globale nello stile salesiano\u201d. A Tokyo, in Giappone.\t<\/a>\n<\/h3>\n\t\t\n\t<\/div>\n<\/article>\n\n\t\t\n\t\t\n\t<\/div>\n\n\t\n\t\t\n<div  class=\"tribe-events-calendar-month-mobile-events__mobile-day\"  id=\"tribe-events-calendar-mobile-day-2026-05-16\">\n\n\t\n\t\t\t\t\t\n\t\t\t<div class=\"tribe-events-c-day-marker tribe-events-calendar-month-mobile-events__day-marker\">\n\t<time\n\t\tclass=\"tribe-events-c-day-marker__date tribe-common-h7 tribe-common-h--alt\"\n\t\tdatetime=\"2026-05-08\"\n\t>\n\t\t8 mayo\t<\/time>\n<\/div>\n\n\t\t\t\n\t\t\t\n<article  class=\"tribe-events-calendar-month-mobile-events__mobile-event post-155282 tribe_events type-tribe_events status-publish tribe_events_cat-agenda-es tribe_events_cat-madre-general cat_agenda-es cat_madre-general\" >\n\n\t\n\t<div class=\"tribe-events-calendar-month-mobile-events__mobile-event-details\">\n\n\t\t<div class=\"tribe-events-calendar-month-mobile-events__mobile-event-datetime tribe-common-b2\">\n\t\t\t\t<time datetime=\"2026-05-08\">\n\t\t\tTodo el d\u00eda\t\t<\/time>\n\t\t<\/div>\n\t\t<h3  class=\"tribe-events-calendar-month-mobile-events__mobile-event-title tribe-common-h7\" >\n\t<a\n\t\thref=\"https:\/\/www.cgfmanet.org\/es\/event\/la-madre-partecipa-alle-celebrazione-del-centenario-della-presenza-delle-fma-dellispettoria-nostra-signora-dafrica-afc-a-lubumbashi-repubblica-democratica-del-c\/\"\n\t\ttitle=\"La Madre partecipa alle Celebrazione del Centenario della presenza delle FMA dell\u2019Ispettoria \u201cNostra Signora d\u2019Africa\u201d (AFC). A Lubumbashi, Repubblica Democratica del Congo.\"\n\t\trel=\"bookmark\"\n\t\tclass=\"tribe-events-calendar-month-mobile-events__mobile-event-title-link tribe-common-anchor\"\n\t>\n\t\tLa Madre partecipa alle Celebrazione del Centenario della presenza delle FMA dell\u2019Ispettoria \u201cNostra Signora d\u2019Africa\u201d (AFC). A Lubumbashi, Repubblica Democratica del Congo.\t<\/a>\n<\/h3>\n\t\t\n\t<\/div>\n<\/article>\n\n\t\t\t\t\t\n\t\t\t\n\t\t\t\n\t\t\t\n<article  class=\"tribe-events-calendar-month-mobile-events__mobile-event post-150897 tribe_events type-tribe_events status-publish tribe_events_cat-agenda-es tribe_events_cat-consejera-para-las-misiones cat_agenda-es cat_consejera-para-las-misiones\" >\n\n\t\n\t<div class=\"tribe-events-calendar-month-mobile-events__mobile-event-details\">\n\n\t\t<div class=\"tribe-events-calendar-month-mobile-events__mobile-event-datetime tribe-common-b2\">\n\t\t\t\t<time datetime=\"2026-05-11\">\n\t\t\tTodo el d\u00eda\t\t<\/time>\n\t\t<\/div>\n\t\t<h3  class=\"tribe-events-calendar-month-mobile-events__mobile-event-title tribe-common-h7\" >\n\t<a\n\t\thref=\"https:\/\/www.cgfmanet.org\/es\/event\/esercizi-spirituali-per-le-partecipanti-al-corso-di-formazione-permanente-missionaria-e-le-neo-missionarie-a-mornese-2\/\"\n\t\ttitle=\"Esercizi Spirituali per le partecipanti al Corso di Formazione Permanente Missionaria e le neo missionarie, a Mornese.\"\n\t\trel=\"bookmark\"\n\t\tclass=\"tribe-events-calendar-month-mobile-events__mobile-event-title-link tribe-common-anchor\"\n\t>\n\t\tEsercizi Spirituali per le partecipanti al Corso di Formazione Permanente Missionaria e le neo missionarie, a Mornese.\t<\/a>\n<\/h3>\n\t\t\n\t<\/div>\n<\/article>\n\n\t\t\t\t\t\n\t\t\t\n\t\t\t\n\t\t\t\n<article  class=\"tribe-events-calendar-month-mobile-events__mobile-event post-150932 tribe_events type-tribe_events status-publish tribe_events_cat-agenda-es tribe_events_cat-sr-maria-assunta-sumiko-inoue-es tribe_events_cat-visitadora cat_agenda-es cat_sr-maria-assunta-sumiko-inoue-es cat_visitadora\" >\n\n\t\n\t<div class=\"tribe-events-calendar-month-mobile-events__mobile-event-details\">\n\n\t\t<div class=\"tribe-events-calendar-month-mobile-events__mobile-event-datetime tribe-common-b2\">\n\t\t\t\t<time datetime=\"2026-05-14\">\n\t\t\tTodo el d\u00eda\t\t<\/time>\n\t\t<\/div>\n\t\t<h3  class=\"tribe-events-calendar-month-mobile-events__mobile-event-title tribe-common-h7\" >\n\t<a\n\t\thref=\"https:\/\/www.cgfmanet.org\/es\/event\/suor-maria-assunta-sumiko-inoue-fa-una-visita-breve-allispettoria-santa-maria-mazzarello-tha\/\"\n\t\ttitle=\"Suor Maria Assunta Sumiko Inoue fa una Visita breve all&#8217;Ispettoria \u201cSanta Maria Mazzarello\u201d (THA).\"\n\t\trel=\"bookmark\"\n\t\tclass=\"tribe-events-calendar-month-mobile-events__mobile-event-title-link tribe-common-anchor\"\n\t>\n\t\tSuor Maria Assunta Sumiko Inoue fa una Visita breve all&#8217;Ispettoria \u201cSanta Maria Mazzarello\u201d (THA).\t<\/a>\n<\/h3>\n\t\t\n\t<\/div>\n<\/article>\n\n\t\t\t\t\t\n\t\t\t\n\t\t\t\n\t\t\t\n<article  class=\"tribe-events-calendar-month-mobile-events__mobile-event post-156710 tribe_events type-tribe_events status-publish tribe_events_cat-agenda-es tribe_events_cat-consejera-para-la-pastoral-juvenil cat_agenda-es cat_consejera-para-la-pastoral-juvenil\" >\n\n\t\n\t<div class=\"tribe-events-calendar-month-mobile-events__mobile-event-details\">\n\n\t\t<div class=\"tribe-events-calendar-month-mobile-events__mobile-event-datetime tribe-common-b2\">\n\t\t\t\t<time datetime=\"2026-05-14\">\n\t\t\tTodo el d\u00eda\t\t<\/time>\n\t\t<\/div>\n\t\t<h3  class=\"tribe-events-calendar-month-mobile-events__mobile-event-title tribe-common-h7\" >\n\t<a\n\t\thref=\"https:\/\/www.cgfmanet.org\/es\/event\/suor-runita-borja-partecipa-al-congresso-degli-educatori-della-conferenza-interispettoriale-ciao-sul-tema-il-patto-educativo-globale-nello-stile-salesiano-a-tokyo-in-giappone\/\"\n\t\ttitle=\"Suor Runita Borja partecipa al Congresso degli Educatori della Conferenza interispettoriale CIAO sul tema \u201cIl Patto Educativo Globale nello stile salesiano\u201d. A Tokyo, in Giappone.\"\n\t\trel=\"bookmark\"\n\t\tclass=\"tribe-events-calendar-month-mobile-events__mobile-event-title-link tribe-common-anchor\"\n\t>\n\t\tSuor Runita Borja partecipa al Congresso degli Educatori della Conferenza interispettoriale CIAO sul tema \u201cIl Patto Educativo Globale nello stile salesiano\u201d. A Tokyo, in Giappone.\t<\/a>\n<\/h3>\n\t\t\n\t<\/div>\n<\/article>\n\n\t\t\n\t\t\n\t<\/div>\n\n\t\n\t\t\n<div  class=\"tribe-events-calendar-month-mobile-events__mobile-day\"  id=\"tribe-events-calendar-mobile-day-2026-05-17\">\n\n\t\n\t\t\t\t\t\n\t\t\t<div class=\"tribe-events-c-day-marker tribe-events-calendar-month-mobile-events__day-marker\">\n\t<time\n\t\tclass=\"tribe-events-c-day-marker__date tribe-common-h7 tribe-common-h--alt\"\n\t\tdatetime=\"2026-05-08\"\n\t>\n\t\t8 mayo\t<\/time>\n<\/div>\n\n\t\t\t\n\t\t\t\n<article  class=\"tribe-events-calendar-month-mobile-events__mobile-event post-155282 tribe_events type-tribe_events status-publish tribe_events_cat-agenda-es tribe_events_cat-madre-general cat_agenda-es cat_madre-general\" >\n\n\t\n\t<div class=\"tribe-events-calendar-month-mobile-events__mobile-event-details\">\n\n\t\t<div class=\"tribe-events-calendar-month-mobile-events__mobile-event-datetime tribe-common-b2\">\n\t\t\t\t<time datetime=\"2026-05-08\">\n\t\t\tTodo el d\u00eda\t\t<\/time>\n\t\t<\/div>\n\t\t<h3  class=\"tribe-events-calendar-month-mobile-events__mobile-event-title tribe-common-h7\" >\n\t<a\n\t\thref=\"https:\/\/www.cgfmanet.org\/es\/event\/la-madre-partecipa-alle-celebrazione-del-centenario-della-presenza-delle-fma-dellispettoria-nostra-signora-dafrica-afc-a-lubumbashi-repubblica-democratica-del-c\/\"\n\t\ttitle=\"La Madre partecipa alle Celebrazione del Centenario della presenza delle FMA dell\u2019Ispettoria \u201cNostra Signora d\u2019Africa\u201d (AFC). A Lubumbashi, Repubblica Democratica del Congo.\"\n\t\trel=\"bookmark\"\n\t\tclass=\"tribe-events-calendar-month-mobile-events__mobile-event-title-link tribe-common-anchor\"\n\t>\n\t\tLa Madre partecipa alle Celebrazione del Centenario della presenza delle FMA dell\u2019Ispettoria \u201cNostra Signora d\u2019Africa\u201d (AFC). A Lubumbashi, Repubblica Democratica del Congo.\t<\/a>\n<\/h3>\n\t\t\n\t<\/div>\n<\/article>\n\n\t\t\t\t\t\n\t\t\t\n\t\t\t\n\t\t\t\n<article  class=\"tribe-events-calendar-month-mobile-events__mobile-event post-150897 tribe_events type-tribe_events status-publish tribe_events_cat-agenda-es tribe_events_cat-consejera-para-las-misiones cat_agenda-es cat_consejera-para-las-misiones\" >\n\n\t\n\t<div class=\"tribe-events-calendar-month-mobile-events__mobile-event-details\">\n\n\t\t<div class=\"tribe-events-calendar-month-mobile-events__mobile-event-datetime tribe-common-b2\">\n\t\t\t\t<time datetime=\"2026-05-11\">\n\t\t\tTodo el d\u00eda\t\t<\/time>\n\t\t<\/div>\n\t\t<h3  class=\"tribe-events-calendar-month-mobile-events__mobile-event-title tribe-common-h7\" >\n\t<a\n\t\thref=\"https:\/\/www.cgfmanet.org\/es\/event\/esercizi-spirituali-per-le-partecipanti-al-corso-di-formazione-permanente-missionaria-e-le-neo-missionarie-a-mornese-2\/\"\n\t\ttitle=\"Esercizi Spirituali per le partecipanti al Corso di Formazione Permanente Missionaria e le neo missionarie, a Mornese.\"\n\t\trel=\"bookmark\"\n\t\tclass=\"tribe-events-calendar-month-mobile-events__mobile-event-title-link tribe-common-anchor\"\n\t>\n\t\tEsercizi Spirituali per le partecipanti al Corso di Formazione Permanente Missionaria e le neo missionarie, a Mornese.\t<\/a>\n<\/h3>\n\t\t\n\t<\/div>\n<\/article>\n\n\t\t\t\t\t\n\t\t\t\n\t\t\t\n\t\t\t\n<article  class=\"tribe-events-calendar-month-mobile-events__mobile-event post-150932 tribe_events type-tribe_events status-publish tribe_events_cat-agenda-es tribe_events_cat-sr-maria-assunta-sumiko-inoue-es tribe_events_cat-visitadora cat_agenda-es cat_sr-maria-assunta-sumiko-inoue-es cat_visitadora\" >\n\n\t\n\t<div class=\"tribe-events-calendar-month-mobile-events__mobile-event-details\">\n\n\t\t<div class=\"tribe-events-calendar-month-mobile-events__mobile-event-datetime tribe-common-b2\">\n\t\t\t\t<time datetime=\"2026-05-14\">\n\t\t\tTodo el d\u00eda\t\t<\/time>\n\t\t<\/div>\n\t\t<h3  class=\"tribe-events-calendar-month-mobile-events__mobile-event-title tribe-common-h7\" >\n\t<a\n\t\thref=\"https:\/\/www.cgfmanet.org\/es\/event\/suor-maria-assunta-sumiko-inoue-fa-una-visita-breve-allispettoria-santa-maria-mazzarello-tha\/\"\n\t\ttitle=\"Suor Maria Assunta Sumiko Inoue fa una Visita breve all&#8217;Ispettoria \u201cSanta Maria Mazzarello\u201d (THA).\"\n\t\trel=\"bookmark\"\n\t\tclass=\"tribe-events-calendar-month-mobile-events__mobile-event-title-link tribe-common-anchor\"\n\t>\n\t\tSuor Maria Assunta Sumiko Inoue fa una Visita breve all&#8217;Ispettoria \u201cSanta Maria Mazzarello\u201d (THA).\t<\/a>\n<\/h3>\n\t\t\n\t<\/div>\n<\/article>\n\n\t\t\t\t\t\n\t\t\t\n\t\t\t\n\t\t\t\n<article  class=\"tribe-events-calendar-month-mobile-events__mobile-event post-156710 tribe_events type-tribe_events status-publish tribe_events_cat-agenda-es tribe_events_cat-consejera-para-la-pastoral-juvenil cat_agenda-es cat_consejera-para-la-pastoral-juvenil\" >\n\n\t\n\t<div class=\"tribe-events-calendar-month-mobile-events__mobile-event-details\">\n\n\t\t<div class=\"tribe-events-calendar-month-mobile-events__mobile-event-datetime tribe-common-b2\">\n\t\t\t\t<time datetime=\"2026-05-14\">\n\t\t\tTodo el d\u00eda\t\t<\/time>\n\t\t<\/div>\n\t\t<h3  class=\"tribe-events-calendar-month-mobile-events__mobile-event-title tribe-common-h7\" >\n\t<a\n\t\thref=\"https:\/\/www.cgfmanet.org\/es\/event\/suor-runita-borja-partecipa-al-congresso-degli-educatori-della-conferenza-interispettoriale-ciao-sul-tema-il-patto-educativo-globale-nello-stile-salesiano-a-tokyo-in-giappone\/\"\n\t\ttitle=\"Suor Runita Borja partecipa al Congresso degli Educatori della Conferenza interispettoriale CIAO sul tema \u201cIl Patto Educativo Globale nello stile salesiano\u201d. A Tokyo, in Giappone.\"\n\t\trel=\"bookmark\"\n\t\tclass=\"tribe-events-calendar-month-mobile-events__mobile-event-title-link tribe-common-anchor\"\n\t>\n\t\tSuor Runita Borja partecipa al Congresso degli Educatori della Conferenza interispettoriale CIAO sul tema \u201cIl Patto Educativo Globale nello stile salesiano\u201d. A Tokyo, in Giappone.\t<\/a>\n<\/h3>\n\t\t\n\t<\/div>\n<\/article>\n\n\t\t\n\t\t\n\t<\/div>\n\n\t\n\t\t\n<div  class=\"tribe-events-calendar-month-mobile-events__mobile-day\"  id=\"tribe-events-calendar-mobile-day-2026-05-18\">\n\n\t\n\t\t\t\t\t\n\t\t\t<div class=\"tribe-events-c-day-marker tribe-events-calendar-month-mobile-events__day-marker\">\n\t<time\n\t\tclass=\"tribe-events-c-day-marker__date tribe-common-h7 tribe-common-h--alt\"\n\t\tdatetime=\"2026-05-08\"\n\t>\n\t\t8 mayo\t<\/time>\n<\/div>\n\n\t\t\t\n\t\t\t\n<article  class=\"tribe-events-calendar-month-mobile-events__mobile-event post-155282 tribe_events type-tribe_events status-publish tribe_events_cat-agenda-es tribe_events_cat-madre-general cat_agenda-es cat_madre-general\" >\n\n\t\n\t<div class=\"tribe-events-calendar-month-mobile-events__mobile-event-details\">\n\n\t\t<div class=\"tribe-events-calendar-month-mobile-events__mobile-event-datetime tribe-common-b2\">\n\t\t\t\t<time datetime=\"2026-05-08\">\n\t\t\tTodo el d\u00eda\t\t<\/time>\n\t\t<\/div>\n\t\t<h3  class=\"tribe-events-calendar-month-mobile-events__mobile-event-title tribe-common-h7\" >\n\t<a\n\t\thref=\"https:\/\/www.cgfmanet.org\/es\/event\/la-madre-partecipa-alle-celebrazione-del-centenario-della-presenza-delle-fma-dellispettoria-nostra-signora-dafrica-afc-a-lubumbashi-repubblica-democratica-del-c\/\"\n\t\ttitle=\"La Madre partecipa alle Celebrazione del Centenario della presenza delle FMA dell\u2019Ispettoria \u201cNostra Signora d\u2019Africa\u201d (AFC). A Lubumbashi, Repubblica Democratica del Congo.\"\n\t\trel=\"bookmark\"\n\t\tclass=\"tribe-events-calendar-month-mobile-events__mobile-event-title-link tribe-common-anchor\"\n\t>\n\t\tLa Madre partecipa alle Celebrazione del Centenario della presenza delle FMA dell\u2019Ispettoria \u201cNostra Signora d\u2019Africa\u201d (AFC). A Lubumbashi, Repubblica Democratica del Congo.\t<\/a>\n<\/h3>\n\t\t\n\t<\/div>\n<\/article>\n\n\t\t\t\t\t\n\t\t\t\n\t\t\t\n\t\t\t\n<article  class=\"tribe-events-calendar-month-mobile-events__mobile-event post-150897 tribe_events type-tribe_events status-publish tribe_events_cat-agenda-es tribe_events_cat-consejera-para-las-misiones cat_agenda-es cat_consejera-para-las-misiones\" >\n\n\t\n\t<div class=\"tribe-events-calendar-month-mobile-events__mobile-event-details\">\n\n\t\t<div class=\"tribe-events-calendar-month-mobile-events__mobile-event-datetime tribe-common-b2\">\n\t\t\t\t<time datetime=\"2026-05-11\">\n\t\t\tTodo el d\u00eda\t\t<\/time>\n\t\t<\/div>\n\t\t<h3  class=\"tribe-events-calendar-month-mobile-events__mobile-event-title tribe-common-h7\" >\n\t<a\n\t\thref=\"https:\/\/www.cgfmanet.org\/es\/event\/esercizi-spirituali-per-le-partecipanti-al-corso-di-formazione-permanente-missionaria-e-le-neo-missionarie-a-mornese-2\/\"\n\t\ttitle=\"Esercizi Spirituali per le partecipanti al Corso di Formazione Permanente Missionaria e le neo missionarie, a Mornese.\"\n\t\trel=\"bookmark\"\n\t\tclass=\"tribe-events-calendar-month-mobile-events__mobile-event-title-link tribe-common-anchor\"\n\t>\n\t\tEsercizi Spirituali per le partecipanti al Corso di Formazione Permanente Missionaria e le neo missionarie, a Mornese.\t<\/a>\n<\/h3>\n\t\t\n\t<\/div>\n<\/article>\n\n\t\t\t\t\t\n\t\t\t\n\t\t\t\n\t\t\t\n<article  class=\"tribe-events-calendar-month-mobile-events__mobile-event post-150932 tribe_events type-tribe_events status-publish tribe_events_cat-agenda-es tribe_events_cat-sr-maria-assunta-sumiko-inoue-es tribe_events_cat-visitadora cat_agenda-es cat_sr-maria-assunta-sumiko-inoue-es cat_visitadora\" >\n\n\t\n\t<div class=\"tribe-events-calendar-month-mobile-events__mobile-event-details\">\n\n\t\t<div class=\"tribe-events-calendar-month-mobile-events__mobile-event-datetime tribe-common-b2\">\n\t\t\t\t<time datetime=\"2026-05-14\">\n\t\t\tTodo el d\u00eda\t\t<\/time>\n\t\t<\/div>\n\t\t<h3  class=\"tribe-events-calendar-month-mobile-events__mobile-event-title tribe-common-h7\" >\n\t<a\n\t\thref=\"https:\/\/www.cgfmanet.org\/es\/event\/suor-maria-assunta-sumiko-inoue-fa-una-visita-breve-allispettoria-santa-maria-mazzarello-tha\/\"\n\t\ttitle=\"Suor Maria Assunta Sumiko Inoue fa una Visita breve all&#8217;Ispettoria \u201cSanta Maria Mazzarello\u201d (THA).\"\n\t\trel=\"bookmark\"\n\t\tclass=\"tribe-events-calendar-month-mobile-events__mobile-event-title-link tribe-common-anchor\"\n\t>\n\t\tSuor Maria Assunta Sumiko Inoue fa una Visita breve all&#8217;Ispettoria \u201cSanta Maria Mazzarello\u201d (THA).\t<\/a>\n<\/h3>\n\t\t\n\t<\/div>\n<\/article>\n\n\t\t\t\t\t\n\t\t\t\n\t\t\t\n\t\t\t\n<article  class=\"tribe-events-calendar-month-mobile-events__mobile-event post-156710 tribe_events type-tribe_events status-publish tribe_events_cat-agenda-es tribe_events_cat-consejera-para-la-pastoral-juvenil cat_agenda-es cat_consejera-para-la-pastoral-juvenil\" >\n\n\t\n\t<div class=\"tribe-events-calendar-month-mobile-events__mobile-event-details\">\n\n\t\t<div class=\"tribe-events-calendar-month-mobile-events__mobile-event-datetime tribe-common-b2\">\n\t\t\t\t<time datetime=\"2026-05-14\">\n\t\t\tTodo el d\u00eda\t\t<\/time>\n\t\t<\/div>\n\t\t<h3  class=\"tribe-events-calendar-month-mobile-events__mobile-event-title tribe-common-h7\" >\n\t<a\n\t\thref=\"https:\/\/www.cgfmanet.org\/es\/event\/suor-runita-borja-partecipa-al-congresso-degli-educatori-della-conferenza-interispettoriale-ciao-sul-tema-il-patto-educativo-globale-nello-stile-salesiano-a-tokyo-in-giappone\/\"\n\t\ttitle=\"Suor Runita Borja partecipa al Congresso degli Educatori della Conferenza interispettoriale CIAO sul tema \u201cIl Patto Educativo Globale nello stile salesiano\u201d. A Tokyo, in Giappone.\"\n\t\trel=\"bookmark\"\n\t\tclass=\"tribe-events-calendar-month-mobile-events__mobile-event-title-link tribe-common-anchor\"\n\t>\n\t\tSuor Runita Borja partecipa al Congresso degli Educatori della Conferenza interispettoriale CIAO sul tema \u201cIl Patto Educativo Globale nello stile salesiano\u201d. A Tokyo, in Giappone.\t<\/a>\n<\/h3>\n\t\t\n\t<\/div>\n<\/article>\n\n\t\t\t\t\t\n\t\t\t\n\t\t\t\n\t\t\t\n<article  class=\"tribe-events-calendar-month-mobile-events__mobile-event post-153492 tribe_events type-tribe_events status-publish tribe_events_cat-sr-jacob-celine-es tribe_events_cat-agenda-es tribe_events_cat-visitadora cat_sr-jacob-celine-es cat_agenda-es cat_visitadora\" >\n\n\t\n\t<div class=\"tribe-events-calendar-month-mobile-events__mobile-event-details\">\n\n\t\t<div class=\"tribe-events-calendar-month-mobile-events__mobile-event-datetime tribe-common-b2\">\n\t\t\t\t<time datetime=\"2026-05-18\">\n\t\t\tTodo el d\u00eda\t\t<\/time>\n\t\t<\/div>\n\t\t<h3  class=\"tribe-events-calendar-month-mobile-events__mobile-event-title tribe-common-h7\" >\n\t<a\n\t\thref=\"https:\/\/www.cgfmanet.org\/es\/event\/suor-celine-jacob-termina-la-visita-canonica-allispettoria-maria-immacolata-suo-degli-stati-uniti\/\"\n\t\ttitle=\"Suor Celine Jacob termina la Visita Canonica all&#8217;Ispettoria \u00abMaria Immacolata\u00bb (SUO) degli Stati Uniti.\"\n\t\trel=\"bookmark\"\n\t\tclass=\"tribe-events-calendar-month-mobile-events__mobile-event-title-link tribe-common-anchor\"\n\t>\n\t\tSuor Celine Jacob termina la Visita Canonica all&#8217;Ispettoria \u00abMaria Immacolata\u00bb (SUO) degli Stati Uniti.\t<\/a>\n<\/h3>\n\t\t\n\t<\/div>\n<\/article>\n\n\t\t\n\t\t\n\t<\/div>\n\n\t\n\t\t\n<div  class=\"tribe-events-calendar-month-mobile-events__mobile-day\"  id=\"tribe-events-calendar-mobile-day-2026-05-19\">\n\n\t\n\t\t\t\t\t\n\t\t\t<div class=\"tribe-events-c-day-marker tribe-events-calendar-month-mobile-events__day-marker\">\n\t<time\n\t\tclass=\"tribe-events-c-day-marker__date tribe-common-h7 tribe-common-h--alt\"\n\t\tdatetime=\"2026-05-08\"\n\t>\n\t\t8 mayo\t<\/time>\n<\/div>\n\n\t\t\t\n\t\t\t\n<article  class=\"tribe-events-calendar-month-mobile-events__mobile-event post-155282 tribe_events type-tribe_events status-publish tribe_events_cat-agenda-es tribe_events_cat-madre-general cat_agenda-es cat_madre-general\" >\n\n\t\n\t<div class=\"tribe-events-calendar-month-mobile-events__mobile-event-details\">\n\n\t\t<div class=\"tribe-events-calendar-month-mobile-events__mobile-event-datetime tribe-common-b2\">\n\t\t\t\t<time datetime=\"2026-05-08\">\n\t\t\tTodo el d\u00eda\t\t<\/time>\n\t\t<\/div>\n\t\t<h3  class=\"tribe-events-calendar-month-mobile-events__mobile-event-title tribe-common-h7\" >\n\t<a\n\t\thref=\"https:\/\/www.cgfmanet.org\/es\/event\/la-madre-partecipa-alle-celebrazione-del-centenario-della-presenza-delle-fma-dellispettoria-nostra-signora-dafrica-afc-a-lubumbashi-repubblica-democratica-del-c\/\"\n\t\ttitle=\"La Madre partecipa alle Celebrazione del Centenario della presenza delle FMA dell\u2019Ispettoria \u201cNostra Signora d\u2019Africa\u201d (AFC). A Lubumbashi, Repubblica Democratica del Congo.\"\n\t\trel=\"bookmark\"\n\t\tclass=\"tribe-events-calendar-month-mobile-events__mobile-event-title-link tribe-common-anchor\"\n\t>\n\t\tLa Madre partecipa alle Celebrazione del Centenario della presenza delle FMA dell\u2019Ispettoria \u201cNostra Signora d\u2019Africa\u201d (AFC). A Lubumbashi, Repubblica Democratica del Congo.\t<\/a>\n<\/h3>\n\t\t\n\t<\/div>\n<\/article>\n\n\t\t\t\t\t\n\t\t\t\n\t\t\t\n\t\t\t\n<article  class=\"tribe-events-calendar-month-mobile-events__mobile-event post-150817 tribe_events type-tribe_events status-publish tribe_events_cat-sr-lidia-strzelczyk-es tribe_events_cat-agenda-es tribe_events_cat-visitadora cat_sr-lidia-strzelczyk-es cat_agenda-es cat_visitadora\" >\n\n\t\n\t<div class=\"tribe-events-calendar-month-mobile-events__mobile-event-details\">\n\n\t\t<div class=\"tribe-events-calendar-month-mobile-events__mobile-event-datetime tribe-common-b2\">\n\t\t\t\t<time datetime=\"2026-05-19\">\n\t\t\tTodo el d\u00eda\t\t<\/time>\n\t\t<\/div>\n\t\t<h3  class=\"tribe-events-calendar-month-mobile-events__mobile-event-title tribe-common-h7\" >\n\t<a\n\t\thref=\"https:\/\/www.cgfmanet.org\/es\/event\/suor-lidia-strzelczyk-termina-la-2a-parte-della-visita-canonica-allispettoria-meridionale-madonna-del-buon-consiglio-imr\/\"\n\t\ttitle=\"Suor Lidia Strzelczyk termina la 2a parte della Visita canonica all&#8217;Ispettoria Meridionale \u00abMadonna del Buon Consiglio\u00bb (IMR).\"\n\t\trel=\"bookmark\"\n\t\tclass=\"tribe-events-calendar-month-mobile-events__mobile-event-title-link tribe-common-anchor\"\n\t>\n\t\tSuor Lidia Strzelczyk termina la 2a parte della Visita canonica all&#8217;Ispettoria Meridionale \u00abMadonna del Buon Consiglio\u00bb (IMR).\t<\/a>\n<\/h3>\n\t\t\n\t<\/div>\n<\/article>\n\n\t\t\t\t\t\n\t\t\t\n\t\t\t\n\t\t\t\n<article  class=\"tribe-events-calendar-month-mobile-events__mobile-event post-150932 tribe_events type-tribe_events status-publish tribe_events_cat-agenda-es tribe_events_cat-sr-maria-assunta-sumiko-inoue-es tribe_events_cat-visitadora cat_agenda-es cat_sr-maria-assunta-sumiko-inoue-es cat_visitadora\" >\n\n\t\n\t<div class=\"tribe-events-calendar-month-mobile-events__mobile-event-details\">\n\n\t\t<div class=\"tribe-events-calendar-month-mobile-events__mobile-event-datetime tribe-common-b2\">\n\t\t\t\t<time datetime=\"2026-05-14\">\n\t\t\tTodo el d\u00eda\t\t<\/time>\n\t\t<\/div>\n\t\t<h3  class=\"tribe-events-calendar-month-mobile-events__mobile-event-title tribe-common-h7\" >\n\t<a\n\t\thref=\"https:\/\/www.cgfmanet.org\/es\/event\/suor-maria-assunta-sumiko-inoue-fa-una-visita-breve-allispettoria-santa-maria-mazzarello-tha\/\"\n\t\ttitle=\"Suor Maria Assunta Sumiko Inoue fa una Visita breve all&#8217;Ispettoria \u201cSanta Maria Mazzarello\u201d (THA).\"\n\t\trel=\"bookmark\"\n\t\tclass=\"tribe-events-calendar-month-mobile-events__mobile-event-title-link tribe-common-anchor\"\n\t>\n\t\tSuor Maria Assunta Sumiko Inoue fa una Visita breve all&#8217;Ispettoria \u201cSanta Maria Mazzarello\u201d (THA).\t<\/a>\n<\/h3>\n\t\t\n\t<\/div>\n<\/article>\n\n\t\t\t\t\t\n\t\t\t\n\t\t\t\n\t\t\t\n<article  class=\"tribe-events-calendar-month-mobile-events__mobile-event post-156710 tribe_events type-tribe_events status-publish tribe_events_cat-agenda-es tribe_events_cat-consejera-para-la-pastoral-juvenil cat_agenda-es cat_consejera-para-la-pastoral-juvenil\" >\n\n\t\n\t<div class=\"tribe-events-calendar-month-mobile-events__mobile-event-details\">\n\n\t\t<div class=\"tribe-events-calendar-month-mobile-events__mobile-event-datetime tribe-common-b2\">\n\t\t\t\t<time datetime=\"2026-05-14\">\n\t\t\tTodo el d\u00eda\t\t<\/time>\n\t\t<\/div>\n\t\t<h3  class=\"tribe-events-calendar-month-mobile-events__mobile-event-title tribe-common-h7\" >\n\t<a\n\t\thref=\"https:\/\/www.cgfmanet.org\/es\/event\/suor-runita-borja-partecipa-al-congresso-degli-educatori-della-conferenza-interispettoriale-ciao-sul-tema-il-patto-educativo-globale-nello-stile-salesiano-a-tokyo-in-giappone\/\"\n\t\ttitle=\"Suor Runita Borja partecipa al Congresso degli Educatori della Conferenza interispettoriale CIAO sul tema \u201cIl Patto Educativo Globale nello stile salesiano\u201d. A Tokyo, in Giappone.\"\n\t\trel=\"bookmark\"\n\t\tclass=\"tribe-events-calendar-month-mobile-events__mobile-event-title-link tribe-common-anchor\"\n\t>\n\t\tSuor Runita Borja partecipa al Congresso degli Educatori della Conferenza interispettoriale CIAO sul tema \u201cIl Patto Educativo Globale nello stile salesiano\u201d. A Tokyo, in Giappone.\t<\/a>\n<\/h3>\n\t\t\n\t<\/div>\n<\/article>\n\n\t\t\n\t\t\n\t<\/div>\n\n\t\n\t\t\n<div  class=\"tribe-events-calendar-month-mobile-events__mobile-day\"  id=\"tribe-events-calendar-mobile-day-2026-05-20\">\n\n\t\n\t\t\t\t\t\n\t\t\t<div class=\"tribe-events-c-day-marker tribe-events-calendar-month-mobile-events__day-marker\">\n\t<time\n\t\tclass=\"tribe-events-c-day-marker__date tribe-common-h7 tribe-common-h--alt\"\n\t\tdatetime=\"2026-05-14\"\n\t>\n\t\t14 mayo\t<\/time>\n<\/div>\n\n\t\t\t\n\t\t\t\n<article  class=\"tribe-events-calendar-month-mobile-events__mobile-event post-150932 tribe_events type-tribe_events status-publish tribe_events_cat-agenda-es tribe_events_cat-sr-maria-assunta-sumiko-inoue-es tribe_events_cat-visitadora cat_agenda-es cat_sr-maria-assunta-sumiko-inoue-es cat_visitadora\" >\n\n\t\n\t<div class=\"tribe-events-calendar-month-mobile-events__mobile-event-details\">\n\n\t\t<div class=\"tribe-events-calendar-month-mobile-events__mobile-event-datetime tribe-common-b2\">\n\t\t\t\t<time datetime=\"2026-05-14\">\n\t\t\tTodo el d\u00eda\t\t<\/time>\n\t\t<\/div>\n\t\t<h3  class=\"tribe-events-calendar-month-mobile-events__mobile-event-title tribe-common-h7\" >\n\t<a\n\t\thref=\"https:\/\/www.cgfmanet.org\/es\/event\/suor-maria-assunta-sumiko-inoue-fa-una-visita-breve-allispettoria-santa-maria-mazzarello-tha\/\"\n\t\ttitle=\"Suor Maria Assunta Sumiko Inoue fa una Visita breve all&#8217;Ispettoria \u201cSanta Maria Mazzarello\u201d (THA).\"\n\t\trel=\"bookmark\"\n\t\tclass=\"tribe-events-calendar-month-mobile-events__mobile-event-title-link tribe-common-anchor\"\n\t>\n\t\tSuor Maria Assunta Sumiko Inoue fa una Visita breve all&#8217;Ispettoria \u201cSanta Maria Mazzarello\u201d (THA).\t<\/a>\n<\/h3>\n\t\t\n\t<\/div>\n<\/article>\n\n\t\t\n\t\t\n\t<\/div>\n\n\t\n\t\t\n<div  class=\"tribe-events-calendar-month-mobile-events__mobile-day\"  id=\"tribe-events-calendar-mobile-day-2026-05-21\">\n\n\t\n\t\t\t\t\t\n\t\t\t<div class=\"tribe-events-c-day-marker tribe-events-calendar-month-mobile-events__day-marker\">\n\t<time\n\t\tclass=\"tribe-events-c-day-marker__date tribe-common-h7 tribe-common-h--alt\"\n\t\tdatetime=\"2026-05-21\"\n\t>\n\t\t21 mayo\t<\/time>\n<\/div>\n\n\t\t\t\n\t\t\t\n<article  class=\"tribe-events-calendar-month-mobile-events__mobile-event post-151124 tribe_events type-tribe_events status-publish tribe_events_cat-agenda-es tribe_events_cat-consejera-para-la-familia-salesiana cat_agenda-es cat_consejera-para-la-familia-salesiana\" >\n\n\t\n\t<div class=\"tribe-events-calendar-month-mobile-events__mobile-event-details\">\n\n\t\t<div class=\"tribe-events-calendar-month-mobile-events__mobile-event-datetime tribe-common-b2\">\n\t\t\t\t<time datetime=\"2026-05-21\">\n\t\t\tTodo el d\u00eda\t\t<\/time>\n\t\t<\/div>\n\t\t<h3  class=\"tribe-events-calendar-month-mobile-events__mobile-event-title tribe-common-h7\" >\n\t<a\n\t\thref=\"https:\/\/www.cgfmanet.org\/es\/event\/suor-leslie-sandigo-e-le-collaboratrici-dellambito-partecipano-alla-consulta-della-famiglia-salesiana-a-valdocco-torino-2\/\"\n\t\ttitle=\"Suor Leslie S\u00e1ndigo e le Collaboratrici dell\u2019Ambito partecipano alla Consulta della Famiglia Salesiana a Valdocco, Torino.\"\n\t\trel=\"bookmark\"\n\t\tclass=\"tribe-events-calendar-month-mobile-events__mobile-event-title-link tribe-common-anchor\"\n\t>\n\t\tSuor Leslie S\u00e1ndigo e le Collaboratrici dell\u2019Ambito partecipano alla Consulta della Famiglia Salesiana a Valdocco, Torino.\t<\/a>\n<\/h3>\n\t\t\n\t<\/div>\n<\/article>\n\n\t\t\t\t\t\n\t\t\t\n\t\t\t\n\t\t\t\n<article  class=\"tribe-events-calendar-month-mobile-events__mobile-event post-150932 tribe_events type-tribe_events status-publish tribe_events_cat-agenda-es tribe_events_cat-sr-maria-assunta-sumiko-inoue-es tribe_events_cat-visitadora cat_agenda-es cat_sr-maria-assunta-sumiko-inoue-es cat_visitadora\" >\n\n\t\n\t<div class=\"tribe-events-calendar-month-mobile-events__mobile-event-details\">\n\n\t\t<div class=\"tribe-events-calendar-month-mobile-events__mobile-event-datetime tribe-common-b2\">\n\t\t\t\t<time datetime=\"2026-05-14\">\n\t\t\tTodo el d\u00eda\t\t<\/time>\n\t\t<\/div>\n\t\t<h3  class=\"tribe-events-calendar-month-mobile-events__mobile-event-title tribe-common-h7\" >\n\t<a\n\t\thref=\"https:\/\/www.cgfmanet.org\/es\/event\/suor-maria-assunta-sumiko-inoue-fa-una-visita-breve-allispettoria-santa-maria-mazzarello-tha\/\"\n\t\ttitle=\"Suor Maria Assunta Sumiko Inoue fa una Visita breve all&#8217;Ispettoria \u201cSanta Maria Mazzarello\u201d (THA).\"\n\t\trel=\"bookmark\"\n\t\tclass=\"tribe-events-calendar-month-mobile-events__mobile-event-title-link tribe-common-anchor\"\n\t>\n\t\tSuor Maria Assunta Sumiko Inoue fa una Visita breve all&#8217;Ispettoria \u201cSanta Maria Mazzarello\u201d (THA).\t<\/a>\n<\/h3>\n\t\t\n\t<\/div>\n<\/article>\n\n\t\t\n\t\t\n\t<\/div>\n\n\t\n\t\t\n<div  class=\"tribe-events-calendar-month-mobile-events__mobile-day\"  id=\"tribe-events-calendar-mobile-day-2026-05-22\">\n\n\t\n\t\t\t\t\t\n\t\t\t<div class=\"tribe-events-c-day-marker tribe-events-calendar-month-mobile-events__day-marker\">\n\t<time\n\t\tclass=\"tribe-events-c-day-marker__date tribe-common-h7 tribe-common-h--alt\"\n\t\tdatetime=\"2026-05-21\"\n\t>\n\t\t21 mayo\t<\/time>\n<\/div>\n\n\t\t\t\n\t\t\t\n<article  class=\"tribe-events-calendar-month-mobile-events__mobile-event post-151124 tribe_events type-tribe_events status-publish tribe_events_cat-agenda-es tribe_events_cat-consejera-para-la-familia-salesiana cat_agenda-es cat_consejera-para-la-familia-salesiana\" >\n\n\t\n\t<div class=\"tribe-events-calendar-month-mobile-events__mobile-event-details\">\n\n\t\t<div class=\"tribe-events-calendar-month-mobile-events__mobile-event-datetime tribe-common-b2\">\n\t\t\t\t<time datetime=\"2026-05-21\">\n\t\t\tTodo el d\u00eda\t\t<\/time>\n\t\t<\/div>\n\t\t<h3  class=\"tribe-events-calendar-month-mobile-events__mobile-event-title tribe-common-h7\" >\n\t<a\n\t\thref=\"https:\/\/www.cgfmanet.org\/es\/event\/suor-leslie-sandigo-e-le-collaboratrici-dellambito-partecipano-alla-consulta-della-famiglia-salesiana-a-valdocco-torino-2\/\"\n\t\ttitle=\"Suor Leslie S\u00e1ndigo e le Collaboratrici dell\u2019Ambito partecipano alla Consulta della Famiglia Salesiana a Valdocco, Torino.\"\n\t\trel=\"bookmark\"\n\t\tclass=\"tribe-events-calendar-month-mobile-events__mobile-event-title-link tribe-common-anchor\"\n\t>\n\t\tSuor Leslie S\u00e1ndigo e le Collaboratrici dell\u2019Ambito partecipano alla Consulta della Famiglia Salesiana a Valdocco, Torino.\t<\/a>\n<\/h3>\n\t\t\n\t<\/div>\n<\/article>\n\n\t\t\t\t\t\n\t\t\t\n\t\t\t\n\t\t\t\n<article  class=\"tribe-events-calendar-month-mobile-events__mobile-event post-155292 tribe_events type-tribe_events status-publish tribe_events_cat-agenda-es tribe_events_cat-madre-general cat_agenda-es cat_madre-general\" >\n\n\t\n\t<div class=\"tribe-events-calendar-month-mobile-events__mobile-event-details\">\n\n\t\t<div class=\"tribe-events-calendar-month-mobile-events__mobile-event-datetime tribe-common-b2\">\n\t\t\t\t<time datetime=\"2026-05-22\">\n\t\t\tTodo el d\u00eda\t\t<\/time>\n\t\t<\/div>\n\t\t<h3  class=\"tribe-events-calendar-month-mobile-events__mobile-event-title tribe-common-h7\" >\n\t<a\n\t\thref=\"https:\/\/www.cgfmanet.org\/es\/event\/la-madre-partecipa-alla-consulta-della-famiglia-salesiana-sul-tema-della-strenna-2026-a-torino-valdocco\/\"\n\t\ttitle=\"La Madre partecipa alla Consulta della Famiglia Salesiana sul tema della Strenna 2026. A Torino, Valdocco.\"\n\t\trel=\"bookmark\"\n\t\tclass=\"tribe-events-calendar-month-mobile-events__mobile-event-title-link tribe-common-anchor\"\n\t>\n\t\tLa Madre partecipa alla Consulta della Famiglia Salesiana sul tema della Strenna 2026. A Torino, Valdocco.\t<\/a>\n<\/h3>\n\t\t\n\t<\/div>\n<\/article>\n\n\t\t\t\t\t\n\t\t\t\n\t\t\t\n\t\t\t\n<article  class=\"tribe-events-calendar-month-mobile-events__mobile-event post-150932 tribe_events type-tribe_events status-publish tribe_events_cat-agenda-es tribe_events_cat-sr-maria-assunta-sumiko-inoue-es tribe_events_cat-visitadora cat_agenda-es cat_sr-maria-assunta-sumiko-inoue-es cat_visitadora\" >\n\n\t\n\t<div class=\"tribe-events-calendar-month-mobile-events__mobile-event-details\">\n\n\t\t<div class=\"tribe-events-calendar-month-mobile-events__mobile-event-datetime tribe-common-b2\">\n\t\t\t\t<time datetime=\"2026-05-14\">\n\t\t\tTodo el d\u00eda\t\t<\/time>\n\t\t<\/div>\n\t\t<h3  class=\"tribe-events-calendar-month-mobile-events__mobile-event-title tribe-common-h7\" >\n\t<a\n\t\thref=\"https:\/\/www.cgfmanet.org\/es\/event\/suor-maria-assunta-sumiko-inoue-fa-una-visita-breve-allispettoria-santa-maria-mazzarello-tha\/\"\n\t\ttitle=\"Suor Maria Assunta Sumiko Inoue fa una Visita breve all&#8217;Ispettoria \u201cSanta Maria Mazzarello\u201d (THA).\"\n\t\trel=\"bookmark\"\n\t\tclass=\"tribe-events-calendar-month-mobile-events__mobile-event-title-link tribe-common-anchor\"\n\t>\n\t\tSuor Maria Assunta Sumiko Inoue fa una Visita breve all&#8217;Ispettoria \u201cSanta Maria Mazzarello\u201d (THA).\t<\/a>\n<\/h3>\n\t\t\n\t<\/div>\n<\/article>\n\n\t\t\t\t\t\n\t\t\t\n\t\t\t\n\t\t\t\n<article  class=\"tribe-events-calendar-month-mobile-events__mobile-event post-151249 tribe_events type-tribe_events status-publish tribe_events_cat-visitadora tribe_events_cat-sr-riccioli-marta-liliana-es tribe_events_cat-agenda-es cat_visitadora cat_sr-riccioli-marta-liliana-es cat_agenda-es\" >\n\n\t\n\t<div class=\"tribe-events-calendar-month-mobile-events__mobile-event-details\">\n\n\t\t<div class=\"tribe-events-calendar-month-mobile-events__mobile-event-datetime tribe-common-b2\">\n\t\t\t\t<time datetime=\"2026-05-22\">\n\t\t\tTodo el d\u00eda\t\t<\/time>\n\t\t<\/div>\n\t\t<h3  class=\"tribe-events-calendar-month-mobile-events__mobile-event-title tribe-common-h7\" >\n\t<a\n\t\thref=\"https:\/\/www.cgfmanet.org\/es\/event\/suor-marta-riccioli-termina-la-visita-canonica-allispettoria-nostra-signora-di-chiquinquira-cbc\/\"\n\t\ttitle=\"Suor Marta Riccioli termina la Visita canonica all\u2019Ispettoria \u00abNostra Signora di Chiquinquir\u00e1\u00bb (CBC).\"\n\t\trel=\"bookmark\"\n\t\tclass=\"tribe-events-calendar-month-mobile-events__mobile-event-title-link tribe-common-anchor\"\n\t>\n\t\tSuor Marta Riccioli termina la Visita canonica all\u2019Ispettoria \u00abNostra Signora di Chiquinquir\u00e1\u00bb (CBC).\t<\/a>\n<\/h3>\n\t\t\n\t<\/div>\n<\/article>\n\n\t\t\n\t\t\n\t<\/div>\n\n\t\n\t\t\n<div  class=\"tribe-events-calendar-month-mobile-events__mobile-day\"  id=\"tribe-events-calendar-mobile-day-2026-05-23\">\n\n\t\n\t\t\t\t\t\n\t\t\t<div class=\"tribe-events-c-day-marker tribe-events-calendar-month-mobile-events__day-marker\">\n\t<time\n\t\tclass=\"tribe-events-c-day-marker__date tribe-common-h7 tribe-common-h--alt\"\n\t\tdatetime=\"2026-05-21\"\n\t>\n\t\t21 mayo\t<\/time>\n<\/div>\n\n\t\t\t\n\t\t\t\n<article  class=\"tribe-events-calendar-month-mobile-events__mobile-event post-151124 tribe_events type-tribe_events status-publish tribe_events_cat-agenda-es tribe_events_cat-consejera-para-la-familia-salesiana cat_agenda-es cat_consejera-para-la-familia-salesiana\" >\n\n\t\n\t<div class=\"tribe-events-calendar-month-mobile-events__mobile-event-details\">\n\n\t\t<div class=\"tribe-events-calendar-month-mobile-events__mobile-event-datetime tribe-common-b2\">\n\t\t\t\t<time datetime=\"2026-05-21\">\n\t\t\tTodo el d\u00eda\t\t<\/time>\n\t\t<\/div>\n\t\t<h3  class=\"tribe-events-calendar-month-mobile-events__mobile-event-title tribe-common-h7\" >\n\t<a\n\t\thref=\"https:\/\/www.cgfmanet.org\/es\/event\/suor-leslie-sandigo-e-le-collaboratrici-dellambito-partecipano-alla-consulta-della-famiglia-salesiana-a-valdocco-torino-2\/\"\n\t\ttitle=\"Suor Leslie S\u00e1ndigo e le Collaboratrici dell\u2019Ambito partecipano alla Consulta della Famiglia Salesiana a Valdocco, Torino.\"\n\t\trel=\"bookmark\"\n\t\tclass=\"tribe-events-calendar-month-mobile-events__mobile-event-title-link tribe-common-anchor\"\n\t>\n\t\tSuor Leslie S\u00e1ndigo e le Collaboratrici dell\u2019Ambito partecipano alla Consulta della Famiglia Salesiana a Valdocco, Torino.\t<\/a>\n<\/h3>\n\t\t\n\t<\/div>\n<\/article>\n\n\t\t\t\t\t\n\t\t\t\n\t\t\t\n\t\t\t\n<article  class=\"tribe-events-calendar-month-mobile-events__mobile-event post-155292 tribe_events type-tribe_events status-publish tribe_events_cat-agenda-es tribe_events_cat-madre-general cat_agenda-es cat_madre-general\" >\n\n\t\n\t<div class=\"tribe-events-calendar-month-mobile-events__mobile-event-details\">\n\n\t\t<div class=\"tribe-events-calendar-month-mobile-events__mobile-event-datetime tribe-common-b2\">\n\t\t\t\t<time datetime=\"2026-05-22\">\n\t\t\tTodo el d\u00eda\t\t<\/time>\n\t\t<\/div>\n\t\t<h3  class=\"tribe-events-calendar-month-mobile-events__mobile-event-title tribe-common-h7\" >\n\t<a\n\t\thref=\"https:\/\/www.cgfmanet.org\/es\/event\/la-madre-partecipa-alla-consulta-della-famiglia-salesiana-sul-tema-della-strenna-2026-a-torino-valdocco\/\"\n\t\ttitle=\"La Madre partecipa alla Consulta della Famiglia Salesiana sul tema della Strenna 2026. A Torino, Valdocco.\"\n\t\trel=\"bookmark\"\n\t\tclass=\"tribe-events-calendar-month-mobile-events__mobile-event-title-link tribe-common-anchor\"\n\t>\n\t\tLa Madre partecipa alla Consulta della Famiglia Salesiana sul tema della Strenna 2026. A Torino, Valdocco.\t<\/a>\n<\/h3>\n\t\t\n\t<\/div>\n<\/article>\n\n\t\t\t\t\t\n\t\t\t\n\t\t\t\n\t\t\t\n<article  class=\"tribe-events-calendar-month-mobile-events__mobile-event post-150932 tribe_events type-tribe_events status-publish tribe_events_cat-agenda-es tribe_events_cat-sr-maria-assunta-sumiko-inoue-es tribe_events_cat-visitadora cat_agenda-es cat_sr-maria-assunta-sumiko-inoue-es cat_visitadora\" >\n\n\t\n\t<div class=\"tribe-events-calendar-month-mobile-events__mobile-event-details\">\n\n\t\t<div class=\"tribe-events-calendar-month-mobile-events__mobile-event-datetime tribe-common-b2\">\n\t\t\t\t<time datetime=\"2026-05-14\">\n\t\t\tTodo el d\u00eda\t\t<\/time>\n\t\t<\/div>\n\t\t<h3  class=\"tribe-events-calendar-month-mobile-events__mobile-event-title tribe-common-h7\" >\n\t<a\n\t\thref=\"https:\/\/www.cgfmanet.org\/es\/event\/suor-maria-assunta-sumiko-inoue-fa-una-visita-breve-allispettoria-santa-maria-mazzarello-tha\/\"\n\t\ttitle=\"Suor Maria Assunta Sumiko Inoue fa una Visita breve all&#8217;Ispettoria \u201cSanta Maria Mazzarello\u201d (THA).\"\n\t\trel=\"bookmark\"\n\t\tclass=\"tribe-events-calendar-month-mobile-events__mobile-event-title-link tribe-common-anchor\"\n\t>\n\t\tSuor Maria Assunta Sumiko Inoue fa una Visita breve all&#8217;Ispettoria \u201cSanta Maria Mazzarello\u201d (THA).\t<\/a>\n<\/h3>\n\t\t\n\t<\/div>\n<\/article>\n\n\t\t\n\t\t\n\t<\/div>\n\n\t\n\t\t\n<div  class=\"tribe-events-calendar-month-mobile-events__mobile-day\"  id=\"tribe-events-calendar-mobile-day-2026-05-24\">\n\n\t\n\t\t\t\t\t\n\t\t\t<div class=\"tribe-events-c-day-marker tribe-events-calendar-month-mobile-events__day-marker\">\n\t<time\n\t\tclass=\"tribe-events-c-day-marker__date tribe-common-h7 tribe-common-h--alt\"\n\t\tdatetime=\"2026-05-24\"\n\t>\n\t\t24 mayo\t<\/time>\n<\/div>\n\n\t\t\t\n\t\t\t\n<article  class=\"tribe-events-calendar-month-mobile-events__mobile-event post-155302 tribe_events type-tribe_events status-publish tribe_events_cat-agenda-es tribe_events_cat-madre-general cat_agenda-es cat_madre-general\" >\n\n\t\n\t<div class=\"tribe-events-calendar-month-mobile-events__mobile-event-details\">\n\n\t\t<div class=\"tribe-events-calendar-month-mobile-events__mobile-event-datetime tribe-common-b2\">\n\t\t\t\t<time datetime=\"2026-05-24\">\n\t\t\tTodo el d\u00eda\t\t<\/time>\n\t\t<\/div>\n\t\t<h3  class=\"tribe-events-calendar-month-mobile-events__mobile-event-title tribe-common-h7\" >\n\t<a\n\t\thref=\"https:\/\/www.cgfmanet.org\/es\/event\/la-madre-partecipa-alla-celebrazione-della-solennita-di-maria-ausiliatrice-a-torino-valdocco\/\"\n\t\ttitle=\"La Madre partecipa alla Celebrazione della solennit\u00e0 di Maria Ausiliatrice a Torino, Valdocco.\"\n\t\trel=\"bookmark\"\n\t\tclass=\"tribe-events-calendar-month-mobile-events__mobile-event-title-link tribe-common-anchor\"\n\t>\n\t\tLa Madre partecipa alla Celebrazione della solennit\u00e0 di Maria Ausiliatrice a Torino, Valdocco.\t<\/a>\n<\/h3>\n\t\t\n\t<\/div>\n<\/article>\n\n\t\t\t\t\t\n\t\t\t\n\t\t\t\n\t\t\t\n<article  class=\"tribe-events-calendar-month-mobile-events__mobile-event post-150932 tribe_events type-tribe_events status-publish tribe_events_cat-agenda-es tribe_events_cat-sr-maria-assunta-sumiko-inoue-es tribe_events_cat-visitadora cat_agenda-es cat_sr-maria-assunta-sumiko-inoue-es cat_visitadora\" >\n\n\t\n\t<div class=\"tribe-events-calendar-month-mobile-events__mobile-event-details\">\n\n\t\t<div class=\"tribe-events-calendar-month-mobile-events__mobile-event-datetime tribe-common-b2\">\n\t\t\t\t<time datetime=\"2026-05-14\">\n\t\t\tTodo el d\u00eda\t\t<\/time>\n\t\t<\/div>\n\t\t<h3  class=\"tribe-events-calendar-month-mobile-events__mobile-event-title tribe-common-h7\" >\n\t<a\n\t\thref=\"https:\/\/www.cgfmanet.org\/es\/event\/suor-maria-assunta-sumiko-inoue-fa-una-visita-breve-allispettoria-santa-maria-mazzarello-tha\/\"\n\t\ttitle=\"Suor Maria Assunta Sumiko Inoue fa una Visita breve all&#8217;Ispettoria \u201cSanta Maria Mazzarello\u201d (THA).\"\n\t\trel=\"bookmark\"\n\t\tclass=\"tribe-events-calendar-month-mobile-events__mobile-event-title-link tribe-common-anchor\"\n\t>\n\t\tSuor Maria Assunta Sumiko Inoue fa una Visita breve all&#8217;Ispettoria \u201cSanta Maria Mazzarello\u201d (THA).\t<\/a>\n<\/h3>\n\t\t\n\t<\/div>\n<\/article>\n\n\t\t\n\t\t\n\t<\/div>\n\n\t\n\t\t\n<div  class=\"tribe-events-calendar-month-mobile-events__mobile-day\"  id=\"tribe-events-calendar-mobile-day-2026-05-25\">\n\n\t\n\t\t\t\t\t\n\t\t\t<div class=\"tribe-events-c-day-marker tribe-events-calendar-month-mobile-events__day-marker\">\n\t<time\n\t\tclass=\"tribe-events-c-day-marker__date tribe-common-h7 tribe-common-h--alt\"\n\t\tdatetime=\"2026-05-14\"\n\t>\n\t\t14 mayo\t<\/time>\n<\/div>\n\n\t\t\t\n\t\t\t\n<article  class=\"tribe-events-calendar-month-mobile-events__mobile-event post-150932 tribe_events type-tribe_events status-publish tribe_events_cat-agenda-es tribe_events_cat-sr-maria-assunta-sumiko-inoue-es tribe_events_cat-visitadora cat_agenda-es cat_sr-maria-assunta-sumiko-inoue-es cat_visitadora\" >\n\n\t\n\t<div class=\"tribe-events-calendar-month-mobile-events__mobile-event-details\">\n\n\t\t<div class=\"tribe-events-calendar-month-mobile-events__mobile-event-datetime tribe-common-b2\">\n\t\t\t\t<time datetime=\"2026-05-14\">\n\t\t\tTodo el d\u00eda\t\t<\/time>\n\t\t<\/div>\n\t\t<h3  class=\"tribe-events-calendar-month-mobile-events__mobile-event-title tribe-common-h7\" >\n\t<a\n\t\thref=\"https:\/\/www.cgfmanet.org\/es\/event\/suor-maria-assunta-sumiko-inoue-fa-una-visita-breve-allispettoria-santa-maria-mazzarello-tha\/\"\n\t\ttitle=\"Suor Maria Assunta Sumiko Inoue fa una Visita breve all&#8217;Ispettoria \u201cSanta Maria Mazzarello\u201d (THA).\"\n\t\trel=\"bookmark\"\n\t\tclass=\"tribe-events-calendar-month-mobile-events__mobile-event-title-link tribe-common-anchor\"\n\t>\n\t\tSuor Maria Assunta Sumiko Inoue fa una Visita breve all&#8217;Ispettoria \u201cSanta Maria Mazzarello\u201d (THA).\t<\/a>\n<\/h3>\n\t\t\n\t<\/div>\n<\/article>\n\n\t\t\n\t\t\n\t<\/div>\n\n\t\n\t\t\n<div  class=\"tribe-events-calendar-month-mobile-events__mobile-day\"  id=\"tribe-events-calendar-mobile-day-2026-05-26\">\n\n\t\n\t\t\t\t\t\n\t\t\t<div class=\"tribe-events-c-day-marker tribe-events-calendar-month-mobile-events__day-marker\">\n\t<time\n\t\tclass=\"tribe-events-c-day-marker__date tribe-common-h7 tribe-common-h--alt\"\n\t\tdatetime=\"2026-05-14\"\n\t>\n\t\t14 mayo\t<\/time>\n<\/div>\n\n\t\t\t\n\t\t\t\n<article  class=\"tribe-events-calendar-month-mobile-events__mobile-event post-150932 tribe_events type-tribe_events status-publish tribe_events_cat-agenda-es tribe_events_cat-sr-maria-assunta-sumiko-inoue-es tribe_events_cat-visitadora cat_agenda-es cat_sr-maria-assunta-sumiko-inoue-es cat_visitadora\" >\n\n\t\n\t<div class=\"tribe-events-calendar-month-mobile-events__mobile-event-details\">\n\n\t\t<div class=\"tribe-events-calendar-month-mobile-events__mobile-event-datetime tribe-common-b2\">\n\t\t\t\t<time datetime=\"2026-05-14\">\n\t\t\tTodo el d\u00eda\t\t<\/time>\n\t\t<\/div>\n\t\t<h3  class=\"tribe-events-calendar-month-mobile-events__mobile-event-title tribe-common-h7\" >\n\t<a\n\t\thref=\"https:\/\/www.cgfmanet.org\/es\/event\/suor-maria-assunta-sumiko-inoue-fa-una-visita-breve-allispettoria-santa-maria-mazzarello-tha\/\"\n\t\ttitle=\"Suor Maria Assunta Sumiko Inoue fa una Visita breve all&#8217;Ispettoria \u201cSanta Maria Mazzarello\u201d (THA).\"\n\t\trel=\"bookmark\"\n\t\tclass=\"tribe-events-calendar-month-mobile-events__mobile-event-title-link tribe-common-anchor\"\n\t>\n\t\tSuor Maria Assunta Sumiko Inoue fa una Visita breve all&#8217;Ispettoria \u201cSanta Maria Mazzarello\u201d (THA).\t<\/a>\n<\/h3>\n\t\t\n\t<\/div>\n<\/article>\n\n\t\t\t\t\t\n\t\t\t\n\t\t\t\n\t\t\t\n<article  class=\"tribe-events-calendar-month-mobile-events__mobile-event post-150875 tribe_events type-tribe_events status-publish tribe_events_cat-agenda-es tribe_events_cat-consejera-para-las-misiones cat_agenda-es cat_consejera-para-las-misiones\" >\n\n\t\n\t<div class=\"tribe-events-calendar-month-mobile-events__mobile-event-details\">\n\n\t\t<div class=\"tribe-events-calendar-month-mobile-events__mobile-event-datetime tribe-common-b2\">\n\t\t\t\t<time datetime=\"2026-05-26\">\n\t\t\tTodo el d\u00eda\t\t<\/time>\n\t\t<\/div>\n\t\t<h3  class=\"tribe-events-calendar-month-mobile-events__mobile-event-title tribe-common-h7\" >\n\t<a\n\t\thref=\"https:\/\/www.cgfmanet.org\/es\/event\/suor-ruth-del-pilar-mora-termina-la-visita-canonica-allispettoria-san-giuseppe-sec-di-stati-uniti-e-canada\/\"\n\t\ttitle=\"Suor Ruth del Pilar Mora termina la Visita Canonica all\u2019Ispettoria San Giuseppe (SEC) di Stati Uniti e Canada.\"\n\t\trel=\"bookmark\"\n\t\tclass=\"tribe-events-calendar-month-mobile-events__mobile-event-title-link tribe-common-anchor\"\n\t>\n\t\tSuor Ruth del Pilar Mora termina la Visita Canonica all\u2019Ispettoria San Giuseppe (SEC) di Stati Uniti e Canada.\t<\/a>\n<\/h3>\n\t\t\n\t<\/div>\n<\/article>\n\n\t\t\t\t\t\n\t\t\t\n\t\t\t\n\t\t\t\n<article  class=\"tribe-events-calendar-month-mobile-events__mobile-event post-156720 tribe_events type-tribe_events status-publish tribe_events_cat-agenda-es tribe_events_cat-consejera-para-la-pastoral-juvenil cat_agenda-es cat_consejera-para-la-pastoral-juvenil\" >\n\n\t\n\t<div class=\"tribe-events-calendar-month-mobile-events__mobile-event-details\">\n\n\t\t<div class=\"tribe-events-calendar-month-mobile-events__mobile-event-datetime tribe-common-b2\">\n\t\t\t\t<time datetime=\"2026-05-26\">\n\t\t\tTodo el d\u00eda\t\t<\/time>\n\t\t<\/div>\n\t\t<h3  class=\"tribe-events-calendar-month-mobile-events__mobile-event-title tribe-common-h7\" >\n\t<a\n\t\thref=\"https:\/\/www.cgfmanet.org\/es\/event\/suor-runita-borja-da-il-saluto-iniziale-e-partecipa-allincontro-online-delle-coordinatrici-ispettoriali-di-pg-della-conferenza-nac\/\"\n\t\ttitle=\"Suor Runita Borja d\u00e0 il saluto iniziale e partecipa all\u2019incontro online delle Coordinatrici ispettoriali di PG della Conferenza NAC.\"\n\t\trel=\"bookmark\"\n\t\tclass=\"tribe-events-calendar-month-mobile-events__mobile-event-title-link tribe-common-anchor\"\n\t>\n\t\tSuor Runita Borja d\u00e0 il saluto iniziale e partecipa all\u2019incontro online delle Coordinatrici ispettoriali di PG della Conferenza NAC.\t<\/a>\n<\/h3>\n\t\t\n\t<\/div>\n<\/article>\n\n\t\t\n\t\t\n\t<\/div>\n\n\t\n\t\t\n<div  class=\"tribe-events-calendar-month-mobile-events__mobile-day\"  id=\"tribe-events-calendar-mobile-day-2026-05-27\">\n\n\t\n\t\t\t\t\t\n\t\t\t<div class=\"tribe-events-c-day-marker tribe-events-calendar-month-mobile-events__day-marker\">\n\t<time\n\t\tclass=\"tribe-events-c-day-marker__date tribe-common-h7 tribe-common-h--alt\"\n\t\tdatetime=\"2026-05-27\"\n\t>\n\t\t27 mayo\t<\/time>\n<\/div>\n\n\t\t\t\n\t\t\t\n<article  class=\"tribe-events-calendar-month-mobile-events__mobile-event post-150885 tribe_events type-tribe_events status-publish\" >\n\n\t\n\t<div class=\"tribe-events-calendar-month-mobile-events__mobile-event-details\">\n\n\t\t<div class=\"tribe-events-calendar-month-mobile-events__mobile-event-datetime tribe-common-b2\">\n\t\t\t\t<time datetime=\"2026-05-27\">\n\t\t\tTodo el d\u00eda\t\t<\/time>\n\t\t<\/div>\n\t\t<h3  class=\"tribe-events-calendar-month-mobile-events__mobile-event-title tribe-common-h7\" >\n\t<a\n\t\thref=\"https:\/\/www.cgfmanet.org\/es\/event\/suor-ruth-del-pilar-mora-incontra-le-missionarie-ad-gentes-che-terminano-il-corso-di-formazione-permanente-missionaria-a-roma-in-casa-generalizia\/\"\n\t\ttitle=\"Suor Ruth del Pilar Mora incontra le missionarie ad gentes che terminano il Corso di Formazione Permanente Missionaria a Roma, in Casa Generalizia.\"\n\t\trel=\"bookmark\"\n\t\tclass=\"tribe-events-calendar-month-mobile-events__mobile-event-title-link tribe-common-anchor\"\n\t>\n\t\tSuor Ruth del Pilar Mora incontra le missionarie ad gentes che terminano il Corso di Formazione Permanente Missionaria a Roma, in Casa Generalizia.\t<\/a>\n<\/h3>\n\t\t\n\t<\/div>\n<\/article>\n\n\t\t\n\t\t\n\t<\/div>\n\n\t\n\t\t\n<div  class=\"tribe-events-calendar-month-mobile-events__mobile-day\"  id=\"tribe-events-calendar-mobile-day-2026-05-28\">\n\n\t\n\t\t\t\t\t\n\t\t\t<div class=\"tribe-events-c-day-marker tribe-events-calendar-month-mobile-events__day-marker\">\n\t<time\n\t\tclass=\"tribe-events-c-day-marker__date tribe-common-h7 tribe-common-h--alt\"\n\t\tdatetime=\"2026-05-27\"\n\t>\n\t\t27 mayo\t<\/time>\n<\/div>\n\n\t\t\t\n\t\t\t\n<article  class=\"tribe-events-calendar-month-mobile-events__mobile-event post-150885 tribe_events type-tribe_events status-publish\" >\n\n\t\n\t<div class=\"tribe-events-calendar-month-mobile-events__mobile-event-details\">\n\n\t\t<div class=\"tribe-events-calendar-month-mobile-events__mobile-event-datetime tribe-common-b2\">\n\t\t\t\t<time datetime=\"2026-05-27\">\n\t\t\tTodo el d\u00eda\t\t<\/time>\n\t\t<\/div>\n\t\t<h3  class=\"tribe-events-calendar-month-mobile-events__mobile-event-title tribe-common-h7\" >\n\t<a\n\t\thref=\"https:\/\/www.cgfmanet.org\/es\/event\/suor-ruth-del-pilar-mora-incontra-le-missionarie-ad-gentes-che-terminano-il-corso-di-formazione-permanente-missionaria-a-roma-in-casa-generalizia\/\"\n\t\ttitle=\"Suor Ruth del Pilar Mora incontra le missionarie ad gentes che terminano il Corso di Formazione Permanente Missionaria a Roma, in Casa Generalizia.\"\n\t\trel=\"bookmark\"\n\t\tclass=\"tribe-events-calendar-month-mobile-events__mobile-event-title-link tribe-common-anchor\"\n\t>\n\t\tSuor Ruth del Pilar Mora incontra le missionarie ad gentes che terminano il Corso di Formazione Permanente Missionaria a Roma, in Casa Generalizia.\t<\/a>\n<\/h3>\n\t\t\n\t<\/div>\n<\/article>\n\n\t\t\t\t\t\n\t\t\t\n\t\t\t\n\t\t\t\n<article  class=\"tribe-events-calendar-month-mobile-events__mobile-event post-155312 tribe_events type-tribe_events status-publish tribe_events_cat-madre-general tribe_events_cat-agenda-es cat_madre-general cat_agenda-es\" >\n\n\t\n\t<div class=\"tribe-events-calendar-month-mobile-events__mobile-event-details\">\n\n\t\t<div class=\"tribe-events-calendar-month-mobile-events__mobile-event-datetime tribe-common-b2\">\n\t\t\t\t<time datetime=\"2026-05-28\">\n\t\t\tTodo el d\u00eda\t\t<\/time>\n\t\t<\/div>\n\t\t<h3  class=\"tribe-events-calendar-month-mobile-events__mobile-event-title tribe-common-h7\" >\n\t<a\n\t\thref=\"https:\/\/www.cgfmanet.org\/es\/event\/a-roma-in-casa-generalizia-la-madre-incontra-le-fma-partecipanti-a-conclusione-del-corso-di-formazione-permanente-missionaria\/\"\n\t\ttitle=\"A Roma in Casa generalizia la Madre incontra le FMA partecipanti a conclusione del Corso di Formazione Permanente Missionaria.\"\n\t\trel=\"bookmark\"\n\t\tclass=\"tribe-events-calendar-month-mobile-events__mobile-event-title-link tribe-common-anchor\"\n\t>\n\t\tA Roma in Casa generalizia la Madre incontra le FMA partecipanti a conclusione del Corso di Formazione Permanente Missionaria.\t<\/a>\n<\/h3>\n\t\t\n\t<\/div>\n<\/article>\n\n\t\t\n\t\t\n\t<\/div>\n\n\t\n\t\t\n<div  class=\"tribe-events-calendar-month-mobile-events__mobile-day\"  id=\"tribe-events-calendar-mobile-day-2026-05-29\">\n\n\t\n\t\t\t\t\t\n\t\t\t<div class=\"tribe-events-c-day-marker tribe-events-calendar-month-mobile-events__day-marker\">\n\t<time\n\t\tclass=\"tribe-events-c-day-marker__date tribe-common-h7 tribe-common-h--alt\"\n\t\tdatetime=\"2026-05-29\"\n\t>\n\t\t29 mayo\t<\/time>\n<\/div>\n\n\t\t\t\n\t\t\t\n<article  class=\"tribe-events-calendar-month-mobile-events__mobile-event post-150903 tribe_events type-tribe_events status-publish tribe_events_cat-agenda-es tribe_events_cat-consejera-para-las-misiones cat_agenda-es cat_consejera-para-las-misiones\" >\n\n\t\n\t<div class=\"tribe-events-calendar-month-mobile-events__mobile-event-details\">\n\n\t\t<div class=\"tribe-events-calendar-month-mobile-events__mobile-event-datetime tribe-common-b2\">\n\t\t\t\t<time datetime=\"2026-05-29\">\n\t\t\tTodo el d\u00eda\t\t<\/time>\n\t\t<\/div>\n\t\t<h3  class=\"tribe-events-calendar-month-mobile-events__mobile-event-title tribe-common-h7\" >\n\t<a\n\t\thref=\"https:\/\/www.cgfmanet.org\/es\/event\/conclusione-del-corso-di-formazione-permanente-missionaria-a-roma-casa-generalizia\/\"\n\t\ttitle=\"Conclusione del Corso di Formazione Permanente Missionaria a Roma, Casa Generalizia.\"\n\t\trel=\"bookmark\"\n\t\tclass=\"tribe-events-calendar-month-mobile-events__mobile-event-title-link tribe-common-anchor\"\n\t>\n\t\tConclusione del Corso di Formazione Permanente Missionaria a Roma, Casa Generalizia.\t<\/a>\n<\/h3>\n\t\t\n\t<\/div>\n<\/article>\n\n\t\t\n\t\t\n\t<\/div>\n\n\t\n\t\t\n<div  class=\"tribe-events-calendar-month-mobile-events__mobile-day\"  id=\"tribe-events-calendar-mobile-day-2026-05-30\">\n\n\t\n\t\t\t\t\t\n\t\t\t<div class=\"tribe-events-c-day-marker tribe-events-calendar-month-mobile-events__day-marker\">\n\t<time\n\t\tclass=\"tribe-events-c-day-marker__date tribe-common-h7 tribe-common-h--alt\"\n\t\tdatetime=\"2026-05-30\"\n\t>\n\t\t30 mayo\t<\/time>\n<\/div>\n\n\t\t\t\n\t\t\t\n<article  class=\"tribe-events-calendar-month-mobile-events__mobile-event post-153471 tribe_events type-tribe_events status-publish tribe_events_cat-agenda-es tribe_events_cat-sr-chantal-mukase-es tribe_events_cat-visitadora cat_agenda-es cat_sr-chantal-mukase-es cat_visitadora\" >\n\n\t\n\t<div class=\"tribe-events-calendar-month-mobile-events__mobile-event-details\">\n\n\t\t<div class=\"tribe-events-calendar-month-mobile-events__mobile-event-datetime tribe-common-b2\">\n\t\t\t\t<time datetime=\"2026-05-30\">\n\t\t\tTodo el d\u00eda\t\t<\/time>\n\t\t<\/div>\n\t\t<h3  class=\"tribe-events-calendar-month-mobile-events__mobile-event-title tribe-common-h7\" >\n\t<a\n\t\thref=\"https:\/\/www.cgfmanet.org\/es\/event\/suor-chantal-mukase-termina-la-visita-canonica-allispettoria-nostra-signora-dafrica-afc-dellafrica-centrale\/\"\n\t\ttitle=\"Suor Chantal Mukase termina la Visita Canonica all\u2019Ispettoria \u201cNostra Signora d\u2019Africa\u201d (AFC) dell\u2019Africa Centrale.\"\n\t\trel=\"bookmark\"\n\t\tclass=\"tribe-events-calendar-month-mobile-events__mobile-event-title-link tribe-common-anchor\"\n\t>\n\t\tSuor Chantal Mukase termina la Visita Canonica all\u2019Ispettoria \u201cNostra Signora d\u2019Africa\u201d (AFC) dell\u2019Africa Centrale.\t<\/a>\n<\/h3>\n\t\t\n\t<\/div>\n<\/article>\n\n\t\t\n\t\t\n\t<\/div>\n\n\t\n\t\t\n<div  class=\"tribe-events-calendar-month-mobile-events__mobile-day\"  id=\"tribe-events-calendar-mobile-day-2026-05-31\">\n\n\t\n\t\t\t\t\t\n\t\t\t<div class=\"tribe-events-c-day-marker tribe-events-calendar-month-mobile-events__day-marker\">\n\t<time\n\t\tclass=\"tribe-events-c-day-marker__date tribe-common-h7 tribe-common-h--alt\"\n\t\tdatetime=\"2026-05-31\"\n\t>\n\t\t31 mayo\t<\/time>\n<\/div>\n\n\t\t\t\n\t\t\t\n<article  class=\"tribe-events-calendar-month-mobile-events__mobile-event post-154084 tribe_events type-tribe_events status-publish tribe_events_cat-agenda-es tribe_events_cat-sr-paola-battagliola-es-2 tribe_events_cat-visitadora cat_agenda-es cat_sr-paola-battagliola-es-2 cat_visitadora\" >\n\n\t\n\t<div class=\"tribe-events-calendar-month-mobile-events__mobile-event-details\">\n\n\t\t<div class=\"tribe-events-calendar-month-mobile-events__mobile-event-datetime tribe-common-b2\">\n\t\t\t\t<time datetime=\"2026-05-31\">\n\t\t\tTodo el d\u00eda\t\t<\/time>\n\t\t<\/div>\n\t\t<h3  class=\"tribe-events-calendar-month-mobile-events__mobile-event-title tribe-common-h7\" >\n\t<a\n\t\thref=\"https:\/\/www.cgfmanet.org\/es\/event\/suor-paola-battagliola-termina-la-2a-parte-della-visita-canonica-allispettoria-lombarda-sacra-famiglia-ilo\/\"\n\t\ttitle=\"Suor Paola Battagliola termina la 2a parte della Visita canonica all&#8217;Ispettoria Lombarda \u00abSacra Famiglia\u00bb (ILO).\"\n\t\trel=\"bookmark\"\n\t\tclass=\"tribe-events-calendar-month-mobile-events__mobile-event-title-link tribe-common-anchor\"\n\t>\n\t\tSuor Paola Battagliola termina la 2a parte della Visita canonica all&#8217;Ispettoria Lombarda \u00abSacra Famiglia\u00bb (ILO).\t<\/a>\n<\/h3>\n\t\t\n\t<\/div>\n<\/article>\n\n\t\t\n\t\t\n\t<\/div>\n\n\t\n\t\n<\/section>\n\n\t\t\n\t\t<div class=\"tribe-common-b1 tribe-common-b2--min-medium tribe-events-widget-events-month__view-more\">\n\t<a\n\t\thref=\"https:\/\/www.cgfmanet.org\/es\/eventos\/\"\n\t\tclass=\"tribe-common-anchor-thin tribe-events-widget-events-month__view-more-link\"\n\t\ttitle=\"Ver m\u00e1s eventos.\"\n\t>\n\t\tVer calendario\t<\/a>\n<\/div>\n\n\t<\/section>\n\n<\/div>\n\n<script data-js='tribe-events-view-nonce-data' type='application\/json'>{\"tvn1\":\"95cb31220c\",\"tvn2\":\"\"}<\/script>\n<\/div>\n<\/aside><div class=\"td_block_wrap td_block_15 td_block_widget tdi_15 td-pb-border-top td_block_template_1 td-column-1 td_block_padding\"  data-td-block-uid=\"tdi_15\" >\n<style>\n.td-theme-wrap .tdi_15 .td-pulldown-filter-link:hover,\r\n            .td-theme-wrap .tdi_15 .td-subcat-item a:hover,\r\n            .td-theme-wrap .tdi_15 .td-subcat-item .td-cur-simple-item {\r\n                color: #fc9727;\r\n            }\r\n\r\n            .td-theme-wrap .tdi_15 .block-title > *,\r\n            .td-theme-wrap .tdi_15 .td-subcat-dropdown:hover .td-subcat-more {\r\n                background-color: #fc9727;\r\n            }\r\n            .td-theme-wrap .td-footer-wrapper .tdi_15 .block-title > * {\r\n                padding: 6px 7px 5px;\r\n                line-height: 1;\r\n            }\r\n\r\n            .td-theme-wrap .tdi_15 .block-title {\r\n                border-color: #fc9727;\r\n            }\r\n\r\n            \r\n            .td-theme-wrap .tdi_15 .td_module_wrap:hover .entry-title a,\r\n            .td-theme-wrap .tdi_15 .td_quote_on_blocks,\r\n            .td-theme-wrap .tdi_15 .td-opacity-cat .td-post-category:hover,\r\n            .td-theme-wrap .tdi_15 .td-opacity-read .td-read-more a:hover,\r\n            .td-theme-wrap .tdi_15 .td-opacity-author .td-post-author-name a:hover,\r\n            .td-theme-wrap .tdi_15 .td-instagram-user a {\r\n                color: #fc9727;\r\n            }\r\n\r\n            .td-theme-wrap .tdi_15 .td-next-prev-wrap a:hover,\r\n            .td-theme-wrap .tdi_15 .td-load-more-wrap a:hover {\r\n                background-color: #fc9727;\r\n                border-color: #fc9727;\r\n            }\r\n\r\n            .td-theme-wrap .tdi_15 .td-read-more a,\r\n            .td-theme-wrap .tdi_15 .td-weather-information:before,\r\n            .td-theme-wrap .tdi_15 .td-weather-week:before,\r\n            .td-theme-wrap .tdi_15 .td-exchange-header:before,\r\n            .td-theme-wrap .td-footer-wrapper .tdi_15 .td-post-category,\r\n            .td-theme-wrap .tdi_15 .td-post-category:hover {\r\n                background-color: #fc9727;\r\n            }\n<\/style><script>var block_tdi_15 = new tdBlock();\nblock_tdi_15.id = \"tdi_15\";\nblock_tdi_15.atts = '{\"custom_title\":\"Art\\u00edculos\",\"custom_url\":\"https:\\\/\\\/www.cgfmanet.org\\\/es\\\/tag\\\/consejera-para-la-formacion\\\/\",\"block_template_id\":\"\",\"header_color\":\"#fc9727\",\"header_text_color\":\"#\",\"accent_text_color\":\"#\",\"mx4_tl\":\"\",\"limit\":\"6\",\"offset\":\"\",\"el_class\":\"\",\"post_ids\":\"\",\"category_id\":\"\",\"category_ids\":\"\",\"tag_slug\":\"consejera-para-la-formacion\",\"autors_id\":\"\",\"installed_post_types\":\"\",\"sort\":\"\",\"td_ajax_filter_type\":\"\",\"td_ajax_filter_ids\":\"\",\"td_filter_default_txt\":\"All\",\"td_ajax_preloading\":\"\",\"ajax_pagination\":\"\",\"ajax_pagination_infinite_stop\":\"\",\"wpml_language\":\"es\",\"title\":false,\"class\":\"td_block_widget tdi_15\",\"block_type\":\"td_block_15\",\"separator\":\"\",\"taxonomies\":\"\",\"in_all_terms\":\"\",\"include_cf_posts\":\"\",\"exclude_cf_posts\":\"\",\"popular_by_date\":\"\",\"linked_posts\":\"\",\"favourite_only\":\"\",\"open_in_new_window\":\"\",\"show_modified_date\":\"\",\"time_ago\":\"\",\"time_ago_add_txt\":\"ago\",\"time_ago_txt_pos\":\"\",\"review_source\":\"\",\"f_header_font_header\":\"\",\"f_header_font_title\":\"Block header\",\"f_header_font_settings\":\"\",\"f_header_font_family\":\"\",\"f_header_font_size\":\"\",\"f_header_font_line_height\":\"\",\"f_header_font_style\":\"\",\"f_header_font_weight\":\"\",\"f_header_font_transform\":\"\",\"f_header_font_spacing\":\"\",\"f_header_\":\"\",\"f_ajax_font_title\":\"Ajax categories\",\"f_ajax_font_settings\":\"\",\"f_ajax_font_family\":\"\",\"f_ajax_font_size\":\"\",\"f_ajax_font_line_height\":\"\",\"f_ajax_font_style\":\"\",\"f_ajax_font_weight\":\"\",\"f_ajax_font_transform\":\"\",\"f_ajax_font_spacing\":\"\",\"f_ajax_\":\"\",\"f_more_font_title\":\"Load more button\",\"f_more_font_settings\":\"\",\"f_more_font_family\":\"\",\"f_more_font_size\":\"\",\"f_more_font_line_height\":\"\",\"f_more_font_style\":\"\",\"f_more_font_weight\":\"\",\"f_more_font_transform\":\"\",\"f_more_font_spacing\":\"\",\"f_more_\":\"\",\"mx4f_title_font_header\":\"\",\"mx4f_title_font_title\":\"Article title\",\"mx4f_title_font_settings\":\"\",\"mx4f_title_font_family\":\"\",\"mx4f_title_font_size\":\"\",\"mx4f_title_font_line_height\":\"\",\"mx4f_title_font_style\":\"\",\"mx4f_title_font_weight\":\"\",\"mx4f_title_font_transform\":\"\",\"mx4f_title_font_spacing\":\"\",\"mx4f_title_\":\"\",\"mx4f_cat_font_title\":\"Article category tag\",\"mx4f_cat_font_settings\":\"\",\"mx4f_cat_font_family\":\"\",\"mx4f_cat_font_size\":\"\",\"mx4f_cat_font_line_height\":\"\",\"mx4f_cat_font_style\":\"\",\"mx4f_cat_font_weight\":\"\",\"mx4f_cat_font_transform\":\"\",\"mx4f_cat_font_spacing\":\"\",\"mx4f_cat_\":\"\",\"ajax_pagination_next_prev_swipe\":\"\",\"css\":\"\",\"tdc_css\":\"\",\"td_column_number\":1,\"color_preset\":\"\",\"border_top\":\"\",\"tdc_css_class\":\"tdi_15\",\"tdc_css_class_style\":\"tdi_15_rand_style\"}';\nblock_tdi_15.td_column_number = \"1\";\nblock_tdi_15.block_type = \"td_block_15\";\nblock_tdi_15.post_count = \"6\";\nblock_tdi_15.found_posts = \"38\";\nblock_tdi_15.header_color = \"#fc9727\";\nblock_tdi_15.ajax_pagination_infinite_stop = \"\";\nblock_tdi_15.max_num_pages = \"7\";\ntdBlocksArray.push(block_tdi_15);\n<\/script><div class=\"td-block-title-wrap\"><h4 class=\"block-title td-block-title\"><a href=\"https:\/\/www.cgfmanet.org\/es\/tag\/consejera-para-la-formacion\/\" class=\"td-pulldown-size\">Art\u00edculos<\/a><\/h4><\/div><div id=tdi_15 class=\"td_block_inner td-column-1\"><div class=\"td-cust-row\">\n\n\t<div class=\"td-block-span12\">\n\r\n        <div class=\"td_module_mx4 td_module_wrap td-animation-stack\">\r\n            <div class=\"td-module-image\">\r\n                <div class=\"td-module-thumb\"><a href=\"https:\/\/www.cgfmanet.org\/es\/ifma-es\/evaluacion-trienal-spr\/\"  rel=\"bookmark\" class=\"td-image-wrap \" title=\"Evaluaci\u00f3n Trienal SPR\" ><img decoding=\"async\" width=\"218\" height=\"150\" class=\"entry-thumb lazyload\" data-src=\"https:\/\/www.cgfmanet.org\/wp-content\/uploads\/2025\/05\/Verifica-Triennale-SPR-218x150.jpg\"  data-srcset=\"https:\/\/www.cgfmanet.org\/wp-content\/uploads\/2025\/05\/Verifica-Triennale-SPR-218x150.jpg 218w, https:\/\/www.cgfmanet.org\/wp-content\/uploads\/2025\/05\/Verifica-Triennale-SPR-100x70.jpg 100w\" data-sizes=\"auto\"  alt=\"\" title=\"Evaluaci\u00f3n Trienal SPR\" src=\"data:image\/svg+xml;base64,PHN2ZyB3aWR0aD0iMSIgaGVpZ2h0PSIxIiB4bWxucz0iaHR0cDovL3d3dy53My5vcmcvMjAwMC9zdmciPjwvc3ZnPg==\" style=\"--smush-placeholder-width: 218px; --smush-placeholder-aspect-ratio: 218\/150;\" data-original-sizes=\"(max-width: 218px) 100vw, 218px\" \/><\/a><\/div>                <a href=\"https:\/\/www.cgfmanet.org\/es\/categoria\/ifma-es\/capitulo-general\/\" class=\"td-post-category\" >Cap\u00edtulo General<\/a>            <\/div>\r\n\r\n            <h3 class=\"entry-title td-module-title\"><a href=\"https:\/\/www.cgfmanet.org\/es\/ifma-es\/evaluacion-trienal-spr\/\"  rel=\"bookmark\" title=\"Evaluaci\u00f3n Trienal SPR\">Evaluaci\u00f3n Trienal SPR<\/a><\/h3>\r\n        <\/div>\r\n\r\n        \n\t<\/div> <!-- .\/td-block-span12 -->\n\n\t<div class=\"td-block-span12\">\n\r\n        <div class=\"td_module_mx4 td_module_wrap td-animation-stack\">\r\n            <div class=\"td-module-image\">\r\n                <div class=\"td-module-thumb\"><a href=\"https:\/\/www.cgfmanet.org\/es\/infoesfera\/una-campana-dedicada-a-madre-mazzarello\/\"  rel=\"bookmark\" class=\"td-image-wrap \" title=\"Una campana dedicada a Madre Mazzarello\" ><img decoding=\"async\" width=\"218\" height=\"150\" class=\"entry-thumb lazyload\" data-src=\"https:\/\/www.cgfmanet.org\/wp-content\/uploads\/2025\/04\/Inaugurazione-Piazza-Maria-Ausiliatrice_1aprile2025-218x150.jpg\"  data-srcset=\"https:\/\/www.cgfmanet.org\/wp-content\/uploads\/2025\/04\/Inaugurazione-Piazza-Maria-Ausiliatrice_1aprile2025-218x150.jpg 218w, https:\/\/www.cgfmanet.org\/wp-content\/uploads\/2025\/04\/Inaugurazione-Piazza-Maria-Ausiliatrice_1aprile2025-100x70.jpg 100w\" data-sizes=\"auto\"  alt=\"\" title=\"Una campana dedicada a Madre Mazzarello\" src=\"data:image\/svg+xml;base64,PHN2ZyB3aWR0aD0iMSIgaGVpZ2h0PSIxIiB4bWxucz0iaHR0cDovL3d3dy53My5vcmcvMjAwMC9zdmciPjwvc3ZnPg==\" style=\"--smush-placeholder-width: 218px; --smush-placeholder-aspect-ratio: 218\/150;\" data-original-sizes=\"(max-width: 218px) 100vw, 218px\" \/><\/a><\/div>                <a href=\"https:\/\/www.cgfmanet.org\/es\/categoria\/infoesfera\/ciudadania\/\" class=\"td-post-category\" >Ciudadan\u00eda<\/a>            <\/div>\r\n\r\n            <h3 class=\"entry-title td-module-title\"><a href=\"https:\/\/www.cgfmanet.org\/es\/infoesfera\/una-campana-dedicada-a-madre-mazzarello\/\"  rel=\"bookmark\" title=\"Una campana dedicada a Madre Mazzarello\">Una campana dedicada a Madre Mazzarello<\/a><\/h3>\r\n        <\/div>\r\n\r\n        \n\t<\/div> <!-- .\/td-block-span12 --><\/div><div class=\"td-cust-row\">\n\n\t<div class=\"td-block-span12\">\n\r\n        <div class=\"td_module_mx4 td_module_wrap td-animation-stack\">\r\n            <div class=\"td-module-image\">\r\n                <div class=\"td-module-thumb\"><a href=\"https:\/\/www.cgfmanet.org\/es\/ifma-es\/a-la-escucha-de-los-desafios-de-la-vida-cotidiana\/\"  rel=\"bookmark\" class=\"td-image-wrap \" title=\"A la Escucha&#8230; de los desaf\u00edos de la vida cotidiana\" ><img decoding=\"async\" width=\"218\" height=\"150\" class=\"entry-thumb lazyload\" data-src=\"https:\/\/www.cgfmanet.org\/wp-content\/uploads\/2025\/04\/Juniores_FMA-giovani_Visitatoria-RMC-218x150.jpg\"  data-srcset=\"https:\/\/www.cgfmanet.org\/wp-content\/uploads\/2025\/04\/Juniores_FMA-giovani_Visitatoria-RMC-218x150.jpg 218w, https:\/\/www.cgfmanet.org\/wp-content\/uploads\/2025\/04\/Juniores_FMA-giovani_Visitatoria-RMC-100x70.jpg 100w\" data-sizes=\"auto\"  alt=\"\" title=\"A la Escucha&#8230; de los desaf\u00edos de la vida cotidiana\" src=\"data:image\/svg+xml;base64,PHN2ZyB3aWR0aD0iMSIgaGVpZ2h0PSIxIiB4bWxucz0iaHR0cDovL3d3dy53My5vcmcvMjAwMC9zdmciPjwvc3ZnPg==\" style=\"--smush-placeholder-width: 218px; --smush-placeholder-aspect-ratio: 218\/150;\" data-original-sizes=\"(max-width: 218px) 100vw, 218px\" \/><\/a><\/div>                <a href=\"https:\/\/www.cgfmanet.org\/es\/categoria\/ifma-es\/cultura-vocacional-es\/\" class=\"td-post-category\" >Cultura Vocacional<\/a>            <\/div>\r\n\r\n            <h3 class=\"entry-title td-module-title\"><a href=\"https:\/\/www.cgfmanet.org\/es\/ifma-es\/a-la-escucha-de-los-desafios-de-la-vida-cotidiana\/\"  rel=\"bookmark\" title=\"A la Escucha&#8230; de los desaf\u00edos de la vida cotidiana\">A la Escucha&#8230; de los desaf\u00edos de la vida cotidiana<\/a><\/h3>\r\n        <\/div>\r\n\r\n        \n\t<\/div> <!-- .\/td-block-span12 -->\n\n\t<div class=\"td-block-span12\">\n\r\n        <div class=\"td_module_mx4 td_module_wrap td-animation-stack\">\r\n            <div class=\"td-module-image\">\r\n                <div class=\"td-module-thumb\"><a href=\"https:\/\/www.cgfmanet.org\/es\/ifma-es\/encuentro-de-junioras-y-neoperpetuas-rmc-casa-generalicia\/\"  rel=\"bookmark\" class=\"td-image-wrap \" title=\"Encuentro de junioras  y neoperpetuas RMC \u2013 Casa Generalicia\" ><img decoding=\"async\" width=\"218\" height=\"150\" class=\"entry-thumb lazyload\" data-src=\"https:\/\/www.cgfmanet.org\/wp-content\/uploads\/2025\/01\/Juniores-RMC_RCG_1-218x150.jpg\"  data-srcset=\"https:\/\/www.cgfmanet.org\/wp-content\/uploads\/2025\/01\/Juniores-RMC_RCG_1-218x150.jpg 218w, https:\/\/www.cgfmanet.org\/wp-content\/uploads\/2025\/01\/Juniores-RMC_RCG_1-100x70.jpg 100w\" data-sizes=\"auto\"  alt=\"\" title=\"Encuentro de junioras  y neoperpetuas RMC \u2013 Casa Generalicia\" src=\"data:image\/svg+xml;base64,PHN2ZyB3aWR0aD0iMSIgaGVpZ2h0PSIxIiB4bWxucz0iaHR0cDovL3d3dy53My5vcmcvMjAwMC9zdmciPjwvc3ZnPg==\" style=\"--smush-placeholder-width: 218px; --smush-placeholder-aspect-ratio: 218\/150;\" data-original-sizes=\"(max-width: 218px) 100vw, 218px\" \/><\/a><\/div>                <a href=\"https:\/\/www.cgfmanet.org\/es\/categoria\/ifma-es\/cultura-vocacional-es\/\" class=\"td-post-category\" >Cultura Vocacional<\/a>            <\/div>\r\n\r\n            <h3 class=\"entry-title td-module-title\"><a href=\"https:\/\/www.cgfmanet.org\/es\/ifma-es\/encuentro-de-junioras-y-neoperpetuas-rmc-casa-generalicia\/\"  rel=\"bookmark\" title=\"Encuentro de junioras  y neoperpetuas RMC \u2013 Casa Generalicia\">Encuentro de junioras  y neoperpetuas RMC \u2013 Casa Generalicia<\/a><\/h3>\r\n        <\/div>\r\n\r\n        \n\t<\/div> <!-- .\/td-block-span12 --><\/div><div class=\"td-cust-row\">\n\n\t<div class=\"td-block-span12\">\n\r\n        <div class=\"td_module_mx4 td_module_wrap td-animation-stack\">\r\n            <div class=\"td-module-image\">\r\n                <div class=\"td-module-thumb\"><a href=\"https:\/\/www.cgfmanet.org\/es\/ifma-es\/cultura-vocacional-es\/encuentro-mundial-de-formadoras-fma\/\"  rel=\"bookmark\" class=\"td-image-wrap \" title=\"Encuentro Mundial de Formadoras FMA\" ><img decoding=\"async\" width=\"218\" height=\"150\" class=\"entry-thumb lazyload\" data-src=\"https:\/\/www.cgfmanet.org\/wp-content\/uploads\/2024\/12\/Incontro-mondiale-Formatrici-218x150.jpg\"  data-srcset=\"https:\/\/www.cgfmanet.org\/wp-content\/uploads\/2024\/12\/Incontro-mondiale-Formatrici-218x150.jpg 218w, https:\/\/www.cgfmanet.org\/wp-content\/uploads\/2024\/12\/Incontro-mondiale-Formatrici-100x70.jpg 100w\" data-sizes=\"auto\"  alt=\"\" title=\"Encuentro Mundial de Formadoras FMA\" src=\"data:image\/svg+xml;base64,PHN2ZyB3aWR0aD0iMSIgaGVpZ2h0PSIxIiB4bWxucz0iaHR0cDovL3d3dy53My5vcmcvMjAwMC9zdmciPjwvc3ZnPg==\" style=\"--smush-placeholder-width: 218px; --smush-placeholder-aspect-ratio: 218\/150;\" data-original-sizes=\"(max-width: 218px) 100vw, 218px\" \/><\/a><\/div>                <a href=\"https:\/\/www.cgfmanet.org\/es\/categoria\/ifma-es\/cultura-vocacional-es\/\" class=\"td-post-category\" >Cultura Vocacional<\/a>            <\/div>\r\n\r\n            <h3 class=\"entry-title td-module-title\"><a href=\"https:\/\/www.cgfmanet.org\/es\/ifma-es\/cultura-vocacional-es\/encuentro-mundial-de-formadoras-fma\/\"  rel=\"bookmark\" title=\"Encuentro Mundial de Formadoras FMA\">Encuentro Mundial de Formadoras FMA<\/a><\/h3>\r\n        <\/div>\r\n\r\n        \n\t<\/div> <!-- .\/td-block-span12 -->\n\n\t<div class=\"td-block-span12\">\n\r\n        <div class=\"td_module_mx4 td_module_wrap td-animation-stack\">\r\n            <div class=\"td-module-image\">\r\n                <div class=\"td-module-thumb\"><a href=\"https:\/\/www.cgfmanet.org\/es\/ifma-es\/reuniones-de-formacion-en-sri-lanka\/\"  rel=\"bookmark\" class=\"td-image-wrap \" title=\"Reuniones de formaci\u00f3n en Sri Lanka\" ><img decoding=\"async\" width=\"218\" height=\"150\" class=\"entry-thumb lazyload\" data-src=\"https:\/\/www.cgfmanet.org\/wp-content\/uploads\/2024\/10\/Formazione-Sri-Lanka-218x150.jpg\"  data-srcset=\"https:\/\/www.cgfmanet.org\/wp-content\/uploads\/2024\/10\/Formazione-Sri-Lanka-218x150.jpg 218w, https:\/\/www.cgfmanet.org\/wp-content\/uploads\/2024\/10\/Formazione-Sri-Lanka-100x70.jpg 100w\" data-sizes=\"auto\"  alt=\"\" title=\"Reuniones de formaci\u00f3n en Sri Lanka\" src=\"data:image\/svg+xml;base64,PHN2ZyB3aWR0aD0iMSIgaGVpZ2h0PSIxIiB4bWxucz0iaHR0cDovL3d3dy53My5vcmcvMjAwMC9zdmciPjwvc3ZnPg==\" style=\"--smush-placeholder-width: 218px; --smush-placeholder-aspect-ratio: 218\/150;\" data-original-sizes=\"(max-width: 218px) 100vw, 218px\" \/><\/a><\/div>                <a href=\"https:\/\/www.cgfmanet.org\/es\/categoria\/ifma-es\/cultura-vocacional-es\/\" class=\"td-post-category\" >Cultura Vocacional<\/a>            <\/div>\r\n\r\n            <h3 class=\"entry-title td-module-title\"><a href=\"https:\/\/www.cgfmanet.org\/es\/ifma-es\/reuniones-de-formacion-en-sri-lanka\/\"  rel=\"bookmark\" title=\"Reuniones de formaci\u00f3n en Sri Lanka\">Reuniones de formaci\u00f3n en Sri Lanka<\/a><\/h3>\r\n        <\/div>\r\n\r\n        \n\t<\/div> <!-- .\/td-block-span12 --><\/div><\/div><\/div> <!-- .\/block --><div class=\"clearfix\"><\/div><\/div><\/div><\/div><\/div><\/div><\/div>","protected":false},"excerpt":{"rendered":"","protected":false},"author":45,"featured_media":0,"parent":0,"menu_order":0,"comment_status":"closed","ping_status":"closed","template":"page-pagebuilder-title.php","meta":{"footnotes":""},"class_list":["post-3282","page","type-page","status-publish","cat_agenda-es","cat_sr-paola-battagliola-es-2","cat_visitadora"],"yoast_head":"<!-- This site is optimized with the Yoast SEO plugin v27.4 - https:\/\/yoast.com\/product\/yoast-seo-wordpress\/ -->\n<title>Consejera para la Formaci\u00f3n &#8226; Istituto Figlie di Maria Ausiliatrice<\/title>\n<meta name=\"robots\" content=\"index, follow, max-snippet:-1, max-image-preview:large, max-video-preview:-1\" \/>\n<link rel=\"canonical\" href=\"https:\/\/www.cgfmanet.org\/es\/consejera-para-la-formacion\/\" \/>\n<meta property=\"og:locale\" content=\"es_ES\" \/>\n<meta property=\"og:type\" content=\"article\" \/>\n<meta property=\"og:title\" content=\"Consejera para la Formaci\u00f3n &#8226; Istituto Figlie di Maria Ausiliatrice\" \/>\n<meta property=\"og:url\" content=\"https:\/\/www.cgfmanet.org\/es\/consejera-para-la-formacion\/\" \/>\n<meta property=\"og:site_name\" content=\"Istituto Figlie di Maria Ausiliatrice\" \/>\n<meta property=\"article:publisher\" content=\"https:\/\/www.facebook.com\/salesian.sisters.of.don.bosco\/\" \/>\n<meta property=\"article:modified_time\" content=\"2026-03-31T20:56:59+00:00\" \/>\n<meta property=\"og:image\" content=\"https:\/\/www.cgfmanet.org\/wp-content\/uploads\/2023\/02\/Consigliera-Formazione_Nilza.jpg\" \/>\n\t<meta property=\"og:image:width\" content=\"886\" \/>\n\t<meta property=\"og:image:height\" content=\"1266\" \/>\n\t<meta property=\"og:image:type\" content=\"image\/jpeg\" \/>\n<meta name=\"twitter:card\" content=\"summary_large_image\" \/>\n<meta name=\"twitter:site\" content=\"@Cgfmanet_Org\" \/>\n<meta name=\"twitter:label1\" content=\"Tiempo de lectura\" \/>\n\t<meta name=\"twitter:data1\" content=\"8 minutos\" \/>\n<script type=\"application\/ld+json\" class=\"yoast-schema-graph\">{\"@context\":\"https:\\\/\\\/schema.org\",\"@graph\":[{\"@type\":\"WebPage\",\"@id\":\"https:\\\/\\\/www.cgfmanet.org\\\/es\\\/consejera-para-la-formacion\\\/\",\"url\":\"https:\\\/\\\/www.cgfmanet.org\\\/es\\\/consejera-para-la-formacion\\\/\",\"name\":\"Consejera para la Formaci\u00f3n &#8226; Istituto Figlie di Maria Ausiliatrice\",\"isPartOf\":{\"@id\":\"https:\\\/\\\/www.cgfmanet.org\\\/es\\\/#website\"},\"primaryImageOfPage\":{\"@id\":\"https:\\\/\\\/www.cgfmanet.org\\\/es\\\/consejera-para-la-formacion\\\/#primaryimage\"},\"image\":{\"@id\":\"https:\\\/\\\/www.cgfmanet.org\\\/es\\\/consejera-para-la-formacion\\\/#primaryimage\"},\"thumbnailUrl\":\"https:\\\/\\\/www.cgfmanet.org\\\/wp-content\\\/uploads\\\/2023\\\/02\\\/Consigliera-Formazione_Nilza.jpg\",\"datePublished\":\"2019-03-12T15:06:24+00:00\",\"dateModified\":\"2026-03-31T20:56:59+00:00\",\"breadcrumb\":{\"@id\":\"https:\\\/\\\/www.cgfmanet.org\\\/es\\\/consejera-para-la-formacion\\\/#breadcrumb\"},\"inLanguage\":\"es\",\"potentialAction\":[{\"@type\":\"ReadAction\",\"target\":[\"https:\\\/\\\/www.cgfmanet.org\\\/es\\\/consejera-para-la-formacion\\\/\"]}]},{\"@type\":\"ImageObject\",\"inLanguage\":\"es\",\"@id\":\"https:\\\/\\\/www.cgfmanet.org\\\/es\\\/consejera-para-la-formacion\\\/#primaryimage\",\"url\":\"https:\\\/\\\/www.cgfmanet.org\\\/wp-content\\\/uploads\\\/2023\\\/02\\\/Consigliera-Formazione_Nilza.jpg\",\"contentUrl\":\"https:\\\/\\\/www.cgfmanet.org\\\/wp-content\\\/uploads\\\/2023\\\/02\\\/Consigliera-Formazione_Nilza.jpg\"},{\"@type\":\"BreadcrumbList\",\"@id\":\"https:\\\/\\\/www.cgfmanet.org\\\/es\\\/consejera-para-la-formacion\\\/#breadcrumb\",\"itemListElement\":[{\"@type\":\"ListItem\",\"position\":1,\"name\":\"Home\",\"item\":\"https:\\\/\\\/www.cgfmanet.org\\\/es\\\/\"},{\"@type\":\"ListItem\",\"position\":2,\"name\":\"Consejera para la Formaci\u00f3n\"}]},{\"@type\":\"WebSite\",\"@id\":\"https:\\\/\\\/www.cgfmanet.org\\\/es\\\/#website\",\"url\":\"https:\\\/\\\/www.cgfmanet.org\\\/es\\\/\",\"name\":\"Istituto Figlie di Maria Ausiliatrice\",\"description\":\"Salesiane di Don Bosco\",\"publisher\":{\"@id\":\"https:\\\/\\\/www.cgfmanet.org\\\/es\\\/#organization\"},\"potentialAction\":[{\"@type\":\"SearchAction\",\"target\":{\"@type\":\"EntryPoint\",\"urlTemplate\":\"https:\\\/\\\/www.cgfmanet.org\\\/es\\\/?s={search_term_string}\"},\"query-input\":{\"@type\":\"PropertyValueSpecification\",\"valueRequired\":true,\"valueName\":\"search_term_string\"}}],\"inLanguage\":\"es\"},{\"@type\":\"Organization\",\"@id\":\"https:\\\/\\\/www.cgfmanet.org\\\/es\\\/#organization\",\"name\":\"Istituto Figlie di Maria Ausiliatrice\",\"url\":\"https:\\\/\\\/www.cgfmanet.org\\\/es\\\/\",\"logo\":{\"@type\":\"ImageObject\",\"inLanguage\":\"es\",\"@id\":\"https:\\\/\\\/www.cgfmanet.org\\\/es\\\/#\\\/schema\\\/logo\\\/image\\\/\",\"url\":\"https:\\\/\\\/www.cgfmanet.org\\\/wp-content\\\/uploads\\\/2018\\\/10\\\/logo-fma.png\",\"contentUrl\":\"https:\\\/\\\/www.cgfmanet.org\\\/wp-content\\\/uploads\\\/2018\\\/10\\\/logo-fma.png\",\"width\":214,\"height\":55,\"caption\":\"Istituto Figlie di Maria Ausiliatrice\"},\"image\":{\"@id\":\"https:\\\/\\\/www.cgfmanet.org\\\/es\\\/#\\\/schema\\\/logo\\\/image\\\/\"},\"sameAs\":[\"https:\\\/\\\/www.facebook.com\\\/salesian.sisters.of.don.bosco\\\/\",\"https:\\\/\\\/x.com\\\/Cgfmanet_Org\",\"https:\\\/\\\/www.youtube.com\\\/channel\\\/UCmcr8yFQBV7JXeXVxyV9y5Q\"]},{\"@type\":\"Event\",\"name\":\"Suor Ena Bola\u00f1os e le collaboratrici dell\u2019Ambito incontrano le Econome ispettoriali del mondo per la formazione online.\",\"description\":\"\",\"url\":\"https:\\\/\\\/www.cgfmanet.org\\\/es\\\/event\\\/suor-ena-bolanos-e-le-collaboratrici-dellambito-incontrano-le-econome-ispettoriali-del-mondo-per-la-formazione-online-11\\\/\",\"eventAttendanceMode\":\"https:\\\/\\\/schema.org\\\/OfflineEventAttendanceMode\",\"eventStatus\":\"https:\\\/\\\/schema.org\\\/EventScheduled\",\"startDate\":\"2026-04-27T00:00:00+02:00\",\"endDate\":\"2026-04-28T23:59:59+02:00\",\"@id\":\"https:\\\/\\\/www.cgfmanet.org\\\/es\\\/event\\\/suor-ena-bolanos-e-le-collaboratrici-dellambito-incontrano-le-econome-ispettoriali-del-mondo-per-la-formazione-online-11\\\/#event\"},{\"@type\":\"Event\",\"name\":\"Suor Paola Battagliola riprende la 2a parte della Visita canonica all&#8217;Ispettoria Lombarda \u00abSacra Famiglia\u00bb (ILO).\",\"description\":\"\",\"url\":\"https:\\\/\\\/www.cgfmanet.org\\\/es\\\/event\\\/suor-paola-battagliola-riprende-la-2a-parte-della-visita-canonica-allispettoria-lombarda-sacra-famiglia-ilo\\\/\",\"eventAttendanceMode\":\"https:\\\/\\\/schema.org\\\/OfflineEventAttendanceMode\",\"eventStatus\":\"https:\\\/\\\/schema.org\\\/EventScheduled\",\"startDate\":\"2026-05-01T00:00:00+02:00\",\"endDate\":\"2026-05-01T23:59:59+02:00\",\"@id\":\"https:\\\/\\\/www.cgfmanet.org\\\/es\\\/event\\\/suor-paola-battagliola-riprende-la-2a-parte-della-visita-canonica-allispettoria-lombarda-sacra-famiglia-ilo\\\/#event\"},{\"@type\":\"Event\",\"name\":\"Suor Maria Luisa Nicastro, con le collaboratrici della Segreteria generale, guida la visita all&#8217;Archivio Generale dell&#8217;Istituto e alla Mostra del Carisma delle Studentesse del Corso di Spiritualit\u00e0 di Casa Canta.\",\"description\":\"\",\"url\":\"https:\\\/\\\/www.cgfmanet.org\\\/es\\\/event\\\/suor-maria-luisa-nicastro-con-le-collaboratrici-della-segreteria-generale-guida-la-visita-allarchivio-generale-dellistituto-e-alla-mostra-del-carisma-delle-studentesse-del-corso-di-spiritualita\\\/\",\"eventAttendanceMode\":\"https:\\\/\\\/schema.org\\\/OfflineEventAttendanceMode\",\"eventStatus\":\"https:\\\/\\\/schema.org\\\/EventScheduled\",\"startDate\":\"2026-05-02T00:00:00+02:00\",\"endDate\":\"2026-05-02T23:59:59+02:00\",\"@id\":\"https:\\\/\\\/www.cgfmanet.org\\\/es\\\/event\\\/suor-maria-luisa-nicastro-con-le-collaboratrici-della-segreteria-generale-guida-la-visita-allarchivio-generale-dellistituto-e-alla-mostra-del-carisma-delle-studentesse-del-corso-di-spiritualita\\\/#event\"},{\"@type\":\"Event\",\"name\":\"Suor Leslie S\u00e1ndigo e le collaboratrici dell\u2019Ambito incontrano online le Delegate e animatrici delle Associazioni: Exallieve\\\/i delle FMA, Salesiani Cooperatori e ADMA.\",\"description\":\"\",\"url\":\"https:\\\/\\\/www.cgfmanet.org\\\/es\\\/event\\\/suor-leslie-sandigo-e-le-collaboratrici-dellambito-incontrano-online-le-delegate-e-animatrici-delle-associazioni-exallieve-i-delle-fma-salesiani-cooperatori-e-adma\\\/\",\"eventAttendanceMode\":\"https:\\\/\\\/schema.org\\\/OfflineEventAttendanceMode\",\"eventStatus\":\"https:\\\/\\\/schema.org\\\/EventScheduled\",\"startDate\":\"2026-05-03T00:00:00+02:00\",\"endDate\":\"2026-05-03T23:59:59+02:00\",\"@id\":\"https:\\\/\\\/www.cgfmanet.org\\\/es\\\/event\\\/suor-leslie-sandigo-e-le-collaboratrici-dellambito-incontrano-online-le-delegate-e-animatrici-delle-associazioni-exallieve-i-delle-fma-salesiani-cooperatori-e-adma\\\/#event\"},{\"@type\":\"Event\",\"name\":\"Suor Mar\u00eda del Rosario Garc\u00eda Ribas termina la Visita canonica all\u2019Ispettoria \u201cSan Giuseppe\u00bb (ANT) delle Antille.\",\"description\":\"\",\"url\":\"https:\\\/\\\/www.cgfmanet.org\\\/es\\\/event\\\/suor-maria-del-rosario-garcia-ribas-termina-la-visita-canonica-allispettoria-san-giuseppe-ant-delle-antille\\\/\",\"eventAttendanceMode\":\"https:\\\/\\\/schema.org\\\/OfflineEventAttendanceMode\",\"eventStatus\":\"https:\\\/\\\/schema.org\\\/EventScheduled\",\"startDate\":\"2026-05-04T00:00:00+02:00\",\"endDate\":\"2026-05-04T23:59:59+02:00\",\"@id\":\"https:\\\/\\\/www.cgfmanet.org\\\/es\\\/event\\\/suor-maria-del-rosario-garcia-ribas-termina-la-visita-canonica-allispettoria-san-giuseppe-ant-delle-antille\\\/#event\"},{\"@type\":\"Event\",\"name\":\"Inizio del Corso di Formazione Permanente Missionaria a Roma, Casa Generalizia.\",\"description\":\"\",\"url\":\"https:\\\/\\\/www.cgfmanet.org\\\/es\\\/event\\\/inizio-del-corso-di-formazione-permanente-missionaria-a-roma-casa-generalizia-2\\\/\",\"eventAttendanceMode\":\"https:\\\/\\\/schema.org\\\/OfflineEventAttendanceMode\",\"eventStatus\":\"https:\\\/\\\/schema.org\\\/EventScheduled\",\"startDate\":\"2026-05-04T00:00:00+02:00\",\"endDate\":\"2026-05-04T23:59:59+02:00\",\"@id\":\"https:\\\/\\\/www.cgfmanet.org\\\/es\\\/event\\\/inizio-del-corso-di-formazione-permanente-missionaria-a-roma-casa-generalizia-2\\\/#event\"},{\"@type\":\"Event\",\"name\":\"Suor Leslie S\u00e1ndigo termina la 2a parte della visita canonica all\u2019Ispettoria \u201cLaura Vicu\u00f1a\u201d (ARG) dell\u2019Argentina.\",\"description\":\"\",\"url\":\"https:\\\/\\\/www.cgfmanet.org\\\/es\\\/event\\\/suor-leslie-sandigo-termina-la-2a-parte-della-visita-canonica-allispettoria-laura-vicuna-arg-dellargentina\\\/\",\"eventAttendanceMode\":\"https:\\\/\\\/schema.org\\\/OfflineEventAttendanceMode\",\"eventStatus\":\"https:\\\/\\\/schema.org\\\/EventScheduled\",\"startDate\":\"2026-05-04T00:00:00+02:00\",\"endDate\":\"2026-05-04T23:59:59+02:00\",\"@id\":\"https:\\\/\\\/www.cgfmanet.org\\\/es\\\/event\\\/suor-leslie-sandigo-termina-la-2a-parte-della-visita-canonica-allispettoria-laura-vicuna-arg-dellargentina\\\/#event\"},{\"@type\":\"Event\",\"name\":\"La Madre d\u00e0 la Buonanotte al gruppo del \u201cProgetto Mornese\u201d di lingua inglese. A Roma presso la Casa FMA \u201cSacro Cuore\u201d (IRO).\",\"description\":\"\",\"url\":\"https:\\\/\\\/www.cgfmanet.org\\\/es\\\/event\\\/la-madre-da-la-buonanotte-al-gruppo-del-progetto-mornese-di-lingua-inglese-a-roma-presso-la-casa-fma-sacro-cuore-iro\\\/\",\"eventAttendanceMode\":\"https:\\\/\\\/schema.org\\\/OfflineEventAttendanceMode\",\"eventStatus\":\"https:\\\/\\\/schema.org\\\/EventScheduled\",\"startDate\":\"2026-05-04T00:00:00+02:00\",\"endDate\":\"2026-05-04T23:59:59+02:00\",\"@id\":\"https:\\\/\\\/www.cgfmanet.org\\\/es\\\/event\\\/la-madre-da-la-buonanotte-al-gruppo-del-progetto-mornese-di-lingua-inglese-a-roma-presso-la-casa-fma-sacro-cuore-iro\\\/#event\"},{\"@type\":\"Event\",\"name\":\"La Madre incontra il Consiglio Accademico della Pontificia Facolt\u00e0 di Scienze dell\u2019Educazione \u201cAuxilium\u201d anche con la presenza della Superiora di Visitatoria (RMC), suor Jessica Salva\u00f1a Togonon. A Roma in Casa generalizia.\",\"description\":\"\",\"url\":\"https:\\\/\\\/www.cgfmanet.org\\\/es\\\/event\\\/la-madre-incontra-il-consiglio-accademico-della-pontificia-facolta-di-scienze-delleducazione-auxilium-anche-con-la-presenza-della-superiora-di-visitatoria-rmc-suor-jessic\\\/\",\"eventAttendanceMode\":\"https:\\\/\\\/schema.org\\\/OfflineEventAttendanceMode\",\"eventStatus\":\"https:\\\/\\\/schema.org\\\/EventScheduled\",\"startDate\":\"2026-05-05T00:00:00+02:00\",\"endDate\":\"2026-05-05T23:59:59+02:00\",\"@id\":\"https:\\\/\\\/www.cgfmanet.org\\\/es\\\/event\\\/la-madre-incontra-il-consiglio-accademico-della-pontificia-facolta-di-scienze-delleducazione-auxilium-anche-con-la-presenza-della-superiora-di-visitatoria-rmc-suor-jessic\\\/#event\"},{\"@type\":\"Event\",\"name\":\"La Madre incontra le FMA partecipanti al Corso di Formazione Permanente Missionaria. A Roma, Casa generalizia.\",\"description\":\"\",\"url\":\"https:\\\/\\\/www.cgfmanet.org\\\/es\\\/event\\\/la-madre-incontra-le-fma-partecipanti-al-corso-di-formazione-permanente-missionaria-a-roma-casa-generalizia\\\/\",\"eventAttendanceMode\":\"https:\\\/\\\/schema.org\\\/OfflineEventAttendanceMode\",\"eventStatus\":\"https:\\\/\\\/schema.org\\\/EventScheduled\",\"startDate\":\"2026-05-06T00:00:00+02:00\",\"endDate\":\"2026-05-06T23:59:59+02:00\",\"@id\":\"https:\\\/\\\/www.cgfmanet.org\\\/es\\\/event\\\/la-madre-incontra-le-fma-partecipanti-al-corso-di-formazione-permanente-missionaria-a-roma-casa-generalizia\\\/#event\"},{\"@type\":\"Event\",\"name\":\"Suor Leslie S\u00e1ndigo partecipa al Congresso Mondiale dei Salesiani Cooperatori a Roma, Fraterna Domus.\",\"description\":\"\",\"url\":\"https:\\\/\\\/www.cgfmanet.org\\\/es\\\/event\\\/suor-leslie-sandigo-partecipa-al-congresso-mondiale-dei-salesiani-cooperatori-a-roma-fraterna-domus\\\/\",\"eventAttendanceMode\":\"https:\\\/\\\/schema.org\\\/OfflineEventAttendanceMode\",\"eventStatus\":\"https:\\\/\\\/schema.org\\\/EventScheduled\",\"startDate\":\"2026-05-07T00:00:00+02:00\",\"endDate\":\"2026-05-10T23:59:59+02:00\",\"@id\":\"https:\\\/\\\/www.cgfmanet.org\\\/es\\\/event\\\/suor-leslie-sandigo-partecipa-al-congresso-mondiale-dei-salesiani-cooperatori-a-roma-fraterna-domus\\\/#event\"},{\"@type\":\"Event\",\"name\":\"La Madre partecipa e interviene al VI Congresso Mondiale dei Salesiani Cooperatori a Roma, presso la Fraterna Domus. Tema: \u201cEssere lievito per essere fecondi\u201d.\",\"description\":\"\",\"url\":\"https:\\\/\\\/www.cgfmanet.org\\\/es\\\/event\\\/la-madre-partecipa-e-interviene-al-vi-congresso-mondiale-dei-salesiani-cooperatori-a-roma-presso-la-fraterna-domus-tema-essere-lievito-per-essere-fecondi\\\/\",\"eventAttendanceMode\":\"https:\\\/\\\/schema.org\\\/OfflineEventAttendanceMode\",\"eventStatus\":\"https:\\\/\\\/schema.org\\\/EventScheduled\",\"startDate\":\"2026-05-07T00:00:00+02:00\",\"endDate\":\"2026-05-10T23:59:59+02:00\",\"@id\":\"https:\\\/\\\/www.cgfmanet.org\\\/es\\\/event\\\/la-madre-partecipa-e-interviene-al-vi-congresso-mondiale-dei-salesiani-cooperatori-a-roma-presso-la-fraterna-domus-tema-essere-lievito-per-essere-fecondi\\\/#event\"},{\"@type\":\"Event\",\"name\":\"La Madre partecipa alle Celebrazione del Centenario della presenza delle FMA dell\u2019Ispettoria \u201cNostra Signora d\u2019Africa\u201d (AFC). A Lubumbashi, Repubblica Democratica del Congo.\",\"description\":\"\",\"url\":\"https:\\\/\\\/www.cgfmanet.org\\\/es\\\/event\\\/la-madre-partecipa-alle-celebrazione-del-centenario-della-presenza-delle-fma-dellispettoria-nostra-signora-dafrica-afc-a-lubumbashi-repubblica-democratica-del-c\\\/\",\"eventAttendanceMode\":\"https:\\\/\\\/schema.org\\\/OfflineEventAttendanceMode\",\"eventStatus\":\"https:\\\/\\\/schema.org\\\/EventScheduled\",\"startDate\":\"2026-05-08T00:00:00+02:00\",\"endDate\":\"2026-05-19T23:59:59+02:00\",\"@id\":\"https:\\\/\\\/www.cgfmanet.org\\\/es\\\/event\\\/la-madre-partecipa-alle-celebrazione-del-centenario-della-presenza-delle-fma-dellispettoria-nostra-signora-dafrica-afc-a-lubumbashi-repubblica-democratica-del-c\\\/#event\"},{\"@type\":\"Event\",\"name\":\"Suor Runita Borja, con le collaboratrici dell\u2019Ambito PG, incontra le FMA partecipanti del Corso di Formazione Permanente Missionaria. A Roma, Casa generalizia.\",\"description\":\"\",\"url\":\"https:\\\/\\\/www.cgfmanet.org\\\/es\\\/event\\\/suor-runita-borja-con-le-collaboratrici-dellambito-pg-incontra-le-fma-partecipanti-del-corso-di-formazione-permanente-missionaria-a-roma-casa-generalizia\\\/\",\"eventAttendanceMode\":\"https:\\\/\\\/schema.org\\\/OfflineEventAttendanceMode\",\"eventStatus\":\"https:\\\/\\\/schema.org\\\/EventScheduled\",\"startDate\":\"2026-05-08T00:00:00+02:00\",\"endDate\":\"2026-05-08T23:59:59+02:00\",\"@id\":\"https:\\\/\\\/www.cgfmanet.org\\\/es\\\/event\\\/suor-runita-borja-con-le-collaboratrici-dellambito-pg-incontra-le-fma-partecipanti-del-corso-di-formazione-permanente-missionaria-a-roma-casa-generalizia\\\/#event\"},{\"@type\":\"Event\",\"name\":\"Suor Nilza F\u00e1tima de Moraes coordina il raduno online con le sorelle del gruppo di stesura del Progetto formativo.\",\"description\":\"\",\"url\":\"https:\\\/\\\/www.cgfmanet.org\\\/es\\\/event\\\/suor-nilza-fatima-de-moraes-coordina-il-raduno-online-con-le-sorelle-del-gruppo-di-stesura-del-progetto-formativo\\\/\",\"eventAttendanceMode\":\"https:\\\/\\\/schema.org\\\/OfflineEventAttendanceMode\",\"eventStatus\":\"https:\\\/\\\/schema.org\\\/EventScheduled\",\"startDate\":\"2026-05-09T00:00:00+02:00\",\"endDate\":\"2026-05-09T23:59:59+02:00\",\"@id\":\"https:\\\/\\\/www.cgfmanet.org\\\/es\\\/event\\\/suor-nilza-fatima-de-moraes-coordina-il-raduno-online-con-le-sorelle-del-gruppo-di-stesura-del-progetto-formativo\\\/#event\"},{\"@type\":\"Event\",\"name\":\"Esercizi Spirituali per le partecipanti al Corso di Formazione Permanente Missionaria e le neo missionarie, a Mornese.\",\"description\":\"\",\"url\":\"https:\\\/\\\/www.cgfmanet.org\\\/es\\\/event\\\/esercizi-spirituali-per-le-partecipanti-al-corso-di-formazione-permanente-missionaria-e-le-neo-missionarie-a-mornese-2\\\/\",\"eventAttendanceMode\":\"https:\\\/\\\/schema.org\\\/OfflineEventAttendanceMode\",\"eventStatus\":\"https:\\\/\\\/schema.org\\\/EventScheduled\",\"startDate\":\"2026-05-11T00:00:00+02:00\",\"endDate\":\"2026-05-18T23:59:59+02:00\",\"@id\":\"https:\\\/\\\/www.cgfmanet.org\\\/es\\\/event\\\/esercizi-spirituali-per-le-partecipanti-al-corso-di-formazione-permanente-missionaria-e-le-neo-missionarie-a-mornese-2\\\/#event\"},{\"@type\":\"Event\",\"name\":\"Suor Maria Assunta Sumiko Inoue termina la Visita canonica all&#8217;Ispettoria \u201cSanta Maria Domenica Mazzarello\u201d (TIN) di Timor-Indonesia.\",\"description\":\"\",\"url\":\"https:\\\/\\\/www.cgfmanet.org\\\/es\\\/event\\\/suor-maria-assunta-sumiko-inoue-termina-la-visita-canonica-allispettoria-santa-maria-domenica-mazzarello-tin-di-timor-indonesia\\\/\",\"eventAttendanceMode\":\"https:\\\/\\\/schema.org\\\/OfflineEventAttendanceMode\",\"eventStatus\":\"https:\\\/\\\/schema.org\\\/EventScheduled\",\"startDate\":\"2026-05-14T00:00:00+02:00\",\"endDate\":\"2026-05-14T23:59:59+02:00\",\"@id\":\"https:\\\/\\\/www.cgfmanet.org\\\/es\\\/event\\\/suor-maria-assunta-sumiko-inoue-termina-la-visita-canonica-allispettoria-santa-maria-domenica-mazzarello-tin-di-timor-indonesia\\\/#event\"},{\"@type\":\"Event\",\"name\":\"Suor Maria Assunta Sumiko Inoue fa una Visita breve all&#8217;Ispettoria \u201cSanta Maria Mazzarello\u201d (THA).\",\"description\":\"\",\"url\":\"https:\\\/\\\/www.cgfmanet.org\\\/es\\\/event\\\/suor-maria-assunta-sumiko-inoue-fa-una-visita-breve-allispettoria-santa-maria-mazzarello-tha\\\/\",\"eventAttendanceMode\":\"https:\\\/\\\/schema.org\\\/OfflineEventAttendanceMode\",\"eventStatus\":\"https:\\\/\\\/schema.org\\\/EventScheduled\",\"startDate\":\"2026-05-14T00:00:00+02:00\",\"endDate\":\"2026-05-26T23:59:59+02:00\",\"@id\":\"https:\\\/\\\/www.cgfmanet.org\\\/es\\\/event\\\/suor-maria-assunta-sumiko-inoue-fa-una-visita-breve-allispettoria-santa-maria-mazzarello-tha\\\/#event\"},{\"@type\":\"Event\",\"name\":\"Suor Runita Borja partecipa al Congresso degli Educatori della Conferenza interispettoriale CIAO sul tema \u201cIl Patto Educativo Globale nello stile salesiano\u201d. A Tokyo, in Giappone.\",\"description\":\"\",\"url\":\"https:\\\/\\\/www.cgfmanet.org\\\/es\\\/event\\\/suor-runita-borja-partecipa-al-congresso-degli-educatori-della-conferenza-interispettoriale-ciao-sul-tema-il-patto-educativo-globale-nello-stile-salesiano-a-tokyo-in-giappone\\\/\",\"eventAttendanceMode\":\"https:\\\/\\\/schema.org\\\/OfflineEventAttendanceMode\",\"eventStatus\":\"https:\\\/\\\/schema.org\\\/EventScheduled\",\"startDate\":\"2026-05-14T00:00:00+02:00\",\"endDate\":\"2026-05-19T23:59:59+02:00\",\"@id\":\"https:\\\/\\\/www.cgfmanet.org\\\/es\\\/event\\\/suor-runita-borja-partecipa-al-congresso-degli-educatori-della-conferenza-interispettoriale-ciao-sul-tema-il-patto-educativo-globale-nello-stile-salesiano-a-tokyo-in-giappone\\\/#event\"},{\"@type\":\"Event\",\"name\":\"Suor Leslie S\u00e1ndigo insieme alle collaboratrici dell\u2019Ambito presenta la Famiglia Salesiana alle studentesse del Corso di Spiritualit\u00e0 di Casa Madre Canta.\",\"description\":\"\",\"url\":\"https:\\\/\\\/www.cgfmanet.org\\\/es\\\/event\\\/suor-leslie-sandigo-insieme-alle-collaboratrici-dellambito-presenta-la-famiglia-salesiana-alle-studentesse-del-corso-di-spiritualita-di-casa-madre-canta\\\/\",\"eventAttendanceMode\":\"https:\\\/\\\/schema.org\\\/OfflineEventAttendanceMode\",\"eventStatus\":\"https:\\\/\\\/schema.org\\\/EventScheduled\",\"startDate\":\"2026-05-15T00:00:00+02:00\",\"endDate\":\"2026-05-15T23:59:59+02:00\",\"@id\":\"https:\\\/\\\/www.cgfmanet.org\\\/es\\\/event\\\/suor-leslie-sandigo-insieme-alle-collaboratrici-dellambito-presenta-la-famiglia-salesiana-alle-studentesse-del-corso-di-spiritualita-di-casa-madre-canta\\\/#event\"},{\"@type\":\"Event\",\"name\":\"Suor Celine Jacob termina la Visita Canonica all&#8217;Ispettoria \u00abMaria Immacolata\u00bb (SUO) degli Stati Uniti.\",\"description\":\"\",\"url\":\"https:\\\/\\\/www.cgfmanet.org\\\/es\\\/event\\\/suor-celine-jacob-termina-la-visita-canonica-allispettoria-maria-immacolata-suo-degli-stati-uniti\\\/\",\"eventAttendanceMode\":\"https:\\\/\\\/schema.org\\\/OfflineEventAttendanceMode\",\"eventStatus\":\"https:\\\/\\\/schema.org\\\/EventScheduled\",\"startDate\":\"2026-05-18T00:00:00+02:00\",\"endDate\":\"2026-05-18T23:59:59+02:00\",\"@id\":\"https:\\\/\\\/www.cgfmanet.org\\\/es\\\/event\\\/suor-celine-jacob-termina-la-visita-canonica-allispettoria-maria-immacolata-suo-degli-stati-uniti\\\/#event\"},{\"@type\":\"Event\",\"name\":\"Suor Lidia Strzelczyk termina la 2a parte della Visita canonica all&#8217;Ispettoria Meridionale \u00abMadonna del Buon Consiglio\u00bb (IMR).\",\"description\":\"\",\"url\":\"https:\\\/\\\/www.cgfmanet.org\\\/es\\\/event\\\/suor-lidia-strzelczyk-termina-la-2a-parte-della-visita-canonica-allispettoria-meridionale-madonna-del-buon-consiglio-imr\\\/\",\"eventAttendanceMode\":\"https:\\\/\\\/schema.org\\\/OfflineEventAttendanceMode\",\"eventStatus\":\"https:\\\/\\\/schema.org\\\/EventScheduled\",\"startDate\":\"2026-05-19T00:00:00+02:00\",\"endDate\":\"2026-05-19T23:59:59+02:00\",\"@id\":\"https:\\\/\\\/www.cgfmanet.org\\\/es\\\/event\\\/suor-lidia-strzelczyk-termina-la-2a-parte-della-visita-canonica-allispettoria-meridionale-madonna-del-buon-consiglio-imr\\\/#event\"},{\"@type\":\"Event\",\"name\":\"Suor Leslie S\u00e1ndigo e le Collaboratrici dell\u2019Ambito partecipano alla Consulta della Famiglia Salesiana a Valdocco, Torino.\",\"description\":\"\",\"url\":\"https:\\\/\\\/www.cgfmanet.org\\\/es\\\/event\\\/suor-leslie-sandigo-e-le-collaboratrici-dellambito-partecipano-alla-consulta-della-famiglia-salesiana-a-valdocco-torino-2\\\/\",\"eventAttendanceMode\":\"https:\\\/\\\/schema.org\\\/OfflineEventAttendanceMode\",\"eventStatus\":\"https:\\\/\\\/schema.org\\\/EventScheduled\",\"startDate\":\"2026-05-21T00:00:00+02:00\",\"endDate\":\"2026-05-23T23:59:59+02:00\",\"@id\":\"https:\\\/\\\/www.cgfmanet.org\\\/es\\\/event\\\/suor-leslie-sandigo-e-le-collaboratrici-dellambito-partecipano-alla-consulta-della-famiglia-salesiana-a-valdocco-torino-2\\\/#event\"},{\"@type\":\"Event\",\"name\":\"Suor Marta Riccioli termina la Visita canonica all\u2019Ispettoria \u00abNostra Signora di Chiquinquir\u00e1\u00bb (CBC).\",\"description\":\"\",\"url\":\"https:\\\/\\\/www.cgfmanet.org\\\/es\\\/event\\\/suor-marta-riccioli-termina-la-visita-canonica-allispettoria-nostra-signora-di-chiquinquira-cbc\\\/\",\"eventAttendanceMode\":\"https:\\\/\\\/schema.org\\\/OfflineEventAttendanceMode\",\"eventStatus\":\"https:\\\/\\\/schema.org\\\/EventScheduled\",\"startDate\":\"2026-05-22T00:00:00+02:00\",\"endDate\":\"2026-05-22T23:59:59+02:00\",\"@id\":\"https:\\\/\\\/www.cgfmanet.org\\\/es\\\/event\\\/suor-marta-riccioli-termina-la-visita-canonica-allispettoria-nostra-signora-di-chiquinquira-cbc\\\/#event\"},{\"@type\":\"Event\",\"name\":\"La Madre partecipa alla Consulta della Famiglia Salesiana sul tema della Strenna 2026. A Torino, Valdocco.\",\"description\":\"\",\"url\":\"https:\\\/\\\/www.cgfmanet.org\\\/es\\\/event\\\/la-madre-partecipa-alla-consulta-della-famiglia-salesiana-sul-tema-della-strenna-2026-a-torino-valdocco\\\/\",\"eventAttendanceMode\":\"https:\\\/\\\/schema.org\\\/OfflineEventAttendanceMode\",\"eventStatus\":\"https:\\\/\\\/schema.org\\\/EventScheduled\",\"startDate\":\"2026-05-22T00:00:00+02:00\",\"endDate\":\"2026-05-23T23:59:59+02:00\",\"@id\":\"https:\\\/\\\/www.cgfmanet.org\\\/es\\\/event\\\/la-madre-partecipa-alla-consulta-della-famiglia-salesiana-sul-tema-della-strenna-2026-a-torino-valdocco\\\/#event\"},{\"@type\":\"Event\",\"name\":\"La Madre partecipa alla Celebrazione della solennit\u00e0 di Maria Ausiliatrice a Torino, Valdocco.\",\"description\":\"\",\"url\":\"https:\\\/\\\/www.cgfmanet.org\\\/es\\\/event\\\/la-madre-partecipa-alla-celebrazione-della-solennita-di-maria-ausiliatrice-a-torino-valdocco\\\/\",\"eventAttendanceMode\":\"https:\\\/\\\/schema.org\\\/OfflineEventAttendanceMode\",\"eventStatus\":\"https:\\\/\\\/schema.org\\\/EventScheduled\",\"startDate\":\"2026-05-24T00:00:00+02:00\",\"endDate\":\"2026-05-24T23:59:59+02:00\",\"@id\":\"https:\\\/\\\/www.cgfmanet.org\\\/es\\\/event\\\/la-madre-partecipa-alla-celebrazione-della-solennita-di-maria-ausiliatrice-a-torino-valdocco\\\/#event\"},{\"@type\":\"Event\",\"name\":\"Suor Ruth del Pilar Mora termina la Visita Canonica all\u2019Ispettoria San Giuseppe (SEC) di Stati Uniti e Canada.\",\"description\":\"\",\"url\":\"https:\\\/\\\/www.cgfmanet.org\\\/es\\\/event\\\/suor-ruth-del-pilar-mora-termina-la-visita-canonica-allispettoria-san-giuseppe-sec-di-stati-uniti-e-canada\\\/\",\"eventAttendanceMode\":\"https:\\\/\\\/schema.org\\\/OfflineEventAttendanceMode\",\"eventStatus\":\"https:\\\/\\\/schema.org\\\/EventScheduled\",\"startDate\":\"2026-05-26T00:00:00+02:00\",\"endDate\":\"2026-05-26T23:59:59+02:00\",\"@id\":\"https:\\\/\\\/www.cgfmanet.org\\\/es\\\/event\\\/suor-ruth-del-pilar-mora-termina-la-visita-canonica-allispettoria-san-giuseppe-sec-di-stati-uniti-e-canada\\\/#event\"},{\"@type\":\"Event\",\"name\":\"Suor Runita Borja d\u00e0 il saluto iniziale e partecipa all\u2019incontro online delle Coordinatrici ispettoriali di PG della Conferenza NAC.\",\"description\":\"\",\"url\":\"https:\\\/\\\/www.cgfmanet.org\\\/es\\\/event\\\/suor-runita-borja-da-il-saluto-iniziale-e-partecipa-allincontro-online-delle-coordinatrici-ispettoriali-di-pg-della-conferenza-nac\\\/\",\"eventAttendanceMode\":\"https:\\\/\\\/schema.org\\\/OfflineEventAttendanceMode\",\"eventStatus\":\"https:\\\/\\\/schema.org\\\/EventScheduled\",\"startDate\":\"2026-05-26T00:00:00+02:00\",\"endDate\":\"2026-05-26T23:59:59+02:00\",\"@id\":\"https:\\\/\\\/www.cgfmanet.org\\\/es\\\/event\\\/suor-runita-borja-da-il-saluto-iniziale-e-partecipa-allincontro-online-delle-coordinatrici-ispettoriali-di-pg-della-conferenza-nac\\\/#event\"},{\"@type\":\"Event\",\"name\":\"Suor Ruth del Pilar Mora incontra le missionarie ad gentes che terminano il Corso di Formazione Permanente Missionaria a Roma, in Casa Generalizia.\",\"description\":\"\",\"url\":\"https:\\\/\\\/www.cgfmanet.org\\\/es\\\/event\\\/suor-ruth-del-pilar-mora-incontra-le-missionarie-ad-gentes-che-terminano-il-corso-di-formazione-permanente-missionaria-a-roma-in-casa-generalizia\\\/\",\"eventAttendanceMode\":\"https:\\\/\\\/schema.org\\\/OfflineEventAttendanceMode\",\"eventStatus\":\"https:\\\/\\\/schema.org\\\/EventScheduled\",\"startDate\":\"2026-05-27T00:00:00+02:00\",\"endDate\":\"2026-05-28T23:59:59+02:00\",\"@id\":\"https:\\\/\\\/www.cgfmanet.org\\\/es\\\/event\\\/suor-ruth-del-pilar-mora-incontra-le-missionarie-ad-gentes-che-terminano-il-corso-di-formazione-permanente-missionaria-a-roma-in-casa-generalizia\\\/#event\"},{\"@type\":\"Event\",\"name\":\"A Roma in Casa generalizia la Madre incontra le FMA partecipanti a conclusione del Corso di Formazione Permanente Missionaria.\",\"description\":\"\",\"url\":\"https:\\\/\\\/www.cgfmanet.org\\\/es\\\/event\\\/a-roma-in-casa-generalizia-la-madre-incontra-le-fma-partecipanti-a-conclusione-del-corso-di-formazione-permanente-missionaria\\\/\",\"eventAttendanceMode\":\"https:\\\/\\\/schema.org\\\/OfflineEventAttendanceMode\",\"eventStatus\":\"https:\\\/\\\/schema.org\\\/EventScheduled\",\"startDate\":\"2026-05-28T00:00:00+02:00\",\"endDate\":\"2026-05-28T23:59:59+02:00\",\"@id\":\"https:\\\/\\\/www.cgfmanet.org\\\/es\\\/event\\\/a-roma-in-casa-generalizia-la-madre-incontra-le-fma-partecipanti-a-conclusione-del-corso-di-formazione-permanente-missionaria\\\/#event\"},{\"@type\":\"Event\",\"name\":\"Conclusione del Corso di Formazione Permanente Missionaria a Roma, Casa Generalizia.\",\"description\":\"\",\"url\":\"https:\\\/\\\/www.cgfmanet.org\\\/es\\\/event\\\/conclusione-del-corso-di-formazione-permanente-missionaria-a-roma-casa-generalizia\\\/\",\"eventAttendanceMode\":\"https:\\\/\\\/schema.org\\\/OfflineEventAttendanceMode\",\"eventStatus\":\"https:\\\/\\\/schema.org\\\/EventScheduled\",\"startDate\":\"2026-05-29T00:00:00+02:00\",\"endDate\":\"2026-05-29T23:59:59+02:00\",\"@id\":\"https:\\\/\\\/www.cgfmanet.org\\\/es\\\/event\\\/conclusione-del-corso-di-formazione-permanente-missionaria-a-roma-casa-generalizia\\\/#event\"},{\"@type\":\"Event\",\"name\":\"Suor Chantal Mukase termina la Visita Canonica all\u2019Ispettoria \u201cNostra Signora d\u2019Africa\u201d (AFC) dell\u2019Africa Centrale.\",\"description\":\"\",\"url\":\"https:\\\/\\\/www.cgfmanet.org\\\/es\\\/event\\\/suor-chantal-mukase-termina-la-visita-canonica-allispettoria-nostra-signora-dafrica-afc-dellafrica-centrale\\\/\",\"eventAttendanceMode\":\"https:\\\/\\\/schema.org\\\/OfflineEventAttendanceMode\",\"eventStatus\":\"https:\\\/\\\/schema.org\\\/EventScheduled\",\"startDate\":\"2026-05-30T00:00:00+02:00\",\"endDate\":\"2026-05-30T23:59:59+02:00\",\"@id\":\"https:\\\/\\\/www.cgfmanet.org\\\/es\\\/event\\\/suor-chantal-mukase-termina-la-visita-canonica-allispettoria-nostra-signora-dafrica-afc-dellafrica-centrale\\\/#event\"}]}<\/script>\n<!-- \/ Yoast SEO plugin. -->","yoast_head_json":{"title":"Consejera para la Formaci\u00f3n &#8226; Istituto Figlie di Maria Ausiliatrice","robots":{"index":"index","follow":"follow","max-snippet":"max-snippet:-1","max-image-preview":"max-image-preview:large","max-video-preview":"max-video-preview:-1"},"canonical":"https:\/\/www.cgfmanet.org\/es\/consejera-para-la-formacion\/","og_locale":"es_ES","og_type":"article","og_title":"Consejera para la Formaci\u00f3n &#8226; Istituto Figlie di Maria Ausiliatrice","og_url":"https:\/\/www.cgfmanet.org\/es\/consejera-para-la-formacion\/","og_site_name":"Istituto Figlie di Maria Ausiliatrice","article_publisher":"https:\/\/www.facebook.com\/salesian.sisters.of.don.bosco\/","article_modified_time":"2026-03-31T20:56:59+00:00","og_image":[{"width":886,"height":1266,"url":"https:\/\/www.cgfmanet.org\/wp-content\/uploads\/2023\/02\/Consigliera-Formazione_Nilza.jpg","type":"image\/jpeg"}],"twitter_card":"summary_large_image","twitter_site":"@Cgfmanet_Org","twitter_misc":{"Tiempo de lectura":"8 minutos"},"schema":{"@context":"https:\/\/schema.org","@graph":[{"@type":"WebPage","@id":"https:\/\/www.cgfmanet.org\/es\/consejera-para-la-formacion\/","url":"https:\/\/www.cgfmanet.org\/es\/consejera-para-la-formacion\/","name":"Consejera para la Formaci\u00f3n &#8226; Istituto Figlie di Maria Ausiliatrice","isPartOf":{"@id":"https:\/\/www.cgfmanet.org\/es\/#website"},"primaryImageOfPage":{"@id":"https:\/\/www.cgfmanet.org\/es\/consejera-para-la-formacion\/#primaryimage"},"image":{"@id":"https:\/\/www.cgfmanet.org\/es\/consejera-para-la-formacion\/#primaryimage"},"thumbnailUrl":"https:\/\/www.cgfmanet.org\/wp-content\/uploads\/2023\/02\/Consigliera-Formazione_Nilza.jpg","datePublished":"2019-03-12T15:06:24+00:00","dateModified":"2026-03-31T20:56:59+00:00","breadcrumb":{"@id":"https:\/\/www.cgfmanet.org\/es\/consejera-para-la-formacion\/#breadcrumb"},"inLanguage":"es","potentialAction":[{"@type":"ReadAction","target":["https:\/\/www.cgfmanet.org\/es\/consejera-para-la-formacion\/"]}]},{"@type":"ImageObject","inLanguage":"es","@id":"https:\/\/www.cgfmanet.org\/es\/consejera-para-la-formacion\/#primaryimage","url":"https:\/\/www.cgfmanet.org\/wp-content\/uploads\/2023\/02\/Consigliera-Formazione_Nilza.jpg","contentUrl":"https:\/\/www.cgfmanet.org\/wp-content\/uploads\/2023\/02\/Consigliera-Formazione_Nilza.jpg"},{"@type":"BreadcrumbList","@id":"https:\/\/www.cgfmanet.org\/es\/consejera-para-la-formacion\/#breadcrumb","itemListElement":[{"@type":"ListItem","position":1,"name":"Home","item":"https:\/\/www.cgfmanet.org\/es\/"},{"@type":"ListItem","position":2,"name":"Consejera para la Formaci\u00f3n"}]},{"@type":"WebSite","@id":"https:\/\/www.cgfmanet.org\/es\/#website","url":"https:\/\/www.cgfmanet.org\/es\/","name":"Istituto Figlie di Maria Ausiliatrice","description":"Salesiane di Don Bosco","publisher":{"@id":"https:\/\/www.cgfmanet.org\/es\/#organization"},"potentialAction":[{"@type":"SearchAction","target":{"@type":"EntryPoint","urlTemplate":"https:\/\/www.cgfmanet.org\/es\/?s={search_term_string}"},"query-input":{"@type":"PropertyValueSpecification","valueRequired":true,"valueName":"search_term_string"}}],"inLanguage":"es"},{"@type":"Organization","@id":"https:\/\/www.cgfmanet.org\/es\/#organization","name":"Istituto Figlie di Maria Ausiliatrice","url":"https:\/\/www.cgfmanet.org\/es\/","logo":{"@type":"ImageObject","inLanguage":"es","@id":"https:\/\/www.cgfmanet.org\/es\/#\/schema\/logo\/image\/","url":"https:\/\/www.cgfmanet.org\/wp-content\/uploads\/2018\/10\/logo-fma.png","contentUrl":"https:\/\/www.cgfmanet.org\/wp-content\/uploads\/2018\/10\/logo-fma.png","width":214,"height":55,"caption":"Istituto Figlie di Maria Ausiliatrice"},"image":{"@id":"https:\/\/www.cgfmanet.org\/es\/#\/schema\/logo\/image\/"},"sameAs":["https:\/\/www.facebook.com\/salesian.sisters.of.don.bosco\/","https:\/\/x.com\/Cgfmanet_Org","https:\/\/www.youtube.com\/channel\/UCmcr8yFQBV7JXeXVxyV9y5Q"]},{"@type":"Event","name":"Suor Ena Bola\u00f1os e le collaboratrici dell\u2019Ambito incontrano le Econome ispettoriali del mondo per la formazione online.","description":"","url":"https:\/\/www.cgfmanet.org\/es\/event\/suor-ena-bolanos-e-le-collaboratrici-dellambito-incontrano-le-econome-ispettoriali-del-mondo-per-la-formazione-online-11\/","eventAttendanceMode":"https:\/\/schema.org\/OfflineEventAttendanceMode","eventStatus":"https:\/\/schema.org\/EventScheduled","startDate":"2026-04-27T00:00:00+02:00","endDate":"2026-04-28T23:59:59+02:00","@id":"https:\/\/www.cgfmanet.org\/es\/event\/suor-ena-bolanos-e-le-collaboratrici-dellambito-incontrano-le-econome-ispettoriali-del-mondo-per-la-formazione-online-11\/#event"},{"@type":"Event","name":"Suor Paola Battagliola riprende la 2a parte della Visita canonica all&#8217;Ispettoria Lombarda \u00abSacra Famiglia\u00bb (ILO).","description":"","url":"https:\/\/www.cgfmanet.org\/es\/event\/suor-paola-battagliola-riprende-la-2a-parte-della-visita-canonica-allispettoria-lombarda-sacra-famiglia-ilo\/","eventAttendanceMode":"https:\/\/schema.org\/OfflineEventAttendanceMode","eventStatus":"https:\/\/schema.org\/EventScheduled","startDate":"2026-05-01T00:00:00+02:00","endDate":"2026-05-01T23:59:59+02:00","@id":"https:\/\/www.cgfmanet.org\/es\/event\/suor-paola-battagliola-riprende-la-2a-parte-della-visita-canonica-allispettoria-lombarda-sacra-famiglia-ilo\/#event"},{"@type":"Event","name":"Suor Maria Luisa Nicastro, con le collaboratrici della Segreteria generale, guida la visita all&#8217;Archivio Generale dell&#8217;Istituto e alla Mostra del Carisma delle Studentesse del Corso di Spiritualit\u00e0 di Casa Canta.","description":"","url":"https:\/\/www.cgfmanet.org\/es\/event\/suor-maria-luisa-nicastro-con-le-collaboratrici-della-segreteria-generale-guida-la-visita-allarchivio-generale-dellistituto-e-alla-mostra-del-carisma-delle-studentesse-del-corso-di-spiritualita\/","eventAttendanceMode":"https:\/\/schema.org\/OfflineEventAttendanceMode","eventStatus":"https:\/\/schema.org\/EventScheduled","startDate":"2026-05-02T00:00:00+02:00","endDate":"2026-05-02T23:59:59+02:00","@id":"https:\/\/www.cgfmanet.org\/es\/event\/suor-maria-luisa-nicastro-con-le-collaboratrici-della-segreteria-generale-guida-la-visita-allarchivio-generale-dellistituto-e-alla-mostra-del-carisma-delle-studentesse-del-corso-di-spiritualita\/#event"},{"@type":"Event","name":"Suor Leslie S\u00e1ndigo e le collaboratrici dell\u2019Ambito incontrano online le Delegate e animatrici delle Associazioni: Exallieve\/i delle FMA, Salesiani Cooperatori e ADMA.","description":"","url":"https:\/\/www.cgfmanet.org\/es\/event\/suor-leslie-sandigo-e-le-collaboratrici-dellambito-incontrano-online-le-delegate-e-animatrici-delle-associazioni-exallieve-i-delle-fma-salesiani-cooperatori-e-adma\/","eventAttendanceMode":"https:\/\/schema.org\/OfflineEventAttendanceMode","eventStatus":"https:\/\/schema.org\/EventScheduled","startDate":"2026-05-03T00:00:00+02:00","endDate":"2026-05-03T23:59:59+02:00","@id":"https:\/\/www.cgfmanet.org\/es\/event\/suor-leslie-sandigo-e-le-collaboratrici-dellambito-incontrano-online-le-delegate-e-animatrici-delle-associazioni-exallieve-i-delle-fma-salesiani-cooperatori-e-adma\/#event"},{"@type":"Event","name":"Suor Mar\u00eda del Rosario Garc\u00eda Ribas termina la Visita canonica all\u2019Ispettoria \u201cSan Giuseppe\u00bb (ANT) delle Antille.","description":"","url":"https:\/\/www.cgfmanet.org\/es\/event\/suor-maria-del-rosario-garcia-ribas-termina-la-visita-canonica-allispettoria-san-giuseppe-ant-delle-antille\/","eventAttendanceMode":"https:\/\/schema.org\/OfflineEventAttendanceMode","eventStatus":"https:\/\/schema.org\/EventScheduled","startDate":"2026-05-04T00:00:00+02:00","endDate":"2026-05-04T23:59:59+02:00","@id":"https:\/\/www.cgfmanet.org\/es\/event\/suor-maria-del-rosario-garcia-ribas-termina-la-visita-canonica-allispettoria-san-giuseppe-ant-delle-antille\/#event"},{"@type":"Event","name":"Inizio del Corso di Formazione Permanente Missionaria a Roma, Casa Generalizia.","description":"","url":"https:\/\/www.cgfmanet.org\/es\/event\/inizio-del-corso-di-formazione-permanente-missionaria-a-roma-casa-generalizia-2\/","eventAttendanceMode":"https:\/\/schema.org\/OfflineEventAttendanceMode","eventStatus":"https:\/\/schema.org\/EventScheduled","startDate":"2026-05-04T00:00:00+02:00","endDate":"2026-05-04T23:59:59+02:00","@id":"https:\/\/www.cgfmanet.org\/es\/event\/inizio-del-corso-di-formazione-permanente-missionaria-a-roma-casa-generalizia-2\/#event"},{"@type":"Event","name":"Suor Leslie S\u00e1ndigo termina la 2a parte della visita canonica all\u2019Ispettoria \u201cLaura Vicu\u00f1a\u201d (ARG) dell\u2019Argentina.","description":"","url":"https:\/\/www.cgfmanet.org\/es\/event\/suor-leslie-sandigo-termina-la-2a-parte-della-visita-canonica-allispettoria-laura-vicuna-arg-dellargentina\/","eventAttendanceMode":"https:\/\/schema.org\/OfflineEventAttendanceMode","eventStatus":"https:\/\/schema.org\/EventScheduled","startDate":"2026-05-04T00:00:00+02:00","endDate":"2026-05-04T23:59:59+02:00","@id":"https:\/\/www.cgfmanet.org\/es\/event\/suor-leslie-sandigo-termina-la-2a-parte-della-visita-canonica-allispettoria-laura-vicuna-arg-dellargentina\/#event"},{"@type":"Event","name":"La Madre d\u00e0 la Buonanotte al gruppo del \u201cProgetto Mornese\u201d di lingua inglese. A Roma presso la Casa FMA \u201cSacro Cuore\u201d (IRO).","description":"","url":"https:\/\/www.cgfmanet.org\/es\/event\/la-madre-da-la-buonanotte-al-gruppo-del-progetto-mornese-di-lingua-inglese-a-roma-presso-la-casa-fma-sacro-cuore-iro\/","eventAttendanceMode":"https:\/\/schema.org\/OfflineEventAttendanceMode","eventStatus":"https:\/\/schema.org\/EventScheduled","startDate":"2026-05-04T00:00:00+02:00","endDate":"2026-05-04T23:59:59+02:00","@id":"https:\/\/www.cgfmanet.org\/es\/event\/la-madre-da-la-buonanotte-al-gruppo-del-progetto-mornese-di-lingua-inglese-a-roma-presso-la-casa-fma-sacro-cuore-iro\/#event"},{"@type":"Event","name":"La Madre incontra il Consiglio Accademico della Pontificia Facolt\u00e0 di Scienze dell\u2019Educazione \u201cAuxilium\u201d anche con la presenza della Superiora di Visitatoria (RMC), suor Jessica Salva\u00f1a Togonon. A Roma in Casa generalizia.","description":"","url":"https:\/\/www.cgfmanet.org\/es\/event\/la-madre-incontra-il-consiglio-accademico-della-pontificia-facolta-di-scienze-delleducazione-auxilium-anche-con-la-presenza-della-superiora-di-visitatoria-rmc-suor-jessic\/","eventAttendanceMode":"https:\/\/schema.org\/OfflineEventAttendanceMode","eventStatus":"https:\/\/schema.org\/EventScheduled","startDate":"2026-05-05T00:00:00+02:00","endDate":"2026-05-05T23:59:59+02:00","@id":"https:\/\/www.cgfmanet.org\/es\/event\/la-madre-incontra-il-consiglio-accademico-della-pontificia-facolta-di-scienze-delleducazione-auxilium-anche-con-la-presenza-della-superiora-di-visitatoria-rmc-suor-jessic\/#event"},{"@type":"Event","name":"La Madre incontra le FMA partecipanti al Corso di Formazione Permanente Missionaria. A Roma, Casa generalizia.","description":"","url":"https:\/\/www.cgfmanet.org\/es\/event\/la-madre-incontra-le-fma-partecipanti-al-corso-di-formazione-permanente-missionaria-a-roma-casa-generalizia\/","eventAttendanceMode":"https:\/\/schema.org\/OfflineEventAttendanceMode","eventStatus":"https:\/\/schema.org\/EventScheduled","startDate":"2026-05-06T00:00:00+02:00","endDate":"2026-05-06T23:59:59+02:00","@id":"https:\/\/www.cgfmanet.org\/es\/event\/la-madre-incontra-le-fma-partecipanti-al-corso-di-formazione-permanente-missionaria-a-roma-casa-generalizia\/#event"},{"@type":"Event","name":"Suor Leslie S\u00e1ndigo partecipa al Congresso Mondiale dei Salesiani Cooperatori a Roma, Fraterna Domus.","description":"","url":"https:\/\/www.cgfmanet.org\/es\/event\/suor-leslie-sandigo-partecipa-al-congresso-mondiale-dei-salesiani-cooperatori-a-roma-fraterna-domus\/","eventAttendanceMode":"https:\/\/schema.org\/OfflineEventAttendanceMode","eventStatus":"https:\/\/schema.org\/EventScheduled","startDate":"2026-05-07T00:00:00+02:00","endDate":"2026-05-10T23:59:59+02:00","@id":"https:\/\/www.cgfmanet.org\/es\/event\/suor-leslie-sandigo-partecipa-al-congresso-mondiale-dei-salesiani-cooperatori-a-roma-fraterna-domus\/#event"},{"@type":"Event","name":"La Madre partecipa e interviene al VI Congresso Mondiale dei Salesiani Cooperatori a Roma, presso la Fraterna Domus. Tema: \u201cEssere lievito per essere fecondi\u201d.","description":"","url":"https:\/\/www.cgfmanet.org\/es\/event\/la-madre-partecipa-e-interviene-al-vi-congresso-mondiale-dei-salesiani-cooperatori-a-roma-presso-la-fraterna-domus-tema-essere-lievito-per-essere-fecondi\/","eventAttendanceMode":"https:\/\/schema.org\/OfflineEventAttendanceMode","eventStatus":"https:\/\/schema.org\/EventScheduled","startDate":"2026-05-07T00:00:00+02:00","endDate":"2026-05-10T23:59:59+02:00","@id":"https:\/\/www.cgfmanet.org\/es\/event\/la-madre-partecipa-e-interviene-al-vi-congresso-mondiale-dei-salesiani-cooperatori-a-roma-presso-la-fraterna-domus-tema-essere-lievito-per-essere-fecondi\/#event"},{"@type":"Event","name":"La Madre partecipa alle Celebrazione del Centenario della presenza delle FMA dell\u2019Ispettoria \u201cNostra Signora d\u2019Africa\u201d (AFC). A Lubumbashi, Repubblica Democratica del Congo.","description":"","url":"https:\/\/www.cgfmanet.org\/es\/event\/la-madre-partecipa-alle-celebrazione-del-centenario-della-presenza-delle-fma-dellispettoria-nostra-signora-dafrica-afc-a-lubumbashi-repubblica-democratica-del-c\/","eventAttendanceMode":"https:\/\/schema.org\/OfflineEventAttendanceMode","eventStatus":"https:\/\/schema.org\/EventScheduled","startDate":"2026-05-08T00:00:00+02:00","endDate":"2026-05-19T23:59:59+02:00","@id":"https:\/\/www.cgfmanet.org\/es\/event\/la-madre-partecipa-alle-celebrazione-del-centenario-della-presenza-delle-fma-dellispettoria-nostra-signora-dafrica-afc-a-lubumbashi-repubblica-democratica-del-c\/#event"},{"@type":"Event","name":"Suor Runita Borja, con le collaboratrici dell\u2019Ambito PG, incontra le FMA partecipanti del Corso di Formazione Permanente Missionaria. A Roma, Casa generalizia.","description":"","url":"https:\/\/www.cgfmanet.org\/es\/event\/suor-runita-borja-con-le-collaboratrici-dellambito-pg-incontra-le-fma-partecipanti-del-corso-di-formazione-permanente-missionaria-a-roma-casa-generalizia\/","eventAttendanceMode":"https:\/\/schema.org\/OfflineEventAttendanceMode","eventStatus":"https:\/\/schema.org\/EventScheduled","startDate":"2026-05-08T00:00:00+02:00","endDate":"2026-05-08T23:59:59+02:00","@id":"https:\/\/www.cgfmanet.org\/es\/event\/suor-runita-borja-con-le-collaboratrici-dellambito-pg-incontra-le-fma-partecipanti-del-corso-di-formazione-permanente-missionaria-a-roma-casa-generalizia\/#event"},{"@type":"Event","name":"Suor Nilza F\u00e1tima de Moraes coordina il raduno online con le sorelle del gruppo di stesura del Progetto formativo.","description":"","url":"https:\/\/www.cgfmanet.org\/es\/event\/suor-nilza-fatima-de-moraes-coordina-il-raduno-online-con-le-sorelle-del-gruppo-di-stesura-del-progetto-formativo\/","eventAttendanceMode":"https:\/\/schema.org\/OfflineEventAttendanceMode","eventStatus":"https:\/\/schema.org\/EventScheduled","startDate":"2026-05-09T00:00:00+02:00","endDate":"2026-05-09T23:59:59+02:00","@id":"https:\/\/www.cgfmanet.org\/es\/event\/suor-nilza-fatima-de-moraes-coordina-il-raduno-online-con-le-sorelle-del-gruppo-di-stesura-del-progetto-formativo\/#event"},{"@type":"Event","name":"Esercizi Spirituali per le partecipanti al Corso di Formazione Permanente Missionaria e le neo missionarie, a Mornese.","description":"","url":"https:\/\/www.cgfmanet.org\/es\/event\/esercizi-spirituali-per-le-partecipanti-al-corso-di-formazione-permanente-missionaria-e-le-neo-missionarie-a-mornese-2\/","eventAttendanceMode":"https:\/\/schema.org\/OfflineEventAttendanceMode","eventStatus":"https:\/\/schema.org\/EventScheduled","startDate":"2026-05-11T00:00:00+02:00","endDate":"2026-05-18T23:59:59+02:00","@id":"https:\/\/www.cgfmanet.org\/es\/event\/esercizi-spirituali-per-le-partecipanti-al-corso-di-formazione-permanente-missionaria-e-le-neo-missionarie-a-mornese-2\/#event"},{"@type":"Event","name":"Suor Maria Assunta Sumiko Inoue termina la Visita canonica all&#8217;Ispettoria \u201cSanta Maria Domenica Mazzarello\u201d (TIN) di Timor-Indonesia.","description":"","url":"https:\/\/www.cgfmanet.org\/es\/event\/suor-maria-assunta-sumiko-inoue-termina-la-visita-canonica-allispettoria-santa-maria-domenica-mazzarello-tin-di-timor-indonesia\/","eventAttendanceMode":"https:\/\/schema.org\/OfflineEventAttendanceMode","eventStatus":"https:\/\/schema.org\/EventScheduled","startDate":"2026-05-14T00:00:00+02:00","endDate":"2026-05-14T23:59:59+02:00","@id":"https:\/\/www.cgfmanet.org\/es\/event\/suor-maria-assunta-sumiko-inoue-termina-la-visita-canonica-allispettoria-santa-maria-domenica-mazzarello-tin-di-timor-indonesia\/#event"},{"@type":"Event","name":"Suor Maria Assunta Sumiko Inoue fa una Visita breve all&#8217;Ispettoria \u201cSanta Maria Mazzarello\u201d (THA).","description":"","url":"https:\/\/www.cgfmanet.org\/es\/event\/suor-maria-assunta-sumiko-inoue-fa-una-visita-breve-allispettoria-santa-maria-mazzarello-tha\/","eventAttendanceMode":"https:\/\/schema.org\/OfflineEventAttendanceMode","eventStatus":"https:\/\/schema.org\/EventScheduled","startDate":"2026-05-14T00:00:00+02:00","endDate":"2026-05-26T23:59:59+02:00","@id":"https:\/\/www.cgfmanet.org\/es\/event\/suor-maria-assunta-sumiko-inoue-fa-una-visita-breve-allispettoria-santa-maria-mazzarello-tha\/#event"},{"@type":"Event","name":"Suor Runita Borja partecipa al Congresso degli Educatori della Conferenza interispettoriale CIAO sul tema \u201cIl Patto Educativo Globale nello stile salesiano\u201d. A Tokyo, in Giappone.","description":"","url":"https:\/\/www.cgfmanet.org\/es\/event\/suor-runita-borja-partecipa-al-congresso-degli-educatori-della-conferenza-interispettoriale-ciao-sul-tema-il-patto-educativo-globale-nello-stile-salesiano-a-tokyo-in-giappone\/","eventAttendanceMode":"https:\/\/schema.org\/OfflineEventAttendanceMode","eventStatus":"https:\/\/schema.org\/EventScheduled","startDate":"2026-05-14T00:00:00+02:00","endDate":"2026-05-19T23:59:59+02:00","@id":"https:\/\/www.cgfmanet.org\/es\/event\/suor-runita-borja-partecipa-al-congresso-degli-educatori-della-conferenza-interispettoriale-ciao-sul-tema-il-patto-educativo-globale-nello-stile-salesiano-a-tokyo-in-giappone\/#event"},{"@type":"Event","name":"Suor Leslie S\u00e1ndigo insieme alle collaboratrici dell\u2019Ambito presenta la Famiglia Salesiana alle studentesse del Corso di Spiritualit\u00e0 di Casa Madre Canta.","description":"","url":"https:\/\/www.cgfmanet.org\/es\/event\/suor-leslie-sandigo-insieme-alle-collaboratrici-dellambito-presenta-la-famiglia-salesiana-alle-studentesse-del-corso-di-spiritualita-di-casa-madre-canta\/","eventAttendanceMode":"https:\/\/schema.org\/OfflineEventAttendanceMode","eventStatus":"https:\/\/schema.org\/EventScheduled","startDate":"2026-05-15T00:00:00+02:00","endDate":"2026-05-15T23:59:59+02:00","@id":"https:\/\/www.cgfmanet.org\/es\/event\/suor-leslie-sandigo-insieme-alle-collaboratrici-dellambito-presenta-la-famiglia-salesiana-alle-studentesse-del-corso-di-spiritualita-di-casa-madre-canta\/#event"},{"@type":"Event","name":"Suor Celine Jacob termina la Visita Canonica all&#8217;Ispettoria \u00abMaria Immacolata\u00bb (SUO) degli Stati Uniti.","description":"","url":"https:\/\/www.cgfmanet.org\/es\/event\/suor-celine-jacob-termina-la-visita-canonica-allispettoria-maria-immacolata-suo-degli-stati-uniti\/","eventAttendanceMode":"https:\/\/schema.org\/OfflineEventAttendanceMode","eventStatus":"https:\/\/schema.org\/EventScheduled","startDate":"2026-05-18T00:00:00+02:00","endDate":"2026-05-18T23:59:59+02:00","@id":"https:\/\/www.cgfmanet.org\/es\/event\/suor-celine-jacob-termina-la-visita-canonica-allispettoria-maria-immacolata-suo-degli-stati-uniti\/#event"},{"@type":"Event","name":"Suor Lidia Strzelczyk termina la 2a parte della Visita canonica all&#8217;Ispettoria Meridionale \u00abMadonna del Buon Consiglio\u00bb (IMR).","description":"","url":"https:\/\/www.cgfmanet.org\/es\/event\/suor-lidia-strzelczyk-termina-la-2a-parte-della-visita-canonica-allispettoria-meridionale-madonna-del-buon-consiglio-imr\/","eventAttendanceMode":"https:\/\/schema.org\/OfflineEventAttendanceMode","eventStatus":"https:\/\/schema.org\/EventScheduled","startDate":"2026-05-19T00:00:00+02:00","endDate":"2026-05-19T23:59:59+02:00","@id":"https:\/\/www.cgfmanet.org\/es\/event\/suor-lidia-strzelczyk-termina-la-2a-parte-della-visita-canonica-allispettoria-meridionale-madonna-del-buon-consiglio-imr\/#event"},{"@type":"Event","name":"Suor Leslie S\u00e1ndigo e le Collaboratrici dell\u2019Ambito partecipano alla Consulta della Famiglia Salesiana a Valdocco, Torino.","description":"","url":"https:\/\/www.cgfmanet.org\/es\/event\/suor-leslie-sandigo-e-le-collaboratrici-dellambito-partecipano-alla-consulta-della-famiglia-salesiana-a-valdocco-torino-2\/","eventAttendanceMode":"https:\/\/schema.org\/OfflineEventAttendanceMode","eventStatus":"https:\/\/schema.org\/EventScheduled","startDate":"2026-05-21T00:00:00+02:00","endDate":"2026-05-23T23:59:59+02:00","@id":"https:\/\/www.cgfmanet.org\/es\/event\/suor-leslie-sandigo-e-le-collaboratrici-dellambito-partecipano-alla-consulta-della-famiglia-salesiana-a-valdocco-torino-2\/#event"},{"@type":"Event","name":"Suor Marta Riccioli termina la Visita canonica all\u2019Ispettoria \u00abNostra Signora di Chiquinquir\u00e1\u00bb (CBC).","description":"","url":"https:\/\/www.cgfmanet.org\/es\/event\/suor-marta-riccioli-termina-la-visita-canonica-allispettoria-nostra-signora-di-chiquinquira-cbc\/","eventAttendanceMode":"https:\/\/schema.org\/OfflineEventAttendanceMode","eventStatus":"https:\/\/schema.org\/EventScheduled","startDate":"2026-05-22T00:00:00+02:00","endDate":"2026-05-22T23:59:59+02:00","@id":"https:\/\/www.cgfmanet.org\/es\/event\/suor-marta-riccioli-termina-la-visita-canonica-allispettoria-nostra-signora-di-chiquinquira-cbc\/#event"},{"@type":"Event","name":"La Madre partecipa alla Consulta della Famiglia Salesiana sul tema della Strenna 2026. A Torino, Valdocco.","description":"","url":"https:\/\/www.cgfmanet.org\/es\/event\/la-madre-partecipa-alla-consulta-della-famiglia-salesiana-sul-tema-della-strenna-2026-a-torino-valdocco\/","eventAttendanceMode":"https:\/\/schema.org\/OfflineEventAttendanceMode","eventStatus":"https:\/\/schema.org\/EventScheduled","startDate":"2026-05-22T00:00:00+02:00","endDate":"2026-05-23T23:59:59+02:00","@id":"https:\/\/www.cgfmanet.org\/es\/event\/la-madre-partecipa-alla-consulta-della-famiglia-salesiana-sul-tema-della-strenna-2026-a-torino-valdocco\/#event"},{"@type":"Event","name":"La Madre partecipa alla Celebrazione della solennit\u00e0 di Maria Ausiliatrice a Torino, Valdocco.","description":"","url":"https:\/\/www.cgfmanet.org\/es\/event\/la-madre-partecipa-alla-celebrazione-della-solennita-di-maria-ausiliatrice-a-torino-valdocco\/","eventAttendanceMode":"https:\/\/schema.org\/OfflineEventAttendanceMode","eventStatus":"https:\/\/schema.org\/EventScheduled","startDate":"2026-05-24T00:00:00+02:00","endDate":"2026-05-24T23:59:59+02:00","@id":"https:\/\/www.cgfmanet.org\/es\/event\/la-madre-partecipa-alla-celebrazione-della-solennita-di-maria-ausiliatrice-a-torino-valdocco\/#event"},{"@type":"Event","name":"Suor Ruth del Pilar Mora termina la Visita Canonica all\u2019Ispettoria San Giuseppe (SEC) di Stati Uniti e Canada.","description":"","url":"https:\/\/www.cgfmanet.org\/es\/event\/suor-ruth-del-pilar-mora-termina-la-visita-canonica-allispettoria-san-giuseppe-sec-di-stati-uniti-e-canada\/","eventAttendanceMode":"https:\/\/schema.org\/OfflineEventAttendanceMode","eventStatus":"https:\/\/schema.org\/EventScheduled","startDate":"2026-05-26T00:00:00+02:00","endDate":"2026-05-26T23:59:59+02:00","@id":"https:\/\/www.cgfmanet.org\/es\/event\/suor-ruth-del-pilar-mora-termina-la-visita-canonica-allispettoria-san-giuseppe-sec-di-stati-uniti-e-canada\/#event"},{"@type":"Event","name":"Suor Runita Borja d\u00e0 il saluto iniziale e partecipa all\u2019incontro online delle Coordinatrici ispettoriali di PG della Conferenza NAC.","description":"","url":"https:\/\/www.cgfmanet.org\/es\/event\/suor-runita-borja-da-il-saluto-iniziale-e-partecipa-allincontro-online-delle-coordinatrici-ispettoriali-di-pg-della-conferenza-nac\/","eventAttendanceMode":"https:\/\/schema.org\/OfflineEventAttendanceMode","eventStatus":"https:\/\/schema.org\/EventScheduled","startDate":"2026-05-26T00:00:00+02:00","endDate":"2026-05-26T23:59:59+02:00","@id":"https:\/\/www.cgfmanet.org\/es\/event\/suor-runita-borja-da-il-saluto-iniziale-e-partecipa-allincontro-online-delle-coordinatrici-ispettoriali-di-pg-della-conferenza-nac\/#event"},{"@type":"Event","name":"Suor Ruth del Pilar Mora incontra le missionarie ad gentes che terminano il Corso di Formazione Permanente Missionaria a Roma, in Casa Generalizia.","description":"","url":"https:\/\/www.cgfmanet.org\/es\/event\/suor-ruth-del-pilar-mora-incontra-le-missionarie-ad-gentes-che-terminano-il-corso-di-formazione-permanente-missionaria-a-roma-in-casa-generalizia\/","eventAttendanceMode":"https:\/\/schema.org\/OfflineEventAttendanceMode","eventStatus":"https:\/\/schema.org\/EventScheduled","startDate":"2026-05-27T00:00:00+02:00","endDate":"2026-05-28T23:59:59+02:00","@id":"https:\/\/www.cgfmanet.org\/es\/event\/suor-ruth-del-pilar-mora-incontra-le-missionarie-ad-gentes-che-terminano-il-corso-di-formazione-permanente-missionaria-a-roma-in-casa-generalizia\/#event"},{"@type":"Event","name":"A Roma in Casa generalizia la Madre incontra le FMA partecipanti a conclusione del Corso di Formazione Permanente Missionaria.","description":"","url":"https:\/\/www.cgfmanet.org\/es\/event\/a-roma-in-casa-generalizia-la-madre-incontra-le-fma-partecipanti-a-conclusione-del-corso-di-formazione-permanente-missionaria\/","eventAttendanceMode":"https:\/\/schema.org\/OfflineEventAttendanceMode","eventStatus":"https:\/\/schema.org\/EventScheduled","startDate":"2026-05-28T00:00:00+02:00","endDate":"2026-05-28T23:59:59+02:00","@id":"https:\/\/www.cgfmanet.org\/es\/event\/a-roma-in-casa-generalizia-la-madre-incontra-le-fma-partecipanti-a-conclusione-del-corso-di-formazione-permanente-missionaria\/#event"},{"@type":"Event","name":"Conclusione del Corso di Formazione Permanente Missionaria a Roma, Casa Generalizia.","description":"","url":"https:\/\/www.cgfmanet.org\/es\/event\/conclusione-del-corso-di-formazione-permanente-missionaria-a-roma-casa-generalizia\/","eventAttendanceMode":"https:\/\/schema.org\/OfflineEventAttendanceMode","eventStatus":"https:\/\/schema.org\/EventScheduled","startDate":"2026-05-29T00:00:00+02:00","endDate":"2026-05-29T23:59:59+02:00","@id":"https:\/\/www.cgfmanet.org\/es\/event\/conclusione-del-corso-di-formazione-permanente-missionaria-a-roma-casa-generalizia\/#event"},{"@type":"Event","name":"Suor Chantal Mukase termina la Visita Canonica all\u2019Ispettoria \u201cNostra Signora d\u2019Africa\u201d (AFC) dell\u2019Africa Centrale.","description":"","url":"https:\/\/www.cgfmanet.org\/es\/event\/suor-chantal-mukase-termina-la-visita-canonica-allispettoria-nostra-signora-dafrica-afc-dellafrica-centrale\/","eventAttendanceMode":"https:\/\/schema.org\/OfflineEventAttendanceMode","eventStatus":"https:\/\/schema.org\/EventScheduled","startDate":"2026-05-30T00:00:00+02:00","endDate":"2026-05-30T23:59:59+02:00","@id":"https:\/\/www.cgfmanet.org\/es\/event\/suor-chantal-mukase-termina-la-visita-canonica-allispettoria-nostra-signora-dafrica-afc-dellafrica-centrale\/#event"}]}},"_links":{"self":[{"href":"https:\/\/www.cgfmanet.org\/es\/wp-json\/wp\/v2\/pages\/3282","targetHints":{"allow":["GET"]}}],"collection":[{"href":"https:\/\/www.cgfmanet.org\/es\/wp-json\/wp\/v2\/pages"}],"about":[{"href":"https:\/\/www.cgfmanet.org\/es\/wp-json\/wp\/v2\/types\/page"}],"author":[{"embeddable":true,"href":"https:\/\/www.cgfmanet.org\/es\/wp-json\/wp\/v2\/users\/45"}],"replies":[{"embeddable":true,"href":"https:\/\/www.cgfmanet.org\/es\/wp-json\/wp\/v2\/comments?post=3282"}],"version-history":[{"count":2,"href":"https:\/\/www.cgfmanet.org\/es\/wp-json\/wp\/v2\/pages\/3282\/revisions"}],"predecessor-version":[{"id":155359,"href":"https:\/\/www.cgfmanet.org\/es\/wp-json\/wp\/v2\/pages\/3282\/revisions\/155359"}],"wp:attachment":[{"href":"https:\/\/www.cgfmanet.org\/es\/wp-json\/wp\/v2\/media?parent=3282"}],"curies":[{"name":"wp","href":"https:\/\/api.w.org\/{rel}","templated":true}]}}