{"id":3231,"date":"2018-10-11T16:44:21","date_gmt":"2018-10-11T14:44:21","guid":{"rendered":"https:\/\/www.cgfmanet.org\/news\/"},"modified":"2026-04-27T18:49:46","modified_gmt":"2026-04-27T16:49:46","slug":"news","status":"publish","type":"page","link":"https:\/\/www.cgfmanet.org\/es\/","title":{"rendered":"Home"},"content":{"rendered":"<div class=\"wpb-content-wrapper\"><div id=\"tdi_1\" class=\"tdc-zone\"><div class=\"tdc_zone tdi_2  wpb_row td-pb-row\"  >\n<style scoped>\n\/* custom css - generated by TagDiv Composer *\/\n\n\/* custom css - generated by TagDiv Composer *\/\n.tdi_2{\r\n                    min-height: 0;\r\n                }\n<\/style><div id=\"tdi_3\" class=\"tdc-row\"><div class=\"vc_row tdi_4  wpb_row td-pb-row\" >\n<style scoped>\n\/* custom css - generated by TagDiv Composer *\/\n\n\/* custom css - generated by TagDiv Composer *\/\n.tdi_4,\r\n                .tdi_4 .tdc-columns{\r\n                    min-height: 0;\r\n                }.tdi_4,\r\n\t\t\t\t.tdi_4 .tdc-columns{\r\n\t\t\t\t    display: block;\r\n\t\t\t\t}.tdi_4 .tdc-columns{\r\n\t\t\t\t    width: 100%;\r\n\t\t\t\t}.tdi_4:before,\r\n\t\t\t\t.tdi_4:after{\r\n\t\t\t\t    display: table;\r\n\t\t\t\t}\n<\/style><div class=\"vc_column tdi_6  wpb_column vc_column_container tdc-column td-pb-span12\">\n<style scoped>\n\/* custom css - generated by TagDiv Composer *\/\n\n\/* custom css - generated by TagDiv Composer *\/\n.tdi_6{\r\n                    vertical-align: baseline;\r\n                }.tdi_6 > .wpb_wrapper,\r\n\t\t\t\t.tdi_6 > .wpb_wrapper > .tdc-elements{\r\n\t\t\t\t    display: block;\r\n\t\t\t\t}.tdi_6 > .wpb_wrapper > .tdc-elements{\r\n\t\t\t\t    width: 100%;\r\n\t\t\t\t}.tdi_6 > .wpb_wrapper > .vc_row_inner{\r\n\t\t\t\t    width: auto;\r\n\t\t\t\t}.tdi_6 > .wpb_wrapper{\r\n\t\t\t\t    width: auto;\r\n\t\t\t\t    height: auto;\r\n\t\t\t\t}\n<\/style><div class=\"wpb_wrapper\" ><div class=\"td_block_wrap td_block_trending_now tdi_7 td-pb-border-top td_block_template_1\"  data-td-block-uid=\"tdi_7\" >\n<style>\n\/* custom css - generated by TagDiv Composer *\/\n.td_block_trending_now{\r\n                  padding: 0 18px;\r\n                }.td-trending-now-wrapper{\r\n                  display: flex;\r\n                  align-items: center;\r\n                  position: relative;\r\n                  -webkit-transform: translate3d(0px, 0px, 0px);\r\n                  transform: translate3d(0px, 0px, 0px);\r\n                  overflow: hidden;\r\n                }.td-trending-now-wrapper .td-next-prev-wrap{\r\n                  margin: 0 0 0 auto;\r\n                  z-index: 1;\r\n                }.td-trending-now-wrapper:hover .td-trending-now-title{\r\n                  background-color: var(--td_theme_color, #4db2ec);\r\n                }.td-trending-now-wrapper .td-trending-now-nav-right{\r\n                  padding-left: 2px;\r\n                }.td-trending-now-title{\r\n                  background-color: #222;\r\n                  font-family: var(--td_default_google_font_2, 'Roboto', sans-serif);\r\n                  font-size: 12px;\r\n                  text-transform: uppercase;\r\n                  color: #fff;\r\n                  padding: 2px 10px 1px;\r\n                  display: inline-block;\r\n                  line-height: 22px;\r\n                  -webkit-transition: background-color 0.3s;\r\n                  transition: background-color 0.3s;\r\n                  cursor: default;\r\n                  -webkit-user-select: none;\r\n                  user-select: none;\r\n                }@-moz-document url-prefix(){\r\n                  .td-trending-now-title {\r\n                    line-height: 21px;\r\n                  }}\r\n                .td-trending-now-display-area{\r\n                  display: flex;\r\n                  align-items: center;\r\n                  vertical-align: top;\r\n                  padding: 0 0 0 15px;\r\n                }.td-trending-now-display-area .entry-title{\r\n                  font-size: 15px;\r\n                  line-height: 25px;\r\n                  margin: 0;\r\n                }.td-trending-now-post{\r\n                  opacity: 0;\r\n                  position: absolute;\r\n                  top: 0;\r\n                  padding-right: 119px;\r\n                  overflow: hidden;\r\n                }.td-trending-now-post:first-child{\r\n                  opacity: 1;\r\n                  z-index: 1;\r\n                \r\n                  opacity: 1;\r\n                }.td-next-prev-wrap .td-trending-now-nav-right{\r\n                  margin-right: 0;\r\n                }.td_block_trending_now.td-trending-style2{\r\n                  border: 1px solid #eaeaea;\r\n                  padding-top: 20px;\r\n                  padding-bottom: 20px;\r\n                }@media (min-width: 768px) and (max-width: 1018px) {\r\n                  .td_block_trending_now {\r\n                    padding: 0 6px;\r\n                  }\r\n                }@media (min-width: 768px) and (max-width: 1018px) {\r\n                  .td-trending-now-post {\r\n                    padding-right: 107px;\r\n                  }\r\n                }@media (max-width: 767px) {\r\n                  .td_block_trending_now {\r\n                    padding: 0;\r\n                  }\r\n                  .td-trending-now-wrapper {\r\n                    flex-direction: column;\r\n                    text-align: center;\r\n                  }\r\n                  .td-trending-now-wrapper .td-next-prev-wrap {\r\n                    display: none;\r\n                  }\r\n                  .td-trending-now-title {\r\n                    padding: 2px 10px 1px;\r\n                  }\r\n                  .td-trending-now-display-area {\r\n                    width: 100%;\r\n                    padding: 0;\r\n                    display: block;\r\n                    height: 26px;\r\n                    position: relative;\r\n                    top: 10px;\r\n                  }\r\n                  .td-trending-now-display-area .td_module_trending_now .entry-title {\r\n                    font-size: 14px;\r\n                    line-height: 16px;\r\n                  }\r\n                  .td-trending-now-post {\r\n                    width: 100%;\r\n                    padding-right: 0;\r\n                  }\r\n                }\n<\/style><script>var block_tdi_7 = new tdBlock();\nblock_tdi_7.id = \"tdi_7\";\nblock_tdi_7.atts = '{\"post_ids\":\"62394, 154235, 156229, 154788, 138169, 153446\",\"limit\":\"6\",\"block_type\":\"td_block_trending_now\",\"custom_title\":\"\",\"title_padding\":\"\",\"navigation\":\"\",\"timer\":3,\"style\":\"\",\"separator\":\"\",\"mt_tl\":\"\",\"mt_title_tag\":\"\",\"category_id\":\"\",\"taxonomies\":\"\",\"category_ids\":\"\",\"in_all_terms\":\"\",\"tag_slug\":\"\",\"autors_id\":\"\",\"installed_post_types\":\"\",\"include_cf_posts\":\"\",\"exclude_cf_posts\":\"\",\"sort\":\"\",\"popular_by_date\":\"\",\"linked_posts\":\"\",\"favourite_only\":\"\",\"offset\":\"\",\"open_in_new_window\":\"\",\"review_source\":\"\",\"el_class\":\"\",\"header_text_color\":\"\",\"header_color\":\"\",\"articles_color\":\"\",\"next_prev_color\":\"\",\"next_prev_border_color\":\"\",\"next_prev_hover_color\":\"\",\"f_title_font_header\":\"\",\"f_title_font_title\":\"Block title\",\"f_title_font_settings\":\"\",\"f_title_font_family\":\"\",\"f_title_font_size\":\"\",\"f_title_font_line_height\":\"\",\"f_title_font_style\":\"\",\"f_title_font_weight\":\"\",\"f_title_font_transform\":\"\",\"f_title_font_spacing\":\"\",\"f_title_\":\"\",\"f_article_font_title\":\"Articles title\",\"f_article_font_settings\":\"\",\"f_article_font_family\":\"\",\"f_article_font_size\":\"\",\"f_article_font_line_height\":\"\",\"f_article_font_style\":\"\",\"f_article_font_weight\":\"\",\"f_article_font_transform\":\"\",\"f_article_font_spacing\":\"\",\"f_article_\":\"\",\"css\":\"\",\"tdc_css\":\"\",\"block_template_id\":\"\",\"td_column_number\":3,\"ajax_pagination_infinite_stop\":\"\",\"td_ajax_preloading\":\"\",\"td_ajax_filter_type\":\"\",\"td_filter_default_txt\":\"\",\"td_ajax_filter_ids\":\"\",\"color_preset\":\"\",\"ajax_pagination\":\"\",\"ajax_pagination_next_prev_swipe\":\"\",\"border_top\":\"\",\"class\":\"tdi_7\",\"tdc_css_class\":\"tdi_7\",\"tdc_css_class_style\":\"tdi_7_rand_style\"}';\nblock_tdi_7.td_column_number = \"3\";\nblock_tdi_7.block_type = \"td_block_trending_now\";\nblock_tdi_7.post_count = \"6\";\nblock_tdi_7.found_posts = \"6\";\nblock_tdi_7.header_color = \"\";\nblock_tdi_7.ajax_pagination_infinite_stop = \"\";\nblock_tdi_7.max_num_pages = \"1\";\ntdBlocksArray.push(block_tdi_7);\n<\/script><div class=\"td_block_inner\"><div class=\"td-trending-now-wrapper\" id=\"tdi_7\" data-start=\"\" data-timer=\"\"><div class=\"td-trending-now-title\">Breaking News<\/div><div class=\"td-trending-now-display-area\">\r\n        <div class=\"td_module_trending_now td-trending-now-post-0 td-trending-now-post td-cpt-post\">\r\n\r\n            <h3 class=\"entry-title td-module-title\"><a href=\"https:\/\/www.cgfmanet.org\/es\/emergencias-y-campanas-humanitarias\/solidarios-con-ucrania\/\"  rel=\"bookmark\" title=\"Solidarios con Ucrania\">Solidarios con Ucrania<\/a><\/h3>\r\n        <\/div>\r\n\r\n        \r\n        <div class=\"td_module_trending_now td-trending-now-post-1 td-trending-now-post td-cpt-post\">\r\n\r\n            <h3 class=\"entry-title td-module-title\"><a href=\"https:\/\/www.cgfmanet.org\/es\/ifma-es\/convocatoria-del-capitulo-general-xxv-circular-no1056\/\"  rel=\"bookmark\" title=\"Convocatoria del Cap\u00edtulo General XXV &#8211; Circular n\u00ba1056\">Convocatoria del Cap\u00edtulo General XXV &#8211; Circular n\u00ba1056<\/a><\/h3>\r\n        <\/div>\r\n\r\n        \r\n        <div class=\"td_module_trending_now td-trending-now-post-2 td-trending-now-post td-cpt-post\">\r\n\r\n            <h3 class=\"entry-title td-module-title\"><a href=\"https:\/\/www.cgfmanet.org\/es\/ifma-es\/maria-virgen-fiel-sostiene-nuestra-fidelidad-circular-n-1058\/\"  rel=\"bookmark\" title=\"Mar\u00eda, Virgen fiel, sostiene nuestra fidelidad \u2013 Circular n\u00b0 1058\">Mar\u00eda, Virgen fiel, sostiene nuestra fidelidad \u2013 Circular n\u00b0 1058<\/a><\/h3>\r\n        <\/div>\r\n\r\n        \r\n        <div class=\"td_module_trending_now td-trending-now-post-3 td-trending-now-post td-cpt-post\">\r\n\r\n            <h3 class=\"entry-title td-module-title\"><a href=\"https:\/\/www.cgfmanet.org\/es\/ifma-es\/carisma-salesiano-es\/dma-n-1-del-2026-sobre-santa-maria-troncatti\/\"  rel=\"bookmark\" title=\"DMA n.\u00b0 1 del 2026 sobre Santa Mar\u00eda Troncatti\">DMA n.\u00b0 1 del 2026 sobre Santa Mar\u00eda Troncatti<\/a><\/h3>\r\n        <\/div>\r\n\r\n        \r\n        <div class=\"td_module_trending_now td-trending-now-post-4 td-trending-now-post td-cpt-post\">\r\n\r\n            <h3 class=\"entry-title td-module-title\"><a href=\"https:\/\/www.cgfmanet.org\/es\/ifma-es\/el-sitio-web-oficial-de-sor-maria-troncatti-ya-esta-online\/\"  rel=\"bookmark\" title=\"El sitio web oficial de Sor Mar\u00eda Troncatti ya est\u00e1 online\">El sitio web oficial de Sor Mar\u00eda Troncatti ya est\u00e1 online<\/a><\/h3>\r\n        <\/div>\r\n\r\n        \r\n        <div class=\"td_module_trending_now td-trending-now-post-5 td-trending-now-post td-cpt-post\">\r\n\r\n            <h3 class=\"entry-title td-module-title\"><a href=\"https:\/\/www.cgfmanet.org\/es\/ifma-es\/fiesta-mundial-de-la-gratitud-2026\/\"  rel=\"bookmark\" title=\"Fiesta mundial de la Gratitud 2026\">Fiesta mundial de la Gratitud 2026<\/a><\/h3>\r\n        <\/div>\r\n\r\n        <\/div><div class=\"td-next-prev-wrap\"><a href=\"#\"\r\n                                  class=\"td_ajax-prev-pagex td-trending-now-nav-left\" \r\n                                  aria-label=\"prev\" \r\n                                  data-block-id=\"tdi_7\"\r\n                                  data-moving=\"left\"\r\n                                  data-control-start=\"\"><i class=\"td-icon-menu-left\"><\/i><\/a><a href=\"#\"\r\n                                  class=\"td_ajax-next-pagex td-trending-now-nav-right\" \r\n                                  aria-label=\"next\"\r\n                                  data-block-id=\"tdi_7\"\r\n                                  data-moving=\"right\"\r\n                                  data-control-start=\"\"><i class=\"td-icon-menu-right\"><\/i><\/a><\/div><\/div><\/div><\/div><div class=\"td_block_wrap td_block_big_grid_1 tdi_8 td-grid-style-1 td-hover-1 td-big-grids td-pb-border-top td_block_template_1\"  data-td-block-uid=\"tdi_8\" ><div id=tdi_8 class=\"td_block_inner\"><div class=\"td-big-grid-wrapper\">\r\n        <div class=\"td_module_mx5 td-animation-stack td-big-grid-post-0 td-big-grid-post td-big-thumb\">\r\n            <div class=\"td-module-thumb\"><a href=\"https:\/\/www.cgfmanet.org\/es\/infoesfera\/san-giuseppe-modello-di-santita-e-dignita-nel-lavoro\/\"  rel=\"bookmark\" class=\"td-image-wrap \" title=\"San Giuseppe modello di santit\u00e0 e dignit\u00e0 nel lavoro\" ><img decoding=\"async\" width=\"534\" height=\"462\" class=\"entry-thumb lazyload\" data-src=\"https:\/\/www.cgfmanet.org\/wp-content\/uploads\/2026\/04\/San-Giuseppe-lavoratore-534x462.jpg\"   alt=\"\" title=\"San Giuseppe modello di santit\u00e0 e dignit\u00e0 nel lavoro\" src=\"data:image\/svg+xml;base64,PHN2ZyB3aWR0aD0iMSIgaGVpZ2h0PSIxIiB4bWxucz0iaHR0cDovL3d3dy53My5vcmcvMjAwMC9zdmciPjwvc3ZnPg==\" style=\"--smush-placeholder-width: 534px; --smush-placeholder-aspect-ratio: 534\/462;\" \/><\/a><\/div>            <div class=\"td-meta-info-container\">\r\n                <div class=\"td-meta-align\">\r\n                    <div class=\"td-big-grid-meta\">\r\n                        <a href=\"https:\/\/www.cgfmanet.org\/categoria\/infosfera\/chiesa\/\" class=\"td-post-category\" >Chiesa<\/a>                        <h3 class=\"entry-title td-module-title\"><a href=\"https:\/\/www.cgfmanet.org\/es\/infoesfera\/san-giuseppe-modello-di-santita-e-dignita-nel-lavoro\/\"  rel=\"bookmark\" title=\"San Giuseppe modello di santit\u00e0 e dignit\u00e0 nel lavoro\">San Giuseppe modello di santit\u00e0 e dignit\u00e0 nel lavoro<\/a><\/h3>                    <\/div>\r\n                    <div class=\"td-module-meta-info\">\r\n                                                <span class=\"td-post-date\"><time class=\"entry-date updated td-module-date\" datetime=\"2026-05-01T12:05:47+02:00\" >1 de mayo de 2026<\/time><\/span>                    <\/div>\r\n                <\/div>\r\n            <\/div>\r\n\r\n        <\/div>\r\n\r\n        <div class=\"td-big-grid-scroll\">\r\n        <div class=\"td_module_mx6 td-animation-stack td-big-grid-post-1 td-big-grid-post td-small-thumb\">\r\n            <div class=\"td-module-thumb\"><a href=\"https:\/\/www.cgfmanet.org\/es\/ifma-es\/pem-giovane-ispettoria-bap\/\"  rel=\"bookmark\" class=\"td-image-wrap \" title=\"PEM Giovane \u2013 Ispettoria BAP\" ><img decoding=\"async\" width=\"265\" height=\"198\" class=\"entry-thumb lazyload\" data-src=\"https:\/\/www.cgfmanet.org\/wp-content\/uploads\/2026\/05\/PEM-Giovane_BAP-265x198.jpg\"  data-srcset=\"https:\/\/www.cgfmanet.org\/wp-content\/uploads\/2026\/05\/PEM-Giovane_BAP-265x198.jpg 265w, https:\/\/www.cgfmanet.org\/wp-content\/uploads\/2026\/05\/PEM-Giovane_BAP-80x60.jpg 80w\" data-sizes=\"auto\"  alt=\"\" title=\"PEM Giovane \u2013 Ispettoria BAP\" src=\"data:image\/svg+xml;base64,PHN2ZyB3aWR0aD0iMSIgaGVpZ2h0PSIxIiB4bWxucz0iaHR0cDovL3d3dy53My5vcmcvMjAwMC9zdmciPjwvc3ZnPg==\" style=\"--smush-placeholder-width: 265px; --smush-placeholder-aspect-ratio: 265\/198;\" data-original-sizes=\"(max-width: 265px) 100vw, 265px\" \/><\/a><\/div>            <div class=\"td-meta-info-container\">\r\n                <div class=\"td-meta-align\">\r\n                    <div class=\"td-big-grid-meta\">\r\n                        <a href=\"https:\/\/www.cgfmanet.org\/categoria\/ifma\/150-missioni-fma\/\" class=\"td-post-category\" >150\u00b0 Missioni FMA<\/a>                        <h3 class=\"entry-title td-module-title\"><a href=\"https:\/\/www.cgfmanet.org\/es\/ifma-es\/pem-giovane-ispettoria-bap\/\"  rel=\"bookmark\" title=\"PEM Giovane \u2013 Ispettoria BAP\">PEM Giovane \u2013 Ispettoria BAP<\/a><\/h3>                    <\/div>\r\n                <\/div>\r\n            <\/div>\r\n\r\n        <\/div>\r\n\r\n\r\n        \r\n        <div class=\"td_module_mx6 td-animation-stack td-big-grid-post-2 td-big-grid-post td-small-thumb\">\r\n            <div class=\"td-module-thumb\"><a href=\"https:\/\/www.cgfmanet.org\/es\/infoesfera\/papa-leone-xiv-in-angola\/\"  rel=\"bookmark\" class=\"td-image-wrap \" title=\"Papa Leone XIV in Angola\" ><img decoding=\"async\" width=\"265\" height=\"198\" class=\"entry-thumb lazyload\" data-src=\"https:\/\/www.cgfmanet.org\/wp-content\/uploads\/2026\/04\/Papa_Angola-265x198.jpg\"  data-srcset=\"https:\/\/www.cgfmanet.org\/wp-content\/uploads\/2026\/04\/Papa_Angola-265x198.jpg 265w, https:\/\/www.cgfmanet.org\/wp-content\/uploads\/2026\/04\/Papa_Angola-80x60.jpg 80w\" data-sizes=\"auto\"  alt=\"\" title=\"Papa Leone XIV in Angola\" src=\"data:image\/svg+xml;base64,PHN2ZyB3aWR0aD0iMSIgaGVpZ2h0PSIxIiB4bWxucz0iaHR0cDovL3d3dy53My5vcmcvMjAwMC9zdmciPjwvc3ZnPg==\" style=\"--smush-placeholder-width: 265px; --smush-placeholder-aspect-ratio: 265\/198;\" data-original-sizes=\"(max-width: 265px) 100vw, 265px\" \/><\/a><\/div>            <div class=\"td-meta-info-container\">\r\n                <div class=\"td-meta-align\">\r\n                    <div class=\"td-big-grid-meta\">\r\n                        <a href=\"https:\/\/www.cgfmanet.org\/categoria\/infosfera\/chiesa\/\" class=\"td-post-category\" >Chiesa<\/a>                        <h3 class=\"entry-title td-module-title\"><a href=\"https:\/\/www.cgfmanet.org\/es\/infoesfera\/papa-leone-xiv-in-angola\/\"  rel=\"bookmark\" title=\"Papa Leone XIV in Angola\">Papa Leone XIV in Angola<\/a><\/h3>                    <\/div>\r\n                <\/div>\r\n            <\/div>\r\n\r\n        <\/div>\r\n\r\n\r\n        \r\n        <div class=\"td_module_mx6 td-animation-stack td-big-grid-post-3 td-big-grid-post td-small-thumb\">\r\n            <div class=\"td-module-thumb\"><a href=\"https:\/\/www.cgfmanet.org\/es\/infoesfera\/educomunicacion\/nuevo-sitio-web-para-la-inspectoria-cil\/\"  rel=\"bookmark\" class=\"td-image-wrap \" title=\"Nuevo sitio web para la Inspector\u00eda CIL\" ><img decoding=\"async\" width=\"265\" height=\"198\" class=\"entry-thumb lazyload\" data-src=\"https:\/\/www.cgfmanet.org\/wp-content\/uploads\/2026\/04\/Nuovo-sito-web_CILE-265x198.jpg\"  data-srcset=\"https:\/\/www.cgfmanet.org\/wp-content\/uploads\/2026\/04\/Nuovo-sito-web_CILE-265x198.jpg 265w, https:\/\/www.cgfmanet.org\/wp-content\/uploads\/2026\/04\/Nuovo-sito-web_CILE-80x60.jpg 80w\" data-sizes=\"auto\"  alt=\"\" title=\"Nuevo sitio web para la Inspector\u00eda CIL\" src=\"data:image\/svg+xml;base64,PHN2ZyB3aWR0aD0iMSIgaGVpZ2h0PSIxIiB4bWxucz0iaHR0cDovL3d3dy53My5vcmcvMjAwMC9zdmciPjwvc3ZnPg==\" style=\"--smush-placeholder-width: 265px; --smush-placeholder-aspect-ratio: 265\/198;\" data-original-sizes=\"(max-width: 265px) 100vw, 265px\" \/><\/a><\/div>            <div class=\"td-meta-info-container\">\r\n                <div class=\"td-meta-align\">\r\n                    <div class=\"td-big-grid-meta\">\r\n                        <a href=\"https:\/\/www.cgfmanet.org\/es\/categoria\/infoesfera\/educomunicacion\/\" class=\"td-post-category\" >Educomunicaci\u00f3n<\/a>                        <h3 class=\"entry-title td-module-title\"><a href=\"https:\/\/www.cgfmanet.org\/es\/infoesfera\/educomunicacion\/nuevo-sitio-web-para-la-inspectoria-cil\/\"  rel=\"bookmark\" title=\"Nuevo sitio web para la Inspector\u00eda CIL\">Nuevo sitio web para la Inspector\u00eda CIL<\/a><\/h3>                    <\/div>\r\n                <\/div>\r\n            <\/div>\r\n\r\n        <\/div>\r\n\r\n\r\n        \r\n        <div class=\"td_module_mx6 td-animation-stack td-big-grid-post-4 td-big-grid-post td-small-thumb\">\r\n            <div class=\"td-module-thumb\"><a href=\"https:\/\/www.cgfmanet.org\/es\/infoesfera\/lecologia-integrale-nella-vita-della-famiglia\/\"  rel=\"bookmark\" class=\"td-image-wrap \" title=\"L&#8217;ecologia integrale nella vita della famiglia\" ><img decoding=\"async\" width=\"265\" height=\"198\" class=\"entry-thumb lazyload\" data-src=\"https:\/\/www.cgfmanet.org\/wp-content\/uploads\/2026\/04\/Documento-Ecologia-integrale-265x198.jpg\"  data-srcset=\"https:\/\/www.cgfmanet.org\/wp-content\/uploads\/2026\/04\/Documento-Ecologia-integrale-265x198.jpg 265w, https:\/\/www.cgfmanet.org\/wp-content\/uploads\/2026\/04\/Documento-Ecologia-integrale-80x60.jpg 80w\" data-sizes=\"auto\"  alt=\"\" title=\"L&#8217;ecologia integrale nella vita della famiglia\" src=\"data:image\/svg+xml;base64,PHN2ZyB3aWR0aD0iMSIgaGVpZ2h0PSIxIiB4bWxucz0iaHR0cDovL3d3dy53My5vcmcvMjAwMC9zdmciPjwvc3ZnPg==\" style=\"--smush-placeholder-width: 265px; --smush-placeholder-aspect-ratio: 265\/198;\" data-original-sizes=\"(max-width: 265px) 100vw, 265px\" \/><\/a><\/div>            <div class=\"td-meta-info-container\">\r\n                <div class=\"td-meta-align\">\r\n                    <div class=\"td-big-grid-meta\">\r\n                        <a href=\"https:\/\/www.cgfmanet.org\/categoria\/infosfera\/ecologia\/\" class=\"td-post-category\" >Ecologia<\/a>                        <h3 class=\"entry-title td-module-title\"><a href=\"https:\/\/www.cgfmanet.org\/es\/infoesfera\/lecologia-integrale-nella-vita-della-famiglia\/\"  rel=\"bookmark\" title=\"L&#8217;ecologia integrale nella vita della famiglia\">L&#8217;ecologia integrale nella vita della famiglia<\/a><\/h3>                    <\/div>\r\n                <\/div>\r\n            <\/div>\r\n\r\n        <\/div>\r\n\r\n\r\n        <\/div><\/div><div class=\"clearfix\"><\/div><\/div><\/div> <!-- .\/block --><\/div><\/div><\/div><\/div><div id=\"tdi_9\" class=\"tdc-row\"><div class=\"vc_row tdi_10 td-ss-row wpb_row td-pb-row\" >\n<style scoped>\n\/* custom css - generated by TagDiv Composer *\/\n\n\/* custom css - generated by TagDiv Composer *\/\n.tdi_10,\r\n                .tdi_10 .tdc-columns{\r\n                    min-height: 0;\r\n                }.tdi_10,\r\n\t\t\t\t.tdi_10 .tdc-columns{\r\n\t\t\t\t    display: block;\r\n\t\t\t\t}.tdi_10 .tdc-columns{\r\n\t\t\t\t    width: 100%;\r\n\t\t\t\t}.tdi_10:before,\r\n\t\t\t\t.tdi_10:after{\r\n\t\t\t\t    display: table;\r\n\t\t\t\t}\n<\/style><div class=\"vc_column tdi_12  wpb_column vc_column_container tdc-column td-pb-span8\">\n<style scoped>\n\/* custom css - generated by TagDiv Composer *\/\n\n\/* custom css - generated by TagDiv Composer *\/\n.tdi_12{\r\n                    vertical-align: baseline;\r\n                }.tdi_12 > .wpb_wrapper,\r\n\t\t\t\t.tdi_12 > .wpb_wrapper > .tdc-elements{\r\n\t\t\t\t    display: block;\r\n\t\t\t\t}.tdi_12 > .wpb_wrapper > .tdc-elements{\r\n\t\t\t\t    width: 100%;\r\n\t\t\t\t}.tdi_12 > .wpb_wrapper > .vc_row_inner{\r\n\t\t\t\t    width: auto;\r\n\t\t\t\t}.tdi_12 > .wpb_wrapper{\r\n\t\t\t\t    width: auto;\r\n\t\t\t\t    height: auto;\r\n\t\t\t\t}\n<\/style><div class=\"wpb_wrapper\" ><div class=\"td_block_wrap td_block_2 tdi_13 td-pb-border-top td_block_template_1 td-column-2 td_block_padding\"  data-td-block-uid=\"tdi_13\" >\n<style>\n.td-theme-wrap .tdi_13 .td-pulldown-filter-link:hover,\r\n            .td-theme-wrap .tdi_13 .td-subcat-item a:hover,\r\n            .td-theme-wrap .tdi_13 .td-subcat-item .td-cur-simple-item {\r\n                color: #024656;\r\n            }\r\n\r\n            .td-theme-wrap .tdi_13 .block-title > *,\r\n            .td-theme-wrap .tdi_13 .td-subcat-dropdown:hover .td-subcat-more {\r\n                background-color: #024656;\r\n            }\r\n            .td-theme-wrap .td-footer-wrapper .tdi_13 .block-title > * {\r\n                padding: 6px 7px 5px;\r\n                line-height: 1;\r\n            }\r\n\r\n            .td-theme-wrap .tdi_13 .block-title {\r\n                border-color: #024656;\r\n            }\r\n\r\n            \r\n            .td-theme-wrap .tdi_13 .td_module_wrap:hover .entry-title a,\r\n            .td-theme-wrap .tdi_13 .td_quote_on_blocks,\r\n            .td-theme-wrap .tdi_13 .td-opacity-cat .td-post-category:hover,\r\n            .td-theme-wrap .tdi_13 .td-opacity-read .td-read-more a:hover,\r\n            .td-theme-wrap .tdi_13 .td-opacity-author .td-post-author-name a:hover,\r\n            .td-theme-wrap .tdi_13 .td-instagram-user a {\r\n                color: #024656;\r\n            }\r\n\r\n            .td-theme-wrap .tdi_13 .td-next-prev-wrap a:hover,\r\n            .td-theme-wrap .tdi_13 .td-load-more-wrap a:hover {\r\n                background-color: #024656;\r\n                border-color: #024656;\r\n            }\r\n\r\n            .td-theme-wrap .tdi_13 .td-read-more a,\r\n            .td-theme-wrap .tdi_13 .td-weather-information:before,\r\n            .td-theme-wrap .tdi_13 .td-weather-week:before,\r\n            .td-theme-wrap .tdi_13 .td-exchange-header:before,\r\n            .td-theme-wrap .td-footer-wrapper .tdi_13 .td-post-category,\r\n            .td-theme-wrap .tdi_13 .td-post-category:hover {\r\n                background-color: #024656;\r\n            }\n<\/style><script>var block_tdi_13 = new tdBlock();\nblock_tdi_13.id = \"tdi_13\";\nblock_tdi_13.atts = '{\"custom_title\":\"150\\u00ba Misiones FMA\",\"custom_url\":\"https:\\\/\\\/www.cgfmanet.org\\\/es\\\/categoria\\\/ifma-es\\\/150-misiones-fma\\\/\",\"m6_tl\":\"15\",\"category_id\":\"2470\",\"limit\":\"4\",\"td_filter_default_txt\":\"Todos\",\"m4_tl\":\"10\",\"header_color\":\"#024656\",\"block_type\":\"td_block_2\",\"separator\":\"\",\"block_template_id\":\"\",\"m2_tl\":\"\",\"m2_el\":\"\",\"post_ids\":\"\",\"taxonomies\":\"\",\"category_ids\":\"\",\"in_all_terms\":\"\",\"tag_slug\":\"\",\"autors_id\":\"\",\"installed_post_types\":\"\",\"include_cf_posts\":\"\",\"exclude_cf_posts\":\"\",\"sort\":\"\",\"popular_by_date\":\"\",\"linked_posts\":\"\",\"favourite_only\":\"\",\"offset\":\"\",\"open_in_new_window\":\"\",\"show_modified_date\":\"\",\"time_ago\":\"\",\"time_ago_add_txt\":\"ago\",\"time_ago_txt_pos\":\"\",\"review_source\":\"\",\"el_class\":\"\",\"td_ajax_filter_type\":\"\",\"td_ajax_filter_ids\":\"\",\"td_ajax_preloading\":\"\",\"f_header_font_header\":\"\",\"f_header_font_title\":\"Block header\",\"f_header_font_settings\":\"\",\"f_header_font_family\":\"\",\"f_header_font_size\":\"\",\"f_header_font_line_height\":\"\",\"f_header_font_style\":\"\",\"f_header_font_weight\":\"\",\"f_header_font_transform\":\"\",\"f_header_font_spacing\":\"\",\"f_header_\":\"\",\"f_ajax_font_title\":\"Ajax categories\",\"f_ajax_font_settings\":\"\",\"f_ajax_font_family\":\"\",\"f_ajax_font_size\":\"\",\"f_ajax_font_line_height\":\"\",\"f_ajax_font_style\":\"\",\"f_ajax_font_weight\":\"\",\"f_ajax_font_transform\":\"\",\"f_ajax_font_spacing\":\"\",\"f_ajax_\":\"\",\"f_more_font_title\":\"Load more button\",\"f_more_font_settings\":\"\",\"f_more_font_family\":\"\",\"f_more_font_size\":\"\",\"f_more_font_line_height\":\"\",\"f_more_font_style\":\"\",\"f_more_font_weight\":\"\",\"f_more_font_transform\":\"\",\"f_more_font_spacing\":\"\",\"f_more_\":\"\",\"m2f_title_font_header\":\"\",\"m2f_title_font_title\":\"Article title\",\"m2f_title_font_settings\":\"\",\"m2f_title_font_family\":\"\",\"m2f_title_font_size\":\"\",\"m2f_title_font_line_height\":\"\",\"m2f_title_font_style\":\"\",\"m2f_title_font_weight\":\"\",\"m2f_title_font_transform\":\"\",\"m2f_title_font_spacing\":\"\",\"m2f_title_\":\"\",\"m2f_cat_font_title\":\"Article category tag\",\"m2f_cat_font_settings\":\"\",\"m2f_cat_font_family\":\"\",\"m2f_cat_font_size\":\"\",\"m2f_cat_font_line_height\":\"\",\"m2f_cat_font_style\":\"\",\"m2f_cat_font_weight\":\"\",\"m2f_cat_font_transform\":\"\",\"m2f_cat_font_spacing\":\"\",\"m2f_cat_\":\"\",\"m2f_meta_font_title\":\"Article meta info\",\"m2f_meta_font_settings\":\"\",\"m2f_meta_font_family\":\"\",\"m2f_meta_font_size\":\"\",\"m2f_meta_font_line_height\":\"\",\"m2f_meta_font_style\":\"\",\"m2f_meta_font_weight\":\"\",\"m2f_meta_font_transform\":\"\",\"m2f_meta_font_spacing\":\"\",\"m2f_meta_\":\"\",\"m2f_ex_font_title\":\"Article excerpt\",\"m2f_ex_font_settings\":\"\",\"m2f_ex_font_family\":\"\",\"m2f_ex_font_size\":\"\",\"m2f_ex_font_line_height\":\"\",\"m2f_ex_font_style\":\"\",\"m2f_ex_font_weight\":\"\",\"m2f_ex_font_transform\":\"\",\"m2f_ex_font_spacing\":\"\",\"m2f_ex_\":\"\",\"m6f_title_font_header\":\"\",\"m6f_title_font_title\":\"Article title\",\"m6f_title_font_settings\":\"\",\"m6f_title_font_family\":\"\",\"m6f_title_font_size\":\"\",\"m6f_title_font_line_height\":\"\",\"m6f_title_font_style\":\"\",\"m6f_title_font_weight\":\"\",\"m6f_title_font_transform\":\"\",\"m6f_title_font_spacing\":\"\",\"m6f_title_\":\"\",\"m6f_cat_font_title\":\"Article category tag\",\"m6f_cat_font_settings\":\"\",\"m6f_cat_font_family\":\"\",\"m6f_cat_font_size\":\"\",\"m6f_cat_font_line_height\":\"\",\"m6f_cat_font_style\":\"\",\"m6f_cat_font_weight\":\"\",\"m6f_cat_font_transform\":\"\",\"m6f_cat_font_spacing\":\"\",\"m6f_cat_\":\"\",\"m6f_meta_font_title\":\"Article meta info\",\"m6f_meta_font_settings\":\"\",\"m6f_meta_font_family\":\"\",\"m6f_meta_font_size\":\"\",\"m6f_meta_font_line_height\":\"\",\"m6f_meta_font_style\":\"\",\"m6f_meta_font_weight\":\"\",\"m6f_meta_font_transform\":\"\",\"m6f_meta_font_spacing\":\"\",\"m6f_meta_\":\"\",\"ajax_pagination\":\"\",\"ajax_pagination_next_prev_swipe\":\"\",\"ajax_pagination_infinite_stop\":\"\",\"css\":\"\",\"tdc_css\":\"\",\"td_column_number\":2,\"color_preset\":\"\",\"border_top\":\"\",\"class\":\"tdi_13\",\"tdc_css_class\":\"tdi_13\",\"tdc_css_class_style\":\"tdi_13_rand_style\"}';\nblock_tdi_13.td_column_number = \"2\";\nblock_tdi_13.block_type = \"td_block_2\";\nblock_tdi_13.post_count = \"4\";\nblock_tdi_13.found_posts = \"85\";\nblock_tdi_13.header_color = \"#024656\";\nblock_tdi_13.ajax_pagination_infinite_stop = \"\";\nblock_tdi_13.max_num_pages = \"22\";\ntdBlocksArray.push(block_tdi_13);\n<\/script><div class=\"td-block-title-wrap\"><h4 class=\"block-title td-block-title\"><a href=\"https:\/\/www.cgfmanet.org\/es\/categoria\/ifma-es\/150-misiones-fma\/\" class=\"td-pulldown-size\">150\u00ba Misiones FMA<\/a><\/h4><\/div><div id=tdi_13 class=\"td_block_inner\">\n\n\t<div class=\"td-block-row\">\n\n\t<div class=\"td-block-span6\">\n\r\n        <div class=\"td_module_2 td_module_wrap td-animation-stack\">\r\n            <div class=\"td-module-image\">\r\n                <div class=\"td-module-thumb\"><a href=\"https:\/\/www.cgfmanet.org\/es\/ifma-es\/pem-giovane-ispettoria-bap\/\"  rel=\"bookmark\" class=\"td-image-wrap \" title=\"PEM Giovane \u2013 Ispettoria BAP\" ><img decoding=\"async\" width=\"324\" height=\"160\" class=\"entry-thumb lazyload\" data-src=\"https:\/\/www.cgfmanet.org\/wp-content\/uploads\/2026\/05\/PEM-Giovane_BAP-324x160.jpg\"   alt=\"\" title=\"PEM Giovane \u2013 Ispettoria BAP\" src=\"data:image\/svg+xml;base64,PHN2ZyB3aWR0aD0iMSIgaGVpZ2h0PSIxIiB4bWxucz0iaHR0cDovL3d3dy53My5vcmcvMjAwMC9zdmciPjwvc3ZnPg==\" style=\"--smush-placeholder-width: 324px; --smush-placeholder-aspect-ratio: 324\/160;\" \/><\/a><\/div>                <a href=\"https:\/\/www.cgfmanet.org\/categoria\/ifma\/150-missioni-fma\/\" class=\"td-post-category\" >150\u00b0 Missioni FMA<\/a>            <\/div>\r\n            <h3 class=\"entry-title td-module-title\"><a href=\"https:\/\/www.cgfmanet.org\/es\/ifma-es\/pem-giovane-ispettoria-bap\/\"  rel=\"bookmark\" title=\"PEM Giovane \u2013 Ispettoria BAP\">PEM Giovane \u2013 Ispettoria BAP<\/a><\/h3>\r\n\r\n            <div class=\"td-module-meta-info\">\r\n                                <span class=\"td-post-date\"><time class=\"entry-date updated td-module-date\" datetime=\"2026-05-01T09:04:40+02:00\" >1 de mayo de 2026<\/time><\/span>                            <\/div>\r\n\r\n\r\n            <div class=\"td-excerpt\">\r\n                San Paolo (Brasile). Dal 18 al 20 aprile 2026, 56 partecipanti tra giovani, animatori e Figlie di Maria Ausiliatrice delle realt\u00e0 dell\u2019Ispettoria Nossa Senhora...            <\/div>\r\n\r\n            \r\n        <\/div>\r\n\r\n        \n\t<\/div> <!-- .\/td-block-span6 -->\n\n\t<div class=\"td-block-span6\">\n\r\n        <div class=\"td_module_2 td_module_wrap td-animation-stack\">\r\n            <div class=\"td-module-image\">\r\n                <div class=\"td-module-thumb\"><a href=\"https:\/\/www.cgfmanet.org\/es\/ifma-es\/150-misiones-fma\/4-encuentro-peregrinacion-online-pem-la-fuerza-contagiosa-de-la-comunidad\/\"  rel=\"bookmark\" class=\"td-image-wrap \" title=\"4\u00b0 encuentro Peregrinaci\u00f3n online PEM: La fuerza contagiosa de la comunidad\" ><img decoding=\"async\" width=\"324\" height=\"160\" class=\"entry-thumb lazyload\" data-src=\"https:\/\/www.cgfmanet.org\/wp-content\/uploads\/2026\/04\/PEM-4\u00b0-incontro-324x160.jpg\"   alt=\"\" title=\"4\u00b0 encuentro Peregrinaci\u00f3n online PEM: La fuerza contagiosa de la comunidad\" src=\"data:image\/svg+xml;base64,PHN2ZyB3aWR0aD0iMSIgaGVpZ2h0PSIxIiB4bWxucz0iaHR0cDovL3d3dy53My5vcmcvMjAwMC9zdmciPjwvc3ZnPg==\" style=\"--smush-placeholder-width: 324px; --smush-placeholder-aspect-ratio: 324\/160;\" \/><\/a><\/div>                <a href=\"https:\/\/www.cgfmanet.org\/es\/categoria\/ifma-es\/150-misiones-fma\/\" class=\"td-post-category\" >150\u00b0 Misiones FMA<\/a>            <\/div>\r\n            <h3 class=\"entry-title td-module-title\"><a href=\"https:\/\/www.cgfmanet.org\/es\/ifma-es\/150-misiones-fma\/4-encuentro-peregrinacion-online-pem-la-fuerza-contagiosa-de-la-comunidad\/\"  rel=\"bookmark\" title=\"4\u00b0 encuentro Peregrinaci\u00f3n online PEM: La fuerza contagiosa de la comunidad\">4\u00b0 encuentro Peregrinaci\u00f3n online PEM: La fuerza contagiosa de la comunidad<\/a><\/h3>\r\n\r\n            <div class=\"td-module-meta-info\">\r\n                                <span class=\"td-post-date\"><time class=\"entry-date updated td-module-date\" datetime=\"2026-04-20T16:21:11+02:00\" >20 de abril de 2026<\/time><\/span>                            <\/div>\r\n\r\n\r\n            <div class=\"td-excerpt\">\r\n                Roma (Italia) El domingo 19 de abril de 2026 tuvo lugar el cuarto encuentro de la Peregrinaci\u00f3n online del Proyecto de Espiritualidad Misionera (PEM),...            <\/div>\r\n\r\n            \r\n        <\/div>\r\n\r\n        \n\t<\/div> <!-- .\/td-block-span6 --><\/div><!--.\/row-fluid-->\n\n\t<div class=\"td-block-row\">\n\n\t<div class=\"td-block-span6\">\n\r\n        <div class=\"td_module_6 td_module_wrap td-animation-stack\">\r\n\r\n        <div class=\"td-module-thumb\"><a href=\"https:\/\/www.cgfmanet.org\/es\/ifma-es\/3-encuentro-de-la-peregrinacion-online-pem-ardiendo-en-valentia\/\"  rel=\"bookmark\" class=\"td-image-wrap \" title=\"3\u00b0 encuentro de la Peregrinaci\u00f3n online PEM: Ardiendo en valent\u00eda\" ><img decoding=\"async\" width=\"100\" height=\"70\" class=\"entry-thumb lazyload\" data-src=\"https:\/\/www.cgfmanet.org\/wp-content\/uploads\/2026\/04\/3\u00b0-incontro-PEM-online-100x70.jpg\"  data-srcset=\"https:\/\/www.cgfmanet.org\/wp-content\/uploads\/2026\/04\/3\u00b0-incontro-PEM-online-100x70.jpg 100w, https:\/\/www.cgfmanet.org\/wp-content\/uploads\/2026\/04\/3\u00b0-incontro-PEM-online-218x150.jpg 218w\" data-sizes=\"auto\"  alt=\"\" title=\"3\u00b0 encuentro de la Peregrinaci\u00f3n online PEM: Ardiendo en valent\u00eda\" src=\"data:image\/svg+xml;base64,PHN2ZyB3aWR0aD0iMSIgaGVpZ2h0PSIxIiB4bWxucz0iaHR0cDovL3d3dy53My5vcmcvMjAwMC9zdmciPjwvc3ZnPg==\" style=\"--smush-placeholder-width: 100px; --smush-placeholder-aspect-ratio: 100\/70;\" data-original-sizes=\"(max-width: 100px) 100vw, 100px\" \/><\/a><\/div>\r\n        <div class=\"item-details\">\r\n            <h3 class=\"entry-title td-module-title\"><a href=\"https:\/\/www.cgfmanet.org\/es\/ifma-es\/3-encuentro-de-la-peregrinacion-online-pem-ardiendo-en-valentia\/\"  rel=\"bookmark\" title=\"3\u00b0 encuentro de la Peregrinaci\u00f3n online PEM: Ardiendo en valent\u00eda\">3\u00b0 encuentro de la Peregrinaci\u00f3n online PEM: Ardiendo en valent\u00eda<\/a><\/h3>            <div class=\"td-module-meta-info\">\r\n                                                <span class=\"td-post-date\"><time class=\"entry-date updated td-module-date\" datetime=\"2026-04-15T10:49:13+02:00\" >15 de abril de 2026<\/time><\/span>                            <\/div>\r\n        <\/div>\r\n\r\n        <\/div>\r\n\r\n        \n\t<\/div> <!-- .\/td-block-span6 -->\n\n\t<div class=\"td-block-span6\">\n\r\n        <div class=\"td_module_6 td_module_wrap td-animation-stack\">\r\n\r\n        <div class=\"td-module-thumb\"><a href=\"https:\/\/www.cgfmanet.org\/es\/ifma-es\/2-encuentro-de-peregrinacion-online-pem-mirada-amplia-la-vision\/\"  rel=\"bookmark\" class=\"td-image-wrap \" title=\"2\u00b0 encuentro de Peregrinaci\u00f3n online PEM: mirada amplia \u2013 la visi\u00f3n\" ><img decoding=\"async\" width=\"100\" height=\"70\" class=\"entry-thumb lazyload\" data-src=\"https:\/\/www.cgfmanet.org\/wp-content\/uploads\/2026\/03\/2-incontro_PEM-online-2026-100x70.jpg\"  data-srcset=\"https:\/\/www.cgfmanet.org\/wp-content\/uploads\/2026\/03\/2-incontro_PEM-online-2026-100x70.jpg 100w, https:\/\/www.cgfmanet.org\/wp-content\/uploads\/2026\/03\/2-incontro_PEM-online-2026-218x150.jpg 218w\" data-sizes=\"auto\"  alt=\"\" title=\"2\u00b0 encuentro de Peregrinaci\u00f3n online PEM: mirada amplia \u2013 la visi\u00f3n\" src=\"data:image\/svg+xml;base64,PHN2ZyB3aWR0aD0iMSIgaGVpZ2h0PSIxIiB4bWxucz0iaHR0cDovL3d3dy53My5vcmcvMjAwMC9zdmciPjwvc3ZnPg==\" style=\"--smush-placeholder-width: 100px; --smush-placeholder-aspect-ratio: 100\/70;\" data-original-sizes=\"(max-width: 100px) 100vw, 100px\" \/><\/a><\/div>\r\n        <div class=\"item-details\">\r\n            <h3 class=\"entry-title td-module-title\"><a href=\"https:\/\/www.cgfmanet.org\/es\/ifma-es\/2-encuentro-de-peregrinacion-online-pem-mirada-amplia-la-vision\/\"  rel=\"bookmark\" title=\"2\u00b0 encuentro de Peregrinaci\u00f3n online PEM: mirada amplia \u2013 la visi\u00f3n\">2\u00b0 encuentro de Peregrinaci\u00f3n online PEM: mirada amplia \u2013 la visi\u00f3n<\/a><\/h3>            <div class=\"td-module-meta-info\">\r\n                                                <span class=\"td-post-date\"><time class=\"entry-date updated td-module-date\" datetime=\"2026-03-23T09:50:15+01:00\" >23 de marzo de 2026<\/time><\/span>                            <\/div>\r\n        <\/div>\r\n\r\n        <\/div>\r\n\r\n        \n\t<\/div> <!-- .\/td-block-span6 --><\/div><!--.\/row-fluid--><\/div><\/div> <!-- .\/block --><div class=\"td_block_wrap td_block_2 tdi_14 td-pb-border-top td_block_template_1 td-column-2 td_block_padding\"  data-td-block-uid=\"tdi_14\" >\n<style>\n.td-block-title-wrap .td-wrapper-pulldown-filter {\r\n                    font-family: var(--td_default_google_font_2, 'Roboto', sans-serif);\r\n                    position: absolute;\r\n                    bottom: 0;\r\n                    right: 0;\r\n                    top: 0;\r\n                    margin: auto 0;\r\n                    z-index: 2;\r\n                    background-color: #fff;\r\n                    font-size: 13px;\r\n                    line-height: 1;\r\n                    color: #777;\r\n                    text-align: right;\r\n                }\r\n                .td-block-title-wrap .td-wrapper-pulldown-filter .td-pulldown-filter-display-option {\r\n                    cursor: pointer;\r\n                    white-space: nowrap;\r\n                    position: relative;\r\n                    line-height: 29px;\r\n                }\r\n                .td-block-title-wrap .td-wrapper-pulldown-filter .td-pulldown-filter-display-option i {\r\n                    font-size: 9px;\r\n                    color: #777;\r\n                    margin-left: 20px;\r\n                    margin-right: 10px;\r\n                }\r\n                .td-block-title-wrap .td-wrapper-pulldown-filter .td-pulldown-filter-display-option i:before {\r\n                    content: '\\e83d';\r\n                }\r\n                .td-block-title-wrap .td-wrapper-pulldown-filter .td-pulldown-filter-display-option span {\r\n                    padding-left: 20px;\r\n                    margin-right: -14px;\r\n                }\r\n                @media (max-width: 360px) {\r\n                    .td-block-title-wrap .td-wrapper-pulldown-filter .td-pulldown-filter-display-option span {\r\n                        display: none;\r\n                    }\r\n                }\r\n                .td-block-title-wrap .td-pulldown-filter-display-option:hover,\r\n                .td-block-title-wrap .td-pulldown-filter-display-option:hover i {\r\n                    color: #4db2ec;\r\n                }\r\n                .td-block-title-wrap .td-wrapper-pulldown-filter .td-pulldown-filter-display-option:hover ul {\r\n                    display: block;\r\n                }\r\n                .td-block-title-wrap .td-wrapper-pulldown-filter .td-pulldown-filter-list {\r\n                    list-style: none;\r\n                    position: absolute;\r\n                    right: 0;\r\n                    top: 100%;\r\n                    padding: 18px 0;\r\n                    background-color: rgb(255, 255, 255);\r\n                    background-color: rgba(255, 255, 255, 0.95);\r\n                    z-index: 999;\r\n                    border-width: 1px;\r\n                    border-color: #ededed;\r\n                    border-style: solid;\r\n                    display: none;\r\n                    margin: 0;\r\n                }\r\n                .td-block-title-wrap .td-wrapper-pulldown-filter .td-pulldown-filter-item {\r\n                    list-style: none;\r\n                    margin: 0;\r\n                }\r\n                .td-block-title-wrap .td-pulldown-filter-item .td-cur-simple-item {\r\n                    color: #4db2ec;\r\n                }\r\n                .td-block-title-wrap .td-wrapper-pulldown-filter .td-pulldown-more {\r\n                    padding-bottom: 10px;\r\n                }\r\n                .td-block-title-wrap .td-wrapper-pulldown-filter .td-pulldown-more:before {\r\n                    content: '';\r\n                    width: 70px;\r\n                    height: 100%;\r\n                    position: absolute;\r\n                    margin-top: 2px;\r\n                    top: 0;\r\n                    right: 0;\r\n                    z-index: 1;\r\n                    opacity: 0;\r\n                }\r\n                .td-block-title-wrap .td-wrapper-pulldown-filter .td-pulldown-filter-link {\r\n                    color: #777;\r\n                    white-space: nowrap;\r\n                    display: block;\r\n                    line-height: 26px;\r\n                    padding-left: 36px;\r\n                    padding-right: 27px;\r\n                }\r\n                .td-block-title-wrap .td-pulldown-filter-link:hover {\r\n                    color: #4db2ec;\r\n                }\r\n                @media (min-width: 768px) and (max-width: 1018px) {\r\n                    .td-pb-span4 .td-block-title-wrap .td-wrapper-pulldown-filter .td-pulldown-filter-display-option span {\r\n                        display: none;\r\n                    }\r\n                    .td-pb-span4 .td-block-title-wrap .td-wrapper-pulldown-filter .td-pulldown-filter-link {\r\n                        padding-left: 24px;\r\n                        padding-right: 20px !important;\r\n                    }\r\n                }\r\n                \r\n                \r\n            .td-theme-wrap .tdi_14 .td-pulldown-filter-link:hover,\r\n            .td-theme-wrap .tdi_14 .td-subcat-item a:hover,\r\n            .td-theme-wrap .tdi_14 .td-subcat-item .td-cur-simple-item {\r\n                color: #50ac55;\r\n            }\r\n\r\n            .td-theme-wrap .tdi_14 .block-title > *,\r\n            .td-theme-wrap .tdi_14 .td-subcat-dropdown:hover .td-subcat-more {\r\n                background-color: #50ac55;\r\n            }\r\n            .td-theme-wrap .td-footer-wrapper .tdi_14 .block-title > * {\r\n                padding: 6px 7px 5px;\r\n                line-height: 1;\r\n            }\r\n\r\n            .td-theme-wrap .tdi_14 .block-title {\r\n                border-color: #50ac55;\r\n            }\r\n\r\n            \r\n            .td-theme-wrap .tdi_14 .td_module_wrap:hover .entry-title a,\r\n            .td-theme-wrap .tdi_14 .td_quote_on_blocks,\r\n            .td-theme-wrap .tdi_14 .td-opacity-cat .td-post-category:hover,\r\n            .td-theme-wrap .tdi_14 .td-opacity-read .td-read-more a:hover,\r\n            .td-theme-wrap .tdi_14 .td-opacity-author .td-post-author-name a:hover,\r\n            .td-theme-wrap .tdi_14 .td-instagram-user a {\r\n                color: #50ac55;\r\n            }\r\n\r\n            .td-theme-wrap .tdi_14 .td-next-prev-wrap a:hover,\r\n            .td-theme-wrap .tdi_14 .td-load-more-wrap a:hover {\r\n                background-color: #50ac55;\r\n                border-color: #50ac55;\r\n            }\r\n\r\n            .td-theme-wrap .tdi_14 .td-read-more a,\r\n            .td-theme-wrap .tdi_14 .td-weather-information:before,\r\n            .td-theme-wrap .tdi_14 .td-weather-week:before,\r\n            .td-theme-wrap .tdi_14 .td-exchange-header:before,\r\n            .td-theme-wrap .td-footer-wrapper .tdi_14 .td-post-category,\r\n            .td-theme-wrap .tdi_14 .td-post-category:hover {\r\n                background-color: #50ac55;\r\n            }\n<\/style><script>var block_tdi_14 = new tdBlock();\nblock_tdi_14.id = \"tdi_14\";\nblock_tdi_14.atts = '{\"custom_title\":\"Infoesfera\",\"custom_url\":\"https:\\\/\\\/www.cgfmanet.org\\\/es\\\/categoria\\\/infoesfera\\\/\",\"m6_tl\":\"15\",\"category_id\":\"1\",\"limit\":\"6\",\"td_ajax_filter_type\":\"td_category_ids_filter\",\"td_ajax_filter_ids\":\"191,195,199,203,206\",\"td_filter_default_txt\":\"Todos\",\"m4_tl\":\"10\",\"header_color\":\"#50ac55\",\"block_type\":\"td_block_2\",\"separator\":\"\",\"block_template_id\":\"\",\"m2_tl\":\"\",\"m2_el\":\"\",\"post_ids\":\"\",\"taxonomies\":\"\",\"category_ids\":\"\",\"in_all_terms\":\"\",\"tag_slug\":\"\",\"autors_id\":\"\",\"installed_post_types\":\"\",\"include_cf_posts\":\"\",\"exclude_cf_posts\":\"\",\"sort\":\"\",\"popular_by_date\":\"\",\"linked_posts\":\"\",\"favourite_only\":\"\",\"offset\":\"\",\"open_in_new_window\":\"\",\"show_modified_date\":\"\",\"time_ago\":\"\",\"time_ago_add_txt\":\"ago\",\"time_ago_txt_pos\":\"\",\"review_source\":\"\",\"el_class\":\"\",\"td_ajax_preloading\":\"\",\"f_header_font_header\":\"\",\"f_header_font_title\":\"Block header\",\"f_header_font_settings\":\"\",\"f_header_font_family\":\"\",\"f_header_font_size\":\"\",\"f_header_font_line_height\":\"\",\"f_header_font_style\":\"\",\"f_header_font_weight\":\"\",\"f_header_font_transform\":\"\",\"f_header_font_spacing\":\"\",\"f_header_\":\"\",\"f_ajax_font_title\":\"Ajax categories\",\"f_ajax_font_settings\":\"\",\"f_ajax_font_family\":\"\",\"f_ajax_font_size\":\"\",\"f_ajax_font_line_height\":\"\",\"f_ajax_font_style\":\"\",\"f_ajax_font_weight\":\"\",\"f_ajax_font_transform\":\"\",\"f_ajax_font_spacing\":\"\",\"f_ajax_\":\"\",\"f_more_font_title\":\"Load more button\",\"f_more_font_settings\":\"\",\"f_more_font_family\":\"\",\"f_more_font_size\":\"\",\"f_more_font_line_height\":\"\",\"f_more_font_style\":\"\",\"f_more_font_weight\":\"\",\"f_more_font_transform\":\"\",\"f_more_font_spacing\":\"\",\"f_more_\":\"\",\"m2f_title_font_header\":\"\",\"m2f_title_font_title\":\"Article title\",\"m2f_title_font_settings\":\"\",\"m2f_title_font_family\":\"\",\"m2f_title_font_size\":\"\",\"m2f_title_font_line_height\":\"\",\"m2f_title_font_style\":\"\",\"m2f_title_font_weight\":\"\",\"m2f_title_font_transform\":\"\",\"m2f_title_font_spacing\":\"\",\"m2f_title_\":\"\",\"m2f_cat_font_title\":\"Article category tag\",\"m2f_cat_font_settings\":\"\",\"m2f_cat_font_family\":\"\",\"m2f_cat_font_size\":\"\",\"m2f_cat_font_line_height\":\"\",\"m2f_cat_font_style\":\"\",\"m2f_cat_font_weight\":\"\",\"m2f_cat_font_transform\":\"\",\"m2f_cat_font_spacing\":\"\",\"m2f_cat_\":\"\",\"m2f_meta_font_title\":\"Article meta info\",\"m2f_meta_font_settings\":\"\",\"m2f_meta_font_family\":\"\",\"m2f_meta_font_size\":\"\",\"m2f_meta_font_line_height\":\"\",\"m2f_meta_font_style\":\"\",\"m2f_meta_font_weight\":\"\",\"m2f_meta_font_transform\":\"\",\"m2f_meta_font_spacing\":\"\",\"m2f_meta_\":\"\",\"m2f_ex_font_title\":\"Article excerpt\",\"m2f_ex_font_settings\":\"\",\"m2f_ex_font_family\":\"\",\"m2f_ex_font_size\":\"\",\"m2f_ex_font_line_height\":\"\",\"m2f_ex_font_style\":\"\",\"m2f_ex_font_weight\":\"\",\"m2f_ex_font_transform\":\"\",\"m2f_ex_font_spacing\":\"\",\"m2f_ex_\":\"\",\"m6f_title_font_header\":\"\",\"m6f_title_font_title\":\"Article title\",\"m6f_title_font_settings\":\"\",\"m6f_title_font_family\":\"\",\"m6f_title_font_size\":\"\",\"m6f_title_font_line_height\":\"\",\"m6f_title_font_style\":\"\",\"m6f_title_font_weight\":\"\",\"m6f_title_font_transform\":\"\",\"m6f_title_font_spacing\":\"\",\"m6f_title_\":\"\",\"m6f_cat_font_title\":\"Article category tag\",\"m6f_cat_font_settings\":\"\",\"m6f_cat_font_family\":\"\",\"m6f_cat_font_size\":\"\",\"m6f_cat_font_line_height\":\"\",\"m6f_cat_font_style\":\"\",\"m6f_cat_font_weight\":\"\",\"m6f_cat_font_transform\":\"\",\"m6f_cat_font_spacing\":\"\",\"m6f_cat_\":\"\",\"m6f_meta_font_title\":\"Article meta info\",\"m6f_meta_font_settings\":\"\",\"m6f_meta_font_family\":\"\",\"m6f_meta_font_size\":\"\",\"m6f_meta_font_line_height\":\"\",\"m6f_meta_font_style\":\"\",\"m6f_meta_font_weight\":\"\",\"m6f_meta_font_transform\":\"\",\"m6f_meta_font_spacing\":\"\",\"m6f_meta_\":\"\",\"ajax_pagination\":\"\",\"ajax_pagination_next_prev_swipe\":\"\",\"ajax_pagination_infinite_stop\":\"\",\"css\":\"\",\"tdc_css\":\"\",\"td_column_number\":2,\"color_preset\":\"\",\"border_top\":\"\",\"class\":\"tdi_14\",\"tdc_css_class\":\"tdi_14\",\"tdc_css_class_style\":\"tdi_14_rand_style\"}';\nblock_tdi_14.td_column_number = \"2\";\nblock_tdi_14.block_type = \"td_block_2\";\nblock_tdi_14.post_count = \"6\";\nblock_tdi_14.found_posts = \"1119\";\nblock_tdi_14.header_color = \"#50ac55\";\nblock_tdi_14.ajax_pagination_infinite_stop = \"\";\nblock_tdi_14.max_num_pages = \"187\";\ntdBlocksArray.push(block_tdi_14);\n<\/script><div class=\"td-block-title-wrap\"><h4 class=\"block-title td-block-title\"><a href=\"https:\/\/www.cgfmanet.org\/es\/categoria\/infoesfera\/\" class=\"td-pulldown-size\">Infoesfera<\/a><\/h4><div class=\"td-pulldown-syle-default td-subcat-filter\" id=\"td_pulldown_tdi_14\"><ul class=\"td-subcat-list\" id=\"td_pulldown_tdi_14_list\"><li class=\"td-subcat-item\"><a class=\"td-subcat-link\" id=\"tdi_15\" data-td_filter_value=\"\" data-td_block_id=\"tdi_14\" href=\"#\">Todos<\/a><\/li><li class=\"td-subcat-item\"><a class=\"td-subcat-link\" id=\"tdi_16\" data-td_filter_value=\"191\" data-td_block_id=\"tdi_14\" href=\"#\">Iglesia<\/a><\/li><li class=\"td-subcat-item\"><a class=\"td-subcat-link\" id=\"tdi_17\" data-td_filter_value=\"195\" data-td_block_id=\"tdi_14\" href=\"#\">Ciudadan\u00eda<\/a><\/li><li class=\"td-subcat-item\"><a class=\"td-subcat-link\" id=\"tdi_18\" data-td_filter_value=\"199\" data-td_block_id=\"tdi_14\" href=\"#\">Derechos Humanos<\/a><\/li><li class=\"td-subcat-item\"><a class=\"td-subcat-link\" id=\"tdi_19\" data-td_filter_value=\"203\" data-td_block_id=\"tdi_14\" href=\"#\">Ecolog\u00eda<\/a><\/li><li class=\"td-subcat-item\"><a class=\"td-subcat-link\" id=\"tdi_20\" data-td_filter_value=\"206\" data-td_block_id=\"tdi_14\" href=\"#\">Educomunicaci\u00f3n<\/a><\/li><\/ul><div class=\"td-subcat-dropdown\"><div class=\"td-subcat-more\" aria-haspopup=\"true\"><span>M\u00e1s<\/span><i class=\"td-icon-read-down\"><\/i><\/div><ul class=\"td-pulldown-filter-list\"><\/ul><\/div><\/div><\/div><div id=tdi_14 class=\"td_block_inner\">\n\n\t<div class=\"td-block-row\">\n\n\t<div class=\"td-block-span6\">\n\r\n        <div class=\"td_module_2 td_module_wrap td-animation-stack\">\r\n            <div class=\"td-module-image\">\r\n                <div class=\"td-module-thumb\"><a href=\"https:\/\/www.cgfmanet.org\/es\/infoesfera\/san-giuseppe-modello-di-santita-e-dignita-nel-lavoro\/\"  rel=\"bookmark\" class=\"td-image-wrap \" title=\"San Giuseppe modello di santit\u00e0 e dignit\u00e0 nel lavoro\" ><img decoding=\"async\" width=\"324\" height=\"160\" class=\"entry-thumb lazyload\" data-src=\"https:\/\/www.cgfmanet.org\/wp-content\/uploads\/2026\/04\/San-Giuseppe-lavoratore-324x160.jpg\"   alt=\"\" title=\"San Giuseppe modello di santit\u00e0 e dignit\u00e0 nel lavoro\" src=\"data:image\/svg+xml;base64,PHN2ZyB3aWR0aD0iMSIgaGVpZ2h0PSIxIiB4bWxucz0iaHR0cDovL3d3dy53My5vcmcvMjAwMC9zdmciPjwvc3ZnPg==\" style=\"--smush-placeholder-width: 324px; --smush-placeholder-aspect-ratio: 324\/160;\" \/><\/a><\/div>                <a href=\"https:\/\/www.cgfmanet.org\/categoria\/infosfera\/chiesa\/\" class=\"td-post-category\" >Chiesa<\/a>            <\/div>\r\n            <h3 class=\"entry-title td-module-title\"><a href=\"https:\/\/www.cgfmanet.org\/es\/infoesfera\/san-giuseppe-modello-di-santita-e-dignita-nel-lavoro\/\"  rel=\"bookmark\" title=\"San Giuseppe modello di santit\u00e0 e dignit\u00e0 nel lavoro\">San Giuseppe modello di santit\u00e0 e dignit\u00e0 nel lavoro<\/a><\/h3>\r\n\r\n            <div class=\"td-module-meta-info\">\r\n                                <span class=\"td-post-date\"><time class=\"entry-date updated td-module-date\" datetime=\"2026-05-01T12:05:47+02:00\" >1 de mayo de 2026<\/time><\/span>                            <\/div>\r\n\r\n\r\n            <div class=\"td-excerpt\">\r\n                Roma (Italia). Il 1\u00b0 maggio 2026 in Italia e in molte altre nazioni si celebra la Festa del Lavoro. Nel 1955 Papa Pio XII...            <\/div>\r\n\r\n            \r\n        <\/div>\r\n\r\n        \n\t<\/div> <!-- .\/td-block-span6 -->\n\n\t<div class=\"td-block-span6\">\n\r\n        <div class=\"td_module_2 td_module_wrap td-animation-stack\">\r\n            <div class=\"td-module-image\">\r\n                <div class=\"td-module-thumb\"><a href=\"https:\/\/www.cgfmanet.org\/es\/infoesfera\/papa-leone-xiv-in-angola\/\"  rel=\"bookmark\" class=\"td-image-wrap \" title=\"Papa Leone XIV in Angola\" ><img decoding=\"async\" width=\"324\" height=\"160\" class=\"entry-thumb lazyload\" data-src=\"https:\/\/www.cgfmanet.org\/wp-content\/uploads\/2026\/04\/Papa_Angola-324x160.jpg\"   alt=\"\" title=\"Papa Leone XIV in Angola\" src=\"data:image\/svg+xml;base64,PHN2ZyB3aWR0aD0iMSIgaGVpZ2h0PSIxIiB4bWxucz0iaHR0cDovL3d3dy53My5vcmcvMjAwMC9zdmciPjwvc3ZnPg==\" style=\"--smush-placeholder-width: 324px; --smush-placeholder-aspect-ratio: 324\/160;\" \/><\/a><\/div>                <a href=\"https:\/\/www.cgfmanet.org\/categoria\/infosfera\/chiesa\/\" class=\"td-post-category\" >Chiesa<\/a>            <\/div>\r\n            <h3 class=\"entry-title td-module-title\"><a href=\"https:\/\/www.cgfmanet.org\/es\/infoesfera\/papa-leone-xiv-in-angola\/\"  rel=\"bookmark\" title=\"Papa Leone XIV in Angola\">Papa Leone XIV in Angola<\/a><\/h3>\r\n\r\n            <div class=\"td-module-meta-info\">\r\n                                <span class=\"td-post-date\"><time class=\"entry-date updated td-module-date\" datetime=\"2026-04-30T13:15:47+02:00\" >30 de abril de 2026<\/time><\/span>                            <\/div>\r\n\r\n\r\n            <div class=\"td-excerpt\">\r\n                Luanda (Angola). Dal 18 al 21 aprile 2026, nell\u2019ambito del suo 3\u00b0 viaggio apostolico in Algeria, Camerun, Angola e Guinea Equatoriale, Papa Leone XIV...            <\/div>\r\n\r\n            \r\n        <\/div>\r\n\r\n        \n\t<\/div> <!-- .\/td-block-span6 --><\/div><!--.\/row-fluid-->\n\n\t<div class=\"td-block-row\">\n\n\t<div class=\"td-block-span6\">\n\r\n        <div class=\"td_module_6 td_module_wrap td-animation-stack\">\r\n\r\n        <div class=\"td-module-thumb\"><a href=\"https:\/\/www.cgfmanet.org\/es\/infoesfera\/educomunicacion\/nuevo-sitio-web-para-la-inspectoria-cil\/\"  rel=\"bookmark\" class=\"td-image-wrap \" title=\"Nuevo sitio web para la Inspector\u00eda CIL\" ><img decoding=\"async\" width=\"100\" height=\"70\" class=\"entry-thumb lazyload\" data-src=\"https:\/\/www.cgfmanet.org\/wp-content\/uploads\/2026\/04\/Nuovo-sito-web_CILE-100x70.jpg\"  data-srcset=\"https:\/\/www.cgfmanet.org\/wp-content\/uploads\/2026\/04\/Nuovo-sito-web_CILE-100x70.jpg 100w, https:\/\/www.cgfmanet.org\/wp-content\/uploads\/2026\/04\/Nuovo-sito-web_CILE-218x150.jpg 218w\" data-sizes=\"auto\"  alt=\"\" title=\"Nuevo sitio web para la Inspector\u00eda CIL\" src=\"data:image\/svg+xml;base64,PHN2ZyB3aWR0aD0iMSIgaGVpZ2h0PSIxIiB4bWxucz0iaHR0cDovL3d3dy53My5vcmcvMjAwMC9zdmciPjwvc3ZnPg==\" style=\"--smush-placeholder-width: 100px; --smush-placeholder-aspect-ratio: 100\/70;\" data-original-sizes=\"(max-width: 100px) 100vw, 100px\" \/><\/a><\/div>\r\n        <div class=\"item-details\">\r\n            <h3 class=\"entry-title td-module-title\"><a href=\"https:\/\/www.cgfmanet.org\/es\/infoesfera\/educomunicacion\/nuevo-sitio-web-para-la-inspectoria-cil\/\"  rel=\"bookmark\" title=\"Nuevo sitio web para la Inspector\u00eda CIL\">Nuevo sitio web para la Inspector\u00eda CIL<\/a><\/h3>            <div class=\"td-module-meta-info\">\r\n                                                <span class=\"td-post-date\"><time class=\"entry-date updated td-module-date\" datetime=\"2026-04-29T13:08:06+02:00\" >29 de abril de 2026<\/time><\/span>                            <\/div>\r\n        <\/div>\r\n\r\n        <\/div>\r\n\r\n        \n\t<\/div> <!-- .\/td-block-span6 -->\n\n\t<div class=\"td-block-span6\">\n\r\n        <div class=\"td_module_6 td_module_wrap td-animation-stack\">\r\n\r\n        <div class=\"td-module-thumb\"><a href=\"https:\/\/www.cgfmanet.org\/es\/infoesfera\/lecologia-integrale-nella-vita-della-famiglia\/\"  rel=\"bookmark\" class=\"td-image-wrap \" title=\"L&#8217;ecologia integrale nella vita della famiglia\" ><img decoding=\"async\" width=\"100\" height=\"70\" class=\"entry-thumb lazyload\" data-src=\"https:\/\/www.cgfmanet.org\/wp-content\/uploads\/2026\/04\/Documento-Ecologia-integrale-100x70.jpg\"  data-srcset=\"https:\/\/www.cgfmanet.org\/wp-content\/uploads\/2026\/04\/Documento-Ecologia-integrale-100x70.jpg 100w, https:\/\/www.cgfmanet.org\/wp-content\/uploads\/2026\/04\/Documento-Ecologia-integrale-218x150.jpg 218w\" data-sizes=\"auto\"  alt=\"\" title=\"L&#8217;ecologia integrale nella vita della famiglia\" src=\"data:image\/svg+xml;base64,PHN2ZyB3aWR0aD0iMSIgaGVpZ2h0PSIxIiB4bWxucz0iaHR0cDovL3d3dy53My5vcmcvMjAwMC9zdmciPjwvc3ZnPg==\" style=\"--smush-placeholder-width: 100px; --smush-placeholder-aspect-ratio: 100\/70;\" data-original-sizes=\"(max-width: 100px) 100vw, 100px\" \/><\/a><\/div>\r\n        <div class=\"item-details\">\r\n            <h3 class=\"entry-title td-module-title\"><a href=\"https:\/\/www.cgfmanet.org\/es\/infoesfera\/lecologia-integrale-nella-vita-della-famiglia\/\"  rel=\"bookmark\" title=\"L&#8217;ecologia integrale nella vita della famiglia\">L&#8217;ecologia integrale nella vita della famiglia<\/a><\/h3>            <div class=\"td-module-meta-info\">\r\n                                                <span class=\"td-post-date\"><time class=\"entry-date updated td-module-date\" datetime=\"2026-04-29T10:42:33+02:00\" >29 de abril de 2026<\/time><\/span>                            <\/div>\r\n        <\/div>\r\n\r\n        <\/div>\r\n\r\n        \n\t<\/div> <!-- .\/td-block-span6 --><\/div><!--.\/row-fluid-->\n\n\t<div class=\"td-block-row\">\n\n\t<div class=\"td-block-span6\">\n\r\n        <div class=\"td_module_6 td_module_wrap td-animation-stack\">\r\n\r\n        <div class=\"td-module-thumb\"><a href=\"https:\/\/www.cgfmanet.org\/es\/infoesfera\/papa-leone-xiv-in-camerun\/\"  rel=\"bookmark\" class=\"td-image-wrap \" title=\"Papa Leone XIV in Camerun\" ><img decoding=\"async\" width=\"100\" height=\"70\" class=\"entry-thumb lazyload\" data-src=\"https:\/\/www.cgfmanet.org\/wp-content\/uploads\/2026\/04\/Papa-Leone-in-Camerun-100x70.jpg\"  data-srcset=\"https:\/\/www.cgfmanet.org\/wp-content\/uploads\/2026\/04\/Papa-Leone-in-Camerun-100x70.jpg 100w, https:\/\/www.cgfmanet.org\/wp-content\/uploads\/2026\/04\/Papa-Leone-in-Camerun-218x150.jpg 218w\" data-sizes=\"auto\"  alt=\"\" title=\"Papa Leone XIV in Camerun\" src=\"data:image\/svg+xml;base64,PHN2ZyB3aWR0aD0iMSIgaGVpZ2h0PSIxIiB4bWxucz0iaHR0cDovL3d3dy53My5vcmcvMjAwMC9zdmciPjwvc3ZnPg==\" style=\"--smush-placeholder-width: 100px; --smush-placeholder-aspect-ratio: 100\/70;\" data-original-sizes=\"(max-width: 100px) 100vw, 100px\" \/><\/a><\/div>\r\n        <div class=\"item-details\">\r\n            <h3 class=\"entry-title td-module-title\"><a href=\"https:\/\/www.cgfmanet.org\/es\/infoesfera\/papa-leone-xiv-in-camerun\/\"  rel=\"bookmark\" title=\"Papa Leone XIV in Camerun\">Papa Leone XIV in Camerun<\/a><\/h3>            <div class=\"td-module-meta-info\">\r\n                                                <span class=\"td-post-date\"><time class=\"entry-date updated td-module-date\" datetime=\"2026-04-28T12:02:40+02:00\" >28 de abril de 2026<\/time><\/span>                            <\/div>\r\n        <\/div>\r\n\r\n        <\/div>\r\n\r\n        \n\t<\/div> <!-- .\/td-block-span6 -->\n\n\t<div class=\"td-block-span6\">\n\r\n        <div class=\"td_module_6 td_module_wrap td-animation-stack\">\r\n\r\n        <div class=\"td-module-thumb\"><a href=\"https:\/\/www.cgfmanet.org\/es\/infoesfera\/i-santi-patroni-della-gmg-di-seoul-2027\/\"  rel=\"bookmark\" class=\"td-image-wrap \" title=\"I Santi Patroni della GMG di Seoul 2027\" ><img decoding=\"async\" width=\"100\" height=\"70\" class=\"entry-thumb lazyload\" data-src=\"https:\/\/www.cgfmanet.org\/wp-content\/uploads\/2026\/04\/Santi-patroni-GMG-Corea-2027-100x70.jpg\"  data-srcset=\"https:\/\/www.cgfmanet.org\/wp-content\/uploads\/2026\/04\/Santi-patroni-GMG-Corea-2027-100x70.jpg 100w, https:\/\/www.cgfmanet.org\/wp-content\/uploads\/2026\/04\/Santi-patroni-GMG-Corea-2027-218x150.jpg 218w\" data-sizes=\"auto\"  alt=\"\" title=\"I Santi Patroni della GMG di Seoul 2027\" src=\"data:image\/svg+xml;base64,PHN2ZyB3aWR0aD0iMSIgaGVpZ2h0PSIxIiB4bWxucz0iaHR0cDovL3d3dy53My5vcmcvMjAwMC9zdmciPjwvc3ZnPg==\" style=\"--smush-placeholder-width: 100px; --smush-placeholder-aspect-ratio: 100\/70;\" data-original-sizes=\"(max-width: 100px) 100vw, 100px\" \/><\/a><\/div>\r\n        <div class=\"item-details\">\r\n            <h3 class=\"entry-title td-module-title\"><a href=\"https:\/\/www.cgfmanet.org\/es\/infoesfera\/i-santi-patroni-della-gmg-di-seoul-2027\/\"  rel=\"bookmark\" title=\"I Santi Patroni della GMG di Seoul 2027\">I Santi Patroni della GMG di Seoul 2027<\/a><\/h3>            <div class=\"td-module-meta-info\">\r\n                                                <span class=\"td-post-date\"><time class=\"entry-date updated td-module-date\" datetime=\"2026-04-27T17:16:40+02:00\" >27 de abril de 2026<\/time><\/span>                            <\/div>\r\n        <\/div>\r\n\r\n        <\/div>\r\n\r\n        \n\t<\/div> <!-- .\/td-block-span6 --><\/div><!--.\/row-fluid--><\/div><\/div> <!-- .\/block --><div class=\"td_block_wrap td_block_2 tdi_21 td-pb-border-top td_block_template_1 td-column-2 td_block_padding\"  data-td-block-uid=\"tdi_21\" >\n<style>\n.td-theme-wrap .tdi_21 .td-pulldown-filter-link:hover,\r\n            .td-theme-wrap .tdi_21 .td-subcat-item a:hover,\r\n            .td-theme-wrap .tdi_21 .td-subcat-item .td-cur-simple-item {\r\n                color: #e52465;\r\n            }\r\n\r\n            .td-theme-wrap .tdi_21 .block-title > *,\r\n            .td-theme-wrap .tdi_21 .td-subcat-dropdown:hover .td-subcat-more {\r\n                background-color: #e52465;\r\n            }\r\n            .td-theme-wrap .td-footer-wrapper .tdi_21 .block-title > * {\r\n                padding: 6px 7px 5px;\r\n                line-height: 1;\r\n            }\r\n\r\n            .td-theme-wrap .tdi_21 .block-title {\r\n                border-color: #e52465;\r\n            }\r\n\r\n            \r\n            .td-theme-wrap .tdi_21 .td_module_wrap:hover .entry-title a,\r\n            .td-theme-wrap .tdi_21 .td_quote_on_blocks,\r\n            .td-theme-wrap .tdi_21 .td-opacity-cat .td-post-category:hover,\r\n            .td-theme-wrap .tdi_21 .td-opacity-read .td-read-more a:hover,\r\n            .td-theme-wrap .tdi_21 .td-opacity-author .td-post-author-name a:hover,\r\n            .td-theme-wrap .tdi_21 .td-instagram-user a {\r\n                color: #e52465;\r\n            }\r\n\r\n            .td-theme-wrap .tdi_21 .td-next-prev-wrap a:hover,\r\n            .td-theme-wrap .tdi_21 .td-load-more-wrap a:hover {\r\n                background-color: #e52465;\r\n                border-color: #e52465;\r\n            }\r\n\r\n            .td-theme-wrap .tdi_21 .td-read-more a,\r\n            .td-theme-wrap .tdi_21 .td-weather-information:before,\r\n            .td-theme-wrap .tdi_21 .td-weather-week:before,\r\n            .td-theme-wrap .tdi_21 .td-exchange-header:before,\r\n            .td-theme-wrap .td-footer-wrapper .tdi_21 .td-post-category,\r\n            .td-theme-wrap .tdi_21 .td-post-category:hover {\r\n                background-color: #e52465;\r\n            }\n<\/style><script>var block_tdi_21 = new tdBlock();\nblock_tdi_21.id = \"tdi_21\";\nblock_tdi_21.atts = '{\"custom_title\":\"Carisma Salesiano\",\"custom_url\":\"https:\\\/\\\/www.cgfmanet.org\\\/es\\\/categoria\\\/ifma-es\\\/carisma-salesiano-es\\\/\",\"m6_tl\":\"15\",\"category_id\":\"167\",\"limit\":\"6\",\"td_filter_default_txt\":\"Todos\",\"m4_tl\":\"10\",\"header_color\":\"#e52465\",\"block_type\":\"td_block_2\",\"separator\":\"\",\"block_template_id\":\"\",\"m2_tl\":\"\",\"m2_el\":\"\",\"post_ids\":\"\",\"taxonomies\":\"\",\"category_ids\":\"\",\"in_all_terms\":\"\",\"tag_slug\":\"\",\"autors_id\":\"\",\"installed_post_types\":\"\",\"include_cf_posts\":\"\",\"exclude_cf_posts\":\"\",\"sort\":\"\",\"popular_by_date\":\"\",\"linked_posts\":\"\",\"favourite_only\":\"\",\"offset\":\"\",\"open_in_new_window\":\"\",\"show_modified_date\":\"\",\"time_ago\":\"\",\"time_ago_add_txt\":\"ago\",\"time_ago_txt_pos\":\"\",\"review_source\":\"\",\"el_class\":\"\",\"td_ajax_filter_type\":\"\",\"td_ajax_filter_ids\":\"\",\"td_ajax_preloading\":\"\",\"f_header_font_header\":\"\",\"f_header_font_title\":\"Block header\",\"f_header_font_settings\":\"\",\"f_header_font_family\":\"\",\"f_header_font_size\":\"\",\"f_header_font_line_height\":\"\",\"f_header_font_style\":\"\",\"f_header_font_weight\":\"\",\"f_header_font_transform\":\"\",\"f_header_font_spacing\":\"\",\"f_header_\":\"\",\"f_ajax_font_title\":\"Ajax categories\",\"f_ajax_font_settings\":\"\",\"f_ajax_font_family\":\"\",\"f_ajax_font_size\":\"\",\"f_ajax_font_line_height\":\"\",\"f_ajax_font_style\":\"\",\"f_ajax_font_weight\":\"\",\"f_ajax_font_transform\":\"\",\"f_ajax_font_spacing\":\"\",\"f_ajax_\":\"\",\"f_more_font_title\":\"Load more button\",\"f_more_font_settings\":\"\",\"f_more_font_family\":\"\",\"f_more_font_size\":\"\",\"f_more_font_line_height\":\"\",\"f_more_font_style\":\"\",\"f_more_font_weight\":\"\",\"f_more_font_transform\":\"\",\"f_more_font_spacing\":\"\",\"f_more_\":\"\",\"m2f_title_font_header\":\"\",\"m2f_title_font_title\":\"Article title\",\"m2f_title_font_settings\":\"\",\"m2f_title_font_family\":\"\",\"m2f_title_font_size\":\"\",\"m2f_title_font_line_height\":\"\",\"m2f_title_font_style\":\"\",\"m2f_title_font_weight\":\"\",\"m2f_title_font_transform\":\"\",\"m2f_title_font_spacing\":\"\",\"m2f_title_\":\"\",\"m2f_cat_font_title\":\"Article category tag\",\"m2f_cat_font_settings\":\"\",\"m2f_cat_font_family\":\"\",\"m2f_cat_font_size\":\"\",\"m2f_cat_font_line_height\":\"\",\"m2f_cat_font_style\":\"\",\"m2f_cat_font_weight\":\"\",\"m2f_cat_font_transform\":\"\",\"m2f_cat_font_spacing\":\"\",\"m2f_cat_\":\"\",\"m2f_meta_font_title\":\"Article meta info\",\"m2f_meta_font_settings\":\"\",\"m2f_meta_font_family\":\"\",\"m2f_meta_font_size\":\"\",\"m2f_meta_font_line_height\":\"\",\"m2f_meta_font_style\":\"\",\"m2f_meta_font_weight\":\"\",\"m2f_meta_font_transform\":\"\",\"m2f_meta_font_spacing\":\"\",\"m2f_meta_\":\"\",\"m2f_ex_font_title\":\"Article excerpt\",\"m2f_ex_font_settings\":\"\",\"m2f_ex_font_family\":\"\",\"m2f_ex_font_size\":\"\",\"m2f_ex_font_line_height\":\"\",\"m2f_ex_font_style\":\"\",\"m2f_ex_font_weight\":\"\",\"m2f_ex_font_transform\":\"\",\"m2f_ex_font_spacing\":\"\",\"m2f_ex_\":\"\",\"m6f_title_font_header\":\"\",\"m6f_title_font_title\":\"Article title\",\"m6f_title_font_settings\":\"\",\"m6f_title_font_family\":\"\",\"m6f_title_font_size\":\"\",\"m6f_title_font_line_height\":\"\",\"m6f_title_font_style\":\"\",\"m6f_title_font_weight\":\"\",\"m6f_title_font_transform\":\"\",\"m6f_title_font_spacing\":\"\",\"m6f_title_\":\"\",\"m6f_cat_font_title\":\"Article category tag\",\"m6f_cat_font_settings\":\"\",\"m6f_cat_font_family\":\"\",\"m6f_cat_font_size\":\"\",\"m6f_cat_font_line_height\":\"\",\"m6f_cat_font_style\":\"\",\"m6f_cat_font_weight\":\"\",\"m6f_cat_font_transform\":\"\",\"m6f_cat_font_spacing\":\"\",\"m6f_cat_\":\"\",\"m6f_meta_font_title\":\"Article meta info\",\"m6f_meta_font_settings\":\"\",\"m6f_meta_font_family\":\"\",\"m6f_meta_font_size\":\"\",\"m6f_meta_font_line_height\":\"\",\"m6f_meta_font_style\":\"\",\"m6f_meta_font_weight\":\"\",\"m6f_meta_font_transform\":\"\",\"m6f_meta_font_spacing\":\"\",\"m6f_meta_\":\"\",\"ajax_pagination\":\"\",\"ajax_pagination_next_prev_swipe\":\"\",\"ajax_pagination_infinite_stop\":\"\",\"css\":\"\",\"tdc_css\":\"\",\"td_column_number\":2,\"color_preset\":\"\",\"border_top\":\"\",\"class\":\"tdi_21\",\"tdc_css_class\":\"tdi_21\",\"tdc_css_class_style\":\"tdi_21_rand_style\"}';\nblock_tdi_21.td_column_number = \"2\";\nblock_tdi_21.block_type = \"td_block_2\";\nblock_tdi_21.post_count = \"6\";\nblock_tdi_21.found_posts = \"1182\";\nblock_tdi_21.header_color = \"#e52465\";\nblock_tdi_21.ajax_pagination_infinite_stop = \"\";\nblock_tdi_21.max_num_pages = \"197\";\ntdBlocksArray.push(block_tdi_21);\n<\/script><div class=\"td-block-title-wrap\"><h4 class=\"block-title td-block-title\"><a href=\"https:\/\/www.cgfmanet.org\/es\/categoria\/ifma-es\/carisma-salesiano-es\/\" class=\"td-pulldown-size\">Carisma Salesiano<\/a><\/h4><\/div><div id=tdi_21 class=\"td_block_inner\">\n\n\t<div class=\"td-block-row\">\n\n\t<div class=\"td-block-span6\">\n\r\n        <div class=\"td_module_2 td_module_wrap td-animation-stack\">\r\n            <div class=\"td-module-image\">\r\n                <div class=\"td-module-thumb\"><a href=\"https:\/\/www.cgfmanet.org\/es\/ifma-es\/sor-antonietta-bohm-signo-de-la-maternidad-de-maria\/\"  rel=\"bookmark\" class=\"td-image-wrap \" title=\"Sor Antonieta B\u00f6hm signo de la maternidad de Mar\u00eda\" ><img decoding=\"async\" width=\"324\" height=\"160\" class=\"entry-thumb lazyload\" data-src=\"https:\/\/www.cgfmanet.org\/wp-content\/uploads\/2026\/04\/Antonieta-Bohm-2026-324x160.jpg\"   alt=\"\" title=\"Sor Antonieta B\u00f6hm signo de la maternidad de Mar\u00eda\" src=\"data:image\/svg+xml;base64,PHN2ZyB3aWR0aD0iMSIgaGVpZ2h0PSIxIiB4bWxucz0iaHR0cDovL3d3dy53My5vcmcvMjAwMC9zdmciPjwvc3ZnPg==\" style=\"--smush-placeholder-width: 324px; --smush-placeholder-aspect-ratio: 324\/160;\" \/><\/a><\/div>                <a href=\"https:\/\/www.cgfmanet.org\/es\/categoria\/ifma-es\/carisma-salesiano-es\/\" class=\"td-post-category\" >Carisma Salesiano<\/a>            <\/div>\r\n            <h3 class=\"entry-title td-module-title\"><a href=\"https:\/\/www.cgfmanet.org\/es\/ifma-es\/sor-antonietta-bohm-signo-de-la-maternidad-de-maria\/\"  rel=\"bookmark\" title=\"Sor Antonieta B\u00f6hm signo de la maternidad de Mar\u00eda\">Sor Antonieta B\u00f6hm signo de la maternidad de Mar\u00eda<\/a><\/h3>\r\n\r\n            <div class=\"td-module-meta-info\">\r\n                                <span class=\"td-post-date\"><time class=\"entry-date updated td-module-date\" datetime=\"2026-04-25T10:45:48+02:00\" >25 de abril de 2026<\/time><\/span>                            <\/div>\r\n\r\n\r\n            <div class=\"td-excerpt\">\r\n                Roma (Italia). El 27 de abril de 2026 se recuerda el 18\u00b0 aniversario del dies natalis de la Sierva de Dios\u00a0Sor Antonieta B\u00f6hm, Hija...            <\/div>\r\n\r\n            \r\n        <\/div>\r\n\r\n        \n\t<\/div> <!-- .\/td-block-span6 -->\n\n\t<div class=\"td-block-span6\">\n\r\n        <div class=\"td_module_2 td_module_wrap td-animation-stack\">\r\n            <div class=\"td-module-image\">\r\n                <div class=\"td-module-thumb\"><a href=\"https:\/\/www.cgfmanet.org\/es\/ifma-es\/maria-virgen-fiel-sostiene-nuestra-fidelidad-circular-n-1058\/\"  rel=\"bookmark\" class=\"td-image-wrap \" title=\"Mar\u00eda, Virgen fiel, sostiene nuestra fidelidad \u2013 Circular n\u00b0 1058\" ><img decoding=\"async\" width=\"324\" height=\"160\" class=\"entry-thumb lazyload\" data-src=\"https:\/\/www.cgfmanet.org\/wp-content\/uploads\/2026\/04\/Circolare-1058-324x160.jpg\"   alt=\"\" title=\"Mar\u00eda, Virgen fiel, sostiene nuestra fidelidad \u2013 Circular n\u00b0 1058\" src=\"data:image\/svg+xml;base64,PHN2ZyB3aWR0aD0iMSIgaGVpZ2h0PSIxIiB4bWxucz0iaHR0cDovL3d3dy53My5vcmcvMjAwMC9zdmciPjwvc3ZnPg==\" style=\"--smush-placeholder-width: 324px; --smush-placeholder-aspect-ratio: 324\/160;\" \/><\/a><\/div>                <a href=\"https:\/\/www.cgfmanet.org\/es\/categoria\/ifma-es\/carisma-salesiano-es\/\" class=\"td-post-category\" >Carisma Salesiano<\/a>            <\/div>\r\n            <h3 class=\"entry-title td-module-title\"><a href=\"https:\/\/www.cgfmanet.org\/es\/ifma-es\/maria-virgen-fiel-sostiene-nuestra-fidelidad-circular-n-1058\/\"  rel=\"bookmark\" title=\"Mar\u00eda, Virgen fiel, sostiene nuestra fidelidad \u2013 Circular n\u00b0 1058\">Mar\u00eda, Virgen fiel, sostiene nuestra fidelidad \u2013 Circular n\u00b0 1058<\/a><\/h3>\r\n\r\n            <div class=\"td-module-meta-info\">\r\n                                <span class=\"td-post-date\"><time class=\"entry-date updated td-module-date\" datetime=\"2026-04-24T09:32:43+02:00\" >24 de abril de 2026<\/time><\/span>                            <\/div>\r\n\r\n\r\n            <div class=\"td-excerpt\">\r\n                Roma (Italia). La Superiora General del Instituto de las Hijas de Mar\u00eda Auxiliadora, Madre Chiara Cazzuola, se dirige a las hermanas en el Tiempo...            <\/div>\r\n\r\n            \r\n        <\/div>\r\n\r\n        \n\t<\/div> <!-- .\/td-block-span6 --><\/div><!--.\/row-fluid-->\n\n\t<div class=\"td-block-row\">\n\n\t<div class=\"td-block-span6\">\n\r\n        <div class=\"td_module_6 td_module_wrap td-animation-stack\">\r\n\r\n        <div class=\"td-module-thumb\"><a href=\"https:\/\/www.cgfmanet.org\/es\/ifma-es\/solidaridad-con-ecuador-de-los-estudiantes-de-miami-sec\/\"  rel=\"bookmark\" class=\"td-image-wrap \" title=\"Solidaridad con Ecuador de los estudiantes de Miami \u2013 SEC\" ><img decoding=\"async\" width=\"100\" height=\"70\" class=\"entry-thumb lazyload\" data-src=\"https:\/\/www.cgfmanet.org\/wp-content\/uploads\/2026\/04\/Solidarieta-studenti-SEC_per-Ecuador-100x70.jpg\"  data-srcset=\"https:\/\/www.cgfmanet.org\/wp-content\/uploads\/2026\/04\/Solidarieta-studenti-SEC_per-Ecuador-100x70.jpg 100w, https:\/\/www.cgfmanet.org\/wp-content\/uploads\/2026\/04\/Solidarieta-studenti-SEC_per-Ecuador-218x150.jpg 218w\" data-sizes=\"auto\"  alt=\"\" title=\"Solidaridad con Ecuador de los estudiantes de Miami \u2013 SEC\" src=\"data:image\/svg+xml;base64,PHN2ZyB3aWR0aD0iMSIgaGVpZ2h0PSIxIiB4bWxucz0iaHR0cDovL3d3dy53My5vcmcvMjAwMC9zdmciPjwvc3ZnPg==\" style=\"--smush-placeholder-width: 100px; --smush-placeholder-aspect-ratio: 100\/70;\" data-original-sizes=\"(max-width: 100px) 100vw, 100px\" \/><\/a><\/div>\r\n        <div class=\"item-details\">\r\n            <h3 class=\"entry-title td-module-title\"><a href=\"https:\/\/www.cgfmanet.org\/es\/ifma-es\/solidaridad-con-ecuador-de-los-estudiantes-de-miami-sec\/\"  rel=\"bookmark\" title=\"Solidaridad con Ecuador de los estudiantes de Miami \u2013 SEC\">Solidaridad con Ecuador de los estudiantes de Miami \u2013 SEC<\/a><\/h3>            <div class=\"td-module-meta-info\">\r\n                                                <span class=\"td-post-date\"><time class=\"entry-date updated td-module-date\" datetime=\"2026-04-17T09:26:03+02:00\" >17 de abril de 2026<\/time><\/span>                            <\/div>\r\n        <\/div>\r\n\r\n        <\/div>\r\n\r\n        \n\t<\/div> <!-- .\/td-block-span6 -->\n\n\t<div class=\"td-block-span6\">\n\r\n        <div class=\"td_module_6 td_module_wrap td-animation-stack\">\r\n\r\n        <div class=\"td-module-thumb\"><a href=\"https:\/\/www.cgfmanet.org\/es\/ifma-es\/157o-aniversario-de-la-fundacion-de-adma\/\"  rel=\"bookmark\" class=\"td-image-wrap \" title=\"157\u00ba Aniversario de la Fundaci\u00f3n de ADMA\" ><img decoding=\"async\" width=\"100\" height=\"70\" class=\"entry-thumb lazyload\" data-src=\"https:\/\/www.cgfmanet.org\/wp-content\/uploads\/2026\/04\/157\u00b0-anniversario-ADMA-100x70.jpg\"  data-srcset=\"https:\/\/www.cgfmanet.org\/wp-content\/uploads\/2026\/04\/157\u00b0-anniversario-ADMA-100x70.jpg 100w, https:\/\/www.cgfmanet.org\/wp-content\/uploads\/2026\/04\/157\u00b0-anniversario-ADMA-218x150.jpg 218w\" data-sizes=\"auto\"  alt=\"\" title=\"157\u00ba Aniversario de la Fundaci\u00f3n de ADMA\" src=\"data:image\/svg+xml;base64,PHN2ZyB3aWR0aD0iMSIgaGVpZ2h0PSIxIiB4bWxucz0iaHR0cDovL3d3dy53My5vcmcvMjAwMC9zdmciPjwvc3ZnPg==\" style=\"--smush-placeholder-width: 100px; --smush-placeholder-aspect-ratio: 100\/70;\" data-original-sizes=\"(max-width: 100px) 100vw, 100px\" \/><\/a><\/div>\r\n        <div class=\"item-details\">\r\n            <h3 class=\"entry-title td-module-title\"><a href=\"https:\/\/www.cgfmanet.org\/es\/ifma-es\/157o-aniversario-de-la-fundacion-de-adma\/\"  rel=\"bookmark\" title=\"157\u00ba Aniversario de la Fundaci\u00f3n de ADMA\">157\u00ba Aniversario de la Fundaci\u00f3n de ADMA<\/a><\/h3>            <div class=\"td-module-meta-info\">\r\n                                                <span class=\"td-post-date\"><time class=\"entry-date updated td-module-date\" datetime=\"2026-04-16T09:57:24+02:00\" >16 de abril de 2026<\/time><\/span>                            <\/div>\r\n        <\/div>\r\n\r\n        <\/div>\r\n\r\n        \n\t<\/div> <!-- .\/td-block-span6 --><\/div><!--.\/row-fluid-->\n\n\t<div class=\"td-block-row\">\n\n\t<div class=\"td-block-span6\">\n\r\n        <div class=\"td_module_6 td_module_wrap td-animation-stack\">\r\n\r\n        <div class=\"td-module-thumb\"><a href=\"https:\/\/www.cgfmanet.org\/es\/ifma-es\/somos-misioneras-en-todas-partes-slc\/\"  rel=\"bookmark\" class=\"td-image-wrap \" title=\"Somos misioneras en todas partes &#8211; SLC\" ><img decoding=\"async\" width=\"100\" height=\"70\" class=\"entry-thumb lazyload\" data-src=\"https:\/\/www.cgfmanet.org\/wp-content\/uploads\/2026\/04\/Incontro_ispettoriale_SLC-100x70.jpg\"  data-srcset=\"https:\/\/www.cgfmanet.org\/wp-content\/uploads\/2026\/04\/Incontro_ispettoriale_SLC-100x70.jpg 100w, https:\/\/www.cgfmanet.org\/wp-content\/uploads\/2026\/04\/Incontro_ispettoriale_SLC-218x150.jpg 218w\" data-sizes=\"auto\"  alt=\"\" title=\"Somos misioneras en todas partes &#8211; SLC\" src=\"data:image\/svg+xml;base64,PHN2ZyB3aWR0aD0iMSIgaGVpZ2h0PSIxIiB4bWxucz0iaHR0cDovL3d3dy53My5vcmcvMjAwMC9zdmciPjwvc3ZnPg==\" style=\"--smush-placeholder-width: 100px; --smush-placeholder-aspect-ratio: 100\/70;\" data-original-sizes=\"(max-width: 100px) 100vw, 100px\" \/><\/a><\/div>\r\n        <div class=\"item-details\">\r\n            <h3 class=\"entry-title td-module-title\"><a href=\"https:\/\/www.cgfmanet.org\/es\/ifma-es\/somos-misioneras-en-todas-partes-slc\/\"  rel=\"bookmark\" title=\"Somos misioneras en todas partes &#8211; SLC\">Somos misioneras en todas partes &#8211; SLC<\/a><\/h3>            <div class=\"td-module-meta-info\">\r\n                                                <span class=\"td-post-date\"><time class=\"entry-date updated td-module-date\" datetime=\"2026-04-14T10:20:20+02:00\" >14 de abril de 2026<\/time><\/span>                            <\/div>\r\n        <\/div>\r\n\r\n        <\/div>\r\n\r\n        \n\t<\/div> <!-- .\/td-block-span6 -->\n\n\t<div class=\"td-block-span6\">\n\r\n        <div class=\"td_module_6 td_module_wrap td-animation-stack\">\r\n\r\n        <div class=\"td-module-thumb\"><a href=\"https:\/\/www.cgfmanet.org\/es\/ifma-es\/gracias-madre-chiara-escribe-aqui\/\"  rel=\"bookmark\" class=\"td-image-wrap \" title=\"Gracias Madre Chiara! &#8211; Escribe aqu\u00ed\" ><img decoding=\"async\" width=\"100\" height=\"70\" class=\"entry-thumb lazyload\" data-src=\"https:\/\/www.cgfmanet.org\/wp-content\/uploads\/2026\/04\/Grazie-Madre-Chiara_2026-100x70.jpg\"  data-srcset=\"https:\/\/www.cgfmanet.org\/wp-content\/uploads\/2026\/04\/Grazie-Madre-Chiara_2026-100x70.jpg 100w, https:\/\/www.cgfmanet.org\/wp-content\/uploads\/2026\/04\/Grazie-Madre-Chiara_2026-218x150.jpg 218w\" data-sizes=\"auto\"  alt=\"\" title=\"Gracias Madre Chiara! &#8211; Escribe aqu\u00ed\" src=\"data:image\/svg+xml;base64,PHN2ZyB3aWR0aD0iMSIgaGVpZ2h0PSIxIiB4bWxucz0iaHR0cDovL3d3dy53My5vcmcvMjAwMC9zdmciPjwvc3ZnPg==\" style=\"--smush-placeholder-width: 100px; --smush-placeholder-aspect-ratio: 100\/70;\" data-original-sizes=\"(max-width: 100px) 100vw, 100px\" \/><\/a><\/div>\r\n        <div class=\"item-details\">\r\n            <h3 class=\"entry-title td-module-title\"><a href=\"https:\/\/www.cgfmanet.org\/es\/ifma-es\/gracias-madre-chiara-escribe-aqui\/\"  rel=\"bookmark\" title=\"Gracias Madre Chiara! &#8211; Escribe aqu\u00ed\">Gracias Madre Chiara! &#8211; Escribe aqu\u00ed<\/a><\/h3>            <div class=\"td-module-meta-info\">\r\n                                                <span class=\"td-post-date\"><time class=\"entry-date updated td-module-date\" datetime=\"2026-04-12T12:20:11+02:00\" >12 de abril de 2026<\/time><\/span>                            <\/div>\r\n        <\/div>\r\n\r\n        <\/div>\r\n\r\n        \n\t<\/div> <!-- .\/td-block-span6 --><\/div><!--.\/row-fluid--><\/div><\/div> <!-- .\/block --><div class=\"td_block_wrap td_block_2 tdi_22 td-pb-border-top td_block_template_1 td-column-2 td_block_padding\"  data-td-block-uid=\"tdi_22\" >\n<style>\n.td-theme-wrap .tdi_22 .td-pulldown-filter-link:hover,\r\n            .td-theme-wrap .tdi_22 .td-subcat-item a:hover,\r\n            .td-theme-wrap .tdi_22 .td-subcat-item .td-cur-simple-item {\r\n                color: #f0453d;\r\n            }\r\n\r\n            .td-theme-wrap .tdi_22 .block-title > *,\r\n            .td-theme-wrap .tdi_22 .td-subcat-dropdown:hover .td-subcat-more {\r\n                background-color: #f0453d;\r\n            }\r\n            .td-theme-wrap .td-footer-wrapper .tdi_22 .block-title > * {\r\n                padding: 6px 7px 5px;\r\n                line-height: 1;\r\n            }\r\n\r\n            .td-theme-wrap .tdi_22 .block-title {\r\n                border-color: #f0453d;\r\n            }\r\n\r\n            \r\n            .td-theme-wrap .tdi_22 .td_module_wrap:hover .entry-title a,\r\n            .td-theme-wrap .tdi_22 .td_quote_on_blocks,\r\n            .td-theme-wrap .tdi_22 .td-opacity-cat .td-post-category:hover,\r\n            .td-theme-wrap .tdi_22 .td-opacity-read .td-read-more a:hover,\r\n            .td-theme-wrap .tdi_22 .td-opacity-author .td-post-author-name a:hover,\r\n            .td-theme-wrap .tdi_22 .td-instagram-user a {\r\n                color: #f0453d;\r\n            }\r\n\r\n            .td-theme-wrap .tdi_22 .td-next-prev-wrap a:hover,\r\n            .td-theme-wrap .tdi_22 .td-load-more-wrap a:hover {\r\n                background-color: #f0453d;\r\n                border-color: #f0453d;\r\n            }\r\n\r\n            .td-theme-wrap .tdi_22 .td-read-more a,\r\n            .td-theme-wrap .tdi_22 .td-weather-information:before,\r\n            .td-theme-wrap .tdi_22 .td-weather-week:before,\r\n            .td-theme-wrap .tdi_22 .td-exchange-header:before,\r\n            .td-theme-wrap .td-footer-wrapper .tdi_22 .td-post-category,\r\n            .td-theme-wrap .tdi_22 .td-post-category:hover {\r\n                background-color: #f0453d;\r\n            }\n<\/style><script>var block_tdi_22 = new tdBlock();\nblock_tdi_22.id = \"tdi_22\";\nblock_tdi_22.atts = '{\"custom_title\":\"Emergencias y Campa\\u00f1as Humanitarias\",\"custom_url\":\"https:\\\/\\\/www.cgfmanet.org\\\/es\\\/categoria\\\/emergencias-y-campanas-humanitarias\\\/\",\"m6_tl\":\"15\",\"category_id\":\"151\",\"limit\":\"2\",\"td_filter_default_txt\":\"Todos\",\"m4_tl\":\"10\",\"header_color\":\"#f0453d\",\"block_type\":\"td_block_2\",\"separator\":\"\",\"block_template_id\":\"\",\"m2_tl\":\"\",\"m2_el\":\"\",\"post_ids\":\"\",\"taxonomies\":\"\",\"category_ids\":\"\",\"in_all_terms\":\"\",\"tag_slug\":\"\",\"autors_id\":\"\",\"installed_post_types\":\"\",\"include_cf_posts\":\"\",\"exclude_cf_posts\":\"\",\"sort\":\"\",\"popular_by_date\":\"\",\"linked_posts\":\"\",\"favourite_only\":\"\",\"offset\":\"\",\"open_in_new_window\":\"\",\"show_modified_date\":\"\",\"time_ago\":\"\",\"time_ago_add_txt\":\"ago\",\"time_ago_txt_pos\":\"\",\"review_source\":\"\",\"el_class\":\"\",\"td_ajax_filter_type\":\"\",\"td_ajax_filter_ids\":\"\",\"td_ajax_preloading\":\"\",\"f_header_font_header\":\"\",\"f_header_font_title\":\"Block header\",\"f_header_font_settings\":\"\",\"f_header_font_family\":\"\",\"f_header_font_size\":\"\",\"f_header_font_line_height\":\"\",\"f_header_font_style\":\"\",\"f_header_font_weight\":\"\",\"f_header_font_transform\":\"\",\"f_header_font_spacing\":\"\",\"f_header_\":\"\",\"f_ajax_font_title\":\"Ajax categories\",\"f_ajax_font_settings\":\"\",\"f_ajax_font_family\":\"\",\"f_ajax_font_size\":\"\",\"f_ajax_font_line_height\":\"\",\"f_ajax_font_style\":\"\",\"f_ajax_font_weight\":\"\",\"f_ajax_font_transform\":\"\",\"f_ajax_font_spacing\":\"\",\"f_ajax_\":\"\",\"f_more_font_title\":\"Load more button\",\"f_more_font_settings\":\"\",\"f_more_font_family\":\"\",\"f_more_font_size\":\"\",\"f_more_font_line_height\":\"\",\"f_more_font_style\":\"\",\"f_more_font_weight\":\"\",\"f_more_font_transform\":\"\",\"f_more_font_spacing\":\"\",\"f_more_\":\"\",\"m2f_title_font_header\":\"\",\"m2f_title_font_title\":\"Article title\",\"m2f_title_font_settings\":\"\",\"m2f_title_font_family\":\"\",\"m2f_title_font_size\":\"\",\"m2f_title_font_line_height\":\"\",\"m2f_title_font_style\":\"\",\"m2f_title_font_weight\":\"\",\"m2f_title_font_transform\":\"\",\"m2f_title_font_spacing\":\"\",\"m2f_title_\":\"\",\"m2f_cat_font_title\":\"Article category tag\",\"m2f_cat_font_settings\":\"\",\"m2f_cat_font_family\":\"\",\"m2f_cat_font_size\":\"\",\"m2f_cat_font_line_height\":\"\",\"m2f_cat_font_style\":\"\",\"m2f_cat_font_weight\":\"\",\"m2f_cat_font_transform\":\"\",\"m2f_cat_font_spacing\":\"\",\"m2f_cat_\":\"\",\"m2f_meta_font_title\":\"Article meta info\",\"m2f_meta_font_settings\":\"\",\"m2f_meta_font_family\":\"\",\"m2f_meta_font_size\":\"\",\"m2f_meta_font_line_height\":\"\",\"m2f_meta_font_style\":\"\",\"m2f_meta_font_weight\":\"\",\"m2f_meta_font_transform\":\"\",\"m2f_meta_font_spacing\":\"\",\"m2f_meta_\":\"\",\"m2f_ex_font_title\":\"Article excerpt\",\"m2f_ex_font_settings\":\"\",\"m2f_ex_font_family\":\"\",\"m2f_ex_font_size\":\"\",\"m2f_ex_font_line_height\":\"\",\"m2f_ex_font_style\":\"\",\"m2f_ex_font_weight\":\"\",\"m2f_ex_font_transform\":\"\",\"m2f_ex_font_spacing\":\"\",\"m2f_ex_\":\"\",\"m6f_title_font_header\":\"\",\"m6f_title_font_title\":\"Article title\",\"m6f_title_font_settings\":\"\",\"m6f_title_font_family\":\"\",\"m6f_title_font_size\":\"\",\"m6f_title_font_line_height\":\"\",\"m6f_title_font_style\":\"\",\"m6f_title_font_weight\":\"\",\"m6f_title_font_transform\":\"\",\"m6f_title_font_spacing\":\"\",\"m6f_title_\":\"\",\"m6f_cat_font_title\":\"Article category tag\",\"m6f_cat_font_settings\":\"\",\"m6f_cat_font_family\":\"\",\"m6f_cat_font_size\":\"\",\"m6f_cat_font_line_height\":\"\",\"m6f_cat_font_style\":\"\",\"m6f_cat_font_weight\":\"\",\"m6f_cat_font_transform\":\"\",\"m6f_cat_font_spacing\":\"\",\"m6f_cat_\":\"\",\"m6f_meta_font_title\":\"Article meta info\",\"m6f_meta_font_settings\":\"\",\"m6f_meta_font_family\":\"\",\"m6f_meta_font_size\":\"\",\"m6f_meta_font_line_height\":\"\",\"m6f_meta_font_style\":\"\",\"m6f_meta_font_weight\":\"\",\"m6f_meta_font_transform\":\"\",\"m6f_meta_font_spacing\":\"\",\"m6f_meta_\":\"\",\"ajax_pagination\":\"\",\"ajax_pagination_next_prev_swipe\":\"\",\"ajax_pagination_infinite_stop\":\"\",\"css\":\"\",\"tdc_css\":\"\",\"td_column_number\":2,\"color_preset\":\"\",\"border_top\":\"\",\"class\":\"tdi_22\",\"tdc_css_class\":\"tdi_22\",\"tdc_css_class_style\":\"tdi_22_rand_style\"}';\nblock_tdi_22.td_column_number = \"2\";\nblock_tdi_22.block_type = \"td_block_2\";\nblock_tdi_22.post_count = \"2\";\nblock_tdi_22.found_posts = \"56\";\nblock_tdi_22.header_color = \"#f0453d\";\nblock_tdi_22.ajax_pagination_infinite_stop = \"\";\nblock_tdi_22.max_num_pages = \"28\";\ntdBlocksArray.push(block_tdi_22);\n<\/script><div class=\"td-block-title-wrap\"><h4 class=\"block-title td-block-title\"><a href=\"https:\/\/www.cgfmanet.org\/es\/categoria\/emergencias-y-campanas-humanitarias\/\" class=\"td-pulldown-size\">Emergencias y Campa\u00f1as Humanitarias<\/a><\/h4><\/div><div id=tdi_22 class=\"td_block_inner\">\n\n\t<div class=\"td-block-row\">\n\n\t<div class=\"td-block-span6\">\n\r\n        <div class=\"td_module_2 td_module_wrap td-animation-stack\">\r\n            <div class=\"td-module-image\">\r\n                <div class=\"td-module-thumb\"><a href=\"https:\/\/www.cgfmanet.org\/es\/emergencias-y-campanas-humanitarias\/libano-una-mision-entre-las-bombas-y-la-esperanza\/\"  rel=\"bookmark\" class=\"td-image-wrap \" title=\"L\u00edbano: Una misi\u00f3n entre las bombas y la esperanza\" ><img decoding=\"async\" width=\"324\" height=\"160\" class=\"entry-thumb lazyload\" data-src=\"https:\/\/www.cgfmanet.org\/wp-content\/uploads\/2026\/04\/Emergenza-Libano-aprile-2026-324x160.jpg\"   alt=\"\" title=\"L\u00edbano: Una misi\u00f3n entre las bombas y la esperanza\" src=\"data:image\/svg+xml;base64,PHN2ZyB3aWR0aD0iMSIgaGVpZ2h0PSIxIiB4bWxucz0iaHR0cDovL3d3dy53My5vcmcvMjAwMC9zdmciPjwvc3ZnPg==\" style=\"--smush-placeholder-width: 324px; --smush-placeholder-aspect-ratio: 324\/160;\" \/><\/a><\/div>                <a href=\"https:\/\/www.cgfmanet.org\/es\/categoria\/emergencias-y-campanas-humanitarias\/\" class=\"td-post-category\" >Emergencias y Campa\u00f1as Humanitarias<\/a>            <\/div>\r\n            <h3 class=\"entry-title td-module-title\"><a href=\"https:\/\/www.cgfmanet.org\/es\/emergencias-y-campanas-humanitarias\/libano-una-mision-entre-las-bombas-y-la-esperanza\/\"  rel=\"bookmark\" title=\"L\u00edbano: Una misi\u00f3n entre las bombas y la esperanza\">L\u00edbano: Una misi\u00f3n entre las bombas y la esperanza<\/a><\/h3>\r\n\r\n            <div class=\"td-module-meta-info\">\r\n                                <span class=\"td-post-date\"><time class=\"entry-date updated td-module-date\" datetime=\"2026-04-26T16:03:25+02:00\" >26 de abril de 2026<\/time><\/span>                            <\/div>\r\n\r\n\r\n            <div class=\"td-excerpt\">\r\n                Beirut\/Hadath Baalbek (Libano). El L\u00edbano est\u00e1 luchando por su supervivencia. Mientras el mundo mira hacia otro lado, el ruido de las explosiones se ha...            <\/div>\r\n\r\n            \r\n        <\/div>\r\n\r\n        \n\t<\/div> <!-- .\/td-block-span6 -->\n\n\t<div class=\"td-block-span6\">\n\r\n        <div class=\"td_module_2 td_module_wrap td-animation-stack\">\r\n            <div class=\"td-module-image\">\r\n                <div class=\"td-module-thumb\"><a href=\"https:\/\/www.cgfmanet.org\/es\/emergencias-y-campanas-humanitarias\/ucrania-invocando-la-paz-en-el-4o-aniversario-del-conflicto\/\"  rel=\"bookmark\" class=\"td-image-wrap \" title=\"Ucrania: invocando la paz en el 4\u00ba aniversario del conflicto\" ><img decoding=\"async\" width=\"324\" height=\"160\" class=\"entry-thumb lazyload\" data-src=\"https:\/\/www.cgfmanet.org\/wp-content\/uploads\/2026\/02\/4\u00b0-anniversario-Ucraina-324x160.jpg\"   alt=\"\" title=\"Ucrania: invocando la paz en el 4\u00ba aniversario del conflicto\" src=\"data:image\/svg+xml;base64,PHN2ZyB3aWR0aD0iMSIgaGVpZ2h0PSIxIiB4bWxucz0iaHR0cDovL3d3dy53My5vcmcvMjAwMC9zdmciPjwvc3ZnPg==\" style=\"--smush-placeholder-width: 324px; --smush-placeholder-aspect-ratio: 324\/160;\" \/><\/a><\/div>                <a href=\"https:\/\/www.cgfmanet.org\/es\/categoria\/emergencias-y-campanas-humanitarias\/\" class=\"td-post-category\" >Emergencias y Campa\u00f1as Humanitarias<\/a>            <\/div>\r\n            <h3 class=\"entry-title td-module-title\"><a href=\"https:\/\/www.cgfmanet.org\/es\/emergencias-y-campanas-humanitarias\/ucrania-invocando-la-paz-en-el-4o-aniversario-del-conflicto\/\"  rel=\"bookmark\" title=\"Ucrania: invocando la paz en el 4\u00ba aniversario del conflicto\">Ucrania: invocando la paz en el 4\u00ba aniversario del conflicto<\/a><\/h3>\r\n\r\n            <div class=\"td-module-meta-info\">\r\n                                <span class=\"td-post-date\"><time class=\"entry-date updated td-module-date\" datetime=\"2026-04-05T08:39:47+02:00\" >5 de abril de 2026<\/time><\/span>                            <\/div>\r\n\r\n\r\n            <div class=\"td-excerpt\">\r\n                Ucraina. En el cuarto aniversario del inicio de la invasi\u00f3n rusa a Ucrania, que comenz\u00f3 el 24 de febrero de 2022, mientras el pa\u00eds...            <\/div>\r\n\r\n            \r\n        <\/div>\r\n\r\n        \n\t<\/div> <!-- .\/td-block-span6 --><\/div><!--.\/row-fluid--><\/div><\/div> <!-- .\/block --><div class=\"td_block_wrap td_block_2 tdi_23 td-pb-border-top td_block_template_1 td-column-2 td_block_padding\"  data-td-block-uid=\"tdi_23\" >\n<style>\n.td-theme-wrap .tdi_23 .td-pulldown-filter-link:hover,\r\n            .td-theme-wrap .tdi_23 .td-subcat-item a:hover,\r\n            .td-theme-wrap .tdi_23 .td-subcat-item .td-cur-simple-item {\r\n                color: #1fbcd1;\r\n            }\r\n\r\n            .td-theme-wrap .tdi_23 .block-title > *,\r\n            .td-theme-wrap .tdi_23 .td-subcat-dropdown:hover .td-subcat-more {\r\n                background-color: #1fbcd1;\r\n            }\r\n            .td-theme-wrap .td-footer-wrapper .tdi_23 .block-title > * {\r\n                padding: 6px 7px 5px;\r\n                line-height: 1;\r\n            }\r\n\r\n            .td-theme-wrap .tdi_23 .block-title {\r\n                border-color: #1fbcd1;\r\n            }\r\n\r\n            \r\n            .td-theme-wrap .tdi_23 .td_module_wrap:hover .entry-title a,\r\n            .td-theme-wrap .tdi_23 .td_quote_on_blocks,\r\n            .td-theme-wrap .tdi_23 .td-opacity-cat .td-post-category:hover,\r\n            .td-theme-wrap .tdi_23 .td-opacity-read .td-read-more a:hover,\r\n            .td-theme-wrap .tdi_23 .td-opacity-author .td-post-author-name a:hover,\r\n            .td-theme-wrap .tdi_23 .td-instagram-user a {\r\n                color: #1fbcd1;\r\n            }\r\n\r\n            .td-theme-wrap .tdi_23 .td-next-prev-wrap a:hover,\r\n            .td-theme-wrap .tdi_23 .td-load-more-wrap a:hover {\r\n                background-color: #1fbcd1;\r\n                border-color: #1fbcd1;\r\n            }\r\n\r\n            .td-theme-wrap .tdi_23 .td-read-more a,\r\n            .td-theme-wrap .tdi_23 .td-weather-information:before,\r\n            .td-theme-wrap .tdi_23 .td-weather-week:before,\r\n            .td-theme-wrap .tdi_23 .td-exchange-header:before,\r\n            .td-theme-wrap .td-footer-wrapper .tdi_23 .td-post-category,\r\n            .td-theme-wrap .tdi_23 .td-post-category:hover {\r\n                background-color: #1fbcd1;\r\n            }\n<\/style><script>var block_tdi_23 = new tdBlock();\nblock_tdi_23.id = \"tdi_23\";\nblock_tdi_23.atts = '{\"custom_title\":\"Cap\\u00edtulo General\",\"custom_url\":\"https:\\\/\\\/www.cgfmanet.org\\\/es\\\/categoria\\\/ifma-es\\\/capitulo-general\\\/\",\"m6_tl\":\"15\",\"category_id\":\"163\",\"category_ids\":\"163,-153\",\"limit\":\"2\",\"td_ajax_filter_type\":\"td_category_ids_filter\",\"td_ajax_filter_ids\":\"191,195,199,203,206\",\"td_filter_default_txt\":\"Todos\",\"m4_tl\":\"10\",\"header_color\":\"#1fbcd1\",\"block_type\":\"td_block_2\",\"separator\":\"\",\"block_template_id\":\"\",\"m2_tl\":\"\",\"m2_el\":\"\",\"post_ids\":\"\",\"taxonomies\":\"\",\"in_all_terms\":\"\",\"tag_slug\":\"\",\"autors_id\":\"\",\"installed_post_types\":\"\",\"include_cf_posts\":\"\",\"exclude_cf_posts\":\"\",\"sort\":\"\",\"popular_by_date\":\"\",\"linked_posts\":\"\",\"favourite_only\":\"\",\"offset\":\"\",\"open_in_new_window\":\"\",\"show_modified_date\":\"\",\"time_ago\":\"\",\"time_ago_add_txt\":\"ago\",\"time_ago_txt_pos\":\"\",\"review_source\":\"\",\"el_class\":\"\",\"td_ajax_preloading\":\"\",\"f_header_font_header\":\"\",\"f_header_font_title\":\"Block header\",\"f_header_font_settings\":\"\",\"f_header_font_family\":\"\",\"f_header_font_size\":\"\",\"f_header_font_line_height\":\"\",\"f_header_font_style\":\"\",\"f_header_font_weight\":\"\",\"f_header_font_transform\":\"\",\"f_header_font_spacing\":\"\",\"f_header_\":\"\",\"f_ajax_font_title\":\"Ajax categories\",\"f_ajax_font_settings\":\"\",\"f_ajax_font_family\":\"\",\"f_ajax_font_size\":\"\",\"f_ajax_font_line_height\":\"\",\"f_ajax_font_style\":\"\",\"f_ajax_font_weight\":\"\",\"f_ajax_font_transform\":\"\",\"f_ajax_font_spacing\":\"\",\"f_ajax_\":\"\",\"f_more_font_title\":\"Load more button\",\"f_more_font_settings\":\"\",\"f_more_font_family\":\"\",\"f_more_font_size\":\"\",\"f_more_font_line_height\":\"\",\"f_more_font_style\":\"\",\"f_more_font_weight\":\"\",\"f_more_font_transform\":\"\",\"f_more_font_spacing\":\"\",\"f_more_\":\"\",\"m2f_title_font_header\":\"\",\"m2f_title_font_title\":\"Article title\",\"m2f_title_font_settings\":\"\",\"m2f_title_font_family\":\"\",\"m2f_title_font_size\":\"\",\"m2f_title_font_line_height\":\"\",\"m2f_title_font_style\":\"\",\"m2f_title_font_weight\":\"\",\"m2f_title_font_transform\":\"\",\"m2f_title_font_spacing\":\"\",\"m2f_title_\":\"\",\"m2f_cat_font_title\":\"Article category tag\",\"m2f_cat_font_settings\":\"\",\"m2f_cat_font_family\":\"\",\"m2f_cat_font_size\":\"\",\"m2f_cat_font_line_height\":\"\",\"m2f_cat_font_style\":\"\",\"m2f_cat_font_weight\":\"\",\"m2f_cat_font_transform\":\"\",\"m2f_cat_font_spacing\":\"\",\"m2f_cat_\":\"\",\"m2f_meta_font_title\":\"Article meta info\",\"m2f_meta_font_settings\":\"\",\"m2f_meta_font_family\":\"\",\"m2f_meta_font_size\":\"\",\"m2f_meta_font_line_height\":\"\",\"m2f_meta_font_style\":\"\",\"m2f_meta_font_weight\":\"\",\"m2f_meta_font_transform\":\"\",\"m2f_meta_font_spacing\":\"\",\"m2f_meta_\":\"\",\"m2f_ex_font_title\":\"Article excerpt\",\"m2f_ex_font_settings\":\"\",\"m2f_ex_font_family\":\"\",\"m2f_ex_font_size\":\"\",\"m2f_ex_font_line_height\":\"\",\"m2f_ex_font_style\":\"\",\"m2f_ex_font_weight\":\"\",\"m2f_ex_font_transform\":\"\",\"m2f_ex_font_spacing\":\"\",\"m2f_ex_\":\"\",\"m6f_title_font_header\":\"\",\"m6f_title_font_title\":\"Article title\",\"m6f_title_font_settings\":\"\",\"m6f_title_font_family\":\"\",\"m6f_title_font_size\":\"\",\"m6f_title_font_line_height\":\"\",\"m6f_title_font_style\":\"\",\"m6f_title_font_weight\":\"\",\"m6f_title_font_transform\":\"\",\"m6f_title_font_spacing\":\"\",\"m6f_title_\":\"\",\"m6f_cat_font_title\":\"Article category tag\",\"m6f_cat_font_settings\":\"\",\"m6f_cat_font_family\":\"\",\"m6f_cat_font_size\":\"\",\"m6f_cat_font_line_height\":\"\",\"m6f_cat_font_style\":\"\",\"m6f_cat_font_weight\":\"\",\"m6f_cat_font_transform\":\"\",\"m6f_cat_font_spacing\":\"\",\"m6f_cat_\":\"\",\"m6f_meta_font_title\":\"Article meta info\",\"m6f_meta_font_settings\":\"\",\"m6f_meta_font_family\":\"\",\"m6f_meta_font_size\":\"\",\"m6f_meta_font_line_height\":\"\",\"m6f_meta_font_style\":\"\",\"m6f_meta_font_weight\":\"\",\"m6f_meta_font_transform\":\"\",\"m6f_meta_font_spacing\":\"\",\"m6f_meta_\":\"\",\"ajax_pagination\":\"\",\"ajax_pagination_next_prev_swipe\":\"\",\"ajax_pagination_infinite_stop\":\"\",\"css\":\"\",\"tdc_css\":\"\",\"td_column_number\":2,\"color_preset\":\"\",\"border_top\":\"\",\"class\":\"tdi_23\",\"tdc_css_class\":\"tdi_23\",\"tdc_css_class_style\":\"tdi_23_rand_style\"}';\nblock_tdi_23.td_column_number = \"2\";\nblock_tdi_23.block_type = \"td_block_2\";\nblock_tdi_23.post_count = \"2\";\nblock_tdi_23.found_posts = \"101\";\nblock_tdi_23.header_color = \"#1fbcd1\";\nblock_tdi_23.ajax_pagination_infinite_stop = \"\";\nblock_tdi_23.max_num_pages = \"51\";\ntdBlocksArray.push(block_tdi_23);\n<\/script><div class=\"td-block-title-wrap\"><h4 class=\"block-title td-block-title\"><a href=\"https:\/\/www.cgfmanet.org\/es\/categoria\/ifma-es\/capitulo-general\/\" class=\"td-pulldown-size\">Cap\u00edtulo General<\/a><\/h4><div class=\"td-pulldown-syle-default td-subcat-filter\" id=\"td_pulldown_tdi_23\"><ul class=\"td-subcat-list\" id=\"td_pulldown_tdi_23_list\"><li class=\"td-subcat-item\"><a class=\"td-subcat-link\" id=\"tdi_24\" data-td_filter_value=\"\" data-td_block_id=\"tdi_23\" href=\"#\">Todos<\/a><\/li><li class=\"td-subcat-item\"><a class=\"td-subcat-link\" id=\"tdi_25\" data-td_filter_value=\"191\" data-td_block_id=\"tdi_23\" href=\"#\">Iglesia<\/a><\/li><li class=\"td-subcat-item\"><a class=\"td-subcat-link\" id=\"tdi_26\" data-td_filter_value=\"195\" data-td_block_id=\"tdi_23\" href=\"#\">Ciudadan\u00eda<\/a><\/li><li class=\"td-subcat-item\"><a class=\"td-subcat-link\" id=\"tdi_27\" data-td_filter_value=\"199\" data-td_block_id=\"tdi_23\" href=\"#\">Derechos Humanos<\/a><\/li><li class=\"td-subcat-item\"><a class=\"td-subcat-link\" id=\"tdi_28\" data-td_filter_value=\"203\" data-td_block_id=\"tdi_23\" href=\"#\">Ecolog\u00eda<\/a><\/li><li class=\"td-subcat-item\"><a class=\"td-subcat-link\" id=\"tdi_29\" data-td_filter_value=\"206\" data-td_block_id=\"tdi_23\" href=\"#\">Educomunicaci\u00f3n<\/a><\/li><\/ul><div class=\"td-subcat-dropdown\"><div class=\"td-subcat-more\" aria-haspopup=\"true\"><span>M\u00e1s<\/span><i class=\"td-icon-read-down\"><\/i><\/div><ul class=\"td-pulldown-filter-list\"><\/ul><\/div><\/div><\/div><div id=tdi_23 class=\"td_block_inner\">\n\n\t<div class=\"td-block-row\">\n\n\t<div class=\"td-block-span6\">\n\r\n        <div class=\"td_module_2 td_module_wrap td-animation-stack\">\r\n            <div class=\"td-module-image\">\r\n                <div class=\"td-module-thumb\"><a href=\"https:\/\/www.cgfmanet.org\/es\/ifma-es\/convocatoria-del-capitulo-general-xxv-circular-no1056\/\"  rel=\"bookmark\" class=\"td-image-wrap \" title=\"Convocatoria del Cap\u00edtulo General XXV &#8211; Circular n\u00ba1056\" ><img decoding=\"async\" width=\"324\" height=\"160\" class=\"entry-thumb lazyload\" data-src=\"https:\/\/www.cgfmanet.org\/wp-content\/uploads\/2026\/02\/Convocazione-CG-25-324x160.jpg\"   alt=\"\" title=\"Convocatoria del Cap\u00edtulo General XXV &#8211; Circular n\u00ba1056\" src=\"data:image\/svg+xml;base64,PHN2ZyB3aWR0aD0iMSIgaGVpZ2h0PSIxIiB4bWxucz0iaHR0cDovL3d3dy53My5vcmcvMjAwMC9zdmciPjwvc3ZnPg==\" style=\"--smush-placeholder-width: 324px; --smush-placeholder-aspect-ratio: 324\/160;\" \/><\/a><\/div>                <a href=\"https:\/\/www.cgfmanet.org\/es\/categoria\/ifma-es\/capitulo-general\/\" class=\"td-post-category\" >Cap\u00edtulo General<\/a>            <\/div>\r\n            <h3 class=\"entry-title td-module-title\"><a href=\"https:\/\/www.cgfmanet.org\/es\/ifma-es\/convocatoria-del-capitulo-general-xxv-circular-no1056\/\"  rel=\"bookmark\" title=\"Convocatoria del Cap\u00edtulo General XXV &#8211; Circular n\u00ba1056\">Convocatoria del Cap\u00edtulo General XXV &#8211; Circular n\u00ba1056<\/a><\/h3>\r\n\r\n            <div class=\"td-module-meta-info\">\r\n                                <span class=\"td-post-date\"><time class=\"entry-date updated td-module-date\" datetime=\"2026-02-27T16:11:03+01:00\" >27 de febrero de 2026<\/time><\/span>                            <\/div>\r\n\r\n\r\n            <div class=\"td-excerpt\">\r\n                Roma (Italia). Al t\u00e9rmino del pleno de invierno, la Superiora General del Instituto de las Hijas de Mar\u00eda Auxiliadora, Madre Chiara Cazzuola, con la...            <\/div>\r\n\r\n            \r\n        <\/div>\r\n\r\n        \n\t<\/div> <!-- .\/td-block-span6 -->\n\n\t<div class=\"td-block-span6\">\n\r\n        <div class=\"td_module_2 td_module_wrap td-animation-stack\">\r\n            <div class=\"td-module-image\">\r\n                <div class=\"td-module-thumb\"><a href=\"https:\/\/www.cgfmanet.org\/es\/ifma-es\/capitulo-general\/actualizacion-de-los-documentos-en-que-punto-estamos\/\"  rel=\"bookmark\" class=\"td-image-wrap \" title=\"Actualizaci\u00f3n de los Documentos: \u00bfen qu\u00e9 punto estamos?\" ><img decoding=\"async\" width=\"324\" height=\"160\" class=\"entry-thumb lazyload\" data-src=\"https:\/\/www.cgfmanet.org\/wp-content\/uploads\/2025\/09\/Aggiornamento-documenti-Istituto-324x160.jpg\"   alt=\"\" title=\"Actualizaci\u00f3n de los Documentos: \u00bfen qu\u00e9 punto estamos?\" src=\"data:image\/svg+xml;base64,PHN2ZyB3aWR0aD0iMSIgaGVpZ2h0PSIxIiB4bWxucz0iaHR0cDovL3d3dy53My5vcmcvMjAwMC9zdmciPjwvc3ZnPg==\" style=\"--smush-placeholder-width: 324px; --smush-placeholder-aspect-ratio: 324\/160;\" \/><\/a><\/div>                <a href=\"https:\/\/www.cgfmanet.org\/es\/categoria\/ifma-es\/capitulo-general\/\" class=\"td-post-category\" >Cap\u00edtulo General<\/a>            <\/div>\r\n            <h3 class=\"entry-title td-module-title\"><a href=\"https:\/\/www.cgfmanet.org\/es\/ifma-es\/capitulo-general\/actualizacion-de-los-documentos-en-que-punto-estamos\/\"  rel=\"bookmark\" title=\"Actualizaci\u00f3n de los Documentos: \u00bfen qu\u00e9 punto estamos?\">Actualizaci\u00f3n de los Documentos: \u00bfen qu\u00e9 punto estamos?<\/a><\/h3>\r\n\r\n            <div class=\"td-module-meta-info\">\r\n                                <span class=\"td-post-date\"><time class=\"entry-date updated td-module-date\" datetime=\"2025-09-25T12:26:18+02:00\" >25 de septiembre de 2025<\/time><\/span>                            <\/div>\r\n\r\n\r\n            <div class=\"td-excerpt\">\r\n                Roma (Italia). En el curso de las Evaluaciones Trienales realizadas por las diversas Conferencias Interinspectoriales del mundo, terminadas en el mes de agosto de...            <\/div>\r\n\r\n            \r\n        <\/div>\r\n\r\n        \n\t<\/div> <!-- .\/td-block-span6 --><\/div><!--.\/row-fluid--><\/div><\/div> <!-- .\/block --><div class=\"td_block_wrap td_block_1 tdi_30 td-pb-border-top td_block_template_1 td-column-2\"  data-td-block-uid=\"tdi_30\" >\n<style>\n.td-theme-wrap .tdi_30 .td-pulldown-filter-link:hover,\r\n            .td-theme-wrap .tdi_30 .td-subcat-item a:hover,\r\n            .td-theme-wrap .tdi_30 .td-subcat-item .td-cur-simple-item {\r\n                color: #4054b1;\r\n            }\r\n\r\n            .td-theme-wrap .tdi_30 .block-title > *,\r\n            .td-theme-wrap .tdi_30 .td-subcat-dropdown:hover .td-subcat-more {\r\n                background-color: #4054b1;\r\n            }\r\n            .td-theme-wrap .td-footer-wrapper .tdi_30 .block-title > * {\r\n                padding: 6px 7px 5px;\r\n                line-height: 1;\r\n            }\r\n\r\n            .td-theme-wrap .tdi_30 .block-title {\r\n                border-color: #4054b1;\r\n            }\r\n\r\n            \r\n            .td-theme-wrap .tdi_30 .td_module_wrap:hover .entry-title a,\r\n            .td-theme-wrap .tdi_30 .td_quote_on_blocks,\r\n            .td-theme-wrap .tdi_30 .td-opacity-cat .td-post-category:hover,\r\n            .td-theme-wrap .tdi_30 .td-opacity-read .td-read-more a:hover,\r\n            .td-theme-wrap .tdi_30 .td-opacity-author .td-post-author-name a:hover,\r\n            .td-theme-wrap .tdi_30 .td-instagram-user a {\r\n                color: #4054b1;\r\n            }\r\n\r\n            .td-theme-wrap .tdi_30 .td-next-prev-wrap a:hover,\r\n            .td-theme-wrap .tdi_30 .td-load-more-wrap a:hover {\r\n                background-color: #4054b1;\r\n                border-color: #4054b1;\r\n            }\r\n\r\n            .td-theme-wrap .tdi_30 .td-read-more a,\r\n            .td-theme-wrap .tdi_30 .td-weather-information:before,\r\n            .td-theme-wrap .tdi_30 .td-weather-week:before,\r\n            .td-theme-wrap .tdi_30 .td-exchange-header:before,\r\n            .td-theme-wrap .td-footer-wrapper .tdi_30 .td-post-category,\r\n            .td-theme-wrap .tdi_30 .td-post-category:hover {\r\n                background-color: #4054b1;\r\n            }\n<\/style><script>var block_tdi_30 = new tdBlock();\nblock_tdi_30.id = \"tdi_30\";\nblock_tdi_30.atts = '{\"custom_title\":\"Presencia y Obras\",\"custom_url\":\"https:\\\/\\\/www.cgfmanet.org\\\/es\\\/categoria\\\/ifma-es\\\/presencia-obras\\\/\",\"m4_tl\":\"10\",\"m4_el\":\"15\",\"m6_tl\":\"15\",\"category_id\":\"27\",\"category_ids\":\"186,-153\",\"td_filter_default_txt\":\"Tutti\",\"header_color\":\"#4054b1\",\"block_type\":\"td_block_1\",\"separator\":\"\",\"block_template_id\":\"\",\"post_ids\":\"\",\"taxonomies\":\"\",\"in_all_terms\":\"\",\"tag_slug\":\"\",\"autors_id\":\"\",\"installed_post_types\":\"\",\"include_cf_posts\":\"\",\"exclude_cf_posts\":\"\",\"sort\":\"\",\"popular_by_date\":\"\",\"linked_posts\":\"\",\"favourite_only\":\"\",\"limit\":\"5\",\"offset\":\"\",\"open_in_new_window\":\"\",\"show_modified_date\":\"\",\"time_ago\":\"\",\"time_ago_add_txt\":\"ago\",\"time_ago_txt_pos\":\"\",\"review_source\":\"\",\"el_class\":\"\",\"td_ajax_filter_type\":\"\",\"td_ajax_filter_ids\":\"\",\"td_ajax_preloading\":\"\",\"f_header_font_header\":\"\",\"f_header_font_title\":\"Block header\",\"f_header_font_settings\":\"\",\"f_header_font_family\":\"\",\"f_header_font_size\":\"\",\"f_header_font_line_height\":\"\",\"f_header_font_style\":\"\",\"f_header_font_weight\":\"\",\"f_header_font_transform\":\"\",\"f_header_font_spacing\":\"\",\"f_header_\":\"\",\"f_ajax_font_title\":\"Ajax categories\",\"f_ajax_font_settings\":\"\",\"f_ajax_font_family\":\"\",\"f_ajax_font_size\":\"\",\"f_ajax_font_line_height\":\"\",\"f_ajax_font_style\":\"\",\"f_ajax_font_weight\":\"\",\"f_ajax_font_transform\":\"\",\"f_ajax_font_spacing\":\"\",\"f_ajax_\":\"\",\"f_more_font_title\":\"Load more button\",\"f_more_font_settings\":\"\",\"f_more_font_family\":\"\",\"f_more_font_size\":\"\",\"f_more_font_line_height\":\"\",\"f_more_font_style\":\"\",\"f_more_font_weight\":\"\",\"f_more_font_transform\":\"\",\"f_more_font_spacing\":\"\",\"f_more_\":\"\",\"m4f_title_font_header\":\"\",\"m4f_title_font_title\":\"Article title\",\"m4f_title_font_settings\":\"\",\"m4f_title_font_family\":\"\",\"m4f_title_font_size\":\"\",\"m4f_title_font_line_height\":\"\",\"m4f_title_font_style\":\"\",\"m4f_title_font_weight\":\"\",\"m4f_title_font_transform\":\"\",\"m4f_title_font_spacing\":\"\",\"m4f_title_\":\"\",\"m4f_cat_font_title\":\"Article category tag\",\"m4f_cat_font_settings\":\"\",\"m4f_cat_font_family\":\"\",\"m4f_cat_font_size\":\"\",\"m4f_cat_font_line_height\":\"\",\"m4f_cat_font_style\":\"\",\"m4f_cat_font_weight\":\"\",\"m4f_cat_font_transform\":\"\",\"m4f_cat_font_spacing\":\"\",\"m4f_cat_\":\"\",\"m4f_meta_font_title\":\"Article meta info\",\"m4f_meta_font_settings\":\"\",\"m4f_meta_font_family\":\"\",\"m4f_meta_font_size\":\"\",\"m4f_meta_font_line_height\":\"\",\"m4f_meta_font_style\":\"\",\"m4f_meta_font_weight\":\"\",\"m4f_meta_font_transform\":\"\",\"m4f_meta_font_spacing\":\"\",\"m4f_meta_\":\"\",\"m4f_ex_font_title\":\"Article excerpt\",\"m4f_ex_font_settings\":\"\",\"m4f_ex_font_family\":\"\",\"m4f_ex_font_size\":\"\",\"m4f_ex_font_line_height\":\"\",\"m4f_ex_font_style\":\"\",\"m4f_ex_font_weight\":\"\",\"m4f_ex_font_transform\":\"\",\"m4f_ex_font_spacing\":\"\",\"m4f_ex_\":\"\",\"m6f_title_font_header\":\"\",\"m6f_title_font_title\":\"Article title\",\"m6f_title_font_settings\":\"\",\"m6f_title_font_family\":\"\",\"m6f_title_font_size\":\"\",\"m6f_title_font_line_height\":\"\",\"m6f_title_font_style\":\"\",\"m6f_title_font_weight\":\"\",\"m6f_title_font_transform\":\"\",\"m6f_title_font_spacing\":\"\",\"m6f_title_\":\"\",\"m6f_cat_font_title\":\"Article category tag\",\"m6f_cat_font_settings\":\"\",\"m6f_cat_font_family\":\"\",\"m6f_cat_font_size\":\"\",\"m6f_cat_font_line_height\":\"\",\"m6f_cat_font_style\":\"\",\"m6f_cat_font_weight\":\"\",\"m6f_cat_font_transform\":\"\",\"m6f_cat_font_spacing\":\"\",\"m6f_cat_\":\"\",\"m6f_meta_font_title\":\"Article meta info\",\"m6f_meta_font_settings\":\"\",\"m6f_meta_font_family\":\"\",\"m6f_meta_font_size\":\"\",\"m6f_meta_font_line_height\":\"\",\"m6f_meta_font_style\":\"\",\"m6f_meta_font_weight\":\"\",\"m6f_meta_font_transform\":\"\",\"m6f_meta_font_spacing\":\"\",\"m6f_meta_\":\"\",\"ajax_pagination\":\"\",\"ajax_pagination_next_prev_swipe\":\"\",\"ajax_pagination_infinite_stop\":\"\",\"css\":\"\",\"tdc_css\":\"\",\"td_column_number\":2,\"color_preset\":\"\",\"border_top\":\"\",\"class\":\"tdi_30\",\"tdc_css_class\":\"tdi_30\",\"tdc_css_class_style\":\"tdi_30_rand_style\"}';\nblock_tdi_30.td_column_number = \"2\";\nblock_tdi_30.block_type = \"td_block_1\";\nblock_tdi_30.post_count = \"5\";\nblock_tdi_30.found_posts = \"266\";\nblock_tdi_30.header_color = \"#4054b1\";\nblock_tdi_30.ajax_pagination_infinite_stop = \"\";\nblock_tdi_30.max_num_pages = \"54\";\ntdBlocksArray.push(block_tdi_30);\n<\/script><div class=\"td-block-title-wrap\"><h4 class=\"block-title td-block-title\"><a href=\"https:\/\/www.cgfmanet.org\/es\/categoria\/ifma-es\/presencia-obras\/\" class=\"td-pulldown-size\">Presencia y Obras<\/a><\/h4><\/div><div id=tdi_30 class=\"td_block_inner\">\n\n\t<div class=\"td-block-row\">\n\n\t<div class=\"td-block-span6\">\n\r\n        <div class=\"td_module_4 td_module_wrap td-animation-stack\">\r\n            <div class=\"td-module-image\">\r\n                <div class=\"td-module-thumb\"><a href=\"https:\/\/www.cgfmanet.org\/es\/ifma-es\/130-di-ensa-a-ponte-nova-bmm\/\"  rel=\"bookmark\" class=\"td-image-wrap \" title=\"130\u00b0 di ENSA a Ponte Nova \u2013 BMM\" ><img decoding=\"async\" width=\"324\" height=\"235\" class=\"entry-thumb lazyload\" data-src=\"https:\/\/www.cgfmanet.org\/wp-content\/uploads\/2026\/04\/130\u00b0-ENSA-Ponte-Nova_BMM-324x235.jpg\"   alt=\"\" title=\"130\u00b0 di ENSA a Ponte Nova \u2013 BMM\" src=\"data:image\/svg+xml;base64,PHN2ZyB3aWR0aD0iMSIgaGVpZ2h0PSIxIiB4bWxucz0iaHR0cDovL3d3dy53My5vcmcvMjAwMC9zdmciPjwvc3ZnPg==\" style=\"--smush-placeholder-width: 324px; --smush-placeholder-aspect-ratio: 324\/235;\" \/><\/a><\/div>                <a href=\"https:\/\/www.cgfmanet.org\/categoria\/ifma\/presenza-opere\/\" class=\"td-post-category\" >Presenza e Opere<\/a>            <\/div>\r\n\r\n            <h3 class=\"entry-title td-module-title\"><a href=\"https:\/\/www.cgfmanet.org\/es\/ifma-es\/130-di-ensa-a-ponte-nova-bmm\/\"  rel=\"bookmark\" title=\"130\u00b0 di ENSA a Ponte Nova \u2013 BMM\">130\u00b0 di ENSA a Ponte Nova \u2013 BMM<\/a><\/h3>\r\n            <div class=\"td-module-meta-info\">\r\n                                <span class=\"td-post-date\"><time class=\"entry-date updated td-module-date\" datetime=\"2026-04-26T10:35:08+02:00\" >26 de abril de 2026<\/time><\/span>                            <\/div>\r\n\r\n            <div class=\"td-excerpt\">\r\n                Ponte Nova (Brasile). L\u201911 aprile 2026 la Scuola Nossa Senhora Auxiliadora (ENSA) di Ponte...            <\/div>\r\n\r\n            \r\n        <\/div>\r\n\r\n        \n\t<\/div> <!-- .\/td-block-span6 -->\n\n\t<div class=\"td-block-span6\">\n\r\n        <div class=\"td_module_6 td_module_wrap td-animation-stack\">\r\n\r\n        <div class=\"td-module-thumb\"><a href=\"https:\/\/www.cgfmanet.org\/es\/ifma-es\/visita-de-sor-ena-bolanos-a-la-inspectoria-plj\/\"  rel=\"bookmark\" class=\"td-image-wrap \" title=\"Visita de sor Ena Bola\u00f1os a la Inspector\u00eda PLJ\" ><img decoding=\"async\" width=\"100\" height=\"70\" class=\"entry-thumb lazyload\" data-src=\"https:\/\/www.cgfmanet.org\/wp-content\/uploads\/2026\/04\/Visita-si-sr-Ena_Ispettoria-PLJ-100x70.jpg\"  data-srcset=\"https:\/\/www.cgfmanet.org\/wp-content\/uploads\/2026\/04\/Visita-si-sr-Ena_Ispettoria-PLJ-100x70.jpg 100w, https:\/\/www.cgfmanet.org\/wp-content\/uploads\/2026\/04\/Visita-si-sr-Ena_Ispettoria-PLJ-218x150.jpg 218w\" data-sizes=\"auto\"  alt=\"\" title=\"Visita de sor Ena Bola\u00f1os a la Inspector\u00eda PLJ\" src=\"data:image\/svg+xml;base64,PHN2ZyB3aWR0aD0iMSIgaGVpZ2h0PSIxIiB4bWxucz0iaHR0cDovL3d3dy53My5vcmcvMjAwMC9zdmciPjwvc3ZnPg==\" style=\"--smush-placeholder-width: 100px; --smush-placeholder-aspect-ratio: 100\/70;\" data-original-sizes=\"(max-width: 100px) 100vw, 100px\" \/><\/a><\/div>\r\n        <div class=\"item-details\">\r\n            <h3 class=\"entry-title td-module-title\"><a href=\"https:\/\/www.cgfmanet.org\/es\/ifma-es\/visita-de-sor-ena-bolanos-a-la-inspectoria-plj\/\"  rel=\"bookmark\" title=\"Visita de sor Ena Bola\u00f1os a la Inspector\u00eda PLJ\">Visita de sor Ena Bola\u00f1os a la Inspector\u00eda PLJ<\/a><\/h3>            <div class=\"td-module-meta-info\">\r\n                                                <span class=\"td-post-date\"><time class=\"entry-date updated td-module-date\" datetime=\"2026-04-21T09:15:54+02:00\" >21 de abril de 2026<\/time><\/span>                            <\/div>\r\n        <\/div>\r\n\r\n        <\/div>\r\n\r\n        \r\n        <div class=\"td_module_6 td_module_wrap td-animation-stack\">\r\n\r\n        <div class=\"td-module-thumb\"><a href=\"https:\/\/www.cgfmanet.org\/es\/ifma-es\/en-apoyo-a-las-jovenes-madres-aes\/\"  rel=\"bookmark\" class=\"td-image-wrap \" title=\"En apoyo a las j\u00f3venes madres \u2013 AES\" ><img decoding=\"async\" width=\"100\" height=\"70\" class=\"entry-thumb lazyload\" data-src=\"https:\/\/www.cgfmanet.org\/wp-content\/uploads\/2026\/04\/Rifugio-Donne-e-Bambini-AES-100x70.jpg\"  data-srcset=\"https:\/\/www.cgfmanet.org\/wp-content\/uploads\/2026\/04\/Rifugio-Donne-e-Bambini-AES-100x70.jpg 100w, https:\/\/www.cgfmanet.org\/wp-content\/uploads\/2026\/04\/Rifugio-Donne-e-Bambini-AES-218x150.jpg 218w\" data-sizes=\"auto\"  alt=\"\" title=\"En apoyo a las j\u00f3venes madres \u2013 AES\" src=\"data:image\/svg+xml;base64,PHN2ZyB3aWR0aD0iMSIgaGVpZ2h0PSIxIiB4bWxucz0iaHR0cDovL3d3dy53My5vcmcvMjAwMC9zdmciPjwvc3ZnPg==\" style=\"--smush-placeholder-width: 100px; --smush-placeholder-aspect-ratio: 100\/70;\" data-original-sizes=\"(max-width: 100px) 100vw, 100px\" \/><\/a><\/div>\r\n        <div class=\"item-details\">\r\n            <h3 class=\"entry-title td-module-title\"><a href=\"https:\/\/www.cgfmanet.org\/es\/ifma-es\/en-apoyo-a-las-jovenes-madres-aes\/\"  rel=\"bookmark\" title=\"En apoyo a las j\u00f3venes madres \u2013 AES\">En apoyo a las j\u00f3venes madres \u2013 AES<\/a><\/h3>            <div class=\"td-module-meta-info\">\r\n                                                <span class=\"td-post-date\"><time class=\"entry-date updated td-module-date\" datetime=\"2026-04-20T10:10:56+02:00\" >20 de abril de 2026<\/time><\/span>                            <\/div>\r\n        <\/div>\r\n\r\n        <\/div>\r\n\r\n        \r\n        <div class=\"td_module_6 td_module_wrap td-animation-stack\">\r\n\r\n        <div class=\"td-module-thumb\"><a href=\"https:\/\/www.cgfmanet.org\/es\/ifma-es\/visita-de-madre-chiara-cazzuola-a-la-inspectoria-bap\/\"  rel=\"bookmark\" class=\"td-image-wrap \" title=\"Visita de Madre Chiara Cazzuola a la Inspector\u00eda BAP\" ><img decoding=\"async\" width=\"100\" height=\"70\" class=\"entry-thumb lazyload\" data-src=\"https:\/\/www.cgfmanet.org\/wp-content\/uploads\/2026\/04\/Visita-Madre-BAP-100x70.jpg\"  data-srcset=\"https:\/\/www.cgfmanet.org\/wp-content\/uploads\/2026\/04\/Visita-Madre-BAP-100x70.jpg 100w, https:\/\/www.cgfmanet.org\/wp-content\/uploads\/2026\/04\/Visita-Madre-BAP-218x150.jpg 218w\" data-sizes=\"auto\"  alt=\"\" title=\"Visita de Madre Chiara Cazzuola a la Inspector\u00eda BAP\" src=\"data:image\/svg+xml;base64,PHN2ZyB3aWR0aD0iMSIgaGVpZ2h0PSIxIiB4bWxucz0iaHR0cDovL3d3dy53My5vcmcvMjAwMC9zdmciPjwvc3ZnPg==\" style=\"--smush-placeholder-width: 100px; --smush-placeholder-aspect-ratio: 100\/70;\" data-original-sizes=\"(max-width: 100px) 100vw, 100px\" \/><\/a><\/div>\r\n        <div class=\"item-details\">\r\n            <h3 class=\"entry-title td-module-title\"><a href=\"https:\/\/www.cgfmanet.org\/es\/ifma-es\/visita-de-madre-chiara-cazzuola-a-la-inspectoria-bap\/\"  rel=\"bookmark\" title=\"Visita de Madre Chiara Cazzuola a la Inspector\u00eda BAP\">Visita de Madre Chiara Cazzuola a la Inspector\u00eda BAP<\/a><\/h3>            <div class=\"td-module-meta-info\">\r\n                                                <span class=\"td-post-date\"><time class=\"entry-date updated td-module-date\" datetime=\"2026-04-07T09:36:31+02:00\" >7 de abril de 2026<\/time><\/span>                            <\/div>\r\n        <\/div>\r\n\r\n        <\/div>\r\n\r\n        \r\n        <div class=\"td_module_6 td_module_wrap td-animation-stack\">\r\n\r\n        <div class=\"td-module-thumb\"><a href=\"https:\/\/www.cgfmanet.org\/es\/ifma-es\/visita-de-madre-chiara-cazzuola-a-la-inspectoria-bre\/\"  rel=\"bookmark\" class=\"td-image-wrap \" title=\"Visita de Madre Chiara Cazzuola a la Inspector\u00eda BRE\" ><img decoding=\"async\" width=\"100\" height=\"70\" class=\"entry-thumb lazyload\" data-src=\"https:\/\/www.cgfmanet.org\/wp-content\/uploads\/2026\/03\/Visita-Madre_BRE-100x70.jpg\"  data-srcset=\"https:\/\/www.cgfmanet.org\/wp-content\/uploads\/2026\/03\/Visita-Madre_BRE-100x70.jpg 100w, https:\/\/www.cgfmanet.org\/wp-content\/uploads\/2026\/03\/Visita-Madre_BRE-218x150.jpg 218w\" data-sizes=\"auto\"  alt=\"\" title=\"Visita de Madre Chiara Cazzuola a la Inspector\u00eda BRE\" src=\"data:image\/svg+xml;base64,PHN2ZyB3aWR0aD0iMSIgaGVpZ2h0PSIxIiB4bWxucz0iaHR0cDovL3d3dy53My5vcmcvMjAwMC9zdmciPjwvc3ZnPg==\" style=\"--smush-placeholder-width: 100px; --smush-placeholder-aspect-ratio: 100\/70;\" data-original-sizes=\"(max-width: 100px) 100vw, 100px\" \/><\/a><\/div>\r\n        <div class=\"item-details\">\r\n            <h3 class=\"entry-title td-module-title\"><a href=\"https:\/\/www.cgfmanet.org\/es\/ifma-es\/visita-de-madre-chiara-cazzuola-a-la-inspectoria-bre\/\"  rel=\"bookmark\" title=\"Visita de Madre Chiara Cazzuola a la Inspector\u00eda BRE\">Visita de Madre Chiara Cazzuola a la Inspector\u00eda BRE<\/a><\/h3>            <div class=\"td-module-meta-info\">\r\n                                                <span class=\"td-post-date\"><time class=\"entry-date updated td-module-date\" datetime=\"2026-03-11T22:22:12+01:00\" >11 de marzo de 2026<\/time><\/span>                            <\/div>\r\n        <\/div>\r\n\r\n        <\/div>\r\n\r\n        \n\t<\/div> <!-- .\/td-block-span6 --><\/div><!--.\/row-fluid--><\/div><\/div> <!-- .\/block --><div class=\"td_block_wrap td_block_3 tdi_31 td-pb-border-top td_block_template_1 td-column-2 td_block_padding\"  data-td-block-uid=\"tdi_31\" >\n<style>\n.td-theme-wrap .tdi_31 .td-pulldown-filter-link:hover,\r\n            .td-theme-wrap .tdi_31 .td-subcat-item a:hover,\r\n            .td-theme-wrap .tdi_31 .td-subcat-item .td-cur-simple-item {\r\n                color: #673fb3;\r\n            }\r\n\r\n            .td-theme-wrap .tdi_31 .block-title > *,\r\n            .td-theme-wrap .tdi_31 .td-subcat-dropdown:hover .td-subcat-more {\r\n                background-color: #673fb3;\r\n            }\r\n            .td-theme-wrap .td-footer-wrapper .tdi_31 .block-title > * {\r\n                padding: 6px 7px 5px;\r\n                line-height: 1;\r\n            }\r\n\r\n            .td-theme-wrap .tdi_31 .block-title {\r\n                border-color: #673fb3;\r\n            }\r\n\r\n            \r\n            .td-theme-wrap .tdi_31 .td_module_wrap:hover .entry-title a,\r\n            .td-theme-wrap .tdi_31 .td_quote_on_blocks,\r\n            .td-theme-wrap .tdi_31 .td-opacity-cat .td-post-category:hover,\r\n            .td-theme-wrap .tdi_31 .td-opacity-read .td-read-more a:hover,\r\n            .td-theme-wrap .tdi_31 .td-opacity-author .td-post-author-name a:hover,\r\n            .td-theme-wrap .tdi_31 .td-instagram-user a {\r\n                color: #673fb3;\r\n            }\r\n\r\n            .td-theme-wrap .tdi_31 .td-next-prev-wrap a:hover,\r\n            .td-theme-wrap .tdi_31 .td-load-more-wrap a:hover {\r\n                background-color: #673fb3;\r\n                border-color: #673fb3;\r\n            }\r\n\r\n            .td-theme-wrap .tdi_31 .td-read-more a,\r\n            .td-theme-wrap .tdi_31 .td-weather-information:before,\r\n            .td-theme-wrap .tdi_31 .td-weather-week:before,\r\n            .td-theme-wrap .tdi_31 .td-exchange-header:before,\r\n            .td-theme-wrap .td-footer-wrapper .tdi_31 .td-post-category,\r\n            .td-theme-wrap .tdi_31 .td-post-category:hover {\r\n                background-color: #673fb3;\r\n            }\n<\/style><script>var block_tdi_31 = new tdBlock();\nblock_tdi_31.id = \"tdi_31\";\nblock_tdi_31.atts = '{\"custom_title\":\"Educaci\\u00f3n\",\"custom_url\":\"https:\\\/\\\/www.cgfmanet.org\\\/es\\\/categoria\\\/ifma-es\\\/educacion\\\/\",\"category_id\":\"28\",\"category_ids\":\"179,-153\",\"limit\":\"4\",\"td_filter_default_txt\":\"Tutti\",\"header_color\":\"#673fb3\",\"m5_el\":\"0\",\"block_type\":\"td_block_3\",\"separator\":\"\",\"block_template_id\":\"\",\"m1_tl\":\"\",\"post_ids\":\"\",\"taxonomies\":\"\",\"in_all_terms\":\"\",\"tag_slug\":\"\",\"autors_id\":\"\",\"installed_post_types\":\"\",\"include_cf_posts\":\"\",\"exclude_cf_posts\":\"\",\"sort\":\"\",\"popular_by_date\":\"\",\"linked_posts\":\"\",\"favourite_only\":\"\",\"offset\":\"\",\"open_in_new_window\":\"\",\"show_modified_date\":\"\",\"time_ago\":\"\",\"time_ago_add_txt\":\"ago\",\"time_ago_txt_pos\":\"\",\"review_source\":\"\",\"el_class\":\"\",\"td_ajax_filter_type\":\"\",\"td_ajax_filter_ids\":\"\",\"td_ajax_preloading\":\"\",\"f_header_font_header\":\"\",\"f_header_font_title\":\"Block header\",\"f_header_font_settings\":\"\",\"f_header_font_family\":\"\",\"f_header_font_size\":\"\",\"f_header_font_line_height\":\"\",\"f_header_font_style\":\"\",\"f_header_font_weight\":\"\",\"f_header_font_transform\":\"\",\"f_header_font_spacing\":\"\",\"f_header_\":\"\",\"f_ajax_font_title\":\"Ajax categories\",\"f_ajax_font_settings\":\"\",\"f_ajax_font_family\":\"\",\"f_ajax_font_size\":\"\",\"f_ajax_font_line_height\":\"\",\"f_ajax_font_style\":\"\",\"f_ajax_font_weight\":\"\",\"f_ajax_font_transform\":\"\",\"f_ajax_font_spacing\":\"\",\"f_ajax_\":\"\",\"f_more_font_title\":\"Load more button\",\"f_more_font_settings\":\"\",\"f_more_font_family\":\"\",\"f_more_font_size\":\"\",\"f_more_font_line_height\":\"\",\"f_more_font_style\":\"\",\"f_more_font_weight\":\"\",\"f_more_font_transform\":\"\",\"f_more_font_spacing\":\"\",\"f_more_\":\"\",\"m1f_title_font_header\":\"\",\"m1f_title_font_title\":\"Article title\",\"m1f_title_font_settings\":\"\",\"m1f_title_font_family\":\"\",\"m1f_title_font_size\":\"\",\"m1f_title_font_line_height\":\"\",\"m1f_title_font_style\":\"\",\"m1f_title_font_weight\":\"\",\"m1f_title_font_transform\":\"\",\"m1f_title_font_spacing\":\"\",\"m1f_title_\":\"\",\"m1f_cat_font_title\":\"Article category tag\",\"m1f_cat_font_settings\":\"\",\"m1f_cat_font_family\":\"\",\"m1f_cat_font_size\":\"\",\"m1f_cat_font_line_height\":\"\",\"m1f_cat_font_style\":\"\",\"m1f_cat_font_weight\":\"\",\"m1f_cat_font_transform\":\"\",\"m1f_cat_font_spacing\":\"\",\"m1f_cat_\":\"\",\"m1f_meta_font_title\":\"Article meta info\",\"m1f_meta_font_settings\":\"\",\"m1f_meta_font_family\":\"\",\"m1f_meta_font_size\":\"\",\"m1f_meta_font_line_height\":\"\",\"m1f_meta_font_style\":\"\",\"m1f_meta_font_weight\":\"\",\"m1f_meta_font_transform\":\"\",\"m1f_meta_font_spacing\":\"\",\"m1f_meta_\":\"\",\"ajax_pagination\":\"\",\"ajax_pagination_next_prev_swipe\":\"\",\"ajax_pagination_infinite_stop\":\"\",\"css\":\"\",\"tdc_css\":\"\",\"td_column_number\":2,\"color_preset\":\"\",\"border_top\":\"\",\"class\":\"tdi_31\",\"tdc_css_class\":\"tdi_31\",\"tdc_css_class_style\":\"tdi_31_rand_style\"}';\nblock_tdi_31.td_column_number = \"2\";\nblock_tdi_31.block_type = \"td_block_3\";\nblock_tdi_31.post_count = \"4\";\nblock_tdi_31.found_posts = \"234\";\nblock_tdi_31.header_color = \"#673fb3\";\nblock_tdi_31.ajax_pagination_infinite_stop = \"\";\nblock_tdi_31.max_num_pages = \"59\";\ntdBlocksArray.push(block_tdi_31);\n<\/script><div class=\"td-block-title-wrap\"><h4 class=\"block-title td-block-title\"><a href=\"https:\/\/www.cgfmanet.org\/es\/categoria\/ifma-es\/educacion\/\" class=\"td-pulldown-size\">Educaci\u00f3n<\/a><\/h4><\/div><div id=tdi_31 class=\"td_block_inner\">\n\n\t<div class=\"td-block-row\">\n\n\t<div class=\"td-block-span6\">\n\r\n        <div class=\"td_module_1 td_module_wrap td-animation-stack\">\r\n            <div class=\"td-module-image\">\r\n                <div class=\"td-module-thumb\"><a href=\"https:\/\/www.cgfmanet.org\/es\/ifma-es\/skill-expo-2026-a-shillong\/\"  rel=\"bookmark\" class=\"td-image-wrap \" title=\"Skill Expo 2026 a Shillong\" ><img decoding=\"async\" width=\"324\" height=\"160\" class=\"entry-thumb lazyload\" data-src=\"https:\/\/www.cgfmanet.org\/wp-content\/uploads\/2026\/04\/Skill-Expo-2026_INS-324x160.jpg\"   alt=\"\" title=\"Skill Expo 2026 a Shillong\" src=\"data:image\/svg+xml;base64,PHN2ZyB3aWR0aD0iMSIgaGVpZ2h0PSIxIiB4bWxucz0iaHR0cDovL3d3dy53My5vcmcvMjAwMC9zdmciPjwvc3ZnPg==\" style=\"--smush-placeholder-width: 324px; --smush-placeholder-aspect-ratio: 324\/160;\" \/><\/a><\/div>                <a href=\"https:\/\/www.cgfmanet.org\/categoria\/ifma\/educazione\/\" class=\"td-post-category\" >Educazione<\/a>            <\/div>\r\n            <h3 class=\"entry-title td-module-title\"><a href=\"https:\/\/www.cgfmanet.org\/es\/ifma-es\/skill-expo-2026-a-shillong\/\"  rel=\"bookmark\" title=\"Skill Expo 2026 a Shillong\">Skill Expo 2026 a Shillong<\/a><\/h3>\r\n            <div class=\"td-module-meta-info\">\r\n                                <span class=\"td-post-date\"><time class=\"entry-date updated td-module-date\" datetime=\"2026-04-27T11:02:33+02:00\" >27 de abril de 2026<\/time><\/span>                            <\/div>\r\n\r\n            \r\n        <\/div>\r\n\r\n        \n\t<\/div> <!-- .\/td-block-span6 -->\n\n\t<div class=\"td-block-span6\">\n\r\n        <div class=\"td_module_1 td_module_wrap td-animation-stack\">\r\n            <div class=\"td-module-image\">\r\n                <div class=\"td-module-thumb\"><a href=\"https:\/\/www.cgfmanet.org\/es\/ifma-es\/sepsur-escuela-2026-cicsal-y-cono-sur\/\"  rel=\"bookmark\" class=\"td-image-wrap \" title=\"SEPSUR Escuela 2026 &#8211; CICSAL y Cono Sur\" ><img decoding=\"async\" width=\"324\" height=\"160\" class=\"entry-thumb lazyload\" data-src=\"https:\/\/www.cgfmanet.org\/wp-content\/uploads\/2026\/04\/SEPSUR-2026-324x160.jpg\"   alt=\"\" title=\"SEPSUR Escuela 2026 &#8211; CICSAL y Cono Sur\" src=\"data:image\/svg+xml;base64,PHN2ZyB3aWR0aD0iMSIgaGVpZ2h0PSIxIiB4bWxucz0iaHR0cDovL3d3dy53My5vcmcvMjAwMC9zdmciPjwvc3ZnPg==\" style=\"--smush-placeholder-width: 324px; --smush-placeholder-aspect-ratio: 324\/160;\" \/><\/a><\/div>                <a href=\"https:\/\/www.cgfmanet.org\/es\/categoria\/ifma-es\/educacion\/\" class=\"td-post-category\" >Educaci\u00f3n<\/a>            <\/div>\r\n            <h3 class=\"entry-title td-module-title\"><a href=\"https:\/\/www.cgfmanet.org\/es\/ifma-es\/sepsur-escuela-2026-cicsal-y-cono-sur\/\"  rel=\"bookmark\" title=\"SEPSUR Escuela 2026 &#8211; CICSAL y Cono Sur\">SEPSUR Escuela 2026 &#8211; CICSAL y Cono Sur<\/a><\/h3>\r\n            <div class=\"td-module-meta-info\">\r\n                                <span class=\"td-post-date\"><time class=\"entry-date updated td-module-date\" datetime=\"2026-04-24T08:55:30+02:00\" >24 de abril de 2026<\/time><\/span>                            <\/div>\r\n\r\n            \r\n        <\/div>\r\n\r\n        \n\t<\/div> <!-- .\/td-block-span6 --><\/div><!--.\/row-fluid-->\n\n\t<div class=\"td-block-row\">\n\n\t<div class=\"td-block-span6\">\n\r\n        <div class=\"td_module_1 td_module_wrap td-animation-stack\">\r\n            <div class=\"td-module-image\">\r\n                <div class=\"td-module-thumb\"><a href=\"https:\/\/www.cgfmanet.org\/es\/ifma-es\/a-las-raices-para-construir-el-futuro-ciofs-scuola\/\"  rel=\"bookmark\" class=\"td-image-wrap \" title=\"A las ra\u00edces para construir el futuro \u2013 Ciofs Scuola\" ><img decoding=\"async\" width=\"324\" height=\"160\" class=\"entry-thumb lazyload\" data-src=\"https:\/\/www.cgfmanet.org\/wp-content\/uploads\/2026\/04\/Rappresentanti-CIOFS_Scuola_Italia-324x160.jpg\"   alt=\"\" title=\"A las ra\u00edces para construir el futuro \u2013 Ciofs Scuola\" src=\"data:image\/svg+xml;base64,PHN2ZyB3aWR0aD0iMSIgaGVpZ2h0PSIxIiB4bWxucz0iaHR0cDovL3d3dy53My5vcmcvMjAwMC9zdmciPjwvc3ZnPg==\" style=\"--smush-placeholder-width: 324px; --smush-placeholder-aspect-ratio: 324\/160;\" \/><\/a><\/div>                <a href=\"https:\/\/www.cgfmanet.org\/es\/categoria\/ifma-es\/educacion\/\" class=\"td-post-category\" >Educaci\u00f3n<\/a>            <\/div>\r\n            <h3 class=\"entry-title td-module-title\"><a href=\"https:\/\/www.cgfmanet.org\/es\/ifma-es\/a-las-raices-para-construir-el-futuro-ciofs-scuola\/\"  rel=\"bookmark\" title=\"A las ra\u00edces para construir el futuro \u2013 Ciofs Scuola\">A las ra\u00edces para construir el futuro \u2013 Ciofs Scuola<\/a><\/h3>\r\n            <div class=\"td-module-meta-info\">\r\n                                <span class=\"td-post-date\"><time class=\"entry-date updated td-module-date\" datetime=\"2026-04-23T10:43:06+02:00\" >23 de abril de 2026<\/time><\/span>                            <\/div>\r\n\r\n            \r\n        <\/div>\r\n\r\n        \n\t<\/div> <!-- .\/td-block-span6 -->\n\n\t<div class=\"td-block-span6\">\n\r\n        <div class=\"td_module_1 td_module_wrap td-animation-stack\">\r\n            <div class=\"td-module-image\">\r\n                <div class=\"td-module-thumb\"><a href=\"https:\/\/www.cgfmanet.org\/es\/ifma-es\/la-fuerza-profetica-de-la-red\/\"  rel=\"bookmark\" class=\"td-image-wrap \" title=\"La fuerza prof\u00e9tica de la Red\" ><img decoding=\"async\" width=\"324\" height=\"160\" class=\"entry-thumb lazyload\" data-src=\"https:\/\/www.cgfmanet.org\/wp-content\/uploads\/2026\/02\/Incontro-ISS-Colombia-324x160.jpg\"   alt=\"\" title=\"La fuerza prof\u00e9tica de la Red\" src=\"data:image\/svg+xml;base64,PHN2ZyB3aWR0aD0iMSIgaGVpZ2h0PSIxIiB4bWxucz0iaHR0cDovL3d3dy53My5vcmcvMjAwMC9zdmciPjwvc3ZnPg==\" style=\"--smush-placeholder-width: 324px; --smush-placeholder-aspect-ratio: 324\/160;\" \/><\/a><\/div>                <a href=\"https:\/\/www.cgfmanet.org\/es\/categoria\/ifma-es\/educacion\/\" class=\"td-post-category\" >Educaci\u00f3n<\/a>            <\/div>\r\n            <h3 class=\"entry-title td-module-title\"><a href=\"https:\/\/www.cgfmanet.org\/es\/ifma-es\/la-fuerza-profetica-de-la-red\/\"  rel=\"bookmark\" title=\"La fuerza prof\u00e9tica de la Red\">La fuerza prof\u00e9tica de la Red<\/a><\/h3>\r\n            <div class=\"td-module-meta-info\">\r\n                                <span class=\"td-post-date\"><time class=\"entry-date updated td-module-date\" datetime=\"2026-02-23T18:34:39+01:00\" >23 de febrero de 2026<\/time><\/span>                            <\/div>\r\n\r\n            \r\n        <\/div>\r\n\r\n        \n\t<\/div> <!-- .\/td-block-span6 --><\/div><!--.\/row-fluid--><\/div><\/div> <!-- .\/block --><div class=\"td_block_wrap td_block_11 tdi_32 td-pb-border-top td_block_template_1 td-column-2\"  data-td-block-uid=\"tdi_32\" >\n<style>\n.td-theme-wrap .tdi_32 .td-pulldown-filter-link:hover,\r\n            .td-theme-wrap .tdi_32 .td-subcat-item a:hover,\r\n            .td-theme-wrap .tdi_32 .td-subcat-item .td-cur-simple-item {\r\n                color: #1eaaf0;\r\n            }\r\n\r\n            .td-theme-wrap .tdi_32 .block-title > *,\r\n            .td-theme-wrap .tdi_32 .td-subcat-dropdown:hover .td-subcat-more {\r\n                background-color: #1eaaf0;\r\n            }\r\n            .td-theme-wrap .td-footer-wrapper .tdi_32 .block-title > * {\r\n                padding: 6px 7px 5px;\r\n                line-height: 1;\r\n            }\r\n\r\n            .td-theme-wrap .tdi_32 .block-title {\r\n                border-color: #1eaaf0;\r\n            }\r\n\r\n            \r\n            .td-theme-wrap .tdi_32 .td_module_wrap:hover .entry-title a,\r\n            .td-theme-wrap .tdi_32 .td_quote_on_blocks,\r\n            .td-theme-wrap .tdi_32 .td-opacity-cat .td-post-category:hover,\r\n            .td-theme-wrap .tdi_32 .td-opacity-read .td-read-more a:hover,\r\n            .td-theme-wrap .tdi_32 .td-opacity-author .td-post-author-name a:hover,\r\n            .td-theme-wrap .tdi_32 .td-instagram-user a {\r\n                color: #1eaaf0;\r\n            }\r\n\r\n            .td-theme-wrap .tdi_32 .td-next-prev-wrap a:hover,\r\n            .td-theme-wrap .tdi_32 .td-load-more-wrap a:hover {\r\n                background-color: #1eaaf0;\r\n                border-color: #1eaaf0;\r\n            }\r\n\r\n            .td-theme-wrap .tdi_32 .td-read-more a,\r\n            .td-theme-wrap .tdi_32 .td-weather-information:before,\r\n            .td-theme-wrap .tdi_32 .td-weather-week:before,\r\n            .td-theme-wrap .tdi_32 .td-exchange-header:before,\r\n            .td-theme-wrap .td-footer-wrapper .tdi_32 .td-post-category,\r\n            .td-theme-wrap .tdi_32 .td-post-category:hover {\r\n                background-color: #1eaaf0;\r\n            }\n<\/style><script>var block_tdi_32 = new tdBlock();\nblock_tdi_32.id = \"tdi_32\";\nblock_tdi_32.atts = '{\"custom_title\":\"Conferencias y Seminarios\",\"custom_url\":\"https:\\\/\\\/www.cgfmanet.org\\\/es\\\/categoria\\\/ifma-es\\\/conferencias-seminarios\\\/\",\"category_id\":\"23\",\"category_ids\":\"169,-153\",\"limit\":\"3\",\"td_filter_default_txt\":\"Tutti\",\"header_color\":\"#1eaaf0\",\"block_type\":\"td_block_11\",\"separator\":\"\",\"block_template_id\":\"\",\"m10_tl\":\"\",\"m10_el\":\"\",\"post_ids\":\"\",\"taxonomies\":\"\",\"in_all_terms\":\"\",\"tag_slug\":\"\",\"autors_id\":\"\",\"installed_post_types\":\"\",\"include_cf_posts\":\"\",\"exclude_cf_posts\":\"\",\"sort\":\"\",\"popular_by_date\":\"\",\"linked_posts\":\"\",\"favourite_only\":\"\",\"offset\":\"\",\"open_in_new_window\":\"\",\"show_modified_date\":\"\",\"time_ago\":\"\",\"time_ago_add_txt\":\"ago\",\"time_ago_txt_pos\":\"\",\"review_source\":\"\",\"el_class\":\"\",\"td_ajax_filter_type\":\"\",\"td_ajax_filter_ids\":\"\",\"td_ajax_preloading\":\"\",\"f_header_font_header\":\"\",\"f_header_font_title\":\"Block header\",\"f_header_font_settings\":\"\",\"f_header_font_family\":\"\",\"f_header_font_size\":\"\",\"f_header_font_line_height\":\"\",\"f_header_font_style\":\"\",\"f_header_font_weight\":\"\",\"f_header_font_transform\":\"\",\"f_header_font_spacing\":\"\",\"f_header_\":\"\",\"f_ajax_font_title\":\"Ajax categories\",\"f_ajax_font_settings\":\"\",\"f_ajax_font_family\":\"\",\"f_ajax_font_size\":\"\",\"f_ajax_font_line_height\":\"\",\"f_ajax_font_style\":\"\",\"f_ajax_font_weight\":\"\",\"f_ajax_font_transform\":\"\",\"f_ajax_font_spacing\":\"\",\"f_ajax_\":\"\",\"f_more_font_title\":\"Load more button\",\"f_more_font_settings\":\"\",\"f_more_font_family\":\"\",\"f_more_font_size\":\"\",\"f_more_font_line_height\":\"\",\"f_more_font_style\":\"\",\"f_more_font_weight\":\"\",\"f_more_font_transform\":\"\",\"f_more_font_spacing\":\"\",\"f_more_\":\"\",\"m10f_title_font_header\":\"\",\"m10f_title_font_title\":\"Article title\",\"m10f_title_font_settings\":\"\",\"m10f_title_font_family\":\"\",\"m10f_title_font_size\":\"\",\"m10f_title_font_line_height\":\"\",\"m10f_title_font_style\":\"\",\"m10f_title_font_weight\":\"\",\"m10f_title_font_transform\":\"\",\"m10f_title_font_spacing\":\"\",\"m10f_title_\":\"\",\"m10f_cat_font_title\":\"Article category tag\",\"m10f_cat_font_settings\":\"\",\"m10f_cat_font_family\":\"\",\"m10f_cat_font_size\":\"\",\"m10f_cat_font_line_height\":\"\",\"m10f_cat_font_style\":\"\",\"m10f_cat_font_weight\":\"\",\"m10f_cat_font_transform\":\"\",\"m10f_cat_font_spacing\":\"\",\"m10f_cat_\":\"\",\"m10f_meta_font_title\":\"Article meta info\",\"m10f_meta_font_settings\":\"\",\"m10f_meta_font_family\":\"\",\"m10f_meta_font_size\":\"\",\"m10f_meta_font_line_height\":\"\",\"m10f_meta_font_style\":\"\",\"m10f_meta_font_weight\":\"\",\"m10f_meta_font_transform\":\"\",\"m10f_meta_font_spacing\":\"\",\"m10f_meta_\":\"\",\"m10f_ex_font_title\":\"Article excerpt\",\"m10f_ex_font_settings\":\"\",\"m10f_ex_font_family\":\"\",\"m10f_ex_font_size\":\"\",\"m10f_ex_font_line_height\":\"\",\"m10f_ex_font_style\":\"\",\"m10f_ex_font_weight\":\"\",\"m10f_ex_font_transform\":\"\",\"m10f_ex_font_spacing\":\"\",\"m10f_ex_\":\"\",\"ajax_pagination\":\"\",\"ajax_pagination_next_prev_swipe\":\"\",\"ajax_pagination_infinite_stop\":\"\",\"css\":\"\",\"tdc_css\":\"\",\"td_column_number\":2,\"color_preset\":\"\",\"border_top\":\"\",\"class\":\"tdi_32\",\"tdc_css_class\":\"tdi_32\",\"tdc_css_class_style\":\"tdi_32_rand_style\"}';\nblock_tdi_32.td_column_number = \"2\";\nblock_tdi_32.block_type = \"td_block_11\";\nblock_tdi_32.post_count = \"3\";\nblock_tdi_32.found_posts = \"204\";\nblock_tdi_32.header_color = \"#1eaaf0\";\nblock_tdi_32.ajax_pagination_infinite_stop = \"\";\nblock_tdi_32.max_num_pages = \"68\";\ntdBlocksArray.push(block_tdi_32);\n<\/script><div class=\"td-block-title-wrap\"><h4 class=\"block-title td-block-title\"><a href=\"https:\/\/www.cgfmanet.org\/es\/categoria\/ifma-es\/conferencias-seminarios\/\" class=\"td-pulldown-size\">Conferencias y Seminarios<\/a><\/h4><\/div><div id=tdi_32 class=\"td_block_inner\">\n\n\t<div class=\"td-block-span12\">\n\r\n        <div class=\"td_module_10 td_module_wrap td-animation-stack\">\r\n            <div class=\"td-module-thumb\"><a href=\"https:\/\/www.cgfmanet.org\/es\/ifma-es\/la-metodologia-en-la-catequesis-iii-8o-webinar\/\"  rel=\"bookmark\" class=\"td-image-wrap \" title=\"La metodolog\u00eda en la Catequesis III \u2013 8\u00ba Webinar\" ><img decoding=\"async\" width=\"218\" height=\"150\" class=\"entry-thumb lazyload\" data-src=\"https:\/\/www.cgfmanet.org\/wp-content\/uploads\/2026\/03\/Webinar-8-Catechesi-218x150.jpg\"  data-srcset=\"https:\/\/www.cgfmanet.org\/wp-content\/uploads\/2026\/03\/Webinar-8-Catechesi-218x150.jpg 218w, https:\/\/www.cgfmanet.org\/wp-content\/uploads\/2026\/03\/Webinar-8-Catechesi-100x70.jpg 100w\" data-sizes=\"auto\"  alt=\"\" title=\"La metodolog\u00eda en la Catequesis III \u2013 8\u00ba Webinar\" src=\"data:image\/svg+xml;base64,PHN2ZyB3aWR0aD0iMSIgaGVpZ2h0PSIxIiB4bWxucz0iaHR0cDovL3d3dy53My5vcmcvMjAwMC9zdmciPjwvc3ZnPg==\" style=\"--smush-placeholder-width: 218px; --smush-placeholder-aspect-ratio: 218\/150;\" data-original-sizes=\"(max-width: 218px) 100vw, 218px\" \/><\/a><\/div>\r\n            <div class=\"item-details\">\r\n            <h3 class=\"entry-title td-module-title\"><a href=\"https:\/\/www.cgfmanet.org\/es\/ifma-es\/la-metodologia-en-la-catequesis-iii-8o-webinar\/\"  rel=\"bookmark\" title=\"La metodolog\u00eda en la Catequesis III \u2013 8\u00ba Webinar\">La metodolog\u00eda en la Catequesis III \u2013 8\u00ba Webinar<\/a><\/h3>\r\n                <div class=\"td-module-meta-info\">\r\n                                                                    <span class=\"td-post-date\"><time class=\"entry-date updated td-module-date\" datetime=\"2026-03-17T12:25:42+01:00\" >17 de marzo de 2026<\/time><\/span>                                        <\/div>\r\n\r\n                <div class=\"td-excerpt\">\r\n                    Roma (Italia). Del 9 al 15 de marzo de 2026 tuvo lugar, en cinco idiomas, la 8\u00aa cita del ciclo de seminarios web dedicados...                <\/div>\r\n            <\/div>\r\n\r\n        <\/div>\r\n\r\n        \n\t<\/div> <!-- .\/td-block-span12 -->\n\n\t<div class=\"td-block-span12\">\n\r\n        <div class=\"td_module_10 td_module_wrap td-animation-stack\">\r\n            <div class=\"td-module-thumb\"><a href=\"https:\/\/www.cgfmanet.org\/es\/ifma-es\/iv-encuentro-mundial-iss-fma-en-filipinas\/\"  rel=\"bookmark\" class=\"td-image-wrap \" title=\"IV Encuentro Mundial ISS-FMA en Filipinas\" ><img decoding=\"async\" width=\"218\" height=\"150\" class=\"entry-thumb lazyload\" data-src=\"https:\/\/www.cgfmanet.org\/wp-content\/uploads\/2026\/03\/4\u00b0-Incontro-mondiale-ISS-FMA-Filippine-218x150.jpg\"  data-srcset=\"https:\/\/www.cgfmanet.org\/wp-content\/uploads\/2026\/03\/4\u00b0-Incontro-mondiale-ISS-FMA-Filippine-218x150.jpg 218w, https:\/\/www.cgfmanet.org\/wp-content\/uploads\/2026\/03\/4\u00b0-Incontro-mondiale-ISS-FMA-Filippine-100x70.jpg 100w\" data-sizes=\"auto\"  alt=\"\" title=\"IV Encuentro Mundial ISS-FMA en Filipinas\" src=\"data:image\/svg+xml;base64,PHN2ZyB3aWR0aD0iMSIgaGVpZ2h0PSIxIiB4bWxucz0iaHR0cDovL3d3dy53My5vcmcvMjAwMC9zdmciPjwvc3ZnPg==\" style=\"--smush-placeholder-width: 218px; --smush-placeholder-aspect-ratio: 218\/150;\" data-original-sizes=\"(max-width: 218px) 100vw, 218px\" \/><\/a><\/div>\r\n            <div class=\"item-details\">\r\n            <h3 class=\"entry-title td-module-title\"><a href=\"https:\/\/www.cgfmanet.org\/es\/ifma-es\/iv-encuentro-mundial-iss-fma-en-filipinas\/\"  rel=\"bookmark\" title=\"IV Encuentro Mundial ISS-FMA en Filipinas\">IV Encuentro Mundial ISS-FMA en Filipinas<\/a><\/h3>\r\n                <div class=\"td-module-meta-info\">\r\n                                                                    <span class=\"td-post-date\"><time class=\"entry-date updated td-module-date\" datetime=\"2026-03-14T10:19:28+01:00\" >14 de marzo de 2026<\/time><\/span>                                        <\/div>\r\n\r\n                <div class=\"td-excerpt\">\r\n                    Filipinas. Del 9 al 13 de marzo de 2026, en el Centro de Espiritualidad Mornese en Pansol, Calamba, Laguna (Filipinas), tuvo lugar el IV...                <\/div>\r\n            <\/div>\r\n\r\n        <\/div>\r\n\r\n        \n\t<\/div> <!-- .\/td-block-span12 -->\n\n\t<div class=\"td-block-span12\">\n\r\n        <div class=\"td_module_10 td_module_wrap td-animation-stack\">\r\n            <div class=\"td-module-thumb\"><a href=\"https:\/\/www.cgfmanet.org\/es\/ifma-es\/39a-jornada-de-la-facultad-auxilium\/\"  rel=\"bookmark\" class=\"td-image-wrap \" title=\"39\u00aa Jornada de la Facultad \u201cAuxilium\u201d\" ><img decoding=\"async\" width=\"218\" height=\"150\" class=\"entry-thumb lazyload\" data-src=\"https:\/\/www.cgfmanet.org\/wp-content\/uploads\/2026\/02\/Giornata-Facolta-Auxilium_2026-218x150.jpg\"  data-srcset=\"https:\/\/www.cgfmanet.org\/wp-content\/uploads\/2026\/02\/Giornata-Facolta-Auxilium_2026-218x150.jpg 218w, https:\/\/www.cgfmanet.org\/wp-content\/uploads\/2026\/02\/Giornata-Facolta-Auxilium_2026-100x70.jpg 100w\" data-sizes=\"auto\"  alt=\"\" title=\"39\u00aa Jornada de la Facultad \u201cAuxilium\u201d\" src=\"data:image\/svg+xml;base64,PHN2ZyB3aWR0aD0iMSIgaGVpZ2h0PSIxIiB4bWxucz0iaHR0cDovL3d3dy53My5vcmcvMjAwMC9zdmciPjwvc3ZnPg==\" style=\"--smush-placeholder-width: 218px; --smush-placeholder-aspect-ratio: 218\/150;\" data-original-sizes=\"(max-width: 218px) 100vw, 218px\" \/><\/a><\/div>\r\n            <div class=\"item-details\">\r\n            <h3 class=\"entry-title td-module-title\"><a href=\"https:\/\/www.cgfmanet.org\/es\/ifma-es\/39a-jornada-de-la-facultad-auxilium\/\"  rel=\"bookmark\" title=\"39\u00aa Jornada de la Facultad \u201cAuxilium\u201d\">39\u00aa Jornada de la Facultad \u201cAuxilium\u201d<\/a><\/h3>\r\n                <div class=\"td-module-meta-info\">\r\n                                                                    <span class=\"td-post-date\"><time class=\"entry-date updated td-module-date\" datetime=\"2026-02-28T12:32:37+01:00\" >28 de febrero de 2026<\/time><\/span>                                        <\/div>\r\n\r\n                <div class=\"td-excerpt\">\r\n                    Roma (Italia). El 6 de marzo de 2026, para celebrar la 39\u00aa Jornada de la Facultad y en proximidad al D\u00eda Internacional de la...                <\/div>\r\n            <\/div>\r\n\r\n        <\/div>\r\n\r\n        \n\t<\/div> <!-- .\/td-block-span12 --><\/div><\/div> <!-- .\/block --><\/div><\/div><div class=\"vc_column tdi_34  wpb_column vc_column_container tdc-column td-pb-span4\">\n<style scoped>\n\/* custom css - generated by TagDiv Composer *\/\n\n\/* custom css - generated by TagDiv Composer *\/\n.tdi_34{\r\n                    vertical-align: baseline;\r\n                }.tdi_34 > .wpb_wrapper,\r\n\t\t\t\t.tdi_34 > .wpb_wrapper > .tdc-elements{\r\n\t\t\t\t    display: block;\r\n\t\t\t\t}.tdi_34 > .wpb_wrapper > .tdc-elements{\r\n\t\t\t\t    width: 100%;\r\n\t\t\t\t}.tdi_34 > .wpb_wrapper > .vc_row_inner{\r\n\t\t\t\t    width: auto;\r\n\t\t\t\t}.tdi_34 > .wpb_wrapper{\r\n\t\t\t\t    width: auto;\r\n\t\t\t\t    height: auto;\r\n\t\t\t\t}\n<\/style><div class=\"wpb_wrapper\" ><div class=\"td-block td-a-rec td-a-rec-id-custom-spot tdi_35 td_block_template_1\">\n<style>\n\/* custom css - generated by TagDiv Composer *\/\n.tdi_35.td-a-rec{\r\n\t\t\t\t\ttext-align: center;\r\n\t\t\t\t}.tdi_35.td-a-rec:not(.td-a-rec-no-translate){\r\n\t\t\t\t    transform: translateZ(0);\r\n\t\t\t\t}.tdi_35 .td-element-style{\r\n\t\t\t\t\tz-index: -1;\r\n\t\t\t\t}.tdi_35.td-a-rec-img{\r\n\t\t\t\t    text-align: left;\r\n\t\t\t\t}.tdi_35.td-a-rec-img img{\r\n                    margin: 0 auto 0 0;\r\n                }.tdi_35 .td_spot_img_all img,\r\n\t\t\t\t.tdi_35 .td_spot_img_tl img,\r\n\t\t\t\t.tdi_35 .td_spot_img_tp img,\r\n\t\t\t\t.tdi_35 .td_spot_img_mob img{\r\n\t\t\t\t    border-style: none;\r\n\t\t\t\t}@media (max-width: 767px) {\r\n\t\t\t\t    .tdi_35.td-a-rec-img {\r\n\t\t\t\t        text-align: center;\r\n\t\t\t\t    }\r\n                }\n<\/style><div class=\"td-all-devices\">\n<a href=\"https:\/\/www.cgfmanet.org\/es\/donaciones-en-linea\/\"_blank\" rel=\"noopener\" target=\"_blank\">\n<img decoding=\"async\" data-src=\"https:\/\/www.cgfmanet.org\/wp-content\/uploads\/2023\/12\/Dona-ora_ESP.jpg\" src=\"data:image\/svg+xml;base64,PHN2ZyB3aWR0aD0iMSIgaGVpZ2h0PSIxIiB4bWxucz0iaHR0cDovL3d3dy53My5vcmcvMjAwMC9zdmciPjwvc3ZnPg==\" class=\"lazyload\" style=\"--smush-placeholder-width: 1000px; --smush-placeholder-aspect-ratio: 1000\/666;\" data-srcset=\"https:\/\/www.cgfmanet.org\/wp-content\/uploads\/2023\/12\/Dona-ora_ESP.jpg 1000w, https:\/\/www.cgfmanet.org\/wp-content\/uploads\/2023\/12\/Dona-ora_ESP-768x511.jpg 768w, https:\/\/www.cgfmanet.org\/wp-content\/uploads\/2023\/12\/Dona-ora_ESP-696x464.jpg 696w, https:\/\/www.cgfmanet.org\/wp-content\/uploads\/2023\/12\/Dona-ora_ESP-631x420.jpg 631w\" data-sizes=\"auto\" data-original-sizes=\"(max-width: 1000px) 100vw, 1000px\" \/>\n<\/a> <\/div> \n<br><br>\n<\/div><div class=\"td-block td-a-rec td-a-rec-id-custom-spot tdi_36 td_block_template_1\">\n<style>\n\/* custom css - generated by TagDiv Composer *\/\n.tdi_36.td-a-rec{\r\n\t\t\t\t\ttext-align: center;\r\n\t\t\t\t}.tdi_36.td-a-rec:not(.td-a-rec-no-translate){\r\n\t\t\t\t    transform: translateZ(0);\r\n\t\t\t\t}.tdi_36 .td-element-style{\r\n\t\t\t\t\tz-index: -1;\r\n\t\t\t\t}.tdi_36.td-a-rec-img{\r\n\t\t\t\t    text-align: left;\r\n\t\t\t\t}.tdi_36.td-a-rec-img img{\r\n                    margin: 0 auto 0 0;\r\n                }.tdi_36 .td_spot_img_all img,\r\n\t\t\t\t.tdi_36 .td_spot_img_tl img,\r\n\t\t\t\t.tdi_36 .td_spot_img_tp img,\r\n\t\t\t\t.tdi_36 .td_spot_img_mob img{\r\n\t\t\t\t    border-style: none;\r\n\t\t\t\t}@media (max-width: 767px) {\r\n\t\t\t\t    .tdi_36.td-a-rec-img {\r\n\t\t\t\t        text-align: center;\r\n\t\t\t\t    }\r\n                }\n<\/style><span class=\"td-adspot-title\">DMA Rivista delle Figlie di Maria Ausiliatrice<\/span><div class=\"td-all-devices\"><a href=\"https:\/\/www.rivistadma.org\/it\/\"_blank\" rel=\"noopener\" target=\"_blank\">\n<img decoding=\"async\" class=\"alignnone wp-image-16885 size-full lazyload\" data-src=\"https:\/\/www.cgfmanet.org\/wp-content\/uploads\/2026\/03\/Copertina-DMA-1_2026.jpg\" alt=\"DMA Rivista delle Figlie di Maria Ausiliatrice\" width=\"1200\" height=\"800\" src=\"data:image\/svg+xml;base64,PHN2ZyB3aWR0aD0iMSIgaGVpZ2h0PSIxIiB4bWxucz0iaHR0cDovL3d3dy53My5vcmcvMjAwMC9zdmciPjwvc3ZnPg==\" style=\"--smush-placeholder-width: 1200px; --smush-placeholder-aspect-ratio: 1200\/800;\" data-srcset=\"https:\/\/www.cgfmanet.org\/wp-content\/uploads\/2026\/03\/Copertina-DMA-1_2026.jpg 1200w, https:\/\/www.cgfmanet.org\/wp-content\/uploads\/2026\/03\/Copertina-DMA-1_2026-768x512.jpg 768w, https:\/\/www.cgfmanet.org\/wp-content\/uploads\/2026\/03\/Copertina-DMA-1_2026-630x420.jpg 630w, https:\/\/www.cgfmanet.org\/wp-content\/uploads\/2026\/03\/Copertina-DMA-1_2026-696x464.jpg 696w\" data-sizes=\"auto\" data-original-sizes=\"(max-width: 1200px) 100vw, 1200px\" \/><\/a><\/div>\n&nbsp;<\/div><div class=\"td-block td-a-rec td-a-rec-id-custom-spot tdi_37 td_block_template_1\">\n<style>\n\/* custom css - generated by TagDiv Composer *\/\n.tdi_37.td-a-rec{\r\n\t\t\t\t\ttext-align: center;\r\n\t\t\t\t}.tdi_37.td-a-rec:not(.td-a-rec-no-translate){\r\n\t\t\t\t    transform: translateZ(0);\r\n\t\t\t\t}.tdi_37 .td-element-style{\r\n\t\t\t\t\tz-index: -1;\r\n\t\t\t\t}.tdi_37.td-a-rec-img{\r\n\t\t\t\t    text-align: left;\r\n\t\t\t\t}.tdi_37.td-a-rec-img img{\r\n                    margin: 0 auto 0 0;\r\n                }.tdi_37 .td_spot_img_all img,\r\n\t\t\t\t.tdi_37 .td_spot_img_tl img,\r\n\t\t\t\t.tdi_37 .td_spot_img_tp img,\r\n\t\t\t\t.tdi_37 .td_spot_img_mob img{\r\n\t\t\t\t    border-style: none;\r\n\t\t\t\t}@media (max-width: 767px) {\r\n\t\t\t\t    .tdi_37.td-a-rec-img {\r\n\t\t\t\t        text-align: center;\r\n\t\t\t\t    }\r\n                }\n<\/style><span class=\"td-adspot-title\">Fiesta de la Gratitud 2026<\/span><div class=\"td-all-devices\"><a href=\"https:\/\/www.festadelgrazie.org\/es\"_blank\" rel=\"noopener\" target=\"_blank\">\n<img decoding=\"async\" class=\"alignnone wp-image-16885 size-full lazyload\" data-src=\"https:\/\/www.cgfmanet.org\/wp-content\/uploads\/2026\/02\/Logo-Festa-del-Grazie-2026_ECU_ESP.jpg\" alt=\"DMA Rivista delle Figlie di Maria Ausiliatrice\" width=\"1200\" height=\"800\" src=\"data:image\/svg+xml;base64,PHN2ZyB3aWR0aD0iMSIgaGVpZ2h0PSIxIiB4bWxucz0iaHR0cDovL3d3dy53My5vcmcvMjAwMC9zdmciPjwvc3ZnPg==\" style=\"--smush-placeholder-width: 1200px; --smush-placeholder-aspect-ratio: 1200\/800;\" data-srcset=\"https:\/\/www.cgfmanet.org\/wp-content\/uploads\/2026\/02\/Logo-Festa-del-Grazie-2026_ECU_ESP.jpg 1200w, https:\/\/www.cgfmanet.org\/wp-content\/uploads\/2026\/02\/Logo-Festa-del-Grazie-2026_ECU_ESP-768x512.jpg 768w, https:\/\/www.cgfmanet.org\/wp-content\/uploads\/2026\/02\/Logo-Festa-del-Grazie-2026_ECU_ESP-630x420.jpg 630w, https:\/\/www.cgfmanet.org\/wp-content\/uploads\/2026\/02\/Logo-Festa-del-Grazie-2026_ECU_ESP-696x464.jpg 696w\" data-sizes=\"auto\" data-original-sizes=\"(max-width: 1200px) 100vw, 1200px\" \/><\/a><\/div>\n&nbsp;<\/div><div class=\"td-block td-a-rec td-a-rec-id-custom-spot tdi_38 td_block_template_1\">\n<style>\n\/* custom css - generated by TagDiv Composer *\/\n.tdi_38.td-a-rec{\r\n\t\t\t\t\ttext-align: center;\r\n\t\t\t\t}.tdi_38.td-a-rec:not(.td-a-rec-no-translate){\r\n\t\t\t\t    transform: translateZ(0);\r\n\t\t\t\t}.tdi_38 .td-element-style{\r\n\t\t\t\t\tz-index: -1;\r\n\t\t\t\t}.tdi_38.td-a-rec-img{\r\n\t\t\t\t    text-align: left;\r\n\t\t\t\t}.tdi_38.td-a-rec-img img{\r\n                    margin: 0 auto 0 0;\r\n                }.tdi_38 .td_spot_img_all img,\r\n\t\t\t\t.tdi_38 .td_spot_img_tl img,\r\n\t\t\t\t.tdi_38 .td_spot_img_tp img,\r\n\t\t\t\t.tdi_38 .td_spot_img_mob img{\r\n\t\t\t\t    border-style: none;\r\n\t\t\t\t}@media (max-width: 767px) {\r\n\t\t\t\t    .tdi_38.td-a-rec-img {\r\n\t\t\t\t        text-align: center;\r\n\t\t\t\t    }\r\n                }\n<\/style><span class=\"td-adspot-title\">Sitio web de Sor Mar\u00eda Troncatti<\/span>\n<div class=\"td-all-devices\"><a href=\"https:\/\/mariatroncatti.org\/es\/\" \nrel=\"noopener\" target=\"_blank\">\n<img decoding=\"async\" class=\"alignnone wp-image-16885 size-full lazyload\" data-src=\"https:\/\/www.cgfmanet.org\/wp-content\/uploads\/2025\/07\/Logo-Sr-Maria-Troncatti-ESP.jpg\" alt=\"\" width=\"1200\" height=\"800\" alt=\"Festa del Grazie\" src=\"data:image\/svg+xml;base64,PHN2ZyB3aWR0aD0iMSIgaGVpZ2h0PSIxIiB4bWxucz0iaHR0cDovL3d3dy53My5vcmcvMjAwMC9zdmciPjwvc3ZnPg==\" style=\"--smush-placeholder-width: 1200px; --smush-placeholder-aspect-ratio: 1200\/800;\" data-srcset=\"https:\/\/www.cgfmanet.org\/wp-content\/uploads\/2025\/07\/Logo-Sr-Maria-Troncatti-ESP.jpg 1200w, https:\/\/www.cgfmanet.org\/wp-content\/uploads\/2025\/07\/Logo-Sr-Maria-Troncatti-ESP-768x512.jpg 768w, https:\/\/www.cgfmanet.org\/wp-content\/uploads\/2025\/07\/Logo-Sr-Maria-Troncatti-ESP-630x420.jpg 630w, https:\/\/www.cgfmanet.org\/wp-content\/uploads\/2025\/07\/Logo-Sr-Maria-Troncatti-ESP-696x464.jpg 696w\" data-sizes=\"auto\" data-original-sizes=\"(max-width: 1200px) 100vw, 1200px\" \/><\/a><\/div>\n&nbsp;\n<\/div><div class=\"td-block td-a-rec td-a-rec-id-custom-spot tdi_39 td_block_template_1\">\n<style>\n\/* custom css - generated by TagDiv Composer *\/\n.tdi_39.td-a-rec{\r\n\t\t\t\t\ttext-align: center;\r\n\t\t\t\t}.tdi_39.td-a-rec:not(.td-a-rec-no-translate){\r\n\t\t\t\t    transform: translateZ(0);\r\n\t\t\t\t}.tdi_39 .td-element-style{\r\n\t\t\t\t\tz-index: -1;\r\n\t\t\t\t}.tdi_39.td-a-rec-img{\r\n\t\t\t\t    text-align: left;\r\n\t\t\t\t}.tdi_39.td-a-rec-img img{\r\n                    margin: 0 auto 0 0;\r\n                }.tdi_39 .td_spot_img_all img,\r\n\t\t\t\t.tdi_39 .td_spot_img_tl img,\r\n\t\t\t\t.tdi_39 .td_spot_img_tp img,\r\n\t\t\t\t.tdi_39 .td_spot_img_mob img{\r\n\t\t\t\t    border-style: none;\r\n\t\t\t\t}@media (max-width: 767px) {\r\n\t\t\t\t    .tdi_39.td-a-rec-img {\r\n\t\t\t\t        text-align: center;\r\n\t\t\t\t    }\r\n                }\n<\/style><span class=\"td-adspot-title\">150 aniversario de la Primera Expedici\u00f3n Misionera<\/span><div class=\"td-all-devices\"><a href=\"https:\/\/www.cgfmanet.org\/es\/ifma-es\/hacia-el-150o-aniversario-de-la-1a-expedicion-misionera-fma\/\"_blank\" rel=\"noopener\" target=\"_blank\">\n<img decoding=\"async\" class=\"alignnone wp-image-16885 size-full lazyload\" data-src=\"https:\/\/www.cgfmanet.org\/wp-content\/uploads\/2024\/10\/Logo-150\u00b0-Missioni_ITA.jpg\" alt=\"150\u00b0 Prima Spedizione Missionaria FMA\" width=\"1200\" height=\"800\" src=\"data:image\/svg+xml;base64,PHN2ZyB3aWR0aD0iMSIgaGVpZ2h0PSIxIiB4bWxucz0iaHR0cDovL3d3dy53My5vcmcvMjAwMC9zdmciPjwvc3ZnPg==\" style=\"--smush-placeholder-width: 1200px; --smush-placeholder-aspect-ratio: 1200\/800;\" data-srcset=\"https:\/\/www.cgfmanet.org\/wp-content\/uploads\/2024\/10\/Logo-150\u00b0-Missioni_ITA.jpg 1200w, https:\/\/www.cgfmanet.org\/wp-content\/uploads\/2024\/10\/Logo-150\u00b0-Missioni_ITA-768x512.jpg 768w, https:\/\/www.cgfmanet.org\/wp-content\/uploads\/2024\/10\/Logo-150\u00b0-Missioni_ITA-630x420.jpg 630w, https:\/\/www.cgfmanet.org\/wp-content\/uploads\/2024\/10\/Logo-150\u00b0-Missioni_ITA-696x464.jpg 696w\" data-sizes=\"auto\" data-original-sizes=\"(max-width: 1200px) 100vw, 1200px\" \/><\/a><\/div>\n&nbsp;<\/div><div class=\"td-block td-a-rec td-a-rec-id-custom-spot tdi_40 td_block_template_1\">\n<style>\n\/* custom css - generated by TagDiv Composer *\/\n.tdi_40.td-a-rec{\r\n\t\t\t\t\ttext-align: center;\r\n\t\t\t\t}.tdi_40.td-a-rec:not(.td-a-rec-no-translate){\r\n\t\t\t\t    transform: translateZ(0);\r\n\t\t\t\t}.tdi_40 .td-element-style{\r\n\t\t\t\t\tz-index: -1;\r\n\t\t\t\t}.tdi_40.td-a-rec-img{\r\n\t\t\t\t    text-align: left;\r\n\t\t\t\t}.tdi_40.td-a-rec-img img{\r\n                    margin: 0 auto 0 0;\r\n                }.tdi_40 .td_spot_img_all img,\r\n\t\t\t\t.tdi_40 .td_spot_img_tl img,\r\n\t\t\t\t.tdi_40 .td_spot_img_tp img,\r\n\t\t\t\t.tdi_40 .td_spot_img_mob img{\r\n\t\t\t\t    border-style: none;\r\n\t\t\t\t}@media (max-width: 767px) {\r\n\t\t\t\t    .tdi_40.td-a-rec-img {\r\n\t\t\t\t        text-align: center;\r\n\t\t\t\t    }\r\n                }\n<\/style><span class=\"td-adspot-title\">CommTalks<\/span><div class=\"td-all-devices\">\n<a href=\"https:\/\/www.youtube.com\/playlist?list=PLukchW4FMtfaVA3ik85FCIY6xAa-UCw8t\"_blank\" rel=\"noopener\" target=\"_blank\">\n<img decoding=\"async\" data-src=\"https:\/\/www.cgfmanet.org\/wp-content\/uploads\/2024\/01\/CommTalkS.jpg\" src=\"data:image\/svg+xml;base64,PHN2ZyB3aWR0aD0iMSIgaGVpZ2h0PSIxIiB4bWxucz0iaHR0cDovL3d3dy53My5vcmcvMjAwMC9zdmciPjwvc3ZnPg==\" class=\"lazyload\" style=\"--smush-placeholder-width: 1200px; --smush-placeholder-aspect-ratio: 1200\/800;\" data-srcset=\"https:\/\/www.cgfmanet.org\/wp-content\/uploads\/2024\/01\/CommTalkS.jpg 1200w, https:\/\/www.cgfmanet.org\/wp-content\/uploads\/2024\/01\/CommTalkS-768x512.jpg 768w, https:\/\/www.cgfmanet.org\/wp-content\/uploads\/2024\/01\/CommTalkS-696x464.jpg 696w, https:\/\/www.cgfmanet.org\/wp-content\/uploads\/2024\/01\/CommTalkS-630x420.jpg 630w\" data-sizes=\"auto\" data-original-sizes=\"(max-width: 1200px) 100vw, 1200px\" \/>\n<\/a> <\/div> \n<br><br><\/div><div class=\"td-block td-a-rec td-a-rec-id-custom-spot tdi_41 td_block_template_1\">\n<style>\n\/* custom css - generated by TagDiv Composer *\/\n.tdi_41.td-a-rec{\r\n\t\t\t\t\ttext-align: center;\r\n\t\t\t\t}.tdi_41.td-a-rec:not(.td-a-rec-no-translate){\r\n\t\t\t\t    transform: translateZ(0);\r\n\t\t\t\t}.tdi_41 .td-element-style{\r\n\t\t\t\t\tz-index: -1;\r\n\t\t\t\t}.tdi_41.td-a-rec-img{\r\n\t\t\t\t    text-align: left;\r\n\t\t\t\t}.tdi_41.td-a-rec-img img{\r\n                    margin: 0 auto 0 0;\r\n                }.tdi_41 .td_spot_img_all img,\r\n\t\t\t\t.tdi_41 .td_spot_img_tl img,\r\n\t\t\t\t.tdi_41 .td_spot_img_tp img,\r\n\t\t\t\t.tdi_41 .td_spot_img_mob img{\r\n\t\t\t\t    border-style: none;\r\n\t\t\t\t}@media (max-width: 767px) {\r\n\t\t\t\t    .tdi_41.td-a-rec-img {\r\n\t\t\t\t        text-align: center;\r\n\t\t\t\t    }\r\n                }\n<\/style><div class=\"td-all-devices\">\n<a href=\"https:\/\/www.rivistadma.org\/it\/?option=com_sppagebuilder&view=page&id=13&Itemid=808\"_blank\" rel=\"noopener\" target=\"_blank\">\n<img decoding=\"async\" data-src=\"https:\/\/www.cgfmanet.org\/wp-content\/uploads\/2022\/02\/tour-virtuali.jpg\" src=\"data:image\/svg+xml;base64,PHN2ZyB3aWR0aD0iMSIgaGVpZ2h0PSIxIiB4bWxucz0iaHR0cDovL3d3dy53My5vcmcvMjAwMC9zdmciPjwvc3ZnPg==\" class=\"lazyload\" style=\"--smush-placeholder-width: 748px; --smush-placeholder-aspect-ratio: 748\/499;\" data-srcset=\"https:\/\/www.cgfmanet.org\/wp-content\/uploads\/2022\/02\/tour-virtuali.jpg 748w, https:\/\/www.cgfmanet.org\/wp-content\/uploads\/2022\/02\/tour-virtuali-696x464.jpg 696w, https:\/\/www.cgfmanet.org\/wp-content\/uploads\/2022\/02\/tour-virtuali-630x420.jpg 630w\" data-sizes=\"auto\" data-original-sizes=\"(max-width: 748px) 100vw, 748px\" \/>\n<\/a> <\/div> \n<br><br><\/div><div class=\"td_block_wrap td_block_text_with_title tdi_42 tagdiv-type td-pb-border-top td_block_template_1\"  data-td-block-uid=\"tdi_42\" >\n<style>\n.td-theme-wrap .tdi_42 .td-pulldown-filter-link:hover,\r\n            .td-theme-wrap .tdi_42 .td-subcat-item a:hover,\r\n            .td-theme-wrap .tdi_42 .td-subcat-item .td-cur-simple-item {\r\n                color: #b53873;\r\n            }\r\n\r\n            .td-theme-wrap .tdi_42 .block-title > *,\r\n            .td-theme-wrap .tdi_42 .td-subcat-dropdown:hover .td-subcat-more {\r\n                background-color: #b53873;\r\n            }\r\n            .td-theme-wrap .td-footer-wrapper .tdi_42 .block-title > * {\r\n                padding: 6px 7px 5px;\r\n                line-height: 1;\r\n            }\r\n\r\n            .td-theme-wrap .tdi_42 .block-title {\r\n                border-color: #b53873;\r\n            }\r\n\r\n            \r\n            .td-theme-wrap .tdi_42 .td_module_wrap:hover .entry-title a,\r\n            .td-theme-wrap .tdi_42 .td_quote_on_blocks,\r\n            .td-theme-wrap .tdi_42 .td-opacity-cat .td-post-category:hover,\r\n            .td-theme-wrap .tdi_42 .td-opacity-read .td-read-more a:hover,\r\n            .td-theme-wrap .tdi_42 .td-opacity-author .td-post-author-name a:hover,\r\n            .td-theme-wrap .tdi_42 .td-instagram-user a {\r\n                color: #b53873;\r\n            }\r\n\r\n            .td-theme-wrap .tdi_42 .td-next-prev-wrap a:hover,\r\n            .td-theme-wrap .tdi_42 .td-load-more-wrap a:hover {\r\n                background-color: #b53873;\r\n                border-color: #b53873;\r\n            }\r\n\r\n            .td-theme-wrap .tdi_42 .td-read-more a,\r\n            .td-theme-wrap .tdi_42 .td-weather-information:before,\r\n            .td-theme-wrap .tdi_42 .td-weather-week:before,\r\n            .td-theme-wrap .tdi_42 .td-exchange-header:before,\r\n            .td-theme-wrap .td-footer-wrapper .tdi_42 .td-post-category,\r\n            .td-theme-wrap .tdi_42 .td-post-category:hover {\r\n                background-color: #b53873;\r\n            }\n<\/style>\n<style>\n\/* custom css - generated by TagDiv Composer *\/\n.td_block_text_with_title{\r\n                  margin-bottom: 44px;\r\n                  -webkit-transform: translateZ(0);\r\n                  transform: translateZ(0);\r\n                }.td_block_text_with_title p:last-child{\r\n                  margin-bottom: 0;\r\n                }\n<\/style><div class=\"td-block-title-wrap\"><h4 class=\"block-title td-block-title\"><a href=\"https:\/\/www.cgfmanet.org\/es\/events\/\" class=\"td-pulldown-size\">Agenda - Eventos<\/a><\/h4><\/div><div class=\"td_mod_wrap td-fix-index\"><div  class=\"tribe-compatibility-container\" >\n\t<div\n\t\t class=\"tribe-common tribe-events tribe-events-view tribe-events-view--widget-events-list tribe-events-widget\" \t\tdata-js=\"tribe-events-view\"\n\t\tdata-view-rest-url=\"https:\/\/www.cgfmanet.org\/es\/wp-json\/tribe\/views\/v2\/html\"\n\t\tdata-view-manage-url=\"1\"\n\t\t\t\t\t\t\tdata-view-breakpoint-pointer=\"b31f95f6-8200-49b0-bc7b-880865f1f07d\"\n\t\t\t>\n\t\t<div class=\"tribe-events-widget-events-list\">\n\n\t\t\t\n\t\t\t<script data-js=\"tribe-events-view-data\" type=\"application\/json\">\n\t{\"slug\":\"widget-events-list\",\"prev_url\":\"\",\"next_url\":\"https:\\\/\\\/www.cgfmanet.org\\\/es\\\/?post_type=tribe_events&eventDisplay=widget-events-list&paged=2\",\"view_class\":\"Tribe\\\\Events\\\\Views\\\\V2\\\\Views\\\\Widgets\\\\Widget_List_View\",\"view_slug\":\"widget-events-list\",\"view_label\":\"View\",\"view\":null,\"should_manage_url\":true,\"id\":null,\"alias-slugs\":null,\"title\":\"Eventos en 17 abril \\u2013 7 mayo \\u2022 Istituto Figlie di Maria Ausiliatrice\",\"limit\":\"10\",\"no_upcoming_events\":false,\"featured_events_only\":null,\"jsonld_enable\":false,\"tribe_is_list_widget\":true,\"admin_fields\":{\"title\":{\"label\":\"T\\u00edtulo:\",\"type\":\"text\",\"parent_classes\":\"\",\"classes\":\"\",\"dependency\":\"\",\"id\":\"widget-tribe-widget-events-list--1-title\",\"name\":\"widget-tribe-widget-events-list[-1][title]\",\"options\":[],\"placeholder\":\"\",\"value\":null},\"limit\":{\"label\":\"Mostrar:\",\"type\":\"number\",\"default\":5,\"min\":1,\"max\":10,\"step\":1,\"parent_classes\":\"\",\"classes\":\"\",\"dependency\":\"\",\"id\":\"widget-tribe-widget-events-list--1-limit\",\"name\":\"widget-tribe-widget-events-list[-1][limit]\",\"options\":[],\"placeholder\":\"\",\"value\":null},\"metadata_section\":{\"type\":\"fieldset\",\"classes\":\"tribe-common-form-control-checkbox-checkbox-group\",\"label\":\"Mostrar:\",\"children\":{\"cost\":{\"type\":\"checkbox\",\"label\":\"Price\",\"parent_classes\":\"\",\"classes\":\"\",\"dependency\":\"\",\"id\":\"widget-tribe-widget-events-list--1-cost\",\"name\":\"widget-tribe-widget-events-list[-1][cost]\",\"options\":[],\"placeholder\":\"\",\"value\":null},\"venue\":{\"type\":\"checkbox\",\"label\":\"Venue\",\"parent_classes\":\"\",\"classes\":\"\",\"dependency\":\"\",\"id\":\"widget-tribe-widget-events-list--1-venue\",\"name\":\"widget-tribe-widget-events-list[-1][venue]\",\"options\":[],\"placeholder\":\"\",\"value\":null},\"street\":{\"type\":\"checkbox\",\"label\":\"Street\",\"parent_classes\":\"\",\"classes\":\"\",\"dependency\":\"\",\"id\":\"widget-tribe-widget-events-list--1-street\",\"name\":\"widget-tribe-widget-events-list[-1][street]\",\"options\":[],\"placeholder\":\"\",\"value\":null},\"city\":{\"type\":\"checkbox\",\"label\":\"City\",\"parent_classes\":\"\",\"classes\":\"\",\"dependency\":\"\",\"id\":\"widget-tribe-widget-events-list--1-city\",\"name\":\"widget-tribe-widget-events-list[-1][city]\",\"options\":[],\"placeholder\":\"\",\"value\":null},\"region\":{\"type\":\"checkbox\",\"label\":\"State (US) Or Province (Int)\",\"parent_classes\":\"\",\"classes\":\"\",\"dependency\":\"\",\"id\":\"widget-tribe-widget-events-list--1-region\",\"name\":\"widget-tribe-widget-events-list[-1][region]\",\"options\":[],\"placeholder\":\"\",\"value\":null},\"zip\":{\"type\":\"checkbox\",\"label\":\"Postal Code\",\"parent_classes\":\"\",\"classes\":\"\",\"dependency\":\"\",\"id\":\"widget-tribe-widget-events-list--1-zip\",\"name\":\"widget-tribe-widget-events-list[-1][zip]\",\"options\":[],\"placeholder\":\"\",\"value\":null},\"country\":{\"type\":\"checkbox\",\"label\":\"Country\",\"parent_classes\":\"\",\"classes\":\"\",\"dependency\":\"\",\"id\":\"widget-tribe-widget-events-list--1-country\",\"name\":\"widget-tribe-widget-events-list[-1][country]\",\"options\":[],\"placeholder\":\"\",\"value\":null},\"phone\":{\"type\":\"checkbox\",\"label\":\"Phone\",\"parent_classes\":\"\",\"classes\":\"\",\"dependency\":\"\",\"id\":\"widget-tribe-widget-events-list--1-phone\",\"name\":\"widget-tribe-widget-events-list[-1][phone]\",\"options\":[],\"placeholder\":\"\",\"value\":null},\"organizer\":{\"type\":\"checkbox\",\"label\":\"Organizer\",\"parent_classes\":\"\",\"classes\":\"\",\"dependency\":\"\",\"id\":\"widget-tribe-widget-events-list--1-organizer\",\"name\":\"widget-tribe-widget-events-list[-1][organizer]\",\"options\":[],\"placeholder\":\"\",\"value\":null},\"website\":{\"type\":\"checkbox\",\"label\":\"Web\",\"parent_classes\":\"\",\"classes\":\"\",\"dependency\":\"\",\"id\":\"widget-tribe-widget-events-list--1-website\",\"name\":\"widget-tribe-widget-events-list[-1][website]\",\"options\":[],\"placeholder\":\"\",\"value\":null}},\"parent_classes\":\"\",\"dependency\":\"\",\"id\":\"widget-tribe-widget-events-list--1-metadata_section\",\"name\":\"widget-tribe-widget-events-list[-1][metadata_section]\",\"options\":[],\"placeholder\":\"\",\"value\":null},\"taxonomy_section\":{\"type\":\"section\",\"classes\":[\"calendar-widget-filters-container\"],\"label\":\"Filtros:\",\"children\":{\"filters\":{\"type\":\"taxonomy-filters\",\"parent_classes\":\"\",\"classes\":\"\",\"dependency\":\"\",\"id\":\"widget-tribe-widget-events-list--1-filters\",\"label\":\"\",\"name\":\"widget-tribe-widget-events-list[-1][filters]\",\"options\":[],\"placeholder\":\"\",\"value\":null,\"list_items\":[]},\"operand\":{\"type\":\"fieldset\",\"classes\":\"tribe-common-form-control-checkbox-radio-group\",\"label\":\"Operand:\",\"selected\":\"OR\",\"children\":[{\"type\":\"radio\",\"label\":\"Match any\",\"button_value\":\"OR\",\"parent_classes\":\"\",\"classes\":\"\",\"dependency\":\"\",\"id\":\"widget-tribe-widget-events-list--1-operand\",\"name\":\"widget-tribe-widget-events-list[-1][operand]\",\"options\":[],\"placeholder\":\"\",\"value\":null},{\"type\":\"radio\",\"label\":\"Match all\",\"button_value\":\"AND\",\"parent_classes\":\"\",\"classes\":\"\",\"dependency\":\"\",\"id\":\"widget-tribe-widget-events-list--1-operand\",\"name\":\"widget-tribe-widget-events-list[-1][operand]\",\"options\":[],\"placeholder\":\"\",\"value\":null}],\"parent_classes\":\"\",\"dependency\":\"\",\"id\":\"widget-tribe-widget-events-list--1-operand\",\"name\":\"widget-tribe-widget-events-list[-1][operand]\",\"options\":[],\"placeholder\":\"\",\"value\":null}},\"parent_classes\":\"\",\"dependency\":\"\",\"id\":\"widget-tribe-widget-events-list--1-taxonomy_section\",\"name\":\"widget-tribe-widget-events-list[-1][taxonomy_section]\",\"options\":[],\"placeholder\":\"\",\"value\":null},\"taxonomy\":{\"type\":\"taxonomy\",\"classes\":\"calendar-widget-add-filter\",\"label\":\"Agregar un filtro:\",\"placeholder\":\"Select a Taxonomy Term\",\"parent_classes\":\"\",\"dependency\":\"\",\"id\":\"widget-tribe-widget-events-list--1-taxonomy\",\"name\":\"widget-tribe-widget-events-list[-1][taxonomy]\",\"options\":[],\"value\":null},\"no_upcoming_events\":{\"label\":\"Ocultar este widget si no hay pr\\u00f3ximos eventos.\",\"type\":\"checkbox\",\"parent_classes\":\"\",\"classes\":\"\",\"dependency\":\"\",\"id\":\"widget-tribe-widget-events-list--1-no_upcoming_events\",\"name\":\"widget-tribe-widget-events-list[-1][no_upcoming_events]\",\"options\":[],\"placeholder\":\"\",\"value\":null},\"featured_events_only\":{\"label\":\"Limitar a solo eventos destacados\",\"type\":\"checkbox\",\"parent_classes\":\"\",\"classes\":\"\",\"dependency\":\"\",\"id\":\"widget-tribe-widget-events-list--1-featured_events_only\",\"name\":\"widget-tribe-widget-events-list[-1][featured_events_only]\",\"options\":[],\"placeholder\":\"\",\"value\":null},\"jsonld_enable\":{\"label\":\"Generar datos JSON-LD\",\"type\":\"checkbox\",\"parent_classes\":\"\",\"classes\":\"\",\"dependency\":\"\",\"id\":\"widget-tribe-widget-events-list--1-jsonld_enable\",\"name\":\"widget-tribe-widget-events-list[-1][jsonld_enable]\",\"options\":[],\"placeholder\":\"\",\"value\":null}},\"venue\":false,\"country\":false,\"street\":false,\"city\":false,\"region\":false,\"zip\":false,\"phone\":false,\"cost\":false,\"organizer\":false,\"website\":false,\"operand\":\"OR\",\"filters\":[{\"filter_object\":{\"type\":\"select\",\"name\":\"Categor\\u00eda de evento\",\"slug\":\"filterbar_category\",\"priority\":1,\"values\":[{\"name\":\"Agenda\",\"depth\":0,\"value\":1717,\"data\":{\"slug\":\"agenda-es\"},\"class\":\"tribe-parent-cat tribe-events-category-agenda-es parent-1717 has-child closed\"},{\"name\":\"Madre y Consejo\",\"depth\":1,\"value\":1999,\"data\":{\"slug\":\"madre-y-consejo\"},\"class\":\"tribe-child-cat tribe-events-category-madre-y-consejo child-1717\"},{\"name\":\"Consejera para la Comunicaci\\u00f3n social\",\"depth\":1,\"value\":769,\"data\":{\"slug\":\"consejera-para-la-comunicacion-social\"},\"class\":\"tribe-child-cat tribe-events-category-consejera-para-la-comunicacion-social child-1717\"},{\"name\":\"Consejera para la Administaci\\u00f3n\",\"depth\":1,\"value\":507,\"data\":{\"slug\":\"consejera-para-la-administacion\"},\"class\":\"tribe-child-cat tribe-events-category-consejera-para-la-administacion child-1717\"},{\"name\":\"Visitadora\",\"depth\":1,\"value\":539,\"data\":{\"slug\":\"visitadora\"},\"class\":\"tribe-child-cat tribe-events-category-visitadora parent-539 child-1717 has-child closed\"},{\"name\":\"Sr Paola Battagliola\",\"depth\":2,\"value\":558,\"data\":{\"slug\":\"sr-paola-battagliola-es-2\"},\"class\":\"tribe-grandchild-cat tribe-depth-2 tribe-events-category-sr-paola-battagliola-es-2 child-539\"},{\"name\":\"Sr Jacob Celine\",\"depth\":2,\"value\":2419,\"data\":{\"slug\":\"sr-jacob-celine-es\"},\"class\":\"tribe-grandchild-cat tribe-depth-2 tribe-events-category-sr-jacob-celine-es child-539\"},{\"name\":\"Sr Riccioli Marta Liliana\",\"depth\":2,\"value\":2415,\"data\":{\"slug\":\"sr-riccioli-marta-liliana-es\"},\"class\":\"tribe-grandchild-cat tribe-depth-2 tribe-events-category-sr-riccioli-marta-liliana-es child-539\"},{\"name\":\"Sr Lidia Strzelczyk\",\"depth\":2,\"value\":2411,\"data\":{\"slug\":\"sr-lidia-strzelczyk-es\"},\"class\":\"tribe-grandchild-cat tribe-depth-2 tribe-events-category-sr-lidia-strzelczyk-es child-539\"},{\"name\":\"Sr Silvia Boullosa\",\"depth\":2,\"value\":565,\"data\":{\"slug\":\"sr-silvia-boullosa-es\"},\"class\":\"tribe-grandchild-cat tribe-depth-2 tribe-events-category-sr-silvia-boullosa-es child-539\"},{\"name\":\"Sr Phyllis Neves\",\"depth\":2,\"value\":563,\"data\":{\"slug\":\"sr-phyllis-neves-es\"},\"class\":\"tribe-grandchild-cat tribe-depth-2 tribe-events-category-sr-phyllis-neves-es child-539\"},{\"name\":\"Sr Marija Pe\\u010de\",\"depth\":2,\"value\":555,\"data\":{\"slug\":\"sr-marija-pece-es\"},\"class\":\"tribe-grandchild-cat tribe-depth-2 tribe-events-category-sr-marija-pece-es child-539\"},{\"name\":\"Sr Maria Assunta Sumiko Inoue\",\"depth\":2,\"value\":550,\"data\":{\"slug\":\"sr-maria-assunta-sumiko-inoue-es\"},\"class\":\"tribe-grandchild-cat tribe-depth-2 tribe-events-category-sr-maria-assunta-sumiko-inoue-es child-539\"},{\"name\":\"Sr Lucy Rose Ozhukayil\",\"depth\":2,\"value\":547,\"data\":{\"slug\":\"sr-lucy-rose-ozhukayil-es\"},\"class\":\"tribe-grandchild-cat tribe-depth-2 tribe-events-category-sr-lucy-rose-ozhukayil-es child-539\"},{\"name\":\"Sr Chantal Mukase\",\"depth\":2,\"value\":543,\"data\":{\"slug\":\"sr-chantal-mukase-es\"},\"class\":\"tribe-grandchild-cat tribe-depth-2 tribe-events-category-sr-chantal-mukase-es child-539\"},{\"name\":\"Vicaria General\",\"depth\":1,\"value\":535,\"data\":{\"slug\":\"vicaria-general\"},\"class\":\"tribe-child-cat tribe-events-category-vicaria-general child-1717\"},{\"name\":\"Secretaria General\",\"depth\":1,\"value\":529,\"data\":{\"slug\":\"secretaria-general\"},\"class\":\"tribe-child-cat tribe-events-category-secretaria-general child-1717\"},{\"name\":\"Madre General\",\"depth\":1,\"value\":527,\"data\":{\"slug\":\"madre-general\"},\"class\":\"tribe-child-cat tribe-events-category-madre-general child-1717\"},{\"name\":\"Consejera para las Misiones\",\"depth\":1,\"value\":522,\"data\":{\"slug\":\"consejera-para-las-misiones\"},\"class\":\"tribe-child-cat tribe-events-category-consejera-para-las-misiones child-1717\"},{\"name\":\"Consejera para la Pastoral Juvenil\",\"depth\":1,\"value\":519,\"data\":{\"slug\":\"consejera-para-la-pastoral-juvenil\"},\"class\":\"tribe-child-cat tribe-events-category-consejera-para-la-pastoral-juvenil child-1717\"},{\"name\":\"Consejera para la Formaci\\u00f3n\",\"depth\":1,\"value\":515,\"data\":{\"slug\":\"consejera-para-la-formacion\"},\"class\":\"tribe-child-cat tribe-events-category-consejera-para-la-formacion child-1717\"},{\"name\":\"Consejera para la Familia Salesiana\",\"depth\":1,\"value\":511,\"data\":{\"slug\":\"consejera-para-la-familia-salesiana\"},\"class\":\"tribe-child-cat tribe-events-category-consejera-para-la-familia-salesiana child-1717\"},{\"name\":\"Eventos\",\"depth\":0,\"value\":1574,\"data\":{\"slug\":\"eventos-es\"},\"class\":\"tribe-parent-cat tribe-events-category-eventos-es parent-1574 has-child closed\"},{\"name\":\"Jornadas salesianas de comunicaci\\u00f3n\",\"depth\":1,\"value\":1715,\"data\":{\"slug\":\"jornadas-salesianas-de-comunicacion\"},\"class\":\"tribe-child-cat tribe-events-category-jornadas-salesianas-de-comunicacion child-1574\"},{\"name\":\"Fiesta de gratitud\",\"depth\":1,\"value\":1711,\"data\":{\"slug\":\"fiesta-de-gratitud\"},\"class\":\"tribe-child-cat tribe-events-category-fiesta-de-gratitud child-1574\"},{\"name\":\"Seminarios\",\"depth\":1,\"value\":1707,\"data\":{\"slug\":\"seminarios-es\"},\"class\":\"tribe-child-cat tribe-events-category-seminarios-es child-1574\"}],\"free\":null,\"currentValue\":[],\"isActiveFilter\":true,\"queryArgs\":[],\"joinClause\":\"\",\"whereClause\":\"\",\"stack_managed\":false},\"label\":\"Categor\\u00eda de evento\",\"selections_count\":\"\",\"selections\":\"\",\"toggle_id\":\"filterbar_category-toggle-b31f95f6-8200-49b0-bc7b-880865f1f07d\",\"container_id\":\"filterbar_category-container-b31f95f6-8200-49b0-bc7b-880865f1f07d\",\"pill_toggle_id\":\"filterbar_category-pill-toggle-b31f95f6-8200-49b0-bc7b-880865f1f07d\",\"is_open\":false,\"name\":\"tribe_eventcategory[]\",\"fields\":[{\"type\":\"dropdown\",\"value\":\"\",\"id\":\"tribe-events-filterbar-285307ac-filterbar_category\",\"name\":\"tribe_eventcategory[]\",\"options\":[{\"text\":\"Agenda\",\"id\":\"1717\",\"value\":1717},{\"text\":\"Madre y Consejo\",\"id\":\"1999\",\"value\":1999},{\"text\":\"Consejera para la Comunicaci\\u00f3n social\",\"id\":\"769\",\"value\":769},{\"text\":\"Consejera para la Administaci\\u00f3n\",\"id\":\"507\",\"value\":507},{\"text\":\"Visitadora\",\"id\":\"539\",\"value\":539},{\"text\":\"Sr Paola Battagliola\",\"id\":\"558\",\"value\":558},{\"text\":\"Sr Jacob Celine\",\"id\":\"2419\",\"value\":2419},{\"text\":\"Sr Riccioli Marta Liliana\",\"id\":\"2415\",\"value\":2415},{\"text\":\"Sr Lidia Strzelczyk\",\"id\":\"2411\",\"value\":2411},{\"text\":\"Sr Silvia Boullosa\",\"id\":\"565\",\"value\":565},{\"text\":\"Sr Phyllis Neves\",\"id\":\"563\",\"value\":563},{\"text\":\"Sr Marija Pe\\u010de\",\"id\":\"555\",\"value\":555},{\"text\":\"Sr Maria Assunta Sumiko Inoue\",\"id\":\"550\",\"value\":550},{\"text\":\"Sr Lucy Rose Ozhukayil\",\"id\":\"547\",\"value\":547},{\"text\":\"Sr Chantal Mukase\",\"id\":\"543\",\"value\":543},{\"text\":\"Vicaria General\",\"id\":\"535\",\"value\":535},{\"text\":\"Secretaria General\",\"id\":\"529\",\"value\":529},{\"text\":\"Madre General\",\"id\":\"527\",\"value\":527},{\"text\":\"Consejera para las Misiones\",\"id\":\"522\",\"value\":522},{\"text\":\"Consejera para la Pastoral Juvenil\",\"id\":\"519\",\"value\":519},{\"text\":\"Consejera para la Formaci\\u00f3n\",\"id\":\"515\",\"value\":515},{\"text\":\"Consejera para la Familia Salesiana\",\"id\":\"511\",\"value\":511},{\"text\":\"Eventos\",\"id\":\"1574\",\"value\":1574},{\"text\":\"Jornadas salesianas de comunicaci\\u00f3n\",\"id\":\"1715\",\"value\":1715},{\"text\":\"Fiesta de gratitud\",\"id\":\"1711\",\"value\":1711},{\"text\":\"Seminarios\",\"id\":\"1707\",\"value\":1707}]}],\"type\":\"dropdown\"}],\"address\":false,\"events\":[155333,150827,151100,150695,150891,151106,155256,156540,155272,151112],\"url\":\"https:\\\/\\\/www.cgfmanet.org\\\/es\\\/?post_type=tribe_events&eventDisplay=widget-events-list\",\"url_event_date\":false,\"bar\":{\"keyword\":\"\",\"date\":\"\"},\"today\":\"2026-05-02 00:00:00\",\"now\":\"2026-05-02 12:55:52\",\"home_url\":\"https:\\\/\\\/www.cgfmanet.org\\\/es\\\/\",\"rest_url\":\"https:\\\/\\\/www.cgfmanet.org\\\/es\\\/wp-json\\\/tribe\\\/views\\\/v2\\\/html\",\"rest_method\":\"GET\",\"rest_nonce\":\"\",\"today_url\":\"https:\\\/\\\/www.cgfmanet.org\\\/es\\\/?post_type=tribe_events&eventDisplay=widget-events-list&rest_route=%2Fwp%2Fv2%2Fpages%2F3231\",\"today_title\":\"Haz clic para seleccionar la fecha de hoy\",\"today_label\":\"Hoy\",\"prev_label\":\"\",\"next_label\":\"\",\"date_formats\":{\"compact\":\"d\\\/m\\\/Y\",\"month_and_year_compact\":\"m\\\/Y\",\"month_and_year\":\"F Y\",\"time_range_separator\":\" - \",\"date_time_separator\":\" @ \"},\"messages\":[],\"start_of_week\":\"1\",\"header_title\":\"\",\"header_title_element\":\"h1\",\"content_title\":\"\",\"show_content_title\":false,\"breadcrumbs\":[],\"backlink\":false,\"before_events\":\"\",\"after_events\":\"<p>&nbsp;<\\\/p>\\n\\n<!--\\nThis calendar is powered by The Events Calendar.\\nhttp:\\\/\\\/evnt.is\\\/18wn\\n-->\\n\",\"display_events_bar\":false,\"disable_event_search\":false,\"live_refresh\":true,\"ical\":{\"display_link\":true,\"link\":{\"url\":\"https:\\\/\\\/www.cgfmanet.org\\\/es\\\/?post_type=tribe_events&#038;eventDisplay=widget-events-list&#038;ical=1\",\"text\":\"Exportar Eventos\",\"title\":\"Usa esto para compartir los datos del calendario con Google Calendar, Apple iCal y otras aplicaciones compatibles\"}},\"container_classes\":[\"tribe-common\",\"tribe-events\",\"tribe-events-view\",\"tribe-events-view--widget-events-list\",\"tribe-events-widget\"],\"container_data\":[],\"is_past\":false,\"breakpoints\":{\"xsmall\":500,\"medium\":768,\"full\":960},\"breakpoint_pointer\":\"b31f95f6-8200-49b0-bc7b-880865f1f07d\",\"is_initial_load\":false,\"public_views\":{\"month\":{\"view_class\":\"Tribe\\\\Events\\\\Views\\\\V2\\\\Views\\\\Month_View\",\"view_url\":\"https:\\\/\\\/www.cgfmanet.org\\\/es\\\/eventos\\\/mes\\\/\",\"view_label\":\"Mes\",\"aria_label\":\"Mostrar Eventos en la vista Mes\"}},\"show_latest_past\":false,\"past\":false,\"compatibility_classes\":[\"tribe-compatibility-container\"],\"view_more_text\":\"Ver calendario\",\"view_more_title\":\"Ver m\\u00e1s eventos.\",\"view_more_link\":\"https:\\\/\\\/www.cgfmanet.org\\\/es\\\/eventos\\\/\",\"widget_title\":\"\",\"hide_if_no_upcoming_events\":false,\"display\":{\"cost\":false,\"venue\":false,\"street\":false,\"city\":false,\"region\":false,\"zip\":false,\"country\":false,\"phone\":false,\"organizer\":false,\"website\":false},\"subscribe_links\":{\"gcal\":{\"label\":\"Google Calendar\",\"single_label\":\"A\\u00f1adir a Google Calendar\",\"visible\":true,\"block_slug\":\"hasGoogleCalendar\"},\"ical\":{\"label\":\"iCalendar\",\"single_label\":\"Agregar a iCalendar\",\"visible\":true,\"block_slug\":\"hasiCal\"},\"outlook-365\":{\"label\":\"Outlook 365\",\"single_label\":\"Outlook 365\",\"visible\":true,\"block_slug\":\"hasOutlook365\"},\"outlook-live\":{\"label\":\"Outlook Live\",\"single_label\":\"Outlook Live\",\"visible\":true,\"block_slug\":\"hasOutlookLive\"},\"ics\":{\"label\":\"Exportar archivo .ics\",\"single_label\":\"Exportar archivo .ics\",\"visible\":true,\"block_slug\":null},\"outlook-ics\":{\"label\":\"Exportar archivo .ics de Outlook\",\"single_label\":\"Exportar archivo .ics de Outlook\",\"visible\":true,\"block_slug\":null}},\"layout\":\"vertical\",\"filterbar_state\":\"open\",\"selected_filters\":[],\"mobile_initial_state_control\":true,\"display_recurring_toggle\":false,\"_context\":{\"slug\":\"widget-events-list\"}}<\/script>\n\n\t\t\t\n\t\t\t\n\t\t\t\t<div class=\"tribe-events-widget-events-list__events\">\n\t\t\t\t\t\t\t\t\t\t\t<div  class=\"tribe-common-g-row tribe-events-widget-events-list__event-row\" >\n\n\t<div class=\"tribe-events-widget-events-list__event-date-tag tribe-common-g-col\">\n\t<time class=\"tribe-events-widget-events-list__event-date-tag-datetime\" datetime=\"2026-04-17\">\n\t\t<span class=\"tribe-events-widget-events-list__event-date-tag-month\">\n\t\t\tAbr\t\t<\/span>\n\t\t<span class=\"tribe-events-widget-events-list__event-date-tag-daynum tribe-common-h2 tribe-common-h4--min-medium\">\n\t\t\t17\t\t<\/span>\n\t<\/time>\n<\/div>\n\n\t<div class=\"tribe-events-widget-events-list__event-wrapper tribe-common-g-col\">\n\t\t<article  class=\"tribe-events-widget-events-list__event post-155333 tribe_events type-tribe_events status-publish tribe_events_cat-agenda-es tribe_events_cat-consejera-para-la-formacion\" >\n\t\t\t<div class=\"tribe-events-widget-events-list__event-details\">\n\n\t\t\t\t<header class=\"tribe-events-widget-events-list__event-header\">\n\t\t\t\t\t<div class=\"tribe-events-widget-events-list__event-datetime-wrapper tribe-common-b2 tribe-common-b3--min-medium\">\n\t\t<time class=\"tribe-events-widget-events-list__event-datetime\" datetime=\"2026-04-17\">\n\t\t<span class=\"tribe-event-date-start\">17 abril<\/span> - <span class=\"tribe-event-date-end\">3 mayo<\/span>\t<\/time>\n\t<\/div>\n\t\t\t\t\t<h3 class=\"tribe-events-widget-events-list__event-title tribe-common-h7\">\n\t<a\n\t\thref=\"https:\/\/www.cgfmanet.org\/es\/event\/suor-nilza-fatima-de-moraes-accompagna-le-partecipanti-del-progetto-mornese-in-lingua-inglese-insieme-alla-coordinatrice-suor-jeanette-palasota\/\"\n\t\ttitle=\"Suor Nilza F\u00e1tima de Moraes accompagna le partecipanti del Progetto Mornese in lingua inglese insieme alla coordinatrice, suor Jeanette Palasota.\"\n\t\trel=\"bookmark\"\n\t\tclass=\"tribe-events-widget-events-list__event-title-link tribe-common-anchor-thin\"\n\t>\n\t\tSuor Nilza F\u00e1tima de Moraes accompagna le partecipanti del Progetto Mornese in lingua inglese insieme alla coordinatrice, suor Jeanette Palasota.\t<\/a>\n<\/h3>\n\t\t\t\t<\/header>\n\n\t\t\t\t\n\t\t\t<\/div>\n\t\t<\/article>\n\t<\/div>\n\n<\/div>\n\t\t\t\t\t\t\t\t\t\t\t<div  class=\"tribe-common-g-row tribe-events-widget-events-list__event-row\" >\n\n\t<div class=\"tribe-events-widget-events-list__event-date-tag tribe-common-g-col\">\n\t<time class=\"tribe-events-widget-events-list__event-date-tag-datetime\" datetime=\"2026-05-02\">\n\t\t<span class=\"tribe-events-widget-events-list__event-date-tag-month\">\n\t\t\tMay\t\t<\/span>\n\t\t<span class=\"tribe-events-widget-events-list__event-date-tag-daynum tribe-common-h2 tribe-common-h4--min-medium\">\n\t\t\t2\t\t<\/span>\n\t<\/time>\n<\/div>\n\n\t<div class=\"tribe-events-widget-events-list__event-wrapper tribe-common-g-col\">\n\t\t<article  class=\"tribe-events-widget-events-list__event post-150827 tribe_events type-tribe_events status-publish tribe_events_cat-agenda-es tribe_events_cat-secretaria-general\" >\n\t\t\t<div class=\"tribe-events-widget-events-list__event-details\">\n\n\t\t\t\t<header class=\"tribe-events-widget-events-list__event-header\">\n\t\t\t\t\t<div class=\"tribe-events-widget-events-list__event-datetime-wrapper tribe-common-b2 tribe-common-b3--min-medium\">\n\t\t<time class=\"tribe-events-widget-events-list__event-datetime\" datetime=\"2026-05-02\">\n\t\tTodo el d\u00eda\t<\/time>\n\t<\/div>\n\t\t\t\t\t<h3 class=\"tribe-events-widget-events-list__event-title tribe-common-h7\">\n\t<a\n\t\thref=\"https:\/\/www.cgfmanet.org\/es\/event\/suor-maria-luisa-nicastro-con-le-collaboratrici-della-segreteria-generale-guida-la-visita-allarchivio-generale-dellistituto-e-alla-mostra-del-carisma-delle-studentesse-del-corso-di-spiritualita\/\"\n\t\ttitle=\"Suor Maria Luisa Nicastro, con le collaboratrici della Segreteria generale, guida la visita all&#8217;Archivio Generale dell&#8217;Istituto e alla Mostra del Carisma delle Studentesse del Corso di Spiritualit\u00e0 di Casa Canta.\"\n\t\trel=\"bookmark\"\n\t\tclass=\"tribe-events-widget-events-list__event-title-link tribe-common-anchor-thin\"\n\t>\n\t\tSuor Maria Luisa Nicastro, con le collaboratrici della Segreteria generale, guida la visita all&#8217;Archivio Generale dell&#8217;Istituto e alla Mostra del Carisma delle Studentesse del Corso di Spiritualit\u00e0 di Casa Canta.\t<\/a>\n<\/h3>\n\t\t\t\t<\/header>\n\n\t\t\t\t\n\t\t\t<\/div>\n\t\t<\/article>\n\t<\/div>\n\n<\/div>\n\t\t\t\t\t\t\t\t\t\t\t<div  class=\"tribe-common-g-row tribe-events-widget-events-list__event-row\" >\n\n\t<div class=\"tribe-events-widget-events-list__event-date-tag tribe-common-g-col\">\n\t<time class=\"tribe-events-widget-events-list__event-date-tag-datetime\" datetime=\"2026-05-03\">\n\t\t<span class=\"tribe-events-widget-events-list__event-date-tag-month\">\n\t\t\tMay\t\t<\/span>\n\t\t<span class=\"tribe-events-widget-events-list__event-date-tag-daynum tribe-common-h2 tribe-common-h4--min-medium\">\n\t\t\t3\t\t<\/span>\n\t<\/time>\n<\/div>\n\n\t<div class=\"tribe-events-widget-events-list__event-wrapper tribe-common-g-col\">\n\t\t<article  class=\"tribe-events-widget-events-list__event post-151100 tribe_events type-tribe_events status-publish tribe_events_cat-agenda-es tribe_events_cat-consejera-para-la-familia-salesiana\" >\n\t\t\t<div class=\"tribe-events-widget-events-list__event-details\">\n\n\t\t\t\t<header class=\"tribe-events-widget-events-list__event-header\">\n\t\t\t\t\t<div class=\"tribe-events-widget-events-list__event-datetime-wrapper tribe-common-b2 tribe-common-b3--min-medium\">\n\t\t<time class=\"tribe-events-widget-events-list__event-datetime\" datetime=\"2026-05-03\">\n\t\tTodo el d\u00eda\t<\/time>\n\t<\/div>\n\t\t\t\t\t<h3 class=\"tribe-events-widget-events-list__event-title tribe-common-h7\">\n\t<a\n\t\thref=\"https:\/\/www.cgfmanet.org\/es\/event\/suor-leslie-sandigo-e-le-collaboratrici-dellambito-incontrano-online-le-delegate-e-animatrici-delle-associazioni-exallieve-i-delle-fma-salesiani-cooperatori-e-adma\/\"\n\t\ttitle=\"Suor Leslie S\u00e1ndigo e le collaboratrici dell\u2019Ambito incontrano online le Delegate e animatrici delle Associazioni: Exallieve\/i delle FMA, Salesiani Cooperatori e ADMA.\"\n\t\trel=\"bookmark\"\n\t\tclass=\"tribe-events-widget-events-list__event-title-link tribe-common-anchor-thin\"\n\t>\n\t\tSuor Leslie S\u00e1ndigo e le collaboratrici dell\u2019Ambito incontrano online le Delegate e animatrici delle Associazioni: Exallieve\/i delle FMA, Salesiani Cooperatori e ADMA.\t<\/a>\n<\/h3>\n\t\t\t\t<\/header>\n\n\t\t\t\t\n\t\t\t<\/div>\n\t\t<\/article>\n\t<\/div>\n\n<\/div>\n\t\t\t\t\t\t\t\t\t\t\t<div  class=\"tribe-common-g-row tribe-events-widget-events-list__event-row\" >\n\n\t<div class=\"tribe-events-widget-events-list__event-date-tag tribe-common-g-col\">\n\t<time class=\"tribe-events-widget-events-list__event-date-tag-datetime\" datetime=\"2026-05-04\">\n\t\t<span class=\"tribe-events-widget-events-list__event-date-tag-month\">\n\t\t\tMay\t\t<\/span>\n\t\t<span class=\"tribe-events-widget-events-list__event-date-tag-daynum tribe-common-h2 tribe-common-h4--min-medium\">\n\t\t\t4\t\t<\/span>\n\t<\/time>\n<\/div>\n\n\t<div class=\"tribe-events-widget-events-list__event-wrapper tribe-common-g-col\">\n\t\t<article  class=\"tribe-events-widget-events-list__event post-150695 tribe_events type-tribe_events status-publish tribe_events_cat-vicaria-general tribe_events_cat-agenda-es\" >\n\t\t\t<div class=\"tribe-events-widget-events-list__event-details\">\n\n\t\t\t\t<header class=\"tribe-events-widget-events-list__event-header\">\n\t\t\t\t\t<div class=\"tribe-events-widget-events-list__event-datetime-wrapper tribe-common-b2 tribe-common-b3--min-medium\">\n\t\t<time class=\"tribe-events-widget-events-list__event-datetime\" datetime=\"2026-05-04\">\n\t\tTodo el d\u00eda\t<\/time>\n\t<\/div>\n\t\t\t\t\t<h3 class=\"tribe-events-widget-events-list__event-title tribe-common-h7\">\n\t<a\n\t\thref=\"https:\/\/www.cgfmanet.org\/es\/event\/suor-maria-del-rosario-garcia-ribas-termina-la-visita-canonica-allispettoria-san-giuseppe-ant-delle-antille\/\"\n\t\ttitle=\"Suor Mar\u00eda del Rosario Garc\u00eda Ribas termina la Visita canonica all\u2019Ispettoria \u201cSan Giuseppe\u00bb (ANT) delle Antille.\"\n\t\trel=\"bookmark\"\n\t\tclass=\"tribe-events-widget-events-list__event-title-link tribe-common-anchor-thin\"\n\t>\n\t\tSuor Mar\u00eda del Rosario Garc\u00eda Ribas termina la Visita canonica all\u2019Ispettoria \u201cSan Giuseppe\u00bb (ANT) delle Antille.\t<\/a>\n<\/h3>\n\t\t\t\t<\/header>\n\n\t\t\t\t\n\t\t\t<\/div>\n\t\t<\/article>\n\t<\/div>\n\n<\/div>\n\t\t\t\t\t\t\t\t\t\t\t<div  class=\"tribe-common-g-row tribe-events-widget-events-list__event-row\" >\n\n\t<div class=\"tribe-events-widget-events-list__event-date-tag tribe-common-g-col\">\n\t<time class=\"tribe-events-widget-events-list__event-date-tag-datetime\" datetime=\"2026-05-04\">\n\t\t<span class=\"tribe-events-widget-events-list__event-date-tag-month\">\n\t\t\tMay\t\t<\/span>\n\t\t<span class=\"tribe-events-widget-events-list__event-date-tag-daynum tribe-common-h2 tribe-common-h4--min-medium\">\n\t\t\t4\t\t<\/span>\n\t<\/time>\n<\/div>\n\n\t<div class=\"tribe-events-widget-events-list__event-wrapper tribe-common-g-col\">\n\t\t<article  class=\"tribe-events-widget-events-list__event post-150891 tribe_events type-tribe_events status-publish tribe_events_cat-agenda-es tribe_events_cat-consejera-para-las-misiones\" >\n\t\t\t<div class=\"tribe-events-widget-events-list__event-details\">\n\n\t\t\t\t<header class=\"tribe-events-widget-events-list__event-header\">\n\t\t\t\t\t<div class=\"tribe-events-widget-events-list__event-datetime-wrapper tribe-common-b2 tribe-common-b3--min-medium\">\n\t\t<time class=\"tribe-events-widget-events-list__event-datetime\" datetime=\"2026-05-04\">\n\t\tTodo el d\u00eda\t<\/time>\n\t<\/div>\n\t\t\t\t\t<h3 class=\"tribe-events-widget-events-list__event-title tribe-common-h7\">\n\t<a\n\t\thref=\"https:\/\/www.cgfmanet.org\/es\/event\/inizio-del-corso-di-formazione-permanente-missionaria-a-roma-casa-generalizia-2\/\"\n\t\ttitle=\"Inizio del Corso di Formazione Permanente Missionaria a Roma, Casa Generalizia.\"\n\t\trel=\"bookmark\"\n\t\tclass=\"tribe-events-widget-events-list__event-title-link tribe-common-anchor-thin\"\n\t>\n\t\tInizio del Corso di Formazione Permanente Missionaria a Roma, Casa Generalizia.\t<\/a>\n<\/h3>\n\t\t\t\t<\/header>\n\n\t\t\t\t\n\t\t\t<\/div>\n\t\t<\/article>\n\t<\/div>\n\n<\/div>\n\t\t\t\t\t\t\t\t\t\t\t<div  class=\"tribe-common-g-row tribe-events-widget-events-list__event-row\" >\n\n\t<div class=\"tribe-events-widget-events-list__event-date-tag tribe-common-g-col\">\n\t<time class=\"tribe-events-widget-events-list__event-date-tag-datetime\" datetime=\"2026-05-04\">\n\t\t<span class=\"tribe-events-widget-events-list__event-date-tag-month\">\n\t\t\tMay\t\t<\/span>\n\t\t<span class=\"tribe-events-widget-events-list__event-date-tag-daynum tribe-common-h2 tribe-common-h4--min-medium\">\n\t\t\t4\t\t<\/span>\n\t<\/time>\n<\/div>\n\n\t<div class=\"tribe-events-widget-events-list__event-wrapper tribe-common-g-col\">\n\t\t<article  class=\"tribe-events-widget-events-list__event post-151106 tribe_events type-tribe_events status-publish tribe_events_cat-agenda-es tribe_events_cat-consejera-para-la-familia-salesiana\" >\n\t\t\t<div class=\"tribe-events-widget-events-list__event-details\">\n\n\t\t\t\t<header class=\"tribe-events-widget-events-list__event-header\">\n\t\t\t\t\t<div class=\"tribe-events-widget-events-list__event-datetime-wrapper tribe-common-b2 tribe-common-b3--min-medium\">\n\t\t<time class=\"tribe-events-widget-events-list__event-datetime\" datetime=\"2026-05-04\">\n\t\tTodo el d\u00eda\t<\/time>\n\t<\/div>\n\t\t\t\t\t<h3 class=\"tribe-events-widget-events-list__event-title tribe-common-h7\">\n\t<a\n\t\thref=\"https:\/\/www.cgfmanet.org\/es\/event\/suor-leslie-sandigo-termina-la-2a-parte-della-visita-canonica-allispettoria-laura-vicuna-arg-dellargentina\/\"\n\t\ttitle=\"Suor Leslie S\u00e1ndigo termina la 2a parte della visita canonica all\u2019Ispettoria \u201cLaura Vicu\u00f1a\u201d (ARG) dell\u2019Argentina.\"\n\t\trel=\"bookmark\"\n\t\tclass=\"tribe-events-widget-events-list__event-title-link tribe-common-anchor-thin\"\n\t>\n\t\tSuor Leslie S\u00e1ndigo termina la 2a parte della visita canonica all\u2019Ispettoria \u201cLaura Vicu\u00f1a\u201d (ARG) dell\u2019Argentina.\t<\/a>\n<\/h3>\n\t\t\t\t<\/header>\n\n\t\t\t\t\n\t\t\t<\/div>\n\t\t<\/article>\n\t<\/div>\n\n<\/div>\n\t\t\t\t\t\t\t\t\t\t\t<div  class=\"tribe-common-g-row tribe-events-widget-events-list__event-row\" >\n\n\t<div class=\"tribe-events-widget-events-list__event-date-tag tribe-common-g-col\">\n\t<time class=\"tribe-events-widget-events-list__event-date-tag-datetime\" datetime=\"2026-05-04\">\n\t\t<span class=\"tribe-events-widget-events-list__event-date-tag-month\">\n\t\t\tMay\t\t<\/span>\n\t\t<span class=\"tribe-events-widget-events-list__event-date-tag-daynum tribe-common-h2 tribe-common-h4--min-medium\">\n\t\t\t4\t\t<\/span>\n\t<\/time>\n<\/div>\n\n\t<div class=\"tribe-events-widget-events-list__event-wrapper tribe-common-g-col\">\n\t\t<article  class=\"tribe-events-widget-events-list__event post-155256 tribe_events type-tribe_events status-publish tribe_events_cat-agenda-es tribe_events_cat-madre-general\" >\n\t\t\t<div class=\"tribe-events-widget-events-list__event-details\">\n\n\t\t\t\t<header class=\"tribe-events-widget-events-list__event-header\">\n\t\t\t\t\t<div class=\"tribe-events-widget-events-list__event-datetime-wrapper tribe-common-b2 tribe-common-b3--min-medium\">\n\t\t<time class=\"tribe-events-widget-events-list__event-datetime\" datetime=\"2026-05-04\">\n\t\tTodo el d\u00eda\t<\/time>\n\t<\/div>\n\t\t\t\t\t<h3 class=\"tribe-events-widget-events-list__event-title tribe-common-h7\">\n\t<a\n\t\thref=\"https:\/\/www.cgfmanet.org\/es\/event\/la-madre-da-la-buonanotte-al-gruppo-del-progetto-mornese-di-lingua-inglese-a-roma-presso-la-casa-fma-sacro-cuore-iro\/\"\n\t\ttitle=\"La Madre d\u00e0 la Buonanotte al gruppo del \u201cProgetto Mornese\u201d di lingua inglese. A Roma presso la Casa FMA \u201cSacro Cuore\u201d (IRO).\"\n\t\trel=\"bookmark\"\n\t\tclass=\"tribe-events-widget-events-list__event-title-link tribe-common-anchor-thin\"\n\t>\n\t\tLa Madre d\u00e0 la Buonanotte al gruppo del \u201cProgetto Mornese\u201d di lingua inglese. A Roma presso la Casa FMA \u201cSacro Cuore\u201d (IRO).\t<\/a>\n<\/h3>\n\t\t\t\t<\/header>\n\n\t\t\t\t\n\t\t\t<\/div>\n\t\t<\/article>\n\t<\/div>\n\n<\/div>\n\t\t\t\t\t\t\t\t\t\t\t<div  class=\"tribe-common-g-row tribe-events-widget-events-list__event-row\" >\n\n\t<div class=\"tribe-events-widget-events-list__event-date-tag tribe-common-g-col\">\n\t<time class=\"tribe-events-widget-events-list__event-date-tag-datetime\" datetime=\"2026-05-05\">\n\t\t<span class=\"tribe-events-widget-events-list__event-date-tag-month\">\n\t\t\tMay\t\t<\/span>\n\t\t<span class=\"tribe-events-widget-events-list__event-date-tag-daynum tribe-common-h2 tribe-common-h4--min-medium\">\n\t\t\t5\t\t<\/span>\n\t<\/time>\n<\/div>\n\n\t<div class=\"tribe-events-widget-events-list__event-wrapper tribe-common-g-col\">\n\t\t<article  class=\"tribe-events-widget-events-list__event post-156540 tribe_events type-tribe_events status-publish tribe_events_cat-agenda-es tribe_events_cat-madre-general\" >\n\t\t\t<div class=\"tribe-events-widget-events-list__event-details\">\n\n\t\t\t\t<header class=\"tribe-events-widget-events-list__event-header\">\n\t\t\t\t\t<div class=\"tribe-events-widget-events-list__event-datetime-wrapper tribe-common-b2 tribe-common-b3--min-medium\">\n\t\t<time class=\"tribe-events-widget-events-list__event-datetime\" datetime=\"2026-05-05\">\n\t\tTodo el d\u00eda\t<\/time>\n\t<\/div>\n\t\t\t\t\t<h3 class=\"tribe-events-widget-events-list__event-title tribe-common-h7\">\n\t<a\n\t\thref=\"https:\/\/www.cgfmanet.org\/es\/event\/la-madre-incontra-il-consiglio-accademico-della-pontificia-facolta-di-scienze-delleducazione-auxilium-anche-con-la-presenza-della-superiora-di-visitatoria-rmc-suor-jessic\/\"\n\t\ttitle=\"La Madre incontra il Consiglio Accademico della Pontificia Facolt\u00e0 di Scienze dell\u2019Educazione \u201cAuxilium\u201d anche con la presenza della Superiora di Visitatoria (RMC), suor Jessica Salva\u00f1a Togonon. A Roma in Casa generalizia.\"\n\t\trel=\"bookmark\"\n\t\tclass=\"tribe-events-widget-events-list__event-title-link tribe-common-anchor-thin\"\n\t>\n\t\tLa Madre incontra il Consiglio Accademico della Pontificia Facolt\u00e0 di Scienze dell\u2019Educazione \u201cAuxilium\u201d anche con la presenza della Superiora di Visitatoria (RMC), suor Jessica Salva\u00f1a Togonon. A Roma in Casa generalizia.\t<\/a>\n<\/h3>\n\t\t\t\t<\/header>\n\n\t\t\t\t\n\t\t\t<\/div>\n\t\t<\/article>\n\t<\/div>\n\n<\/div>\n\t\t\t\t\t\t\t\t\t\t\t<div  class=\"tribe-common-g-row tribe-events-widget-events-list__event-row\" >\n\n\t<div class=\"tribe-events-widget-events-list__event-date-tag tribe-common-g-col\">\n\t<time class=\"tribe-events-widget-events-list__event-date-tag-datetime\" datetime=\"2026-05-06\">\n\t\t<span class=\"tribe-events-widget-events-list__event-date-tag-month\">\n\t\t\tMay\t\t<\/span>\n\t\t<span class=\"tribe-events-widget-events-list__event-date-tag-daynum tribe-common-h2 tribe-common-h4--min-medium\">\n\t\t\t6\t\t<\/span>\n\t<\/time>\n<\/div>\n\n\t<div class=\"tribe-events-widget-events-list__event-wrapper tribe-common-g-col\">\n\t\t<article  class=\"tribe-events-widget-events-list__event post-155272 tribe_events type-tribe_events status-publish tribe_events_cat-agenda-es tribe_events_cat-madre-general\" >\n\t\t\t<div class=\"tribe-events-widget-events-list__event-details\">\n\n\t\t\t\t<header class=\"tribe-events-widget-events-list__event-header\">\n\t\t\t\t\t<div class=\"tribe-events-widget-events-list__event-datetime-wrapper tribe-common-b2 tribe-common-b3--min-medium\">\n\t\t<time class=\"tribe-events-widget-events-list__event-datetime\" datetime=\"2026-05-06\">\n\t\tTodo el d\u00eda\t<\/time>\n\t<\/div>\n\t\t\t\t\t<h3 class=\"tribe-events-widget-events-list__event-title tribe-common-h7\">\n\t<a\n\t\thref=\"https:\/\/www.cgfmanet.org\/es\/event\/la-madre-incontra-le-fma-partecipanti-al-corso-di-formazione-permanente-missionaria-a-roma-casa-generalizia\/\"\n\t\ttitle=\"La Madre incontra le FMA partecipanti al Corso di Formazione Permanente Missionaria. A Roma, Casa generalizia.\"\n\t\trel=\"bookmark\"\n\t\tclass=\"tribe-events-widget-events-list__event-title-link tribe-common-anchor-thin\"\n\t>\n\t\tLa Madre incontra le FMA partecipanti al Corso di Formazione Permanente Missionaria. A Roma, Casa generalizia.\t<\/a>\n<\/h3>\n\t\t\t\t<\/header>\n\n\t\t\t\t\n\t\t\t<\/div>\n\t\t<\/article>\n\t<\/div>\n\n<\/div>\n\t\t\t\t\t\t\t\t\t\t\t<div  class=\"tribe-common-g-row tribe-events-widget-events-list__event-row\" >\n\n\t<div class=\"tribe-events-widget-events-list__event-date-tag tribe-common-g-col\">\n\t<time class=\"tribe-events-widget-events-list__event-date-tag-datetime\" datetime=\"2026-05-07\">\n\t\t<span class=\"tribe-events-widget-events-list__event-date-tag-month\">\n\t\t\tMay\t\t<\/span>\n\t\t<span class=\"tribe-events-widget-events-list__event-date-tag-daynum tribe-common-h2 tribe-common-h4--min-medium\">\n\t\t\t7\t\t<\/span>\n\t<\/time>\n<\/div>\n\n\t<div class=\"tribe-events-widget-events-list__event-wrapper tribe-common-g-col\">\n\t\t<article  class=\"tribe-events-widget-events-list__event post-151112 tribe_events type-tribe_events status-publish tribe_events_cat-agenda-es tribe_events_cat-consejera-para-la-familia-salesiana\" >\n\t\t\t<div class=\"tribe-events-widget-events-list__event-details\">\n\n\t\t\t\t<header class=\"tribe-events-widget-events-list__event-header\">\n\t\t\t\t\t<div class=\"tribe-events-widget-events-list__event-datetime-wrapper tribe-common-b2 tribe-common-b3--min-medium\">\n\t\t<time class=\"tribe-events-widget-events-list__event-datetime\" datetime=\"2026-05-07\">\n\t\t<span class=\"tribe-event-date-start\">7 mayo<\/span> - <span class=\"tribe-event-date-end\">10 mayo<\/span>\t<\/time>\n\t<\/div>\n\t\t\t\t\t<h3 class=\"tribe-events-widget-events-list__event-title tribe-common-h7\">\n\t<a\n\t\thref=\"https:\/\/www.cgfmanet.org\/es\/event\/suor-leslie-sandigo-partecipa-al-congresso-mondiale-dei-salesiani-cooperatori-a-roma-fraterna-domus\/\"\n\t\ttitle=\"Suor Leslie S\u00e1ndigo partecipa al Congresso Mondiale dei Salesiani Cooperatori a Roma, Fraterna Domus.\"\n\t\trel=\"bookmark\"\n\t\tclass=\"tribe-events-widget-events-list__event-title-link tribe-common-anchor-thin\"\n\t>\n\t\tSuor Leslie S\u00e1ndigo partecipa al Congresso Mondiale dei Salesiani Cooperatori a Roma, Fraterna Domus.\t<\/a>\n<\/h3>\n\t\t\t\t<\/header>\n\n\t\t\t\t\n\t\t\t<\/div>\n\t\t<\/article>\n\t<\/div>\n\n<\/div>\n\t\t\t\t\t\t\t\t\t<\/div>\n\n\t\t\t\t<div class=\"tribe-events-widget-events-list__view-more tribe-common-b1 tribe-common-b2--min-medium\">\n\t<a\n\t\thref=\"https:\/\/www.cgfmanet.org\/es\/eventos\/\"\n\t\tclass=\"tribe-events-widget-events-list__view-more-link tribe-common-anchor-thin\"\n\t\ttitle=\"Ver m\u00e1s eventos.\"\n\t>\n\t\tVer calendario\t<\/a>\n<\/div>\n\n\t\t\t\t\t<\/div>\n\t<\/div>\n<\/div>\n<script data-js='tribe-events-view-nonce-data' type='application\/json'>{\"tvn1\":\"eeefd3cffb\",\"tvn2\":\"\"}<\/script>\n<\/div><\/div><div class=\"td_block_wrap td_block_text_with_title tdi_43 tagdiv-type td-pb-border-top td_block_template_1\"  data-td-block-uid=\"tdi_43\" >\n<style>\n.td-theme-wrap .tdi_43 .td-pulldown-filter-link:hover,\r\n            .td-theme-wrap .tdi_43 .td-subcat-item a:hover,\r\n            .td-theme-wrap .tdi_43 .td-subcat-item .td-cur-simple-item {\r\n                color: #ff5500;\r\n            }\r\n\r\n            .td-theme-wrap .tdi_43 .block-title > *,\r\n            .td-theme-wrap .tdi_43 .td-subcat-dropdown:hover .td-subcat-more {\r\n                background-color: #ff5500;\r\n            }\r\n            .td-theme-wrap .td-footer-wrapper .tdi_43 .block-title > * {\r\n                padding: 6px 7px 5px;\r\n                line-height: 1;\r\n            }\r\n\r\n            .td-theme-wrap .tdi_43 .block-title {\r\n                border-color: #ff5500;\r\n            }\r\n\r\n            \r\n            .td-theme-wrap .tdi_43 .td_module_wrap:hover .entry-title a,\r\n            .td-theme-wrap .tdi_43 .td_quote_on_blocks,\r\n            .td-theme-wrap .tdi_43 .td-opacity-cat .td-post-category:hover,\r\n            .td-theme-wrap .tdi_43 .td-opacity-read .td-read-more a:hover,\r\n            .td-theme-wrap .tdi_43 .td-opacity-author .td-post-author-name a:hover,\r\n            .td-theme-wrap .tdi_43 .td-instagram-user a {\r\n                color: #ff5500;\r\n            }\r\n\r\n            .td-theme-wrap .tdi_43 .td-next-prev-wrap a:hover,\r\n            .td-theme-wrap .tdi_43 .td-load-more-wrap a:hover {\r\n                background-color: #ff5500;\r\n                border-color: #ff5500;\r\n            }\r\n\r\n            .td-theme-wrap .tdi_43 .td-read-more a,\r\n            .td-theme-wrap .tdi_43 .td-weather-information:before,\r\n            .td-theme-wrap .tdi_43 .td-weather-week:before,\r\n            .td-theme-wrap .tdi_43 .td-exchange-header:before,\r\n            .td-theme-wrap .td-footer-wrapper .tdi_43 .td-post-category,\r\n            .td-theme-wrap .tdi_43 .td-post-category:hover {\r\n                background-color: #ff5500;\r\n            }\n<\/style><div class=\"td-block-title-wrap\"><h4 class=\"block-title td-block-title\"><a href=\"https:\/\/www.facebook.com\/salesian.sisters.of.don.bosco\/\" class=\"td-pulldown-size\">Soundcloud<\/a><\/h4><\/div><div class=\"td_mod_wrap td-fix-index\"><p><iframe data-src=\"https:\/\/w.soundcloud.com\/player\/?url=https%3A\/\/api.soundcloud.com\/tracks\/soundcloud%253Atracks%253A2219225231&#038;color=%23ff5500&#038;auto_play=false&#038;hide_related=false&#038;show_comments=true&#038;show_user=true&#038;show_reposts=false&#038;show_teaser=true&#038;visual=true\" width=\"100%\" height=\"300\" frameborder=\"no\" scrolling=\"no\" src=\"data:image\/svg+xml;base64,PHN2ZyB3aWR0aD0iMSIgaGVpZ2h0PSIxIiB4bWxucz0iaHR0cDovL3d3dy53My5vcmcvMjAwMC9zdmciPjwvc3ZnPg==\" class=\"lazyload\" data-load-mode=\"1\"><\/iframe><\/p>\n<div style=\"font-size: 10px; color: #cccccc; line-break: anywhere; word-break: normal; overflow: hidden; white-space: nowrap; text-overflow: ellipsis; font-family: Interstate,Lucida Grande,Lucida Sans Unicode,Lucida Sans,Garuda,Verdana,Tahoma,sans-serif; font-weight: 100;\"><a style=\"color: #cccccc; text-decoration: none;\" title=\"Amministratoreweb FMA\" href=\"https:\/\/soundcloud.com\/user-24146069\" target=\"_blank\" rel=\"noopener\">Amministratoreweb FMA<\/a> \u00b7 <a style=\"color: #cccccc; text-decoration: none;\" title=\"Novena Inmaculada Concepci\u00f3n 2025 - ES - 29 Noviembre\" href=\"https:\/\/soundcloud.com\/user-24146069\/novena-inmaculada-concepcion-2025-es-29-noviembre\" target=\"_blank\" rel=\"noopener\">Novena Inmaculada Concepci\u00f3n 2025 &#8211; ES &#8211; 29 Noviembre<\/a><\/div>\n<\/div><\/div><div class=\"td-block td-a-rec td-a-rec-id-custom-spot tdi_44 td_block_template_1\">\n<style>\n\/* custom css - generated by TagDiv Composer *\/\n.tdi_44.td-a-rec{\r\n\t\t\t\t\ttext-align: center;\r\n\t\t\t\t}.tdi_44.td-a-rec:not(.td-a-rec-no-translate){\r\n\t\t\t\t    transform: translateZ(0);\r\n\t\t\t\t}.tdi_44 .td-element-style{\r\n\t\t\t\t\tz-index: -1;\r\n\t\t\t\t}.tdi_44.td-a-rec-img{\r\n\t\t\t\t    text-align: left;\r\n\t\t\t\t}.tdi_44.td-a-rec-img img{\r\n                    margin: 0 auto 0 0;\r\n                }.tdi_44 .td_spot_img_all img,\r\n\t\t\t\t.tdi_44 .td_spot_img_tl img,\r\n\t\t\t\t.tdi_44 .td_spot_img_tp img,\r\n\t\t\t\t.tdi_44 .td_spot_img_mob img{\r\n\t\t\t\t    border-style: none;\r\n\t\t\t\t}@media (max-width: 767px) {\r\n\t\t\t\t    .tdi_44.td-a-rec-img {\r\n\t\t\t\t        text-align: center;\r\n\t\t\t\t    }\r\n                }\n<\/style><span class=\"td-adspot-title\">- Bolet\u00edn -<\/span><div class=\"td-all-devices\">\n<a href=\"https:\/\/www.cgfmanet.org\/es\/newsletter\/\">\n<img decoding=\"async\" data-src=\"https:\/\/www.cgfmanet.org\/wp-content\/uploads\/2020\/01\/banner-newsletter_ESP.jpg\" src=\"data:image\/svg+xml;base64,PHN2ZyB3aWR0aD0iMSIgaGVpZ2h0PSIxIiB4bWxucz0iaHR0cDovL3d3dy53My5vcmcvMjAwMC9zdmciPjwvc3ZnPg==\" class=\"lazyload\" style=\"--smush-placeholder-width: 400px; --smush-placeholder-aspect-ratio: 400\/164;\" \/>\n<\/a> <\/div> \n<br><br><\/div><div class=\"td-block td-a-rec td-a-rec-id-custom-spot tdi_45 td_block_template_1\">\n<style>\n\/* custom css - generated by TagDiv Composer *\/\n.tdi_45.td-a-rec{\r\n\t\t\t\t\ttext-align: center;\r\n\t\t\t\t}.tdi_45.td-a-rec:not(.td-a-rec-no-translate){\r\n\t\t\t\t    transform: translateZ(0);\r\n\t\t\t\t}.tdi_45 .td-element-style{\r\n\t\t\t\t\tz-index: -1;\r\n\t\t\t\t}.tdi_45.td-a-rec-img{\r\n\t\t\t\t    text-align: left;\r\n\t\t\t\t}.tdi_45.td-a-rec-img img{\r\n                    margin: 0 auto 0 0;\r\n                }.tdi_45 .td_spot_img_all img,\r\n\t\t\t\t.tdi_45 .td_spot_img_tl img,\r\n\t\t\t\t.tdi_45 .td_spot_img_tp img,\r\n\t\t\t\t.tdi_45 .td_spot_img_mob img{\r\n\t\t\t\t    border-style: none;\r\n\t\t\t\t}@media (max-width: 767px) {\r\n\t\t\t\t    .tdi_45.td-a-rec-img {\r\n\t\t\t\t        text-align: center;\r\n\t\t\t\t    }\r\n                }\n<\/style><span class=\"td-adspot-title\">- Palabra del Dia -<\/span><div class=\"td-all-devices\">\n<a href=\"https:\/\/drive.google.com\/drive\/folders\/1e2kXXd9b1Qqrp_lpvqeHyoMd9Nzwv30u\" target=\"_blank\">\n<img decoding=\"async\" data-src=\"https:\/\/www.cgfmanet.org\/wp-content\/uploads\/2020\/01\/parola-giorno_ESP.jpg\" src=\"data:image\/svg+xml;base64,PHN2ZyB3aWR0aD0iMSIgaGVpZ2h0PSIxIiB4bWxucz0iaHR0cDovL3d3dy53My5vcmcvMjAwMC9zdmciPjwvc3ZnPg==\" class=\"lazyload\" style=\"--smush-placeholder-width: 1125px; --smush-placeholder-aspect-ratio: 1125\/464;\" \/>\n<\/a> <\/div> \n<br><br><\/div><div class=\"td_block_wrap td_block_7 tdi_46 td-pb-border-top td_block_template_1 td-column-1 td_block_padding\"  data-td-block-uid=\"tdi_46\" >\n<style>\n.td-theme-wrap .tdi_46 .td-pulldown-filter-link:hover,\r\n            .td-theme-wrap .tdi_46 .td-subcat-item a:hover,\r\n            .td-theme-wrap .tdi_46 .td-subcat-item .td-cur-simple-item {\r\n                color: #9b2fae;\r\n            }\r\n\r\n            .td-theme-wrap .tdi_46 .block-title > *,\r\n            .td-theme-wrap .tdi_46 .td-subcat-dropdown:hover .td-subcat-more {\r\n                background-color: #9b2fae;\r\n            }\r\n            .td-theme-wrap .td-footer-wrapper .tdi_46 .block-title > * {\r\n                padding: 6px 7px 5px;\r\n                line-height: 1;\r\n            }\r\n\r\n            .td-theme-wrap .tdi_46 .block-title {\r\n                border-color: #9b2fae;\r\n            }\r\n\r\n            \r\n            .td-theme-wrap .tdi_46 .block-title > * {\r\n                color: #ffffff;\r\n            }\r\n            \r\n            \r\n            \r\n            .td-theme-wrap .tdi_46 .td_module_wrap:hover .entry-title a,\r\n            .td-theme-wrap .tdi_46 .td_quote_on_blocks,\r\n            .td-theme-wrap .tdi_46 .td-opacity-cat .td-post-category:hover,\r\n            .td-theme-wrap .tdi_46 .td-opacity-read .td-read-more a:hover,\r\n            .td-theme-wrap .tdi_46 .td-opacity-author .td-post-author-name a:hover,\r\n            .td-theme-wrap .tdi_46 .td-instagram-user a {\r\n                color: #9b2fae;\r\n            }\r\n\r\n            .td-theme-wrap .tdi_46 .td-next-prev-wrap a:hover,\r\n            .td-theme-wrap .tdi_46 .td-load-more-wrap a:hover {\r\n                background-color: #9b2fae;\r\n                border-color: #9b2fae;\r\n            }\r\n\r\n            .td-theme-wrap .tdi_46 .td-read-more a,\r\n            .td-theme-wrap .tdi_46 .td-weather-information:before,\r\n            .td-theme-wrap .tdi_46 .td-weather-week:before,\r\n            .td-theme-wrap .tdi_46 .td-exchange-header:before,\r\n            .td-theme-wrap .td-footer-wrapper .tdi_46 .td-post-category,\r\n            .td-theme-wrap .tdi_46 .td-post-category:hover {\r\n                background-color: #9b2fae;\r\n            }\n<\/style><script>var block_tdi_46 = new tdBlock();\nblock_tdi_46.id = \"tdi_46\";\nblock_tdi_46.atts = '{\"custom_title\":\"Cultura Vocacional\",\"custom_url\":\"https:\\\/\\\/www.cgfmanet.org\\\/es\\\/categoria\\\/ifma-es\\\/cultura-vocacional-es\\\/\",\"category_id\":\"29\",\"category_ids\":\"175,-153\",\"limit\":\"2\",\"td_filter_default_txt\":\"Tutti\",\"header_color\":\"#9b2fae\",\"header_text_color\":\"#ffffff\",\"block_type\":\"td_block_7\",\"separator\":\"\",\"block_template_id\":\"\",\"m6_tl\":\"\",\"post_ids\":\"\",\"taxonomies\":\"\",\"in_all_terms\":\"\",\"tag_slug\":\"\",\"autors_id\":\"\",\"installed_post_types\":\"\",\"include_cf_posts\":\"\",\"exclude_cf_posts\":\"\",\"sort\":\"\",\"popular_by_date\":\"\",\"linked_posts\":\"\",\"favourite_only\":\"\",\"offset\":\"\",\"open_in_new_window\":\"\",\"show_modified_date\":\"\",\"time_ago\":\"\",\"time_ago_add_txt\":\"ago\",\"time_ago_txt_pos\":\"\",\"review_source\":\"\",\"el_class\":\"\",\"td_ajax_filter_type\":\"\",\"td_ajax_filter_ids\":\"\",\"td_ajax_preloading\":\"\",\"f_header_font_header\":\"\",\"f_header_font_title\":\"Block header\",\"f_header_font_settings\":\"\",\"f_header_font_family\":\"\",\"f_header_font_size\":\"\",\"f_header_font_line_height\":\"\",\"f_header_font_style\":\"\",\"f_header_font_weight\":\"\",\"f_header_font_transform\":\"\",\"f_header_font_spacing\":\"\",\"f_header_\":\"\",\"f_ajax_font_title\":\"Ajax categories\",\"f_ajax_font_settings\":\"\",\"f_ajax_font_family\":\"\",\"f_ajax_font_size\":\"\",\"f_ajax_font_line_height\":\"\",\"f_ajax_font_style\":\"\",\"f_ajax_font_weight\":\"\",\"f_ajax_font_transform\":\"\",\"f_ajax_font_spacing\":\"\",\"f_ajax_\":\"\",\"f_more_font_title\":\"Load more button\",\"f_more_font_settings\":\"\",\"f_more_font_family\":\"\",\"f_more_font_size\":\"\",\"f_more_font_line_height\":\"\",\"f_more_font_style\":\"\",\"f_more_font_weight\":\"\",\"f_more_font_transform\":\"\",\"f_more_font_spacing\":\"\",\"f_more_\":\"\",\"m6f_title_font_header\":\"\",\"m6f_title_font_title\":\"Article title\",\"m6f_title_font_settings\":\"\",\"m6f_title_font_family\":\"\",\"m6f_title_font_size\":\"\",\"m6f_title_font_line_height\":\"\",\"m6f_title_font_style\":\"\",\"m6f_title_font_weight\":\"\",\"m6f_title_font_transform\":\"\",\"m6f_title_font_spacing\":\"\",\"m6f_title_\":\"\",\"m6f_cat_font_title\":\"Article category tag\",\"m6f_cat_font_settings\":\"\",\"m6f_cat_font_family\":\"\",\"m6f_cat_font_size\":\"\",\"m6f_cat_font_line_height\":\"\",\"m6f_cat_font_style\":\"\",\"m6f_cat_font_weight\":\"\",\"m6f_cat_font_transform\":\"\",\"m6f_cat_font_spacing\":\"\",\"m6f_cat_\":\"\",\"m6f_meta_font_title\":\"Article meta info\",\"m6f_meta_font_settings\":\"\",\"m6f_meta_font_family\":\"\",\"m6f_meta_font_size\":\"\",\"m6f_meta_font_line_height\":\"\",\"m6f_meta_font_style\":\"\",\"m6f_meta_font_weight\":\"\",\"m6f_meta_font_transform\":\"\",\"m6f_meta_font_spacing\":\"\",\"m6f_meta_\":\"\",\"ajax_pagination\":\"\",\"ajax_pagination_next_prev_swipe\":\"\",\"ajax_pagination_infinite_stop\":\"\",\"css\":\"\",\"tdc_css\":\"\",\"td_column_number\":1,\"color_preset\":\"\",\"border_top\":\"\",\"class\":\"tdi_46\",\"tdc_css_class\":\"tdi_46\",\"tdc_css_class_style\":\"tdi_46_rand_style\"}';\nblock_tdi_46.td_column_number = \"1\";\nblock_tdi_46.block_type = \"td_block_7\";\nblock_tdi_46.post_count = \"2\";\nblock_tdi_46.found_posts = \"281\";\nblock_tdi_46.header_color = \"#9b2fae\";\nblock_tdi_46.ajax_pagination_infinite_stop = \"\";\nblock_tdi_46.max_num_pages = \"141\";\ntdBlocksArray.push(block_tdi_46);\n<\/script><div class=\"td-block-title-wrap\"><h4 class=\"block-title td-block-title\"><a href=\"https:\/\/www.cgfmanet.org\/es\/categoria\/ifma-es\/cultura-vocacional-es\/\" class=\"td-pulldown-size\">Cultura Vocacional<\/a><\/h4><\/div><div id=tdi_46 class=\"td_block_inner\">\n\n\t<div class=\"td-block-span12\">\n\r\n        <div class=\"td_module_6 td_module_wrap td-animation-stack\">\r\n\r\n        <div class=\"td-module-thumb\"><a href=\"https:\/\/www.cgfmanet.org\/es\/ifma-es\/encuentro-fma-7-10-anos-de-profesion-visitaduria-rmc\/\"  rel=\"bookmark\" class=\"td-image-wrap \" title=\"Encuentro FMA 7-10 a\u00f1os de Profesi\u00f3n \u2013 Visitadur\u00eda RMC\" ><img decoding=\"async\" width=\"100\" height=\"70\" class=\"entry-thumb lazyload\" data-src=\"https:\/\/www.cgfmanet.org\/wp-content\/uploads\/2026\/04\/Incontro-FMA-7-10_RMC-100x70.jpg\"  data-srcset=\"https:\/\/www.cgfmanet.org\/wp-content\/uploads\/2026\/04\/Incontro-FMA-7-10_RMC-100x70.jpg 100w, https:\/\/www.cgfmanet.org\/wp-content\/uploads\/2026\/04\/Incontro-FMA-7-10_RMC-218x150.jpg 218w\" data-sizes=\"auto\"  alt=\"\" title=\"Encuentro FMA 7-10 a\u00f1os de Profesi\u00f3n \u2013 Visitadur\u00eda RMC\" src=\"data:image\/svg+xml;base64,PHN2ZyB3aWR0aD0iMSIgaGVpZ2h0PSIxIiB4bWxucz0iaHR0cDovL3d3dy53My5vcmcvMjAwMC9zdmciPjwvc3ZnPg==\" style=\"--smush-placeholder-width: 100px; --smush-placeholder-aspect-ratio: 100\/70;\" data-original-sizes=\"(max-width: 100px) 100vw, 100px\" \/><\/a><\/div>\r\n        <div class=\"item-details\">\r\n            <h3 class=\"entry-title td-module-title\"><a href=\"https:\/\/www.cgfmanet.org\/es\/ifma-es\/encuentro-fma-7-10-anos-de-profesion-visitaduria-rmc\/\"  rel=\"bookmark\" title=\"Encuentro FMA 7-10 a\u00f1os de Profesi\u00f3n \u2013 Visitadur\u00eda RMC\">Encuentro FMA 7-10 a\u00f1os de Profesi\u00f3n \u2013 Visitadur\u00eda RMC<\/a><\/h3>            <div class=\"td-module-meta-info\">\r\n                                                <span class=\"td-post-date\"><time class=\"entry-date updated td-module-date\" datetime=\"2026-04-05T09:49:28+02:00\" >5 de abril de 2026<\/time><\/span>                            <\/div>\r\n        <\/div>\r\n\r\n        <\/div>\r\n\r\n        \n\t<\/div> <!-- .\/td-block-span12 -->\n\n\t<div class=\"td-block-span12\">\n\r\n        <div class=\"td_module_6 td_module_wrap td-animation-stack\">\r\n\r\n        <div class=\"td-module-thumb\"><a href=\"https:\/\/www.cgfmanet.org\/es\/ifma-es\/encuentro-fma-junioras-inspectoria-plj\/\"  rel=\"bookmark\" class=\"td-image-wrap \" title=\"Encuentro FMA junioras \u2013 Inspector\u00eda PLJ\" ><img decoding=\"async\" width=\"100\" height=\"70\" class=\"entry-thumb lazyload\" data-src=\"https:\/\/www.cgfmanet.org\/wp-content\/uploads\/2026\/03\/PLJ_Incontro-juniores-2-100x70.jpg\"  data-srcset=\"https:\/\/www.cgfmanet.org\/wp-content\/uploads\/2026\/03\/PLJ_Incontro-juniores-2-100x70.jpg 100w, https:\/\/www.cgfmanet.org\/wp-content\/uploads\/2026\/03\/PLJ_Incontro-juniores-2-218x150.jpg 218w\" data-sizes=\"auto\"  alt=\"\" title=\"Encuentro FMA junioras \u2013 Inspector\u00eda PLJ\" src=\"data:image\/svg+xml;base64,PHN2ZyB3aWR0aD0iMSIgaGVpZ2h0PSIxIiB4bWxucz0iaHR0cDovL3d3dy53My5vcmcvMjAwMC9zdmciPjwvc3ZnPg==\" style=\"--smush-placeholder-width: 100px; --smush-placeholder-aspect-ratio: 100\/70;\" data-original-sizes=\"(max-width: 100px) 100vw, 100px\" \/><\/a><\/div>\r\n        <div class=\"item-details\">\r\n            <h3 class=\"entry-title td-module-title\"><a href=\"https:\/\/www.cgfmanet.org\/es\/ifma-es\/encuentro-fma-junioras-inspectoria-plj\/\"  rel=\"bookmark\" title=\"Encuentro FMA junioras \u2013 Inspector\u00eda PLJ\">Encuentro FMA junioras \u2013 Inspector\u00eda PLJ<\/a><\/h3>            <div class=\"td-module-meta-info\">\r\n                                                <span class=\"td-post-date\"><time class=\"entry-date updated td-module-date\" datetime=\"2026-03-27T18:35:55+01:00\" >27 de marzo de 2026<\/time><\/span>                            <\/div>\r\n        <\/div>\r\n\r\n        <\/div>\r\n\r\n        \n\t<\/div> <!-- .\/td-block-span12 --><\/div><\/div> <!-- .\/block --><\/div><\/div><\/div><\/div><div id=\"tdi_47\" class=\"tdc-row\"><div class=\"vc_row tdi_48  wpb_row td-pb-row\" >\n<style scoped>\n\/* custom css - generated by TagDiv Composer *\/\n\n\/* custom css - generated by TagDiv Composer *\/\n.tdi_48,\r\n                .tdi_48 .tdc-columns{\r\n                    min-height: 0;\r\n                }.tdi_48,\r\n\t\t\t\t.tdi_48 .tdc-columns{\r\n\t\t\t\t    display: block;\r\n\t\t\t\t}.tdi_48 .tdc-columns{\r\n\t\t\t\t    width: 100%;\r\n\t\t\t\t}.tdi_48:before,\r\n\t\t\t\t.tdi_48:after{\r\n\t\t\t\t    display: table;\r\n\t\t\t\t}\n<\/style><div class=\"vc_column tdi_50  wpb_column vc_column_container tdc-column td-pb-span12\">\n<style scoped>\n\/* custom css - generated by TagDiv Composer *\/\n\n\/* custom css - generated by TagDiv Composer *\/\n.tdi_50{\r\n                    vertical-align: baseline;\r\n                }.tdi_50 > .wpb_wrapper,\r\n\t\t\t\t.tdi_50 > .wpb_wrapper > .tdc-elements{\r\n\t\t\t\t    display: block;\r\n\t\t\t\t}.tdi_50 > .wpb_wrapper > .tdc-elements{\r\n\t\t\t\t    width: 100%;\r\n\t\t\t\t}.tdi_50 > .wpb_wrapper > .vc_row_inner{\r\n\t\t\t\t    width: auto;\r\n\t\t\t\t}.tdi_50 > .wpb_wrapper{\r\n\t\t\t\t    width: auto;\r\n\t\t\t\t    height: auto;\r\n\t\t\t\t}\n<\/style><div class=\"wpb_wrapper\" ><div class=\"td_block_video_playlist td_block_wrap  tdi_51\">\n<style>\n\/* custom css - generated by TagDiv Composer *\/\n.td_video_playlist_title{\r\n                    position: relative;\r\n                    z-index: 1;\r\n                    background-color: #222;\r\n                }.td_video_playlist_title .td_video_title_text{\r\n                    font-family: var(--td_default_google_font_1, 'Open Sans', 'Open Sans Regular', sans-serif);\r\n                    font-weight: bold;\r\n                    font-size: 15px;\r\n                    color: #ffffff;\r\n                    margin-left: 17px;\r\n                    margin-right: 17px;\r\n                    vertical-align: middle;\r\n                    line-height: 24px;\r\n                    padding: 10px 0 10px 0;\r\n                }.td_wrapper_video_playlist{\r\n                    z-index: 1;\r\n                    position: relative;\r\n                    display: flex;\r\n                }.td_wrapper_video_playlist .td_video_controls_playlist_wrapper{\r\n                    background-color: @td_theme_color;\r\n                    position: relative;\r\n                }.td_wrapper_video_playlist .td_video_controls_playlist_wrapper:before{\r\n                    content: '';\r\n                    background:url(data:image\/png;base64,iVBORw0KGgoAAAANSUhEUgAAAAEAAAAGBAMAAADwPukCAAAAElBMVEUAAAAAAAAAAAAAAAAAAAAAAADgKxmiAAAABnRSTlM9KRgMBADiSB2HAAAAFElEQVR4XmNgYBBgUGAwYHBgCAAAA3wA8fpXm6EAAAAASUVORK5CYII=) repeat-x;\r\n                    width: 100%;\r\n                    height: 6px;\r\n                    position: absolute;\r\n                    bottom: -6px;\r\n                    z-index: 1;\r\n                }.td_wrapper_video_playlist .td_video_stop_play_control{\r\n                    position: relative;\r\n                    width: 65px;\r\n                    height: 65px;\r\n                    outline: 0 !important;\r\n                }.td_wrapper_video_playlist .td_video_stop_play_control:after{\r\n                    content: '';\r\n                    width: 1px;\r\n                    height: 37px;\r\n                    background-color: rgba(255, 255 ,255 ,0.2);\r\n                    position: absolute;\r\n                    top: 14px;\r\n                    right: 0;\r\n                }.td_wrapper_video_playlist .td_youtube_control,\r\n                .td_wrapper_video_playlist .td_vimeo_control{\r\n                    position: relative;\r\n                    top: 12px;\r\n                    left: 11px;\r\n                    cursor: pointer;\r\n                }.td_wrapper_video_playlist .td_video_title_playing{\r\n                    position: absolute;\r\n                    top: 13px;\r\n                    left:80px;\r\n                    font-family: Verdana, Geneva, sans-serif;\r\n                    font-size: 13px;\r\n                    line-height: 19px;\r\n                    font-weight: bold;\r\n                    color: #ffffff;\r\n                    padding-right: 7px;\r\n                    max-height: 37px;\r\n                    overflow: hidden;\r\n                }.td_wrapper_video_playlist .td_video_time_playing{\r\n                    position: absolute;\r\n                    bottom:0;\r\n                    right:5px;\r\n                    font-family: var(--td_default_google_font_1, 'Open Sans', 'Open Sans Regular', sans-serif);\r\n                    font-size: 10px;\r\n                    font-style: italic;\r\n                    color: #ffffff;\r\n                    line-height: 17px;\r\n                    padding-right: 1px\r\n                }.td_wrapper_video_playlist .td_video_currently_playing{\r\n                    background-color: #404040;\r\n                }.td_wrapper_video_playlist .td_video_currently_playing:after{\r\n                    content: '';\r\n                    position: absolute;\r\n                    top: 0;\r\n                    left: 0;\r\n                    border-left: 3px solid #4db2ec !important;\r\n                    width: 3px;\r\n                    height: inherit;\r\n                }.td_wrapper_video_playlist .td_click_video{\r\n                    height: 60px;\r\n                    display: block;\r\n                    width: 100%;\r\n                    position: relative;\r\n                }.td_wrapper_video_playlist .td_click_video:hover{\r\n                    background-color: #333333;\r\n                    cursor: pointer;\r\n                }.td_wrapper_video_playlist .td_video_thumb{\r\n                    position: relative;\r\n                    top: 10px;\r\n                    width: 72px;\r\n                    height: 40px;\r\n                    overflow: hidden;\r\n                    margin-left: 16px;\r\n                }.td_wrapper_video_playlist .td_video_thumb img{\r\n                    position: relative;\r\n                    top: -6px;\r\n                }.td_wrapper_video_playlist .td_video_title_and_time{\r\n                    position: absolute;\r\n                    top: 10px;\r\n                    width: 100%;\r\n                    padding: 0 30px 0 103px;\r\n                }.td_wrapper_video_playlist .td_video_title_and_time .td_video_title{\r\n                    font-family: var(--td_default_google_font_1, 'Open Sans', 'Open Sans Regular', sans-serif);\r\n                    font-size: 12px;\r\n                    color: #ffffff;\r\n                    line-height: 15px;\r\n                    max-height: 30px;\r\n                    overflow: hidden;\r\n                }.td_wrapper_video_playlist .td_video_time{\r\n                    font-family: var(--td_default_google_font_1, 'Open Sans', 'Open Sans Regular', sans-serif);\r\n                    font-size: 10px;\r\n                    font-style: italic;\r\n                    color: #cacaca;\r\n                    line-height: 13px;\r\n                }.td_wrapper_video_playlist .td_wrapper_player{\r\n                    background-color: #000;\r\n                    overflow: hidden;\r\n                }.td_wrapper_video_playlist .td_wrapper_player iframe{\r\n                    width: 100%;\r\n                    height: 100% !important;\r\n                }.td_wrapper_video_playlist .td_container_video_playlist{\r\n                    display: flex;\r\n                    flex-direction: column;\r\n                    background-color: #222;\r\n                    vertical-align: top;\r\n                    overflow: hidden;\r\n                }.td_wrapper_video_playlist .td_playlist_clickable{\r\n                    overflow-y: auto;\r\n                    overflow-x: hidden;\r\n                }.td_video_playlist_column_3 .td_wrapper_player,\r\n                .td_video_playlist_column_3 .td_container_video_playlist{\r\n                    height: 409px;\r\n                }.td_video_playlist_column_3 .td_wrapper_player{\r\n                    display: block;\r\n                    flex: 1;\r\n                }.td_video_playlist_column_3 .td_container_video_playlist{\r\n                    width: 341px;\r\n                }.td_video_playlist_column_3 .td_playlist_clickable.td_add_scrollbar_to_playlist::-webkit-scrollbar-track{\r\n                    background-color: #383838;\r\n                }.td_video_playlist_column_3 .td_playlist_clickable.td_add_scrollbar_to_playlist::-webkit-scrollbar{\r\n                    width: 6px;\r\n                    background-color: #F5F5F5;\r\n                }.td_video_playlist_column_3 .td_playlist_clickable.td_add_scrollbar_to_playlist::-webkit-scrollbar-thumb{\r\n                    background-color: #919191;\r\n                    border-radius: 10px;\r\n                }.td_video_playlist_column_2 .td_wrapper_video_playlist{\r\n                    flex-direction: column;\r\n                }.td_video_playlist_column_2 .td_video_title_playing{\r\n                    max-height: 20px;\r\n                    top: 23px;\r\n                }.td_video_playlist_column_2 .td_wrapper_player{\r\n                    display: block;\r\n                    height: 391px;\r\n                }.td_video_playlist_column_2 .td_container_video_playlist{\r\n                    height: 305px;\r\n                }.td_video_playlist_column_2 .td_container_video_playlist .td_playlist_clickable.td_add_scrollbar_to_playlist_for_mobile::-webkit-scrollbar,\r\n                .td_video_playlist_column_2 .td_container_video_playlist .td_playlist_clickable.td_add_scrollbar_to_playlist::-webkit-scrollbar-track{\r\n                    background-color: #383838;\r\n                }.td_video_playlist_column_2 .td_container_video_playlist .td_playlist_clickable.td_add_scrollbar_to_playlist_for_mobile::-webkit-scrollbar,\r\n                .td_video_playlist_column_2 .td_container_video_playlist .td_playlist_clickable.td_add_scrollbar_to_playlist::-webkit-scrollbar{\r\n                    width: 6px;\r\n                    background-color: #F5F5F5;\r\n                }.td_video_playlist_column_2 .td_container_video_playlist .td_playlist_clickable.td_add_scrollbar_to_playlist_for_mobile::-webkit-scrollbar-thumb,\r\n                .td_video_playlist_column_2 .td_container_video_playlist .td_playlist_clickable.td_add_scrollbar_to_playlist::-webkit-scrollbar-thumb{\r\n                    background-color: #919191;\r\n                    border-radius: 10px;\r\n                }.td_video_playlist_column_1 .td_wrapper_video_playlist{\r\n                    flex-direction: column;\r\n                }.td_video_playlist_column_1 .td_wrapper_player{\r\n                    display: block;\r\n                    height: 182px;\r\n                }.td_video_playlist_column_1 .td_container_video_playlist{\r\n                    height: 412px;\r\n                }.td_video_playlist_column_1 .td_container_video_playlist .td_playlist_clickable.td_add_scrollbar_to_playlist_for_mobile::-webkit-scrollbar,\r\n                .td_video_playlist_column_1 .td_container_video_playlist .td_playlist_clickable.td_add_scrollbar_to_playlist::-webkit-scrollbar-track{\r\n                    background-color: #383838;\r\n                }.td_video_playlist_column_1 .td_container_video_playlist .td_playlist_clickable.td_add_scrollbar_to_playlist_for_mobile::-webkit-scrollbar,\r\n                .td_video_playlist_column_1 .td_container_video_playlist .td_playlist_clickable.td_add_scrollbar_to_playlist::-webkit-scrollbar{\r\n                    width: 6px;\r\n                    background-color: #F5F5F5;\r\n                }.td_video_playlist_column_1 .td_container_video_playlist .td_playlist_clickable.td_add_scrollbar_to_playlist_for_mobile::-webkit-scrollbar-thumb,\r\n                .td_video_playlist_column_1 .td_container_video_playlist .td_playlist_clickable.td_add_scrollbar_to_playlist::-webkit-scrollbar-thumb{\r\n                    background-color: #919191;\r\n                    border-radius: 10px;\r\n                }.wp-video-shortcode:focus{\r\n                    outline: 0 !important;\r\n                }@media (max-width: 767px) {\r\n                    .td_video_playlist_title .td_video_title_text {\r\n                        text-align: center;\r\n                    }\r\n                }@media (min-width: 481px) and (max-width: 1018px) {\r\n                    .td_wrapper_video_playlist .td_video_title_playing {\r\n                        max-height: 20px;\r\n                        top: 23px;\r\n                    }\r\n                }@media (max-width: 480px) {\r\n                    .td_wrapper_video_playlist .td_video_title_playing {\r\n                        max-height: 37px;\r\n                        top: 13px;\r\n                    }\r\n                }@media (max-width: 1018px) {\r\n                    .td_wrapper_video_playlist .td_wrapper_player {\r\n                        flex: auto !important;\r\n                    }\r\n                }@media (max-width: 767px) {\r\n                    .td_wrapper_video_playlist .td_wrapper_player {\r\n                        margin-bottom: -5px;\r\n                    }\r\n                }@media (max-width: 1018px) {\r\n                    .td_video_playlist_column_3 .td_wrapper_video_playlist {\r\n                        flex-direction: column;\r\n                    }\r\n                }@media (min-width: 1019px) and (max-width: 1140px) {\r\n                    .td_video_playlist_column_3 .td_wrapper_player,\r\n                    .td_video_playlist_column_3 .td_container_video_playlist {\r\n                        height: 365px;\r\n                    }\r\n                }@media (min-width: 768px) and (max-width: 1018px) {\r\n                    .td_video_playlist_column_3 .td_wrapper_player {\r\n                        width: 100%;\r\n                        height: 416px;\r\n                    }\r\n                }@media (max-width: 767px) {\r\n                    .td_video_playlist_column_3 .td_wrapper_player {\r\n                        width: 100%;\r\n                        height: 260px;\r\n                    }\r\n                }@media (min-width: 1019px) and (max-width: 1140px) {\r\n                    .td_video_playlist_column_3 .td_container_video_playlist {\r\n                        width: 331px;\r\n                    }\r\n                }@media (max-width: 1018px) {\r\n                    .td_video_playlist_column_3 .td_container_video_playlist {\r\n                        width: 100%;\r\n                        height: 305px;\r\n                    }\r\n                }@media screen and (-webkit-min-device-pixel-ratio:0) and (min-width: 768px) and (max-width: 1018px) {\r\n                    .td_video_playlist_column_3 .td_playlist_clickable.td_add_scrollbar_to_playlist_for_mobile {\r\n                        margin-right: 10px;\r\n                    }\r\n                }@media screen and (-webkit-min-device-pixel-ratio:0) and (max-width: 767px) {\r\n                    .td_video_playlist_column_3 .td_playlist_clickable.td_add_scrollbar_to_playlist_for_mobile {\r\n                        margin-right: 10px;\r\n                    }\r\n                }@media (min-width: 768px) and (max-width: 1018px) {\r\n                    .td_video_playlist_column_3 .td_playlist_clickable.td_add_scrollbar_to_playlist_for_mobile {\r\n                        overflow-x: hidden;\r\n                        overflow-y: auto;\r\n                    }\r\n                    .td_video_playlist_column_3 .td_playlist_clickable.td_add_scrollbar_to_playlist_for_mobile::-webkit-scrollbar-track {\r\n                        background-color: #383838;\r\n                    }\r\n                    .td_video_playlist_column_3 .td_playlist_clickable.td_add_scrollbar_to_playlist_for_mobile::-webkit-scrollbar {\r\n                        width: 6px;\r\n                        background-color: #F5F5F5;\r\n                    }\r\n                    .td_video_playlist_column_3 .td_playlist_clickable.td_add_scrollbar_to_playlist_for_mobile::-webkit-scrollbar-thumb {\r\n                        background-color: #919191;\r\n                        border-radius: 10px;\r\n                    }\r\n                }@media (max-width: 767px) {\r\n                    .td_video_playlist_column_3 .td_playlist_clickable.td_add_scrollbar_to_playlist_for_mobile {\r\n                        overflow-x: hidden;\r\n                        overflow-y: auto;\r\n                    }\r\n                    .td_video_playlist_column_3 .td_playlist_clickable.td_add_scrollbar_to_playlist_for_mobile::-webkit-scrollbar-track {\r\n                        background-color: #383838;\r\n                    }\r\n                    .td_video_playlist_column_3 .td_playlist_clickable.td_add_scrollbar_to_playlist_for_mobile::-webkit-scrollbar {\r\n                        width: 6px;\r\n                        background-color: #F5F5F5;\r\n                    }\r\n                    .td_video_playlist_column_3 .td_playlist_clickable.td_add_scrollbar_to_playlist_for_mobile::-webkit-scrollbar-thumb {\r\n                        background-color: #919191;\r\n                        border-radius: 10px;\r\n                    }\r\n                }@media screen and (-webkit-min-device-pixel-ratio:0) {\r\n                    .td_video_playlist_column_3 .td_playlist_clickable.td_add_scrollbar_to_playlist {\r\n                        margin-right: 10px;\r\n                    }\r\n                }@media (max-width: 480px) {\r\n                    .td_video_playlist_column_2 .td_video_title_playing {\r\n                        max-height: 37px;\r\n                        top: 13px;\r\n                    }\r\n                }@media (min-width: 1019px) and (max-width: 1140px) {\r\n                    .td_video_playlist_column_2 .td_wrapper_player {\r\n                        height: 360px;\r\n                    }\r\n                }@media (min-width: 768px) and (max-width: 1018px) {\r\n                    .td_video_playlist_column_2 .td_wrapper_player {\r\n                        height: 272px;\r\n                    }\r\n                }@media (max-width: 767px) {\r\n                    .td_video_playlist_column_2 .td_wrapper_player {\r\n                        display: block;\r\n                        height: auto;\r\n                    }\r\n                }@media (max-width: 480px) {\r\n                    .td_video_playlist_column_2 .td_container_video_playlist {\r\n                        height: 245px;\r\n                    }\r\n                }@media screen and (-webkit-min-device-pixel-ratio:0) {\r\n                    .td_video_playlist_column_2 .td_container_video_playlist .td_playlist_clickable.td_add_scrollbar_to_playlist_for_mobile,\r\n                    .td_video_playlist_column_2 .td_container_video_playlist .td_playlist_clickable.td_add_scrollbar_to_playlist {\r\n                        margin-right: 10px;\r\n                    }\r\n                }@media (min-width: 1019px) and (max-width: 1140px) {\r\n                    .td_video_playlist_column_1 .td_wrapper_player {\r\n                        height: 169px;\r\n                    }\r\n                }@media (min-width: 768px) and (max-width: 1018px) {\r\n                    .td_video_playlist_column_1 .td_wrapper_player {\r\n                        height: 128px;\r\n                    }\r\n                }@media (max-width: 767px) {\r\n                    .td_video_playlist_column_1 .td_wrapper_player {\r\n                        display: block;\r\n                        width: 100%;\r\n                        height: auto;\r\n                    }\r\n                }@media (max-width: 480px) {\r\n                    .td_video_playlist_column_1 .td_container_video_playlist {\r\n                        height: 245px;\r\n                    }\r\n                }@media screen and (-webkit-min-device-pixel-ratio:0) {\r\n                    .td_video_playlist_column_1 .td_container_video_playlist .td_playlist_clickable.td_add_scrollbar_to_playlist_for_mobile,\r\n                    .td_video_playlist_column_1 .td_container_video_playlist .td_playlist_clickable.td_add_scrollbar_to_playlist {\r\n                        margin-right: 10px;\r\n                    }\r\n                }\n<\/style><div class=\"td_block_inner\"><div class=\"td_video_playlist_column_3\"><div class=\"td_video_playlist_title\"><div class=\"td_video_title_text\">De nuestro canal YouTube<\/div><\/div><div class=\"td_wrapper_video_playlist\"><div class=\"td_wrapper_player td_wrapper_playlist_player_youtube\" data-first-video=\"8otuJ-qHrR4\" data-autoplay=\"0\">\r\n                            <div id=\"player_youtube\"><\/div>\r\n                       <\/div><div class=\"td_container_video_playlist \" >\r\n                                                <div class=\"td_video_controls_playlist_wrapper\"><div class=\"td_video_stop_play_control\"><a class=\"td-sp-video-play td-sp td_youtube_control\"><\/a><\/div><div class=\"td_current_video_play_title_youtube td_video_title_playing\"><\/div><div class=\"td_current_video_play_time_youtube td_video_time_playing\"><\/div><\/div>\r\n                                                <div id=\"td_youtube_playlist_video\" class=\"td_playlist_clickable td_add_scrollbar_to_playlist\"><a class=\"td_8otuJ-qHrR4 td_click_video td_click_video_youtube \" data-video-id=\"8otuJ-qHrR4\"> <div class=\"td_video_thumb\"><img decoding=\"async\" data-src=\"https:\/\/img.youtube.com\/vi\/8otuJ-qHrR4\/default.jpg\" alt=\"Video thumbnail\" width=\"72px\" height=\"40px\" src=\"data:image\/svg+xml;base64,PHN2ZyB3aWR0aD0iMSIgaGVpZ2h0PSIxIiB4bWxucz0iaHR0cDovL3d3dy53My5vcmcvMjAwMC9zdmciPjwvc3ZnPg==\" class=\"lazyload\" style=\"--smush-placeholder-width: 72px; --smush-placeholder-aspect-ratio: 72\/40;\" \/><\/div><div class=\"td_video_title_and_time\"><div class=\"td_video_title\">Pasqua 2026. Messaggio di Madre Chiara Cazzuola.<\/div><div class=\"td_video_time\">11:56<\/div><\/div><\/a><a class=\"td_vQ13BtJbUrI td_click_video td_click_video_youtube \" data-video-id=\"vQ13BtJbUrI\"> <div class=\"td_video_thumb\"><img decoding=\"async\" data-src=\"https:\/\/img.youtube.com\/vi\/vQ13BtJbUrI\/default.jpg\" alt=\"Video thumbnail\" width=\"72px\" height=\"40px\" src=\"data:image\/svg+xml;base64,PHN2ZyB3aWR0aD0iMSIgaGVpZ2h0PSIxIiB4bWxucz0iaHR0cDovL3d3dy53My5vcmcvMjAwMC9zdmciPjwvc3ZnPg==\" class=\"lazyload\" style=\"--smush-placeholder-width: 72px; --smush-placeholder-aspect-ratio: 72\/40;\" \/><\/div><div class=\"td_video_title_and_time\"><div class=\"td_video_title\">Convegno \u201cEpistolario di Don Bosco e coinvolgimento femminile nella missione educativa\u201d<\/div><div class=\"td_video_time\">03:08:40<\/div><\/div><\/a><a class=\"td_BvH4yb0j-g0 td_click_video td_click_video_youtube \" data-video-id=\"BvH4yb0j-g0\"> <div class=\"td_video_thumb\"><img decoding=\"async\" data-src=\"https:\/\/img.youtube.com\/vi\/BvH4yb0j-g0\/default.jpg\" alt=\"Video thumbnail\" width=\"72px\" height=\"40px\" src=\"data:image\/svg+xml;base64,PHN2ZyB3aWR0aD0iMSIgaGVpZ2h0PSIxIiB4bWxucz0iaHR0cDovL3d3dy53My5vcmcvMjAwMC9zdmciPjwvc3ZnPg==\" class=\"lazyload\" style=\"--smush-placeholder-width: 72px; --smush-placeholder-aspect-ratio: 72\/40;\" \/><\/div><div class=\"td_video_title_and_time\"><div class=\"td_video_title\">Presentazione Strenna 2026<\/div><div class=\"td_video_time\">01:53:12<\/div><\/div><\/a><a class=\"td_gyAqUF5cfxo td_click_video td_click_video_youtube \" data-video-id=\"gyAqUF5cfxo\"> <div class=\"td_video_thumb\"><img decoding=\"async\" data-src=\"https:\/\/img.youtube.com\/vi\/gyAqUF5cfxo\/default.jpg\" alt=\"Video thumbnail\" width=\"72px\" height=\"40px\" src=\"data:image\/svg+xml;base64,PHN2ZyB3aWR0aD0iMSIgaGVpZ2h0PSIxIiB4bWxucz0iaHR0cDovL3d3dy53My5vcmcvMjAwMC9zdmciPjwvc3ZnPg==\" class=\"lazyload\" style=\"--smush-placeholder-width: 72px; --smush-placeholder-aspect-ratio: 72\/40;\" \/><\/div><div class=\"td_video_title_and_time\"><div class=\"td_video_title\">Natale 2025. Messaggio di Madre Chiara Cazzuola.<\/div><div class=\"td_video_time\">07:17<\/div><\/div><\/a><a class=\"td_v09NXTPsD5k td_click_video td_click_video_youtube \" data-video-id=\"v09NXTPsD5k\"> <div class=\"td_video_thumb\"><img decoding=\"async\" data-src=\"https:\/\/img.youtube.com\/vi\/v09NXTPsD5k\/default.jpg\" alt=\"Video thumbnail\" width=\"72px\" height=\"40px\" src=\"data:image\/svg+xml;base64,PHN2ZyB3aWR0aD0iMSIgaGVpZ2h0PSIxIiB4bWxucz0iaHR0cDovL3d3dy53My5vcmcvMjAwMC9zdmciPjwvc3ZnPg==\" class=\"lazyload\" style=\"--smush-placeholder-width: 72px; --smush-placeholder-aspect-ratio: 72\/40;\" \/><\/div><div class=\"td_video_title_and_time\"><div class=\"td_video_title\">CommTalkS 015 - Mons. Cimatti: missionario in Giappone<\/div><div class=\"td_video_time\">11:12<\/div><\/div><\/a><a class=\"td_VfwNXTrepkU td_click_video td_click_video_youtube \" data-video-id=\"VfwNXTrepkU\"> <div class=\"td_video_thumb\"><img decoding=\"async\" data-src=\"https:\/\/img.youtube.com\/vi\/VfwNXTrepkU\/default.jpg\" alt=\"Video thumbnail\" width=\"72px\" height=\"40px\" src=\"data:image\/svg+xml;base64,PHN2ZyB3aWR0aD0iMSIgaGVpZ2h0PSIxIiB4bWxucz0iaHR0cDovL3d3dy53My5vcmcvMjAwMC9zdmciPjwvc3ZnPg==\" class=\"lazyload\" style=\"--smush-placeholder-width: 72px; --smush-placeholder-aspect-ratio: 72\/40;\" \/><\/div><div class=\"td_video_title_and_time\"><div class=\"td_video_title\">Messaggio di Madre Chiara Cazzuola - Festa dell'Immacolata 2025<\/div><div class=\"td_video_time\">09:04<\/div><\/div><\/a><a class=\"td_7KJzTgLICu8 td_click_video td_click_video_youtube \" data-video-id=\"7KJzTgLICu8\"> <div class=\"td_video_thumb\"><img decoding=\"async\" data-src=\"https:\/\/img.youtube.com\/vi\/7KJzTgLICu8\/default.jpg\" alt=\"Video thumbnail\" width=\"72px\" height=\"40px\" src=\"data:image\/svg+xml;base64,PHN2ZyB3aWR0aD0iMSIgaGVpZ2h0PSIxIiB4bWxucz0iaHR0cDovL3d3dy53My5vcmcvMjAwMC9zdmciPjwvc3ZnPg==\" class=\"lazyload\" style=\"--smush-placeholder-width: 72px; --smush-placeholder-aspect-ratio: 72\/40;\" \/><\/div><div class=\"td_video_title_and_time\"><div class=\"td_video_title\">Suor Maria Troncatti - La dimensione mariana. Testimonianza di Suor Carla Restelli, FMA.<\/div><div class=\"td_video_time\">16:52<\/div><\/div><\/a><a class=\"td_LzInVj2I9dg td_click_video td_click_video_youtube \" data-video-id=\"LzInVj2I9dg\"> <div class=\"td_video_thumb\"><img decoding=\"async\" data-src=\"https:\/\/img.youtube.com\/vi\/LzInVj2I9dg\/default.jpg\" alt=\"Video thumbnail\" width=\"72px\" height=\"40px\" src=\"data:image\/svg+xml;base64,PHN2ZyB3aWR0aD0iMSIgaGVpZ2h0PSIxIiB4bWxucz0iaHR0cDovL3d3dy53My5vcmcvMjAwMC9zdmciPjwvc3ZnPg==\" class=\"lazyload\" style=\"--smush-placeholder-width: 72px; --smush-placeholder-aspect-ratio: 72\/40;\" \/><\/div><div class=\"td_video_title_and_time\"><div class=\"td_video_title\">CommTalkS 014: Misionera entre el pueblo Shuar<\/div><div class=\"td_video_time\">15:30<\/div><\/div><\/a><a class=\"td_tBL5EPMUxxU td_click_video td_click_video_youtube \" data-video-id=\"tBL5EPMUxxU\"> <div class=\"td_video_thumb\"><img decoding=\"async\" data-src=\"https:\/\/img.youtube.com\/vi\/tBL5EPMUxxU\/default.jpg\" alt=\"Video thumbnail\" width=\"72px\" height=\"40px\" src=\"data:image\/svg+xml;base64,PHN2ZyB3aWR0aD0iMSIgaGVpZ2h0PSIxIiB4bWxucz0iaHR0cDovL3d3dy53My5vcmcvMjAwMC9zdmciPjwvc3ZnPg==\" class=\"lazyload\" style=\"--smush-placeholder-width: 72px; --smush-placeholder-aspect-ratio: 72\/40;\" \/><\/div><div class=\"td_video_title_and_time\"><div class=\"td_video_title\">Sor Maria Troncatti - Se convertir\u00e1 en alegr\u00eda<\/div><div class=\"td_video_time\">16:59<\/div><\/div><\/a><a class=\"td_pIZLH5VgsLM td_click_video td_click_video_youtube \" data-video-id=\"pIZLH5VgsLM\"> <div class=\"td_video_thumb\"><img decoding=\"async\" data-src=\"https:\/\/img.youtube.com\/vi\/pIZLH5VgsLM\/default.jpg\" alt=\"Video thumbnail\" width=\"72px\" height=\"40px\" src=\"data:image\/svg+xml;base64,PHN2ZyB3aWR0aD0iMSIgaGVpZ2h0PSIxIiB4bWxucz0iaHR0cDovL3d3dy53My5vcmcvMjAwMC9zdmciPjwvc3ZnPg==\" class=\"lazyload\" style=\"--smush-placeholder-width: 72px; --smush-placeholder-aspect-ratio: 72\/40;\" \/><\/div><div class=\"td_video_title_and_time\"><div class=\"td_video_title\">S\u0153ur Maria Troncatti - Elle se transformera en joie<\/div><div class=\"td_video_time\">16:59<\/div><\/div><\/a><a class=\"td_AjnS3r39MJI td_click_video td_click_video_youtube \" data-video-id=\"AjnS3r39MJI\"> <div class=\"td_video_thumb\"><img decoding=\"async\" data-src=\"https:\/\/img.youtube.com\/vi\/AjnS3r39MJI\/default.jpg\" alt=\"Video thumbnail\" width=\"72px\" height=\"40px\" src=\"data:image\/svg+xml;base64,PHN2ZyB3aWR0aD0iMSIgaGVpZ2h0PSIxIiB4bWxucz0iaHR0cDovL3d3dy53My5vcmcvMjAwMC9zdmciPjwvc3ZnPg==\" class=\"lazyload\" style=\"--smush-placeholder-width: 72px; --smush-placeholder-aspect-ratio: 72\/40;\" \/><\/div><div class=\"td_video_title_and_time\"><div class=\"td_video_title\">Siostra Maria Troncatti - Przemieni si\u0119 w rado\u015b\u0107<\/div><div class=\"td_video_time\">16:59<\/div><\/div><\/a><a class=\"td_6joNsqFUvbs td_click_video td_click_video_youtube \" data-video-id=\"6joNsqFUvbs\"> <div class=\"td_video_thumb\"><img decoding=\"async\" data-src=\"https:\/\/img.youtube.com\/vi\/6joNsqFUvbs\/default.jpg\" alt=\"Video thumbnail\" width=\"72px\" height=\"40px\" src=\"data:image\/svg+xml;base64,PHN2ZyB3aWR0aD0iMSIgaGVpZ2h0PSIxIiB4bWxucz0iaHR0cDovL3d3dy53My5vcmcvMjAwMC9zdmciPjwvc3ZnPg==\" class=\"lazyload\" style=\"--smush-placeholder-width: 72px; --smush-placeholder-aspect-ratio: 72\/40;\" \/><\/div><div class=\"td_video_title_and_time\"><div class=\"td_video_title\">Sister Maria Troncatti - It will change into joy<\/div><div class=\"td_video_time\">16:59<\/div><\/div><\/a><a class=\"td_WNu8GFua_gU td_click_video td_click_video_youtube \" data-video-id=\"WNu8GFua_gU\"> <div class=\"td_video_thumb\"><img decoding=\"async\" data-src=\"https:\/\/img.youtube.com\/vi\/WNu8GFua_gU\/default.jpg\" alt=\"Video thumbnail\" width=\"72px\" height=\"40px\" src=\"data:image\/svg+xml;base64,PHN2ZyB3aWR0aD0iMSIgaGVpZ2h0PSIxIiB4bWxucz0iaHR0cDovL3d3dy53My5vcmcvMjAwMC9zdmciPjwvc3ZnPg==\" class=\"lazyload\" style=\"--smush-placeholder-width: 72px; --smush-placeholder-aspect-ratio: 72\/40;\" \/><\/div><div class=\"td_video_title_and_time\"><div class=\"td_video_title\">Sr. Maria Troncatti - Es wird sich in Freude verwandeln<\/div><div class=\"td_video_time\">16:59<\/div><\/div><\/a><a class=\"td_6NG0ucSCEXs td_click_video td_click_video_youtube \" data-video-id=\"6NG0ucSCEXs\"> <div class=\"td_video_thumb\"><img decoding=\"async\" data-src=\"https:\/\/img.youtube.com\/vi\/6NG0ucSCEXs\/default.jpg\" alt=\"Video thumbnail\" width=\"72px\" height=\"40px\" src=\"data:image\/svg+xml;base64,PHN2ZyB3aWR0aD0iMSIgaGVpZ2h0PSIxIiB4bWxucz0iaHR0cDovL3d3dy53My5vcmcvMjAwMC9zdmciPjwvc3ZnPg==\" class=\"lazyload\" style=\"--smush-placeholder-width: 72px; --smush-placeholder-aspect-ratio: 72\/40;\" \/><\/div><div class=\"td_video_title_and_time\"><div class=\"td_video_title\">\u2026\u559c\u3073\u3078\u3068\u5909\u308f\u308b\u3067\u3057\u3087\u3046\uff01<\/div><div class=\"td_video_time\">16:52<\/div><\/div><\/a><a class=\"td_1uygxjhMYHw td_click_video td_click_video_youtube \" data-video-id=\"1uygxjhMYHw\"> <div class=\"td_video_thumb\"><img decoding=\"async\" data-src=\"https:\/\/img.youtube.com\/vi\/1uygxjhMYHw\/default.jpg\" alt=\"Video thumbnail\" width=\"72px\" height=\"40px\" src=\"data:image\/svg+xml;base64,PHN2ZyB3aWR0aD0iMSIgaGVpZ2h0PSIxIiB4bWxucz0iaHR0cDovL3d3dy53My5vcmcvMjAwMC9zdmciPjwvc3ZnPg==\" class=\"lazyload\" style=\"--smush-placeholder-width: 72px; --smush-placeholder-aspect-ratio: 72\/40;\" \/><\/div><div class=\"td_video_title_and_time\"><div class=\"td_video_title\">Suor Maria Troncatti - Si cambier\u00e0 in gioia<\/div><div class=\"td_video_time\">16:59<\/div><\/div><\/a><a class=\"td_8bM1p-pdHkk td_click_video td_click_video_youtube \" data-video-id=\"8bM1p-pdHkk\"> <div class=\"td_video_thumb\"><img decoding=\"async\" data-src=\"https:\/\/img.youtube.com\/vi\/8bM1p-pdHkk\/default.jpg\" alt=\"Video thumbnail\" width=\"72px\" height=\"40px\" src=\"data:image\/svg+xml;base64,PHN2ZyB3aWR0aD0iMSIgaGVpZ2h0PSIxIiB4bWxucz0iaHR0cDovL3d3dy53My5vcmcvMjAwMC9zdmciPjwvc3ZnPg==\" class=\"lazyload\" style=\"--smush-placeholder-width: 72px; --smush-placeholder-aspect-ratio: 72\/40;\" \/><\/div><div class=\"td_video_title_and_time\"><div class=\"td_video_title\">SANTA MARIA TRONCATTI - Canonizaci\u00f3n APERTURA DE LAS CELEBRACIONES<\/div><div class=\"td_video_time\">02:24:56<\/div><\/div><\/a><a class=\"td_SDWpko4l3z0 td_click_video td_click_video_youtube \" data-video-id=\"SDWpko4l3z0\"> <div class=\"td_video_thumb\"><img decoding=\"async\" data-src=\"https:\/\/img.youtube.com\/vi\/SDWpko4l3z0\/default.jpg\" alt=\"Video thumbnail\" width=\"72px\" height=\"40px\" src=\"data:image\/svg+xml;base64,PHN2ZyB3aWR0aD0iMSIgaGVpZ2h0PSIxIiB4bWxucz0iaHR0cDovL3d3dy53My5vcmcvMjAwMC9zdmciPjwvc3ZnPg==\" class=\"lazyload\" style=\"--smush-placeholder-width: 72px; --smush-placeholder-aspect-ratio: 72\/40;\" \/><\/div><div class=\"td_video_title_and_time\"><div class=\"td_video_title\">S. Maria Troncatti - Rzeczniczka pokoju<\/div><div class=\"td_video_time\">02:41<\/div><\/div><\/a><a class=\"td_E5CTrHeL39w td_click_video td_click_video_youtube \" data-video-id=\"E5CTrHeL39w\"> <div class=\"td_video_thumb\"><img decoding=\"async\" data-src=\"https:\/\/img.youtube.com\/vi\/E5CTrHeL39w\/default.jpg\" alt=\"Video thumbnail\" width=\"72px\" height=\"40px\" src=\"data:image\/svg+xml;base64,PHN2ZyB3aWR0aD0iMSIgaGVpZ2h0PSIxIiB4bWxucz0iaHR0cDovL3d3dy53My5vcmcvMjAwMC9zdmciPjwvc3ZnPg==\" class=\"lazyload\" style=\"--smush-placeholder-width: 72px; --smush-placeholder-aspect-ratio: 72\/40;\" \/><\/div><div class=\"td_video_title_and_time\"><div class=\"td_video_title\">\u5e73\u548c\u3092\u7bc9<\/div><div class=\"td_video_time\">02:41<\/div><\/div><\/a><a class=\"td_5AQMG1ZcyLQ td_click_video td_click_video_youtube \" data-video-id=\"5AQMG1ZcyLQ\"> <div class=\"td_video_thumb\"><img decoding=\"async\" data-src=\"https:\/\/img.youtube.com\/vi\/5AQMG1ZcyLQ\/default.jpg\" alt=\"Video thumbnail\" width=\"72px\" height=\"40px\" src=\"data:image\/svg+xml;base64,PHN2ZyB3aWR0aD0iMSIgaGVpZ2h0PSIxIiB4bWxucz0iaHR0cDovL3d3dy53My5vcmcvMjAwMC9zdmciPjwvc3ZnPg==\" class=\"lazyload\" style=\"--smush-placeholder-width: 72px; --smush-placeholder-aspect-ratio: 72\/40;\" \/><\/div><div class=\"td_video_title_and_time\"><div class=\"td_video_title\">Irm\u00e3 Maria Troncatti - Artes\u00e3 da paz<\/div><div class=\"td_video_time\">02:38<\/div><\/div><\/a><a class=\"td_t1bO9JVv_yA td_click_video td_click_video_youtube \" data-video-id=\"t1bO9JVv_yA\"> <div class=\"td_video_thumb\"><img decoding=\"async\" data-src=\"https:\/\/img.youtube.com\/vi\/t1bO9JVv_yA\/default.jpg\" alt=\"Video thumbnail\" width=\"72px\" height=\"40px\" src=\"data:image\/svg+xml;base64,PHN2ZyB3aWR0aD0iMSIgaGVpZ2h0PSIxIiB4bWxucz0iaHR0cDovL3d3dy53My5vcmcvMjAwMC9zdmciPjwvc3ZnPg==\" class=\"lazyload\" style=\"--smush-placeholder-width: 72px; --smush-placeholder-aspect-ratio: 72\/40;\" \/><\/div><div class=\"td_video_title_and_time\"><div class=\"td_video_title\">S\u0153ur Maria Troncatti - Artisane di paix<\/div><div class=\"td_video_time\">02:41<\/div><\/div><\/a><a class=\"td_3LVl4fYFR-A td_click_video td_click_video_youtube \" data-video-id=\"3LVl4fYFR-A\"> <div class=\"td_video_thumb\"><img decoding=\"async\" data-src=\"https:\/\/img.youtube.com\/vi\/3LVl4fYFR-A\/default.jpg\" alt=\"Video thumbnail\" width=\"72px\" height=\"40px\" src=\"data:image\/svg+xml;base64,PHN2ZyB3aWR0aD0iMSIgaGVpZ2h0PSIxIiB4bWxucz0iaHR0cDovL3d3dy53My5vcmcvMjAwMC9zdmciPjwvc3ZnPg==\" class=\"lazyload\" style=\"--smush-placeholder-width: 72px; --smush-placeholder-aspect-ratio: 72\/40;\" \/><\/div><div class=\"td_video_title_and_time\"><div class=\"td_video_title\">Sister Maria Troncatti - Artisan of peace<\/div><div class=\"td_video_time\">02:41<\/div><\/div><\/a><a class=\"td_S78jqQ3kdX0 td_click_video td_click_video_youtube \" data-video-id=\"S78jqQ3kdX0\"> <div class=\"td_video_thumb\"><img decoding=\"async\" data-src=\"https:\/\/img.youtube.com\/vi\/S78jqQ3kdX0\/default.jpg\" alt=\"Video thumbnail\" width=\"72px\" height=\"40px\" src=\"data:image\/svg+xml;base64,PHN2ZyB3aWR0aD0iMSIgaGVpZ2h0PSIxIiB4bWxucz0iaHR0cDovL3d3dy53My5vcmcvMjAwMC9zdmciPjwvc3ZnPg==\" class=\"lazyload\" style=\"--smush-placeholder-width: 72px; --smush-placeholder-aspect-ratio: 72\/40;\" \/><\/div><div class=\"td_video_title_and_time\"><div class=\"td_video_title\">Suor Maria Troncatti - Artigiana della pace<\/div><div class=\"td_video_time\">02:41<\/div><\/div><\/a><a class=\"td_9y_-TavT_EQ td_click_video td_click_video_youtube \" data-video-id=\"9y_-TavT_EQ\"> <div class=\"td_video_thumb\"><img decoding=\"async\" data-src=\"https:\/\/img.youtube.com\/vi\/9y_-TavT_EQ\/default.jpg\" alt=\"Video thumbnail\" width=\"72px\" height=\"40px\" src=\"data:image\/svg+xml;base64,PHN2ZyB3aWR0aD0iMSIgaGVpZ2h0PSIxIiB4bWxucz0iaHR0cDovL3d3dy53My5vcmcvMjAwMC9zdmciPjwvc3ZnPg==\" class=\"lazyload\" style=\"--smush-placeholder-width: 72px; --smush-placeholder-aspect-ratio: 72\/40;\" \/><\/div><div class=\"td_video_title_and_time\"><div class=\"td_video_title\">Processo di aggiornamento del Progetto Formativo e delle Linee della Missione educativa<\/div><div class=\"td_video_time\">16:40<\/div><\/div><\/a><a class=\"td_B5jmee5wc_w td_click_video td_click_video_youtube \" data-video-id=\"B5jmee5wc_w\"> <div class=\"td_video_thumb\"><img decoding=\"async\" data-src=\"https:\/\/img.youtube.com\/vi\/B5jmee5wc_w\/default.jpg\" alt=\"Video thumbnail\" width=\"72px\" height=\"40px\" src=\"data:image\/svg+xml;base64,PHN2ZyB3aWR0aD0iMSIgaGVpZ2h0PSIxIiB4bWxucz0iaHR0cDovL3d3dy53My5vcmcvMjAwMC9zdmciPjwvc3ZnPg==\" class=\"lazyload\" style=\"--smush-placeholder-width: 72px; --smush-placeholder-aspect-ratio: 72\/40;\" \/><\/div><div class=\"td_video_title_and_time\"><div class=\"td_video_title\">Sr Maria Troncatti - Santa della Chiesa universale. Intervista a Mons.N\u00e9stor Montesdeoca Becerra SDB<\/div><div class=\"td_video_time\">21:56<\/div><\/div><\/a><a class=\"td_dG74OIFheyc td_click_video td_click_video_youtube \" data-video-id=\"dG74OIFheyc\"> <div class=\"td_video_thumb\"><img decoding=\"async\" data-src=\"https:\/\/img.youtube.com\/vi\/dG74OIFheyc\/default.jpg\" alt=\"Video thumbnail\" width=\"72px\" height=\"40px\" src=\"data:image\/svg+xml;base64,PHN2ZyB3aWR0aD0iMSIgaGVpZ2h0PSIxIiB4bWxucz0iaHR0cDovL3d3dy53My5vcmcvMjAwMC9zdmciPjwvc3ZnPg==\" class=\"lazyload\" style=\"--smush-placeholder-width: 72px; --smush-placeholder-aspect-ratio: 72\/40;\" \/><\/div><div class=\"td_video_title_and_time\"><div class=\"td_video_title\">Suor Maria Troncatti - il miracolo. Intervista a Sig. Juw\u00e1 Juank Kankua Bosco.<\/div><div class=\"td_video_time\">07:54<\/div><\/div><\/a><a class=\"td_cfmQcxbvHtw td_click_video td_click_video_youtube \" data-video-id=\"cfmQcxbvHtw\"> <div class=\"td_video_thumb\"><img decoding=\"async\" data-src=\"https:\/\/img.youtube.com\/vi\/cfmQcxbvHtw\/default.jpg\" alt=\"Video thumbnail\" width=\"72px\" height=\"40px\" src=\"data:image\/svg+xml;base64,PHN2ZyB3aWR0aD0iMSIgaGVpZ2h0PSIxIiB4bWxucz0iaHR0cDovL3d3dy53My5vcmcvMjAwMC9zdmciPjwvc3ZnPg==\" class=\"lazyload\" style=\"--smush-placeholder-width: 72px; --smush-placeholder-aspect-ratio: 72\/40;\" \/><\/div><div class=\"td_video_title_and_time\"><div class=\"td_video_title\">Vado con tutto il mio cuore  - Canto a Suor Maria Troncatti<\/div><div class=\"td_video_time\">02:33<\/div><\/div><\/a><a class=\"td_T-1sYZKeK60 td_click_video td_click_video_youtube \" data-video-id=\"T-1sYZKeK60\"> <div class=\"td_video_thumb\"><img decoding=\"async\" data-src=\"https:\/\/img.youtube.com\/vi\/T-1sYZKeK60\/default.jpg\" alt=\"Video thumbnail\" width=\"72px\" height=\"40px\" src=\"data:image\/svg+xml;base64,PHN2ZyB3aWR0aD0iMSIgaGVpZ2h0PSIxIiB4bWxucz0iaHR0cDovL3d3dy53My5vcmcvMjAwMC9zdmciPjwvc3ZnPg==\" class=\"lazyload\" style=\"--smush-placeholder-width: 72px; --smush-placeholder-aspect-ratio: 72\/40;\" \/><\/div><div class=\"td_video_title_and_time\"><div class=\"td_video_title\">Voy con todo mi coraz\u00f3n  - Canto a Sor Mar\u00eda Troncatti<\/div><div class=\"td_video_time\">02:34<\/div><\/div><\/a><a class=\"td_fGh9H-l3JQc td_click_video td_click_video_youtube \" data-video-id=\"fGh9H-l3JQc\"> <div class=\"td_video_thumb\"><img decoding=\"async\" data-src=\"https:\/\/img.youtube.com\/vi\/fGh9H-l3JQc\/default.jpg\" alt=\"Video thumbnail\" width=\"72px\" height=\"40px\" src=\"data:image\/svg+xml;base64,PHN2ZyB3aWR0aD0iMSIgaGVpZ2h0PSIxIiB4bWxucz0iaHR0cDovL3d3dy53My5vcmcvMjAwMC9zdmciPjwvc3ZnPg==\" class=\"lazyload\" style=\"--smush-placeholder-width: 72px; --smush-placeholder-aspect-ratio: 72\/40;\" \/><\/div><div class=\"td_video_title_and_time\"><div class=\"td_video_title\">S. Maria Troncatti \u2013 Pierwsze kroki jej drogi<\/div><div class=\"td_video_time\">09:05<\/div><\/div><\/a><a class=\"td_GzKCAKqysyA td_click_video td_click_video_youtube \" data-video-id=\"GzKCAKqysyA\"> <div class=\"td_video_thumb\"><img decoding=\"async\" data-src=\"https:\/\/img.youtube.com\/vi\/GzKCAKqysyA\/default.jpg\" alt=\"Video thumbnail\" width=\"72px\" height=\"40px\" src=\"data:image\/svg+xml;base64,PHN2ZyB3aWR0aD0iMSIgaGVpZ2h0PSIxIiB4bWxucz0iaHR0cDovL3d3dy53My5vcmcvMjAwMC9zdmciPjwvc3ZnPg==\" class=\"lazyload\" style=\"--smush-placeholder-width: 72px; --smush-placeholder-aspect-ratio: 72\/40;\" \/><\/div><div class=\"td_video_title_and_time\"><div class=\"td_video_title\">Madre Chiara Cazzuola, 5 agosto 2025: Donne felici, generatrici di vita e speranza.<\/div><div class=\"td_video_time\">06:26<\/div><\/div><\/a><a class=\"td_LSpVlavMdU4 td_click_video td_click_video_youtube \" data-video-id=\"LSpVlavMdU4\"> <div class=\"td_video_thumb\"><img decoding=\"async\" data-src=\"https:\/\/img.youtube.com\/vi\/LSpVlavMdU4\/default.jpg\" alt=\"Video thumbnail\" width=\"72px\" height=\"40px\" src=\"data:image\/svg+xml;base64,PHN2ZyB3aWR0aD0iMSIgaGVpZ2h0PSIxIiB4bWxucz0iaHR0cDovL3d3dy53My5vcmcvMjAwMC9zdmciPjwvc3ZnPg==\" class=\"lazyload\" style=\"--smush-placeholder-width: 72px; --smush-placeholder-aspect-ratio: 72\/40;\" \/><\/div><div class=\"td_video_title_and_time\"><div class=\"td_video_title\">50\u00b0 Professione religiosa di Madre Chiara Cazzuola - 5 Agosto 2025<\/div><div class=\"td_video_time\">01:37:30<\/div><\/div><\/a><a class=\"td_gYTp7UfzZLo td_click_video td_click_video_youtube \" data-video-id=\"gYTp7UfzZLo\"> <div class=\"td_video_thumb\"><img decoding=\"async\" data-src=\"https:\/\/img.youtube.com\/vi\/gYTp7UfzZLo\/default.jpg\" alt=\"Video thumbnail\" width=\"72px\" height=\"40px\" src=\"data:image\/svg+xml;base64,PHN2ZyB3aWR0aD0iMSIgaGVpZ2h0PSIxIiB4bWxucz0iaHR0cDovL3d3dy53My5vcmcvMjAwMC9zdmciPjwvc3ZnPg==\" class=\"lazyload\" style=\"--smush-placeholder-width: 72px; --smush-placeholder-aspect-ratio: 72\/40;\" \/><\/div><div class=\"td_video_title_and_time\"><div class=\"td_video_title\">Suor Maria Troncatti - la fama di santit\u00e0. Intervista a Suor Elena Tinitana, FMA.<\/div><div class=\"td_video_time\">09:08<\/div><\/div><\/a><a class=\"td_jx-oYlQeYa8 td_click_video td_click_video_youtube \" data-video-id=\"jx-oYlQeYa8\"> <div class=\"td_video_thumb\"><img decoding=\"async\" data-src=\"https:\/\/img.youtube.com\/vi\/jx-oYlQeYa8\/default.jpg\" alt=\"Video thumbnail\" width=\"72px\" height=\"40px\" src=\"data:image\/svg+xml;base64,PHN2ZyB3aWR0aD0iMSIgaGVpZ2h0PSIxIiB4bWxucz0iaHR0cDovL3d3dy53My5vcmcvMjAwMC9zdmciPjwvc3ZnPg==\" class=\"lazyload\" style=\"--smush-placeholder-width: 72px; --smush-placeholder-aspect-ratio: 72\/40;\" \/><\/div><div class=\"td_video_title_and_time\"><div class=\"td_video_title\">Storia di Suor Maria Troncatti per bambini<\/div><div class=\"td_video_time\">04:55<\/div><\/div><\/a><a class=\"td_TvqyVZRrQB0 td_click_video td_click_video_youtube \" data-video-id=\"TvqyVZRrQB0\"> <div class=\"td_video_thumb\"><img decoding=\"async\" data-src=\"https:\/\/img.youtube.com\/vi\/TvqyVZRrQB0\/default.jpg\" alt=\"Video thumbnail\" width=\"72px\" height=\"40px\" src=\"data:image\/svg+xml;base64,PHN2ZyB3aWR0aD0iMSIgaGVpZ2h0PSIxIiB4bWxucz0iaHR0cDovL3d3dy53My5vcmcvMjAwMC9zdmciPjwvc3ZnPg==\" class=\"lazyload\" style=\"--smush-placeholder-width: 72px; --smush-placeholder-aspect-ratio: 72\/40;\" \/><\/div><div class=\"td_video_title_and_time\"><div class=\"td_video_title\">Sor Maria Troncatti - Artesana de la paz<\/div><div class=\"td_video_time\">02:41<\/div><\/div><\/a><a class=\"td_bN-guV4yvDk td_click_video td_click_video_youtube \" data-video-id=\"bN-guV4yvDk\"> <div class=\"td_video_thumb\"><img decoding=\"async\" data-src=\"https:\/\/img.youtube.com\/vi\/bN-guV4yvDk\/default.jpg\" alt=\"Video thumbnail\" width=\"72px\" height=\"40px\" src=\"data:image\/svg+xml;base64,PHN2ZyB3aWR0aD0iMSIgaGVpZ2h0PSIxIiB4bWxucz0iaHR0cDovL3d3dy53My5vcmcvMjAwMC9zdmciPjwvc3ZnPg==\" class=\"lazyload\" style=\"--smush-placeholder-width: 72px; --smush-placeholder-aspect-ratio: 72\/40;\" \/><\/div><div class=\"td_video_title_and_time\"><div class=\"td_video_title\">CommTalkS 013 - C'\u00e8 gusto a nutrire la speranza - Pastificio FUTURO.<\/div><div class=\"td_video_time\">16:44<\/div><\/div><\/a><a class=\"td_e00NAUUm2vY td_click_video td_click_video_youtube \" data-video-id=\"e00NAUUm2vY\"> <div class=\"td_video_thumb\"><img decoding=\"async\" data-src=\"https:\/\/img.youtube.com\/vi\/e00NAUUm2vY\/default.jpg\" alt=\"Video thumbnail\" width=\"72px\" height=\"40px\" src=\"data:image\/svg+xml;base64,PHN2ZyB3aWR0aD0iMSIgaGVpZ2h0PSIxIiB4bWxucz0iaHR0cDovL3d3dy53My5vcmcvMjAwMC9zdmciPjwvc3ZnPg==\" class=\"lazyload\" style=\"--smush-placeholder-width: 72px; --smush-placeholder-aspect-ratio: 72\/40;\" \/><\/div><div class=\"td_video_title_and_time\"><div class=\"td_video_title\">Suor Maria Troncatti - Artigiana di pace e Riconciliazione. Intervista a Mons. Pedro Gabrielli, SDB.<\/div><div class=\"td_video_time\">15:22<\/div><\/div><\/a><a class=\"td_rAWPERCPEHw td_click_video td_click_video_youtube \" data-video-id=\"rAWPERCPEHw\"> <div class=\"td_video_thumb\"><img decoding=\"async\" data-src=\"https:\/\/img.youtube.com\/vi\/rAWPERCPEHw\/default.jpg\" alt=\"Video thumbnail\" width=\"72px\" height=\"40px\" src=\"data:image\/svg+xml;base64,PHN2ZyB3aWR0aD0iMSIgaGVpZ2h0PSIxIiB4bWxucz0iaHR0cDovL3d3dy53My5vcmcvMjAwMC9zdmciPjwvc3ZnPg==\" class=\"lazyload\" style=\"--smush-placeholder-width: 72px; --smush-placeholder-aspect-ratio: 72\/40;\" \/><\/div><div class=\"td_video_title_and_time\"><div class=\"td_video_title\">Video messaggio Madre Chiara Cazzuola - Data Canonizzazione Suor Maria Troncatti<\/div><div class=\"td_video_time\">08:17<\/div><\/div><\/a><a class=\"td_HcSb1r0O1G8 td_click_video td_click_video_youtube \" data-video-id=\"HcSb1r0O1G8\"> <div class=\"td_video_thumb\"><img decoding=\"async\" data-src=\"https:\/\/img.youtube.com\/vi\/HcSb1r0O1G8\/default.jpg\" alt=\"Video thumbnail\" width=\"72px\" height=\"40px\" src=\"data:image\/svg+xml;base64,PHN2ZyB3aWR0aD0iMSIgaGVpZ2h0PSIxIiB4bWxucz0iaHR0cDovL3d3dy53My5vcmcvMjAwMC9zdmciPjwvc3ZnPg==\" class=\"lazyload\" style=\"--smush-placeholder-width: 72px; --smush-placeholder-aspect-ratio: 72\/40;\" \/><\/div><div class=\"td_video_title_and_time\"><div class=\"td_video_title\">Il mondo canta a Maria. 2a edizione - 30 Maggio 2025<\/div><div class=\"td_video_time\">01:07:08<\/div><\/div><\/a><a class=\"td_hVm2Foid94w td_click_video td_click_video_youtube \" data-video-id=\"hVm2Foid94w\"> <div class=\"td_video_thumb\"><img decoding=\"async\" data-src=\"https:\/\/img.youtube.com\/vi\/hVm2Foid94w\/default.jpg\" alt=\"Video thumbnail\" width=\"72px\" height=\"40px\" src=\"data:image\/svg+xml;base64,PHN2ZyB3aWR0aD0iMSIgaGVpZ2h0PSIxIiB4bWxucz0iaHR0cDovL3d3dy53My5vcmcvMjAwMC9zdmciPjwvc3ZnPg==\" class=\"lazyload\" style=\"--smush-placeholder-width: 72px; --smush-placeholder-aspect-ratio: 72\/40;\" \/><\/div><div class=\"td_video_title_and_time\"><div class=\"td_video_title\">Suor Maria Troncatti missionaria. Intervista a Suor Rosita Molina, FMA<\/div><div class=\"td_video_time\">10:15<\/div><\/div><\/a><a class=\"td_qU9Kg-GeBqc td_click_video td_click_video_youtube \" data-video-id=\"qU9Kg-GeBqc\"> <div class=\"td_video_thumb\"><img decoding=\"async\" data-src=\"https:\/\/img.youtube.com\/vi\/qU9Kg-GeBqc\/default.jpg\" alt=\"Video thumbnail\" width=\"72px\" height=\"40px\" src=\"data:image\/svg+xml;base64,PHN2ZyB3aWR0aD0iMSIgaGVpZ2h0PSIxIiB4bWxucz0iaHR0cDovL3d3dy53My5vcmcvMjAwMC9zdmciPjwvc3ZnPg==\" class=\"lazyload\" style=\"--smush-placeholder-width: 72px; --smush-placeholder-aspect-ratio: 72\/40;\" \/><\/div><div class=\"td_video_title_and_time\"><div class=\"td_video_title\">CommTalkS 012 - Cos'\u00e8 la speranza? - Centro Giovanile \"Sacro Cuore\" Roma. Servizio Civile.<\/div><div class=\"td_video_time\">11:52<\/div><\/div><\/a><a class=\"td_sNHE5ta3Vbo td_click_video td_click_video_youtube \" data-video-id=\"sNHE5ta3Vbo\"> <div class=\"td_video_thumb\"><img decoding=\"async\" data-src=\"https:\/\/img.youtube.com\/vi\/sNHE5ta3Vbo\/default.jpg\" alt=\"Video thumbnail\" width=\"72px\" height=\"40px\" src=\"data:image\/svg+xml;base64,PHN2ZyB3aWR0aD0iMSIgaGVpZ2h0PSIxIiB4bWxucz0iaHR0cDovL3d3dy53My5vcmcvMjAwMC9zdmciPjwvc3ZnPg==\" class=\"lazyload\" style=\"--smush-placeholder-width: 72px; --smush-placeholder-aspect-ratio: 72\/40;\" \/><\/div><div class=\"td_video_title_and_time\"><div class=\"td_video_title\">CommTalkS 011 - Papa Francesco nei ricordi della cugina - Suor Ana Rosa Sivori, FMA<\/div><div class=\"td_video_time\">21:53<\/div><\/div><\/a><a class=\"td_obmudufK4yg td_click_video td_click_video_youtube \" data-video-id=\"obmudufK4yg\"> <div class=\"td_video_thumb\"><img decoding=\"async\" data-src=\"https:\/\/img.youtube.com\/vi\/obmudufK4yg\/default.jpg\" alt=\"Video thumbnail\" width=\"72px\" height=\"40px\" src=\"data:image\/svg+xml;base64,PHN2ZyB3aWR0aD0iMSIgaGVpZ2h0PSIxIiB4bWxucz0iaHR0cDovL3d3dy53My5vcmcvMjAwMC9zdmciPjwvc3ZnPg==\" class=\"lazyload\" style=\"--smush-placeholder-width: 72px; --smush-placeholder-aspect-ratio: 72\/40;\" \/><\/div><div class=\"td_video_title_and_time\"><div class=\"td_video_title\">Corteno, paese natio di Suor Maria Troncatti. Testimonianze.<\/div><div class=\"td_video_time\">23:30<\/div><\/div><\/a><a class=\"td__Jheb1E0fKM td_click_video td_click_video_youtube \" data-video-id=\"_Jheb1E0fKM\"> <div class=\"td_video_thumb\"><img decoding=\"async\" data-src=\"https:\/\/img.youtube.com\/vi\/_Jheb1E0fKM\/default.jpg\" alt=\"Video thumbnail\" width=\"72px\" height=\"40px\" src=\"data:image\/svg+xml;base64,PHN2ZyB3aWR0aD0iMSIgaGVpZ2h0PSIxIiB4bWxucz0iaHR0cDovL3d3dy53My5vcmcvMjAwMC9zdmciPjwvc3ZnPg==\" class=\"lazyload\" style=\"--smush-placeholder-width: 72px; --smush-placeholder-aspect-ratio: 72\/40;\" \/><\/div><div class=\"td_video_title_and_time\"><div class=\"td_video_title\">Pasqua 2025. Messaggio di Madre Chiara Cazzuola.<\/div><div class=\"td_video_time\">13:38<\/div><\/div><\/a><a class=\"td_9LIROarF_A4 td_click_video td_click_video_youtube \" data-video-id=\"9LIROarF_A4\"> <div class=\"td_video_thumb\"><img decoding=\"async\" data-src=\"https:\/\/img.youtube.com\/vi\/9LIROarF_A4\/default.jpg\" alt=\"Video thumbnail\" width=\"72px\" height=\"40px\" src=\"data:image\/svg+xml;base64,PHN2ZyB3aWR0aD0iMSIgaGVpZ2h0PSIxIiB4bWxucz0iaHR0cDovL3d3dy53My5vcmcvMjAwMC9zdmciPjwvc3ZnPg==\" class=\"lazyload\" style=\"--smush-placeholder-width: 72px; --smush-placeholder-aspect-ratio: 72\/40;\" \/><\/div><div class=\"td_video_title_and_time\"><div class=\"td_video_title\">CommTalkS 010 - Testimonianza su Madre Rosetta Marchese<\/div><div class=\"td_video_time\">09:48<\/div><\/div><\/a><a class=\"td_wiEisevqGwo td_click_video td_click_video_youtube \" data-video-id=\"wiEisevqGwo\"> <div class=\"td_video_thumb\"><img decoding=\"async\" data-src=\"https:\/\/img.youtube.com\/vi\/wiEisevqGwo\/default.jpg\" alt=\"Video thumbnail\" width=\"72px\" height=\"40px\" src=\"data:image\/svg+xml;base64,PHN2ZyB3aWR0aD0iMSIgaGVpZ2h0PSIxIiB4bWxucz0iaHR0cDovL3d3dy53My5vcmcvMjAwMC9zdmciPjwvc3ZnPg==\" class=\"lazyload\" style=\"--smush-placeholder-width: 72px; --smush-placeholder-aspect-ratio: 72\/40;\" \/><\/div><div class=\"td_video_title_and_time\"><div class=\"td_video_title\">Sor Maria Troncatti - Los primeros pasos de su camino<\/div><div class=\"td_video_time\">09:05<\/div><\/div><\/a><a class=\"td_o5ssRB3Nzz0 td_click_video td_click_video_youtube \" data-video-id=\"o5ssRB3Nzz0\"> <div class=\"td_video_thumb\"><img decoding=\"async\" data-src=\"https:\/\/img.youtube.com\/vi\/o5ssRB3Nzz0\/default.jpg\" alt=\"Video thumbnail\" width=\"72px\" height=\"40px\" src=\"data:image\/svg+xml;base64,PHN2ZyB3aWR0aD0iMSIgaGVpZ2h0PSIxIiB4bWxucz0iaHR0cDovL3d3dy53My5vcmcvMjAwMC9zdmciPjwvc3ZnPg==\" class=\"lazyload\" style=\"--smush-placeholder-width: 72px; --smush-placeholder-aspect-ratio: 72\/40;\" \/><\/div><div class=\"td_video_title_and_time\"><div class=\"td_video_title\">N\u1eef tu Maria Troncatti - Nh\u1eefng b\u01b0\u1edbc \u0111\u01b0\u1eddng \u0111\u1ea7u ti\u00ean<\/div><div class=\"td_video_time\">09:05<\/div><\/div><\/a><a class=\"td_hbXQ7j0ndYk td_click_video td_click_video_youtube \" data-video-id=\"hbXQ7j0ndYk\"> <div class=\"td_video_thumb\"><img decoding=\"async\" data-src=\"https:\/\/img.youtube.com\/vi\/hbXQ7j0ndYk\/default.jpg\" alt=\"Video thumbnail\" width=\"72px\" height=\"40px\" src=\"data:image\/svg+xml;base64,PHN2ZyB3aWR0aD0iMSIgaGVpZ2h0PSIxIiB4bWxucz0iaHR0cDovL3d3dy53My5vcmcvMjAwMC9zdmciPjwvc3ZnPg==\" class=\"lazyload\" style=\"--smush-placeholder-width: 72px; --smush-placeholder-aspect-ratio: 72\/40;\" \/><\/div><div class=\"td_video_title_and_time\"><div class=\"td_video_title\">Sr. Maria Troncatti - Die ersten Schritte auf ihrem Weg<\/div><div class=\"td_video_time\">09:05<\/div><\/div><\/a><a class=\"td_2VOhzOKyG9g td_click_video td_click_video_youtube \" data-video-id=\"2VOhzOKyG9g\"> <div class=\"td_video_thumb\"><img decoding=\"async\" data-src=\"https:\/\/img.youtube.com\/vi\/2VOhzOKyG9g\/default.jpg\" alt=\"Video thumbnail\" width=\"72px\" height=\"40px\" src=\"data:image\/svg+xml;base64,PHN2ZyB3aWR0aD0iMSIgaGVpZ2h0PSIxIiB4bWxucz0iaHR0cDovL3d3dy53My5vcmcvMjAwMC9zdmciPjwvc3ZnPg==\" class=\"lazyload\" style=\"--smush-placeholder-width: 72px; --smush-placeholder-aspect-ratio: 72\/40;\" \/><\/div><div class=\"td_video_title_and_time\"><div class=\"td_video_title\">Suor Maria Troncatti madre. Intervista a Sig. Cosimo Cossu, SDB.<\/div><div class=\"td_video_time\">11:53<\/div><\/div><\/a><a class=\"td_P38A2Q6Nr1M td_click_video td_click_video_youtube \" data-video-id=\"P38A2Q6Nr1M\"> <div class=\"td_video_thumb\"><img decoding=\"async\" data-src=\"https:\/\/img.youtube.com\/vi\/P38A2Q6Nr1M\/default.jpg\" alt=\"Video thumbnail\" width=\"72px\" height=\"40px\" src=\"data:image\/svg+xml;base64,PHN2ZyB3aWR0aD0iMSIgaGVpZ2h0PSIxIiB4bWxucz0iaHR0cDovL3d3dy53My5vcmcvMjAwMC9zdmciPjwvc3ZnPg==\" class=\"lazyload\" style=\"--smush-placeholder-width: 72px; --smush-placeholder-aspect-ratio: 72\/40;\" \/><\/div><div class=\"td_video_title_and_time\"><div class=\"td_video_title\">Irm\u00e3 Maria Troncatti - Os primeiros passos do seu percurso<\/div><div class=\"td_video_time\">09:05<\/div><\/div><\/a><a class=\"td_kLSLdPBhL80 td_click_video td_click_video_youtube \" data-video-id=\"kLSLdPBhL80\"> <div class=\"td_video_thumb\"><img decoding=\"async\" data-src=\"https:\/\/img.youtube.com\/vi\/kLSLdPBhL80\/default.jpg\" alt=\"Video thumbnail\" width=\"72px\" height=\"40px\" src=\"data:image\/svg+xml;base64,PHN2ZyB3aWR0aD0iMSIgaGVpZ2h0PSIxIiB4bWxucz0iaHR0cDovL3d3dy53My5vcmcvMjAwMC9zdmciPjwvc3ZnPg==\" class=\"lazyload\" style=\"--smush-placeholder-width: 72px; --smush-placeholder-aspect-ratio: 72\/40;\" \/><\/div><div class=\"td_video_title_and_time\"><div class=\"td_video_title\">S\u0153ur Maria Troncatti - Les premiers pas de son cheminement<\/div><div class=\"td_video_time\">09:05<\/div><\/div><\/a><a class=\"td_Ayijn_n8ar8 td_click_video td_click_video_youtube \" data-video-id=\"Ayijn_n8ar8\"> <div class=\"td_video_thumb\"><img decoding=\"async\" data-src=\"https:\/\/img.youtube.com\/vi\/Ayijn_n8ar8\/default.jpg\" alt=\"Video thumbnail\" width=\"72px\" height=\"40px\" src=\"data:image\/svg+xml;base64,PHN2ZyB3aWR0aD0iMSIgaGVpZ2h0PSIxIiB4bWxucz0iaHR0cDovL3d3dy53My5vcmcvMjAwMC9zdmciPjwvc3ZnPg==\" class=\"lazyload\" style=\"--smush-placeholder-width: 72px; --smush-placeholder-aspect-ratio: 72\/40;\" \/><\/div><div class=\"td_video_title_and_time\"><div class=\"td_video_title\">Sister Maria Troncatti - The first steps of her journey<\/div><div class=\"td_video_time\">09:05<\/div><\/div><\/a><a class=\"td_RE8a8M1XfKk td_click_video td_click_video_youtube \" data-video-id=\"RE8a8M1XfKk\"> <div class=\"td_video_thumb\"><img decoding=\"async\" data-src=\"https:\/\/img.youtube.com\/vi\/RE8a8M1XfKk\/default.jpg\" alt=\"Video thumbnail\" width=\"72px\" height=\"40px\" src=\"data:image\/svg+xml;base64,PHN2ZyB3aWR0aD0iMSIgaGVpZ2h0PSIxIiB4bWxucz0iaHR0cDovL3d3dy53My5vcmcvMjAwMC9zdmciPjwvc3ZnPg==\" class=\"lazyload\" style=\"--smush-placeholder-width: 72px; --smush-placeholder-aspect-ratio: 72\/40;\" \/><\/div><div class=\"td_video_title_and_time\"><div class=\"td_video_title\">Suor Maria Troncatti - I primi passi del suo cammino<\/div><div class=\"td_video_time\">09:05<\/div><\/div><\/a><a class=\"td_9wkp__lEByY td_click_video td_click_video_youtube \" data-video-id=\"9wkp__lEByY\"> <div class=\"td_video_thumb\"><img decoding=\"async\" data-src=\"https:\/\/img.youtube.com\/vi\/9wkp__lEByY\/default.jpg\" alt=\"Video thumbnail\" width=\"72px\" height=\"40px\" src=\"data:image\/svg+xml;base64,PHN2ZyB3aWR0aD0iMSIgaGVpZ2h0PSIxIiB4bWxucz0iaHR0cDovL3d3dy53My5vcmcvMjAwMC9zdmciPjwvc3ZnPg==\" class=\"lazyload\" style=\"--smush-placeholder-width: 72px; --smush-placeholder-aspect-ratio: 72\/40;\" \/><\/div><div class=\"td_video_title_and_time\"><div class=\"td_video_title\">Presentazione del Commento pratico alle Costituzioni - Madre Chiara Cazzuola<\/div><div class=\"td_video_time\">10:46<\/div><\/div><\/a><a class=\"td_OXs02yGFZCE td_click_video td_click_video_youtube \" data-video-id=\"OXs02yGFZCE\"> <div class=\"td_video_thumb\"><img decoding=\"async\" data-src=\"https:\/\/img.youtube.com\/vi\/OXs02yGFZCE\/default.jpg\" alt=\"Video thumbnail\" width=\"72px\" height=\"40px\" src=\"data:image\/svg+xml;base64,PHN2ZyB3aWR0aD0iMSIgaGVpZ2h0PSIxIiB4bWxucz0iaHR0cDovL3d3dy53My5vcmcvMjAwMC9zdmciPjwvc3ZnPg==\" class=\"lazyload\" style=\"--smush-placeholder-width: 72px; --smush-placeholder-aspect-ratio: 72\/40;\" \/><\/div><div class=\"td_video_title_and_time\"><div class=\"td_video_title\">CommTalkS 009 - Cuore del Sinodo: vivere relazioni nuove<\/div><div class=\"td_video_time\">18:39<\/div><\/div><\/a><a class=\"td_KY9hVlZRVmc td_click_video td_click_video_youtube \" data-video-id=\"KY9hVlZRVmc\"> <div class=\"td_video_thumb\"><img decoding=\"async\" data-src=\"https:\/\/img.youtube.com\/vi\/KY9hVlZRVmc\/default.jpg\" alt=\"Video thumbnail\" width=\"72px\" height=\"40px\" src=\"data:image\/svg+xml;base64,PHN2ZyB3aWR0aD0iMSIgaGVpZ2h0PSIxIiB4bWxucz0iaHR0cDovL3d3dy53My5vcmcvMjAwMC9zdmciPjwvc3ZnPg==\" class=\"lazyload\" style=\"--smush-placeholder-width: 72px; --smush-placeholder-aspect-ratio: 72\/40;\" \/><\/div><div class=\"td_video_title_and_time\"><div class=\"td_video_title\">Presentazione Strenna 2025<\/div><div class=\"td_video_time\">00:00<\/div><\/div><\/a><a class=\"td_oIqyyqVyBLY td_click_video td_click_video_youtube \" data-video-id=\"oIqyyqVyBLY\"> <div class=\"td_video_thumb\"><img decoding=\"async\" data-src=\"https:\/\/img.youtube.com\/vi\/oIqyyqVyBLY\/default.jpg\" alt=\"Video thumbnail\" width=\"72px\" height=\"40px\" src=\"data:image\/svg+xml;base64,PHN2ZyB3aWR0aD0iMSIgaGVpZ2h0PSIxIiB4bWxucz0iaHR0cDovL3d3dy53My5vcmcvMjAwMC9zdmciPjwvc3ZnPg==\" class=\"lazyload\" style=\"--smush-placeholder-width: 72px; --smush-placeholder-aspect-ratio: 72\/40;\" \/><\/div><div class=\"td_video_title_and_time\"><div class=\"td_video_title\">Natale 2024. Messaggio di Madre Chiara Cazzuola.<\/div><div class=\"td_video_time\">13:06<\/div><\/div><\/a><a class=\"td_vKDVD3-fRGY td_click_video td_click_video_youtube \" data-video-id=\"vKDVD3-fRGY\"> <div class=\"td_video_thumb\"><img decoding=\"async\" data-src=\"https:\/\/img.youtube.com\/vi\/vKDVD3-fRGY\/default.jpg\" alt=\"Video thumbnail\" width=\"72px\" height=\"40px\" src=\"data:image\/svg+xml;base64,PHN2ZyB3aWR0aD0iMSIgaGVpZ2h0PSIxIiB4bWxucz0iaHR0cDovL3d3dy53My5vcmcvMjAwMC9zdmciPjwvc3ZnPg==\" class=\"lazyload\" style=\"--smush-placeholder-width: 72px; --smush-placeholder-aspect-ratio: 72\/40;\" \/><\/div><div class=\"td_video_title_and_time\"><div class=\"td_video_title\">CommTalkS 008 - Sinodo: camminare insieme in ascolto\u00a0di\u00a0Dio<\/div><div class=\"td_video_time\">11:04<\/div><\/div><\/a><a class=\"td_N95J2ftXodY td_click_video td_click_video_youtube \" data-video-id=\"N95J2ftXodY\"> <div class=\"td_video_thumb\"><img decoding=\"async\" data-src=\"https:\/\/img.youtube.com\/vi\/N95J2ftXodY\/default.jpg\" alt=\"Video thumbnail\" width=\"72px\" height=\"40px\" src=\"data:image\/svg+xml;base64,PHN2ZyB3aWR0aD0iMSIgaGVpZ2h0PSIxIiB4bWxucz0iaHR0cDovL3d3dy53My5vcmcvMjAwMC9zdmciPjwvc3ZnPg==\" class=\"lazyload\" style=\"--smush-placeholder-width: 72px; --smush-placeholder-aspect-ratio: 72\/40;\" \/><\/div><div class=\"td_video_title_and_time\"><div class=\"td_video_title\">CommTalkS 007: Lo stile comunicativo di Santa Maria D. Mazzarello e della prima comunit\u00e0 di Mornese<\/div><div class=\"td_video_time\">16:44<\/div><\/div><\/a><a class=\"td_B7AI2aTKplA td_click_video td_click_video_youtube \" data-video-id=\"B7AI2aTKplA\"> <div class=\"td_video_thumb\"><img decoding=\"async\" data-src=\"https:\/\/img.youtube.com\/vi\/B7AI2aTKplA\/default.jpg\" alt=\"Video thumbnail\" width=\"72px\" height=\"40px\" src=\"data:image\/svg+xml;base64,PHN2ZyB3aWR0aD0iMSIgaGVpZ2h0PSIxIiB4bWxucz0iaHR0cDovL3d3dy53My5vcmcvMjAwMC9zdmciPjwvc3ZnPg==\" class=\"lazyload\" style=\"--smush-placeholder-width: 72px; --smush-placeholder-aspect-ratio: 72\/40;\" \/><\/div><div class=\"td_video_title_and_time\"><div class=\"td_video_title\">Messaggio di Madre Chiara Cazzuola - Festa dell'Immacolata 2024<\/div><div class=\"td_video_time\">14:10<\/div><\/div><\/a><a class=\"td_u9TIv6Fi2eI td_click_video td_click_video_youtube \" data-video-id=\"u9TIv6Fi2eI\"> <div class=\"td_video_thumb\"><img decoding=\"async\" data-src=\"https:\/\/img.youtube.com\/vi\/u9TIv6Fi2eI\/default.jpg\" alt=\"Video thumbnail\" width=\"72px\" height=\"40px\" src=\"data:image\/svg+xml;base64,PHN2ZyB3aWR0aD0iMSIgaGVpZ2h0PSIxIiB4bWxucz0iaHR0cDovL3d3dy53My5vcmcvMjAwMC9zdmciPjwvc3ZnPg==\" class=\"lazyload\" style=\"--smush-placeholder-width: 72px; --smush-placeholder-aspect-ratio: 72\/40;\" \/><\/div><div class=\"td_video_title_and_time\"><div class=\"td_video_title\">Festival missionario<\/div><div class=\"td_video_time\">01:11:16<\/div><\/div><\/a><a class=\"td_nUJ6SBm_oTE td_click_video td_click_video_youtube \" data-video-id=\"nUJ6SBm_oTE\"> <div class=\"td_video_thumb\"><img decoding=\"async\" data-src=\"https:\/\/img.youtube.com\/vi\/nUJ6SBm_oTE\/default.jpg\" alt=\"Video thumbnail\" width=\"72px\" height=\"40px\" src=\"data:image\/svg+xml;base64,PHN2ZyB3aWR0aD0iMSIgaGVpZ2h0PSIxIiB4bWxucz0iaHR0cDovL3d3dy53My5vcmcvMjAwMC9zdmciPjwvc3ZnPg==\" class=\"lazyload\" style=\"--smush-placeholder-width: 72px; --smush-placeholder-aspect-ratio: 72\/40;\" \/><\/div><div class=\"td_video_title_and_time\"><div class=\"td_video_title\">Inno ufficiale 150\u00b0 Missioni FMA<\/div><div class=\"td_video_time\">03:14<\/div><\/div><\/a><a class=\"td_5JxVSp7NDFk td_click_video td_click_video_youtube \" data-video-id=\"5JxVSp7NDFk\"> <div class=\"td_video_thumb\"><img decoding=\"async\" data-src=\"https:\/\/img.youtube.com\/vi\/5JxVSp7NDFk\/default.jpg\" alt=\"Video thumbnail\" width=\"72px\" height=\"40px\" src=\"data:image\/svg+xml;base64,PHN2ZyB3aWR0aD0iMSIgaGVpZ2h0PSIxIiB4bWxucz0iaHR0cDovL3d3dy53My5vcmcvMjAwMC9zdmciPjwvc3ZnPg==\" class=\"lazyload\" style=\"--smush-placeholder-width: 72px; --smush-placeholder-aspect-ratio: 72\/40;\" \/><\/div><div class=\"td_video_title_and_time\"><div class=\"td_video_title\">Inno ufficiale 150\u00b0 Missioni FMA - Coreografia<\/div><div class=\"td_video_time\">03:18<\/div><\/div><\/a><a class=\"td_nB_I3mgVwjE td_click_video td_click_video_youtube \" data-video-id=\"nB_I3mgVwjE\"> <div class=\"td_video_thumb\"><img decoding=\"async\" data-src=\"https:\/\/img.youtube.com\/vi\/nB_I3mgVwjE\/default.jpg\" alt=\"Video thumbnail\" width=\"72px\" height=\"40px\" src=\"data:image\/svg+xml;base64,PHN2ZyB3aWR0aD0iMSIgaGVpZ2h0PSIxIiB4bWxucz0iaHR0cDovL3d3dy53My5vcmcvMjAwMC9zdmciPjwvc3ZnPg==\" class=\"lazyload\" style=\"--smush-placeholder-width: 72px; --smush-placeholder-aspect-ratio: 72\/40;\" \/><\/div><div class=\"td_video_title_and_time\"><div class=\"td_video_title\">Apertura del triennio di preparazione al 150\u00b0 anniversario della prima spedizione missionaria FMA<\/div><div class=\"td_video_time\">57:26<\/div><\/div><\/a><a class=\"td_bAhPqCGDLnk td_click_video td_click_video_youtube \" data-video-id=\"bAhPqCGDLnk\"> <div class=\"td_video_thumb\"><img decoding=\"async\" data-src=\"https:\/\/img.youtube.com\/vi\/bAhPqCGDLnk\/default.jpg\" alt=\"Video thumbnail\" width=\"72px\" height=\"40px\" src=\"data:image\/svg+xml;base64,PHN2ZyB3aWR0aD0iMSIgaGVpZ2h0PSIxIiB4bWxucz0iaHR0cDovL3d3dy53My5vcmcvMjAwMC9zdmciPjwvc3ZnPg==\" class=\"lazyload\" style=\"--smush-placeholder-width: 72px; --smush-placeholder-aspect-ratio: 72\/40;\" \/><\/div><div class=\"td_video_title_and_time\"><div class=\"td_video_title\">Pellegrini di speranza nel solco della santit\u00e0 FMA<\/div><div class=\"td_video_time\">52:00<\/div><\/div><\/a><a class=\"td_yMBu1PRqHZs td_click_video td_click_video_youtube \" data-video-id=\"yMBu1PRqHZs\"> <div class=\"td_video_thumb\"><img decoding=\"async\" data-src=\"https:\/\/img.youtube.com\/vi\/yMBu1PRqHZs\/default.jpg\" alt=\"Video thumbnail\" width=\"72px\" height=\"40px\" src=\"data:image\/svg+xml;base64,PHN2ZyB3aWR0aD0iMSIgaGVpZ2h0PSIxIiB4bWxucz0iaHR0cDovL3d3dy53My5vcmcvMjAwMC9zdmciPjwvc3ZnPg==\" class=\"lazyload\" style=\"--smush-placeholder-width: 72px; --smush-placeholder-aspect-ratio: 72\/40;\" \/><\/div><div class=\"td_video_title_and_time\"><div class=\"td_video_title\">M\u1eb9 Caterina Daghero<\/div><div class=\"td_video_time\">17:31<\/div><\/div><\/a><a class=\"td_lekuAo2EJbI td_click_video td_click_video_youtube \" data-video-id=\"lekuAo2EJbI\"> <div class=\"td_video_thumb\"><img decoding=\"async\" data-src=\"https:\/\/img.youtube.com\/vi\/lekuAo2EJbI\/default.jpg\" alt=\"Video thumbnail\" width=\"72px\" height=\"40px\" src=\"data:image\/svg+xml;base64,PHN2ZyB3aWR0aD0iMSIgaGVpZ2h0PSIxIiB4bWxucz0iaHR0cDovL3d3dy53My5vcmcvMjAwMC9zdmciPjwvc3ZnPg==\" class=\"lazyload\" style=\"--smush-placeholder-width: 72px; --smush-placeholder-aspect-ratio: 72\/40;\" \/><\/div><div class=\"td_video_title_and_time\"><div class=\"td_video_title\">Madre Caterina Daghero - tetun<\/div><div class=\"td_video_time\">17:31<\/div><\/div><\/a><a class=\"td_zGv40MCX7Mk td_click_video td_click_video_youtube \" data-video-id=\"zGv40MCX7Mk\"> <div class=\"td_video_thumb\"><img decoding=\"async\" data-src=\"https:\/\/img.youtube.com\/vi\/zGv40MCX7Mk\/default.jpg\" alt=\"Video thumbnail\" width=\"72px\" height=\"40px\" src=\"data:image\/svg+xml;base64,PHN2ZyB3aWR0aD0iMSIgaGVpZ2h0PSIxIiB4bWxucz0iaHR0cDovL3d3dy53My5vcmcvMjAwMC9zdmciPjwvc3ZnPg==\" class=\"lazyload\" style=\"--smush-placeholder-width: 72px; --smush-placeholder-aspect-ratio: 72\/40;\" \/><\/div><div class=\"td_video_title_and_time\"><div class=\"td_video_title\">Madre Caterina Daghero - portugu\u00eas<\/div><div class=\"td_video_time\">17:31<\/div><\/div><\/a><a class=\"td_mQIBS7srv3k td_click_video td_click_video_youtube \" data-video-id=\"mQIBS7srv3k\"> <div class=\"td_video_thumb\"><img decoding=\"async\" data-src=\"https:\/\/img.youtube.com\/vi\/mQIBS7srv3k\/default.jpg\" alt=\"Video thumbnail\" width=\"72px\" height=\"40px\" src=\"data:image\/svg+xml;base64,PHN2ZyB3aWR0aD0iMSIgaGVpZ2h0PSIxIiB4bWxucz0iaHR0cDovL3d3dy53My5vcmcvMjAwMC9zdmciPjwvc3ZnPg==\" class=\"lazyload\" style=\"--smush-placeholder-width: 72px; --smush-placeholder-aspect-ratio: 72\/40;\" \/><\/div><div class=\"td_video_title_and_time\"><div class=\"td_video_title\">M\u00e8re Catherine Daghero<\/div><div class=\"td_video_time\">17:31<\/div><\/div><\/a><a class=\"td_B83SYSj_cbg td_click_video td_click_video_youtube \" data-video-id=\"B83SYSj_cbg\"> <div class=\"td_video_thumb\"><img decoding=\"async\" data-src=\"https:\/\/img.youtube.com\/vi\/B83SYSj_cbg\/default.jpg\" alt=\"Video thumbnail\" width=\"72px\" height=\"40px\" src=\"data:image\/svg+xml;base64,PHN2ZyB3aWR0aD0iMSIgaGVpZ2h0PSIxIiB4bWxucz0iaHR0cDovL3d3dy53My5vcmcvMjAwMC9zdmciPjwvc3ZnPg==\" class=\"lazyload\" style=\"--smush-placeholder-width: 72px; --smush-placeholder-aspect-ratio: 72\/40;\" \/><\/div><div class=\"td_video_title_and_time\"><div class=\"td_video_title\">Madre Caterina Daghero - espa\u00f1ol<\/div><div class=\"td_video_time\">17:31<\/div><\/div><\/a><a class=\"td_fE99vOsOFBw td_click_video td_click_video_youtube \" data-video-id=\"fE99vOsOFBw\"> <div class=\"td_video_thumb\"><img decoding=\"async\" data-src=\"https:\/\/img.youtube.com\/vi\/fE99vOsOFBw\/default.jpg\" alt=\"Video thumbnail\" width=\"72px\" height=\"40px\" src=\"data:image\/svg+xml;base64,PHN2ZyB3aWR0aD0iMSIgaGVpZ2h0PSIxIiB4bWxucz0iaHR0cDovL3d3dy53My5vcmcvMjAwMC9zdmciPjwvc3ZnPg==\" class=\"lazyload\" style=\"--smush-placeholder-width: 72px; --smush-placeholder-aspect-ratio: 72\/40;\" \/><\/div><div class=\"td_video_title_and_time\"><div class=\"td_video_title\">Mother Catherine Daghero<\/div><div class=\"td_video_time\">17:31<\/div><\/div><\/a><a class=\"td_I1RxkDU4pWY td_click_video td_click_video_youtube \" data-video-id=\"I1RxkDU4pWY\"> <div class=\"td_video_thumb\"><img decoding=\"async\" data-src=\"https:\/\/img.youtube.com\/vi\/I1RxkDU4pWY\/default.jpg\" alt=\"Video thumbnail\" width=\"72px\" height=\"40px\" src=\"data:image\/svg+xml;base64,PHN2ZyB3aWR0aD0iMSIgaGVpZ2h0PSIxIiB4bWxucz0iaHR0cDovL3d3dy53My5vcmcvMjAwMC9zdmciPjwvc3ZnPg==\" class=\"lazyload\" style=\"--smush-placeholder-width: 72px; --smush-placeholder-aspect-ratio: 72\/40;\" \/><\/div><div class=\"td_video_title_and_time\"><div class=\"td_video_title\">CommTalkS 006: La missione come ospitalit\u00e0 profetica<\/div><div class=\"td_video_time\">04:38<\/div><\/div><\/a><a class=\"td_z6VASQ-VGoU td_click_video td_click_video_youtube \" data-video-id=\"z6VASQ-VGoU\"> <div class=\"td_video_thumb\"><img decoding=\"async\" data-src=\"https:\/\/img.youtube.com\/vi\/z6VASQ-VGoU\/default.jpg\" alt=\"Video thumbnail\" width=\"72px\" height=\"40px\" src=\"data:image\/svg+xml;base64,PHN2ZyB3aWR0aD0iMSIgaGVpZ2h0PSIxIiB4bWxucz0iaHR0cDovL3d3dy53My5vcmcvMjAwMC9zdmciPjwvc3ZnPg==\" class=\"lazyload\" style=\"--smush-placeholder-width: 72px; --smush-placeholder-aspect-ratio: 72\/40;\" \/><\/div><div class=\"td_video_title_and_time\"><div class=\"td_video_title\">Da Mihi Animas - Rivista delle Figlie di Maria Ausiliatrice - Numero 03-2024<\/div><div class=\"td_video_time\">01:27<\/div><\/div><\/a><a class=\"td_aoHnl68ZW6c td_click_video td_click_video_youtube \" data-video-id=\"aoHnl68ZW6c\"> <div class=\"td_video_thumb\"><img decoding=\"async\" data-src=\"https:\/\/img.youtube.com\/vi\/aoHnl68ZW6c\/default.jpg\" alt=\"Video thumbnail\" width=\"72px\" height=\"40px\" src=\"data:image\/svg+xml;base64,PHN2ZyB3aWR0aD0iMSIgaGVpZ2h0PSIxIiB4bWxucz0iaHR0cDovL3d3dy53My5vcmcvMjAwMC9zdmciPjwvc3ZnPg==\" class=\"lazyload\" style=\"--smush-placeholder-width: 72px; --smush-placeholder-aspect-ratio: 72\/40;\" \/><\/div><div class=\"td_video_title_and_time\"><div class=\"td_video_title\">Bratislava 5 Agosto 2024. Messaggio di Madre Chiara Cazzuola<\/div><div class=\"td_video_time\">08:40<\/div><\/div><\/a><a class=\"td_z96q2VFrPbo td_click_video td_click_video_youtube \" data-video-id=\"z96q2VFrPbo\"> <div class=\"td_video_thumb\"><img decoding=\"async\" data-src=\"https:\/\/img.youtube.com\/vi\/z96q2VFrPbo\/default.jpg\" alt=\"Video thumbnail\" width=\"72px\" height=\"40px\" src=\"data:image\/svg+xml;base64,PHN2ZyB3aWR0aD0iMSIgaGVpZ2h0PSIxIiB4bWxucz0iaHR0cDovL3d3dy53My5vcmcvMjAwMC9zdmciPjwvc3ZnPg==\" class=\"lazyload\" style=\"--smush-placeholder-width: 72px; --smush-placeholder-aspect-ratio: 72\/40;\" \/><\/div><div class=\"td_video_title_and_time\"><div class=\"td_video_title\">Madre Caterina Daghero<\/div><div class=\"td_video_time\">17:31<\/div><\/div><\/a><a class=\"td_01-Re8x8gjs td_click_video td_click_video_youtube \" data-video-id=\"01-Re8x8gjs\"> <div class=\"td_video_thumb\"><img decoding=\"async\" data-src=\"https:\/\/img.youtube.com\/vi\/01-Re8x8gjs\/default.jpg\" alt=\"Video thumbnail\" width=\"72px\" height=\"40px\" src=\"data:image\/svg+xml;base64,PHN2ZyB3aWR0aD0iMSIgaGVpZ2h0PSIxIiB4bWxucz0iaHR0cDovL3d3dy53My5vcmcvMjAwMC9zdmciPjwvc3ZnPg==\" class=\"lazyload\" style=\"--smush-placeholder-width: 72px; --smush-placeholder-aspect-ratio: 72\/40;\" \/><\/div><div class=\"td_video_title_and_time\"><div class=\"td_video_title\">CommTalkS 005: Danza - Musica - Teatro<\/div><div class=\"td_video_time\">15:40<\/div><\/div><\/a><a class=\"td_FS5J1_ciJ8o td_click_video td_click_video_youtube \" data-video-id=\"FS5J1_ciJ8o\"> <div class=\"td_video_thumb\"><img decoding=\"async\" data-src=\"https:\/\/img.youtube.com\/vi\/FS5J1_ciJ8o\/default.jpg\" alt=\"Video thumbnail\" width=\"72px\" height=\"40px\" src=\"data:image\/svg+xml;base64,PHN2ZyB3aWR0aD0iMSIgaGVpZ2h0PSIxIiB4bWxucz0iaHR0cDovL3d3dy53My5vcmcvMjAwMC9zdmciPjwvc3ZnPg==\" class=\"lazyload\" style=\"--smush-placeholder-width: 72px; --smush-placeholder-aspect-ratio: 72\/40;\" \/><\/div><div class=\"td_video_title_and_time\"><div class=\"td_video_title\">CommTalkS 004: O que \u00e9 a Intelig\u00eancia Artificial?<\/div><div class=\"td_video_time\">05:53<\/div><\/div><\/a><a class=\"td_yh3Aka6uYgE td_click_video td_click_video_youtube \" data-video-id=\"yh3Aka6uYgE\"> <div class=\"td_video_thumb\"><img decoding=\"async\" data-src=\"https:\/\/img.youtube.com\/vi\/yh3Aka6uYgE\/default.jpg\" alt=\"Video thumbnail\" width=\"72px\" height=\"40px\" src=\"data:image\/svg+xml;base64,PHN2ZyB3aWR0aD0iMSIgaGVpZ2h0PSIxIiB4bWxucz0iaHR0cDovL3d3dy53My5vcmcvMjAwMC9zdmciPjwvc3ZnPg==\" class=\"lazyload\" style=\"--smush-placeholder-width: 72px; --smush-placeholder-aspect-ratio: 72\/40;\" \/><\/div><div class=\"td_video_title_and_time\"><div class=\"td_video_title\">CommTalkS 003: Educaci\u00f3n medi\u00e1tica e informacional<\/div><div class=\"td_video_time\">04:16<\/div><\/div><\/a><a class=\"td_ov_6paT4Bxw td_click_video td_click_video_youtube \" data-video-id=\"ov_6paT4Bxw\"> <div class=\"td_video_thumb\"><img decoding=\"async\" data-src=\"https:\/\/img.youtube.com\/vi\/ov_6paT4Bxw\/default.jpg\" alt=\"Video thumbnail\" width=\"72px\" height=\"40px\" src=\"data:image\/svg+xml;base64,PHN2ZyB3aWR0aD0iMSIgaGVpZ2h0PSIxIiB4bWxucz0iaHR0cDovL3d3dy53My5vcmcvMjAwMC9zdmciPjwvc3ZnPg==\" class=\"lazyload\" style=\"--smush-placeholder-width: 72px; --smush-placeholder-aspect-ratio: 72\/40;\" \/><\/div><div class=\"td_video_title_and_time\"><div class=\"td_video_title\">CommTalkS 002: Le domande dei giovani sul Sinodo - Intervista a Madre Yvonne Reungoat<\/div><div class=\"td_video_time\">01:17:56<\/div><\/div><\/a><a class=\"td_HGUOOt4BjrY td_click_video td_click_video_youtube \" data-video-id=\"HGUOOt4BjrY\"> <div class=\"td_video_thumb\"><img decoding=\"async\" data-src=\"https:\/\/img.youtube.com\/vi\/HGUOOt4BjrY\/default.jpg\" alt=\"Video thumbnail\" width=\"72px\" height=\"40px\" src=\"data:image\/svg+xml;base64,PHN2ZyB3aWR0aD0iMSIgaGVpZ2h0PSIxIiB4bWxucz0iaHR0cDovL3d3dy53My5vcmcvMjAwMC9zdmciPjwvc3ZnPg==\" class=\"lazyload\" style=\"--smush-placeholder-width: 72px; --smush-placeholder-aspect-ratio: 72\/40;\" \/><\/div><div class=\"td_video_title_and_time\"><div class=\"td_video_title\">CommTalkS 001 - Comunicare \u00e8 vita<\/div><div class=\"td_video_time\">07:47<\/div><\/div><\/a><a class=\"td_QjhSY2Kzt5Y td_click_video td_click_video_youtube \" data-video-id=\"QjhSY2Kzt5Y\"> <div class=\"td_video_thumb\"><img decoding=\"async\" data-src=\"https:\/\/img.youtube.com\/vi\/QjhSY2Kzt5Y\/default.jpg\" alt=\"Video thumbnail\" width=\"72px\" height=\"40px\" src=\"data:image\/svg+xml;base64,PHN2ZyB3aWR0aD0iMSIgaGVpZ2h0PSIxIiB4bWxucz0iaHR0cDovL3d3dy53My5vcmcvMjAwMC9zdmciPjwvc3ZnPg==\" class=\"lazyload\" style=\"--smush-placeholder-width: 72px; --smush-placeholder-aspect-ratio: 72\/40;\" \/><\/div><div class=\"td_video_title_and_time\"><div class=\"td_video_title\">Da Mihi Animas - Rivista delle Figlie di Maria Ausiliatrice - Numero 02-2024<\/div><div class=\"td_video_time\">01:34<\/div><\/div><\/a><a class=\"td_lWHWUICcGxc td_click_video td_click_video_youtube \" data-video-id=\"lWHWUICcGxc\"> <div class=\"td_video_thumb\"><img decoding=\"async\" data-src=\"https:\/\/img.youtube.com\/vi\/lWHWUICcGxc\/default.jpg\" alt=\"Video thumbnail\" width=\"72px\" height=\"40px\" src=\"data:image\/svg+xml;base64,PHN2ZyB3aWR0aD0iMSIgaGVpZ2h0PSIxIiB4bWxucz0iaHR0cDovL3d3dy53My5vcmcvMjAwMC9zdmciPjwvc3ZnPg==\" class=\"lazyload\" style=\"--smush-placeholder-width: 72px; --smush-placeholder-aspect-ratio: 72\/40;\" \/><\/div><div class=\"td_video_title_and_time\"><div class=\"td_video_title\">Da Mihi Animas - Rivista delle Figlie di Maria Ausiliatrice - Numero 01-2024<\/div><div class=\"td_video_time\">01:38<\/div><\/div><\/a><a class=\"td_ymhZz1RAwVA td_click_video td_click_video_youtube \" data-video-id=\"ymhZz1RAwVA\"> <div class=\"td_video_thumb\"><img decoding=\"async\" data-src=\"https:\/\/img.youtube.com\/vi\/ymhZz1RAwVA\/default.jpg\" alt=\"Video thumbnail\" width=\"72px\" height=\"40px\" src=\"data:image\/svg+xml;base64,PHN2ZyB3aWR0aD0iMSIgaGVpZ2h0PSIxIiB4bWxucz0iaHR0cDovL3d3dy53My5vcmcvMjAwMC9zdmciPjwvc3ZnPg==\" class=\"lazyload\" style=\"--smush-placeholder-width: 72px; --smush-placeholder-aspect-ratio: 72\/40;\" \/><\/div><div class=\"td_video_title_and_time\"><div class=\"td_video_title\">Ho visto in te - Madre Caterina Daghero<\/div><div class=\"td_video_time\">04:02<\/div><\/div><\/a><a class=\"td_bBkKPTLEfg0 td_click_video td_click_video_youtube \" data-video-id=\"bBkKPTLEfg0\"> <div class=\"td_video_thumb\"><img decoding=\"async\" data-src=\"https:\/\/img.youtube.com\/vi\/bBkKPTLEfg0\/default.jpg\" alt=\"Video thumbnail\" width=\"72px\" height=\"40px\" src=\"data:image\/svg+xml;base64,PHN2ZyB3aWR0aD0iMSIgaGVpZ2h0PSIxIiB4bWxucz0iaHR0cDovL3d3dy53My5vcmcvMjAwMC9zdmciPjwvc3ZnPg==\" class=\"lazyload\" style=\"--smush-placeholder-width: 72px; --smush-placeholder-aspect-ratio: 72\/40;\" \/><\/div><div class=\"td_video_title_and_time\"><div class=\"td_video_title\">Convegno nel Centenario della morte di Madre Caterina Daghero. Casa Generalizia 8 giugno 2024<\/div><div class=\"td_video_time\">05:19:52<\/div><\/div><\/a><a class=\"td_RJ8lgo2fdXs td_click_video td_click_video_youtube \" data-video-id=\"RJ8lgo2fdXs\"> <div class=\"td_video_thumb\"><img decoding=\"async\" data-src=\"https:\/\/img.youtube.com\/vi\/RJ8lgo2fdXs\/default.jpg\" alt=\"Video thumbnail\" width=\"72px\" height=\"40px\" src=\"data:image\/svg+xml;base64,PHN2ZyB3aWR0aD0iMSIgaGVpZ2h0PSIxIiB4bWxucz0iaHR0cDovL3d3dy53My5vcmcvMjAwMC9zdmciPjwvc3ZnPg==\" class=\"lazyload\" style=\"--smush-placeholder-width: 72px; --smush-placeholder-aspect-ratio: 72\/40;\" \/><\/div><div class=\"td_video_title_and_time\"><div class=\"td_video_title\">Svjetski natje\u010daj - 150 godina - Prva misionarska ekspedicija<\/div><div class=\"td_video_time\">01:12<\/div><\/div><\/a><a class=\"td_LdW2oFr9SnM td_click_video td_click_video_youtube \" data-video-id=\"LdW2oFr9SnM\"> <div class=\"td_video_thumb\"><img decoding=\"async\" data-src=\"https:\/\/img.youtube.com\/vi\/LdW2oFr9SnM\/default.jpg\" alt=\"Video thumbnail\" width=\"72px\" height=\"40px\" src=\"data:image\/svg+xml;base64,PHN2ZyB3aWR0aD0iMSIgaGVpZ2h0PSIxIiB4bWxucz0iaHR0cDovL3d3dy53My5vcmcvMjAwMC9zdmciPjwvc3ZnPg==\" class=\"lazyload\" style=\"--smush-placeholder-width: 72px; --smush-placeholder-aspect-ratio: 72\/40;\" \/><\/div><div class=\"td_video_title_and_time\"><div class=\"td_video_title\">\u0627\u0644\u0645\u0646\u0627\u0641\u0633\u0629 \u0627\u0644\u0639\u0627\u0644\u0645\u064a\u0629 - 150 \u0633\u0646\u0629 - \u0627\u0644\u0628\u0639\u062b\u0629 \u0627\u0644\u062a\u0628\u0634\u064a\u0631\u064a\u0629 \u0627\u0644\u0623\u0648\u0644\u0649<\/div><div class=\"td_video_time\">01:12<\/div><\/div><\/a><a class=\"td__RG204jTyNU td_click_video td_click_video_youtube \" data-video-id=\"_RG204jTyNU\"> <div class=\"td_video_thumb\"><img decoding=\"async\" data-src=\"https:\/\/img.youtube.com\/vi\/_RG204jTyNU\/default.jpg\" alt=\"Video thumbnail\" width=\"72px\" height=\"40px\" src=\"data:image\/svg+xml;base64,PHN2ZyB3aWR0aD0iMSIgaGVpZ2h0PSIxIiB4bWxucz0iaHR0cDovL3d3dy53My5vcmcvMjAwMC9zdmciPjwvc3ZnPg==\" class=\"lazyload\" style=\"--smush-placeholder-width: 72px; --smush-placeholder-aspect-ratio: 72\/40;\" \/><\/div><div class=\"td_video_title_and_time\"><div class=\"td_video_title\">\u0935\u093f\u0936\u094d\u0935 \u092a\u094d\u0930\u0924\u093f\u092f\u094b\u0917\u093f\u0924\u093e - 150 \u0935\u0930\u094d\u0937 - \u092a\u094d\u0930\u0925\u092e \u092e\u093f\u0936\u0928\u0930\u0940 \u092f\u093e\u0924\u094d\u0930\u093e<\/div><div class=\"td_video_time\">01:12<\/div><\/div><\/a><a class=\"td_FXHOIfK1Rsk td_click_video td_click_video_youtube \" data-video-id=\"FXHOIfK1Rsk\"> <div class=\"td_video_thumb\"><img decoding=\"async\" data-src=\"https:\/\/img.youtube.com\/vi\/FXHOIfK1Rsk\/default.jpg\" alt=\"Video thumbnail\" width=\"72px\" height=\"40px\" src=\"data:image\/svg+xml;base64,PHN2ZyB3aWR0aD0iMSIgaGVpZ2h0PSIxIiB4bWxucz0iaHR0cDovL3d3dy53My5vcmcvMjAwMC9zdmciPjwvc3ZnPg==\" class=\"lazyload\" style=\"--smush-placeholder-width: 72px; --smush-placeholder-aspect-ratio: 72\/40;\" \/><\/div><div class=\"td_video_title_and_time\"><div class=\"td_video_title\">\u1780\u17b6\u179a\u1794\u17d2\u179a\u1780\u17bd\u178f\u1794\u17d2\u179a\u1787\u17c2\u1784\u179b\u17c6\u178a\u17b6\u1794\u17cb\u1796\u17b7\u1797\u1796\u179b\u17c4\u1780 - 150 \u1786\u17d2\u1793\u17b6\u17c6 - \u1794\u17c1\u179f\u1780\u1780\u1798\u17d2\u1798\u1795\u17d2\u179f\u1796\u17d2\u179c\u1795\u17d2\u179f\u17b6\u1799\u178a\u17c6\u178e\u17b9\u1784\u179b\u17d2\u17a2\u179b\u17be\u1780\u178a\u17c6\u1794\u17bc\u1784<\/div><div class=\"td_video_time\">01:12<\/div><\/div><\/a><a class=\"td_YSeGMOrw6mI td_click_video td_click_video_youtube \" data-video-id=\"YSeGMOrw6mI\"> <div class=\"td_video_thumb\"><img decoding=\"async\" data-src=\"https:\/\/img.youtube.com\/vi\/YSeGMOrw6mI\/default.jpg\" alt=\"Video thumbnail\" width=\"72px\" height=\"40px\" src=\"data:image\/svg+xml;base64,PHN2ZyB3aWR0aD0iMSIgaGVpZ2h0PSIxIiB4bWxucz0iaHR0cDovL3d3dy53My5vcmcvMjAwMC9zdmciPjwvc3ZnPg==\" class=\"lazyload\" style=\"--smush-placeholder-width: 72px; --smush-placeholder-aspect-ratio: 72\/40;\" \/><\/div><div class=\"td_video_title_and_time\"><div class=\"td_video_title\">\u0e01\u0e32\u0e23\u0e1b\u0e23\u0e30\u0e01\u0e27\u0e14\u0e41\u0e02\u0e48\u0e07\u0e02\u0e31\u0e19\u0e23\u0e30\u0e14\u0e31\u0e1a\u0e42\u0e25\u0e01 - 150 \u0e1b\u0e35 - \u0e01\u0e32\u0e23\u0e2a\u0e48\u0e07\u0e18\u0e23\u0e23\u0e21\u0e17\u0e39\u0e15\u0e23\u0e38\u0e48\u0e19\u0e41\u0e23\u0e01<\/div><div class=\"td_video_time\">01:12<\/div><\/div><\/a><a class=\"td_oZWQWn07mRI td_click_video td_click_video_youtube \" data-video-id=\"oZWQWn07mRI\"> <div class=\"td_video_thumb\"><img decoding=\"async\" data-src=\"https:\/\/img.youtube.com\/vi\/oZWQWn07mRI\/default.jpg\" alt=\"Video thumbnail\" width=\"72px\" height=\"40px\" src=\"data:image\/svg+xml;base64,PHN2ZyB3aWR0aD0iMSIgaGVpZ2h0PSIxIiB4bWxucz0iaHR0cDovL3d3dy53My5vcmcvMjAwMC9zdmciPjwvc3ZnPg==\" class=\"lazyload\" style=\"--smush-placeholder-width: 72px; --smush-placeholder-aspect-ratio: 72\/40;\" \/><\/div><div class=\"td_video_title_and_time\"><div class=\"td_video_title\">Konpetisaun Mundial - Tinan 150 - Espedisaun Mision\u00e1riu dahuluk<\/div><div class=\"td_video_time\">01:12<\/div><\/div><\/a><a class=\"td_uffYhUVm_ss td_click_video td_click_video_youtube \" data-video-id=\"uffYhUVm_ss\"> <div class=\"td_video_thumb\"><img decoding=\"async\" data-src=\"https:\/\/img.youtube.com\/vi\/uffYhUVm_ss\/default.jpg\" alt=\"Video thumbnail\" width=\"72px\" height=\"40px\" src=\"data:image\/svg+xml;base64,PHN2ZyB3aWR0aD0iMSIgaGVpZ2h0PSIxIiB4bWxucz0iaHR0cDovL3d3dy53My5vcmcvMjAwMC9zdmciPjwvc3ZnPg==\" class=\"lazyload\" style=\"--smush-placeholder-width: 72px; --smush-placeholder-aspect-ratio: 72\/40;\" \/><\/div><div class=\"td_video_title_and_time\"><div class=\"td_video_title\">Kompetisi sedunia - 150 tahun - Ekspedisi Misionaris Pertama<\/div><div class=\"td_video_time\">01:12<\/div><\/div><\/a><a class=\"td_NgWw5rT1W10 td_click_video td_click_video_youtube \" data-video-id=\"NgWw5rT1W10\"> <div class=\"td_video_thumb\"><img decoding=\"async\" data-src=\"https:\/\/img.youtube.com\/vi\/NgWw5rT1W10\/default.jpg\" alt=\"Video thumbnail\" width=\"72px\" height=\"40px\" src=\"data:image\/svg+xml;base64,PHN2ZyB3aWR0aD0iMSIgaGVpZ2h0PSIxIiB4bWxucz0iaHR0cDovL3d3dy53My5vcmcvMjAwMC9zdmciPjwvc3ZnPg==\" class=\"lazyload\" style=\"--smush-placeholder-width: 72px; --smush-placeholder-aspect-ratio: 72\/40;\" \/><\/div><div class=\"td_video_title_and_time\"><div class=\"td_video_title\">\u4e16\u754c\u30b3\u30f3\u30af\u30fc\u30eb - 150\u5e74 - \u6700\u521d\u306e\u5ba3\u6559\u6d3e\u9063<\/div><div class=\"td_video_time\">01:12<\/div><\/div><\/a><a class=\"td_6G74mYwHXI0 td_click_video td_click_video_youtube \" data-video-id=\"6G74mYwHXI0\"> <div class=\"td_video_thumb\"><img decoding=\"async\" data-src=\"https:\/\/img.youtube.com\/vi\/6G74mYwHXI0\/default.jpg\" alt=\"Video thumbnail\" width=\"72px\" height=\"40px\" src=\"data:image\/svg+xml;base64,PHN2ZyB3aWR0aD0iMSIgaGVpZ2h0PSIxIiB4bWxucz0iaHR0cDovL3d3dy53My5vcmcvMjAwMC9zdmciPjwvc3ZnPg==\" class=\"lazyload\" style=\"--smush-placeholder-width: 72px; --smush-placeholder-aspect-ratio: 72\/40;\" \/><\/div><div class=\"td_video_title_and_time\"><div class=\"td_video_title\">\uc138\uacc4\ub300\ud68c - 150\uc8fc\ub144 - \uccab \uc120\uad50\uc0ac \ud30c\uacac<\/div><div class=\"td_video_time\">01:12<\/div><\/div><\/a><a class=\"td_GIesOnDDt9I td_click_video td_click_video_youtube \" data-video-id=\"GIesOnDDt9I\"> <div class=\"td_video_thumb\"><img decoding=\"async\" data-src=\"https:\/\/img.youtube.com\/vi\/GIesOnDDt9I\/default.jpg\" alt=\"Video thumbnail\" width=\"72px\" height=\"40px\" src=\"data:image\/svg+xml;base64,PHN2ZyB3aWR0aD0iMSIgaGVpZ2h0PSIxIiB4bWxucz0iaHR0cDovL3d3dy53My5vcmcvMjAwMC9zdmciPjwvc3ZnPg==\" class=\"lazyload\" style=\"--smush-placeholder-width: 72px; --smush-placeholder-aspect-ratio: 72\/40;\" \/><\/div><div class=\"td_video_title_and_time\"><div class=\"td_video_title\">\u5168\u7403\u7ade\u8d5b - 150\u5e74 - \u7b2c\u4e00\u6b21\u6d3e\u9063\u4f20\u6559\u58eb<\/div><div class=\"td_video_time\">01:12<\/div><\/div><\/a><a class=\"td_1ZVmg60zTb4 td_click_video td_click_video_youtube \" data-video-id=\"1ZVmg60zTb4\"> <div class=\"td_video_thumb\"><img decoding=\"async\" data-src=\"https:\/\/img.youtube.com\/vi\/1ZVmg60zTb4\/default.jpg\" alt=\"Video thumbnail\" width=\"72px\" height=\"40px\" src=\"data:image\/svg+xml;base64,PHN2ZyB3aWR0aD0iMSIgaGVpZ2h0PSIxIiB4bWxucz0iaHR0cDovL3d3dy53My5vcmcvMjAwMC9zdmciPjwvc3ZnPg==\" class=\"lazyload\" style=\"--smush-placeholder-width: 72px; --smush-placeholder-aspect-ratio: 72\/40;\" \/><\/div><div class=\"td_video_title_and_time\"><div class=\"td_video_title\">Weltweiter Wettbewerb - 150 Jahre - Erste Missionsaussendung<\/div><div class=\"td_video_time\">01:12<\/div><\/div><\/a><a class=\"td_L0Hwp0xmIqY td_click_video td_click_video_youtube \" data-video-id=\"L0Hwp0xmIqY\"> <div class=\"td_video_thumb\"><img decoding=\"async\" data-src=\"https:\/\/img.youtube.com\/vi\/L0Hwp0xmIqY\/default.jpg\" alt=\"Video thumbnail\" width=\"72px\" height=\"40px\" src=\"data:image\/svg+xml;base64,PHN2ZyB3aWR0aD0iMSIgaGVpZ2h0PSIxIiB4bWxucz0iaHR0cDovL3d3dy53My5vcmcvMjAwMC9zdmciPjwvc3ZnPg==\" class=\"lazyload\" style=\"--smush-placeholder-width: 72px; --smush-placeholder-aspect-ratio: 72\/40;\" \/><\/div><div class=\"td_video_title_and_time\"><div class=\"td_video_title\">Cu\u1ed9c thi qu\u1ed1c t\u1ebf - 150 n\u0103m - Chuy\u1ebfn xu\u1ea5t ph\u00e1t truy\u1ec1n gi\u00e1o \u0111\u1ea7u ti\u00ean<\/div><div class=\"td_video_time\">01:12<\/div><\/div><\/a><a class=\"td_Srqdq0-xx1s td_click_video td_click_video_youtube \" data-video-id=\"Srqdq0-xx1s\"> <div class=\"td_video_thumb\"><img decoding=\"async\" data-src=\"https:\/\/img.youtube.com\/vi\/Srqdq0-xx1s\/default.jpg\" alt=\"Video thumbnail\" width=\"72px\" height=\"40px\" src=\"data:image\/svg+xml;base64,PHN2ZyB3aWR0aD0iMSIgaGVpZ2h0PSIxIiB4bWxucz0iaHR0cDovL3d3dy53My5vcmcvMjAwMC9zdmciPjwvc3ZnPg==\" class=\"lazyload\" style=\"--smush-placeholder-width: 72px; --smush-placeholder-aspect-ratio: 72\/40;\" \/><\/div><div class=\"td_video_title_and_time\"><div class=\"td_video_title\">\u0412\u0441\u0435\u0441\u0432\u0456\u0442\u043d\u0456\u0439 \u043a\u043e\u043d\u043a\u0443\u0440\u0441 - 150 \u0440\u043e\u043a\u0456\u0432 - \u041f\u0435\u0440\u0448\u0430 \u043c\u0456\u0441\u0456\u043e\u043d\u0435\u0440\u0441\u044c\u043a\u0430 \u0435\u043a\u0441\u043f\u0435\u0434\u0438\u0446\u0456\u044f<\/div><div class=\"td_video_time\">01:12<\/div><\/div><\/a><a class=\"td_94RimJ4sCsg td_click_video td_click_video_youtube \" data-video-id=\"94RimJ4sCsg\"> <div class=\"td_video_thumb\"><img decoding=\"async\" data-src=\"https:\/\/img.youtube.com\/vi\/94RimJ4sCsg\/default.jpg\" alt=\"Video thumbnail\" width=\"72px\" height=\"40px\" src=\"data:image\/svg+xml;base64,PHN2ZyB3aWR0aD0iMSIgaGVpZ2h0PSIxIiB4bWxucz0iaHR0cDovL3d3dy53My5vcmcvMjAwMC9zdmciPjwvc3ZnPg==\" class=\"lazyload\" style=\"--smush-placeholder-width: 72px; --smush-placeholder-aspect-ratio: 72\/40;\" \/><\/div><div class=\"td_video_title_and_time\"><div class=\"td_video_title\">Svetovni nate\u010daj - 150 let - Prva misijonska odprava<\/div><div class=\"td_video_time\">01:12<\/div><\/div><\/a><a class=\"td_JKS8m6YNZKk td_click_video td_click_video_youtube \" data-video-id=\"JKS8m6YNZKk\"> <div class=\"td_video_thumb\"><img decoding=\"async\" data-src=\"https:\/\/img.youtube.com\/vi\/JKS8m6YNZKk\/default.jpg\" alt=\"Video thumbnail\" width=\"72px\" height=\"40px\" src=\"data:image\/svg+xml;base64,PHN2ZyB3aWR0aD0iMSIgaGVpZ2h0PSIxIiB4bWxucz0iaHR0cDovL3d3dy53My5vcmcvMjAwMC9zdmciPjwvc3ZnPg==\" class=\"lazyload\" style=\"--smush-placeholder-width: 72px; --smush-placeholder-aspect-ratio: 72\/40;\" \/><\/div><div class=\"td_video_title_and_time\"><div class=\"td_video_title\">Svetov\u00e1 s\u00fa\u0165a\u017e - 150 rokov - Prv\u00e9 Misijn\u00e9 v\u00fdpravy<\/div><div class=\"td_video_time\">01:12<\/div><\/div><\/a><a class=\"td_U5NtEPD7MSU td_click_video td_click_video_youtube \" data-video-id=\"U5NtEPD7MSU\"> <div class=\"td_video_thumb\"><img decoding=\"async\" data-src=\"https:\/\/img.youtube.com\/vi\/U5NtEPD7MSU\/default.jpg\" alt=\"Video thumbnail\" width=\"72px\" height=\"40px\" src=\"data:image\/svg+xml;base64,PHN2ZyB3aWR0aD0iMSIgaGVpZ2h0PSIxIiB4bWxucz0iaHR0cDovL3d3dy53My5vcmcvMjAwMC9zdmciPjwvc3ZnPg==\" class=\"lazyload\" style=\"--smush-placeholder-width: 72px; --smush-placeholder-aspect-ratio: 72\/40;\" \/><\/div><div class=\"td_video_title_and_time\"><div class=\"td_video_title\">\u041c\u0438\u0440\u043e\u0432\u043e\u0439 \u043a\u043e\u043d\u043a\u0443\u0440\u0441 - 150 \u043b\u0435\u0442 - \u041f\u0435\u0440\u0432\u0430\u044f \u043c\u0438\u0441\u0438\u043e\u043d\u0435\u0440\u0441\u043a\u0430\u044f \u044d\u043a\u0441\u043f\u0435\u0434\u0438\u0446\u0438\u044f<\/div><div class=\"td_video_time\">01:12<\/div><\/div><\/a><a class=\"td_f2saoKqSDVY td_click_video td_click_video_youtube \" data-video-id=\"f2saoKqSDVY\"> <div class=\"td_video_thumb\"><img decoding=\"async\" data-src=\"https:\/\/img.youtube.com\/vi\/f2saoKqSDVY\/default.jpg\" alt=\"Video thumbnail\" width=\"72px\" height=\"40px\" src=\"data:image\/svg+xml;base64,PHN2ZyB3aWR0aD0iMSIgaGVpZ2h0PSIxIiB4bWxucz0iaHR0cDovL3d3dy53My5vcmcvMjAwMC9zdmciPjwvc3ZnPg==\" class=\"lazyload\" style=\"--smush-placeholder-width: 72px; --smush-placeholder-aspect-ratio: 72\/40;\" \/><\/div><div class=\"td_video_title_and_time\"><div class=\"td_video_title\">Fifaninanana iraisam-pirenena - 150 taona - Fandefasana masera misi\u00f4nera voalohany<\/div><div class=\"td_video_time\">01:12<\/div><\/div><\/a><a class=\"td_YimOwyW4Aqk td_click_video td_click_video_youtube \" data-video-id=\"YimOwyW4Aqk\"> <div class=\"td_video_thumb\"><img decoding=\"async\" data-src=\"https:\/\/img.youtube.com\/vi\/YimOwyW4Aqk\/default.jpg\" alt=\"Video thumbnail\" width=\"72px\" height=\"40px\" src=\"data:image\/svg+xml;base64,PHN2ZyB3aWR0aD0iMSIgaGVpZ2h0PSIxIiB4bWxucz0iaHR0cDovL3d3dy53My5vcmcvMjAwMC9zdmciPjwvc3ZnPg==\" class=\"lazyload\" style=\"--smush-placeholder-width: 72px; --smush-placeholder-aspect-ratio: 72\/40;\" \/><\/div><div class=\"td_video_title_and_time\"><div class=\"td_video_title\">\u0421\u0443\u0441\u0432\u0435\u0442\u043d\u0430\u0435 \u0441\u043f\u0430\u0431\u043e\u0440\u043d\u0456\u0446\u0442\u0432\u0430 - 150 \u0433\u043e\u0434 - \u041f\u0435\u0440\u0448\u0430\u044f \u041c\u0456\u0441\u0456\u044f\u043d\u0435\u0440\u0441\u043a\u0430\u044f \u042d\u043a\u0441\u043f\u0435\u0434\u044b\u0446\u044b\u044f<\/div><div class=\"td_video_time\">01:12<\/div><\/div><\/a><a class=\"td_kayL9mmRVhc td_click_video td_click_video_youtube \" data-video-id=\"kayL9mmRVhc\"> <div class=\"td_video_thumb\"><img decoding=\"async\" data-src=\"https:\/\/img.youtube.com\/vi\/kayL9mmRVhc\/default.jpg\" alt=\"Video thumbnail\" width=\"72px\" height=\"40px\" src=\"data:image\/svg+xml;base64,PHN2ZyB3aWR0aD0iMSIgaGVpZ2h0PSIxIiB4bWxucz0iaHR0cDovL3d3dy53My5vcmcvMjAwMC9zdmciPjwvc3ZnPg==\" class=\"lazyload\" style=\"--smush-placeholder-width: 72px; --smush-placeholder-aspect-ratio: 72\/40;\" \/><\/div><div class=\"td_video_title_and_time\"><div class=\"td_video_title\">D\u00fcnya M\u00fcsabiq\u0259si - 150 il - Birinci Missioner Ekspedisiya<\/div><div class=\"td_video_time\">01:12<\/div><\/div><\/a><a class=\"td_6Q-1WPZW1QM td_click_video td_click_video_youtube \" data-video-id=\"6Q-1WPZW1QM\"> <div class=\"td_video_thumb\"><img decoding=\"async\" data-src=\"https:\/\/img.youtube.com\/vi\/6Q-1WPZW1QM\/default.jpg\" alt=\"Video thumbnail\" width=\"72px\" height=\"40px\" src=\"data:image\/svg+xml;base64,PHN2ZyB3aWR0aD0iMSIgaGVpZ2h0PSIxIiB4bWxucz0iaHR0cDovL3d3dy53My5vcmcvMjAwMC9zdmciPjwvc3ZnPg==\" class=\"lazyload\" style=\"--smush-placeholder-width: 72px; --smush-placeholder-aspect-ratio: 72\/40;\" \/><\/div><div class=\"td_video_title_and_time\"><div class=\"td_video_title\">Competision lo olgeta - 150 ia - Fist sendim aut lo misionari<\/div><div class=\"td_video_time\">01:12<\/div><\/div><\/a><a class=\"td_OHvVbrxSzUw td_click_video td_click_video_youtube \" data-video-id=\"OHvVbrxSzUw\"> <div class=\"td_video_thumb\"><img decoding=\"async\" data-src=\"https:\/\/img.youtube.com\/vi\/OHvVbrxSzUw\/default.jpg\" alt=\"Video thumbnail\" width=\"72px\" height=\"40px\" src=\"data:image\/svg+xml;base64,PHN2ZyB3aWR0aD0iMSIgaGVpZ2h0PSIxIiB4bWxucz0iaHR0cDovL3d3dy53My5vcmcvMjAwMC9zdmciPjwvc3ZnPg==\" class=\"lazyload\" style=\"--smush-placeholder-width: 72px; --smush-placeholder-aspect-ratio: 72\/40;\" \/><\/div><div class=\"td_video_title_and_time\"><div class=\"td_video_title\">Pandaigdig na kumpetisyon - 150 na taon - Unang ekspedisyon ng misyonera<\/div><div class=\"td_video_time\">01:12<\/div><\/div><\/a><a class=\"td_4CPL13mSRXc td_click_video td_click_video_youtube \" data-video-id=\"4CPL13mSRXc\"> <div class=\"td_video_thumb\"><img decoding=\"async\" data-src=\"https:\/\/img.youtube.com\/vi\/4CPL13mSRXc\/default.jpg\" alt=\"Video thumbnail\" width=\"72px\" height=\"40px\" src=\"data:image\/svg+xml;base64,PHN2ZyB3aWR0aD0iMSIgaGVpZ2h0PSIxIiB4bWxucz0iaHR0cDovL3d3dy53My5vcmcvMjAwMC9zdmciPjwvc3ZnPg==\" class=\"lazyload\" style=\"--smush-placeholder-width: 72px; --smush-placeholder-aspect-ratio: 72\/40;\" \/><\/div><div class=\"td_video_title_and_time\"><div class=\"td_video_title\">Konkurs \u015bwiatowy - 150 lat - Pierwsza wyprawa misyjna<\/div><div class=\"td_video_time\">01:12<\/div><\/div><\/a><a class=\"td_tN0k2Kf9phM td_click_video td_click_video_youtube \" data-video-id=\"tN0k2Kf9phM\"> <div class=\"td_video_thumb\"><img decoding=\"async\" data-src=\"https:\/\/img.youtube.com\/vi\/tN0k2Kf9phM\/default.jpg\" alt=\"Video thumbnail\" width=\"72px\" height=\"40px\" src=\"data:image\/svg+xml;base64,PHN2ZyB3aWR0aD0iMSIgaGVpZ2h0PSIxIiB4bWxucz0iaHR0cDovL3d3dy53My5vcmcvMjAwMC9zdmciPjwvc3ZnPg==\" class=\"lazyload\" style=\"--smush-placeholder-width: 72px; --smush-placeholder-aspect-ratio: 72\/40;\" \/><\/div><div class=\"td_video_title_and_time\"><div class=\"td_video_title\">Wereld Competitie - 150 jaar - Eerste zendingsreizen<\/div><div class=\"td_video_time\">01:12<\/div><\/div><\/a><a class=\"td_WRnMRnYqh6I td_click_video td_click_video_youtube \" data-video-id=\"WRnMRnYqh6I\"> <div class=\"td_video_thumb\"><img decoding=\"async\" data-src=\"https:\/\/img.youtube.com\/vi\/WRnMRnYqh6I\/default.jpg\" alt=\"Video thumbnail\" width=\"72px\" height=\"40px\" src=\"data:image\/svg+xml;base64,PHN2ZyB3aWR0aD0iMSIgaGVpZ2h0PSIxIiB4bWxucz0iaHR0cDovL3d3dy53My5vcmcvMjAwMC9zdmciPjwvc3ZnPg==\" class=\"lazyload\" style=\"--smush-placeholder-width: 72px; --smush-placeholder-aspect-ratio: 72\/40;\" \/><\/div><div class=\"td_video_title_and_time\"><div class=\"td_video_title\">Concurso para 150 miss\u00f5es FMA<\/div><div class=\"td_video_time\">01:12<\/div><\/div><\/a><a class=\"td_FQ1lqvq1v1I td_click_video td_click_video_youtube \" data-video-id=\"FQ1lqvq1v1I\"> <div class=\"td_video_thumb\"><img decoding=\"async\" data-src=\"https:\/\/img.youtube.com\/vi\/FQ1lqvq1v1I\/default.jpg\" alt=\"Video thumbnail\" width=\"72px\" height=\"40px\" src=\"data:image\/svg+xml;base64,PHN2ZyB3aWR0aD0iMSIgaGVpZ2h0PSIxIiB4bWxucz0iaHR0cDovL3d3dy53My5vcmcvMjAwMC9zdmciPjwvc3ZnPg==\" class=\"lazyload\" style=\"--smush-placeholder-width: 72px; --smush-placeholder-aspect-ratio: 72\/40;\" \/><\/div><div class=\"td_video_title_and_time\"><div class=\"td_video_title\">Comp\u00e9tition pour 150 missions FMA<\/div><div class=\"td_video_time\">01:12<\/div><\/div><\/a><a class=\"td_DKumudhSLMs td_click_video td_click_video_youtube \" data-video-id=\"DKumudhSLMs\"> <div class=\"td_video_thumb\"><img decoding=\"async\" data-src=\"https:\/\/img.youtube.com\/vi\/DKumudhSLMs\/default.jpg\" alt=\"Video thumbnail\" width=\"72px\" height=\"40px\" src=\"data:image\/svg+xml;base64,PHN2ZyB3aWR0aD0iMSIgaGVpZ2h0PSIxIiB4bWxucz0iaHR0cDovL3d3dy53My5vcmcvMjAwMC9zdmciPjwvc3ZnPg==\" class=\"lazyload\" style=\"--smush-placeholder-width: 72px; --smush-placeholder-aspect-ratio: 72\/40;\" \/><\/div><div class=\"td_video_title_and_time\"><div class=\"td_video_title\">Concurso para 150 misiones FMA<\/div><div class=\"td_video_time\">01:12<\/div><\/div><\/a><a class=\"td_rlO9UGyr9zU td_click_video td_click_video_youtube \" data-video-id=\"rlO9UGyr9zU\"> <div class=\"td_video_thumb\"><img decoding=\"async\" data-src=\"https:\/\/img.youtube.com\/vi\/rlO9UGyr9zU\/default.jpg\" alt=\"Video thumbnail\" width=\"72px\" height=\"40px\" src=\"data:image\/svg+xml;base64,PHN2ZyB3aWR0aD0iMSIgaGVpZ2h0PSIxIiB4bWxucz0iaHR0cDovL3d3dy53My5vcmcvMjAwMC9zdmciPjwvc3ZnPg==\" class=\"lazyload\" style=\"--smush-placeholder-width: 72px; --smush-placeholder-aspect-ratio: 72\/40;\" \/><\/div><div class=\"td_video_title_and_time\"><div class=\"td_video_title\">Competition for 150 FMA missions<\/div><div class=\"td_video_time\">01:12<\/div><\/div><\/a><a class=\"td_7vrrU_Au0RA td_click_video td_click_video_youtube \" data-video-id=\"7vrrU_Au0RA\"> <div class=\"td_video_thumb\"><img decoding=\"async\" data-src=\"https:\/\/img.youtube.com\/vi\/7vrrU_Au0RA\/default.jpg\" alt=\"Video thumbnail\" width=\"72px\" height=\"40px\" src=\"data:image\/svg+xml;base64,PHN2ZyB3aWR0aD0iMSIgaGVpZ2h0PSIxIiB4bWxucz0iaHR0cDovL3d3dy53My5vcmcvMjAwMC9zdmciPjwvc3ZnPg==\" class=\"lazyload\" style=\"--smush-placeholder-width: 72px; --smush-placeholder-aspect-ratio: 72\/40;\" \/><\/div><div class=\"td_video_title_and_time\"><div class=\"td_video_title\">Concorso per 150 missioni FMA<\/div><div class=\"td_video_time\">01:12<\/div><\/div><\/a><a class=\"td_sGopvMOcS8A td_click_video td_click_video_youtube \" data-video-id=\"sGopvMOcS8A\"> <div class=\"td_video_thumb\"><img decoding=\"async\" data-src=\"https:\/\/img.youtube.com\/vi\/sGopvMOcS8A\/default.jpg\" alt=\"Video thumbnail\" width=\"72px\" height=\"40px\" src=\"data:image\/svg+xml;base64,PHN2ZyB3aWR0aD0iMSIgaGVpZ2h0PSIxIiB4bWxucz0iaHR0cDovL3d3dy53My5vcmcvMjAwMC9zdmciPjwvc3ZnPg==\" class=\"lazyload\" style=\"--smush-placeholder-width: 72px; --smush-placeholder-aspect-ratio: 72\/40;\" \/><\/div><div class=\"td_video_title_and_time\"><div class=\"td_video_title\">Il mondo canta a Maria - 30 Maggio 2024<\/div><div class=\"td_video_time\">54:55<\/div><\/div><\/a><a class=\"td_Rh7FpQ6E-oc td_click_video td_click_video_youtube \" data-video-id=\"Rh7FpQ6E-oc\"> <div class=\"td_video_thumb\"><img decoding=\"async\" data-src=\"https:\/\/img.youtube.com\/vi\/Rh7FpQ6E-oc\/default.jpg\" alt=\"Video thumbnail\" width=\"72px\" height=\"40px\" src=\"data:image\/svg+xml;base64,PHN2ZyB3aWR0aD0iMSIgaGVpZ2h0PSIxIiB4bWxucz0iaHR0cDovL3d3dy53My5vcmcvMjAwMC9zdmciPjwvc3ZnPg==\" class=\"lazyload\" style=\"--smush-placeholder-width: 72px; --smush-placeholder-aspect-ratio: 72\/40;\" \/><\/div><div class=\"td_video_title_and_time\"><div class=\"td_video_title\">Al di l\u00e0 di noi. Noviziato \"Sr. Teresa Vals\u00e9 Pantellini\".<\/div><div class=\"td_video_time\">01:12:31<\/div><\/div><\/a><a class=\"td_m82SSJaeJB0 td_click_video td_click_video_youtube \" data-video-id=\"m82SSJaeJB0\"> <div class=\"td_video_thumb\"><img decoding=\"async\" data-src=\"https:\/\/img.youtube.com\/vi\/m82SSJaeJB0\/default.jpg\" alt=\"Video thumbnail\" width=\"72px\" height=\"40px\" src=\"data:image\/svg+xml;base64,PHN2ZyB3aWR0aD0iMSIgaGVpZ2h0PSIxIiB4bWxucz0iaHR0cDovL3d3dy53My5vcmcvMjAwMC9zdmciPjwvc3ZnPg==\" class=\"lazyload\" style=\"--smush-placeholder-width: 72px; --smush-placeholder-aspect-ratio: 72\/40;\" \/><\/div><div class=\"td_video_title_and_time\"><div class=\"td_video_title\">155mo anniversario dell'ADMA<\/div><div class=\"td_video_time\">09:41<\/div><\/div><\/a><a class=\"td_pJEavBds9vg td_click_video td_click_video_youtube \" data-video-id=\"pJEavBds9vg\"> <div class=\"td_video_thumb\"><img decoding=\"async\" data-src=\"https:\/\/img.youtube.com\/vi\/pJEavBds9vg\/default.jpg\" alt=\"Video thumbnail\" width=\"72px\" height=\"40px\" src=\"data:image\/svg+xml;base64,PHN2ZyB3aWR0aD0iMSIgaGVpZ2h0PSIxIiB4bWxucz0iaHR0cDovL3d3dy53My5vcmcvMjAwMC9zdmciPjwvc3ZnPg==\" class=\"lazyload\" style=\"--smush-placeholder-width: 72px; --smush-placeholder-aspect-ratio: 72\/40;\" \/><\/div><div class=\"td_video_title_and_time\"><div class=\"td_video_title\">Pasqua 2024. Messaggio di Madre Chiara Cazzuola<\/div><div class=\"td_video_time\">09:21<\/div><\/div><\/a><a class=\"td_AEDn1Yvq1k0 td_click_video td_click_video_youtube \" data-video-id=\"AEDn1Yvq1k0\"> <div class=\"td_video_thumb\"><img decoding=\"async\" data-src=\"https:\/\/img.youtube.com\/vi\/AEDn1Yvq1k0\/default.jpg\" alt=\"Video thumbnail\" width=\"72px\" height=\"40px\" src=\"data:image\/svg+xml;base64,PHN2ZyB3aWR0aD0iMSIgaGVpZ2h0PSIxIiB4bWxucz0iaHR0cDovL3d3dy53My5vcmcvMjAwMC9zdmciPjwvc3ZnPg==\" class=\"lazyload\" style=\"--smush-placeholder-width: 72px; --smush-placeholder-aspect-ratio: 72\/40;\" \/><\/div><div class=\"td_video_title_and_time\"><div class=\"td_video_title\">Presentazione Strenna 2024<\/div><div class=\"td_video_time\">02:18:20<\/div><\/div><\/a><a class=\"td_f73ECYbgsZA td_click_video td_click_video_youtube \" data-video-id=\"f73ECYbgsZA\"> <div class=\"td_video_thumb\"><img decoding=\"async\" data-src=\"https:\/\/img.youtube.com\/vi\/f73ECYbgsZA\/default.jpg\" alt=\"Video thumbnail\" width=\"72px\" height=\"40px\" src=\"data:image\/svg+xml;base64,PHN2ZyB3aWR0aD0iMSIgaGVpZ2h0PSIxIiB4bWxucz0iaHR0cDovL3d3dy53My5vcmcvMjAwMC9zdmciPjwvc3ZnPg==\" class=\"lazyload\" style=\"--smush-placeholder-width: 72px; --smush-placeholder-aspect-ratio: 72\/40;\" \/><\/div><div class=\"td_video_title_and_time\"><div class=\"td_video_title\">Natale 2023. Messaggio di Madre Chiara Cazzuola.<\/div><div class=\"td_video_time\">10:04<\/div><\/div><\/a><a class=\"td_CMI0sb77isE td_click_video td_click_video_youtube \" data-video-id=\"CMI0sb77isE\"> <div class=\"td_video_thumb\"><img decoding=\"async\" data-src=\"https:\/\/img.youtube.com\/vi\/CMI0sb77isE\/default.jpg\" alt=\"Video thumbnail\" width=\"72px\" height=\"40px\" src=\"data:image\/svg+xml;base64,PHN2ZyB3aWR0aD0iMSIgaGVpZ2h0PSIxIiB4bWxucz0iaHR0cDovL3d3dy53My5vcmcvMjAwMC9zdmciPjwvc3ZnPg==\" class=\"lazyload\" style=\"--smush-placeholder-width: 72px; --smush-placeholder-aspect-ratio: 72\/40;\" \/><\/div><div class=\"td_video_title_and_time\"><div class=\"td_video_title\">Messaggio di Madre Chiara Cazzuola - Festa dell'Immacolata 2023<\/div><div class=\"td_video_time\">13:16<\/div><\/div><\/a><a class=\"td_fOfQcniGjUo td_click_video td_click_video_youtube \" data-video-id=\"fOfQcniGjUo\"> <div class=\"td_video_thumb\"><img decoding=\"async\" data-src=\"https:\/\/img.youtube.com\/vi\/fOfQcniGjUo\/default.jpg\" alt=\"Video thumbnail\" width=\"72px\" height=\"40px\" src=\"data:image\/svg+xml;base64,PHN2ZyB3aWR0aD0iMSIgaGVpZ2h0PSIxIiB4bWxucz0iaHR0cDovL3d3dy53My5vcmcvMjAwMC9zdmciPjwvc3ZnPg==\" class=\"lazyload\" style=\"--smush-placeholder-width: 72px; --smush-placeholder-aspect-ratio: 72\/40;\" \/><\/div><div class=\"td_video_title_and_time\"><div class=\"td_video_title\">Nel girotondo della Santit\u00e0 FMA. Incontro online di formazione e di preghiera. Roma, 30 ottobre 2023<\/div><div class=\"td_video_time\">01:39:10<\/div><\/div><\/a><a class=\"td_LQ_k2-BRkCs td_click_video td_click_video_youtube \" data-video-id=\"LQ_k2-BRkCs\"> <div class=\"td_video_thumb\"><img decoding=\"async\" data-src=\"https:\/\/img.youtube.com\/vi\/LQ_k2-BRkCs\/default.jpg\" alt=\"Video thumbnail\" width=\"72px\" height=\"40px\" src=\"data:image\/svg+xml;base64,PHN2ZyB3aWR0aD0iMSIgaGVpZ2h0PSIxIiB4bWxucz0iaHR0cDovL3d3dy53My5vcmcvMjAwMC9zdmciPjwvc3ZnPg==\" class=\"lazyload\" style=\"--smush-placeholder-width: 72px; --smush-placeholder-aspect-ratio: 72\/40;\" \/><\/div><div class=\"td_video_title_and_time\"><div class=\"td_video_title\">5 agosto 2023. Messaggio di Madre Chiara Cazzuola dalla GMG di Lisbona, Portogallo.<\/div><div class=\"td_video_time\">07:41<\/div><\/div><\/a><a class=\"td_8DrJ6lLx3pk td_click_video td_click_video_youtube \" data-video-id=\"8DrJ6lLx3pk\"> <div class=\"td_video_thumb\"><img decoding=\"async\" data-src=\"https:\/\/img.youtube.com\/vi\/8DrJ6lLx3pk\/default.jpg\" alt=\"Video thumbnail\" width=\"72px\" height=\"40px\" src=\"data:image\/svg+xml;base64,PHN2ZyB3aWR0aD0iMSIgaGVpZ2h0PSIxIiB4bWxucz0iaHR0cDovL3d3dy53My5vcmcvMjAwMC9zdmciPjwvc3ZnPg==\" class=\"lazyload\" style=\"--smush-placeholder-width: 72px; --smush-placeholder-aspect-ratio: 72\/40;\" \/><\/div><div class=\"td_video_title_and_time\"><div class=\"td_video_title\">Buona notte di Madre Chiara Cazzuola - 8 maggio 2023.<\/div><div class=\"td_video_time\">12:26<\/div><\/div><\/a><a class=\"td_7Kf27jLm_gM td_click_video td_click_video_youtube \" data-video-id=\"7Kf27jLm_gM\"> <div class=\"td_video_thumb\"><img decoding=\"async\" data-src=\"https:\/\/img.youtube.com\/vi\/7Kf27jLm_gM\/default.jpg\" alt=\"Video thumbnail\" width=\"72px\" height=\"40px\" src=\"data:image\/svg+xml;base64,PHN2ZyB3aWR0aD0iMSIgaGVpZ2h0PSIxIiB4bWxucz0iaHR0cDovL3d3dy53My5vcmcvMjAwMC9zdmciPjwvc3ZnPg==\" class=\"lazyload\" style=\"--smush-placeholder-width: 72px; --smush-placeholder-aspect-ratio: 72\/40;\" \/><\/div><div class=\"td_video_title_and_time\"><div class=\"td_video_title\">Pasqua 2023. Messaggio di Madre Chiara Cazzuola<\/div><div class=\"td_video_time\">05:29<\/div><\/div><\/a><a class=\"td_hLEI6BkcccU td_click_video td_click_video_youtube \" data-video-id=\"hLEI6BkcccU\"> <div class=\"td_video_thumb\"><img decoding=\"async\" data-src=\"https:\/\/img.youtube.com\/vi\/hLEI6BkcccU\/default.jpg\" alt=\"Video thumbnail\" width=\"72px\" height=\"40px\" src=\"data:image\/svg+xml;base64,PHN2ZyB3aWR0aD0iMSIgaGVpZ2h0PSIxIiB4bWxucz0iaHR0cDovL3d3dy53My5vcmcvMjAwMC9zdmciPjwvc3ZnPg==\" class=\"lazyload\" style=\"--smush-placeholder-width: 72px; --smush-placeholder-aspect-ratio: 72\/40;\" \/><\/div><div class=\"td_video_title_and_time\"><div class=\"td_video_title\">Presentazione Strenna 2023<\/div><div class=\"td_video_time\">01:45:17<\/div><\/div><\/a><a class=\"td_qTzZtS3sJsU td_click_video td_click_video_youtube \" data-video-id=\"qTzZtS3sJsU\"> <div class=\"td_video_thumb\"><img decoding=\"async\" data-src=\"https:\/\/img.youtube.com\/vi\/qTzZtS3sJsU\/default.jpg\" alt=\"Video thumbnail\" width=\"72px\" height=\"40px\" src=\"data:image\/svg+xml;base64,PHN2ZyB3aWR0aD0iMSIgaGVpZ2h0PSIxIiB4bWxucz0iaHR0cDovL3d3dy53My5vcmcvMjAwMC9zdmciPjwvc3ZnPg==\" class=\"lazyload\" style=\"--smush-placeholder-width: 72px; --smush-placeholder-aspect-ratio: 72\/40;\" \/><\/div><div class=\"td_video_title_and_time\"><div class=\"td_video_title\">Natale 2022. Messaggio di Madre Chiara Cazzuola.<\/div><div class=\"td_video_time\">10:07<\/div><\/div><\/a><a class=\"td_DqsQqS2wRZk td_click_video td_click_video_youtube \" data-video-id=\"DqsQqS2wRZk\"> <div class=\"td_video_thumb\"><img decoding=\"async\" data-src=\"https:\/\/img.youtube.com\/vi\/DqsQqS2wRZk\/default.jpg\" alt=\"Video thumbnail\" width=\"72px\" height=\"40px\" src=\"data:image\/svg+xml;base64,PHN2ZyB3aWR0aD0iMSIgaGVpZ2h0PSIxIiB4bWxucz0iaHR0cDovL3d3dy53My5vcmcvMjAwMC9zdmciPjwvc3ZnPg==\" class=\"lazyload\" style=\"--smush-placeholder-width: 72px; --smush-placeholder-aspect-ratio: 72\/40;\" \/><\/div><div class=\"td_video_title_and_time\"><div class=\"td_video_title\">12_07 dicembre Immacolata 2022<\/div><div class=\"td_video_time\">05:54<\/div><\/div><\/a><a class=\"td_BT5M3rjWELI td_click_video td_click_video_youtube \" data-video-id=\"BT5M3rjWELI\"> <div class=\"td_video_thumb\"><img decoding=\"async\" data-src=\"https:\/\/img.youtube.com\/vi\/BT5M3rjWELI\/default.jpg\" alt=\"Video thumbnail\" width=\"72px\" height=\"40px\" src=\"data:image\/svg+xml;base64,PHN2ZyB3aWR0aD0iMSIgaGVpZ2h0PSIxIiB4bWxucz0iaHR0cDovL3d3dy53My5vcmcvMjAwMC9zdmciPjwvc3ZnPg==\" class=\"lazyload\" style=\"--smush-placeholder-width: 72px; --smush-placeholder-aspect-ratio: 72\/40;\" \/><\/div><div class=\"td_video_title_and_time\"><div class=\"td_video_title\">11_06 dicembre Immacolata 2022<\/div><div class=\"td_video_time\">05:21<\/div><\/div><\/a><a class=\"td_7__RMyeJMnU td_click_video td_click_video_youtube \" data-video-id=\"7__RMyeJMnU\"> <div class=\"td_video_thumb\"><img decoding=\"async\" data-src=\"https:\/\/img.youtube.com\/vi\/7__RMyeJMnU\/default.jpg\" alt=\"Video thumbnail\" width=\"72px\" height=\"40px\" src=\"data:image\/svg+xml;base64,PHN2ZyB3aWR0aD0iMSIgaGVpZ2h0PSIxIiB4bWxucz0iaHR0cDovL3d3dy53My5vcmcvMjAwMC9zdmciPjwvc3ZnPg==\" class=\"lazyload\" style=\"--smush-placeholder-width: 72px; --smush-placeholder-aspect-ratio: 72\/40;\" \/><\/div><div class=\"td_video_title_and_time\"><div class=\"td_video_title\">10_05 dicembre Immacolata 2022<\/div><div class=\"td_video_time\">06:38<\/div><\/div><\/a><a class=\"td_Rc7fvigZFEU td_click_video td_click_video_youtube \" data-video-id=\"Rc7fvigZFEU\"> <div class=\"td_video_thumb\"><img decoding=\"async\" data-src=\"https:\/\/img.youtube.com\/vi\/Rc7fvigZFEU\/default.jpg\" alt=\"Video thumbnail\" width=\"72px\" height=\"40px\" src=\"data:image\/svg+xml;base64,PHN2ZyB3aWR0aD0iMSIgaGVpZ2h0PSIxIiB4bWxucz0iaHR0cDovL3d3dy53My5vcmcvMjAwMC9zdmciPjwvc3ZnPg==\" class=\"lazyload\" style=\"--smush-placeholder-width: 72px; --smush-placeholder-aspect-ratio: 72\/40;\" \/><\/div><div class=\"td_video_title_and_time\"><div class=\"td_video_title\">09_04 dicembre Immacolata 2022<\/div><div class=\"td_video_time\">05:45<\/div><\/div><\/a><a class=\"td_bYBfpfN_tUg td_click_video td_click_video_youtube \" data-video-id=\"bYBfpfN_tUg\"> <div class=\"td_video_thumb\"><img decoding=\"async\" data-src=\"https:\/\/img.youtube.com\/vi\/bYBfpfN_tUg\/default.jpg\" alt=\"Video thumbnail\" width=\"72px\" height=\"40px\" src=\"data:image\/svg+xml;base64,PHN2ZyB3aWR0aD0iMSIgaGVpZ2h0PSIxIiB4bWxucz0iaHR0cDovL3d3dy53My5vcmcvMjAwMC9zdmciPjwvc3ZnPg==\" class=\"lazyload\" style=\"--smush-placeholder-width: 72px; --smush-placeholder-aspect-ratio: 72\/40;\" \/><\/div><div class=\"td_video_title_and_time\"><div class=\"td_video_title\">08_03 dicembre Immacolata 2022<\/div><div class=\"td_video_time\">04:26<\/div><\/div><\/a><a class=\"td_07DzYmTgneU td_click_video td_click_video_youtube \" data-video-id=\"07DzYmTgneU\"> <div class=\"td_video_thumb\"><img decoding=\"async\" data-src=\"https:\/\/img.youtube.com\/vi\/07DzYmTgneU\/default.jpg\" alt=\"Video thumbnail\" width=\"72px\" height=\"40px\" src=\"data:image\/svg+xml;base64,PHN2ZyB3aWR0aD0iMSIgaGVpZ2h0PSIxIiB4bWxucz0iaHR0cDovL3d3dy53My5vcmcvMjAwMC9zdmciPjwvc3ZnPg==\" class=\"lazyload\" style=\"--smush-placeholder-width: 72px; --smush-placeholder-aspect-ratio: 72\/40;\" \/><\/div><div class=\"td_video_title_and_time\"><div class=\"td_video_title\">07_02 dicembre Immacolata 2022<\/div><div class=\"td_video_time\">04:40<\/div><\/div><\/a><a class=\"td_rdwj0AXbHGo td_click_video td_click_video_youtube \" data-video-id=\"rdwj0AXbHGo\"> <div class=\"td_video_thumb\"><img decoding=\"async\" data-src=\"https:\/\/img.youtube.com\/vi\/rdwj0AXbHGo\/default.jpg\" alt=\"Video thumbnail\" width=\"72px\" height=\"40px\" src=\"data:image\/svg+xml;base64,PHN2ZyB3aWR0aD0iMSIgaGVpZ2h0PSIxIiB4bWxucz0iaHR0cDovL3d3dy53My5vcmcvMjAwMC9zdmciPjwvc3ZnPg==\" class=\"lazyload\" style=\"--smush-placeholder-width: 72px; --smush-placeholder-aspect-ratio: 72\/40;\" \/><\/div><div class=\"td_video_title_and_time\"><div class=\"td_video_title\">06_01 dicembre Immacolata 2022<\/div><div class=\"td_video_time\">06:33<\/div><\/div><\/a><a class=\"td_6iZKbgcifsM td_click_video td_click_video_youtube \" data-video-id=\"6iZKbgcifsM\"> <div class=\"td_video_thumb\"><img decoding=\"async\" data-src=\"https:\/\/img.youtube.com\/vi\/6iZKbgcifsM\/default.jpg\" alt=\"Video thumbnail\" width=\"72px\" height=\"40px\" src=\"data:image\/svg+xml;base64,PHN2ZyB3aWR0aD0iMSIgaGVpZ2h0PSIxIiB4bWxucz0iaHR0cDovL3d3dy53My5vcmcvMjAwMC9zdmciPjwvc3ZnPg==\" class=\"lazyload\" style=\"--smush-placeholder-width: 72px; --smush-placeholder-aspect-ratio: 72\/40;\" \/><\/div><div class=\"td_video_title_and_time\"><div class=\"td_video_title\">05_30 novembre Immacolata 2022<\/div><div class=\"td_video_time\">03:46<\/div><\/div><\/a><a class=\"td_fJV_gVs9_z4 td_click_video td_click_video_youtube \" data-video-id=\"fJV_gVs9_z4\"> <div class=\"td_video_thumb\"><img decoding=\"async\" data-src=\"https:\/\/img.youtube.com\/vi\/fJV_gVs9_z4\/default.jpg\" alt=\"Video thumbnail\" width=\"72px\" height=\"40px\" src=\"data:image\/svg+xml;base64,PHN2ZyB3aWR0aD0iMSIgaGVpZ2h0PSIxIiB4bWxucz0iaHR0cDovL3d3dy53My5vcmcvMjAwMC9zdmciPjwvc3ZnPg==\" class=\"lazyload\" style=\"--smush-placeholder-width: 72px; --smush-placeholder-aspect-ratio: 72\/40;\" \/><\/div><div class=\"td_video_title_and_time\"><div class=\"td_video_title\">04_29 novembre Immacolata 2022<\/div><div class=\"td_video_time\">05:27<\/div><\/div><\/a><a class=\"td_acbkuvp3bv4 td_click_video td_click_video_youtube \" data-video-id=\"acbkuvp3bv4\"> <div class=\"td_video_thumb\"><img decoding=\"async\" data-src=\"https:\/\/img.youtube.com\/vi\/acbkuvp3bv4\/default.jpg\" alt=\"Video thumbnail\" width=\"72px\" height=\"40px\" src=\"data:image\/svg+xml;base64,PHN2ZyB3aWR0aD0iMSIgaGVpZ2h0PSIxIiB4bWxucz0iaHR0cDovL3d3dy53My5vcmcvMjAwMC9zdmciPjwvc3ZnPg==\" class=\"lazyload\" style=\"--smush-placeholder-width: 72px; --smush-placeholder-aspect-ratio: 72\/40;\" \/><\/div><div class=\"td_video_title_and_time\"><div class=\"td_video_title\">03_28 novembre Immacolata 2022<\/div><div class=\"td_video_time\">04:36<\/div><\/div><\/a><a class=\"td_yH_CqUlwHPc td_click_video td_click_video_youtube \" data-video-id=\"yH_CqUlwHPc\"> <div class=\"td_video_thumb\"><img decoding=\"async\" data-src=\"https:\/\/img.youtube.com\/vi\/yH_CqUlwHPc\/default.jpg\" alt=\"Video thumbnail\" width=\"72px\" height=\"40px\" src=\"data:image\/svg+xml;base64,PHN2ZyB3aWR0aD0iMSIgaGVpZ2h0PSIxIiB4bWxucz0iaHR0cDovL3d3dy53My5vcmcvMjAwMC9zdmciPjwvc3ZnPg==\" class=\"lazyload\" style=\"--smush-placeholder-width: 72px; --smush-placeholder-aspect-ratio: 72\/40;\" \/><\/div><div class=\"td_video_title_and_time\"><div class=\"td_video_title\">02_27 novembre Immacolata 2022<\/div><div class=\"td_video_time\">04:38<\/div><\/div><\/a><a class=\"td_qryFgZNWCws td_click_video td_click_video_youtube \" data-video-id=\"qryFgZNWCws\"> <div class=\"td_video_thumb\"><img decoding=\"async\" data-src=\"https:\/\/img.youtube.com\/vi\/qryFgZNWCws\/default.jpg\" alt=\"Video thumbnail\" width=\"72px\" height=\"40px\" src=\"data:image\/svg+xml;base64,PHN2ZyB3aWR0aD0iMSIgaGVpZ2h0PSIxIiB4bWxucz0iaHR0cDovL3d3dy53My5vcmcvMjAwMC9zdmciPjwvc3ZnPg==\" class=\"lazyload\" style=\"--smush-placeholder-width: 72px; --smush-placeholder-aspect-ratio: 72\/40;\" \/><\/div><div class=\"td_video_title_and_time\"><div class=\"td_video_title\">01_26 novembre Immacolata 2022<\/div><div class=\"td_video_time\">04:57<\/div><\/div><\/a><a class=\"td_edzfr9ykHSg td_click_video td_click_video_youtube \" data-video-id=\"edzfr9ykHSg\"> <div class=\"td_video_thumb\"><img decoding=\"async\" data-src=\"https:\/\/img.youtube.com\/vi\/edzfr9ykHSg\/default.jpg\" alt=\"Video thumbnail\" width=\"72px\" height=\"40px\" src=\"data:image\/svg+xml;base64,PHN2ZyB3aWR0aD0iMSIgaGVpZ2h0PSIxIiB4bWxucz0iaHR0cDovL3d3dy53My5vcmcvMjAwMC9zdmciPjwvc3ZnPg==\" class=\"lazyload\" style=\"--smush-placeholder-width: 72px; --smush-placeholder-aspect-ratio: 72\/40;\" \/><\/div><div class=\"td_video_title_and_time\"><div class=\"td_video_title\">Momento di preghiera online con le Sante, Beate, Venerabili, Serve di Dio dell\u2019Istituto FMA<\/div><div class=\"td_video_time\">01:20:35<\/div><\/div><\/a><a class=\"td__mcpAs01XCw td_click_video td_click_video_youtube \" data-video-id=\"_mcpAs01XCw\"> <div class=\"td_video_thumb\"><img decoding=\"async\" data-src=\"https:\/\/img.youtube.com\/vi\/_mcpAs01XCw\/default.jpg\" alt=\"Video thumbnail\" width=\"72px\" height=\"40px\" src=\"data:image\/svg+xml;base64,PHN2ZyB3aWR0aD0iMSIgaGVpZ2h0PSIxIiB4bWxucz0iaHR0cDovL3d3dy53My5vcmcvMjAwMC9zdmciPjwvc3ZnPg==\" class=\"lazyload\" style=\"--smush-placeholder-width: 72px; --smush-placeholder-aspect-ratio: 72\/40;\" \/><\/div><div class=\"td_video_title_and_time\"><div class=\"td_video_title\">Tavola rotonda: MADRE ROSETTA MARCHESE - dalle vette della VALLE D'AOSTA alle vette della SANTIT\u00c0<\/div><div class=\"td_video_time\">02:32:21<\/div><\/div><\/a><a class=\"td_5bB-kFbFzeE td_click_video td_click_video_youtube \" data-video-id=\"5bB-kFbFzeE\"> <div class=\"td_video_thumb\"><img decoding=\"async\" data-src=\"https:\/\/img.youtube.com\/vi\/5bB-kFbFzeE\/default.jpg\" alt=\"Video thumbnail\" width=\"72px\" height=\"40px\" src=\"data:image\/svg+xml;base64,PHN2ZyB3aWR0aD0iMSIgaGVpZ2h0PSIxIiB4bWxucz0iaHR0cDovL3d3dy53My5vcmcvMjAwMC9zdmciPjwvc3ZnPg==\" class=\"lazyload\" style=\"--smush-placeholder-width: 72px; --smush-placeholder-aspect-ratio: 72\/40;\" \/><\/div><div class=\"td_video_title_and_time\"><div class=\"td_video_title\">Messaggio di Madre Chiara Cazzuola - Tempo del Creato 2022<\/div><div class=\"td_video_time\">05:56<\/div><\/div><\/a><a class=\"td_frahGGrIWs0 td_click_video td_click_video_youtube \" data-video-id=\"frahGGrIWs0\"> <div class=\"td_video_thumb\"><img decoding=\"async\" data-src=\"https:\/\/img.youtube.com\/vi\/frahGGrIWs0\/default.jpg\" alt=\"Video thumbnail\" width=\"72px\" height=\"40px\" src=\"data:image\/svg+xml;base64,PHN2ZyB3aWR0aD0iMSIgaGVpZ2h0PSIxIiB4bWxucz0iaHR0cDovL3d3dy53My5vcmcvMjAwMC9zdmciPjwvc3ZnPg==\" class=\"lazyload\" style=\"--smush-placeholder-width: 72px; --smush-placeholder-aspect-ratio: 72\/40;\" \/><\/div><div class=\"td_video_title_and_time\"><div class=\"td_video_title\">Mornese 5 Agosto 2022. Messaggio di Madre Chiara Cazzuola<\/div><div class=\"td_video_time\">09:33<\/div><\/div><\/a><a class=\"td_EMAoegnql8Q td_click_video td_click_video_youtube \" data-video-id=\"EMAoegnql8Q\"> <div class=\"td_video_thumb\"><img decoding=\"async\" data-src=\"https:\/\/img.youtube.com\/vi\/EMAoegnql8Q\/default.jpg\" alt=\"Video thumbnail\" width=\"72px\" height=\"40px\" src=\"data:image\/svg+xml;base64,PHN2ZyB3aWR0aD0iMSIgaGVpZ2h0PSIxIiB4bWxucz0iaHR0cDovL3d3dy53My5vcmcvMjAwMC9zdmciPjwvc3ZnPg==\" class=\"lazyload\" style=\"--smush-placeholder-width: 72px; --smush-placeholder-aspect-ratio: 72\/40;\" \/><\/div><div class=\"td_video_title_and_time\"><div class=\"td_video_title\">Pasqua 2022. Messaggio di Madre Chiara Cazzuola<\/div><div class=\"td_video_time\">07:09<\/div><\/div><\/a><a class=\"td_2GqtlPgZNWM td_click_video td_click_video_youtube \" data-video-id=\"2GqtlPgZNWM\"> <div class=\"td_video_thumb\"><img decoding=\"async\" data-src=\"https:\/\/img.youtube.com\/vi\/2GqtlPgZNWM\/default.jpg\" alt=\"Video thumbnail\" width=\"72px\" height=\"40px\" src=\"data:image\/svg+xml;base64,PHN2ZyB3aWR0aD0iMSIgaGVpZ2h0PSIxIiB4bWxucz0iaHR0cDovL3d3dy53My5vcmcvMjAwMC9zdmciPjwvc3ZnPg==\" class=\"lazyload\" style=\"--smush-placeholder-width: 72px; --smush-placeholder-aspect-ratio: 72\/40;\" \/><\/div><div class=\"td_video_title_and_time\"><div class=\"td_video_title\">Rosario per la Pace<\/div><div class=\"td_video_time\">53:41<\/div><\/div><\/a><a class=\"td_V_pLaox9_Vg td_click_video td_click_video_youtube \" data-video-id=\"V_pLaox9_Vg\"> <div class=\"td_video_thumb\"><img decoding=\"async\" data-src=\"https:\/\/img.youtube.com\/vi\/V_pLaox9_Vg\/default.jpg\" alt=\"Video thumbnail\" width=\"72px\" height=\"40px\" src=\"data:image\/svg+xml;base64,PHN2ZyB3aWR0aD0iMSIgaGVpZ2h0PSIxIiB4bWxucz0iaHR0cDovL3d3dy53My5vcmcvMjAwMC9zdmciPjwvc3ZnPg==\" class=\"lazyload\" style=\"--smush-placeholder-width: 72px; --smush-placeholder-aspect-ratio: 72\/40;\" \/><\/div><div class=\"td_video_title_and_time\"><div class=\"td_video_title\">Presentazione Strenna 2022<\/div><div class=\"td_video_time\">02:14:55<\/div><\/div><\/a><a class=\"td_9_eCYyBT5gQ td_click_video td_click_video_youtube \" data-video-id=\"9_eCYyBT5gQ\"> <div class=\"td_video_thumb\"><img decoding=\"async\" data-src=\"https:\/\/img.youtube.com\/vi\/9_eCYyBT5gQ\/default.jpg\" alt=\"Video thumbnail\" width=\"72px\" height=\"40px\" src=\"data:image\/svg+xml;base64,PHN2ZyB3aWR0aD0iMSIgaGVpZ2h0PSIxIiB4bWxucz0iaHR0cDovL3d3dy53My5vcmcvMjAwMC9zdmciPjwvc3ZnPg==\" class=\"lazyload\" style=\"--smush-placeholder-width: 72px; --smush-placeholder-aspect-ratio: 72\/40;\" \/><\/div><div class=\"td_video_title_and_time\"><div class=\"td_video_title\">Natale 2021. Messaggio di Madre Chiara Cazzuola.<\/div><div class=\"td_video_time\">12:01<\/div><\/div><\/a><a class=\"td_xB-O6qKi3A4 td_click_video td_click_video_youtube \" data-video-id=\"xB-O6qKi3A4\"> <div class=\"td_video_thumb\"><img decoding=\"async\" data-src=\"https:\/\/img.youtube.com\/vi\/xB-O6qKi3A4\/default.jpg\" alt=\"Video thumbnail\" width=\"72px\" height=\"40px\" src=\"data:image\/svg+xml;base64,PHN2ZyB3aWR0aD0iMSIgaGVpZ2h0PSIxIiB4bWxucz0iaHR0cDovL3d3dy53My5vcmcvMjAwMC9zdmciPjwvc3ZnPg==\" class=\"lazyload\" style=\"--smush-placeholder-width: 72px; --smush-placeholder-aspect-ratio: 72\/40;\" \/><\/div><div class=\"td_video_title_and_time\"><div class=\"td_video_title\">Messaggio di Madre Chiara Cazzuola - Festa dell'Immacolata 2021<\/div><div class=\"td_video_time\">13:21<\/div><\/div><\/a><a class=\"td_28PPb3hZaU0 td_click_video td_click_video_youtube \" data-video-id=\"28PPb3hZaU0\"> <div class=\"td_video_thumb\"><img decoding=\"async\" data-src=\"https:\/\/img.youtube.com\/vi\/28PPb3hZaU0\/default.jpg\" alt=\"Video thumbnail\" width=\"72px\" height=\"40px\" src=\"data:image\/svg+xml;base64,PHN2ZyB3aWR0aD0iMSIgaGVpZ2h0PSIxIiB4bWxucz0iaHR0cDovL3d3dy53My5vcmcvMjAwMC9zdmciPjwvc3ZnPg==\" class=\"lazyload\" style=\"--smush-placeholder-width: 72px; --smush-placeholder-aspect-ratio: 72\/40;\" \/><\/div><div class=\"td_video_title_and_time\"><div class=\"td_video_title\">Capitolo Generale XXIV - Chiusura ufficiale<\/div><div class=\"td_video_time\">01:19:37<\/div><\/div><\/a><a class=\"td_GAjGGOdDun4 td_click_video td_click_video_youtube \" data-video-id=\"GAjGGOdDun4\"> <div class=\"td_video_thumb\"><img decoding=\"async\" data-src=\"https:\/\/img.youtube.com\/vi\/GAjGGOdDun4\/default.jpg\" alt=\"Video thumbnail\" width=\"72px\" height=\"40px\" src=\"data:image\/svg+xml;base64,PHN2ZyB3aWR0aD0iMSIgaGVpZ2h0PSIxIiB4bWxucz0iaHR0cDovL3d3dy53My5vcmcvMjAwMC9zdmciPjwvc3ZnPg==\" class=\"lazyload\" style=\"--smush-placeholder-width: 72px; --smush-placeholder-aspect-ratio: 72\/40;\" \/><\/div><div class=\"td_video_title_and_time\"><div class=\"td_video_title\">Capitolo Generale XXIV<\/div><div class=\"td_video_time\">01:44<\/div><\/div><\/a><a class=\"td_URISNF62OIo td_click_video td_click_video_youtube \" data-video-id=\"URISNF62OIo\"> <div class=\"td_video_thumb\"><img decoding=\"async\" data-src=\"https:\/\/img.youtube.com\/vi\/URISNF62OIo\/default.jpg\" alt=\"Video thumbnail\" width=\"72px\" height=\"40px\" src=\"data:image\/svg+xml;base64,PHN2ZyB3aWR0aD0iMSIgaGVpZ2h0PSIxIiB4bWxucz0iaHR0cDovL3d3dy53My5vcmcvMjAwMC9zdmciPjwvc3ZnPg==\" class=\"lazyload\" style=\"--smush-placeholder-width: 72px; --smush-placeholder-aspect-ratio: 72\/40;\" \/><\/div><div class=\"td_video_title_and_time\"><div class=\"td_video_title\">Capitolo Generale XXIV - Buona notte di Madre Chiara Cazzuola - 11 ottobre 2021<\/div><div class=\"td_video_time\">05:18<\/div><\/div><\/a><a class=\"td_XJwKM9xKTWI td_click_video td_click_video_youtube \" data-video-id=\"XJwKM9xKTWI\"> <div class=\"td_video_thumb\"><img decoding=\"async\" data-src=\"https:\/\/img.youtube.com\/vi\/XJwKM9xKTWI\/default.jpg\" alt=\"Video thumbnail\" width=\"72px\" height=\"40px\" src=\"data:image\/svg+xml;base64,PHN2ZyB3aWR0aD0iMSIgaGVpZ2h0PSIxIiB4bWxucz0iaHR0cDovL3d3dy53My5vcmcvMjAwMC9zdmciPjwvc3ZnPg==\" class=\"lazyload\" style=\"--smush-placeholder-width: 72px; --smush-placeholder-aspect-ratio: 72\/40;\" \/><\/div><div class=\"td_video_title_and_time\"><div class=\"td_video_title\">Capitolo Generale XXIV - Raccontare e condividere la vita e la missione dell\u2019Istituto FMA<\/div><div class=\"td_video_time\">03:30<\/div><\/div><\/a><a class=\"td__T2a2qaAINU td_click_video td_click_video_youtube \" data-video-id=\"_T2a2qaAINU\"> <div class=\"td_video_thumb\"><img decoding=\"async\" data-src=\"https:\/\/img.youtube.com\/vi\/_T2a2qaAINU\/default.jpg\" alt=\"Video thumbnail\" width=\"72px\" height=\"40px\" src=\"data:image\/svg+xml;base64,PHN2ZyB3aWR0aD0iMSIgaGVpZ2h0PSIxIiB4bWxucz0iaHR0cDovL3d3dy53My5vcmcvMjAwMC9zdmciPjwvc3ZnPg==\" class=\"lazyload\" style=\"--smush-placeholder-width: 72px; --smush-placeholder-aspect-ratio: 72\/40;\" \/><\/div><div class=\"td_video_title_and_time\"><div class=\"td_video_title\">Capitolo Generale XXIV - Esperienza Carismatica<\/div><div class=\"td_video_time\">01:33<\/div><\/div><\/a><a class=\"td__yOp_GYP-Bg td_click_video td_click_video_youtube \" data-video-id=\"_yOp_GYP-Bg\"> <div class=\"td_video_thumb\"><img decoding=\"async\" data-src=\"https:\/\/img.youtube.com\/vi\/_yOp_GYP-Bg\/default.jpg\" alt=\"Video thumbnail\" width=\"72px\" height=\"40px\" src=\"data:image\/svg+xml;base64,PHN2ZyB3aWR0aD0iMSIgaGVpZ2h0PSIxIiB4bWxucz0iaHR0cDovL3d3dy53My5vcmcvMjAwMC9zdmciPjwvc3ZnPg==\" class=\"lazyload\" style=\"--smush-placeholder-width: 72px; --smush-placeholder-aspect-ratio: 72\/40;\" \/><\/div><div class=\"td_video_title_and_time\"><div class=\"td_video_title\">Capitolo Generale XXIV - Giornate di preghiera 2<\/div><div class=\"td_video_time\">02:28<\/div><\/div><\/a><a class=\"td_cz9UbVDT0lI td_click_video td_click_video_youtube \" data-video-id=\"cz9UbVDT0lI\"> <div class=\"td_video_thumb\"><img decoding=\"async\" data-src=\"https:\/\/img.youtube.com\/vi\/cz9UbVDT0lI\/default.jpg\" alt=\"Video thumbnail\" width=\"72px\" height=\"40px\" src=\"data:image\/svg+xml;base64,PHN2ZyB3aWR0aD0iMSIgaGVpZ2h0PSIxIiB4bWxucz0iaHR0cDovL3d3dy53My5vcmcvMjAwMC9zdmciPjwvc3ZnPg==\" class=\"lazyload\" style=\"--smush-placeholder-width: 72px; --smush-placeholder-aspect-ratio: 72\/40;\" \/><\/div><div class=\"td_video_title_and_time\"><div class=\"td_video_title\">APERTURA UFFICIALE CG XXIV<\/div><div class=\"td_video_time\">06:11:30<\/div><\/div><\/a><a class=\"td_aUibBV6xz9o td_click_video td_click_video_youtube \" data-video-id=\"aUibBV6xz9o\"> <div class=\"td_video_thumb\"><img decoding=\"async\" data-src=\"https:\/\/img.youtube.com\/vi\/aUibBV6xz9o\/default.jpg\" alt=\"Video thumbnail\" width=\"72px\" height=\"40px\" src=\"data:image\/svg+xml;base64,PHN2ZyB3aWR0aD0iMSIgaGVpZ2h0PSIxIiB4bWxucz0iaHR0cDovL3d3dy53My5vcmcvMjAwMC9zdmciPjwvc3ZnPg==\" class=\"lazyload\" style=\"--smush-placeholder-width: 72px; --smush-placeholder-aspect-ratio: 72\/40;\" \/><\/div><div class=\"td_video_title_and_time\"><div class=\"td_video_title\">Capitolo Generale XXIV - Giornate di preghiera<\/div><div class=\"td_video_time\">01:01<\/div><\/div><\/a><a class=\"td_enw77Zx-XaQ td_click_video td_click_video_youtube \" data-video-id=\"enw77Zx-XaQ\"> <div class=\"td_video_thumb\"><img decoding=\"async\" data-src=\"https:\/\/img.youtube.com\/vi\/enw77Zx-XaQ\/default.jpg\" alt=\"Video thumbnail\" width=\"72px\" height=\"40px\" src=\"data:image\/svg+xml;base64,PHN2ZyB3aWR0aD0iMSIgaGVpZ2h0PSIxIiB4bWxucz0iaHR0cDovL3d3dy53My5vcmcvMjAwMC9zdmciPjwvc3ZnPg==\" class=\"lazyload\" style=\"--smush-placeholder-width: 72px; --smush-placeholder-aspect-ratio: 72\/40;\" \/><\/div><div class=\"td_video_title_and_time\"><div class=\"td_video_title\">Capitolo Generale XXIV - Giornata di conoscenza 3<\/div><div class=\"td_video_time\">01:17<\/div><\/div><\/a><a class=\"td_RKXjUizqFlU td_click_video td_click_video_youtube \" data-video-id=\"RKXjUizqFlU\"> <div class=\"td_video_thumb\"><img decoding=\"async\" data-src=\"https:\/\/img.youtube.com\/vi\/RKXjUizqFlU\/default.jpg\" alt=\"Video thumbnail\" width=\"72px\" height=\"40px\" src=\"data:image\/svg+xml;base64,PHN2ZyB3aWR0aD0iMSIgaGVpZ2h0PSIxIiB4bWxucz0iaHR0cDovL3d3dy53My5vcmcvMjAwMC9zdmciPjwvc3ZnPg==\" class=\"lazyload\" style=\"--smush-placeholder-width: 72px; --smush-placeholder-aspect-ratio: 72\/40;\" \/><\/div><div class=\"td_video_title_and_time\"><div class=\"td_video_title\">Capitolo Generale XXIV - Giornata di conoscenza 2<\/div><div class=\"td_video_time\">01:53<\/div><\/div><\/a><a class=\"td_S3S2FFPaCSU td_click_video td_click_video_youtube \" data-video-id=\"S3S2FFPaCSU\"> <div class=\"td_video_thumb\"><img decoding=\"async\" data-src=\"https:\/\/img.youtube.com\/vi\/S3S2FFPaCSU\/default.jpg\" alt=\"Video thumbnail\" width=\"72px\" height=\"40px\" src=\"data:image\/svg+xml;base64,PHN2ZyB3aWR0aD0iMSIgaGVpZ2h0PSIxIiB4bWxucz0iaHR0cDovL3d3dy53My5vcmcvMjAwMC9zdmciPjwvc3ZnPg==\" class=\"lazyload\" style=\"--smush-placeholder-width: 72px; --smush-placeholder-aspect-ratio: 72\/40;\" \/><\/div><div class=\"td_video_title_and_time\"><div class=\"td_video_title\">Capitolo Generale XXIV - Giornata di conoscenza<\/div><div class=\"td_video_time\">01:00<\/div><\/div><\/a><a class=\"td_6zo5-iplJgc td_click_video td_click_video_youtube \" data-video-id=\"6zo5-iplJgc\"> <div class=\"td_video_thumb\"><img decoding=\"async\" data-src=\"https:\/\/img.youtube.com\/vi\/6zo5-iplJgc\/default.jpg\" alt=\"Video thumbnail\" width=\"72px\" height=\"40px\" src=\"data:image\/svg+xml;base64,PHN2ZyB3aWR0aD0iMSIgaGVpZ2h0PSIxIiB4bWxucz0iaHR0cDovL3d3dy53My5vcmcvMjAwMC9zdmciPjwvc3ZnPg==\" class=\"lazyload\" style=\"--smush-placeholder-width: 72px; --smush-placeholder-aspect-ratio: 72\/40;\" \/><\/div><div class=\"td_video_title_and_time\"><div class=\"td_video_title\">3\u00b0 anno di preparazione al 150\u00b0 di Fondazione dell\u2019Istituto FMA<\/div><div class=\"td_video_time\">40:18<\/div><\/div><\/a><a class=\"td_GiwNGkhX6rc td_click_video td_click_video_youtube \" data-video-id=\"GiwNGkhX6rc\"> <div class=\"td_video_thumb\"><img decoding=\"async\" data-src=\"https:\/\/img.youtube.com\/vi\/GiwNGkhX6rc\/default.jpg\" alt=\"Video thumbnail\" width=\"72px\" height=\"40px\" src=\"data:image\/svg+xml;base64,PHN2ZyB3aWR0aD0iMSIgaGVpZ2h0PSIxIiB4bWxucz0iaHR0cDovL3d3dy53My5vcmcvMjAwMC9zdmciPjwvc3ZnPg==\" class=\"lazyload\" style=\"--smush-placeholder-width: 72px; --smush-placeholder-aspect-ratio: 72\/40;\" \/><\/div><div class=\"td_video_title_and_time\"><div class=\"td_video_title\">Messaggio Madre Yvonne Reungoat - Festa Madre Mazzarello 2021<\/div><div class=\"td_video_time\">20:08<\/div><\/div><\/a><a class=\"td_NqfssHjNf84 td_click_video td_click_video_youtube \" data-video-id=\"NqfssHjNf84\"> <div class=\"td_video_thumb\"><img decoding=\"async\" data-src=\"https:\/\/img.youtube.com\/vi\/NqfssHjNf84\/default.jpg\" alt=\"Video thumbnail\" width=\"72px\" height=\"40px\" src=\"data:image\/svg+xml;base64,PHN2ZyB3aWR0aD0iMSIgaGVpZ2h0PSIxIiB4bWxucz0iaHR0cDovL3d3dy53My5vcmcvMjAwMC9zdmciPjwvc3ZnPg==\" class=\"lazyload\" style=\"--smush-placeholder-width: 72px; --smush-placeholder-aspect-ratio: 72\/40;\" \/><\/div><div class=\"td_video_title_and_time\"><div class=\"td_video_title\">Pasqua 2021. Messaggio di Madre Yvonne Reungoat.<\/div><div class=\"td_video_time\">20:35<\/div><\/div><\/a><a class=\"td_9mTPRGNahVc td_click_video td_click_video_youtube \" data-video-id=\"9mTPRGNahVc\"> <div class=\"td_video_thumb\"><img decoding=\"async\" data-src=\"https:\/\/img.youtube.com\/vi\/9mTPRGNahVc\/default.jpg\" alt=\"Video thumbnail\" width=\"72px\" height=\"40px\" src=\"data:image\/svg+xml;base64,PHN2ZyB3aWR0aD0iMSIgaGVpZ2h0PSIxIiB4bWxucz0iaHR0cDovL3d3dy53My5vcmcvMjAwMC9zdmciPjwvc3ZnPg==\" class=\"lazyload\" style=\"--smush-placeholder-width: 72px; --smush-placeholder-aspect-ratio: 72\/40;\" \/><\/div><div class=\"td_video_title_and_time\"><div class=\"td_video_title\">Testimonianza dei giovani delle realt\u00e0 FMA<\/div><div class=\"td_video_time\">15:11<\/div><\/div><\/a><a class=\"td_BmNIF_oST-Y td_click_video td_click_video_youtube \" data-video-id=\"BmNIF_oST-Y\"> <div class=\"td_video_thumb\"><img decoding=\"async\" data-src=\"https:\/\/img.youtube.com\/vi\/BmNIF_oST-Y\/default.jpg\" alt=\"Video thumbnail\" width=\"72px\" height=\"40px\" src=\"data:image\/svg+xml;base64,PHN2ZyB3aWR0aD0iMSIgaGVpZ2h0PSIxIiB4bWxucz0iaHR0cDovL3d3dy53My5vcmcvMjAwMC9zdmciPjwvc3ZnPg==\" class=\"lazyload\" style=\"--smush-placeholder-width: 72px; --smush-placeholder-aspect-ratio: 72\/40;\" \/><\/div><div class=\"td_video_title_and_time\"><div class=\"td_video_title\">Witness of young people in the FMA reality<\/div><div class=\"td_video_time\">15:37<\/div><\/div><\/a><a class=\"td_pG6z1daKei8 td_click_video td_click_video_youtube \" data-video-id=\"pG6z1daKei8\"> <div class=\"td_video_thumb\"><img decoding=\"async\" data-src=\"https:\/\/img.youtube.com\/vi\/pG6z1daKei8\/default.jpg\" alt=\"Video thumbnail\" width=\"72px\" height=\"40px\" src=\"data:image\/svg+xml;base64,PHN2ZyB3aWR0aD0iMSIgaGVpZ2h0PSIxIiB4bWxucz0iaHR0cDovL3d3dy53My5vcmcvMjAwMC9zdmciPjwvc3ZnPg==\" class=\"lazyload\" style=\"--smush-placeholder-width: 72px; --smush-placeholder-aspect-ratio: 72\/40;\" \/><\/div><div class=\"td_video_title_and_time\"><div class=\"td_video_title\">Testimonio de los jovenes de las obras educativas de las FMA<\/div><div class=\"td_video_time\">15:21<\/div><\/div><\/a><a class=\"td_cCYV6XkCN5w td_click_video td_click_video_youtube \" data-video-id=\"cCYV6XkCN5w\"> <div class=\"td_video_thumb\"><img decoding=\"async\" data-src=\"https:\/\/img.youtube.com\/vi\/cCYV6XkCN5w\/default.jpg\" alt=\"Video thumbnail\" width=\"72px\" height=\"40px\" src=\"data:image\/svg+xml;base64,PHN2ZyB3aWR0aD0iMSIgaGVpZ2h0PSIxIiB4bWxucz0iaHR0cDovL3d3dy53My5vcmcvMjAwMC9zdmciPjwvc3ZnPg==\" class=\"lazyload\" style=\"--smush-placeholder-width: 72px; --smush-placeholder-aspect-ratio: 72\/40;\" \/><\/div><div class=\"td_video_title_and_time\"><div class=\"td_video_title\">T\u00e9moignage des jeunes  dans la mission \u00e9ducative des FMA<\/div><div class=\"td_video_time\">16:31<\/div><\/div><\/a><a class=\"td_DY7DFCYKsyQ td_click_video td_click_video_youtube \" data-video-id=\"DY7DFCYKsyQ\"> <div class=\"td_video_thumb\"><img decoding=\"async\" data-src=\"https:\/\/img.youtube.com\/vi\/DY7DFCYKsyQ\/default.jpg\" alt=\"Video thumbnail\" width=\"72px\" height=\"40px\" src=\"data:image\/svg+xml;base64,PHN2ZyB3aWR0aD0iMSIgaGVpZ2h0PSIxIiB4bWxucz0iaHR0cDovL3d3dy53My5vcmcvMjAwMC9zdmciPjwvc3ZnPg==\" class=\"lazyload\" style=\"--smush-placeholder-width: 72px; --smush-placeholder-aspect-ratio: 72\/40;\" \/><\/div><div class=\"td_video_title_and_time\"><div class=\"td_video_title\">Testemunho de jovens das presen\u00e7as educativas das FMA<\/div><div class=\"td_video_time\">15:58<\/div><\/div><\/a><a class=\"td_JM0Ik4ku8W8 td_click_video td_click_video_youtube \" data-video-id=\"JM0Ik4ku8W8\"> <div class=\"td_video_thumb\"><img decoding=\"async\" data-src=\"https:\/\/img.youtube.com\/vi\/JM0Ik4ku8W8\/default.jpg\" alt=\"Video thumbnail\" width=\"72px\" height=\"40px\" src=\"data:image\/svg+xml;base64,PHN2ZyB3aWR0aD0iMSIgaGVpZ2h0PSIxIiB4bWxucz0iaHR0cDovL3d3dy53My5vcmcvMjAwMC9zdmciPjwvc3ZnPg==\" class=\"lazyload\" style=\"--smush-placeholder-width: 72px; --smush-placeholder-aspect-ratio: 72\/40;\" \/><\/div><div class=\"td_video_title_and_time\"><div class=\"td_video_title\">Natale 2020. Messaggio di Madre Yvonne Reungoat<\/div><div class=\"td_video_time\">24:35<\/div><\/div><\/a><a class=\"td_tjfgdfxcEBA td_click_video td_click_video_youtube \" data-video-id=\"tjfgdfxcEBA\"> <div class=\"td_video_thumb\"><img decoding=\"async\" data-src=\"https:\/\/img.youtube.com\/vi\/tjfgdfxcEBA\/default.jpg\" alt=\"Video thumbnail\" width=\"72px\" height=\"40px\" src=\"data:image\/svg+xml;base64,PHN2ZyB3aWR0aD0iMSIgaGVpZ2h0PSIxIiB4bWxucz0iaHR0cDovL3d3dy53My5vcmcvMjAwMC9zdmciPjwvc3ZnPg==\" class=\"lazyload\" style=\"--smush-placeholder-width: 72px; --smush-placeholder-aspect-ratio: 72\/40;\" \/><\/div><div class=\"td_video_title_and_time\"><div class=\"td_video_title\">2\u00b0 anno di preparazione al 150\u00b0 di Fondazione dell'Istituto FMA<\/div><div class=\"td_video_time\">21:12<\/div><\/div><\/a><a class=\"td_YX3w4icpdGU td_click_video td_click_video_youtube \" data-video-id=\"YX3w4icpdGU\"> <div class=\"td_video_thumb\"><img decoding=\"async\" data-src=\"https:\/\/img.youtube.com\/vi\/YX3w4icpdGU\/default.jpg\" alt=\"Video thumbnail\" width=\"72px\" height=\"40px\" src=\"data:image\/svg+xml;base64,PHN2ZyB3aWR0aD0iMSIgaGVpZ2h0PSIxIiB4bWxucz0iaHR0cDovL3d3dy53My5vcmcvMjAwMC9zdmciPjwvc3ZnPg==\" class=\"lazyload\" style=\"--smush-placeholder-width: 72px; --smush-placeholder-aspect-ratio: 72\/40;\" \/><\/div><div class=\"td_video_title_and_time\"><div class=\"td_video_title\">La visibilit\u00e0 del Carisma Salesiano nel cuore della Contemporaneit\u00e0<\/div><div class=\"td_video_time\">03:55<\/div><\/div><\/a><a class=\"td_G3x3AjtNANc td_click_video td_click_video_youtube \" data-video-id=\"G3x3AjtNANc\"> <div class=\"td_video_thumb\"><img decoding=\"async\" data-src=\"https:\/\/img.youtube.com\/vi\/G3x3AjtNANc\/default.jpg\" alt=\"Video thumbnail\" width=\"72px\" height=\"40px\" src=\"data:image\/svg+xml;base64,PHN2ZyB3aWR0aD0iMSIgaGVpZ2h0PSIxIiB4bWxucz0iaHR0cDovL3d3dy53My5vcmcvMjAwMC9zdmciPjwvc3ZnPg==\" class=\"lazyload\" style=\"--smush-placeholder-width: 72px; --smush-placeholder-aspect-ratio: 72\/40;\" \/><\/div><div class=\"td_video_title_and_time\"><div class=\"td_video_title\">Triennio di preparazione al 150\u00b0 dell'Istituto FMA<\/div><div class=\"td_video_time\">15:43<\/div><\/div><\/a><a class=\"td_DPU23BtSUHg td_click_video td_click_video_youtube \" data-video-id=\"DPU23BtSUHg\"> <div class=\"td_video_thumb\"><img decoding=\"async\" data-src=\"https:\/\/img.youtube.com\/vi\/DPU23BtSUHg\/default.jpg\" alt=\"Video thumbnail\" width=\"72px\" height=\"40px\" src=\"data:image\/svg+xml;base64,PHN2ZyB3aWR0aD0iMSIgaGVpZ2h0PSIxIiB4bWxucz0iaHR0cDovL3d3dy53My5vcmcvMjAwMC9zdmciPjwvc3ZnPg==\" class=\"lazyload\" style=\"--smush-placeholder-width: 72px; --smush-placeholder-aspect-ratio: 72\/40;\" \/><\/div><div class=\"td_video_title_and_time\"><div class=\"td_video_title\">Testimonianza di Suor Carmelita Concei\u00e7\u00e3o, Ispettrice dell\u2019Ispettoria \u201cLaura Vicu\u00f1a\u201d di Manaus (BMA)<\/div><div class=\"td_video_time\">23:20<\/div><\/div><\/a><a class=\"td_-els5ohF788 td_click_video td_click_video_youtube \" data-video-id=\"-els5ohF788\"> <div class=\"td_video_thumb\"><img decoding=\"async\" data-src=\"https:\/\/img.youtube.com\/vi\/-els5ohF788\/default.jpg\" alt=\"Video thumbnail\" width=\"72px\" height=\"40px\" src=\"data:image\/svg+xml;base64,PHN2ZyB3aWR0aD0iMSIgaGVpZ2h0PSIxIiB4bWxucz0iaHR0cDovL3d3dy53My5vcmcvMjAwMC9zdmciPjwvc3ZnPg==\" class=\"lazyload\" style=\"--smush-placeholder-width: 72px; --smush-placeholder-aspect-ratio: 72\/40;\" \/><\/div><div class=\"td_video_title_and_time\"><div class=\"td_video_title\">Testimonianza di Suor Mariluce dos Santos Mesquita, FMA<\/div><div class=\"td_video_time\">06:40<\/div><\/div><\/a><a class=\"td_OC6tKSttx8U td_click_video td_click_video_youtube \" data-video-id=\"OC6tKSttx8U\"> <div class=\"td_video_thumb\"><img decoding=\"async\" data-src=\"https:\/\/img.youtube.com\/vi\/OC6tKSttx8U\/default.jpg\" alt=\"Video thumbnail\" width=\"72px\" height=\"40px\" src=\"data:image\/svg+xml;base64,PHN2ZyB3aWR0aD0iMSIgaGVpZ2h0PSIxIiB4bWxucz0iaHR0cDovL3d3dy53My5vcmcvMjAwMC9zdmciPjwvc3ZnPg==\" class=\"lazyload\" style=\"--smush-placeholder-width: 72px; --smush-placeholder-aspect-ratio: 72\/40;\" \/><\/div><div class=\"td_video_title_and_time\"><div class=\"td_video_title\">Messaggio Natale 2019 di Madre Yvonne Reungoat<\/div><div class=\"td_video_time\">10:25<\/div><\/div><\/a><\/div>\r\n                       <\/div>\r\n                    <\/div>\r\n                    <\/div>\r\n                    <script>;if (undefined === window.td_youtube_list_ids) {window.td_youtube_list_ids = {}};window.td_youtube_list_ids['td_8otuJ-qHrR4'] = {title:\"Pasqua 2026. Messaggio di Madre Chiara Cazzuola.\",time:\"11:56\"};window.td_youtube_list_ids['td_vQ13BtJbUrI'] = {title:\"Convegno \u201cEpistolario di Don Bosco e coinvolgimento femminile nella missione educativa\u201d\",time:\"03:08:40\"};window.td_youtube_list_ids['td_BvH4yb0j-g0'] = {title:\"Presentazione Strenna 2026\",time:\"01:53:12\"};window.td_youtube_list_ids['td_gyAqUF5cfxo'] = {title:\"Natale 2025. Messaggio di Madre Chiara Cazzuola.\",time:\"07:17\"};window.td_youtube_list_ids['td_v09NXTPsD5k'] = {title:\"CommTalkS 015 - Mons. Cimatti: missionario in Giappone\",time:\"11:12\"};window.td_youtube_list_ids['td_VfwNXTrepkU'] = {title:\"Messaggio di Madre Chiara Cazzuola - Festa dell&#039;Immacolata 2025\",time:\"09:04\"};window.td_youtube_list_ids['td_7KJzTgLICu8'] = {title:\"Suor Maria Troncatti - La dimensione mariana. Testimonianza di Suor Carla Restelli, FMA.\",time:\"16:52\"};window.td_youtube_list_ids['td_LzInVj2I9dg'] = {title:\"CommTalkS 014: Misionera entre el pueblo Shuar\",time:\"15:30\"};window.td_youtube_list_ids['td_tBL5EPMUxxU'] = {title:\"Sor Maria Troncatti - Se convertir\u00e1 en alegr\u00eda\",time:\"16:59\"};window.td_youtube_list_ids['td_pIZLH5VgsLM'] = {title:\"S\u0153ur Maria Troncatti - Elle se transformera en joie\",time:\"16:59\"};window.td_youtube_list_ids['td_AjnS3r39MJI'] = {title:\"Siostra Maria Troncatti - Przemieni si\u0119 w rado\u015b\u0107\",time:\"16:59\"};window.td_youtube_list_ids['td_6joNsqFUvbs'] = {title:\"Sister Maria Troncatti - It will change into joy\",time:\"16:59\"};window.td_youtube_list_ids['td_WNu8GFua_gU'] = {title:\"Sr. Maria Troncatti - Es wird sich in Freude verwandeln\",time:\"16:59\"};window.td_youtube_list_ids['td_6NG0ucSCEXs'] = {title:\"\u2026\u559c\u3073\u3078\u3068\u5909\u308f\u308b\u3067\u3057\u3087\u3046\uff01\",time:\"16:52\"};window.td_youtube_list_ids['td_1uygxjhMYHw'] = {title:\"Suor Maria Troncatti - Si cambier\u00e0 in gioia\",time:\"16:59\"};window.td_youtube_list_ids['td_8bM1p-pdHkk'] = {title:\"SANTA MARIA TRONCATTI - Canonizaci\u00f3n APERTURA DE LAS CELEBRACIONES\",time:\"02:24:56\"};window.td_youtube_list_ids['td_SDWpko4l3z0'] = {title:\"S. Maria Troncatti - Rzeczniczka pokoju\",time:\"02:41\"};window.td_youtube_list_ids['td_E5CTrHeL39w'] = {title:\"\u5e73\u548c\u3092\u7bc9\",time:\"02:41\"};window.td_youtube_list_ids['td_5AQMG1ZcyLQ'] = {title:\"Irm\u00e3 Maria Troncatti - Artes\u00e3 da paz\",time:\"02:38\"};window.td_youtube_list_ids['td_t1bO9JVv_yA'] = {title:\"S\u0153ur Maria Troncatti - Artisane di paix\",time:\"02:41\"};window.td_youtube_list_ids['td_3LVl4fYFR-A'] = {title:\"Sister Maria Troncatti - Artisan of peace\",time:\"02:41\"};window.td_youtube_list_ids['td_S78jqQ3kdX0'] = {title:\"Suor Maria Troncatti - Artigiana della pace\",time:\"02:41\"};window.td_youtube_list_ids['td_9y_-TavT_EQ'] = {title:\"Processo di aggiornamento del Progetto Formativo e delle Linee della Missione educativa\",time:\"16:40\"};window.td_youtube_list_ids['td_B5jmee5wc_w'] = {title:\"Sr Maria Troncatti - Santa della Chiesa universale. Intervista a Mons.N\u00e9stor Montesdeoca Becerra SDB\",time:\"21:56\"};window.td_youtube_list_ids['td_dG74OIFheyc'] = {title:\"Suor Maria Troncatti - il miracolo. Intervista a Sig. Juw\u00e1 Juank Kankua Bosco.\",time:\"07:54\"};window.td_youtube_list_ids['td_cfmQcxbvHtw'] = {title:\"Vado con tutto il mio cuore  - Canto a Suor Maria Troncatti\",time:\"02:33\"};window.td_youtube_list_ids['td_T-1sYZKeK60'] = {title:\"Voy con todo mi coraz\u00f3n  - Canto a Sor Mar\u00eda Troncatti\",time:\"02:34\"};window.td_youtube_list_ids['td_fGh9H-l3JQc'] = {title:\"S. Maria Troncatti \u2013 Pierwsze kroki jej drogi\",time:\"09:05\"};window.td_youtube_list_ids['td_GzKCAKqysyA'] = {title:\"Madre Chiara Cazzuola, 5 agosto 2025: Donne felici, generatrici di vita e speranza.\",time:\"06:26\"};window.td_youtube_list_ids['td_LSpVlavMdU4'] = {title:\"50\u00b0 Professione religiosa di Madre Chiara Cazzuola - 5 Agosto 2025\",time:\"01:37:30\"};window.td_youtube_list_ids['td_gYTp7UfzZLo'] = {title:\"Suor Maria Troncatti - la fama di santit\u00e0. Intervista a Suor Elena Tinitana, FMA.\",time:\"09:08\"};window.td_youtube_list_ids['td_jx-oYlQeYa8'] = {title:\"Storia di Suor Maria Troncatti per bambini\",time:\"04:55\"};window.td_youtube_list_ids['td_TvqyVZRrQB0'] = {title:\"Sor Maria Troncatti - Artesana de la paz\",time:\"02:41\"};window.td_youtube_list_ids['td_bN-guV4yvDk'] = {title:\"CommTalkS 013 - C&#039;\u00e8 gusto a nutrire la speranza - Pastificio FUTURO.\",time:\"16:44\"};window.td_youtube_list_ids['td_e00NAUUm2vY'] = {title:\"Suor Maria Troncatti - Artigiana di pace e Riconciliazione. Intervista a Mons. Pedro Gabrielli, SDB.\",time:\"15:22\"};window.td_youtube_list_ids['td_rAWPERCPEHw'] = {title:\"Video messaggio Madre Chiara Cazzuola - Data Canonizzazione Suor Maria Troncatti\",time:\"08:17\"};window.td_youtube_list_ids['td_HcSb1r0O1G8'] = {title:\"Il mondo canta a Maria. 2a edizione - 30 Maggio 2025\",time:\"01:07:08\"};window.td_youtube_list_ids['td_hVm2Foid94w'] = {title:\"Suor Maria Troncatti missionaria. Intervista a Suor Rosita Molina, FMA\",time:\"10:15\"};window.td_youtube_list_ids['td_qU9Kg-GeBqc'] = {title:\"CommTalkS 012 - Cos&#039;\u00e8 la speranza? - Centro Giovanile &quot;Sacro Cuore&quot; Roma. Servizio Civile.\",time:\"11:52\"};window.td_youtube_list_ids['td_sNHE5ta3Vbo'] = {title:\"CommTalkS 011 - Papa Francesco nei ricordi della cugina - Suor Ana Rosa Sivori, FMA\",time:\"21:53\"};window.td_youtube_list_ids['td_obmudufK4yg'] = {title:\"Corteno, paese natio di Suor Maria Troncatti. Testimonianze.\",time:\"23:30\"};window.td_youtube_list_ids['td__Jheb1E0fKM'] = {title:\"Pasqua 2025. Messaggio di Madre Chiara Cazzuola.\",time:\"13:38\"};window.td_youtube_list_ids['td_9LIROarF_A4'] = {title:\"CommTalkS 010 - Testimonianza su Madre Rosetta Marchese\",time:\"09:48\"};window.td_youtube_list_ids['td_wiEisevqGwo'] = {title:\"Sor Maria Troncatti - Los primeros pasos de su camino\",time:\"09:05\"};window.td_youtube_list_ids['td_o5ssRB3Nzz0'] = {title:\"N\u1eef tu Maria Troncatti - Nh\u1eefng b\u01b0\u1edbc \u0111\u01b0\u1eddng \u0111\u1ea7u ti\u00ean\",time:\"09:05\"};window.td_youtube_list_ids['td_hbXQ7j0ndYk'] = {title:\"Sr. Maria Troncatti - Die ersten Schritte auf ihrem Weg\",time:\"09:05\"};window.td_youtube_list_ids['td_2VOhzOKyG9g'] = {title:\"Suor Maria Troncatti madre. Intervista a Sig. Cosimo Cossu, SDB.\",time:\"11:53\"};window.td_youtube_list_ids['td_P38A2Q6Nr1M'] = {title:\"Irm\u00e3 Maria Troncatti - Os primeiros passos do seu percurso\",time:\"09:05\"};window.td_youtube_list_ids['td_kLSLdPBhL80'] = {title:\"S\u0153ur Maria Troncatti - Les premiers pas de son cheminement\",time:\"09:05\"};window.td_youtube_list_ids['td_Ayijn_n8ar8'] = {title:\"Sister Maria Troncatti - The first steps of her journey\",time:\"09:05\"};window.td_youtube_list_ids['td_RE8a8M1XfKk'] = {title:\"Suor Maria Troncatti - I primi passi del suo cammino\",time:\"09:05\"};window.td_youtube_list_ids['td_9wkp__lEByY'] = {title:\"Presentazione del Commento pratico alle Costituzioni - Madre Chiara Cazzuola\",time:\"10:46\"};window.td_youtube_list_ids['td_OXs02yGFZCE'] = {title:\"CommTalkS 009 - Cuore del Sinodo: vivere relazioni nuove\",time:\"18:39\"};window.td_youtube_list_ids['td_KY9hVlZRVmc'] = {title:\"Presentazione Strenna 2025\",time:\"00:00\"};window.td_youtube_list_ids['td_oIqyyqVyBLY'] = {title:\"Natale 2024. Messaggio di Madre Chiara Cazzuola.\",time:\"13:06\"};window.td_youtube_list_ids['td_vKDVD3-fRGY'] = {title:\"CommTalkS 008 - Sinodo: camminare insieme in ascolto\u00a0di\u00a0Dio\",time:\"11:04\"};window.td_youtube_list_ids['td_N95J2ftXodY'] = {title:\"CommTalkS 007: Lo stile comunicativo di Santa Maria D. Mazzarello e della prima comunit\u00e0 di Mornese\",time:\"16:44\"};window.td_youtube_list_ids['td_B7AI2aTKplA'] = {title:\"Messaggio di Madre Chiara Cazzuola - Festa dell&#039;Immacolata 2024\",time:\"14:10\"};window.td_youtube_list_ids['td_u9TIv6Fi2eI'] = {title:\"Festival missionario\",time:\"01:11:16\"};window.td_youtube_list_ids['td_nUJ6SBm_oTE'] = {title:\"Inno ufficiale 150\u00b0 Missioni FMA\",time:\"03:14\"};window.td_youtube_list_ids['td_5JxVSp7NDFk'] = {title:\"Inno ufficiale 150\u00b0 Missioni FMA - Coreografia\",time:\"03:18\"};window.td_youtube_list_ids['td_nB_I3mgVwjE'] = {title:\"Apertura del triennio di preparazione al 150\u00b0 anniversario della prima spedizione missionaria FMA\",time:\"57:26\"};window.td_youtube_list_ids['td_bAhPqCGDLnk'] = {title:\"Pellegrini di speranza nel solco della santit\u00e0 FMA\",time:\"52:00\"};window.td_youtube_list_ids['td_yMBu1PRqHZs'] = {title:\"M\u1eb9 Caterina Daghero\",time:\"17:31\"};window.td_youtube_list_ids['td_lekuAo2EJbI'] = {title:\"Madre Caterina Daghero - tetun\",time:\"17:31\"};window.td_youtube_list_ids['td_zGv40MCX7Mk'] = {title:\"Madre Caterina Daghero - portugu\u00eas\",time:\"17:31\"};window.td_youtube_list_ids['td_mQIBS7srv3k'] = {title:\"M\u00e8re Catherine Daghero\",time:\"17:31\"};window.td_youtube_list_ids['td_B83SYSj_cbg'] = {title:\"Madre Caterina Daghero - espa\u00f1ol\",time:\"17:31\"};window.td_youtube_list_ids['td_fE99vOsOFBw'] = {title:\"Mother Catherine Daghero\",time:\"17:31\"};window.td_youtube_list_ids['td_I1RxkDU4pWY'] = {title:\"CommTalkS 006: La missione come ospitalit\u00e0 profetica\",time:\"04:38\"};window.td_youtube_list_ids['td_z6VASQ-VGoU'] = {title:\"Da Mihi Animas - Rivista delle Figlie di Maria Ausiliatrice - Numero 03-2024\",time:\"01:27\"};window.td_youtube_list_ids['td_aoHnl68ZW6c'] = {title:\"Bratislava 5 Agosto 2024. Messaggio di Madre Chiara Cazzuola\",time:\"08:40\"};window.td_youtube_list_ids['td_z96q2VFrPbo'] = {title:\"Madre Caterina Daghero\",time:\"17:31\"};window.td_youtube_list_ids['td_01-Re8x8gjs'] = {title:\"CommTalkS 005: Danza - Musica - Teatro\",time:\"15:40\"};window.td_youtube_list_ids['td_FS5J1_ciJ8o'] = {title:\"CommTalkS 004: O que \u00e9 a Intelig\u00eancia Artificial?\",time:\"05:53\"};window.td_youtube_list_ids['td_yh3Aka6uYgE'] = {title:\"CommTalkS 003: Educaci\u00f3n medi\u00e1tica e informacional\",time:\"04:16\"};window.td_youtube_list_ids['td_ov_6paT4Bxw'] = {title:\"CommTalkS 002: Le domande dei giovani sul Sinodo - Intervista a Madre Yvonne Reungoat\",time:\"01:17:56\"};window.td_youtube_list_ids['td_HGUOOt4BjrY'] = {title:\"CommTalkS 001 - Comunicare \u00e8 vita\",time:\"07:47\"};window.td_youtube_list_ids['td_QjhSY2Kzt5Y'] = {title:\"Da Mihi Animas - Rivista delle Figlie di Maria Ausiliatrice - Numero 02-2024\",time:\"01:34\"};window.td_youtube_list_ids['td_lWHWUICcGxc'] = {title:\"Da Mihi Animas - Rivista delle Figlie di Maria Ausiliatrice - Numero 01-2024\",time:\"01:38\"};window.td_youtube_list_ids['td_ymhZz1RAwVA'] = {title:\"Ho visto in te - Madre Caterina Daghero\",time:\"04:02\"};window.td_youtube_list_ids['td_bBkKPTLEfg0'] = {title:\"Convegno nel Centenario della morte di Madre Caterina Daghero. Casa Generalizia 8 giugno 2024\",time:\"05:19:52\"};window.td_youtube_list_ids['td_RJ8lgo2fdXs'] = {title:\"Svjetski natje\u010daj - 150 godina - Prva misionarska ekspedicija\",time:\"01:12\"};window.td_youtube_list_ids['td_LdW2oFr9SnM'] = {title:\"\u0627\u0644\u0645\u0646\u0627\u0641\u0633\u0629 \u0627\u0644\u0639\u0627\u0644\u0645\u064a\u0629 - 150 \u0633\u0646\u0629 - \u0627\u0644\u0628\u0639\u062b\u0629 \u0627\u0644\u062a\u0628\u0634\u064a\u0631\u064a\u0629 \u0627\u0644\u0623\u0648\u0644\u0649\",time:\"01:12\"};window.td_youtube_list_ids['td__RG204jTyNU'] = {title:\"\u0935\u093f\u0936\u094d\u0935 \u092a\u094d\u0930\u0924\u093f\u092f\u094b\u0917\u093f\u0924\u093e - 150 \u0935\u0930\u094d\u0937 - \u092a\u094d\u0930\u0925\u092e \u092e\u093f\u0936\u0928\u0930\u0940 \u092f\u093e\u0924\u094d\u0930\u093e\",time:\"01:12\"};window.td_youtube_list_ids['td_FXHOIfK1Rsk'] = {title:\"\u1780\u17b6\u179a\u1794\u17d2\u179a\u1780\u17bd\u178f\u1794\u17d2\u179a\u1787\u17c2\u1784\u179b\u17c6\u178a\u17b6\u1794\u17cb\u1796\u17b7\u1797\u1796\u179b\u17c4\u1780 - 150 \u1786\u17d2\u1793\u17b6\u17c6 - \u1794\u17c1\u179f\u1780\u1780\u1798\u17d2\u1798\u1795\u17d2\u179f\u1796\u17d2\u179c\u1795\u17d2\u179f\u17b6\u1799\u178a\u17c6\u178e\u17b9\u1784\u179b\u17d2\u17a2\u179b\u17be\u1780\u178a\u17c6\u1794\u17bc\u1784\",time:\"01:12\"};window.td_youtube_list_ids['td_YSeGMOrw6mI'] = {title:\"\u0e01\u0e32\u0e23\u0e1b\u0e23\u0e30\u0e01\u0e27\u0e14\u0e41\u0e02\u0e48\u0e07\u0e02\u0e31\u0e19\u0e23\u0e30\u0e14\u0e31\u0e1a\u0e42\u0e25\u0e01 - 150 \u0e1b\u0e35 - \u0e01\u0e32\u0e23\u0e2a\u0e48\u0e07\u0e18\u0e23\u0e23\u0e21\u0e17\u0e39\u0e15\u0e23\u0e38\u0e48\u0e19\u0e41\u0e23\u0e01\",time:\"01:12\"};window.td_youtube_list_ids['td_oZWQWn07mRI'] = {title:\"Konpetisaun Mundial - Tinan 150 - Espedisaun Mision\u00e1riu dahuluk\",time:\"01:12\"};window.td_youtube_list_ids['td_uffYhUVm_ss'] = {title:\"Kompetisi sedunia - 150 tahun - Ekspedisi Misionaris Pertama\",time:\"01:12\"};window.td_youtube_list_ids['td_NgWw5rT1W10'] = {title:\"\u4e16\u754c\u30b3\u30f3\u30af\u30fc\u30eb - 150\u5e74 - \u6700\u521d\u306e\u5ba3\u6559\u6d3e\u9063\",time:\"01:12\"};window.td_youtube_list_ids['td_6G74mYwHXI0'] = {title:\"\uc138\uacc4\ub300\ud68c - 150\uc8fc\ub144 - \uccab \uc120\uad50\uc0ac \ud30c\uacac\",time:\"01:12\"};window.td_youtube_list_ids['td_GIesOnDDt9I'] = {title:\"\u5168\u7403\u7ade\u8d5b - 150\u5e74 - \u7b2c\u4e00\u6b21\u6d3e\u9063\u4f20\u6559\u58eb\",time:\"01:12\"};window.td_youtube_list_ids['td_1ZVmg60zTb4'] = {title:\"Weltweiter Wettbewerb - 150 Jahre - Erste Missionsaussendung\",time:\"01:12\"};window.td_youtube_list_ids['td_L0Hwp0xmIqY'] = {title:\"Cu\u1ed9c thi qu\u1ed1c t\u1ebf - 150 n\u0103m - Chuy\u1ebfn xu\u1ea5t ph\u00e1t truy\u1ec1n gi\u00e1o \u0111\u1ea7u ti\u00ean\",time:\"01:12\"};window.td_youtube_list_ids['td_Srqdq0-xx1s'] = {title:\"\u0412\u0441\u0435\u0441\u0432\u0456\u0442\u043d\u0456\u0439 \u043a\u043e\u043d\u043a\u0443\u0440\u0441 - 150 \u0440\u043e\u043a\u0456\u0432 - \u041f\u0435\u0440\u0448\u0430 \u043c\u0456\u0441\u0456\u043e\u043d\u0435\u0440\u0441\u044c\u043a\u0430 \u0435\u043a\u0441\u043f\u0435\u0434\u0438\u0446\u0456\u044f\",time:\"01:12\"};window.td_youtube_list_ids['td_94RimJ4sCsg'] = {title:\"Svetovni nate\u010daj - 150 let - Prva misijonska odprava\",time:\"01:12\"};window.td_youtube_list_ids['td_JKS8m6YNZKk'] = {title:\"Svetov\u00e1 s\u00fa\u0165a\u017e - 150 rokov - Prv\u00e9 Misijn\u00e9 v\u00fdpravy\",time:\"01:12\"};window.td_youtube_list_ids['td_U5NtEPD7MSU'] = {title:\"\u041c\u0438\u0440\u043e\u0432\u043e\u0439 \u043a\u043e\u043d\u043a\u0443\u0440\u0441 - 150 \u043b\u0435\u0442 - \u041f\u0435\u0440\u0432\u0430\u044f \u043c\u0438\u0441\u0438\u043e\u043d\u0435\u0440\u0441\u043a\u0430\u044f \u044d\u043a\u0441\u043f\u0435\u0434\u0438\u0446\u0438\u044f\",time:\"01:12\"};window.td_youtube_list_ids['td_f2saoKqSDVY'] = {title:\"Fifaninanana iraisam-pirenena - 150 taona - Fandefasana masera misi\u00f4nera voalohany\",time:\"01:12\"};window.td_youtube_list_ids['td_YimOwyW4Aqk'] = {title:\"\u0421\u0443\u0441\u0432\u0435\u0442\u043d\u0430\u0435 \u0441\u043f\u0430\u0431\u043e\u0440\u043d\u0456\u0446\u0442\u0432\u0430 - 150 \u0433\u043e\u0434 - \u041f\u0435\u0440\u0448\u0430\u044f \u041c\u0456\u0441\u0456\u044f\u043d\u0435\u0440\u0441\u043a\u0430\u044f \u042d\u043a\u0441\u043f\u0435\u0434\u044b\u0446\u044b\u044f\",time:\"01:12\"};window.td_youtube_list_ids['td_kayL9mmRVhc'] = {title:\"D\u00fcnya M\u00fcsabiq\u0259si - 150 il - Birinci Missioner Ekspedisiya\",time:\"01:12\"};window.td_youtube_list_ids['td_6Q-1WPZW1QM'] = {title:\"Competision lo olgeta - 150 ia - Fist sendim aut lo misionari\",time:\"01:12\"};window.td_youtube_list_ids['td_OHvVbrxSzUw'] = {title:\"Pandaigdig na kumpetisyon - 150 na taon - Unang ekspedisyon ng misyonera\",time:\"01:12\"};window.td_youtube_list_ids['td_4CPL13mSRXc'] = {title:\"Konkurs \u015bwiatowy - 150 lat - Pierwsza wyprawa misyjna\",time:\"01:12\"};window.td_youtube_list_ids['td_tN0k2Kf9phM'] = {title:\"Wereld Competitie - 150 jaar - Eerste zendingsreizen\",time:\"01:12\"};window.td_youtube_list_ids['td_WRnMRnYqh6I'] = {title:\"Concurso para 150 miss\u00f5es FMA\",time:\"01:12\"};window.td_youtube_list_ids['td_FQ1lqvq1v1I'] = {title:\"Comp\u00e9tition pour 150 missions FMA\",time:\"01:12\"};window.td_youtube_list_ids['td_DKumudhSLMs'] = {title:\"Concurso para 150 misiones FMA\",time:\"01:12\"};window.td_youtube_list_ids['td_rlO9UGyr9zU'] = {title:\"Competition for 150 FMA missions\",time:\"01:12\"};window.td_youtube_list_ids['td_7vrrU_Au0RA'] = {title:\"Concorso per 150 missioni FMA\",time:\"01:12\"};window.td_youtube_list_ids['td_sGopvMOcS8A'] = {title:\"Il mondo canta a Maria - 30 Maggio 2024\",time:\"54:55\"};window.td_youtube_list_ids['td_Rh7FpQ6E-oc'] = {title:\"Al di l\u00e0 di noi. Noviziato &quot;Sr. Teresa Vals\u00e9 Pantellini&quot;.\",time:\"01:12:31\"};window.td_youtube_list_ids['td_m82SSJaeJB0'] = {title:\"155mo anniversario dell&#039;ADMA\",time:\"09:41\"};window.td_youtube_list_ids['td_pJEavBds9vg'] = {title:\"Pasqua 2024. Messaggio di Madre Chiara Cazzuola\",time:\"09:21\"};window.td_youtube_list_ids['td_AEDn1Yvq1k0'] = {title:\"Presentazione Strenna 2024\",time:\"02:18:20\"};window.td_youtube_list_ids['td_f73ECYbgsZA'] = {title:\"Natale 2023. Messaggio di Madre Chiara Cazzuola.\",time:\"10:04\"};window.td_youtube_list_ids['td_CMI0sb77isE'] = {title:\"Messaggio di Madre Chiara Cazzuola - Festa dell&#039;Immacolata 2023\",time:\"13:16\"};window.td_youtube_list_ids['td_fOfQcniGjUo'] = {title:\"Nel girotondo della Santit\u00e0 FMA. Incontro online di formazione e di preghiera. Roma, 30 ottobre 2023\",time:\"01:39:10\"};window.td_youtube_list_ids['td_LQ_k2-BRkCs'] = {title:\"5 agosto 2023. Messaggio di Madre Chiara Cazzuola dalla GMG di Lisbona, Portogallo.\",time:\"07:41\"};window.td_youtube_list_ids['td_8DrJ6lLx3pk'] = {title:\"Buona notte di Madre Chiara Cazzuola - 8 maggio 2023.\",time:\"12:26\"};window.td_youtube_list_ids['td_7Kf27jLm_gM'] = {title:\"Pasqua 2023. Messaggio di Madre Chiara Cazzuola\",time:\"05:29\"};window.td_youtube_list_ids['td_hLEI6BkcccU'] = {title:\"Presentazione Strenna 2023\",time:\"01:45:17\"};window.td_youtube_list_ids['td_qTzZtS3sJsU'] = {title:\"Natale 2022. Messaggio di Madre Chiara Cazzuola.\",time:\"10:07\"};window.td_youtube_list_ids['td_DqsQqS2wRZk'] = {title:\"12_07 dicembre Immacolata 2022\",time:\"05:54\"};window.td_youtube_list_ids['td_BT5M3rjWELI'] = {title:\"11_06 dicembre Immacolata 2022\",time:\"05:21\"};window.td_youtube_list_ids['td_7__RMyeJMnU'] = {title:\"10_05 dicembre Immacolata 2022\",time:\"06:38\"};window.td_youtube_list_ids['td_Rc7fvigZFEU'] = {title:\"09_04 dicembre Immacolata 2022\",time:\"05:45\"};window.td_youtube_list_ids['td_bYBfpfN_tUg'] = {title:\"08_03 dicembre Immacolata 2022\",time:\"04:26\"};window.td_youtube_list_ids['td_07DzYmTgneU'] = {title:\"07_02 dicembre Immacolata 2022\",time:\"04:40\"};window.td_youtube_list_ids['td_rdwj0AXbHGo'] = {title:\"06_01 dicembre Immacolata 2022\",time:\"06:33\"};window.td_youtube_list_ids['td_6iZKbgcifsM'] = {title:\"05_30 novembre Immacolata 2022\",time:\"03:46\"};window.td_youtube_list_ids['td_fJV_gVs9_z4'] = {title:\"04_29 novembre Immacolata 2022\",time:\"05:27\"};window.td_youtube_list_ids['td_acbkuvp3bv4'] = {title:\"03_28 novembre Immacolata 2022\",time:\"04:36\"};window.td_youtube_list_ids['td_yH_CqUlwHPc'] = {title:\"02_27 novembre Immacolata 2022\",time:\"04:38\"};window.td_youtube_list_ids['td_qryFgZNWCws'] = {title:\"01_26 novembre Immacolata 2022\",time:\"04:57\"};window.td_youtube_list_ids['td_edzfr9ykHSg'] = {title:\"Momento di preghiera online con le Sante, Beate, Venerabili, Serve di Dio dell\u2019Istituto FMA\",time:\"01:20:35\"};window.td_youtube_list_ids['td__mcpAs01XCw'] = {title:\"Tavola rotonda: MADRE ROSETTA MARCHESE - dalle vette della VALLE D&#039;AOSTA alle vette della SANTIT\u00c0\",time:\"02:32:21\"};window.td_youtube_list_ids['td_5bB-kFbFzeE'] = {title:\"Messaggio di Madre Chiara Cazzuola - Tempo del Creato 2022\",time:\"05:56\"};window.td_youtube_list_ids['td_frahGGrIWs0'] = {title:\"Mornese 5 Agosto 2022. Messaggio di Madre Chiara Cazzuola\",time:\"09:33\"};window.td_youtube_list_ids['td_EMAoegnql8Q'] = {title:\"Pasqua 2022. Messaggio di Madre Chiara Cazzuola\",time:\"07:09\"};window.td_youtube_list_ids['td_2GqtlPgZNWM'] = {title:\"Rosario per la Pace\",time:\"53:41\"};window.td_youtube_list_ids['td_V_pLaox9_Vg'] = {title:\"Presentazione Strenna 2022\",time:\"02:14:55\"};window.td_youtube_list_ids['td_9_eCYyBT5gQ'] = {title:\"Natale 2021. Messaggio di Madre Chiara Cazzuola.\",time:\"12:01\"};window.td_youtube_list_ids['td_xB-O6qKi3A4'] = {title:\"Messaggio di Madre Chiara Cazzuola - Festa dell&#039;Immacolata 2021\",time:\"13:21\"};window.td_youtube_list_ids['td_28PPb3hZaU0'] = {title:\"Capitolo Generale XXIV - Chiusura ufficiale\",time:\"01:19:37\"};window.td_youtube_list_ids['td_GAjGGOdDun4'] = {title:\"Capitolo Generale XXIV\",time:\"01:44\"};window.td_youtube_list_ids['td_URISNF62OIo'] = {title:\"Capitolo Generale XXIV - Buona notte di Madre Chiara Cazzuola - 11 ottobre 2021\",time:\"05:18\"};window.td_youtube_list_ids['td_XJwKM9xKTWI'] = {title:\"Capitolo Generale XXIV - Raccontare e condividere la vita e la missione dell\u2019Istituto FMA\",time:\"03:30\"};window.td_youtube_list_ids['td__T2a2qaAINU'] = {title:\"Capitolo Generale XXIV - Esperienza Carismatica\",time:\"01:33\"};window.td_youtube_list_ids['td__yOp_GYP-Bg'] = {title:\"Capitolo Generale XXIV - Giornate di preghiera 2\",time:\"02:28\"};window.td_youtube_list_ids['td_cz9UbVDT0lI'] = {title:\"APERTURA UFFICIALE CG XXIV\",time:\"06:11:30\"};window.td_youtube_list_ids['td_aUibBV6xz9o'] = {title:\"Capitolo Generale XXIV - Giornate di preghiera\",time:\"01:01\"};window.td_youtube_list_ids['td_enw77Zx-XaQ'] = {title:\"Capitolo Generale XXIV - Giornata di conoscenza 3\",time:\"01:17\"};window.td_youtube_list_ids['td_RKXjUizqFlU'] = {title:\"Capitolo Generale XXIV - Giornata di conoscenza 2\",time:\"01:53\"};window.td_youtube_list_ids['td_S3S2FFPaCSU'] = {title:\"Capitolo Generale XXIV - Giornata di conoscenza\",time:\"01:00\"};window.td_youtube_list_ids['td_6zo5-iplJgc'] = {title:\"3\u00b0 anno di preparazione al 150\u00b0 di Fondazione dell\u2019Istituto FMA\",time:\"40:18\"};window.td_youtube_list_ids['td_GiwNGkhX6rc'] = {title:\"Messaggio Madre Yvonne Reungoat - Festa Madre Mazzarello 2021\",time:\"20:08\"};window.td_youtube_list_ids['td_NqfssHjNf84'] = {title:\"Pasqua 2021. Messaggio di Madre Yvonne Reungoat.\",time:\"20:35\"};window.td_youtube_list_ids['td_9mTPRGNahVc'] = {title:\"Testimonianza dei giovani delle realt\u00e0 FMA\",time:\"15:11\"};window.td_youtube_list_ids['td_BmNIF_oST-Y'] = {title:\"Witness of young people in the FMA reality\",time:\"15:37\"};window.td_youtube_list_ids['td_pG6z1daKei8'] = {title:\"Testimonio de los jovenes de las obras educativas de las FMA\",time:\"15:21\"};window.td_youtube_list_ids['td_cCYV6XkCN5w'] = {title:\"T\u00e9moignage des jeunes  dans la mission \u00e9ducative des FMA\",time:\"16:31\"};window.td_youtube_list_ids['td_DY7DFCYKsyQ'] = {title:\"Testemunho de jovens das presen\u00e7as educativas das FMA\",time:\"15:58\"};window.td_youtube_list_ids['td_JM0Ik4ku8W8'] = {title:\"Natale 2020. Messaggio di Madre Yvonne Reungoat\",time:\"24:35\"};window.td_youtube_list_ids['td_tjfgdfxcEBA'] = {title:\"2\u00b0 anno di preparazione al 150\u00b0 di Fondazione dell&#039;Istituto FMA\",time:\"21:12\"};window.td_youtube_list_ids['td_YX3w4icpdGU'] = {title:\"La visibilit\u00e0 del Carisma Salesiano nel cuore della Contemporaneit\u00e0\",time:\"03:55\"};window.td_youtube_list_ids['td_G3x3AjtNANc'] = {title:\"Triennio di preparazione al 150\u00b0 dell&#039;Istituto FMA\",time:\"15:43\"};window.td_youtube_list_ids['td_DPU23BtSUHg'] = {title:\"Testimonianza di Suor Carmelita Concei\u00e7\u00e3o, Ispettrice dell\u2019Ispettoria \u201cLaura Vicu\u00f1a\u201d di Manaus (BMA)\",time:\"23:20\"};window.td_youtube_list_ids['td_-els5ohF788'] = {title:\"Testimonianza di Suor Mariluce dos Santos Mesquita, FMA\",time:\"06:40\"};window.td_youtube_list_ids['td_OC6tKSttx8U'] = {title:\"Messaggio Natale 2019 di Madre Yvonne Reungoat\",time:\"10:25\"};<\/script><\/div><\/div> <!-- .\/block_video_playlist --><\/div><\/div><\/div><\/div><\/div><\/div><\/div>","protected":false},"excerpt":{"rendered":"Breaking News Solidarios con Ucrania Convocatoria del Cap\u00edtulo General XXV &#8211; Circular n\u00ba1056 Mar\u00eda, Virgen fiel, sostiene nuestra fidelidad \u2013 Circular n\u00b0 1058 DMA n.\u00b0 1 del 2026 sobre Santa [...]","protected":false},"author":45,"featured_media":0,"parent":0,"menu_order":0,"comment_status":"open","ping_status":"closed","template":"","meta":{"footnotes":""},"class_list":["post-3231","page","type-page","status-publish"],"yoast_head":"<!-- This site is optimized with the Yoast SEO plugin v27.4 - https:\/\/yoast.com\/product\/yoast-seo-wordpress\/ -->\n<title>Home &#8226; Istituto Figlie di Maria Ausiliatrice<\/title>\n<meta name=\"robots\" content=\"index, follow, max-snippet:-1, max-image-preview:large, max-video-preview:-1\" \/>\n<link rel=\"canonical\" href=\"https:\/\/www.cgfmanet.org\/es\/\" \/>\n<meta property=\"og:locale\" content=\"es_ES\" \/>\n<meta property=\"og:type\" content=\"article\" \/>\n<meta property=\"og:title\" content=\"Home &#8226; Istituto Figlie di Maria Ausiliatrice\" \/>\n<meta property=\"og:url\" content=\"https:\/\/www.cgfmanet.org\/es\/\" \/>\n<meta property=\"og:site_name\" content=\"Istituto Figlie di Maria Ausiliatrice\" \/>\n<meta property=\"article:publisher\" content=\"https:\/\/www.facebook.com\/salesian.sisters.of.don.bosco\/\" \/>\n<meta property=\"article:modified_time\" content=\"2026-04-27T16:49:46+00:00\" \/>\n<meta property=\"og:image\" content=\"https:\/\/www.cgfmanet.org\/wp-content\/uploads\/2018\/10\/logo-fma-retina.png\" \/>\n\t<meta property=\"og:image:width\" content=\"425\" \/>\n\t<meta property=\"og:image:height\" content=\"109\" \/>\n\t<meta property=\"og:image:type\" content=\"image\/png\" \/>\n<meta name=\"twitter:card\" content=\"summary_large_image\" \/>\n<meta name=\"twitter:site\" content=\"@Cgfmanet_Org\" \/>\n<meta name=\"twitter:label1\" content=\"Tiempo de lectura\" \/>\n\t<meta name=\"twitter:data1\" content=\"2 minutos\" \/>\n<script type=\"application\/ld+json\" class=\"yoast-schema-graph\">{\"@context\":\"https:\\\/\\\/schema.org\",\"@graph\":[{\"@type\":\"WebPage\",\"@id\":\"https:\\\/\\\/www.cgfmanet.org\\\/es\\\/\",\"url\":\"https:\\\/\\\/www.cgfmanet.org\\\/es\\\/\",\"name\":\"Home &#8226; Istituto Figlie di Maria Ausiliatrice\",\"isPartOf\":{\"@id\":\"https:\\\/\\\/www.cgfmanet.org\\\/es\\\/#website\"},\"datePublished\":\"2018-10-11T14:44:21+00:00\",\"dateModified\":\"2026-04-27T16:49:46+00:00\",\"breadcrumb\":{\"@id\":\"https:\\\/\\\/www.cgfmanet.org\\\/es\\\/#breadcrumb\"},\"inLanguage\":\"es\",\"potentialAction\":[{\"@type\":\"ReadAction\",\"target\":[\"https:\\\/\\\/www.cgfmanet.org\\\/es\\\/\"]}]},{\"@type\":\"BreadcrumbList\",\"@id\":\"https:\\\/\\\/www.cgfmanet.org\\\/es\\\/#breadcrumb\",\"itemListElement\":[{\"@type\":\"ListItem\",\"position\":1,\"name\":\"Home\",\"item\":\"https:\\\/\\\/www.cgfmanet.org\\\/es\\\/\"},{\"@type\":\"ListItem\",\"position\":2,\"name\":\"Home\"}]},{\"@type\":\"WebSite\",\"@id\":\"https:\\\/\\\/www.cgfmanet.org\\\/es\\\/#website\",\"url\":\"https:\\\/\\\/www.cgfmanet.org\\\/es\\\/\",\"name\":\"Istituto Figlie di Maria Ausiliatrice\",\"description\":\"Salesiane di Don Bosco\",\"publisher\":{\"@id\":\"https:\\\/\\\/www.cgfmanet.org\\\/es\\\/#organization\"},\"potentialAction\":[{\"@type\":\"SearchAction\",\"target\":{\"@type\":\"EntryPoint\",\"urlTemplate\":\"https:\\\/\\\/www.cgfmanet.org\\\/es\\\/?s={search_term_string}\"},\"query-input\":{\"@type\":\"PropertyValueSpecification\",\"valueRequired\":true,\"valueName\":\"search_term_string\"}}],\"inLanguage\":\"es\"},{\"@type\":\"Organization\",\"@id\":\"https:\\\/\\\/www.cgfmanet.org\\\/es\\\/#organization\",\"name\":\"Istituto Figlie di Maria Ausiliatrice\",\"url\":\"https:\\\/\\\/www.cgfmanet.org\\\/es\\\/\",\"logo\":{\"@type\":\"ImageObject\",\"inLanguage\":\"es\",\"@id\":\"https:\\\/\\\/www.cgfmanet.org\\\/es\\\/#\\\/schema\\\/logo\\\/image\\\/\",\"url\":\"https:\\\/\\\/www.cgfmanet.org\\\/wp-content\\\/uploads\\\/2018\\\/10\\\/logo-fma.png\",\"contentUrl\":\"https:\\\/\\\/www.cgfmanet.org\\\/wp-content\\\/uploads\\\/2018\\\/10\\\/logo-fma.png\",\"width\":214,\"height\":55,\"caption\":\"Istituto Figlie di Maria Ausiliatrice\"},\"image\":{\"@id\":\"https:\\\/\\\/www.cgfmanet.org\\\/es\\\/#\\\/schema\\\/logo\\\/image\\\/\"},\"sameAs\":[\"https:\\\/\\\/www.facebook.com\\\/salesian.sisters.of.don.bosco\\\/\",\"https:\\\/\\\/x.com\\\/Cgfmanet_Org\",\"https:\\\/\\\/www.youtube.com\\\/channel\\\/UCmcr8yFQBV7JXeXVxyV9y5Q\"]}]}<\/script>\n<!-- \/ Yoast SEO plugin. -->","yoast_head_json":{"title":"Home &#8226; Istituto Figlie di Maria Ausiliatrice","robots":{"index":"index","follow":"follow","max-snippet":"max-snippet:-1","max-image-preview":"max-image-preview:large","max-video-preview":"max-video-preview:-1"},"canonical":"https:\/\/www.cgfmanet.org\/es\/","og_locale":"es_ES","og_type":"article","og_title":"Home &#8226; Istituto Figlie di Maria Ausiliatrice","og_url":"https:\/\/www.cgfmanet.org\/es\/","og_site_name":"Istituto Figlie di Maria Ausiliatrice","article_publisher":"https:\/\/www.facebook.com\/salesian.sisters.of.don.bosco\/","article_modified_time":"2026-04-27T16:49:46+00:00","og_image":[{"width":425,"height":109,"url":"https:\/\/www.cgfmanet.org\/wp-content\/uploads\/2018\/10\/logo-fma-retina.png","type":"image\/png"}],"twitter_card":"summary_large_image","twitter_site":"@Cgfmanet_Org","twitter_misc":{"Tiempo de lectura":"2 minutos"},"schema":{"@context":"https:\/\/schema.org","@graph":[{"@type":"WebPage","@id":"https:\/\/www.cgfmanet.org\/es\/","url":"https:\/\/www.cgfmanet.org\/es\/","name":"Home &#8226; Istituto Figlie di Maria Ausiliatrice","isPartOf":{"@id":"https:\/\/www.cgfmanet.org\/es\/#website"},"datePublished":"2018-10-11T14:44:21+00:00","dateModified":"2026-04-27T16:49:46+00:00","breadcrumb":{"@id":"https:\/\/www.cgfmanet.org\/es\/#breadcrumb"},"inLanguage":"es","potentialAction":[{"@type":"ReadAction","target":["https:\/\/www.cgfmanet.org\/es\/"]}]},{"@type":"BreadcrumbList","@id":"https:\/\/www.cgfmanet.org\/es\/#breadcrumb","itemListElement":[{"@type":"ListItem","position":1,"name":"Home","item":"https:\/\/www.cgfmanet.org\/es\/"},{"@type":"ListItem","position":2,"name":"Home"}]},{"@type":"WebSite","@id":"https:\/\/www.cgfmanet.org\/es\/#website","url":"https:\/\/www.cgfmanet.org\/es\/","name":"Istituto Figlie di Maria Ausiliatrice","description":"Salesiane di Don Bosco","publisher":{"@id":"https:\/\/www.cgfmanet.org\/es\/#organization"},"potentialAction":[{"@type":"SearchAction","target":{"@type":"EntryPoint","urlTemplate":"https:\/\/www.cgfmanet.org\/es\/?s={search_term_string}"},"query-input":{"@type":"PropertyValueSpecification","valueRequired":true,"valueName":"search_term_string"}}],"inLanguage":"es"},{"@type":"Organization","@id":"https:\/\/www.cgfmanet.org\/es\/#organization","name":"Istituto Figlie di Maria Ausiliatrice","url":"https:\/\/www.cgfmanet.org\/es\/","logo":{"@type":"ImageObject","inLanguage":"es","@id":"https:\/\/www.cgfmanet.org\/es\/#\/schema\/logo\/image\/","url":"https:\/\/www.cgfmanet.org\/wp-content\/uploads\/2018\/10\/logo-fma.png","contentUrl":"https:\/\/www.cgfmanet.org\/wp-content\/uploads\/2018\/10\/logo-fma.png","width":214,"height":55,"caption":"Istituto Figlie di Maria Ausiliatrice"},"image":{"@id":"https:\/\/www.cgfmanet.org\/es\/#\/schema\/logo\/image\/"},"sameAs":["https:\/\/www.facebook.com\/salesian.sisters.of.don.bosco\/","https:\/\/x.com\/Cgfmanet_Org","https:\/\/www.youtube.com\/channel\/UCmcr8yFQBV7JXeXVxyV9y5Q"]}]}},"_links":{"self":[{"href":"https:\/\/www.cgfmanet.org\/es\/wp-json\/wp\/v2\/pages\/3231","targetHints":{"allow":["GET"]}}],"collection":[{"href":"https:\/\/www.cgfmanet.org\/es\/wp-json\/wp\/v2\/pages"}],"about":[{"href":"https:\/\/www.cgfmanet.org\/es\/wp-json\/wp\/v2\/types\/page"}],"author":[{"embeddable":true,"href":"https:\/\/www.cgfmanet.org\/es\/wp-json\/wp\/v2\/users\/45"}],"replies":[{"embeddable":true,"href":"https:\/\/www.cgfmanet.org\/es\/wp-json\/wp\/v2\/comments?post=3231"}],"version-history":[{"count":5,"href":"https:\/\/www.cgfmanet.org\/es\/wp-json\/wp\/v2\/pages\/3231\/revisions"}],"predecessor-version":[{"id":156399,"href":"https:\/\/www.cgfmanet.org\/es\/wp-json\/wp\/v2\/pages\/3231\/revisions\/156399"}],"wp:attachment":[{"href":"https:\/\/www.cgfmanet.org\/es\/wp-json\/wp\/v2\/media?parent=3231"}],"curies":[{"name":"wp","href":"https:\/\/api.w.org\/{rel}","templated":true}]}}