{"id":15005,"date":"2018-10-29T10:40:18","date_gmt":"2018-10-29T09:40:18","guid":{"rendered":"https:\/\/www.cgfmanet.org\/visione-missione-carismatica\/"},"modified":"2019-12-16T11:40:57","modified_gmt":"2019-12-16T10:40:57","slug":"vision-mision-carismatica","status":"publish","type":"page","link":"https:\/\/www.cgfmanet.org\/es\/vision-mision-carismatica\/","title":{"rendered":"Visi\u00f3n y Misi\u00f3n Carism\u00e1tica"},"content":{"rendered":"<h2 style=\"margin-top: 40px;\"><strong>Visi\u00f3n Carism\u00e1tica<\/strong><\/h2>\n<p>Somos una Familia Religiosa nacida del coraz\u00f3n de <strong>San Juan Bosco<\/strong> y de la fidelidad creativa de <strong><a href=\"https:\/\/www.cgfmanet.org\/pt-pt\/maria-domingas-mazzarello\/\">Santa Mar\u00eda Domenica Mazzarello<\/a>.<br \/>\n<\/strong>Las<strong> Hijas de Mar\u00eda Auxiliadora, <\/strong>consagradas a Dios para servir a Jesucristo en comunidad, dedican su vida a la Educaci\u00f3n humana, cristiana y salesiana de las\/los j\u00f3venes. Don Bosco ha escogido para ellas a <strong>Mar\u00eda, la<\/strong> <strong>Auxiliadora<\/strong>, porque Ella supo encarnar y vivir la pedagog\u00eda del <em>\u201ccuidado\u201d,<\/em> pedagog\u00eda que hace que las FMA sean <strong>mujeres generativas de vida en el coraz\u00f3n de la Contemporaneidad <\/strong>al servicio de los j\u00f3venes con pasi\u00f3n educativa.<br \/>\nEn el mundo son conocidas tambi\u00e9n como <strong>Hermanas Salesianas<\/strong> y <strong>Salesianas de Don Bosco<\/strong><\/p>\n<p>El <strong>5 de agosto de 1872<\/strong>, Madre Mazzarello y el primer grupo de once j\u00f3venes mujeres pronuncian su \u201cS\u00ed\u201d, como Mar\u00eda, para ser \u201cauxiliadoras\u201d con y entre las\/los j\u00f3venes.<\/p>\n<p style=\"text-align: center;\"><span style=\"color: #5994a6;\"><em>\u00abPor un don del Esp\u00edritu Santo y con la intervenci\u00f3n directa de Mar\u00eda,<br \/>\nSan Juan Bosco fund\u00f3 nuestro Instituto como respuesta de salvaci\u00f3n a las aspiraciones profundas de las j\u00f3venes.<br \/>\nLe transmiti\u00f3 un patrimonio espiritual inspirado en la caridad de Cristo, Buen Pastor, y le imprimi\u00f3 un fuerte impulso misionero.\u00bb (Const. FMA 1)<\/em><\/span><\/p>\n<figure id=\"attachment_13667\" aria-describedby=\"caption-attachment-13667\" style=\"width: 1500px\" class=\"wp-caption alignnone\"><img decoding=\"async\" class=\"wp-image-13667 size-full lazyload\" data-src=\"https:\/\/www.cgfmanet.org\/wp-content\/uploads\/2019\/12\/Consacrazione-076.jpg\" alt=\"\" width=\"1500\" height=\"844\" data-srcset=\"https:\/\/www.cgfmanet.org\/wp-content\/uploads\/2019\/12\/Consacrazione-076.jpg 1500w, https:\/\/www.cgfmanet.org\/wp-content\/uploads\/2019\/12\/Consacrazione-076-768x432.jpg 768w, https:\/\/www.cgfmanet.org\/wp-content\/uploads\/2019\/12\/Consacrazione-076-696x392.jpg 696w, https:\/\/www.cgfmanet.org\/wp-content\/uploads\/2019\/12\/Consacrazione-076-746x420.jpg 746w, https:\/\/www.cgfmanet.org\/wp-content\/uploads\/2019\/12\/Consacrazione-076-1320x743.jpg 1320w\" data-sizes=\"auto\" src=\"data:image\/svg+xml;base64,PHN2ZyB3aWR0aD0iMSIgaGVpZ2h0PSIxIiB4bWxucz0iaHR0cDovL3d3dy53My5vcmcvMjAwMC9zdmciPjwvc3ZnPg==\" style=\"--smush-placeholder-width: 1500px; --smush-placeholder-aspect-ratio: 1500\/844;\" data-original-sizes=\"(max-width: 1500px) 100vw, 1500px\" \/><figcaption id=\"caption-attachment-13667\" class=\"wp-caption-text\">Film: Ma\u00ecn, la casa della felicit\u00e0 &#8211; Mornese, 5 agosto 1872<\/figcaption><\/figure>\n<h2><strong>Misi\u00f3n Carism\u00e1tica<\/strong><\/h2>\n<p>La dimensi\u00f3n\u00a0 misionera es elemento esencial de la Identidad del Instituto de las Hijas de Mar\u00eda Auxiliadora (Const. FMA 75) y se expresa, en la Contemporaneidad, en la opci\u00f3n por la Educomunicaci\u00f3n para vivir el Sistema Preventivo, a la luz de la visi\u00f3n antropol\u00f3gica cristiana, como llamada de Dios y fidelidad al carisma salesiano en el estilo del <strong>Da mihi animas cetera tolle<\/strong> y del <strong>\u201cA ti te las conf\u00edo\u201d<\/strong> (cf. Actas CG XXIII, n.66, 4).<\/p>\n<p>Animadas por el carisma salesiano con los rasgos espec\u00edficos del \u201cesp\u00edritu de Mornese\u201d, las FMA tienen como finalidad de su obra el crecimiento integral de las personas, el acompa\u00f1amiento de los j\u00f3venes en su camino de maduraci\u00f3n del proyecto de vida, la formaci\u00f3n a la fe y la educaci\u00f3n a una ciudadan\u00eda activa, a la gratuidad y a la solidaridad, en el estilo del Sistema Preventivo de Don Bosco.<br \/>\n<em>La educaci\u00f3n de la mujer joven<\/em>\u00a0 es una opci\u00f3n prioritaria de las FMA que se concreta en los distintos Pa\u00edses con intervenciones diversificadas: formaci\u00f3n cultural y evangelizaci\u00f3n, inserci\u00f3n en el mundo del trabajo, promoci\u00f3n de cooperativas femeninas en las misiones, recuperaci\u00f3n de las chicas v\u00edctimas de la prostituci\u00f3n, del tr\u00e1fico de personas, orient\u00e1ndolas a luchar por la propia dignidad y por la elaboraci\u00f3n de una cultura inspirada en el humanismo cristiano.<\/p>\n<p>Entre las obras de las FMA se cuentan: el Oratorio- Centro juvenil, Escuelas y Centros de formaci\u00f3n profesional, Instituciones de Estudios Superiores, obras para ni\u00f1as\/os, adolescentes, j\u00f3venes en situaci\u00f3n de desamparo, Centros de Espiritualidad, Centros de Promoci\u00f3n de la Mujer, la Asociaci\u00f3n del <em>Voluntariado Internacional Mujer Educaci\u00f3n Desarrollo<\/em> (VIDES), la Oficina de los Derechos Humanos (IIMA- Suiza).<br \/>\nEstas obras est\u00e1n animadas por Comunidades Educativas FMA movidas por el ardor del <em>da mihi animas cetera tolle <\/em>con la sensibilidad femenina, inspirada en el carisma del Instituto, abierto a la colaboraci\u00f3n con las familias, con las Instituciones, con laicos y laicas que con ellas comparten la misma misi\u00f3n. En sinton\u00eda con el coraz\u00f3n de las\/los j\u00f3venes, se ponen a la escucha para discernir \u201cotros lugares\u201d donde vivir la l\u00f3gica evang\u00e9lica del don y de la fraternidad; se dejan interpelar por todas las periferias humanas, con particular atenci\u00f3n a la situaci\u00f3n de los j\u00f3venes y de las j\u00f3venes mujeres; por la movilidad humana, por el cuidado de la casa com\u00fan, por los ambientes digitales, por la b\u00fasqueda de una paz justa y segura.<\/p>\n<p>Las Comunidades Educativas de muchos rostros, \u201cfundadas en la presencia de Cristo Resucitado y nutridas de \u00c9l, Palabra y Pan\u201d (Const. FMA, n 49), viven la misi\u00f3n compartida que es participaci\u00f3n en el mismo carisma como don del Esp\u00edritu Santo para el presente y para el futuro en el cual los laicos son parte \u201cactiva, consciente y responsable de la misi\u00f3n de la Iglesia\u201d (<em>Exhortaci\u00f3n apost\u00f3lica post-sinodal Christifideles Laici,<\/em> 1988, n.3). En el actual contexto mundial sienten fuerte la llamada a ser una presencia prof\u00e9tica, signo de unidad y de inclusi\u00f3n, en el compromiso evang\u00e9lico de transformaci\u00f3n social y cultural, para promover la vida y construir un mundo m\u00e1s humano y abierto al Evangelio.<\/p>\n<figure id=\"attachment_13672\" aria-describedby=\"caption-attachment-13672\" style=\"width: 1500px\" class=\"wp-caption alignnone\"><img decoding=\"async\" class=\"wp-image-13672 size-full lazyload\" data-src=\"https:\/\/www.cgfmanet.org\/wp-content\/uploads\/2019\/12\/M.Mazzarello-accoglienza-121.jpg\" alt=\"\" width=\"1500\" height=\"1046\" data-srcset=\"https:\/\/www.cgfmanet.org\/wp-content\/uploads\/2019\/12\/M.Mazzarello-accoglienza-121.jpg 1500w, https:\/\/www.cgfmanet.org\/wp-content\/uploads\/2019\/12\/M.Mazzarello-accoglienza-121-768x536.jpg 768w, https:\/\/www.cgfmanet.org\/wp-content\/uploads\/2019\/12\/M.Mazzarello-accoglienza-121-100x70.jpg 100w, https:\/\/www.cgfmanet.org\/wp-content\/uploads\/2019\/12\/M.Mazzarello-accoglienza-121-696x485.jpg 696w, https:\/\/www.cgfmanet.org\/wp-content\/uploads\/2019\/12\/M.Mazzarello-accoglienza-121-602x420.jpg 602w, https:\/\/www.cgfmanet.org\/wp-content\/uploads\/2019\/12\/M.Mazzarello-accoglienza-121-1320x920.jpg 1320w\" data-sizes=\"auto\" src=\"data:image\/svg+xml;base64,PHN2ZyB3aWR0aD0iMSIgaGVpZ2h0PSIxIiB4bWxucz0iaHR0cDovL3d3dy53My5vcmcvMjAwMC9zdmciPjwvc3ZnPg==\" style=\"--smush-placeholder-width: 1500px; --smush-placeholder-aspect-ratio: 1500\/1046;\" data-original-sizes=\"(max-width: 1500px) 100vw, 1500px\" \/><figcaption id=\"caption-attachment-13672\" class=\"wp-caption-text\">Film: Ma\u00ecn, la casa della felicit\u00e0 &#8211; Mornese, accoglienza delle giovani.<\/figcaption><\/figure>\n","protected":false},"excerpt":{"rendered":"<p>Visi\u00f3n Carism\u00e1tica Somos una Familia Religiosa nacida del coraz\u00f3n de San Juan Bosco y de la fidelidad creativa de Santa Mar\u00eda Domenica Mazzarello. Las Hijas de Mar\u00eda Auxiliadora, consagradas a [&hellip;]<\/p>\n","protected":false},"author":45,"featured_media":0,"parent":0,"menu_order":0,"comment_status":"closed","ping_status":"closed","template":"","meta":{"footnotes":""},"class_list":["post-15005","page","type-page","status-publish"],"yoast_head":"<!-- This site is optimized with the Yoast SEO plugin v27.4 - https:\/\/yoast.com\/product\/yoast-seo-wordpress\/ -->\n<title>Visi\u00f3n y Misi\u00f3n Carism\u00e1tica &#8226; Istituto Figlie di Maria Ausiliatrice<\/title>\n<meta name=\"robots\" content=\"index, follow, max-snippet:-1, max-image-preview:large, max-video-preview:-1\" \/>\n<link rel=\"canonical\" href=\"https:\/\/www.cgfmanet.org\/es\/vision-mision-carismatica\/\" \/>\n<meta property=\"og:locale\" content=\"es_ES\" \/>\n<meta property=\"og:type\" content=\"article\" \/>\n<meta property=\"og:title\" content=\"Visi\u00f3n y Misi\u00f3n Carism\u00e1tica &#8226; Istituto Figlie di Maria Ausiliatrice\" \/>\n<meta property=\"og:description\" content=\"Visi\u00f3n Carism\u00e1tica Somos una Familia Religiosa nacida del coraz\u00f3n de San Juan Bosco y de la fidelidad creativa de Santa Mar\u00eda Domenica Mazzarello. Las Hijas de Mar\u00eda Auxiliadora, consagradas a [&hellip;]\" \/>\n<meta property=\"og:url\" content=\"https:\/\/www.cgfmanet.org\/es\/vision-mision-carismatica\/\" \/>\n<meta property=\"og:site_name\" content=\"Istituto Figlie di Maria Ausiliatrice\" \/>\n<meta property=\"article:publisher\" content=\"https:\/\/www.facebook.com\/salesian.sisters.of.don.bosco\/\" \/>\n<meta property=\"article:modified_time\" content=\"2019-12-16T10:40:57+00:00\" \/>\n<meta property=\"og:image\" content=\"https:\/\/www.cgfmanet.org\/wp-content\/uploads\/2019\/12\/Consacrazione-076.jpg\" \/>\n<meta name=\"twitter:card\" content=\"summary_large_image\" \/>\n<meta name=\"twitter:site\" content=\"@Cgfmanet_Org\" \/>\n<meta name=\"twitter:label1\" content=\"Tiempo de lectura\" \/>\n\t<meta name=\"twitter:data1\" content=\"4 minutos\" \/>\n<script type=\"application\/ld+json\" class=\"yoast-schema-graph\">{\"@context\":\"https:\\\/\\\/schema.org\",\"@graph\":[{\"@type\":\"WebPage\",\"@id\":\"https:\\\/\\\/www.cgfmanet.org\\\/es\\\/vision-mision-carismatica\\\/\",\"url\":\"https:\\\/\\\/www.cgfmanet.org\\\/es\\\/vision-mision-carismatica\\\/\",\"name\":\"Visi\u00f3n y Misi\u00f3n Carism\u00e1tica &#8226; Istituto Figlie di Maria Ausiliatrice\",\"isPartOf\":{\"@id\":\"https:\\\/\\\/www.cgfmanet.org\\\/es\\\/#website\"},\"primaryImageOfPage\":{\"@id\":\"https:\\\/\\\/www.cgfmanet.org\\\/es\\\/vision-mision-carismatica\\\/#primaryimage\"},\"image\":{\"@id\":\"https:\\\/\\\/www.cgfmanet.org\\\/es\\\/vision-mision-carismatica\\\/#primaryimage\"},\"thumbnailUrl\":\"https:\\\/\\\/www.cgfmanet.org\\\/wp-content\\\/uploads\\\/2019\\\/12\\\/Consacrazione-076.jpg\",\"datePublished\":\"2018-10-29T09:40:18+00:00\",\"dateModified\":\"2019-12-16T10:40:57+00:00\",\"breadcrumb\":{\"@id\":\"https:\\\/\\\/www.cgfmanet.org\\\/es\\\/vision-mision-carismatica\\\/#breadcrumb\"},\"inLanguage\":\"es\",\"potentialAction\":[{\"@type\":\"ReadAction\",\"target\":[\"https:\\\/\\\/www.cgfmanet.org\\\/es\\\/vision-mision-carismatica\\\/\"]}]},{\"@type\":\"ImageObject\",\"inLanguage\":\"es\",\"@id\":\"https:\\\/\\\/www.cgfmanet.org\\\/es\\\/vision-mision-carismatica\\\/#primaryimage\",\"url\":\"https:\\\/\\\/www.cgfmanet.org\\\/wp-content\\\/uploads\\\/2019\\\/12\\\/Consacrazione-076.jpg\",\"contentUrl\":\"https:\\\/\\\/www.cgfmanet.org\\\/wp-content\\\/uploads\\\/2019\\\/12\\\/Consacrazione-076.jpg\"},{\"@type\":\"BreadcrumbList\",\"@id\":\"https:\\\/\\\/www.cgfmanet.org\\\/es\\\/vision-mision-carismatica\\\/#breadcrumb\",\"itemListElement\":[{\"@type\":\"ListItem\",\"position\":1,\"name\":\"Home\",\"item\":\"https:\\\/\\\/www.cgfmanet.org\\\/es\\\/\"},{\"@type\":\"ListItem\",\"position\":2,\"name\":\"Visi\u00f3n y Misi\u00f3n Carism\u00e1tica\"}]},{\"@type\":\"WebSite\",\"@id\":\"https:\\\/\\\/www.cgfmanet.org\\\/es\\\/#website\",\"url\":\"https:\\\/\\\/www.cgfmanet.org\\\/es\\\/\",\"name\":\"Istituto Figlie di Maria Ausiliatrice\",\"description\":\"Salesiane di Don Bosco\",\"publisher\":{\"@id\":\"https:\\\/\\\/www.cgfmanet.org\\\/es\\\/#organization\"},\"potentialAction\":[{\"@type\":\"SearchAction\",\"target\":{\"@type\":\"EntryPoint\",\"urlTemplate\":\"https:\\\/\\\/www.cgfmanet.org\\\/es\\\/?s={search_term_string}\"},\"query-input\":{\"@type\":\"PropertyValueSpecification\",\"valueRequired\":true,\"valueName\":\"search_term_string\"}}],\"inLanguage\":\"es\"},{\"@type\":\"Organization\",\"@id\":\"https:\\\/\\\/www.cgfmanet.org\\\/es\\\/#organization\",\"name\":\"Istituto Figlie di Maria Ausiliatrice\",\"url\":\"https:\\\/\\\/www.cgfmanet.org\\\/es\\\/\",\"logo\":{\"@type\":\"ImageObject\",\"inLanguage\":\"es\",\"@id\":\"https:\\\/\\\/www.cgfmanet.org\\\/es\\\/#\\\/schema\\\/logo\\\/image\\\/\",\"url\":\"https:\\\/\\\/www.cgfmanet.org\\\/wp-content\\\/uploads\\\/2018\\\/10\\\/logo-fma.png\",\"contentUrl\":\"https:\\\/\\\/www.cgfmanet.org\\\/wp-content\\\/uploads\\\/2018\\\/10\\\/logo-fma.png\",\"width\":214,\"height\":55,\"caption\":\"Istituto Figlie di Maria Ausiliatrice\"},\"image\":{\"@id\":\"https:\\\/\\\/www.cgfmanet.org\\\/es\\\/#\\\/schema\\\/logo\\\/image\\\/\"},\"sameAs\":[\"https:\\\/\\\/www.facebook.com\\\/salesian.sisters.of.don.bosco\\\/\",\"https:\\\/\\\/x.com\\\/Cgfmanet_Org\",\"https:\\\/\\\/www.youtube.com\\\/channel\\\/UCmcr8yFQBV7JXeXVxyV9y5Q\"]}]}<\/script>\n<!-- \/ Yoast SEO plugin. -->","yoast_head_json":{"title":"Visi\u00f3n y Misi\u00f3n Carism\u00e1tica &#8226; Istituto Figlie di Maria Ausiliatrice","robots":{"index":"index","follow":"follow","max-snippet":"max-snippet:-1","max-image-preview":"max-image-preview:large","max-video-preview":"max-video-preview:-1"},"canonical":"https:\/\/www.cgfmanet.org\/es\/vision-mision-carismatica\/","og_locale":"es_ES","og_type":"article","og_title":"Visi\u00f3n y Misi\u00f3n Carism\u00e1tica &#8226; Istituto Figlie di Maria Ausiliatrice","og_description":"Visi\u00f3n Carism\u00e1tica Somos una Familia Religiosa nacida del coraz\u00f3n de San Juan Bosco y de la fidelidad creativa de Santa Mar\u00eda Domenica Mazzarello. Las Hijas de Mar\u00eda Auxiliadora, consagradas a [&hellip;]","og_url":"https:\/\/www.cgfmanet.org\/es\/vision-mision-carismatica\/","og_site_name":"Istituto Figlie di Maria Ausiliatrice","article_publisher":"https:\/\/www.facebook.com\/salesian.sisters.of.don.bosco\/","article_modified_time":"2019-12-16T10:40:57+00:00","og_image":[{"url":"https:\/\/www.cgfmanet.org\/wp-content\/uploads\/2019\/12\/Consacrazione-076.jpg","type":"","width":"","height":""}],"twitter_card":"summary_large_image","twitter_site":"@Cgfmanet_Org","twitter_misc":{"Tiempo de lectura":"4 minutos"},"schema":{"@context":"https:\/\/schema.org","@graph":[{"@type":"WebPage","@id":"https:\/\/www.cgfmanet.org\/es\/vision-mision-carismatica\/","url":"https:\/\/www.cgfmanet.org\/es\/vision-mision-carismatica\/","name":"Visi\u00f3n y Misi\u00f3n Carism\u00e1tica &#8226; Istituto Figlie di Maria Ausiliatrice","isPartOf":{"@id":"https:\/\/www.cgfmanet.org\/es\/#website"},"primaryImageOfPage":{"@id":"https:\/\/www.cgfmanet.org\/es\/vision-mision-carismatica\/#primaryimage"},"image":{"@id":"https:\/\/www.cgfmanet.org\/es\/vision-mision-carismatica\/#primaryimage"},"thumbnailUrl":"https:\/\/www.cgfmanet.org\/wp-content\/uploads\/2019\/12\/Consacrazione-076.jpg","datePublished":"2018-10-29T09:40:18+00:00","dateModified":"2019-12-16T10:40:57+00:00","breadcrumb":{"@id":"https:\/\/www.cgfmanet.org\/es\/vision-mision-carismatica\/#breadcrumb"},"inLanguage":"es","potentialAction":[{"@type":"ReadAction","target":["https:\/\/www.cgfmanet.org\/es\/vision-mision-carismatica\/"]}]},{"@type":"ImageObject","inLanguage":"es","@id":"https:\/\/www.cgfmanet.org\/es\/vision-mision-carismatica\/#primaryimage","url":"https:\/\/www.cgfmanet.org\/wp-content\/uploads\/2019\/12\/Consacrazione-076.jpg","contentUrl":"https:\/\/www.cgfmanet.org\/wp-content\/uploads\/2019\/12\/Consacrazione-076.jpg"},{"@type":"BreadcrumbList","@id":"https:\/\/www.cgfmanet.org\/es\/vision-mision-carismatica\/#breadcrumb","itemListElement":[{"@type":"ListItem","position":1,"name":"Home","item":"https:\/\/www.cgfmanet.org\/es\/"},{"@type":"ListItem","position":2,"name":"Visi\u00f3n y Misi\u00f3n Carism\u00e1tica"}]},{"@type":"WebSite","@id":"https:\/\/www.cgfmanet.org\/es\/#website","url":"https:\/\/www.cgfmanet.org\/es\/","name":"Istituto Figlie di Maria Ausiliatrice","description":"Salesiane di Don Bosco","publisher":{"@id":"https:\/\/www.cgfmanet.org\/es\/#organization"},"potentialAction":[{"@type":"SearchAction","target":{"@type":"EntryPoint","urlTemplate":"https:\/\/www.cgfmanet.org\/es\/?s={search_term_string}"},"query-input":{"@type":"PropertyValueSpecification","valueRequired":true,"valueName":"search_term_string"}}],"inLanguage":"es"},{"@type":"Organization","@id":"https:\/\/www.cgfmanet.org\/es\/#organization","name":"Istituto Figlie di Maria Ausiliatrice","url":"https:\/\/www.cgfmanet.org\/es\/","logo":{"@type":"ImageObject","inLanguage":"es","@id":"https:\/\/www.cgfmanet.org\/es\/#\/schema\/logo\/image\/","url":"https:\/\/www.cgfmanet.org\/wp-content\/uploads\/2018\/10\/logo-fma.png","contentUrl":"https:\/\/www.cgfmanet.org\/wp-content\/uploads\/2018\/10\/logo-fma.png","width":214,"height":55,"caption":"Istituto Figlie di Maria Ausiliatrice"},"image":{"@id":"https:\/\/www.cgfmanet.org\/es\/#\/schema\/logo\/image\/"},"sameAs":["https:\/\/www.facebook.com\/salesian.sisters.of.don.bosco\/","https:\/\/x.com\/Cgfmanet_Org","https:\/\/www.youtube.com\/channel\/UCmcr8yFQBV7JXeXVxyV9y5Q"]}]}},"_links":{"self":[{"href":"https:\/\/www.cgfmanet.org\/es\/wp-json\/wp\/v2\/pages\/15005","targetHints":{"allow":["GET"]}}],"collection":[{"href":"https:\/\/www.cgfmanet.org\/es\/wp-json\/wp\/v2\/pages"}],"about":[{"href":"https:\/\/www.cgfmanet.org\/es\/wp-json\/wp\/v2\/types\/page"}],"author":[{"embeddable":true,"href":"https:\/\/www.cgfmanet.org\/es\/wp-json\/wp\/v2\/users\/45"}],"replies":[{"embeddable":true,"href":"https:\/\/www.cgfmanet.org\/es\/wp-json\/wp\/v2\/comments?post=15005"}],"version-history":[{"count":0,"href":"https:\/\/www.cgfmanet.org\/es\/wp-json\/wp\/v2\/pages\/15005\/revisions"}],"wp:attachment":[{"href":"https:\/\/www.cgfmanet.org\/es\/wp-json\/wp\/v2\/media?parent=15005"}],"curies":[{"name":"wp","href":"https:\/\/api.w.org\/{rel}","templated":true}]}}